{"id":89003,"date":"2026-03-09T06:14:28","date_gmt":"2026-03-09T05:14:28","guid":{"rendered":"https:\/\/bio-balkon.de\/?page_id=89003"},"modified":"2026-04-05T14:22:55","modified_gmt":"2026-04-05T12:22:55","slug":"congress-package","status":"publish","type":"page","link":"https:\/\/bio-balkon.de\/en\/kongresse\/kongress-18\/kongresspaket\/","title":{"rendered":"Con\u00adgress packa\u00adge"},"content":{"rendered":"<div data-elementor-type=\"wp-page\" data-elementor-id=\"89003\" class=\"elementor elementor-89003\" data-elementor-post-type=\"page\">\n\t\t\t\t<div class=\"elementor-element elementor-element-3212e7f e-flex e-con-boxed e-con e-parent\" data-id=\"3212e7f\" data-element_type=\"container\" data-e-type=\"container\" data-settings=\"{&quot;background_background&quot;:&quot;classic&quot;}\">\n\t\t\t\t\t<div class=\"e-con-inner\">\n\t\t<div class=\"elementor-element elementor-element-aa87077 e-con-full e-flex e-con e-child\" data-id=\"aa87077\" data-element_type=\"container\" data-e-type=\"container\" data-settings=\"{&quot;background_background&quot;:&quot;gradient&quot;}\">\n\t\t\t\t<div class=\"elementor-element elementor-element-d39b6f3 elementor-view-default elementor-widget elementor-widget-icon\" data-id=\"d39b6f3\" data-element_type=\"widget\" data-e-type=\"widget\" data-widget_type=\"icon.default\">\n\t\t\t\t\t\t\t<div class=\"elementor-icon-wrapper\">\n\t\t\t<div class=\"elementor-icon\">\n\t\t\t<svg aria-hidden=\"true\" class=\"e-font-icon-svg e-fas-gift\" viewBox=\"0 0 512 512\"><path d=\"M32 448c0 17.7 14.3 32 32 32h160V320H32v128zm256 32h160c17.7 0 32-14.3 32-32V320H288v160zm192-320h-42.1c6.2-12.1 10.1-25.5 10.1-40 0-48.5-39.5-88-88-88-41.6 0-68.5 21.3-103 68.3-34.5-47-61.4-68.3-103-68.3-48.5 0-88 39.5-88 88 0 14.5 3.8 27.9 10.1 40H32c-17.7 0-32 14.3-32 32v80c0 8.8 7.2 16 16 16h480c8.8 0 16-7.2 16-16v-80c0-17.7-14.3-32-32-32zm-326.1 0c-22.1 0-40-17.9-40-40s17.9-40 40-40c19.9 0 34.6 3.3 86.1 80h-86.1zm206.1 0h-86.1c51.4-76.5 65.7-80 86.1-80 22.1 0 40 17.9 40 40s-17.9 40-40 40z\" \/><\/svg>\t\t\t<\/div>\n\t\t<\/div>\n\t\t\t\t\t\t<\/div>\n\t\t\t\t<div class=\"elementor-element elementor-element-6da849b elementor-widget elementor-widget-text-editor\" data-id=\"6da849b\" data-element_type=\"widget\" data-e-type=\"widget\" data-widget_type=\"text-editor.default\">\n\t\t\t\t\t\t\t\t\t<p><strong><span style=\"color: #cc3b36;\">KONGRESSPAKET 18<\/span><\/strong><\/p><h1 class=\"western\">Heal\u00ading power from the bal\u00adc\u00ado\u00adny<\/h1><p class=\"western\"><strong>hilft in her\u00adaus\u00adfor\u00addern\u00adden Zei\u00adten. Pflan\u00adzen f\u00fcr Gesund\u00adheit und mehr Lebens\u00adfreu\u00adde, <\/strong><strong>Selbst\u00adver\u00adsor\u00adgung, Stadt\u00adna\u00adtur, Klima\u2011, Natur- und Hit\u00adze\u00adschutz.<\/strong><\/p><p>30 Expert:innen aus Gar\u00adten, Wis\u00adsen\u00adschaft und Bal\u00adkon-Pra\u00adxis zei\u00adgen online und kos\u00adten\u00adfrei, wie Du Gem\u00fc\u00adse &amp; Kr\u00e4u\u00adter auf Dei\u00adnem Bal\u00adkon, der Ter\u00adras\u00adse oder dem Fens\u00adter\u00adbrett mit Erfolg anbaust. Dazu vie\u00adle Tipps, wie Du Insek\u00adten und Tie\u00adren ein Zuhau\u00adse gibst und Schat\u00adten zau\u00adberst, damit alles bes\u00adtens und gesund w\u00e4chst.<\/p>\t\t\t\t\t\t\t\t<\/div>\n\t\t\t\t<div class=\"elementor-element elementor-element-47d8d66 elementor-align-center elementor-mobile-align-justify elementor-widget elementor-widget-button\" data-id=\"47d8d66\" data-element_type=\"widget\" data-e-type=\"widget\" data-widget_type=\"button.default\">\n\t\t\t\t\t\t\t\t\t\t<a class=\"elementor-button elementor-button-link elementor-size-md\" href=\"https:\/\/www.digistore24.com\/product\/655096?voucher=starten\" rel=\"nofollow\">\n\t\t\t\t\t\t<span class=\"elementor-button-content-wrapper\">\n\t\t\t\t\t\t\t\t\t<span class=\"elementor-button-text\">Buy con\u00adgress packa\u00adge<\/span>\n\t\t\t\t\t<\/span>\n\t\t\t\t\t<\/a>\n\t\t\t\t\t\t\t\t<\/div>\n\t\t\t\t<\/div>\n\t\t\t\t\t<\/div>\n\t\t\t\t<\/div>\n\t\t<div class=\"elementor-element elementor-element-2ec85a7 e-flex e-con-boxed e-con e-child\" data-id=\"2ec85a7\" data-element_type=\"container\" data-e-type=\"container\" data-settings=\"{&quot;background_background&quot;:&quot;classic&quot;}\">\n\t\t\t\t\t<div class=\"e-con-inner\">\n\t\t\t\t<div class=\"elementor-element elementor-element-9c24fc7 elementor-widget__width-initial elementor-widget-mobile__width-inherit elementor-widget elementor-widget-heading\" data-id=\"9c24fc7\" data-element_type=\"widget\" data-e-type=\"widget\" data-widget_type=\"heading.default\">\n\t\t\t\t\t<h2 class=\"elementor-heading-title elementor-size-default\">Known from<\/h2>\t\t\t\t<\/div>\n\t\t\t\t<div class=\"elementor-element elementor-element-5928df8 elementor-widget__width-initial elementor-widget-mobile__width-inherit elementor-skin-carousel elementor-arrows-yes elementor-widget elementor-widget-global elementor-global-85079 elementor-widget-media-carousel\" data-id=\"5928df8\" data-element_type=\"widget\" data-e-type=\"widget\" data-settings=\"{&quot;slides_per_view&quot;:&quot;7&quot;,&quot;space_between&quot;:{&quot;unit&quot;:&quot;px&quot;,&quot;size&quot;:35,&quot;sizes&quot;:[]},&quot;skin&quot;:&quot;carousel&quot;,&quot;effect&quot;:&quot;slide&quot;,&quot;show_arrows&quot;:&quot;yes&quot;,&quot;speed&quot;:500,&quot;autoplay&quot;:&quot;yes&quot;,&quot;autoplay_speed&quot;:5000,&quot;loop&quot;:&quot;yes&quot;,&quot;pause_on_hover&quot;:&quot;yes&quot;,&quot;pause_on_interaction&quot;:&quot;yes&quot;,&quot;space_between_tablet&quot;:{&quot;unit&quot;:&quot;px&quot;,&quot;size&quot;:10,&quot;sizes&quot;:[]},&quot;space_between_mobile&quot;:{&quot;unit&quot;:&quot;px&quot;,&quot;size&quot;:10,&quot;sizes&quot;:[]}}\" data-widget_type=\"media-carousel.default\">\n\t\t\t\t\t\t\t\t\t\t<div class=\"elementor-main-swiper swiper\" role=\"region\" aria-roledescription=\"carousel\" aria-label=\"Slider\">\n\t\t\t\t<div class=\"swiper-wrapper\">\n\t\t\t\t\t\t\t\t\t\t\t<div class=\"swiper-slide\" role=\"group\" aria-roledescription=\"slide\">\n\t\t\t\t\t\t\t\t\t<div class=\"elementor-carousel-image\" role=\"img\" aria-label=\"ARD\" style=\"background-image: url('https:\/\/bio-balkon.de\/wp-content\/uploads\/elementor\/thumbs\/ARD-riihzaleahrscalhkcel0zi0asoxiiiu60tl7qeo2k.avif')\">\n\n\t\t\t\n\t\t\t\t\t<\/div>\n\t\t\t\t\t\t\t\t<\/div>\n\t\t\t\t\t\t\t\t\t\t\t<div class=\"swiper-slide\" role=\"group\" aria-roledescription=\"slide\">\n\t\t\t\t\t\t\t\t\t<div class=\"elementor-carousel-image\" role=\"img\" aria-label=\"Nature in the garden\" style=\"background-image: url('https:\/\/bio-balkon.de\/wp-content\/uploads\/elementor\/thumbs\/Natur-im-Garten-riihuna4hzeqxpcipc2zp5pyk7llge2m70p5shaqea.avif')\">\n\n\t\t\t\n\t\t\t\t\t<\/div>\n\t\t\t\t\t\t\t\t<\/div>\n\t\t\t\t\t\t\t\t\t\t\t<div class=\"swiper-slide\" role=\"group\" aria-roledescription=\"slide\">\n\t\t\t\t\t\t\t\t\t<div class=\"elementor-carousel-image\" role=\"img\" aria-label=\"Logo of the NaturaDB plant database\" style=\"background-image: url('https:\/\/bio-balkon.de\/wp-content\/uploads\/elementor\/thumbs\/Logo-NaturaDB-rifir8lgddnacljjktbek22r4qexlkdc4iseilr0bg.avif')\">\n\n\t\t\t\n\t\t\t\t\t<\/div>\n\t\t\t\t\t\t\t\t<\/div>\n\t\t\t\t\t\t\t\t\t\t\t<div class=\"swiper-slide\" role=\"group\" aria-roledescription=\"slide\">\n\t\t\t\t\t\t\t\t\t<div class=\"elementor-carousel-image\" role=\"img\" aria-label=\"sueddeutsche-zeitung-200-150x40\" style=\"background-image: url('https:\/\/bio-balkon.de\/wp-content\/uploads\/elementor\/thumbs\/sueddeutsche-zeitung-200-150x40-1-rii0z49f8vqyyvte8q7q4gsoiq12f286o17ba633m8.avif')\">\n\n\t\t\t\n\t\t\t\t\t<\/div>\n\t\t\t\t\t\t\t\t<\/div>\n\t\t\t\t\t\t\t\t\t\t\t<div class=\"swiper-slide\" role=\"group\" aria-roledescription=\"slide\">\n\t\t\t\t\t\t\t\t\t<div class=\"elementor-carousel-image\" role=\"img\" aria-label=\"Germany hums we do something for the bees logo-round\" style=\"background-image: url('https:\/\/bio-balkon.de\/wp-content\/uploads\/elementor\/thumbs\/Deutschland-summt-wir-tun-was-fu\u0308r-die-Bienen-logo-rund-riihz0967bdmsl0i8pxork3xrk3w5udsgln8xotzz0.avif')\">\n\n\t\t\t\n\t\t\t\t\t<\/div>\n\t\t\t\t\t\t\t\t<\/div>\n\t\t\t\t\t\t\t\t\t\t\t<div class=\"swiper-slide\" role=\"group\" aria-roledescription=\"slide\">\n\t\t\t\t\t\t\t\t\t<div class=\"elementor-carousel-image\" role=\"img\" aria-label=\"RBB Abendschau\" style=\"background-image: url('https:\/\/bio-balkon.de\/wp-content\/uploads\/elementor\/thumbs\/RBB-Abendschau-riihqt3ulc5lj0x846cu0ml78kin0vu2o0ss8szm8s.avif')\">\n\n\t\t\t\n\t\t\t\t\t<\/div>\n\t\t\t\t\t\t\t\t<\/div>\n\t\t\t\t\t\t\t\t\t\t\t<div class=\"swiper-slide\" role=\"group\" aria-roledescription=\"slide\">\n\t\t\t\t\t\t\t\t\t<div class=\"elementor-carousel-image\" role=\"img\" aria-label=\"Logo_GR\u00dcNE LIGA Berlin\" style=\"background-image: url('https:\/\/bio-balkon.de\/wp-content\/uploads\/elementor\/thumbs\/Logo_GRU\u0308NE-LIGA-Berlin-riihuhn3cz7101kpm9n8a756zwde67g868s8wtj352.avif')\">\n\n\t\t\t\n\t\t\t\t\t<\/div>\n\t\t\t\t\t\t\t\t<\/div>\n\t\t\t\t\t\t\t\t\t\t\t<div class=\"swiper-slide\" role=\"group\" aria-roledescription=\"slide\">\n\t\t\t\t\t\t\t\t\t<div class=\"elementor-carousel-image\" role=\"img\" aria-label=\"Dgg 1822 logo_dgg\" style=\"background-image: url('https:\/\/bio-balkon.de\/wp-content\/uploads\/elementor\/thumbs\/Dgg-1822-logo_dgg-riihyqusaz0rkhe5rlvf2mhbtpe80vch3b4e4x7wrw.avif')\">\n\n\t\t\t\n\t\t\t\t\t<\/div>\n\t\t\t\t\t\t\t\t<\/div>\n\t\t\t\t\t\t\t\t\t\t\t<div class=\"swiper-slide\" role=\"group\" aria-roledescription=\"slide\">\n\t\t\t\t\t\t\t\t\t<div class=\"elementor-carousel-image\" role=\"img\" aria-label=\"hortus-2\" style=\"background-image: url('https:\/\/bio-balkon.de\/wp-content\/uploads\/elementor\/thumbs\/hortus-2-rii0zukwk8qzzyr5z1la2a5l5ifcel4o3ngwpx02wg.avif')\">\n\n\t\t\t\n\t\t\t\t\t<\/div>\n\t\t\t\t\t\t\t\t<\/div>\n\t\t\t\t\t\t\t\t\t\t\t<div class=\"swiper-slide\" role=\"group\" aria-roledescription=\"slide\">\n\t\t\t\t\t\t\t\t\t<div class=\"elementor-carousel-image\" role=\"img\" aria-label=\"naturgucker-logo-2\" style=\"background-image: url('https:\/\/bio-balkon.de\/wp-content\/uploads\/elementor\/thumbs\/naturgucker-logo-2-rifczei5854v8jfp6z538i5mlmt7mv9y7tveg1wr8o.png')\">\n\n\t\t\t\n\t\t\t\t\t<\/div>\n\t\t\t\t\t\t\t\t<\/div>\n\t\t\t\t\t\t\t\t\t\t\t<div class=\"swiper-slide\" role=\"group\" aria-roledescription=\"slide\">\n\t\t\t\t\t\t\t\t\t<div class=\"elementor-carousel-image\" role=\"img\" aria-label=\"Falcon\" style=\"background-image: url('https:\/\/bio-balkon.de\/wp-content\/uploads\/elementor\/thumbs\/Falke-riihyhgeemnwcdrtaht5doupvuojvwb5q0ljc5luhu.avif')\">\n\n\t\t\t\n\t\t\t\t\t<\/div>\n\t\t\t\t\t\t\t\t<\/div>\n\t\t\t\t\t\t\t\t\t\t\t<div class=\"swiper-slide\" role=\"group\" aria-roledescription=\"slide\">\n\t\t\t\t\t\t\t\t\t<div class=\"elementor-carousel-image\" role=\"img\" aria-label=\"nature_logo_0-0-30-65\" style=\"background-image: url('https:\/\/bio-balkon.de\/wp-content\/uploads\/elementor\/thumbs\/natur-zeitschrift-rii0zza3iexfm0kc7lmewqyw4fs6h2nbsaqc4at3ya.avif')\">\n\n\t\t\t\n\t\t\t\t\t<\/div>\n\t\t\t\t\t\t\t\t<\/div>\n\t\t\t\t\t\t\t\t\t\t\t<div class=\"swiper-slide\" role=\"group\" aria-roledescription=\"slide\">\n\t\t\t\t\t\t\t\t\t<div class=\"elementor-carousel-image\" role=\"img\" aria-label=\"logo-cure-new-2 cabbage&amp;beet\" style=\"background-image: url('https:\/\/bio-balkon.de\/wp-content\/uploads\/elementor\/thumbs\/logo-kur-new-2-krautru\u0308ben-riihuetksh3617ot2qfckput7qraj4515utsgzn9fy.avif')\">\n\n\t\t\t\n\t\t\t\t\t<\/div>\n\t\t\t\t\t\t\t\t<\/div>\n\t\t\t\t\t\t\t\t\t\t\t<div class=\"swiper-slide\" role=\"group\" aria-roledescription=\"slide\">\n\t\t\t\t\t\t\t\t\t<div class=\"elementor-carousel-image\" role=\"img\" aria-label=\"Food&amp;Farm\" style=\"background-image: url('https:\/\/bio-balkon.de\/wp-content\/uploads\/elementor\/thumbs\/FoodFarm-riihsh9iqqfy62hucwcyg7ep98a4pigw8ajuyiie7u.avif')\">\n\n\t\t\t\n\t\t\t\t\t<\/div>\n\t\t\t\t\t\t\t\t<\/div>\n\t\t\t\t\t\t\t\t\t\t\t<div class=\"swiper-slide\" role=\"group\" aria-roledescription=\"slide\">\n\t\t\t\t\t\t\t\t\t<div class=\"elementor-carousel-image\" role=\"img\" aria-label=\"Slow Food Germany e.V. 21617998_1431628343587616_5181109350505202711_n\" style=\"background-image: url('https:\/\/bio-balkon.de\/wp-content\/uploads\/elementor\/thumbs\/Slow-Food-Deutschland-e.V.-21617998_1431628343587616_5181109350505202711_n-riihqpchu00g8l2oq4qbqnjcv11663f5bi6ubp56xo.avif')\">\n\n\t\t\t\n\t\t\t\t\t<\/div>\n\t\t\t\t\t\t\t\t<\/div>\n\t\t\t\t\t\t\t\t\t\t\t<div class=\"swiper-slide\" role=\"group\" aria-roledescription=\"slide\">\n\t\t\t\t\t\t\t\t\t<div class=\"elementor-carousel-image\" role=\"img\" aria-label=\"Berlin Week\" style=\"background-image: url('https:\/\/bio-balkon.de\/wp-content\/uploads\/elementor\/thumbs\/Berliner-Woche-riihz40iynis30v1mrk71j5s53ld0mspt496usofa4.avif')\">\n\n\t\t\t\n\t\t\t\t\t<\/div>\n\t\t\t\t\t\t\t\t<\/div>\n\t\t\t\t\t\t\t\t\t\t\t<div class=\"swiper-slide\" role=\"group\" aria-roledescription=\"slide\">\n\t\t\t\t\t\t\t\t\t<div class=\"elementor-carousel-image\" role=\"img\" aria-label=\"Garden design inspiration\" style=\"background-image: url('https:\/\/bio-balkon.de\/wp-content\/uploads\/elementor\/thumbs\/Gartendesign-Inspiration-riihsl0vi2l3gicdqxzgq6gjmrrlkavtkt5svmcu10.avif')\">\n\n\t\t\t\n\t\t\t\t\t<\/div>\n\t\t\t\t\t\t\t\t<\/div>\n\t\t\t\t\t\t\t\t\t\t\t<div class=\"swiper-slide\" role=\"group\" aria-roledescription=\"slide\">\n\t\t\t\t\t\t\t\t\t<div class=\"elementor-carousel-image\" role=\"img\" aria-label=\"Raw evolution\" style=\"background-image: url('https:\/\/bio-balkon.de\/wp-content\/uploads\/elementor\/thumbs\/Rohvolution-riihqwv7coaqtgrri7zcaln1m403vo900jeq5wu0rk.avif')\">\n\n\t\t\t\n\t\t\t\t\t<\/div>\n\t\t\t\t\t\t\t\t<\/div>\n\t\t\t\t\t\t\t\t\t\t\t<div class=\"swiper-slide\" role=\"group\" aria-roledescription=\"slide\">\n\t\t\t\t\t\t\t\t\t<div class=\"elementor-carousel-image\" role=\"img\" aria-label=\"mygreenhome\" style=\"background-image: url('https:\/\/bio-balkon.de\/wp-content\/uploads\/elementor\/thumbs\/mygreenhome-otcho3s1zsnzbewnjyij8izsg6uay8l3kc8jng87ow.png')\">\n\n\t\t\t\n\t\t\t\t\t<\/div>\n\t\t\t\t\t\t\t\t<\/div>\n\t\t\t\t\t\t\t\t\t\t\t<div class=\"swiper-slide\" role=\"group\" aria-roledescription=\"slide\">\n\t\t\t\t\t\t\t\t\t<div class=\"elementor-carousel-image\" role=\"img\" aria-label=\"TheMagazine\" style=\"background-image: url('https:\/\/bio-balkon.de\/wp-content\/uploads\/elementor\/thumbs\/DasMagazin-rifbrkb4hb4fr9446iyhg2ep7ovxn28miuj5ogwrc6.png')\">\n\n\t\t\t\n\t\t\t\t\t<\/div>\n\t\t\t\t\t\t\t\t<\/div>\n\t\t\t\t\t\t\t\t\t\t\t<div class=\"swiper-slide\" role=\"group\" aria-roledescription=\"slide\">\n\t\t\t\t\t\t\t\t\t<div class=\"elementor-carousel-image\" role=\"img\" aria-label=\"UnternehmensGr\u00fcn logo_unternehmensgruen\" style=\"background-image: url('https:\/\/bio-balkon.de\/wp-content\/uploads\/elementor\/thumbs\/UnternehmensGru\u0308n-logo_unternehmensgruen-riihq7hk85c03zsmmf0exa1lkph73ug8x1sm7fvnpa.avif')\">\n\n\t\t\t\n\t\t\t\t\t<\/div>\n\t\t\t\t\t\t\t\t<\/div>\n\t\t\t\t\t\t\t\t\t\t\t<div class=\"swiper-slide\" role=\"group\" aria-roledescription=\"slide\">\n\t\t\t\t\t\t\t\t\t<div class=\"elementor-carousel-image\" role=\"img\" aria-label=\"wa-up-to-date\" style=\"background-image: url('https:\/\/bio-balkon.de\/wp-content\/uploads\/elementor\/thumbs\/wa-aktuell-rii0zqtjswlupiwmkzyrsb3qryxvjspqr4uyst5obg.avif')\">\n\n\t\t\t\n\t\t\t\t\t<\/div>\n\t\t\t\t\t\t\t\t<\/div>\n\t\t\t\t\t\t\t\t\t\t\t<div class=\"swiper-slide\" role=\"group\" aria-roledescription=\"slide\">\n\t\t\t\t\t\t\t\t\t<div class=\"elementor-carousel-image\" role=\"img\" aria-label=\"TASPO_NEW_outline\" style=\"background-image: url('https:\/\/bio-balkon.de\/wp-content\/uploads\/elementor\/thumbs\/TASPO-riihqfy3xnnl0hgc90o21pwqx6bi14dty7nzixj3va.avif')\">\n\n\t\t\t\n\t\t\t\t\t<\/div>\n\t\t\t\t\t\t\t\t<\/div>\n\t\t\t\t\t\t\t\t\t\t\t<div class=\"swiper-slide\" role=\"group\" aria-roledescription=\"slide\">\n\t\t\t\t\t\t\t\t\t<div class=\"elementor-carousel-image\" role=\"img\" aria-label=\"OLV\" style=\"background-image: url('https:\/\/bio-balkon.de\/wp-content\/uploads\/elementor\/thumbs\/OLV-riihr3g2oijr2qi7fstqa1z9rt3odjz4dfz4iuka6i.avif')\">\n\n\t\t\t\n\t\t\t\t\t<\/div>\n\t\t\t\t\t\t\t\t<\/div>\n\t\t\t\t\t\t\t\t\t\t\t<div class=\"swiper-slide\" role=\"group\" aria-roledescription=\"slide\">\n\t\t\t\t\t\t\t\t\t<div class=\"elementor-carousel-image\" role=\"img\" aria-label=\"gruen magazine\" style=\"background-image: url('https:\/\/bio-balkon.de\/wp-content\/uploads\/elementor\/thumbs\/gruen-Zeitschrift-rii0zo018ehzqp0q1gqw2ttcztbrwpejqqwicz9u9a.avif')\">\n\n\t\t\t\n\t\t\t\t\t<\/div>\n\t\t\t\t\t\t\t\t<\/div>\n\t\t\t\t\t\t\t\t\t\t\t<div class=\"swiper-slide\" role=\"group\" aria-roledescription=\"slide\">\n\t\t\t\t\t\t\t\t\t<div class=\"elementor-carousel-image\" role=\"img\" aria-label=\"rabe ralf\" style=\"background-image: url('https:\/\/bio-balkon.de\/wp-content\/uploads\/elementor\/thumbs\/rabe-ralf-rii0zelnc254iledkcomdw6r1ym3rqd8dgdnk7nrzi.avif')\">\n\n\t\t\t\n\t\t\t\t\t<\/div>\n\t\t\t\t\t\t\t\t<\/div>\n\t\t\t\t\t\t\t\t\t\t\t<div class=\"swiper-slide\" role=\"group\" aria-roledescription=\"slide\">\n\t\t\t\t\t\t\t\t\t<div class=\"elementor-carousel-image\" role=\"img\" aria-label=\"Quicumque\" style=\"background-image: url('https:\/\/bio-balkon.de\/wp-content\/uploads\/elementor\/thumbs\/Quicumque-rii0z653mjtjm3qnxr0z9gblphrsugfncaia8q0bck.avif')\">\n\n\t\t\t\n\t\t\t\t\t<\/div>\n\t\t\t\t\t\t\t\t<\/div>\n\t\t\t\t\t\t\t\t\t\t\t<div class=\"swiper-slide\" role=\"group\" aria-roledescription=\"slide\">\n\t\t\t\t\t\t\t\t\t<div class=\"elementor-carousel-image\" role=\"img\" aria-label=\"green_world_tour_logo Autarkia\" style=\"background-image: url('https:\/\/bio-balkon.de\/wp-content\/uploads\/elementor\/thumbs\/green_world_tour_logo-Autarkia-rii0z0i2hjltofyuuol7uhqu56jlk9t9bildd28opk.avif')\">\n\n\t\t\t\n\t\t\t\t\t<\/div>\n\t\t\t\t\t\t\t\t<\/div>\n\t\t\t\t\t\t\t\t\t<\/div>\n\t\t\t\t\t\t\t\t\t\t\t\t\t\t\t<div class=\"elementor-swiper-button elementor-swiper-button-prev\" role=\"button\" tabindex=\"0\" aria-label=\"Previous\">\n\t\t\t\t\t\t\t<svg aria-hidden=\"true\" class=\"e-font-icon-svg e-eicon-chevron-left\" viewBox=\"0 0 1000 1000\"><path d=\"M646 125C629 125 613 133 604 142L308 442C296 454 292 471 292 487 292 504 296 521 308 533L604 854C617 867 629 875 646 875 663 875 679 871 692 858 704 846 713 829 713 812 713 796 708 779 692 767L438 487 692 225C700 217 708 204 708 187 708 171 704 154 692 142 675 129 663 125 646 125Z\" \/><\/svg>\t\t\t\t\t\t<\/div>\n\t\t\t\t\t\t<div class=\"elementor-swiper-button elementor-swiper-button-next\" role=\"button\" tabindex=\"0\" aria-label=\"Next\">\n\t\t\t\t\t\t\t<svg aria-hidden=\"true\" class=\"e-font-icon-svg e-eicon-chevron-right\" viewBox=\"0 0 1000 1000\"><path d=\"M696 533C708 521 713 504 713 487 713 471 708 454 696 446L400 146C388 133 375 125 354 125 338 125 325 129 313 142 300 154 292 171 292 187 292 204 296 221 308 233L563 492 304 771C292 783 288 800 288 817 288 833 296 850 308 863 321 871 338 875 354 875 371 875 388 867 400 854L696 533Z\" \/><\/svg>\t\t\t\t\t\t<\/div>\n\t\t\t\t\t\t\t\t\t\t\t\t\t\t\t\t\t<\/div>\n\t\t\t\t\t\t\t\t<\/div>\n\t\t\t\t\t<\/div>\n\t\t\t\t<\/div>\n\t\t<div class=\"elementor-element elementor-element-b8aba27 e-flex e-con-boxed e-con e-child\" data-id=\"b8aba27\" data-element_type=\"container\" data-e-type=\"container\" data-settings=\"{&quot;background_background&quot;:&quot;classic&quot;}\">\n\t\t\t\t\t<div class=\"e-con-inner\">\n\t\t\t\t<div class=\"elementor-element elementor-element-628defd elementor-widget elementor-widget-heading\" data-id=\"628defd\" data-element_type=\"widget\" data-e-type=\"widget\" data-widget_type=\"heading.default\">\n\t\t\t\t\t<h2 class=\"elementor-heading-title elementor-size-default\">All con\u00adtents at a glan\u00adce<\/h2>\t\t\t\t<\/div>\n\t\t<div class=\"elementor-element elementor-element-2e54d70 e-grid e-con-boxed e-con e-child\" data-id=\"2e54d70\" data-element_type=\"container\" data-e-type=\"container\">\n\t\t\t\t\t<div class=\"e-con-inner\">\n\t\t\t\t<div class=\"elementor-element elementor-element-03b4a38 elementor-view-default elementor-position-block-start elementor-mobile-position-block-start elementor-widget elementor-widget-icon-box\" data-id=\"03b4a38\" data-element_type=\"widget\" data-e-type=\"widget\" data-widget_type=\"icon-box.default\">\n\t\t\t\t\t\t\t<div class=\"elementor-icon-box-wrapper\">\n\n\t\t\t\t\t\t<div class=\"elementor-icon-box-icon\">\n\t\t\t\t<span class=\"elementor-icon\">\n\t\t\t\t<svg aria-hidden=\"true\" class=\"e-font-icon-svg e-fas-key\" viewBox=\"0 0 512 512\"><path d=\"M512 176.001C512 273.203 433.202 352 336 352c-11.22 0-22.19-1.062-32.827-3.069l-24.012 27.014A23.999 23.999 0 0 1 261.223 384H224v40c0 13.255-10.745 24-24 24h-40v40c0 13.255-10.745 24-24 24H24c-13.255 0-24-10.745-24-24v-78.059c0-6.365 2.529-12.47 7.029-16.971l161.802-161.802C163.108 213.814 160 195.271 160 176 160 78.798 238.797.001 335.999 0 433.488-.001 512 78.511 512 176.001zM336 128c0 26.51 21.49 48 48 48s48-21.49 48-48-21.49-48-48-48-48 21.49-48 48z\" \/><\/svg>\t\t\t\t<\/span>\n\t\t\t<\/div>\n\t\t\t\n\t\t\t\t\t\t<div class=\"elementor-icon-box-content\">\n\n\t\t\t\t\t\t\t\t\t<p class=\"elementor-icon-box-title\">\n\t\t\t\t\t\t<span>\n\t\t\t\t\t\t\tAll con\u00adtri\u00adbu\u00adti\u00adons\t\t\t\t\t\t<\/span>\n\t\t\t\t\t<\/p>\n\t\t\t\t\n\t\t\t\t\t\t\t\t\t<p class=\"elementor-icon-box-description\">\n\t\t\t\t\t\tAccess to the exclu\u00adsi\u00adve mem\u00adber area with stream and down\u00adload opti\u00adon (video + audio)\t\t\t\t\t<\/p>\n\t\t\t\t\n\t\t\t<\/div>\n\t\t\t\n\t\t<\/div>\n\t\t\t\t\t\t<\/div>\n\t\t\t\t<div class=\"elementor-element elementor-element-2414c76 elementor-view-default elementor-position-block-start elementor-mobile-position-block-start elementor-widget elementor-widget-icon-box\" data-id=\"2414c76\" data-element_type=\"widget\" data-e-type=\"widget\" data-widget_type=\"icon-box.default\">\n\t\t\t\t\t\t\t<div class=\"elementor-icon-box-wrapper\">\n\n\t\t\t\t\t\t<div class=\"elementor-icon-box-icon\">\n\t\t\t\t<span class=\"elementor-icon\">\n\t\t\t\t<svg aria-hidden=\"true\" class=\"e-font-icon-svg e-fas-percentage\" viewBox=\"0 0 384 512\"><path d=\"M109.25 173.25c24.99-24.99 24.99-65.52 0-90.51-24.99-24.99-65.52-24.99-90.51 0-24.99 24.99-24.99 65.52 0 90.51 25 25 65.52 25 90.51 0zm256 165.49c-24.99-24.99-65.52-24.99-90.51 0-24.99 24.99-24.99 65.52 0 90.51 24.99 24.99 65.52 24.99 90.51 0 25-24.99 25-65.51 0-90.51zm-1.94-231.43l-22.62-22.62c-12.5-12.5-32.76-12.5-45.25 0L20.69 359.44c-12.5 12.5-12.5 32.76 0 45.25l22.62 22.62c12.5 12.5 32.76 12.5 45.25 0l274.75-274.75c12.5-12.49 12.5-32.75 0-45.25z\" \/><\/svg>\t\t\t\t<\/span>\n\t\t\t<\/div>\n\t\t\t\n\t\t\t\t\t\t<div class=\"elementor-icon-box-content\">\n\n\t\t\t\t\t\t\t\t\t<p class=\"elementor-icon-box-title\">\n\t\t\t\t\t\t<span>\n\t\t\t\t\t\t\tRefe\u00adrence addres\u00adses\t\t\t\t\t\t<\/span>\n\t\t\t\t\t<\/p>\n\t\t\t\t\n\t\t\t\t\t\t\t\t\t<p class=\"elementor-icon-box-description\">\n\t\t\t\t\t\tPlants, seeds, recom\u00admen\u00adda\u00adti\u00adons inclu\u00adding dis\u00adcount codes\t\t\t\t\t<\/p>\n\t\t\t\t\n\t\t\t<\/div>\n\t\t\t\n\t\t<\/div>\n\t\t\t\t\t\t<\/div>\n\t\t\t\t<div class=\"elementor-element elementor-element-359357e elementor-view-default elementor-position-block-start elementor-mobile-position-block-start elementor-widget elementor-widget-icon-box\" data-id=\"359357e\" data-element_type=\"widget\" data-e-type=\"widget\" data-widget_type=\"icon-box.default\">\n\t\t\t\t\t\t\t<div class=\"elementor-icon-box-wrapper\">\n\n\t\t\t\t\t\t<div class=\"elementor-icon-box-icon\">\n\t\t\t\t<span class=\"elementor-icon\">\n\t\t\t\t<svg aria-hidden=\"true\" class=\"e-font-icon-svg e-fas-plus\" viewBox=\"0 0 448 512\"><path d=\"M416 208H272V64c0-17.67-14.33-32-32-32h-32c-17.67 0-32 14.33-32 32v144H32c-17.67 0-32 14.33-32 32v32c0 17.67 14.33 32 32 32h144v144c0 17.67 14.33 32 32 32h32c17.67 0 32-14.33 32-32V304h144c17.67 0 32-14.33 32-32v-32c0-17.67-14.33-32-32-32z\" \/><\/svg>\t\t\t\t<\/span>\n\t\t\t<\/div>\n\t\t\t\n\t\t\t\t\t\t<div class=\"elementor-icon-box-content\">\n\n\t\t\t\t\t\t\t\t\t<p class=\"elementor-icon-box-title\">\n\t\t\t\t\t\t<span>\n\t\t\t\t\t\t\tBonus 1\t\t\t\t\t\t<\/span>\n\t\t\t\t\t<\/p>\n\t\t\t\t\n\t\t\t\t\t\t\t\t\t<p class=\"elementor-icon-box-description\">\n\t\t\t\t\t\tLet the flowers do it \u2014 sel\u00adec\u00adtion of inde\u00adpen\u00addent plants by Sig\u00adrid Tinz\t\t\t\t\t<\/p>\n\t\t\t\t\n\t\t\t<\/div>\n\t\t\t\n\t\t<\/div>\n\t\t\t\t\t\t<\/div>\n\t\t\t\t<div class=\"elementor-element elementor-element-1fc1341 elementor-view-default elementor-position-block-start elementor-mobile-position-block-start elementor-widget elementor-widget-icon-box\" data-id=\"1fc1341\" data-element_type=\"widget\" data-e-type=\"widget\" data-widget_type=\"icon-box.default\">\n\t\t\t\t\t\t\t<div class=\"elementor-icon-box-wrapper\">\n\n\t\t\t\t\t\t<div class=\"elementor-icon-box-icon\">\n\t\t\t\t<span class=\"elementor-icon\">\n\t\t\t\t<svg aria-hidden=\"true\" class=\"e-font-icon-svg e-fas-plus\" viewBox=\"0 0 448 512\"><path d=\"M416 208H272V64c0-17.67-14.33-32-32-32h-32c-17.67 0-32 14.33-32 32v144H32c-17.67 0-32 14.33-32 32v32c0 17.67 14.33 32 32 32h144v144c0 17.67 14.33 32 32 32h32c17.67 0 32-14.33 32-32V304h144c17.67 0 32-14.33 32-32v-32c0-17.67-14.33-32-32-32z\" \/><\/svg>\t\t\t\t<\/span>\n\t\t\t<\/div>\n\t\t\t\n\t\t\t\t\t\t<div class=\"elementor-icon-box-content\">\n\n\t\t\t\t\t\t\t\t\t<p class=\"elementor-icon-box-title\">\n\t\t\t\t\t\t<span>\n\t\t\t\t\t\t\tBonus 2\t\t\t\t\t\t<\/span>\n\t\t\t\t\t<\/p>\n\t\t\t\t\n\t\t\t\t\t\t\t\t\t<p class=\"elementor-icon-box-description\">\n\t\t\t\t\t\tLeit\u00adfa\u00adden \u201cNatur\u00adna\u00adhes G\u00e4rt\u00adnern auf Bal\u00adko\u00adnen und Ter\u00adras\u00adse\u201d von Ste\u00adfa\u00adnie Bin\u00adder\t\t\t\t\t<\/p>\n\t\t\t\t\n\t\t\t<\/div>\n\t\t\t\n\t\t<\/div>\n\t\t\t\t\t\t<\/div>\n\t\t\t\t\t<\/div>\n\t\t\t\t<\/div>\n\t\t\t\t\t<\/div>\n\t\t\t\t<\/div>\n\t\t<div class=\"elementor-element elementor-element-a532042 e-flex e-con-boxed e-con e-child\" data-id=\"a532042\" data-element_type=\"container\" data-e-type=\"container\" data-settings=\"{&quot;background_background&quot;:&quot;classic&quot;}\">\n\t\t\t\t\t<div class=\"e-con-inner\">\n\t\t\t\t<div class=\"elementor-element elementor-element-42ddfb9 elementor-widget__width-initial elementor-widget elementor-widget-text-editor\" data-id=\"42ddfb9\" data-element_type=\"widget\" data-e-type=\"widget\" data-widget_type=\"text-editor.default\">\n\t\t\t\t\t\t\t\t\t<h2>Spre\u00adcher und The\u00admen&nbsp;<\/h2>\t\t\t\t\t\t\t\t<\/div>\n\t\t<div class=\"elementor-element elementor-element-5ef3d79 e-grid e-con-boxed e-con e-child\" data-id=\"5ef3d79\" data-element_type=\"container\" data-e-type=\"container\">\n\t\t\t\t\t<div class=\"e-con-inner\">\n\t\t\t\t<div class=\"elementor-element elementor-element-ecf22c2 elementor-position-top elementor-widget elementor-widget-image-box\" data-id=\"ecf22c2\" data-element_type=\"widget\" data-e-type=\"widget\" data-widget_type=\"image-box.default\">\n\t\t\t\t\t<div class=\"elementor-image-box-wrapper\"><figure class=\"elementor-image-box-img\"><a href=\"https:\/\/bio-balkon.de\/en\/experts\/dr-med-max-buerck-gemassmer\/\" target=\"_blank\" tabindex=\"-1\"><img loading=\"lazy\" decoding=\"async\" width=\"150\" height=\"150\" src=\"https:\/\/bio-balkon.de\/wp-content\/uploads\/2025\/11\/Vorstand_Max-Buerck-Gemassmer_3-150x150.avif\" class=\"attachment-thumbnail size-thumbnail wp-image-85909\" alt=\"Max B\u00fcrck-Gemassmer spricht beim Online Bio-Balkon-Kongress zu Hitzewellen und Gesundheit in der Stadt\" srcset=\"https:\/\/bio-balkon.de\/wp-content\/uploads\/2025\/11\/Vorstand_Max-Buerck-Gemassmer_3-150x150.avif 150w, https:\/\/bio-balkon.de\/wp-content\/uploads\/2025\/11\/Vorstand_Max-Buerck-Gemassmer_3-300x300.avif 300w, https:\/\/bio-balkon.de\/wp-content\/uploads\/2025\/11\/Vorstand_Max-Buerck-Gemassmer_3-12x12.avif 12w, https:\/\/bio-balkon.de\/wp-content\/uploads\/2025\/11\/Vorstand_Max-Buerck-Gemassmer_3.avif 590w\" sizes=\"auto, (max-width: 150px) 100vw, 150px\"><\/a><\/figure><div class=\"elementor-image-box-content\"><h6 class=\"elementor-image-box-title\"><a href=\"https:\/\/bio-balkon.de\/en\/experts\/dr-med-max-buerck-gemassmer\/\" target=\"_blank\">Max B\u00fcrck-Gemass\u00admer<\/a><\/h6><p class=\"elementor-image-box-description\">Hit\u00adze\u00adwel\u00adlen und Gesund\u00adheit in der Stadt: Wie gr\u00fc\u00adne Bal\u00adko\u00adne die Gesund\u00adheit st\u00e4r\u00adken<\/p><\/div><\/div>\t\t\t\t<\/div>\n\t\t\t\t<div class=\"elementor-element elementor-element-a9dd95f elementor-position-top elementor-widget elementor-widget-image-box\" data-id=\"a9dd95f\" data-element_type=\"widget\" data-e-type=\"widget\" data-widget_type=\"image-box.default\">\n\t\t\t\t\t<div class=\"elementor-image-box-wrapper\"><figure class=\"elementor-image-box-img\"><a href=\"https:\/\/bio-balkon.de\/en\/experts\/dr-med-kristin-ko%cc%88hler\/\" target=\"_blank\" tabindex=\"-1\"><img loading=\"lazy\" decoding=\"async\" width=\"150\" height=\"150\" src=\"https:\/\/bio-balkon.de\/wp-content\/uploads\/2026\/02\/Dr.-med-Kristin-Koehler-150x150.avif\" class=\"attachment-thumbnail size-thumbnail wp-image-88222\" alt=\"\u00c4rztin und Gr\u00fcnderin von VERDE Dr. med Kristin K\u00f6hler spricht beim Online Bio-Balkon-Kongress zur Naturverbindung\" srcset=\"https:\/\/bio-balkon.de\/wp-content\/uploads\/2026\/02\/Dr.-med-Kristin-Koehler-150x150.avif 150w, https:\/\/bio-balkon.de\/wp-content\/uploads\/2026\/02\/Dr.-med-Kristin-Koehler-300x300.avif 300w, https:\/\/bio-balkon.de\/wp-content\/uploads\/2026\/02\/Dr.-med-Kristin-Koehler-12x12.avif 12w, https:\/\/bio-balkon.de\/wp-content\/uploads\/2026\/02\/Dr.-med-Kristin-Koehler.avif 400w\" sizes=\"auto, (max-width: 150px) 100vw, 150px\"><\/a><\/figure><div class=\"elementor-image-box-content\"><h6 class=\"elementor-image-box-title\"><a href=\"https:\/\/bio-balkon.de\/en\/experts\/dr-med-kristin-ko%cc%88hler\/\" target=\"_blank\">Dr. med Kris\u00adtin K\u00f6h\u00adler<\/a><\/h6><p class=\"elementor-image-box-description\">Unse\u00adre Gesund\u00adheit ist eng ver\u00adbun\u00adden mit der Gesund\u00adheit der uns umge\u00adben\u00adden Natur<\/p><\/div><\/div>\t\t\t\t<\/div>\n\t\t\t\t<div class=\"elementor-element elementor-element-0353fc8 elementor-position-top elementor-widget elementor-widget-image-box\" data-id=\"0353fc8\" data-element_type=\"widget\" data-e-type=\"widget\" data-widget_type=\"image-box.default\">\n\t\t\t\t\t<div class=\"elementor-image-box-wrapper\"><figure class=\"elementor-image-box-img\"><a href=\"https:\/\/bio-balkon.de\/en\/experts\/andrea-heistinger-3\/\" target=\"_blank\" tabindex=\"-1\"><img loading=\"lazy\" decoding=\"async\" width=\"150\" height=\"150\" src=\"https:\/\/bio-balkon.de\/wp-content\/uploads\/2024\/12\/Andrea-Heistinger-header-1030x685-1-150x150.avif\" class=\"attachment-thumbnail size-thumbnail wp-image-73623\" alt=\"Gardening book author, freelance agronomist and organizational consultant Andrea Heistinger will be speaking at the Online Organic Balcony Congress on seed gardening and bringing the balcony to life.\"><\/a><\/figure><div class=\"elementor-image-box-content\"><h6 class=\"elementor-image-box-title\"><a href=\"https:\/\/bio-balkon.de\/en\/experts\/andrea-heistinger-3\/\" target=\"_blank\">Andrea Heis\u00adtin\u00adger<\/a><\/h6><p class=\"elementor-image-box-description\">So gelin\u00adgen Heil- und Tee\u00adkr\u00e4u\u00adter auf Bal\u00adkon und Ter\u00adras\u00adse<\/p><\/div><\/div>\t\t\t\t<\/div>\n\t\t\t\t<div class=\"elementor-element elementor-element-a1aac37 elementor-position-top elementor-widget elementor-widget-image-box\" data-id=\"a1aac37\" data-element_type=\"widget\" data-e-type=\"widget\" data-widget_type=\"image-box.default\">\n\t\t\t\t\t<div class=\"elementor-image-box-wrapper\"><figure class=\"elementor-image-box-img\"><a href=\"https:\/\/bio-balkon.de\/en\/experts\/sarah-beck\/\" target=\"_blank\" tabindex=\"-1\"><img loading=\"lazy\" decoding=\"async\" width=\"150\" height=\"150\" src=\"https:\/\/bio-balkon.de\/wp-content\/uploads\/2024\/04\/Sarah-Lein-gross--150x150.avif\" class=\"attachment-thumbnail size-thumbnail wp-image-68634\" alt=\"Hortus gardener Sarah Beck speaks at the Online Organic Balcony Congress\" srcset=\"https:\/\/bio-balkon.de\/wp-content\/uploads\/2024\/04\/Sarah-Lein-gross--150x150.avif 150w, https:\/\/bio-balkon.de\/wp-content\/uploads\/2024\/04\/Sarah-Lein-gross--300x300.avif 300w, https:\/\/bio-balkon.de\/wp-content\/uploads\/2024\/04\/Sarah-Lein-gross--768x768.avif 768w, https:\/\/bio-balkon.de\/wp-content\/uploads\/2024\/04\/Sarah-Lein-gross--12x12.avif 12w, https:\/\/bio-balkon.de\/wp-content\/uploads\/2024\/04\/Sarah-Lein-gross-.avif 1000w\" sizes=\"auto, (max-width: 150px) 100vw, 150px\"><\/a><\/figure><div class=\"elementor-image-box-content\"><h6 class=\"elementor-image-box-title\"><a href=\"https:\/\/bio-balkon.de\/en\/experts\/sarah-beck\/\" target=\"_blank\">Sarah Beck<\/a><\/h6><p class=\"elementor-image-box-description\">Nur ein Bal\u00adkon? Oder Heil\u00adkraft f\u00fcr K\u00f6r\u00adper und Geist<\/p><\/div><\/div>\t\t\t\t<\/div>\n\t\t\t\t<div class=\"elementor-element elementor-element-ecce835 elementor-position-top elementor-widget elementor-widget-image-box\" data-id=\"ecce835\" data-element_type=\"widget\" data-e-type=\"widget\" data-widget_type=\"image-box.default\">\n\t\t\t\t\t<div class=\"elementor-image-box-wrapper\"><figure class=\"elementor-image-box-img\"><a href=\"https:\/\/bio-balkon.de\/en\/experts\/dr-anna-schuster\/\" target=\"_blank\" tabindex=\"-1\"><img loading=\"lazy\" decoding=\"async\" width=\"150\" height=\"150\" src=\"https:\/\/bio-balkon.de\/wp-content\/uploads\/2024\/04\/Dr.-Anna-Schuster-150x150.avif\" class=\"attachment-thumbnail size-thumbnail wp-image-67920\" alt=\"Dr. Anna Schuster, who holds a doctorate in biology, is a trained herbalist and has been fascinated by the world of wild plants for years, will be speaking at the Online Bio-Balkon Congress.\"><\/a><\/figure><div class=\"elementor-image-box-content\"><h6 class=\"elementor-image-box-title\"><a href=\"https:\/\/bio-balkon.de\/en\/experts\/dr-anna-schuster\/\" target=\"_blank\">Dr. Anna Schus\u00adter<\/a><\/h6><p class=\"elementor-image-box-description\">Heil\u00adkraft vom Bal\u00adkon \u2013 mit der Kr\u00e4u\u00adter\u00adapo\u00adthe\u00adke durch die Jah\u00adres\u00adzei\u00adten<\/p><\/div><\/div>\t\t\t\t<\/div>\n\t\t\t\t<div class=\"elementor-element elementor-element-befde8e elementor-position-top elementor-widget elementor-widget-image-box\" data-id=\"befde8e\" data-element_type=\"widget\" data-e-type=\"widget\" data-widget_type=\"image-box.default\">\n\t\t\t\t\t<div class=\"elementor-image-box-wrapper\"><figure class=\"elementor-image-box-img\"><a href=\"https:\/\/bio-balkon.de\/en\/experts\/dr-med-marianne-ruoff\/\" target=\"_blank\" tabindex=\"-1\"><img loading=\"lazy\" decoding=\"async\" width=\"150\" height=\"150\" src=\"https:\/\/bio-balkon.de\/wp-content\/uploads\/2024\/04\/Dr.-med.-Marianne-Ruoff-150x150.avif\" class=\"attachment-thumbnail size-thumbnail wp-image-67934\" alt=\"Dr. Marianne Ruoff talks about the healing power of dandelions and delicious ways to prepare them at the Online Organic Balcony Congress.\" srcset=\"https:\/\/bio-balkon.de\/wp-content\/uploads\/2024\/04\/Dr.-med.-Marianne-Ruoff-150x150.avif 150w, https:\/\/bio-balkon.de\/wp-content\/uploads\/2024\/04\/Dr.-med.-Marianne-Ruoff-12x12.avif 12w\" sizes=\"auto, (max-width: 150px) 100vw, 150px\"><\/a><\/figure><div class=\"elementor-image-box-content\"><h6 class=\"elementor-image-box-title\"><a href=\"https:\/\/bio-balkon.de\/en\/experts\/dr-med-marianne-ruoff\/\" target=\"_blank\">Dr. med. Mari\u00adan\u00adne Ruoff<\/a><\/h6><p class=\"elementor-image-box-description\">Glo\u00adcken\u00adblu\u00admen und ihre medi\u00adzi\u00adni\u00adsche Wir\u00adkung: Ein Blick auf die \u201cEis\u00adzeit\u00adme\u00addi\u00adzin\u201d<\/p><\/div><\/div>\t\t\t\t<\/div>\n\t\t\t\t<div class=\"elementor-element elementor-element-a3b39b6 elementor-position-top elementor-widget elementor-widget-image-box\" data-id=\"a3b39b6\" data-element_type=\"widget\" data-e-type=\"widget\" data-widget_type=\"image-box.default\">\n\t\t\t\t\t<div class=\"elementor-image-box-wrapper\"><figure class=\"elementor-image-box-img\"><a href=\"https:\/\/bio-balkon.de\/en\/experts\/sigrid-tinz-5\/\" target=\"_blank\" tabindex=\"-1\"><img loading=\"lazy\" decoding=\"async\" width=\"150\" height=\"150\" src=\"https:\/\/bio-balkon.de\/wp-content\/uploads\/2023\/09\/Sigrid-Tinz-Experten-2023-150x150.avif\" class=\"attachment-thumbnail size-thumbnail wp-image-60184\" alt=\"Biodiversity expert Sigrid Tinz speaks at the Organic Balcony Congress\" srcset=\"https:\/\/bio-balkon.de\/wp-content\/uploads\/2023\/09\/Sigrid-Tinz-Experten-2023-150x150.avif 150w, https:\/\/bio-balkon.de\/wp-content\/uploads\/2023\/09\/Sigrid-Tinz-Experten-2023-300x300.avif 300w, https:\/\/bio-balkon.de\/wp-content\/uploads\/2023\/09\/Sigrid-Tinz-Experten-2023-768x768.avif 768w, https:\/\/bio-balkon.de\/wp-content\/uploads\/2023\/09\/Sigrid-Tinz-Experten-2023-12x12.avif 12w, https:\/\/bio-balkon.de\/wp-content\/uploads\/2023\/09\/Sigrid-Tinz-Experten-2023.avif 1000w\" sizes=\"auto, (max-width: 150px) 100vw, 150px\"><\/a><\/figure><div class=\"elementor-image-box-content\"><h6 class=\"elementor-image-box-title\"><a href=\"https:\/\/bio-balkon.de\/en\/experts\/sigrid-tinz-5\/\" target=\"_blank\">Sig\u00adrid Tinz<\/a><\/h6><p class=\"elementor-image-box-description\">Wun\u00adder\u00adsch\u00f6\u00adne Wild\u00adnis: Gl\u00f6ck\u00adchen f\u00fcr Gl\u00f6ck\u00adchen f\u00fcr den K\u00fcbel<\/p><\/div><\/div>\t\t\t\t<\/div>\n\t\t\t\t<div class=\"elementor-element elementor-element-0363c64 elementor-position-top elementor-widget elementor-widget-image-box\" data-id=\"0363c64\" data-element_type=\"widget\" data-e-type=\"widget\" data-widget_type=\"image-box.default\">\n\t\t\t\t\t<div class=\"elementor-image-box-wrapper\"><figure class=\"elementor-image-box-img\"><a href=\"https:\/\/bio-balkon.de\/en\/experts\/dr-juergen-herler-10\/\" target=\"_blank\" tabindex=\"-1\"><img loading=\"lazy\" decoding=\"async\" width=\"150\" height=\"150\" src=\"https:\/\/bio-balkon.de\/wp-content\/uploads\/2021\/09\/Ju\u0308rgen-Herler-66514387_10157587603165962_4336982083428679680_o-150x150.avif\" class=\"attachment-thumbnail size-thumbnail wp-image-33491\" alt=\"Here is the picture of the inventor and CEO of vertical beds for year-round vertical cultivation.\" srcset=\"https:\/\/bio-balkon.de\/wp-content\/uploads\/2021\/09\/Ju\u0308rgen-Herler-66514387_10157587603165962_4336982083428679680_o-150x150.avif 150w, https:\/\/bio-balkon.de\/wp-content\/uploads\/2021\/09\/Ju\u0308rgen-Herler-66514387_10157587603165962_4336982083428679680_o-300x300.avif 300w, https:\/\/bio-balkon.de\/wp-content\/uploads\/2021\/09\/Ju\u0308rgen-Herler-66514387_10157587603165962_4336982083428679680_o-1024x1024.avif 1024w, https:\/\/bio-balkon.de\/wp-content\/uploads\/2021\/09\/Ju\u0308rgen-Herler-66514387_10157587603165962_4336982083428679680_o-768x768.avif 768w, https:\/\/bio-balkon.de\/wp-content\/uploads\/2021\/09\/Ju\u0308rgen-Herler-66514387_10157587603165962_4336982083428679680_o-1320x1320.avif 1320w, https:\/\/bio-balkon.de\/wp-content\/uploads\/2021\/09\/Ju\u0308rgen-Herler-66514387_10157587603165962_4336982083428679680_o.avif 1412w\" sizes=\"auto, (max-width: 150px) 100vw, 150px\"><\/a><\/figure><div class=\"elementor-image-box-content\"><h6 class=\"elementor-image-box-title\"><a href=\"https:\/\/bio-balkon.de\/en\/experts\/dr-juergen-herler-10\/\" target=\"_blank\">Dr. J\u00fcr\u00adgen Her\u00adler<\/a><\/h6><p class=\"elementor-image-box-description\">Ver\u00adti\u00adka\u00adle Gesund\u00adheis\u00adoa\u00adsen \u2014 von der Kli\u00adma\u00adter\u00adras\u00adse zur k\u00fch\u00adlen Stadt <\/p><\/div><\/div>\t\t\t\t<\/div>\n\t\t\t\t<div class=\"elementor-element elementor-element-09bdc2b elementor-position-top elementor-widget elementor-widget-image-box\" data-id=\"09bdc2b\" data-element_type=\"widget\" data-e-type=\"widget\" data-widget_type=\"image-box.default\">\n\t\t\t\t\t<div class=\"elementor-image-box-wrapper\"><figure class=\"elementor-image-box-img\"><a href=\"https:\/\/bio-balkon.de\/en\/experts\/christine-grasl\/\" target=\"_blank\" tabindex=\"-1\"><img loading=\"lazy\" decoding=\"async\" width=\"150\" height=\"150\" src=\"https:\/\/bio-balkon.de\/wp-content\/uploads\/2025\/07\/Christine-Grasl-150x150.avif\" class=\"attachment-thumbnail size-thumbnail wp-image-81338\" alt=\"Die Botanikerin und Wildpflanzen-Expertin Christine Grasl spricht beim Online Bio-Balkon-Kongress\" srcset=\"https:\/\/bio-balkon.de\/wp-content\/uploads\/2025\/07\/Christine-Grasl-150x150.avif 150w, https:\/\/bio-balkon.de\/wp-content\/uploads\/2025\/07\/Christine-Grasl-11x12.avif 11w\" sizes=\"auto, (max-width: 150px) 100vw, 150px\"><\/a><\/figure><div class=\"elementor-image-box-content\"><h6 class=\"elementor-image-box-title\"><a href=\"https:\/\/bio-balkon.de\/en\/experts\/christine-grasl\/\" target=\"_blank\">Chris\u00adti\u00adne Grasl<\/a><\/h6><p class=\"elementor-image-box-description\">Gesund\u00adheit beginnt am Bal\u00adkon: Heil\u00adpflan\u00adzen f\u00fcr den K\u00fcbel<\/p><\/div><\/div>\t\t\t\t<\/div>\n\t\t\t\t<div class=\"elementor-element elementor-element-3ec9857 elementor-position-top elementor-widget elementor-widget-image-box\" data-id=\"3ec9857\" data-element_type=\"widget\" data-e-type=\"widget\" data-widget_type=\"image-box.default\">\n\t\t\t\t\t<div class=\"elementor-image-box-wrapper\"><figure class=\"elementor-image-box-img\"><a href=\"https:\/\/bio-balkon.de\/en\/experts\/helge-masch-4\/\" target=\"_blank\" tabindex=\"-1\"><img loading=\"lazy\" decoding=\"async\" width=\"150\" height=\"150\" src=\"https:\/\/bio-balkon.de\/wp-content\/uploads\/2022\/04\/Helge-Masch-Experten-2023-150x150.avif\" class=\"attachment-thumbnail size-thumbnail wp-image-49257\" alt=\"Gardener and nature photographer Helge Masch speaks at the Online Organic Balcony Congress\" srcset=\"https:\/\/bio-balkon.de\/wp-content\/uploads\/2022\/04\/Helge-Masch-Experten-2023-150x150.avif 150w, https:\/\/bio-balkon.de\/wp-content\/uploads\/2022\/04\/Helge-Masch-Experten-2023-300x300.avif 300w, https:\/\/bio-balkon.de\/wp-content\/uploads\/2022\/04\/Helge-Masch-Experten-2023-768x768.avif 768w, https:\/\/bio-balkon.de\/wp-content\/uploads\/2022\/04\/Helge-Masch-Experten-2023-12x12.avif 12w, https:\/\/bio-balkon.de\/wp-content\/uploads\/2022\/04\/Helge-Masch-Experten-2023.avif 1000w\" sizes=\"auto, (max-width: 150px) 100vw, 150px\"><\/a><\/figure><div class=\"elementor-image-box-content\"><h6 class=\"elementor-image-box-title\"><a href=\"https:\/\/bio-balkon.de\/en\/experts\/helge-masch-4\/\" target=\"_blank\">Hel\u00adge Masch<\/a><\/h6><p class=\"elementor-image-box-description\">Don\u2019t be afraid of poi\u00adso\u00adno\u00adus plants: Safe hand\u00adling of poten\u00adti\u00adal\u00adly dan\u00adge\u00adrous plants<\/p><\/div><\/div>\t\t\t\t<\/div>\n\t\t\t\t<div class=\"elementor-element elementor-element-a0e9b82 elementor-position-top elementor-widget elementor-widget-image-box\" data-id=\"a0e9b82\" data-element_type=\"widget\" data-e-type=\"widget\" data-widget_type=\"image-box.default\">\n\t\t\t\t\t<div class=\"elementor-image-box-wrapper\"><figure class=\"elementor-image-box-img\"><a href=\"https:\/\/bio-balkon.de\/en\/experts\/gerald-haze\/\" target=\"_blank\" tabindex=\"-1\"><img loading=\"lazy\" decoding=\"async\" width=\"150\" height=\"150\" src=\"https:\/\/bio-balkon.de\/wp-content\/uploads\/2024\/04\/Gerald-Dunst-150x150.avif\" class=\"attachment-thumbnail size-thumbnail wp-image-67930\" alt=\"Humus pioneer Gerald Dunst talks about permanent soil and Terra Preta in tubs at the Online Organic Balcony Congress.\" srcset=\"https:\/\/bio-balkon.de\/wp-content\/uploads\/2024\/04\/Gerald-Dunst-150x150.avif 150w, https:\/\/bio-balkon.de\/wp-content\/uploads\/2024\/04\/Gerald-Dunst-300x300.avif 300w, https:\/\/bio-balkon.de\/wp-content\/uploads\/2024\/04\/Gerald-Dunst-768x768.avif 768w, https:\/\/bio-balkon.de\/wp-content\/uploads\/2024\/04\/Gerald-Dunst.avif 800w\" sizes=\"auto, (max-width: 150px) 100vw, 150px\"><\/a><\/figure><div class=\"elementor-image-box-content\"><h6 class=\"elementor-image-box-title\"><a href=\"https:\/\/bio-balkon.de\/en\/experts\/gerald-haze\/\" target=\"_blank\">Gerald Dunst<\/a><\/h6><p class=\"elementor-image-box-description\">Das Sub\u00adstrat ist die Basis f\u00fcr Erfolg\ufeff: Der Grund\u00adstein f\u00fcr gesun\u00addes Bio-G\u00e4rt\u00adnern im K\u00fcbel<\/p><\/div><\/div>\t\t\t\t<\/div>\n\t\t\t\t<div class=\"elementor-element elementor-element-98fd331 elementor-position-top elementor-widget elementor-widget-image-box\" data-id=\"98fd331\" data-element_type=\"widget\" data-e-type=\"widget\" data-widget_type=\"image-box.default\">\n\t\t\t\t\t<div class=\"elementor-image-box-wrapper\"><figure class=\"elementor-image-box-img\"><a href=\"https:\/\/bio-balkon.de\/en\/experts\/david-witzeneder-4\/\" target=\"_blank\" tabindex=\"-1\"><img loading=\"lazy\" decoding=\"async\" width=\"150\" height=\"150\" src=\"https:\/\/bio-balkon.de\/wp-content\/uploads\/2021\/02\/wurmkiste-CEO-Wormsystems-David-Witzeneder-min-845x684-1-150x150.avif\" class=\"attachment-thumbnail size-thumbnail wp-image-21277\" alt=\"David Witzeneder ist CEO von Wormsystems, dem f\u00fchrenden Anbieter von System zur Wurmkompostierung.\"><\/a><\/figure><div class=\"elementor-image-box-content\"><h6 class=\"elementor-image-box-title\"><a href=\"https:\/\/bio-balkon.de\/en\/experts\/david-witzeneder-4\/\" target=\"_blank\">David Wit\u00adzeneder<\/a><\/h6><p class=\"elementor-image-box-description\">Mit Wurm\u00adkis\u00adte &amp; Wurm\u00adhu\u00admus zu vita\u00adlen Pflan\u00adzen und mehr Leben\u00addig\u00adkeit im Stadt\u00adraum<\/p><\/div><\/div>\t\t\t\t<\/div>\n\t\t\t\t<div class=\"elementor-element elementor-element-9807acc elementor-position-top elementor-widget elementor-widget-image-box\" data-id=\"9807acc\" data-element_type=\"widget\" data-e-type=\"widget\" data-widget_type=\"image-box.default\">\n\t\t\t\t\t<div class=\"elementor-image-box-wrapper\"><figure class=\"elementor-image-box-img\"><a href=\"https:\/\/bio-balkon.de\/en\/experts\/til-genrich\/\" target=\"_blank\" tabindex=\"-1\"><img loading=\"lazy\" decoding=\"async\" width=\"150\" height=\"150\" src=\"https:\/\/bio-balkon.de\/wp-content\/uploads\/2026\/01\/Til-Genrich--150x150.avif\" class=\"attachment-thumbnail size-thumbnail wp-image-86678\" alt=\"Landschaftsarchitekt und Gr\u00fcnder der Selbstfairsorger Akademie Til Genrich spricht beim Online Bio-Balkon-Kongress\" srcset=\"https:\/\/bio-balkon.de\/wp-content\/uploads\/2026\/01\/Til-Genrich--150x150.avif 150w, https:\/\/bio-balkon.de\/wp-content\/uploads\/2026\/01\/Til-Genrich--11x12.avif 11w\" sizes=\"auto, (max-width: 150px) 100vw, 150px\"><\/a><\/figure><div class=\"elementor-image-box-content\"><h6 class=\"elementor-image-box-title\"><a href=\"https:\/\/bio-balkon.de\/en\/experts\/til-genrich\/\" target=\"_blank\">Til Gen\u00adrich<\/a><\/h6><p class=\"elementor-image-box-description\">Alles zur Jung\u00adpflan\u00adzen-Anzucht \n<\/p><\/div><\/div>\t\t\t\t<\/div>\n\t\t\t\t<div class=\"elementor-element elementor-element-d98b60a elementor-position-top elementor-widget elementor-widget-image-box\" data-id=\"d98b60a\" data-element_type=\"widget\" data-e-type=\"widget\" data-widget_type=\"image-box.default\">\n\t\t\t\t\t<div class=\"elementor-image-box-wrapper\"><figure class=\"elementor-image-box-img\"><a href=\"https:\/\/bio-balkon.de\/en\/experts\/rene-franz\/\" target=\"_blank\" tabindex=\"-1\"><img loading=\"lazy\" decoding=\"async\" width=\"150\" height=\"150\" src=\"https:\/\/bio-balkon.de\/wp-content\/uploads\/2025\/08\/Rene-Franz-150x150.avif\" class=\"attachment-thumbnail size-thumbnail wp-image-81944\" alt=\"Der Dipl. Permakultur Designer (PKA) Holzer Permakultur-Praktiker Ren\u00e9 Franz spricht beim Online Bio-Balkon-Kongress.\" srcset=\"https:\/\/bio-balkon.de\/wp-content\/uploads\/2025\/08\/Rene-Franz-150x150.avif 150w, https:\/\/bio-balkon.de\/wp-content\/uploads\/2025\/08\/Rene-Franz-300x300.avif 300w, https:\/\/bio-balkon.de\/wp-content\/uploads\/2025\/08\/Rene-Franz-768x768.avif 768w, https:\/\/bio-balkon.de\/wp-content\/uploads\/2025\/08\/Rene-Franz-12x12.avif 12w, https:\/\/bio-balkon.de\/wp-content\/uploads\/2025\/08\/Rene-Franz.avif 800w\" sizes=\"auto, (max-width: 150px) 100vw, 150px\"><\/a><\/figure><div class=\"elementor-image-box-content\"><h6 class=\"elementor-image-box-title\"><a href=\"https:\/\/bio-balkon.de\/en\/experts\/rene-franz\/\" target=\"_blank\">Ren\u00e9 Franz<\/a><\/h6><p class=\"elementor-image-box-description\">Misch\u00adkul\u00adtu\u00adren und Frucht\u00adfol\u00adgen f\u00fcr den K\u00fcbel pla\u00adnen und gestal\u00adten\n<\/p><\/div><\/div>\t\t\t\t<\/div>\n\t\t\t\t<div class=\"elementor-element elementor-element-2029b83 elementor-position-top elementor-widget elementor-widget-image-box\" data-id=\"2029b83\" data-element_type=\"widget\" data-e-type=\"widget\" data-widget_type=\"image-box.default\">\n\t\t\t\t\t<div class=\"elementor-image-box-wrapper\"><figure class=\"elementor-image-box-img\"><a href=\"https:\/\/bio-balkon.de\/en\/experts\/wolfgang-palme-5\/\" target=\"_blank\" tabindex=\"-1\"><img loading=\"lazy\" decoding=\"async\" width=\"150\" height=\"150\" src=\"https:\/\/bio-balkon.de\/wp-content\/uploads\/2026\/01\/Wolfgang-Palme-Gemueseanbauexperte-150x150.avif\" class=\"attachment-thumbnail size-thumbnail wp-image-87067\" alt=\"Wolfgang Palme, Experte f\u00fcr Gem\u00fcseanbau, spricht beim Online Bio-Balkon-Kongress\"><\/a><\/figure><div class=\"elementor-image-box-content\"><h6 class=\"elementor-image-box-title\"><a href=\"https:\/\/bio-balkon.de\/en\/experts\/wolfgang-palme-5\/\" target=\"_blank\">Wolf\u00adgang Pal\u00adme<\/a><\/h6><p class=\"elementor-image-box-description\">Die fruch\u00adti\u00adge Viel\u00adfalt von Papri\u00adka, Auber\u00adgi\u00adne &amp; Co: Nacht\u00adschat\u00adten\u00adge\u00adw\u00e4ch\u00adse in T\u00f6p\u00adfen und K\u00fcbeln<\/p><\/div><\/div>\t\t\t\t<\/div>\n\t\t\t\t<div class=\"elementor-element elementor-element-274d07b elementor-position-top elementor-widget elementor-widget-image-box\" data-id=\"274d07b\" data-element_type=\"widget\" data-e-type=\"widget\" data-widget_type=\"image-box.default\">\n\t\t\t\t\t<div class=\"elementor-image-box-wrapper\"><figure class=\"elementor-image-box-img\"><a href=\"https:\/\/bio-balkon.de\/en\/experts\/adrian-ballbach\/\" target=\"_blank\" tabindex=\"-1\"><img loading=\"lazy\" decoding=\"async\" width=\"150\" height=\"150\" src=\"https:\/\/bio-balkon.de\/wp-content\/uploads\/2026\/01\/Adrian-Ballbach--150x150.avif\" class=\"attachment-thumbnail size-thumbnail wp-image-87328\" alt=\"Permakulturdesigner Adrian Ballbach spricht beim Online Bio-Balkon-Kongress zur Planung von Balkons\" srcset=\"https:\/\/bio-balkon.de\/wp-content\/uploads\/2026\/01\/Adrian-Ballbach--150x150.avif 150w, https:\/\/bio-balkon.de\/wp-content\/uploads\/2026\/01\/Adrian-Ballbach--300x300.avif 300w, https:\/\/bio-balkon.de\/wp-content\/uploads\/2026\/01\/Adrian-Ballbach--768x768.avif 768w, https:\/\/bio-balkon.de\/wp-content\/uploads\/2026\/01\/Adrian-Ballbach--12x12.avif 12w, https:\/\/bio-balkon.de\/wp-content\/uploads\/2026\/01\/Adrian-Ballbach-.avif 1000w\" sizes=\"auto, (max-width: 150px) 100vw, 150px\"><\/a><\/figure><div class=\"elementor-image-box-content\"><h6 class=\"elementor-image-box-title\"><a href=\"https:\/\/bio-balkon.de\/en\/experts\/adrian-ballbach\/\" target=\"_blank\">Adri\u00adan Ball\u00adbach<\/a><\/h6><p class=\"elementor-image-box-description\">Per\u00adma\u00adkul\u00adtur auf dem Bal\u00adkon \u2014 Pla\u00adnung f\u00fcr ein Mini-\u00d6ko\u00adsys\u00adtem<\/p><\/div><\/div>\t\t\t\t<\/div>\n\t\t\t\t<div class=\"elementor-element elementor-element-2a0548b elementor-position-top elementor-widget elementor-widget-image-box\" data-id=\"2a0548b\" data-element_type=\"widget\" data-e-type=\"widget\" data-widget_type=\"image-box.default\">\n\t\t\t\t\t<div class=\"elementor-image-box-wrapper\"><figure class=\"elementor-image-box-img\"><a href=\"https:\/\/bio-balkon.de\/en\/experts\/florian-wester\/\" target=\"_blank\" tabindex=\"-1\"><img loading=\"lazy\" decoding=\"async\" width=\"150\" height=\"150\" src=\"https:\/\/bio-balkon.de\/wp-content\/uploads\/2025\/10\/Florian-Wester-Insektennisthilfen-fuer-den-Balkon-150x150.avif\" class=\"attachment-thumbnail size-thumbnail wp-image-85738\" alt=\"Florian Wester spricht beim Online Bio-Balkon-Kongress zu Insektennisthilfen f\u00fcr den Balkon\" srcset=\"https:\/\/bio-balkon.de\/wp-content\/uploads\/2025\/10\/Florian-Wester-Insektennisthilfen-fuer-den-Balkon-150x150.avif 150w, https:\/\/bio-balkon.de\/wp-content\/uploads\/2025\/10\/Florian-Wester-Insektennisthilfen-fuer-den-Balkon-300x300.avif 300w, https:\/\/bio-balkon.de\/wp-content\/uploads\/2025\/10\/Florian-Wester-Insektennisthilfen-fuer-den-Balkon-768x768.avif 768w, https:\/\/bio-balkon.de\/wp-content\/uploads\/2025\/10\/Florian-Wester-Insektennisthilfen-fuer-den-Balkon-12x12.avif 12w, https:\/\/bio-balkon.de\/wp-content\/uploads\/2025\/10\/Florian-Wester-Insektennisthilfen-fuer-den-Balkon.avif 800w\" sizes=\"auto, (max-width: 150px) 100vw, 150px\"><\/a><\/figure><div class=\"elementor-image-box-content\"><h6 class=\"elementor-image-box-title\"><a href=\"https:\/\/bio-balkon.de\/en\/experts\/florian-wester\/\" target=\"_blank\">Flo\u00adri\u00adan Wes\u00adter<\/a><\/h6><p class=\"elementor-image-box-description\">Insek\u00adten\u00adnist\u00adhil\u00adfen Flow\u00adbee\u201d: Nach\u00adhal\u00adti\u00adges Natur\u00adki\u00adno f\u00fcr Wild\u00adbie\u00adnen auf Bal\u00adkon und Ter\u00adras\u00adse<\/p><\/div><\/div>\t\t\t\t<\/div>\n\t\t\t\t<div class=\"elementor-element elementor-element-f5c18bd elementor-position-top elementor-widget elementor-widget-image-box\" data-id=\"f5c18bd\" data-element_type=\"widget\" data-e-type=\"widget\" data-widget_type=\"image-box.default\">\n\t\t\t\t\t<div class=\"elementor-image-box-wrapper\"><figure class=\"elementor-image-box-img\"><a href=\"https:\/\/bio-balkon.de\/en\/experts\/stefanie-binder-3\/\" target=\"_blank\" tabindex=\"-1\"><img loading=\"lazy\" decoding=\"async\" width=\"150\" height=\"150\" src=\"https:\/\/bio-balkon.de\/wp-content\/uploads\/2020\/06\/Stefanie-binder-DSC_0715-Kopie-U\u0308berblick-Steffi-mittendrin-ausschnitt-150x150.avif\" class=\"attachment-thumbnail size-thumbnail wp-image-8249\" alt=\"Stefanie Binder inmitten ihrer Wildpflanzen auf ihrem Hamburger Innenhof-Balkon\"><\/a><\/figure><div class=\"elementor-image-box-content\"><h6 class=\"elementor-image-box-title\"><a href=\"https:\/\/bio-balkon.de\/en\/experts\/stefanie-binder-3\/\" target=\"_blank\">Ste\u00adfa\u00adnie Bin\u00adder<\/a><\/h6><p class=\"elementor-image-box-description\">Klei\u00adne T\u00f6p\u00adfe \u2014 Gro\u00ad\u00dfe Wir\u00adkung. Natur\u00adna\u00adhes G\u00e4rt\u00adnern auf kleins\u00adtem Raum<\/p><\/div><\/div>\t\t\t\t<\/div>\n\t\t\t\t<div class=\"elementor-element elementor-element-366190d elementor-position-top elementor-widget elementor-widget-image-box\" data-id=\"366190d\" data-element_type=\"widget\" data-e-type=\"widget\" data-widget_type=\"image-box.default\">\n\t\t\t\t\t<div class=\"elementor-image-box-wrapper\"><figure class=\"elementor-image-box-img\"><a href=\"https:\/\/bio-balkon.de\/en\/experts\/heike-weiss\/\" target=\"_blank\" tabindex=\"-1\"><img loading=\"lazy\" decoding=\"async\" width=\"150\" height=\"150\" src=\"https:\/\/bio-balkon.de\/wp-content\/uploads\/2020\/12\/heike_weiss-150x150.avif\" class=\"attachment-thumbnail size-thumbnail wp-image-17932\" alt=\"Herbalist Heike Weiss speaks at the Online Organic Balcony Congress\" srcset=\"https:\/\/bio-balkon.de\/wp-content\/uploads\/2020\/12\/heike_weiss-150x150.avif 150w, https:\/\/bio-balkon.de\/wp-content\/uploads\/2020\/12\/heike_weiss-300x300.avif 300w, https:\/\/bio-balkon.de\/wp-content\/uploads\/2020\/12\/heike_weiss-1024x1024.avif 1024w, https:\/\/bio-balkon.de\/wp-content\/uploads\/2020\/12\/heike_weiss-768x768.avif 768w, https:\/\/bio-balkon.de\/wp-content\/uploads\/2020\/12\/heike_weiss.avif 1080w\" sizes=\"auto, (max-width: 150px) 100vw, 150px\"><\/a><\/figure><div class=\"elementor-image-box-content\"><h6 class=\"elementor-image-box-title\"><a href=\"https:\/\/bio-balkon.de\/en\/experts\/heike-weiss\/\" target=\"_blank\">Hei\u00adke Weiss<\/a><\/h6><p class=\"elementor-image-box-description\">Erstaun\u00adlich rei\u00adche Ern\u00adte aus Bal\u00adkon\u00adk\u00e4s\u00adten von mei\u00adnem klei\u00adnen Bal\u00adkon<\/p><\/div><\/div>\t\t\t\t<\/div>\n\t\t\t\t<div class=\"elementor-element elementor-element-0936941 elementor-position-top elementor-widget elementor-widget-image-box\" data-id=\"0936941\" data-element_type=\"widget\" data-e-type=\"widget\" data-widget_type=\"image-box.default\">\n\t\t\t\t\t<div class=\"elementor-image-box-wrapper\"><figure class=\"elementor-image-box-img\"><a href=\"https:\/\/bio-balkon.de\/en\/experts\/dr-oec-troph-annette-nagel\/\" target=\"_blank\" tabindex=\"-1\"><img loading=\"lazy\" decoding=\"async\" width=\"150\" height=\"150\" src=\"https:\/\/bio-balkon.de\/wp-content\/uploads\/2026\/02\/Dr.-Annette-Nagel-1-150x150.avif\" class=\"attachment-thumbnail size-thumbnail wp-image-88031\" alt=\"Dr. oec. troph. Annette Nagel stellt beim Online Bio-Balkon-Kongress ihre naturnah gestaltete Terrasse vor\" srcset=\"https:\/\/bio-balkon.de\/wp-content\/uploads\/2026\/02\/Dr.-Annette-Nagel-1-150x150.avif 150w, https:\/\/bio-balkon.de\/wp-content\/uploads\/2026\/02\/Dr.-Annette-Nagel-1-300x300.avif 300w, https:\/\/bio-balkon.de\/wp-content\/uploads\/2026\/02\/Dr.-Annette-Nagel-1-768x768.avif 768w, https:\/\/bio-balkon.de\/wp-content\/uploads\/2026\/02\/Dr.-Annette-Nagel-1-12x12.avif 12w, https:\/\/bio-balkon.de\/wp-content\/uploads\/2026\/02\/Dr.-Annette-Nagel-1.avif 1000w\" sizes=\"auto, (max-width: 150px) 100vw, 150px\"><\/a><\/figure><div class=\"elementor-image-box-content\"><h6 class=\"elementor-image-box-title\"><a href=\"https:\/\/bio-balkon.de\/en\/experts\/dr-oec-troph-annette-nagel\/\" target=\"_blank\">Dr. oec. troph. Annet\u00adte Nagel<\/a><\/h6><p class=\"elementor-image-box-description\">Mei\u00adne natur\u00adna\u00adhe Ter\u00adras\u00adse und der Bio-Bal\u00adkon-Kon\u00adgress<\/p><\/div><\/div>\t\t\t\t<\/div>\n\t\t\t\t<div class=\"elementor-element elementor-element-613ced2 elementor-position-top elementor-widget elementor-widget-image-box\" data-id=\"613ced2\" data-element_type=\"widget\" data-e-type=\"widget\" data-widget_type=\"image-box.default\">\n\t\t\t\t\t<div class=\"elementor-image-box-wrapper\"><figure class=\"elementor-image-box-img\"><a href=\"https:\/\/bio-balkon.de\/en\/experts\/dr-med-lilla-kepes\/\" target=\"_blank\" tabindex=\"-1\"><img loading=\"lazy\" decoding=\"async\" width=\"150\" height=\"150\" src=\"https:\/\/bio-balkon.de\/wp-content\/uploads\/2025\/10\/Lilla-Kepes-150x150.avif\" class=\"attachment-thumbnail size-thumbnail wp-image-84616\" alt=\"Dr. med. Lilla Kepes stellt beim Online Bio-Balkon-Kongress ihren preisgekr\u00f6nten Balkon vor\" srcset=\"https:\/\/bio-balkon.de\/wp-content\/uploads\/2025\/10\/Lilla-Kepes-150x150.avif 150w, https:\/\/bio-balkon.de\/wp-content\/uploads\/2025\/10\/Lilla-Kepes-300x300.avif 300w, https:\/\/bio-balkon.de\/wp-content\/uploads\/2025\/10\/Lilla-Kepes-768x768.avif 768w, https:\/\/bio-balkon.de\/wp-content\/uploads\/2025\/10\/Lilla-Kepes-12x12.avif 12w, https:\/\/bio-balkon.de\/wp-content\/uploads\/2025\/10\/Lilla-Kepes.avif 1000w\" sizes=\"auto, (max-width: 150px) 100vw, 150px\"><\/a><\/figure><div class=\"elementor-image-box-content\"><h6 class=\"elementor-image-box-title\"><a href=\"https:\/\/bio-balkon.de\/en\/experts\/dr-med-lilla-kepes\/\" target=\"_blank\">Dr. med. Lil\u00adla Kepes<\/a><\/h6><p class=\"elementor-image-box-description\">Natur\u00adwun\u00adder auf der Tief\u00adga\u00adra\u00adge: So ent\u00adstand ein \u201cklei\u00adner Zau\u00adber\u00adgar\u00adten\u201d<\/p><\/div><\/div>\t\t\t\t<\/div>\n\t\t\t\t<div class=\"elementor-element elementor-element-40c6dbd elementor-position-top elementor-widget elementor-widget-image-box\" data-id=\"40c6dbd\" data-element_type=\"widget\" data-e-type=\"widget\" data-widget_type=\"image-box.default\">\n\t\t\t\t\t<div class=\"elementor-image-box-wrapper\"><figure class=\"elementor-image-box-img\"><a href=\"https:\/\/bio-balkon.de\/en\/experts\/christiane-denzel-4\/\" target=\"_blank\" tabindex=\"-1\"><img loading=\"lazy\" decoding=\"async\" width=\"150\" height=\"150\" src=\"https:\/\/bio-balkon.de\/wp-content\/uploads\/2023\/02\/Christiane-Denzel-Expertin-Biodiversitaet-2023-150x150.avif\" class=\"attachment-thumbnail size-thumbnail wp-image-50729\" alt=\"Biodiversity expert Christiane Denzel speaks at the Online Organic Balcony Congress.\" srcset=\"https:\/\/bio-balkon.de\/wp-content\/uploads\/2023\/02\/Christiane-Denzel-Expertin-Biodiversitaet-2023-150x150.avif 150w, https:\/\/bio-balkon.de\/wp-content\/uploads\/2023\/02\/Christiane-Denzel-Expertin-Biodiversitaet-2023-300x300.avif 300w, https:\/\/bio-balkon.de\/wp-content\/uploads\/2023\/02\/Christiane-Denzel-Expertin-Biodiversitaet-2023-768x768.avif 768w, https:\/\/bio-balkon.de\/wp-content\/uploads\/2023\/02\/Christiane-Denzel-Expertin-Biodiversitaet-2023-12x12.avif 12w, https:\/\/bio-balkon.de\/wp-content\/uploads\/2023\/02\/Christiane-Denzel-Expertin-Biodiversitaet-2023.avif 1000w\" sizes=\"auto, (max-width: 150px) 100vw, 150px\"><\/a><\/figure><div class=\"elementor-image-box-content\"><h6 class=\"elementor-image-box-title\"><a href=\"https:\/\/bio-balkon.de\/en\/experts\/christiane-denzel-4\/\" target=\"_blank\">Chris\u00adtia\u00adne Den\u00adzel<\/a><\/h6><p class=\"elementor-image-box-description\">Hover\u00adflies on the bal\u00adc\u00ado\u00adny: pol\u00adli\u00adna\u00adtors, aphid hun\u00adters, sur\u00advi\u00adval artists<\/p><\/div><\/div>\t\t\t\t<\/div>\n\t\t\t\t<div class=\"elementor-element elementor-element-010d2e4 elementor-position-top elementor-widget elementor-widget-image-box\" data-id=\"010d2e4\" data-element_type=\"widget\" data-e-type=\"widget\" data-widget_type=\"image-box.default\">\n\t\t\t\t\t<div class=\"elementor-image-box-wrapper\"><figure class=\"elementor-image-box-img\"><a href=\"https:\/\/bio-balkon.de\/en\/experts\/sus-reeg\/\" target=\"_blank\" tabindex=\"-1\"><img loading=\"lazy\" decoding=\"async\" width=\"150\" height=\"150\" src=\"https:\/\/bio-balkon.de\/wp-content\/uploads\/2025\/08\/Sus-Reeg-150x150.avif\" class=\"attachment-thumbnail size-thumbnail wp-image-81842\" alt=\"Sus Reeg spricht beim Online Bio-Balkon-Kongress zu Natur- und Heilg\u00e4rten\"><\/a><\/figure><div class=\"elementor-image-box-content\"><h6 class=\"elementor-image-box-title\"><a href=\"https:\/\/bio-balkon.de\/en\/experts\/sus-reeg\/\" target=\"_blank\">Sus Reeg<\/a><\/h6><p class=\"elementor-image-box-description\">Gr\u00fc\u00adnes Heil\u00adreich: So gestal\u00adtest Du einen klei\u00adnen Natur- und Heil\u00adgar\u00adten zuhau\u00adse\n<\/p><\/div><\/div>\t\t\t\t<\/div>\n\t\t\t\t<div class=\"elementor-element elementor-element-8ad7309 elementor-position-top elementor-widget elementor-widget-image-box\" data-id=\"8ad7309\" data-element_type=\"widget\" data-e-type=\"widget\" data-widget_type=\"image-box.default\">\n\t\t\t\t\t<div class=\"elementor-image-box-wrapper\"><figure class=\"elementor-image-box-img\"><a href=\"https:\/\/bio-balkon.de\/en\/experts\/dorothee-mueller\/\" target=\"_blank\" tabindex=\"-1\"><img loading=\"lazy\" decoding=\"async\" width=\"150\" height=\"150\" src=\"https:\/\/bio-balkon.de\/wp-content\/uploads\/2025\/08\/Dorothee-Mueller-150x150.avif\" class=\"attachment-thumbnail size-thumbnail wp-image-88253\" alt=\"Dorothee Mu\u0308ller stellt ihren naturnahen Balkon im 8. Stock beim Online Bio-Balkon-Kongress vor\"><\/a><\/figure><div class=\"elementor-image-box-content\"><h6 class=\"elementor-image-box-title\"><a href=\"https:\/\/bio-balkon.de\/en\/experts\/dorothee-mueller\/\" target=\"_blank\">Doro\u00adthee M\u00fcl\u00adler<\/a><\/h6><p class=\"elementor-image-box-description\">Wil\u00addes Para\u00addies im  8. Stock: Mein natur\u00adna\u00adher Bal\u00adkon in Ham\u00adburg-Alto\u00adna<\/p><\/div><\/div>\t\t\t\t<\/div>\n\t\t\t\t<div class=\"elementor-element elementor-element-4812428 elementor-position-top elementor-widget elementor-widget-image-box\" data-id=\"4812428\" data-element_type=\"widget\" data-e-type=\"widget\" data-widget_type=\"image-box.default\">\n\t\t\t\t\t<div class=\"elementor-image-box-wrapper\"><figure class=\"elementor-image-box-img\"><a href=\"https:\/\/bio-balkon.de\/en\/experts\/dr-michael-altmoos-4\/\" target=\"_blank\" tabindex=\"-1\"><img loading=\"lazy\" decoding=\"async\" width=\"150\" height=\"150\" src=\"https:\/\/bio-balkon.de\/wp-content\/uploads\/2021\/03\/Portraet-Michael-Altmoos-2014-150x150.avif\" class=\"attachment-thumbnail size-thumbnail wp-image-23734\" alt=\"Dr. Michael Altmoos is a biologist and conservationist with a focus on ecology.\" srcset=\"https:\/\/bio-balkon.de\/wp-content\/uploads\/2021\/03\/Portraet-Michael-Altmoos-2014-150x150.avif 150w, https:\/\/bio-balkon.de\/wp-content\/uploads\/2021\/03\/Portraet-Michael-Altmoos-2014-11x12.avif 11w\" sizes=\"auto, (max-width: 150px) 100vw, 150px\"><\/a><\/figure><div class=\"elementor-image-box-content\"><h6 class=\"elementor-image-box-title\"><a href=\"https:\/\/bio-balkon.de\/en\/experts\/dr-michael-altmoos-4\/\" target=\"_blank\">Dr. Micha\u00adel Alt\u00admoos<\/a><\/h6><p class=\"elementor-image-box-description\">Neo\u00adbio\u00adta, frem\u00adde Arten \u2014 Frem\u00addes reizt<\/p><\/div><\/div>\t\t\t\t<\/div>\n\t\t\t\t<div class=\"elementor-element elementor-element-87b8a56 elementor-position-top elementor-widget elementor-widget-image-box\" data-id=\"87b8a56\" data-element_type=\"widget\" data-e-type=\"widget\" data-widget_type=\"image-box.default\">\n\t\t\t\t\t<div class=\"elementor-image-box-wrapper\"><figure class=\"elementor-image-box-img\"><a href=\"https:\/\/bio-balkon.de\/en\/experts\/berthold-daubner-3\/\" target=\"_blank\" tabindex=\"-1\"><img loading=\"lazy\" decoding=\"async\" width=\"150\" height=\"150\" src=\"https:\/\/bio-balkon.de\/wp-content\/uploads\/2023\/04\/Berthold-Daubner-150x150.avif\" class=\"attachment-thumbnail size-thumbnail wp-image-61579\" alt=\"Wild plant expert Berthold Daubner speaks at the Online Organic Balcony Congress\" srcset=\"https:\/\/bio-balkon.de\/wp-content\/uploads\/2023\/04\/Berthold-Daubner-150x150.avif 150w, https:\/\/bio-balkon.de\/wp-content\/uploads\/2023\/04\/Berthold-Daubner-300x300.avif 300w, https:\/\/bio-balkon.de\/wp-content\/uploads\/2023\/04\/Berthold-Daubner-12x12.avif 12w, https:\/\/bio-balkon.de\/wp-content\/uploads\/2023\/04\/Berthold-Daubner.avif 662w\" sizes=\"auto, (max-width: 150px) 100vw, 150px\"><\/a><\/figure><div class=\"elementor-image-box-content\"><h6 class=\"elementor-image-box-title\"><a href=\"https:\/\/bio-balkon.de\/en\/experts\/berthold-daubner-3\/\" target=\"_blank\">Bert\u00adhold Daub\u00adner<\/a><\/h6><p class=\"elementor-image-box-description\">Gesel\u00adlig\u00adkeit von Wild\u00adpflan\u00adzen in Topf und K\u00fcbel \u2013 Wie pflanzt man rich\u00adtig?<\/p><\/div><\/div>\t\t\t\t<\/div>\n\t\t\t\t<div class=\"elementor-element elementor-element-b1feaf1 elementor-position-top elementor-widget elementor-widget-image-box\" data-id=\"b1feaf1\" data-element_type=\"widget\" data-e-type=\"widget\" data-widget_type=\"image-box.default\">\n\t\t\t\t\t<div class=\"elementor-image-box-wrapper\"><figure class=\"elementor-image-box-img\"><a href=\"https:\/\/bio-balkon.de\/en\/experts\/dr-sonja-schwingesbauer-2\/\" target=\"_blank\" tabindex=\"-1\"><img loading=\"lazy\" decoding=\"async\" width=\"150\" height=\"150\" src=\"https:\/\/bio-balkon.de\/wp-content\/uploads\/2026\/02\/Dr.-Sonja-Schwingesbauer-150x150.avif\" class=\"attachment-thumbnail size-thumbnail wp-image-88042\" alt=\"Pflanzplanerin Dr. Sonja Schwingesbauer spricht beim Online Bio-Balkon-Kongress\" srcset=\"https:\/\/bio-balkon.de\/wp-content\/uploads\/2026\/02\/Dr.-Sonja-Schwingesbauer-150x150.avif 150w, https:\/\/bio-balkon.de\/wp-content\/uploads\/2026\/02\/Dr.-Sonja-Schwingesbauer-300x300.avif 300w, https:\/\/bio-balkon.de\/wp-content\/uploads\/2026\/02\/Dr.-Sonja-Schwingesbauer-768x768.avif 768w, https:\/\/bio-balkon.de\/wp-content\/uploads\/2026\/02\/Dr.-Sonja-Schwingesbauer-12x12.avif 12w, https:\/\/bio-balkon.de\/wp-content\/uploads\/2026\/02\/Dr.-Sonja-Schwingesbauer.avif 1000w\" sizes=\"auto, (max-width: 150px) 100vw, 150px\"><\/a><\/figure><div class=\"elementor-image-box-content\"><h6 class=\"elementor-image-box-title\"><a href=\"https:\/\/bio-balkon.de\/en\/experts\/dr-sonja-schwingesbauer-2\/\" target=\"_blank\">Dr. Son\u00adja Schwin\u00adges\u00adbau\u00ader<\/a><\/h6><p class=\"elementor-image-box-description\">Von Pflan\u00adzen, die sich m\u00f6gen und Tie\u00adren, die uns hel\u00adfen<\/p><\/div><\/div>\t\t\t\t<\/div>\n\t\t\t\t<div class=\"elementor-element elementor-element-d99a81d elementor-position-top elementor-widget elementor-widget-image-box\" data-id=\"d99a81d\" data-element_type=\"widget\" data-e-type=\"widget\" data-widget_type=\"image-box.default\">\n\t\t\t\t\t<div class=\"elementor-image-box-wrapper\"><figure class=\"elementor-image-box-img\"><a href=\"https:\/\/bio-balkon.de\/en\/experts\/josef-voglsam\/\" target=\"_blank\" tabindex=\"-1\"><img loading=\"lazy\" decoding=\"async\" width=\"150\" height=\"150\" src=\"https:\/\/bio-balkon.de\/wp-content\/uploads\/2026\/02\/Josef-Voglsam-Nitrat-150x150.avif\" class=\"attachment-thumbnail size-thumbnail wp-image-88622\" alt=\"Josef Voglsam speaks at the Online Organic Balcony Congress on nitrate in vegetable cultivation\" srcset=\"https:\/\/bio-balkon.de\/wp-content\/uploads\/2026\/02\/Josef-Voglsam-Nitrat-150x150.avif 150w, https:\/\/bio-balkon.de\/wp-content\/uploads\/2026\/02\/Josef-Voglsam-Nitrat-300x300.avif 300w, https:\/\/bio-balkon.de\/wp-content\/uploads\/2026\/02\/Josef-Voglsam-Nitrat-768x768.avif 768w, https:\/\/bio-balkon.de\/wp-content\/uploads\/2026\/02\/Josef-Voglsam-Nitrat-12x12.avif 12w, https:\/\/bio-balkon.de\/wp-content\/uploads\/2026\/02\/Josef-Voglsam-Nitrat.avif 1000w\" sizes=\"auto, (max-width: 150px) 100vw, 150px\"><\/a><\/figure><div class=\"elementor-image-box-content\"><h6 class=\"elementor-image-box-title\"><a href=\"https:\/\/bio-balkon.de\/en\/experts\/josef-voglsam\/\" target=\"_blank\">Josef Vogl\u00adsam <\/a><\/h6><p class=\"elementor-image-box-description\">The truth about nitra\u00adte (in win\u00adter vege\u00adta\u00adbles). From can\u00adcer myth to lifes\u00adaver<\/p><\/div><\/div>\t\t\t\t<\/div>\n\t\t\t\t<div class=\"elementor-element elementor-element-a046b72 elementor-position-top elementor-widget elementor-widget-image-box\" data-id=\"a046b72\" data-element_type=\"widget\" data-e-type=\"widget\" data-widget_type=\"image-box.default\">\n\t\t\t\t\t<div class=\"elementor-image-box-wrapper\"><figure class=\"elementor-image-box-img\"><a href=\"https:\/\/bio-balkon.de\/en\/experts\/andrea-wutschig-2\/\" target=\"_blank\" tabindex=\"-1\"><img loading=\"lazy\" decoding=\"async\" width=\"150\" height=\"150\" src=\"https:\/\/bio-balkon.de\/wp-content\/uploads\/2025\/08\/Andrea-Wutschig-150x150.avif\" class=\"attachment-thumbnail size-thumbnail wp-image-82141\" alt=\"Balkon-Praktikerin Andrea Wutschig stellt ihre Balkone beim Online Bio-Balkon-Kongress vor.\"><\/a><\/figure><div class=\"elementor-image-box-content\"><h6 class=\"elementor-image-box-title\"><a href=\"https:\/\/bio-balkon.de\/en\/experts\/andrea-wutschig-2\/\" target=\"_blank\">Andrea Wut\u00adschig<\/a><\/h6><p class=\"elementor-image-box-description\">Den eige\u00adnen Bal\u00adkon  und Fens\u00adter\u00adbret\u00adter mit sei\u00adnen M\u00f6g\u00adlich\u00adkei\u00adten ent\u00adde\u00adcken<\/p><\/div><\/div>\t\t\t\t<\/div>\n\t\t\t\t<div class=\"elementor-element elementor-element-925d17e elementor-position-top elementor-widget elementor-widget-image-box\" data-id=\"925d17e\" data-element_type=\"widget\" data-e-type=\"widget\" data-widget_type=\"image-box.default\">\n\t\t\t\t\t<div class=\"elementor-image-box-wrapper\"><figure class=\"elementor-image-box-img\"><a href=\"https:\/\/bio-balkon.de\/en\/experts\/wanda-ganders\/\" target=\"_blank\" tabindex=\"-1\"><img loading=\"lazy\" decoding=\"async\" width=\"150\" height=\"150\" src=\"https:\/\/bio-balkon.de\/wp-content\/uploads\/2026\/03\/Wanda-Ganders-150x150.avif\" class=\"attachment-thumbnail size-thumbnail wp-image-88999\" alt=\"Die Gr\u00fcnderin von Meine Ernte Wanda Ganders spricht beim Online Bio-Balkon-Kongress\" srcset=\"https:\/\/bio-balkon.de\/wp-content\/uploads\/2026\/03\/Wanda-Ganders-150x150.avif 150w, https:\/\/bio-balkon.de\/wp-content\/uploads\/2026\/03\/Wanda-Ganders-300x300.avif 300w, https:\/\/bio-balkon.de\/wp-content\/uploads\/2026\/03\/Wanda-Ganders-768x768.avif 768w, https:\/\/bio-balkon.de\/wp-content\/uploads\/2026\/03\/Wanda-Ganders-12x12.avif 12w, https:\/\/bio-balkon.de\/wp-content\/uploads\/2026\/03\/Wanda-Ganders.avif 1000w\" sizes=\"auto, (max-width: 150px) 100vw, 150px\"><\/a><\/figure><div class=\"elementor-image-box-content\"><h6 class=\"elementor-image-box-title\"><a href=\"https:\/\/bio-balkon.de\/en\/experts\/wanda-ganders\/\" target=\"_blank\">Wan\u00adda Gan\u00adders<\/a><\/h6><p class=\"elementor-image-box-description\">Vom Bal\u00adkon zum Selbst\u00adver\u00adsor\u00adger-Miet-Gar\u00adten<\/p><\/div><\/div>\t\t\t\t<\/div>\n\t\t\t\t\t<\/div>\n\t\t\t\t<\/div>\n\t\t<div class=\"elementor-element elementor-element-4bc3251 e-con-full e-flex e-con e-child\" data-id=\"4bc3251\" data-element_type=\"container\" data-e-type=\"container\" data-settings=\"{&quot;background_background&quot;:&quot;classic&quot;}\">\n\t\t\t\t<div class=\"elementor-element elementor-element-5b545f7 elementor-widget__width-initial elementor-widget elementor-widget-text-editor\" data-id=\"5b545f7\" data-element_type=\"widget\" data-e-type=\"widget\" data-widget_type=\"text-editor.default\">\n\t\t\t\t\t\t\t\t\t<h2>Bonus-Spre\u00adcher aus ver\u00adgan\u00adge\u00adnen Kon\u00adgres\u00adsen<\/h2>\t\t\t\t\t\t\t\t<\/div>\n\t\t<div class=\"elementor-element elementor-element-a394ad4 e-grid e-con-boxed e-con e-child\" data-id=\"a394ad4\" data-element_type=\"container\" data-e-type=\"container\">\n\t\t\t\t\t<div class=\"e-con-inner\">\n\t\t\t\t<div class=\"elementor-element elementor-element-08726a8 elementor-position-top elementor-widget elementor-widget-image-box\" data-id=\"08726a8\" data-element_type=\"widget\" data-e-type=\"widget\" data-widget_type=\"image-box.default\">\n\t\t\t\t\t<div class=\"elementor-image-box-wrapper\"><figure class=\"elementor-image-box-img\"><a href=\"https:\/\/bio-balkon.de\/en\/experts\/christel-stroebel-4\/\" target=\"_blank\" tabindex=\"-1\"><img loading=\"lazy\" decoding=\"async\" width=\"150\" height=\"150\" src=\"https:\/\/bio-balkon.de\/wp-content\/uploads\/2020\/06\/Christel-Stro\u0308bel-10960485_1433878516904115_4143915499537929027_o-150x150.avif\" class=\"attachment-thumbnail size-thumbnail wp-image-8234\" alt=\"Herbalist Christel Str\u00f6bel talks about medicinal plants and growing them on the balcony\" srcset=\"https:\/\/bio-balkon.de\/wp-content\/uploads\/2020\/06\/Christel-Stro\u0308bel-10960485_1433878516904115_4143915499537929027_o-150x150.avif 150w, https:\/\/bio-balkon.de\/wp-content\/uploads\/2020\/06\/Christel-Stro\u0308bel-10960485_1433878516904115_4143915499537929027_o-300x300.avif 300w, https:\/\/bio-balkon.de\/wp-content\/uploads\/2020\/06\/Christel-Stro\u0308bel-10960485_1433878516904115_4143915499537929027_o-768x768.avif 768w, https:\/\/bio-balkon.de\/wp-content\/uploads\/2020\/06\/Christel-Stro\u0308bel-10960485_1433878516904115_4143915499537929027_o-12x12.avif 12w, https:\/\/bio-balkon.de\/wp-content\/uploads\/2020\/06\/Christel-Stro\u0308bel-10960485_1433878516904115_4143915499537929027_o.avif 1001w\" sizes=\"auto, (max-width: 150px) 100vw, 150px\"><\/a><\/figure><div class=\"elementor-image-box-content\"><h6 class=\"elementor-image-box-title\"><a href=\"https:\/\/bio-balkon.de\/en\/experts\/christel-stroebel-4\/\" target=\"_blank\">Chris\u00adtel Str\u00f6\u00adbel<\/a><\/h6><p class=\"elementor-image-box-description\">Heil\u00adpflan\u00adze \u201cPflan\u00adze der Hoff\u00adnung\u201d Arte\u00admi\u00adsia annua und \u201cWur\u00adzel aller Wur\u00adzeln\u201d Meis\u00adter\u00adwurz<\/p><\/div><\/div>\t\t\t\t<\/div>\n\t\t\t\t<div class=\"elementor-element elementor-element-cbdd714 elementor-position-top elementor-widget elementor-widget-image-box\" data-id=\"cbdd714\" data-element_type=\"widget\" data-e-type=\"widget\" data-widget_type=\"image-box.default\">\n\t\t\t\t\t<div class=\"elementor-image-box-wrapper\"><figure class=\"elementor-image-box-img\"><a href=\"https:\/\/bio-balkon.de\/en\/experts\/bonus-klaus-umbach\/\" target=\"_blank\" tabindex=\"-1\"><img loading=\"lazy\" decoding=\"async\" width=\"150\" height=\"150\" src=\"https:\/\/bio-balkon.de\/wp-content\/uploads\/2021\/10\/Klaus-Umbach--150x150.avif\" class=\"attachment-thumbnail size-thumbnail wp-image-34084\" alt=\"Master organic gardener Klaus Umbach from Heilbronn grows flowering plants, native wild plants, vegetables and medicinal plants such as goji, horehound and Artemisia annua.\" srcset=\"https:\/\/bio-balkon.de\/wp-content\/uploads\/2021\/10\/Klaus-Umbach--150x150.avif 150w, https:\/\/bio-balkon.de\/wp-content\/uploads\/2021\/10\/Klaus-Umbach--300x300.avif 300w, https:\/\/bio-balkon.de\/wp-content\/uploads\/2021\/10\/Klaus-Umbach--768x768.avif 768w, https:\/\/bio-balkon.de\/wp-content\/uploads\/2021\/10\/Klaus-Umbach--12x12.avif 12w, https:\/\/bio-balkon.de\/wp-content\/uploads\/2021\/10\/Klaus-Umbach-.avif 1000w\" sizes=\"auto, (max-width: 150px) 100vw, 150px\"><\/a><\/figure><div class=\"elementor-image-box-content\"><h6 class=\"elementor-image-box-title\"><a href=\"https:\/\/bio-balkon.de\/en\/experts\/bonus-klaus-umbach\/\" target=\"_blank\">Klaus Umbach<\/a><\/h6><p class=\"elementor-image-box-description\">Pra\u00adxis\u00adtipps zum Anbau der Heil\u00adpflan\u00adze Arte\u00admi\u00adsia annua<\/p><\/div><\/div>\t\t\t\t<\/div>\n\t\t\t\t<div class=\"elementor-element elementor-element-73b084d elementor-position-top elementor-widget elementor-widget-image-box\" data-id=\"73b084d\" data-element_type=\"widget\" data-e-type=\"widget\" data-widget_type=\"image-box.default\">\n\t\t\t\t\t<div class=\"elementor-image-box-wrapper\"><figure class=\"elementor-image-box-img\"><a href=\"https:\/\/bio-balkon.de\/en\/experts\/klaus-umbach-4\/\" target=\"_blank\" tabindex=\"-1\"><img loading=\"lazy\" decoding=\"async\" width=\"150\" height=\"150\" src=\"https:\/\/bio-balkon.de\/wp-content\/uploads\/2021\/10\/Klaus-Umbach--150x150.avif\" class=\"attachment-thumbnail size-thumbnail wp-image-34084\" alt=\"Master organic gardener Klaus Umbach from Heilbronn grows flowering plants, native wild plants, vegetables and medicinal plants such as goji, horehound and Artemisia annua.\" srcset=\"https:\/\/bio-balkon.de\/wp-content\/uploads\/2021\/10\/Klaus-Umbach--150x150.avif 150w, https:\/\/bio-balkon.de\/wp-content\/uploads\/2021\/10\/Klaus-Umbach--300x300.avif 300w, https:\/\/bio-balkon.de\/wp-content\/uploads\/2021\/10\/Klaus-Umbach--768x768.avif 768w, https:\/\/bio-balkon.de\/wp-content\/uploads\/2021\/10\/Klaus-Umbach--12x12.avif 12w, https:\/\/bio-balkon.de\/wp-content\/uploads\/2021\/10\/Klaus-Umbach-.avif 1000w\" sizes=\"auto, (max-width: 150px) 100vw, 150px\"><\/a><\/figure><div class=\"elementor-image-box-content\"><h6 class=\"elementor-image-box-title\"><a href=\"https:\/\/bio-balkon.de\/en\/experts\/klaus-umbach-4\/\" target=\"_blank\">Klaus Umbach<\/a><\/h6><p class=\"elementor-image-box-description\">Rela\u00adxed edu\u00adca\u00adti\u00adon on hemp cul\u00adti\u00adva\u00adti\u00adon in pots from the mas\u00adter gardener\u2019s prac\u00adti\u00adce<\/p><\/div><\/div>\t\t\t\t<\/div>\n\t\t\t\t<div class=\"elementor-element elementor-element-4ef03f4 elementor-position-top elementor-widget elementor-widget-image-box\" data-id=\"4ef03f4\" data-element_type=\"widget\" data-e-type=\"widget\" data-widget_type=\"image-box.default\">\n\t\t\t\t\t<div class=\"elementor-image-box-wrapper\"><figure class=\"elementor-image-box-img\"><a href=\"https:\/\/bio-balkon.de\/en\/experts\/bonus-susanne-peters\/\" target=\"_blank\" tabindex=\"-1\"><img loading=\"lazy\" decoding=\"async\" width=\"150\" height=\"150\" src=\"https:\/\/bio-balkon.de\/wp-content\/uploads\/2021\/10\/01-Susanne-Peters-150x150.avif\" class=\"attachment-thumbnail size-thumbnail wp-image-33992\" alt=\"Susanne Peters stellt beim Bio-Balkon-Kongress die Vielfalt der Glockenblumen vor\" srcset=\"https:\/\/bio-balkon.de\/wp-content\/uploads\/2021\/10\/01-Susanne-Peters-150x150.avif 150w, https:\/\/bio-balkon.de\/wp-content\/uploads\/2021\/10\/01-Susanne-Peters-300x300.avif 300w, https:\/\/bio-balkon.de\/wp-content\/uploads\/2021\/10\/01-Susanne-Peters-12x12.avif 12w, https:\/\/bio-balkon.de\/wp-content\/uploads\/2021\/10\/01-Susanne-Peters.avif 400w\" sizes=\"auto, (max-width: 150px) 100vw, 150px\"><\/a><\/figure><div class=\"elementor-image-box-content\"><h6 class=\"elementor-image-box-title\"><a href=\"https:\/\/bio-balkon.de\/en\/experts\/bonus-susanne-peters\/\" target=\"_blank\">Susan\u00adne Peters<\/a><\/h6><p class=\"elementor-image-box-description\">Die Viel\u00adfalt der Glo\u00adcken\u00adblu\u00admen mit der Stau\u00adden\u00adg\u00e4rt\u00adner\u00admeis\u00adte\u00adrin<\/p><\/div><\/div>\t\t\t\t<\/div>\n\t\t\t\t\t<\/div>\n\t\t\t\t<\/div>\n\t\t\t\t<\/div>\n\t\t\t\t\t<\/div>\n\t\t\t\t<\/div>\n\t\t<div class=\"elementor-element elementor-element-c77cc3c e-flex e-con-boxed e-con e-child\" data-id=\"c77cc3c\" data-element_type=\"container\" data-e-type=\"container\" data-settings=\"{&quot;background_background&quot;:&quot;classic&quot;}\">\n\t\t\t\t\t<div class=\"e-con-inner\">\n\t\t\t\t<div class=\"elementor-element elementor-element-7be7ccc elementor-widget elementor-widget-image\" data-id=\"7be7ccc\" data-element_type=\"widget\" data-e-type=\"widget\" data-widget_type=\"image.default\">\n\t\t\t\t\t\t\t\t\t\t\t\t\t\t\t\t<a href=\"https:\/\/www.digistore24.com\/product\/525289\">\n\t\t\t\t\t\t\t<img loading=\"lazy\" decoding=\"async\" width=\"300\" height=\"205\" src=\"https:\/\/bio-balkon.de\/wp-content\/uploads\/2026\/03\/Mockup-Heilkraft-vom-Balkon-18-2026-1-300x205.avif\" class=\"attachment-medium size-medium wp-image-89721\" alt=\"Kongresspaket f\u00fcr den 18. Online Bio-Balkon-Kongress &quot;Heilkraft vom Balkon&quot; M\u00e4rz 2026\" srcset=\"https:\/\/bio-balkon.de\/wp-content\/uploads\/2026\/03\/Mockup-Heilkraft-vom-Balkon-18-2026-1-300x205.avif 300w, https:\/\/bio-balkon.de\/wp-content\/uploads\/2026\/03\/Mockup-Heilkraft-vom-Balkon-18-2026-1-768x525.avif 768w, https:\/\/bio-balkon.de\/wp-content\/uploads\/2026\/03\/Mockup-Heilkraft-vom-Balkon-18-2026-1-18x12.avif 18w, https:\/\/bio-balkon.de\/wp-content\/uploads\/2026\/03\/Mockup-Heilkraft-vom-Balkon-18-2026-1.avif 999w\" sizes=\"auto, (max-width: 300px) 100vw, 300px\">\t\t\t\t\t\t\t\t<\/a>\n\t\t\t\t\t\t\t\t\t\t\t\t\t\t\t<\/div>\n\t\t\t\t<div class=\"elementor-element elementor-element-0bda6b3 elementor-widget elementor-widget-text-editor\" data-id=\"0bda6b3\" data-element_type=\"widget\" data-e-type=\"widget\" data-widget_type=\"text-editor.default\">\n\t\t\t\t\t\t\t\t\t<p><strong><span style=\"color: #cc3b36;\">KONGRESSPAKET 18<\/span><\/strong><\/p><h1>Heal\u00ading power from the bal\u00adc\u00ado\u00adny<\/h1><p class=\"western\"><strong>hilft in her\u00adaus\u00adfor\u00addern\u00adden Zei\u00adten. Pflan\u00adzen f\u00fcr Gesund\u00adheit und mehr Lebens\u00adfreu\u00adde, <\/strong><strong>Selbst\u00adver\u00adsor\u00adgung, Stadt\u00adna\u00adtur, Klima\u2011, Natur- und Hit\u00adze\u00adschutz.<\/strong><\/p><p>30 Expert:innen aus Gar\u00adten, Wis\u00adsen\u00adschaft und Bal\u00adkon-Pra\u00adxis zei\u00adgen online und kos\u00adten\u00adfrei, wie Du Gem\u00fc\u00adse &amp; Kr\u00e4u\u00adter auf Dei\u00adnem Bal\u00adkon, der Ter\u00adras\u00adse oder dem Fens\u00adter\u00adbrett mit Erfolg anbaust. Dazu vie\u00adle Tipps, wie Du Insek\u00adten und Tie\u00adren ein Zuhau\u00adse gibst und Schat\u00adten zau\u00adberst, damit alles bes\u00adtens und gesund w\u00e4chst.<\/p>\t\t\t\t\t\t\t\t<\/div>\n\t\t\t\t<div class=\"elementor-element elementor-element-222c692 elementor-align-center elementor-mobile-align-justify elementor-widget elementor-widget-button\" data-id=\"222c692\" data-element_type=\"widget\" data-e-type=\"widget\" data-widget_type=\"button.default\">\n\t\t\t\t\t\t\t\t\t\t<a class=\"elementor-button elementor-button-link elementor-size-md\" href=\"https:\/\/www.digistore24.com\/product\/655096?voucher=starten\" rel=\"nofollow\">\n\t\t\t\t\t\t<span class=\"elementor-button-content-wrapper\">\n\t\t\t\t\t\t\t\t\t<span class=\"elementor-button-text\">Buy con\u00adgress packa\u00adge <\/span>\n\t\t\t\t\t<\/span>\n\t\t\t\t\t<\/a>\n\t\t\t\t\t\t\t\t<\/div>\n\t\t\t\t\t<\/div>\n\t\t\t\t<\/div>\n\t\t\t\t<\/div>","protected":false},"excerpt":{"rendered":"<p>Die 30 inspi\u00adrie\u00adren\u00adden Exper\u00adten-Vor\u00adtr\u00e4\u00adge vom 18. Online Bio-Bal\u00adkon-Kon\u00adgress zum \u00f6ko\u00adlo\u00adgi\u00adschen G\u00e4rt\u00adnern auf klei\u00adnem Raum sind hier erwerb\u00adbar.<\/p>","protected":false},"author":5,"featured_media":87986,"parent":81695,"menu_order":0,"comment_status":"closed","ping_status":"closed","template":"","meta":{"_acf_changed":false,"wp_typography_post_enhancements_disabled":false,"footnotes":""},"class_list":["post-89003","page","type-page","status-publish","has-post-thumbnail","hentry"],"acf":[],"_links":{"self":[{"href":"https:\/\/bio-balkon.de\/en\/wp-json\/wp\/v2\/pages\/89003","targetHints":{"allow":["GET"]}}],"collection":[{"href":"https:\/\/bio-balkon.de\/en\/wp-json\/wp\/v2\/pages"}],"about":[{"href":"https:\/\/bio-balkon.de\/en\/wp-json\/wp\/v2\/types\/page"}],"author":[{"embeddable":true,"href":"https:\/\/bio-balkon.de\/en\/wp-json\/wp\/v2\/users\/5"}],"replies":[{"embeddable":true,"href":"https:\/\/bio-balkon.de\/en\/wp-json\/wp\/v2\/comments?post=89003"}],"version-history":[{"count":3,"href":"https:\/\/bio-balkon.de\/en\/wp-json\/wp\/v2\/pages\/89003\/revisions"}],"predecessor-version":[{"id":91353,"href":"https:\/\/bio-balkon.de\/en\/wp-json\/wp\/v2\/pages\/89003\/revisions\/91353"}],"up":[{"embeddable":true,"href":"https:\/\/bio-balkon.de\/en\/wp-json\/wp\/v2\/pages\/81695"}],"wp:featuredmedia":[{"embeddable":true,"href":"https:\/\/bio-balkon.de\/en\/wp-json\/wp\/v2\/media\/87986"}],"wp:attachment":[{"href":"https:\/\/bio-balkon.de\/en\/wp-json\/wp\/v2\/media?parent=89003"}],"curies":[{"name":"wp","href":"https:\/\/api.w.org\/{rel}","templated":true}]}}