{"id":82976,"date":"2025-08-25T22:22:45","date_gmt":"2025-08-25T20:22:45","guid":{"rendered":"https:\/\/bio-balkon.de\/?page_id=82976"},"modified":"2025-10-10T18:21:00","modified_gmt":"2025-10-10T16:21:00","slug":"congress-package","status":"publish","type":"page","link":"https:\/\/bio-balkon.de\/en\/kongresse\/kongress-17\/kongresspaket\/","title":{"rendered":"Kon\u00adgress 17 Kon\u00adgress\u00adpa\u00adket Lust auf Obst"},"content":{"rendered":"<div data-elementor-type=\"wp-page\" data-elementor-id=\"82976\" class=\"elementor elementor-82976\" data-elementor-post-type=\"page\">\n\t\t\t\t<div class=\"elementor-element elementor-element-2b65121 e-flex e-con-boxed e-con e-parent\" data-id=\"2b65121\" data-element_type=\"container\" data-e-type=\"container\" data-settings=\"{&quot;background_background&quot;:&quot;classic&quot;}\">\n\t\t\t\t\t<div class=\"e-con-inner\">\n\t\t<div class=\"elementor-element elementor-element-25787f7 e-con-full e-flex e-con e-child\" data-id=\"25787f7\" data-element_type=\"container\" data-e-type=\"container\" data-settings=\"{&quot;background_background&quot;:&quot;gradient&quot;}\">\n\t\t\t\t<div class=\"elementor-element elementor-element-5dec960 elementor-view-default elementor-widget elementor-widget-icon\" data-id=\"5dec960\" data-element_type=\"widget\" data-e-type=\"widget\" data-widget_type=\"icon.default\">\n\t\t\t\t\t\t\t<div class=\"elementor-icon-wrapper\">\n\t\t\t<div class=\"elementor-icon\">\n\t\t\t<svg aria-hidden=\"true\" class=\"e-font-icon-svg e-fas-gift\" viewBox=\"0 0 512 512\"><path d=\"M32 448c0 17.7 14.3 32 32 32h160V320H32v128zm256 32h160c17.7 0 32-14.3 32-32V320H288v160zm192-320h-42.1c6.2-12.1 10.1-25.5 10.1-40 0-48.5-39.5-88-88-88-41.6 0-68.5 21.3-103 68.3-34.5-47-61.4-68.3-103-68.3-48.5 0-88 39.5-88 88 0 14.5 3.8 27.9 10.1 40H32c-17.7 0-32 14.3-32 32v80c0 8.8 7.2 16 16 16h480c8.8 0 16-7.2 16-16v-80c0-17.7-14.3-32-32-32zm-326.1 0c-22.1 0-40-17.9-40-40s17.9-40 40-40c19.9 0 34.6 3.3 86.1 80h-86.1zm206.1 0h-86.1c51.4-76.5 65.7-80 86.1-80 22.1 0 40 17.9 40 40s-17.9 40-40 40z\" \/><\/svg>\t\t\t<\/div>\n\t\t<\/div>\n\t\t\t\t\t\t<\/div>\n\t\t\t\t<div class=\"elementor-element elementor-element-1ef858c elementor-widget elementor-widget-text-editor\" data-id=\"1ef858c\" data-element_type=\"widget\" data-e-type=\"widget\" data-widget_type=\"text-editor.default\">\n\t\t\t\t\t\t\t\t\t<p><strong><span style=\"color: #cc3b36;\">KONGRESSPAKET 17<\/span><\/strong><\/p><h1>Lust auf Obst?<\/h1><p>Plan\u00adting self-suf\u00adfi\u00adci\u00aden\u00adcy, bio\u00addi\u00adver\u00adsi\u00adty, urban natu\u00adre, cli\u00adma\u00adte and heat pro\u00adtec\u00adtion<\/p><p>28 Expert:innen tei\u00adlen online &amp; gra\u00adtis ihr Wis\u00adsen und geben erprob\u00adte Tipps zum ertrag\u00adrei\u00adchen Anbau von Obst, Win\u00adter\u00adge\u00adm\u00fc\u00adse und Win\u00adter\u00adkr\u00e4u\u00adtern auf Bal\u00adkon, Ter\u00adras\u00adse, Fens\u00adter\u00adbrett und damit Insek\u00adten &amp; Arten\u00adviel\u00adfalt f\u00f6r\u00addern. \u00dcber die Viel\u00adfalt wirst Du stau\u00adnen.<\/p>\t\t\t\t\t\t\t\t<\/div>\n\t\t\t\t<div class=\"elementor-element elementor-element-66adf09 elementor-align-center elementor-mobile-align-justify elementor-widget elementor-widget-button\" data-id=\"66adf09\" data-element_type=\"widget\" data-e-type=\"widget\" data-widget_type=\"button.default\">\n\t\t\t\t\t\t\t\t\t\t<a class=\"elementor-button elementor-button-link elementor-size-md\" href=\"https:\/\/www.digistore24.com\/product\/620500\" rel=\"nofollow\">\n\t\t\t\t\t\t<span class=\"elementor-button-content-wrapper\">\n\t\t\t\t\t\t\t\t\t<span class=\"elementor-button-text\">Buy con\u00adgress packa\u00adge<\/span>\n\t\t\t\t\t<\/span>\n\t\t\t\t\t<\/a>\n\t\t\t\t\t\t\t\t<\/div>\n\t\t\t\t<\/div>\n\t\t\t\t\t<\/div>\n\t\t\t\t<\/div>\n\t\t<div class=\"elementor-element elementor-element-daf3531 e-flex e-con-boxed e-con e-child\" data-id=\"daf3531\" data-element_type=\"container\" data-e-type=\"container\" data-settings=\"{&quot;background_background&quot;:&quot;classic&quot;}\">\n\t\t\t\t\t<div class=\"e-con-inner\">\n\t\t\t\t<div class=\"elementor-element elementor-element-737ec09 elementor-widget__width-initial elementor-widget-mobile__width-inherit elementor-widget elementor-widget-heading\" data-id=\"737ec09\" data-element_type=\"widget\" data-e-type=\"widget\" data-widget_type=\"heading.default\">\n\t\t\t\t\t<h2 class=\"elementor-heading-title elementor-size-default\">Known from<\/h2>\t\t\t\t<\/div>\n\t\t\t\t<div class=\"elementor-element elementor-element-dd27d9a elementor-widget__width-initial elementor-widget-mobile__width-inherit elementor-skin-carousel elementor-arrows-yes elementor-widget elementor-widget-global elementor-global-85079 elementor-widget-media-carousel\" data-id=\"dd27d9a\" data-element_type=\"widget\" data-e-type=\"widget\" data-settings=\"{&quot;slides_per_view&quot;:&quot;7&quot;,&quot;space_between&quot;:{&quot;unit&quot;:&quot;px&quot;,&quot;size&quot;:35,&quot;sizes&quot;:[]},&quot;skin&quot;:&quot;carousel&quot;,&quot;effect&quot;:&quot;slide&quot;,&quot;show_arrows&quot;:&quot;yes&quot;,&quot;speed&quot;:500,&quot;autoplay&quot;:&quot;yes&quot;,&quot;autoplay_speed&quot;:5000,&quot;loop&quot;:&quot;yes&quot;,&quot;pause_on_hover&quot;:&quot;yes&quot;,&quot;pause_on_interaction&quot;:&quot;yes&quot;,&quot;space_between_tablet&quot;:{&quot;unit&quot;:&quot;px&quot;,&quot;size&quot;:10,&quot;sizes&quot;:[]},&quot;space_between_mobile&quot;:{&quot;unit&quot;:&quot;px&quot;,&quot;size&quot;:10,&quot;sizes&quot;:[]}}\" data-widget_type=\"media-carousel.default\">\n\t\t\t\t\t\t\t\t\t\t<div class=\"elementor-main-swiper swiper\" role=\"region\" aria-roledescription=\"carousel\" aria-label=\"Slider\">\n\t\t\t\t<div class=\"swiper-wrapper\">\n\t\t\t\t\t\t\t\t\t\t\t<div class=\"swiper-slide\" role=\"group\" aria-roledescription=\"slide\">\n\t\t\t\t\t\t\t\t\t<div class=\"elementor-carousel-image\" role=\"img\" aria-label=\"ARD\" style=\"background-image: url('https:\/\/bio-balkon.de\/wp-content\/uploads\/elementor\/thumbs\/ARD-riihzaleahrscalhkcel0zi0asoxiiiu60tl7qeo2k.avif')\">\n\n\t\t\t\n\t\t\t\t\t<\/div>\n\t\t\t\t\t\t\t\t<\/div>\n\t\t\t\t\t\t\t\t\t\t\t<div class=\"swiper-slide\" role=\"group\" aria-roledescription=\"slide\">\n\t\t\t\t\t\t\t\t\t<div class=\"elementor-carousel-image\" role=\"img\" aria-label=\"Nature in the garden\" style=\"background-image: url('https:\/\/bio-balkon.de\/wp-content\/uploads\/elementor\/thumbs\/Natur-im-Garten-riihuna4hzeqxpcipc2zp5pyk7llge2m70p5shaqea.avif')\">\n\n\t\t\t\n\t\t\t\t\t<\/div>\n\t\t\t\t\t\t\t\t<\/div>\n\t\t\t\t\t\t\t\t\t\t\t<div class=\"swiper-slide\" role=\"group\" aria-roledescription=\"slide\">\n\t\t\t\t\t\t\t\t\t<div class=\"elementor-carousel-image\" role=\"img\" aria-label=\"Logo of the NaturaDB plant database\" style=\"background-image: url('https:\/\/bio-balkon.de\/wp-content\/uploads\/elementor\/thumbs\/Logo-NaturaDB-rifir8lgddnacljjktbek22r4qexlkdc4iseilr0bg.avif')\">\n\n\t\t\t\n\t\t\t\t\t<\/div>\n\t\t\t\t\t\t\t\t<\/div>\n\t\t\t\t\t\t\t\t\t\t\t<div class=\"swiper-slide\" role=\"group\" aria-roledescription=\"slide\">\n\t\t\t\t\t\t\t\t\t<div class=\"elementor-carousel-image\" role=\"img\" aria-label=\"sueddeutsche-zeitung-200-150x40\" style=\"background-image: url('https:\/\/bio-balkon.de\/wp-content\/uploads\/elementor\/thumbs\/sueddeutsche-zeitung-200-150x40-1-rii0z49f8vqyyvte8q7q4gsoiq12f286o17ba633m8.avif')\">\n\n\t\t\t\n\t\t\t\t\t<\/div>\n\t\t\t\t\t\t\t\t<\/div>\n\t\t\t\t\t\t\t\t\t\t\t<div class=\"swiper-slide\" role=\"group\" aria-roledescription=\"slide\">\n\t\t\t\t\t\t\t\t\t<div class=\"elementor-carousel-image\" role=\"img\" aria-label=\"Germany hums we do something for the bees logo-round\" style=\"background-image: url('https:\/\/bio-balkon.de\/wp-content\/uploads\/elementor\/thumbs\/Deutschland-summt-wir-tun-was-fu\u0308r-die-Bienen-logo-rund-riihz0967bdmsl0i8pxork3xrk3w5udsgln8xotzz0.avif')\">\n\n\t\t\t\n\t\t\t\t\t<\/div>\n\t\t\t\t\t\t\t\t<\/div>\n\t\t\t\t\t\t\t\t\t\t\t<div class=\"swiper-slide\" role=\"group\" aria-roledescription=\"slide\">\n\t\t\t\t\t\t\t\t\t<div class=\"elementor-carousel-image\" role=\"img\" aria-label=\"RBB Abendschau\" style=\"background-image: url('https:\/\/bio-balkon.de\/wp-content\/uploads\/elementor\/thumbs\/RBB-Abendschau-riihqt3ulc5lj0x846cu0ml78kin0vu2o0ss8szm8s.avif')\">\n\n\t\t\t\n\t\t\t\t\t<\/div>\n\t\t\t\t\t\t\t\t<\/div>\n\t\t\t\t\t\t\t\t\t\t\t<div class=\"swiper-slide\" role=\"group\" aria-roledescription=\"slide\">\n\t\t\t\t\t\t\t\t\t<div class=\"elementor-carousel-image\" role=\"img\" aria-label=\"Logo_GR\u00dcNE LIGA Berlin\" style=\"background-image: url('https:\/\/bio-balkon.de\/wp-content\/uploads\/elementor\/thumbs\/Logo_GRU\u0308NE-LIGA-Berlin-riihuhn3cz7101kpm9n8a756zwde67g868s8wtj352.avif')\">\n\n\t\t\t\n\t\t\t\t\t<\/div>\n\t\t\t\t\t\t\t\t<\/div>\n\t\t\t\t\t\t\t\t\t\t\t<div class=\"swiper-slide\" role=\"group\" aria-roledescription=\"slide\">\n\t\t\t\t\t\t\t\t\t<div class=\"elementor-carousel-image\" role=\"img\" aria-label=\"Dgg 1822 logo_dgg\" style=\"background-image: url('https:\/\/bio-balkon.de\/wp-content\/uploads\/elementor\/thumbs\/Dgg-1822-logo_dgg-riihyqusaz0rkhe5rlvf2mhbtpe80vch3b4e4x7wrw.avif')\">\n\n\t\t\t\n\t\t\t\t\t<\/div>\n\t\t\t\t\t\t\t\t<\/div>\n\t\t\t\t\t\t\t\t\t\t\t<div class=\"swiper-slide\" role=\"group\" aria-roledescription=\"slide\">\n\t\t\t\t\t\t\t\t\t<div class=\"elementor-carousel-image\" role=\"img\" aria-label=\"hortus-2\" style=\"background-image: url('https:\/\/bio-balkon.de\/wp-content\/uploads\/elementor\/thumbs\/hortus-2-rii0zukwk8qzzyr5z1la2a5l5ifcel4o3ngwpx02wg.avif')\">\n\n\t\t\t\n\t\t\t\t\t<\/div>\n\t\t\t\t\t\t\t\t<\/div>\n\t\t\t\t\t\t\t\t\t\t\t<div class=\"swiper-slide\" role=\"group\" aria-roledescription=\"slide\">\n\t\t\t\t\t\t\t\t\t<div class=\"elementor-carousel-image\" role=\"img\" aria-label=\"naturgucker-logo-2\" style=\"background-image: url('https:\/\/bio-balkon.de\/wp-content\/uploads\/elementor\/thumbs\/naturgucker-logo-2-rifczei5854v8jfp6z538i5mlmt7mv9y7tveg1wr8o.png')\">\n\n\t\t\t\n\t\t\t\t\t<\/div>\n\t\t\t\t\t\t\t\t<\/div>\n\t\t\t\t\t\t\t\t\t\t\t<div class=\"swiper-slide\" role=\"group\" aria-roledescription=\"slide\">\n\t\t\t\t\t\t\t\t\t<div class=\"elementor-carousel-image\" role=\"img\" aria-label=\"Falcon\" style=\"background-image: url('https:\/\/bio-balkon.de\/wp-content\/uploads\/elementor\/thumbs\/Falke-riihyhgeemnwcdrtaht5doupvuojvwb5q0ljc5luhu.avif')\">\n\n\t\t\t\n\t\t\t\t\t<\/div>\n\t\t\t\t\t\t\t\t<\/div>\n\t\t\t\t\t\t\t\t\t\t\t<div class=\"swiper-slide\" role=\"group\" aria-roledescription=\"slide\">\n\t\t\t\t\t\t\t\t\t<div class=\"elementor-carousel-image\" role=\"img\" aria-label=\"nature_logo_0-0-30-65\" style=\"background-image: url('https:\/\/bio-balkon.de\/wp-content\/uploads\/elementor\/thumbs\/natur-zeitschrift-rii0zza3iexfm0kc7lmewqyw4fs6h2nbsaqc4at3ya.avif')\">\n\n\t\t\t\n\t\t\t\t\t<\/div>\n\t\t\t\t\t\t\t\t<\/div>\n\t\t\t\t\t\t\t\t\t\t\t<div class=\"swiper-slide\" role=\"group\" aria-roledescription=\"slide\">\n\t\t\t\t\t\t\t\t\t<div class=\"elementor-carousel-image\" role=\"img\" aria-label=\"logo-cure-new-2 cabbage&amp;beet\" style=\"background-image: url('https:\/\/bio-balkon.de\/wp-content\/uploads\/elementor\/thumbs\/logo-kur-new-2-krautru\u0308ben-riihuetksh3617ot2qfckput7qraj4515utsgzn9fy.avif')\">\n\n\t\t\t\n\t\t\t\t\t<\/div>\n\t\t\t\t\t\t\t\t<\/div>\n\t\t\t\t\t\t\t\t\t\t\t<div class=\"swiper-slide\" role=\"group\" aria-roledescription=\"slide\">\n\t\t\t\t\t\t\t\t\t<div class=\"elementor-carousel-image\" role=\"img\" aria-label=\"Food&amp;Farm\" style=\"background-image: url('https:\/\/bio-balkon.de\/wp-content\/uploads\/elementor\/thumbs\/FoodFarm-riihsh9iqqfy62hucwcyg7ep98a4pigw8ajuyiie7u.avif')\">\n\n\t\t\t\n\t\t\t\t\t<\/div>\n\t\t\t\t\t\t\t\t<\/div>\n\t\t\t\t\t\t\t\t\t\t\t<div class=\"swiper-slide\" role=\"group\" aria-roledescription=\"slide\">\n\t\t\t\t\t\t\t\t\t<div class=\"elementor-carousel-image\" role=\"img\" aria-label=\"Slow Food Germany e.V. 21617998_1431628343587616_5181109350505202711_n\" style=\"background-image: url('https:\/\/bio-balkon.de\/wp-content\/uploads\/elementor\/thumbs\/Slow-Food-Deutschland-e.V.-21617998_1431628343587616_5181109350505202711_n-riihqpchu00g8l2oq4qbqnjcv11663f5bi6ubp56xo.avif')\">\n\n\t\t\t\n\t\t\t\t\t<\/div>\n\t\t\t\t\t\t\t\t<\/div>\n\t\t\t\t\t\t\t\t\t\t\t<div class=\"swiper-slide\" role=\"group\" aria-roledescription=\"slide\">\n\t\t\t\t\t\t\t\t\t<div class=\"elementor-carousel-image\" role=\"img\" aria-label=\"Berlin Week\" style=\"background-image: url('https:\/\/bio-balkon.de\/wp-content\/uploads\/elementor\/thumbs\/Berliner-Woche-riihz40iynis30v1mrk71j5s53ld0mspt496usofa4.avif')\">\n\n\t\t\t\n\t\t\t\t\t<\/div>\n\t\t\t\t\t\t\t\t<\/div>\n\t\t\t\t\t\t\t\t\t\t\t<div class=\"swiper-slide\" role=\"group\" aria-roledescription=\"slide\">\n\t\t\t\t\t\t\t\t\t<div class=\"elementor-carousel-image\" role=\"img\" aria-label=\"Garden design inspiration\" style=\"background-image: url('https:\/\/bio-balkon.de\/wp-content\/uploads\/elementor\/thumbs\/Gartendesign-Inspiration-riihsl0vi2l3gicdqxzgq6gjmrrlkavtkt5svmcu10.avif')\">\n\n\t\t\t\n\t\t\t\t\t<\/div>\n\t\t\t\t\t\t\t\t<\/div>\n\t\t\t\t\t\t\t\t\t\t\t<div class=\"swiper-slide\" role=\"group\" aria-roledescription=\"slide\">\n\t\t\t\t\t\t\t\t\t<div class=\"elementor-carousel-image\" role=\"img\" aria-label=\"Raw evolution\" style=\"background-image: url('https:\/\/bio-balkon.de\/wp-content\/uploads\/elementor\/thumbs\/Rohvolution-riihqwv7coaqtgrri7zcaln1m403vo900jeq5wu0rk.avif')\">\n\n\t\t\t\n\t\t\t\t\t<\/div>\n\t\t\t\t\t\t\t\t<\/div>\n\t\t\t\t\t\t\t\t\t\t\t<div class=\"swiper-slide\" role=\"group\" aria-roledescription=\"slide\">\n\t\t\t\t\t\t\t\t\t<div class=\"elementor-carousel-image\" role=\"img\" aria-label=\"mygreenhome\" style=\"background-image: url('https:\/\/bio-balkon.de\/wp-content\/uploads\/elementor\/thumbs\/mygreenhome-otcho3s1zsnzbewnjyij8izsg6uay8l3kc8jng87ow.png')\">\n\n\t\t\t\n\t\t\t\t\t<\/div>\n\t\t\t\t\t\t\t\t<\/div>\n\t\t\t\t\t\t\t\t\t\t\t<div class=\"swiper-slide\" role=\"group\" aria-roledescription=\"slide\">\n\t\t\t\t\t\t\t\t\t<div class=\"elementor-carousel-image\" role=\"img\" aria-label=\"TheMagazine\" style=\"background-image: url('https:\/\/bio-balkon.de\/wp-content\/uploads\/elementor\/thumbs\/DasMagazin-rifbrkb4hb4fr9446iyhg2ep7ovxn28miuj5ogwrc6.png')\">\n\n\t\t\t\n\t\t\t\t\t<\/div>\n\t\t\t\t\t\t\t\t<\/div>\n\t\t\t\t\t\t\t\t\t\t\t<div class=\"swiper-slide\" role=\"group\" aria-roledescription=\"slide\">\n\t\t\t\t\t\t\t\t\t<div class=\"elementor-carousel-image\" role=\"img\" aria-label=\"UnternehmensGr\u00fcn logo_unternehmensgruen\" style=\"background-image: url('https:\/\/bio-balkon.de\/wp-content\/uploads\/elementor\/thumbs\/UnternehmensGru\u0308n-logo_unternehmensgruen-riihq7hk85c03zsmmf0exa1lkph73ug8x1sm7fvnpa.avif')\">\n\n\t\t\t\n\t\t\t\t\t<\/div>\n\t\t\t\t\t\t\t\t<\/div>\n\t\t\t\t\t\t\t\t\t\t\t<div class=\"swiper-slide\" role=\"group\" aria-roledescription=\"slide\">\n\t\t\t\t\t\t\t\t\t<div class=\"elementor-carousel-image\" role=\"img\" aria-label=\"wa-up-to-date\" style=\"background-image: url('https:\/\/bio-balkon.de\/wp-content\/uploads\/elementor\/thumbs\/wa-aktuell-rii0zqtjswlupiwmkzyrsb3qryxvjspqr4uyst5obg.avif')\">\n\n\t\t\t\n\t\t\t\t\t<\/div>\n\t\t\t\t\t\t\t\t<\/div>\n\t\t\t\t\t\t\t\t\t\t\t<div class=\"swiper-slide\" role=\"group\" aria-roledescription=\"slide\">\n\t\t\t\t\t\t\t\t\t<div class=\"elementor-carousel-image\" role=\"img\" aria-label=\"TASPO_NEW_outline\" style=\"background-image: url('https:\/\/bio-balkon.de\/wp-content\/uploads\/elementor\/thumbs\/TASPO-riihqfy3xnnl0hgc90o21pwqx6bi14dty7nzixj3va.avif')\">\n\n\t\t\t\n\t\t\t\t\t<\/div>\n\t\t\t\t\t\t\t\t<\/div>\n\t\t\t\t\t\t\t\t\t\t\t<div class=\"swiper-slide\" role=\"group\" aria-roledescription=\"slide\">\n\t\t\t\t\t\t\t\t\t<div class=\"elementor-carousel-image\" role=\"img\" aria-label=\"OLV\" style=\"background-image: url('https:\/\/bio-balkon.de\/wp-content\/uploads\/elementor\/thumbs\/OLV-riihr3g2oijr2qi7fstqa1z9rt3odjz4dfz4iuka6i.avif')\">\n\n\t\t\t\n\t\t\t\t\t<\/div>\n\t\t\t\t\t\t\t\t<\/div>\n\t\t\t\t\t\t\t\t\t\t\t<div class=\"swiper-slide\" role=\"group\" aria-roledescription=\"slide\">\n\t\t\t\t\t\t\t\t\t<div class=\"elementor-carousel-image\" role=\"img\" aria-label=\"gruen magazine\" style=\"background-image: url('https:\/\/bio-balkon.de\/wp-content\/uploads\/elementor\/thumbs\/gruen-Zeitschrift-rii0zo018ehzqp0q1gqw2ttcztbrwpejqqwicz9u9a.avif')\">\n\n\t\t\t\n\t\t\t\t\t<\/div>\n\t\t\t\t\t\t\t\t<\/div>\n\t\t\t\t\t\t\t\t\t\t\t<div class=\"swiper-slide\" role=\"group\" aria-roledescription=\"slide\">\n\t\t\t\t\t\t\t\t\t<div class=\"elementor-carousel-image\" role=\"img\" aria-label=\"rabe ralf\" style=\"background-image: url('https:\/\/bio-balkon.de\/wp-content\/uploads\/elementor\/thumbs\/rabe-ralf-rii0zelnc254iledkcomdw6r1ym3rqd8dgdnk7nrzi.avif')\">\n\n\t\t\t\n\t\t\t\t\t<\/div>\n\t\t\t\t\t\t\t\t<\/div>\n\t\t\t\t\t\t\t\t\t\t\t<div class=\"swiper-slide\" role=\"group\" aria-roledescription=\"slide\">\n\t\t\t\t\t\t\t\t\t<div class=\"elementor-carousel-image\" role=\"img\" aria-label=\"Quicumque\" style=\"background-image: url('https:\/\/bio-balkon.de\/wp-content\/uploads\/elementor\/thumbs\/Quicumque-rii0z653mjtjm3qnxr0z9gblphrsugfncaia8q0bck.avif')\">\n\n\t\t\t\n\t\t\t\t\t<\/div>\n\t\t\t\t\t\t\t\t<\/div>\n\t\t\t\t\t\t\t\t\t\t\t<div class=\"swiper-slide\" role=\"group\" aria-roledescription=\"slide\">\n\t\t\t\t\t\t\t\t\t<div class=\"elementor-carousel-image\" role=\"img\" aria-label=\"green_world_tour_logo Autarkia\" style=\"background-image: url('https:\/\/bio-balkon.de\/wp-content\/uploads\/elementor\/thumbs\/green_world_tour_logo-Autarkia-rii0z0i2hjltofyuuol7uhqu56jlk9t9bildd28opk.avif')\">\n\n\t\t\t\n\t\t\t\t\t<\/div>\n\t\t\t\t\t\t\t\t<\/div>\n\t\t\t\t\t\t\t\t\t<\/div>\n\t\t\t\t\t\t\t\t\t\t\t\t\t\t\t<div class=\"elementor-swiper-button elementor-swiper-button-prev\" role=\"button\" tabindex=\"0\" aria-label=\"Previous\">\n\t\t\t\t\t\t\t<svg aria-hidden=\"true\" class=\"e-font-icon-svg e-eicon-chevron-left\" viewBox=\"0 0 1000 1000\"><path d=\"M646 125C629 125 613 133 604 142L308 442C296 454 292 471 292 487 292 504 296 521 308 533L604 854C617 867 629 875 646 875 663 875 679 871 692 858 704 846 713 829 713 812 713 796 708 779 692 767L438 487 692 225C700 217 708 204 708 187 708 171 704 154 692 142 675 129 663 125 646 125Z\" \/><\/svg>\t\t\t\t\t\t<\/div>\n\t\t\t\t\t\t<div class=\"elementor-swiper-button elementor-swiper-button-next\" role=\"button\" tabindex=\"0\" aria-label=\"Next\">\n\t\t\t\t\t\t\t<svg aria-hidden=\"true\" class=\"e-font-icon-svg e-eicon-chevron-right\" viewBox=\"0 0 1000 1000\"><path d=\"M696 533C708 521 713 504 713 487 713 471 708 454 696 446L400 146C388 133 375 125 354 125 338 125 325 129 313 142 300 154 292 171 292 187 292 204 296 221 308 233L563 492 304 771C292 783 288 800 288 817 288 833 296 850 308 863 321 871 338 875 354 875 371 875 388 867 400 854L696 533Z\" \/><\/svg>\t\t\t\t\t\t<\/div>\n\t\t\t\t\t\t\t\t\t\t\t\t\t\t\t\t\t<\/div>\n\t\t\t\t\t\t\t\t<\/div>\n\t\t\t\t\t<\/div>\n\t\t\t\t<\/div>\n\t\t<div class=\"elementor-element elementor-element-474a328 e-flex e-con-boxed e-con e-child\" data-id=\"474a328\" data-element_type=\"container\" data-e-type=\"container\" data-settings=\"{&quot;background_background&quot;:&quot;classic&quot;}\">\n\t\t\t\t\t<div class=\"e-con-inner\">\n\t\t\t\t<div class=\"elementor-element elementor-element-7b0224b elementor-widget elementor-widget-heading\" data-id=\"7b0224b\" data-element_type=\"widget\" data-e-type=\"widget\" data-widget_type=\"heading.default\">\n\t\t\t\t\t<h2 class=\"elementor-heading-title elementor-size-default\">All con\u00adtents at a glan\u00adce<\/h2>\t\t\t\t<\/div>\n\t\t<div class=\"elementor-element elementor-element-0c81c4d e-grid e-con-boxed e-con e-child\" data-id=\"0c81c4d\" data-element_type=\"container\" data-e-type=\"container\">\n\t\t\t\t\t<div class=\"e-con-inner\">\n\t\t\t\t<div class=\"elementor-element elementor-element-5507722 elementor-view-default elementor-position-block-start elementor-mobile-position-block-start elementor-widget elementor-widget-icon-box\" data-id=\"5507722\" data-element_type=\"widget\" data-e-type=\"widget\" data-widget_type=\"icon-box.default\">\n\t\t\t\t\t\t\t<div class=\"elementor-icon-box-wrapper\">\n\n\t\t\t\t\t\t<div class=\"elementor-icon-box-icon\">\n\t\t\t\t<span class=\"elementor-icon\">\n\t\t\t\t<svg aria-hidden=\"true\" class=\"e-font-icon-svg e-fas-key\" viewBox=\"0 0 512 512\"><path d=\"M512 176.001C512 273.203 433.202 352 336 352c-11.22 0-22.19-1.062-32.827-3.069l-24.012 27.014A23.999 23.999 0 0 1 261.223 384H224v40c0 13.255-10.745 24-24 24h-40v40c0 13.255-10.745 24-24 24H24c-13.255 0-24-10.745-24-24v-78.059c0-6.365 2.529-12.47 7.029-16.971l161.802-161.802C163.108 213.814 160 195.271 160 176 160 78.798 238.797.001 335.999 0 433.488-.001 512 78.511 512 176.001zM336 128c0 26.51 21.49 48 48 48s48-21.49 48-48-21.49-48-48-48-48 21.49-48 48z\" \/><\/svg>\t\t\t\t<\/span>\n\t\t\t<\/div>\n\t\t\t\n\t\t\t\t\t\t<div class=\"elementor-icon-box-content\">\n\n\t\t\t\t\t\t\t\t\t<p class=\"elementor-icon-box-title\">\n\t\t\t\t\t\t<span>\n\t\t\t\t\t\t\tAll con\u00adtri\u00adbu\u00adti\u00adons\t\t\t\t\t\t<\/span>\n\t\t\t\t\t<\/p>\n\t\t\t\t\n\t\t\t\t\t\t\t\t\t<p class=\"elementor-icon-box-description\">\n\t\t\t\t\t\tAccess to the exclu\u00adsi\u00adve mem\u00adber area with stream and down\u00adload opti\u00adon (video + audio)\t\t\t\t\t<\/p>\n\t\t\t\t\n\t\t\t<\/div>\n\t\t\t\n\t\t<\/div>\n\t\t\t\t\t\t<\/div>\n\t\t\t\t<div class=\"elementor-element elementor-element-9ffce72 elementor-view-default elementor-position-block-start elementor-mobile-position-block-start elementor-widget elementor-widget-icon-box\" data-id=\"9ffce72\" data-element_type=\"widget\" data-e-type=\"widget\" data-widget_type=\"icon-box.default\">\n\t\t\t\t\t\t\t<div class=\"elementor-icon-box-wrapper\">\n\n\t\t\t\t\t\t<div class=\"elementor-icon-box-icon\">\n\t\t\t\t<span class=\"elementor-icon\">\n\t\t\t\t<svg aria-hidden=\"true\" class=\"e-font-icon-svg e-fas-percentage\" viewBox=\"0 0 384 512\"><path d=\"M109.25 173.25c24.99-24.99 24.99-65.52 0-90.51-24.99-24.99-65.52-24.99-90.51 0-24.99 24.99-24.99 65.52 0 90.51 25 25 65.52 25 90.51 0zm256 165.49c-24.99-24.99-65.52-24.99-90.51 0-24.99 24.99-24.99 65.52 0 90.51 24.99 24.99 65.52 24.99 90.51 0 25-24.99 25-65.51 0-90.51zm-1.94-231.43l-22.62-22.62c-12.5-12.5-32.76-12.5-45.25 0L20.69 359.44c-12.5 12.5-12.5 32.76 0 45.25l22.62 22.62c12.5 12.5 32.76 12.5 45.25 0l274.75-274.75c12.5-12.49 12.5-32.75 0-45.25z\" \/><\/svg>\t\t\t\t<\/span>\n\t\t\t<\/div>\n\t\t\t\n\t\t\t\t\t\t<div class=\"elementor-icon-box-content\">\n\n\t\t\t\t\t\t\t\t\t<p class=\"elementor-icon-box-title\">\n\t\t\t\t\t\t<span>\n\t\t\t\t\t\t\tRefe\u00adrence addres\u00adses\t\t\t\t\t\t<\/span>\n\t\t\t\t\t<\/p>\n\t\t\t\t\n\t\t\t\t\t\t\t\t\t<p class=\"elementor-icon-box-description\">\n\t\t\t\t\t\tPlants, seeds, recom\u00admen\u00adda\u00adti\u00adons inclu\u00adding dis\u00adcount codes\t\t\t\t\t<\/p>\n\t\t\t\t\n\t\t\t<\/div>\n\t\t\t\n\t\t<\/div>\n\t\t\t\t\t\t<\/div>\n\t\t\t\t<div class=\"elementor-element elementor-element-891c522 elementor-view-default elementor-position-block-start elementor-mobile-position-block-start elementor-widget elementor-widget-icon-box\" data-id=\"891c522\" data-element_type=\"widget\" data-e-type=\"widget\" data-widget_type=\"icon-box.default\">\n\t\t\t\t\t\t\t<div class=\"elementor-icon-box-wrapper\">\n\n\t\t\t\t\t\t<div class=\"elementor-icon-box-icon\">\n\t\t\t\t<span class=\"elementor-icon\">\n\t\t\t\t<svg aria-hidden=\"true\" class=\"e-font-icon-svg e-fas-plus\" viewBox=\"0 0 448 512\"><path d=\"M416 208H272V64c0-17.67-14.33-32-32-32h-32c-17.67 0-32 14.33-32 32v144H32c-17.67 0-32 14.33-32 32v32c0 17.67 14.33 32 32 32h144v144c0 17.67 14.33 32 32 32h32c17.67 0 32-14.33 32-32V304h144c17.67 0 32-14.33 32-32v-32c0-17.67-14.33-32-32-32z\" \/><\/svg>\t\t\t\t<\/span>\n\t\t\t<\/div>\n\t\t\t\n\t\t\t\t\t\t<div class=\"elementor-icon-box-content\">\n\n\t\t\t\t\t\t\t\t\t<p class=\"elementor-icon-box-title\">\n\t\t\t\t\t\t<span>\n\t\t\t\t\t\t\tBonus 1\t\t\t\t\t\t<\/span>\n\t\t\t\t\t<\/p>\n\t\t\t\t\n\t\t\t\t\t\t\t\t\t<p class=\"elementor-icon-box-description\">\n\t\t\t\t\t\tLet the flowers do it \u2014 sel\u00adec\u00adtion of inde\u00adpen\u00addent plants by Sig\u00adrid Tinz\t\t\t\t\t<\/p>\n\t\t\t\t\n\t\t\t<\/div>\n\t\t\t\n\t\t<\/div>\n\t\t\t\t\t\t<\/div>\n\t\t\t\t<div class=\"elementor-element elementor-element-574a40d elementor-view-default elementor-position-block-start elementor-mobile-position-block-start elementor-widget elementor-widget-icon-box\" data-id=\"574a40d\" data-element_type=\"widget\" data-e-type=\"widget\" data-widget_type=\"icon-box.default\">\n\t\t\t\t\t\t\t<div class=\"elementor-icon-box-wrapper\">\n\n\t\t\t\t\t\t<div class=\"elementor-icon-box-icon\">\n\t\t\t\t<span class=\"elementor-icon\">\n\t\t\t\t<svg aria-hidden=\"true\" class=\"e-font-icon-svg e-fas-plus\" viewBox=\"0 0 448 512\"><path d=\"M416 208H272V64c0-17.67-14.33-32-32-32h-32c-17.67 0-32 14.33-32 32v144H32c-17.67 0-32 14.33-32 32v32c0 17.67 14.33 32 32 32h144v144c0 17.67 14.33 32 32 32h32c17.67 0 32-14.33 32-32V304h144c17.67 0 32-14.33 32-32v-32c0-17.67-14.33-32-32-32z\" \/><\/svg>\t\t\t\t<\/span>\n\t\t\t<\/div>\n\t\t\t\n\t\t\t\t\t\t<div class=\"elementor-icon-box-content\">\n\n\t\t\t\t\t\t\t\t\t<p class=\"elementor-icon-box-title\">\n\t\t\t\t\t\t<span>\n\t\t\t\t\t\t\tBonus 2\t\t\t\t\t\t<\/span>\n\t\t\t\t\t<\/p>\n\t\t\t\t\n\t\t\t\t\t\t\t\t\t<p class=\"elementor-icon-box-description\">\n\t\t\t\t\t\tAnbau\u00adplan f\u00fcr Win\u00adter\u00adge\u00adm\u00fc\u00adse: Aus\u00adsaat \u2014 Pflan\u00adzung \u2014 Ern\u00adte\t\t\t\t\t<\/p>\n\t\t\t\t\n\t\t\t<\/div>\n\t\t\t\n\t\t<\/div>\n\t\t\t\t\t\t<\/div>\n\t\t\t\t\t<\/div>\n\t\t\t\t<\/div>\n\t\t\t\t\t<\/div>\n\t\t\t\t<\/div>\n\t\t<div class=\"elementor-element elementor-element-ae30aec e-flex e-con-boxed e-con e-child\" data-id=\"ae30aec\" data-element_type=\"container\" data-e-type=\"container\" data-settings=\"{&quot;background_background&quot;:&quot;classic&quot;}\">\n\t\t\t\t\t<div class=\"e-con-inner\">\n\t\t\t\t<div class=\"elementor-element elementor-element-65e2f58 elementor-widget__width-initial elementor-widget elementor-widget-heading\" data-id=\"65e2f58\" data-element_type=\"widget\" data-e-type=\"widget\" data-widget_type=\"heading.default\">\n\t\t\t\t\t<h2 class=\"elementor-heading-title elementor-size-default\">Spea\u00adk\u00aders &amp; Topics<\/h2>\t\t\t\t<\/div>\n\t\t<div class=\"elementor-element elementor-element-ef0f210 e-grid e-con-boxed e-con e-child\" data-id=\"ef0f210\" data-element_type=\"container\" data-e-type=\"container\">\n\t\t\t\t\t<div class=\"e-con-inner\">\n\t\t\t\t<div class=\"elementor-element elementor-element-92fe524 elementor-position-top elementor-widget elementor-widget-image-box\" data-id=\"92fe524\" data-element_type=\"widget\" data-e-type=\"widget\" data-widget_type=\"image-box.default\">\n\t\t\t\t\t<div class=\"elementor-image-box-wrapper\"><figure class=\"elementor-image-box-img\"><a href=\"https:\/\/bio-balkon.de\/en\/experts\/heinrich-stroessenreuther\/\" tabindex=\"-1\"><img loading=\"lazy\" decoding=\"async\" width=\"150\" height=\"150\" src=\"https:\/\/bio-balkon.de\/wp-content\/uploads\/2025\/08\/Heinrich-Stroessenreuther-2-150x150.avif\" class=\"attachment-thumbnail size-thumbnail wp-image-81903\" alt=\"Policy Advisor, Serial NGO-Founder Dr. Heinrich St\u00f6\u00dfenreuther spricht beim Online Bio-Balkon-Kongress\" srcset=\"https:\/\/bio-balkon.de\/wp-content\/uploads\/2025\/08\/Heinrich-Stroessenreuther-2-150x150.avif 150w, https:\/\/bio-balkon.de\/wp-content\/uploads\/2025\/08\/Heinrich-Stroessenreuther-2-300x300.avif 300w, https:\/\/bio-balkon.de\/wp-content\/uploads\/2025\/08\/Heinrich-Stroessenreuther-2-768x768.avif 768w, https:\/\/bio-balkon.de\/wp-content\/uploads\/2025\/08\/Heinrich-Stroessenreuther-2-12x12.avif 12w, https:\/\/bio-balkon.de\/wp-content\/uploads\/2025\/08\/Heinrich-Stroessenreuther-2.avif 1000w\" sizes=\"auto, (max-width: 150px) 100vw, 150px\"><\/a><\/figure><div class=\"elementor-image-box-content\"><h6 class=\"elementor-image-box-title\"><a href=\"https:\/\/bio-balkon.de\/en\/experts\/heinrich-stroessenreuther\/\">Hein\u00adrich Str\u00f6\u00ad\u00dfen\u00adreu\u00adther<\/a><\/h6><p class=\"elementor-image-box-description\">Per Baum\u00adEnt\u00adscheid f\u00fcr Mil\u00adlio\u00adnen Kleinst\u00adbio\u00adto\u00adpe und Mini-Schre\u00adber\u00adg\u00e4r\u00adten\ndirekt am Baum vor der T\u00fcr sor\u00adgen<\/p><\/div><\/div>\t\t\t\t<\/div>\n\t\t\t\t<div class=\"elementor-element elementor-element-a72ee22 elementor-position-top elementor-widget elementor-widget-image-box\" data-id=\"a72ee22\" data-element_type=\"widget\" data-e-type=\"widget\" data-widget_type=\"image-box.default\">\n\t\t\t\t\t<div class=\"elementor-image-box-wrapper\"><figure class=\"elementor-image-box-img\"><a href=\"https:\/\/bio-balkon.de\/en\/experts\/dany-kroll-2\/\" tabindex=\"-1\"><img loading=\"lazy\" decoding=\"async\" width=\"150\" height=\"150\" src=\"https:\/\/bio-balkon.de\/wp-content\/uploads\/2023\/12\/Dany-Kroll--150x150.avif\" class=\"attachment-thumbnail size-thumbnail wp-image-64077\" alt=\"At the Online Organic Balcony Congress, Dany Kroll presents experiences with plants and watering methods that have proven successful on hot city balconies.\" srcset=\"https:\/\/bio-balkon.de\/wp-content\/uploads\/2023\/12\/Dany-Kroll--150x150.avif 150w, https:\/\/bio-balkon.de\/wp-content\/uploads\/2023\/12\/Dany-Kroll--300x300.avif 300w, https:\/\/bio-balkon.de\/wp-content\/uploads\/2023\/12\/Dany-Kroll--768x768.avif 768w, https:\/\/bio-balkon.de\/wp-content\/uploads\/2023\/12\/Dany-Kroll-.avif 923w\" sizes=\"auto, (max-width: 150px) 100vw, 150px\"><\/a><\/figure><div class=\"elementor-image-box-content\"><h6 class=\"elementor-image-box-title\"><a href=\"https:\/\/bio-balkon.de\/en\/experts\/dany-kroll-2\/\">Dany Kroll<\/a><\/h6><p class=\"elementor-image-box-description\">\u201cBon\u00adsai-Phi\u00adlo\u00adso\u00adphie\u201d f\u00fcr Geh\u00f6l\u00adze &amp; Co. in Kas\u00adten, Topf und K\u00fcbel auf Bal\u00adko\u00adni\u00aden \u00e1 la Dany<\/p><\/div><\/div>\t\t\t\t<\/div>\n\t\t\t\t<div class=\"elementor-element elementor-element-86f4db7 elementor-position-top elementor-widget elementor-widget-image-box\" data-id=\"86f4db7\" data-element_type=\"widget\" data-e-type=\"widget\" data-widget_type=\"image-box.default\">\n\t\t\t\t\t<div class=\"elementor-image-box-wrapper\"><figure class=\"elementor-image-box-img\"><a href=\"https:\/\/bio-balkon.de\/en\/experts\/andrea-wutschig\/\" tabindex=\"-1\"><img loading=\"lazy\" decoding=\"async\" width=\"150\" height=\"150\" src=\"https:\/\/bio-balkon.de\/wp-content\/uploads\/2025\/08\/Andrea-Wutschig-150x150.avif\" class=\"attachment-thumbnail size-thumbnail wp-image-82141\" alt=\"Balkon-Praktikerin Andrea Wutschig stellt ihre Balkone beim Online Bio-Balkon-Kongress vor.\"><\/a><\/figure><div class=\"elementor-image-box-content\"><h6 class=\"elementor-image-box-title\"><a href=\"https:\/\/bio-balkon.de\/en\/experts\/andrea-wutschig\/\">Andrea Wut\u00adschig<\/a><\/h6><p class=\"elementor-image-box-description\">Ich hat\u00adte kei\u00adnen gr\u00fc\u00adnen Dau\u00admen\n<\/p><\/div><\/div>\t\t\t\t<\/div>\n\t\t\t\t<div class=\"elementor-element elementor-element-6b4e274 elementor-position-top elementor-widget elementor-widget-image-box\" data-id=\"6b4e274\" data-element_type=\"widget\" data-e-type=\"widget\" data-widget_type=\"image-box.default\">\n\t\t\t\t\t<div class=\"elementor-image-box-wrapper\"><figure class=\"elementor-image-box-img\"><a href=\"https:\/\/bio-balkon.de\/en\/experts\/gerd-meyer\/\" tabindex=\"-1\"><img loading=\"lazy\" decoding=\"async\" width=\"150\" height=\"150\" src=\"https:\/\/bio-balkon.de\/wp-content\/uploads\/2025\/07\/Gerd-Meyer-150x150.avif\" class=\"attachment-thumbnail size-thumbnail wp-image-81504\" alt=\"Gerd Meyer, der Chef der G\u00e4rtnerei Botanik in Wei\u00dfenburg, stellt beim Online Bio-Balkon-Kongress Maulbeeren und Wei\u00dfdorn vor\" srcset=\"https:\/\/bio-balkon.de\/wp-content\/uploads\/2025\/07\/Gerd-Meyer-150x150.avif 150w, https:\/\/bio-balkon.de\/wp-content\/uploads\/2025\/07\/Gerd-Meyer-300x300.avif 300w, https:\/\/bio-balkon.de\/wp-content\/uploads\/2025\/07\/Gerd-Meyer-768x768.avif 768w, https:\/\/bio-balkon.de\/wp-content\/uploads\/2025\/07\/Gerd-Meyer-12x12.avif 12w, https:\/\/bio-balkon.de\/wp-content\/uploads\/2025\/07\/Gerd-Meyer.avif 1000w\" sizes=\"auto, (max-width: 150px) 100vw, 150px\"><\/a><\/figure><div class=\"elementor-image-box-content\"><h6 class=\"elementor-image-box-title\"><a href=\"https:\/\/bio-balkon.de\/en\/experts\/gerd-meyer\/\">Gerd Mey\u00ader <\/a><\/h6><p class=\"elementor-image-box-description\">Bota\u00adnik in Wei\u00ad\u00dfen\u00adburg \u2014 Maul\u00adbee\u00adren im K\u00fcbel anbau\u00aden<\/p><\/div><\/div>\t\t\t\t<\/div>\n\t\t\t\t<div class=\"elementor-element elementor-element-5b00a6e elementor-position-top elementor-widget elementor-widget-image-box\" data-id=\"5b00a6e\" data-element_type=\"widget\" data-e-type=\"widget\" data-widget_type=\"image-box.default\">\n\t\t\t\t\t<div class=\"elementor-image-box-wrapper\"><figure class=\"elementor-image-box-img\"><a href=\"https:\/\/bio-balkon.de\/en\/experts\/richard-hamann\/\" tabindex=\"-1\"><img loading=\"lazy\" decoding=\"async\" width=\"150\" height=\"150\" src=\"https:\/\/bio-balkon.de\/wp-content\/uploads\/2025\/07\/Richard-Hamann-150x150.webp\" class=\"attachment-thumbnail size-thumbnail wp-image-81387\" alt=\"Kiwi-Z\u00fcchter spricht beim Online Bio-Balkon-Kongress zum Anbau von Kiwi im K\u00fcbel.\" srcset=\"https:\/\/bio-balkon.de\/wp-content\/uploads\/2025\/07\/Richard-Hamann-150x150.webp 150w, https:\/\/bio-balkon.de\/wp-content\/uploads\/2025\/07\/Richard-Hamann-300x300.webp 300w, https:\/\/bio-balkon.de\/wp-content\/uploads\/2025\/07\/Richard-Hamann-12x12.webp 12w, https:\/\/bio-balkon.de\/wp-content\/uploads\/2025\/07\/Richard-Hamann.webp 720w\" sizes=\"auto, (max-width: 150px) 100vw, 150px\"><\/a><\/figure><div class=\"elementor-image-box-content\"><h6 class=\"elementor-image-box-title\"><a href=\"https:\/\/bio-balkon.de\/en\/experts\/richard-hamann\/\">Richard Hamann <\/a><\/h6><p class=\"elementor-image-box-description\">Frost\u00adhar\u00adte Kiwi\u00adbee\u00adren f\u00fcr den Anbau im K\u00fcbel in Fami\u00adli\u00aden\u00adtra\u00addi\u00adti\u00adon<\/p><\/div><\/div>\t\t\t\t<\/div>\n\t\t\t\t<div class=\"elementor-element elementor-element-d46a4c6 elementor-position-top elementor-widget elementor-widget-image-box\" data-id=\"d46a4c6\" data-element_type=\"widget\" data-e-type=\"widget\" data-widget_type=\"image-box.default\">\n\t\t\t\t\t<div class=\"elementor-image-box-wrapper\"><figure class=\"elementor-image-box-img\"><a href=\"https:\/\/bio-balkon.de\/en\/experts\/christine-rauch-2\/\" tabindex=\"-1\"><img loading=\"lazy\" decoding=\"async\" width=\"150\" height=\"150\" src=\"https:\/\/bio-balkon.de\/wp-content\/uploads\/2025\/03\/Christine-Rauch-Buch--150x150.avif\" class=\"attachment-thumbnail size-thumbnail wp-image-78113\" alt=\"Wild plant expert Christine Rauch speaks at the Online Organic Balcony Congress\" srcset=\"https:\/\/bio-balkon.de\/wp-content\/uploads\/2025\/03\/Christine-Rauch-Buch--150x150.avif 150w, https:\/\/bio-balkon.de\/wp-content\/uploads\/2025\/03\/Christine-Rauch-Buch--300x300.avif 300w, https:\/\/bio-balkon.de\/wp-content\/uploads\/2025\/03\/Christine-Rauch-Buch--768x768.avif 768w, https:\/\/bio-balkon.de\/wp-content\/uploads\/2025\/03\/Christine-Rauch-Buch--12x12.avif 12w, https:\/\/bio-balkon.de\/wp-content\/uploads\/2025\/03\/Christine-Rauch-Buch-.avif 1000w\" sizes=\"auto, (max-width: 150px) 100vw, 150px\"><\/a><\/figure><div class=\"elementor-image-box-content\"><h6 class=\"elementor-image-box-title\"><a href=\"https:\/\/bio-balkon.de\/en\/experts\/christine-rauch-2\/\">Chris\u00adti\u00adne Rauch<\/a><\/h6><p class=\"elementor-image-box-description\">Die Top 10 Wild\u00adobst\u00adar\u00adten von SURVIVAL SIGLINDE<\/p><\/div><\/div>\t\t\t\t<\/div>\n\t\t\t\t<div class=\"elementor-element elementor-element-2df0875 elementor-position-top elementor-widget elementor-widget-image-box\" data-id=\"2df0875\" data-element_type=\"widget\" data-e-type=\"widget\" data-widget_type=\"image-box.default\">\n\t\t\t\t\t<div class=\"elementor-image-box-wrapper\"><figure class=\"elementor-image-box-img\"><a href=\"https:\/\/bio-balkon.de\/en\/experts\/doris-kampas-5\/\" tabindex=\"-1\"><img loading=\"lazy\" decoding=\"async\" width=\"150\" height=\"150\" src=\"https:\/\/bio-balkon.de\/wp-content\/uploads\/2021\/01\/Doris-Kampas-150x150.avif\" class=\"attachment-thumbnail size-thumbnail wp-image-19814\" alt=\"Doris Kampas is the expert for raised beds.\" srcset=\"https:\/\/bio-balkon.de\/wp-content\/uploads\/2021\/01\/Doris-Kampas-150x150.avif 150w, https:\/\/bio-balkon.de\/wp-content\/uploads\/2021\/01\/Doris-Kampas.avif 225w\" sizes=\"auto, (max-width: 150px) 100vw, 150px\"><\/a><\/figure><div class=\"elementor-image-box-content\"><h6 class=\"elementor-image-box-title\"><a href=\"https:\/\/bio-balkon.de\/en\/experts\/doris-kampas-5\/\">Doris Kam\u00adpas<\/a><\/h6><p class=\"elementor-image-box-description\">Win\u00adter\u00adge\u00adm\u00fc\u00adse im K\u00fcbel \u2014 was noch aus\u00ads\u00e4\u00aden und pflan\u00adzen?<\/p><\/div><\/div>\t\t\t\t<\/div>\n\t\t\t\t<div class=\"elementor-element elementor-element-aa28277 elementor-position-top elementor-widget elementor-widget-image-box\" data-id=\"aa28277\" data-element_type=\"widget\" data-e-type=\"widget\" data-widget_type=\"image-box.default\">\n\t\t\t\t\t<div class=\"elementor-image-box-wrapper\"><figure class=\"elementor-image-box-img\"><a href=\"https:\/\/bio-balkon.de\/en\/experts\/dr-juergen-herler-9\/\" tabindex=\"-1\"><img loading=\"lazy\" decoding=\"async\" width=\"150\" height=\"150\" src=\"https:\/\/bio-balkon.de\/wp-content\/uploads\/2021\/09\/Ju\u0308rgen-Herler-66514387_10157587603165962_4336982083428679680_o-150x150.avif\" class=\"attachment-thumbnail size-thumbnail wp-image-33491\" alt=\"Here is the picture of the inventor and CEO of vertical beds for year-round vertical cultivation.\" srcset=\"https:\/\/bio-balkon.de\/wp-content\/uploads\/2021\/09\/Ju\u0308rgen-Herler-66514387_10157587603165962_4336982083428679680_o-150x150.avif 150w, https:\/\/bio-balkon.de\/wp-content\/uploads\/2021\/09\/Ju\u0308rgen-Herler-66514387_10157587603165962_4336982083428679680_o-300x300.avif 300w, https:\/\/bio-balkon.de\/wp-content\/uploads\/2021\/09\/Ju\u0308rgen-Herler-66514387_10157587603165962_4336982083428679680_o-1024x1024.avif 1024w, https:\/\/bio-balkon.de\/wp-content\/uploads\/2021\/09\/Ju\u0308rgen-Herler-66514387_10157587603165962_4336982083428679680_o-768x768.avif 768w, https:\/\/bio-balkon.de\/wp-content\/uploads\/2021\/09\/Ju\u0308rgen-Herler-66514387_10157587603165962_4336982083428679680_o-1320x1320.avif 1320w, https:\/\/bio-balkon.de\/wp-content\/uploads\/2021\/09\/Ju\u0308rgen-Herler-66514387_10157587603165962_4336982083428679680_o.avif 1412w\" sizes=\"auto, (max-width: 150px) 100vw, 150px\"><\/a><\/figure><div class=\"elementor-image-box-content\"><h6 class=\"elementor-image-box-title\"><a href=\"https:\/\/bio-balkon.de\/en\/experts\/dr-juergen-herler-9\/\">Dr. J\u00fcr\u00adgen Her\u00adler<\/a><\/h6><p class=\"elementor-image-box-description\">Obst in Ver\u00adti\u00adkal\u00adg\u00e4r\u00adten \u2014 Bei\u00adspie\u00adle aus der Pra\u00adxis<\/p><\/div><\/div>\t\t\t\t<\/div>\n\t\t\t\t<div class=\"elementor-element elementor-element-93469a9 elementor-position-top elementor-widget elementor-widget-image-box\" data-id=\"93469a9\" data-element_type=\"widget\" data-e-type=\"widget\" data-widget_type=\"image-box.default\">\n\t\t\t\t\t<div class=\"elementor-image-box-wrapper\"><figure class=\"elementor-image-box-img\"><a href=\"https:\/\/bio-balkon.de\/en\/experts\/juliane-schultze-christoph-skupin\/\" tabindex=\"-1\"><img loading=\"lazy\" decoding=\"async\" width=\"150\" height=\"150\" src=\"https:\/\/bio-balkon.de\/wp-content\/uploads\/2025\/09\/Juliane-Schultze-Christoph-Skupin-150x150.avif\" class=\"attachment-thumbnail size-thumbnail wp-image-83184\" alt=\"Juliane Schultze + Christoph Skupin von der Demeter Baumschule Rebstuhl sprechen beim Online Bio-Balkon-Kongress\" srcset=\"https:\/\/bio-balkon.de\/wp-content\/uploads\/2025\/09\/Juliane-Schultze-Christoph-Skupin-150x150.avif 150w, https:\/\/bio-balkon.de\/wp-content\/uploads\/2025\/09\/Juliane-Schultze-Christoph-Skupin-300x300.avif 300w, https:\/\/bio-balkon.de\/wp-content\/uploads\/2025\/09\/Juliane-Schultze-Christoph-Skupin-1024x1024.avif 1024w, https:\/\/bio-balkon.de\/wp-content\/uploads\/2025\/09\/Juliane-Schultze-Christoph-Skupin-768x768.avif 768w, https:\/\/bio-balkon.de\/wp-content\/uploads\/2025\/09\/Juliane-Schultze-Christoph-Skupin-1536x1536.avif 1536w, https:\/\/bio-balkon.de\/wp-content\/uploads\/2025\/09\/Juliane-Schultze-Christoph-Skupin-scaled.avif 2048w, https:\/\/bio-balkon.de\/wp-content\/uploads\/2025\/09\/Juliane-Schultze-Christoph-Skupin-12x12.avif 12w, https:\/\/bio-balkon.de\/wp-content\/uploads\/2025\/09\/Juliane-Schultze-Christoph-Skupin-1320x1320.avif 1320w\" sizes=\"auto, (max-width: 150px) 100vw, 150px\"><\/a><\/figure><div class=\"elementor-image-box-content\"><h6 class=\"elementor-image-box-title\"><a href=\"https:\/\/bio-balkon.de\/en\/experts\/juliane-schultze-christoph-skupin\/\">Julia\u00adne Schult\u00adze + Chris\u00adtoph Sku\u00adpin<\/a><\/h6><p class=\"elementor-image-box-description\">Vor\u00adstel\u00adlung der Deme\u00adter-Baum\u00adschu\u00adle Reb\u00adstuhl<\/p><\/div><\/div>\t\t\t\t<\/div>\n\t\t\t\t<div class=\"elementor-element elementor-element-b19921d elementor-position-top elementor-widget elementor-widget-image-box\" data-id=\"b19921d\" data-element_type=\"widget\" data-e-type=\"widget\" data-widget_type=\"image-box.default\">\n\t\t\t\t\t<div class=\"elementor-image-box-wrapper\"><figure class=\"elementor-image-box-img\"><a href=\"https:\/\/bio-balkon.de\/en\/experts\/sigrid-tinz-5\/\" tabindex=\"-1\"><img loading=\"lazy\" decoding=\"async\" width=\"150\" height=\"150\" src=\"https:\/\/bio-balkon.de\/wp-content\/uploads\/2023\/09\/Sigrid-Tinz-Experten-2023-150x150.avif\" class=\"attachment-thumbnail size-thumbnail wp-image-60184\" alt=\"Biodiversity expert Sigrid Tinz speaks at the Organic Balcony Congress\" srcset=\"https:\/\/bio-balkon.de\/wp-content\/uploads\/2023\/09\/Sigrid-Tinz-Experten-2023-150x150.avif 150w, https:\/\/bio-balkon.de\/wp-content\/uploads\/2023\/09\/Sigrid-Tinz-Experten-2023-300x300.avif 300w, https:\/\/bio-balkon.de\/wp-content\/uploads\/2023\/09\/Sigrid-Tinz-Experten-2023-768x768.avif 768w, https:\/\/bio-balkon.de\/wp-content\/uploads\/2023\/09\/Sigrid-Tinz-Experten-2023-12x12.avif 12w, https:\/\/bio-balkon.de\/wp-content\/uploads\/2023\/09\/Sigrid-Tinz-Experten-2023.avif 1000w\" sizes=\"auto, (max-width: 150px) 100vw, 150px\"><\/a><\/figure><div class=\"elementor-image-box-content\"><h6 class=\"elementor-image-box-title\"><a href=\"https:\/\/bio-balkon.de\/en\/experts\/sigrid-tinz-5\/\">Sig\u00adrid Tinz<\/a><\/h6><p class=\"elementor-image-box-description\">Wild\u00adnis auch auf dem Bal\u00adkon. Mit weni\u00adger Arbeit mehr Arten\u00adviel\u00adfalt erhal\u00adten<\/p><\/div><\/div>\t\t\t\t<\/div>\n\t\t\t\t<div class=\"elementor-element elementor-element-2dd3458 elementor-position-top elementor-widget elementor-widget-image-box\" data-id=\"2dd3458\" data-element_type=\"widget\" data-e-type=\"widget\" data-widget_type=\"image-box.default\">\n\t\t\t\t\t<div class=\"elementor-image-box-wrapper\"><figure class=\"elementor-image-box-img\"><a href=\"https:\/\/bio-balkon.de\/en\/experts\/dr-med-marianne-ruoff\/\" tabindex=\"-1\"><img loading=\"lazy\" decoding=\"async\" width=\"150\" height=\"150\" src=\"https:\/\/bio-balkon.de\/wp-content\/uploads\/2024\/04\/Dr.-med.-Marianne-Ruoff-150x150.avif\" class=\"attachment-thumbnail size-thumbnail wp-image-67934\" alt=\"Dr. Marianne Ruoff talks about the healing power of dandelions and delicious ways to prepare them at the Online Organic Balcony Congress.\" srcset=\"https:\/\/bio-balkon.de\/wp-content\/uploads\/2024\/04\/Dr.-med.-Marianne-Ruoff-150x150.avif 150w, https:\/\/bio-balkon.de\/wp-content\/uploads\/2024\/04\/Dr.-med.-Marianne-Ruoff-12x12.avif 12w\" sizes=\"auto, (max-width: 150px) 100vw, 150px\"><\/a><\/figure><div class=\"elementor-image-box-content\"><h6 class=\"elementor-image-box-title\"><a href=\"https:\/\/bio-balkon.de\/en\/experts\/dr-med-marianne-ruoff\/\">Dr. med. Mari\u00adan\u00adne Ruoff<\/a><\/h6><p class=\"elementor-image-box-description\">Hei\u00addel\u00adbee\u00adre &amp; Prei\u00adsel\u00adbee\u00adre \u2013 Zwei Bee\u00adren, unz\u00e4h\u00adli\u00adge Heil\u00adkr\u00e4f\u00adte<\/p><\/div><\/div>\t\t\t\t<\/div>\n\t\t\t\t<div class=\"elementor-element elementor-element-59c49f6 elementor-position-top elementor-widget elementor-widget-image-box\" data-id=\"59c49f6\" data-element_type=\"widget\" data-e-type=\"widget\" data-widget_type=\"image-box.default\">\n\t\t\t\t\t<div class=\"elementor-image-box-wrapper\"><figure class=\"elementor-image-box-img\"><a href=\"https:\/\/bio-balkon.de\/en\/experts\/robert-heemskerk-3\/\" tabindex=\"-1\"><img loading=\"lazy\" decoding=\"async\" width=\"150\" height=\"150\" src=\"https:\/\/bio-balkon.de\/wp-content\/uploads\/2021\/01\/Robert-Heemskerk-150x150.avif\" class=\"attachment-thumbnail size-thumbnail wp-image-18943\" alt=\"Der Z\u00fcchter von biologischen Blumenzwiebeln Robert Heemskerk spricht beim Online Bio-Balkon-Kongress\"><\/a><\/figure><div class=\"elementor-image-box-content\"><h6 class=\"elementor-image-box-title\"><a href=\"https:\/\/bio-balkon.de\/en\/experts\/robert-heemskerk-3\/\">Robert Heems\u00adkerk<\/a><\/h6><p class=\"elementor-image-box-description\">Unter\u00adpflan\u00adzung mit insek\u00adten\u00adfreund\u00adli\u00adchen Bio-Blu\u00admen\u00adzwie\u00adbeln<\/p><\/div><\/div>\t\t\t\t<\/div>\n\t\t\t\t<div class=\"elementor-element elementor-element-20e6162 elementor-position-top elementor-widget elementor-widget-image-box\" data-id=\"20e6162\" data-element_type=\"widget\" data-e-type=\"widget\" data-widget_type=\"image-box.default\">\n\t\t\t\t\t<div class=\"elementor-image-box-wrapper\"><figure class=\"elementor-image-box-img\"><a href=\"https:\/\/bio-balkon.de\/en\/experts\/helge-masch-3\/\" tabindex=\"-1\"><img loading=\"lazy\" decoding=\"async\" width=\"150\" height=\"150\" src=\"https:\/\/bio-balkon.de\/wp-content\/uploads\/2022\/04\/Helge-Masch-Experten-2023-150x150.avif\" class=\"attachment-thumbnail size-thumbnail wp-image-49257\" alt=\"Gardener and nature photographer Helge Masch speaks at the Online Organic Balcony Congress\" srcset=\"https:\/\/bio-balkon.de\/wp-content\/uploads\/2022\/04\/Helge-Masch-Experten-2023-150x150.avif 150w, https:\/\/bio-balkon.de\/wp-content\/uploads\/2022\/04\/Helge-Masch-Experten-2023-300x300.avif 300w, https:\/\/bio-balkon.de\/wp-content\/uploads\/2022\/04\/Helge-Masch-Experten-2023-768x768.avif 768w, https:\/\/bio-balkon.de\/wp-content\/uploads\/2022\/04\/Helge-Masch-Experten-2023-12x12.avif 12w, https:\/\/bio-balkon.de\/wp-content\/uploads\/2022\/04\/Helge-Masch-Experten-2023.avif 1000w\" sizes=\"auto, (max-width: 150px) 100vw, 150px\"><\/a><\/figure><div class=\"elementor-image-box-content\"><h6 class=\"elementor-image-box-title\"><a href=\"https:\/\/bio-balkon.de\/en\/experts\/helge-masch-3\/\">Hel\u00adge Masch<\/a><\/h6><p class=\"elementor-image-box-description\">Pflan\u00adzen\u00adver\u00adme\u00adrung durch Steck\u00adlin\u00adge: schnei\u00adden \u2014 ste\u00adcken \u2014 bewur\u00adzeln<\/p><\/div><\/div>\t\t\t\t<\/div>\n\t\t\t\t<div class=\"elementor-element elementor-element-dce6606 elementor-position-top elementor-widget elementor-widget-image-box\" data-id=\"dce6606\" data-element_type=\"widget\" data-e-type=\"widget\" data-widget_type=\"image-box.default\">\n\t\t\t\t\t<div class=\"elementor-image-box-wrapper\"><figure class=\"elementor-image-box-img\"><a href=\"https:\/\/bio-balkon.de\/en\/experts\/siegfried-tatschl-3\/\" tabindex=\"-1\"><img loading=\"lazy\" decoding=\"async\" width=\"150\" height=\"150\" src=\"https:\/\/bio-balkon.de\/wp-content\/uploads\/2020\/06\/Siegfried-Tatschl-Sigi6-2018-150x150.avif\" class=\"attachment-thumbnail size-thumbnail wp-image-8247\" alt=\"Siegfried Tatschl presents 555 varieties of fruit for the permaculture balcony at the Online Organic Balcony Congress\"><\/a><\/figure><div class=\"elementor-image-box-content\"><h6 class=\"elementor-image-box-title\"><a href=\"https:\/\/bio-balkon.de\/en\/experts\/siegfried-tatschl-3\/\">Sieg\u00adfried Tat\u00adschl<\/a><\/h6><p class=\"elementor-image-box-description\">Tafel\u00adtrau\u00adben und Bir\u00adnen\u00adspe\u00adzia\u00adli\u00adt\u00e4\u00adten \u2014 Frucht\u00adge\u00adn\u00fcs\u00adse f\u00fcr Bal\u00adkon und Ter\u00adras\u00adse<\/p><\/div><\/div>\t\t\t\t<\/div>\n\t\t\t\t<div class=\"elementor-element elementor-element-0f05f3f elementor-position-top elementor-widget elementor-widget-image-box\" data-id=\"0f05f3f\" data-element_type=\"widget\" data-e-type=\"widget\" data-widget_type=\"image-box.default\">\n\t\t\t\t\t<div class=\"elementor-image-box-wrapper\"><figure class=\"elementor-image-box-img\"><a href=\"https:\/\/bio-balkon.de\/en\/experts\/silke-hartmann\/\" tabindex=\"-1\"><img loading=\"lazy\" decoding=\"async\" width=\"150\" height=\"150\" src=\"https:\/\/bio-balkon.de\/wp-content\/uploads\/2025\/07\/Silke-Hartmann-150x150.avif\" class=\"attachment-thumbnail size-thumbnail wp-image-82423\" alt=\"Die Vogelguckerin Silke Hartmann spricht beim Online Bio-Balkon-Kongress.\" srcset=\"https:\/\/bio-balkon.de\/wp-content\/uploads\/2025\/07\/Silke-Hartmann-150x150.avif 150w, https:\/\/bio-balkon.de\/wp-content\/uploads\/2025\/07\/Silke-Hartmann-300x300.avif 300w, https:\/\/bio-balkon.de\/wp-content\/uploads\/2025\/07\/Silke-Hartmann-12x12.avif 12w, https:\/\/bio-balkon.de\/wp-content\/uploads\/2025\/07\/Silke-Hartmann.avif 540w\" sizes=\"auto, (max-width: 150px) 100vw, 150px\"><\/a><\/figure><div class=\"elementor-image-box-content\"><h6 class=\"elementor-image-box-title\"><a href=\"https:\/\/bio-balkon.de\/en\/experts\/silke-hartmann\/\">Sil\u00adke Hart\u00admann <\/a><\/h6><p class=\"elementor-image-box-description\">Die Super\u00adkr\u00e4f\u00adte der V\u00f6gel: War\u00adum V\u00f6gel so cool sind und wie wir uns ihre heil\u00adsa\u00adme Gegen\u00adwart auf die Bal\u00adko\u00adne holen<\/p><\/div><\/div>\t\t\t\t<\/div>\n\t\t\t\t<div class=\"elementor-element elementor-element-3b7fa6f elementor-position-top elementor-widget elementor-widget-image-box\" data-id=\"3b7fa6f\" data-element_type=\"widget\" data-e-type=\"widget\" data-widget_type=\"image-box.default\">\n\t\t\t\t\t<div class=\"elementor-image-box-wrapper\"><figure class=\"elementor-image-box-img\"><a href=\"https:\/\/bio-balkon.de\/en\/experts\/heinrich-beltz-2\/\" tabindex=\"-1\"><img loading=\"lazy\" decoding=\"async\" width=\"150\" height=\"150\" src=\"https:\/\/bio-balkon.de\/wp-content\/uploads\/2024\/06\/Heinrich-Beltz-150x150.webp\" class=\"attachment-thumbnail size-thumbnail wp-image-69900\" alt=\"Columnar and dwarf fruit for balconies and terraces will be presented by gardener and horticultural engineer Heinrich Beltz at the Online Organic Balcony Congress.\" srcset=\"https:\/\/bio-balkon.de\/wp-content\/uploads\/2024\/06\/Heinrich-Beltz-150x150.webp 150w, https:\/\/bio-balkon.de\/wp-content\/uploads\/2024\/06\/Heinrich-Beltz-300x300.webp 300w, https:\/\/bio-balkon.de\/wp-content\/uploads\/2024\/06\/Heinrich-Beltz-12x12.webp 12w, https:\/\/bio-balkon.de\/wp-content\/uploads\/2024\/06\/Heinrich-Beltz.webp 400w\" sizes=\"auto, (max-width: 150px) 100vw, 150px\"><\/a><\/figure><div class=\"elementor-image-box-content\"><h6 class=\"elementor-image-box-title\"><a href=\"https:\/\/bio-balkon.de\/en\/experts\/heinrich-beltz-2\/\">Hein\u00adrich Beltz<\/a><\/h6><p class=\"elementor-image-box-description\">Spa\u00adlier\u00adobst f\u00fcr Bal\u00adkon und Ter\u00adras\u00adse: Sor\u00adten und Schnitt<\/p><\/div><\/div>\t\t\t\t<\/div>\n\t\t\t\t<div class=\"elementor-element elementor-element-5b4ff3e elementor-position-top elementor-widget elementor-widget-image-box\" data-id=\"5b4ff3e\" data-element_type=\"widget\" data-e-type=\"widget\" data-widget_type=\"image-box.default\">\n\t\t\t\t\t<div class=\"elementor-image-box-wrapper\"><figure class=\"elementor-image-box-img\"><a href=\"https:\/\/bio-balkon.de\/en\/experts\/anneliese-braitmaier-2\/\" tabindex=\"-1\"><img loading=\"lazy\" decoding=\"async\" width=\"150\" height=\"150\" src=\"https:\/\/bio-balkon.de\/wp-content\/uploads\/2023\/04\/Anneliese-Braitmaier-Expertin-Bio-Balkon-Kongress-2024-150x150.avif\" class=\"attachment-thumbnail size-thumbnail wp-image-64488\" alt=\"Herbalist Anneliese Braitmaier talks about growing lettuce in balcony boxes at the Online Organic Balcony Congress\" srcset=\"https:\/\/bio-balkon.de\/wp-content\/uploads\/2023\/04\/Anneliese-Braitmaier-Expertin-Bio-Balkon-Kongress-2024-150x150.avif 150w, https:\/\/bio-balkon.de\/wp-content\/uploads\/2023\/04\/Anneliese-Braitmaier-Expertin-Bio-Balkon-Kongress-2024-300x300.avif 300w, https:\/\/bio-balkon.de\/wp-content\/uploads\/2023\/04\/Anneliese-Braitmaier-Expertin-Bio-Balkon-Kongress-2024-768x768.avif 768w, https:\/\/bio-balkon.de\/wp-content\/uploads\/2023\/04\/Anneliese-Braitmaier-Expertin-Bio-Balkon-Kongress-2024-12x12.avif 12w, https:\/\/bio-balkon.de\/wp-content\/uploads\/2023\/04\/Anneliese-Braitmaier-Expertin-Bio-Balkon-Kongress-2024.avif 1000w\" sizes=\"auto, (max-width: 150px) 100vw, 150px\"><\/a><\/figure><div class=\"elementor-image-box-content\"><h6 class=\"elementor-image-box-title\"><a href=\"https:\/\/bio-balkon.de\/en\/experts\/anneliese-braitmaier-2\/\">Anne\u00adlie\u00adse Brait\u00admai\u00ader<\/a><\/h6><p class=\"elementor-image-box-description\">Salat- und Win\u00adter\u00adge\u00adm\u00fc\u00adse im Bal\u00adkon\u00adkas\u00adten, Topf und K\u00fcbel<\/p><\/div><\/div>\t\t\t\t<\/div>\n\t\t\t\t<div class=\"elementor-element elementor-element-dd8daf1 elementor-position-top elementor-widget elementor-widget-image-box\" data-id=\"dd8daf1\" data-element_type=\"widget\" data-e-type=\"widget\" data-widget_type=\"image-box.default\">\n\t\t\t\t\t<div class=\"elementor-image-box-wrapper\"><figure class=\"elementor-image-box-img\"><a href=\"https:\/\/bio-balkon.de\/en\/experts\/eleonore-schick-3\/\" tabindex=\"-1\"><img loading=\"lazy\" decoding=\"async\" width=\"150\" height=\"150\" src=\"https:\/\/bio-balkon.de\/wp-content\/uploads\/2021\/10\/Eleonore-Schick--150x150.avif\" class=\"attachment-thumbnail size-thumbnail wp-image-34219\" alt=\"Floristmeisterin Eleonore Schick\" srcset=\"https:\/\/bio-balkon.de\/wp-content\/uploads\/2021\/10\/Eleonore-Schick--150x150.avif 150w, https:\/\/bio-balkon.de\/wp-content\/uploads\/2021\/10\/Eleonore-Schick--300x300.avif 300w, https:\/\/bio-balkon.de\/wp-content\/uploads\/2021\/10\/Eleonore-Schick--768x768.avif 768w, https:\/\/bio-balkon.de\/wp-content\/uploads\/2021\/10\/Eleonore-Schick--12x12.avif 12w, https:\/\/bio-balkon.de\/wp-content\/uploads\/2021\/10\/Eleonore-Schick-.avif 1000w\" sizes=\"auto, (max-width: 150px) 100vw, 150px\"><\/a><\/figure><div class=\"elementor-image-box-content\"><h6 class=\"elementor-image-box-title\"><a href=\"https:\/\/bio-balkon.de\/en\/experts\/eleonore-schick-3\/\">Eleo\u00adno\u00adre Schick<\/a><\/h6><p class=\"elementor-image-box-description\">\u00c4sthe\u00adtik auf dem Bal\u00adkon, Gro\u00ad\u00dfen Pflanz\u00adkas\u00adten mit Was\u00adser\u00adspei\u00adcher (f\u00fcr Geh\u00f6l\u00adze) sel\u00adber bau\u00aden<\/p><\/div><\/div>\t\t\t\t<\/div>\n\t\t\t\t<div class=\"elementor-element elementor-element-61fdbd1 elementor-position-top elementor-widget elementor-widget-image-box\" data-id=\"61fdbd1\" data-element_type=\"widget\" data-e-type=\"widget\" data-widget_type=\"image-box.default\">\n\t\t\t\t\t<div class=\"elementor-image-box-wrapper\"><figure class=\"elementor-image-box-img\"><a href=\"https:\/\/bio-balkon.de\/en\/experts\/christine-grasl\/\" tabindex=\"-1\"><img loading=\"lazy\" decoding=\"async\" width=\"150\" height=\"150\" src=\"https:\/\/bio-balkon.de\/wp-content\/uploads\/2025\/07\/Christine-Grasl-150x150.avif\" class=\"attachment-thumbnail size-thumbnail wp-image-81338\" alt=\"Die Botanikerin und Wildpflanzen-Expertin Christine Grasl spricht beim Online Bio-Balkon-Kongress\" srcset=\"https:\/\/bio-balkon.de\/wp-content\/uploads\/2025\/07\/Christine-Grasl-150x150.avif 150w, https:\/\/bio-balkon.de\/wp-content\/uploads\/2025\/07\/Christine-Grasl-11x12.avif 11w\" sizes=\"auto, (max-width: 150px) 100vw, 150px\"><\/a><\/figure><div class=\"elementor-image-box-content\"><h6 class=\"elementor-image-box-title\"><a href=\"https:\/\/bio-balkon.de\/en\/experts\/christine-grasl\/\">Chris\u00adti\u00adne Grasl<\/a><\/h6><p class=\"elementor-image-box-description\">Ess\u00adba\u00adre Wild\u00adpflan\u00adzen im Win\u00adter, die gut im K\u00fcbel wach\u00adsen<\/p><\/div><\/div>\t\t\t\t<\/div>\n\t\t\t\t<div class=\"elementor-element elementor-element-5693c54 elementor-position-top elementor-widget elementor-widget-image-box\" data-id=\"5693c54\" data-element_type=\"widget\" data-e-type=\"widget\" data-widget_type=\"image-box.default\">\n\t\t\t\t\t<div class=\"elementor-image-box-wrapper\"><figure class=\"elementor-image-box-img\"><a href=\"https:\/\/bio-balkon.de\/en\/experts\/thomas-puhlmann-5\/\" tabindex=\"-1\"><img loading=\"lazy\" decoding=\"async\" width=\"150\" height=\"150\" src=\"https:\/\/bio-balkon.de\/wp-content\/uploads\/2025\/08\/Thomas-Puhlmann-150x150.avif\" class=\"attachment-thumbnail size-thumbnail wp-image-82172\" alt=\"Thomas Puhlmann is the founder of the plant platform Naturadb and speaks at the Online Organic Balcony Congress\" srcset=\"https:\/\/bio-balkon.de\/wp-content\/uploads\/2025\/08\/Thomas-Puhlmann-150x150.avif 150w, https:\/\/bio-balkon.de\/wp-content\/uploads\/2025\/08\/Thomas-Puhlmann-300x300.avif 300w, https:\/\/bio-balkon.de\/wp-content\/uploads\/2025\/08\/Thomas-Puhlmann-1024x1024.avif 1024w, https:\/\/bio-balkon.de\/wp-content\/uploads\/2025\/08\/Thomas-Puhlmann-768x768.avif 768w, https:\/\/bio-balkon.de\/wp-content\/uploads\/2025\/08\/Thomas-Puhlmann-1536x1536.avif 1536w, https:\/\/bio-balkon.de\/wp-content\/uploads\/2025\/08\/Thomas-Puhlmann-12x12.avif 12w, https:\/\/bio-balkon.de\/wp-content\/uploads\/2025\/08\/Thomas-Puhlmann-1320x1320.avif 1320w, https:\/\/bio-balkon.de\/wp-content\/uploads\/2025\/08\/Thomas-Puhlmann.avif 1851w\" sizes=\"auto, (max-width: 150px) 100vw, 150px\"><\/a><\/figure><div class=\"elementor-image-box-content\"><h6 class=\"elementor-image-box-title\"><a href=\"https:\/\/bio-balkon.de\/en\/experts\/thomas-puhlmann-5\/\">Tho\u00admas Puhl\u00admann<\/a><\/h6><p class=\"elementor-image-box-description\">\u00d6ko\u00adlo\u00adgisch wert\u00advol\u00adle Geh\u00f6lz\u00adkom\u00adbi\u00adna\u00adtio\u00adnen fin\u00adden \u2014 mit Bei\u00adspie\u00adlen aus der Com\u00admu\u00adni\u00adty<\/p><\/div><\/div>\t\t\t\t<\/div>\n\t\t\t\t<div class=\"elementor-element elementor-element-16e720d elementor-position-top elementor-widget elementor-widget-image-box\" data-id=\"16e720d\" data-element_type=\"widget\" data-e-type=\"widget\" data-widget_type=\"image-box.default\">\n\t\t\t\t\t<div class=\"elementor-image-box-wrapper\"><figure class=\"elementor-image-box-img\"><a href=\"https:\/\/bio-balkon.de\/en\/experts\/jacqueline-huetter\/\" tabindex=\"-1\"><img loading=\"lazy\" decoding=\"async\" width=\"150\" height=\"150\" src=\"https:\/\/bio-balkon.de\/wp-content\/uploads\/2025\/07\/Jacqueline_huetter-150x150.avif\" class=\"attachment-thumbnail size-thumbnail wp-image-81254\" alt=\"Die Microgreen-Farmerin Jacqueline H\u00fctter von Seebutler stellt beim Online Bio-Balkon-Kongress den Kurs zum Anbau von Microgreens vor.\"><\/a><\/figure><div class=\"elementor-image-box-content\"><h6 class=\"elementor-image-box-title\"><a href=\"https:\/\/bio-balkon.de\/en\/experts\/jacqueline-huetter\/\">Jac\u00adque\u00adline H\u00fct\u00adter<\/a><\/h6><p class=\"elementor-image-box-description\">Die Welt jeden Tag mit neu\u00aden Micro\u00adgreen-Far\u00admern gr\u00fc\u00adner gestal\u00adten<\/p><\/div><\/div>\t\t\t\t<\/div>\n\t\t\t\t<div class=\"elementor-element elementor-element-a400b66 elementor-position-top elementor-widget elementor-widget-image-box\" data-id=\"a400b66\" data-element_type=\"widget\" data-e-type=\"widget\" data-widget_type=\"image-box.default\">\n\t\t\t\t\t<div class=\"elementor-image-box-wrapper\"><figure class=\"elementor-image-box-img\"><a href=\"https:\/\/bio-balkon.de\/en\/experts\/dr-michael-altmoos-3\/\" tabindex=\"-1\"><img loading=\"lazy\" decoding=\"async\" width=\"150\" height=\"150\" src=\"https:\/\/bio-balkon.de\/wp-content\/uploads\/2021\/03\/Portraet-Michael-Altmoos-2014-150x150.avif\" class=\"attachment-thumbnail size-thumbnail wp-image-23734\" alt=\"Dr. Michael Altmoos is a biologist and conservationist with a focus on ecology.\" srcset=\"https:\/\/bio-balkon.de\/wp-content\/uploads\/2021\/03\/Portraet-Michael-Altmoos-2014-150x150.avif 150w, https:\/\/bio-balkon.de\/wp-content\/uploads\/2021\/03\/Portraet-Michael-Altmoos-2014-11x12.avif 11w\" sizes=\"auto, (max-width: 150px) 100vw, 150px\"><\/a><\/figure><div class=\"elementor-image-box-content\"><h6 class=\"elementor-image-box-title\"><a href=\"https:\/\/bio-balkon.de\/en\/experts\/dr-michael-altmoos-3\/\">Dr. Micha\u00adel Alt\u00admoos<\/a><\/h6><p class=\"elementor-image-box-description\">Bal\u00adco\u00adnies &amp; gar\u00addens at night \u2014 light pol\u00adlu\u00adti\u00adon<\/p><\/div><\/div>\t\t\t\t<\/div>\n\t\t\t\t<div class=\"elementor-element elementor-element-f6f24e4 elementor-position-top elementor-widget elementor-widget-image-box\" data-id=\"f6f24e4\" data-element_type=\"widget\" data-e-type=\"widget\" data-widget_type=\"image-box.default\">\n\t\t\t\t\t<div class=\"elementor-image-box-wrapper\"><figure class=\"elementor-image-box-img\"><a href=\"https:\/\/bio-balkon.de\/en\/experts\/katrin-schumann\/\" tabindex=\"-1\"><img loading=\"lazy\" decoding=\"async\" width=\"150\" height=\"150\" src=\"https:\/\/bio-balkon.de\/wp-content\/uploads\/2025\/07\/Katrin-Schuman-150x150.avif\" class=\"attachment-thumbnail size-thumbnail wp-image-82091\" alt=\"Katrin Schumann, Garten der vier Jahreszeiten, spricht beim Online Bio-Balkon-Kongress: Gl\u00fcck kann man pflanzen\" srcset=\"https:\/\/bio-balkon.de\/wp-content\/uploads\/2025\/07\/Katrin-Schuman-150x150.avif 150w, https:\/\/bio-balkon.de\/wp-content\/uploads\/2025\/07\/Katrin-Schuman-300x300.avif 300w, https:\/\/bio-balkon.de\/wp-content\/uploads\/2025\/07\/Katrin-Schuman-1024x1024.avif 1024w, https:\/\/bio-balkon.de\/wp-content\/uploads\/2025\/07\/Katrin-Schuman-768x768.avif 768w, https:\/\/bio-balkon.de\/wp-content\/uploads\/2025\/07\/Katrin-Schuman-1536x1536.avif 1536w, https:\/\/bio-balkon.de\/wp-content\/uploads\/2025\/07\/Katrin-Schuman-12x12.avif 12w, https:\/\/bio-balkon.de\/wp-content\/uploads\/2025\/07\/Katrin-Schuman-1320x1321.avif 1320w, https:\/\/bio-balkon.de\/wp-content\/uploads\/2025\/07\/Katrin-Schuman.avif 2047w\" sizes=\"auto, (max-width: 150px) 100vw, 150px\"><\/a><\/figure><div class=\"elementor-image-box-content\"><h6 class=\"elementor-image-box-title\"><a href=\"https:\/\/bio-balkon.de\/en\/experts\/katrin-schumann\/\">Kat\u00adrin Schu\u00admann<\/a><\/h6><p class=\"elementor-image-box-description\">Gl\u00fcck kann man pflan\u00adzen: Wie wir mit unse\u00adrem Gar\u00adten wach\u00adsen<\/p><\/div><\/div>\t\t\t\t<\/div>\n\t\t\t\t<div class=\"elementor-element elementor-element-9404b0f elementor-position-top elementor-widget elementor-widget-image-box\" data-id=\"9404b0f\" data-element_type=\"widget\" data-e-type=\"widget\" data-widget_type=\"image-box.default\">\n\t\t\t\t\t<div class=\"elementor-image-box-wrapper\"><figure class=\"elementor-image-box-img\"><a href=\"https:\/\/bio-balkon.de\/en\/experts\/sarah-beck-2\/\" tabindex=\"-1\"><img loading=\"lazy\" decoding=\"async\" width=\"150\" height=\"150\" src=\"https:\/\/bio-balkon.de\/wp-content\/uploads\/2024\/04\/Sarah-Lein-gross--150x150.avif\" class=\"attachment-thumbnail size-thumbnail wp-image-68634\" alt=\"Hortus gardener Sarah Beck speaks at the Online Organic Balcony Congress\" srcset=\"https:\/\/bio-balkon.de\/wp-content\/uploads\/2024\/04\/Sarah-Lein-gross--150x150.avif 150w, https:\/\/bio-balkon.de\/wp-content\/uploads\/2024\/04\/Sarah-Lein-gross--300x300.avif 300w, https:\/\/bio-balkon.de\/wp-content\/uploads\/2024\/04\/Sarah-Lein-gross--768x768.avif 768w, https:\/\/bio-balkon.de\/wp-content\/uploads\/2024\/04\/Sarah-Lein-gross--12x12.avif 12w, https:\/\/bio-balkon.de\/wp-content\/uploads\/2024\/04\/Sarah-Lein-gross-.avif 1000w\" sizes=\"auto, (max-width: 150px) 100vw, 150px\"><\/a><\/figure><div class=\"elementor-image-box-content\"><h6 class=\"elementor-image-box-title\"><a href=\"https:\/\/bio-balkon.de\/en\/experts\/sarah-beck-2\/\">Sarah Beck<\/a><\/h6><p class=\"elementor-image-box-description\">Erden oder viel The\u00adma f\u00fcr wenig Zeit<\/p><\/div><\/div>\t\t\t\t<\/div>\n\t\t\t\t<div class=\"elementor-element elementor-element-869c589 elementor-position-top elementor-widget elementor-widget-image-box\" data-id=\"869c589\" data-element_type=\"widget\" data-e-type=\"widget\" data-widget_type=\"image-box.default\">\n\t\t\t\t\t<div class=\"elementor-image-box-wrapper\"><figure class=\"elementor-image-box-img\"><a href=\"https:\/\/bio-balkon.de\/en\/experts\/birgit-schattling-8\/\" tabindex=\"-1\"><img loading=\"lazy\" decoding=\"async\" width=\"150\" height=\"150\" src=\"https:\/\/bio-balkon.de\/wp-content\/uploads\/2024\/04\/Birgit-Schattling-Kongress-Quadrat-logo-instagram-post-@-Birgit-Schattling--150x150.avif\" class=\"attachment-thumbnail size-thumbnail wp-image-75847\" alt=\"Balcony expert Birgit Schattling organizes the free online Organic Balcony Congresses.\" srcset=\"https:\/\/bio-balkon.de\/wp-content\/uploads\/2024\/04\/Birgit-Schattling-Kongress-Quadrat-logo-instagram-post-@-Birgit-Schattling--150x150.avif 150w, https:\/\/bio-balkon.de\/wp-content\/uploads\/2024\/04\/Birgit-Schattling-Kongress-Quadrat-logo-instagram-post-@-Birgit-Schattling--300x300.avif 300w, https:\/\/bio-balkon.de\/wp-content\/uploads\/2024\/04\/Birgit-Schattling-Kongress-Quadrat-logo-instagram-post-@-Birgit-Schattling--1024x1024.avif 1024w, https:\/\/bio-balkon.de\/wp-content\/uploads\/2024\/04\/Birgit-Schattling-Kongress-Quadrat-logo-instagram-post-@-Birgit-Schattling--768x768.avif 768w, https:\/\/bio-balkon.de\/wp-content\/uploads\/2024\/04\/Birgit-Schattling-Kongress-Quadrat-logo-instagram-post-@-Birgit-Schattling--12x12.avif 12w, https:\/\/bio-balkon.de\/wp-content\/uploads\/2024\/04\/Birgit-Schattling-Kongress-Quadrat-logo-instagram-post-@-Birgit-Schattling-.avif 1080w\" sizes=\"auto, (max-width: 150px) 100vw, 150px\"><\/a><\/figure><div class=\"elementor-image-box-content\"><h6 class=\"elementor-image-box-title\"><a href=\"https:\/\/bio-balkon.de\/en\/experts\/birgit-schattling-8\/\">Bir\u00adgit Schatt\u00adling<\/a><\/h6><p class=\"elementor-image-box-description\">Rei\u00adche Erd\u00adbeer\u00adern\u00adte aus K\u00fcbel, Topf und Bal\u00adkon\u00adkas\u00adten<\/p><\/div><\/div>\t\t\t\t<\/div>\n\t\t\t\t<div class=\"elementor-element elementor-element-b4a4e76 elementor-position-top elementor-widget elementor-widget-image-box\" data-id=\"b4a4e76\" data-element_type=\"widget\" data-e-type=\"widget\" data-widget_type=\"image-box.default\">\n\t\t\t\t\t<div class=\"elementor-image-box-wrapper\"><figure class=\"elementor-image-box-img\"><a href=\"https:\/\/bio-balkon.de\/en\/experts\/joerg-winners-hans-juergen-zschaebitz\/\" tabindex=\"-1\"><img loading=\"lazy\" decoding=\"async\" width=\"150\" height=\"150\" src=\"https:\/\/bio-balkon.de\/wp-content\/uploads\/2025\/07\/Joerg-Winners-Hans-Juergen-Zschaebitz-150x150.avif\" class=\"attachment-thumbnail size-thumbnail wp-image-81482\" alt=\"Jo\u0308rg Winners &amp; Hans Ju\u0308rgen Zscha\u0308bitz von der Initiative Fritschestra\u00dfe F\u00fcr eine sch\u00f6nere Stadt mit mehr Gr\u00fcn! sprechen beim Online Bio-Balkon Kongress\"><\/a><\/figure><div class=\"elementor-image-box-content\"><h6 class=\"elementor-image-box-title\"><a href=\"https:\/\/bio-balkon.de\/en\/experts\/joerg-winners-hans-juergen-zschaebitz\/\">J\u00f6rg Win\u00adners &amp; Hans J\u00fcr\u00adgen Zsch\u00e4\u00adbitz<\/a><\/h6><p class=\"elementor-image-box-description\">Auf engs\u00adten Fl\u00e4\u00adchen VOR der eige\u00adnen Haus\u00adt\u00fc\u00adre in der Gro\u00df\u00adstadt g\u00e4rt\u00adnern<\/p><\/div><\/div>\t\t\t\t<\/div>\n\t\t\t\t<div class=\"elementor-element elementor-element-322e7f0 elementor-position-top elementor-widget elementor-widget-image-box\" data-id=\"322e7f0\" data-element_type=\"widget\" data-e-type=\"widget\" data-widget_type=\"image-box.default\">\n\t\t\t\t\t<div class=\"elementor-image-box-wrapper\"><figure class=\"elementor-image-box-img\"><a href=\"https:\/\/bio-balkon.de\/en\/experts\/andrea-jaschik-4\/\" tabindex=\"-1\"><img loading=\"lazy\" decoding=\"async\" width=\"150\" height=\"150\" src=\"https:\/\/bio-balkon.de\/wp-content\/uploads\/2023\/02\/Drei-froehliche-Naturgaertner-@andrea-jaschik-150x150.avif\" class=\"attachment-thumbnail size-thumbnail wp-image-50567\" alt=\"Die preisgekr\u00f6nte Balkong\u00e4rtnerin Andrea Jaschick spricht beim Online Bio-Balkon-Kongress.\"><\/a><\/figure><div class=\"elementor-image-box-content\"><h6 class=\"elementor-image-box-title\"><a href=\"https:\/\/bio-balkon.de\/en\/experts\/andrea-jaschik-4\/\">Andrea Jaschik<\/a><\/h6><p class=\"elementor-image-box-description\">Fas\u00adzi\u00adnie\u00adren\u00adde Ent\u00adwick\u00adlung von Pflanz\u00adge\u00admein\u00adschaf\u00adten im K\u00fcbel &amp; Bal\u00adkon\u00adkas\u00adten<\/p><\/div><\/div>\t\t\t\t<\/div>\n\t\t\t\t<div class=\"elementor-element elementor-element-5f4603f elementor-position-top elementor-widget elementor-widget-image-box\" data-id=\"5f4603f\" data-element_type=\"widget\" data-e-type=\"widget\" data-widget_type=\"image-box.default\">\n\t\t\t\t\t<div class=\"elementor-image-box-wrapper\"><figure class=\"elementor-image-box-img\"><a href=\"https:\/\/bio-balkon.de\/en\/experts\/wolfgang-palme-9\/\" tabindex=\"-1\"><img loading=\"lazy\" decoding=\"async\" width=\"150\" height=\"150\" src=\"https:\/\/bio-balkon.de\/wp-content\/uploads\/2021\/07\/wolfgang-palme-1200x1200-1-150x150.avif\" class=\"attachment-thumbnail size-thumbnail wp-image-31977\" alt=\"Vegetable growing expert Wolfgang Palme presents four-season gardening on the balcony.\" srcset=\"https:\/\/bio-balkon.de\/wp-content\/uploads\/2021\/07\/wolfgang-palme-1200x1200-1-150x150.avif 150w, https:\/\/bio-balkon.de\/wp-content\/uploads\/2021\/07\/wolfgang-palme-1200x1200-1-300x300.avif 300w, https:\/\/bio-balkon.de\/wp-content\/uploads\/2021\/07\/wolfgang-palme-1200x1200-1-1024x1024.avif 1024w, https:\/\/bio-balkon.de\/wp-content\/uploads\/2021\/07\/wolfgang-palme-1200x1200-1-768x768.avif 768w, https:\/\/bio-balkon.de\/wp-content\/uploads\/2021\/07\/wolfgang-palme-1200x1200-1-12x12.avif 12w, https:\/\/bio-balkon.de\/wp-content\/uploads\/2021\/07\/wolfgang-palme-1200x1200-1.avif 1200w\" sizes=\"auto, (max-width: 150px) 100vw, 150px\"><\/a><\/figure><div class=\"elementor-image-box-content\"><h6 class=\"elementor-image-box-title\"><a href=\"https:\/\/bio-balkon.de\/en\/experts\/wolfgang-palme-9\/\">Wol\u00adfang Pal\u00adme<\/a><\/h6><p class=\"elementor-image-box-description\">Pra\u00adxis: Anzucht von Win\u00adter\u00adsa\u00adla\u00adten \u2014 Sub\u00adstrat, Gef\u00e4s\u00adse, Aus\u00adsaat, Pikie\u00adren<\/p><\/div><\/div>\t\t\t\t<\/div>\n\t\t\t\t\t<\/div>\n\t\t\t\t<\/div>\n\t\t\t\t\t<\/div>\n\t\t\t\t<\/div>\n\t\t<div class=\"elementor-element elementor-element-f2fd9d2 e-flex e-con-boxed e-con e-child\" data-id=\"f2fd9d2\" data-element_type=\"container\" data-e-type=\"container\" data-settings=\"{&quot;background_background&quot;:&quot;classic&quot;}\">\n\t\t\t\t\t<div class=\"e-con-inner\">\n\t\t\t\t<div class=\"elementor-element elementor-element-664fbef elementor-widget elementor-widget-image\" data-id=\"664fbef\" data-element_type=\"widget\" data-e-type=\"widget\" data-widget_type=\"image.default\">\n\t\t\t\t\t\t\t\t\t\t\t\t\t\t\t\t<a href=\"https:\/\/www.digistore24.com\/product\/525289\">\n\t\t\t\t\t\t\t<img loading=\"lazy\" decoding=\"async\" width=\"300\" height=\"225\" src=\"https:\/\/bio-balkon.de\/wp-content\/uploads\/2025\/09\/Mockup-17-2025--300x225.avif\" class=\"attachment-medium size-medium wp-image-83544\" alt=\"Mockup vom Kongresspaket des Bio-Balkon-Kongresses &quot;Lust auf Obst&quot;\" srcset=\"https:\/\/bio-balkon.de\/wp-content\/uploads\/2025\/09\/Mockup-17-2025--300x225.avif 300w, https:\/\/bio-balkon.de\/wp-content\/uploads\/2025\/09\/Mockup-17-2025--768x576.avif 768w, https:\/\/bio-balkon.de\/wp-content\/uploads\/2025\/09\/Mockup-17-2025--16x12.avif 16w, https:\/\/bio-balkon.de\/wp-content\/uploads\/2025\/09\/Mockup-17-2025-.avif 1024w\" sizes=\"auto, (max-width: 300px) 100vw, 300px\">\t\t\t\t\t\t\t\t<\/a>\n\t\t\t\t\t\t\t\t\t\t\t\t\t\t\t<\/div>\n\t\t\t\t<div class=\"elementor-element elementor-element-8227844 elementor-widget elementor-widget-text-editor\" data-id=\"8227844\" data-element_type=\"widget\" data-e-type=\"widget\" data-widget_type=\"text-editor.default\">\n\t\t\t\t\t\t\t\t\t<p><strong><span style=\"color: #cc3b36;\">KONGRESSPAKET 17<\/span><\/strong><\/p><h1>Lust auf Obst?<\/h1><p>Plan\u00adting self-suf\u00adfi\u00adci\u00aden\u00adcy, bio\u00addi\u00adver\u00adsi\u00adty, urban natu\u00adre, cli\u00adma\u00adte and heat pro\u00adtec\u00adtion<\/p><p>27 Expert:innen tei\u00adlen online &amp; gra\u00adtis ihr Wis\u00adsen und geben erprob\u00adte Tipps zum ertrag\u00adrei\u00adchen Anbau von Obst, Win\u00adter\u00adge\u00adm\u00fc\u00adse und Win\u00adter\u00adkr\u00e4u\u00adtern auf Bal\u00adkon, Ter\u00adras\u00adse, Fens\u00adter\u00adbrett und damit Insek\u00adten &amp; Arten\u00adviel\u00adfalt f\u00f6r\u00addern. \u00dcber die Viel\u00adfalt wirst Du stau\u00adnen.<\/p>\t\t\t\t\t\t\t\t<\/div>\n\t\t\t\t<div class=\"elementor-element elementor-element-db6ee28 elementor-align-center elementor-mobile-align-justify elementor-widget elementor-widget-button\" data-id=\"db6ee28\" data-element_type=\"widget\" data-e-type=\"widget\" data-widget_type=\"button.default\">\n\t\t\t\t\t\t\t\t\t\t<a class=\"elementor-button elementor-button-link elementor-size-md\" href=\"https:\/\/www.digistore24.com\/product\/620500\" rel=\"nofollow\">\n\t\t\t\t\t\t<span class=\"elementor-button-content-wrapper\">\n\t\t\t\t\t\t\t\t\t<span class=\"elementor-button-text\">Buy con\u00adgress packa\u00adge <\/span>\n\t\t\t\t\t<\/span>\n\t\t\t\t\t<\/a>\n\t\t\t\t\t\t\t\t<\/div>\n\t\t\t\t\t<\/div>\n\t\t\t\t<\/div>\n\t\t\t\t<\/div>","protected":false},"excerpt":{"rendered":"<p>The 30 inspi\u00adring expert pre\u00adsen\u00adta\u00adti\u00adons from the 16th Online Orga\u00adnic Bal\u00adc\u00ado\u00adny Con\u00adgress on orga\u00adnic gar\u00addening in small spaces can be purcha\u00adsed here.<\/p>","protected":false},"author":5,"featured_media":71537,"parent":81431,"menu_order":0,"comment_status":"closed","ping_status":"closed","template":"","meta":{"_acf_changed":false,"wp_typography_post_enhancements_disabled":false,"footnotes":""},"class_list":["post-82976","page","type-page","status-publish","has-post-thumbnail","hentry"],"acf":[],"_links":{"self":[{"href":"https:\/\/bio-balkon.de\/en\/wp-json\/wp\/v2\/pages\/82976","targetHints":{"allow":["GET"]}}],"collection":[{"href":"https:\/\/bio-balkon.de\/en\/wp-json\/wp\/v2\/pages"}],"about":[{"href":"https:\/\/bio-balkon.de\/en\/wp-json\/wp\/v2\/types\/page"}],"author":[{"embeddable":true,"href":"https:\/\/bio-balkon.de\/en\/wp-json\/wp\/v2\/users\/5"}],"replies":[{"embeddable":true,"href":"https:\/\/bio-balkon.de\/en\/wp-json\/wp\/v2\/comments?post=82976"}],"version-history":[{"count":70,"href":"https:\/\/bio-balkon.de\/en\/wp-json\/wp\/v2\/pages\/82976\/revisions"}],"predecessor-version":[{"id":85084,"href":"https:\/\/bio-balkon.de\/en\/wp-json\/wp\/v2\/pages\/82976\/revisions\/85084"}],"up":[{"embeddable":true,"href":"https:\/\/bio-balkon.de\/en\/wp-json\/wp\/v2\/pages\/81431"}],"wp:featuredmedia":[{"embeddable":true,"href":"https:\/\/bio-balkon.de\/en\/wp-json\/wp\/v2\/media\/71537"}],"wp:attachment":[{"href":"https:\/\/bio-balkon.de\/en\/wp-json\/wp\/v2\/media?parent=82976"}],"curies":[{"name":"wp","href":"https:\/\/api.w.org\/{rel}","templated":true}]}}