{"id":81695,"date":"2025-07-25T05:38:11","date_gmt":"2025-07-25T03:38:11","guid":{"rendered":"https:\/\/bio-balkon.de\/?page_id=81695"},"modified":"2026-04-26T14:31:33","modified_gmt":"2026-04-26T12:31:33","slug":"congress-18","status":"publish","type":"page","link":"https:\/\/bio-balkon.de\/en\/kongresse\/kongress-18\/","title":{"rendered":"18 Heil\u00adkraft vom Bal\u00adkon"},"content":{"rendered":"\t\t<div data-elementor-type=\"wp-page\" data-elementor-id=\"81695\" class=\"elementor elementor-81695\" data-elementor-post-type=\"page\">\n\t\t\t\t<div class=\"elementor-element elementor-element-0c67a13 e-flex e-con-boxed e-con e-parent\" data-id=\"0c67a13\" data-element_type=\"container\" data-e-type=\"container\" data-settings=\"{&quot;background_background&quot;:&quot;classic&quot;}\">\n\t\t\t\t\t<div class=\"e-con-inner\">\n\t\t\t\t<div class=\"elementor-element elementor-element-384ea05 elementor-widget elementor-widget-text-editor\" data-id=\"384ea05\" data-element_type=\"widget\" data-e-type=\"widget\" data-widget_type=\"text-editor.default\">\n\t\t\t\t\t\t\t\t\t<p><strong><span style=\"color: #cc3b36;\">18. Bio-Balkon-Onlinekongress vom 21. bis 30. M\u00e4rz 2026<\/span><\/strong><\/p><h1 class=\"western\">Heilkraft vom Balkon<\/h1><p class=\"western\"><strong>hilft in herausfordernden Zeiten. Pflanzen f\u00fcr Gesundheit, Resilienz, Lebensfreude, <\/strong><strong>Selbstversorgung, Stadtnatur, Klima-, Natur- und Hitzeschutz.<\/strong><\/p><p>30 Expert:innen aus Garten, Wissenschaft und Balkon-Praxis zeigen online und kostenfrei, wie Du Gem\u00fcse &amp; Kr\u00e4uter auf Deinem Balkon, der Terrasse oder dem Fensterbrett mit Erfolg anbaust. Dazu viele Tipps, wie Du Insekten und Tieren ein Zuhause gibst und Schatten zauberst, damit alles bestens und gesund w\u00e4chst.<\/p>\t\t\t\t\t\t\t\t<\/div>\n\t\t\t\t\t<\/div>\n\t\t\t\t<\/div>\n\t\t<div class=\"elementor-element elementor-element-c0fdc7a e-flex e-con-boxed e-con e-child\" data-id=\"c0fdc7a\" data-element_type=\"container\" data-e-type=\"container\" data-settings=\"{&quot;background_background&quot;:&quot;classic&quot;}\">\n\t\t\t\t\t<div class=\"e-con-inner\">\n\t\t<div class=\"elementor-element elementor-element-9c38fee e-con-full e-flex e-con e-child\" data-id=\"9c38fee\" data-element_type=\"container\" data-e-type=\"container\" data-settings=\"{&quot;background_background&quot;:&quot;classic&quot;}\">\n\t\t\t\t<div class=\"elementor-element elementor-element-f70ca95 elementor-widget elementor-widget-video\" data-id=\"f70ca95\" data-element_type=\"widget\" data-e-type=\"widget\" data-settings=\"{&quot;youtube_url&quot;:&quot;https:\\\/\\\/www.youtube.com\\\/watch?v=p7aKwHuO0FM&quot;,&quot;video_type&quot;:&quot;youtube&quot;,&quot;controls&quot;:&quot;yes&quot;}\" data-widget_type=\"video.default\">\n\t\t\t\t\t\t\t<div class=\"elementor-wrapper elementor-open-inline\">\n\t\t\t<div class=\"elementor-video\"><\/div>\t\t<\/div>\n\t\t\t\t\t\t<\/div>\n\t\t\t\t<div class=\"elementor-element elementor-element-7d91c42 elementor-hidden-mobile elementor-widget elementor-widget-text-editor\" data-id=\"7d91c42\" data-element_type=\"widget\" data-e-type=\"widget\" data-widget_type=\"text-editor.default\">\n\t\t\t\t\t\t\t\t\t<p>Teile diesen Kongress mit Deinen Freunden:<\/p>\t\t\t\t\t\t\t\t<\/div>\n\t\t\t\t<div class=\"elementor-element elementor-element-8c6ec20 elementor-share-buttons--view-icon elementor-share-buttons--skin-minimal elementor-share-buttons--shape-circle elementor-hidden-mobile elementor-grid-0 elementor-share-buttons--color-official elementor-widget elementor-widget-share-buttons\" data-id=\"8c6ec20\" data-element_type=\"widget\" data-e-type=\"widget\" data-widget_type=\"share-buttons.default\">\n\t\t\t\t\t\t\t<div class=\"elementor-grid\" role=\"list\">\n\t\t\t\t\t\t\t\t<div class=\"elementor-grid-item\" role=\"listitem\">\n\t\t\t\t\t\t<div class=\"elementor-share-btn elementor-share-btn_facebook\" role=\"button\" tabindex=\"0\" aria-label=\"Share on facebook\">\n\t\t\t\t\t\t\t\t\t\t\t\t\t\t\t<span class=\"elementor-share-btn__icon\">\n\t\t\t\t\t\t\t\t<svg aria-hidden=\"true\" class=\"e-font-icon-svg e-fab-facebook\" viewBox=\"0 0 512 512\" xmlns=\"http:\/\/www.w3.org\/2000\/svg\"><path d=\"M504 256C504 119 393 8 256 8S8 119 8 256c0 123.78 90.69 226.38 209.25 245V327.69h-63V256h63v-54.64c0-62.15 37-96.48 93.67-96.48 27.14 0 55.52 4.84 55.52 4.84v61h-31.28c-30.8 0-40.41 19.12-40.41 38.73V256h68.78l-11 71.69h-57.78V501C413.31 482.38 504 379.78 504 256z\"><\/path><\/svg>\t\t\t\t\t\t\t<\/span>\n\t\t\t\t\t\t\t\t\t\t\t\t\t\t\t\t\t\t\t\t<\/div>\n\t\t\t\t\t<\/div>\n\t\t\t\t\t\t\t\t\t<div class=\"elementor-grid-item\" role=\"listitem\">\n\t\t\t\t\t\t<div class=\"elementor-share-btn elementor-share-btn_pinterest\" role=\"button\" tabindex=\"0\" aria-label=\"Share on pinterest\">\n\t\t\t\t\t\t\t\t\t\t\t\t\t\t\t<span class=\"elementor-share-btn__icon\">\n\t\t\t\t\t\t\t\t<svg aria-hidden=\"true\" class=\"e-font-icon-svg e-fab-pinterest\" viewBox=\"0 0 496 512\" xmlns=\"http:\/\/www.w3.org\/2000\/svg\"><path d=\"M496 256c0 137-111 248-248 248-25.6 0-50.2-3.9-73.4-11.1 10.1-16.5 25.2-43.5 30.8-65 3-11.6 15.4-59 15.4-59 8.1 15.4 31.7 28.5 56.8 28.5 74.8 0 128.7-68.8 128.7-154.3 0-81.9-66.9-143.2-152.9-143.2-107 0-163.9 71.8-163.9 150.1 0 36.4 19.4 81.7 50.3 96.1 4.7 2.2 7.2 1.2 8.3-3.3.8-3.4 5-20.3 6.9-28.1.6-2.5.3-4.7-1.7-7.1-10.1-12.5-18.3-35.3-18.3-56.6 0-54.7 41.4-107.6 112-107.6 60.9 0 103.6 41.5 103.6 100.9 0 67.1-33.9 113.6-78 113.6-24.3 0-42.6-20.1-36.7-44.8 7-29.5 20.5-61.3 20.5-82.6 0-19-10.2-34.9-31.4-34.9-24.9 0-44.9 25.7-44.9 60.2 0 22 7.4 36.8 7.4 36.8s-24.5 103.8-29 123.2c-5 21.4-3 51.6-.9 71.2C65.4 450.9 0 361.1 0 256 0 119 111 8 248 8s248 111 248 248z\"><\/path><\/svg>\t\t\t\t\t\t\t<\/span>\n\t\t\t\t\t\t\t\t\t\t\t\t\t\t\t\t\t\t\t\t<\/div>\n\t\t\t\t\t<\/div>\n\t\t\t\t\t\t\t\t\t<div class=\"elementor-grid-item\" role=\"listitem\">\n\t\t\t\t\t\t<div class=\"elementor-share-btn elementor-share-btn_telegram\" role=\"button\" tabindex=\"0\" aria-label=\"Share on telegram\">\n\t\t\t\t\t\t\t\t\t\t\t\t\t\t\t<span class=\"elementor-share-btn__icon\">\n\t\t\t\t\t\t\t\t<svg aria-hidden=\"true\" class=\"e-font-icon-svg e-fab-telegram\" viewBox=\"0 0 496 512\" xmlns=\"http:\/\/www.w3.org\/2000\/svg\"><path d=\"M248 8C111 8 0 119 0 256s111 248 248 248 248-111 248-248S385 8 248 8zm121.8 169.9l-40.7 191.8c-3 13.6-11.1 16.9-22.4 10.5l-62-45.7-29.9 28.8c-3.3 3.3-6.1 6.1-12.5 6.1l4.4-63.1 114.9-103.8c5-4.4-1.1-6.9-7.7-2.5l-142 89.4-61.2-19.1c-13.3-4.2-13.6-13.3 2.8-19.7l239.1-92.2c11.1-4 20.8 2.7 17.2 19.5z\"><\/path><\/svg>\t\t\t\t\t\t\t<\/span>\n\t\t\t\t\t\t\t\t\t\t\t\t\t\t\t\t\t\t\t\t<\/div>\n\t\t\t\t\t<\/div>\n\t\t\t\t\t\t\t\t\t<div class=\"elementor-grid-item\" role=\"listitem\">\n\t\t\t\t\t\t<div class=\"elementor-share-btn elementor-share-btn_x-twitter\" role=\"button\" tabindex=\"0\" aria-label=\"Share on x-twitter\">\n\t\t\t\t\t\t\t\t\t\t\t\t\t\t\t<span class=\"elementor-share-btn__icon\">\n\t\t\t\t\t\t\t\t<svg aria-hidden=\"true\" class=\"e-font-icon-svg e-fab-x-twitter\" viewBox=\"0 0 512 512\" xmlns=\"http:\/\/www.w3.org\/2000\/svg\"><path d=\"M389.2 48h70.6L305.6 224.2 487 464H345L233.7 318.6 106.5 464H35.8L200.7 275.5 26.8 48H172.4L272.9 180.9 389.2 48zM364.4 421.8h39.1L151.1 88h-42L364.4 421.8z\"><\/path><\/svg>\t\t\t\t\t\t\t<\/span>\n\t\t\t\t\t\t\t\t\t\t\t\t\t\t\t\t\t\t\t\t<\/div>\n\t\t\t\t\t<\/div>\n\t\t\t\t\t\t\t\t\t<div class=\"elementor-grid-item\" role=\"listitem\">\n\t\t\t\t\t\t<div class=\"elementor-share-btn elementor-share-btn_whatsapp\" role=\"button\" tabindex=\"0\" aria-label=\"Share on whatsapp\">\n\t\t\t\t\t\t\t\t\t\t\t\t\t\t\t<span class=\"elementor-share-btn__icon\">\n\t\t\t\t\t\t\t\t<svg aria-hidden=\"true\" class=\"e-font-icon-svg e-fab-whatsapp\" viewBox=\"0 0 448 512\" xmlns=\"http:\/\/www.w3.org\/2000\/svg\"><path d=\"M380.9 97.1C339 55.1 283.2 32 223.9 32c-122.4 0-222 99.6-222 222 0 39.1 10.2 77.3 29.6 111L0 480l117.7-30.9c32.4 17.7 68.9 27 106.1 27h.1c122.3 0 224.1-99.6 224.1-222 0-59.3-25.2-115-67.1-157zm-157 341.6c-33.2 0-65.7-8.9-94-25.7l-6.7-4-69.8 18.3L72 359.2l-4.4-7c-18.5-29.4-28.2-63.3-28.2-98.2 0-101.7 82.8-184.5 184.6-184.5 49.3 0 95.6 19.2 130.4 54.1 34.8 34.9 56.2 81.2 56.1 130.5 0 101.8-84.9 184.6-186.6 184.6zm101.2-138.2c-5.5-2.8-32.8-16.2-37.9-18-5.1-1.9-8.8-2.8-12.5 2.8-3.7 5.6-14.3 18-17.6 21.8-3.2 3.7-6.5 4.2-12 1.4-32.6-16.3-54-29.1-75.5-66-5.7-9.8 5.7-9.1 16.3-30.3 1.8-3.7.9-6.9-.5-9.7-1.4-2.8-12.5-30.1-17.1-41.2-4.5-10.8-9.1-9.3-12.5-9.5-3.2-.2-6.9-.2-10.6-.2-3.7 0-9.7 1.4-14.8 6.9-5.1 5.6-19.4 19-19.4 46.3 0 27.3 19.9 53.7 22.6 57.4 2.8 3.7 39.1 59.7 94.8 83.8 35.2 15.2 49 16.5 66.6 13.9 10.7-1.6 32.8-13.4 37.4-26.4 4.6-13 4.6-24.1 3.2-26.4-1.3-2.5-5-3.9-10.5-6.6z\"><\/path><\/svg>\t\t\t\t\t\t\t<\/span>\n\t\t\t\t\t\t\t\t\t\t\t\t\t\t\t\t\t\t\t\t<\/div>\n\t\t\t\t\t<\/div>\n\t\t\t\t\t\t<\/div>\n\t\t\t\t\t\t<\/div>\n\t\t\t\t<div class=\"elementor-element elementor-element-e6bc2b6 elementor-widget elementor-widget-menu-anchor\" data-id=\"e6bc2b6\" data-element_type=\"widget\" data-e-type=\"widget\" data-widget_type=\"menu-anchor.default\">\n\t\t\t\t\t\t\t<div class=\"elementor-menu-anchor\" id=\"anmeldung\"><\/div>\n\t\t\t\t\t\t<\/div>\n\t\t\t\t<\/div>\n\t\t<div class=\"elementor-element elementor-element-248c95a e-con-full e-flex e-con e-child\" data-id=\"248c95a\" data-element_type=\"container\" data-e-type=\"container\" data-settings=\"{&quot;background_background&quot;:&quot;classic&quot;}\">\n\t\t\t\t<div class=\"elementor-element elementor-element-6b67f78 elementor-align-justify elementor-widget elementor-widget-button\" data-id=\"6b67f78\" data-element_type=\"widget\" data-e-type=\"widget\" data-widget_type=\"button.default\">\n\t\t\t\t\t\t\t\t\t\t<a class=\"elementor-button elementor-button-link elementor-size-md\" href=\"https:\/\/www.digistore24.com\/product\/655096?voucher=starten\" target=\"_blank\" rel=\"nofollow\">\n\t\t\t\t\t\t<span class=\"elementor-button-content-wrapper\">\n\t\t\t\t\t\t\t\t\t<span class=\"elementor-button-text\">Kongress verpasst: Direkt zum KONGRESSPAKET MIT ALLEN BEITR\u00c4GEN, \u00fcber Mitgliederbereich anschauen<\/span>\n\t\t\t\t\t<\/span>\n\t\t\t\t\t<\/a>\n\t\t\t\t\t\t\t\t<\/div>\n\t\t\t\t<div class=\"elementor-element elementor-element-419427d elementor-hidden-mobile elementor-invisible elementor-widget elementor-widget-image\" data-id=\"419427d\" data-element_type=\"widget\" data-e-type=\"widget\" data-settings=\"{&quot;_animation&quot;:&quot;bounceIn&quot;}\" data-widget_type=\"image.default\">\n\t\t\t\t\t\t\t\t\t\t\t\t\t\t\t<img loading=\"lazy\" decoding=\"async\" width=\"150\" height=\"150\" src=\"https:\/\/bio-balkon.de\/wp-content\/uploads\/2021\/01\/Biene-150x150.avif\" class=\"attachment-thumbnail size-thumbnail wp-image-18838\" alt=\"Insekten unterst\u00fctzen das \u00f6kologische G\u00e4rtnern auf kleinem Raum (Balkon, Terrasse, Fensterbrett, Kleingarten).\" srcset=\"https:\/\/bio-balkon.de\/wp-content\/uploads\/2021\/01\/Biene-150x150.avif 150w, https:\/\/bio-balkon.de\/wp-content\/uploads\/2021\/01\/Biene-300x300.avif 300w, https:\/\/bio-balkon.de\/wp-content\/uploads\/2021\/01\/Biene-768x768.avif 768w, https:\/\/bio-balkon.de\/wp-content\/uploads\/2021\/01\/Biene-12x12.png 12w, https:\/\/bio-balkon.de\/wp-content\/uploads\/2021\/01\/Biene.avif 939w\" sizes=\"auto, (max-width: 150px) 100vw, 150px\" \/>\t\t\t\t\t\t\t\t\t\t\t\t\t\t\t<\/div>\n\t\t\t\t<div class=\"elementor-element elementor-element-426d324 elementor-widget elementor-widget-text-editor\" data-id=\"426d324\" data-element_type=\"widget\" data-e-type=\"widget\" data-widget_type=\"text-editor.default\">\n\t\t\t\t\t\t\t\t\t<h2>Gr\u00fcn erleben, Stress weg<\/h2><p>Sei vom <strong>21. bis 30. M\u00e4rz<\/strong> dabei!\u00a0<\/p>\t\t\t\t\t\t\t\t<\/div>\n\t\t\t\t<div class=\"elementor-element elementor-element-4e52389 elementor-button-align-stretch elementor-widget elementor-widget-form\" data-id=\"4e52389\" data-element_type=\"widget\" data-e-type=\"widget\" data-settings=\"{&quot;step_next_label&quot;:&quot;N\\u00e4chster&quot;,&quot;step_previous_label&quot;:&quot;Voriger&quot;,&quot;button_width&quot;:&quot;100&quot;,&quot;step_type&quot;:&quot;number_text&quot;,&quot;step_icon_shape&quot;:&quot;circle&quot;}\" data-widget_type=\"form.default\">\n\t\t\t\t\t\t\t<form class=\"elementor-form\" method=\"post\" name=\"Neues Formular\" aria-label=\"Neues Formular\">\n\t\t\t<input type=\"hidden\" name=\"post_id\" value=\"81695\"\/>\n\t\t\t<input type=\"hidden\" name=\"form_id\" value=\"4e52389\"\/>\n\t\t\t<input type=\"hidden\" name=\"referer_title\" value=\"18. Bio-Balkon-Onlinekongress vom 21. \u2014 30.03. online &amp; gratis\" \/>\n\n\t\t\t\t\t\t\t<input type=\"hidden\" name=\"queried_id\" value=\"81695\"\/>\n\t\t\t\n\t\t\t<div class=\"elementor-form-fields-wrapper elementor-labels-\">\n\t\t\t\t\t\t\t\t<div class=\"elementor-field-type-text elementor-field-group elementor-column elementor-field-group-name elementor-col-50 elementor-md-50\">\n\t\t\t\t\t\t\t\t\t\t\t\t<label for=\"form-field-name\" class=\"elementor-field-label elementor-screen-only\">\n\t\t\t\t\t\t\t\tVorname\t\t\t\t\t\t\t<\/label>\n\t\t\t\t\t\t\t\t\t\t\t\t\t\t<input size=\"1\" type=\"text\" name=\"form_fields[name]\" id=\"form-field-name\" class=\"elementor-field elementor-size-md  elementor-field-textual\" placeholder=\"Vorname (optional)\">\n\t\t\t\t\t\t\t\t\t\t\t<\/div>\n\t\t\t\t\t\t\t\t<div class=\"elementor-field-type-email elementor-field-group elementor-column elementor-field-group-email elementor-col-50 elementor-md-50 elementor-field-required\">\n\t\t\t\t\t\t\t\t\t\t\t\t<label for=\"form-field-email\" class=\"elementor-field-label elementor-screen-only\">\n\t\t\t\t\t\t\t\tE-Mail\t\t\t\t\t\t\t<\/label>\n\t\t\t\t\t\t\t\t\t\t\t\t\t\t<input size=\"1\" type=\"email\" name=\"form_fields[email]\" id=\"form-field-email\" class=\"elementor-field elementor-size-md  elementor-field-textual\" placeholder=\"E-Mail-Adresse\" required=\"required\">\n\t\t\t\t\t\t\t\t\t\t\t<\/div>\n\t\t\t\t\t\t\t\t<div class=\"elementor-field-group elementor-column elementor-field-type-submit elementor-col-100 e-form__buttons\">\n\t\t\t\t\t<button class=\"elementor-button elementor-size-md\" type=\"submit\">\n\t\t\t\t\t\t<span class=\"elementor-button-content-wrapper\">\n\t\t\t\t\t\t\t\t\t\t\t\t\t\t\t\t\t\t\t\t\t\t<span class=\"elementor-button-text\">Trag Dich ein und erhalte gratis Zugang zum n\u00e4chsten Kongress September 2026<\/span>\n\t\t\t\t\t\t\t\t\t\t\t\t\t<\/span>\n\t\t\t\t\t<\/button>\n\t\t\t\t<\/div>\n\t\t\t<\/div>\n\t\t<\/form>\n\t\t\t\t\t\t<\/div>\n\t\t\t\t<div class=\"elementor-element elementor-element-fc64a3e elementor-widget elementor-widget-text-editor\" data-id=\"fc64a3e\" data-element_type=\"widget\" data-e-type=\"widget\" data-widget_type=\"text-editor.default\">\n\t\t\t\t\t\t\t\t\t<p><span style=\"color: #000000;\">Die Eintragung erfolgt im Rahmen der <a style=\"color: #000000;\" href=\"https:\/\/bio-balkon.de\/datenschutzerklaerung\/\" target=\"_blank\" rel=\"noopener\">Datenschutzerkl\u00e4rung<\/a>.<\/span><\/p>\t\t\t\t\t\t\t\t<\/div>\n\t\t\t\t<\/div>\n\t\t\t\t\t<\/div>\n\t\t\t\t<\/div>\n\t\t<div class=\"elementor-element elementor-element-e164014 e-flex e-con-boxed e-con e-child\" data-id=\"e164014\" data-element_type=\"container\" data-e-type=\"container\" data-settings=\"{&quot;background_background&quot;:&quot;classic&quot;}\">\n\t\t\t\t\t<div class=\"e-con-inner\">\n\t\t\t\t<div class=\"elementor-element elementor-element-832067b elementor-widget__width-initial elementor-widget-mobile__width-inherit elementor-widget elementor-widget-heading\" data-id=\"832067b\" data-element_type=\"widget\" data-e-type=\"widget\" data-widget_type=\"heading.default\">\n\t\t\t\t\t<h2 class=\"elementor-heading-title elementor-size-default\">Bekannt aus<\/h2>\t\t\t\t<\/div>\n\t\t\t\t<div class=\"elementor-element elementor-element-952bbbc elementor-widget__width-initial elementor-widget-mobile__width-inherit elementor-skin-carousel elementor-arrows-yes elementor-widget elementor-widget-global elementor-global-85079 elementor-widget-media-carousel\" data-id=\"952bbbc\" data-element_type=\"widget\" data-e-type=\"widget\" data-settings=\"{&quot;slides_per_view&quot;:&quot;7&quot;,&quot;space_between&quot;:{&quot;unit&quot;:&quot;px&quot;,&quot;size&quot;:35,&quot;sizes&quot;:[]},&quot;skin&quot;:&quot;carousel&quot;,&quot;effect&quot;:&quot;slide&quot;,&quot;show_arrows&quot;:&quot;yes&quot;,&quot;speed&quot;:500,&quot;autoplay&quot;:&quot;yes&quot;,&quot;autoplay_speed&quot;:5000,&quot;loop&quot;:&quot;yes&quot;,&quot;pause_on_hover&quot;:&quot;yes&quot;,&quot;pause_on_interaction&quot;:&quot;yes&quot;,&quot;space_between_tablet&quot;:{&quot;unit&quot;:&quot;px&quot;,&quot;size&quot;:10,&quot;sizes&quot;:[]},&quot;space_between_mobile&quot;:{&quot;unit&quot;:&quot;px&quot;,&quot;size&quot;:10,&quot;sizes&quot;:[]}}\" data-widget_type=\"media-carousel.default\">\n\t\t\t\t\t\t\t\t\t\t<div class=\"elementor-main-swiper swiper\" role=\"region\" aria-roledescription=\"carousel\" aria-label=\"Slider\">\n\t\t\t\t<div class=\"swiper-wrapper\">\n\t\t\t\t\t\t\t\t\t\t\t<div class=\"swiper-slide\" role=\"group\" aria-roledescription=\"slide\">\n\t\t\t\t\t\t\t\t\t<div class=\"elementor-carousel-image\" role=\"img\" aria-label=\"ARD\" style=\"background-image: url(&#039;https:\/\/bio-balkon.de\/wp-content\/uploads\/elementor\/thumbs\/ARD-riihzaleahrscalhkcel0zi0asoxiiiu60tl7qeo2k.avif&#039;)\">\n\n\t\t\t\n\t\t\t\t\t<\/div>\n\t\t\t\t\t\t\t\t<\/div>\n\t\t\t\t\t\t\t\t\t\t\t<div class=\"swiper-slide\" role=\"group\" aria-roledescription=\"slide\">\n\t\t\t\t\t\t\t\t\t<div class=\"elementor-carousel-image\" role=\"img\" aria-label=\"Natur im Garten\" style=\"background-image: url(&#039;https:\/\/bio-balkon.de\/wp-content\/uploads\/elementor\/thumbs\/Natur-im-Garten-riihuna4hzeqxpcipc2zp5pyk7llge2m70p5shaqea.avif&#039;)\">\n\n\t\t\t\n\t\t\t\t\t<\/div>\n\t\t\t\t\t\t\t\t<\/div>\n\t\t\t\t\t\t\t\t\t\t\t<div class=\"swiper-slide\" role=\"group\" aria-roledescription=\"slide\">\n\t\t\t\t\t\t\t\t\t<div class=\"elementor-carousel-image\" role=\"img\" aria-label=\"Logo der Pflanzendatenbank NaturaDB\" style=\"background-image: url(&#039;https:\/\/bio-balkon.de\/wp-content\/uploads\/elementor\/thumbs\/Logo-NaturaDB-rifir8lgddnacljjktbek22r4qexlkdc4iseilr0bg.avif&#039;)\">\n\n\t\t\t\n\t\t\t\t\t<\/div>\n\t\t\t\t\t\t\t\t<\/div>\n\t\t\t\t\t\t\t\t\t\t\t<div class=\"swiper-slide\" role=\"group\" aria-roledescription=\"slide\">\n\t\t\t\t\t\t\t\t\t<div class=\"elementor-carousel-image\" role=\"img\" aria-label=\"sueddeutsche-zeitung-200-150x40\" style=\"background-image: url(&#039;https:\/\/bio-balkon.de\/wp-content\/uploads\/elementor\/thumbs\/sueddeutsche-zeitung-200-150x40-1-rii0z49f8vqyyvte8q7q4gsoiq12f286o17ba633m8.avif&#039;)\">\n\n\t\t\t\n\t\t\t\t\t<\/div>\n\t\t\t\t\t\t\t\t<\/div>\n\t\t\t\t\t\t\t\t\t\t\t<div class=\"swiper-slide\" role=\"group\" aria-roledescription=\"slide\">\n\t\t\t\t\t\t\t\t\t<div class=\"elementor-carousel-image\" role=\"img\" aria-label=\"Deutschland summt wir tun was fu\u0308r die Bienen logo-rund\" style=\"background-image: url(&#039;https:\/\/bio-balkon.de\/wp-content\/uploads\/elementor\/thumbs\/Deutschland-summt-wir-tun-was-fu\u0308r-die-Bienen-logo-rund-riihz0967bdmsl0i8pxork3xrk3w5udsgln8xotzz0.avif&#039;)\">\n\n\t\t\t\n\t\t\t\t\t<\/div>\n\t\t\t\t\t\t\t\t<\/div>\n\t\t\t\t\t\t\t\t\t\t\t<div class=\"swiper-slide\" role=\"group\" aria-roledescription=\"slide\">\n\t\t\t\t\t\t\t\t\t<div class=\"elementor-carousel-image\" role=\"img\" aria-label=\"RBB Abendschau\" style=\"background-image: url(&#039;https:\/\/bio-balkon.de\/wp-content\/uploads\/elementor\/thumbs\/RBB-Abendschau-riihqt3ulc5lj0x846cu0ml78kin0vu2o0ss8szm8s.avif&#039;)\">\n\n\t\t\t\n\t\t\t\t\t<\/div>\n\t\t\t\t\t\t\t\t<\/div>\n\t\t\t\t\t\t\t\t\t\t\t<div class=\"swiper-slide\" role=\"group\" aria-roledescription=\"slide\">\n\t\t\t\t\t\t\t\t\t<div class=\"elementor-carousel-image\" role=\"img\" aria-label=\"Logo_GRU\u0308NE LIGA Berlin\" style=\"background-image: url(&#039;https:\/\/bio-balkon.de\/wp-content\/uploads\/elementor\/thumbs\/Logo_GRU\u0308NE-LIGA-Berlin-riihuhn3cz7101kpm9n8a756zwde67g868s8wtj352.avif&#039;)\">\n\n\t\t\t\n\t\t\t\t\t<\/div>\n\t\t\t\t\t\t\t\t<\/div>\n\t\t\t\t\t\t\t\t\t\t\t<div class=\"swiper-slide\" role=\"group\" aria-roledescription=\"slide\">\n\t\t\t\t\t\t\t\t\t<div class=\"elementor-carousel-image\" role=\"img\" aria-label=\"Dgg 1822 logo_dgg\" style=\"background-image: url(&#039;https:\/\/bio-balkon.de\/wp-content\/uploads\/elementor\/thumbs\/Dgg-1822-logo_dgg-riihyqusaz0rkhe5rlvf2mhbtpe80vch3b4e4x7wrw.avif&#039;)\">\n\n\t\t\t\n\t\t\t\t\t<\/div>\n\t\t\t\t\t\t\t\t<\/div>\n\t\t\t\t\t\t\t\t\t\t\t<div class=\"swiper-slide\" role=\"group\" aria-roledescription=\"slide\">\n\t\t\t\t\t\t\t\t\t<div class=\"elementor-carousel-image\" role=\"img\" aria-label=\"hortus-2\" style=\"background-image: url(&#039;https:\/\/bio-balkon.de\/wp-content\/uploads\/elementor\/thumbs\/hortus-2-rii0zukwk8qzzyr5z1la2a5l5ifcel4o3ngwpx02wg.avif&#039;)\">\n\n\t\t\t\n\t\t\t\t\t<\/div>\n\t\t\t\t\t\t\t\t<\/div>\n\t\t\t\t\t\t\t\t\t\t\t<div class=\"swiper-slide\" role=\"group\" aria-roledescription=\"slide\">\n\t\t\t\t\t\t\t\t\t<div class=\"elementor-carousel-image\" role=\"img\" aria-label=\"naturgucker-logo-2\" style=\"background-image: url(&#039;https:\/\/bio-balkon.de\/wp-content\/uploads\/elementor\/thumbs\/naturgucker-logo-2-rifczei5854v8jfp6z538i5mlmt7mv9y7tveg1wr8o.png&#039;)\">\n\n\t\t\t\n\t\t\t\t\t<\/div>\n\t\t\t\t\t\t\t\t<\/div>\n\t\t\t\t\t\t\t\t\t\t\t<div class=\"swiper-slide\" role=\"group\" aria-roledescription=\"slide\">\n\t\t\t\t\t\t\t\t\t<div class=\"elementor-carousel-image\" role=\"img\" aria-label=\"Falke\" style=\"background-image: url(&#039;https:\/\/bio-balkon.de\/wp-content\/uploads\/elementor\/thumbs\/Falke-riihyhgeemnwcdrtaht5doupvuojvwb5q0ljc5luhu.avif&#039;)\">\n\n\t\t\t\n\t\t\t\t\t<\/div>\n\t\t\t\t\t\t\t\t<\/div>\n\t\t\t\t\t\t\t\t\t\t\t<div class=\"swiper-slide\" role=\"group\" aria-roledescription=\"slide\">\n\t\t\t\t\t\t\t\t\t<div class=\"elementor-carousel-image\" role=\"img\" aria-label=\"natur_Logo_0-0-30-65\" style=\"background-image: url(&#039;https:\/\/bio-balkon.de\/wp-content\/uploads\/elementor\/thumbs\/natur-zeitschrift-rii0zza3iexfm0kc7lmewqyw4fs6h2nbsaqc4at3ya.avif&#039;)\">\n\n\t\t\t\n\t\t\t\t\t<\/div>\n\t\t\t\t\t\t\t\t<\/div>\n\t\t\t\t\t\t\t\t\t\t\t<div class=\"swiper-slide\" role=\"group\" aria-roledescription=\"slide\">\n\t\t\t\t\t\t\t\t\t<div class=\"elementor-carousel-image\" role=\"img\" aria-label=\"logo-kur-new-2 kraut&amp;ru\u0308ben\" style=\"background-image: url(&#039;https:\/\/bio-balkon.de\/wp-content\/uploads\/elementor\/thumbs\/logo-kur-new-2-krautru\u0308ben-riihuetksh3617ot2qfckput7qraj4515utsgzn9fy.avif&#039;)\">\n\n\t\t\t\n\t\t\t\t\t<\/div>\n\t\t\t\t\t\t\t\t<\/div>\n\t\t\t\t\t\t\t\t\t\t\t<div class=\"swiper-slide\" role=\"group\" aria-roledescription=\"slide\">\n\t\t\t\t\t\t\t\t\t<div class=\"elementor-carousel-image\" role=\"img\" aria-label=\"Food&amp;Farm\" style=\"background-image: url(&#039;https:\/\/bio-balkon.de\/wp-content\/uploads\/elementor\/thumbs\/FoodFarm-riihsh9iqqfy62hucwcyg7ep98a4pigw8ajuyiie7u.avif&#039;)\">\n\n\t\t\t\n\t\t\t\t\t<\/div>\n\t\t\t\t\t\t\t\t<\/div>\n\t\t\t\t\t\t\t\t\t\t\t<div class=\"swiper-slide\" role=\"group\" aria-roledescription=\"slide\">\n\t\t\t\t\t\t\t\t\t<div class=\"elementor-carousel-image\" role=\"img\" aria-label=\"Slow Food Deutschland e.V. 21617998_1431628343587616_5181109350505202711_n\" style=\"background-image: url(&#039;https:\/\/bio-balkon.de\/wp-content\/uploads\/elementor\/thumbs\/Slow-Food-Deutschland-e.V.-21617998_1431628343587616_5181109350505202711_n-riihqpchu00g8l2oq4qbqnjcv11663f5bi6ubp56xo.avif&#039;)\">\n\n\t\t\t\n\t\t\t\t\t<\/div>\n\t\t\t\t\t\t\t\t<\/div>\n\t\t\t\t\t\t\t\t\t\t\t<div class=\"swiper-slide\" role=\"group\" aria-roledescription=\"slide\">\n\t\t\t\t\t\t\t\t\t<div class=\"elementor-carousel-image\" role=\"img\" aria-label=\"Berliner Woche\" style=\"background-image: url(&#039;https:\/\/bio-balkon.de\/wp-content\/uploads\/elementor\/thumbs\/Berliner-Woche-riihz40iynis30v1mrk71j5s53ld0mspt496usofa4.avif&#039;)\">\n\n\t\t\t\n\t\t\t\t\t<\/div>\n\t\t\t\t\t\t\t\t<\/div>\n\t\t\t\t\t\t\t\t\t\t\t<div class=\"swiper-slide\" role=\"group\" aria-roledescription=\"slide\">\n\t\t\t\t\t\t\t\t\t<div class=\"elementor-carousel-image\" role=\"img\" aria-label=\"Gartendesign Inspiration\" style=\"background-image: url(&#039;https:\/\/bio-balkon.de\/wp-content\/uploads\/elementor\/thumbs\/Gartendesign-Inspiration-riihsl0vi2l3gicdqxzgq6gjmrrlkavtkt5svmcu10.avif&#039;)\">\n\n\t\t\t\n\t\t\t\t\t<\/div>\n\t\t\t\t\t\t\t\t<\/div>\n\t\t\t\t\t\t\t\t\t\t\t<div class=\"swiper-slide\" role=\"group\" aria-roledescription=\"slide\">\n\t\t\t\t\t\t\t\t\t<div class=\"elementor-carousel-image\" role=\"img\" aria-label=\"Rohvolution\" style=\"background-image: url(&#039;https:\/\/bio-balkon.de\/wp-content\/uploads\/elementor\/thumbs\/Rohvolution-riihqwv7coaqtgrri7zcaln1m403vo900jeq5wu0rk.avif&#039;)\">\n\n\t\t\t\n\t\t\t\t\t<\/div>\n\t\t\t\t\t\t\t\t<\/div>\n\t\t\t\t\t\t\t\t\t\t\t<div class=\"swiper-slide\" role=\"group\" aria-roledescription=\"slide\">\n\t\t\t\t\t\t\t\t\t<div class=\"elementor-carousel-image\" role=\"img\" aria-label=\"mygreenhome\" style=\"background-image: url(&#039;https:\/\/bio-balkon.de\/wp-content\/uploads\/elementor\/thumbs\/mygreenhome-otcho3s1zsnzbewnjyij8izsg6uay8l3kc8jng87ow.png&#039;)\">\n\n\t\t\t\n\t\t\t\t\t<\/div>\n\t\t\t\t\t\t\t\t<\/div>\n\t\t\t\t\t\t\t\t\t\t\t<div class=\"swiper-slide\" role=\"group\" aria-roledescription=\"slide\">\n\t\t\t\t\t\t\t\t\t<div class=\"elementor-carousel-image\" role=\"img\" aria-label=\"DasMagazin\" style=\"background-image: url(&#039;https:\/\/bio-balkon.de\/wp-content\/uploads\/elementor\/thumbs\/DasMagazin-rifbrkb4hb4fr9446iyhg2ep7ovxn28miuj5ogwrc6.png&#039;)\">\n\n\t\t\t\n\t\t\t\t\t<\/div>\n\t\t\t\t\t\t\t\t<\/div>\n\t\t\t\t\t\t\t\t\t\t\t<div class=\"swiper-slide\" role=\"group\" aria-roledescription=\"slide\">\n\t\t\t\t\t\t\t\t\t<div class=\"elementor-carousel-image\" role=\"img\" aria-label=\"UnternehmensGru\u0308n logo_unternehmensgruen\" style=\"background-image: url(&#039;https:\/\/bio-balkon.de\/wp-content\/uploads\/elementor\/thumbs\/UnternehmensGru\u0308n-logo_unternehmensgruen-riihq7hk85c03zsmmf0exa1lkph73ug8x1sm7fvnpa.avif&#039;)\">\n\n\t\t\t\n\t\t\t\t\t<\/div>\n\t\t\t\t\t\t\t\t<\/div>\n\t\t\t\t\t\t\t\t\t\t\t<div class=\"swiper-slide\" role=\"group\" aria-roledescription=\"slide\">\n\t\t\t\t\t\t\t\t\t<div class=\"elementor-carousel-image\" role=\"img\" aria-label=\"wa-aktuell\" style=\"background-image: url(&#039;https:\/\/bio-balkon.de\/wp-content\/uploads\/elementor\/thumbs\/wa-aktuell-rii0zqtjswlupiwmkzyrsb3qryxvjspqr4uyst5obg.avif&#039;)\">\n\n\t\t\t\n\t\t\t\t\t<\/div>\n\t\t\t\t\t\t\t\t<\/div>\n\t\t\t\t\t\t\t\t\t\t\t<div class=\"swiper-slide\" role=\"group\" aria-roledescription=\"slide\">\n\t\t\t\t\t\t\t\t\t<div class=\"elementor-carousel-image\" role=\"img\" aria-label=\"TASPO_NEU_outline\" style=\"background-image: url(&#039;https:\/\/bio-balkon.de\/wp-content\/uploads\/elementor\/thumbs\/TASPO-riihqfy3xnnl0hgc90o21pwqx6bi14dty7nzixj3va.avif&#039;)\">\n\n\t\t\t\n\t\t\t\t\t<\/div>\n\t\t\t\t\t\t\t\t<\/div>\n\t\t\t\t\t\t\t\t\t\t\t<div class=\"swiper-slide\" role=\"group\" aria-roledescription=\"slide\">\n\t\t\t\t\t\t\t\t\t<div class=\"elementor-carousel-image\" role=\"img\" aria-label=\"OLV\" style=\"background-image: url(&#039;https:\/\/bio-balkon.de\/wp-content\/uploads\/elementor\/thumbs\/OLV-riihr3g2oijr2qi7fstqa1z9rt3odjz4dfz4iuka6i.avif&#039;)\">\n\n\t\t\t\n\t\t\t\t\t<\/div>\n\t\t\t\t\t\t\t\t<\/div>\n\t\t\t\t\t\t\t\t\t\t\t<div class=\"swiper-slide\" role=\"group\" aria-roledescription=\"slide\">\n\t\t\t\t\t\t\t\t\t<div class=\"elementor-carousel-image\" role=\"img\" aria-label=\"gruen Zeitschrift\" style=\"background-image: url(&#039;https:\/\/bio-balkon.de\/wp-content\/uploads\/elementor\/thumbs\/gruen-Zeitschrift-rii0zo018ehzqp0q1gqw2ttcztbrwpejqqwicz9u9a.avif&#039;)\">\n\n\t\t\t\n\t\t\t\t\t<\/div>\n\t\t\t\t\t\t\t\t<\/div>\n\t\t\t\t\t\t\t\t\t\t\t<div class=\"swiper-slide\" role=\"group\" aria-roledescription=\"slide\">\n\t\t\t\t\t\t\t\t\t<div class=\"elementor-carousel-image\" role=\"img\" aria-label=\"rabe ralf\" style=\"background-image: url(&#039;https:\/\/bio-balkon.de\/wp-content\/uploads\/elementor\/thumbs\/rabe-ralf-rii0zelnc254iledkcomdw6r1ym3rqd8dgdnk7nrzi.avif&#039;)\">\n\n\t\t\t\n\t\t\t\t\t<\/div>\n\t\t\t\t\t\t\t\t<\/div>\n\t\t\t\t\t\t\t\t\t\t\t<div class=\"swiper-slide\" role=\"group\" aria-roledescription=\"slide\">\n\t\t\t\t\t\t\t\t\t<div class=\"elementor-carousel-image\" role=\"img\" aria-label=\"Quicumque\" style=\"background-image: url(&#039;https:\/\/bio-balkon.de\/wp-content\/uploads\/elementor\/thumbs\/Quicumque-rii0z653mjtjm3qnxr0z9gblphrsugfncaia8q0bck.avif&#039;)\">\n\n\t\t\t\n\t\t\t\t\t<\/div>\n\t\t\t\t\t\t\t\t<\/div>\n\t\t\t\t\t\t\t\t\t\t\t<div class=\"swiper-slide\" role=\"group\" aria-roledescription=\"slide\">\n\t\t\t\t\t\t\t\t\t<div class=\"elementor-carousel-image\" role=\"img\" aria-label=\"green_world_tour_logo Autarkia\" style=\"background-image: url(&#039;https:\/\/bio-balkon.de\/wp-content\/uploads\/elementor\/thumbs\/green_world_tour_logo-Autarkia-rii0z0i2hjltofyuuol7uhqu56jlk9t9bildd28opk.avif&#039;)\">\n\n\t\t\t\n\t\t\t\t\t<\/div>\n\t\t\t\t\t\t\t\t<\/div>\n\t\t\t\t\t\t\t\t\t<\/div>\n\t\t\t\t\t\t\t\t\t\t\t\t\t\t\t<div class=\"elementor-swiper-button elementor-swiper-button-prev\" role=\"button\" tabindex=\"0\" aria-label=\"Previous\">\n\t\t\t\t\t\t\t<svg aria-hidden=\"true\" class=\"e-font-icon-svg e-eicon-chevron-left\" viewBox=\"0 0 1000 1000\" xmlns=\"http:\/\/www.w3.org\/2000\/svg\"><path d=\"M646 125C629 125 613 133 604 142L308 442C296 454 292 471 292 487 292 504 296 521 308 533L604 854C617 867 629 875 646 875 663 875 679 871 692 858 704 846 713 829 713 812 713 796 708 779 692 767L438 487 692 225C700 217 708 204 708 187 708 171 704 154 692 142 675 129 663 125 646 125Z\"><\/path><\/svg>\t\t\t\t\t\t<\/div>\n\t\t\t\t\t\t<div class=\"elementor-swiper-button elementor-swiper-button-next\" role=\"button\" tabindex=\"0\" aria-label=\"Next\">\n\t\t\t\t\t\t\t<svg aria-hidden=\"true\" class=\"e-font-icon-svg e-eicon-chevron-right\" viewBox=\"0 0 1000 1000\" xmlns=\"http:\/\/www.w3.org\/2000\/svg\"><path d=\"M696 533C708 521 713 504 713 487 713 471 708 454 696 446L400 146C388 133 375 125 354 125 338 125 325 129 313 142 300 154 292 171 292 187 292 204 296 221 308 233L563 492 304 771C292 783 288 800 288 817 288 833 296 850 308 863 321 871 338 875 354 875 371 875 388 867 400 854L696 533Z\"><\/path><\/svg>\t\t\t\t\t\t<\/div>\n\t\t\t\t\t\t\t\t\t\t\t\t\t\t\t\t\t<\/div>\n\t\t\t\t\t\t\t\t<\/div>\n\t\t\t\t\t<\/div>\n\t\t\t\t<\/div>\n\t\t<div class=\"elementor-element elementor-element-9b3c72a e-flex e-con-boxed e-con e-child\" data-id=\"9b3c72a\" data-element_type=\"container\" data-e-type=\"container\" data-settings=\"{&quot;background_background&quot;:&quot;classic&quot;}\">\n\t\t\t\t\t<div class=\"e-con-inner\">\n\t\t\t\t<div class=\"elementor-element elementor-element-6c7faea elementor-widget__width-initial elementor-widget elementor-widget-text-editor\" data-id=\"6c7faea\" data-element_type=\"widget\" data-e-type=\"widget\" data-widget_type=\"text-editor.default\">\n\t\t\t\t\t\t\t\t\t<h2>Diese Experten unterst\u00fctzen die Bio-Balkon-Bewegung<\/h2>\t\t\t\t\t\t\t\t<\/div>\n\t\t\t\t<div class=\"elementor-element elementor-element-e371536 elementor-widget elementor-widget-heading\" data-id=\"e371536\" data-element_type=\"widget\" data-e-type=\"widget\" data-widget_type=\"heading.default\">\n\t\t\t\t\t<h3 class=\"elementor-heading-title elementor-size-default\">Tag 1 - Sa. 21. M\u00e4rz<\/h3>\t\t\t\t<\/div>\n\t\t<div class=\"elementor-element elementor-element-647ede1 e-grid e-con-full e-con e-child\" data-id=\"647ede1\" data-element_type=\"container\" data-e-type=\"container\">\n\t\t\t\t<div class=\"elementor-element elementor-element-2bd54ff elementor-position-top elementor-widget elementor-widget-image-box\" data-id=\"2bd54ff\" data-element_type=\"widget\" data-e-type=\"widget\" data-widget_type=\"image-box.default\">\n\t\t\t\t\t<div class=\"elementor-image-box-wrapper\"><figure class=\"elementor-image-box-img\"><a href=\"https:\/\/bio-balkon.de\/experten\/dr-med-max-buerck-gemassmer\/\" target=\"_blank\" tabindex=\"-1\"><img loading=\"lazy\" decoding=\"async\" width=\"150\" height=\"150\" src=\"https:\/\/bio-balkon.de\/wp-content\/uploads\/2025\/11\/Vorstand_Max-Buerck-Gemassmer_3-150x150.avif\" class=\"attachment-thumbnail size-thumbnail wp-image-85909\" alt=\"Max B\u00fcrck-Gemassmer spricht beim Online Bio-Balkon-Kongress zu Hitzewellen und Gesundheit in der Stadt\" srcset=\"https:\/\/bio-balkon.de\/wp-content\/uploads\/2025\/11\/Vorstand_Max-Buerck-Gemassmer_3-150x150.avif 150w, https:\/\/bio-balkon.de\/wp-content\/uploads\/2025\/11\/Vorstand_Max-Buerck-Gemassmer_3-300x300.avif 300w, https:\/\/bio-balkon.de\/wp-content\/uploads\/2025\/11\/Vorstand_Max-Buerck-Gemassmer_3-12x12.avif 12w, https:\/\/bio-balkon.de\/wp-content\/uploads\/2025\/11\/Vorstand_Max-Buerck-Gemassmer_3.avif 590w\" sizes=\"auto, (max-width: 150px) 100vw, 150px\" \/><\/a><\/figure><div class=\"elementor-image-box-content\"><h6 class=\"elementor-image-box-title\"><a href=\"https:\/\/bio-balkon.de\/experten\/dr-med-max-buerck-gemassmer\/\" target=\"_blank\">Max B\u00fcrck-Gemassmer<\/a><\/h6><p class=\"elementor-image-box-description\">Hitzewellen und Gesundheit in der Stadt: Wie gr\u00fcne Balkone die Gesundheit st\u00e4rken<\/p><\/div><\/div>\t\t\t\t<\/div>\n\t\t\t\t<div class=\"elementor-element elementor-element-7fc43a0 elementor-position-top elementor-widget elementor-widget-image-box\" data-id=\"7fc43a0\" data-element_type=\"widget\" data-e-type=\"widget\" data-widget_type=\"image-box.default\">\n\t\t\t\t\t<div class=\"elementor-image-box-wrapper\"><figure class=\"elementor-image-box-img\"><a href=\"https:\/\/bio-balkon.de\/experten\/sigrid-tinz-6\/\" target=\"_blank\" tabindex=\"-1\"><img loading=\"lazy\" decoding=\"async\" width=\"150\" height=\"150\" src=\"https:\/\/bio-balkon.de\/wp-content\/uploads\/2023\/09\/Sigrid-Tinz-Experten-2023-150x150.avif\" class=\"attachment-thumbnail size-thumbnail wp-image-60184\" alt=\"Die Expertin f\u00fcr Artenvielfalt Sigrid Tinz spricht beim Bio-Balkon-Kongress\" srcset=\"https:\/\/bio-balkon.de\/wp-content\/uploads\/2023\/09\/Sigrid-Tinz-Experten-2023-150x150.avif 150w, https:\/\/bio-balkon.de\/wp-content\/uploads\/2023\/09\/Sigrid-Tinz-Experten-2023-300x300.avif 300w, https:\/\/bio-balkon.de\/wp-content\/uploads\/2023\/09\/Sigrid-Tinz-Experten-2023-768x768.avif 768w, https:\/\/bio-balkon.de\/wp-content\/uploads\/2023\/09\/Sigrid-Tinz-Experten-2023-12x12.avif 12w, https:\/\/bio-balkon.de\/wp-content\/uploads\/2023\/09\/Sigrid-Tinz-Experten-2023.avif 1000w\" sizes=\"auto, (max-width: 150px) 100vw, 150px\" \/><\/a><\/figure><div class=\"elementor-image-box-content\"><h6 class=\"elementor-image-box-title\"><a href=\"https:\/\/bio-balkon.de\/experten\/sigrid-tinz-6\/\" target=\"_blank\">Sigrid Tinz<\/a><\/h6><p class=\"elementor-image-box-description\">Wundersch\u00f6ne Wildnis: Gl\u00f6ckchen f\u00fcr Gl\u00f6ckchen f\u00fcr den K\u00fcbel<\/p><\/div><\/div>\t\t\t\t<\/div>\n\t\t\t\t<div class=\"elementor-element elementor-element-5589ed4 elementor-position-top elementor-widget elementor-widget-image-box\" data-id=\"5589ed4\" data-element_type=\"widget\" data-e-type=\"widget\" data-widget_type=\"image-box.default\">\n\t\t\t\t\t<div class=\"elementor-image-box-wrapper\"><figure class=\"elementor-image-box-img\"><a href=\"https:\/\/bio-balkon.de\/experten\/stefanie-binder-3\/\" target=\"_blank\" tabindex=\"-1\"><img loading=\"lazy\" decoding=\"async\" width=\"150\" height=\"150\" src=\"https:\/\/bio-balkon.de\/wp-content\/uploads\/2020\/06\/Stefanie-binder-DSC_0715-Kopie-U\u0308berblick-Steffi-mittendrin-ausschnitt-150x150.avif\" class=\"attachment-thumbnail size-thumbnail wp-image-8249\" alt=\"Stefanie Binder inmitten ihrer Wildpflanzen auf ihrem Hamburger Innenhof-Balkon\" \/><\/a><\/figure><div class=\"elementor-image-box-content\"><h6 class=\"elementor-image-box-title\"><a href=\"https:\/\/bio-balkon.de\/experten\/stefanie-binder-3\/\" target=\"_blank\">Stefanie Binder<\/a><\/h6><p class=\"elementor-image-box-description\">Kleine T\u00f6pfe - Gro\u00dfe Wirkung. Naturnahes G\u00e4rtnern auf kleinstem Raum<\/p><\/div><\/div>\t\t\t\t<\/div>\n\t\t\t\t<div class=\"elementor-element elementor-element-4a38402 elementor-position-top elementor-widget elementor-widget-image-box\" data-id=\"4a38402\" data-element_type=\"widget\" data-e-type=\"widget\" data-widget_type=\"image-box.default\">\n\t\t\t\t\t<div class=\"elementor-image-box-wrapper\"><figure class=\"elementor-image-box-img\"><a href=\"https:\/\/bio-balkon.de\/experten\/dr-michael-altmoos-4\/\" target=\"_blank\" tabindex=\"-1\"><img loading=\"lazy\" decoding=\"async\" width=\"150\" height=\"150\" src=\"https:\/\/bio-balkon.de\/wp-content\/uploads\/2021\/03\/Portraet-Michael-Altmoos-2014-150x150.avif\" class=\"attachment-thumbnail size-thumbnail wp-image-23734\" alt=\"Dr. Michael Altmoos ist Biologe und Natursch\u00fctzer mit Schwerpunkt \u00d6kologie.\" srcset=\"https:\/\/bio-balkon.de\/wp-content\/uploads\/2021\/03\/Portraet-Michael-Altmoos-2014-150x150.avif 150w, https:\/\/bio-balkon.de\/wp-content\/uploads\/2021\/03\/Portraet-Michael-Altmoos-2014-11x12.avif 11w\" sizes=\"auto, (max-width: 150px) 100vw, 150px\" \/><\/a><\/figure><div class=\"elementor-image-box-content\"><h6 class=\"elementor-image-box-title\"><a href=\"https:\/\/bio-balkon.de\/experten\/dr-michael-altmoos-4\/\" target=\"_blank\">Dr. Michael Altmoos<\/a><\/h6><p class=\"elementor-image-box-description\">Neobiota, fremde Arten - Fremdes reizt<\/p><\/div><\/div>\t\t\t\t<\/div>\n\t\t\t\t<\/div>\n\t\t\t\t<div class=\"elementor-element elementor-element-f1fe4a5 elementor-widget elementor-widget-heading\" data-id=\"f1fe4a5\" data-element_type=\"widget\" data-e-type=\"widget\" data-widget_type=\"heading.default\">\n\t\t\t\t\t<h3 class=\"elementor-heading-title elementor-size-default\">Tag 2 - So. 22. M\u00e4rz<\/h3>\t\t\t\t<\/div>\n\t\t<div class=\"elementor-element elementor-element-857d824 e-grid e-con-full e-con e-child\" data-id=\"857d824\" data-element_type=\"container\" data-e-type=\"container\">\n\t\t\t\t<div class=\"elementor-element elementor-element-a72a593 elementor-position-top elementor-widget elementor-widget-image-box\" data-id=\"a72a593\" data-element_type=\"widget\" data-e-type=\"widget\" data-widget_type=\"image-box.default\">\n\t\t\t\t\t<div class=\"elementor-image-box-wrapper\"><figure class=\"elementor-image-box-img\"><a href=\"https:\/\/bio-balkon.de\/experten\/dr-med-kristin-ko%cc%88hler\/\" target=\"_blank\" tabindex=\"-1\"><img loading=\"lazy\" decoding=\"async\" width=\"150\" height=\"150\" src=\"https:\/\/bio-balkon.de\/wp-content\/uploads\/2026\/02\/Dr.-med-Kristin-Koehler-150x150.avif\" class=\"attachment-thumbnail size-thumbnail wp-image-88222\" alt=\"\u00c4rztin und Gr\u00fcnderin von VERDE Dr. med Kristin K\u00f6hler spricht beim Online Bio-Balkon-Kongress zur Naturverbindung\" srcset=\"https:\/\/bio-balkon.de\/wp-content\/uploads\/2026\/02\/Dr.-med-Kristin-Koehler-150x150.avif 150w, https:\/\/bio-balkon.de\/wp-content\/uploads\/2026\/02\/Dr.-med-Kristin-Koehler-300x300.avif 300w, https:\/\/bio-balkon.de\/wp-content\/uploads\/2026\/02\/Dr.-med-Kristin-Koehler-12x12.avif 12w, https:\/\/bio-balkon.de\/wp-content\/uploads\/2026\/02\/Dr.-med-Kristin-Koehler.avif 400w\" sizes=\"auto, (max-width: 150px) 100vw, 150px\" \/><\/a><\/figure><div class=\"elementor-image-box-content\"><h6 class=\"elementor-image-box-title\"><a href=\"https:\/\/bio-balkon.de\/experten\/dr-med-kristin-ko%cc%88hler\/\" target=\"_blank\">Dr. med Kristin K\u00f6hler<\/a><\/h6><p class=\"elementor-image-box-description\">NBSR\u00ae - naturbasierte Stressreduktion<\/p><\/div><\/div>\t\t\t\t<\/div>\n\t\t\t\t<div class=\"elementor-element elementor-element-7ce70fb elementor-position-top elementor-widget elementor-widget-image-box\" data-id=\"7ce70fb\" data-element_type=\"widget\" data-e-type=\"widget\" data-widget_type=\"image-box.default\">\n\t\t\t\t\t<div class=\"elementor-image-box-wrapper\"><figure class=\"elementor-image-box-img\"><a href=\"https:\/\/bio-balkon.de\/experten\/marianne-ruoff\/\" target=\"_blank\" tabindex=\"-1\"><img loading=\"lazy\" decoding=\"async\" width=\"150\" height=\"150\" src=\"https:\/\/bio-balkon.de\/wp-content\/uploads\/2024\/04\/Dr.-med.-Marianne-Ruoff-150x150.avif\" class=\"attachment-thumbnail size-thumbnail wp-image-67934\" alt=\"Dr. Marianne Ruoff spricht beim Online Bio-Balkon Kongress zur Heilkraft des L\u00f6wenzahnes und leckeren Zubereitungsformen.\" srcset=\"https:\/\/bio-balkon.de\/wp-content\/uploads\/2024\/04\/Dr.-med.-Marianne-Ruoff-150x150.avif 150w, https:\/\/bio-balkon.de\/wp-content\/uploads\/2024\/04\/Dr.-med.-Marianne-Ruoff-12x12.avif 12w\" sizes=\"auto, (max-width: 150px) 100vw, 150px\" \/><\/a><\/figure><div class=\"elementor-image-box-content\"><h6 class=\"elementor-image-box-title\"><a href=\"https:\/\/bio-balkon.de\/experten\/marianne-ruoff\/\" target=\"_blank\">Dr. med. Marianne Ruoff<\/a><\/h6><p class=\"elementor-image-box-description\">Glockenblumen und ihre medizinische Wirkung: Ein Blick auf die \"Eiszeitmedizin\"<\/p><\/div><\/div>\t\t\t\t<\/div>\n\t\t\t\t<div class=\"elementor-element elementor-element-fb3fe7d elementor-position-top elementor-widget elementor-widget-image-box\" data-id=\"fb3fe7d\" data-element_type=\"widget\" data-e-type=\"widget\" data-widget_type=\"image-box.default\">\n\t\t\t\t\t<div class=\"elementor-image-box-wrapper\"><figure class=\"elementor-image-box-img\"><a href=\"https:\/\/bio-balkon.de\/experten\/dorothee-mueller\/\" target=\"_blank\" tabindex=\"-1\"><img loading=\"lazy\" decoding=\"async\" width=\"150\" height=\"150\" src=\"https:\/\/bio-balkon.de\/wp-content\/uploads\/2025\/08\/Dorothee-Mueller-150x150.avif\" class=\"attachment-thumbnail size-thumbnail wp-image-88253\" alt=\"Dorothee Mu\u0308ller stellt ihren naturnahen Balkon im 8. Stock beim Online Bio-Balkon-Kongress vor\" \/><\/a><\/figure><div class=\"elementor-image-box-content\"><h6 class=\"elementor-image-box-title\"><a href=\"https:\/\/bio-balkon.de\/experten\/dorothee-mueller\/\" target=\"_blank\">Dorothee M\u00fcller<\/a><\/h6><p class=\"elementor-image-box-description\">Wildes Paradies im  8. Stock: Mein naturnaher Balkon in Hamburg-Altona<\/p><\/div><\/div>\t\t\t\t<\/div>\n\t\t\t\t<div class=\"elementor-element elementor-element-56ae9b8 elementor-position-top elementor-widget elementor-widget-image-box\" data-id=\"56ae9b8\" data-element_type=\"widget\" data-e-type=\"widget\" data-widget_type=\"image-box.default\">\n\t\t\t\t\t<div class=\"elementor-image-box-wrapper\"><figure class=\"elementor-image-box-img\"><a href=\"https:\/\/bio-balkon.de\/experten\/florian-wester\/\" target=\"_blank\" tabindex=\"-1\"><img loading=\"lazy\" decoding=\"async\" width=\"150\" height=\"150\" src=\"https:\/\/bio-balkon.de\/wp-content\/uploads\/2025\/10\/Florian-Wester-Insektennisthilfen-fuer-den-Balkon-150x150.avif\" class=\"attachment-thumbnail size-thumbnail wp-image-85738\" alt=\"Florian Wester spricht beim Online Bio-Balkon-Kongress zu Insektennisthilfen f\u00fcr den Balkon\" srcset=\"https:\/\/bio-balkon.de\/wp-content\/uploads\/2025\/10\/Florian-Wester-Insektennisthilfen-fuer-den-Balkon-150x150.avif 150w, https:\/\/bio-balkon.de\/wp-content\/uploads\/2025\/10\/Florian-Wester-Insektennisthilfen-fuer-den-Balkon-300x300.avif 300w, https:\/\/bio-balkon.de\/wp-content\/uploads\/2025\/10\/Florian-Wester-Insektennisthilfen-fuer-den-Balkon-768x768.avif 768w, https:\/\/bio-balkon.de\/wp-content\/uploads\/2025\/10\/Florian-Wester-Insektennisthilfen-fuer-den-Balkon-12x12.avif 12w, https:\/\/bio-balkon.de\/wp-content\/uploads\/2025\/10\/Florian-Wester-Insektennisthilfen-fuer-den-Balkon.avif 800w\" sizes=\"auto, (max-width: 150px) 100vw, 150px\" \/><\/a><\/figure><div class=\"elementor-image-box-content\"><h6 class=\"elementor-image-box-title\"><a href=\"https:\/\/bio-balkon.de\/experten\/florian-wester\/\" target=\"_blank\">Florian Wester<\/a><\/h6><p class=\"elementor-image-box-description\">Nachhaltiges Naturkino f\u00fcr Wildbienen auf Balkon und Terrasse<\/p><\/div><\/div>\t\t\t\t<\/div>\n\t\t\t\t<\/div>\n\t\t\t\t<div class=\"elementor-element elementor-element-b3f955d elementor-widget elementor-widget-heading\" data-id=\"b3f955d\" data-element_type=\"widget\" data-e-type=\"widget\" data-widget_type=\"heading.default\">\n\t\t\t\t\t<h3 class=\"elementor-heading-title elementor-size-default\">Tag 3 - Mo. 23. M\u00e4rz<\/h3>\t\t\t\t<\/div>\n\t\t<div class=\"elementor-element elementor-element-bb455c4 e-grid e-con-full e-con e-child\" data-id=\"bb455c4\" data-element_type=\"container\" data-e-type=\"container\">\n\t\t\t\t<div class=\"elementor-element elementor-element-d718653 elementor-position-top elementor-widget elementor-widget-image-box\" data-id=\"d718653\" data-element_type=\"widget\" data-e-type=\"widget\" data-widget_type=\"image-box.default\">\n\t\t\t\t\t<div class=\"elementor-image-box-wrapper\"><figure class=\"elementor-image-box-img\"><a href=\"https:\/\/bio-balkon.de\/experten\/christine-grasl-2\/\" target=\"_blank\" tabindex=\"-1\"><img loading=\"lazy\" decoding=\"async\" width=\"150\" height=\"150\" src=\"https:\/\/bio-balkon.de\/wp-content\/uploads\/2025\/07\/Christine-Grasl-150x150.avif\" class=\"attachment-thumbnail size-thumbnail wp-image-81338\" alt=\"Die Botanikerin und Wildpflanzen-Expertin Christine Grasl spricht beim Online Bio-Balkon-Kongress\" srcset=\"https:\/\/bio-balkon.de\/wp-content\/uploads\/2025\/07\/Christine-Grasl-150x150.avif 150w, https:\/\/bio-balkon.de\/wp-content\/uploads\/2025\/07\/Christine-Grasl-11x12.avif 11w\" sizes=\"auto, (max-width: 150px) 100vw, 150px\" \/><\/a><\/figure><div class=\"elementor-image-box-content\"><h6 class=\"elementor-image-box-title\"><a href=\"https:\/\/bio-balkon.de\/experten\/christine-grasl-2\/\" target=\"_blank\">Christine Grasl<\/a><\/h6><p class=\"elementor-image-box-description\">Gesundheit beginnt am Balkon: Heilpflanzen f\u00fcr den K\u00fcbel<\/p><\/div><\/div>\t\t\t\t<\/div>\n\t\t\t\t<div class=\"elementor-element elementor-element-df85ed7 elementor-position-top elementor-widget elementor-widget-image-box\" data-id=\"df85ed7\" data-element_type=\"widget\" data-e-type=\"widget\" data-widget_type=\"image-box.default\">\n\t\t\t\t\t<div class=\"elementor-image-box-wrapper\"><figure class=\"elementor-image-box-img\"><a href=\"https:\/\/bio-balkon.de\/experten\/til-genrich\/\" target=\"_blank\" tabindex=\"-1\"><img loading=\"lazy\" decoding=\"async\" width=\"150\" height=\"150\" src=\"https:\/\/bio-balkon.de\/wp-content\/uploads\/2026\/01\/Til-Genrich--150x150.avif\" class=\"attachment-thumbnail size-thumbnail wp-image-86678\" alt=\"Landschaftsarchitekt und Gr\u00fcnder der Selbstfairsorger Akademie Til Genrich spricht beim Online Bio-Balkon-Kongress\" srcset=\"https:\/\/bio-balkon.de\/wp-content\/uploads\/2026\/01\/Til-Genrich--150x150.avif 150w, https:\/\/bio-balkon.de\/wp-content\/uploads\/2026\/01\/Til-Genrich--11x12.avif 11w\" sizes=\"auto, (max-width: 150px) 100vw, 150px\" \/><\/a><\/figure><div class=\"elementor-image-box-content\"><h6 class=\"elementor-image-box-title\"><a href=\"https:\/\/bio-balkon.de\/experten\/til-genrich\/\" target=\"_blank\">Til Genrich<\/a><\/h6><p class=\"elementor-image-box-description\">Alles zur Jungpflanzen-Anzucht \n<\/p><\/div><\/div>\t\t\t\t<\/div>\n\t\t\t\t<div class=\"elementor-element elementor-element-2685c99 elementor-position-top elementor-widget elementor-widget-image-box\" data-id=\"2685c99\" data-element_type=\"widget\" data-e-type=\"widget\" data-widget_type=\"image-box.default\">\n\t\t\t\t\t<div class=\"elementor-image-box-wrapper\"><figure class=\"elementor-image-box-img\"><a href=\"https:\/\/bio-balkon.de\/experten\/adrian-ballbach\/\" target=\"_blank\" tabindex=\"-1\"><img loading=\"lazy\" decoding=\"async\" width=\"150\" height=\"150\" src=\"https:\/\/bio-balkon.de\/wp-content\/uploads\/2026\/01\/Adrian-Ballbach--150x150.avif\" class=\"attachment-thumbnail size-thumbnail wp-image-87328\" alt=\"Permakulturdesigner Adrian Ballbach spricht beim Online Bio-Balkon-Kongress zur Planung von Balkons\" srcset=\"https:\/\/bio-balkon.de\/wp-content\/uploads\/2026\/01\/Adrian-Ballbach--150x150.avif 150w, https:\/\/bio-balkon.de\/wp-content\/uploads\/2026\/01\/Adrian-Ballbach--300x300.avif 300w, https:\/\/bio-balkon.de\/wp-content\/uploads\/2026\/01\/Adrian-Ballbach--768x768.avif 768w, https:\/\/bio-balkon.de\/wp-content\/uploads\/2026\/01\/Adrian-Ballbach--12x12.avif 12w, https:\/\/bio-balkon.de\/wp-content\/uploads\/2026\/01\/Adrian-Ballbach-.avif 1000w\" sizes=\"auto, (max-width: 150px) 100vw, 150px\" \/><\/a><\/figure><div class=\"elementor-image-box-content\"><h6 class=\"elementor-image-box-title\"><a href=\"https:\/\/bio-balkon.de\/experten\/adrian-ballbach\/\" target=\"_blank\">Adrian Ballbach<\/a><\/h6><p class=\"elementor-image-box-description\">Permakultur auf dem Balkon \u2014 Planung f\u00fcr ein Mini-\u00d6kosystem<\/p><\/div><\/div>\t\t\t\t<\/div>\n\t\t\t\t<\/div>\n\t\t\t\t<div class=\"elementor-element elementor-element-afc49e0 elementor-widget elementor-widget-heading\" data-id=\"afc49e0\" data-element_type=\"widget\" data-e-type=\"widget\" data-widget_type=\"heading.default\">\n\t\t\t\t\t<h3 class=\"elementor-heading-title elementor-size-default\">Tag 4 - Di. 24. M\u00e4rz<\/h3>\t\t\t\t<\/div>\n\t\t<div class=\"elementor-element elementor-element-753b473 e-grid e-con-full e-con e-child\" data-id=\"753b473\" data-element_type=\"container\" data-e-type=\"container\">\n\t\t\t\t<div class=\"elementor-element elementor-element-5771961 elementor-position-top elementor-widget elementor-widget-image-box\" data-id=\"5771961\" data-element_type=\"widget\" data-e-type=\"widget\" data-widget_type=\"image-box.default\">\n\t\t\t\t\t<div class=\"elementor-image-box-wrapper\"><figure class=\"elementor-image-box-img\"><a href=\"https:\/\/bio-balkon.de\/experten\/dr-anna-schuster-2\/\" target=\"_blank\" tabindex=\"-1\"><img loading=\"lazy\" decoding=\"async\" width=\"150\" height=\"150\" src=\"https:\/\/bio-balkon.de\/wp-content\/uploads\/2024\/04\/Dr.-Anna-Schuster-150x150.avif\" class=\"attachment-thumbnail size-thumbnail wp-image-67920\" alt=\"Dr. Anna Schuster, promovierte Biologin, ausgebildete Kr\u00e4uterp\u00e4dagogin und seit Jahren fasziniert von der Welt der Wildpflanzen, spricht beim Online Bio-Balkon-Kongress.\" \/><\/a><\/figure><div class=\"elementor-image-box-content\"><h6 class=\"elementor-image-box-title\"><a href=\"https:\/\/bio-balkon.de\/experten\/dr-anna-schuster-2\/\" target=\"_blank\">Dr. Anna Schuster<\/a><\/h6><p class=\"elementor-image-box-description\">Heilkraft vom Balkon \u2013 mit der Kr\u00e4uterapotheke durch die Jahreszeiten<\/p><\/div><\/div>\t\t\t\t<\/div>\n\t\t\t\t<div class=\"elementor-element elementor-element-1029644 elementor-position-top elementor-widget elementor-widget-image-box\" data-id=\"1029644\" data-element_type=\"widget\" data-e-type=\"widget\" data-widget_type=\"image-box.default\">\n\t\t\t\t\t<div class=\"elementor-image-box-wrapper\"><figure class=\"elementor-image-box-img\"><a href=\"https:\/\/bio-balkon.de\/experten\/dr-juergen-herler-11\/\" target=\"_blank\" tabindex=\"-1\"><img loading=\"lazy\" decoding=\"async\" width=\"150\" height=\"150\" src=\"https:\/\/bio-balkon.de\/wp-content\/uploads\/2021\/09\/Ju\u0308rgen-Herler-66514387_10157587603165962_4336982083428679680_o-150x150.avif\" class=\"attachment-thumbnail size-thumbnail wp-image-33491\" alt=\"Hier ist das Bild vom Erfinder und CEO der Vertikalbeete zum ganzj\u00e4hrigen vertikalen Anbau.\" srcset=\"https:\/\/bio-balkon.de\/wp-content\/uploads\/2021\/09\/Ju\u0308rgen-Herler-66514387_10157587603165962_4336982083428679680_o-150x150.avif 150w, https:\/\/bio-balkon.de\/wp-content\/uploads\/2021\/09\/Ju\u0308rgen-Herler-66514387_10157587603165962_4336982083428679680_o-300x300.avif 300w, https:\/\/bio-balkon.de\/wp-content\/uploads\/2021\/09\/Ju\u0308rgen-Herler-66514387_10157587603165962_4336982083428679680_o-1024x1024.avif 1024w, https:\/\/bio-balkon.de\/wp-content\/uploads\/2021\/09\/Ju\u0308rgen-Herler-66514387_10157587603165962_4336982083428679680_o-768x768.avif 768w, https:\/\/bio-balkon.de\/wp-content\/uploads\/2021\/09\/Ju\u0308rgen-Herler-66514387_10157587603165962_4336982083428679680_o-1320x1320.avif 1320w, https:\/\/bio-balkon.de\/wp-content\/uploads\/2021\/09\/Ju\u0308rgen-Herler-66514387_10157587603165962_4336982083428679680_o.avif 1412w\" sizes=\"auto, (max-width: 150px) 100vw, 150px\" \/><\/a><\/figure><div class=\"elementor-image-box-content\"><h6 class=\"elementor-image-box-title\"><a href=\"https:\/\/bio-balkon.de\/experten\/dr-juergen-herler-11\/\" target=\"_blank\">Dr. J\u00fcrgen Herler<\/a><\/h6><p class=\"elementor-image-box-description\">Vertikale Gesundheitsoasen - von der Klimaterrasse zur k\u00fchlen Stadt <\/p><\/div><\/div>\t\t\t\t<\/div>\n\t\t\t\t<div class=\"elementor-element elementor-element-daa9f64 elementor-position-top elementor-widget elementor-widget-image-box\" data-id=\"daa9f64\" data-element_type=\"widget\" data-e-type=\"widget\" data-widget_type=\"image-box.default\">\n\t\t\t\t\t<div class=\"elementor-image-box-wrapper\"><figure class=\"elementor-image-box-img\"><a href=\"https:\/\/bio-balkon.de\/experten\/wolfgang-palme-10\/\" target=\"_blank\" tabindex=\"-1\"><img loading=\"lazy\" decoding=\"async\" width=\"150\" height=\"150\" src=\"https:\/\/bio-balkon.de\/wp-content\/uploads\/2026\/01\/Wolfgang-Palme-Gemueseanbauexperte-150x150.avif\" class=\"attachment-thumbnail size-thumbnail wp-image-87067\" alt=\"Wolfgang Palme, Experte f\u00fcr Gem\u00fcseanbau, spricht beim Online Bio-Balkon-Kongress\" \/><\/a><\/figure><div class=\"elementor-image-box-content\"><h6 class=\"elementor-image-box-title\"><a href=\"https:\/\/bio-balkon.de\/experten\/wolfgang-palme-10\/\" target=\"_blank\">Wolfgang Palme<\/a><\/h6><p class=\"elementor-image-box-description\">Die fruchtige Vielfalt von Paprika, Aubergine &amp; Co: Nachtschattengew\u00e4chse in T\u00f6pfen und K\u00fcbeln<\/p><\/div><\/div>\t\t\t\t<\/div>\n\t\t\t\t<\/div>\n\t\t\t\t<div class=\"elementor-element elementor-element-b1716f1 elementor-widget elementor-widget-heading\" data-id=\"b1716f1\" data-element_type=\"widget\" data-e-type=\"widget\" data-widget_type=\"heading.default\">\n\t\t\t\t\t<h3 class=\"elementor-heading-title elementor-size-default\">Tag 5 - Mi. 25. M\u00e4rz<\/h3>\t\t\t\t<\/div>\n\t\t<div class=\"elementor-element elementor-element-3c1bce4 e-grid e-con-full e-con e-child\" data-id=\"3c1bce4\" data-element_type=\"container\" data-e-type=\"container\">\n\t\t\t\t<div class=\"elementor-element elementor-element-bc962b8 elementor-position-top elementor-widget elementor-widget-image-box\" data-id=\"bc962b8\" data-element_type=\"widget\" data-e-type=\"widget\" data-widget_type=\"image-box.default\">\n\t\t\t\t\t<div class=\"elementor-image-box-wrapper\"><figure class=\"elementor-image-box-img\"><a href=\"https:\/\/bio-balkon.de\/experten\/dr-sonja-schwingesbauer-4\/\" target=\"_blank\" tabindex=\"-1\"><img loading=\"lazy\" decoding=\"async\" width=\"150\" height=\"150\" src=\"https:\/\/bio-balkon.de\/wp-content\/uploads\/2026\/02\/Dr.-Sonja-Schwingesbauer-150x150.avif\" class=\"attachment-thumbnail size-thumbnail wp-image-88042\" alt=\"Pflanzplanerin Dr. Sonja Schwingesbauer spricht beim Online Bio-Balkon-Kongress\" srcset=\"https:\/\/bio-balkon.de\/wp-content\/uploads\/2026\/02\/Dr.-Sonja-Schwingesbauer-150x150.avif 150w, https:\/\/bio-balkon.de\/wp-content\/uploads\/2026\/02\/Dr.-Sonja-Schwingesbauer-300x300.avif 300w, https:\/\/bio-balkon.de\/wp-content\/uploads\/2026\/02\/Dr.-Sonja-Schwingesbauer-768x768.avif 768w, https:\/\/bio-balkon.de\/wp-content\/uploads\/2026\/02\/Dr.-Sonja-Schwingesbauer-12x12.avif 12w, https:\/\/bio-balkon.de\/wp-content\/uploads\/2026\/02\/Dr.-Sonja-Schwingesbauer.avif 1000w\" sizes=\"auto, (max-width: 150px) 100vw, 150px\" \/><\/a><\/figure><div class=\"elementor-image-box-content\"><h6 class=\"elementor-image-box-title\"><a href=\"https:\/\/bio-balkon.de\/experten\/dr-sonja-schwingesbauer-4\/\" target=\"_blank\">Dr. Sonja Schwingesbauer<\/a><\/h6><p class=\"elementor-image-box-description\">Von Pflanzen, die sich m\u00f6gen und Tieren, die uns helfen<\/p><\/div><\/div>\t\t\t\t<\/div>\n\t\t\t\t<div class=\"elementor-element elementor-element-f6da43e elementor-position-top elementor-widget elementor-widget-image-box\" data-id=\"f6da43e\" data-element_type=\"widget\" data-e-type=\"widget\" data-widget_type=\"image-box.default\">\n\t\t\t\t\t<div class=\"elementor-image-box-wrapper\"><figure class=\"elementor-image-box-img\"><a href=\"https:\/\/bio-balkon.de\/experten\/rene-franz\/\" target=\"_blank\" tabindex=\"-1\"><img loading=\"lazy\" decoding=\"async\" width=\"150\" height=\"150\" src=\"https:\/\/bio-balkon.de\/wp-content\/uploads\/2025\/08\/Rene-Franz-150x150.avif\" class=\"attachment-thumbnail size-thumbnail wp-image-81944\" alt=\"Der Dipl. Permakultur Designer (PKA) Holzer Permakultur-Praktiker Ren\u00e9 Franz spricht beim Online Bio-Balkon-Kongress.\" srcset=\"https:\/\/bio-balkon.de\/wp-content\/uploads\/2025\/08\/Rene-Franz-150x150.avif 150w, https:\/\/bio-balkon.de\/wp-content\/uploads\/2025\/08\/Rene-Franz-300x300.avif 300w, https:\/\/bio-balkon.de\/wp-content\/uploads\/2025\/08\/Rene-Franz-768x768.avif 768w, https:\/\/bio-balkon.de\/wp-content\/uploads\/2025\/08\/Rene-Franz-12x12.avif 12w, https:\/\/bio-balkon.de\/wp-content\/uploads\/2025\/08\/Rene-Franz.avif 800w\" sizes=\"auto, (max-width: 150px) 100vw, 150px\" \/><\/a><\/figure><div class=\"elementor-image-box-content\"><h6 class=\"elementor-image-box-title\"><a href=\"https:\/\/bio-balkon.de\/experten\/rene-franz\/\" target=\"_blank\">Ren\u00e9 Franz<\/a><\/h6><p class=\"elementor-image-box-description\">Mischkulturen und Fruchtfolgen f\u00fcr den K\u00fcbel planen und gestalten\n<\/p><\/div><\/div>\t\t\t\t<\/div>\n\t\t\t\t<div class=\"elementor-element elementor-element-4640545 elementor-position-top elementor-widget elementor-widget-image-box\" data-id=\"4640545\" data-element_type=\"widget\" data-e-type=\"widget\" data-widget_type=\"image-box.default\">\n\t\t\t\t\t<div class=\"elementor-image-box-wrapper\"><figure class=\"elementor-image-box-img\"><a href=\"https:\/\/bio-balkon.de\/experten\/dr-med-lilla-kepes\/\" target=\"_blank\" tabindex=\"-1\"><img loading=\"lazy\" decoding=\"async\" width=\"150\" height=\"150\" src=\"https:\/\/bio-balkon.de\/wp-content\/uploads\/2025\/10\/Lilla-Kepes-150x150.avif\" class=\"attachment-thumbnail size-thumbnail wp-image-84616\" alt=\"Dr. med. Lilla Kepes stellt beim Online Bio-Balkon-Kongress ihren preisgekr\u00f6nten Balkon vor\" srcset=\"https:\/\/bio-balkon.de\/wp-content\/uploads\/2025\/10\/Lilla-Kepes-150x150.avif 150w, https:\/\/bio-balkon.de\/wp-content\/uploads\/2025\/10\/Lilla-Kepes-300x300.avif 300w, https:\/\/bio-balkon.de\/wp-content\/uploads\/2025\/10\/Lilla-Kepes-768x768.avif 768w, https:\/\/bio-balkon.de\/wp-content\/uploads\/2025\/10\/Lilla-Kepes-12x12.avif 12w, https:\/\/bio-balkon.de\/wp-content\/uploads\/2025\/10\/Lilla-Kepes.avif 1000w\" sizes=\"auto, (max-width: 150px) 100vw, 150px\" \/><\/a><\/figure><div class=\"elementor-image-box-content\"><h6 class=\"elementor-image-box-title\"><a href=\"https:\/\/bio-balkon.de\/experten\/dr-med-lilla-kepes\/\" target=\"_blank\">Dr. med. Lilla Kepes<\/a><\/h6><p class=\"elementor-image-box-description\">Naturwunder auf der Tiefgarage: So entstand ein \"kleiner Zaubergarten\"<\/p><\/div><\/div>\t\t\t\t<\/div>\n\t\t\t\t<\/div>\n\t\t\t\t<div class=\"elementor-element elementor-element-d0f129e elementor-widget elementor-widget-heading\" data-id=\"d0f129e\" data-element_type=\"widget\" data-e-type=\"widget\" data-widget_type=\"heading.default\">\n\t\t\t\t\t<h3 class=\"elementor-heading-title elementor-size-default\">Tag 6 - Do. 26. M\u00e4rz<\/h3>\t\t\t\t<\/div>\n\t\t<div class=\"elementor-element elementor-element-8953712 e-grid e-con-full e-con e-child\" data-id=\"8953712\" data-element_type=\"container\" data-e-type=\"container\">\n\t\t\t\t<div class=\"elementor-element elementor-element-70c36ae elementor-position-top elementor-widget elementor-widget-image-box\" data-id=\"70c36ae\" data-element_type=\"widget\" data-e-type=\"widget\" data-widget_type=\"image-box.default\">\n\t\t\t\t\t<div class=\"elementor-image-box-wrapper\"><figure class=\"elementor-image-box-img\"><a href=\"https:\/\/bio-balkon.de\/experten\/sus-reeg\/\" target=\"_blank\" tabindex=\"-1\"><img loading=\"lazy\" decoding=\"async\" width=\"150\" height=\"150\" src=\"https:\/\/bio-balkon.de\/wp-content\/uploads\/2025\/08\/Sus-Reeg-150x150.avif\" class=\"attachment-thumbnail size-thumbnail wp-image-81842\" alt=\"Sus Reeg spricht beim Online Bio-Balkon-Kongress zu Natur- und Heilg\u00e4rten\" \/><\/a><\/figure><div class=\"elementor-image-box-content\"><h6 class=\"elementor-image-box-title\"><a href=\"https:\/\/bio-balkon.de\/experten\/sus-reeg\/\" target=\"_blank\">Sus Reeg<\/a><\/h6><p class=\"elementor-image-box-description\">Gr\u00fcnes Heilreich: So gestaltest Du einen kleinen Natur- und Heilgarten zuhause\n<\/p><\/div><\/div>\t\t\t\t<\/div>\n\t\t\t\t<div class=\"elementor-element elementor-element-d2474bb elementor-position-top elementor-widget elementor-widget-image-box\" data-id=\"d2474bb\" data-element_type=\"widget\" data-e-type=\"widget\" data-widget_type=\"image-box.default\">\n\t\t\t\t\t<div class=\"elementor-image-box-wrapper\"><figure class=\"elementor-image-box-img\"><a href=\"https:\/\/bio-balkon.de\/experten\/berthold-daubner-4\/\" target=\"_blank\" tabindex=\"-1\"><img loading=\"lazy\" decoding=\"async\" width=\"150\" height=\"150\" src=\"https:\/\/bio-balkon.de\/wp-content\/uploads\/2023\/04\/Berthold-Daubner-150x150.avif\" class=\"attachment-thumbnail size-thumbnail wp-image-61579\" alt=\"Der Wildpflanzenexperte Berthold Daubner spricht beim Online Bio-Balkon-Kongress\" srcset=\"https:\/\/bio-balkon.de\/wp-content\/uploads\/2023\/04\/Berthold-Daubner-150x150.avif 150w, https:\/\/bio-balkon.de\/wp-content\/uploads\/2023\/04\/Berthold-Daubner-300x300.avif 300w, https:\/\/bio-balkon.de\/wp-content\/uploads\/2023\/04\/Berthold-Daubner-12x12.avif 12w, https:\/\/bio-balkon.de\/wp-content\/uploads\/2023\/04\/Berthold-Daubner.avif 662w\" sizes=\"auto, (max-width: 150px) 100vw, 150px\" \/><\/a><\/figure><div class=\"elementor-image-box-content\"><h6 class=\"elementor-image-box-title\"><a href=\"https:\/\/bio-balkon.de\/experten\/berthold-daubner-4\/\" target=\"_blank\">Berthold Daubner<\/a><\/h6><p class=\"elementor-image-box-description\">Geselligkeit von Wildpflanzen in Topf und K\u00fcbel \u2013 Wie pflanzt man richtig?<\/p><\/div><\/div>\t\t\t\t<\/div>\n\t\t\t\t<div class=\"elementor-element elementor-element-70ea6f5 elementor-position-top elementor-widget elementor-widget-image-box\" data-id=\"70ea6f5\" data-element_type=\"widget\" data-e-type=\"widget\" data-widget_type=\"image-box.default\">\n\t\t\t\t\t<div class=\"elementor-image-box-wrapper\"><figure class=\"elementor-image-box-img\"><a href=\"https:\/\/bio-balkon.de\/experten\/david-witzeneder-4\/\" target=\"_blank\" tabindex=\"-1\"><img loading=\"lazy\" decoding=\"async\" width=\"150\" height=\"150\" src=\"https:\/\/bio-balkon.de\/wp-content\/uploads\/2021\/02\/wurmkiste-CEO-Wormsystems-David-Witzeneder-min-845x684-1-150x150.avif\" class=\"attachment-thumbnail size-thumbnail wp-image-21277\" alt=\"David Witzeneder ist CEO von Wormsystems, dem f\u00fchrenden Anbieter von System zur Wurmkompostierung.\" \/><\/a><\/figure><div class=\"elementor-image-box-content\"><h6 class=\"elementor-image-box-title\"><a href=\"https:\/\/bio-balkon.de\/experten\/david-witzeneder-4\/\" target=\"_blank\">David Witzeneder<\/a><\/h6><p class=\"elementor-image-box-description\">Mit Wurmkiste &amp; Wurmhumus zu vitalen Pflanzen und mehr Lebendigkeit im Stadtraum<\/p><\/div><\/div>\t\t\t\t<\/div>\n\t\t\t\t<\/div>\n\t\t\t\t<div class=\"elementor-element elementor-element-6b08b9f elementor-widget elementor-widget-heading\" data-id=\"6b08b9f\" data-element_type=\"widget\" data-e-type=\"widget\" data-widget_type=\"heading.default\">\n\t\t\t\t\t<h3 class=\"elementor-heading-title elementor-size-default\">Tag 7 - Fr. 27. M\u00e4rz<\/h3>\t\t\t\t<\/div>\n\t\t<div class=\"elementor-element elementor-element-fbb81b2 e-grid e-con-full e-con e-child\" data-id=\"fbb81b2\" data-element_type=\"container\" data-e-type=\"container\">\n\t\t\t\t<div class=\"elementor-element elementor-element-51958ac elementor-position-top elementor-widget elementor-widget-image-box\" data-id=\"51958ac\" data-element_type=\"widget\" data-e-type=\"widget\" data-widget_type=\"image-box.default\">\n\t\t\t\t\t<div class=\"elementor-image-box-wrapper\"><figure class=\"elementor-image-box-img\"><a href=\"https:\/\/bio-balkon.de\/experten\/sarah-beck-3\/\" target=\"_blank\" tabindex=\"-1\"><img loading=\"lazy\" decoding=\"async\" width=\"150\" height=\"150\" src=\"https:\/\/bio-balkon.de\/wp-content\/uploads\/2024\/04\/Sarah-Lein-gross--150x150.avif\" class=\"attachment-thumbnail size-thumbnail wp-image-68634\" alt=\"Die Hortus-G\u00e4rtnerin Sarah Beck spricht beim Online Bio-Balkon-Kongress\" srcset=\"https:\/\/bio-balkon.de\/wp-content\/uploads\/2024\/04\/Sarah-Lein-gross--150x150.avif 150w, https:\/\/bio-balkon.de\/wp-content\/uploads\/2024\/04\/Sarah-Lein-gross--300x300.avif 300w, https:\/\/bio-balkon.de\/wp-content\/uploads\/2024\/04\/Sarah-Lein-gross--768x768.avif 768w, https:\/\/bio-balkon.de\/wp-content\/uploads\/2024\/04\/Sarah-Lein-gross--12x12.avif 12w, https:\/\/bio-balkon.de\/wp-content\/uploads\/2024\/04\/Sarah-Lein-gross-.avif 1000w\" sizes=\"auto, (max-width: 150px) 100vw, 150px\" \/><\/a><\/figure><div class=\"elementor-image-box-content\"><h6 class=\"elementor-image-box-title\"><a href=\"https:\/\/bio-balkon.de\/experten\/sarah-beck-3\/\" target=\"_blank\">Sarah Beck<\/a><\/h6><p class=\"elementor-image-box-description\">Nur ein Balkon? Oder Heilkraft f\u00fcr K\u00f6rper und Geist<\/p><\/div><\/div>\t\t\t\t<\/div>\n\t\t\t\t<div class=\"elementor-element elementor-element-4e60c88 elementor-position-top elementor-widget elementor-widget-image-box\" data-id=\"4e60c88\" data-element_type=\"widget\" data-e-type=\"widget\" data-widget_type=\"image-box.default\">\n\t\t\t\t\t<div class=\"elementor-image-box-wrapper\"><figure class=\"elementor-image-box-img\"><a href=\"https:\/\/bio-balkon.de\/experten\/gerald-dunst\/\" target=\"_blank\" tabindex=\"-1\"><img loading=\"lazy\" decoding=\"async\" width=\"150\" height=\"150\" src=\"https:\/\/bio-balkon.de\/wp-content\/uploads\/2024\/04\/Gerald-Dunst-150x150.avif\" class=\"attachment-thumbnail size-thumbnail wp-image-67930\" alt=\"Der Humus-Pionier Gerald Dunst spricht beim Online Bio-Balkon-Kongress zu Dauererde und Terra Preta im K\u00fcbel.\" srcset=\"https:\/\/bio-balkon.de\/wp-content\/uploads\/2024\/04\/Gerald-Dunst-150x150.avif 150w, https:\/\/bio-balkon.de\/wp-content\/uploads\/2024\/04\/Gerald-Dunst-300x300.avif 300w, https:\/\/bio-balkon.de\/wp-content\/uploads\/2024\/04\/Gerald-Dunst-768x768.avif 768w, https:\/\/bio-balkon.de\/wp-content\/uploads\/2024\/04\/Gerald-Dunst.avif 800w\" sizes=\"auto, (max-width: 150px) 100vw, 150px\" \/><\/a><\/figure><div class=\"elementor-image-box-content\"><h6 class=\"elementor-image-box-title\"><a href=\"https:\/\/bio-balkon.de\/experten\/gerald-dunst\/\" target=\"_blank\">Gerald Dunst<\/a><\/h6><p class=\"elementor-image-box-description\">Das Substrat ist die Basis f\u00fcr Erfolg\ufeff: Der Grundstein f\u00fcr gesundes Bio-G\u00e4rtnern im K\u00fcbel<\/p><\/div><\/div>\t\t\t\t<\/div>\n\t\t\t\t<div class=\"elementor-element elementor-element-8aa2cca elementor-position-top elementor-widget elementor-widget-image-box\" data-id=\"8aa2cca\" data-element_type=\"widget\" data-e-type=\"widget\" data-widget_type=\"image-box.default\">\n\t\t\t\t\t<div class=\"elementor-image-box-wrapper\"><figure class=\"elementor-image-box-img\"><a href=\"https:\/\/bio-balkon.de\/experten\/christiane-denzel-4\/\" target=\"_blank\" tabindex=\"-1\"><img loading=\"lazy\" decoding=\"async\" width=\"150\" height=\"150\" src=\"https:\/\/bio-balkon.de\/wp-content\/uploads\/2023\/02\/Christiane-Denzel-Expertin-Biodiversitaet-2023-150x150.avif\" class=\"attachment-thumbnail size-thumbnail wp-image-50729\" alt=\"Die Expertin f\u00fcr Artenvielfalt Christiane Denzel spricht beim Online Bio-Balkon-Kongress.\" srcset=\"https:\/\/bio-balkon.de\/wp-content\/uploads\/2023\/02\/Christiane-Denzel-Expertin-Biodiversitaet-2023-150x150.avif 150w, https:\/\/bio-balkon.de\/wp-content\/uploads\/2023\/02\/Christiane-Denzel-Expertin-Biodiversitaet-2023-300x300.avif 300w, https:\/\/bio-balkon.de\/wp-content\/uploads\/2023\/02\/Christiane-Denzel-Expertin-Biodiversitaet-2023-768x768.avif 768w, https:\/\/bio-balkon.de\/wp-content\/uploads\/2023\/02\/Christiane-Denzel-Expertin-Biodiversitaet-2023-12x12.avif 12w, https:\/\/bio-balkon.de\/wp-content\/uploads\/2023\/02\/Christiane-Denzel-Expertin-Biodiversitaet-2023.avif 1000w\" sizes=\"auto, (max-width: 150px) 100vw, 150px\" \/><\/a><\/figure><div class=\"elementor-image-box-content\"><h6 class=\"elementor-image-box-title\"><a href=\"https:\/\/bio-balkon.de\/experten\/christiane-denzel-4\/\" target=\"_blank\">Christiane Denzel<\/a><\/h6><p class=\"elementor-image-box-description\">Schwebfliegen auf dem Balkon: Best\u00e4uber, Blattlausj\u00e4ger, \u00dcberlebensk\u00fcnstler<\/p><\/div><\/div>\t\t\t\t<\/div>\n\t\t\t\t<\/div>\n\t\t\t\t<div class=\"elementor-element elementor-element-3e674b7 elementor-widget elementor-widget-heading\" data-id=\"3e674b7\" data-element_type=\"widget\" data-e-type=\"widget\" data-widget_type=\"heading.default\">\n\t\t\t\t\t<h3 class=\"elementor-heading-title elementor-size-default\">Tag 8 - Sa. 28. M\u00e4rz<\/h3>\t\t\t\t<\/div>\n\t\t<div class=\"elementor-element elementor-element-6e8b313 e-grid e-con-full e-con e-child\" data-id=\"6e8b313\" data-element_type=\"container\" data-e-type=\"container\">\n\t\t\t\t<div class=\"elementor-element elementor-element-2351bc4 elementor-position-top elementor-widget elementor-widget-image-box\" data-id=\"2351bc4\" data-element_type=\"widget\" data-e-type=\"widget\" data-widget_type=\"image-box.default\">\n\t\t\t\t\t<div class=\"elementor-image-box-wrapper\"><figure class=\"elementor-image-box-img\"><a href=\"https:\/\/bio-balkon.de\/experten\/andrea-heistinger-3\/\" target=\"_blank\" tabindex=\"-1\"><img loading=\"lazy\" decoding=\"async\" width=\"150\" height=\"150\" src=\"https:\/\/bio-balkon.de\/wp-content\/uploads\/2024\/12\/Andrea-Heistinger-header-1030x685-1-150x150.avif\" class=\"attachment-thumbnail size-thumbnail wp-image-73623\" alt=\"Die Gartenbuchautorin, freie Agrarwissenschaftlerin und Organisationsberaterin Andrea Heistinger spricht beim Online Bio-Balkon-Kongress zu Sameng\u00e4rtnerei und den Balkon zum Leben erwecken.\" \/><\/a><\/figure><div class=\"elementor-image-box-content\"><h6 class=\"elementor-image-box-title\"><a href=\"https:\/\/bio-balkon.de\/experten\/andrea-heistinger-3\/\" target=\"_blank\">Andrea Heistinger<\/a><\/h6><p class=\"elementor-image-box-description\">So gelingen Heil- und Teekr\u00e4uter auf Balkon und Terrasse<\/p><\/div><\/div>\t\t\t\t<\/div>\n\t\t\t\t<div class=\"elementor-element elementor-element-96ddcfb elementor-position-top elementor-widget elementor-widget-image-box\" data-id=\"96ddcfb\" data-element_type=\"widget\" data-e-type=\"widget\" data-widget_type=\"image-box.default\">\n\t\t\t\t\t<div class=\"elementor-image-box-wrapper\"><figure class=\"elementor-image-box-img\"><a href=\"https:\/\/bio-balkon.de\/experten\/helge-masch-4\/\" target=\"_blank\" tabindex=\"-1\"><img loading=\"lazy\" decoding=\"async\" width=\"150\" height=\"150\" src=\"https:\/\/bio-balkon.de\/wp-content\/uploads\/2022\/04\/Helge-Masch-Experten-2023-150x150.avif\" class=\"attachment-thumbnail size-thumbnail wp-image-49257\" alt=\"G\u00e4rtner und Naturfotograf Helge Masch spricht beim Online Bio-Balkon-Kongress\" srcset=\"https:\/\/bio-balkon.de\/wp-content\/uploads\/2022\/04\/Helge-Masch-Experten-2023-150x150.avif 150w, https:\/\/bio-balkon.de\/wp-content\/uploads\/2022\/04\/Helge-Masch-Experten-2023-300x300.avif 300w, https:\/\/bio-balkon.de\/wp-content\/uploads\/2022\/04\/Helge-Masch-Experten-2023-768x768.avif 768w, https:\/\/bio-balkon.de\/wp-content\/uploads\/2022\/04\/Helge-Masch-Experten-2023-12x12.avif 12w, https:\/\/bio-balkon.de\/wp-content\/uploads\/2022\/04\/Helge-Masch-Experten-2023.avif 1000w\" sizes=\"auto, (max-width: 150px) 100vw, 150px\" \/><\/a><\/figure><div class=\"elementor-image-box-content\"><h6 class=\"elementor-image-box-title\"><a href=\"https:\/\/bio-balkon.de\/experten\/helge-masch-4\/\" target=\"_blank\">Helge Masch<\/a><\/h6><p class=\"elementor-image-box-description\">Keine Angst vor Giftpflanzen: Sicherer Umgang mit potenziell gef\u00e4hrlichen Pflanzen<\/p><\/div><\/div>\t\t\t\t<\/div>\n\t\t\t\t<div class=\"elementor-element elementor-element-8397acb elementor-position-top elementor-widget elementor-widget-image-box\" data-id=\"8397acb\" data-element_type=\"widget\" data-e-type=\"widget\" data-widget_type=\"image-box.default\">\n\t\t\t\t\t<div class=\"elementor-image-box-wrapper\"><figure class=\"elementor-image-box-img\"><a href=\"https:\/\/bio-balkon.de\/experten\/josef-voglsam\/\" target=\"_blank\" tabindex=\"-1\"><img loading=\"lazy\" decoding=\"async\" width=\"150\" height=\"150\" src=\"https:\/\/bio-balkon.de\/wp-content\/uploads\/2026\/03\/Josef-Voglsam-150x150.avif\" class=\"attachment-thumbnail size-thumbnail wp-image-90500\" alt=\"Josef Voglsam spricht beim Online Bio-Balkon-Kongress zu Nitrat beim Anbau von Gem\u00fcse\" srcset=\"https:\/\/bio-balkon.de\/wp-content\/uploads\/2026\/03\/Josef-Voglsam-150x150.avif 150w, https:\/\/bio-balkon.de\/wp-content\/uploads\/2026\/03\/Josef-Voglsam-300x300.avif 300w, https:\/\/bio-balkon.de\/wp-content\/uploads\/2026\/03\/Josef-Voglsam-768x768.avif 768w, https:\/\/bio-balkon.de\/wp-content\/uploads\/2026\/03\/Josef-Voglsam-12x12.avif 12w, https:\/\/bio-balkon.de\/wp-content\/uploads\/2026\/03\/Josef-Voglsam.avif 1000w\" sizes=\"auto, (max-width: 150px) 100vw, 150px\" \/><\/a><\/figure><div class=\"elementor-image-box-content\"><h6 class=\"elementor-image-box-title\"><a href=\"https:\/\/bio-balkon.de\/experten\/josef-voglsam\/\" target=\"_blank\">Josef Voglsam <\/a><\/h6><p class=\"elementor-image-box-description\">Die Wahrheit \u00fcber Nitrat (beim Wintergem\u00fcse). Vom Krebs-Mythos zum Lebensretter<\/p><\/div><\/div>\t\t\t\t<\/div>\n\t\t\t\t<div class=\"elementor-element elementor-element-56b8898 elementor-position-top elementor-widget elementor-widget-image-box\" data-id=\"56b8898\" data-element_type=\"widget\" data-e-type=\"widget\" data-widget_type=\"image-box.default\">\n\t\t\t\t\t<div class=\"elementor-image-box-wrapper\"><figure class=\"elementor-image-box-img\"><a href=\"https:\/\/bio-balkon.de\/experten\/heike-weiss\/\" target=\"_blank\" tabindex=\"-1\"><img loading=\"lazy\" decoding=\"async\" width=\"150\" height=\"150\" src=\"https:\/\/bio-balkon.de\/wp-content\/uploads\/2020\/12\/heike_weiss-150x150.avif\" class=\"attachment-thumbnail size-thumbnail wp-image-17932\" alt=\"Kr\u00e4uterfrau Heike Weiss spricht beim Online Bio-Balkon-Kongress\" srcset=\"https:\/\/bio-balkon.de\/wp-content\/uploads\/2020\/12\/heike_weiss-150x150.avif 150w, https:\/\/bio-balkon.de\/wp-content\/uploads\/2020\/12\/heike_weiss-300x300.avif 300w, https:\/\/bio-balkon.de\/wp-content\/uploads\/2020\/12\/heike_weiss-1024x1024.avif 1024w, https:\/\/bio-balkon.de\/wp-content\/uploads\/2020\/12\/heike_weiss-768x768.avif 768w, https:\/\/bio-balkon.de\/wp-content\/uploads\/2020\/12\/heike_weiss.avif 1080w\" sizes=\"auto, (max-width: 150px) 100vw, 150px\" \/><\/a><\/figure><div class=\"elementor-image-box-content\"><h6 class=\"elementor-image-box-title\"><a href=\"https:\/\/bio-balkon.de\/experten\/heike-weiss\/\" target=\"_blank\">Heike Weiss<\/a><\/h6><p class=\"elementor-image-box-description\">Erstaunlich reiche Ernte aus Balkonk\u00e4sten von meinem kleinen Balkon<\/p><\/div><\/div>\t\t\t\t<\/div>\n\t\t\t\t<\/div>\n\t\t\t\t<div class=\"elementor-element elementor-element-31eca68 elementor-widget elementor-widget-heading\" data-id=\"31eca68\" data-element_type=\"widget\" data-e-type=\"widget\" data-widget_type=\"heading.default\">\n\t\t\t\t\t<h3 class=\"elementor-heading-title elementor-size-default\">Tag 9 - So. 29. M\u00e4rz<\/h3>\t\t\t\t<\/div>\n\t\t<div class=\"elementor-element elementor-element-6d528af e-grid e-con-full e-con e-child\" data-id=\"6d528af\" data-element_type=\"container\" data-e-type=\"container\">\n\t\t\t\t<div class=\"elementor-element elementor-element-982c3ca elementor-position-top elementor-widget elementor-widget-image-box\" data-id=\"982c3ca\" data-element_type=\"widget\" data-e-type=\"widget\" data-widget_type=\"image-box.default\">\n\t\t\t\t\t<div class=\"elementor-image-box-wrapper\"><figure class=\"elementor-image-box-img\"><a href=\"https:\/\/bio-balkon.de\/experten\/dr-oec-troph-annette-nagel\/\" target=\"_blank\" tabindex=\"-1\"><img loading=\"lazy\" decoding=\"async\" width=\"150\" height=\"150\" src=\"https:\/\/bio-balkon.de\/wp-content\/uploads\/2026\/02\/Dr.-Annette-Nagel-1-150x150.avif\" class=\"attachment-thumbnail size-thumbnail wp-image-88031\" alt=\"Dr. oec. troph. Annette Nagel stellt beim Online Bio-Balkon-Kongress ihre naturnah gestaltete Terrasse vor\" srcset=\"https:\/\/bio-balkon.de\/wp-content\/uploads\/2026\/02\/Dr.-Annette-Nagel-1-150x150.avif 150w, https:\/\/bio-balkon.de\/wp-content\/uploads\/2026\/02\/Dr.-Annette-Nagel-1-300x300.avif 300w, https:\/\/bio-balkon.de\/wp-content\/uploads\/2026\/02\/Dr.-Annette-Nagel-1-768x768.avif 768w, https:\/\/bio-balkon.de\/wp-content\/uploads\/2026\/02\/Dr.-Annette-Nagel-1-12x12.avif 12w, https:\/\/bio-balkon.de\/wp-content\/uploads\/2026\/02\/Dr.-Annette-Nagel-1.avif 1000w\" sizes=\"auto, (max-width: 150px) 100vw, 150px\" \/><\/a><\/figure><div class=\"elementor-image-box-content\"><h6 class=\"elementor-image-box-title\"><a href=\"https:\/\/bio-balkon.de\/experten\/dr-oec-troph-annette-nagel\/\" target=\"_blank\">Dr. oec. troph. Annette Nagel<\/a><\/h6><p class=\"elementor-image-box-description\">Meine naturnahe Terrasse und der Bio-Balkon-Kongress<\/p><\/div><\/div>\t\t\t\t<\/div>\n\t\t\t\t<div class=\"elementor-element elementor-element-128f3e6 elementor-position-top elementor-widget elementor-widget-image-box\" data-id=\"128f3e6\" data-element_type=\"widget\" data-e-type=\"widget\" data-widget_type=\"image-box.default\">\n\t\t\t\t\t<div class=\"elementor-image-box-wrapper\"><figure class=\"elementor-image-box-img\"><a href=\"https:\/\/bio-balkon.de\/experten\/andrea-wutschig-2\/\" target=\"_blank\" tabindex=\"-1\"><img loading=\"lazy\" decoding=\"async\" width=\"150\" height=\"150\" src=\"https:\/\/bio-balkon.de\/wp-content\/uploads\/2025\/08\/Andrea-Wutschig-150x150.avif\" class=\"attachment-thumbnail size-thumbnail wp-image-82141\" alt=\"Balkon-Praktikerin Andrea Wutschig stellt ihre Balkone beim Online Bio-Balkon-Kongress vor.\" \/><\/a><\/figure><div class=\"elementor-image-box-content\"><h6 class=\"elementor-image-box-title\"><a href=\"https:\/\/bio-balkon.de\/experten\/andrea-wutschig-2\/\" target=\"_blank\">Andrea Wutschig<\/a><\/h6><p class=\"elementor-image-box-description\">Ich hatte keinen gr\u00fcnen Daumen. Den eigenen Balkon  und Fensterbretter entdecken<\/p><\/div><\/div>\t\t\t\t<\/div>\n\t\t\t\t<div class=\"elementor-element elementor-element-1258089 elementor-position-top elementor-widget elementor-widget-image-box\" data-id=\"1258089\" data-element_type=\"widget\" data-e-type=\"widget\" data-widget_type=\"image-box.default\">\n\t\t\t\t\t<div class=\"elementor-image-box-wrapper\"><figure class=\"elementor-image-box-img\"><a href=\"https:\/\/bio-balkon.de\/experten\/wanda-ganders\/\" target=\"_blank\" tabindex=\"-1\"><img loading=\"lazy\" decoding=\"async\" width=\"150\" height=\"150\" src=\"https:\/\/bio-balkon.de\/wp-content\/uploads\/2026\/03\/Wanda-Ganders-150x150.avif\" class=\"attachment-thumbnail size-thumbnail wp-image-88999\" alt=\"Die Gr\u00fcnderin von Meine Ernte Wanda Ganders spricht beim Online Bio-Balkon-Kongress\" srcset=\"https:\/\/bio-balkon.de\/wp-content\/uploads\/2026\/03\/Wanda-Ganders-150x150.avif 150w, https:\/\/bio-balkon.de\/wp-content\/uploads\/2026\/03\/Wanda-Ganders-300x300.avif 300w, https:\/\/bio-balkon.de\/wp-content\/uploads\/2026\/03\/Wanda-Ganders-768x768.avif 768w, https:\/\/bio-balkon.de\/wp-content\/uploads\/2026\/03\/Wanda-Ganders-12x12.avif 12w, https:\/\/bio-balkon.de\/wp-content\/uploads\/2026\/03\/Wanda-Ganders.avif 1000w\" sizes=\"auto, (max-width: 150px) 100vw, 150px\" \/><\/a><\/figure><div class=\"elementor-image-box-content\"><h6 class=\"elementor-image-box-title\"><a href=\"https:\/\/bio-balkon.de\/experten\/wanda-ganders\/\" target=\"_blank\">Wanda Ganders<\/a><\/h6><p class=\"elementor-image-box-description\">Vom Balkon zum Selbstversorger-Gem\u00fcsemietgarten<\/p><\/div><\/div>\t\t\t\t<\/div>\n\t\t\t\t<\/div>\n\t\t\t\t\t<\/div>\n\t\t\t\t<\/div>\n\t\t<div class=\"elementor-element elementor-element-f1ac255 e-flex e-con-boxed e-con e-parent\" data-id=\"f1ac255\" data-element_type=\"container\" data-e-type=\"container\" data-settings=\"{&quot;background_background&quot;:&quot;classic&quot;}\">\n\t\t\t\t\t<div class=\"e-con-inner\">\n\t\t\t\t<div class=\"elementor-element elementor-element-9afdf1a elementor-widget elementor-widget-text-editor\" data-id=\"9afdf1a\" data-element_type=\"widget\" data-e-type=\"widget\" data-widget_type=\"text-editor.default\">\n\t\t\t\t\t\t\t\t\t<h2>Videoeinblick<\/h2><p>Was hat f\u00fcr Dich die st\u00e4rkste Heilkraft?<\/p>\t\t\t\t\t\t\t\t<\/div>\n\t\t<div class=\"elementor-element elementor-element-94f23ec e-grid e-con-full e-con e-child\" data-id=\"94f23ec\" data-element_type=\"container\" data-e-type=\"container\">\n\t\t\t\t<div class=\"elementor-element elementor-element-3825624 elementor-widget elementor-widget-video\" data-id=\"3825624\" data-element_type=\"widget\" data-e-type=\"widget\" data-settings=\"{&quot;youtube_url&quot;:&quot;https:\\\/\\\/youtu.be\\\/3Ld8O7dvtwg&quot;,&quot;yt_privacy&quot;:&quot;yes&quot;,&quot;show_image_overlay&quot;:&quot;yes&quot;,&quot;image_overlay&quot;:{&quot;url&quot;:&quot;https:\\\/\\\/bio-balkon.de\\\/wp-content\\\/uploads\\\/2026\\\/02\\\/Habe-viele-Kraeuter-angebaut-staerkste-Heilkraft-vom-Balkon.png&quot;,&quot;id&quot;:88020,&quot;size&quot;:&quot;&quot;,&quot;alt&quot;:&quot;Habe viele Kr\\u00e4uter angebaut - st\\u00e4rkste Heilkraft vom Balkon&quot;,&quot;source&quot;:&quot;library&quot;},&quot;video_type&quot;:&quot;youtube&quot;,&quot;controls&quot;:&quot;yes&quot;}\" data-widget_type=\"video.default\">\n\t\t\t\t\t\t\t<div class=\"elementor-wrapper elementor-open-inline\">\n\t\t\t<div class=\"elementor-video\"><\/div>\t\t\t\t<div class=\"elementor-custom-embed-image-overlay\" style=\"background-image: url(https:\/\/bio-balkon.de\/wp-content\/uploads\/2026\/02\/Habe-viele-Kraeuter-angebaut-staerkste-Heilkraft-vom-Balkon.avif);\">\n\t\t\t\t\t\t\t\t\t\t\t\t\t\t\t\t<div class=\"elementor-custom-embed-play\" role=\"button\" aria-label=\"Play Video about Habe viele Kr\u00e4uter angebaut - st\u00e4rkste Heilkraft vom Balkon\" tabindex=\"0\">\n\t\t\t\t\t\t\t<svg aria-hidden=\"true\" class=\"e-font-icon-svg e-eicon-play\" viewBox=\"0 0 1000 1000\" xmlns=\"http:\/\/www.w3.org\/2000\/svg\"><path d=\"M838 162C746 71 633 25 500 25 371 25 258 71 163 162 71 254 25 367 25 500 25 633 71 746 163 837 254 929 367 979 500 979 633 979 746 933 838 837 929 746 975 633 975 500 975 367 929 254 838 162M808 192C892 279 933 379 933 500 933 621 892 725 808 808 725 892 621 938 500 938 379 938 279 896 196 808 113 725 67 621 67 500 67 379 108 279 196 192 279 108 383 62 500 62 621 62 721 108 808 192M438 392V642L642 517 438 392Z\"><\/path><\/svg>\t\t\t\t\t\t<\/div>\n\t\t\t\t\t\t\t\t\t<\/div>\n\t\t\t\t\t<\/div>\n\t\t\t\t\t\t<\/div>\n\t\t\t\t<div class=\"elementor-element elementor-element-1f4309d elementor-widget elementor-widget-video\" data-id=\"1f4309d\" data-element_type=\"widget\" data-e-type=\"widget\" data-settings=\"{&quot;youtube_url&quot;:&quot;https:\\\/\\\/youtu.be\\\/UBs1uzLlX8o&quot;,&quot;yt_privacy&quot;:&quot;yes&quot;,&quot;show_image_overlay&quot;:&quot;yes&quot;,&quot;image_overlay&quot;:{&quot;url&quot;:&quot;&quot;,&quot;id&quot;:&quot;&quot;,&quot;size&quot;:&quot;&quot;,&quot;alt&quot;:&quot;Was hat f\\u00fcr Dich die st\\u00e4rkste Heilkraft vom Balkon?&quot;,&quot;source&quot;:&quot;library&quot;},&quot;video_type&quot;:&quot;youtube&quot;,&quot;controls&quot;:&quot;yes&quot;}\" data-widget_type=\"video.default\">\n\t\t\t\t\t\t\t<div class=\"elementor-wrapper elementor-open-inline\">\n\t\t\t<div class=\"elementor-video\"><\/div>\t\t<\/div>\n\t\t\t\t\t\t<\/div>\n\t\t\t\t<div class=\"elementor-element elementor-element-f9dc982 elementor-widget elementor-widget-video\" data-id=\"f9dc982\" data-element_type=\"widget\" data-e-type=\"widget\" data-settings=\"{&quot;youtube_url&quot;:&quot;https:\\\/\\\/youtu.be\\\/o5AvIJxrBHY&quot;,&quot;yt_privacy&quot;:&quot;yes&quot;,&quot;show_image_overlay&quot;:&quot;yes&quot;,&quot;image_overlay&quot;:{&quot;url&quot;:&quot;https:\\\/\\\/bio-balkon.de\\\/wp-content\\\/uploads\\\/2026\\\/02\\\/Lilli-Kepes-zum-seelischen-Wohlbefinden-ueber-das-Gaertnern-auf-dem-Balkon.png&quot;,&quot;id&quot;:88016,&quot;size&quot;:&quot;&quot;,&quot;alt&quot;:&quot;Lilli Kepes zum seelischen Wohlbefinden \\u00fcber das G\\u00e4rtnern auf dem Balkon&quot;,&quot;source&quot;:&quot;library&quot;},&quot;video_type&quot;:&quot;youtube&quot;,&quot;controls&quot;:&quot;yes&quot;}\" data-widget_type=\"video.default\">\n\t\t\t\t\t\t\t<div class=\"elementor-wrapper elementor-open-inline\">\n\t\t\t<div class=\"elementor-video\"><\/div>\t\t\t\t<div class=\"elementor-custom-embed-image-overlay\" style=\"background-image: url(https:\/\/bio-balkon.de\/wp-content\/uploads\/2026\/02\/Lilli-Kepes-zum-seelischen-Wohlbefinden-ueber-das-Gaertnern-auf-dem-Balkon.avif);\">\n\t\t\t\t\t\t\t\t\t\t\t\t\t\t\t\t<div class=\"elementor-custom-embed-play\" role=\"button\" aria-label=\"Play Video about Lilli Kepes zum seelischen Wohlbefinden \u00fcber das G\u00e4rtnern auf dem Balkon\" tabindex=\"0\">\n\t\t\t\t\t\t\t<svg aria-hidden=\"true\" class=\"e-font-icon-svg e-eicon-play\" viewBox=\"0 0 1000 1000\" xmlns=\"http:\/\/www.w3.org\/2000\/svg\"><path d=\"M838 162C746 71 633 25 500 25 371 25 258 71 163 162 71 254 25 367 25 500 25 633 71 746 163 837 254 929 367 979 500 979 633 979 746 933 838 837 929 746 975 633 975 500 975 367 929 254 838 162M808 192C892 279 933 379 933 500 933 621 892 725 808 808 725 892 621 938 500 938 379 938 279 896 196 808 113 725 67 621 67 500 67 379 108 279 196 192 279 108 383 62 500 62 621 62 721 108 808 192M438 392V642L642 517 438 392Z\"><\/path><\/svg>\t\t\t\t\t\t<\/div>\n\t\t\t\t\t\t\t\t\t<\/div>\n\t\t\t\t\t<\/div>\n\t\t\t\t\t\t<\/div>\n\t\t\t\t<div class=\"elementor-element elementor-element-2721a49 elementor-widget elementor-widget-video\" data-id=\"2721a49\" data-element_type=\"widget\" data-e-type=\"widget\" data-settings=\"{&quot;youtube_url&quot;:&quot;https:\\\/\\\/youtu.be\\\/DIbaxsgwfuo&quot;,&quot;yt_privacy&quot;:&quot;yes&quot;,&quot;show_image_overlay&quot;:&quot;yes&quot;,&quot;image_overlay&quot;:{&quot;url&quot;:&quot;&quot;,&quot;id&quot;:&quot;&quot;,&quot;size&quot;:&quot;&quot;,&quot;alt&quot;:&quot;Was hat f\\u00fcr Dich die st\\u00e4rkste Heilkraft vom Balkon?&quot;,&quot;source&quot;:&quot;library&quot;},&quot;video_type&quot;:&quot;youtube&quot;,&quot;controls&quot;:&quot;yes&quot;}\" data-widget_type=\"video.default\">\n\t\t\t\t\t\t\t<div class=\"elementor-wrapper elementor-open-inline\">\n\t\t\t<div class=\"elementor-video\"><\/div>\t\t<\/div>\n\t\t\t\t\t\t<\/div>\n\t\t\t\t<div class=\"elementor-element elementor-element-b742011 elementor-widget elementor-widget-video\" data-id=\"b742011\" data-element_type=\"widget\" data-e-type=\"widget\" data-settings=\"{&quot;youtube_url&quot;:&quot;https:\\\/\\\/youtu.be\\\/OiOdendNu0c&quot;,&quot;yt_privacy&quot;:&quot;yes&quot;,&quot;show_image_overlay&quot;:&quot;yes&quot;,&quot;image_overlay&quot;:{&quot;url&quot;:&quot;&quot;,&quot;id&quot;:&quot;&quot;,&quot;size&quot;:&quot;&quot;,&quot;alt&quot;:&quot;Was hat f\\u00fcr Dich die st\\u00e4rkste Heilkraft vom Balkon?&quot;,&quot;source&quot;:&quot;library&quot;},&quot;video_type&quot;:&quot;youtube&quot;,&quot;controls&quot;:&quot;yes&quot;}\" data-widget_type=\"video.default\">\n\t\t\t\t\t\t\t<div class=\"elementor-wrapper elementor-open-inline\">\n\t\t\t<div class=\"elementor-video\"><\/div>\t\t<\/div>\n\t\t\t\t\t\t<\/div>\n\t\t\t\t<div class=\"elementor-element elementor-element-dbecd0a elementor-widget elementor-widget-video\" data-id=\"dbecd0a\" data-element_type=\"widget\" data-e-type=\"widget\" data-settings=\"{&quot;youtube_url&quot;:&quot;https:\\\/\\\/youtu.be\\\/oNos_zZNC2c&quot;,&quot;yt_privacy&quot;:&quot;yes&quot;,&quot;show_image_overlay&quot;:&quot;yes&quot;,&quot;image_overlay&quot;:{&quot;url&quot;:&quot;&quot;,&quot;id&quot;:&quot;&quot;,&quot;size&quot;:&quot;&quot;,&quot;alt&quot;:&quot;Was hat f\\u00fcr Dich die st\\u00e4rkste Heilkraft vom Balkon?&quot;,&quot;source&quot;:&quot;library&quot;},&quot;video_type&quot;:&quot;youtube&quot;,&quot;controls&quot;:&quot;yes&quot;}\" data-widget_type=\"video.default\">\n\t\t\t\t\t\t\t<div class=\"elementor-wrapper elementor-open-inline\">\n\t\t\t<div class=\"elementor-video\"><\/div>\t\t<\/div>\n\t\t\t\t\t\t<\/div>\n\t\t\t\t<div class=\"elementor-element elementor-element-6d629c1 elementor-widget elementor-widget-video\" data-id=\"6d629c1\" data-element_type=\"widget\" data-e-type=\"widget\" data-settings=\"{&quot;youtube_url&quot;:&quot;https:\\\/\\\/youtu.be\\\/Ae2k_p8QGnk&quot;,&quot;yt_privacy&quot;:&quot;yes&quot;,&quot;show_image_overlay&quot;:&quot;yes&quot;,&quot;image_overlay&quot;:{&quot;url&quot;:&quot;&quot;,&quot;id&quot;:&quot;&quot;,&quot;size&quot;:&quot;&quot;,&quot;alt&quot;:&quot;Was hat f\\u00fcr Dich die st\\u00e4rkste Heilkraft vom Balkon?&quot;,&quot;source&quot;:&quot;library&quot;},&quot;video_type&quot;:&quot;youtube&quot;,&quot;controls&quot;:&quot;yes&quot;}\" data-widget_type=\"video.default\">\n\t\t\t\t\t\t\t<div class=\"elementor-wrapper elementor-open-inline\">\n\t\t\t<div class=\"elementor-video\"><\/div>\t\t<\/div>\n\t\t\t\t\t\t<\/div>\n\t\t\t\t<div class=\"elementor-element elementor-element-942ee78 elementor-widget elementor-widget-video\" data-id=\"942ee78\" data-element_type=\"widget\" data-e-type=\"widget\" data-settings=\"{&quot;youtube_url&quot;:&quot;https:\\\/\\\/youtu.be\\\/o1_0b089V-U&quot;,&quot;yt_privacy&quot;:&quot;yes&quot;,&quot;show_image_overlay&quot;:&quot;yes&quot;,&quot;image_overlay&quot;:{&quot;url&quot;:&quot;&quot;,&quot;id&quot;:&quot;&quot;,&quot;size&quot;:&quot;&quot;,&quot;alt&quot;:&quot;Einfach mal loslegen! Wildpflanzenexperte Berthold Daubner&quot;,&quot;source&quot;:&quot;library&quot;},&quot;video_type&quot;:&quot;youtube&quot;,&quot;controls&quot;:&quot;yes&quot;}\" data-widget_type=\"video.default\">\n\t\t\t\t\t\t\t<div class=\"elementor-wrapper elementor-open-inline\">\n\t\t\t<div class=\"elementor-video\"><\/div>\t\t<\/div>\n\t\t\t\t\t\t<\/div>\n\t\t\t\t<\/div>\n\t\t\t\t\t<\/div>\n\t\t\t\t<\/div>\n\t\t<div class=\"elementor-element elementor-element-7b72e67 e-flex e-con-boxed e-con e-child\" data-id=\"7b72e67\" data-element_type=\"container\" data-e-type=\"container\" data-settings=\"{&quot;background_background&quot;:&quot;classic&quot;}\">\n\t\t\t\t\t<div class=\"e-con-inner\">\n\t\t\t\t<div class=\"elementor-element elementor-element-7917acd elementor-hidden-mobile elementor-invisible elementor-widget elementor-widget-image\" data-id=\"7917acd\" data-element_type=\"widget\" data-e-type=\"widget\" data-settings=\"{&quot;_animation&quot;:&quot;bounceIn&quot;}\" data-widget_type=\"image.default\">\n\t\t\t\t\t\t\t\t\t\t\t\t\t\t\t<img loading=\"lazy\" decoding=\"async\" width=\"300\" height=\"300\" src=\"https:\/\/bio-balkon.de\/wp-content\/uploads\/2021\/01\/Biene-300x300.avif\" class=\"attachment-medium size-medium wp-image-18838\" alt=\"Insekten unterst\u00fctzen das \u00f6kologische G\u00e4rtnern auf kleinem Raum (Balkon, Terrasse, Fensterbrett, Kleingarten).\" srcset=\"https:\/\/bio-balkon.de\/wp-content\/uploads\/2021\/01\/Biene-300x300.avif 300w, https:\/\/bio-balkon.de\/wp-content\/uploads\/2021\/01\/Biene-150x150.avif 150w, https:\/\/bio-balkon.de\/wp-content\/uploads\/2021\/01\/Biene-768x768.avif 768w, https:\/\/bio-balkon.de\/wp-content\/uploads\/2021\/01\/Biene-12x12.png 12w, https:\/\/bio-balkon.de\/wp-content\/uploads\/2021\/01\/Biene.avif 939w\" sizes=\"auto, (max-width: 300px) 100vw, 300px\" \/>\t\t\t\t\t\t\t\t\t\t\t\t\t\t\t<\/div>\n\t\t\t\t<div class=\"elementor-element elementor-element-ea8ede4 elementor-widget elementor-widget-text-editor\" data-id=\"ea8ede4\" data-element_type=\"widget\" data-e-type=\"widget\" data-widget_type=\"text-editor.default\">\n\t\t\t\t\t\t\t\t\t<h2>Jetzt anmelden<\/h2><p><strong>Heilkraft vom Balkon. \u00d6kologisches G\u00e4rtnern auf kleinem Raum.<\/strong><\/p><p>Der Kongress ist f\u00fcr Dich, egal ob Du einen kleinen Garten mit Terrasse, Balkon oder sogar nur Fensterbretter in der Stadt hast. Dieser Kongress bietet praktische Tipps, sich ganzj\u00e4hrig auf engstem Raum mit frischem, giftfreiem, erntefrischem Gem\u00fcse und Kr\u00e4utern selbst zu versorgen und die Artenvielfalt zu f\u00f6rdern:<\/p>\t\t\t\t\t\t\t\t<\/div>\n\t\t\t\t<div class=\"elementor-element elementor-element-d05a121 elementor-button-align-stretch elementor-widget elementor-widget-form\" data-id=\"d05a121\" data-element_type=\"widget\" data-e-type=\"widget\" data-settings=\"{&quot;step_next_label&quot;:&quot;N\\u00e4chster&quot;,&quot;step_previous_label&quot;:&quot;Voriger&quot;,&quot;button_width&quot;:&quot;100&quot;,&quot;step_type&quot;:&quot;number_text&quot;,&quot;step_icon_shape&quot;:&quot;circle&quot;}\" data-widget_type=\"form.default\">\n\t\t\t\t\t\t\t<form class=\"elementor-form\" method=\"post\" name=\"Neues Formular\" aria-label=\"Neues Formular\">\n\t\t\t<input type=\"hidden\" name=\"post_id\" value=\"81695\"\/>\n\t\t\t<input type=\"hidden\" name=\"form_id\" value=\"d05a121\"\/>\n\t\t\t<input type=\"hidden\" name=\"referer_title\" value=\"18. Bio-Balkon-Onlinekongress vom 21. \u2014 30.03. online &amp; gratis\" \/>\n\n\t\t\t\t\t\t\t<input type=\"hidden\" name=\"queried_id\" value=\"81695\"\/>\n\t\t\t\n\t\t\t<div class=\"elementor-form-fields-wrapper elementor-labels-\">\n\t\t\t\t\t\t\t\t<div class=\"elementor-field-type-text elementor-field-group elementor-column elementor-field-group-name elementor-col-50 elementor-md-50\">\n\t\t\t\t\t\t\t\t\t\t\t\t<label for=\"form-field-name\" class=\"elementor-field-label elementor-screen-only\">\n\t\t\t\t\t\t\t\tVorname\t\t\t\t\t\t\t<\/label>\n\t\t\t\t\t\t\t\t\t\t\t\t\t\t<input size=\"1\" type=\"text\" name=\"form_fields[name]\" id=\"form-field-name\" class=\"elementor-field elementor-size-md  elementor-field-textual\" placeholder=\"Vorname (optional)\">\n\t\t\t\t\t\t\t\t\t\t\t<\/div>\n\t\t\t\t\t\t\t\t<div class=\"elementor-field-type-email elementor-field-group elementor-column elementor-field-group-email elementor-col-50 elementor-md-50 elementor-field-required\">\n\t\t\t\t\t\t\t\t\t\t\t\t<label for=\"form-field-email\" class=\"elementor-field-label elementor-screen-only\">\n\t\t\t\t\t\t\t\tE-Mail\t\t\t\t\t\t\t<\/label>\n\t\t\t\t\t\t\t\t\t\t\t\t\t\t<input size=\"1\" type=\"email\" name=\"form_fields[email]\" id=\"form-field-email\" class=\"elementor-field elementor-size-md  elementor-field-textual\" placeholder=\"E-Mail-Adresse\" required=\"required\">\n\t\t\t\t\t\t\t\t\t\t\t<\/div>\n\t\t\t\t\t\t\t\t<div class=\"elementor-field-group elementor-column elementor-field-type-submit elementor-col-100 e-form__buttons\">\n\t\t\t\t\t<button class=\"elementor-button elementor-size-md\" type=\"submit\">\n\t\t\t\t\t\t<span class=\"elementor-button-content-wrapper\">\n\t\t\t\t\t\t\t\t\t\t\t\t\t\t\t\t\t\t\t\t\t\t<span class=\"elementor-button-text\">Ja - kostenfrei dabei sein!<\/span>\n\t\t\t\t\t\t\t\t\t\t\t\t\t<\/span>\n\t\t\t\t\t<\/button>\n\t\t\t\t<\/div>\n\t\t\t<\/div>\n\t\t<\/form>\n\t\t\t\t\t\t<\/div>\n\t\t\t\t\t<\/div>\n\t\t\t\t<\/div>\n\t\t<div class=\"elementor-element elementor-element-0ff1b72 e-flex e-con-boxed e-con e-parent\" data-id=\"0ff1b72\" data-element_type=\"container\" data-e-type=\"container\" data-settings=\"{&quot;background_background&quot;:&quot;classic&quot;}\">\n\t\t\t\t\t<div class=\"e-con-inner\">\n\t\t\t\t<div class=\"elementor-element elementor-element-2b86434 elementor-widget__width-initial elementor-widget-tablet__width-inherit elementor-widget elementor-widget-text-editor\" data-id=\"2b86434\" data-element_type=\"widget\" data-e-type=\"widget\" data-widget_type=\"text-editor.default\">\n\t\t\t\t\t\t\t\t\t<h2>Bio-Balkon-Bewegung<\/h2><p><strong>Die Bio-Balkon-Bewegung w\u00e4chst stetig, beim 15. Kongress bereits \u00fcber 30.000 Teilnehmer! Jeder bl\u00fchende Topf, jedes Fensterbrett, jeder Meter Balkon z\u00e4hlt &#8211; Wohlf\u00fchloasen f\u00fcr Mensch und Tier! Selbstangebautes Gem\u00fcse, Obst und Kr\u00e4uter!<\/strong><\/p><ul><li>Wundersch\u00f6ne vielf\u00e4ltige <strong>pflegeleichte<\/strong> <strong>Biotope<\/strong> f\u00fcr viele verschiedene Tierarten. Bienen und Schmetterlinge fliegen in den 6. und auch 8. Stock!<\/li><li>Sie brauchen nur die <strong>passenden Pflanzen<\/strong>. Insekten und V\u00f6gel k\u00f6nnen von Balkon zu Balkon, zum Garten, zum Park &#8230; fliegen.<\/li><li>F\u00fcr Dich einen <strong>Wohlf\u00fchlort<\/strong> mit eigenem <strong>Mikroklima<\/strong> und <strong>Naturerlebnissen<\/strong>, die Dich ber\u00fchren werden und zufrieden machen.<\/li><\/ul>\t\t\t\t\t\t\t\t<\/div>\n\t\t\t\t<div class=\"elementor-element elementor-element-b40dbf2 elementor-widget__width-initial elementor-widget-tablet__width-inherit elementor-widget elementor-widget-image\" data-id=\"b40dbf2\" data-element_type=\"widget\" data-e-type=\"widget\" data-widget_type=\"image.default\">\n\t\t\t\t\t\t\t\t\t\t\t\t\t\t\t<img loading=\"lazy\" decoding=\"async\" width=\"768\" height=\"510\" src=\"https:\/\/bio-balkon.de\/wp-content\/uploads\/2021\/01\/blumen-am-balkon-DSC_0551-768x510.avif\" class=\"attachment-medium_large size-medium_large wp-image-18752\" alt=\"\" srcset=\"https:\/\/bio-balkon.de\/wp-content\/uploads\/2021\/01\/blumen-am-balkon-DSC_0551-768x510.avif 768w, https:\/\/bio-balkon.de\/wp-content\/uploads\/2021\/01\/blumen-am-balkon-DSC_0551-300x199.avif 300w, https:\/\/bio-balkon.de\/wp-content\/uploads\/2021\/01\/blumen-am-balkon-DSC_0551-1024x680.avif 1024w, https:\/\/bio-balkon.de\/wp-content\/uploads\/2021\/01\/blumen-am-balkon-DSC_0551-1536x1020.avif 1536w, https:\/\/bio-balkon.de\/wp-content\/uploads\/2021\/01\/blumen-am-balkon-DSC_0551-scaled.avif 2048w, https:\/\/bio-balkon.de\/wp-content\/uploads\/2021\/01\/blumen-am-balkon-DSC_0551-18x12.avif 18w, https:\/\/bio-balkon.de\/wp-content\/uploads\/2021\/01\/blumen-am-balkon-DSC_0551-1320x877.avif 1320w\" sizes=\"auto, (max-width: 768px) 100vw, 768px\" \/>\t\t\t\t\t\t\t\t\t\t\t\t\t\t\t<\/div>\n\t\t\t\t\t<\/div>\n\t\t\t\t<\/div>\n\t\t<div class=\"elementor-element elementor-element-3b6f024 e-flex e-con-boxed e-con e-parent\" data-id=\"3b6f024\" data-element_type=\"container\" data-e-type=\"container\" data-settings=\"{&quot;background_background&quot;:&quot;classic&quot;}\">\n\t\t\t\t\t<div class=\"e-con-inner\">\n\t\t\t\t<div class=\"elementor-element elementor-element-c5b218a elementor-widget__width-initial elementor-widget-tablet__width-inherit elementor-widget elementor-widget-image\" data-id=\"c5b218a\" data-element_type=\"widget\" data-e-type=\"widget\" data-widget_type=\"image.default\">\n\t\t\t\t\t\t\t\t\t\t\t\t\t\t\t<img loading=\"lazy\" decoding=\"async\" width=\"768\" height=\"576\" src=\"https:\/\/bio-balkon.de\/wp-content\/uploads\/2019\/01\/P1850784-balkon-abstellkammer-berliner-super-768x576.avif\" class=\"attachment-medium_large size-medium_large wp-image-10336\" alt=\"\" srcset=\"https:\/\/bio-balkon.de\/wp-content\/uploads\/2019\/01\/P1850784-balkon-abstellkammer-berliner-super-768x576.avif 768w, https:\/\/bio-balkon.de\/wp-content\/uploads\/2019\/01\/P1850784-balkon-abstellkammer-berliner-super-300x225.avif 300w, https:\/\/bio-balkon.de\/wp-content\/uploads\/2019\/01\/P1850784-balkon-abstellkammer-berliner-super-1024x768.avif 1024w, https:\/\/bio-balkon.de\/wp-content\/uploads\/2019\/01\/P1850784-balkon-abstellkammer-berliner-super-1536x1152.avif 1536w, https:\/\/bio-balkon.de\/wp-content\/uploads\/2019\/01\/P1850784-balkon-abstellkammer-berliner-super-16x12.avif 16w, https:\/\/bio-balkon.de\/wp-content\/uploads\/2019\/01\/P1850784-balkon-abstellkammer-berliner-super-1320x990.avif 1320w, https:\/\/bio-balkon.de\/wp-content\/uploads\/2019\/01\/P1850784-balkon-abstellkammer-berliner-super.avif 1920w\" sizes=\"auto, (max-width: 768px) 100vw, 768px\" \/>\t\t\t\t\t\t\t\t\t\t\t\t\t\t\t<\/div>\n\t\t\t\t<div class=\"elementor-element elementor-element-349de99 elementor-widget__width-initial elementor-widget-tablet__width-inherit elementor-widget elementor-widget-text-editor\" data-id=\"349de99\" data-element_type=\"widget\" data-e-type=\"widget\" data-widget_type=\"text-editor.default\">\n\t\t\t\t\t\t\t\t\t<h2>Balkone bepflanzen<\/h2><p><strong>Viele der 58 Millionen Balkons in Deutschland sind ungenutzt oder nur ein Abstellraum! Dabei k\u00f6nnten sie Biotope sein f\u00fcr Tiere. F\u00fcr Dich ein Wohlf\u00fchlort, wo Du entspannst. Du m\u00f6chtest etwas machen. Gerade jetzt.<\/strong><\/p><ul><li>Du wei\u00dft gar nicht, <strong>wie anfangen<\/strong>. Du hast es nicht gelernt. Du bist nicht mehr in Beziehung zur Natur.<\/li><li>Welche Pflanzen sind \u00fcberhaupt <strong>pflegeleicht<\/strong> und geeignet, <strong>Tiere zu f\u00f6rdern<\/strong>?<\/li><li>Du denkst, Du hast keinen <strong>gr\u00fcnen Daumen<\/strong>, hast kein Gl\u00fcck mit Pflanzen.<\/li><\/ul>\t\t\t\t\t\t\t\t<\/div>\n\t\t\t\t\t<\/div>\n\t\t\t\t<\/div>\n\t\t<div class=\"elementor-element elementor-element-6293263 e-flex e-con-boxed e-con e-parent\" data-id=\"6293263\" data-element_type=\"container\" data-e-type=\"container\" data-settings=\"{&quot;background_background&quot;:&quot;classic&quot;}\">\n\t\t\t\t\t<div class=\"e-con-inner\">\n\t\t\t\t<div class=\"elementor-element elementor-element-a810ed0 elementor-widget__width-initial elementor-widget-tablet__width-inherit elementor-widget elementor-widget-text-editor\" data-id=\"a810ed0\" data-element_type=\"widget\" data-e-type=\"widget\" data-widget_type=\"text-editor.default\">\n\t\t\t\t\t\t\t\t\t<h2 class=\"sub-title\">Einfach auch f\u00fcr Einsteiger<\/h2><p class=\"sub-title\"><strong>Du brauchst keinen gr\u00fcnen Daumen! Wir sagen Dir, wie Du Deinen Traumbalkon kreierst &#8211; es ist ganz einfach. 30 Experten teilen ihr Wissen mit Dir! Sie verraten Dir, wie Du ganz einfach Deinen Bio-Balkon einrichten kannst:<\/strong><\/p><ul class=\"desc-listing\"><li>Einfach, preiswert, pflegeleicht, in der <strong>Praxis bew\u00e4hrt<\/strong>.<\/li><li>Du bekommst durch die Experten und Praktiker jede Menge <strong>Inspiration<\/strong>, <strong>Pflanzempfehlunge<\/strong>n und <strong>Anleitung<\/strong>. Sie teilen ihre Erfahrungen mit Dir.<\/li><li>Du s\u00e4st, pflanzt, gie\u00dft, genie\u00dft und stellst vielleicht noch Vogelfutter hin. Die Tiere werden kommen. Jede weitere Pflanzenart bringt neue Tiere zu Dir und noch mehr <strong>magische Momente<\/strong>!<\/li><\/ul>\t\t\t\t\t\t\t\t<\/div>\n\t\t\t\t<div class=\"elementor-element elementor-element-a0a408d elementor-widget__width-initial elementor-widget-tablet__width-inherit elementor-widget elementor-widget-image\" data-id=\"a0a408d\" data-element_type=\"widget\" data-e-type=\"widget\" data-widget_type=\"image.default\">\n\t\t\t\t\t\t\t\t\t\t\t\t\t\t\t<img loading=\"lazy\" decoding=\"async\" width=\"768\" height=\"582\" src=\"https:\/\/bio-balkon.de\/wp-content\/uploads\/2021\/01\/P1850753-balkon-wildpflanzen-berliner-Ausschnitt-super-768x582.avif\" class=\"attachment-medium_large size-medium_large wp-image-18879\" alt=\"\" srcset=\"https:\/\/bio-balkon.de\/wp-content\/uploads\/2021\/01\/P1850753-balkon-wildpflanzen-berliner-Ausschnitt-super-768x582.avif 768w, https:\/\/bio-balkon.de\/wp-content\/uploads\/2021\/01\/P1850753-balkon-wildpflanzen-berliner-Ausschnitt-super-300x227.avif 300w, https:\/\/bio-balkon.de\/wp-content\/uploads\/2021\/01\/P1850753-balkon-wildpflanzen-berliner-Ausschnitt-super-1024x776.avif 1024w, https:\/\/bio-balkon.de\/wp-content\/uploads\/2021\/01\/P1850753-balkon-wildpflanzen-berliner-Ausschnitt-super-1536x1163.avif 1536w, https:\/\/bio-balkon.de\/wp-content\/uploads\/2021\/01\/P1850753-balkon-wildpflanzen-berliner-Ausschnitt-super-scaled.avif 2048w, https:\/\/bio-balkon.de\/wp-content\/uploads\/2021\/01\/P1850753-balkon-wildpflanzen-berliner-Ausschnitt-super-16x12.avif 16w, https:\/\/bio-balkon.de\/wp-content\/uploads\/2021\/01\/P1850753-balkon-wildpflanzen-berliner-Ausschnitt-super-1320x1000.avif 1320w\" sizes=\"auto, (max-width: 768px) 100vw, 768px\" \/>\t\t\t\t\t\t\t\t\t\t\t\t\t\t\t<\/div>\n\t\t\t\t\t<\/div>\n\t\t\t\t<\/div>\n\t\t<div class=\"elementor-element elementor-element-fc98df4 e-flex e-con-boxed e-con e-parent\" data-id=\"fc98df4\" data-element_type=\"container\" data-e-type=\"container\" data-settings=\"{&quot;background_background&quot;:&quot;classic&quot;}\">\n\t\t\t\t\t<div class=\"e-con-inner\">\n\t\t\t\t<div class=\"elementor-element elementor-element-ccd7d99 elementor-widget__width-initial elementor-widget-tablet__width-inherit elementor-widget elementor-widget-image\" data-id=\"ccd7d99\" data-element_type=\"widget\" data-e-type=\"widget\" data-widget_type=\"image.default\">\n\t\t\t\t\t\t\t\t\t\t\t\t\t\t\t<img loading=\"lazy\" decoding=\"async\" width=\"768\" height=\"510\" src=\"https:\/\/bio-balkon.de\/wp-content\/uploads\/2020\/07\/Stefanie-Binder-Wildpflanzenbalkon-Vielfalt-DSC_0667-U\u0308berblick-Pflanzgefa\u0308sse-768x510.avif\" class=\"attachment-medium_large size-medium_large wp-image-9072\" alt=\"\" srcset=\"https:\/\/bio-balkon.de\/wp-content\/uploads\/2020\/07\/Stefanie-Binder-Wildpflanzenbalkon-Vielfalt-DSC_0667-U\u0308berblick-Pflanzgefa\u0308sse-768x510.avif 768w, https:\/\/bio-balkon.de\/wp-content\/uploads\/2020\/07\/Stefanie-Binder-Wildpflanzenbalkon-Vielfalt-DSC_0667-U\u0308berblick-Pflanzgefa\u0308sse-300x199.avif 300w, https:\/\/bio-balkon.de\/wp-content\/uploads\/2020\/07\/Stefanie-Binder-Wildpflanzenbalkon-Vielfalt-DSC_0667-U\u0308berblick-Pflanzgefa\u0308sse-1024x680.avif 1024w, https:\/\/bio-balkon.de\/wp-content\/uploads\/2020\/07\/Stefanie-Binder-Wildpflanzenbalkon-Vielfalt-DSC_0667-U\u0308berblick-Pflanzgefa\u0308sse-1536x1020.avif 1536w, https:\/\/bio-balkon.de\/wp-content\/uploads\/2020\/07\/Stefanie-Binder-Wildpflanzenbalkon-Vielfalt-DSC_0667-U\u0308berblick-Pflanzgefa\u0308sse-18x12.avif 18w, https:\/\/bio-balkon.de\/wp-content\/uploads\/2020\/07\/Stefanie-Binder-Wildpflanzenbalkon-Vielfalt-DSC_0667-U\u0308berblick-Pflanzgefa\u0308sse-1320x877.avif 1320w, https:\/\/bio-balkon.de\/wp-content\/uploads\/2020\/07\/Stefanie-Binder-Wildpflanzenbalkon-Vielfalt-DSC_0667-U\u0308berblick-Pflanzgefa\u0308sse.avif 1920w\" sizes=\"auto, (max-width: 768px) 100vw, 768px\" \/>\t\t\t\t\t\t\t\t\t\t\t\t\t\t\t<\/div>\n\t\t\t\t<div class=\"elementor-element elementor-element-e92329b elementor-widget__width-initial elementor-widget-tablet__width-inherit elementor-widget elementor-widget-text-editor\" data-id=\"e92329b\" data-element_type=\"widget\" data-e-type=\"widget\" data-widget_type=\"text-editor.default\">\n\t\t\t\t\t\t\t\t\t<h2 class=\"sub-title\">Mittendrin im Paradies<\/h2><p class=\"sub-title\"><strong>Sitze mittendrin und genie\u00dfe Duft, Optik und tierische Besucher. Erfahre dadurch eine gro\u00dfe Zufriedenheit und Gesundheit. Dein gr\u00fcner Wohlf\u00fchlbalkon sch\u00fctzt und f\u00f6rdert die Vielfalt unserer einheimischen Flora und Fauna.<\/strong><\/p><ul class=\"desc-listing\"><li>Du sitzt in Deiner Sitzecke mit frischer Luft und <strong>entspannst<\/strong> in Deiner <strong>gr\u00fcnen Oase<\/strong>, die Tiere anlockt und diesen n\u00fctzt.<\/li><li>Du verwendest Pflanzenarten mit einem hohen <strong>\u00f6kologischen Wert<\/strong> f\u00fcr unsere heimische Tierwelt mit verschiedenen <strong>Bl\u00fch- und Fruchtfolgen<\/strong>.<\/li><li>Dein Balkon ist <strong>pflegeleicht<\/strong>, Du brauchst <strong>weniger gie\u00dfen<\/strong>, denn Du verwendest Pflanzen, die der Klima\u00e4nderung trotzen und die <strong>Artenvielfalt f\u00f6rdern<\/strong> und <strong>wundersch\u00f6n<\/strong> sind.<\/li><\/ul>\t\t\t\t\t\t\t\t<\/div>\n\t\t\t\t\t<\/div>\n\t\t\t\t<\/div>\n\t\t<div class=\"elementor-element elementor-element-813383e e-flex e-con-boxed e-con e-parent\" data-id=\"813383e\" data-element_type=\"container\" data-e-type=\"container\" data-settings=\"{&quot;background_background&quot;:&quot;classic&quot;}\">\n\t\t\t\t\t<div class=\"e-con-inner\">\n\t\t\t\t<div class=\"elementor-element elementor-element-b267bb5 elementor-widget elementor-widget-heading\" data-id=\"b267bb5\" data-element_type=\"widget\" data-e-type=\"widget\" data-widget_type=\"heading.default\">\n\t\t\t\t\t<h2 class=\"elementor-heading-title elementor-size-default\">Teilnehmerstimmen<\/h2>\t\t\t\t<\/div>\n\t\t\t\t<div class=\"elementor-element elementor-element-47e1af1 elementor-widget elementor-widget-n-accordion\" data-id=\"47e1af1\" data-element_type=\"widget\" data-e-type=\"widget\" data-settings=\"{&quot;default_state&quot;:&quot;expanded&quot;,&quot;max_items_expended&quot;:&quot;one&quot;,&quot;n_accordion_animation_duration&quot;:{&quot;unit&quot;:&quot;ms&quot;,&quot;size&quot;:400,&quot;sizes&quot;:[]}}\" data-widget_type=\"nested-accordion.default\">\n\t\t\t\t\t\t\t<div class=\"e-n-accordion\" aria-label=\"Accordion. Open links with Enter or Space, close with Escape, and navigate with Arrow Keys\">\n\t\t\t\t\t\t<details id=\"e-n-accordion-item-7530\" class=\"e-n-accordion-item\" open>\n\t\t\t\t<summary class=\"e-n-accordion-item-title\" data-accordion-index=\"1\" tabindex=\"0\" aria-expanded=\"true\" aria-controls=\"e-n-accordion-item-7530\" >\n\t\t\t\t\t<span class='e-n-accordion-item-title-header'><div class=\"e-n-accordion-item-title-text\"> Alles ganz grossartig, sehr hilfreich und wirklich ganz und gar praktisch <\/div><\/span>\n\t\t\t\t\t\t\t<span class='e-n-accordion-item-title-icon'>\n\t\t\t<span class='e-opened' ><svg aria-hidden=\"true\" class=\"e-font-icon-svg e-fas-chevron-up\" viewBox=\"0 0 448 512\" xmlns=\"http:\/\/www.w3.org\/2000\/svg\"><path d=\"M240.971 130.524l194.343 194.343c9.373 9.373 9.373 24.569 0 33.941l-22.667 22.667c-9.357 9.357-24.522 9.375-33.901.04L224 227.495 69.255 381.516c-9.379 9.335-24.544 9.317-33.901-.04l-22.667-22.667c-9.373-9.373-9.373-24.569 0-33.941L207.03 130.525c9.372-9.373 24.568-9.373 33.941-.001z\"><\/path><\/svg><\/span>\n\t\t\t<span class='e-closed'><svg aria-hidden=\"true\" class=\"e-font-icon-svg e-fas-chevron-down\" viewBox=\"0 0 448 512\" xmlns=\"http:\/\/www.w3.org\/2000\/svg\"><path d=\"M207.029 381.476L12.686 187.132c-9.373-9.373-9.373-24.569 0-33.941l22.667-22.667c9.357-9.357 24.522-9.375 33.901-.04L224 284.505l154.745-154.021c9.379-9.335 24.544-9.317 33.901.04l22.667 22.667c9.373 9.373 9.373 24.569 0 33.941L240.971 381.476c-9.373 9.372-24.569 9.372-33.942 0z\"><\/path><\/svg><\/span>\n\t\t<\/span>\n\n\t\t\t\t\t\t<\/summary>\n\t\t\t\t<div role=\"region\" aria-labelledby=\"e-n-accordion-item-7530\" class=\"elementor-element elementor-element-97c6348 e-con-full e-flex e-con e-child\" data-id=\"97c6348\" data-element_type=\"container\" data-e-type=\"container\">\n\t\t\t\t<div class=\"elementor-element elementor-element-3bfe87d elementor-widget elementor-widget-text-editor\" data-id=\"3bfe87d\" data-element_type=\"widget\" data-e-type=\"widget\" data-widget_type=\"text-editor.default\">\n\t\t\t\t\t\t\t\t\t<p>Rein &#8222;zuf\u00e4llig&#8220; bin ich auf Ihre Seite plus die noch laufende Veranstaltung gestossen. Alles ganz grossartig, sehr hilfreich und wirklich ganz und gar praktisch. Ein ganz herzlicher Dank f\u00fcr Ihre prima Arbeit. <strong>Dana K.<\/strong><\/p>\t\t\t\t\t\t\t\t<\/div>\n\t\t\t\t<\/div>\n\t\t\t\t\t<\/details>\n\t\t\t\t\t\t<details id=\"e-n-accordion-item-7531\" class=\"e-n-accordion-item\" >\n\t\t\t\t<summary class=\"e-n-accordion-item-title\" data-accordion-index=\"2\" tabindex=\"-1\" aria-expanded=\"false\" aria-controls=\"e-n-accordion-item-7531\" >\n\t\t\t\t\t<span class='e-n-accordion-item-title-header'><div class=\"e-n-accordion-item-title-text\"> Der Kongress war mir so eine gro\u00dfe Inspiration <\/div><\/span>\n\t\t\t\t\t\t\t<span class='e-n-accordion-item-title-icon'>\n\t\t\t<span class='e-opened' ><svg aria-hidden=\"true\" class=\"e-font-icon-svg e-fas-chevron-up\" viewBox=\"0 0 448 512\" xmlns=\"http:\/\/www.w3.org\/2000\/svg\"><path d=\"M240.971 130.524l194.343 194.343c9.373 9.373 9.373 24.569 0 33.941l-22.667 22.667c-9.357 9.357-24.522 9.375-33.901.04L224 227.495 69.255 381.516c-9.379 9.335-24.544 9.317-33.901-.04l-22.667-22.667c-9.373-9.373-9.373-24.569 0-33.941L207.03 130.525c9.372-9.373 24.568-9.373 33.941-.001z\"><\/path><\/svg><\/span>\n\t\t\t<span class='e-closed'><svg aria-hidden=\"true\" class=\"e-font-icon-svg e-fas-chevron-down\" viewBox=\"0 0 448 512\" xmlns=\"http:\/\/www.w3.org\/2000\/svg\"><path d=\"M207.029 381.476L12.686 187.132c-9.373-9.373-9.373-24.569 0-33.941l22.667-22.667c9.357-9.357 24.522-9.375 33.901-.04L224 284.505l154.745-154.021c9.379-9.335 24.544-9.317 33.901.04l22.667 22.667c9.373 9.373 9.373 24.569 0 33.941L240.971 381.476c-9.373 9.372-24.569 9.372-33.942 0z\"><\/path><\/svg><\/span>\n\t\t<\/span>\n\n\t\t\t\t\t\t<\/summary>\n\t\t\t\t<div role=\"region\" aria-labelledby=\"e-n-accordion-item-7531\" class=\"elementor-element elementor-element-f544e34 e-con-full e-flex e-con e-child\" data-id=\"f544e34\" data-element_type=\"container\" data-e-type=\"container\">\n\t\t\t\t<div class=\"elementor-element elementor-element-a07a1d8 elementor-widget elementor-widget-text-editor\" data-id=\"a07a1d8\" data-element_type=\"widget\" data-e-type=\"widget\" data-widget_type=\"text-editor.default\">\n\t\t\t\t\t\t\t\t\t<p>Ich habe Microgreens in der K\u00fcche und verschenke sie dieses Jahr zu den Geburtstagen. In der K\u00fcche steht jetzt eine Wurmkiste. In den K\u00e4sten habe ich Steine, \u00c4ste und leere Schneckenh\u00e4user aufgelegt. Der Regen f\u00e4ngt sich darin und diverse Insekten kommen zum trinken. Brennnessel und B\u00e4rlauch wachsen jetzt auch im Erdkranz. Der Kongress war mir so gro\u00dfe Inspiration, die ich weitergebe. In der Arbeit wird der Garten jetzt anders bewirtschaftet, eine Arbeitskollegin gestaltet ihren Garten um&#8230;. . Jeden Tag ist mein erster Weg auf die Terrasse um die neuen Mitbewohner zu begr\u00fc\u00dfen. Es mir so eine gro\u00dfe Freude deren Wachstum zu beobachten. Ich gie\u00dfe mit Gem\u00fcsekochwasser und habe Vogelfutter ausgebracht. Momentan besch\u00e4ftige ich mich mit EM und versuche f\u00fcr mich passendes zu finden. <strong>Gabriele S.<\/strong><\/p>\t\t\t\t\t\t\t\t<\/div>\n\t\t\t\t<\/div>\n\t\t\t\t\t<\/details>\n\t\t\t\t\t\t<details id=\"e-n-accordion-item-7532\" class=\"e-n-accordion-item\" >\n\t\t\t\t<summary class=\"e-n-accordion-item-title\" data-accordion-index=\"3\" tabindex=\"-1\" aria-expanded=\"false\" aria-controls=\"e-n-accordion-item-7532\" >\n\t\t\t\t\t<span class='e-n-accordion-item-title-header'><div class=\"e-n-accordion-item-title-text\"> Ich bin begeistert und bl\u00fche regelrecht auf <\/div><\/span>\n\t\t\t\t\t\t\t<span class='e-n-accordion-item-title-icon'>\n\t\t\t<span class='e-opened' ><svg aria-hidden=\"true\" class=\"e-font-icon-svg e-fas-chevron-up\" viewBox=\"0 0 448 512\" xmlns=\"http:\/\/www.w3.org\/2000\/svg\"><path d=\"M240.971 130.524l194.343 194.343c9.373 9.373 9.373 24.569 0 33.941l-22.667 22.667c-9.357 9.357-24.522 9.375-33.901.04L224 227.495 69.255 381.516c-9.379 9.335-24.544 9.317-33.901-.04l-22.667-22.667c-9.373-9.373-9.373-24.569 0-33.941L207.03 130.525c9.372-9.373 24.568-9.373 33.941-.001z\"><\/path><\/svg><\/span>\n\t\t\t<span class='e-closed'><svg aria-hidden=\"true\" class=\"e-font-icon-svg e-fas-chevron-down\" viewBox=\"0 0 448 512\" xmlns=\"http:\/\/www.w3.org\/2000\/svg\"><path d=\"M207.029 381.476L12.686 187.132c-9.373-9.373-9.373-24.569 0-33.941l22.667-22.667c9.357-9.357 24.522-9.375 33.901-.04L224 284.505l154.745-154.021c9.379-9.335 24.544-9.317 33.901.04l22.667 22.667c9.373 9.373 9.373 24.569 0 33.941L240.971 381.476c-9.373 9.372-24.569 9.372-33.942 0z\"><\/path><\/svg><\/span>\n\t\t<\/span>\n\n\t\t\t\t\t\t<\/summary>\n\t\t\t\t<div role=\"region\" aria-labelledby=\"e-n-accordion-item-7532\" class=\"elementor-element elementor-element-7fd2460 e-con-full e-flex e-con e-child\" data-id=\"7fd2460\" data-element_type=\"container\" data-e-type=\"container\">\n\t\t\t\t<div class=\"elementor-element elementor-element-f323e69 elementor-widget elementor-widget-text-editor\" data-id=\"f323e69\" data-element_type=\"widget\" data-e-type=\"widget\" data-widget_type=\"text-editor.default\">\n\t\t\t\t\t\t\t\t\t<p>Ich bin begeistert und bl\u00fche regelrecht auf \u2013 so viele positive Emotionen werden hier transportiert. <strong>Grit S.<\/strong><\/p>\t\t\t\t\t\t\t\t<\/div>\n\t\t\t\t<\/div>\n\t\t\t\t\t<\/details>\n\t\t\t\t\t\t<details id=\"e-n-accordion-item-7533\" class=\"e-n-accordion-item\" >\n\t\t\t\t<summary class=\"e-n-accordion-item-title\" data-accordion-index=\"4\" tabindex=\"-1\" aria-expanded=\"false\" aria-controls=\"e-n-accordion-item-7533\" >\n\t\t\t\t\t<span class='e-n-accordion-item-title-header'><div class=\"e-n-accordion-item-title-text\"> Mit jedem Tag wurden die Vortr\u00e4ge spannender <\/div><\/span>\n\t\t\t\t\t\t\t<span class='e-n-accordion-item-title-icon'>\n\t\t\t<span class='e-opened' ><svg aria-hidden=\"true\" class=\"e-font-icon-svg e-fas-chevron-up\" viewBox=\"0 0 448 512\" xmlns=\"http:\/\/www.w3.org\/2000\/svg\"><path d=\"M240.971 130.524l194.343 194.343c9.373 9.373 9.373 24.569 0 33.941l-22.667 22.667c-9.357 9.357-24.522 9.375-33.901.04L224 227.495 69.255 381.516c-9.379 9.335-24.544 9.317-33.901-.04l-22.667-22.667c-9.373-9.373-9.373-24.569 0-33.941L207.03 130.525c9.372-9.373 24.568-9.373 33.941-.001z\"><\/path><\/svg><\/span>\n\t\t\t<span class='e-closed'><svg aria-hidden=\"true\" class=\"e-font-icon-svg e-fas-chevron-down\" viewBox=\"0 0 448 512\" xmlns=\"http:\/\/www.w3.org\/2000\/svg\"><path d=\"M207.029 381.476L12.686 187.132c-9.373-9.373-9.373-24.569 0-33.941l22.667-22.667c9.357-9.357 24.522-9.375 33.901-.04L224 284.505l154.745-154.021c9.379-9.335 24.544-9.317 33.901.04l22.667 22.667c9.373 9.373 9.373 24.569 0 33.941L240.971 381.476c-9.373 9.372-24.569 9.372-33.942 0z\"><\/path><\/svg><\/span>\n\t\t<\/span>\n\n\t\t\t\t\t\t<\/summary>\n\t\t\t\t<div role=\"region\" aria-labelledby=\"e-n-accordion-item-7533\" class=\"elementor-element elementor-element-85fb5bc e-con-full e-flex e-con e-child\" data-id=\"85fb5bc\" data-element_type=\"container\" data-e-type=\"container\">\n\t\t\t\t<div class=\"elementor-element elementor-element-f0d97ed elementor-widget elementor-widget-text-editor\" data-id=\"f0d97ed\" data-element_type=\"widget\" data-e-type=\"widget\" data-widget_type=\"text-editor.default\">\n\t\t\t\t\t\t\t\t\t<p><em>Durch Zufall kam ich an und in Deinen Bio-Balkon-Konkress &#8212; mit ein wenig Skepsis, doch mit dem ersten Vortrag verschwand diese total.<br \/>Mit jedem Tag wurden die Vortr\u00e4ge spannender und ich war hingerissen von Deinem Enthusiasmus und dem, was Du da auf die Beine gestellt hast. Hier im Umkreis Stuttgart sind Grundst\u00fccke \u00e4hnlich begrenzt und teuer wie bei Euch in Berlin. Nun wei\u00df ich was ich an dem &#8222;Handtuch&#8220; habe, das ich besitze&#8230; und was noch alles mehr m\u00f6glich ist.<br \/>Ein Vertikalbeet und eine Wurmkiste mit hoffentlich gl\u00fccklichen W\u00fcrmern besitze ich jetzt auch. <\/em><strong>Susanne A.<\/strong><\/p>\t\t\t\t\t\t\t\t<\/div>\n\t\t\t\t<\/div>\n\t\t\t\t\t<\/details>\n\t\t\t\t\t\t<details id=\"e-n-accordion-item-7534\" class=\"e-n-accordion-item\" >\n\t\t\t\t<summary class=\"e-n-accordion-item-title\" data-accordion-index=\"5\" tabindex=\"-1\" aria-expanded=\"false\" aria-controls=\"e-n-accordion-item-7534\" >\n\t\t\t\t\t<span class='e-n-accordion-item-title-header'><div class=\"e-n-accordion-item-title-text\"> Danke f\u00fcrs Mutmachen zum \"einfach mal loslegen <\/div><\/span>\n\t\t\t\t\t\t\t<span class='e-n-accordion-item-title-icon'>\n\t\t\t<span class='e-opened' ><svg aria-hidden=\"true\" class=\"e-font-icon-svg e-fas-chevron-up\" viewBox=\"0 0 448 512\" xmlns=\"http:\/\/www.w3.org\/2000\/svg\"><path d=\"M240.971 130.524l194.343 194.343c9.373 9.373 9.373 24.569 0 33.941l-22.667 22.667c-9.357 9.357-24.522 9.375-33.901.04L224 227.495 69.255 381.516c-9.379 9.335-24.544 9.317-33.901-.04l-22.667-22.667c-9.373-9.373-9.373-24.569 0-33.941L207.03 130.525c9.372-9.373 24.568-9.373 33.941-.001z\"><\/path><\/svg><\/span>\n\t\t\t<span class='e-closed'><svg aria-hidden=\"true\" class=\"e-font-icon-svg e-fas-chevron-down\" viewBox=\"0 0 448 512\" xmlns=\"http:\/\/www.w3.org\/2000\/svg\"><path d=\"M207.029 381.476L12.686 187.132c-9.373-9.373-9.373-24.569 0-33.941l22.667-22.667c9.357-9.357 24.522-9.375 33.901-.04L224 284.505l154.745-154.021c9.379-9.335 24.544-9.317 33.901.04l22.667 22.667c9.373 9.373 9.373 24.569 0 33.941L240.971 381.476c-9.373 9.372-24.569 9.372-33.942 0z\"><\/path><\/svg><\/span>\n\t\t<\/span>\n\n\t\t\t\t\t\t<\/summary>\n\t\t\t\t<div role=\"region\" aria-labelledby=\"e-n-accordion-item-7534\" class=\"elementor-element elementor-element-5e83946 e-con-full e-flex e-con e-child\" data-id=\"5e83946\" data-element_type=\"container\" data-e-type=\"container\">\n\t\t\t\t<div class=\"elementor-element elementor-element-233d333 elementor-widget elementor-widget-text-editor\" data-id=\"233d333\" data-element_type=\"widget\" data-e-type=\"widget\" data-widget_type=\"text-editor.default\">\n\t\t\t\t\t\t\t\t\t<p><em>Danke f\u00fcr das liebevolle und wertsch\u00e4tzende Teilen Deines immensen Wissens und Deines Netzwerkes.<br \/>Danke f\u00fcrs AnDieHand-Nehmen beim Starten und\/oder Umstellen der (Balkon-)Bepflanzung.<br \/>Danke f\u00fcrs Mutmachen zum &#8222;einfach mal loslegen&#8220;.<br \/>Du warst nein besser bist eine Inspiration f\u00fcr mich und ich konnte zum Einen die &#8222;Angst&#8220; etwas ablegen, beim Garteln etwas falsch zu machen und zum Andern f\u00fchl ich mich so wahnsinnig motiviert dadurch dass ich beim Kongress und in der Facebook-Gruppe miterleben durfte und darf, dass es sooooo viele tolle Menschen gibt, die die Welt jeden Tag ein bi\u00dfchen oder riesig viel bunter machen und denen das Gegen\u00fcber -und sei es ein noch so kleines K\u00e4ferlein oder Bakterium &#8211; alles andere als egal ist. <\/em><strong>Mirjam W.<\/strong><\/p>\t\t\t\t\t\t\t\t<\/div>\n\t\t\t\t<\/div>\n\t\t\t\t\t<\/details>\n\t\t\t\t\t\t<details id=\"e-n-accordion-item-7535\" class=\"e-n-accordion-item\" >\n\t\t\t\t<summary class=\"e-n-accordion-item-title\" data-accordion-index=\"6\" tabindex=\"-1\" aria-expanded=\"false\" aria-controls=\"e-n-accordion-item-7535\" >\n\t\t\t\t\t<span class='e-n-accordion-item-title-header'><div class=\"e-n-accordion-item-title-text\"> Die Auswahl Deiner Gespr\u00e4chspartner ist total genial <\/div><\/span>\n\t\t\t\t\t\t\t<span class='e-n-accordion-item-title-icon'>\n\t\t\t<span class='e-opened' ><svg aria-hidden=\"true\" class=\"e-font-icon-svg e-fas-chevron-up\" viewBox=\"0 0 448 512\" xmlns=\"http:\/\/www.w3.org\/2000\/svg\"><path d=\"M240.971 130.524l194.343 194.343c9.373 9.373 9.373 24.569 0 33.941l-22.667 22.667c-9.357 9.357-24.522 9.375-33.901.04L224 227.495 69.255 381.516c-9.379 9.335-24.544 9.317-33.901-.04l-22.667-22.667c-9.373-9.373-9.373-24.569 0-33.941L207.03 130.525c9.372-9.373 24.568-9.373 33.941-.001z\"><\/path><\/svg><\/span>\n\t\t\t<span class='e-closed'><svg aria-hidden=\"true\" class=\"e-font-icon-svg e-fas-chevron-down\" viewBox=\"0 0 448 512\" xmlns=\"http:\/\/www.w3.org\/2000\/svg\"><path d=\"M207.029 381.476L12.686 187.132c-9.373-9.373-9.373-24.569 0-33.941l22.667-22.667c9.357-9.357 24.522-9.375 33.901-.04L224 284.505l154.745-154.021c9.379-9.335 24.544-9.317 33.901.04l22.667 22.667c9.373 9.373 9.373 24.569 0 33.941L240.971 381.476c-9.373 9.372-24.569 9.372-33.942 0z\"><\/path><\/svg><\/span>\n\t\t<\/span>\n\n\t\t\t\t\t\t<\/summary>\n\t\t\t\t<div role=\"region\" aria-labelledby=\"e-n-accordion-item-7535\" class=\"elementor-element elementor-element-0301156 e-con-full e-flex e-con e-child\" data-id=\"0301156\" data-element_type=\"container\" data-e-type=\"container\">\n\t\t\t\t<div class=\"elementor-element elementor-element-b1ac733 elementor-widget elementor-widget-text-editor\" data-id=\"b1ac733\" data-element_type=\"widget\" data-e-type=\"widget\" data-widget_type=\"text-editor.default\">\n\t\t\t\t\t\t\t\t\t<p><em>Ich hab schon viele Kongresse geh\u00f6rt, aber noch nie erlebt, dass Veranstalter*innen auf mails so schnell reagieren und so pr\u00e4sent bei Fragen, Kommentaren &#8230; sind! Das finde ich ne sehr hohe Qualit\u00e4t!<br \/>Und Deine Art zu interviewen und die Auswahl Deiner Gespr\u00e4chspartner ist total genial! Super!<br \/>Bin seit \u00fcber 1,5 Jahren krank und seit Deinem letzten Kongress ganz motiviert, mir meinen Balkon sch\u00f6n zu gestalten &#8211; in kleinen Schritten, aber sehr lebendig. Danke Dir sehr daf\u00fcr! Das belebt mich, wenn ich auch aufpassen muss, mir nicht zu viel vorzunehmen, weil es mich sonst erschl\u00e4gt &#8230; Aber auch das kommt in Deinen Kongressen super r\u00fcber. Danke!<\/em><em>\u00a0<\/em><strong>Katja S.<\/strong><\/p>\t\t\t\t\t\t\t\t<\/div>\n\t\t\t\t<\/div>\n\t\t\t\t\t<\/details>\n\t\t\t\t\t\t<details id=\"e-n-accordion-item-7536\" class=\"e-n-accordion-item\" >\n\t\t\t\t<summary class=\"e-n-accordion-item-title\" data-accordion-index=\"7\" tabindex=\"-1\" aria-expanded=\"false\" aria-controls=\"e-n-accordion-item-7536\" >\n\t\t\t\t\t<span class='e-n-accordion-item-title-header'><div class=\"e-n-accordion-item-title-text\"> Probiere aus, es ist nicht schlimm, wenn es mal nicht klappt. <\/div><\/span>\n\t\t\t\t\t\t\t<span class='e-n-accordion-item-title-icon'>\n\t\t\t<span class='e-opened' ><svg aria-hidden=\"true\" class=\"e-font-icon-svg e-fas-chevron-up\" viewBox=\"0 0 448 512\" xmlns=\"http:\/\/www.w3.org\/2000\/svg\"><path d=\"M240.971 130.524l194.343 194.343c9.373 9.373 9.373 24.569 0 33.941l-22.667 22.667c-9.357 9.357-24.522 9.375-33.901.04L224 227.495 69.255 381.516c-9.379 9.335-24.544 9.317-33.901-.04l-22.667-22.667c-9.373-9.373-9.373-24.569 0-33.941L207.03 130.525c9.372-9.373 24.568-9.373 33.941-.001z\"><\/path><\/svg><\/span>\n\t\t\t<span class='e-closed'><svg aria-hidden=\"true\" class=\"e-font-icon-svg e-fas-chevron-down\" viewBox=\"0 0 448 512\" xmlns=\"http:\/\/www.w3.org\/2000\/svg\"><path d=\"M207.029 381.476L12.686 187.132c-9.373-9.373-9.373-24.569 0-33.941l22.667-22.667c9.357-9.357 24.522-9.375 33.901-.04L224 284.505l154.745-154.021c9.379-9.335 24.544-9.317 33.901.04l22.667 22.667c9.373 9.373 9.373 24.569 0 33.941L240.971 381.476c-9.373 9.372-24.569 9.372-33.942 0z\"><\/path><\/svg><\/span>\n\t\t<\/span>\n\n\t\t\t\t\t\t<\/summary>\n\t\t\t\t<div role=\"region\" aria-labelledby=\"e-n-accordion-item-7536\" class=\"elementor-element elementor-element-cff3c84 e-con-full e-flex e-con e-child\" data-id=\"cff3c84\" data-element_type=\"container\" data-e-type=\"container\">\n\t\t\t\t<div class=\"elementor-element elementor-element-404fd8c elementor-widget elementor-widget-text-editor\" data-id=\"404fd8c\" data-element_type=\"widget\" data-e-type=\"widget\" data-widget_type=\"text-editor.default\">\n\t\t\t\t\t\t\t\t\t<p><em>Die Begeisterung ging komplett auf mich \u00fcber, und das um 01:25 nachts. Der Vortrag war wirklich toll vorgetragen, und es wurde stets das wichtigste betont: Probiere aus, es ist nicht schlimm, wenn es mal nicht klappt. <\/em><strong>Lutzi F.<\/strong><\/p>\t\t\t\t\t\t\t\t<\/div>\n\t\t\t\t<\/div>\n\t\t\t\t\t<\/details>\n\t\t\t\t\t\t<details id=\"e-n-accordion-item-7537\" class=\"e-n-accordion-item\" >\n\t\t\t\t<summary class=\"e-n-accordion-item-title\" data-accordion-index=\"8\" tabindex=\"-1\" aria-expanded=\"false\" aria-controls=\"e-n-accordion-item-7537\" >\n\t\t\t\t\t<span class='e-n-accordion-item-title-header'><div class=\"e-n-accordion-item-title-text\"> Es macht wirklich Spa\u00df, sich die Interviews anzusehen. Sehr professionell. <\/div><\/span>\n\t\t\t\t\t\t\t<span class='e-n-accordion-item-title-icon'>\n\t\t\t<span class='e-opened' ><svg aria-hidden=\"true\" class=\"e-font-icon-svg e-fas-chevron-up\" viewBox=\"0 0 448 512\" xmlns=\"http:\/\/www.w3.org\/2000\/svg\"><path d=\"M240.971 130.524l194.343 194.343c9.373 9.373 9.373 24.569 0 33.941l-22.667 22.667c-9.357 9.357-24.522 9.375-33.901.04L224 227.495 69.255 381.516c-9.379 9.335-24.544 9.317-33.901-.04l-22.667-22.667c-9.373-9.373-9.373-24.569 0-33.941L207.03 130.525c9.372-9.373 24.568-9.373 33.941-.001z\"><\/path><\/svg><\/span>\n\t\t\t<span class='e-closed'><svg aria-hidden=\"true\" class=\"e-font-icon-svg e-fas-chevron-down\" viewBox=\"0 0 448 512\" xmlns=\"http:\/\/www.w3.org\/2000\/svg\"><path d=\"M207.029 381.476L12.686 187.132c-9.373-9.373-9.373-24.569 0-33.941l22.667-22.667c9.357-9.357 24.522-9.375 33.901-.04L224 284.505l154.745-154.021c9.379-9.335 24.544-9.317 33.901.04l22.667 22.667c9.373 9.373 9.373 24.569 0 33.941L240.971 381.476c-9.373 9.372-24.569 9.372-33.942 0z\"><\/path><\/svg><\/span>\n\t\t<\/span>\n\n\t\t\t\t\t\t<\/summary>\n\t\t\t\t<div role=\"region\" aria-labelledby=\"e-n-accordion-item-7537\" class=\"elementor-element elementor-element-d77b737 e-con-full e-flex e-con e-child\" data-id=\"d77b737\" data-element_type=\"container\" data-e-type=\"container\">\n\t\t\t\t<div class=\"elementor-element elementor-element-8cc4fda elementor-widget elementor-widget-text-editor\" data-id=\"8cc4fda\" data-element_type=\"widget\" data-e-type=\"widget\" data-widget_type=\"text-editor.default\">\n\t\t\t\t\t\t\t\t\t<p><em>Mir gef\u00e4llt dieser Kongress extrem gut. Die Schwerpunktthemen, deine interessanten Fragen sowie deine ruhige Art des Moderierens. Es macht wirklich Spa\u00df, sich die Interviews anzusehen. Sehr professionell. <\/em><strong>Kaia L.<\/strong><\/p>\t\t\t\t\t\t\t\t<\/div>\n\t\t\t\t<\/div>\n\t\t\t\t\t<\/details>\n\t\t\t\t\t\t<details id=\"e-n-accordion-item-7538\" class=\"e-n-accordion-item\" >\n\t\t\t\t<summary class=\"e-n-accordion-item-title\" data-accordion-index=\"9\" tabindex=\"-1\" aria-expanded=\"false\" aria-controls=\"e-n-accordion-item-7538\" >\n\t\t\t\t\t<span class='e-n-accordion-item-title-header'><div class=\"e-n-accordion-item-title-text\"> Viele gute Informationen und sch\u00f6n kreativ bleiben und nicht zu kompliziert <\/div><\/span>\n\t\t\t\t\t\t\t<span class='e-n-accordion-item-title-icon'>\n\t\t\t<span class='e-opened' ><svg aria-hidden=\"true\" class=\"e-font-icon-svg e-fas-chevron-up\" viewBox=\"0 0 448 512\" xmlns=\"http:\/\/www.w3.org\/2000\/svg\"><path d=\"M240.971 130.524l194.343 194.343c9.373 9.373 9.373 24.569 0 33.941l-22.667 22.667c-9.357 9.357-24.522 9.375-33.901.04L224 227.495 69.255 381.516c-9.379 9.335-24.544 9.317-33.901-.04l-22.667-22.667c-9.373-9.373-9.373-24.569 0-33.941L207.03 130.525c9.372-9.373 24.568-9.373 33.941-.001z\"><\/path><\/svg><\/span>\n\t\t\t<span class='e-closed'><svg aria-hidden=\"true\" class=\"e-font-icon-svg e-fas-chevron-down\" viewBox=\"0 0 448 512\" xmlns=\"http:\/\/www.w3.org\/2000\/svg\"><path d=\"M207.029 381.476L12.686 187.132c-9.373-9.373-9.373-24.569 0-33.941l22.667-22.667c9.357-9.357 24.522-9.375 33.901-.04L224 284.505l154.745-154.021c9.379-9.335 24.544-9.317 33.901.04l22.667 22.667c9.373 9.373 9.373 24.569 0 33.941L240.971 381.476c-9.373 9.372-24.569 9.372-33.942 0z\"><\/path><\/svg><\/span>\n\t\t<\/span>\n\n\t\t\t\t\t\t<\/summary>\n\t\t\t\t<div role=\"region\" aria-labelledby=\"e-n-accordion-item-7538\" class=\"elementor-element elementor-element-d89a9f9 e-con-full e-flex e-con e-child\" data-id=\"d89a9f9\" data-element_type=\"container\" data-e-type=\"container\">\n\t\t\t\t<div class=\"elementor-element elementor-element-ce52cca elementor-widget elementor-widget-text-editor\" data-id=\"ce52cca\" data-element_type=\"widget\" data-e-type=\"widget\" data-widget_type=\"text-editor.default\">\n\t\t\t\t\t\t\t\t\t<p>Toll viele gute Informationen und sch\u00f6n kreativ bleiben und nicht zu kompliziert&#8220;\u00a0<strong>Tonja R.<\/strong><\/p>\t\t\t\t\t\t\t\t<\/div>\n\t\t\t\t<\/div>\n\t\t\t\t\t<\/details>\n\t\t\t\t\t<\/div>\n\t\t\t\t\t\t<\/div>\n\t\t\t\t\t<\/div>\n\t\t\t\t<\/div>\n\t\t<div class=\"elementor-element elementor-element-848ba7b e-flex e-con-boxed e-con e-child\" data-id=\"848ba7b\" data-element_type=\"container\" data-e-type=\"container\" data-settings=\"{&quot;background_background&quot;:&quot;classic&quot;}\">\n\t\t\t\t\t<div class=\"e-con-inner\">\n\t\t<div class=\"elementor-element elementor-element-2438376 e-con-full e-flex e-con e-child\" data-id=\"2438376\" data-element_type=\"container\" data-e-type=\"container\">\n\t\t<div class=\"elementor-element elementor-element-d2f7b8e e-con-full e-flex e-con e-child\" data-id=\"d2f7b8e\" data-element_type=\"container\" data-e-type=\"container\">\n\t\t\t\t<div class=\"elementor-element elementor-element-68afe85 elementor-widget elementor-widget-text-editor\" data-id=\"68afe85\" data-element_type=\"widget\" data-e-type=\"widget\" data-widget_type=\"text-editor.default\">\n\t\t\t\t\t\t\t\t\t<p><strong>Die Kongressveranstalterin<\/strong><\/p><h2>Hallo, ich bin Birgit Schattling<\/h2><p><strong>Balkonbotschafterin aus vollem Herzen und \u00dcberzeugung aus Berlin.<\/strong><\/p><p>Meine <strong>Vision<\/strong>\u00a0ist, dass mehr Menschen ihre Balkone und Fensterbretter\u00a0<strong>nutzen<\/strong>\u00a0\u2013 <strong>naturnah<\/strong>, zur\u00a0<strong>Selbstversorgung<\/strong>, als\u00a0<strong>Oasen<\/strong>\u00a0der Ruhe und Entspannung. F\u00fcr Lebensqualit\u00e4t in\u00a0<strong>essbaren St\u00e4dten<\/strong>, Erhaltung der\u00a0<strong>biologischen Vielfalt<\/strong>,\u00a0<strong>Klimaschutz<\/strong>\u00a0und <strong>Wohlf\u00fchloasen<\/strong> mit spannenden\u00a0<strong>Naturerlebnissen<\/strong>.\u00a0<\/p><p>Mit diesem Kongress helfe ich Dir, <strong>Deinen eigenen Traumbalkon<\/strong> zu kreieren und gleichzeitig <strong>Insekten, V\u00f6gel und andere Tiere zu f\u00f6rdern<\/strong>.<\/p>\t\t\t\t\t\t\t\t<\/div>\n\t\t\t\t<div class=\"elementor-element elementor-element-8beb3b4 elementor-widget elementor-widget-image\" data-id=\"8beb3b4\" data-element_type=\"widget\" data-e-type=\"widget\" data-widget_type=\"image.default\">\n\t\t\t\t\t\t\t\t\t\t\t\t\t\t\t<img loading=\"lazy\" decoding=\"async\" width=\"300\" height=\"86\" src=\"https:\/\/bio-balkon.de\/wp-content\/uploads\/2020\/07\/signatur-1-300x86.avif\" class=\"attachment-medium size-medium wp-image-10517\" alt=\"\" srcset=\"https:\/\/bio-balkon.de\/wp-content\/uploads\/2020\/07\/signatur-1-300x86.avif 300w, https:\/\/bio-balkon.de\/wp-content\/uploads\/2020\/07\/signatur-1-18x5.png 18w, https:\/\/bio-balkon.de\/wp-content\/uploads\/2020\/07\/signatur-1.avif 400w\" sizes=\"auto, (max-width: 300px) 100vw, 300px\" \/>\t\t\t\t\t\t\t\t\t\t\t\t\t\t\t<\/div>\n\t\t\t\t<\/div>\n\t\t\t\t<div class=\"elementor-element elementor-element-88ff42d elementor-widget__width-initial elementor-widget-tablet__width-inherit elementor-widget-mobile__width-inherit elementor-widget elementor-widget-image\" data-id=\"88ff42d\" data-element_type=\"widget\" data-e-type=\"widget\" data-widget_type=\"image.default\">\n\t\t\t\t\t\t\t\t\t\t\t\t\t\t\t<img loading=\"lazy\" decoding=\"async\" width=\"768\" height=\"644\" src=\"https:\/\/bio-balkon.de\/wp-content\/uploads\/2021\/10\/FB-birgit-schattling-mein-biotop-auf-dem-balkon-768x644.avif\" class=\"attachment-medium_large size-medium_large wp-image-33943\" alt=\"\" srcset=\"https:\/\/bio-balkon.de\/wp-content\/uploads\/2021\/10\/FB-birgit-schattling-mein-biotop-auf-dem-balkon-768x644.avif 768w, https:\/\/bio-balkon.de\/wp-content\/uploads\/2021\/10\/FB-birgit-schattling-mein-biotop-auf-dem-balkon-300x251.avif 300w, https:\/\/bio-balkon.de\/wp-content\/uploads\/2021\/10\/FB-birgit-schattling-mein-biotop-auf-dem-balkon-14x12.avif 14w, https:\/\/bio-balkon.de\/wp-content\/uploads\/2021\/10\/FB-birgit-schattling-mein-biotop-auf-dem-balkon.avif 940w\" sizes=\"auto, (max-width: 768px) 100vw, 768px\" \/>\t\t\t\t\t\t\t\t\t\t\t\t\t\t\t<\/div>\n\t\t\t\t<\/div>\n\t\t<div class=\"elementor-element elementor-element-1425822 e-con-full e-flex e-con e-child\" data-id=\"1425822\" data-element_type=\"container\" data-e-type=\"container\" data-settings=\"{&quot;background_background&quot;:&quot;classic&quot;}\">\n\t\t\t\t<div class=\"elementor-element elementor-element-f054c0d elementor-widget elementor-widget-heading\" data-id=\"f054c0d\" data-element_type=\"widget\" data-e-type=\"widget\" data-widget_type=\"heading.default\">\n\t\t\t\t\t<h2 class=\"elementor-heading-title elementor-size-default\">Vita<\/h2>\t\t\t\t<\/div>\n\t\t\t\t<div class=\"elementor-element elementor-element-c106604 elementor-widget elementor-widget-text-editor\" data-id=\"c106604\" data-element_type=\"widget\" data-e-type=\"widget\" data-widget_type=\"text-editor.default\">\n\t\t\t\t\t\t\t\t\t<p>Birgit Schattling initiierte die <strong>Bio-Balkon-Bewegung<\/strong> in 2017. Sie hilft (nicht nur) <strong>Stadtmenschen<\/strong> dabei, wieder <strong>mehr\u00a0Gr\u00fcn und Selbstversorgung<\/strong> in die St\u00e4dte zu bringen. Sie gibt <strong>praktische Anleitung<\/strong> f\u00fcr <strong>\u00fcppige, freudebringende Balkon-Oasen<\/strong>, die eine Wohltat f\u00fcr <strong>Menschen,\u00a0Insekten und Tiere<\/strong> sind.<\/p><p>Die Berliner Balkonga\u0308rtnerin, <strong>\u201eNatur im Garten\u201c-Botschafterin<\/strong>, <strong>Autorin<\/strong> und <strong>Veranstalterin der bisher 18 Online Bio-Balkon Kongresse<\/strong> Birgit Schattling ist <strong>Medienpreistra\u0308gerin 2018<\/strong> der Deutschen Gartenbaugesellschaft 1822 e.V.. 2017 und 2019 war sie fu\u0308r den <strong>\u201eEuropean Award for Ecological Gardening\u201c<\/strong> nominiert. 2017 erhielt sie beim Gru\u0308ne-Liga-Wettbewerb \u201eGiftfreies Ga\u0308rtnern\u201c einen <strong>Sonderpreis fu\u0308r<\/strong> <strong>Ga\u0308rtnern auf kleinstem Raum<\/strong>.<\/p><p>Sie ist hochschulzertifizierte <strong>\u201eFachberaterin f\u00fcr Selbstversorgung mit essbaren Wildpflanzen\u201c<\/strong>. Ihr Hortus Bio-Balkon geh\u00f6rt zum \u201eHortus-Netzwerk. Vielfalt. Sch\u00f6nheit. Nutzen\u201c. F\u00fcnf Jahre war sie <strong>Jurorin beim Pflanzwettbewerb \u201eDeutschland summt!\u201c<\/strong>.<\/p><p>F\u00fcr den Verlag Gr\u00e4fe und Unzer schrieb sie den Ratgeber <strong>\u201eMein Biotop auf dem Balkon. Naturerlebnis und Erntegl\u00fcck mitten in der Stadt\u201c<\/strong>. Beim Ulmer Verlag erschien in der <strong>#machsnachhaltig<\/strong>-Reihe &#8222;<strong>Mein genialer Bio-Balkon. Mit gro\u00dfartigen Pflanzkombis &amp; DIY-Projekten zu mehr Artenvielfalt und leckerer Ernte&#8220;<\/strong>.<\/p>\t\t\t\t\t\t\t\t<\/div>\n\t\t\t\t<\/div>\n\t\t\t\t\t<\/div>\n\t\t\t\t<\/div>\n\t\t<div class=\"elementor-element elementor-element-823b2ca e-flex e-con-boxed e-con e-parent\" data-id=\"823b2ca\" data-element_type=\"container\" data-e-type=\"container\" data-settings=\"{&quot;background_background&quot;:&quot;classic&quot;}\">\n\t\t\t\t\t<div class=\"e-con-inner\">\n\t\t\t\t<div class=\"elementor-element elementor-element-92df380 elementor-widget__width-initial elementor-hidden-tablet elementor-hidden-mobile elementor-widget elementor-widget-image\" data-id=\"92df380\" data-element_type=\"widget\" data-e-type=\"widget\" data-widget_type=\"image.default\">\n\t\t\t\t\t\t\t\t\t\t\t\t\t\t\t<img loading=\"lazy\" decoding=\"async\" width=\"768\" height=\"644\" src=\"https:\/\/bio-balkon.de\/wp-content\/uploads\/2023\/05\/Buch-Genialer-Bio-Balkon-FB-3-768x644.avif\" class=\"attachment-medium_large size-medium_large wp-image-57861\" alt=\"Das 2. Buch der Balkonexpertin Birgit Schattling: &quot;Mein genialer Bio-Balkon. Mit gro\u00dfartigen Pflanzenkombis &amp; DIY-Projekten zu mehr Artenvielfalt und leckerer Ernte&quot;\" srcset=\"https:\/\/bio-balkon.de\/wp-content\/uploads\/2023\/05\/Buch-Genialer-Bio-Balkon-FB-3-768x644.avif 768w, https:\/\/bio-balkon.de\/wp-content\/uploads\/2023\/05\/Buch-Genialer-Bio-Balkon-FB-3-300x251.avif 300w, https:\/\/bio-balkon.de\/wp-content\/uploads\/2023\/05\/Buch-Genialer-Bio-Balkon-FB-3-14x12.avif 14w, https:\/\/bio-balkon.de\/wp-content\/uploads\/2023\/05\/Buch-Genialer-Bio-Balkon-FB-3.avif 940w\" sizes=\"auto, (max-width: 768px) 100vw, 768px\" \/>\t\t\t\t\t\t\t\t\t\t\t\t\t\t\t<\/div>\n\t\t<div class=\"elementor-element elementor-element-34483e4 e-con-full e-flex e-con e-child\" data-id=\"34483e4\" data-element_type=\"container\" data-e-type=\"container\" data-settings=\"{&quot;background_background&quot;:&quot;classic&quot;}\">\n\t\t\t\t<div class=\"elementor-element elementor-element-b024c62 elementor-widget elementor-widget-heading\" data-id=\"b024c62\" data-element_type=\"widget\" data-e-type=\"widget\" data-widget_type=\"heading.default\">\n\t\t\t\t\t<h2 class=\"elementor-heading-title elementor-size-default\">FAQ<\/h2>\t\t\t\t<\/div>\n\t\t\t\t<div class=\"elementor-element elementor-element-140a874 elementor-widget elementor-widget-n-accordion\" data-id=\"140a874\" data-element_type=\"widget\" data-e-type=\"widget\" data-settings=\"{&quot;default_state&quot;:&quot;expanded&quot;,&quot;max_items_expended&quot;:&quot;one&quot;,&quot;n_accordion_animation_duration&quot;:{&quot;unit&quot;:&quot;ms&quot;,&quot;size&quot;:400,&quot;sizes&quot;:[]}}\" data-widget_type=\"nested-accordion.default\">\n\t\t\t\t\t\t\t<div class=\"e-n-accordion\" aria-label=\"Accordion. Open links with Enter or Space, close with Escape, and navigate with Arrow Keys\">\n\t\t\t\t\t\t<details id=\"e-n-accordion-item-2100\" class=\"e-n-accordion-item\" open>\n\t\t\t\t<summary class=\"e-n-accordion-item-title\" data-accordion-index=\"1\" tabindex=\"0\" aria-expanded=\"true\" aria-controls=\"e-n-accordion-item-2100\" >\n\t\t\t\t\t<span class='e-n-accordion-item-title-header'><div class=\"e-n-accordion-item-title-text\"> Wann und wo findet der Kongress statt? <\/div><\/span>\n\t\t\t\t\t\t\t<span class='e-n-accordion-item-title-icon'>\n\t\t\t<span class='e-opened' ><svg aria-hidden=\"true\" class=\"e-font-icon-svg e-fas-chevron-up\" viewBox=\"0 0 448 512\" xmlns=\"http:\/\/www.w3.org\/2000\/svg\"><path d=\"M240.971 130.524l194.343 194.343c9.373 9.373 9.373 24.569 0 33.941l-22.667 22.667c-9.357 9.357-24.522 9.375-33.901.04L224 227.495 69.255 381.516c-9.379 9.335-24.544 9.317-33.901-.04l-22.667-22.667c-9.373-9.373-9.373-24.569 0-33.941L207.03 130.525c9.372-9.373 24.568-9.373 33.941-.001z\"><\/path><\/svg><\/span>\n\t\t\t<span class='e-closed'><svg aria-hidden=\"true\" class=\"e-font-icon-svg e-fas-chevron-down\" viewBox=\"0 0 448 512\" xmlns=\"http:\/\/www.w3.org\/2000\/svg\"><path d=\"M207.029 381.476L12.686 187.132c-9.373-9.373-9.373-24.569 0-33.941l22.667-22.667c9.357-9.357 24.522-9.375 33.901-.04L224 284.505l154.745-154.021c9.379-9.335 24.544-9.317 33.901.04l22.667 22.667c9.373 9.373 9.373 24.569 0 33.941L240.971 381.476c-9.373 9.372-24.569 9.372-33.942 0z\"><\/path><\/svg><\/span>\n\t\t<\/span>\n\n\t\t\t\t\t\t<\/summary>\n\t\t\t\t<div role=\"region\" aria-labelledby=\"e-n-accordion-item-2100\" class=\"elementor-element elementor-element-04b6534 e-con-full e-flex e-con e-child\" data-id=\"04b6534\" data-element_type=\"container\" data-e-type=\"container\">\n\t\t\t\t<div class=\"elementor-element elementor-element-5b099b8 elementor-widget elementor-widget-text-editor\" data-id=\"5b099b8\" data-element_type=\"widget\" data-e-type=\"widget\" data-widget_type=\"text-editor.default\">\n\t\t\t\t\t\t\t\t\t<p>Der Kongress findet online bequem bei Dir zu Hause statt. Im Zeitraum vom 21. bis 30. M\u00e4rz 2026\u00a0erh\u00e4ltst Du t\u00e4glich eine E-Mail mit den Zugangs-Links zu den jeweiligen Interviews.\u00a0<\/p><p>Du kannst Dir jedes Interview im 48 Stunden Zeitraum entspannt und kostenfrei am Computer, Handy, Laptop oder Tablet anschauen.<\/p><p>Erfahrungsaustausch gew\u00fcnscht: Unter jedem Beitrag ist die Kommentarfunktion freigeschaltet. Du hast die M\u00f6glichkeit, mit anderen Kongressteilnehmern sowie den Experten und Praktikern in Austausch zu gehen &#8211; die meisten Experten und Praktiker werden draufschauen, um uns zu unterst\u00fctzen!<\/p>\t\t\t\t\t\t\t\t<\/div>\n\t\t\t\t<\/div>\n\t\t\t\t\t<\/details>\n\t\t\t\t\t\t<details id=\"e-n-accordion-item-2101\" class=\"e-n-accordion-item\" >\n\t\t\t\t<summary class=\"e-n-accordion-item-title\" data-accordion-index=\"2\" tabindex=\"-1\" aria-expanded=\"false\" aria-controls=\"e-n-accordion-item-2101\" >\n\t\t\t\t\t<span class='e-n-accordion-item-title-header'><div class=\"e-n-accordion-item-title-text\"> Ist die Teilnahme wirklich kostenlos? <\/div><\/span>\n\t\t\t\t\t\t\t<span class='e-n-accordion-item-title-icon'>\n\t\t\t<span class='e-opened' ><svg aria-hidden=\"true\" class=\"e-font-icon-svg e-fas-chevron-up\" viewBox=\"0 0 448 512\" xmlns=\"http:\/\/www.w3.org\/2000\/svg\"><path d=\"M240.971 130.524l194.343 194.343c9.373 9.373 9.373 24.569 0 33.941l-22.667 22.667c-9.357 9.357-24.522 9.375-33.901.04L224 227.495 69.255 381.516c-9.379 9.335-24.544 9.317-33.901-.04l-22.667-22.667c-9.373-9.373-9.373-24.569 0-33.941L207.03 130.525c9.372-9.373 24.568-9.373 33.941-.001z\"><\/path><\/svg><\/span>\n\t\t\t<span class='e-closed'><svg aria-hidden=\"true\" class=\"e-font-icon-svg e-fas-chevron-down\" viewBox=\"0 0 448 512\" xmlns=\"http:\/\/www.w3.org\/2000\/svg\"><path d=\"M207.029 381.476L12.686 187.132c-9.373-9.373-9.373-24.569 0-33.941l22.667-22.667c9.357-9.357 24.522-9.375 33.901-.04L224 284.505l154.745-154.021c9.379-9.335 24.544-9.317 33.901.04l22.667 22.667c9.373 9.373 9.373 24.569 0 33.941L240.971 381.476c-9.373 9.372-24.569 9.372-33.942 0z\"><\/path><\/svg><\/span>\n\t\t<\/span>\n\n\t\t\t\t\t\t<\/summary>\n\t\t\t\t<div role=\"region\" aria-labelledby=\"e-n-accordion-item-2101\" class=\"elementor-element elementor-element-ff3f798 e-con-full e-flex e-con e-child\" data-id=\"ff3f798\" data-element_type=\"container\" data-e-type=\"container\">\n\t\t\t\t<div class=\"elementor-element elementor-element-c5a8e6b elementor-widget elementor-widget-text-editor\" data-id=\"c5a8e6b\" data-element_type=\"widget\" data-e-type=\"widget\" data-widget_type=\"text-editor.default\">\n\t\t\t\t\t\t\t\t\t<p>Ja, die Teilnahme ist 100 % kostenlos! Du hast aber die M\u00f6glichkeit, das Kongresspaket mit allen Interviews f\u00fcr einen geringen Preis zu kaufen und Dir so alle wichtigen Inhalte zu sichern, um diese zeitlich unabh\u00e4ngig \u00fcber den Bio-Balkon-Mitgliederbereich oder \u00fcber Download mehrfach anzuschauen (mit dauerhaftem Zugang, solange das Projekt Bio-Balkon besteht). Im Newsletter erh\u00e4ltst Du dazu noch genaue Informationen \u2013 auch zu den bevorstehenden Aktionspreisen.<\/p>\t\t\t\t\t\t\t\t<\/div>\n\t\t\t\t<\/div>\n\t\t\t\t\t<\/details>\n\t\t\t\t\t\t<details id=\"e-n-accordion-item-2102\" class=\"e-n-accordion-item\" >\n\t\t\t\t<summary class=\"e-n-accordion-item-title\" data-accordion-index=\"3\" tabindex=\"-1\" aria-expanded=\"false\" aria-controls=\"e-n-accordion-item-2102\" >\n\t\t\t\t\t<span class='e-n-accordion-item-title-header'><div class=\"e-n-accordion-item-title-text\"> Finde ich die Interviews auch woanders? <\/div><\/span>\n\t\t\t\t\t\t\t<span class='e-n-accordion-item-title-icon'>\n\t\t\t<span class='e-opened' ><svg aria-hidden=\"true\" class=\"e-font-icon-svg e-fas-chevron-up\" viewBox=\"0 0 448 512\" xmlns=\"http:\/\/www.w3.org\/2000\/svg\"><path d=\"M240.971 130.524l194.343 194.343c9.373 9.373 9.373 24.569 0 33.941l-22.667 22.667c-9.357 9.357-24.522 9.375-33.901.04L224 227.495 69.255 381.516c-9.379 9.335-24.544 9.317-33.901-.04l-22.667-22.667c-9.373-9.373-9.373-24.569 0-33.941L207.03 130.525c9.372-9.373 24.568-9.373 33.941-.001z\"><\/path><\/svg><\/span>\n\t\t\t<span class='e-closed'><svg aria-hidden=\"true\" class=\"e-font-icon-svg e-fas-chevron-down\" viewBox=\"0 0 448 512\" xmlns=\"http:\/\/www.w3.org\/2000\/svg\"><path d=\"M207.029 381.476L12.686 187.132c-9.373-9.373-9.373-24.569 0-33.941l22.667-22.667c9.357-9.357 24.522-9.375 33.901-.04L224 284.505l154.745-154.021c9.379-9.335 24.544-9.317 33.901.04l22.667 22.667c9.373 9.373 9.373 24.569 0 33.941L240.971 381.476c-9.373 9.372-24.569 9.372-33.942 0z\"><\/path><\/svg><\/span>\n\t\t<\/span>\n\n\t\t\t\t\t\t<\/summary>\n\t\t\t\t<div role=\"region\" aria-labelledby=\"e-n-accordion-item-2102\" class=\"elementor-element elementor-element-eeab54a e-con-full e-flex e-con e-child\" data-id=\"eeab54a\" data-element_type=\"container\" data-e-type=\"container\">\n\t\t\t\t<div class=\"elementor-element elementor-element-324947b elementor-widget elementor-widget-text-editor\" data-id=\"324947b\" data-element_type=\"widget\" data-e-type=\"widget\" data-widget_type=\"text-editor.default\">\n\t\t\t\t\t\t\t\t\t<p>Nein. Die vollst\u00e4ndigen Experteninterviews und Frage-Antwort-Runden sind exklusiv und ausschlie\u00dflich hier im Rahmen dieses Kongresses zu sehen. Eine Anmeldung zum Kongress mit Mailadresse ist ausreichend.<\/p>\t\t\t\t\t\t\t\t<\/div>\n\t\t\t\t<\/div>\n\t\t\t\t\t<\/details>\n\t\t\t\t\t\t<details id=\"e-n-accordion-item-2103\" class=\"e-n-accordion-item\" >\n\t\t\t\t<summary class=\"e-n-accordion-item-title\" data-accordion-index=\"4\" tabindex=\"-1\" aria-expanded=\"false\" aria-controls=\"e-n-accordion-item-2103\" >\n\t\t\t\t\t<span class='e-n-accordion-item-title-header'><div class=\"e-n-accordion-item-title-text\"> Kann ich die Interviews downloaden? <\/div><\/span>\n\t\t\t\t\t\t\t<span class='e-n-accordion-item-title-icon'>\n\t\t\t<span class='e-opened' ><svg aria-hidden=\"true\" class=\"e-font-icon-svg e-fas-chevron-up\" viewBox=\"0 0 448 512\" xmlns=\"http:\/\/www.w3.org\/2000\/svg\"><path d=\"M240.971 130.524l194.343 194.343c9.373 9.373 9.373 24.569 0 33.941l-22.667 22.667c-9.357 9.357-24.522 9.375-33.901.04L224 227.495 69.255 381.516c-9.379 9.335-24.544 9.317-33.901-.04l-22.667-22.667c-9.373-9.373-9.373-24.569 0-33.941L207.03 130.525c9.372-9.373 24.568-9.373 33.941-.001z\"><\/path><\/svg><\/span>\n\t\t\t<span class='e-closed'><svg aria-hidden=\"true\" class=\"e-font-icon-svg e-fas-chevron-down\" viewBox=\"0 0 448 512\" xmlns=\"http:\/\/www.w3.org\/2000\/svg\"><path d=\"M207.029 381.476L12.686 187.132c-9.373-9.373-9.373-24.569 0-33.941l22.667-22.667c9.357-9.357 24.522-9.375 33.901-.04L224 284.505l154.745-154.021c9.379-9.335 24.544-9.317 33.901.04l22.667 22.667c9.373 9.373 9.373 24.569 0 33.941L240.971 381.476c-9.373 9.372-24.569 9.372-33.942 0z\"><\/path><\/svg><\/span>\n\t\t<\/span>\n\n\t\t\t\t\t\t<\/summary>\n\t\t\t\t<div role=\"region\" aria-labelledby=\"e-n-accordion-item-2103\" class=\"elementor-element elementor-element-fa012d0 e-con-full e-flex e-con e-child\" data-id=\"fa012d0\" data-element_type=\"container\" data-e-type=\"container\">\n\t\t\t\t<div class=\"elementor-element elementor-element-69c5608 elementor-widget elementor-widget-text-editor\" data-id=\"69c5608\" data-element_type=\"widget\" data-e-type=\"widget\" data-widget_type=\"text-editor.default\">\n\t\t\t\t\t\t\t\t\t<p>Ja! Wenn Du Dir die Interviews als Download (Video und auch Audio) sichern m\u00f6chtest, kannst Du jederzeit das Kongresspaket kaufen. \u00dcber den t\u00e4glichen Newsletter bekommst Du immer frisch alle Termine und Hinweise, erf\u00e4hrst Du alles zu Live-Workshops und exklusiven Vorteilen.<\/p>\t\t\t\t\t\t\t\t<\/div>\n\t\t\t\t<\/div>\n\t\t\t\t\t<\/details>\n\t\t\t\t\t\t<details id=\"e-n-accordion-item-2104\" class=\"e-n-accordion-item\" >\n\t\t\t\t<summary class=\"e-n-accordion-item-title\" data-accordion-index=\"5\" tabindex=\"-1\" aria-expanded=\"false\" aria-controls=\"e-n-accordion-item-2104\" >\n\t\t\t\t\t<span class='e-n-accordion-item-title-header'><div class=\"e-n-accordion-item-title-text\"> Schwierigkeiten bei der Anmeldung? <\/div><\/span>\n\t\t\t\t\t\t\t<span class='e-n-accordion-item-title-icon'>\n\t\t\t<span class='e-opened' ><svg aria-hidden=\"true\" class=\"e-font-icon-svg e-fas-chevron-up\" viewBox=\"0 0 448 512\" xmlns=\"http:\/\/www.w3.org\/2000\/svg\"><path d=\"M240.971 130.524l194.343 194.343c9.373 9.373 9.373 24.569 0 33.941l-22.667 22.667c-9.357 9.357-24.522 9.375-33.901.04L224 227.495 69.255 381.516c-9.379 9.335-24.544 9.317-33.901-.04l-22.667-22.667c-9.373-9.373-9.373-24.569 0-33.941L207.03 130.525c9.372-9.373 24.568-9.373 33.941-.001z\"><\/path><\/svg><\/span>\n\t\t\t<span class='e-closed'><svg aria-hidden=\"true\" class=\"e-font-icon-svg e-fas-chevron-down\" viewBox=\"0 0 448 512\" xmlns=\"http:\/\/www.w3.org\/2000\/svg\"><path d=\"M207.029 381.476L12.686 187.132c-9.373-9.373-9.373-24.569 0-33.941l22.667-22.667c9.357-9.357 24.522-9.375 33.901-.04L224 284.505l154.745-154.021c9.379-9.335 24.544-9.317 33.901.04l22.667 22.667c9.373 9.373 9.373 24.569 0 33.941L240.971 381.476c-9.373 9.372-24.569 9.372-33.942 0z\"><\/path><\/svg><\/span>\n\t\t<\/span>\n\n\t\t\t\t\t\t<\/summary>\n\t\t\t\t<div role=\"region\" aria-labelledby=\"e-n-accordion-item-2104\" class=\"elementor-element elementor-element-d03fd13 e-con-full e-flex e-con e-child\" data-id=\"d03fd13\" data-element_type=\"container\" data-e-type=\"container\">\n\t\t\t\t<div class=\"elementor-element elementor-element-332655c elementor-widget elementor-widget-text-editor\" data-id=\"332655c\" data-element_type=\"widget\" data-e-type=\"widget\" data-widget_type=\"text-editor.default\">\n\t\t\t\t\t\t\t\t\t<p>Solltest Du nach der Anmeldung KEINE Best\u00e4tigungsmail erhalten haben (schaue auch im SPAM-Ordner), dann versuche die Anmeldung mit einer anderen Mailadresse. Bei web.de, t-online.de, gmail.com, gmx.at\/de und bluewin.ch gibt es aufgrund von deren Servereinstellungen Zustellprobleme bei den Kongressmails, auf die wir keinen Einfluss haben.<\/p><p>Wenn die Anmeldung mit keiner Deiner Mailadressen funktioniert, dann melde Dich \u00fcber das Kontaktformular oder per Mail an support@bio-balkon.de. Wir schicken Dir dann verl\u00e4sslich alles per Hand pers\u00f6nlich zu, damit Du nichts verpasst!\u00a0<\/p>\t\t\t\t\t\t\t\t<\/div>\n\t\t\t\t<\/div>\n\t\t\t\t\t<\/details>\n\t\t\t\t\t\t<details id=\"e-n-accordion-item-2105\" class=\"e-n-accordion-item\" >\n\t\t\t\t<summary class=\"e-n-accordion-item-title\" data-accordion-index=\"6\" tabindex=\"-1\" aria-expanded=\"false\" aria-controls=\"e-n-accordion-item-2105\" >\n\t\t\t\t\t<span class='e-n-accordion-item-title-header'><div class=\"e-n-accordion-item-title-text\"> Ich bekomme keine E-Mails? <\/div><\/span>\n\t\t\t\t\t\t\t<span class='e-n-accordion-item-title-icon'>\n\t\t\t<span class='e-opened' ><svg aria-hidden=\"true\" class=\"e-font-icon-svg e-fas-chevron-up\" viewBox=\"0 0 448 512\" xmlns=\"http:\/\/www.w3.org\/2000\/svg\"><path d=\"M240.971 130.524l194.343 194.343c9.373 9.373 9.373 24.569 0 33.941l-22.667 22.667c-9.357 9.357-24.522 9.375-33.901.04L224 227.495 69.255 381.516c-9.379 9.335-24.544 9.317-33.901-.04l-22.667-22.667c-9.373-9.373-9.373-24.569 0-33.941L207.03 130.525c9.372-9.373 24.568-9.373 33.941-.001z\"><\/path><\/svg><\/span>\n\t\t\t<span class='e-closed'><svg aria-hidden=\"true\" class=\"e-font-icon-svg e-fas-chevron-down\" viewBox=\"0 0 448 512\" xmlns=\"http:\/\/www.w3.org\/2000\/svg\"><path d=\"M207.029 381.476L12.686 187.132c-9.373-9.373-9.373-24.569 0-33.941l22.667-22.667c9.357-9.357 24.522-9.375 33.901-.04L224 284.505l154.745-154.021c9.379-9.335 24.544-9.317 33.901.04l22.667 22.667c9.373 9.373 9.373 24.569 0 33.941L240.971 381.476c-9.373 9.372-24.569 9.372-33.942 0z\"><\/path><\/svg><\/span>\n\t\t<\/span>\n\n\t\t\t\t\t\t<\/summary>\n\t\t\t\t<div role=\"region\" aria-labelledby=\"e-n-accordion-item-2105\" class=\"elementor-element elementor-element-a69c7ee e-con-full e-flex e-con e-child\" data-id=\"a69c7ee\" data-element_type=\"container\" data-e-type=\"container\">\n\t\t\t\t<div class=\"elementor-element elementor-element-aa2ac18 elementor-widget elementor-widget-text-editor\" data-id=\"aa2ac18\" data-element_type=\"widget\" data-e-type=\"widget\" data-widget_type=\"text-editor.default\">\n\t\t\t\t\t\t\t\t\t<p>Manchmal landen E-Mails im Spamordner. Bitte schau in Deinem Spamordner nach und f\u00fcge mich zu Deinen Adressen dazu, um dies f\u00fcr die Zukunft zu verhindern.\u00a0<\/p><p>Manchmal werden E-Mails aber auch vom Provider aus verschieden Gr\u00fcnden nicht ausgeliefert. Darauf habe ich leider keinen Einfluss<\/p><p>Falls Du also keine E-Mails bekommst, dann bitte ich Dich, bei mir zu melden. Ich werde Dir die Mails dann per Hand zusenden.<\/p>\t\t\t\t\t\t\t\t<\/div>\n\t\t\t\t<\/div>\n\t\t\t\t\t<\/details>\n\t\t\t\t\t\t<details id=\"e-n-accordion-item-2106\" class=\"e-n-accordion-item\" >\n\t\t\t\t<summary class=\"e-n-accordion-item-title\" data-accordion-index=\"7\" tabindex=\"-1\" aria-expanded=\"false\" aria-controls=\"e-n-accordion-item-2106\" >\n\t\t\t\t\t<span class='e-n-accordion-item-title-header'><div class=\"e-n-accordion-item-title-text\"> Disclaimer (Haftungsausschluss)  <\/div><\/span>\n\t\t\t\t\t\t\t<span class='e-n-accordion-item-title-icon'>\n\t\t\t<span class='e-opened' ><svg aria-hidden=\"true\" class=\"e-font-icon-svg e-fas-chevron-up\" viewBox=\"0 0 448 512\" xmlns=\"http:\/\/www.w3.org\/2000\/svg\"><path d=\"M240.971 130.524l194.343 194.343c9.373 9.373 9.373 24.569 0 33.941l-22.667 22.667c-9.357 9.357-24.522 9.375-33.901.04L224 227.495 69.255 381.516c-9.379 9.335-24.544 9.317-33.901-.04l-22.667-22.667c-9.373-9.373-9.373-24.569 0-33.941L207.03 130.525c9.372-9.373 24.568-9.373 33.941-.001z\"><\/path><\/svg><\/span>\n\t\t\t<span class='e-closed'><svg aria-hidden=\"true\" class=\"e-font-icon-svg e-fas-chevron-down\" viewBox=\"0 0 448 512\" xmlns=\"http:\/\/www.w3.org\/2000\/svg\"><path d=\"M207.029 381.476L12.686 187.132c-9.373-9.373-9.373-24.569 0-33.941l22.667-22.667c9.357-9.357 24.522-9.375 33.901-.04L224 284.505l154.745-154.021c9.379-9.335 24.544-9.317 33.901.04l22.667 22.667c9.373 9.373 9.373 24.569 0 33.941L240.971 381.476c-9.373 9.372-24.569 9.372-33.942 0z\"><\/path><\/svg><\/span>\n\t\t<\/span>\n\n\t\t\t\t\t\t<\/summary>\n\t\t\t\t<div role=\"region\" aria-labelledby=\"e-n-accordion-item-2106\" class=\"elementor-element elementor-element-fde459b e-con-full e-flex e-con e-child\" data-id=\"fde459b\" data-element_type=\"container\" data-e-type=\"container\">\n\t\t\t\t<div class=\"elementor-element elementor-element-d827244 elementor-widget elementor-widget-text-editor\" data-id=\"d827244\" data-element_type=\"widget\" data-e-type=\"widget\" data-widget_type=\"text-editor.default\">\n\t\t\t\t\t\t\t\t\t<p><span style=\"font-family: pplxSans, ui-sans-serif, system-ui, apple-system, system-ui, Segoe UI, Roboto, Helvetica Neue, Arial, Noto Sans, Hiragino Sans, Yu Gothic, Meiryo, PingFang SC, Microsoft YaHei, PingFang TC, Microsoft JhengHei, PingFang HK, Microsoft JhengHei, PingFang MO, Microsoft JhengHei, Apple SD Gothic Neo, Malgun Gothic, sans-serif, Apple Color Emoji, Segoe UI Emoji, Segoe UI Symbol, Noto Color Emoji;\"><strong>Keine medizinische Beratung \u2013 auf eigenes Risiko!<\/strong><\/span><\/p><p><strong>Achten Sie auf Allergien\/Wechselwirkungen.<\/strong><\/p><p><span style=\"font-family: pplxSans, ui-sans-serif, system-ui, apple-system, system-ui, Segoe UI, Roboto, Helvetica Neue, Arial, Noto Sans, Hiragino Sans, Yu Gothic, Meiryo, PingFang SC, Microsoft YaHei, PingFang TC, Microsoft JhengHei, PingFang HK, Microsoft JhengHei, PingFang MO, Microsoft JhengHei, Apple SD Gothic Neo, Malgun Gothic, sans-serif, Apple Color Emoji, Segoe UI Emoji, Segoe UI Symbol, Noto Color Emoji;\"><span style=\"font-size: medium;\"><strong>Wichtiger Haftungsausschluss (gem\u00e4\u00df \u00a7 2 AMG):<\/strong><\/span><\/span><\/p><p>Die in diesem Kongress vorgestellten Inhalte dienen ausschlie\u00dflich der allgemeinen Information und Wissensvermittlung. Sie stellen keine medizinische Beratung, Diagnose oder Therapieempfehlung dar und ersetzen nicht den Besuch bei einem Arzt, Heilpraktiker oder anderen anerkannten Fachperson. Es werden keine Heilversprechen oder Garantien f\u00fcr gesundheitliche Verbesserungen gegeben. Einzelne Sprecher geben ihre pers\u00f6nliche Sichtweise und Erfahrung wieder, die nicht notwendigerweise die Meinung der Kongressveranstalterin widerspiegelt. Die Anwendung der vorgestellten Informationen erfolgt auf eigene Verantwortung. Bei gesundheitlichen Beschwerden konsultieren Sie bitte immer eine qualifizierte Fachperson. Eine Haftung der Veranstalterin f\u00fcr Sch\u00e4den, die aus der Umsetzung der Inhalte entstehen, wird im Rahmen der gesetzlichen M\u00f6glichkeiten ausgeschlossen.<\/p>\t\t\t\t\t\t\t\t<\/div>\n\t\t\t\t<\/div>\n\t\t\t\t\t<\/details>\n\t\t\t\t\t<\/div>\n\t\t\t\t\t\t<\/div>\n\t\t\t\t<\/div>\n\t\t\t\t\t<\/div>\n\t\t\t\t<\/div>\n\t\t<div class=\"elementor-element elementor-element-4e155c5 e-flex e-con-boxed e-con e-parent\" data-id=\"4e155c5\" data-element_type=\"container\" data-e-type=\"container\" data-settings=\"{&quot;background_background&quot;:&quot;classic&quot;}\">\n\t\t\t\t\t<div class=\"e-con-inner\">\n\t\t\t\t<div class=\"elementor-element elementor-element-1f0326d elementor-widget elementor-widget-heading\" data-id=\"1f0326d\" data-element_type=\"widget\" data-e-type=\"widget\" data-widget_type=\"heading.default\">\n\t\t\t\t\t<h2 class=\"elementor-heading-title elementor-size-default\">So einfach bist du dabei<\/h2>\t\t\t\t<\/div>\n\t\t<div class=\"elementor-element elementor-element-0d6afcb e-grid e-con-full e-con e-child\" data-id=\"0d6afcb\" data-element_type=\"container\" data-e-type=\"container\" data-settings=\"{&quot;background_background&quot;:&quot;classic&quot;}\">\n\t\t\t\t<div class=\"elementor-element elementor-element-5adb9a9 elementor-view-default elementor-position-block-start elementor-mobile-position-block-start elementor-widget elementor-widget-icon-box\" data-id=\"5adb9a9\" data-element_type=\"widget\" data-e-type=\"widget\" data-widget_type=\"icon-box.default\">\n\t\t\t\t\t\t\t<div class=\"elementor-icon-box-wrapper\">\n\n\t\t\t\t\t\t<div class=\"elementor-icon-box-icon\">\n\t\t\t\t<a href=\"https:\/\/bio-balkon.de\/kongress-18\/#anmeldung\" class=\"elementor-icon\" tabindex=\"-1\" aria-label=\"Anmelden\">\n\t\t\t\t<svg aria-hidden=\"true\" class=\"e-font-icon-svg e-far-keyboard\" viewBox=\"0 0 576 512\" xmlns=\"http:\/\/www.w3.org\/2000\/svg\"><path d=\"M528 64H48C21.49 64 0 85.49 0 112v288c0 26.51 21.49 48 48 48h480c26.51 0 48-21.49 48-48V112c0-26.51-21.49-48-48-48zm8 336c0 4.411-3.589 8-8 8H48c-4.411 0-8-3.589-8-8V112c0-4.411 3.589-8 8-8h480c4.411 0 8 3.589 8 8v288zM170 270v-28c0-6.627-5.373-12-12-12h-28c-6.627 0-12 5.373-12 12v28c0 6.627 5.373 12 12 12h28c6.627 0 12-5.373 12-12zm96 0v-28c0-6.627-5.373-12-12-12h-28c-6.627 0-12 5.373-12 12v28c0 6.627 5.373 12 12 12h28c6.627 0 12-5.373 12-12zm96 0v-28c0-6.627-5.373-12-12-12h-28c-6.627 0-12 5.373-12 12v28c0 6.627 5.373 12 12 12h28c6.627 0 12-5.373 12-12zm96 0v-28c0-6.627-5.373-12-12-12h-28c-6.627 0-12 5.373-12 12v28c0 6.627 5.373 12 12 12h28c6.627 0 12-5.373 12-12zm-336 82v-28c0-6.627-5.373-12-12-12H82c-6.627 0-12 5.373-12 12v28c0 6.627 5.373 12 12 12h28c6.627 0 12-5.373 12-12zm384 0v-28c0-6.627-5.373-12-12-12h-28c-6.627 0-12 5.373-12 12v28c0 6.627 5.373 12 12 12h28c6.627 0 12-5.373 12-12zM122 188v-28c0-6.627-5.373-12-12-12H82c-6.627 0-12 5.373-12 12v28c0 6.627 5.373 12 12 12h28c6.627 0 12-5.373 12-12zm96 0v-28c0-6.627-5.373-12-12-12h-28c-6.627 0-12 5.373-12 12v28c0 6.627 5.373 12 12 12h28c6.627 0 12-5.373 12-12zm96 0v-28c0-6.627-5.373-12-12-12h-28c-6.627 0-12 5.373-12 12v28c0 6.627 5.373 12 12 12h28c6.627 0 12-5.373 12-12zm96 0v-28c0-6.627-5.373-12-12-12h-28c-6.627 0-12 5.373-12 12v28c0 6.627 5.373 12 12 12h28c6.627 0 12-5.373 12-12zm96 0v-28c0-6.627-5.373-12-12-12h-28c-6.627 0-12 5.373-12 12v28c0 6.627 5.373 12 12 12h28c6.627 0 12-5.373 12-12zm-98 158v-16c0-6.627-5.373-12-12-12H180c-6.627 0-12 5.373-12 12v16c0 6.627 5.373 12 12 12h216c6.627 0 12-5.373 12-12z\"><\/path><\/svg>\t\t\t\t<\/a>\n\t\t\t<\/div>\n\t\t\t\n\t\t\t\t\t\t<div class=\"elementor-icon-box-content\">\n\n\t\t\t\t\t\t\t\t\t<h3 class=\"elementor-icon-box-title\">\n\t\t\t\t\t\t<a href=\"https:\/\/bio-balkon.de\/kongress-18\/#anmeldung\" >\n\t\t\t\t\t\t\tAnmelden\t\t\t\t\t\t<\/a>\n\t\t\t\t\t<\/h3>\n\t\t\t\t\n\t\t\t\t\t\t\t\t\t<p class=\"elementor-icon-box-description\">\n\t\t\t\t\t\tTrage Dich kostenfrei mit Deinem Vornamen und Deiner E-Mail-Adresse ein.\t\t\t\t\t<\/p>\n\t\t\t\t\n\t\t\t<\/div>\n\t\t\t\n\t\t<\/div>\n\t\t\t\t\t\t<\/div>\n\t\t\t\t<div class=\"elementor-element elementor-element-469da02 elementor-view-default elementor-position-block-start elementor-mobile-position-block-start elementor-widget elementor-widget-icon-box\" data-id=\"469da02\" data-element_type=\"widget\" data-e-type=\"widget\" data-widget_type=\"icon-box.default\">\n\t\t\t\t\t\t\t<div class=\"elementor-icon-box-wrapper\">\n\n\t\t\t\t\t\t<div class=\"elementor-icon-box-icon\">\n\t\t\t\t<span  class=\"elementor-icon\">\n\t\t\t\t<svg aria-hidden=\"true\" class=\"e-font-icon-svg e-far-envelope\" viewBox=\"0 0 512 512\" xmlns=\"http:\/\/www.w3.org\/2000\/svg\"><path d=\"M464 64H48C21.49 64 0 85.49 0 112v288c0 26.51 21.49 48 48 48h416c26.51 0 48-21.49 48-48V112c0-26.51-21.49-48-48-48zm0 48v40.805c-22.422 18.259-58.168 46.651-134.587 106.49-16.841 13.247-50.201 45.072-73.413 44.701-23.208.375-56.579-31.459-73.413-44.701C106.18 199.465 70.425 171.067 48 152.805V112h416zM48 400V214.398c22.914 18.251 55.409 43.862 104.938 82.646 21.857 17.205 60.134 55.186 103.062 54.955 42.717.231 80.509-37.199 103.053-54.947 49.528-38.783 82.032-64.401 104.947-82.653V400H48z\"><\/path><\/svg>\t\t\t\t<\/span>\n\t\t\t<\/div>\n\t\t\t\n\t\t\t\t\t\t<div class=\"elementor-icon-box-content\">\n\n\t\t\t\t\t\t\t\t\t<h3 class=\"elementor-icon-box-title\">\n\t\t\t\t\t\t<span  >\n\t\t\t\t\t\t\tE-Mails erhalten\t\t\t\t\t\t<\/span>\n\t\t\t\t\t<\/h3>\n\t\t\t\t\n\t\t\t\t\t\t\t\t\t<p class=\"elementor-icon-box-description\">\n\t\t\t\t\t\tIm Kongresszeitraum bekommst Du die Interviews direkt in Dein Postfach.\n\t\t\t\t\t<\/p>\n\t\t\t\t\n\t\t\t<\/div>\n\t\t\t\n\t\t<\/div>\n\t\t\t\t\t\t<\/div>\n\t\t\t\t<div class=\"elementor-element elementor-element-6a47c4e elementor-view-default elementor-position-block-start elementor-mobile-position-block-start elementor-widget elementor-widget-icon-box\" data-id=\"6a47c4e\" data-element_type=\"widget\" data-e-type=\"widget\" data-widget_type=\"icon-box.default\">\n\t\t\t\t\t\t\t<div class=\"elementor-icon-box-wrapper\">\n\n\t\t\t\t\t\t<div class=\"elementor-icon-box-icon\">\n\t\t\t\t<span  class=\"elementor-icon\">\n\t\t\t\t<svg aria-hidden=\"true\" class=\"e-font-icon-svg e-fas-photo-video\" viewBox=\"0 0 640 512\" xmlns=\"http:\/\/www.w3.org\/2000\/svg\"><path d=\"M608 0H160a32 32 0 0 0-32 32v96h160V64h192v320h128a32 32 0 0 0 32-32V32a32 32 0 0 0-32-32zM232 103a9 9 0 0 1-9 9h-30a9 9 0 0 1-9-9V73a9 9 0 0 1 9-9h30a9 9 0 0 1 9 9zm352 208a9 9 0 0 1-9 9h-30a9 9 0 0 1-9-9v-30a9 9 0 0 1 9-9h30a9 9 0 0 1 9 9zm0-104a9 9 0 0 1-9 9h-30a9 9 0 0 1-9-9v-30a9 9 0 0 1 9-9h30a9 9 0 0 1 9 9zm0-104a9 9 0 0 1-9 9h-30a9 9 0 0 1-9-9V73a9 9 0 0 1 9-9h30a9 9 0 0 1 9 9zm-168 57H32a32 32 0 0 0-32 32v288a32 32 0 0 0 32 32h384a32 32 0 0 0 32-32V192a32 32 0 0 0-32-32zM96 224a32 32 0 1 1-32 32 32 32 0 0 1 32-32zm288 224H64v-32l64-64 32 32 128-128 96 96z\"><\/path><\/svg>\t\t\t\t<\/span>\n\t\t\t<\/div>\n\t\t\t\n\t\t\t\t\t\t<div class=\"elementor-icon-box-content\">\n\n\t\t\t\t\t\t\t\t\t<h3 class=\"elementor-icon-box-title\">\n\t\t\t\t\t\t<span  >\n\t\t\t\t\t\t\tErleben\t\t\t\t\t\t<\/span>\n\t\t\t\t\t<\/h3>\n\t\t\t\t\n\t\t\t\t\t\t\t\t\t<p class=\"elementor-icon-box-description\">\n\t\t\t\t\t\tSieh Dir die Videos an und lerne von den Experten:innen.\t\t\t\t\t<\/p>\n\t\t\t\t\n\t\t\t<\/div>\n\t\t\t\n\t\t<\/div>\n\t\t\t\t\t\t<\/div>\n\t\t\t\t<\/div>\n\t\t\t\t\t<\/div>\n\t\t\t\t<\/div>\n\t\t<div class=\"elementor-element elementor-element-0088cb1 e-flex e-con-boxed e-con e-child\" data-id=\"0088cb1\" data-element_type=\"container\" data-e-type=\"container\" data-settings=\"{&quot;background_background&quot;:&quot;classic&quot;}\">\n\t\t\t\t\t<div class=\"e-con-inner\">\n\t\t\t\t<div class=\"elementor-element elementor-element-4d8e700 elementor-invisible elementor-widget elementor-widget-image\" data-id=\"4d8e700\" data-element_type=\"widget\" data-e-type=\"widget\" data-settings=\"{&quot;_animation&quot;:&quot;bounceIn&quot;}\" data-widget_type=\"image.default\">\n\t\t\t\t\t\t\t\t\t\t\t\t\t\t\t<img loading=\"lazy\" decoding=\"async\" width=\"300\" height=\"300\" src=\"https:\/\/bio-balkon.de\/wp-content\/uploads\/2021\/01\/Biene-300x300.avif\" class=\"attachment-medium size-medium wp-image-18838\" alt=\"Insekten unterst\u00fctzen das \u00f6kologische G\u00e4rtnern auf kleinem Raum (Balkon, Terrasse, Fensterbrett, Kleingarten).\" srcset=\"https:\/\/bio-balkon.de\/wp-content\/uploads\/2021\/01\/Biene-300x300.avif 300w, https:\/\/bio-balkon.de\/wp-content\/uploads\/2021\/01\/Biene-150x150.avif 150w, https:\/\/bio-balkon.de\/wp-content\/uploads\/2021\/01\/Biene-768x768.avif 768w, https:\/\/bio-balkon.de\/wp-content\/uploads\/2021\/01\/Biene-12x12.png 12w, https:\/\/bio-balkon.de\/wp-content\/uploads\/2021\/01\/Biene.avif 939w\" sizes=\"auto, (max-width: 300px) 100vw, 300px\" \/>\t\t\t\t\t\t\t\t\t\t\t\t\t\t\t<\/div>\n\t\t\t\t<div class=\"elementor-element elementor-element-9ba635a elementor-widget elementor-widget-text-editor\" data-id=\"9ba635a\" data-element_type=\"widget\" data-e-type=\"widget\" data-widget_type=\"text-editor.default\">\n\t\t\t\t\t\t\t\t\t<h2>Jetzt anmelden<\/h2><p><strong>Heilkraft vom Balkon. \u00d6kologisches G\u00e4rtnern auf kleinem Raum.<\/strong><\/p><p>Der Kongress ist f\u00fcr Dich, egal ob Du einen kleinen Garten mit Terrasse, Balkon oder sogar nur Fensterbretter in der Stadt hast. Dieser Kongress bietet praktische Tipps, sich ganzj\u00e4hrig auf engstem Raum mit frischem, giftfreiem, erntefrischem Gem\u00fcse und Kr\u00e4utern selbst zu versorgen und die Artenvielfalt zu f\u00f6rdern:<\/p>\t\t\t\t\t\t\t\t<\/div>\n\t\t\t\t<div class=\"elementor-element elementor-element-e696c3c elementor-button-align-stretch elementor-widget elementor-widget-form\" data-id=\"e696c3c\" data-element_type=\"widget\" data-e-type=\"widget\" data-settings=\"{&quot;step_next_label&quot;:&quot;N\\u00e4chster&quot;,&quot;step_previous_label&quot;:&quot;Voriger&quot;,&quot;button_width&quot;:&quot;100&quot;,&quot;step_type&quot;:&quot;number_text&quot;,&quot;step_icon_shape&quot;:&quot;circle&quot;}\" data-widget_type=\"form.default\">\n\t\t\t\t\t\t\t<form class=\"elementor-form\" method=\"post\" name=\"Neues Formular\" aria-label=\"Neues Formular\">\n\t\t\t<input type=\"hidden\" name=\"post_id\" value=\"81695\"\/>\n\t\t\t<input type=\"hidden\" name=\"form_id\" value=\"e696c3c\"\/>\n\t\t\t<input type=\"hidden\" name=\"referer_title\" value=\"18. Bio-Balkon-Onlinekongress vom 21. \u2014 30.03. online &amp; gratis\" \/>\n\n\t\t\t\t\t\t\t<input type=\"hidden\" name=\"queried_id\" value=\"81695\"\/>\n\t\t\t\n\t\t\t<div class=\"elementor-form-fields-wrapper elementor-labels-\">\n\t\t\t\t\t\t\t\t<div class=\"elementor-field-type-text elementor-field-group elementor-column elementor-field-group-name elementor-col-50 elementor-md-50\">\n\t\t\t\t\t\t\t\t\t\t\t\t<label for=\"form-field-name\" class=\"elementor-field-label elementor-screen-only\">\n\t\t\t\t\t\t\t\tVorname\t\t\t\t\t\t\t<\/label>\n\t\t\t\t\t\t\t\t\t\t\t\t\t\t<input size=\"1\" type=\"text\" name=\"form_fields[name]\" id=\"form-field-name\" class=\"elementor-field elementor-size-md  elementor-field-textual\" placeholder=\"Vorname (optional)\">\n\t\t\t\t\t\t\t\t\t\t\t<\/div>\n\t\t\t\t\t\t\t\t<div class=\"elementor-field-type-email elementor-field-group elementor-column elementor-field-group-email elementor-col-50 elementor-md-50 elementor-field-required\">\n\t\t\t\t\t\t\t\t\t\t\t\t<label for=\"form-field-email\" class=\"elementor-field-label elementor-screen-only\">\n\t\t\t\t\t\t\t\tE-Mail\t\t\t\t\t\t\t<\/label>\n\t\t\t\t\t\t\t\t\t\t\t\t\t\t<input size=\"1\" type=\"email\" name=\"form_fields[email]\" id=\"form-field-email\" class=\"elementor-field elementor-size-md  elementor-field-textual\" placeholder=\"E-Mail-Adresse\" required=\"required\">\n\t\t\t\t\t\t\t\t\t\t\t<\/div>\n\t\t\t\t\t\t\t\t<div class=\"elementor-field-group elementor-column elementor-field-type-submit elementor-col-100 e-form__buttons\">\n\t\t\t\t\t<button class=\"elementor-button elementor-size-md\" type=\"submit\">\n\t\t\t\t\t\t<span class=\"elementor-button-content-wrapper\">\n\t\t\t\t\t\t\t\t\t\t\t\t\t\t\t\t\t\t\t\t\t\t<span class=\"elementor-button-text\">Kostenlos dabei sein: Tipps f\u00fcr Selbstversorgung &amp; Artenvielfalt<\/span>\n\t\t\t\t\t\t\t\t\t\t\t\t\t<\/span>\n\t\t\t\t\t<\/button>\n\t\t\t\t<\/div>\n\t\t\t<\/div>\n\t\t<\/form>\n\t\t\t\t\t\t<\/div>\n\t\t\t\t\t<\/div>\n\t\t\t\t<\/div>\n\t\t<div class=\"elementor-element elementor-element-0370ed3 e-flex e-con-boxed e-con e-child\" data-id=\"0370ed3\" data-element_type=\"container\" data-e-type=\"container\" data-settings=\"{&quot;background_background&quot;:&quot;classic&quot;}\">\n\t\t\t\t\t<div class=\"e-con-inner\">\n\t\t\t\t<div class=\"elementor-element elementor-element-87db985 elementor-widget elementor-widget-text-editor\" data-id=\"87db985\" data-element_type=\"widget\" data-e-type=\"widget\" data-widget_type=\"text-editor.default\">\n\t\t\t\t\t\t\t\t\t<p>Disclaimer<\/p>\t\t\t\t\t\t\t\t<\/div>\n\t\t\t\t\t<\/div>\n\t\t\t\t<\/div>\n\t\t\t\t<\/div>\n\t\t","protected":false},"excerpt":{"rendered":"<p>30 experts from gar\u00addening, sci\u00adence and bal\u00adc\u00ado\u00adny prac\u00adti\u00adce share their expe\u00adri\u00aden\u00adces online and free of char\u00adge on the heal\u00ading power of bal\u00adco\u00adnies, ter\u00adraces and win\u00addows\u00adills.<\/p>","protected":false},"author":5,"featured_media":89065,"parent":81433,"menu_order":12,"comment_status":"closed","ping_status":"closed","template":"","meta":{"_acf_changed":false,"wp_typography_post_enhancements_disabled":false,"footnotes":""},"class_list":["post-81695","page","type-page","status-publish","has-post-thumbnail","hentry"],"acf":[],"_links":{"self":[{"href":"https:\/\/bio-balkon.de\/en\/wp-json\/wp\/v2\/pages\/81695","targetHints":{"allow":["GET"]}}],"collection":[{"href":"https:\/\/bio-balkon.de\/en\/wp-json\/wp\/v2\/pages"}],"about":[{"href":"https:\/\/bio-balkon.de\/en\/wp-json\/wp\/v2\/types\/page"}],"author":[{"embeddable":true,"href":"https:\/\/bio-balkon.de\/en\/wp-json\/wp\/v2\/users\/5"}],"replies":[{"embeddable":true,"href":"https:\/\/bio-balkon.de\/en\/wp-json\/wp\/v2\/comments?post=81695"}],"version-history":[{"count":3,"href":"https:\/\/bio-balkon.de\/en\/wp-json\/wp\/v2\/pages\/81695\/revisions"}],"predecessor-version":[{"id":92040,"href":"https:\/\/bio-balkon.de\/en\/wp-json\/wp\/v2\/pages\/81695\/revisions\/92040"}],"up":[{"embeddable":true,"href":"https:\/\/bio-balkon.de\/en\/wp-json\/wp\/v2\/pages\/81433"}],"wp:featuredmedia":[{"embeddable":true,"href":"https:\/\/bio-balkon.de\/en\/wp-json\/wp\/v2\/media\/89065"}],"wp:attachment":[{"href":"https:\/\/bio-balkon.de\/en\/wp-json\/wp\/v2\/media?parent=81695"}],"curies":[{"name":"wp","href":"https:\/\/api.w.org\/{rel}","templated":true}]}}