{"id":81433,"date":"2025-07-14T18:54:57","date_gmt":"2025-07-14T16:54:57","guid":{"rendered":"https:\/\/bio-balkon.de\/?page_id=81433"},"modified":"2026-04-17T16:35:03","modified_gmt":"2026-04-17T14:35:03","slug":"congresses","status":"publish","type":"page","link":"https:\/\/bio-balkon.de\/en\/kongresse\/","title":{"rendered":"Con\u00adgres\u00adses"},"content":{"rendered":"<div data-elementor-type=\"wp-page\" data-elementor-id=\"81433\" class=\"elementor elementor-81433\" data-elementor-post-type=\"page\">\n\t\t\t\t<div class=\"elementor-element elementor-element-841e170 e-flex e-con-boxed e-con e-parent\" data-id=\"841e170\" data-element_type=\"container\" data-e-type=\"container\" data-settings=\"{&quot;background_background&quot;:&quot;classic&quot;}\">\n\t\t\t\t\t<div class=\"e-con-inner\">\n\t\t<div class=\"elementor-element elementor-element-d18d1d6 e-con-full e-grid e-con e-child\" data-id=\"d18d1d6\" data-element_type=\"container\" data-e-type=\"container\">\n\t\t\t\t<div class=\"elementor-element elementor-element-914c696 elementor-position-top elementor-widget elementor-widget-image-box\" data-id=\"914c696\" data-element_type=\"widget\" data-e-type=\"widget\" data-widget_type=\"image-box.default\">\n\t\t\t\t\t<div class=\"elementor-image-box-wrapper\"><figure class=\"elementor-image-box-img\"><a href=\"https:\/\/bio-balkon.de\/en\/congresses\/congress-18\/congress-package\/\" tabindex=\"-1\"><img loading=\"lazy\" decoding=\"async\" width=\"150\" height=\"150\" src=\"https:\/\/bio-balkon.de\/wp-content\/uploads\/2025\/07\/Kongress-17-2025-FB-150x150.avif\" class=\"attachment-thumbnail size-thumbnail wp-image-81402\" alt=\"Werbebild f\u00fcr den 17. Online Bio-Balkon-Kongress &quot;Lust auf Obst&quot; ab 6.9. 2025\"><\/a><\/figure><div class=\"elementor-image-box-content\"><h3 class=\"elementor-image-box-title\"><a href=\"https:\/\/bio-balkon.de\/en\/congresses\/congress-18\/congress-package\/\">Kon\u00adgress 18<\/a><\/h3><p class=\"elementor-image-box-description\"><b>Heal\u00ading power from the bal\u00adc\u00ado\u00adny<\/b><br>\nM\u00e4rz 2026<\/p><\/div><\/div>\t\t\t\t<\/div>\n\t\t\t\t<div class=\"elementor-element elementor-element-3e81082 elementor-position-top elementor-widget elementor-widget-image-box\" data-id=\"3e81082\" data-element_type=\"widget\" data-e-type=\"widget\" data-widget_type=\"image-box.default\">\n\t\t\t\t\t<div class=\"elementor-image-box-wrapper\"><figure class=\"elementor-image-box-img\"><a href=\"https:\/\/bio-balkon.de\/en\/congresses\/kongress-17\/congress-package\/\" tabindex=\"-1\"><img loading=\"lazy\" decoding=\"async\" width=\"150\" height=\"150\" src=\"https:\/\/bio-balkon.de\/wp-content\/uploads\/2025\/07\/Kongress-17-2025-FB-150x150.avif\" class=\"attachment-thumbnail size-thumbnail wp-image-81402\" alt=\"Werbebild f\u00fcr den 17. Online Bio-Balkon-Kongress &quot;Lust auf Obst&quot; ab 6.9. 2025\"><\/a><\/figure><div class=\"elementor-image-box-content\"><h3 class=\"elementor-image-box-title\"><a href=\"https:\/\/bio-balkon.de\/en\/congresses\/kongress-17\/congress-package\/\">Kon\u00adgress 17<\/a><\/h3><p class=\"elementor-image-box-description\"><b>Lust auf Obst?<\/b><br>\nSep\u00adtem\u00adber 2025<\/p><\/div><\/div>\t\t\t\t<\/div>\n\t\t\t\t<div class=\"elementor-element elementor-element-da0517f elementor-position-top elementor-widget elementor-widget-image-box\" data-id=\"da0517f\" data-element_type=\"widget\" data-e-type=\"widget\" data-widget_type=\"image-box.default\">\n\t\t\t\t\t<div class=\"elementor-image-box-wrapper\"><figure class=\"elementor-image-box-img\"><a href=\"https:\/\/bio-balkon.de\/en\/congresses\/congress-16\/congress-package\/\" tabindex=\"-1\"><img loading=\"lazy\" decoding=\"async\" width=\"150\" height=\"150\" src=\"https:\/\/bio-balkon.de\/wp-content\/uploads\/2024\/04\/Kongress-16-FB-1-150x150.avif\" class=\"attachment-thumbnail size-thumbnail wp-image-77383\" alt=\"Social Medie f\u00fcr den 16. Online Bio-Balkon Kongress vom 20. bis 31. M\u00e4rz 2025 &quot;Jeder Meter za\u0308hlt! \u00d6kologisches G\u00e4rtnern auf kleinem Raum&quot;\"><\/a><\/figure><div class=\"elementor-image-box-content\"><h3 class=\"elementor-image-box-title\"><a href=\"https:\/\/bio-balkon.de\/en\/congresses\/congress-16\/congress-package\/\">Kon\u00adgress 16<\/a><\/h3><p class=\"elementor-image-box-description\"><b>Every meter counts!<\/b><br>\nApril 2025<\/p><\/div><\/div>\t\t\t\t<\/div>\n\t\t\t\t<div class=\"elementor-element elementor-element-589000a elementor-position-top elementor-widget elementor-widget-image-box\" data-id=\"589000a\" data-element_type=\"widget\" data-e-type=\"widget\" data-widget_type=\"image-box.default\">\n\t\t\t\t\t<div class=\"elementor-image-box-wrapper\"><figure class=\"elementor-image-box-img\"><a href=\"https:\/\/bio-balkon.de\/en\/congresses\/congress-15\/congress-package\/\" tabindex=\"-1\"><img loading=\"lazy\" decoding=\"async\" width=\"150\" height=\"150\" src=\"https:\/\/bio-balkon.de\/wp-content\/uploads\/2024\/09\/Kongress-FB-Header-150x150.avif\" class=\"attachment-thumbnail size-thumbnail wp-image-70306\" alt><\/a><\/figure><div class=\"elementor-image-box-content\"><h3 class=\"elementor-image-box-title\"><a href=\"https:\/\/bio-balkon.de\/en\/congresses\/congress-15\/congress-package\/\">Kon\u00adgress 15<\/a><\/h3><p class=\"elementor-image-box-description\"><b>Geh\u00f6l\u00adze im Pflanz\u00adk\u00fc\u00adbel<\/b><br>\nSep\u00adtem\u00adber 2024<\/p><\/div><\/div>\t\t\t\t<\/div>\n\t\t\t\t<div class=\"elementor-element elementor-element-95c640b elementor-position-top elementor-widget elementor-widget-image-box\" data-id=\"95c640b\" data-element_type=\"widget\" data-e-type=\"widget\" data-widget_type=\"image-box.default\">\n\t\t\t\t\t<div class=\"elementor-image-box-wrapper\"><figure class=\"elementor-image-box-img\"><a href=\"https:\/\/bio-balkon.de\/en\/congresses\/kongress-14\/congress-package\/\" tabindex=\"-1\"><img loading=\"lazy\" decoding=\"async\" width=\"150\" height=\"150\" src=\"https:\/\/bio-balkon.de\/wp-content\/uploads\/2024\/01\/Werbebild-FB-14-2024-150x150.avif\" class=\"attachment-thumbnail size-thumbnail wp-image-63725\" alt><\/a><\/figure><div class=\"elementor-image-box-content\"><h3 class=\"elementor-image-box-title\"><a href=\"https:\/\/bio-balkon.de\/en\/congresses\/kongress-14\/congress-package\/\">Kon\u00adgress 14<\/a><\/h3><p class=\"elementor-image-box-description\"><b>My inge\u00adnious orga\u00adnic bal\u00adc\u00ado\u00adny<\/b><br>\nM\u00e4rz 2024<\/p><\/div><\/div>\t\t\t\t<\/div>\n\t\t\t\t<div class=\"elementor-element elementor-element-f7a2089 elementor-position-top elementor-widget elementor-widget-image-box\" data-id=\"f7a2089\" data-element_type=\"widget\" data-e-type=\"widget\" data-widget_type=\"image-box.default\">\n\t\t\t\t\t<div class=\"elementor-image-box-wrapper\"><figure class=\"elementor-image-box-img\"><a href=\"https:\/\/bio-balkon.de\/en\/congresses\/kongress-13\/congress-package\/\" tabindex=\"-1\"><img loading=\"lazy\" decoding=\"async\" width=\"150\" height=\"150\" src=\"https:\/\/bio-balkon.de\/wp-content\/uploads\/2023\/08\/1.-wintergemuese_werbebild_fb-1-150x150.avif\" class=\"attachment-thumbnail size-thumbnail wp-image-60063\" alt=\"At the 13th ONLINE ORGANIC BALCONY CONGRESS FROM 8 TO 11 SEPTEMBER 2023 &quot;No more empty balcony boxes in winter!&quot; 10 experts will provide information\"><\/a><\/figure><div class=\"elementor-image-box-content\"><h3 class=\"elementor-image-box-title\"><a href=\"https:\/\/bio-balkon.de\/en\/congresses\/kongress-13\/congress-package\/\">Kon\u00adgress 13<\/a><\/h3><p class=\"elementor-image-box-description\"><b>No more emp\u00adty bal\u00adc\u00ado\u00adny boxes in win\u00adter!<\/b><br>\nSep\u00adtem\u00adber 2023<\/p><\/div><\/div>\t\t\t\t<\/div>\n\t\t\t\t<div class=\"elementor-element elementor-element-e2bf13e elementor-position-top elementor-widget elementor-widget-image-box\" data-id=\"e2bf13e\" data-element_type=\"widget\" data-e-type=\"widget\" data-widget_type=\"image-box.default\">\n\t\t\t\t\t<div class=\"elementor-image-box-wrapper\"><figure class=\"elementor-image-box-img\"><a href=\"http:\/\/kongresspake\" tabindex=\"-1\"><img loading=\"lazy\" decoding=\"async\" width=\"150\" height=\"150\" src=\"https:\/\/bio-balkon.de\/wp-content\/uploads\/2020\/05\/1.-Selbstversorgung-2023-FB-150x150.avif\" class=\"attachment-thumbnail size-thumbnail wp-image-54874\" alt=\"Hier geht es zum Onlinekongress &quot;Selbstversorgt von Bakon, Terrasse und Fensterbrett&quot;\"><\/a><\/figure><div class=\"elementor-image-box-content\"><h3 class=\"elementor-image-box-title\"><a href=\"http:\/\/kongresspake\">Kon\u00adgress 12<\/a><\/h3><p class=\"elementor-image-box-description\"><b>Self-suf\u00adfi\u00adci\u00adent from bal\u00adc\u00ado\u00adny, ter\u00adrace, win\u00addows\u00adill<\/b><br>\nMai 2023<\/p><\/div><\/div>\t\t\t\t<\/div>\n\t\t\t\t<div class=\"elementor-element elementor-element-72b7f76 elementor-position-top elementor-widget elementor-widget-image-box\" data-id=\"72b7f76\" data-element_type=\"widget\" data-e-type=\"widget\" data-widget_type=\"image-box.default\">\n\t\t\t\t\t<div class=\"elementor-image-box-wrapper\"><figure class=\"elementor-image-box-img\"><a href=\"https:\/\/bio-balkon.de\/en\/congresses\/kongress-11\/congress-package\/\" tabindex=\"-1\"><img loading=\"lazy\" decoding=\"async\" width=\"150\" height=\"150\" src=\"https:\/\/bio-balkon.de\/wp-content\/uploads\/2023\/03\/1.-vorschaubild_fb_tiere_pflanzen_2023_werbild_mit_rand-1-1-150x150.avif\" class=\"attachment-thumbnail size-thumbnail wp-image-51361\" alt=\"F\u00fcr bl\u00fchende Wohlf\u00fchlorte f\u00fcr Mensch und Tier in Stadt und Land\"><\/a><\/figure><div class=\"elementor-image-box-content\"><h3 class=\"elementor-image-box-title\"><a href=\"https:\/\/bio-balkon.de\/en\/congresses\/kongress-11\/congress-package\/\">Kon\u00adgress 11<\/a><\/h3><p class=\"elementor-image-box-description\"><b>Can you plant ani\u00admals? 3.0<\/b><br>\nM\u00e4rz 2023<\/p><\/div><\/div>\t\t\t\t<\/div>\n\t\t\t\t<div class=\"elementor-element elementor-element-6e1cab7 elementor-position-top elementor-widget elementor-widget-image-box\" data-id=\"6e1cab7\" data-element_type=\"widget\" data-e-type=\"widget\" data-widget_type=\"image-box.default\">\n\t\t\t\t\t<div class=\"elementor-image-box-wrapper\"><figure class=\"elementor-image-box-img\"><img loading=\"lazy\" decoding=\"async\" width=\"150\" height=\"150\" src=\"https:\/\/bio-balkon.de\/wp-content\/uploads\/2022\/06\/Best-of-2022-werbebebild_fb_aufzeichnung-150x150.avif\" class=\"attachment-thumbnail size-thumbnail wp-image-46357\" alt=\"Zur Aufzeichnung der 30 beliebtesten Beitr\u00e4ge aus 5 Jahren Bio-Balkon-Kongress.\"><\/figure><div class=\"elementor-image-box-content\"><h3 class=\"elementor-image-box-title\">Kon\u00adgress 10<\/h3><p class=\"elementor-image-box-description\"><b>Best of 5 Jah\u00adre Bio-Bal\u00adkon-Kon\u00adgresst<\/b><br>\nMai 2022<\/p><\/div><\/div>\t\t\t\t<\/div>\n\t\t\t\t<div class=\"elementor-element elementor-element-f5c559f elementor-position-top elementor-widget elementor-widget-image-box\" data-id=\"f5c559f\" data-element_type=\"widget\" data-e-type=\"widget\" data-widget_type=\"image-box.default\">\n\t\t\t\t\t<div class=\"elementor-image-box-wrapper\"><figure class=\"elementor-image-box-img\"><img loading=\"lazy\" decoding=\"async\" width=\"150\" height=\"150\" src=\"https:\/\/bio-balkon.de\/wp-content\/uploads\/2021\/11\/kann_man_tiere_pflanzen_fb_werbebild_heimisch-150x150.avif\" class=\"attachment-thumbnail size-thumbnail wp-image-35157\" alt=\"9th Online Organic Balcony Congress for blooming feel-good places: Can you plant animals? 2.0\"><\/figure><div class=\"elementor-image-box-content\"><h3 class=\"elementor-image-box-title\">Kon\u00adgress 9<\/h3><p class=\"elementor-image-box-description\"><b>Can you plant ani\u00admals? 2.0<\/b><br>\nM\u00e4rz 2022<\/p><\/div><\/div>\t\t\t\t<\/div>\n\t\t\t\t<div class=\"elementor-element elementor-element-4480591 elementor-position-top elementor-widget elementor-widget-image-box\" data-id=\"4480591\" data-element_type=\"widget\" data-e-type=\"widget\" data-widget_type=\"image-box.default\">\n\t\t\t\t\t<div class=\"elementor-image-box-wrapper\"><figure class=\"elementor-image-box-img\"><a href=\"https:\/\/bio-balkon.de\/en\/congresses\/congress-8\/congress-package\/\" tabindex=\"-1\"><img loading=\"lazy\" decoding=\"async\" width=\"150\" height=\"150\" src=\"https:\/\/bio-balkon.de\/wp-content\/uploads\/2023\/08\/1.-wintergemuese_werbebild_fb_final--150x150.avif\" class=\"attachment-thumbnail size-thumbnail wp-image-60064\" alt><\/a><\/figure><div class=\"elementor-image-box-content\"><h3 class=\"elementor-image-box-title\"><a href=\"https:\/\/bio-balkon.de\/en\/congresses\/congress-8\/congress-package\/\">Kon\u00adgress 8<\/a><\/h3><p class=\"elementor-image-box-description\"><b>Win\u00adter\u00adge\u00adm\u00fc\u00adse statt Tan\u00adnen\u00adzwei\u00adge<\/b><br>\nAugust 2021<\/p><\/div><\/div>\t\t\t\t<\/div>\n\t\t\t\t<div class=\"elementor-element elementor-element-78ef39d elementor-position-top elementor-widget elementor-widget-image-box\" data-id=\"78ef39d\" data-element_type=\"widget\" data-e-type=\"widget\" data-widget_type=\"image-box.default\">\n\t\t\t\t\t<div class=\"elementor-image-box-wrapper\"><figure class=\"elementor-image-box-img\"><a href=\"https:\/\/bio-balkon.de\/en\/congresses\/congress-7\/congress-package\/\" tabindex=\"-1\"><img loading=\"lazy\" decoding=\"async\" width=\"150\" height=\"150\" src=\"https:\/\/bio-balkon.de\/wp-content\/uploads\/2020\/05\/werbebild_selbstversorgung_fb_final_print-150x150.avif\" class=\"attachment-thumbnail size-thumbnail wp-image-24279\" alt><\/a><\/figure><div class=\"elementor-image-box-content\"><h3 class=\"elementor-image-box-title\"><a href=\"https:\/\/bio-balkon.de\/en\/congresses\/congress-7\/congress-package\/\">Kon\u00adgress 7<\/a><\/h3><p class=\"elementor-image-box-description\"><b>Healt\u00adhy self-care is that easy!<\/b><br>\nApril 2021<\/p><\/div><\/div>\t\t\t\t<\/div>\n\t\t\t\t<div class=\"elementor-element elementor-element-0dfa1ca elementor-position-top elementor-widget elementor-widget-image-box\" data-id=\"0dfa1ca\" data-element_type=\"widget\" data-e-type=\"widget\" data-widget_type=\"image-box.default\">\n\t\t\t\t\t<div class=\"elementor-image-box-wrapper\"><figure class=\"elementor-image-box-img\"><a href=\"https:\/\/bio-balkon.de\/en\/congresses\/kongress-6\/congress-package\/\" tabindex=\"-1\"><img loading=\"lazy\" decoding=\"async\" width=\"150\" height=\"150\" src=\"https:\/\/bio-balkon.de\/wp-content\/uploads\/2021\/02\/3-kann_man_tiere_pflanzen_fb_werbebild_heimisch_final-2-150x150.avif\" class=\"attachment-thumbnail size-thumbnail wp-image-21626\" alt><\/a><\/figure><div class=\"elementor-image-box-content\"><h3 class=\"elementor-image-box-title\"><a href=\"https:\/\/bio-balkon.de\/en\/congresses\/kongress-6\/congress-package\/\">Kon\u00adgress 6<\/a><\/h3><p class=\"elementor-image-box-description\"><b>Kann man Tie\u00adre pflan\u00adzen 1.0?<\/b><br>\nM\u00e4rz 2021<\/p><\/div><\/div>\t\t\t\t<\/div>\n\t\t\t\t<div class=\"elementor-element elementor-element-eb0f6f4 elementor-position-top elementor-widget elementor-widget-image-box\" data-id=\"eb0f6f4\" data-element_type=\"widget\" data-e-type=\"widget\" data-widget_type=\"image-box.default\">\n\t\t\t\t\t<div class=\"elementor-image-box-wrapper\"><figure class=\"elementor-image-box-img\"><a href=\"https:\/\/bio-balkon.de\/en\/congresses\/kongress-4-5\/congress-package\/\" tabindex=\"-1\"><img loading=\"lazy\" decoding=\"async\" width=\"150\" height=\"150\" src=\"https:\/\/bio-balkon.de\/wp-content\/uploads\/2020\/07\/P1470411-1Buch-mein-Biotop-auf-dem-Balkon1-aufgehellt-150x150.avif\" class=\"attachment-thumbnail size-thumbnail wp-image-9818\" alt><\/a><\/figure><div class=\"elementor-image-box-content\"><h3 class=\"elementor-image-box-title\"><a href=\"https:\/\/bio-balkon.de\/en\/congresses\/kongress-4-5\/congress-package\/\">Kon\u00adgress 4 + 5<\/a><\/h3><p class=\"elementor-image-box-description\"><b>Mein Bio\u00adtop auf dem Bal\u00adkon + Win\u00adter\u00adge\u00adm\u00fc\u00adse<\/b><br>\nM\u00e4rz + Sep\u00adtem\u00adber 2020<\/p><\/div><\/div>\t\t\t\t<\/div>\n\t\t\t\t<div class=\"elementor-element elementor-element-cbdec02 elementor-position-top elementor-widget elementor-widget-image-box\" data-id=\"cbdec02\" data-element_type=\"widget\" data-e-type=\"widget\" data-widget_type=\"image-box.default\">\n\t\t\t\t\t<div class=\"elementor-image-box-wrapper\"><figure class=\"elementor-image-box-img\"><a href=\"https:\/\/bio-balkon.de\/en\/congresses\/kongresspaket-3\/\" tabindex=\"-1\"><img loading=\"lazy\" decoding=\"async\" width=\"150\" height=\"150\" src=\"https:\/\/bio-balkon.de\/wp-content\/uploads\/2019\/01\/facebook-anzeigenbild-e1547331600953-150x150.avif\" class=\"attachment-thumbnail size-thumbnail wp-image-10169\" alt><\/a><\/figure><div class=\"elementor-image-box-content\"><h3 class=\"elementor-image-box-title\"><a href=\"https:\/\/bio-balkon.de\/en\/congresses\/kongresspaket-3\/\">Kon\u00adgress 3<\/a><\/h3><p class=\"elementor-image-box-description\"><b>Jede Blu\u0308te za\u0308hlt! Hol Dir Natur!<\/b><br>\nM\u00e4rz 2019<\/p><\/div><\/div>\t\t\t\t<\/div>\n\t\t\t\t<div class=\"elementor-element elementor-element-b09eeed elementor-position-top elementor-widget elementor-widget-image-box\" data-id=\"b09eeed\" data-element_type=\"widget\" data-e-type=\"widget\" data-widget_type=\"image-box.default\">\n\t\t\t\t\t<div class=\"elementor-image-box-wrapper\"><figure class=\"elementor-image-box-img\"><a href=\"https:\/\/bio-balkon.de\/en\/congresses\/kongresspaket-1-2\/\" tabindex=\"-1\"><img loading=\"lazy\" decoding=\"async\" width=\"150\" height=\"150\" src=\"https:\/\/bio-balkon.de\/wp-content\/uploads\/2019\/01\/Werbebild-balkon-allgemein-Blog-600-150x150.avif\" class=\"attachment-thumbnail size-thumbnail wp-image-10402\" alt><\/a><\/figure><div class=\"elementor-image-box-content\"><h3 class=\"elementor-image-box-title\"><a href=\"https:\/\/bio-balkon.de\/en\/congresses\/kongresspaket-1-2\/\">Kon\u00adgress 2 + 1<\/a><\/h3><p class=\"elementor-image-box-description\"><b>Onlinr Bio-Bal\u00adkon Kon\u00adgress<\/b><br>\nM\u00e4rz  2018 + 2017<\/p><\/div><\/div>\t\t\t\t<\/div>\n\t\t\t\t<\/div>\n\t\t\t\t\t<\/div>\n\t\t\t\t<\/div>\n\t\t\t\t<\/div>","protected":false},"excerpt":{"rendered":"<p>Kongress 18 Heilkraft vom Balkon M\u00e4rz 2026 Kongress 17 Lust auf Obst? September 2025 Kongress 16 Jeder Meter z\u00e4hlt! April 2025 Kongress 15 Geh\u00f6lze im Pflanzk\u00fcbel September 2024 Kongress 14 Mein genialer Bio-Balkon M\u00e4rz 2024 Kongress 13 Schluss mit leeren Balkonk\u00e4sten im Winter! September 2023 Kongress 12 Selbstversorgt von Balkon, Terrasse, Fensterbrett Mai 2023 Kongress [&hellip;]<\/p>\n","protected":false},"author":5,"featured_media":0,"parent":0,"menu_order":10,"comment_status":"closed","ping_status":"closed","template":"","meta":{"_acf_changed":false,"wp_typography_post_enhancements_disabled":false,"footnotes":""},"class_list":["post-81433","page","type-page","status-publish","hentry"],"acf":[],"_links":{"self":[{"href":"https:\/\/bio-balkon.de\/en\/wp-json\/wp\/v2\/pages\/81433","targetHints":{"allow":["GET"]}}],"collection":[{"href":"https:\/\/bio-balkon.de\/en\/wp-json\/wp\/v2\/pages"}],"about":[{"href":"https:\/\/bio-balkon.de\/en\/wp-json\/wp\/v2\/types\/page"}],"author":[{"embeddable":true,"href":"https:\/\/bio-balkon.de\/en\/wp-json\/wp\/v2\/users\/5"}],"replies":[{"embeddable":true,"href":"https:\/\/bio-balkon.de\/en\/wp-json\/wp\/v2\/comments?post=81433"}],"version-history":[{"count":3,"href":"https:\/\/bio-balkon.de\/en\/wp-json\/wp\/v2\/pages\/81433\/revisions"}],"predecessor-version":[{"id":91772,"href":"https:\/\/bio-balkon.de\/en\/wp-json\/wp\/v2\/pages\/81433\/revisions\/91772"}],"wp:attachment":[{"href":"https:\/\/bio-balkon.de\/en\/wp-json\/wp\/v2\/media?parent=81433"}],"curies":[{"name":"wp","href":"https:\/\/api.w.org\/{rel}","templated":true}]}}