{"id":7718,"date":"2020-06-16T15:08:48","date_gmt":"2020-06-16T13:08:48","guid":{"rendered":"https:\/\/bio-balkon.de\/?page_id=7718"},"modified":"2023-12-10T15:39:54","modified_gmt":"2023-12-10T14:39:54","slug":"auszeichnungen","status":"publish","type":"page","link":"https:\/\/bio-balkon.de\/en\/auszeichnungen\/","title":{"rendered":"Awards"},"content":{"rendered":"\t\t<div data-elementor-type=\"wp-page\" data-elementor-id=\"7718\" class=\"elementor elementor-7718\" data-elementor-post-type=\"page\">\n\t\t\t\t\t\t<section class=\"elementor-section elementor-top-section elementor-element elementor-element-7c45fc7 elementor-section-boxed elementor-section-height-default elementor-section-height-default\" data-id=\"7c45fc7\" data-element_type=\"section\" data-e-type=\"section\" data-settings=\"{&quot;background_background&quot;:&quot;classic&quot;}\">\n\t\t\t\t\t\t<div class=\"elementor-container elementor-column-gap-default\">\n\t\t\t\t\t<div class=\"elementor-column elementor-col-50 elementor-top-column elementor-element elementor-element-22919f6\" data-id=\"22919f6\" data-element_type=\"column\" data-e-type=\"column\" data-settings=\"{&quot;background_background&quot;:&quot;classic&quot;}\">\n\t\t\t<div class=\"elementor-widget-wrap elementor-element-populated\">\n\t\t\t\t\t\t<section class=\"elementor-section elementor-inner-section elementor-element elementor-element-6ff04e6 elementor-section-boxed elementor-section-height-default elementor-section-height-default\" data-id=\"6ff04e6\" data-element_type=\"section\" data-e-type=\"section\" data-settings=\"{&quot;background_background&quot;:&quot;classic&quot;}\">\n\t\t\t\t\t\t<div class=\"elementor-container elementor-column-gap-default\">\n\t\t\t\t\t<div class=\"elementor-column elementor-col-100 elementor-inner-column elementor-element elementor-element-0e57368\" data-id=\"0e57368\" data-element_type=\"column\" data-e-type=\"column\">\n\t\t\t<div class=\"elementor-widget-wrap elementor-element-populated\">\n\t\t\t\t\t\t<div class=\"elementor-element elementor-element-b893f0d elementor-widget elementor-widget-heading\" data-id=\"b893f0d\" data-element_type=\"widget\" data-e-type=\"widget\" data-widget_type=\"heading.default\">\n\t\t\t\t\t<h2 class=\"elementor-heading-title elementor-size-default\">European Award for Ecological Gardening 2019<\/h2>\t\t\t\t<\/div>\n\t\t\t\t<div class=\"elementor-element elementor-element-356e85a elementor-widget elementor-widget-text-editor\" data-id=\"356e85a\" data-element_type=\"widget\" data-e-type=\"widget\" data-widget_type=\"text-editor.default\">\n\t\t\t\t\t\t\t\t\t<p>Beim europ\u00e4ischen\u00a0<a href=\"https:\/\/www.naturimgarten.at\/internationale-aktivit%C3%A4ten\/european-award-for-ecological-gardening\/2019.html\" target=\"_blank\" rel=\"noopener\">European Award for Ecological Gardening 2019<\/a> von \u201eNatur im Garten\u201c Nieder\u00f6sterreich und der \u201eEuropean Garden Association \u2013 Natur im Garten International\u201c war ich <a href=\"https:\/\/www.naturimgarten.at\/files\/content\/3.%20VERANSTALTUNGEN\/DIV\/Award\/Kategorie%203%20PDFs\/3%20Birgit%20Schattling%20DE.pdf\" target=\"_blank\" rel=\"noopener\">eine von 30 Nominierungen<\/a>.<\/p>\t\t\t\t\t\t\t\t<\/div>\n\t\t\t\t<div class=\"elementor-element elementor-element-ee6f78c elementor-widget elementor-widget-gallery\" data-id=\"ee6f78c\" data-element_type=\"widget\" data-e-type=\"widget\" data-settings=\"{&quot;columns&quot;:2,&quot;aspect_ratio&quot;:&quot;1:1&quot;,&quot;overlay_title&quot;:&quot;caption&quot;,&quot;gap&quot;:{&quot;unit&quot;:&quot;px&quot;,&quot;size&quot;:20,&quot;sizes&quot;:[]},&quot;gallery_layout&quot;:&quot;grid&quot;,&quot;columns_tablet&quot;:2,&quot;columns_mobile&quot;:1,&quot;gap_tablet&quot;:{&quot;unit&quot;:&quot;px&quot;,&quot;size&quot;:10,&quot;sizes&quot;:[]},&quot;gap_mobile&quot;:{&quot;unit&quot;:&quot;px&quot;,&quot;size&quot;:10,&quot;sizes&quot;:[]},&quot;link_to&quot;:&quot;file&quot;,&quot;overlay_background&quot;:&quot;yes&quot;,&quot;content_hover_animation&quot;:&quot;fade-in&quot;}\" data-widget_type=\"gallery.default\">\n\t\t\t\t\t\t\t<div class=\"elementor-gallery__container\">\n\t\t\t\t\t\t\t<a class=\"e-gallery-item elementor-gallery-item elementor-animated-content\" href=\"https:\/\/bio-balkon.de\/wp-content\/uploads\/2020\/06\/P1460004-European-Award-for-Ecological-Gardening-2019.avif\" data-elementor-open-lightbox=\"yes\" data-elementor-lightbox-slideshow=\"ee6f78c\" data-elementor-lightbox-title=\"European Award for Ecological Gardening\" data-e-action-hash=\"#elementor-action%3Aaction%3Dlightbox%26settings%3DeyJpZCI6NzU3MSwidXJsIjoiaHR0cHM6XC9cL2Jpby1iYWxrb24uZGVcL3dwLWNvbnRlbnRcL3VwbG9hZHNcLzIwMjBcLzA2XC9QMTQ2MDAwNC1FdXJvcGVhbi1Bd2FyZC1mb3ItRWNvbG9naWNhbC1HYXJkZW5pbmctMjAxOS5hdmlmIiwic2xpZGVzaG93IjoiZWU2Zjc4YyJ9\">\n\t\t\t\t\t<div class=\"e-gallery-image elementor-gallery-item__image\" data-thumbnail=\"https:\/\/bio-balkon.de\/wp-content\/uploads\/2020\/06\/P1460004-European-Award-for-Ecological-Gardening-2019-768x1024.avif\" data-width=\"768\" data-height=\"1024\" aria-label=\"\" role=\"img\" ><\/div>\n\t\t\t\t\t\t\t\t\t\t\t<div class=\"elementor-gallery-item__overlay\"><\/div>\n\t\t\t\t\t\t\t\t\t\t\t\t\t\t\t<div class=\"elementor-gallery-item__content\">\n\t\t\t\t\t\t\t\t\t\t\t\t\t\t<div class=\"elementor-gallery-item__title\">\n\t\t\t\t\t\t\t\t\t\t\t\t\t\t\t\t\t\tEuropean Award for Ecological Gardening\t\t\t\t\t\t\t\t<\/div>\n\t\t\t\t\t\t\t\t\t\t\t\t<\/div>\n\t\t\t\t\t\t\t\t\t<\/a>\n\t\t\t\t\t\t\t<a class=\"e-gallery-item elementor-gallery-item elementor-animated-content\" href=\"https:\/\/bio-balkon.de\/wp-content\/uploads\/2020\/06\/Natur-im-Garten-European-Award-76602121_10156423105026109_7493778295754850304_o.avif\" data-elementor-open-lightbox=\"yes\" data-elementor-lightbox-slideshow=\"ee6f78c\" data-elementor-lightbox-title=\"Preis\u00fcbergabe\" data-e-action-hash=\"#elementor-action%3Aaction%3Dlightbox%26settings%3DeyJpZCI6NzU3MCwidXJsIjoiaHR0cHM6XC9cL2Jpby1iYWxrb24uZGVcL3dwLWNvbnRlbnRcL3VwbG9hZHNcLzIwMjBcLzA2XC9OYXR1ci1pbS1HYXJ0ZW4tRXVyb3BlYW4tQXdhcmQtNzY2MDIxMjFfMTAxNTY0MjMxMDUwMjYxMDlfNzQ5Mzc3ODI5NTc1NDg1MDMwNF9vLmF2aWYiLCJzbGlkZXNob3ciOiJlZTZmNzhjIn0%3D\">\n\t\t\t\t\t<div class=\"e-gallery-image elementor-gallery-item__image\" data-thumbnail=\"https:\/\/bio-balkon.de\/wp-content\/uploads\/2020\/06\/Natur-im-Garten-European-Award-76602121_10156423105026109_7493778295754850304_o-768x664.avif\" data-width=\"768\" data-height=\"664\" aria-label=\"\" role=\"img\" ><\/div>\n\t\t\t\t\t\t\t\t\t\t\t<div class=\"elementor-gallery-item__overlay\"><\/div>\n\t\t\t\t\t\t\t\t\t\t\t\t\t\t\t<div class=\"elementor-gallery-item__content\">\n\t\t\t\t\t\t\t\t\t\t\t\t\t\t<div class=\"elementor-gallery-item__title\">\n\t\t\t\t\t\t\t\t\t\t\t\t\t\t\t\t\t\tPreis\u00fcbergabe\t\t\t\t\t\t\t\t<\/div>\n\t\t\t\t\t\t\t\t\t\t\t\t<\/div>\n\t\t\t\t\t\t\t\t\t<\/a>\n\t\t\t\t\t<\/div>\n\t\t\t\t\t<\/div>\n\t\t\t\t\t<\/div>\n\t\t<\/div>\n\t\t\t\t\t<\/div>\n\t\t<\/section>\n\t\t\t\t<section class=\"elementor-section elementor-inner-section elementor-element elementor-element-d11e629 elementor-section-boxed elementor-section-height-default elementor-section-height-default\" data-id=\"d11e629\" data-element_type=\"section\" data-e-type=\"section\" data-settings=\"{&quot;background_background&quot;:&quot;classic&quot;}\">\n\t\t\t\t\t\t<div class=\"elementor-container elementor-column-gap-default\">\n\t\t\t\t\t<div class=\"elementor-column elementor-col-100 elementor-inner-column elementor-element elementor-element-883d74d\" data-id=\"883d74d\" data-element_type=\"column\" data-e-type=\"column\">\n\t\t\t<div class=\"elementor-widget-wrap elementor-element-populated\">\n\t\t\t\t\t\t<div class=\"elementor-element elementor-element-e9bf161 elementor-widget elementor-widget-heading\" data-id=\"e9bf161\" data-element_type=\"widget\" data-e-type=\"widget\" data-widget_type=\"heading.default\">\n\t\t\t\t\t<h2 class=\"elementor-heading-title elementor-size-default\">UN-Dekade-Projekt  August 2019<\/h2>\t\t\t\t<\/div>\n\t\t\t\t<div class=\"elementor-element elementor-element-d1d27a6 elementor-widget elementor-widget-text-editor\" data-id=\"d1d27a6\" data-element_type=\"widget\" data-e-type=\"widget\" data-widget_type=\"text-editor.default\">\n\t\t\t\t\t\t\t\t\t<p>Der <a href=\"https:\/\/hortus-netzwerk.de\/bio-balkon\/\" target=\"_blank\" rel=\"noopener\">Hortus Bio-Balkon<\/a> geh\u00f6rt zum <a href=\"https:\/\/hortus-netzwerk.de\/\" target=\"_blank\" rel=\"noopener\">Hortus-Netzwerk. Vielfalt. Sch\u00f6nheit. Nutzen<\/a>. &#8211; Monatsprojekt <a href=\"https:\/\/www.undekade-biologischevielfalt.de\/projekte\/aktuelle-projekte-beitraege\/detail\/projekt-details\/show\/Wettbewerb\/2701\/\" target=\"_blank\" rel=\"noopener\">August 2019<\/a> der <a href=\"https:\/\/www.undekade-biologischevielfalt.de\/\" target=\"_blank\" rel=\"noopener\">UN-Dekade Biologische Vielfalt<\/a>.<\/p>\t\t\t\t\t\t\t\t<\/div>\n\t\t\t\t<div class=\"elementor-element elementor-element-fb12a5d elementor-widget elementor-widget-gallery\" data-id=\"fb12a5d\" data-element_type=\"widget\" data-e-type=\"widget\" data-settings=\"{&quot;columns&quot;:2,&quot;aspect_ratio&quot;:&quot;1:1&quot;,&quot;overlay_title&quot;:&quot;caption&quot;,&quot;gap&quot;:{&quot;unit&quot;:&quot;px&quot;,&quot;size&quot;:20,&quot;sizes&quot;:[]},&quot;gallery_layout&quot;:&quot;grid&quot;,&quot;columns_tablet&quot;:2,&quot;columns_mobile&quot;:1,&quot;gap_tablet&quot;:{&quot;unit&quot;:&quot;px&quot;,&quot;size&quot;:10,&quot;sizes&quot;:[]},&quot;gap_mobile&quot;:{&quot;unit&quot;:&quot;px&quot;,&quot;size&quot;:10,&quot;sizes&quot;:[]},&quot;link_to&quot;:&quot;file&quot;,&quot;overlay_background&quot;:&quot;yes&quot;,&quot;content_hover_animation&quot;:&quot;fade-in&quot;}\" data-widget_type=\"gallery.default\">\n\t\t\t\t\t\t\t<div class=\"elementor-gallery__container\">\n\t\t\t\t\t\t\t<a class=\"e-gallery-item elementor-gallery-item elementor-animated-content\" href=\"https:\/\/bio-balkon.de\/wp-content\/uploads\/2021\/01\/Hortus-Netzwerk-52835800_2423703354331185_315251664678289408_n.avif\" data-elementor-open-lightbox=\"yes\" data-elementor-lightbox-slideshow=\"fb12a5d\" data-e-action-hash=\"#elementor-action%3Aaction%3Dlightbox%26settings%3DeyJpZCI6MTg3MjAsInVybCI6Imh0dHBzOlwvXC9iaW8tYmFsa29uLmRlXC93cC1jb250ZW50XC91cGxvYWRzXC8yMDIxXC8wMVwvSG9ydHVzLU5ldHp3ZXJrLTUyODM1ODAwXzI0MjM3MDMzNTQzMzExODVfMzE1MjUxNjY0Njc4Mjg5NDA4X24uYXZpZiIsInNsaWRlc2hvdyI6ImZiMTJhNWQifQ%3D%3D\">\n\t\t\t\t\t<div class=\"e-gallery-image elementor-gallery-item__image\" data-thumbnail=\"https:\/\/bio-balkon.de\/wp-content\/uploads\/2021\/01\/Hortus-Netzwerk-52835800_2423703354331185_315251664678289408_n-768x480.avif\" data-width=\"768\" data-height=\"480\" aria-label=\"\" role=\"img\" ><\/div>\n\t\t\t\t\t\t\t\t\t\t\t<div class=\"elementor-gallery-item__overlay\"><\/div>\n\t\t\t\t\t\t\t\t\t\t\t\t\t\t\t<div class=\"elementor-gallery-item__content\">\n\t\t\t\t\t\t\t\t\t\t\t<\/div>\n\t\t\t\t\t\t\t\t\t<\/a>\n\t\t\t\t\t\t\t<a class=\"e-gallery-item elementor-gallery-item elementor-animated-content\" href=\"https:\/\/bio-balkon.de\/wp-content\/uploads\/2020\/06\/Hortus-UN-Schild-40x25-Bio-Balkon3mm.avif\" data-elementor-open-lightbox=\"yes\" data-elementor-lightbox-slideshow=\"fb12a5d\" data-e-action-hash=\"#elementor-action%3Aaction%3Dlightbox%26settings%3DeyJpZCI6NzgwMSwidXJsIjoiaHR0cHM6XC9cL2Jpby1iYWxrb24uZGVcL3dwLWNvbnRlbnRcL3VwbG9hZHNcLzIwMjBcLzA2XC9Ib3J0dXMtVU4tU2NoaWxkLTQweDI1LUJpby1CYWxrb24zbW0uYXZpZiIsInNsaWRlc2hvdyI6ImZiMTJhNWQifQ%3D%3D\">\n\t\t\t\t\t<div class=\"e-gallery-image elementor-gallery-item__image\" data-thumbnail=\"https:\/\/bio-balkon.de\/wp-content\/uploads\/2020\/06\/Hortus-UN-Schild-40x25-Bio-Balkon3mm-768x484.avif\" data-width=\"768\" data-height=\"484\" aria-label=\"\" role=\"img\" ><\/div>\n\t\t\t\t\t\t\t\t\t\t\t<div class=\"elementor-gallery-item__overlay\"><\/div>\n\t\t\t\t\t\t\t\t\t\t\t\t\t\t\t<div class=\"elementor-gallery-item__content\">\n\t\t\t\t\t\t\t\t\t\t\t<\/div>\n\t\t\t\t\t\t\t\t\t<\/a>\n\t\t\t\t\t<\/div>\n\t\t\t\t\t<\/div>\n\t\t\t\t\t<\/div>\n\t\t<\/div>\n\t\t\t\t\t<\/div>\n\t\t<\/section>\n\t\t\t\t<section class=\"elementor-section elementor-inner-section elementor-element elementor-element-826a823 elementor-section-boxed elementor-section-height-default elementor-section-height-default\" data-id=\"826a823\" data-element_type=\"section\" data-e-type=\"section\" data-settings=\"{&quot;background_background&quot;:&quot;classic&quot;}\">\n\t\t\t\t\t\t<div class=\"elementor-container elementor-column-gap-default\">\n\t\t\t\t\t<div class=\"elementor-column elementor-col-100 elementor-inner-column elementor-element elementor-element-9028af1\" data-id=\"9028af1\" data-element_type=\"column\" data-e-type=\"column\">\n\t\t\t<div class=\"elementor-widget-wrap elementor-element-populated\">\n\t\t\t\t\t\t<div class=\"elementor-element elementor-element-462d2aa elementor-widget elementor-widget-heading\" data-id=\"462d2aa\" data-element_type=\"widget\" data-e-type=\"widget\" data-widget_type=\"heading.default\">\n\t\t\t\t\t<h2 class=\"elementor-heading-title elementor-size-default\">Medienpreis 2018 der DGG 1822<\/h2>\t\t\t\t<\/div>\n\t\t\t\t<div class=\"elementor-element elementor-element-c6291e2 elementor-widget elementor-widget-text-editor\" data-id=\"c6291e2\" data-element_type=\"widget\" data-e-type=\"widget\" data-widget_type=\"text-editor.default\">\n\t\t\t\t\t\t\t\t\t<p>Die Preis\u00fcbergabe des <a href=\"http:\/\/dgg1822.de\/2018\/03\/23\/der-dgg-medienpreis-2018-geht-an-birgit-schattling-mit-dem-projekt-bio-balkon\/\" target=\"_blank\" rel=\"noopener\">Medienpreises 2018 der Deutschen Gartenbau-Gesellschaft 1822 e.V.<\/a> erfolgt am 12.10.2018 im Wei\u00dfen Saal des Schlosses auf der Insel Mainau. Mit dem <a href=\"http:\/\/dgg1822.de\/dgg-medienpreis\/\" target=\"_blank\" rel=\"noopener\">DGG-Medienpreis<\/a> wird j\u00e4hrlich eine Person \/ Autorengemeinschaft ausgezeichnet, die sich im besonderen Ma\u00dfe den origin\u00e4ren Themen der Deutschen Gartenbau-Gesellschaft 1822 e.V. innerhalb eines journalistischen Beitrages gewidmet hat. Der Siegertitel soll wichtige Gartenthemen einer breiten \u00d6ffentlichkeit zug\u00e4nglich gemacht und das Publikum altersunabh\u00e4ngig hierf\u00fcr begeistert haben.<\/p>\t\t\t\t\t\t\t\t<\/div>\n\t\t\t\t<div class=\"elementor-element elementor-element-5ec147b elementor-widget elementor-widget-gallery\" data-id=\"5ec147b\" data-element_type=\"widget\" data-e-type=\"widget\" data-settings=\"{&quot;columns&quot;:2,&quot;aspect_ratio&quot;:&quot;1:1&quot;,&quot;overlay_title&quot;:&quot;caption&quot;,&quot;gap&quot;:{&quot;unit&quot;:&quot;px&quot;,&quot;size&quot;:20,&quot;sizes&quot;:[]},&quot;gallery_layout&quot;:&quot;grid&quot;,&quot;columns_tablet&quot;:2,&quot;columns_mobile&quot;:1,&quot;gap_tablet&quot;:{&quot;unit&quot;:&quot;px&quot;,&quot;size&quot;:10,&quot;sizes&quot;:[]},&quot;gap_mobile&quot;:{&quot;unit&quot;:&quot;px&quot;,&quot;size&quot;:10,&quot;sizes&quot;:[]},&quot;link_to&quot;:&quot;file&quot;,&quot;overlay_background&quot;:&quot;yes&quot;,&quot;content_hover_animation&quot;:&quot;fade-in&quot;}\" data-widget_type=\"gallery.default\">\n\t\t\t\t\t\t\t<div class=\"elementor-gallery__container\">\n\t\t\t\t\t\t\t<a class=\"e-gallery-item elementor-gallery-item elementor-animated-content\" href=\"https:\/\/bio-balkon.de\/wp-content\/uploads\/2020\/06\/P2010968-Mainau-Medienpreis.avif\" data-elementor-open-lightbox=\"yes\" data-elementor-lightbox-slideshow=\"5ec147b\" data-elementor-lightbox-title=\"Medienpreis 2018 Deutsche Gartenbaugesellschaft 1822\" data-e-action-hash=\"#elementor-action%3Aaction%3Dlightbox%26settings%3DeyJpZCI6NzU2MSwidXJsIjoiaHR0cHM6XC9cL2Jpby1iYWxrb24uZGVcL3dwLWNvbnRlbnRcL3VwbG9hZHNcLzIwMjBcLzA2XC9QMjAxMDk2OC1NYWluYXUtTWVkaWVucHJlaXMuYXZpZiIsInNsaWRlc2hvdyI6IjVlYzE0N2IifQ%3D%3D\">\n\t\t\t\t\t<div class=\"e-gallery-image elementor-gallery-item__image\" data-thumbnail=\"https:\/\/bio-balkon.de\/wp-content\/uploads\/2020\/06\/P2010968-Mainau-Medienpreis-768x1024.avif\" data-width=\"768\" data-height=\"1024\" aria-label=\"\" role=\"img\" ><\/div>\n\t\t\t\t\t\t\t\t\t\t\t<div class=\"elementor-gallery-item__overlay\"><\/div>\n\t\t\t\t\t\t\t\t\t\t\t\t\t\t\t<div class=\"elementor-gallery-item__content\">\n\t\t\t\t\t\t\t\t\t\t\t\t\t\t<div class=\"elementor-gallery-item__title\">\n\t\t\t\t\t\t\t\t\t\t\t\t\t\t\t\t\t\tMedienpreis 2018 Deutsche Gartenbaugesellschaft 1822\t\t\t\t\t\t\t\t<\/div>\n\t\t\t\t\t\t\t\t\t\t\t\t<\/div>\n\t\t\t\t\t\t\t\t\t<\/a>\n\t\t\t\t\t\t\t<a class=\"e-gallery-item elementor-gallery-item elementor-animated-content\" href=\"https:\/\/bio-balkon.de\/wp-content\/uploads\/2020\/06\/Mainau-Medienpreis-44057249_2262399537175904_4666715703519215616_n-super.avif\" data-elementor-open-lightbox=\"yes\" data-elementor-lightbox-slideshow=\"5ec147b\" data-elementor-lightbox-title=\"Preis\u00fcbergabe Insel Mainau\" data-e-action-hash=\"#elementor-action%3Aaction%3Dlightbox%26settings%3DeyJpZCI6NzU2MywidXJsIjoiaHR0cHM6XC9cL2Jpby1iYWxrb24uZGVcL3dwLWNvbnRlbnRcL3VwbG9hZHNcLzIwMjBcLzA2XC9NYWluYXUtTWVkaWVucHJlaXMtNDQwNTcyNDlfMjI2MjM5OTUzNzE3NTkwNF80NjY2NzE1NzAzNTE5MjE1NjE2X24tc3VwZXIuYXZpZiIsInNsaWRlc2hvdyI6IjVlYzE0N2IifQ%3D%3D\">\n\t\t\t\t\t<div class=\"e-gallery-image elementor-gallery-item__image\" data-thumbnail=\"https:\/\/bio-balkon.de\/wp-content\/uploads\/2020\/06\/Mainau-Medienpreis-44057249_2262399537175904_4666715703519215616_n-super-768x576.avif\" data-width=\"768\" data-height=\"576\" aria-label=\"\" role=\"img\" ><\/div>\n\t\t\t\t\t\t\t\t\t\t\t<div class=\"elementor-gallery-item__overlay\"><\/div>\n\t\t\t\t\t\t\t\t\t\t\t\t\t\t\t<div class=\"elementor-gallery-item__content\">\n\t\t\t\t\t\t\t\t\t\t\t\t\t\t<div class=\"elementor-gallery-item__title\">\n\t\t\t\t\t\t\t\t\t\t\t\t\t\t\t\t\t\tPreis\u00fcbergabe Insel Mainau\t\t\t\t\t\t\t\t<\/div>\n\t\t\t\t\t\t\t\t\t\t\t\t<\/div>\n\t\t\t\t\t\t\t\t\t<\/a>\n\t\t\t\t\t<\/div>\n\t\t\t\t\t<\/div>\n\t\t\t\t\t<\/div>\n\t\t<\/div>\n\t\t\t\t\t<\/div>\n\t\t<\/section>\n\t\t\t\t<section class=\"elementor-section elementor-inner-section elementor-element elementor-element-b85dbf1 elementor-section-boxed elementor-section-height-default elementor-section-height-default\" data-id=\"b85dbf1\" data-element_type=\"section\" data-e-type=\"section\" data-settings=\"{&quot;background_background&quot;:&quot;classic&quot;}\">\n\t\t\t\t\t\t<div class=\"elementor-container elementor-column-gap-default\">\n\t\t\t\t\t<div class=\"elementor-column elementor-col-100 elementor-inner-column elementor-element elementor-element-bfda9b8\" data-id=\"bfda9b8\" data-element_type=\"column\" data-e-type=\"column\">\n\t\t\t<div class=\"elementor-widget-wrap elementor-element-populated\">\n\t\t\t\t\t\t<div class=\"elementor-element elementor-element-d9e8a5b elementor-widget elementor-widget-heading\" data-id=\"d9e8a5b\" data-element_type=\"widget\" data-e-type=\"widget\" data-widget_type=\"heading.default\">\n\t\t\t\t\t<h2 class=\"elementor-heading-title elementor-size-default\">Deutsche Lokale Nachhaltigkeitspreis ZeitzeicheN<\/h2>\t\t\t\t<\/div>\n\t\t\t\t<div class=\"elementor-element elementor-element-ed4a9a2 elementor-widget elementor-widget-text-editor\" data-id=\"ed4a9a2\" data-element_type=\"widget\" data-e-type=\"widget\" data-widget_type=\"text-editor.default\">\n\t\t\t\t\t\t\t\t\t<p>Der <a href=\"https:\/\/www.netzwerk21kongress.de\/aktuelles\/zeitzeichen-2018\/\" target=\"_blank\" rel=\"noopener\">Deutsche Lokale Nachhaltigkeitspreis ZeitzeicheN<\/a> w\u00fcrdigt beispielhaftes Engagement bei der Umsetzung der Agenda 2030. Der Bio-Balkon gewinnt mit 1982 Stimmen den ZeitzeicheN Publikumspreis 2018! <a href=\"https:\/\/bio-balkon.de\/deine-stimme-fuer-den-bio-balkon-wir-brauchen-mehr-bunte-balkone\/\" target=\"_blank\" rel=\"noopener\">Die Preis\u00fcbergabe am 10.10.2018 im Umweltministerium in Dessau wurde abgesagt wegen technischer Unstimmigkeiten.<\/a><\/p>\t\t\t\t\t\t\t\t<\/div>\n\t\t\t\t\t<\/div>\n\t\t<\/div>\n\t\t\t\t\t<\/div>\n\t\t<\/section>\n\t\t\t\t<section class=\"elementor-section elementor-inner-section elementor-element elementor-element-3fee8f4 elementor-section-boxed elementor-section-height-default elementor-section-height-default\" data-id=\"3fee8f4\" data-element_type=\"section\" data-e-type=\"section\" data-settings=\"{&quot;background_background&quot;:&quot;classic&quot;}\">\n\t\t\t\t\t\t<div class=\"elementor-container elementor-column-gap-default\">\n\t\t\t\t\t<div class=\"elementor-column elementor-col-100 elementor-inner-column elementor-element elementor-element-70128fc\" data-id=\"70128fc\" data-element_type=\"column\" data-e-type=\"column\">\n\t\t\t<div class=\"elementor-widget-wrap elementor-element-populated\">\n\t\t\t\t\t\t<div class=\"elementor-element elementor-element-ee71a34 elementor-widget elementor-widget-heading\" data-id=\"ee71a34\" data-element_type=\"widget\" data-e-type=\"widget\" data-widget_type=\"heading.default\">\n\t\t\t\t\t<h2 class=\"elementor-heading-title elementor-size-default\">Ein Blick \u00fcber den Gartenzaun<\/h2>\t\t\t\t<\/div>\n\t\t\t\t<div class=\"elementor-element elementor-element-e1060cf elementor-widget elementor-widget-text-editor\" data-id=\"e1060cf\" data-element_type=\"widget\" data-e-type=\"widget\" data-widget_type=\"text-editor.default\">\n\t\t\t\t\t\t\t\t\t<p>Im Wettbewerb 2017 der Gr\u00fcnen Liga <a href=\"http:\/\/www.giftfreiesgaertnern.de\/das-projekt\/gewinner\/\" target=\"_blank\" rel=\"noopener\">Ein Blick \u00fcber den Gartenzaun: Gesunde Oasen gesucht<\/a> erhielt ich einen Sonderpreis f\u00fcr <a href=\"http:\/\/www.giftfreiesgaertnern.de\/wettbewerbe\/gewinner\/besondere-anerkennung-2\/\" target=\"_blank\" rel=\"noopener\">G\u00e4rtnern auf kleinstem Raum:<\/a>\u00a0<em>Neun Quadratmeter verteilt auf zwei Balkone hat sie in einen wahren Dschungel verwandelt. Von A wie Apfelbaum bis Z wie Zucchini. Und dazwischen w\u00e4chst jedes erdenkliche Gem\u00fcse und verschiedenste Wildkr\u00e4uter.<\/em><\/p>\t\t\t\t\t\t\t\t<\/div>\n\t\t\t\t<div class=\"elementor-element elementor-element-1205609 elementor-widget elementor-widget-gallery\" data-id=\"1205609\" data-element_type=\"widget\" data-e-type=\"widget\" data-settings=\"{&quot;columns&quot;:2,&quot;aspect_ratio&quot;:&quot;1:1&quot;,&quot;overlay_title&quot;:&quot;caption&quot;,&quot;gap&quot;:{&quot;unit&quot;:&quot;px&quot;,&quot;size&quot;:20,&quot;sizes&quot;:[]},&quot;gallery_layout&quot;:&quot;grid&quot;,&quot;columns_tablet&quot;:2,&quot;columns_mobile&quot;:1,&quot;gap_tablet&quot;:{&quot;unit&quot;:&quot;px&quot;,&quot;size&quot;:10,&quot;sizes&quot;:[]},&quot;gap_mobile&quot;:{&quot;unit&quot;:&quot;px&quot;,&quot;size&quot;:10,&quot;sizes&quot;:[]},&quot;link_to&quot;:&quot;file&quot;,&quot;overlay_background&quot;:&quot;yes&quot;,&quot;content_hover_animation&quot;:&quot;fade-in&quot;}\" data-widget_type=\"gallery.default\">\n\t\t\t\t\t\t\t<div class=\"elementor-gallery__container\">\n\t\t\t\t\t\t\t<a class=\"e-gallery-item elementor-gallery-item elementor-animated-content\" href=\"https:\/\/bio-balkon.de\/wp-content\/uploads\/2020\/06\/P1190509-Wettbewerb-Gru\u0308ne-liga-Urkunde.avif\" data-elementor-open-lightbox=\"yes\" data-elementor-lightbox-slideshow=\"1205609\" data-elementor-lightbox-title=\"Giftfreis G\u00e4rtnern Gr\u00fcne Liga Berlin\" data-e-action-hash=\"#elementor-action%3Aaction%3Dlightbox%26settings%3DeyJpZCI6NzU2OCwidXJsIjoiaHR0cHM6XC9cL2Jpby1iYWxrb24uZGVcL3dwLWNvbnRlbnRcL3VwbG9hZHNcLzIwMjBcLzA2XC9QMTE5MDUwOS1XZXR0YmV3ZXJiLUdydVx1MDMwOG5lLWxpZ2EtVXJrdW5kZS5hdmlmIiwic2xpZGVzaG93IjoiMTIwNTYwOSJ9\">\n\t\t\t\t\t<div class=\"e-gallery-image elementor-gallery-item__image\" data-thumbnail=\"https:\/\/bio-balkon.de\/wp-content\/uploads\/2020\/06\/P1190509-Wettbewerb-Gru\u0308ne-liga-Urkunde-768x1024.avif\" data-width=\"768\" data-height=\"1024\" aria-label=\"\" role=\"img\" ><\/div>\n\t\t\t\t\t\t\t\t\t\t\t<div class=\"elementor-gallery-item__overlay\"><\/div>\n\t\t\t\t\t\t\t\t\t\t\t\t\t\t\t<div class=\"elementor-gallery-item__content\">\n\t\t\t\t\t\t\t\t\t\t\t\t\t\t<div class=\"elementor-gallery-item__title\">\n\t\t\t\t\t\t\t\t\t\t\t\t\t\t\t\t\t\tGiftfreis G\u00e4rtnern Gr\u00fcne Liga Berlin\t\t\t\t\t\t\t\t<\/div>\n\t\t\t\t\t\t\t\t\t\t\t\t<\/div>\n\t\t\t\t\t\t\t\t\t<\/a>\n\t\t\t\t\t\t\t<a class=\"e-gallery-item elementor-gallery-item elementor-animated-content\" href=\"https:\/\/bio-balkon.de\/wp-content\/uploads\/2020\/06\/P1190505-Wettbewerb-Gru\u0308ne-liga.avif\" data-elementor-open-lightbox=\"yes\" data-elementor-lightbox-slideshow=\"1205609\" data-elementor-lightbox-title=\"Preis\u00fcbergabe durch Heike Boomgarden\" data-e-action-hash=\"#elementor-action%3Aaction%3Dlightbox%26settings%3DeyJpZCI6NzU2NSwidXJsIjoiaHR0cHM6XC9cL2Jpby1iYWxrb24uZGVcL3dwLWNvbnRlbnRcL3VwbG9hZHNcLzIwMjBcLzA2XC9QMTE5MDUwNS1XZXR0YmV3ZXJiLUdydVx1MDMwOG5lLWxpZ2EuYXZpZiIsInNsaWRlc2hvdyI6IjEyMDU2MDkifQ%3D%3D\">\n\t\t\t\t\t<div class=\"e-gallery-image elementor-gallery-item__image\" data-thumbnail=\"https:\/\/bio-balkon.de\/wp-content\/uploads\/2020\/06\/P1190505-Wettbewerb-Gru\u0308ne-liga-768x1024.avif\" data-width=\"768\" data-height=\"1024\" aria-label=\"\" role=\"img\" ><\/div>\n\t\t\t\t\t\t\t\t\t\t\t<div class=\"elementor-gallery-item__overlay\"><\/div>\n\t\t\t\t\t\t\t\t\t\t\t\t\t\t\t<div class=\"elementor-gallery-item__content\">\n\t\t\t\t\t\t\t\t\t\t\t\t\t\t<div class=\"elementor-gallery-item__title\">\n\t\t\t\t\t\t\t\t\t\t\t\t\t\t\t\t\t\tPreis\u00fcbergabe durch Heike Boomgarden\t\t\t\t\t\t\t\t<\/div>\n\t\t\t\t\t\t\t\t\t\t\t\t<\/div>\n\t\t\t\t\t\t\t\t\t<\/a>\n\t\t\t\t\t<\/div>\n\t\t\t\t\t<\/div>\n\t\t\t\t\t<\/div>\n\t\t<\/div>\n\t\t\t\t\t<\/div>\n\t\t<\/section>\n\t\t\t\t<section class=\"elementor-section elementor-inner-section elementor-element elementor-element-2e45015 elementor-section-boxed elementor-section-height-default elementor-section-height-default\" data-id=\"2e45015\" data-element_type=\"section\" data-e-type=\"section\" data-settings=\"{&quot;background_background&quot;:&quot;classic&quot;}\">\n\t\t\t\t\t\t<div class=\"elementor-container elementor-column-gap-default\">\n\t\t\t\t\t<div class=\"elementor-column elementor-col-100 elementor-inner-column elementor-element elementor-element-4d9b664\" data-id=\"4d9b664\" data-element_type=\"column\" data-e-type=\"column\">\n\t\t\t<div class=\"elementor-widget-wrap elementor-element-populated\">\n\t\t\t\t\t\t<div class=\"elementor-element elementor-element-7425e02 elementor-widget elementor-widget-heading\" data-id=\"7425e02\" data-element_type=\"widget\" data-e-type=\"widget\" data-widget_type=\"heading.default\">\n\t\t\t\t\t<h2 class=\"elementor-heading-title elementor-size-default\">European Award for Ecological Gardening 2017<\/h2>\t\t\t\t<\/div>\n\t\t\t\t<div class=\"elementor-element elementor-element-ba25f57 elementor-widget elementor-widget-text-editor\" data-id=\"ba25f57\" data-element_type=\"widget\" data-e-type=\"widget\" data-widget_type=\"text-editor.default\">\n\t\t\t\t\t\t\t\t\t<p>Beim europ\u00e4ischen <a href=\"https:\/\/www.naturimgarten.at\/internationale-aktivit%C3%A4ten\/european-award-for-ecological-gardening-2017.html\" target=\"_blank\" rel=\"noopener\">European Award for Ecological Gardening 2017<\/a> von \u201eNatur im Garten\u201c Nieder\u00f6sterreich und der \u201eEuropean Garden Association \u2013 Natur im Garten International\u201c war ich eine von <a href=\"https:\/\/www.naturimgarten.at\/files\/content\/5.%20INTERNATIONALE%20AKTIVIT%C3%84TEN\/5.1%20European%20Award%20for%20Ecological%20Gardening\/eu_award_katalog_final_alles.pdf\" target=\"_blank\" rel=\"noopener\">30 Nominierungen aus 11 L\u00e4ndern<\/a>.<\/p>\t\t\t\t\t\t\t\t<\/div>\n\t\t\t\t<div class=\"elementor-element elementor-element-79a19ab elementor-widget elementor-widget-gallery\" data-id=\"79a19ab\" data-element_type=\"widget\" data-e-type=\"widget\" data-settings=\"{&quot;columns&quot;:2,&quot;aspect_ratio&quot;:&quot;1:1&quot;,&quot;overlay_title&quot;:&quot;title&quot;,&quot;gap&quot;:{&quot;unit&quot;:&quot;px&quot;,&quot;size&quot;:20,&quot;sizes&quot;:[]},&quot;gallery_layout&quot;:&quot;grid&quot;,&quot;columns_tablet&quot;:2,&quot;columns_mobile&quot;:1,&quot;gap_tablet&quot;:{&quot;unit&quot;:&quot;px&quot;,&quot;size&quot;:10,&quot;sizes&quot;:[]},&quot;gap_mobile&quot;:{&quot;unit&quot;:&quot;px&quot;,&quot;size&quot;:10,&quot;sizes&quot;:[]},&quot;link_to&quot;:&quot;file&quot;,&quot;overlay_background&quot;:&quot;yes&quot;,&quot;content_hover_animation&quot;:&quot;fade-in&quot;}\" data-widget_type=\"gallery.default\">\n\t\t\t\t\t\t\t<div class=\"elementor-gallery__container\">\n\t\t\t\t\t\t\t<a class=\"e-gallery-item elementor-gallery-item elementor-animated-content\" href=\"https:\/\/bio-balkon.de\/wp-content\/uploads\/2020\/06\/P1150298-Award-natur-im-Garten.avif\" data-elementor-open-lightbox=\"yes\" data-elementor-lightbox-slideshow=\"79a19ab\" data-e-action-hash=\"#elementor-action%3Aaction%3Dlightbox%26settings%3DeyJpZCI6NzU3MiwidXJsIjoiaHR0cHM6XC9cL2Jpby1iYWxrb24uZGVcL3dwLWNvbnRlbnRcL3VwbG9hZHNcLzIwMjBcLzA2XC9QMTE1MDI5OC1Bd2FyZC1uYXR1ci1pbS1HYXJ0ZW4uYXZpZiIsInNsaWRlc2hvdyI6Ijc5YTE5YWIifQ%3D%3D\">\n\t\t\t\t\t<div class=\"e-gallery-image elementor-gallery-item__image\" data-thumbnail=\"https:\/\/bio-balkon.de\/wp-content\/uploads\/2020\/06\/P1150298-Award-natur-im-Garten-768x576.avif\" data-width=\"768\" data-height=\"576\" aria-label=\"\" role=\"img\" ><\/div>\n\t\t\t\t\t\t\t\t\t\t\t<div class=\"elementor-gallery-item__overlay\"><\/div>\n\t\t\t\t\t\t\t\t\t\t\t\t\t\t\t<div class=\"elementor-gallery-item__content\">\n\t\t\t\t\t\t\t\t\t\t\t\t\t\t<div class=\"elementor-gallery-item__title\">\n\t\t\t\t\t\t\t\t\t\t\t\t\t\t\t\t\t\tProjektvorstellung beim European Award for Ecological Gardening 2017\t\t\t\t\t\t\t\t<\/div>\n\t\t\t\t\t\t\t\t\t\t\t\t<\/div>\n\t\t\t\t\t\t\t\t\t<\/a>\n\t\t\t\t\t\t\t<a class=\"e-gallery-item elementor-gallery-item elementor-animated-content\" href=\"https:\/\/bio-balkon.de\/wp-content\/uploads\/2020\/06\/21273499_10154701902871109_2061524814509004409_o-Award-Natur-im-Garten-gro\u221au\u0308.avif\" data-elementor-open-lightbox=\"yes\" data-elementor-lightbox-slideshow=\"79a19ab\" data-e-action-hash=\"#elementor-action%3Aaction%3Dlightbox%26settings%3DeyJpZCI6NzU3MywidXJsIjoiaHR0cHM6XC9cL2Jpby1iYWxrb24uZGVcL3dwLWNvbnRlbnRcL3VwbG9hZHNcLzIwMjBcLzA2XC8yMTI3MzQ5OV8xMDE1NDcwMTkwMjg3MTEwOV8yMDYxNTI0ODE0NTA5MDA0NDA5X28tQXdhcmQtTmF0dXItaW0tR2FydGVuLWdyb1x1MjIxYXVcdTAzMDguYXZpZiIsInNsaWRlc2hvdyI6Ijc5YTE5YWIifQ%3D%3D\">\n\t\t\t\t\t<div class=\"e-gallery-image elementor-gallery-item__image\" data-thumbnail=\"https:\/\/bio-balkon.de\/wp-content\/uploads\/2020\/06\/21273499_10154701902871109_2061524814509004409_o-Award-Natur-im-Garten-gro\u221au\u0308-768x555.avif\" data-width=\"768\" data-height=\"555\" aria-label=\"\" role=\"img\" ><\/div>\n\t\t\t\t\t\t\t\t\t\t\t<div class=\"elementor-gallery-item__overlay\"><\/div>\n\t\t\t\t\t\t\t\t\t\t\t\t\t\t\t<div class=\"elementor-gallery-item__content\">\n\t\t\t\t\t\t\t\t\t\t\t\t\t\t<div class=\"elementor-gallery-item__title\">\n\t\t\t\t\t\t\t\t\t\t\t\t\t\t\t\t\t\tEuropean Award for Ecological Gardening 2017\t\t\t\t\t\t\t\t<\/div>\n\t\t\t\t\t\t\t\t\t\t\t\t<\/div>\n\t\t\t\t\t\t\t\t\t<\/a>\n\t\t\t\t\t<\/div>\n\t\t\t\t\t<\/div>\n\t\t\t\t\t<\/div>\n\t\t<\/div>\n\t\t\t\t\t<\/div>\n\t\t<\/section>\n\t\t\t\t<section class=\"elementor-section elementor-inner-section elementor-element elementor-element-76aee4b elementor-section-boxed elementor-section-height-default elementor-section-height-default\" data-id=\"76aee4b\" data-element_type=\"section\" data-e-type=\"section\" data-settings=\"{&quot;background_background&quot;:&quot;classic&quot;}\">\n\t\t\t\t\t\t<div class=\"elementor-container elementor-column-gap-default\">\n\t\t\t\t\t<div class=\"elementor-column elementor-col-100 elementor-inner-column elementor-element elementor-element-fb936b1\" data-id=\"fb936b1\" data-element_type=\"column\" data-e-type=\"column\">\n\t\t\t<div class=\"elementor-widget-wrap elementor-element-populated\">\n\t\t\t\t\t\t<div class=\"elementor-element elementor-element-0e98e70 elementor-widget elementor-widget-heading\" data-id=\"0e98e70\" data-element_type=\"widget\" data-e-type=\"widget\" data-widget_type=\"heading.default\">\n\t\t\t\t\t<h2 class=\"elementor-heading-title elementor-size-default\">Swarovski Optik Beobachterwettberb 2017<\/h2>\t\t\t\t<\/div>\n\t\t\t\t<div class=\"elementor-element elementor-element-873ee8e elementor-widget elementor-widget-text-editor\" data-id=\"873ee8e\" data-element_type=\"widget\" data-e-type=\"widget\" data-widget_type=\"text-editor.default\">\n\t\t\t\t\t\t\t\t\t<p>Ich habe einen Preis gewonnen beim <a href=\"https:\/\/www.naturgucker.info\/swarovski-optik-beobachterpreis\/preise-2017\/\" target=\"_blank\" rel=\"noopener\">Swarovski Optik Beobachterwettberb 2017<\/a> von <a href=\"https:\/\/naturgucker.de\/natur_.dll\/uUx5p0UuEzIk5rXgVKbbOF1tXsG\/\" target=\"_blank\" rel=\"noopener\">naturgucker.de<\/a>.<\/p>\t\t\t\t\t\t\t\t<\/div>\n\t\t\t\t\t<\/div>\n\t\t<\/div>\n\t\t\t\t\t<\/div>\n\t\t<\/section>\n\t\t\t\t<section class=\"elementor-section elementor-inner-section elementor-element elementor-element-dd01418 elementor-section-boxed elementor-section-height-default elementor-section-height-default\" data-id=\"dd01418\" data-element_type=\"section\" data-e-type=\"section\" data-settings=\"{&quot;background_background&quot;:&quot;classic&quot;}\">\n\t\t\t\t\t\t<div class=\"elementor-container elementor-column-gap-default\">\n\t\t\t\t\t<div class=\"elementor-column elementor-col-100 elementor-inner-column elementor-element elementor-element-6f06e04\" data-id=\"6f06e04\" data-element_type=\"column\" data-e-type=\"column\">\n\t\t\t<div class=\"elementor-widget-wrap elementor-element-populated\">\n\t\t\t\t\t\t<div class=\"elementor-element elementor-element-737f398 elementor-widget elementor-widget-heading\" data-id=\"737f398\" data-element_type=\"widget\" data-e-type=\"widget\" data-widget_type=\"heading.default\">\n\t\t\t\t\t<h2 class=\"elementor-heading-title elementor-size-default\">Berlins sch\u00f6nster Dachgarten<\/h2>\t\t\t\t<\/div>\n\t\t\t\t<div class=\"elementor-element elementor-element-2298cc7 elementor-widget elementor-widget-text-editor\" data-id=\"2298cc7\" data-element_type=\"widget\" data-e-type=\"widget\" data-widget_type=\"text-editor.default\">\n\t\t\t\t\t\t\t\t\t<p>2005 erhielt ich den 1. Preis der Berliner Morgenpost in der Kategorie privat genutzte Dachg\u00e4rten, Balkone und Terrassen f\u00fcr <a href=\"https:\/\/www.morgenpost.de\/printarchiv\/berlin\/article103940879\/Die-schoensten-Dachgaerten-der-Hauptstadt.html\" target=\"_blank\" rel=\"noopener\">Berlins sch\u00f6nsten Dachgarten<\/a>. Die Ehrung erfolgte auf der Gr\u00fcnen Woche Berlin. Ein Foto finde ich leider nicht mehr.<\/p>\t\t\t\t\t\t\t\t<\/div>\n\t\t\t\t<div class=\"elementor-element elementor-element-77386c7 elementor-widget elementor-widget-gallery\" data-id=\"77386c7\" data-element_type=\"widget\" data-e-type=\"widget\" data-settings=\"{&quot;columns&quot;:2,&quot;aspect_ratio&quot;:&quot;1:1&quot;,&quot;overlay_title&quot;:&quot;caption&quot;,&quot;gap&quot;:{&quot;unit&quot;:&quot;px&quot;,&quot;size&quot;:20,&quot;sizes&quot;:[]},&quot;gallery_layout&quot;:&quot;grid&quot;,&quot;columns_tablet&quot;:2,&quot;columns_mobile&quot;:1,&quot;gap_tablet&quot;:{&quot;unit&quot;:&quot;px&quot;,&quot;size&quot;:10,&quot;sizes&quot;:[]},&quot;gap_mobile&quot;:{&quot;unit&quot;:&quot;px&quot;,&quot;size&quot;:10,&quot;sizes&quot;:[]},&quot;link_to&quot;:&quot;file&quot;,&quot;overlay_background&quot;:&quot;yes&quot;,&quot;content_hover_animation&quot;:&quot;fade-in&quot;}\" data-widget_type=\"gallery.default\">\n\t\t\t\t\t\t\t<div class=\"elementor-gallery__container\">\n\t\t\t\t\t\t\t<a class=\"e-gallery-item elementor-gallery-item elementor-animated-content\" href=\"https:\/\/bio-balkon.de\/wp-content\/uploads\/2023\/12\/Berlins-schoenster-Dachgarten-Auszeichnung-2005-Morgenpost.avif\" data-elementor-open-lightbox=\"yes\" data-elementor-lightbox-slideshow=\"77386c7\" data-e-action-hash=\"#elementor-action%3Aaction%3Dlightbox%26settings%3DeyJpZCI6NjI1ODQsInVybCI6Imh0dHBzOlwvXC9iaW8tYmFsa29uLmRlXC93cC1jb250ZW50XC91cGxvYWRzXC8yMDIzXC8xMlwvQmVybGlucy1zY2hvZW5zdGVyLURhY2hnYXJ0ZW4tQXVzemVpY2hudW5nLTIwMDUtTW9yZ2VucG9zdC5hdmlmIiwic2xpZGVzaG93IjoiNzczODZjNyJ9\">\n\t\t\t\t\t<div class=\"e-gallery-image elementor-gallery-item__image\" data-thumbnail=\"https:\/\/bio-balkon.de\/wp-content\/uploads\/2023\/12\/Berlins-schoenster-Dachgarten-Auszeichnung-2005-Morgenpost-768x558.avif\" data-width=\"768\" data-height=\"558\" aria-label=\"\" role=\"img\" ><\/div>\n\t\t\t\t\t\t\t\t\t\t\t<div class=\"elementor-gallery-item__overlay\"><\/div>\n\t\t\t\t\t\t\t\t\t\t\t\t\t\t\t<div class=\"elementor-gallery-item__content\">\n\t\t\t\t\t\t\t\t\t\t\t<\/div>\n\t\t\t\t\t\t\t\t\t<\/a>\n\t\t\t\t\t\t\t<a class=\"e-gallery-item elementor-gallery-item elementor-animated-content\" href=\"https:\/\/bio-balkon.de\/wp-content\/uploads\/2023\/12\/Berlins-schoenster-Dachgarten-Auszeichnung-2005-Morgenpost-.avif\" data-elementor-open-lightbox=\"yes\" data-elementor-lightbox-slideshow=\"77386c7\" data-e-action-hash=\"#elementor-action%3Aaction%3Dlightbox%26settings%3DeyJpZCI6NjI1ODUsInVybCI6Imh0dHBzOlwvXC9iaW8tYmFsa29uLmRlXC93cC1jb250ZW50XC91cGxvYWRzXC8yMDIzXC8xMlwvQmVybGlucy1zY2hvZW5zdGVyLURhY2hnYXJ0ZW4tQXVzemVpY2hudW5nLTIwMDUtTW9yZ2VucG9zdC0uYXZpZiIsInNsaWRlc2hvdyI6Ijc3Mzg2YzcifQ%3D%3D\">\n\t\t\t\t\t<div class=\"e-gallery-image elementor-gallery-item__image\" data-thumbnail=\"https:\/\/bio-balkon.de\/wp-content\/uploads\/2023\/12\/Berlins-schoenster-Dachgarten-Auszeichnung-2005-Morgenpost--768x604.avif\" data-width=\"768\" data-height=\"604\" aria-label=\"\" role=\"img\" ><\/div>\n\t\t\t\t\t\t\t\t\t\t\t<div class=\"elementor-gallery-item__overlay\"><\/div>\n\t\t\t\t\t\t\t\t\t\t\t\t\t\t\t<div class=\"elementor-gallery-item__content\">\n\t\t\t\t\t\t\t\t\t\t\t<\/div>\n\t\t\t\t\t\t\t\t\t<\/a>\n\t\t\t\t\t<\/div>\n\t\t\t\t\t<\/div>\n\t\t\t\t\t<\/div>\n\t\t<\/div>\n\t\t\t\t\t<\/div>\n\t\t<\/section>\n\t\t\t\t\t<\/div>\n\t\t<\/div>\n\t\t\t\t<div class=\"elementor-column elementor-col-50 elementor-top-column elementor-element elementor-element-41cc58b\" data-id=\"41cc58b\" data-element_type=\"column\" data-e-type=\"column\">\n\t\t\t<div class=\"elementor-widget-wrap elementor-element-populated\">\n\t\t\t\t\t\t<section class=\"elementor-section elementor-inner-section elementor-element elementor-element-f15b1f4 elementor-section-boxed elementor-section-height-default elementor-section-height-default\" data-id=\"f15b1f4\" data-element_type=\"section\" data-e-type=\"section\" data-settings=\"{&quot;sticky&quot;:&quot;top&quot;,&quot;sticky_on&quot;:[&quot;desktop&quot;],&quot;sticky_offset&quot;:95,&quot;background_background&quot;:&quot;classic&quot;,&quot;sticky_effects_offset&quot;:0,&quot;sticky_anchor_link_offset&quot;:0}\">\n\t\t\t\t\t\t<div class=\"elementor-container elementor-column-gap-default\">\n\t\t\t\t\t<div class=\"elementor-column elementor-col-100 elementor-inner-column elementor-element elementor-element-a3629e2\" data-id=\"a3629e2\" data-element_type=\"column\" data-e-type=\"column\" data-settings=\"{&quot;background_background&quot;:&quot;classic&quot;}\">\n\t\t\t<div class=\"elementor-widget-wrap elementor-element-populated\">\n\t\t\t\t\t\t<div class=\"elementor-element elementor-element-705eb64 elementor-widget elementor-widget-image\" data-id=\"705eb64\" data-element_type=\"widget\" data-e-type=\"widget\" data-widget_type=\"image.default\">\n\t\t\t\t\t\t\t\t\t\t\t\t\t\t\t<img loading=\"lazy\" decoding=\"async\" width=\"768\" height=\"1152\" src=\"https:\/\/bio-balkon.de\/wp-content\/uploads\/2020\/06\/P1050107-birgit-schattling-kongress-naschbalkon-vertikalbeet-super-768x1152.avif\" class=\"attachment-medium_large size-medium_large wp-image-7473\" alt=\"\" srcset=\"https:\/\/bio-balkon.de\/wp-content\/uploads\/2020\/06\/P1050107-birgit-schattling-kongress-naschbalkon-vertikalbeet-super-768x1152.avif 768w, https:\/\/bio-balkon.de\/wp-content\/uploads\/2020\/06\/P1050107-birgit-schattling-kongress-naschbalkon-vertikalbeet-super-200x300.avif 200w, https:\/\/bio-balkon.de\/wp-content\/uploads\/2020\/06\/P1050107-birgit-schattling-kongress-naschbalkon-vertikalbeet-super-683x1024.avif 683w, https:\/\/bio-balkon.de\/wp-content\/uploads\/2020\/06\/P1050107-birgit-schattling-kongress-naschbalkon-vertikalbeet-super-1024x1536.avif 1024w, https:\/\/bio-balkon.de\/wp-content\/uploads\/2020\/06\/P1050107-birgit-schattling-kongress-naschbalkon-vertikalbeet-super-8x12.avif 8w, https:\/\/bio-balkon.de\/wp-content\/uploads\/2020\/06\/P1050107-birgit-schattling-kongress-naschbalkon-vertikalbeet-super.avif 1280w\" sizes=\"auto, (max-width: 768px) 100vw, 768px\" \/>\t\t\t\t\t\t\t\t\t\t\t\t\t\t\t<\/div>\n\t\t\t\t\t<\/div>\n\t\t<\/div>\n\t\t\t\t\t<\/div>\n\t\t<\/section>\n\t\t\t\t\t<\/div>\n\t\t<\/div>\n\t\t\t\t\t<\/div>\n\t\t<\/section>\n\t\t\t\t<\/div>\n\t\t","protected":false},"excerpt":{"rendered":"<p>Die Gr\u00fcn\u00adde\u00adrin der Bio-Bal\u00adkon-Bewe\u00adgung Bir\u00adgit Schatt\u00adling konn\u00adte f\u00fcr die von ihr in 2017 initi\u00adier\u00adte Bio-Bal\u00adkon-Bewe\u00adgung diver\u00adse Prei\u00adse ent\u00adge\u00adgen\u00adneh\u00admen.<\/p>","protected":false},"author":5,"featured_media":10276,"parent":0,"menu_order":113,"comment_status":"closed","ping_status":"closed","template":"","meta":{"_acf_changed":false,"wp_typography_post_enhancements_disabled":false,"footnotes":""},"class_list":["post-7718","page","type-page","status-publish","has-post-thumbnail","hentry"],"acf":[],"_links":{"self":[{"href":"https:\/\/bio-balkon.de\/en\/wp-json\/wp\/v2\/pages\/7718","targetHints":{"allow":["GET"]}}],"collection":[{"href":"https:\/\/bio-balkon.de\/en\/wp-json\/wp\/v2\/pages"}],"about":[{"href":"https:\/\/bio-balkon.de\/en\/wp-json\/wp\/v2\/types\/page"}],"author":[{"embeddable":true,"href":"https:\/\/bio-balkon.de\/en\/wp-json\/wp\/v2\/users\/5"}],"replies":[{"embeddable":true,"href":"https:\/\/bio-balkon.de\/en\/wp-json\/wp\/v2\/comments?post=7718"}],"version-history":[{"count":0,"href":"https:\/\/bio-balkon.de\/en\/wp-json\/wp\/v2\/pages\/7718\/revisions"}],"wp:featuredmedia":[{"embeddable":true,"href":"https:\/\/bio-balkon.de\/en\/wp-json\/wp\/v2\/media\/10276"}],"wp:attachment":[{"href":"https:\/\/bio-balkon.de\/en\/wp-json\/wp\/v2\/media?parent=7718"}],"curies":[{"name":"wp","href":"https:\/\/api.w.org\/{rel}","templated":true}]}}