{"id":67407,"date":"2024-05-23T16:12:33","date_gmt":"2024-05-23T14:12:33","guid":{"rendered":"https:\/\/bio-balkon.de\/?page_id=67407"},"modified":"2026-02-23T15:40:26","modified_gmt":"2026-02-23T14:40:26","slug":"best-of-biodiversitaet","status":"publish","type":"page","link":"https:\/\/bio-balkon.de\/en\/best-of-biodiversitaet\/","title":{"rendered":"Best of Bio\u00addi\u00adver\u00adsi\u00adt\u00e4t"},"content":{"rendered":"<div data-elementor-type=\"wp-page\" data-elementor-id=\"67407\" class=\"elementor elementor-67407\" data-elementor-post-type=\"page\">\n\t\t\t\t<div class=\"elementor-element elementor-element-c6dcad4 e-flex e-con-boxed e-con e-parent\" data-id=\"c6dcad4\" data-element_type=\"container\" data-e-type=\"container\" data-settings=\"{&quot;background_background&quot;:&quot;classic&quot;}\">\n\t\t\t\t\t<div class=\"e-con-inner\">\n\t\t<div class=\"elementor-element elementor-element-bc84785 e-con-full e-flex e-con e-child\" data-id=\"bc84785\" data-element_type=\"container\" data-e-type=\"container\" data-settings=\"{&quot;background_background&quot;:&quot;classic&quot;}\">\n\t\t\t\t<div class=\"elementor-element elementor-element-c8fb89b elementor-widget elementor-widget-text-editor\" data-id=\"c8fb89b\" data-element_type=\"widget\" data-e-type=\"widget\" data-widget_type=\"text-editor.default\">\n\t\t\t\t\t\t\t\t\t<p><strong><span style=\"color: #cc3b36;\">Bio\u00addi\u00adver\u00adsi\u00adt\u00e4t f\u00fcr Unter\u00adneh\u00admen<br><\/span><\/strong><\/p>\t\t\t\t\t\t\t\t<\/div>\n\t\t\t\t<div class=\"elementor-element elementor-element-6c1de8f elementor-widget elementor-widget-heading\" data-id=\"6c1de8f\" data-element_type=\"widget\" data-e-type=\"widget\" data-widget_type=\"heading.default\">\n\t\t\t\t\t<h2 class=\"elementor-heading-title elementor-size-default\">Bio\u00addi\u00adver\u00adsi\u00adt\u00e4t als Unter\u00adneh\u00admen lokal f\u00f6r\u00addern: Gr\u00fc\u00adne Oasen und mess\u00adba\u00adre Erfol\u00adge auf klei\u00adnem Raum schaf\u00adfen\n<\/h2>\t\t\t\t<\/div>\n\t\t\t\t<div class=\"elementor-element elementor-element-224c98f elementor-widget elementor-widget-text-editor\" data-id=\"224c98f\" data-element_type=\"widget\" data-e-type=\"widget\" data-widget_type=\"text-editor.default\">\n\t\t\t\t\t\t\t\t\t<p><strong>Ver\u00adwan\u00addelt euer Fir\u00admen\u00adge\u00adl\u00e4n\u00adde in eine wert\u00advol\u00adle \u00f6ko\u00adlo\u00adgi\u00adsche Fl\u00e4\u00adche: Mit dem \u201eBio\u00addi\u00adver\u00adsi\u00adt\u00e4t f\u00fcr Unter\u00adneh\u00admen\u201c Video-Paket f\u00f6r\u00addert ihr die Resi\u00adli\u00adenz eures Stand\u00adorts und erf\u00fcllt moder\u00adne Nach\u00adhal\u00adtig\u00adkeits\u00adan\u00adfor\u00adde\u00adrun\u00adgen.<\/strong><\/p><p>F\u00f6r\u00addert die Bio\u00addi\u00adver\u00adsi\u00adt\u00e4t auf klei\u00adnem Raum und schafft wert\u00advol\u00adle Tritt\u00adstein\u00adbio\u00adto\u00adpe direkt auf eurem Fir\u00admen\u00adge\u00adl\u00e4n\u00adde oder auf loka\u00adlen Fl\u00e4\u00adchen mit Part\u00adnern. Wir zei\u00adgen euch, wie ihr Bio\u00addi\u00adver\u00adsi\u00adt\u00e4t nicht nur sch\u00fctzt, son\u00addern als fes\u00adten Bestand\u00adteil eurer ESG-Stra\u00adte\u00adgie ver\u00adan\u00adkert. In weni\u00adgen Mona\u00adten setzt ihr ein sicht\u00adba\u00adres Zei\u00adchen f\u00fcr die Wie\u00adder\u00adher\u00adstel\u00adlung von \u00d6ko\u00adsys\u00adte\u00admen, das euer Team-Gef\u00fchl st\u00e4rkt und eure Zukunfts\u00adf\u00e4\u00adhig\u00adkeit sichert.<\/p><p><strong>Jetzt Zugang zum Video-Paket sichern und Nach\u00adhal\u00adtig\u00adkeits-Zie\u00adle errei\u00adchen:<\/strong><\/p>\t\t\t\t\t\t\t\t<\/div>\n\t\t\t\t<div class=\"elementor-element elementor-element-55a6a28 elementor-align-center elementor-widget elementor-widget-button\" data-id=\"55a6a28\" data-element_type=\"widget\" data-e-type=\"widget\" data-widget_type=\"button.default\">\n\t\t\t\t\t\t\t\t\t\t<a class=\"elementor-button elementor-button-link elementor-size-sm\" href=\"https:\/\/www.digistore24.com\/product\/437709?voucher=KMU\">\n\t\t\t\t\t\t<span class=\"elementor-button-content-wrapper\">\n\t\t\t\t\t\t\t\t\t<span class=\"elementor-button-text\">Jetzt Video-Paket kau\u00adfen<\/span>\n\t\t\t\t\t<\/span>\n\t\t\t\t\t<\/a>\n\t\t\t\t\t\t\t\t<\/div>\n\t\t\t\t<\/div>\n\t\t\t\t\t<\/div>\n\t\t\t\t<\/div>\n\t\t<div class=\"elementor-element elementor-element-45a5276 e-flex e-con-boxed e-con e-parent\" data-id=\"45a5276\" data-element_type=\"container\" data-e-type=\"container\" data-settings=\"{&quot;background_background&quot;:&quot;classic&quot;}\">\n\t\t\t\t\t<div class=\"e-con-inner\">\n\t\t\t\t<div class=\"elementor-element elementor-element-db17b86 elementor-widget__width-initial elementor-widget-tablet__width-inherit elementor-widget elementor-widget-text-editor\" data-id=\"db17b86\" data-element_type=\"widget\" data-e-type=\"widget\" data-widget_type=\"text-editor.default\">\n\t\t\t\t\t\t\t\t\t<h2 style=\"text-align: center;\">War\u00adum die F\u00f6r\u00adde\u00adrung von loka\u00adler Bio\u00addi\u00adver\u00adsi\u00adt\u00e4t auch auf klei\u00adnen Fl\u00e4\u00adchen einen stra\u00adte\u00adgi\u00adschen Mehr\u00adwert lie\u00adfert<\/h2><p>Vie\u00adle Gewer\u00adbe\u00adfl\u00e4\u00adchen bie\u00adten bis\u00adher unge\u00adnutz\u00adte Poten\u00adzia\u00adle. Doch im Rah\u00admen der CSRD (Cor\u00adpo\u00adra\u00adte Sus\u00adtaina\u00adbi\u00adli\u00adty Report\u00ading Direc\u00adti\u00adve) und dem Stan\u00addard ESRS E4 (Bio\u00addi\u00adver\u00adsi\u00adt\u00e4t und \u00d6ko\u00adsys\u00adte\u00adme) wird Natur\u00adka\u00adpi\u00adtal f\u00fcr Unter\u00adneh\u00admen mess\u00adbar und stra\u00adte\u00adgisch wich\u00adtig.<\/p><ul><li>Jeder Qua\u00addrat\u00adme\u00adter z\u00e4hlt: Kleinst\u00adfl\u00e4\u00adchen wer\u00adden zu wert\u00advol\u00adlen Lebens\u00adr\u00e4u\u00admen, die eurem Unter\u00adneh\u00admen hel\u00adfen, einen posi\u00adti\u00adven Bei\u00adtrag zu leis\u00adten.<\/li><li>Com\u00adpli\u00adance &amp; Lie\u00adfer\u00adket\u00adte: Erf\u00fcllt die stei\u00adgen\u00adden Anfor\u00adde\u00adrun\u00adgen von Ban\u00adken und Gro\u00df\u00adkun\u00adden, die heu\u00adte detail\u00adlier\u00adte Infos zu eurer \u00f6ko\u00adlo\u00adgi\u00adschen Ver\u00adant\u00adwor\u00adtung ver\u00adlan\u00adgen.<\/li><li>Stand\u00adort-Resi\u00adli\u00adenz: Natur\u00adna\u00adhe Fl\u00e4\u00adchen ver\u00adbes\u00adsern das Mikro\u00adkli\u00adma, sch\u00fct\u00adzen bei Stark\u00adre\u00adgen und sen\u00adken lang\u00adfris\u00adtig Bewirt\u00adschaf\u00adtungs\u00adkos\u00adten.<\/li><li>Arbeit\u00adge\u00adber\u00adat\u00adtrak\u00adti\u00advi\u00adt\u00e4t: Schafft Pau\u00adsen\u00adzo\u00adnen zwi\u00adschen Wild\u00adblu\u00admen, die nicht nur Insek\u00adten n\u00fct\u00adzen, son\u00addern auch das Wohl\u00adbe\u00adfin\u00adden eures Teams f\u00f6r\u00addern.<\/li><li>Jeder Qua\u00addrat\u00adme\u00adter z\u00e4hlt! Mit dem rich\u00adti\u00adgen Wis\u00adsen wer\u00adden eure kleins\u00adten Fl\u00e4\u00adchen zu wert\u00advol\u00adlen Tritt\u00adstein-Bio\u00adto\u00adpen, die Insek\u00adten und V\u00f6geln das \u00dcber\u00adle\u00adben sichern und wert\u00advol\u00adlen Lebens\u00adraum zum nis\u00adten, fres\u00adsen, ras\u00adten und ver\u00admeh\u00adren bie\u00adten.<\/li><\/ul>\t\t\t\t\t\t\t\t<\/div>\n\t\t\t\t<div class=\"elementor-element elementor-element-8cf9f9e elementor-widget elementor-widget-video\" data-id=\"8cf9f9e\" data-element_type=\"widget\" data-e-type=\"widget\" data-settings=\"{&quot;yt_privacy&quot;:&quot;yes&quot;,&quot;video_type&quot;:&quot;vimeo&quot;}\" data-widget_type=\"video.default\">\n\t\t\t\t\t\t\t<div class=\"elementor-wrapper elementor-open-inline\">\n\t\t\t<iframe class=\"elementor-video-iframe\" allowfullscreen allow=\"clipboard-write\" title=\"vimeo Video Player\" src=\"https:\/\/player.vimeo.com\/video\/1167366461?color&amp;autopause=0&amp;dnt=true&amp;loop=0&amp;muted=0&amp;title=1&amp;portrait=1&amp;byline=1#t=\" data-no-translation-title><\/iframe>\t\t<\/div>\n\t\t\t\t\t\t<\/div>\n\t\t\t\t\t<\/div>\n\t\t\t\t<\/div>\n\t\t<div class=\"elementor-element elementor-element-4445015 e-flex e-con-boxed e-con e-parent\" data-id=\"4445015\" data-element_type=\"container\" data-e-type=\"container\" data-settings=\"{&quot;background_background&quot;:&quot;classic&quot;}\">\n\t\t\t\t\t<div class=\"e-con-inner\">\n\t\t\t\t<div class=\"elementor-element elementor-element-cbe53f5 elementor-widget__width-initial elementor-widget-tablet__width-inherit elementor-widget elementor-widget-image\" data-id=\"cbe53f5\" data-element_type=\"widget\" data-e-type=\"widget\" data-widget_type=\"image.default\">\n\t\t\t\t\t\t\t\t\t\t\t\t\t\t\t<img loading=\"lazy\" decoding=\"async\" width=\"768\" height=\"576\" src=\"https:\/\/bio-balkon.de\/wp-content\/uploads\/2026\/02\/Aussaat-durch-Gaby-in-der-Klmaterrasse-sitzend-@-Birgit-Schattling-www.bio-balkon.de_-768x576.avif\" class=\"attachment-medium_large size-medium_large wp-image-88383\" alt=\"Aussaat in der Balkonschule Berlin\" srcset=\"https:\/\/bio-balkon.de\/wp-content\/uploads\/2026\/02\/Aussaat-durch-Gaby-in-der-Klmaterrasse-sitzend-@-Birgit-Schattling-www.bio-balkon.de_-768x576.avif 768w, https:\/\/bio-balkon.de\/wp-content\/uploads\/2026\/02\/Aussaat-durch-Gaby-in-der-Klmaterrasse-sitzend-@-Birgit-Schattling-www.bio-balkon.de_-300x225.avif 300w, https:\/\/bio-balkon.de\/wp-content\/uploads\/2026\/02\/Aussaat-durch-Gaby-in-der-Klmaterrasse-sitzend-@-Birgit-Schattling-www.bio-balkon.de_-1024x768.avif 1024w, https:\/\/bio-balkon.de\/wp-content\/uploads\/2026\/02\/Aussaat-durch-Gaby-in-der-Klmaterrasse-sitzend-@-Birgit-Schattling-www.bio-balkon.de_-1536x1152.avif 1536w, https:\/\/bio-balkon.de\/wp-content\/uploads\/2026\/02\/Aussaat-durch-Gaby-in-der-Klmaterrasse-sitzend-@-Birgit-Schattling-www.bio-balkon.de_-16x12.avif 16w, https:\/\/bio-balkon.de\/wp-content\/uploads\/2026\/02\/Aussaat-durch-Gaby-in-der-Klmaterrasse-sitzend-@-Birgit-Schattling-www.bio-balkon.de_-1320x990.avif 1320w, https:\/\/bio-balkon.de\/wp-content\/uploads\/2026\/02\/Aussaat-durch-Gaby-in-der-Klmaterrasse-sitzend-@-Birgit-Schattling-www.bio-balkon.de_.avif 1600w\" sizes=\"auto, (max-width: 768px) 100vw, 768px\">\t\t\t\t\t\t\t\t\t\t\t\t\t\t\t<\/div>\n\t\t\t\t<div class=\"elementor-element elementor-element-791854b elementor-widget__width-initial elementor-widget-tablet__width-inherit elementor-widget elementor-widget-text-editor\" data-id=\"791854b\" data-element_type=\"widget\" data-e-type=\"widget\" data-widget_type=\"text-editor.default\">\n\t\t\t\t\t\t\t\t\t<h2 style=\"text-align: center;\">Was dich im Video-Paket erwar\u00adtet<\/h2><h3 style=\"text-align: center;\">Dein Rund\u00adum-sorg\u00adlos-Paket f\u00fcr mehr Bio\u00addi\u00adver\u00adsi\u00adt\u00e4t auf euren Fl\u00e4\u00adchen<\/h3><p>Unser Video-Paket lie\u00adfert dir und dei\u00adnem Team das Wis\u00adsen und die Werk\u00adzeu\u00adge, um die wesent\u00adli\u00adchen Ele\u00admen\u00adte der Bio\u00addi\u00adver\u00adsi\u00adt\u00e4t zu ver\u00adste\u00adhen und anschlie\u00ad\u00dfend euer loka\u00adles gr\u00fc\u00adnes Pro\u00adjekt zu einer Bio\u00addi\u00adver\u00adsi\u00adt\u00e4ts-Oase.<\/p><ul><li>\u00dcber 15 Exper\u00adten-Vide\u00ados: Pra\u00adxis\u00adna\u00adhes Wis\u00adsen von erfah\u00adre\u00adnen, preis\u00adge\u00adkr\u00f6n\u00adten Exper\u00adten und Refe\u00adren\u00adten f\u00fcr Bio\u00addi\u00adver\u00adsi\u00adt\u00e4t (je ca. 45\u201360 Min.).<\/li><li>Schritt-f\u00fcr-Schritt-Anlei\u00adtun\u00adgen: Von der \u201eordent\u00adli\u00adchen\u201c natur\u00adna\u00adhen Gestal\u00adtung bis zum Manage\u00adment von N\u00fctz\u00adlin\u00adgen.<\/li><li>Pra\u00adxis\u00adnah und umset\u00adzungs\u00adori\u00aden\u00adtiert: Von der Gestal\u00adtung arten\u00adrei\u00adcher Fir\u00admen\u00adfl\u00e4\u00adchen bis zur Anla\u00adge von Tritt\u00adstein-Bio\u00adto\u00adpen \u2013 lernt, wie ihr Tritt\u00adstein\u00adbio\u00adto\u00adpe so anlegt, dass sie einen ech\u00adten \u00f6ko\u00adlo\u00adgi\u00adschen Impact haben.<\/li><li>Exklu\u00adsi\u00adve Mate\u00adri\u00adal\u00adsamm\u00adlung: Link\u00adlis\u00adten, E\u2011Books, Pflan\u00adzen\u00adlis\u00adten f\u00fcr jeden Stand\u00adort und Bau\u00adan\u00adlei\u00adtun\u00adgen f\u00fcr Nist\u00adhil\u00adfen uvm.<\/li><li>Dau\u00ader\u00adhaf\u00adter Zugriff: Ide\u00adal als Wei\u00adter\u00adbil\u00addung f\u00fcr euer Green Team, um das Bio\u00addi\u00adver\u00adsi\u00adt\u00e4ts-Pro\u00adjekt nach\u00adhal\u00adtig im Unter\u00adneh\u00admen zu ver\u00adan\u00adkern.<\/li><\/ul>\t\t\t\t\t\t\t\t<\/div>\n\t\t\t\t\t<\/div>\n\t\t\t\t<\/div>\n\t\t<div class=\"elementor-element elementor-element-d3b1066 e-flex e-con-boxed e-con e-parent\" data-id=\"d3b1066\" data-element_type=\"container\" data-e-type=\"container\" data-settings=\"{&quot;background_background&quot;:&quot;classic&quot;}\">\n\t\t\t\t\t<div class=\"e-con-inner\">\n\t\t\t\t<div class=\"elementor-element elementor-element-ee88d6c elementor-widget-tablet__width-inherit elementor-widget elementor-widget-text-editor\" data-id=\"ee88d6c\" data-element_type=\"widget\" data-e-type=\"widget\" data-widget_type=\"text-editor.default\">\n\t\t\t\t\t\t\t\t\t<h2 style=\"text-align: center;\">Dein Weg zur gr\u00fc\u00adnen Oase: Die Kurs-Etap\u00adpen<\/h2><p>In f\u00fcnf Schrit\u00adten beglei\u00adten wir dich und dein Team von der ers\u00adten Idee bis zum mess\u00adba\u00adren Erfolg. So ist dein Kurs struk\u00adtu\u00adriert:<\/p><h3 style=\"text-align: center;\">Schritt 1: Dein Fun\u00adda\u00adment: Basis\u00adwis\u00adsen<\/h3><p>In Kapi\u00adtel 1 tauchst du in die Grund\u00adla\u00adgen der Bio\u00addi\u00adver\u00adsi\u00adt\u00e4t ein. Du lernst die wich\u00adtigs\u00adten Kon\u00adzep\u00adte ken\u00adnen, damit du von Anfang an ver\u00adstehst, wor\u00adauf es wirk\u00adlich ankommt.<\/p><h3 style=\"text-align: center;\">Schritt 2: Rein in die Pra\u00adxis: Best Prac\u00adti\u00adces<\/h3><p>In Kapi\u00adtel 2 geht es ans Machen! Lass dich von erfolg\u00adrei\u00adchen Bei\u00adspie\u00adlen inspi\u00adrie\u00adren und erhal\u00adte kon\u00adkre\u00adte Anlei\u00adtun\u00adgen, um dein gr\u00fc\u00adnes Pro\u00adjekt direkt auf eurem Fir\u00admen\u00adge\u00adl\u00e4n\u00adde oder lokal zu star\u00adten.<\/p><h3 style=\"text-align: center;\">Schritt 3: Das gro\u00ad\u00dfe Gan\u00adze: Zusam\u00admen\u00adh\u00e4n\u00adge ver\u00adste\u00adhen<\/h3><p>In Kapi\u00adtel 3 ver\u00adtiefst du dein Wis\u00adsen. Du lernst die kom\u00adple\u00adxen Wech\u00adsel\u00adwir\u00adkun\u00adgen zwi\u00adschen Bio\u00addi\u00adver\u00adsi\u00adt\u00e4t, Kli\u00adma und Res\u00adsour\u00adcen ken\u00adnen und ver\u00adstehst die glo\u00adba\u00adle Wir\u00adkung dei\u00adnes Han\u00addelns auf unser aller Wirt\u00adschafts- und Lebens\u00adgrund\u00adla\u00adgen.<\/p><h3 style=\"text-align: center;\">Schritt 4: Erfol\u00adge sicht\u00adbar machen: Moni\u00adto\u00adring<\/h3><p>In Kapi\u00adtel 4 zei\u00adgen wir dir, wie du eure Fort\u00adschrit\u00adte doku\u00admen\u00adtierst. Per\u00adfekt, um eure \u00f6ko\u00adlo\u00adgi\u00adschen Erfol\u00adge schwarz auf wei\u00df f\u00fcr eure Nach\u00adhal\u00adtig\u00adkeits\u00adbe\u00adrich\u00adte fest\u00adzu\u00adhal\u00adten.<\/p><h3 style=\"text-align: center;\">Schritt 5: Dein Exper\u00adten-Bonus: Mate\u00adri\u00adal\u00adsamm\u00adlung<\/h3><p>In den Kapi\u00adteln 5 &amp; 6 war\u00adtet das vol\u00adle Pro\u00adfi-Wis\u00adsen auf dich: Nut\u00adze vie\u00adle zus\u00e4tz\u00adli\u00adche Exper\u00adten-Vide\u00ados und unse\u00adre umfang\u00adrei\u00adche Samm\u00adlung an Pflan\u00adzen\u00adlis\u00adten und Check\u00adlis\u00adten.<\/p>\t\t\t\t\t\t\t\t<\/div>\n\t\t\t\t<div class=\"elementor-element elementor-element-c73cdf1 elementor-align-center elementor-widget elementor-widget-button\" data-id=\"c73cdf1\" data-element_type=\"widget\" data-e-type=\"widget\" data-widget_type=\"button.default\">\n\t\t\t\t\t\t\t\t\t\t<a class=\"elementor-button elementor-button-link elementor-size-sm\" href=\"https:\/\/www.digistore24.com\/product\/437709?voucher=KMU\">\n\t\t\t\t\t\t<span class=\"elementor-button-content-wrapper\">\n\t\t\t\t\t\t\t\t\t<span class=\"elementor-button-text\">Jetzt Video-Paket kau\u00adfen<\/span>\n\t\t\t\t\t<\/span>\n\t\t\t\t\t<\/a>\n\t\t\t\t\t\t\t\t<\/div>\n\t\t\t\t\t<\/div>\n\t\t\t\t<\/div>\n\t\t<div class=\"elementor-element elementor-element-39e11dd e-flex e-con-boxed e-con e-parent\" data-id=\"39e11dd\" data-element_type=\"container\" data-e-type=\"container\" data-settings=\"{&quot;background_background&quot;:&quot;classic&quot;}\">\n\t\t\t\t\t<div class=\"e-con-inner\">\n\t\t\t\t<div class=\"elementor-element elementor-element-cfb3bdb elementor-widget__width-initial elementor-widget-tablet__width-inherit elementor-widget elementor-widget-text-editor\" data-id=\"cfb3bdb\" data-element_type=\"widget\" data-e-type=\"widget\" data-widget_type=\"text-editor.default\">\n\t\t\t\t\t\t\t\t\t<h2 style=\"text-align: center;\">F\u00fcr wen ist das Paket geeig\u00adnet?<\/h2><p>Die\u00adses Paket rich\u00adtet sich an zukunfts\u00adori\u00aden\u00adtier\u00adte Unter\u00adneh\u00admen, die Bio\u00addi\u00adver\u00adsi\u00adt\u00e4t als Chan\u00adce begrei\u00adfen und aktiv f\u00f6r\u00addern m\u00f6ch\u00adten. Ob Nach\u00adhal\u00adtig\u00adkeits\u00adbe\u00adauf\u00adtrag\u00adte, Mit\u00adglie\u00adder eines Green Teams oder die Gesch\u00e4fts\u00adf\u00fch\u00adrung: Wir lie\u00adfern euch die fach\u00adli\u00adche Basis f\u00fcr fun\u00addier\u00adte Ent\u00adschei\u00addun\u00adgen, pra\u00adxis\u00adna\u00adhe L\u00f6sun\u00adgen und ech\u00adte Wir\u00adkung.<\/p>\t\t\t\t\t\t\t\t<\/div>\n\t\t\t\t<div class=\"elementor-element elementor-element-8564010 elementor-widget__width-initial elementor-widget-tablet__width-inherit elementor-widget elementor-widget-image\" data-id=\"8564010\" data-element_type=\"widget\" data-e-type=\"widget\" data-widget_type=\"image.default\">\n\t\t\t\t\t\t\t\t\t\t\t\t\t\t\t<img loading=\"lazy\" decoding=\"async\" width=\"768\" height=\"644\" src=\"https:\/\/bio-balkon.de\/wp-content\/uploads\/2026\/02\/Kurs-Biodiversitaet-fuer-Unternehmen-768x644.avif\" class=\"attachment-medium_large size-medium_large wp-image-88581\" alt srcset=\"https:\/\/bio-balkon.de\/wp-content\/uploads\/2026\/02\/Kurs-Biodiversitaet-fuer-Unternehmen-768x644.avif 768w, https:\/\/bio-balkon.de\/wp-content\/uploads\/2026\/02\/Kurs-Biodiversitaet-fuer-Unternehmen-300x251.avif 300w, https:\/\/bio-balkon.de\/wp-content\/uploads\/2026\/02\/Kurs-Biodiversitaet-fuer-Unternehmen-14x12.avif 14w, https:\/\/bio-balkon.de\/wp-content\/uploads\/2026\/02\/Kurs-Biodiversitaet-fuer-Unternehmen.avif 940w\" sizes=\"auto, (max-width: 768px) 100vw, 768px\">\t\t\t\t\t\t\t\t\t\t\t\t\t\t\t<\/div>\n\t\t\t\t\t<\/div>\n\t\t\t\t<\/div>\n\t\t<div class=\"elementor-element elementor-element-6bb393a e-flex e-con-boxed e-con e-child\" data-id=\"6bb393a\" data-element_type=\"container\" data-e-type=\"container\" data-settings=\"{&quot;background_background&quot;:&quot;classic&quot;}\">\n\t\t\t\t\t<div class=\"e-con-inner\">\n\t\t\t\t<div class=\"elementor-element elementor-element-230a0aa elementor-widget__width-initial elementor-widget elementor-widget-text-editor\" data-id=\"230a0aa\" data-element_type=\"widget\" data-e-type=\"widget\" data-widget_type=\"text-editor.default\">\n\t\t\t\t\t\t\t\t\t<h2>Unse\u00adre Expert:innen und Referent:innen<\/h2><p>Unse\u00adre Expert:innen und Referent:innen sind lei\u00adden\u00adschaft\u00adli\u00adche G\u00e4rtner:innen, Biodiversit\u00e4tsexpert:innen und erfolg\u00adrei\u00adche Autor:innen. Sie tei\u00adlen mit\u00adrei\u00adsend und pra\u00adxis\u00adnah ihr Wis\u00adsen und ihre Erfah\u00adrun\u00adgen, um dich dabei zu unter\u00adst\u00fct\u00adzen, Bio\u00addi\u00adver\u00adsi\u00adt\u00e4t auch schon auf klei\u00adnen Fl\u00e4\u00adchen erfolg\u00adreich zu f\u00f6r\u00addern.<\/p><p>Unter jedem Video fin\u00addest du zahl\u00adrei\u00adche Links zu Web\u00adsei\u00adten, Blogs, News\u00adlet\u00adtern und B\u00fcchern der Expert:innen und Referent:innen, sowie deren Social Media Kan\u00e4\u00adle, um dich auch direkt mit ihnen ver\u00adnet\u00adzen zu k\u00f6n\u00adnen.<\/p>\t\t\t\t\t\t\t\t<\/div>\n\t\t<div class=\"elementor-element elementor-element-8c4f452 e-grid e-con-boxed e-con e-child\" data-id=\"8c4f452\" data-element_type=\"container\" data-e-type=\"container\">\n\t\t\t\t\t<div class=\"e-con-inner\">\n\t\t\t\t<div class=\"elementor-element elementor-element-5cfddd0 elementor-position-top elementor-widget elementor-widget-image-box\" data-id=\"5cfddd0\" data-element_type=\"widget\" data-e-type=\"widget\" data-widget_type=\"image-box.default\">\n\t\t\t\t\t<div class=\"elementor-image-box-wrapper\"><figure class=\"elementor-image-box-img\"><a href=\"https:\/\/bio-balkon.de\/en\/experts\/prof-dr-klaus-neumann\/\" target=\"_blank\" tabindex=\"-1\"><img loading=\"lazy\" decoding=\"async\" width=\"150\" height=\"150\" src=\"https:\/\/bio-balkon.de\/wp-content\/uploads\/2023\/02\/Prof.-Dr.-Klaus-Neumann-150x150.avif\" class=\"attachment-thumbnail size-thumbnail wp-image-50878\" alt=\"Prof. Dr. Klaus Neumann h\u00e4lt den Einf\u00fchrungsvortrag zur Stadtnatur\" srcset=\"https:\/\/bio-balkon.de\/wp-content\/uploads\/2023\/02\/Prof.-Dr.-Klaus-Neumann-150x150.avif 150w, https:\/\/bio-balkon.de\/wp-content\/uploads\/2023\/02\/Prof.-Dr.-Klaus-Neumann-300x300.avif 300w, https:\/\/bio-balkon.de\/wp-content\/uploads\/2023\/02\/Prof.-Dr.-Klaus-Neumann.avif 341w\" sizes=\"auto, (max-width: 150px) 100vw, 150px\"><\/a><\/figure><div class=\"elementor-image-box-content\"><h6 class=\"elementor-image-box-title\"><a href=\"https:\/\/bio-balkon.de\/en\/experts\/prof-dr-klaus-neumann\/\" target=\"_blank\">Prof. Dr. Klaus Neu\u00admann<\/a><\/h6><p class=\"elementor-image-box-description\">Land\u00adschafts\u00adar\u00adchi\u00adtekt &amp; Pr\u00e4\u00adsi\u00addent der Deut\u00adschen Gar\u00adten\u00adbau Gesell\u00adschaft 1822 e.V. (DGG)\n<\/p><\/div><\/div>\t\t\t\t<\/div>\n\t\t\t\t<div class=\"elementor-element elementor-element-4865673 elementor-position-top elementor-widget elementor-widget-image-box\" data-id=\"4865673\" data-element_type=\"widget\" data-e-type=\"widget\" data-widget_type=\"image-box.default\">\n\t\t\t\t\t<div class=\"elementor-image-box-wrapper\"><figure class=\"elementor-image-box-img\"><a href=\"https:\/\/bio-balkon.de\/en\/experts\/dr-andreas-fleischmann\/\" target=\"_blank\" tabindex=\"-1\"><img loading=\"lazy\" decoding=\"async\" width=\"150\" height=\"150\" src=\"https:\/\/bio-balkon.de\/wp-content\/uploads\/2021\/10\/Dr.-Andreas-Fleischmann--150x150.avif\" class=\"attachment-thumbnail size-thumbnail wp-image-34041\" alt=\"Der Wildbienen-Experte Dr. Andreas Fleischmann spricht beim Online Bio-Balkon-Kongress\" srcset=\"https:\/\/bio-balkon.de\/wp-content\/uploads\/2021\/10\/Dr.-Andreas-Fleischmann--150x150.avif 150w, https:\/\/bio-balkon.de\/wp-content\/uploads\/2021\/10\/Dr.-Andreas-Fleischmann--300x300.avif 300w, https:\/\/bio-balkon.de\/wp-content\/uploads\/2021\/10\/Dr.-Andreas-Fleischmann--768x768.avif 768w, https:\/\/bio-balkon.de\/wp-content\/uploads\/2021\/10\/Dr.-Andreas-Fleischmann--12x12.avif 12w, https:\/\/bio-balkon.de\/wp-content\/uploads\/2021\/10\/Dr.-Andreas-Fleischmann-.avif 1000w\" sizes=\"auto, (max-width: 150px) 100vw, 150px\"><\/a><\/figure><div class=\"elementor-image-box-content\"><h6 class=\"elementor-image-box-title\"><a href=\"https:\/\/bio-balkon.de\/en\/experts\/dr-andreas-fleischmann\/\" target=\"_blank\">Dr. Andre\u00adas Fleisch\u00admann<\/a><\/h6><p class=\"elementor-image-box-description\">Bota\u00adni\u00adker und Wild\u00adbie\u00adnen\u00adfor\u00adscher an der Bota\u00adni\u00adschen Staats\u00adsamm\u00adlung M\u00fcn\u00adchen\n<\/p><\/div><\/div>\t\t\t\t<\/div>\n\t\t\t\t<div class=\"elementor-element elementor-element-4a9bffb elementor-position-top elementor-widget elementor-widget-image-box\" data-id=\"4a9bffb\" data-element_type=\"widget\" data-e-type=\"widget\" data-widget_type=\"image-box.default\">\n\t\t\t\t\t<div class=\"elementor-image-box-wrapper\"><figure class=\"elementor-image-box-img\"><a href=\"https:\/\/bio-balkon.de\/en\/experts\/rainer-altenkamp\/\" target=\"_blank\" tabindex=\"-1\"><img loading=\"lazy\" decoding=\"async\" width=\"150\" height=\"150\" src=\"https:\/\/bio-balkon.de\/wp-content\/uploads\/2022\/01\/vogelexperte-rainer-altenkamp-1-150x150.avif\" class=\"attachment-thumbnail size-thumbnail wp-image-36923\" alt=\"Der Vogelexperte vom NABU Berlin kl\u00e4rt beim Online Bio-Balkon-Kongress auf zum Vogelschutz auf Balkons.\" srcset=\"https:\/\/bio-balkon.de\/wp-content\/uploads\/2022\/01\/vogelexperte-rainer-altenkamp-1-150x150.avif 150w, https:\/\/bio-balkon.de\/wp-content\/uploads\/2022\/01\/vogelexperte-rainer-altenkamp-1-300x300.avif 300w, https:\/\/bio-balkon.de\/wp-content\/uploads\/2022\/01\/vogelexperte-rainer-altenkamp-1-768x768.avif 768w, https:\/\/bio-balkon.de\/wp-content\/uploads\/2022\/01\/vogelexperte-rainer-altenkamp-1-12x12.avif 12w, https:\/\/bio-balkon.de\/wp-content\/uploads\/2022\/01\/vogelexperte-rainer-altenkamp-1.avif 1000w\" sizes=\"auto, (max-width: 150px) 100vw, 150px\"><\/a><\/figure><div class=\"elementor-image-box-content\"><h6 class=\"elementor-image-box-title\"><a href=\"https:\/\/bio-balkon.de\/en\/experts\/rainer-altenkamp\/\" target=\"_blank\">Rai\u00adner Alten\u00adkamp<\/a><\/h6><p class=\"elementor-image-box-description\">Bio\u00adlo\u00adge, 1. Vor\u00adsit\u00adzen\u00adder NABU Lan\u00addes\u00adver\u00adband Ber\u00adlin<\/p><\/div><\/div>\t\t\t\t<\/div>\n\t\t\t\t<div class=\"elementor-element elementor-element-9a3d1f3 elementor-position-top elementor-widget elementor-widget-image-box\" data-id=\"9a3d1f3\" data-element_type=\"widget\" data-e-type=\"widget\" data-widget_type=\"image-box.default\">\n\t\t\t\t\t<div class=\"elementor-image-box-wrapper\"><figure class=\"elementor-image-box-img\"><a href=\"https:\/\/bio-balkon.de\/en\/experts\/sigrid-tinz-5\/\" target=\"_blank\" tabindex=\"-1\"><img loading=\"lazy\" decoding=\"async\" width=\"150\" height=\"150\" src=\"https:\/\/bio-balkon.de\/wp-content\/uploads\/2023\/09\/Sigrid-Tinz-Experten-2023-150x150.avif\" class=\"attachment-thumbnail size-thumbnail wp-image-60184\" alt=\"Biodiversity expert Sigrid Tinz speaks at the Organic Balcony Congress\" srcset=\"https:\/\/bio-balkon.de\/wp-content\/uploads\/2023\/09\/Sigrid-Tinz-Experten-2023-150x150.avif 150w, https:\/\/bio-balkon.de\/wp-content\/uploads\/2023\/09\/Sigrid-Tinz-Experten-2023-300x300.avif 300w, https:\/\/bio-balkon.de\/wp-content\/uploads\/2023\/09\/Sigrid-Tinz-Experten-2023-768x768.avif 768w, https:\/\/bio-balkon.de\/wp-content\/uploads\/2023\/09\/Sigrid-Tinz-Experten-2023-12x12.avif 12w, https:\/\/bio-balkon.de\/wp-content\/uploads\/2023\/09\/Sigrid-Tinz-Experten-2023.avif 1000w\" sizes=\"auto, (max-width: 150px) 100vw, 150px\"><\/a><\/figure><div class=\"elementor-image-box-content\"><h6 class=\"elementor-image-box-title\"><a href=\"https:\/\/bio-balkon.de\/en\/experts\/sigrid-tinz-5\/\" target=\"_blank\">Sig\u00adrid Tinz<\/a><\/h6><p class=\"elementor-image-box-description\">Geo\u00ad\u00f6ko\u00adlo\u00adgin, Jour\u00adna\u00adlis\u00adtin, Autorin und Refe\u00adren\u00adtin f\u00fcr Umwelt, Natur- und Gar\u00adten\u00adthe\u00admen<\/p><\/div><\/div>\t\t\t\t<\/div>\n\t\t\t\t<div class=\"elementor-element elementor-element-1e46ce7 elementor-position-top elementor-widget elementor-widget-image-box\" data-id=\"1e46ce7\" data-element_type=\"widget\" data-e-type=\"widget\" data-widget_type=\"image-box.default\">\n\t\t\t\t\t<div class=\"elementor-image-box-wrapper\"><figure class=\"elementor-image-box-img\"><a href=\"https:\/\/bio-balkon.de\/en\/experts\/dr-antje-arnold-2\/\" target=\"_blank\" tabindex=\"-1\"><img loading=\"lazy\" decoding=\"async\" width=\"150\" height=\"150\" src=\"https:\/\/bio-balkon.de\/wp-content\/uploads\/2021\/10\/Dr.-Antje-Arnold--150x150.avif\" class=\"attachment-thumbnail size-thumbnail wp-image-34073\" alt=\"Dr. Antje Arnold - Expertin f\u00fcr Biodiversit\u00e4t\" srcset=\"https:\/\/bio-balkon.de\/wp-content\/uploads\/2021\/10\/Dr.-Antje-Arnold--150x150.avif 150w, https:\/\/bio-balkon.de\/wp-content\/uploads\/2021\/10\/Dr.-Antje-Arnold--300x300.avif 300w, https:\/\/bio-balkon.de\/wp-content\/uploads\/2021\/10\/Dr.-Antje-Arnold--768x768.avif 768w, https:\/\/bio-balkon.de\/wp-content\/uploads\/2021\/10\/Dr.-Antje-Arnold--12x12.avif 12w, https:\/\/bio-balkon.de\/wp-content\/uploads\/2021\/10\/Dr.-Antje-Arnold-.avif 1000w\" sizes=\"auto, (max-width: 150px) 100vw, 150px\"><\/a><\/figure><div class=\"elementor-image-box-content\"><h6 class=\"elementor-image-box-title\"><a href=\"https:\/\/bio-balkon.de\/en\/experts\/dr-antje-arnold-2\/\" target=\"_blank\">Dr. Ant\u00adje Arnold<\/a><\/h6><p class=\"elementor-image-box-description\">Mole\u00adku\u00adlar\u00adbio\u00adlo\u00adgin und Fach\u00adjour\u00adna\u00adlis\u00adtin\n<\/p><\/div><\/div>\t\t\t\t<\/div>\n\t\t\t\t<div class=\"elementor-element elementor-element-fb08d66 elementor-position-top elementor-widget elementor-widget-image-box\" data-id=\"fb08d66\" data-element_type=\"widget\" data-e-type=\"widget\" data-widget_type=\"image-box.default\">\n\t\t\t\t\t<div class=\"elementor-image-box-wrapper\"><figure class=\"elementor-image-box-img\"><a href=\"https:\/\/bio-balkon.de\/en\/experts\/dr-juergen-herler-8\/\" target=\"_blank\" tabindex=\"-1\"><img loading=\"lazy\" decoding=\"async\" width=\"150\" height=\"150\" src=\"https:\/\/bio-balkon.de\/wp-content\/uploads\/2021\/09\/Ju\u0308rgen-Herler-66514387_10157587603165962_4336982083428679680_o-150x150.avif\" class=\"attachment-thumbnail size-thumbnail wp-image-33491\" alt=\"Here is the picture of the inventor and CEO of vertical beds for year-round vertical cultivation.\" srcset=\"https:\/\/bio-balkon.de\/wp-content\/uploads\/2021\/09\/Ju\u0308rgen-Herler-66514387_10157587603165962_4336982083428679680_o-150x150.avif 150w, https:\/\/bio-balkon.de\/wp-content\/uploads\/2021\/09\/Ju\u0308rgen-Herler-66514387_10157587603165962_4336982083428679680_o-300x300.avif 300w, https:\/\/bio-balkon.de\/wp-content\/uploads\/2021\/09\/Ju\u0308rgen-Herler-66514387_10157587603165962_4336982083428679680_o-1024x1024.avif 1024w, https:\/\/bio-balkon.de\/wp-content\/uploads\/2021\/09\/Ju\u0308rgen-Herler-66514387_10157587603165962_4336982083428679680_o-768x768.avif 768w, https:\/\/bio-balkon.de\/wp-content\/uploads\/2021\/09\/Ju\u0308rgen-Herler-66514387_10157587603165962_4336982083428679680_o-1320x1320.avif 1320w, https:\/\/bio-balkon.de\/wp-content\/uploads\/2021\/09\/Ju\u0308rgen-Herler-66514387_10157587603165962_4336982083428679680_o.avif 1412w\" sizes=\"auto, (max-width: 150px) 100vw, 150px\"><\/a><\/figure><div class=\"elementor-image-box-content\"><h6 class=\"elementor-image-box-title\"><a href=\"https:\/\/bio-balkon.de\/en\/experts\/dr-juergen-herler-8\/\" target=\"_blank\">Dr. J\u00fcr\u00adgen Her\u00adler<\/a><\/h6><p class=\"elementor-image-box-description\">Bio\u00adlo\u00adge, Unter\u00adneh\u00admer Her\u00adbi\u00ados Ver\u00adti\u00adkal\u00adbee\u00adte und Kli\u00adma\u00adter\u00adras\u00adsen, Autor<\/p><\/div><\/div>\t\t\t\t<\/div>\n\t\t\t\t<div class=\"elementor-element elementor-element-191ad0a elementor-position-top elementor-widget elementor-widget-image-box\" data-id=\"191ad0a\" data-element_type=\"widget\" data-e-type=\"widget\" data-widget_type=\"image-box.default\">\n\t\t\t\t\t<div class=\"elementor-image-box-wrapper\"><figure class=\"elementor-image-box-img\"><a href=\"https:\/\/bio-balkon.de\/en\/experts\/doris-kampas-5\/\" target=\"_blank\" tabindex=\"-1\"><img loading=\"lazy\" decoding=\"async\" width=\"150\" height=\"150\" src=\"https:\/\/bio-balkon.de\/wp-content\/uploads\/2021\/01\/Doris-Kampas-150x150.avif\" class=\"attachment-thumbnail size-thumbnail wp-image-19814\" alt=\"Doris Kampas is the expert for raised beds.\" srcset=\"https:\/\/bio-balkon.de\/wp-content\/uploads\/2021\/01\/Doris-Kampas-150x150.avif 150w, https:\/\/bio-balkon.de\/wp-content\/uploads\/2021\/01\/Doris-Kampas.avif 225w\" sizes=\"auto, (max-width: 150px) 100vw, 150px\"><\/a><\/figure><div class=\"elementor-image-box-content\"><h6 class=\"elementor-image-box-title\"><a href=\"https:\/\/bio-balkon.de\/en\/experts\/doris-kampas-5\/\" target=\"_blank\">Doris Kam\u00adpas<\/a><\/h6><p class=\"elementor-image-box-description\">Agrar\u00adwis\u00adsen\u00adschaft\u00adle\u00adrin,  Hoch\u00adbeet-Exper\u00adtin, Buch\u00adau\u00adto\u00adrin<\/p><\/div><\/div>\t\t\t\t<\/div>\n\t\t\t\t<div class=\"elementor-element elementor-element-f429d44 elementor-position-top elementor-widget elementor-widget-image-box\" data-id=\"f429d44\" data-element_type=\"widget\" data-e-type=\"widget\" data-widget_type=\"image-box.default\">\n\t\t\t\t\t<div class=\"elementor-image-box-wrapper\"><figure class=\"elementor-image-box-img\"><a href=\"https:\/\/bio-balkon.de\/en\/experts\/mirja-neff-2\/\" target=\"_blank\" tabindex=\"-1\"><img loading=\"lazy\" decoding=\"async\" width=\"150\" height=\"150\" src=\"https:\/\/bio-balkon.de\/wp-content\/uploads\/2021\/11\/Mirja-Neff-1-150x150.avif\" class=\"attachment-thumbnail size-thumbnail wp-image-34517\" alt=\"BUND wild bee ambassador, nature garden planner, nature photographer and Rheinhessen garden guide Mirja Neff will be speaking at the Online Bio-Balkon Congress.\" srcset=\"https:\/\/bio-balkon.de\/wp-content\/uploads\/2021\/11\/Mirja-Neff-1-150x150.avif 150w, https:\/\/bio-balkon.de\/wp-content\/uploads\/2021\/11\/Mirja-Neff-1-300x300.avif 300w, https:\/\/bio-balkon.de\/wp-content\/uploads\/2021\/11\/Mirja-Neff-1-768x768.avif 768w, https:\/\/bio-balkon.de\/wp-content\/uploads\/2021\/11\/Mirja-Neff-1-12x12.avif 12w, https:\/\/bio-balkon.de\/wp-content\/uploads\/2021\/11\/Mirja-Neff-1.avif 1000w\" sizes=\"auto, (max-width: 150px) 100vw, 150px\"><\/a><\/figure><div class=\"elementor-image-box-content\"><h6 class=\"elementor-image-box-title\"><a href=\"https:\/\/bio-balkon.de\/en\/experts\/mirja-neff-2\/\" target=\"_blank\">Mir\u00adja Neff<\/a><\/h6><p class=\"elementor-image-box-description\">Natur\u00adgar\u00adten\u00adpla\u00adne\u00adrin, Gar\u00adten\u00adf\u00fch\u00adre\u00adrin, BUND-Wild\u00adbie\u00adnen\u00adbot\u00adschaf\u00adte\u00adrin, Natur\u00adfo\u00adto\u00adgra\u00adfin,<\/p><\/div><\/div>\t\t\t\t<\/div>\n\t\t\t\t<div class=\"elementor-element elementor-element-eaed46d elementor-position-top elementor-widget elementor-widget-image-box\" data-id=\"eaed46d\" data-element_type=\"widget\" data-e-type=\"widget\" data-widget_type=\"image-box.default\">\n\t\t\t\t\t<div class=\"elementor-image-box-wrapper\"><figure class=\"elementor-image-box-img\"><a href=\"https:\/\/bio-balkon.de\/en\/experts\/dominik-jentzsch\/\" target=\"_blank\" tabindex=\"-1\"><img loading=\"lazy\" decoding=\"async\" width=\"150\" height=\"150\" src=\"https:\/\/bio-balkon.de\/wp-content\/uploads\/2023\/02\/Dominik-Jentzsch-Biodiversitaets-Experten-2023-150x150.avif\" class=\"attachment-thumbnail size-thumbnail wp-image-50265\" alt=\"Biodiversit\u00e4ts-Experte Dominik Jentzsch spricht beim Online Bio-Balkon-Kongress\" srcset=\"https:\/\/bio-balkon.de\/wp-content\/uploads\/2023\/02\/Dominik-Jentzsch-Biodiversitaets-Experten-2023-150x150.avif 150w, https:\/\/bio-balkon.de\/wp-content\/uploads\/2023\/02\/Dominik-Jentzsch-Biodiversitaets-Experten-2023-300x300.avif 300w, https:\/\/bio-balkon.de\/wp-content\/uploads\/2023\/02\/Dominik-Jentzsch-Biodiversitaets-Experten-2023-768x768.avif 768w, https:\/\/bio-balkon.de\/wp-content\/uploads\/2023\/02\/Dominik-Jentzsch-Biodiversitaets-Experten-2023-12x12.avif 12w, https:\/\/bio-balkon.de\/wp-content\/uploads\/2023\/02\/Dominik-Jentzsch-Biodiversitaets-Experten-2023.avif 1000w\" sizes=\"auto, (max-width: 150px) 100vw, 150px\"><\/a><\/figure><div class=\"elementor-image-box-content\"><h6 class=\"elementor-image-box-title\"><a href=\"https:\/\/bio-balkon.de\/en\/experts\/dominik-jentzsch\/\" target=\"_blank\">Domi\u00adnik Jentzsch<\/a><\/h6><p class=\"elementor-image-box-description\">Natur- und Umwelt\u00adp\u00e4d\u00adago\u00adge, \u00d6ffent\u00adlich\u00adkeits\u00adar\u00adbeit bei der Stif\u00adtung f\u00fcr Mensch und Umwelt<\/p><\/div><\/div>\t\t\t\t<\/div>\n\t\t\t\t<div class=\"elementor-element elementor-element-591031b elementor-position-top elementor-widget elementor-widget-image-box\" data-id=\"591031b\" data-element_type=\"widget\" data-e-type=\"widget\" data-widget_type=\"image-box.default\">\n\t\t\t\t\t<div class=\"elementor-image-box-wrapper\"><figure class=\"elementor-image-box-img\"><a href=\"https:\/\/bio-balkon.de\/en\/experts\/markus-burkhard\/\" target=\"_blank\" tabindex=\"-1\"><img loading=\"lazy\" decoding=\"async\" width=\"150\" height=\"150\" src=\"https:\/\/bio-balkon.de\/wp-content\/uploads\/2021\/10\/Markus-Burkhard-150x150.avif\" class=\"attachment-thumbnail size-thumbnail wp-image-33974\" alt=\"Naturg\u00e4rtner Markus Burkhard spricht beim Online Bio-Balkon-Kongress\" srcset=\"https:\/\/bio-balkon.de\/wp-content\/uploads\/2021\/10\/Markus-Burkhard-150x150.avif 150w, https:\/\/bio-balkon.de\/wp-content\/uploads\/2021\/10\/Markus-Burkhard-300x300.avif 300w, https:\/\/bio-balkon.de\/wp-content\/uploads\/2021\/10\/Markus-Burkhard-1024x1024.avif 1024w, https:\/\/bio-balkon.de\/wp-content\/uploads\/2021\/10\/Markus-Burkhard-768x768.avif 768w, https:\/\/bio-balkon.de\/wp-content\/uploads\/2021\/10\/Markus-Burkhard.avif 1140w\" sizes=\"auto, (max-width: 150px) 100vw, 150px\"><\/a><\/figure><div class=\"elementor-image-box-content\"><h6 class=\"elementor-image-box-title\"><a href=\"https:\/\/bio-balkon.de\/en\/experts\/markus-burkhard\/\" target=\"_blank\">Mar\u00adkus Burk\u00adhard<\/a><\/h6><p class=\"elementor-image-box-description\">20 Jah\u00adre als Gar\u00adten\u00adge\u00adstal\u00adter, Natur\u00adgar\u00adten<\/p><\/div><\/div>\t\t\t\t<\/div>\n\t\t\t\t<div class=\"elementor-element elementor-element-c6982c5 elementor-position-top elementor-widget elementor-widget-image-box\" data-id=\"c6982c5\" data-element_type=\"widget\" data-e-type=\"widget\" data-widget_type=\"image-box.default\">\n\t\t\t\t\t<div class=\"elementor-image-box-wrapper\"><figure class=\"elementor-image-box-img\"><a href=\"https:\/\/bio-balkon.de\/en\/experts\/friedhelm-strickler\/\" target=\"_blank\" tabindex=\"-1\"><img loading=\"lazy\" decoding=\"async\" width=\"150\" height=\"150\" src=\"https:\/\/bio-balkon.de\/wp-content\/uploads\/2024\/05\/Friedhelm-Strickler-Wildpflanzen-Experten-2023-150x150.avif\" class=\"attachment-thumbnail size-thumbnail wp-image-67380\" alt=\"Wild plant expert and master gardener Friedhelm Strickler speaks at the Online Organic Balcony Congress\" srcset=\"https:\/\/bio-balkon.de\/wp-content\/uploads\/2024\/05\/Friedhelm-Strickler-Wildpflanzen-Experten-2023-150x150.avif 150w, https:\/\/bio-balkon.de\/wp-content\/uploads\/2024\/05\/Friedhelm-Strickler-Wildpflanzen-Experten-2023-300x300.avif 300w, https:\/\/bio-balkon.de\/wp-content\/uploads\/2024\/05\/Friedhelm-Strickler-Wildpflanzen-Experten-2023-768x768.avif 768w, https:\/\/bio-balkon.de\/wp-content\/uploads\/2024\/05\/Friedhelm-Strickler-Wildpflanzen-Experten-2023.avif 1000w\" sizes=\"auto, (max-width: 150px) 100vw, 150px\"><\/a><\/figure><div class=\"elementor-image-box-content\"><h6 class=\"elementor-image-box-title\"><a href=\"https:\/\/bio-balkon.de\/en\/experts\/friedhelm-strickler\/\" target=\"_blank\">Fried\u00adhelm Strick\u00adler<\/a><\/h6><p class=\"elementor-image-box-description\">G\u00e4rt\u00adner\u00admeis\u00adter Bio\u00adland-Wild\u00adpflan\u00adzen\u00adg\u00e4rt\u00adne\u00adrei, Gar\u00adten\u00adpla\u00adner<\/p><\/div><\/div>\t\t\t\t<\/div>\n\t\t\t\t<div class=\"elementor-element elementor-element-25bc681 elementor-position-top elementor-widget elementor-widget-image-box\" data-id=\"25bc681\" data-element_type=\"widget\" data-e-type=\"widget\" data-widget_type=\"image-box.default\">\n\t\t\t\t\t<div class=\"elementor-image-box-wrapper\"><figure class=\"elementor-image-box-img\"><a href=\"https:\/\/bio-balkon.de\/en\/experts\/berthold-daubner\/\" target=\"_blank\" tabindex=\"-1\"><img loading=\"lazy\" decoding=\"async\" width=\"150\" height=\"150\" src=\"https:\/\/bio-balkon.de\/wp-content\/uploads\/2023\/04\/Berthold-Daubner-150x150.avif\" class=\"attachment-thumbnail size-thumbnail wp-image-61579\" alt=\"Wild plant expert Berthold Daubner speaks at the Online Organic Balcony Congress\" srcset=\"https:\/\/bio-balkon.de\/wp-content\/uploads\/2023\/04\/Berthold-Daubner-150x150.avif 150w, https:\/\/bio-balkon.de\/wp-content\/uploads\/2023\/04\/Berthold-Daubner-300x300.avif 300w, https:\/\/bio-balkon.de\/wp-content\/uploads\/2023\/04\/Berthold-Daubner-12x12.avif 12w, https:\/\/bio-balkon.de\/wp-content\/uploads\/2023\/04\/Berthold-Daubner.avif 662w\" sizes=\"auto, (max-width: 150px) 100vw, 150px\"><\/a><\/figure><div class=\"elementor-image-box-content\"><h6 class=\"elementor-image-box-title\"><a href=\"https:\/\/bio-balkon.de\/en\/experts\/berthold-daubner\/\" target=\"_blank\">Bert\u00adhold Daub\u00adner<\/a><\/h6><p class=\"elementor-image-box-description\">Natur\u00adg\u00e4rt\u00adner &amp; Inha\u00adber ReNa\u00adtu\u00adre Gar\u00adten GmbH<\/p><\/div><\/div>\t\t\t\t<\/div>\n\t\t\t\t<div class=\"elementor-element elementor-element-a74382f elementor-position-top elementor-widget elementor-widget-image-box\" data-id=\"a74382f\" data-element_type=\"widget\" data-e-type=\"widget\" data-widget_type=\"image-box.default\">\n\t\t\t\t\t<div class=\"elementor-image-box-wrapper\"><figure class=\"elementor-image-box-img\"><a href=\"https:\/\/bio-balkon.de\/en\/experts\/conrad-amber-2\/\" target=\"_blank\" tabindex=\"-1\"><img loading=\"lazy\" decoding=\"async\" width=\"150\" height=\"150\" src=\"https:\/\/bio-balkon.de\/wp-content\/uploads\/2021\/01\/Conrad_Amber-150x150.avif\" class=\"attachment-thumbnail size-thumbnail wp-image-18919\" alt=\"Conrad Amber speaks at the Online Organic Balcony Congress: Rebellion: Urban greening for a liveable future\"><\/a><\/figure><div class=\"elementor-image-box-content\"><h6 class=\"elementor-image-box-title\"><a href=\"https:\/\/bio-balkon.de\/en\/experts\/conrad-amber-2\/\" target=\"_blank\">Con\u00adrad Amber<\/a><\/h6><p class=\"elementor-image-box-description\">Natur\u00adfreund, Baum\u00adfor\u00adscher, Foto\u00adgraf und Visio\u00adn\u00e4r<\/p><\/div><\/div>\t\t\t\t<\/div>\n\t\t\t\t<div class=\"elementor-element elementor-element-d230394 elementor-position-top elementor-widget elementor-widget-image-box\" data-id=\"d230394\" data-element_type=\"widget\" data-e-type=\"widget\" data-widget_type=\"image-box.default\">\n\t\t\t\t\t<div class=\"elementor-image-box-wrapper\"><figure class=\"elementor-image-box-img\"><a href=\"http:\/\/Thomas%20Puhlmann\" target=\"_blank\" tabindex=\"-1\"><img loading=\"lazy\" decoding=\"async\" width=\"150\" height=\"150\" src=\"https:\/\/bio-balkon.de\/wp-content\/uploads\/2025\/08\/Thomas-Puhlmann-150x150.avif\" class=\"attachment-thumbnail size-thumbnail wp-image-82172\" alt=\"Thomas Puhlmann is the founder of the plant platform Naturadb and speaks at the Online Organic Balcony Congress\" srcset=\"https:\/\/bio-balkon.de\/wp-content\/uploads\/2025\/08\/Thomas-Puhlmann-150x150.avif 150w, https:\/\/bio-balkon.de\/wp-content\/uploads\/2025\/08\/Thomas-Puhlmann-300x300.avif 300w, https:\/\/bio-balkon.de\/wp-content\/uploads\/2025\/08\/Thomas-Puhlmann-1024x1024.avif 1024w, https:\/\/bio-balkon.de\/wp-content\/uploads\/2025\/08\/Thomas-Puhlmann-768x768.avif 768w, https:\/\/bio-balkon.de\/wp-content\/uploads\/2025\/08\/Thomas-Puhlmann-1536x1536.avif 1536w, https:\/\/bio-balkon.de\/wp-content\/uploads\/2025\/08\/Thomas-Puhlmann-12x12.avif 12w, https:\/\/bio-balkon.de\/wp-content\/uploads\/2025\/08\/Thomas-Puhlmann-1320x1320.avif 1320w, https:\/\/bio-balkon.de\/wp-content\/uploads\/2025\/08\/Thomas-Puhlmann.avif 1851w\" sizes=\"auto, (max-width: 150px) 100vw, 150px\"><\/a><\/figure><div class=\"elementor-image-box-content\"><h6 class=\"elementor-image-box-title\"><a href=\"http:\/\/Thomas%20Puhlmann\" target=\"_blank\">Tho\u00admas Puhl\u00admann<\/a><\/h6><p class=\"elementor-image-box-description\">Mit\u00adgr\u00fcn\u00adder der \u00f6ko\u00adlo\u00adgisch aus\u00adge\u00adrich\u00adte\u00adten Pflan\u00adzen\u00adda\u00adten\u00adbank Natu\u00adraDB<\/p><\/div><\/div>\t\t\t\t<\/div>\n\t\t\t\t<div class=\"elementor-element elementor-element-a1eb05f elementor-position-top elementor-widget elementor-widget-image-box\" data-id=\"a1eb05f\" data-element_type=\"widget\" data-e-type=\"widget\" data-widget_type=\"image-box.default\">\n\t\t\t\t\t<div class=\"elementor-image-box-wrapper\"><figure class=\"elementor-image-box-img\"><a href=\"https:\/\/bio-balkon.de\/en\/experts\/martina-wappel\/\" target=\"_blank\" tabindex=\"-1\"><img loading=\"lazy\" decoding=\"async\" width=\"150\" height=\"150\" src=\"https:\/\/bio-balkon.de\/wp-content\/uploads\/2021\/01\/Martina-Wappel-150x150.avif\" class=\"attachment-thumbnail size-thumbnail wp-image-19792\" alt=\"Garden and landscape specialist Martina Wappel, garden educator at &quot;Natur im Garten&quot;, will be speaking at the Online Organic Balcony Congress about planters, watering and gardening with children.\"><\/a><\/figure><div class=\"elementor-image-box-content\"><h6 class=\"elementor-image-box-title\"><a href=\"https:\/\/bio-balkon.de\/en\/experts\/martina-wappel\/\" target=\"_blank\">Mar\u00adti\u00adna Wap\u00adpel<\/a><\/h6><p class=\"elementor-image-box-description\">Gar\u00adten- und Land\u00adschafts-Fach\u00adar\u00adbei\u00adte\u00adrin, Gar\u00adten\u00adp\u00e4d\u00adago\u00adgin bei \u201eNatur im Gar\u00adten\u201c.\n\n<\/p><\/div><\/div>\t\t\t\t<\/div>\n\t\t\t\t<div class=\"elementor-element elementor-element-1192641 elementor-position-top elementor-widget elementor-widget-image-box\" data-id=\"1192641\" data-element_type=\"widget\" data-e-type=\"widget\" data-widget_type=\"image-box.default\">\n\t\t\t\t\t<div class=\"elementor-image-box-wrapper\"><figure class=\"elementor-image-box-img\"><a href=\"https:\/\/bio-balkon.de\/en\/experts\/angelika-ertl\/\" target=\"_blank\" tabindex=\"-1\"><img loading=\"lazy\" decoding=\"async\" width=\"150\" height=\"150\" src=\"https:\/\/bio-balkon.de\/wp-content\/uploads\/2021\/01\/Angelika-Ertl-150x150.avif\" class=\"attachment-thumbnail size-thumbnail wp-image-19788\" alt=\"Organic gardener Angelika Ertl speaks at the Online Organic Balcony Congress\" srcset=\"https:\/\/bio-balkon.de\/wp-content\/uploads\/2021\/01\/Angelika-Ertl-150x150.avif 150w, https:\/\/bio-balkon.de\/wp-content\/uploads\/2021\/01\/Angelika-Ertl-300x300.avif 300w, https:\/\/bio-balkon.de\/wp-content\/uploads\/2021\/01\/Angelika-Ertl-1024x1024.avif 1024w, https:\/\/bio-balkon.de\/wp-content\/uploads\/2021\/01\/Angelika-Ertl-768x768.avif 768w, https:\/\/bio-balkon.de\/wp-content\/uploads\/2021\/01\/Angelika-Ertl-12x12.avif 12w, https:\/\/bio-balkon.de\/wp-content\/uploads\/2021\/01\/Angelika-Ertl.avif 1092w\" sizes=\"auto, (max-width: 150px) 100vw, 150px\"><\/a><\/figure><div class=\"elementor-image-box-content\"><h6 class=\"elementor-image-box-title\"><a href=\"https:\/\/bio-balkon.de\/en\/experts\/angelika-ertl\/\" target=\"_blank\">Ange\u00adli\u00adka Ertl<\/a><\/h6><p class=\"elementor-image-box-description\">Bio-G\u00e4rt\u00adne\u00adrin, Gar\u00adten\u00adex\u00adper\u00adtin im ORF &amp; Rei\u00adse\u00adb\u00fc\u00adro \u201eOli\u00adva Rei\u00adsen\u201c<\/p><\/div><\/div>\t\t\t\t<\/div>\n\t\t\t\t<div class=\"elementor-element elementor-element-5c61d26 elementor-position-top elementor-widget elementor-widget-image-box\" data-id=\"5c61d26\" data-element_type=\"widget\" data-e-type=\"widget\" data-widget_type=\"image-box.default\">\n\t\t\t\t\t<div class=\"elementor-image-box-wrapper\"><figure class=\"elementor-image-box-img\"><a href=\"https:\/\/bio-balkon.de\/en\/experts\/robert-heemskerk-3\/\" target=\"_blank\" tabindex=\"-1\"><img loading=\"lazy\" decoding=\"async\" width=\"150\" height=\"150\" src=\"https:\/\/bio-balkon.de\/wp-content\/uploads\/2021\/01\/Robert-Heemskerk-150x150.avif\" class=\"attachment-thumbnail size-thumbnail wp-image-18943\" alt=\"Der Z\u00fcchter von biologischen Blumenzwiebeln Robert Heemskerk spricht beim Online Bio-Balkon-Kongress\"><\/a><\/figure><div class=\"elementor-image-box-content\"><h6 class=\"elementor-image-box-title\"><a href=\"https:\/\/bio-balkon.de\/en\/experts\/robert-heemskerk-3\/\" target=\"_blank\">Robert Heems\u00adkerk<\/a><\/h6><p class=\"elementor-image-box-description\">Betrei\u00adber \u00f6ko\u00adlo\u00adgi\u00adsche Blu\u00admen\u00adzwie\u00adbel\u00adfir\u00adma Natu\u00adral Bulbs<\/p><\/div><\/div>\t\t\t\t<\/div>\n\t\t\t\t<div class=\"elementor-element elementor-element-c0ddd22 elementor-position-top elementor-widget elementor-widget-image-box\" data-id=\"c0ddd22\" data-element_type=\"widget\" data-e-type=\"widget\" data-widget_type=\"image-box.default\">\n\t\t\t\t\t<div class=\"elementor-image-box-wrapper\"><figure class=\"elementor-image-box-img\"><a href=\"https:\/\/bio-balkon.de\/en\/experts\/sarah-hochgeschurz\/\" target=\"_blank\" tabindex=\"-1\"><img loading=\"lazy\" decoding=\"async\" width=\"150\" height=\"150\" src=\"https:\/\/bio-balkon.de\/wp-content\/uploads\/2023\/11\/Sarah-Hochgeschurz-150x150.avif\" class=\"attachment-thumbnail size-thumbnail wp-image-61506\" alt=\"Tier\u00e4rtin Sarah Hochgeschurz spricht beim Online Bio-Balkon-Kongress und stellt ihren Balkon vor\" srcset=\"https:\/\/bio-balkon.de\/wp-content\/uploads\/2023\/11\/Sarah-Hochgeschurz-150x150.avif 150w, https:\/\/bio-balkon.de\/wp-content\/uploads\/2023\/11\/Sarah-Hochgeschurz-300x300.avif 300w, https:\/\/bio-balkon.de\/wp-content\/uploads\/2023\/11\/Sarah-Hochgeschurz-1024x1024.avif 1024w, https:\/\/bio-balkon.de\/wp-content\/uploads\/2023\/11\/Sarah-Hochgeschurz-768x767.avif 768w, https:\/\/bio-balkon.de\/wp-content\/uploads\/2023\/11\/Sarah-Hochgeschurz-1320x1318.avif 1320w, https:\/\/bio-balkon.de\/wp-content\/uploads\/2023\/11\/Sarah-Hochgeschurz.avif 1440w\" sizes=\"auto, (max-width: 150px) 100vw, 150px\"><\/a><\/figure><div class=\"elementor-image-box-content\"><h6 class=\"elementor-image-box-title\"><a href=\"https:\/\/bio-balkon.de\/en\/experts\/sarah-hochgeschurz\/\" target=\"_blank\">Sarah Hoch\u00adge\u00adschurz<\/a><\/h6><p class=\"elementor-image-box-description\">Tier\u00ad\u00e4rz\u00adtin, 2. Platz in der Bal\u00adkon\u00adka\u00adte\u00adgo\u00adrie beim Deutsch\u00adland summt!-Pflanzwettbewerb<\/p><\/div><\/div>\t\t\t\t<\/div>\n\t\t\t\t<div class=\"elementor-element elementor-element-d9bfbd4 elementor-position-top elementor-widget elementor-widget-image-box\" data-id=\"d9bfbd4\" data-element_type=\"widget\" data-e-type=\"widget\" data-widget_type=\"image-box.default\">\n\t\t\t\t\t<div class=\"elementor-image-box-wrapper\"><figure class=\"elementor-image-box-img\"><a href=\"https:\/\/bio-balkon.de\/en\/experts\/jens-esser-2\/\" target=\"_blank\" tabindex=\"-1\"><img loading=\"lazy\" decoding=\"async\" width=\"150\" height=\"150\" src=\"https:\/\/bio-balkon.de\/wp-content\/uploads\/2021\/11\/entomologe-jens-esser-150x150.avif\" class=\"attachment-thumbnail size-thumbnail wp-image-36782\" alt=\"Jens Esser ist Entomologe, also Insektenforscher, K\u00e4ferexperte und B\u00fcrgerwissenschaftler.\" srcset=\"https:\/\/bio-balkon.de\/wp-content\/uploads\/2021\/11\/entomologe-jens-esser-150x150.avif 150w, https:\/\/bio-balkon.de\/wp-content\/uploads\/2021\/11\/entomologe-jens-esser-300x300.avif 300w, https:\/\/bio-balkon.de\/wp-content\/uploads\/2021\/11\/entomologe-jens-esser-768x768.avif 768w, https:\/\/bio-balkon.de\/wp-content\/uploads\/2021\/11\/entomologe-jens-esser-12x12.avif 12w, https:\/\/bio-balkon.de\/wp-content\/uploads\/2021\/11\/entomologe-jens-esser.avif 1000w\" sizes=\"auto, (max-width: 150px) 100vw, 150px\"><\/a><\/figure><div class=\"elementor-image-box-content\"><h6 class=\"elementor-image-box-title\"><a href=\"https:\/\/bio-balkon.de\/en\/experts\/jens-esser-2\/\" target=\"_blank\">Jens Esser<\/a><\/h6><p class=\"elementor-image-box-description\">Ento\u00admo\u00adlo\u00adge bzw. Insek\u00adten\u00adfor\u00adscher, K\u00e4fer\u00adex\u00adper\u00adte und B\u00fcr\u00adger\u00adwis\u00adsen\u00adschaft\u00adler<\/p><\/div><\/div>\t\t\t\t<\/div>\n\t\t\t\t<div class=\"elementor-element elementor-element-a884fe1 elementor-position-top elementor-widget elementor-widget-image-box\" data-id=\"a884fe1\" data-element_type=\"widget\" data-e-type=\"widget\" data-widget_type=\"image-box.default\">\n\t\t\t\t\t<div class=\"elementor-image-box-wrapper\"><figure class=\"elementor-image-box-img\"><a href=\"https:\/\/bio-balkon.de\/en\/experts\/helge-masch-3\/\" target=\"_blank\" tabindex=\"-1\"><img loading=\"lazy\" decoding=\"async\" width=\"150\" height=\"150\" src=\"https:\/\/bio-balkon.de\/wp-content\/uploads\/2022\/04\/Helge-Masch-Experten-2023-150x150.avif\" class=\"attachment-thumbnail size-thumbnail wp-image-49257\" alt=\"Gardener and nature photographer Helge Masch speaks at the Online Organic Balcony Congress\" srcset=\"https:\/\/bio-balkon.de\/wp-content\/uploads\/2022\/04\/Helge-Masch-Experten-2023-150x150.avif 150w, https:\/\/bio-balkon.de\/wp-content\/uploads\/2022\/04\/Helge-Masch-Experten-2023-300x300.avif 300w, https:\/\/bio-balkon.de\/wp-content\/uploads\/2022\/04\/Helge-Masch-Experten-2023-768x768.avif 768w, https:\/\/bio-balkon.de\/wp-content\/uploads\/2022\/04\/Helge-Masch-Experten-2023-12x12.avif 12w, https:\/\/bio-balkon.de\/wp-content\/uploads\/2022\/04\/Helge-Masch-Experten-2023.avif 1000w\" sizes=\"auto, (max-width: 150px) 100vw, 150px\"><\/a><\/figure><div class=\"elementor-image-box-content\"><h6 class=\"elementor-image-box-title\"><a href=\"https:\/\/bio-balkon.de\/en\/experts\/helge-masch-3\/\" target=\"_blank\">Hel\u00adge Masch <\/a><\/h6><p class=\"elementor-image-box-description\">Lei\u00adter vom Bota\u00adni\u00adschen Son\u00adder\u00adgar\u00adten Ham\u00adburg-Wands\u00adbek, Natur\u00adfo\u00adto\u00adgraf\n<\/p><\/div><\/div>\t\t\t\t<\/div>\n\t\t\t\t<div class=\"elementor-element elementor-element-936ce4f elementor-position-top elementor-widget elementor-widget-image-box\" data-id=\"936ce4f\" data-element_type=\"widget\" data-e-type=\"widget\" data-widget_type=\"image-box.default\">\n\t\t\t\t\t<div class=\"elementor-image-box-wrapper\"><figure class=\"elementor-image-box-img\"><a href=\"https:\/\/bio-balkon.de\/en\/experts\/britta-klaus-faass\/\" target=\"_blank\" tabindex=\"-1\"><img loading=\"lazy\" decoding=\"async\" width=\"150\" height=\"150\" src=\"https:\/\/bio-balkon.de\/wp-content\/uploads\/2021\/08\/britta-klaus-faass-150x150.avif\" class=\"attachment-thumbnail size-thumbnail wp-image-34941\" alt=\"Die Experten f\u00fcr spannende Naturerlebnisse und Insektennisthilfen Britta &amp; Klaus Faa\u00df sprechen beim Online Bio-Balkon-Kongress.\" srcset=\"https:\/\/bio-balkon.de\/wp-content\/uploads\/2021\/08\/britta-klaus-faass-150x150.avif 150w, https:\/\/bio-balkon.de\/wp-content\/uploads\/2021\/08\/britta-klaus-faass-300x300.avif 300w, https:\/\/bio-balkon.de\/wp-content\/uploads\/2021\/08\/britta-klaus-faass-768x768.avif 768w, https:\/\/bio-balkon.de\/wp-content\/uploads\/2021\/08\/britta-klaus-faass-12x12.avif 12w, https:\/\/bio-balkon.de\/wp-content\/uploads\/2021\/08\/britta-klaus-faass.avif 1000w\" sizes=\"auto, (max-width: 150px) 100vw, 150px\"><\/a><\/figure><div class=\"elementor-image-box-content\"><h6 class=\"elementor-image-box-title\"><a href=\"https:\/\/bio-balkon.de\/en\/experts\/britta-klaus-faass\/\" target=\"_blank\">Brit\u00adta &amp; Klaus Faa\u00df<\/a><\/h6><p class=\"elementor-image-box-description\">Natur- und Umwelt-P\u00e4d\u00adago\u00adgin, 2. Platz beim Deutsch\u00adland summt!-Pflanzwettbewerb\n<\/p><\/div><\/div>\t\t\t\t<\/div>\n\t\t\t\t<div class=\"elementor-element elementor-element-6c850a2 elementor-position-top elementor-widget elementor-widget-image-box\" data-id=\"6c850a2\" data-element_type=\"widget\" data-e-type=\"widget\" data-widget_type=\"image-box.default\">\n\t\t\t\t\t<div class=\"elementor-image-box-wrapper\"><figure class=\"elementor-image-box-img\"><a href=\"https:\/\/bio-balkon.de\/en\/experts\/nina-keller\/\" target=\"_blank\" tabindex=\"-1\"><img loading=\"lazy\" decoding=\"async\" width=\"150\" height=\"150\" src=\"https:\/\/bio-balkon.de\/wp-content\/uploads\/2021\/10\/Nina-Keller--150x150.avif\" class=\"attachment-thumbnail size-thumbnail wp-image-34050\" alt=\"Wildpflanzen-Saatgut-Produzentin Nina Keller spricht beim Online Bio-Balkon-Kongress\" srcset=\"https:\/\/bio-balkon.de\/wp-content\/uploads\/2021\/10\/Nina-Keller--150x150.avif 150w, https:\/\/bio-balkon.de\/wp-content\/uploads\/2021\/10\/Nina-Keller--300x300.avif 300w, https:\/\/bio-balkon.de\/wp-content\/uploads\/2021\/10\/Nina-Keller--768x768.avif 768w, https:\/\/bio-balkon.de\/wp-content\/uploads\/2021\/10\/Nina-Keller--12x12.avif 12w, https:\/\/bio-balkon.de\/wp-content\/uploads\/2021\/10\/Nina-Keller-.avif 1000w\" sizes=\"auto, (max-width: 150px) 100vw, 150px\"><\/a><\/figure><div class=\"elementor-image-box-content\"><h6 class=\"elementor-image-box-title\"><a href=\"https:\/\/bio-balkon.de\/en\/experts\/nina-keller\/\" target=\"_blank\">Nina Kel\u00adler<\/a><\/h6><p class=\"elementor-image-box-description\">Bio\u00adlo\u00adgin, Buch\u00adau\u00adto\u00adrin, G\u00e4rt\u00adne\u00adrei f\u00fcr Wild\u00adpflan\u00adzen\u00adsaat\u00adgut\n<\/p><\/div><\/div>\t\t\t\t<\/div>\n\t\t\t\t<div class=\"elementor-element elementor-element-283f9a3 elementor-position-top elementor-widget elementor-widget-image-box\" data-id=\"283f9a3\" data-element_type=\"widget\" data-e-type=\"widget\" data-widget_type=\"image-box.default\">\n\t\t\t\t\t<div class=\"elementor-image-box-wrapper\"><figure class=\"elementor-image-box-img\"><a href=\"https:\/\/bio-balkon.de\/en\/experts\/andrea-jaschik-3\/\" target=\"_blank\" tabindex=\"-1\"><img loading=\"lazy\" decoding=\"async\" width=\"150\" height=\"150\" src=\"https:\/\/bio-balkon.de\/wp-content\/uploads\/2023\/02\/Drei-froehliche-Naturgaertner-@andrea-jaschik-150x150.avif\" class=\"attachment-thumbnail size-thumbnail wp-image-50567\" alt=\"Die preisgekr\u00f6nte Balkong\u00e4rtnerin Andrea Jaschick spricht beim Online Bio-Balkon-Kongress.\"><\/a><\/figure><div class=\"elementor-image-box-content\"><h6 class=\"elementor-image-box-title\"><a href=\"https:\/\/bio-balkon.de\/en\/experts\/andrea-jaschik-3\/\" target=\"_blank\">Andrea Jaschik<\/a><\/h6><p class=\"elementor-image-box-description\">1. Platz beim Deutsch\u00adland summt!-Pflanzwettbewerb, \u201ePr\u00e4\u00admier\u00adter Natur\u00adgar\u00adten in Gold\u201c vom Pro\u00adjekt \u201eTau\u00adsen\u00adde G\u00e4r\u00adten \u2013 Tau\u00adsen\u00adde Arten\u201c<\/p><\/div><\/div>\t\t\t\t<\/div>\n\t\t\t\t<div class=\"elementor-element elementor-element-4f6282c elementor-position-top elementor-widget elementor-widget-image-box\" data-id=\"4f6282c\" data-element_type=\"widget\" data-e-type=\"widget\" data-widget_type=\"image-box.default\">\n\t\t\t\t\t<div class=\"elementor-image-box-wrapper\"><figure class=\"elementor-image-box-img\"><a href=\"https:\/\/bio-balkon.de\/en\/experts\/katrin-wittek\/\" target=\"_blank\" tabindex=\"-1\"><img loading=\"lazy\" decoding=\"async\" width=\"150\" height=\"150\" src=\"https:\/\/bio-balkon.de\/wp-content\/uploads\/2023\/02\/katrin-wittek-IMG_0605-150x150.avif\" class=\"attachment-thumbnail size-thumbnail wp-image-50024\" alt=\"Balkonexpertin Katrin Wittek: Meine Erfahrungen zum Naturbalkon mit \u00fcber 200 Pflanzen auf 6,5qm\" srcset=\"https:\/\/bio-balkon.de\/wp-content\/uploads\/2023\/02\/katrin-wittek-IMG_0605-150x150.avif 150w, https:\/\/bio-balkon.de\/wp-content\/uploads\/2023\/02\/katrin-wittek-IMG_0605-300x300.avif 300w, https:\/\/bio-balkon.de\/wp-content\/uploads\/2023\/02\/katrin-wittek-IMG_0605-1024x1024.avif 1024w, https:\/\/bio-balkon.de\/wp-content\/uploads\/2023\/02\/katrin-wittek-IMG_0605-768x768.avif 768w, https:\/\/bio-balkon.de\/wp-content\/uploads\/2023\/02\/katrin-wittek-IMG_0605-1536x1536.avif 1536w, https:\/\/bio-balkon.de\/wp-content\/uploads\/2023\/02\/katrin-wittek-IMG_0605-scaled.avif 2048w, https:\/\/bio-balkon.de\/wp-content\/uploads\/2023\/02\/katrin-wittek-IMG_0605-12x12.avif 12w, https:\/\/bio-balkon.de\/wp-content\/uploads\/2023\/02\/katrin-wittek-IMG_0605-1320x1320.avif 1320w\" sizes=\"auto, (max-width: 150px) 100vw, 150px\"><\/a><\/figure><div class=\"elementor-image-box-content\"><h6 class=\"elementor-image-box-title\"><a href=\"https:\/\/bio-balkon.de\/en\/experts\/katrin-wittek\/\" target=\"_blank\">Kat\u00adrin Wit\u00adtek<\/a><\/h6><p class=\"elementor-image-box-description\">Insta\u00adgram Con\u00adtent Crea\u00adto\u00adrin, 2. Platz in der Bal\u00adkon\u00adka\u00adte\u00adgo\u00adrie beim Deutsch\u00adland summt!-Pflanzwettbewerb\n\n<\/p><\/div><\/div>\t\t\t\t<\/div>\n\t\t\t\t<div class=\"elementor-element elementor-element-2e6f69b elementor-position-top elementor-widget elementor-widget-image-box\" data-id=\"2e6f69b\" data-element_type=\"widget\" data-e-type=\"widget\" data-widget_type=\"image-box.default\">\n\t\t\t\t\t<div class=\"elementor-image-box-wrapper\"><figure class=\"elementor-image-box-img\"><a href=\"https:\/\/bio-balkon.de\/en\/experts\/stefanie-binder\/\" target=\"_blank\" tabindex=\"-1\"><img loading=\"lazy\" decoding=\"async\" width=\"150\" height=\"150\" src=\"https:\/\/bio-balkon.de\/wp-content\/uploads\/2020\/06\/Stefanie-binder-DSC_0715-Kopie-U\u0308berblick-Steffi-mittendrin-ausschnitt-150x150.avif\" class=\"attachment-thumbnail size-thumbnail wp-image-8249\" alt=\"Stefanie Binder inmitten ihrer Wildpflanzen auf ihrem Hamburger Innenhof-Balkon\"><\/a><\/figure><div class=\"elementor-image-box-content\"><h6 class=\"elementor-image-box-title\"><a href=\"https:\/\/bio-balkon.de\/en\/experts\/stefanie-binder\/\" target=\"_blank\">Ste\u00adfa\u00adnie Bin\u00adder<\/a><\/h6><p class=\"elementor-image-box-description\">MOIN STADT\u00adNA\u00adTUR-Team Ham\u00adburg, 1. Platz in der Kate\u00adgo\u00adrie Bal\u00adko\u00adne beim Deutsch\u00adland summt!-Pflanzwettbewerb\n<\/p><\/div><\/div>\t\t\t\t<\/div>\n\t\t\t\t<div class=\"elementor-element elementor-element-b609be5 elementor-position-top elementor-widget elementor-widget-image-box\" data-id=\"b609be5\" data-element_type=\"widget\" data-e-type=\"widget\" data-widget_type=\"image-box.default\">\n\t\t\t\t\t<div class=\"elementor-image-box-wrapper\"><figure class=\"elementor-image-box-img\"><a href=\"https:\/\/bio-balkon.de\/en\/experts\/heike-maresch\/\" target=\"_blank\" tabindex=\"-1\"><img loading=\"lazy\" decoding=\"async\" width=\"150\" height=\"150\" src=\"https:\/\/bio-balkon.de\/wp-content\/uploads\/2023\/11\/Heike-Maresch-150x150.avif\" class=\"attachment-thumbnail size-thumbnail wp-image-61491\" alt=\"Die Permakulturdesignerin Heike Maresch spricht beim Online Bio-Balkon-Kongress zu ihrem Permakulturbalkon.\" srcset=\"https:\/\/bio-balkon.de\/wp-content\/uploads\/2023\/11\/Heike-Maresch-150x150.avif 150w, https:\/\/bio-balkon.de\/wp-content\/uploads\/2023\/11\/Heike-Maresch-12x12.avif 12w, https:\/\/bio-balkon.de\/wp-content\/uploads\/2023\/11\/Heike-Maresch.avif 300w\" sizes=\"auto, (max-width: 150px) 100vw, 150px\"><\/a><\/figure><div class=\"elementor-image-box-content\"><h6 class=\"elementor-image-box-title\"><a href=\"https:\/\/bio-balkon.de\/en\/experts\/heike-maresch\/\" target=\"_blank\">Hei\u00adke Maresch<\/a><\/h6><p class=\"elementor-image-box-description\">Per\u00adma\u00adkul\u00adtur-Desi\u00adgne\u00adrin, 1. Platz in der Kate\u00adgo\u00adrie Bal\u00adko\u00adne beim Deutsch\u00adland summt!-Pflanzwettbewerb<\/p><\/div><\/div>\t\t\t\t<\/div>\n\t\t\t\t\t<\/div>\n\t\t\t\t<\/div>\n\t\t\t\t\t<\/div>\n\t\t\t\t<\/div>\n\t\t<div class=\"elementor-element elementor-element-004e2e5 e-flex e-con-boxed e-con e-parent\" data-id=\"004e2e5\" data-element_type=\"container\" data-e-type=\"container\" data-settings=\"{&quot;background_background&quot;:&quot;classic&quot;}\">\n\t\t\t\t\t<div class=\"e-con-inner\">\n\t\t\t\t<div class=\"elementor-element elementor-element-51a6f79 elementor-widget__width-initial elementor-widget-tablet__width-inherit elementor-widget elementor-widget-image\" data-id=\"51a6f79\" data-element_type=\"widget\" data-e-type=\"widget\" data-widget_type=\"image.default\">\n\t\t\t\t\t\t\t\t\t\t\t\t\t\t\t<img loading=\"lazy\" decoding=\"async\" width=\"768\" height=\"644\" src=\"https:\/\/bio-balkon.de\/wp-content\/uploads\/2026\/02\/Mockup-Grafik-Biodiversitaet-fuer-Unternehmen-768x644.avif\" class=\"attachment-medium_large size-medium_large wp-image-88582\" alt=\"ockup Grafik Biodiversit\u00e4t f\u00fcr Unternehmen\" srcset=\"https:\/\/bio-balkon.de\/wp-content\/uploads\/2026\/02\/Mockup-Grafik-Biodiversitaet-fuer-Unternehmen-768x644.avif 768w, https:\/\/bio-balkon.de\/wp-content\/uploads\/2026\/02\/Mockup-Grafik-Biodiversitaet-fuer-Unternehmen-e1771854822502-13x12.avif 13w\" sizes=\"auto, (max-width: 768px) 100vw, 768px\">\t\t\t\t\t\t\t\t\t\t\t\t\t\t\t<\/div>\n\t\t\t\t<div class=\"elementor-element elementor-element-489e7fd elementor-widget__width-initial elementor-widget-tablet__width-inherit elementor-widget elementor-widget-text-editor\" data-id=\"489e7fd\" data-element_type=\"widget\" data-e-type=\"widget\" data-widget_type=\"text-editor.default\">\n\t\t\t\t\t\t\t\t\t<h2 style=\"text-align: center;\">Bonus<\/h2><p>Nach dem Kauf bekommst du Zugang zu einer exklu\u00adsi\u00adven Mate\u00adri\u00adal\u00adsamm\u00adlung mit E\u2011Books, Pflan\u00adzen\u00adlis\u00adten und detail\u00adlier\u00adten Anlei\u00adtun\u00adgen zur F\u00f6r\u00adde\u00adrung der Bio\u00addi\u00adver\u00adsi\u00adt\u00e4t.<\/p>\t\t\t\t\t\t\t\t<\/div>\n\t\t\t\t\t<\/div>\n\t\t\t\t<\/div>\n\t\t<div class=\"elementor-element elementor-element-fd93a96 e-flex e-con-boxed e-con e-child\" data-id=\"fd93a96\" data-element_type=\"container\" data-e-type=\"container\" data-settings=\"{&quot;background_background&quot;:&quot;classic&quot;}\">\n\t\t\t\t\t<div class=\"e-con-inner\">\n\t\t<div class=\"elementor-element elementor-element-bdc37a0 e-con-full e-flex e-con e-child\" data-id=\"bdc37a0\" data-element_type=\"container\" data-e-type=\"container\">\n\t\t<div class=\"elementor-element elementor-element-a48bef3 e-con-full e-flex e-con e-child\" data-id=\"a48bef3\" data-element_type=\"container\" data-e-type=\"container\">\n\t\t\t\t<div class=\"elementor-element elementor-element-f305d81 elementor-widget elementor-widget-text-editor\" data-id=\"f305d81\" data-element_type=\"widget\" data-e-type=\"widget\" data-widget_type=\"text-editor.default\">\n\t\t\t\t\t\t\t\t\t<p style=\"text-align: center;\"><strong>The cour\u00adse orga\u00adni\u00adzer<\/strong><\/p><h2 style=\"text-align: center;\">Hel\u00adlo, I am Bir\u00adgit Schatt\u00adling<\/h2><p><strong>\u201eNatur im Garten\u201c-Balkonbotschafterin, Autorin aus Ber\u00adlin<\/strong><\/p><p>Bio-Bal\u00adkon ist die f\u00fch\u00adren\u00adde Platt\u00adform f\u00fcr \u00f6ko\u00adlo\u00adgi\u00adsches G\u00e4rt\u00adnern auf klei\u00adnem Raum. Gr\u00fcn\u00adde\u00adrin Bir\u00adgit Schatt\u00adling ver\u00admit\u00adtelt durch begeis\u00adtern\u00adde Online-Kon\u00adgres\u00adse (bis\u00adher 18 Kon\u00adgres\u00adse mit \u00fcber 400 Inter\u00adviews, Vor\u00adtr\u00e4\u00adgen, Bal\u00adkon\u00adrund\u00adg\u00e4n\u00adgen), Kur\u00adse, Work\u00adshops, B\u00fccher und Vor\u00adtr\u00e4\u00adge online und in ihrer Bal\u00adkon\u00adschu\u00adle in Ber\u00adlin pra\u00adxis\u00adna\u00adhes, all\u00adtags\u00adtaug\u00adli\u00adche Wis\u00adsen f\u00fcr den natur\u00adna\u00adhen Anbau von Obst, Gem\u00fc\u00adse, Kr\u00e4u\u00adtern und Wild\u00adpflan\u00adzen auf Bal\u00adko\u00adnen, Ter\u00adras\u00adsen und Fens\u00adter\u00adb\u00e4n\u00adken. Die Bio-Bal\u00adkon-Bewe\u00adgung moti\u00adviert seit 2017 Men\u00adschen, ihre st\u00e4d\u00adti\u00adschen Wohn\u00adr\u00e4u\u00adme in bl\u00fc\u00adhen\u00adde, insek\u00adten\u00adfreund\u00adli\u00adche und kli\u00adma\u00adwirk\u00adsa\u00adme Oasen zu ver\u00adwan\u00addeln \u2013 f\u00fcr mehr Selbst\u00adver\u00adsor\u00adgung, Arten\u00adviel\u00adfalt, Kli\u00adma\u00adschutz und Wohl\u00adf\u00fchlor\u00adte mit span\u00adnen\u00adden Natur\u00ader\u00adleb\u00adnis\u00adsen mit\u00adten in der Stadt. Jeder Meter z\u00e4hlt!<\/p>\t\t\t\t\t\t\t\t<\/div>\n\t\t\t\t<\/div>\n\t\t\t\t<div class=\"elementor-element elementor-element-5955e37 elementor-widget__width-initial elementor-widget-tablet__width-inherit elementor-widget-mobile__width-inherit elementor-widget elementor-widget-image\" data-id=\"5955e37\" data-element_type=\"widget\" data-e-type=\"widget\" data-widget_type=\"image.default\">\n\t\t\t\t\t\t\t\t\t\t\t\t\t\t\t<img loading=\"lazy\" decoding=\"async\" width=\"768\" height=\"644\" src=\"https:\/\/bio-balkon.de\/wp-content\/uploads\/2021\/10\/FB-birgit-schattling-mein-biotop-auf-dem-balkon-768x644.avif\" class=\"attachment-medium_large size-medium_large wp-image-33943\" alt srcset=\"https:\/\/bio-balkon.de\/wp-content\/uploads\/2021\/10\/FB-birgit-schattling-mein-biotop-auf-dem-balkon-768x644.avif 768w, https:\/\/bio-balkon.de\/wp-content\/uploads\/2021\/10\/FB-birgit-schattling-mein-biotop-auf-dem-balkon-300x251.avif 300w, https:\/\/bio-balkon.de\/wp-content\/uploads\/2021\/10\/FB-birgit-schattling-mein-biotop-auf-dem-balkon-14x12.avif 14w, https:\/\/bio-balkon.de\/wp-content\/uploads\/2021\/10\/FB-birgit-schattling-mein-biotop-auf-dem-balkon.avif 940w\" sizes=\"auto, (max-width: 768px) 100vw, 768px\">\t\t\t\t\t\t\t\t\t\t\t\t\t\t\t<\/div>\n\t\t\t\t<\/div>\n\t\t\t\t\t<\/div>\n\t\t\t\t<\/div>\n\t\t<div class=\"elementor-element elementor-element-bc4cb74 e-flex e-con-boxed e-con e-parent\" data-id=\"bc4cb74\" data-element_type=\"container\" data-e-type=\"container\" data-settings=\"{&quot;background_background&quot;:&quot;classic&quot;}\">\n\t\t\t\t\t<div class=\"e-con-inner\">\n\t\t\t\t<div class=\"elementor-element elementor-element-0074a11 elementor-widget__width-initial elementor-widget-tablet__width-inherit elementor-widget-mobile__width-inherit elementor-widget elementor-widget-image\" data-id=\"0074a11\" data-element_type=\"widget\" data-e-type=\"widget\" data-widget_type=\"image.default\">\n\t\t\t\t\t\t\t\t\t\t\t\t\t\t\t<img loading=\"lazy\" decoding=\"async\" width=\"768\" height=\"644\" src=\"https:\/\/bio-balkon.de\/wp-content\/uploads\/2026\/02\/Sarah-Nock-Nirgendwo-768x644.avif\" class=\"attachment-medium_large size-medium_large wp-image-88374\" alt srcset=\"https:\/\/bio-balkon.de\/wp-content\/uploads\/2026\/02\/Sarah-Nock-Nirgendwo-768x644.avif 768w, https:\/\/bio-balkon.de\/wp-content\/uploads\/2026\/02\/Sarah-Nock-Nirgendwo-300x251.avif 300w, https:\/\/bio-balkon.de\/wp-content\/uploads\/2026\/02\/Sarah-Nock-Nirgendwo-14x12.avif 14w, https:\/\/bio-balkon.de\/wp-content\/uploads\/2026\/02\/Sarah-Nock-Nirgendwo.avif 940w\" sizes=\"auto, (max-width: 768px) 100vw, 768px\">\t\t\t\t\t\t\t\t\t\t\t\t\t\t\t<\/div>\n\t\t\t\t<div class=\"elementor-element elementor-element-2b0502c elementor-widget elementor-widget-text-editor\" data-id=\"2b0502c\" data-element_type=\"widget\" data-e-type=\"widget\" data-widget_type=\"text-editor.default\">\n\t\t\t\t\t\t\t\t\t<p style=\"text-align: center;\"><strong>The cour\u00adse orga\u00adni\u00adzer<\/strong><\/p><h2 style=\"text-align: center;\">Hal\u00adlo, ich bin Sarah Nock<\/h2><p><strong>Unter\u00adneh\u00adme\u00adrin, Coach und Bio\u00addi\u00adver\u00adsi\u00adt\u00e4ts-Enthu\u00adsi\u00adas\u00adtin aus Ber\u00adlin<\/strong><\/p><p>Seit \u00fcber zehn Jah\u00adren ent\u00adwick\u00adle und betrei\u00adbe ich ein nach\u00adhal\u00adti\u00adges Umwelt\u00adbil\u00addungs\u00adzen\u00adtrum und einen Kul\u00adtur- und Ver\u00adan\u00adstal\u00adtungs\u00adort und set\u00adze mich daf\u00fcr ein, dass Natur\u00ader\u00adle\u00adben, Gemein\u00adwohl und Wirt\u00adschaft zusam\u00admen gedacht wer\u00adden. Mei\u00adne Mis\u00adsi\u00adon ist es, klei\u00adne und mitt\u00adle\u00adre Unter\u00adneh\u00admen f\u00fcr Nach\u00adhal\u00adtig\u00adkeit zu begeis\u00adtern und ihnen zu zei\u00adgen, wie sie Bio\u00addi\u00adver\u00adsi\u00adt\u00e4t auf dem Fir\u00admen\u00adge\u00adl\u00e4n\u00adde, in ihren Ange\u00adbo\u00adten und ent\u00adlang der Lie\u00adfer\u00adket\u00adte f\u00f6r\u00addern k\u00f6n\u00adnen \u2013 prag\u00adma\u00adtisch, wirk\u00adsam und mensch\u00adlich. Mit Bera\u00adtun\u00adgen, Bil\u00addungs\u00adfor\u00adma\u00adten und erleb\u00adnis\u00adori\u00aden\u00adtier\u00adten Work\u00adshops unter\u00adst\u00fct\u00adze ich Teams dabei, kon\u00adkre\u00adte Schrit\u00adte in Rich\u00adtung nach\u00adhal\u00adti\u00adge Unter\u00adneh\u00admens\u00adent\u00adwick\u00adlung zu gehen und so leben\u00addi\u00adge, zukunfts\u00adf\u00e4\u00adhi\u00adge Arbeits- und Lebens\u00adr\u00e4u\u00adme f\u00fcr Men\u00adschen und ande\u00adre Arten zu schaf\u00adfen.<\/p>\t\t\t\t\t\t\t\t<\/div>\n\t\t\t\t\t<\/div>\n\t\t\t\t<\/div>\n\t\t<div class=\"elementor-element elementor-element-a71e27b e-flex e-con-boxed e-con e-parent\" data-id=\"a71e27b\" data-element_type=\"container\" data-e-type=\"container\" data-settings=\"{&quot;background_background&quot;:&quot;classic&quot;}\">\n\t\t\t\t\t<div class=\"e-con-inner\">\n\t\t<div class=\"elementor-element elementor-element-e10a30d e-con-full e-flex e-con e-child\" data-id=\"e10a30d\" data-element_type=\"container\" data-e-type=\"container\" data-settings=\"{&quot;background_background&quot;:&quot;classic&quot;}\">\n\t\t<div class=\"elementor-element elementor-element-61d26f0 e-con-full e-flex e-con e-child\" data-id=\"61d26f0\" data-element_type=\"container\" data-e-type=\"container\">\n\t\t<div class=\"elementor-element elementor-element-07fb30e e-con-full e-flex e-con e-child\" data-id=\"07fb30e\" data-element_type=\"container\" data-e-type=\"container\">\n\t\t\t\t<div class=\"elementor-element elementor-element-56a0c97 elementor-widget elementor-widget-heading\" data-id=\"56a0c97\" data-element_type=\"widget\" data-e-type=\"widget\" data-widget_type=\"heading.default\">\n\t\t\t\t\t<h2 class=\"elementor-heading-title elementor-size-default\">FAQ<\/h2>\t\t\t\t<\/div>\n\t\t\t\t<div class=\"elementor-element elementor-element-f16534c elementor-widget elementor-widget-n-accordion\" data-id=\"f16534c\" data-element_type=\"widget\" data-e-type=\"widget\" data-settings=\"{&quot;default_state&quot;:&quot;expanded&quot;,&quot;max_items_expended&quot;:&quot;one&quot;,&quot;n_accordion_animation_duration&quot;:{&quot;unit&quot;:&quot;ms&quot;,&quot;size&quot;:400,&quot;sizes&quot;:[]}}\" data-widget_type=\"nested-accordion.default\">\n\t\t\t\t\t\t\t<div class=\"e-n-accordion\" aria-label=\"Accordion. Open links with Enter or Space, close with Escape, and navigate with Arrow Keys\">\n\t\t\t\t\t\t<details id=\"e-n-accordion-item-2530\" class=\"e-n-accordion-item\" open>\n\t\t\t\t<summary class=\"e-n-accordion-item-title\" data-accordion-index=\"1\" tabindex=\"0\" aria-expanded=\"true\" aria-controls=\"e-n-accordion-item-2530\">\n\t\t\t\t\t<span class=\"e-n-accordion-item-title-header\"><div class=\"e-n-accordion-item-title-text\"> Can I find the inter\u00adviews else\u00adwhe\u00adre? <\/div><\/span>\n\t\t\t\t\t\t\t<span class=\"e-n-accordion-item-title-icon\">\n\t\t\t<span class=\"e-opened\"><svg aria-hidden=\"true\" class=\"e-font-icon-svg e-fas-chevron-up\" viewBox=\"0 0 448 512\"><path d=\"M240.971 130.524l194.343 194.343c9.373 9.373 9.373 24.569 0 33.941l-22.667 22.667c-9.357 9.357-24.522 9.375-33.901.04L224 227.495 69.255 381.516c-9.379 9.335-24.544 9.317-33.901-.04l-22.667-22.667c-9.373-9.373-9.373-24.569 0-33.941L207.03 130.525c9.372-9.373 24.568-9.373 33.941-.001z\" \/><\/svg><\/span>\n\t\t\t<span class=\"e-closed\"><svg aria-hidden=\"true\" class=\"e-font-icon-svg e-fas-chevron-down\" viewBox=\"0 0 448 512\"><path d=\"M207.029 381.476L12.686 187.132c-9.373-9.373-9.373-24.569 0-33.941l22.667-22.667c9.357-9.357 24.522-9.375 33.901-.04L224 284.505l154.745-154.021c9.379-9.335 24.544-9.317 33.901.04l22.667 22.667c9.373 9.373 9.373 24.569 0 33.941L240.971 381.476c-9.373 9.372-24.569 9.372-33.942 0z\" \/><\/svg><\/span>\n\t\t<\/span>\n\n\t\t\t\t\t\t<\/summary>\n\t\t\t\t<div role=\"region\" aria-labelledby=\"e-n-accordion-item-2530\" class=\"elementor-element elementor-element-6769def e-con-full e-flex e-con e-child\" data-id=\"6769def\" data-element_type=\"container\" data-e-type=\"container\">\n\t\t\t\t<div class=\"elementor-element elementor-element-69a0421 elementor-widget elementor-widget-text-editor\" data-id=\"69a0421\" data-element_type=\"widget\" data-e-type=\"widget\" data-widget_type=\"text-editor.default\">\n\t\t\t\t\t\t\t\t\t<p>Nein. Die voll\u00adst\u00e4n\u00addi\u00adgen Exper\u00adten\u00adin\u00adter\u00adviews und Fra\u00adge-Ant\u00adwort-Run\u00adden sind exklu\u00adsiv f\u00fcr den Online Bio-Bal\u00adkon-Kon\u00adgress und&nbsp; die\u00adsen Kurs zu sehen. Die hoch\u00adwer\u00adti\u00adgen Boni, Check\u00adlis\u00adten und Leit\u00adfa\u00adden sind exklu\u00adsiv f\u00fcr die\u00adsen Kurs und nur hier zu erwer\u00adben.<\/p>\t\t\t\t\t\t\t\t<\/div>\n\t\t\t\t<\/div>\n\t\t\t\t\t<\/details>\n\t\t\t\t\t\t<details id=\"e-n-accordion-item-2531\" class=\"e-n-accordion-item\">\n\t\t\t\t<summary class=\"e-n-accordion-item-title\" data-accordion-index=\"2\" tabindex=\"-1\" aria-expanded=\"false\" aria-controls=\"e-n-accordion-item-2531\">\n\t\t\t\t\t<span class=\"e-n-accordion-item-title-header\"><div class=\"e-n-accordion-item-title-text\"> Can I down\u00adload the inter\u00adviews? <\/div><\/span>\n\t\t\t\t\t\t\t<span class=\"e-n-accordion-item-title-icon\">\n\t\t\t<span class=\"e-opened\"><svg aria-hidden=\"true\" class=\"e-font-icon-svg e-fas-chevron-up\" viewBox=\"0 0 448 512\"><path d=\"M240.971 130.524l194.343 194.343c9.373 9.373 9.373 24.569 0 33.941l-22.667 22.667c-9.357 9.357-24.522 9.375-33.901.04L224 227.495 69.255 381.516c-9.379 9.335-24.544 9.317-33.901-.04l-22.667-22.667c-9.373-9.373-9.373-24.569 0-33.941L207.03 130.525c9.372-9.373 24.568-9.373 33.941-.001z\" \/><\/svg><\/span>\n\t\t\t<span class=\"e-closed\"><svg aria-hidden=\"true\" class=\"e-font-icon-svg e-fas-chevron-down\" viewBox=\"0 0 448 512\"><path d=\"M207.029 381.476L12.686 187.132c-9.373-9.373-9.373-24.569 0-33.941l22.667-22.667c9.357-9.357 24.522-9.375 33.901-.04L224 284.505l154.745-154.021c9.379-9.335 24.544-9.317 33.901.04l22.667 22.667c9.373 9.373 9.373 24.569 0 33.941L240.971 381.476c-9.373 9.372-24.569 9.372-33.942 0z\" \/><\/svg><\/span>\n\t\t<\/span>\n\n\t\t\t\t\t\t<\/summary>\n\t\t\t\t<div role=\"region\" aria-labelledby=\"e-n-accordion-item-2531\" class=\"elementor-element elementor-element-0fe07f5 e-con-full e-flex e-con e-child\" data-id=\"0fe07f5\" data-element_type=\"container\" data-e-type=\"container\">\n\t\t\t\t<div class=\"elementor-element elementor-element-745e29a elementor-widget elementor-widget-text-editor\" data-id=\"745e29a\" data-element_type=\"widget\" data-e-type=\"widget\" data-widget_type=\"text-editor.default\">\n\t\t\t\t\t\t\t\t\t<p>Ja! Die Beir\u00e4\u00adge ste\u00adhen als Down\u00adload (Video und auch Audio) zur Ver\u00adf\u00fc\u00adgung.&nbsp;<\/p>\t\t\t\t\t\t\t\t<\/div>\n\t\t\t\t<\/div>\n\t\t\t\t\t<\/details>\n\t\t\t\t\t<\/div>\n\t\t\t\t\t\t<\/div>\n\t\t\t\t<\/div>\n\t\t\t\t<div class=\"elementor-element elementor-element-e67180f elementor-widget__width-initial elementor-widget-tablet__width-inherit elementor-widget-mobile__width-inherit elementor-widget elementor-widget-image\" data-id=\"e67180f\" data-element_type=\"widget\" data-e-type=\"widget\" data-widget_type=\"image.default\">\n\t\t\t\t\t\t\t\t\t\t\t\t\t\t\t<img loading=\"lazy\" decoding=\"async\" width=\"768\" height=\"644\" src=\"https:\/\/bio-balkon.de\/wp-content\/uploads\/2026\/02\/Mockup-Grafik-Biodiversitaet-fuer-Unternehmen-1-768x644.avif\" class=\"attachment-medium_large size-medium_large wp-image-88586\" alt=\"Mockup f\u00fcr den Onlinekurs Biodiversit\u00e4t f\u00fcr Unternehmen\" srcset=\"https:\/\/bio-balkon.de\/wp-content\/uploads\/2026\/02\/Mockup-Grafik-Biodiversitaet-fuer-Unternehmen-1-768x644.avif 768w, https:\/\/bio-balkon.de\/wp-content\/uploads\/2026\/02\/Mockup-Grafik-Biodiversitaet-fuer-Unternehmen-1-300x251.avif 300w, https:\/\/bio-balkon.de\/wp-content\/uploads\/2026\/02\/Mockup-Grafik-Biodiversitaet-fuer-Unternehmen-1-14x12.avif 14w, https:\/\/bio-balkon.de\/wp-content\/uploads\/2026\/02\/Mockup-Grafik-Biodiversitaet-fuer-Unternehmen-1.avif 940w\" sizes=\"auto, (max-width: 768px) 100vw, 768px\">\t\t\t\t\t\t\t\t\t\t\t\t\t\t\t<\/div>\n\t\t\t\t<\/div>\n\t\t\t\t<\/div>\n\t\t\t\t\t<\/div>\n\t\t\t\t<\/div>\n\t\t<div class=\"elementor-element elementor-element-6a88eb8 e-flex e-con-boxed e-con e-parent\" data-id=\"6a88eb8\" data-element_type=\"container\" data-e-type=\"container\" data-settings=\"{&quot;background_background&quot;:&quot;classic&quot;}\">\n\t\t\t\t\t<div class=\"e-con-inner\">\n\t\t\t\t<div class=\"elementor-element elementor-element-b7316de elementor-widget elementor-widget-text-editor\" data-id=\"b7316de\" data-element_type=\"widget\" data-e-type=\"widget\" data-widget_type=\"text-editor.default\">\n\t\t\t\t\t\t\t\t\t<p><strong>Alter\u00adna\u00adtiv\u00adbil\u00adder, ist da was bes\u00adser? Kack KI<\/strong><\/p>\t\t\t\t\t\t\t\t<\/div>\n\t\t\t\t<div class=\"elementor-element elementor-element-336ecba elementor-widget elementor-widget-image\" data-id=\"336ecba\" data-element_type=\"widget\" data-e-type=\"widget\" data-widget_type=\"image.default\">\n\t\t\t\t\t\t\t\t\t\t\t\t\t\t\t<img loading=\"lazy\" decoding=\"async\" width=\"768\" height=\"431\" src=\"https:\/\/bio-balkon.de\/wp-content\/uploads\/2026\/02\/Mockup-Kurs-Biodiversitaet-KMU--768x431.avif\" class=\"attachment-medium_large size-medium_large wp-image-88563\" alt=\"Mockup f\u00fcr den Onlinekurs Biodiversit\u00e4t f\u00fcr Unternehmen\" srcset=\"https:\/\/bio-balkon.de\/wp-content\/uploads\/2026\/02\/Mockup-Kurs-Biodiversitaet-KMU--768x431.avif 768w, https:\/\/bio-balkon.de\/wp-content\/uploads\/2026\/02\/Mockup-Kurs-Biodiversitaet-KMU--300x169.avif 300w, https:\/\/bio-balkon.de\/wp-content\/uploads\/2026\/02\/Mockup-Kurs-Biodiversitaet-KMU--1024x575.avif 1024w, https:\/\/bio-balkon.de\/wp-content\/uploads\/2026\/02\/Mockup-Kurs-Biodiversitaet-KMU--1536x863.avif 1536w, https:\/\/bio-balkon.de\/wp-content\/uploads\/2026\/02\/Mockup-Kurs-Biodiversitaet-KMU--2048x1151.avif 2048w, https:\/\/bio-balkon.de\/wp-content\/uploads\/2026\/02\/Mockup-Kurs-Biodiversitaet-KMU--18x10.avif 18w, https:\/\/bio-balkon.de\/wp-content\/uploads\/2026\/02\/Mockup-Kurs-Biodiversitaet-KMU--1320x742.avif 1320w\" sizes=\"auto, (max-width: 768px) 100vw, 768px\">\t\t\t\t\t\t\t\t\t\t\t\t\t\t\t<\/div>\n\t\t\t\t<div class=\"elementor-element elementor-element-384527f elementor-widget elementor-widget-image\" data-id=\"384527f\" data-element_type=\"widget\" data-e-type=\"widget\" data-widget_type=\"image.default\">\n\t\t\t\t\t\t\t\t\t\t\t\t\t\t\t<img loading=\"lazy\" decoding=\"async\" width=\"768\" height=\"431\" src=\"https:\/\/bio-balkon.de\/wp-content\/uploads\/2026\/02\/Mockup-Kurs-Biodiversitaet-KMU-768x431.avif\" class=\"attachment-medium_large size-medium_large wp-image-88566\" alt srcset=\"https:\/\/bio-balkon.de\/wp-content\/uploads\/2026\/02\/Mockup-Kurs-Biodiversitaet-KMU-768x431.avif 768w, https:\/\/bio-balkon.de\/wp-content\/uploads\/2026\/02\/Mockup-Kurs-Biodiversitaet-KMU-300x169.avif 300w, https:\/\/bio-balkon.de\/wp-content\/uploads\/2026\/02\/Mockup-Kurs-Biodiversitaet-KMU-1024x575.avif 1024w, https:\/\/bio-balkon.de\/wp-content\/uploads\/2026\/02\/Mockup-Kurs-Biodiversitaet-KMU-1536x863.avif 1536w, https:\/\/bio-balkon.de\/wp-content\/uploads\/2026\/02\/Mockup-Kurs-Biodiversitaet-KMU-2048x1151.avif 2048w, https:\/\/bio-balkon.de\/wp-content\/uploads\/2026\/02\/Mockup-Kurs-Biodiversitaet-KMU-18x10.avif 18w, https:\/\/bio-balkon.de\/wp-content\/uploads\/2026\/02\/Mockup-Kurs-Biodiversitaet-KMU-1320x742.avif 1320w\" sizes=\"auto, (max-width: 768px) 100vw, 768px\">\t\t\t\t\t\t\t\t\t\t\t\t\t\t\t<\/div>\n\t\t\t\t<div class=\"elementor-element elementor-element-1613cd1 elementor-widget elementor-widget-image\" data-id=\"1613cd1\" data-element_type=\"widget\" data-e-type=\"widget\" data-widget_type=\"image.default\">\n\t\t\t\t\t\t\t\t\t\t\t\t\t\t\t<img loading=\"lazy\" decoding=\"async\" width=\"768\" height=\"431\" src=\"https:\/\/bio-balkon.de\/wp-content\/uploads\/2026\/02\/Mockup-Kurs-Biodiversitaet-KMU-1-1-768x431.avif\" class=\"attachment-medium_large size-medium_large wp-image-88565\" alt srcset=\"https:\/\/bio-balkon.de\/wp-content\/uploads\/2026\/02\/Mockup-Kurs-Biodiversitaet-KMU-1-1-768x431.avif 768w, https:\/\/bio-balkon.de\/wp-content\/uploads\/2026\/02\/Mockup-Kurs-Biodiversitaet-KMU-1-1-300x169.avif 300w, https:\/\/bio-balkon.de\/wp-content\/uploads\/2026\/02\/Mockup-Kurs-Biodiversitaet-KMU-1-1-1024x575.avif 1024w, https:\/\/bio-balkon.de\/wp-content\/uploads\/2026\/02\/Mockup-Kurs-Biodiversitaet-KMU-1-1-1536x863.avif 1536w, https:\/\/bio-balkon.de\/wp-content\/uploads\/2026\/02\/Mockup-Kurs-Biodiversitaet-KMU-1-1-2048x1151.avif 2048w, https:\/\/bio-balkon.de\/wp-content\/uploads\/2026\/02\/Mockup-Kurs-Biodiversitaet-KMU-1-1-18x10.avif 18w, https:\/\/bio-balkon.de\/wp-content\/uploads\/2026\/02\/Mockup-Kurs-Biodiversitaet-KMU-1-1-1320x742.avif 1320w\" sizes=\"auto, (max-width: 768px) 100vw, 768px\">\t\t\t\t\t\t\t\t\t\t\t\t\t\t\t<\/div>\n\t\t\t\t<div class=\"elementor-element elementor-element-41f6b56 elementor-widget elementor-widget-text-editor\" data-id=\"41f6b56\" data-element_type=\"widget\" data-e-type=\"widget\" data-widget_type=\"text-editor.default\">\n\t\t\t\t\t\t\t\t\t<h2>Bio\u00addi\u00adver\u00adsi\u00adt\u00e4t f\u00fcr Unter\u00adneh\u00admen<\/h2><p>Star\u00adte jetzt und ver\u00adwand\u00adle dein Fir\u00admen\u00adge\u00adl\u00e4n\u00adde oder ande\u00adre Loka\u00adle Fl\u00e4\u00adchen in ein bl\u00fc\u00adhen\u00addes Para\u00addies f\u00fcr Schmet\u00adter\u00adlin\u00adge, Wild\u00adbie\u00adnen und V\u00f6gel!<\/p>\t\t\t\t\t\t\t\t<\/div>\n\t\t\t\t<div class=\"elementor-element elementor-element-af19fd1 elementor-align-center elementor-widget elementor-widget-button\" data-id=\"af19fd1\" data-element_type=\"widget\" data-e-type=\"widget\" data-widget_type=\"button.default\">\n\t\t\t\t\t\t\t\t\t\t<a class=\"elementor-button elementor-button-link elementor-size-sm\" href=\"https:\/\/www.digistore24.com\/product\/437709?voucher=KMU\">\n\t\t\t\t\t\t<span class=\"elementor-button-content-wrapper\">\n\t\t\t\t\t\t\t\t\t<span class=\"elementor-button-text\">Jetzt Video-Paket kau\u00adfen<\/span>\n\t\t\t\t\t<\/span>\n\t\t\t\t\t<\/a>\n\t\t\t\t\t\t\t\t<\/div>\n\t\t\t\t\t<\/div>\n\t\t\t\t<\/div>\n\t\t\t\t<\/div>","protected":false},"excerpt":{"rendered":"<p>Der Online\u00adkurs \u201eBio\u00addi\u00adver\u00adsi\u00adt\u00e4t auf klei\u00adnem Raum f\u00fcr KMU\u201c ent\u00adh\u00e4lt Exper\u00adten\u00adwis\u00adsen und Pra\u00adxis\u00adtipps aus 50 Vor\u00adtr\u00e4\u00adgen, Inter\u00adviews und Bal\u00adkon\u00adrund\u00adg\u00e4n\u00adgen zum natur\u00adna\u00adhen, bio\u00adlo\u00adgi\u00adschen G\u00e4rt\u00adnern auf Bal\u00adkon, Ter\u00adras\u00adse und Fens\u00adter\u00adbrett zur F\u00f6r\u00adde\u00adrung der Arten\u00adviel\u00adfalt, ins\u00adbe\u00adson\u00adde\u00adre f\u00fcr KMU.<\/p>","protected":false},"author":5,"featured_media":65877,"parent":0,"menu_order":30,"comment_status":"closed","ping_status":"closed","template":"","meta":{"_acf_changed":false,"wp_typography_post_enhancements_disabled":false,"footnotes":""},"class_list":["post-67407","page","type-page","status-publish","has-post-thumbnail","hentry"],"acf":[],"_links":{"self":[{"href":"https:\/\/bio-balkon.de\/en\/wp-json\/wp\/v2\/pages\/67407","targetHints":{"allow":["GET"]}}],"collection":[{"href":"https:\/\/bio-balkon.de\/en\/wp-json\/wp\/v2\/pages"}],"about":[{"href":"https:\/\/bio-balkon.de\/en\/wp-json\/wp\/v2\/types\/page"}],"author":[{"embeddable":true,"href":"https:\/\/bio-balkon.de\/en\/wp-json\/wp\/v2\/users\/5"}],"replies":[{"embeddable":true,"href":"https:\/\/bio-balkon.de\/en\/wp-json\/wp\/v2\/comments?post=67407"}],"version-history":[{"count":3,"href":"https:\/\/bio-balkon.de\/en\/wp-json\/wp\/v2\/pages\/67407\/revisions"}],"predecessor-version":[{"id":88614,"href":"https:\/\/bio-balkon.de\/en\/wp-json\/wp\/v2\/pages\/67407\/revisions\/88614"}],"wp:featuredmedia":[{"embeddable":true,"href":"https:\/\/bio-balkon.de\/en\/wp-json\/wp\/v2\/media\/65877"}],"wp:attachment":[{"href":"https:\/\/bio-balkon.de\/en\/wp-json\/wp\/v2\/media?parent=67407"}],"curies":[{"name":"wp","href":"https:\/\/api.w.org\/{rel}","templated":true}]}}