{"id":62032,"date":"2023-11-14T17:52:19","date_gmt":"2023-11-14T16:52:19","guid":{"rendered":"https:\/\/bio-balkon.de\/?page_id=62032"},"modified":"2025-08-01T19:06:02","modified_gmt":"2025-08-01T17:06:02","slug":"congress-package","status":"publish","type":"page","link":"https:\/\/bio-balkon.de\/en\/kongresse\/kongress-14\/kongresspaket\/","title":{"rendered":"Kon\u00adgress\u00adpa\u00adket 14 Mein genia\u00adler Bio-Bal\u00adkon"},"content":{"rendered":"\t\t<div data-elementor-type=\"wp-page\" data-elementor-id=\"62032\" class=\"elementor elementor-62032\" data-elementor-post-type=\"page\">\n\t\t\t\t<div class=\"elementor-element elementor-element-6bae4ea e-flex e-con-boxed e-con e-parent\" data-id=\"6bae4ea\" data-element_type=\"container\" data-e-type=\"container\">\n\t\t\t\t\t<div class=\"e-con-inner\">\n\t\t<div class=\"elementor-element elementor-element-16afe3e e-con-full e-flex e-con e-child\" data-id=\"16afe3e\" data-element_type=\"container\" data-e-type=\"container\" data-settings=\"{&quot;background_background&quot;:&quot;classic&quot;}\">\n\t\t\t\t<div class=\"elementor-element elementor-element-b3c9099 elementor-widget elementor-widget-image\" data-id=\"b3c9099\" data-element_type=\"widget\" data-e-type=\"widget\" data-widget_type=\"image.default\">\n\t\t\t\t\t\t\t\t\t\t\t\t\t\t\t\t<a href=\"https:\/\/www.digistore24.com\/product\/525289\">\n\t\t\t\t\t\t\t<img loading=\"lazy\" decoding=\"async\" width=\"768\" height=\"576\" src=\"https:\/\/bio-balkon.de\/wp-content\/uploads\/2024\/03\/Mockup-14-2024-Geld-zurueck-768x576.avif\" class=\"attachment-medium_large size-medium_large wp-image-65876\" alt=\"\" srcset=\"https:\/\/bio-balkon.de\/wp-content\/uploads\/2024\/03\/Mockup-14-2024-Geld-zurueck-768x576.avif 768w, https:\/\/bio-balkon.de\/wp-content\/uploads\/2024\/03\/Mockup-14-2024-Geld-zurueck-300x225.avif 300w, https:\/\/bio-balkon.de\/wp-content\/uploads\/2024\/03\/Mockup-14-2024-Geld-zurueck-16x12.avif 16w, https:\/\/bio-balkon.de\/wp-content\/uploads\/2024\/03\/Mockup-14-2024-Geld-zurueck.avif 1024w\" sizes=\"auto, (max-width: 768px) 100vw, 768px\" \/>\t\t\t\t\t\t\t\t<\/a>\n\t\t\t\t\t\t\t\t\t\t\t\t\t\t\t<\/div>\n\t\t\t\t<div class=\"elementor-element elementor-element-d314bee elementor-widget elementor-widget-heading\" data-id=\"d314bee\" data-element_type=\"widget\" data-e-type=\"widget\" data-widget_type=\"heading.default\">\n\t\t\t\t\t<h1 class=\"elementor-heading-title elementor-size-default\">Kongresspaket<\/h1>\t\t\t\t<\/div>\n\t\t\t\t<div class=\"elementor-element elementor-element-5cba067 elementor-widget elementor-widget-heading\" data-id=\"5cba067\" data-element_type=\"widget\" data-e-type=\"widget\" data-widget_type=\"heading.default\">\n\t\t\t\t\t<h1 class=\"elementor-heading-title elementor-size-default\">Jeder Meter z\u00e4hlt! Mein genialer Bio-Balkon<\/h1>\t\t\t\t<\/div>\n\t\t\t\t<div class=\"elementor-element elementor-element-6009edd elementor-widget elementor-widget-text-editor\" data-id=\"6009edd\" data-element_type=\"widget\" data-e-type=\"widget\" data-widget_type=\"text-editor.default\">\n\t\t\t\t\t\t\t\t\t<p>32 Expert:innen teilen online &amp; gratis ihr Wissen und geben Tipps und Hacks zum ertragreichen Anbau von Gem\u00fcse, Permaveggies und Kr\u00e4utern auf Balkon, Terrasse, Fensterbrett und K\u00fcchentisch sowie zur F\u00f6rderung der Artenvielfalt.<\/p>\t\t\t\t\t\t\t\t<\/div>\n\t\t\t\t<div class=\"elementor-element elementor-element-310a621 elementor-widget elementor-widget-text-editor\" data-id=\"310a621\" data-element_type=\"widget\" data-e-type=\"widget\" data-widget_type=\"text-editor.default\">\n\t\t\t\t\t\t\t\t\t<ul><li style=\"text-align: left;\"><strong>Zugriff<\/strong> f\u00fcr lebenslang vom Projekt Bio-Balkon auf alle Inhalte<strong>\u00a0mit Stream- und Download-Option (Video und Audio)<\/strong>\u00a0\u00fcber den exklusiven\u00a0<strong>Mitglieder-Bereich<\/strong><\/li><li style=\"text-align: left;\"><strong>Bezugsadressen Pflanzen, Saatgut, Empfehlungen einschlie\u00dflich Rabatte-Codes<\/strong><\/li><li style=\"text-align: left;\">Bonus 1: Leitfaden &#8222;Naturnahes G\u00e4rtnern auf Balkonen und Terrasse&#8220; von Stefanie Binder<\/li><li style=\"text-align: left;\">Bonus 2: 48 Trockenheitsvertr\u00e4gliche heimische Wildpflanzen f\u00fcr den sonnigen Balkonkasten &#8211; getestet von Berthold Daubner<\/li><li style=\"text-align: left;\">Bonus 3: Pflanzen fu\u0308r schattigen Standort &#8211; Empfehlungen von G\u00e4rtnermeister Friedhelm Strickler<\/li><li style=\"text-align: left;\">Bonus 4: Ausgew\u00e4hlte, bew\u00e4hrte Pflanzen f\u00fcr windexponierte Standorte von Pflanzplanerin Dr. Sonja Schwingesbauer<\/li><li style=\"text-align: left;\">Bonus 5: Unterscheidungshilfe Engerlinge von Sabine Pleininger<\/li><li style=\"text-align: left;\">Bonus 6: Anleitung DIY nat\u00fcrlich &#8222;Kr\u00e4utertee am Stiel&#8220; von Sigrid Tinz<\/li><li style=\"text-align: left;\">Bonus 7: Anleitung DIY nat\u00fcrlich &#8222;Knetseife&#8220; von Sigrid Tinz\u00a0<\/li><\/ul>\t\t\t\t\t\t\t\t<\/div>\n\t\t\t\t<div class=\"elementor-element elementor-element-aba181b elementor-widget elementor-widget-text-editor\" data-id=\"aba181b\" data-element_type=\"widget\" data-e-type=\"widget\" data-widget_type=\"text-editor.default\">\n\t\t\t\t\t\t\t\t\t<p>NEU IST DIE VERSCHENKEM\u00d6GLICHKEIT: Eine sinnvolle Schenkm\u00f6glichkeit &#8211; vielleicht f\u00fcr Deine Kinder und Enkel. Die GESCHENKEOPTION ist unter dem Adressfeld zu aktivieren. Falls aktiviert, kann nach der Zahlung eine Gru\u00dfnachricht und das Datum f\u00fcr den Erhalt des Geschenks festlegt werden.<\/p>\t\t\t\t\t\t\t\t<\/div>\n\t\t\t\t<div class=\"elementor-element elementor-element-5afb3c1 elementor-align-center elementor-mobile-align-justify elementor-widget elementor-widget-button\" data-id=\"5afb3c1\" data-element_type=\"widget\" data-e-type=\"widget\" data-widget_type=\"button.default\">\n\t\t\t\t\t\t\t\t\t\t<a class=\"elementor-button elementor-button-link elementor-size-md\" href=\"https:\/\/www.digistore24.com\/product\/525289\">\n\t\t\t\t\t\t<span class=\"elementor-button-content-wrapper\">\n\t\t\t\t\t\t\t\t\t<span class=\"elementor-button-text\">Kongresspaket kaufen<\/span>\n\t\t\t\t\t<\/span>\n\t\t\t\t\t<\/a>\n\t\t\t\t\t\t\t\t<\/div>\n\t\t\t\t<\/div>\n\t\t<div class=\"elementor-element elementor-element-734f1af e-con-full e-flex e-con e-child\" data-id=\"734f1af\" data-element_type=\"container\" data-e-type=\"container\" data-settings=\"{&quot;background_background&quot;:&quot;classic&quot;}\">\n\t\t\t\t<div class=\"elementor-element elementor-element-a00d8a4 elementor-widget elementor-widget-heading\" data-id=\"a00d8a4\" data-element_type=\"widget\" data-e-type=\"widget\" data-widget_type=\"heading.default\">\n\t\t\t\t\t<h2 class=\"elementor-heading-title elementor-size-default\">Jetzt f\u00fcr den n\u00e4chsten Bio-Balkon-Kongress gratis anmelden:<\/h2>\t\t\t\t<\/div>\n\t\t\t\t<div class=\"elementor-element elementor-element-f8e3959 elementor-button-align-stretch elementor-widget elementor-widget-form\" data-id=\"f8e3959\" data-element_type=\"widget\" data-e-type=\"widget\" data-settings=\"{&quot;step_next_label&quot;:&quot;N\\u00e4chster&quot;,&quot;step_previous_label&quot;:&quot;Voriger&quot;,&quot;button_width&quot;:&quot;100&quot;,&quot;step_type&quot;:&quot;number_text&quot;,&quot;step_icon_shape&quot;:&quot;circle&quot;}\" data-widget_type=\"form.default\">\n\t\t\t\t\t\t\t<form class=\"elementor-form\" method=\"post\" name=\"Neues Formular\" aria-label=\"Neues Formular\">\n\t\t\t<input type=\"hidden\" name=\"post_id\" value=\"62032\"\/>\n\t\t\t<input type=\"hidden\" name=\"form_id\" value=\"f8e3959\"\/>\n\t\t\t<input type=\"hidden\" name=\"referer_title\" value=\"Kongresspaket 14. Balkonkongress \u201eMein genialer Bio-Balkon\u201c\" \/>\n\n\t\t\t\t\t\t\t<input type=\"hidden\" name=\"queried_id\" value=\"62032\"\/>\n\t\t\t\n\t\t\t<div class=\"elementor-form-fields-wrapper elementor-labels-\">\n\t\t\t\t\t\t\t\t<div class=\"elementor-field-type-text elementor-field-group elementor-column elementor-field-group-name elementor-col-50 elementor-md-50\">\n\t\t\t\t\t\t\t\t\t\t\t\t<label for=\"form-field-name\" class=\"elementor-field-label elementor-screen-only\">\n\t\t\t\t\t\t\t\tVorname\t\t\t\t\t\t\t<\/label>\n\t\t\t\t\t\t\t\t\t\t\t\t\t\t<input size=\"1\" type=\"text\" name=\"form_fields[name]\" id=\"form-field-name\" class=\"elementor-field elementor-size-md  elementor-field-textual\" placeholder=\"Vorname (optional)\">\n\t\t\t\t\t\t\t\t\t\t\t<\/div>\n\t\t\t\t\t\t\t\t<div class=\"elementor-field-type-email elementor-field-group elementor-column elementor-field-group-email elementor-col-50 elementor-md-50 elementor-field-required\">\n\t\t\t\t\t\t\t\t\t\t\t\t<label for=\"form-field-email\" class=\"elementor-field-label elementor-screen-only\">\n\t\t\t\t\t\t\t\tE-Mail\t\t\t\t\t\t\t<\/label>\n\t\t\t\t\t\t\t\t\t\t\t\t\t\t<input size=\"1\" type=\"email\" name=\"form_fields[email]\" id=\"form-field-email\" class=\"elementor-field elementor-size-md  elementor-field-textual\" placeholder=\"E-Mail-Adresse\" required=\"required\">\n\t\t\t\t\t\t\t\t\t\t\t<\/div>\n\t\t\t\t\t\t\t\t<div class=\"elementor-field-group elementor-column elementor-field-type-submit elementor-col-100 e-form__buttons\">\n\t\t\t\t\t<button class=\"elementor-button elementor-size-lg\" type=\"submit\">\n\t\t\t\t\t\t<span class=\"elementor-button-content-wrapper\">\n\t\t\t\t\t\t\t\t\t\t\t\t\t\t\t\t\t\t\t\t\t\t<span class=\"elementor-button-text\">Ja - kostenfrei dabei sein!<\/span>\n\t\t\t\t\t\t\t\t\t\t\t\t\t<\/span>\n\t\t\t\t\t<\/button>\n\t\t\t\t<\/div>\n\t\t\t<\/div>\n\t\t<\/form>\n\t\t\t\t\t\t<\/div>\n\t\t\t\t<\/div>\n\t\t<div class=\"elementor-element elementor-element-3852e21 e-con-full e-flex e-con e-child\" data-id=\"3852e21\" data-element_type=\"container\" data-e-type=\"container\" data-settings=\"{&quot;background_background&quot;:&quot;classic&quot;}\">\n\t\t\t\t<div class=\"elementor-element elementor-element-0ab2fff elementor-widget elementor-widget-heading\" data-id=\"0ab2fff\" data-element_type=\"widget\" data-e-type=\"widget\" data-widget_type=\"heading.default\">\n\t\t\t\t\t<h2 class=\"elementor-heading-title elementor-size-default\">Von diesen 33 Beitr\u00e4gen im Kongresspaket kannst Du dauerhaft profitieren<\/h2>\t\t\t\t<\/div>\n\t\t<div class=\"elementor-element elementor-element-672c855 e-grid e-con-boxed e-con e-child\" data-id=\"672c855\" data-element_type=\"container\" data-e-type=\"container\">\n\t\t\t\t\t<div class=\"e-con-inner\">\n\t\t\t\t<div class=\"elementor-element elementor-element-ded23ef elementor-position-top elementor-widget elementor-widget-image-box\" data-id=\"ded23ef\" data-element_type=\"widget\" data-e-type=\"widget\" data-widget_type=\"image-box.default\">\n\t\t\t\t\t<div class=\"elementor-image-box-wrapper\"><figure class=\"elementor-image-box-img\"><a href=\"https:\/\/bio-balkon.de\/experten\/prof-dr-klaus-neumann\/\" target=\"_blank\" tabindex=\"-1\"><img loading=\"lazy\" decoding=\"async\" width=\"150\" height=\"150\" src=\"https:\/\/bio-balkon.de\/wp-content\/uploads\/2023\/02\/Prof.-Dr.-Klaus-Neumann-150x150.avif\" class=\"attachment-thumbnail size-thumbnail wp-image-50878\" alt=\"Prof. Dr. Klaus Neumann h\u00e4lt den Einf\u00fchrungsvortrag zur Stadtnatur\" srcset=\"https:\/\/bio-balkon.de\/wp-content\/uploads\/2023\/02\/Prof.-Dr.-Klaus-Neumann-150x150.avif 150w, https:\/\/bio-balkon.de\/wp-content\/uploads\/2023\/02\/Prof.-Dr.-Klaus-Neumann-300x300.avif 300w, https:\/\/bio-balkon.de\/wp-content\/uploads\/2023\/02\/Prof.-Dr.-Klaus-Neumann.avif 341w\" sizes=\"auto, (max-width: 150px) 100vw, 150px\" \/><\/a><\/figure><div class=\"elementor-image-box-content\"><h6 class=\"elementor-image-box-title\"><a href=\"https:\/\/bio-balkon.de\/experten\/prof-dr-klaus-neumann\/\" target=\"_blank\">Prof. Dr. Klaus Neumann <\/a><\/h6><p class=\"elementor-image-box-description\">Die\nBedeutung von Kleinstfl\u00e4chen f\u00fcr die Stadtnatur<\/p><\/div><\/div>\t\t\t\t<\/div>\n\t\t\t\t<div class=\"elementor-element elementor-element-11560f5 elementor-position-top elementor-widget elementor-widget-image-box\" data-id=\"11560f5\" data-element_type=\"widget\" data-e-type=\"widget\" data-widget_type=\"image-box.default\">\n\t\t\t\t\t<div class=\"elementor-image-box-wrapper\"><figure class=\"elementor-image-box-img\"><a href=\"https:\/\/bio-balkon.de\/experten\/christiane-denzel-2\/\" target=\"_blank\" tabindex=\"-1\"><img loading=\"lazy\" decoding=\"async\" width=\"150\" height=\"150\" src=\"https:\/\/bio-balkon.de\/wp-content\/uploads\/2023\/02\/Christiane-Denzel-Expertin-Biodiversitaet-2023-150x150.avif\" class=\"attachment-thumbnail size-thumbnail wp-image-50729\" alt=\"Die Expertin f\u00fcr Artenvielfalt Christiane Denzel spricht beim Online Bio-Balkon-Kongress.\" srcset=\"https:\/\/bio-balkon.de\/wp-content\/uploads\/2023\/02\/Christiane-Denzel-Expertin-Biodiversitaet-2023-150x150.avif 150w, https:\/\/bio-balkon.de\/wp-content\/uploads\/2023\/02\/Christiane-Denzel-Expertin-Biodiversitaet-2023-300x300.avif 300w, https:\/\/bio-balkon.de\/wp-content\/uploads\/2023\/02\/Christiane-Denzel-Expertin-Biodiversitaet-2023-768x768.avif 768w, https:\/\/bio-balkon.de\/wp-content\/uploads\/2023\/02\/Christiane-Denzel-Expertin-Biodiversitaet-2023-12x12.avif 12w, https:\/\/bio-balkon.de\/wp-content\/uploads\/2023\/02\/Christiane-Denzel-Expertin-Biodiversitaet-2023.avif 1000w\" sizes=\"auto, (max-width: 150px) 100vw, 150px\" \/><\/a><\/figure><div class=\"elementor-image-box-content\"><h6 class=\"elementor-image-box-title\"><a href=\"https:\/\/bio-balkon.de\/experten\/christiane-denzel-2\/\" target=\"_blank\">Christiane Denzel<\/a><\/h6><p class=\"elementor-image-box-description\">Jeder Meter z\u00e4hlt! Jede Bl\u00fcte z\u00e4hlt! Artenvielfalt im Topf und K\u00fcbel f\u00f6rdern<\/p><\/div><\/div>\t\t\t\t<\/div>\n\t\t\t\t<div class=\"elementor-element elementor-element-6b55c74 elementor-position-top elementor-widget elementor-widget-image-box\" data-id=\"6b55c74\" data-element_type=\"widget\" data-e-type=\"widget\" data-widget_type=\"image-box.default\">\n\t\t\t\t\t<div class=\"elementor-image-box-wrapper\"><figure class=\"elementor-image-box-img\"><a href=\"https:\/\/bio-balkon.de\/experten\/deike-hassler\/\" target=\"_blank\" tabindex=\"-1\"><img loading=\"lazy\" decoding=\"async\" width=\"150\" height=\"150\" src=\"https:\/\/bio-balkon.de\/wp-content\/uploads\/2023\/12\/Deike-Hassler--150x150.avif\" class=\"attachment-thumbnail size-thumbnail wp-image-64497\" alt=\"Deike Ha\u00dfler vom Ku\u0308stenbalkon spricht beim Online Bio-Balkon-Kongress \u00fcbers Fensterbrettg\u00e4rtnern\" srcset=\"https:\/\/bio-balkon.de\/wp-content\/uploads\/2023\/12\/Deike-Hassler--150x150.avif 150w, https:\/\/bio-balkon.de\/wp-content\/uploads\/2023\/12\/Deike-Hassler--300x300.avif 300w, https:\/\/bio-balkon.de\/wp-content\/uploads\/2023\/12\/Deike-Hassler--768x768.avif 768w, https:\/\/bio-balkon.de\/wp-content\/uploads\/2023\/12\/Deike-Hassler--12x12.avif 12w, https:\/\/bio-balkon.de\/wp-content\/uploads\/2023\/12\/Deike-Hassler-.avif 1000w\" sizes=\"auto, (max-width: 150px) 100vw, 150px\" \/><\/a><\/figure><div class=\"elementor-image-box-content\"><h6 class=\"elementor-image-box-title\"><a href=\"https:\/\/bio-balkon.de\/experten\/deike-hassler\/\" target=\"_blank\">Deike Ha\u00dfler<\/a><\/h6><p class=\"elementor-image-box-description\">100 verschiedene Gem\u00fcsepflanzen auf Balkon und Fensterbrett<\/p><\/div><\/div>\t\t\t\t<\/div>\n\t\t\t\t<div class=\"elementor-element elementor-element-7ff7740 elementor-position-top elementor-widget elementor-widget-image-box\" data-id=\"7ff7740\" data-element_type=\"widget\" data-e-type=\"widget\" data-widget_type=\"image-box.default\">\n\t\t\t\t\t<div class=\"elementor-image-box-wrapper\"><figure class=\"elementor-image-box-img\"><a href=\"https:\/\/bio-balkon.de\/experten\/sieglinde-frey-3\/\" target=\"_blank\" tabindex=\"-1\"><img loading=\"lazy\" decoding=\"async\" width=\"150\" height=\"150\" src=\"https:\/\/bio-balkon.de\/wp-content\/uploads\/2023\/10\/Sieglinde-Frey-7-150x150.avif\" class=\"attachment-thumbnail size-thumbnail wp-image-61202\" alt=\"Beim Online Bio-Balkon-Kongress spricht die Floristin und G\u00e4rtnereiverk\u00e4uferin Sieglinde Frey.\" srcset=\"https:\/\/bio-balkon.de\/wp-content\/uploads\/2023\/10\/Sieglinde-Frey-7-150x150.avif 150w, https:\/\/bio-balkon.de\/wp-content\/uploads\/2023\/10\/Sieglinde-Frey-7-300x300.avif 300w, https:\/\/bio-balkon.de\/wp-content\/uploads\/2023\/10\/Sieglinde-Frey-7-768x768.avif 768w, https:\/\/bio-balkon.de\/wp-content\/uploads\/2023\/10\/Sieglinde-Frey-7-12x12.avif 12w, https:\/\/bio-balkon.de\/wp-content\/uploads\/2023\/10\/Sieglinde-Frey-7.avif 1000w\" sizes=\"auto, (max-width: 150px) 100vw, 150px\" \/><\/a><\/figure><div class=\"elementor-image-box-content\"><h6 class=\"elementor-image-box-title\"><a href=\"https:\/\/bio-balkon.de\/experten\/sieglinde-frey-3\/\" target=\"_blank\">Sieglinde Frey  <\/a><\/h6><p class=\"elementor-image-box-description\">Mein genialer Heilpflanzenbalkon und Fensterbrett<\/p><\/div><\/div>\t\t\t\t<\/div>\n\t\t\t\t<div class=\"elementor-element elementor-element-5897049 elementor-position-top elementor-widget elementor-widget-image-box\" data-id=\"5897049\" data-element_type=\"widget\" data-e-type=\"widget\" data-widget_type=\"image-box.default\">\n\t\t\t\t\t<div class=\"elementor-image-box-wrapper\"><figure class=\"elementor-image-box-img\"><a href=\"https:\/\/bio-balkon.de\/experten\/ekkehard-spiegel\/\" target=\"_blank\" tabindex=\"-1\"><img loading=\"lazy\" decoding=\"async\" width=\"150\" height=\"150\" src=\"https:\/\/bio-balkon.de\/wp-content\/uploads\/2023\/11\/Ekkehard-Spiegel-@Urs-Mauk-150x150.avif\" class=\"attachment-thumbnail size-thumbnail wp-image-61425\" alt=\"Weltacker-G\u00e4rtner Ekkehard Spiegel spricht beim Online Bio-Balkon-Kongress zum Anbau von Leguminosen.\" srcset=\"https:\/\/bio-balkon.de\/wp-content\/uploads\/2023\/11\/Ekkehard-Spiegel-@Urs-Mauk-150x150.avif 150w, https:\/\/bio-balkon.de\/wp-content\/uploads\/2023\/11\/Ekkehard-Spiegel-@Urs-Mauk-300x300.avif 300w, https:\/\/bio-balkon.de\/wp-content\/uploads\/2023\/11\/Ekkehard-Spiegel-@Urs-Mauk-768x768.avif 768w, https:\/\/bio-balkon.de\/wp-content\/uploads\/2023\/11\/Ekkehard-Spiegel-@Urs-Mauk-12x12.avif 12w, https:\/\/bio-balkon.de\/wp-content\/uploads\/2023\/11\/Ekkehard-Spiegel-@Urs-Mauk.avif 1000w\" sizes=\"auto, (max-width: 150px) 100vw, 150px\" \/><\/a><\/figure><div class=\"elementor-image-box-content\"><h6 class=\"elementor-image-box-title\"><a href=\"https:\/\/bio-balkon.de\/experten\/ekkehard-spiegel\/\" target=\"_blank\">Ekkehard Spiegel<\/a><\/h6><p class=\"elementor-image-box-description\">Anbau von Stangenbohnen - H\u00fclsenfr\u00fcchte - Trend der Zukunft<\/p><\/div><\/div>\t\t\t\t<\/div>\n\t\t\t\t<div class=\"elementor-element elementor-element-08b3b25 elementor-position-top elementor-widget elementor-widget-image-box\" data-id=\"08b3b25\" data-element_type=\"widget\" data-e-type=\"widget\" data-widget_type=\"image-box.default\">\n\t\t\t\t\t<div class=\"elementor-image-box-wrapper\"><figure class=\"elementor-image-box-img\"><a href=\"https:\/\/bio-balkon.de\/experten\/dr-stefan-huegel\/\" target=\"_blank\" tabindex=\"-1\"><img loading=\"lazy\" decoding=\"async\" width=\"150\" height=\"150\" src=\"https:\/\/bio-balkon.de\/wp-content\/uploads\/2023\/11\/Dr.-Stefan-Huegel-150x150.avif\" class=\"attachment-thumbnail size-thumbnail wp-image-61608\" alt=\"Der Spezialist Dr. Stefan H\u00fcgel f\u00fcr die Rolle von Mineralien und Spurenelementen f\u00fcr die Gesundheit von Mensch, Tier, Pflanze und Boden spricht beim Online Bio-Balkon-Kongress.\" \/><\/a><\/figure><div class=\"elementor-image-box-content\"><h6 class=\"elementor-image-box-title\"><a href=\"https:\/\/bio-balkon.de\/experten\/dr-stefan-huegel\/\" target=\"_blank\">Dr. Stefan H\u00fcgel<\/a><\/h6><p class=\"elementor-image-box-description\">Mit Mineralien die Pflanzengesundheit und unsere eigene Gesundheit steigern<\/p><\/div><\/div>\t\t\t\t<\/div>\n\t\t\t\t<div class=\"elementor-element elementor-element-94ba718 elementor-position-top elementor-widget elementor-widget-image-box\" data-id=\"94ba718\" data-element_type=\"widget\" data-e-type=\"widget\" data-widget_type=\"image-box.default\">\n\t\t\t\t\t<div class=\"elementor-image-box-wrapper\"><figure class=\"elementor-image-box-img\"><a href=\"https:\/\/bio-balkon.de\/experten\/dr-johannes-eisenbach\/\" target=\"_blank\" tabindex=\"-1\"><img loading=\"lazy\" decoding=\"async\" width=\"150\" height=\"150\" src=\"https:\/\/bio-balkon.de\/wp-content\/uploads\/2023\/11\/Dr.-Johannes-Eisenbach--150x150.avif\" class=\"attachment-thumbnail size-thumbnail wp-image-63752\" alt=\"Dr. Johannes Eisenbach spricht beim Online Bio-Balkon-Kongress zum Humusaufbau.\" srcset=\"https:\/\/bio-balkon.de\/wp-content\/uploads\/2023\/11\/Dr.-Johannes-Eisenbach--150x150.avif 150w, https:\/\/bio-balkon.de\/wp-content\/uploads\/2023\/11\/Dr.-Johannes-Eisenbach--298x300.avif 298w, https:\/\/bio-balkon.de\/wp-content\/uploads\/2023\/11\/Dr.-Johannes-Eisenbach--768x773.avif 768w, https:\/\/bio-balkon.de\/wp-content\/uploads\/2023\/11\/Dr.-Johannes-Eisenbach--12x12.avif 12w, https:\/\/bio-balkon.de\/wp-content\/uploads\/2023\/11\/Dr.-Johannes-Eisenbach-.avif 1018w\" sizes=\"auto, (max-width: 150px) 100vw, 150px\" \/><\/a><\/figure><div class=\"elementor-image-box-content\"><h6 class=\"elementor-image-box-title\"><a href=\"https:\/\/bio-balkon.de\/experten\/dr-johannes-eisenbach\/\" target=\"_blank\">Dr. Johannes Eisenbach<\/a><\/h6><p class=\"elementor-image-box-description\">Dauersubstrat, Humusaufbau, Biozyklische Humuserde<\/p><\/div><\/div>\t\t\t\t<\/div>\n\t\t\t\t<div class=\"elementor-element elementor-element-8b31802 elementor-position-top elementor-widget elementor-widget-image-box\" data-id=\"8b31802\" data-element_type=\"widget\" data-e-type=\"widget\" data-widget_type=\"image-box.default\">\n\t\t\t\t\t<div class=\"elementor-image-box-wrapper\"><figure class=\"elementor-image-box-img\"><a href=\"https:\/\/bio-balkon.de\/experten\/stefanie-binder-2\/\" target=\"_blank\" tabindex=\"-1\"><img loading=\"lazy\" decoding=\"async\" width=\"150\" height=\"150\" src=\"https:\/\/bio-balkon.de\/wp-content\/uploads\/2020\/06\/Stefanie-binder-DSC_0715-Kopie-U\u0308berblick-Steffi-mittendrin-ausschnitt-150x150.avif\" class=\"attachment-thumbnail size-thumbnail wp-image-8249\" alt=\"Stefanie Binder inmitten ihrer Wildpflanzen auf ihrem Hamburger Innenhof-Balkon\" \/><\/a><\/figure><div class=\"elementor-image-box-content\"><h6 class=\"elementor-image-box-title\"><a href=\"https:\/\/bio-balkon.de\/experten\/stefanie-binder-2\/\" target=\"_blank\">Stefanie Binder<\/a><\/h6><p class=\"elementor-image-box-description\">Naturnahes G\u00e4rtnern auf Balkonen und Terrassen  - im Bl\u00fctenmeer sitzen<\/p><\/div><\/div>\t\t\t\t<\/div>\n\t\t\t\t<div class=\"elementor-element elementor-element-714b7cd elementor-position-top elementor-widget elementor-widget-image-box\" data-id=\"714b7cd\" data-element_type=\"widget\" data-e-type=\"widget\" data-widget_type=\"image-box.default\">\n\t\t\t\t\t<div class=\"elementor-image-box-wrapper\"><figure class=\"elementor-image-box-img\"><a href=\"https:\/\/bio-balkon.de\/experten\/sabine-pleininger\/\" target=\"_blank\" tabindex=\"-1\"><img loading=\"lazy\" decoding=\"async\" width=\"150\" height=\"150\" src=\"https:\/\/bio-balkon.de\/wp-content\/uploads\/2023\/11\/Sabine-Pleininger-150x150.avif\" class=\"attachment-thumbnail size-thumbnail wp-image-61440\" alt=\"Sabine Pleininger spricht beim Online Bio-Balkon-Kongress zu Wildbienen und N\u00fctzlingen.\" srcset=\"https:\/\/bio-balkon.de\/wp-content\/uploads\/2023\/11\/Sabine-Pleininger-150x150.avif 150w, https:\/\/bio-balkon.de\/wp-content\/uploads\/2023\/11\/Sabine-Pleininger-300x300.avif 300w, https:\/\/bio-balkon.de\/wp-content\/uploads\/2023\/11\/Sabine-Pleininger-12x12.avif 12w, https:\/\/bio-balkon.de\/wp-content\/uploads\/2023\/11\/Sabine-Pleininger.avif 400w\" sizes=\"auto, (max-width: 150px) 100vw, 150px\" \/><\/a><\/figure><div class=\"elementor-image-box-content\"><h6 class=\"elementor-image-box-title\"><a href=\"https:\/\/bio-balkon.de\/experten\/sabine-pleininger\/\" target=\"_blank\">Sabine Pleininger<\/a><\/h6><p class=\"elementor-image-box-description\">N\u00fctzlinge, biologische Pflanzenschutzmittel und Pflanzenst\u00e4rkung<\/p><\/div><\/div>\t\t\t\t<\/div>\n\t\t\t\t<div class=\"elementor-element elementor-element-20c8d5b elementor-position-top elementor-widget elementor-widget-image-box\" data-id=\"20c8d5b\" data-element_type=\"widget\" data-e-type=\"widget\" data-widget_type=\"image-box.default\">\n\t\t\t\t\t<div class=\"elementor-image-box-wrapper\"><figure class=\"elementor-image-box-img\"><a href=\"https:\/\/bio-balkon.de\/experten\/brigitte-addington-5\/\" target=\"_blank\" tabindex=\"-1\"><img loading=\"lazy\" decoding=\"async\" width=\"150\" height=\"150\" src=\"https:\/\/bio-balkon.de\/wp-content\/uploads\/2021\/10\/Brigitte-Addington--150x150.avif\" class=\"attachment-thumbnail size-thumbnail wp-image-34061\" alt=\"Kr\u00e4uterfrau Brigitte Addington spricht beim Online Bio-Balkon-Kongress\" srcset=\"https:\/\/bio-balkon.de\/wp-content\/uploads\/2021\/10\/Brigitte-Addington--150x150.avif 150w, https:\/\/bio-balkon.de\/wp-content\/uploads\/2021\/10\/Brigitte-Addington--300x300.avif 300w, https:\/\/bio-balkon.de\/wp-content\/uploads\/2021\/10\/Brigitte-Addington--768x768.avif 768w, https:\/\/bio-balkon.de\/wp-content\/uploads\/2021\/10\/Brigitte-Addington--12x12.avif 12w, https:\/\/bio-balkon.de\/wp-content\/uploads\/2021\/10\/Brigitte-Addington-.avif 1000w\" sizes=\"auto, (max-width: 150px) 100vw, 150px\" \/><\/a><\/figure><div class=\"elementor-image-box-content\"><h6 class=\"elementor-image-box-title\"><a href=\"https:\/\/bio-balkon.de\/experten\/brigitte-addington-5\/\" target=\"_blank\">Brigitte Addington<\/a><\/h6><p class=\"elementor-image-box-description\">Fr\u00fchlingspower: Gr\u00fcne Kraftpakete f\u00fcr K\u00f6rper, Seele und Geist<\/p><\/div><\/div>\t\t\t\t<\/div>\n\t\t\t\t<div class=\"elementor-element elementor-element-858b65a elementor-position-top elementor-widget elementor-widget-image-box\" data-id=\"858b65a\" data-element_type=\"widget\" data-e-type=\"widget\" data-widget_type=\"image-box.default\">\n\t\t\t\t\t<div class=\"elementor-image-box-wrapper\"><figure class=\"elementor-image-box-img\"><a href=\"https:\/\/bio-balkon.de\/experten\/sarah-hochgeschurz\/\" target=\"_blank\" tabindex=\"-1\"><img loading=\"lazy\" decoding=\"async\" width=\"150\" height=\"150\" src=\"https:\/\/bio-balkon.de\/wp-content\/uploads\/2023\/11\/Sarah-Hochgeschurz-150x150.avif\" class=\"attachment-thumbnail size-thumbnail wp-image-61506\" alt=\"Tier\u00e4rtin Sarah Hochgeschurz spricht beim Online Bio-Balkon-Kongress und stellt ihren Balkon vor\" srcset=\"https:\/\/bio-balkon.de\/wp-content\/uploads\/2023\/11\/Sarah-Hochgeschurz-150x150.avif 150w, https:\/\/bio-balkon.de\/wp-content\/uploads\/2023\/11\/Sarah-Hochgeschurz-300x300.avif 300w, https:\/\/bio-balkon.de\/wp-content\/uploads\/2023\/11\/Sarah-Hochgeschurz-1024x1024.avif 1024w, https:\/\/bio-balkon.de\/wp-content\/uploads\/2023\/11\/Sarah-Hochgeschurz-768x767.avif 768w, https:\/\/bio-balkon.de\/wp-content\/uploads\/2023\/11\/Sarah-Hochgeschurz-1320x1318.avif 1320w, https:\/\/bio-balkon.de\/wp-content\/uploads\/2023\/11\/Sarah-Hochgeschurz.avif 1440w\" sizes=\"auto, (max-width: 150px) 100vw, 150px\" \/><\/a><\/figure><div class=\"elementor-image-box-content\"><h6 class=\"elementor-image-box-title\"><a href=\"https:\/\/bio-balkon.de\/experten\/sarah-hochgeschurz\/\" target=\"_blank\">Sarah Hochgeschurz<\/a><\/h6><p class=\"elementor-image-box-description\">In 3 Monaten einen sch\u00f6nen, \u00fcppig bewachsenen Balkon einrichten<\/p><\/div><\/div>\t\t\t\t<\/div>\n\t\t\t\t<div class=\"elementor-element elementor-element-3aafd93 elementor-position-top elementor-widget elementor-widget-image-box\" data-id=\"3aafd93\" data-element_type=\"widget\" data-e-type=\"widget\" data-widget_type=\"image-box.default\">\n\t\t\t\t\t<div class=\"elementor-image-box-wrapper\"><figure class=\"elementor-image-box-img\"><a href=\"https:\/\/bio-balkon.de\/experten\/andrea-jaschik-3\/\" target=\"_blank\" tabindex=\"-1\"><img loading=\"lazy\" decoding=\"async\" width=\"150\" height=\"150\" src=\"https:\/\/bio-balkon.de\/wp-content\/uploads\/2023\/02\/Drei-froehliche-Naturgaertner-@andrea-jaschik-150x150.avif\" class=\"attachment-thumbnail size-thumbnail wp-image-50567\" alt=\"Die preisgekr\u00f6nte Balkong\u00e4rtnerin Andrea Jaschick spricht beim Online Bio-Balkon-Kongress.\" \/><\/a><\/figure><div class=\"elementor-image-box-content\"><h6 class=\"elementor-image-box-title\"><a href=\"https:\/\/bio-balkon.de\/experten\/andrea-jaschik-3\/\" target=\"_blank\">Andrea Jaschik<\/a><\/h6><p class=\"elementor-image-box-description\">Faszinierende Entwicklung von Pflanzgemeinschaften im K\u00fcbel bzw. Balkonkasten<\/p><\/div><\/div>\t\t\t\t<\/div>\n\t\t\t\t<div class=\"elementor-element elementor-element-1eb5054 elementor-position-top elementor-widget elementor-widget-image-box\" data-id=\"1eb5054\" data-element_type=\"widget\" data-e-type=\"widget\" data-widget_type=\"image-box.default\">\n\t\t\t\t\t<div class=\"elementor-image-box-wrapper\"><figure class=\"elementor-image-box-img\"><a href=\"https:\/\/bio-balkon.de\/experten\/britta-klaus-faass-2\/\" target=\"_blank\" tabindex=\"-1\"><img loading=\"lazy\" decoding=\"async\" width=\"150\" height=\"150\" src=\"https:\/\/bio-balkon.de\/wp-content\/uploads\/2021\/08\/britta-klaus-faass-150x150.avif\" class=\"attachment-thumbnail size-thumbnail wp-image-34941\" alt=\"Die Experten f\u00fcr spannende Naturerlebnisse und Insektennisthilfen Britta &amp; Klaus Faa\u00df sprechen beim Online Bio-Balkon-Kongress.\" srcset=\"https:\/\/bio-balkon.de\/wp-content\/uploads\/2021\/08\/britta-klaus-faass-150x150.avif 150w, https:\/\/bio-balkon.de\/wp-content\/uploads\/2021\/08\/britta-klaus-faass-300x300.avif 300w, https:\/\/bio-balkon.de\/wp-content\/uploads\/2021\/08\/britta-klaus-faass-768x768.avif 768w, https:\/\/bio-balkon.de\/wp-content\/uploads\/2021\/08\/britta-klaus-faass-12x12.avif 12w, https:\/\/bio-balkon.de\/wp-content\/uploads\/2021\/08\/britta-klaus-faass.avif 1000w\" sizes=\"auto, (max-width: 150px) 100vw, 150px\" \/><\/a><\/figure><div class=\"elementor-image-box-content\"><h6 class=\"elementor-image-box-title\"><a href=\"https:\/\/bio-balkon.de\/experten\/britta-klaus-faass-2\/\" target=\"_blank\">Britta und Klaus Faass<\/a><\/h6><p class=\"elementor-image-box-description\">Sinnvolle Insektennisthilfen f\u00fcr Wildbienen auf Balkonien und ihre Lockbl\u00fcten\n<\/p><\/div><\/div>\t\t\t\t<\/div>\n\t\t\t\t<div class=\"elementor-element elementor-element-780f6eb elementor-position-top elementor-widget elementor-widget-image-box\" data-id=\"780f6eb\" data-element_type=\"widget\" data-e-type=\"widget\" data-widget_type=\"image-box.default\">\n\t\t\t\t\t<div class=\"elementor-image-box-wrapper\"><figure class=\"elementor-image-box-img\"><a href=\"https:\/\/bio-balkon.de\/experten\/mirja-neff-3\/\" target=\"_blank\" tabindex=\"-1\"><img loading=\"lazy\" decoding=\"async\" width=\"150\" height=\"150\" src=\"https:\/\/bio-balkon.de\/wp-content\/uploads\/2021\/11\/Mirja-Neff-1-150x150.avif\" class=\"attachment-thumbnail size-thumbnail wp-image-34517\" alt=\"Die BUND-Wildbienenbotschafterin, Naturgartenplanerin, Naturfotografin, und Gartenf\u00fchrerin Rheinhessen Mirja Neff spricht beim Online Bio-Balkon-Kongress.\" srcset=\"https:\/\/bio-balkon.de\/wp-content\/uploads\/2021\/11\/Mirja-Neff-1-150x150.avif 150w, https:\/\/bio-balkon.de\/wp-content\/uploads\/2021\/11\/Mirja-Neff-1-300x300.avif 300w, https:\/\/bio-balkon.de\/wp-content\/uploads\/2021\/11\/Mirja-Neff-1-768x768.avif 768w, https:\/\/bio-balkon.de\/wp-content\/uploads\/2021\/11\/Mirja-Neff-1-12x12.avif 12w, https:\/\/bio-balkon.de\/wp-content\/uploads\/2021\/11\/Mirja-Neff-1.avif 1000w\" sizes=\"auto, (max-width: 150px) 100vw, 150px\" \/><\/a><\/figure><div class=\"elementor-image-box-content\"><h6 class=\"elementor-image-box-title\"><a href=\"https:\/\/bio-balkon.de\/experten\/mirja-neff-3\/\" target=\"_blank\">Mirja Neff<\/a><\/h6><p class=\"elementor-image-box-description\">Tierische Entdeckungsreise auf dem Balkon - Biodiversit\u00e4t konkret<\/p><\/div><\/div>\t\t\t\t<\/div>\n\t\t\t\t<div class=\"elementor-element elementor-element-96df5de elementor-position-top elementor-widget elementor-widget-image-box\" data-id=\"96df5de\" data-element_type=\"widget\" data-e-type=\"widget\" data-widget_type=\"image-box.default\">\n\t\t\t\t\t<div class=\"elementor-image-box-wrapper\"><figure class=\"elementor-image-box-img\"><a href=\"https:\/\/bio-balkon.de\/experten\/juliana-schlaberg\/\" target=\"_blank\" tabindex=\"-1\"><img loading=\"lazy\" decoding=\"async\" width=\"150\" height=\"150\" src=\"https:\/\/bio-balkon.de\/wp-content\/uploads\/2023\/11\/Juliana-Schlaberg-Naturschutzreferentin-Nabu-150x150.avif\" class=\"attachment-thumbnail size-thumbnail wp-image-63658\" alt=\"Juliana Schlaberg, Naturschutzreferentin beim NABU Berlin und Leiterin der Naturgartengruppe, spricht beim Online Bio-Balkon-Kongress\" \/><\/a><\/figure><div class=\"elementor-image-box-content\"><h6 class=\"elementor-image-box-title\"><a href=\"https:\/\/bio-balkon.de\/experten\/juliana-schlaberg\/\" target=\"_blank\">Juliana Schlaberg<\/a><\/h6><p class=\"elementor-image-box-description\">Kann man Tiere pflanzen? Wer Schmetterlinge liebt, muss Raupen m\u00f6gen!<\/p><\/div><\/div>\t\t\t\t<\/div>\n\t\t\t\t<div class=\"elementor-element elementor-element-5f8f8f6 elementor-position-top elementor-widget elementor-widget-image-box\" data-id=\"5f8f8f6\" data-element_type=\"widget\" data-e-type=\"widget\" data-widget_type=\"image-box.default\">\n\t\t\t\t\t<div class=\"elementor-image-box-wrapper\"><figure class=\"elementor-image-box-img\"><a href=\"https:\/\/bio-balkon.de\/experten\/david-witzeneder-3\/\" target=\"_blank\" tabindex=\"-1\"><img loading=\"lazy\" decoding=\"async\" width=\"150\" height=\"150\" src=\"https:\/\/bio-balkon.de\/wp-content\/uploads\/2021\/02\/wurmkiste-CEO-Wormsystems-David-Witzeneder-min-845x684-1-150x150.avif\" class=\"attachment-thumbnail size-thumbnail wp-image-21277\" alt=\"David Witzeneder ist CEO von Wormsystems, dem f\u00fchrenden Anbieter von System zur Wurmkompostierung.\" \/><\/a><\/figure><div class=\"elementor-image-box-content\"><h6 class=\"elementor-image-box-title\"><a href=\"https:\/\/bio-balkon.de\/experten\/david-witzeneder-3\/\" target=\"_blank\">David Witzeneder<\/a><\/h6><p class=\"elementor-image-box-description\">Preiswert biologisch d\u00fcngen: Wurmtee, Komposttee, Kompost, Wurmhumus<\/p><\/div><\/div>\t\t\t\t<\/div>\n\t\t\t\t<div class=\"elementor-element elementor-element-8fa2c68 elementor-position-top elementor-widget elementor-widget-image-box\" data-id=\"8fa2c68\" data-element_type=\"widget\" data-e-type=\"widget\" data-widget_type=\"image-box.default\">\n\t\t\t\t\t<div class=\"elementor-image-box-wrapper\"><figure class=\"elementor-image-box-img\"><a href=\"https:\/\/bio-balkon.de\/experten\/sigrid-tinz-2\/\" target=\"_blank\" tabindex=\"-1\"><img loading=\"lazy\" decoding=\"async\" width=\"150\" height=\"150\" src=\"https:\/\/bio-balkon.de\/wp-content\/uploads\/2023\/09\/Sigrid-Tinz-Experten-2023-150x150.avif\" class=\"attachment-thumbnail size-thumbnail wp-image-60184\" alt=\"Die Expertin f\u00fcr Artenvielfalt Sigrid Tinz spricht beim Bio-Balkon-Kongress\" srcset=\"https:\/\/bio-balkon.de\/wp-content\/uploads\/2023\/09\/Sigrid-Tinz-Experten-2023-150x150.avif 150w, https:\/\/bio-balkon.de\/wp-content\/uploads\/2023\/09\/Sigrid-Tinz-Experten-2023-300x300.avif 300w, https:\/\/bio-balkon.de\/wp-content\/uploads\/2023\/09\/Sigrid-Tinz-Experten-2023-768x768.avif 768w, https:\/\/bio-balkon.de\/wp-content\/uploads\/2023\/09\/Sigrid-Tinz-Experten-2023-12x12.avif 12w, https:\/\/bio-balkon.de\/wp-content\/uploads\/2023\/09\/Sigrid-Tinz-Experten-2023.avif 1000w\" sizes=\"auto, (max-width: 150px) 100vw, 150px\" \/><\/a><\/figure><div class=\"elementor-image-box-content\"><h6 class=\"elementor-image-box-title\"><a href=\"https:\/\/bio-balkon.de\/experten\/sigrid-tinz-2\/\" target=\"_blank\">Sigrid Tinz<\/a><\/h6><p class=\"elementor-image-box-description\">Balkon f\u00fcr Kinder: Gestaltet f\u00fcrs Spielen, bepflanzt als Bastelparadies<\/p><\/div><\/div>\t\t\t\t<\/div>\n\t\t\t\t<div class=\"elementor-element elementor-element-f276f44 elementor-position-top elementor-widget elementor-widget-image-box\" data-id=\"f276f44\" data-element_type=\"widget\" data-e-type=\"widget\" data-widget_type=\"image-box.default\">\n\t\t\t\t\t<div class=\"elementor-image-box-wrapper\"><figure class=\"elementor-image-box-img\"><a href=\"https:\/\/bio-balkon.de\/experten\/ulf-gerstberger\/\" target=\"_blank\" tabindex=\"-1\"><img loading=\"lazy\" decoding=\"async\" width=\"150\" height=\"150\" src=\"https:\/\/bio-balkon.de\/wp-content\/uploads\/2023\/11\/Ulf-Gerstberger--150x150.avif\" class=\"attachment-thumbnail size-thumbnail wp-image-64360\" alt=\"Ulf Gerstberger stellt beim Online Bio-Balkon-Kongress seine Pflanzgef\u00e4\u00dfe f\u00fcr Franz\u00f6sische Balkons vor.\" srcset=\"https:\/\/bio-balkon.de\/wp-content\/uploads\/2023\/11\/Ulf-Gerstberger--150x150.avif 150w, https:\/\/bio-balkon.de\/wp-content\/uploads\/2023\/11\/Ulf-Gerstberger--300x300.avif 300w, https:\/\/bio-balkon.de\/wp-content\/uploads\/2023\/11\/Ulf-Gerstberger--12x12.avif 12w, https:\/\/bio-balkon.de\/wp-content\/uploads\/2023\/11\/Ulf-Gerstberger-.avif 400w\" sizes=\"auto, (max-width: 150px) 100vw, 150px\" \/><\/a><\/figure><div class=\"elementor-image-box-content\"><h6 class=\"elementor-image-box-title\"><a href=\"https:\/\/bio-balkon.de\/experten\/ulf-gerstberger\/\" target=\"_blank\">Dr. Ulf Gerstberger<\/a><\/h6><p class=\"elementor-image-box-description\">Franz\u00f6sische Balkone - platzsparende Bepflanzung eines Stangengel\u00e4nders<\/p><\/div><\/div>\t\t\t\t<\/div>\n\t\t\t\t<div class=\"elementor-element elementor-element-583ab04 elementor-position-top elementor-widget elementor-widget-image-box\" data-id=\"583ab04\" data-element_type=\"widget\" data-e-type=\"widget\" data-widget_type=\"image-box.default\">\n\t\t\t\t\t<div class=\"elementor-image-box-wrapper\"><figure class=\"elementor-image-box-img\"><a href=\"https:\/\/bio-balkon.de\/experten\/juergen-herler-2\/\" target=\"_blank\" tabindex=\"-1\"><img loading=\"lazy\" decoding=\"async\" width=\"150\" height=\"150\" src=\"https:\/\/bio-balkon.de\/wp-content\/uploads\/2021\/09\/Ju\u0308rgen-Herler-66514387_10157587603165962_4336982083428679680_o-150x150.avif\" class=\"attachment-thumbnail size-thumbnail wp-image-33491\" alt=\"Hier ist das Bild vom Erfinder und CEO der Vertikalbeete zum ganzj\u00e4hrigen vertikalen Anbau.\" srcset=\"https:\/\/bio-balkon.de\/wp-content\/uploads\/2021\/09\/Ju\u0308rgen-Herler-66514387_10157587603165962_4336982083428679680_o-150x150.avif 150w, https:\/\/bio-balkon.de\/wp-content\/uploads\/2021\/09\/Ju\u0308rgen-Herler-66514387_10157587603165962_4336982083428679680_o-300x300.avif 300w, https:\/\/bio-balkon.de\/wp-content\/uploads\/2021\/09\/Ju\u0308rgen-Herler-66514387_10157587603165962_4336982083428679680_o-1024x1024.avif 1024w, https:\/\/bio-balkon.de\/wp-content\/uploads\/2021\/09\/Ju\u0308rgen-Herler-66514387_10157587603165962_4336982083428679680_o-768x768.avif 768w, https:\/\/bio-balkon.de\/wp-content\/uploads\/2021\/09\/Ju\u0308rgen-Herler-66514387_10157587603165962_4336982083428679680_o-1320x1320.avif 1320w, https:\/\/bio-balkon.de\/wp-content\/uploads\/2021\/09\/Ju\u0308rgen-Herler-66514387_10157587603165962_4336982083428679680_o.avif 1412w\" sizes=\"auto, (max-width: 150px) 100vw, 150px\" \/><\/a><\/figure><div class=\"elementor-image-box-content\"><h6 class=\"elementor-image-box-title\"><a href=\"https:\/\/bio-balkon.de\/experten\/juergen-herler-2\/\" target=\"_blank\">Dr. J\u00fcrgen Herler<\/a><\/h6><p class=\"elementor-image-box-description\">\u00d6kologische Vertikalg\u00e4rten f\u00fcr Permaveggies und Kr\u00e4uter<\/p><\/div><\/div>\t\t\t\t<\/div>\n\t\t\t\t<div class=\"elementor-element elementor-element-399b212 elementor-position-top elementor-widget elementor-widget-image-box\" data-id=\"399b212\" data-element_type=\"widget\" data-e-type=\"widget\" data-widget_type=\"image-box.default\">\n\t\t\t\t\t<div class=\"elementor-image-box-wrapper\"><figure class=\"elementor-image-box-img\"><a href=\"https:\/\/bio-balkon.de\/experten\/robert-franz\/\" target=\"_blank\" tabindex=\"-1\"><img loading=\"lazy\" decoding=\"async\" width=\"150\" height=\"150\" src=\"https:\/\/bio-balkon.de\/wp-content\/uploads\/2023\/11\/Robert-Franz-150x150.avif\" class=\"attachment-thumbnail size-thumbnail wp-image-61625\" alt=\"Der G\u00e4rtnermeister Robert Franz spricht beim Online Bio-Balkon-Kongress.\" \/><\/a><\/figure><div class=\"elementor-image-box-content\"><h6 class=\"elementor-image-box-title\"><a href=\"https:\/\/bio-balkon.de\/experten\/robert-franz\/\" target=\"_blank\">Robert Franz<\/a><\/h6><p class=\"elementor-image-box-description\">Vom Marktg\u00e4rtner-Profi lernen: Anzucht von Gem\u00fcse-Jungpflanzen<\/p><\/div><\/div>\t\t\t\t<\/div>\n\t\t\t\t<div class=\"elementor-element elementor-element-d473656 elementor-position-top elementor-widget elementor-widget-image-box\" data-id=\"d473656\" data-element_type=\"widget\" data-e-type=\"widget\" data-widget_type=\"image-box.default\">\n\t\t\t\t\t<div class=\"elementor-image-box-wrapper\"><figure class=\"elementor-image-box-img\"><a href=\"https:\/\/bio-balkon.de\/experten\/helge-masch-2\/\" target=\"_blank\" tabindex=\"-1\"><img loading=\"lazy\" decoding=\"async\" width=\"150\" height=\"150\" src=\"https:\/\/bio-balkon.de\/wp-content\/uploads\/2022\/04\/Helge-Masch-Experten-2023-150x150.avif\" class=\"attachment-thumbnail size-thumbnail wp-image-49257\" alt=\"G\u00e4rtner und Naturfotograf Helge Masch spricht beim Online Bio-Balkon-Kongress\" srcset=\"https:\/\/bio-balkon.de\/wp-content\/uploads\/2022\/04\/Helge-Masch-Experten-2023-150x150.avif 150w, https:\/\/bio-balkon.de\/wp-content\/uploads\/2022\/04\/Helge-Masch-Experten-2023-300x300.avif 300w, https:\/\/bio-balkon.de\/wp-content\/uploads\/2022\/04\/Helge-Masch-Experten-2023-768x768.avif 768w, https:\/\/bio-balkon.de\/wp-content\/uploads\/2022\/04\/Helge-Masch-Experten-2023-12x12.avif 12w, https:\/\/bio-balkon.de\/wp-content\/uploads\/2022\/04\/Helge-Masch-Experten-2023.avif 1000w\" sizes=\"auto, (max-width: 150px) 100vw, 150px\" \/><\/a><\/figure><div class=\"elementor-image-box-content\"><h6 class=\"elementor-image-box-title\"><a href=\"https:\/\/bio-balkon.de\/experten\/helge-masch-2\/\" target=\"_blank\">Helge Masch<\/a><\/h6><p class=\"elementor-image-box-description\">Vom Wildpflanzen-Profi lernen: Aussaat und was dann?<\/p><\/div><\/div>\t\t\t\t<\/div>\n\t\t\t\t<div class=\"elementor-element elementor-element-3cca89a elementor-position-top elementor-widget elementor-widget-image-box\" data-id=\"3cca89a\" data-element_type=\"widget\" data-e-type=\"widget\" data-widget_type=\"image-box.default\">\n\t\t\t\t\t<div class=\"elementor-image-box-wrapper\"><figure class=\"elementor-image-box-img\"><a href=\"https:\/\/bio-balkon.de\/experten\/robert-franz\/\" target=\"_blank\" tabindex=\"-1\"><img loading=\"lazy\" decoding=\"async\" width=\"150\" height=\"150\" src=\"https:\/\/bio-balkon.de\/wp-content\/uploads\/2023\/11\/Robert-Franz-150x150.avif\" class=\"attachment-thumbnail size-thumbnail wp-image-61625\" alt=\"Der G\u00e4rtnermeister Robert Franz spricht beim Online Bio-Balkon-Kongress.\" \/><\/a><\/figure><div class=\"elementor-image-box-content\"><h6 class=\"elementor-image-box-title\"><a href=\"https:\/\/bio-balkon.de\/experten\/robert-franz\/\" target=\"_blank\">Robert Franz<\/a><\/h6><p class=\"elementor-image-box-description\">Vom Marktg\u00e4rtner-Profi lernen: Anbauplanung \u00fcber vier Jahreszeiten<\/p><\/div><\/div>\t\t\t\t<\/div>\n\t\t\t\t<div class=\"elementor-element elementor-element-aa9ac99 elementor-position-top elementor-widget elementor-widget-image-box\" data-id=\"aa9ac99\" data-element_type=\"widget\" data-e-type=\"widget\" data-widget_type=\"image-box.default\">\n\t\t\t\t\t<div class=\"elementor-image-box-wrapper\"><figure class=\"elementor-image-box-img\"><a href=\"https:\/\/bio-balkon.de\/experten\/birgit-schattling-6\/\" target=\"_blank\" tabindex=\"-1\"><img loading=\"lazy\" decoding=\"async\" width=\"150\" height=\"150\" src=\"https:\/\/bio-balkon.de\/wp-content\/uploads\/2023\/05\/Buch-Genialer-Bio-Balkon-FB-3-150x150.avif\" class=\"attachment-thumbnail size-thumbnail wp-image-57861\" alt=\"Das 2. Buch der Balkonexpertin Birgit Schattling: &quot;Mein genialer Bio-Balkon. Mit gro\u00dfartigen Pflanzenkombis &amp; DIY-Projekten zu mehr Artenvielfalt und leckerer Ernte&quot;\" \/><\/a><\/figure><div class=\"elementor-image-box-content\"><h6 class=\"elementor-image-box-title\"><a href=\"https:\/\/bio-balkon.de\/experten\/birgit-schattling-6\/\" target=\"_blank\">Birgit Schattling<\/a><\/h6><p class=\"elementor-image-box-description\">Was wa\u0308chst am 13.03.24 auf dem Bio-Balkon in Berlin, was auss\u00e4en?<\/p><\/div><\/div>\t\t\t\t<\/div>\n\t\t\t\t\t<\/div>\n\t\t\t\t<\/div>\n\t\t\t\t<div class=\"elementor-element elementor-element-874510d elementor-widget elementor-widget-heading\" data-id=\"874510d\" data-element_type=\"widget\" data-e-type=\"widget\" data-widget_type=\"heading.default\">\n\t\t\t\t\t<h2 class=\"elementor-heading-title elementor-size-default\">Schwerpunkt schwierige Standorte - Wind, Schatten, Hitze<\/h2>\t\t\t\t<\/div>\n\t\t<div class=\"elementor-element elementor-element-3f0c330 e-grid e-con-boxed e-con e-child\" data-id=\"3f0c330\" data-element_type=\"container\" data-e-type=\"container\">\n\t\t\t\t\t<div class=\"e-con-inner\">\n\t\t\t\t<div class=\"elementor-element elementor-element-2d7518c elementor-position-top elementor-widget elementor-widget-image-box\" data-id=\"2d7518c\" data-element_type=\"widget\" data-e-type=\"widget\" data-widget_type=\"image-box.default\">\n\t\t\t\t\t<div class=\"elementor-image-box-wrapper\"><figure class=\"elementor-image-box-img\"><a href=\"https:\/\/bio-balkon.de\/experten\/wolfgang-palme-7\/\" target=\"_blank\" tabindex=\"-1\"><img loading=\"lazy\" decoding=\"async\" width=\"150\" height=\"150\" src=\"https:\/\/bio-balkon.de\/wp-content\/uploads\/2021\/07\/wolfgang-palme-1200x1200-1-150x150.avif\" class=\"attachment-thumbnail size-thumbnail wp-image-31977\" alt=\"Der Experte f\u00fcr Gem\u00fcseanbau Wolfgang Palme stellt das Vierjahreszeiteng\u00e4rtnern auf dem Balkon vor.\" srcset=\"https:\/\/bio-balkon.de\/wp-content\/uploads\/2021\/07\/wolfgang-palme-1200x1200-1-150x150.avif 150w, https:\/\/bio-balkon.de\/wp-content\/uploads\/2021\/07\/wolfgang-palme-1200x1200-1-300x300.avif 300w, https:\/\/bio-balkon.de\/wp-content\/uploads\/2021\/07\/wolfgang-palme-1200x1200-1-1024x1024.avif 1024w, https:\/\/bio-balkon.de\/wp-content\/uploads\/2021\/07\/wolfgang-palme-1200x1200-1-768x768.avif 768w, https:\/\/bio-balkon.de\/wp-content\/uploads\/2021\/07\/wolfgang-palme-1200x1200-1-12x12.avif 12w, https:\/\/bio-balkon.de\/wp-content\/uploads\/2021\/07\/wolfgang-palme-1200x1200-1.avif 1200w\" sizes=\"auto, (max-width: 150px) 100vw, 150px\" \/><\/a><\/figure><div class=\"elementor-image-box-content\"><h6 class=\"elementor-image-box-title\"><a href=\"https:\/\/bio-balkon.de\/experten\/wolfgang-palme-7\/\" target=\"_blank\">Wolfgang<br>Palme<\/a><\/h6><p class=\"elementor-image-box-description\">Gem\u00fcseanbau Nordbalkon und schattige Zonen: geeignete Arten und Sorten<\/p><\/div><\/div>\t\t\t\t<\/div>\n\t\t\t\t<div class=\"elementor-element elementor-element-669a08d elementor-position-top elementor-widget elementor-widget-image-box\" data-id=\"669a08d\" data-element_type=\"widget\" data-e-type=\"widget\" data-widget_type=\"image-box.default\">\n\t\t\t\t\t<div class=\"elementor-image-box-wrapper\"><figure class=\"elementor-image-box-img\"><a href=\"https:\/\/bio-balkon.de\/experten\/dany-kroll\/\" target=\"_blank\" tabindex=\"-1\"><img loading=\"lazy\" decoding=\"async\" width=\"150\" height=\"150\" src=\"https:\/\/bio-balkon.de\/wp-content\/uploads\/2023\/12\/Dany-Kroll--150x150.avif\" class=\"attachment-thumbnail size-thumbnail wp-image-64077\" alt=\"Dany Kroll stellt beim Online Bio-Balkon-Kongress Erfahrungen mit Pflanzen und Bew\u00e4sserungsvarianten, die sich auf hei\u00dfen Stadtbalkonen bew\u00e4hrt haben, vor.\" srcset=\"https:\/\/bio-balkon.de\/wp-content\/uploads\/2023\/12\/Dany-Kroll--150x150.avif 150w, https:\/\/bio-balkon.de\/wp-content\/uploads\/2023\/12\/Dany-Kroll--300x300.avif 300w, https:\/\/bio-balkon.de\/wp-content\/uploads\/2023\/12\/Dany-Kroll--768x768.avif 768w, https:\/\/bio-balkon.de\/wp-content\/uploads\/2023\/12\/Dany-Kroll-.avif 923w\" sizes=\"auto, (max-width: 150px) 100vw, 150px\" \/><\/a><\/figure><div class=\"elementor-image-box-content\"><h6 class=\"elementor-image-box-title\"><a href=\"https:\/\/bio-balkon.de\/experten\/dany-kroll\/\" target=\"_blank\">Dany Kroll<\/a><\/h6><p class=\"elementor-image-box-description\">Bew\u00e4sserungsvarianten, die sich auf hei\u00dfen Stadtbalkonen bew\u00e4hren<\/p><\/div><\/div>\t\t\t\t<\/div>\n\t\t\t\t<div class=\"elementor-element elementor-element-c4762d1 elementor-position-top elementor-widget elementor-widget-image-box\" data-id=\"c4762d1\" data-element_type=\"widget\" data-e-type=\"widget\" data-widget_type=\"image-box.default\">\n\t\t\t\t\t<div class=\"elementor-image-box-wrapper\"><figure class=\"elementor-image-box-img\"><a href=\"https:\/\/bio-balkon.de\/experten\/heike-maresch\/\" target=\"_blank\" tabindex=\"-1\"><img loading=\"lazy\" decoding=\"async\" width=\"150\" height=\"150\" src=\"https:\/\/bio-balkon.de\/wp-content\/uploads\/2023\/11\/Heike-Maresch-150x150.avif\" class=\"attachment-thumbnail size-thumbnail wp-image-61491\" alt=\"Die Permakulturdesignerin Heike Maresch spricht beim Online Bio-Balkon-Kongress zu ihrem Permakulturbalkon.\" srcset=\"https:\/\/bio-balkon.de\/wp-content\/uploads\/2023\/11\/Heike-Maresch-150x150.avif 150w, https:\/\/bio-balkon.de\/wp-content\/uploads\/2023\/11\/Heike-Maresch-12x12.avif 12w, https:\/\/bio-balkon.de\/wp-content\/uploads\/2023\/11\/Heike-Maresch.avif 300w\" sizes=\"auto, (max-width: 150px) 100vw, 150px\" \/><\/a><\/figure><div class=\"elementor-image-box-content\"><h6 class=\"elementor-image-box-title\"><a href=\"https:\/\/bio-balkon.de\/experten\/heike-maresch\/\" target=\"_blank\">Heike Maresch<\/a><\/h6><p class=\"elementor-image-box-description\">Ern\u00e4hrungssouver\u00e4n - Permakultur - (auch) auf kleinstem Raum<\/p><\/div><\/div>\t\t\t\t<\/div>\n\t\t\t\t<div class=\"elementor-element elementor-element-0a62f55 elementor-position-top elementor-widget elementor-widget-image-box\" data-id=\"0a62f55\" data-element_type=\"widget\" data-e-type=\"widget\" data-widget_type=\"image-box.default\">\n\t\t\t\t\t<div class=\"elementor-image-box-wrapper\"><figure class=\"elementor-image-box-img\"><a href=\"https:\/\/bio-balkon.de\/experten\/dr-sonja-schwingesbauer-3\/\" target=\"_blank\" tabindex=\"-1\"><img loading=\"lazy\" decoding=\"async\" width=\"150\" height=\"150\" src=\"https:\/\/bio-balkon.de\/wp-content\/uploads\/2023\/01\/Sonja_Schwingesbauer-150x150.avif\" class=\"attachment-thumbnail size-thumbnail wp-image-49093\" alt=\"Pflanzplanerin Dr. Sonja Schwingesbauer\" srcset=\"https:\/\/bio-balkon.de\/wp-content\/uploads\/2023\/01\/Sonja_Schwingesbauer-150x150.avif 150w, https:\/\/bio-balkon.de\/wp-content\/uploads\/2023\/01\/Sonja_Schwingesbauer-300x300.avif 300w, https:\/\/bio-balkon.de\/wp-content\/uploads\/2023\/01\/Sonja_Schwingesbauer-1024x1024.avif 1024w, https:\/\/bio-balkon.de\/wp-content\/uploads\/2023\/01\/Sonja_Schwingesbauer-768x768.avif 768w, https:\/\/bio-balkon.de\/wp-content\/uploads\/2023\/01\/Sonja_Schwingesbauer-12x12.avif 12w, https:\/\/bio-balkon.de\/wp-content\/uploads\/2023\/01\/Sonja_Schwingesbauer.avif 1181w\" sizes=\"auto, (max-width: 150px) 100vw, 150px\" \/><\/a><\/figure><div class=\"elementor-image-box-content\"><h6 class=\"elementor-image-box-title\"><a href=\"https:\/\/bio-balkon.de\/experten\/dr-sonja-schwingesbauer-3\/\" target=\"_blank\">Dr. Sonja Schwingesbauer<\/a><\/h6><p class=\"elementor-image-box-description\">Wind, Windschutz und windfeste Pflanzen<\/p><\/div><\/div>\t\t\t\t<\/div>\n\t\t\t\t<div class=\"elementor-element elementor-element-7ee6296 elementor-position-top elementor-widget elementor-widget-image-box\" data-id=\"7ee6296\" data-element_type=\"widget\" data-e-type=\"widget\" data-widget_type=\"image-box.default\">\n\t\t\t\t\t<div class=\"elementor-image-box-wrapper\"><figure class=\"elementor-image-box-img\"><a href=\"https:\/\/bio-balkon.de\/experten\/friedhelm-strickler-4\/\" target=\"_blank\" tabindex=\"-1\"><img loading=\"lazy\" decoding=\"async\" width=\"150\" height=\"150\" src=\"https:\/\/bio-balkon.de\/wp-content\/uploads\/2023\/02\/Friedhelm-Strickler-Wildpflanzen-Experten-2023-150x150.avif\" class=\"attachment-thumbnail size-thumbnail wp-image-50097\" alt=\"Der Wildpflanzenexperte und G\u00e4rtnermeister Friedhelm Strickler spricht beim Online Bio-Balkon-Kongress\" srcset=\"https:\/\/bio-balkon.de\/wp-content\/uploads\/2023\/02\/Friedhelm-Strickler-Wildpflanzen-Experten-2023-150x150.avif 150w, https:\/\/bio-balkon.de\/wp-content\/uploads\/2023\/02\/Friedhelm-Strickler-Wildpflanzen-Experten-2023-300x300.avif 300w, https:\/\/bio-balkon.de\/wp-content\/uploads\/2023\/02\/Friedhelm-Strickler-Wildpflanzen-Experten-2023-768x768.avif 768w, https:\/\/bio-balkon.de\/wp-content\/uploads\/2023\/02\/Friedhelm-Strickler-Wildpflanzen-Experten-2023-12x12.avif 12w, https:\/\/bio-balkon.de\/wp-content\/uploads\/2023\/02\/Friedhelm-Strickler-Wildpflanzen-Experten-2023.avif 1000w\" sizes=\"auto, (max-width: 150px) 100vw, 150px\" \/><\/a><\/figure><div class=\"elementor-image-box-content\"><h6 class=\"elementor-image-box-title\"><a href=\"https:\/\/bio-balkon.de\/experten\/friedhelm-strickler-4\/\" target=\"_blank\">Friedhelm Strickler<\/a><\/h6><p class=\"elementor-image-box-description\">Heimische Wildpflanzen f\u00fcr Nordbalkons und schattige Ecken<\/p><\/div><\/div>\t\t\t\t<\/div>\n\t\t\t\t<div class=\"elementor-element elementor-element-888ceff elementor-position-top elementor-widget elementor-widget-image-box\" data-id=\"888ceff\" data-element_type=\"widget\" data-e-type=\"widget\" data-widget_type=\"image-box.default\">\n\t\t\t\t\t<div class=\"elementor-image-box-wrapper\"><figure class=\"elementor-image-box-img\"><a href=\"https:\/\/bio-balkon.de\/experten\/horst-mager\/\" target=\"_blank\" tabindex=\"-1\"><img loading=\"lazy\" decoding=\"async\" width=\"150\" height=\"150\" src=\"https:\/\/bio-balkon.de\/wp-content\/uploads\/2023\/12\/Horst-Mager--150x150.avif\" class=\"attachment-thumbnail size-thumbnail wp-image-62472\" alt=\"Der leidenschaftliche G\u00e4rtner und Gartenexperte Horst Mager spricht beim Online Bio-Balkon-Kongress zum entspannten, naturnahen G\u00e4rtnern.\" srcset=\"https:\/\/bio-balkon.de\/wp-content\/uploads\/2023\/12\/Horst-Mager--150x150.avif 150w, https:\/\/bio-balkon.de\/wp-content\/uploads\/2023\/12\/Horst-Mager--300x300.avif 300w, https:\/\/bio-balkon.de\/wp-content\/uploads\/2023\/12\/Horst-Mager-.avif 400w\" sizes=\"auto, (max-width: 150px) 100vw, 150px\" \/><\/a><\/figure><div class=\"elementor-image-box-content\"><h6 class=\"elementor-image-box-title\"><a href=\"https:\/\/bio-balkon.de\/experten\/horst-mager\/\" target=\"_blank\">Horst Mager <\/a><\/h6><p class=\"elementor-image-box-description\">Schatten und doch viel Summen auf seinem vielf\u00e4ltigen Nordbalkon<\/p><\/div><\/div>\t\t\t\t<\/div>\n\t\t\t\t<div class=\"elementor-element elementor-element-c6a05c6 elementor-position-top elementor-widget elementor-widget-image-box\" data-id=\"c6a05c6\" data-element_type=\"widget\" data-e-type=\"widget\" data-widget_type=\"image-box.default\">\n\t\t\t\t\t<div class=\"elementor-image-box-wrapper\"><figure class=\"elementor-image-box-img\"><a href=\"https:\/\/bio-balkon.de\/experten\/thomas-puhlmann-3\/\" target=\"_blank\" tabindex=\"-1\"><img loading=\"lazy\" decoding=\"async\" width=\"150\" height=\"150\" src=\"https:\/\/bio-balkon.de\/wp-content\/uploads\/2023\/02\/Thomas-Puhlmann-150x150.avif\" class=\"attachment-thumbnail size-thumbnail wp-image-51007\" alt=\"Thomas Puhlmann ist der Gr\u00fcnder der Pflanzenplattform Naturadb uns pricht beim Online Bio-Balkon-Kongress\" srcset=\"https:\/\/bio-balkon.de\/wp-content\/uploads\/2023\/02\/Thomas-Puhlmann-150x150.avif 150w, https:\/\/bio-balkon.de\/wp-content\/uploads\/2023\/02\/Thomas-Puhlmann-300x300.avif 300w, https:\/\/bio-balkon.de\/wp-content\/uploads\/2023\/02\/Thomas-Puhlmann-12x12.avif 12w, https:\/\/bio-balkon.de\/wp-content\/uploads\/2023\/02\/Thomas-Puhlmann.avif 479w\" sizes=\"auto, (max-width: 150px) 100vw, 150px\" \/><\/a><\/figure><div class=\"elementor-image-box-content\"><h6 class=\"elementor-image-box-title\"><a href=\"https:\/\/bio-balkon.de\/experten\/thomas-puhlmann-3\/\" target=\"_blank\">Thomas Puhlmann<\/a><\/h6><p class=\"elementor-image-box-description\">\u00d6kologisch wertvolle Pflanzenkombinationen f\u00fcr Deinen schattigen Balkon<\/p><\/div><\/div>\t\t\t\t<\/div>\n\t\t\t\t<div class=\"elementor-element elementor-element-26ead8d elementor-position-top elementor-widget elementor-widget-image-box\" data-id=\"26ead8d\" data-element_type=\"widget\" data-e-type=\"widget\" data-widget_type=\"image-box.default\">\n\t\t\t\t\t<div class=\"elementor-image-box-wrapper\"><figure class=\"elementor-image-box-img\"><a href=\"https:\/\/bio-balkon.de\/experten\/michael-altmoos-2\/\" target=\"_blank\" tabindex=\"-1\"><img loading=\"lazy\" decoding=\"async\" width=\"150\" height=\"150\" src=\"https:\/\/bio-balkon.de\/wp-content\/uploads\/2021\/03\/Portraet-Michael-Altmoos-2014-150x150.avif\" class=\"attachment-thumbnail size-thumbnail wp-image-23734\" alt=\"Dr. Michael Altmoos ist Biologe und Natursch\u00fctzer mit Schwerpunkt \u00d6kologie.\" srcset=\"https:\/\/bio-balkon.de\/wp-content\/uploads\/2021\/03\/Portraet-Michael-Altmoos-2014-150x150.avif 150w, https:\/\/bio-balkon.de\/wp-content\/uploads\/2021\/03\/Portraet-Michael-Altmoos-2014-11x12.avif 11w\" sizes=\"auto, (max-width: 150px) 100vw, 150px\" \/><\/a><\/figure><div class=\"elementor-image-box-content\"><h6 class=\"elementor-image-box-title\"><a href=\"https:\/\/bio-balkon.de\/experten\/michael-altmoos-2\/\" target=\"_blank\">Dr. Michael Altmoos<\/a><\/h6><p class=\"elementor-image-box-description\">Kleine Moosg\u00e4rten auf (schattigen) Balkonen \u2013 wie geht\u2019s, was bringt\u2019s?<\/p><\/div><\/div>\t\t\t\t<\/div>\n\t\t\t\t<div class=\"elementor-element elementor-element-7871a53 elementor-position-top elementor-widget elementor-widget-image-box\" data-id=\"7871a53\" data-element_type=\"widget\" data-e-type=\"widget\" data-widget_type=\"image-box.default\">\n\t\t\t\t\t<div class=\"elementor-image-box-wrapper\"><figure class=\"elementor-image-box-img\"><a href=\"https:\/\/bio-balkon.de\/experten\/berthold-daubner\/\" target=\"_blank\" tabindex=\"-1\"><img loading=\"lazy\" decoding=\"async\" width=\"150\" height=\"150\" src=\"https:\/\/bio-balkon.de\/wp-content\/uploads\/2023\/04\/Berthold-Daubner-150x150.avif\" class=\"attachment-thumbnail size-thumbnail wp-image-61579\" alt=\"Der Wildpflanzenexperte Berthold Daubner spricht beim Online Bio-Balkon-Kongress\" srcset=\"https:\/\/bio-balkon.de\/wp-content\/uploads\/2023\/04\/Berthold-Daubner-150x150.avif 150w, https:\/\/bio-balkon.de\/wp-content\/uploads\/2023\/04\/Berthold-Daubner-300x300.avif 300w, https:\/\/bio-balkon.de\/wp-content\/uploads\/2023\/04\/Berthold-Daubner-12x12.avif 12w, https:\/\/bio-balkon.de\/wp-content\/uploads\/2023\/04\/Berthold-Daubner.avif 662w\" sizes=\"auto, (max-width: 150px) 100vw, 150px\" \/><\/a><\/figure><div class=\"elementor-image-box-content\"><h6 class=\"elementor-image-box-title\"><a href=\"https:\/\/bio-balkon.de\/experten\/berthold-daubner\/\" target=\"_blank\">Berthold Daubner<\/a><\/h6><p class=\"elementor-image-box-description\">Trockenheitsvertr\u00e4glichkeit heimischer Wildpflanzen im Topf - Arten f\u00fcr wenig Gie\u00dfen<\/p><\/div><\/div>\t\t\t\t<\/div>\n\t\t\t\t<div class=\"elementor-element elementor-element-fcf8d74 elementor-position-top elementor-widget elementor-widget-image-box\" data-id=\"fcf8d74\" data-element_type=\"widget\" data-e-type=\"widget\" data-widget_type=\"image-box.default\">\n\t\t\t\t\t<div class=\"elementor-image-box-wrapper\"><figure class=\"elementor-image-box-img\"><a href=\"https:\/\/bio-balkon.de\/experten\/verena-schoenauer\/\" target=\"_blank\" tabindex=\"-1\"><img loading=\"lazy\" decoding=\"async\" width=\"150\" height=\"150\" src=\"https:\/\/bio-balkon.de\/wp-content\/uploads\/2023\/12\/Verena-Schoenauer--150x150.avif\" class=\"attachment-thumbnail size-thumbnail wp-image-63394\" alt=\"Die Gartengestalterin Verena Sch\u00f6nauer stellt ihre Pflanzenvielfalt auf ihrem Balkon beim Online Bio-Balkon-Kongress vor.\" srcset=\"https:\/\/bio-balkon.de\/wp-content\/uploads\/2023\/12\/Verena-Schoenauer--150x150.avif 150w, https:\/\/bio-balkon.de\/wp-content\/uploads\/2023\/12\/Verena-Schoenauer--300x300.avif 300w, https:\/\/bio-balkon.de\/wp-content\/uploads\/2023\/12\/Verena-Schoenauer--1024x1024.avif 1024w, https:\/\/bio-balkon.de\/wp-content\/uploads\/2023\/12\/Verena-Schoenauer--768x768.avif 768w, https:\/\/bio-balkon.de\/wp-content\/uploads\/2023\/12\/Verena-Schoenauer--1536x1536.avif 1536w, https:\/\/bio-balkon.de\/wp-content\/uploads\/2023\/12\/Verena-Schoenauer-.avif 2048w, https:\/\/bio-balkon.de\/wp-content\/uploads\/2023\/12\/Verena-Schoenauer--12x12.avif 12w, https:\/\/bio-balkon.de\/wp-content\/uploads\/2023\/12\/Verena-Schoenauer--1320x1321.avif 1320w\" sizes=\"auto, (max-width: 150px) 100vw, 150px\" \/><\/a><\/figure><div class=\"elementor-image-box-content\"><h6 class=\"elementor-image-box-title\"><a href=\"https:\/\/bio-balkon.de\/experten\/verena-schoenauer\/\" target=\"_blank\">Verena Sch\u00f6nauer<\/a><\/h6><p class=\"elementor-image-box-description\">Lass die Blumen tanzen! Vielfalt auf dem Balkon der Pflanzenvirtuosin<\/p><\/div><\/div>\t\t\t\t<\/div>\n\t\t\t\t\t<\/div>\n\t\t\t\t<\/div>\n\t\t\t\t<\/div>\n\t\t<div class=\"elementor-element elementor-element-f871ff9 e-grid e-con-boxed e-con e-child\" data-id=\"f871ff9\" data-element_type=\"container\" data-e-type=\"container\">\n\t\t\t\t\t<div class=\"e-con-inner\">\n\t\t<div class=\"elementor-element elementor-element-255693d e-con-full e-flex e-con e-child\" data-id=\"255693d\" data-element_type=\"container\" data-e-type=\"container\" data-settings=\"{&quot;background_background&quot;:&quot;classic&quot;}\">\n\t\t\t\t<div class=\"elementor-element elementor-element-037ed7b elementor-widget elementor-widget-image\" data-id=\"037ed7b\" data-element_type=\"widget\" data-e-type=\"widget\" data-widget_type=\"image.default\">\n\t\t\t\t\t\t\t\t\t\t\t\t\t\t\t<img loading=\"lazy\" decoding=\"async\" width=\"300\" height=\"225\" src=\"https:\/\/bio-balkon.de\/wp-content\/uploads\/2020\/11\/6.-IMG_4812-1_balkonkasten_salat_radieschen_fenster_kalender_super-300x225.avif\" class=\"attachment-medium size-medium wp-image-13931\" alt=\"\" srcset=\"https:\/\/bio-balkon.de\/wp-content\/uploads\/2020\/11\/6.-IMG_4812-1_balkonkasten_salat_radieschen_fenster_kalender_super-300x225.avif 300w, https:\/\/bio-balkon.de\/wp-content\/uploads\/2020\/11\/6.-IMG_4812-1_balkonkasten_salat_radieschen_fenster_kalender_super-1024x768.avif 1024w, https:\/\/bio-balkon.de\/wp-content\/uploads\/2020\/11\/6.-IMG_4812-1_balkonkasten_salat_radieschen_fenster_kalender_super-768x576.avif 768w, https:\/\/bio-balkon.de\/wp-content\/uploads\/2020\/11\/6.-IMG_4812-1_balkonkasten_salat_radieschen_fenster_kalender_super-1536x1152.avif 1536w, https:\/\/bio-balkon.de\/wp-content\/uploads\/2020\/11\/6.-IMG_4812-1_balkonkasten_salat_radieschen_fenster_kalender_super-scaled.avif 2048w, https:\/\/bio-balkon.de\/wp-content\/uploads\/2020\/11\/6.-IMG_4812-1_balkonkasten_salat_radieschen_fenster_kalender_super-16x12.avif 16w, https:\/\/bio-balkon.de\/wp-content\/uploads\/2020\/11\/6.-IMG_4812-1_balkonkasten_salat_radieschen_fenster_kalender_super-1320x990.avif 1320w\" sizes=\"auto, (max-width: 300px) 100vw, 300px\" \/>\t\t\t\t\t\t\t\t\t\t\t\t\t\t\t<\/div>\n\t\t\t\t<div class=\"elementor-element elementor-element-48411ad elementor-widget elementor-widget-heading\" data-id=\"48411ad\" data-element_type=\"widget\" data-e-type=\"widget\" data-widget_type=\"heading.default\">\n\t\t\t\t\t<h3 class=\"elementor-heading-title elementor-size-default\">Herzlich willkommen! Du bist hier richtig,<\/h3>\t\t\t\t<\/div>\n\t\t\t\t<div class=\"elementor-element elementor-element-46b1a81 elementor-widget elementor-widget-text-editor\" data-id=\"46b1a81\" data-element_type=\"widget\" data-e-type=\"widget\" data-widget_type=\"text-editor.default\">\n\t\t\t\t\t\t\t\t\t<p>denn in jedem Topf, auf jedem Fensterbrett, auf jedem Balkon, kann GESUNDES angebaut werden! Bist Du dabei?<\/p>\t\t\t\t\t\t\t\t<\/div>\n\t\t\t\t<\/div>\n\t\t<div class=\"elementor-element elementor-element-3615667 e-con-full e-flex e-con e-child\" data-id=\"3615667\" data-element_type=\"container\" data-e-type=\"container\" data-settings=\"{&quot;background_background&quot;:&quot;classic&quot;}\">\n\t\t\t\t<div class=\"elementor-element elementor-element-3cb5049 elementor-widget elementor-widget-image\" data-id=\"3cb5049\" data-element_type=\"widget\" data-e-type=\"widget\" data-widget_type=\"image.default\">\n\t\t\t\t\t\t\t\t\t\t\t\t\t\t\t<img loading=\"lazy\" decoding=\"async\" width=\"300\" height=\"225\" src=\"https:\/\/bio-balkon.de\/wp-content\/uploads\/2019\/01\/P1850784-balkon-abstellkammer-berliner-super-300x225.avif\" class=\"attachment-medium size-medium wp-image-10336\" alt=\"\" srcset=\"https:\/\/bio-balkon.de\/wp-content\/uploads\/2019\/01\/P1850784-balkon-abstellkammer-berliner-super-300x225.avif 300w, https:\/\/bio-balkon.de\/wp-content\/uploads\/2019\/01\/P1850784-balkon-abstellkammer-berliner-super-1024x768.avif 1024w, https:\/\/bio-balkon.de\/wp-content\/uploads\/2019\/01\/P1850784-balkon-abstellkammer-berliner-super-768x576.avif 768w, https:\/\/bio-balkon.de\/wp-content\/uploads\/2019\/01\/P1850784-balkon-abstellkammer-berliner-super-1536x1152.avif 1536w, https:\/\/bio-balkon.de\/wp-content\/uploads\/2019\/01\/P1850784-balkon-abstellkammer-berliner-super-16x12.avif 16w, https:\/\/bio-balkon.de\/wp-content\/uploads\/2019\/01\/P1850784-balkon-abstellkammer-berliner-super-1320x990.avif 1320w, https:\/\/bio-balkon.de\/wp-content\/uploads\/2019\/01\/P1850784-balkon-abstellkammer-berliner-super.avif 1920w\" sizes=\"auto, (max-width: 300px) 100vw, 300px\" \/>\t\t\t\t\t\t\t\t\t\t\t\t\t\t\t<\/div>\n\t\t\t\t<div class=\"elementor-element elementor-element-fffecbe elementor-widget elementor-widget-heading\" data-id=\"fffecbe\" data-element_type=\"widget\" data-e-type=\"widget\" data-widget_type=\"heading.default\">\n\t\t\t\t\t<h3 class=\"elementor-heading-title elementor-size-default\">Viele Balkons sind ungenutzt oder nur ein Abstellraum!\n<\/h3>\t\t\t\t<\/div>\n\t\t\t\t<div class=\"elementor-element elementor-element-67d4934 elementor-widget elementor-widget-text-editor\" data-id=\"67d4934\" data-element_type=\"widget\" data-e-type=\"widget\" data-widget_type=\"text-editor.default\">\n\t\t\t\t\t\t\t\t\t<p>Dabei k\u00f6nnte dort etwas angebaut werden. F\u00fcr Dich ein Wohlf\u00fchlort, wo Du entspannst. Gerade jetzt. Sei dabei!<\/p>\t\t\t\t\t\t\t\t<\/div>\n\t\t\t\t<\/div>\n\t\t<div class=\"elementor-element elementor-element-ea6c3ce e-con-full e-flex e-con e-child\" data-id=\"ea6c3ce\" data-element_type=\"container\" data-e-type=\"container\" data-settings=\"{&quot;background_background&quot;:&quot;classic&quot;}\">\n\t\t\t\t<div class=\"elementor-element elementor-element-78d2e9e elementor-widget elementor-widget-image\" data-id=\"78d2e9e\" data-element_type=\"widget\" data-e-type=\"widget\" data-widget_type=\"image.default\">\n\t\t\t\t\t\t\t\t\t\t\t\t\t\t\t<img loading=\"lazy\" decoding=\"async\" width=\"300\" height=\"225\" src=\"https:\/\/bio-balkon.de\/wp-content\/uploads\/2020\/09\/IMG_3725-microgreens-tomaten-fenster-300x225.avif\" class=\"attachment-medium size-medium wp-image-11594\" alt=\"\" srcset=\"https:\/\/bio-balkon.de\/wp-content\/uploads\/2020\/09\/IMG_3725-microgreens-tomaten-fenster-300x225.avif 300w, https:\/\/bio-balkon.de\/wp-content\/uploads\/2020\/09\/IMG_3725-microgreens-tomaten-fenster-1024x768.avif 1024w, https:\/\/bio-balkon.de\/wp-content\/uploads\/2020\/09\/IMG_3725-microgreens-tomaten-fenster-768x576.avif 768w, https:\/\/bio-balkon.de\/wp-content\/uploads\/2020\/09\/IMG_3725-microgreens-tomaten-fenster-1536x1152.avif 1536w, https:\/\/bio-balkon.de\/wp-content\/uploads\/2020\/09\/IMG_3725-microgreens-tomaten-fenster-scaled.avif 2048w, https:\/\/bio-balkon.de\/wp-content\/uploads\/2020\/09\/IMG_3725-microgreens-tomaten-fenster-16x12.avif 16w, https:\/\/bio-balkon.de\/wp-content\/uploads\/2020\/09\/IMG_3725-microgreens-tomaten-fenster-1320x990.avif 1320w\" sizes=\"auto, (max-width: 300px) 100vw, 300px\" \/>\t\t\t\t\t\t\t\t\t\t\t\t\t\t\t<\/div>\n\t\t\t\t<div class=\"elementor-element elementor-element-bae7fa5 elementor-widget elementor-widget-heading\" data-id=\"bae7fa5\" data-element_type=\"widget\" data-e-type=\"widget\" data-widget_type=\"heading.default\">\n\t\t\t\t\t<h3 class=\"elementor-heading-title elementor-size-default\">Wir geben Anleitung, wie es geht - es ist ganz einfach!\n<\/h3>\t\t\t\t<\/div>\n\t\t\t\t<div class=\"elementor-element elementor-element-b3cf08e elementor-widget elementor-widget-text-editor\" data-id=\"b3cf08e\" data-element_type=\"widget\" data-e-type=\"widget\" data-widget_type=\"text-editor.default\">\n\t\t\t\t\t\t\t\t\t<p class=\"sub-title\">12 Experten teilen ihr Wissen mit Dir! Sie verraten Dir, wie Du effektiv Deinen Bio-Balkon einrichten kannst.<\/p>\t\t\t\t\t\t\t\t<\/div>\n\t\t\t\t<\/div>\n\t\t<div class=\"elementor-element elementor-element-bf54171 e-con-full e-flex e-con e-child\" data-id=\"bf54171\" data-element_type=\"container\" data-e-type=\"container\" data-settings=\"{&quot;background_background&quot;:&quot;classic&quot;}\">\n\t\t\t\t<div class=\"elementor-element elementor-element-224247b elementor-widget elementor-widget-image\" data-id=\"224247b\" data-element_type=\"widget\" data-e-type=\"widget\" data-widget_type=\"image.default\">\n\t\t\t\t\t\t\t\t\t\t\t\t\t\t\t<img loading=\"lazy\" decoding=\"async\" width=\"300\" height=\"225\" src=\"https:\/\/bio-balkon.de\/wp-content\/uploads\/2020\/12\/IMG_4143_salat_fenster_winterpostelein_selleriekraut-300x225.avif\" class=\"attachment-medium size-medium wp-image-18463\" alt=\"\" srcset=\"https:\/\/bio-balkon.de\/wp-content\/uploads\/2020\/12\/IMG_4143_salat_fenster_winterpostelein_selleriekraut-300x225.avif 300w, https:\/\/bio-balkon.de\/wp-content\/uploads\/2020\/12\/IMG_4143_salat_fenster_winterpostelein_selleriekraut-1024x768.avif 1024w, https:\/\/bio-balkon.de\/wp-content\/uploads\/2020\/12\/IMG_4143_salat_fenster_winterpostelein_selleriekraut-768x576.avif 768w, https:\/\/bio-balkon.de\/wp-content\/uploads\/2020\/12\/IMG_4143_salat_fenster_winterpostelein_selleriekraut-1536x1152.avif 1536w, https:\/\/bio-balkon.de\/wp-content\/uploads\/2020\/12\/IMG_4143_salat_fenster_winterpostelein_selleriekraut-scaled.avif 2048w, https:\/\/bio-balkon.de\/wp-content\/uploads\/2020\/12\/IMG_4143_salat_fenster_winterpostelein_selleriekraut-16x12.avif 16w, https:\/\/bio-balkon.de\/wp-content\/uploads\/2020\/12\/IMG_4143_salat_fenster_winterpostelein_selleriekraut-1320x990.avif 1320w\" sizes=\"auto, (max-width: 300px) 100vw, 300px\" \/>\t\t\t\t\t\t\t\t\t\t\t\t\t\t\t<\/div>\n\t\t\t\t<div class=\"elementor-element elementor-element-accfa46 elementor-widget elementor-widget-heading\" data-id=\"accfa46\" data-element_type=\"widget\" data-e-type=\"widget\" data-widget_type=\"heading.default\">\n\t\t\t\t\t<h3 class=\"elementor-heading-title elementor-size-default\">Genie\u00dfe mittendrin Wachstum und Ernte. <\/h3>\t\t\t\t<\/div>\n\t\t\t\t<div class=\"elementor-element elementor-element-7d354be elementor-widget elementor-widget-text-editor\" data-id=\"7d354be\" data-element_type=\"widget\" data-e-type=\"widget\" data-widget_type=\"text-editor.default\">\n\t\t\t\t\t\t\t\t\t<p class=\"sub-title\">Von Deinem gr\u00fcnen Wohlf\u00fchlbalkon, Fensterbrett und K\u00fcchentisch erntest Du frisches Gesundes.<\/p>\t\t\t\t\t\t\t\t<\/div>\n\t\t\t\t<\/div>\n\t\t\t\t\t<\/div>\n\t\t\t\t<\/div>\n\t\t<div class=\"elementor-element elementor-element-8875e2b e-con-full e-flex e-con e-child\" data-id=\"8875e2b\" data-element_type=\"container\" data-e-type=\"container\" data-settings=\"{&quot;background_background&quot;:&quot;classic&quot;}\">\n\t\t\t\t<div class=\"elementor-element elementor-element-b305108 elementor-widget elementor-widget-heading\" data-id=\"b305108\" data-element_type=\"widget\" data-e-type=\"widget\" data-widget_type=\"heading.default\">\n\t\t\t\t\t<h2 class=\"elementor-heading-title elementor-size-default\">Das bekommst Du im Kongresspaket<\/h2>\t\t\t\t<\/div>\n\t\t<div class=\"elementor-element elementor-element-c5f341f e-flex e-con-boxed e-con e-child\" data-id=\"c5f341f\" data-element_type=\"container\" data-e-type=\"container\">\n\t\t\t\t\t<div class=\"e-con-inner\">\n\t\t\t\t<div class=\"elementor-element elementor-element-8a3c21f elementor-widget__width-initial elementor-widget-mobile__width-initial elementor-view-default elementor-position-block-start elementor-mobile-position-block-start elementor-widget elementor-widget-icon-box\" data-id=\"8a3c21f\" data-element_type=\"widget\" data-e-type=\"widget\" data-widget_type=\"icon-box.default\">\n\t\t\t\t\t\t\t<div class=\"elementor-icon-box-wrapper\">\n\n\t\t\t\t\t\t<div class=\"elementor-icon-box-icon\">\n\t\t\t\t<span  class=\"elementor-icon\">\n\t\t\t\t<svg aria-hidden=\"true\" class=\"e-font-icon-svg e-fas-file-video\" viewBox=\"0 0 384 512\" xmlns=\"http:\/\/www.w3.org\/2000\/svg\"><path d=\"M384 121.941V128H256V0h6.059c6.365 0 12.47 2.529 16.971 7.029l97.941 97.941A24.005 24.005 0 0 1 384 121.941zM224 136V0H24C10.745 0 0 10.745 0 24v464c0 13.255 10.745 24 24 24h336c13.255 0 24-10.745 24-24V160H248c-13.2 0-24-10.8-24-24zm96 144.016v111.963c0 21.445-25.943 31.998-40.971 16.971L224 353.941V392c0 13.255-10.745 24-24 24H88c-13.255 0-24-10.745-24-24V280c0-13.255 10.745-24 24-24h112c13.255 0 24 10.745 24 24v38.059l55.029-55.013c15.011-15.01 40.971-4.491 40.971 16.97z\"><\/path><\/svg>\t\t\t\t<\/span>\n\t\t\t<\/div>\n\t\t\t\n\t\t\t\t\t\t<div class=\"elementor-icon-box-content\">\n\n\t\t\t\t\t\t\t\t\t<h5 class=\"elementor-icon-box-title\">\n\t\t\t\t\t\t<span  >\n\t\t\t\t\t\t\t33 Videos\t\t\t\t\t\t<\/span>\n\t\t\t\t\t<\/h5>\n\t\t\t\t\n\t\t\t\t\t\t\t\t\t<p class=\"elementor-icon-box-description\">\n\t\t\t\t\t\tEntspannt auf dem Sofa sitzen und Videos schauen\t\t\t\t\t<\/p>\n\t\t\t\t\n\t\t\t<\/div>\n\t\t\t\n\t\t<\/div>\n\t\t\t\t\t\t<\/div>\n\t\t\t\t<div class=\"elementor-element elementor-element-4d57560 elementor-widget__width-initial elementor-widget-mobile__width-initial elementor-view-default elementor-position-block-start elementor-mobile-position-block-start elementor-widget elementor-widget-icon-box\" data-id=\"4d57560\" data-element_type=\"widget\" data-e-type=\"widget\" data-widget_type=\"icon-box.default\">\n\t\t\t\t\t\t\t<div class=\"elementor-icon-box-wrapper\">\n\n\t\t\t\t\t\t<div class=\"elementor-icon-box-icon\">\n\t\t\t\t<span  class=\"elementor-icon\">\n\t\t\t\t<svg aria-hidden=\"true\" class=\"e-font-icon-svg e-far-file-audio\" viewBox=\"0 0 384 512\" xmlns=\"http:\/\/www.w3.org\/2000\/svg\"><path d=\"M369.941 97.941l-83.882-83.882A48 48 0 0 0 252.118 0H48C21.49 0 0 21.49 0 48v416c0 26.51 21.49 48 48 48h288c26.51 0 48-21.49 48-48V131.882a48 48 0 0 0-14.059-33.941zM332.118 128H256V51.882L332.118 128zM48 464V48h160v104c0 13.255 10.745 24 24 24h104v288H48zm144-76.024c0 10.691-12.926 16.045-20.485 8.485L136 360.486h-28c-6.627 0-12-5.373-12-12v-56c0-6.627 5.373-12 12-12h28l35.515-36.947c7.56-7.56 20.485-2.206 20.485 8.485v135.952zm41.201-47.13c9.051-9.297 9.06-24.133.001-33.439-22.149-22.752 12.235-56.246 34.395-33.481 27.198 27.94 27.212 72.444.001 100.401-21.793 22.386-56.947-10.315-34.397-33.481z\"><\/path><\/svg>\t\t\t\t<\/span>\n\t\t\t<\/div>\n\t\t\t\n\t\t\t\t\t\t<div class=\"elementor-icon-box-content\">\n\n\t\t\t\t\t\t\t\t\t<h5 class=\"elementor-icon-box-title\">\n\t\t\t\t\t\t<span  >\n\t\t\t\t\t\t\t33 Audios\t\t\t\t\t\t<\/span>\n\t\t\t\t\t<\/h5>\n\t\t\t\t\n\t\t\t\t\t\t\t\t\t<p class=\"elementor-icon-box-description\">\n\t\t\t\t\t\tSinnvoll die Zeit nutzen beim Joggen oder Auto-\/Zugfahren\t\t\t\t\t<\/p>\n\t\t\t\t\n\t\t\t<\/div>\n\t\t\t\n\t\t<\/div>\n\t\t\t\t\t\t<\/div>\n\t\t\t\t<div class=\"elementor-element elementor-element-215cdf5 elementor-widget__width-initial elementor-widget-mobile__width-initial elementor-view-default elementor-position-block-start elementor-mobile-position-block-start elementor-widget elementor-widget-icon-box\" data-id=\"215cdf5\" data-element_type=\"widget\" data-e-type=\"widget\" data-widget_type=\"icon-box.default\">\n\t\t\t\t\t\t\t<div class=\"elementor-icon-box-wrapper\">\n\n\t\t\t\t\t\t<div class=\"elementor-icon-box-icon\">\n\t\t\t\t<span  class=\"elementor-icon\">\n\t\t\t\t<svg aria-hidden=\"true\" class=\"e-font-icon-svg e-fas-download\" viewBox=\"0 0 512 512\" xmlns=\"http:\/\/www.w3.org\/2000\/svg\"><path d=\"M216 0h80c13.3 0 24 10.7 24 24v168h87.7c17.8 0 26.7 21.5 14.1 34.1L269.7 378.3c-7.5 7.5-19.8 7.5-27.3 0L90.1 226.1c-12.6-12.6-3.7-34.1 14.1-34.1H192V24c0-13.3 10.7-24 24-24zm296 376v112c0 13.3-10.7 24-24 24H24c-13.3 0-24-10.7-24-24V376c0-13.3 10.7-24 24-24h146.7l49 49c20.1 20.1 52.5 20.1 72.6 0l49-49H488c13.3 0 24 10.7 24 24zm-124 88c0-11-9-20-20-20s-20 9-20 20 9 20 20 20 20-9 20-20zm64 0c0-11-9-20-20-20s-20 9-20 20 9 20 20 20 20-9 20-20z\"><\/path><\/svg>\t\t\t\t<\/span>\n\t\t\t<\/div>\n\t\t\t\n\t\t\t\t\t\t<div class=\"elementor-icon-box-content\">\n\n\t\t\t\t\t\t\t\t\t<h5 class=\"elementor-icon-box-title\">\n\t\t\t\t\t\t<span  >\n\t\t\t\t\t\t\t7 Boni\t\t\t\t\t\t<\/span>\n\t\t\t\t\t<\/h5>\n\t\t\t\t\n\t\t\t\t\t\t\t\t\t<p class=\"elementor-icon-box-description\">\n\t\t\t\t\t\t48 trockenheitsvertr\u00e4gliche Pflanzen f\u00fcr den sonnigen Balkonkasten\t\t\t\t\t<\/p>\n\t\t\t\t\n\t\t\t<\/div>\n\t\t\t\n\t\t<\/div>\n\t\t\t\t\t\t<\/div>\n\t\t\t\t<div class=\"elementor-element elementor-element-0de8e1d elementor-widget__width-initial elementor-widget-mobile__width-initial elementor-view-default elementor-position-block-start elementor-mobile-position-block-start elementor-widget elementor-widget-icon-box\" data-id=\"0de8e1d\" data-element_type=\"widget\" data-e-type=\"widget\" data-widget_type=\"icon-box.default\">\n\t\t\t\t\t\t\t<div class=\"elementor-icon-box-wrapper\">\n\n\t\t\t\t\t\t<div class=\"elementor-icon-box-icon\">\n\t\t\t\t<span  class=\"elementor-icon\">\n\t\t\t\t<svg aria-hidden=\"true\" class=\"e-font-icon-svg e-fas-download\" viewBox=\"0 0 512 512\" xmlns=\"http:\/\/www.w3.org\/2000\/svg\"><path d=\"M216 0h80c13.3 0 24 10.7 24 24v168h87.7c17.8 0 26.7 21.5 14.1 34.1L269.7 378.3c-7.5 7.5-19.8 7.5-27.3 0L90.1 226.1c-12.6-12.6-3.7-34.1 14.1-34.1H192V24c0-13.3 10.7-24 24-24zm296 376v112c0 13.3-10.7 24-24 24H24c-13.3 0-24-10.7-24-24V376c0-13.3 10.7-24 24-24h146.7l49 49c20.1 20.1 52.5 20.1 72.6 0l49-49H488c13.3 0 24 10.7 24 24zm-124 88c0-11-9-20-20-20s-20 9-20 20 9 20 20 20 20-9 20-20zm64 0c0-11-9-20-20-20s-20 9-20 20 9 20 20 20 20-9 20-20z\"><\/path><\/svg>\t\t\t\t<\/span>\n\t\t\t<\/div>\n\t\t\t\n\t\t\t\t\t\t<div class=\"elementor-icon-box-content\">\n\n\t\t\t\t\t\t\t\t\t<h5 class=\"elementor-icon-box-title\">\n\t\t\t\t\t\t<span  >\n\t\t\t\t\t\t\tBezugsadressen \t\t\t\t\t\t<\/span>\n\t\t\t\t\t<\/h5>\n\t\t\t\t\n\t\t\t\t\t\t\t\t\t<p class=\"elementor-icon-box-description\">\n\t\t\t\t\t\tRabatte + Bezugsadressen Pflanzen, Saatgut, Substrate, Empfehlungen\t\t\t\t\t<\/p>\n\t\t\t\t\n\t\t\t<\/div>\n\t\t\t\n\t\t<\/div>\n\t\t\t\t\t\t<\/div>\n\t\t\t\t\t<\/div>\n\t\t\t\t<\/div>\n\t\t\t\t<\/div>\n\t\t<div class=\"elementor-element elementor-element-a9eb830 e-con-full e-flex e-con e-child\" data-id=\"a9eb830\" data-element_type=\"container\" data-e-type=\"container\" data-settings=\"{&quot;background_background&quot;:&quot;classic&quot;}\">\n\t\t\t\t<div class=\"elementor-element elementor-element-139ba96 elementor-widget elementor-widget-image\" data-id=\"139ba96\" data-element_type=\"widget\" data-e-type=\"widget\" data-widget_type=\"image.default\">\n\t\t\t\t\t\t\t\t\t\t\t\t\t\t\t\t<a href=\"https:\/\/www.digistore24.com\/product\/525289\">\n\t\t\t\t\t\t\t<img loading=\"lazy\" decoding=\"async\" width=\"768\" height=\"576\" src=\"https:\/\/bio-balkon.de\/wp-content\/uploads\/2024\/03\/Mockup-14-2024-Geld-zurueck-768x576.avif\" class=\"attachment-medium_large size-medium_large wp-image-65876\" alt=\"\" srcset=\"https:\/\/bio-balkon.de\/wp-content\/uploads\/2024\/03\/Mockup-14-2024-Geld-zurueck-768x576.avif 768w, https:\/\/bio-balkon.de\/wp-content\/uploads\/2024\/03\/Mockup-14-2024-Geld-zurueck-300x225.avif 300w, https:\/\/bio-balkon.de\/wp-content\/uploads\/2024\/03\/Mockup-14-2024-Geld-zurueck-16x12.avif 16w, https:\/\/bio-balkon.de\/wp-content\/uploads\/2024\/03\/Mockup-14-2024-Geld-zurueck.avif 1024w\" sizes=\"auto, (max-width: 768px) 100vw, 768px\" \/>\t\t\t\t\t\t\t\t<\/a>\n\t\t\t\t\t\t\t\t\t\t\t\t\t\t\t<\/div>\n\t\t\t\t<div class=\"elementor-element elementor-element-8e98e66 elementor-widget elementor-widget-heading\" data-id=\"8e98e66\" data-element_type=\"widget\" data-e-type=\"widget\" data-widget_type=\"heading.default\">\n\t\t\t\t\t<h1 class=\"elementor-heading-title elementor-size-default\">Kongresspaket<\/h1>\t\t\t\t<\/div>\n\t\t\t\t<div class=\"elementor-element elementor-element-e4e27cf elementor-widget elementor-widget-heading\" data-id=\"e4e27cf\" data-element_type=\"widget\" data-e-type=\"widget\" data-widget_type=\"heading.default\">\n\t\t\t\t\t<h1 class=\"elementor-heading-title elementor-size-default\">Jeder Meter z\u00e4hlt! Mein genialer Bio-Balkon<\/h1>\t\t\t\t<\/div>\n\t\t\t\t<div class=\"elementor-element elementor-element-962aebf elementor-widget elementor-widget-text-editor\" data-id=\"962aebf\" data-element_type=\"widget\" data-e-type=\"widget\" data-widget_type=\"text-editor.default\">\n\t\t\t\t\t\t\t\t\t<p>32 Expert:innen teilen online &amp; gratis ihr Wissen und geben Tipps und Hacks zum ertragreichen Anbau von Gem\u00fcse, Permaveggies und Kr\u00e4utern auf Balkon, Terrasse, Fensterbrett und K\u00fcchentisch sowie zur F\u00f6rderung der Artenvielfalt.<\/p>\t\t\t\t\t\t\t\t<\/div>\n\t\t\t\t<div class=\"elementor-element elementor-element-796df07 elementor-widget elementor-widget-text-editor\" data-id=\"796df07\" data-element_type=\"widget\" data-e-type=\"widget\" data-widget_type=\"text-editor.default\">\n\t\t\t\t\t\t\t\t\t<p style=\"text-align: center;\">NEU IST DIE VERSCHENKEM\u00d6GLICHKEIT: Eine sinnvolle Schenkm\u00f6glichkeit &#8211; vielleicht f\u00fcr Deine Kinder und Enkel. Die GESCHENKEOPTION ist unter dem Adressfeld zu aktivieren. Falls aktiviert, kann nach der Zahlung eine Gru\u00dfnachricht und das Datum f\u00fcr den Erhalt des Geschenks festlegt werden.<\/p>\t\t\t\t\t\t\t\t<\/div>\n\t\t\t\t<div class=\"elementor-element elementor-element-270cd8a elementor-align-center elementor-mobile-align-justify elementor-widget elementor-widget-button\" data-id=\"270cd8a\" data-element_type=\"widget\" data-e-type=\"widget\" data-widget_type=\"button.default\">\n\t\t\t\t\t\t\t\t\t\t<a class=\"elementor-button elementor-button-link elementor-size-md\" href=\"https:\/\/www.digistore24.com\/product\/525289\">\n\t\t\t\t\t\t<span class=\"elementor-button-content-wrapper\">\n\t\t\t\t\t\t\t\t\t<span class=\"elementor-button-text\">Kongresspaket kaufen<\/span>\n\t\t\t\t\t<\/span>\n\t\t\t\t\t<\/a>\n\t\t\t\t\t\t\t\t<\/div>\n\t\t\t\t<\/div>\n\t\t<div class=\"elementor-element elementor-element-77be79c e-con-full e-flex e-con e-child\" data-id=\"77be79c\" data-element_type=\"container\" data-e-type=\"container\" data-settings=\"{&quot;background_background&quot;:&quot;classic&quot;}\">\n\t\t\t\t<div class=\"elementor-element elementor-element-97a44d4 elementor-widget elementor-widget-heading\" data-id=\"97a44d4\" data-element_type=\"widget\" data-e-type=\"widget\" data-widget_type=\"heading.default\">\n\t\t\t\t\t<h2 class=\"elementor-heading-title elementor-size-default\">Jetzt f\u00fcr den n\u00e4chsten Bio-Balkon-Kongress gratis anmelden:<\/h2>\t\t\t\t<\/div>\n\t\t\t\t<div class=\"elementor-element elementor-element-e2ea600 elementor-button-align-stretch elementor-widget elementor-widget-form\" data-id=\"e2ea600\" data-element_type=\"widget\" data-e-type=\"widget\" data-settings=\"{&quot;step_next_label&quot;:&quot;N\\u00e4chster&quot;,&quot;step_previous_label&quot;:&quot;Voriger&quot;,&quot;button_width&quot;:&quot;100&quot;,&quot;step_type&quot;:&quot;number_text&quot;,&quot;step_icon_shape&quot;:&quot;circle&quot;}\" data-widget_type=\"form.default\">\n\t\t\t\t\t\t\t<form class=\"elementor-form\" method=\"post\" name=\"Neues Formular\" aria-label=\"Neues Formular\">\n\t\t\t<input type=\"hidden\" name=\"post_id\" value=\"62032\"\/>\n\t\t\t<input type=\"hidden\" name=\"form_id\" value=\"e2ea600\"\/>\n\t\t\t<input type=\"hidden\" name=\"referer_title\" value=\"Kongresspaket 14. Balkonkongress \u201eMein genialer Bio-Balkon\u201c\" \/>\n\n\t\t\t\t\t\t\t<input type=\"hidden\" name=\"queried_id\" value=\"62032\"\/>\n\t\t\t\n\t\t\t<div class=\"elementor-form-fields-wrapper elementor-labels-\">\n\t\t\t\t\t\t\t\t<div class=\"elementor-field-type-text elementor-field-group elementor-column elementor-field-group-name elementor-col-50 elementor-md-50\">\n\t\t\t\t\t\t\t\t\t\t\t\t<label for=\"form-field-name\" class=\"elementor-field-label elementor-screen-only\">\n\t\t\t\t\t\t\t\tVorname\t\t\t\t\t\t\t<\/label>\n\t\t\t\t\t\t\t\t\t\t\t\t\t\t<input size=\"1\" type=\"text\" name=\"form_fields[name]\" id=\"form-field-name\" class=\"elementor-field elementor-size-md  elementor-field-textual\" placeholder=\"Vorname (optional)\">\n\t\t\t\t\t\t\t\t\t\t\t<\/div>\n\t\t\t\t\t\t\t\t<div class=\"elementor-field-type-email elementor-field-group elementor-column elementor-field-group-email elementor-col-50 elementor-md-50 elementor-field-required\">\n\t\t\t\t\t\t\t\t\t\t\t\t<label for=\"form-field-email\" class=\"elementor-field-label elementor-screen-only\">\n\t\t\t\t\t\t\t\tE-Mail\t\t\t\t\t\t\t<\/label>\n\t\t\t\t\t\t\t\t\t\t\t\t\t\t<input size=\"1\" type=\"email\" name=\"form_fields[email]\" id=\"form-field-email\" class=\"elementor-field elementor-size-md  elementor-field-textual\" placeholder=\"E-Mail-Adresse\" required=\"required\">\n\t\t\t\t\t\t\t\t\t\t\t<\/div>\n\t\t\t\t\t\t\t\t<div class=\"elementor-field-group elementor-column elementor-field-type-submit elementor-col-100 e-form__buttons\">\n\t\t\t\t\t<button class=\"elementor-button elementor-size-lg\" type=\"submit\">\n\t\t\t\t\t\t<span class=\"elementor-button-content-wrapper\">\n\t\t\t\t\t\t\t\t\t\t\t\t\t\t\t\t\t\t\t\t\t\t<span class=\"elementor-button-text\">Ja - kostenfrei dabei sein!<\/span>\n\t\t\t\t\t\t\t\t\t\t\t\t\t<\/span>\n\t\t\t\t\t<\/button>\n\t\t\t\t<\/div>\n\t\t\t<\/div>\n\t\t<\/form>\n\t\t\t\t\t\t<\/div>\n\t\t\t\t<\/div>\n\t\t\t\t\t<\/div>\n\t\t\t\t<\/div>\n\t\t\t\t<\/div>\n\t\t","protected":false},"excerpt":{"rendered":"<p>Auf\u00adzeich\u00adnung vom 14. ONLINE BIO-BALKON KONGRESS VOM 15. \u2013 24. M\u00c4RZ 2024 \u201eMein genia\u00adler Bio-Bal\u00adkon. Jeder Meter z\u00e4hlt!\u201c k\u00e4uf\u00adlich erwer\u00adben.<\/p>","protected":false},"author":5,"featured_media":65877,"parent":62763,"menu_order":0,"comment_status":"closed","ping_status":"closed","template":"","meta":{"_acf_changed":false,"wp_typography_post_enhancements_disabled":false,"footnotes":""},"class_list":["post-62032","page","type-page","status-publish","has-post-thumbnail","hentry"],"acf":[],"_links":{"self":[{"href":"https:\/\/bio-balkon.de\/en\/wp-json\/wp\/v2\/pages\/62032","targetHints":{"allow":["GET"]}}],"collection":[{"href":"https:\/\/bio-balkon.de\/en\/wp-json\/wp\/v2\/pages"}],"about":[{"href":"https:\/\/bio-balkon.de\/en\/wp-json\/wp\/v2\/types\/page"}],"author":[{"embeddable":true,"href":"https:\/\/bio-balkon.de\/en\/wp-json\/wp\/v2\/users\/5"}],"replies":[{"embeddable":true,"href":"https:\/\/bio-balkon.de\/en\/wp-json\/wp\/v2\/comments?post=62032"}],"version-history":[{"count":0,"href":"https:\/\/bio-balkon.de\/en\/wp-json\/wp\/v2\/pages\/62032\/revisions"}],"up":[{"embeddable":true,"href":"https:\/\/bio-balkon.de\/en\/wp-json\/wp\/v2\/pages\/62763"}],"wp:featuredmedia":[{"embeddable":true,"href":"https:\/\/bio-balkon.de\/en\/wp-json\/wp\/v2\/media\/65877"}],"wp:attachment":[{"href":"https:\/\/bio-balkon.de\/en\/wp-json\/wp\/v2\/media?parent=62032"}],"curies":[{"name":"wp","href":"https:\/\/api.w.org\/{rel}","templated":true}]}}