{"id":61391,"date":"2023-11-06T18:13:53","date_gmt":"2023-11-06T17:13:53","guid":{"rendered":"https:\/\/bio-balkon.de\/?page_id=61391"},"modified":"2024-03-26T17:05:55","modified_gmt":"2024-03-26T16:05:55","slug":"14-online-bio-balkon-kongress","status":"publish","type":"page","link":"https:\/\/bio-balkon.de\/en\/14-online-bio-balkon-kongress\/","title":{"rendered":"14. Online Bio-Bal\u00adkon Kon\u00adgress \u201eMein genia\u00adler Bio-Bal\u00adkon\u201c"},"content":{"rendered":"\t\t<div data-elementor-type=\"wp-page\" data-elementor-id=\"61391\" class=\"elementor elementor-61391\" data-elementor-post-type=\"page\">\n\t\t\t\t<div class=\"elementor-element elementor-element-30ee0d1 e-flex e-con-boxed e-con e-parent\" data-id=\"30ee0d1\" data-element_type=\"container\" data-e-type=\"container\">\n\t\t\t\t\t<div class=\"e-con-inner\">\n\t\t\t\t<div class=\"elementor-element elementor-element-53e0709 elementor-widget elementor-widget-template\" data-id=\"53e0709\" data-element_type=\"widget\" data-e-type=\"widget\" data-widget_type=\"template.default\">\n\t\t\t\t<div class=\"elementor-widget-container\">\n\t\t\t\t\t\t\t<div class=\"elementor-template\">\n\t\t\t\t\t<div data-elementor-type=\"container\" data-elementor-id=\"62749\" class=\"elementor elementor-62749\" data-elementor-post-type=\"elementor_library\">\n\t\t\t\t<div class=\"elementor-element elementor-element-27866161 e-flex e-con-boxed e-con e-parent\" data-id=\"27866161\" data-element_type=\"container\" data-e-type=\"container\">\n\t\t\t\t\t<div class=\"e-con-inner\">\n\t\t<div class=\"elementor-element elementor-element-2515191 e-con-full e-flex e-con e-child\" data-id=\"2515191\" data-element_type=\"container\" data-e-type=\"container\">\n\t\t<div class=\"elementor-element elementor-element-6f533c0c e-con-full e-flex e-con e-child\" data-id=\"6f533c0c\" data-element_type=\"container\" data-e-type=\"container\" data-settings=\"{&quot;background_background&quot;:&quot;classic&quot;}\">\n\t\t\t\t<div class=\"elementor-element elementor-element-4707d553 elementor-widget elementor-widget-heading\" data-id=\"4707d553\" data-element_type=\"widget\" data-e-type=\"widget\" data-widget_type=\"heading.default\">\n\t\t\t\t\t<h2 class=\"elementor-heading-title elementor-size-default\">14. Online Bio-Balkon Kongress vom 15. bis 29. M\u00e4rz 2024<\/h2>\t\t\t\t<\/div>\n\t\t\t\t<div class=\"elementor-element elementor-element-5ac1870b elementor-widget elementor-widget-heading\" data-id=\"5ac1870b\" data-element_type=\"widget\" data-e-type=\"widget\" data-widget_type=\"heading.default\">\n\t\t\t\t\t<h1 class=\"elementor-heading-title elementor-size-default\">Mein genialer Bio-Balkon. Jeder Meter za\u0308hlt!<\/h1>\t\t\t\t<\/div>\n\t\t\t\t<div class=\"elementor-element elementor-element-4d840565 elementor-widget elementor-widget-heading\" data-id=\"4d840565\" data-element_type=\"widget\" data-e-type=\"widget\" data-widget_type=\"heading.default\">\n\t\t\t\t\t<h2 class=\"elementor-heading-title elementor-size-default\">Selbstversorgung, Artenvielfalt, Stadtnatur und nat\u00fcrlich verbunden sein<\/h2>\t\t\t\t<\/div>\n\t\t\t\t<div class=\"elementor-element elementor-element-4909b907 elementor-widget elementor-widget-text-editor\" data-id=\"4909b907\" data-element_type=\"widget\" data-e-type=\"widget\" data-widget_type=\"text-editor.default\">\n\t\t\t\t\t\t\t\t\t<p>Du m\u00f6chtest ganzj\u00e4hrig Dein eigenes gesundes frisches Bio-Gem\u00fcse, Salate, Obst und Kr\u00e4uter genie\u00dfen und ernten? 32 Expert:innen teilen online &amp; gratis ihr Wissen und geben Tipps und Hacks zum ertragreichen Anbau von Gem\u00fcse, Permaveggies und Kr\u00e4utern auf Balkon, Terrasse, Fensterbrett und K\u00fcchentisch sowie zur F\u00f6rderung der Artenvielfalt.\u00a0<\/p>\t\t\t\t\t\t\t\t<\/div>\n\t\t\t\t<div class=\"elementor-element elementor-element-6c0b36ec elementor-widget elementor-widget-menu-anchor\" data-id=\"6c0b36ec\" data-element_type=\"widget\" data-e-type=\"widget\" data-widget_type=\"menu-anchor.default\">\n\t\t\t\t\t\t\t<div class=\"elementor-menu-anchor\" id=\"anmeldung\"><\/div>\n\t\t\t\t\t\t<\/div>\n\t\t\t\t<\/div>\n\t\t<div class=\"elementor-element elementor-element-17c8b6dc e-flex e-con-boxed e-con e-child\" data-id=\"17c8b6dc\" data-element_type=\"container\" data-e-type=\"container\">\n\t\t\t\t\t<div class=\"e-con-inner\">\n\t\t<div class=\"elementor-element elementor-element-50ccd0c5 e-con-full e-flex e-con e-child\" data-id=\"50ccd0c5\" data-element_type=\"container\" data-e-type=\"container\" data-settings=\"{&quot;background_background&quot;:&quot;classic&quot;}\">\n\t\t\t\t<div class=\"elementor-element elementor-element-6f83755e elementor-widget elementor-widget-video\" data-id=\"6f83755e\" data-element_type=\"widget\" data-e-type=\"widget\" data-settings=\"{&quot;youtube_url&quot;:&quot;https:\\\/\\\/youtu.be\\\/s_IAfA4y8pU&quot;,&quot;video_type&quot;:&quot;youtube&quot;,&quot;controls&quot;:&quot;yes&quot;}\" data-widget_type=\"video.default\">\n\t\t\t\t\t\t\t<div class=\"elementor-wrapper elementor-open-inline\">\n\t\t\t<div class=\"elementor-video\"> <div class=\"brlbs-cmpnt-container brlbs-cmpnt-content-blocker brlbs-cmpnt-with-individual-styles\" data-borlabs-cookie-content-blocker-id=\"youtube-content-blocker\" data-borlabs-cookie-content=\"PHNjcmlwdD4KKGZ1bmN0aW9uKCkgewogICAgbGV0IGQgPSBudWxsOwoKICAgIC8vIGlmIHdlIGFyZSBpbiBhIGxvb3AsIHdlIG5lZWQgdG8gc2VsZWN0IHRoZSBjb3JyZWN0IHZpZGVvIGVsZW1lbnQsIHNpbmNlIFdpZGdldCBJRCBvY2N1cnMgbXVsdGlwbGUgdGltZXMgb24gcGFnZQogICAgY29uc3QgZWxlbXNJbkxvb3AgPSBkb2N1bWVudC5xdWVyeVNlbGVjdG9yQWxsKCc6aXMoZGl2W2RhdGEtZWxlbWVudG9yLXR5cGU9Imxvb3AtaXRlbSJdLGRpdltkYXRhLWVsZW1lbnRvci10eXBlPSJqZXQtbGlzdGluZy1pdGVtcyJdLGRpdltkYXRhLXdpZGdldF90eXBlXj0icHJlbWl1bS1hZGRvbi10YWJzLiJdKSBkaXYuZWxlbWVudG9yLWVsZW1lbnQtNmY4Mzc1NWUnKTsKICAgIGlmIChlbGVtc0luTG9vcC5sZW5ndGggPT09IDEpIHsKICAgICAgICBkID0gZWxlbXNJbkxvb3BbMF07CiAgICB9IGVsc2UgaWYgKGVsZW1zSW5Mb29wLmxlbmd0aCA+IDEpIHsKICAgICAgICBpZiAodHlwZW9mIGRvY3VtZW50LmN1cnJlbnRTY3JpcHQgPT09ICd1bmRlZmluZWQnIHx8IGRvY3VtZW50LmN1cnJlbnRTY3JpcHQgPT0gbnVsbCkgewogICAgICAgICAgICByZXR1cm47CiAgICAgICAgfQogICAgICAgIGNvbnN0IHRtcFZpZGVvV2lkZ2V0ID0gZG9jdW1lbnQuY3VycmVudFNjcmlwdC5jbG9zZXN0KCdbZGF0YS13aWRnZXRfdHlwZT0iYnJsYnNfdmlkZW8uZGVmYXVsdCJdJyk7CiAgICAgICAgaWYgKHRtcFZpZGVvV2lkZ2V0KSB7CiAgICAgICAgICAgIGQgPSB0bXBWaWRlb1dpZGdldDsKICAgICAgICB9CiAgICB9CgogICAgaWYgKGQgPT0gbnVsbCkgewogICAgICAgIGQgPSBkb2N1bWVudC5xdWVyeVNlbGVjdG9yKCdkaXYuZWxlbWVudG9yLWVsZW1lbnQtNmY4Mzc1NWUnKTsKICAgIH0KCiAgICBpZiAoZCA9PSBudWxsKSB7CiAgICAgICAgcmV0dXJuOwogICAgfQogICAgZC5kYXRhc2V0LndpZGdldF90eXBlID0gZC5kYXRhc2V0LndpZGdldF90eXBlLnJlcGxhY2UoJ2JybGJzXycsICcnKTsKICAgIGQuZGF0YXNldC5icmxic1VuYmxvY2tlZCA9ICd0cnVlJzsKCiAgICBjb25zdCBpbnRlcnZhbCA9IHNldEludGVydmFsKCgpID0+IHsKICAgICAgICBpZiAodHlwZW9mIGVsZW1lbnRvckZyb250ZW5kICE9PSAndW5kZWZpbmVkJyAmJiB0eXBlb2YgZWxlbWVudG9yRnJvbnRlbmQuaG9va3MgIT09ICd1bmRlZmluZWQnKSB7CiAgICAgICAgICAgIGNsZWFySW50ZXJ2YWwoaW50ZXJ2YWwpOwogICAgICAgICAgICBlbGVtZW50b3JGcm9udGVuZC5ob29rcy5kb0FjdGlvbignZnJvbnRlbmQvZWxlbWVudF9yZWFkeS92aWRlby5kZWZhdWx0JywgalF1ZXJ5KGQpLCBqUXVlcnkpCiAgICAgICAgfQogICAgfSwgMzApCn0pKCk7Cjwvc2NyaXB0Pg==\"><div class=\"brlbs-cmpnt-cb-preset-c brlbs-cmpnt-cb-youtube\"> <div class=\"brlbs-cmpnt-cb-thumbnail\" style=\"background-image: url('https:\/\/bio-balkon.de\/wp-content\/uploads\/borlabs-cookie\/1\/yt_s_IAfA4y8pU_hqdefault.jpg')\"><\/div> <div class=\"brlbs-cmpnt-cb-main\"> <div class=\"brlbs-cmpnt-cb-play-button\"><\/div> <div class=\"brlbs-cmpnt-cb-content\"> <p class=\"brlbs-cmpnt-cb-description\">Sie sehen gerade einen Platzhalterinhalt von <strong>YouTube<\/strong>. Um auf den eigentlichen Inhalt zuzugreifen, klicken Sie auf die Schaltfl\u00e4che unten. Bitte beachten Sie, dass dabei Daten an Drittanbieter weitergegeben werden.<\/p> <a class=\"brlbs-cmpnt-cb-provider-toggle\" href=\"#\" data-borlabs-cookie-show-provider-information role=\"button\">Mehr Informationen<\/a> <\/div> <div class=\"brlbs-cmpnt-cb-buttons\"> <a class=\"brlbs-cmpnt-cb-btn\" href=\"#\" data-borlabs-cookie-unblock role=\"button\">Inhalt entsperren<\/a> <a class=\"brlbs-cmpnt-cb-btn\" href=\"#\" data-borlabs-cookie-accept-service role=\"button\" style=\"display: inherit\">Erforderlichen Service akzeptieren und Inhalte entsperren<\/a> <\/div> <\/div> <\/div><\/div><\/div>\t\t<\/div>\n\t\t\t\t\t\t<\/div>\n\t\t\t\t<div class=\"elementor-element elementor-element-16edf0ba elementor-widget elementor-widget-text-editor\" data-id=\"16edf0ba\" data-element_type=\"widget\" data-e-type=\"widget\" data-widget_type=\"text-editor.default\">\n\t\t\t\t\t\t\t\t\t<p>Teile diesen Kongress mit Deinen Freunden:<\/p>\t\t\t\t\t\t\t\t<\/div>\n\t\t\t\t<div class=\"elementor-element elementor-element-61ed9ea0 elementor-widget elementor-widget-shortcode\" data-id=\"61ed9ea0\" data-element_type=\"widget\" data-e-type=\"widget\" data-widget_type=\"shortcode.default\">\n\t\t\t\t\t\t\t<div class=\"elementor-shortcode\"><center><div class=\"shariff shariff-align-center shariff-widget-align-left\"><ul class=\"shariff-buttons theme-round orientation-horizontal buttonsize-small\"><li class=\"shariff-button facebook shariff-nocustomcolor\" style=\"background-color:#4273c8\"><a href=\"https:\/\/www.facebook.com\/sharer\/sharer.php?u=https%3A%2F%2Fbio-balkon.de%2Fen%2F14-online-bio-balkon-kongress%2F\" title=\"Bei Facebook teilen\" aria-label=\"Bei Facebook teilen\" role=\"button\" rel=\"nofollow\" class=\"shariff-link\" style=\"; background-color:#3b5998; color:#fff\" target=\"_blank\"><span class=\"shariff-icon\" style=\"\"><svg width=\"32px\" height=\"20px\" xmlns=\"http:\/\/www.w3.org\/2000\/svg\" viewBox=\"0 0 18 32\"><path fill=\"#3b5998\" d=\"M17.1 0.2v4.7h-2.8q-1.5 0-2.1 0.6t-0.5 1.9v3.4h5.2l-0.7 5.3h-4.5v13.6h-5.5v-13.6h-4.5v-5.3h4.5v-3.9q0-3.3 1.9-5.2t5-1.8q2.6 0 4.1 0.2z\"\/><\/svg><\/span><\/a><\/li><li class=\"shariff-button pinterest shariff-nocustomcolor\" style=\"background-color:#e70f18\"><a href=\"https:\/\/www.pinterest.com\/pin\/create\/link\/?url=https%3A%2F%2Fbio-balkon.de%2Fen%2F14-online-bio-balkon-kongress%2F&media=https%3A%2F%2Fbio-balkon.de%2Fwp-content%2Fuploads%2F2024%2F01%2FKongress-2024-FB.avif&description=14.%20Online%20Bio-Balkon%20Kongress%20%E2%80%9EMein%20genialer%20Bio-Balkon%E2%80%9C\" title=\"Bei Pinterest pinnen\" aria-label=\"Bei Pinterest pinnen\" role=\"button\" rel=\"noopener nofollow\" class=\"shariff-link\" style=\"; background-color:#cb2027; color:#fff\" target=\"_blank\"><span class=\"shariff-icon\" style=\"\"><svg width=\"32px\" height=\"20px\" xmlns=\"http:\/\/www.w3.org\/2000\/svg\" viewBox=\"0 0 27 32\"><path fill=\"#cb2027\" d=\"M27.4 16q0 3.7-1.8 6.9t-5 5-6.9 1.9q-2 0-3.9-0.6 1.1-1.7 1.4-2.9 0.2-0.6 1-3.8 0.4 0.7 1.3 1.2t2 0.5q2.1 0 3.8-1.2t2.7-3.4 0.9-4.8q0-2-1.1-3.8t-3.1-2.9-4.5-1.2q-1.9 0-3.5 0.5t-2.8 1.4-2 2-1.2 2.3-0.4 2.4q0 1.9 0.7 3.3t2.1 2q0.5 0.2 0.7-0.4 0-0.1 0.1-0.5t0.2-0.5q0.1-0.4-0.2-0.8-0.9-1.1-0.9-2.7 0-2.7 1.9-4.6t4.9-2q2.7 0 4.2 1.5t1.5 3.8q0 3-1.2 5.2t-3.1 2.1q-1.1 0-1.7-0.8t-0.4-1.9q0.1-0.6 0.5-1.7t0.5-1.8 0.2-1.4q0-0.9-0.5-1.5t-1.4-0.6q-1.1 0-1.9 1t-0.8 2.6q0 1.3 0.4 2.2l-1.8 7.5q-0.3 1.2-0.2 3.2-3.7-1.6-6-5t-2.3-7.6q0-3.7 1.9-6.9t5-5 6.9-1.9 6.9 1.9 5 5 1.8 6.9z\"\/><\/svg><\/span><\/a><\/li><li class=\"shariff-button telegram shariff-nocustomcolor\" style=\"background-color:#4084A6\"><a href=\"https:\/\/telegram.me\/share\/url?url=https%3A%2F%2Fbio-balkon.de%2Fen%2F14-online-bio-balkon-kongress%2F&text=14.%20Online%20Bio-Balkon%20Kongress%20%E2%80%9EMein%20genialer%20Bio-Balkon%E2%80%9C\" title=\"Bei Telegram teilen\" aria-label=\"Bei Telegram teilen\" role=\"button\" rel=\"noopener nofollow\" class=\"shariff-link\" style=\"; background-color:#0088cc; color:#fff\" target=\"_blank\"><span class=\"shariff-icon\" style=\"\"><svg width=\"32px\" height=\"20px\" xmlns=\"http:\/\/www.w3.org\/2000\/svg\" viewBox=\"0 0 32 32\"><path fill=\"#0088cc\" d=\"M30.8 6.5l-4.5 21.4c-.3 1.5-1.2 1.9-2.5 1.2L16.9 24l-3.3 3.2c-.4.4-.7.7-1.4.7l.5-7L25.5 9.2c.6-.5-.1-.8-.9-.3l-15.8 10L2 16.7c-1.5-.5-1.5-1.5.3-2.2L28.9 4.3c1.3-.5 2.3.3 1.9 2.2z\"\/><\/svg><\/span><\/a><\/li><li class=\"shariff-button twitter shariff-nocustomcolor\" style=\"background-color:#595959\"><a href=\"https:\/\/twitter.com\/share?url=https%3A%2F%2Fbio-balkon.de%2Fen%2F14-online-bio-balkon-kongress%2F&text=14.%20Online%20Bio-Balkon%20Kongress%20%E2%80%9EMein%20genialer%20Bio-Balkon%E2%80%9C\" title=\"Bei X teilen\" aria-label=\"Bei X teilen\" role=\"button\" rel=\"noopener nofollow\" class=\"shariff-link\" style=\"; background-color:#000; color:#fff\" target=\"_blank\"><span class=\"shariff-icon\" style=\"\"><svg width=\"32px\" height=\"20px\" xmlns=\"http:\/\/www.w3.org\/2000\/svg\" viewBox=\"0 0 24 24\"><path fill=\"#000\" d=\"M14.258 10.152L23.176 0h-2.113l-7.747 8.813L7.133 0H0l9.352 13.328L0 23.973h2.113l8.176-9.309 6.531 9.309h7.133zm-2.895 3.293l-.949-1.328L2.875 1.56h3.246l6.086 8.523.945 1.328 7.91 11.078h-3.246zm0 0\"\/><\/svg><\/span><\/a><\/li><li class=\"shariff-button whatsapp shariff-nocustomcolor\" style=\"background-color:#5cbe4a\"><a href=\"https:\/\/api.whatsapp.com\/send?text=https%3A%2F%2Fbio-balkon.de%2Fen%2F14-online-bio-balkon-kongress%2F%2014.%20Online%20Bio-Balkon%20Kongress%20%E2%80%9EMein%20genialer%20Bio-Balkon%E2%80%9C\" title=\"Bei Whatsapp teilen\" aria-label=\"Bei Whatsapp teilen\" role=\"button\" rel=\"noopener nofollow\" class=\"shariff-link\" style=\"; background-color:#34af23; color:#fff\" target=\"_blank\"><span class=\"shariff-icon\" style=\"\"><svg width=\"32px\" height=\"20px\" xmlns=\"http:\/\/www.w3.org\/2000\/svg\" viewBox=\"0 0 32 32\"><path fill=\"#34af23\" d=\"M17.6 17.4q0.2 0 1.7 0.8t1.6 0.9q0 0.1 0 0.3 0 0.6-0.3 1.4-0.3 0.7-1.3 1.2t-1.8 0.5q-1 0-3.4-1.1-1.7-0.8-3-2.1t-2.6-3.3q-1.3-1.9-1.3-3.5v-0.1q0.1-1.6 1.3-2.8 0.4-0.4 0.9-0.4 0.1 0 0.3 0t0.3 0q0.3 0 0.5 0.1t0.3 0.5q0.1 0.4 0.6 1.6t0.4 1.3q0 0.4-0.6 1t-0.6 0.8q0 0.1 0.1 0.3 0.6 1.3 1.8 2.4 1 0.9 2.7 1.8 0.2 0.1 0.4 0.1 0.3 0 1-0.9t0.9-0.9zM14 26.9q2.3 0 4.3-0.9t3.6-2.4 2.4-3.6 0.9-4.3-0.9-4.3-2.4-3.6-3.6-2.4-4.3-0.9-4.3 0.9-3.6 2.4-2.4 3.6-0.9 4.3q0 3.6 2.1 6.6l-1.4 4.2 4.3-1.4q2.8 1.9 6.2 1.9zM14 2.2q2.7 0 5.2 1.1t4.3 2.9 2.9 4.3 1.1 5.2-1.1 5.2-2.9 4.3-4.3 2.9-5.2 1.1q-3.5 0-6.5-1.7l-7.4 2.4 2.4-7.2q-1.9-3.2-1.9-6.9 0-2.7 1.1-5.2t2.9-4.3 4.3-2.9 5.2-1.1z\"\/><\/svg><\/span><\/a><\/li><\/ul><\/div><\/center><\/div>\n\t\t\t\t\t\t<\/div>\n\t\t\t\t<\/div>\n\t\t<div class=\"elementor-element elementor-element-1cf3fd36 e-con-full e-flex e-con e-child\" data-id=\"1cf3fd36\" data-element_type=\"container\" data-e-type=\"container\" data-settings=\"{&quot;background_background&quot;:&quot;classic&quot;}\">\n\t\t\t\t<div class=\"elementor-element elementor-element-4629ee9 elementor-widget elementor-widget-button\" data-id=\"4629ee9\" data-element_type=\"widget\" data-e-type=\"widget\" data-widget_type=\"button.default\">\n\t\t\t\t\t\t\t\t\t\t<a class=\"elementor-button elementor-button-link elementor-size-sm\" href=\"https:\/\/www.digistore24.com\/product\/525289\" target=\"_blank\" rel=\"nofollow\">\n\t\t\t\t\t\t<span class=\"elementor-button-content-wrapper\">\n\t\t\t\t\t\t\t\t\t<span class=\"elementor-button-text\">Kongress verpasst: Direkt zum KONGRESSPAKET MIT ALLEN BEITR\u00c4GEN, \u00fcber Mitgliederbereich anschauen<\/span>\n\t\t\t\t\t<\/span>\n\t\t\t\t\t<\/a>\n\t\t\t\t\t\t\t\t<\/div>\n\t\t\t\t<div class=\"elementor-element elementor-element-a3bd943 elementor-widget elementor-widget-heading\" data-id=\"a3bd943\" data-element_type=\"widget\" data-e-type=\"widget\" data-widget_type=\"heading.default\">\n\t\t\t\t\t<h2 class=\"elementor-heading-title elementor-size-default\">Jetzt f\u00fcr den n\u00e4chsten Bio-Balkon-Kongress gratis anmelden:<\/h2>\t\t\t\t<\/div>\n\t\t\t\t<div class=\"elementor-element elementor-element-448e6722 elementor-widget elementor-widget-text-editor\" data-id=\"448e6722\" data-element_type=\"widget\" data-e-type=\"widget\" data-widget_type=\"text-editor.default\">\n\t\t\t\t\t\t\t\t\t<p>Sei vom <strong>15. bis 29. M\u00e4rz 2024<\/strong> dabei und entdecke M\u00f6glichkeiten, Dich mit Gem\u00fcse, Kr\u00e4utern und Obst voller Geschmack und Vitamine selbstzuversorgen! Einsamer Kr\u00e4utertopf und eine d\u00fcnne Tomatenpflanze? Dein Balkon kann viel mehr!\u00a0<\/p>\t\t\t\t\t\t\t\t<\/div>\n\t\t\t\t<div class=\"elementor-element elementor-element-718b6088 elementor-button-align-stretch elementor-widget elementor-widget-form\" data-id=\"718b6088\" data-element_type=\"widget\" data-e-type=\"widget\" data-settings=\"{&quot;step_next_label&quot;:&quot;N\\u00e4chster&quot;,&quot;step_previous_label&quot;:&quot;Voriger&quot;,&quot;button_width&quot;:&quot;100&quot;,&quot;step_type&quot;:&quot;number_text&quot;,&quot;step_icon_shape&quot;:&quot;circle&quot;}\" data-widget_type=\"form.default\">\n\t\t\t\t\t\t\t<form class=\"elementor-form\" method=\"post\" name=\"Neues Formular\" aria-label=\"Neues Formular\">\n\t\t\t<input type=\"hidden\" name=\"post_id\" value=\"62749\"\/>\n\t\t\t<input type=\"hidden\" name=\"form_id\" value=\"718b6088\"\/>\n\t\t\t<input type=\"hidden\" name=\"referer_title\" value=\"\" \/>\n\n\t\t\t\n\t\t\t<div class=\"elementor-form-fields-wrapper elementor-labels-\">\n\t\t\t\t\t\t\t\t<div class=\"elementor-field-type-text elementor-field-group elementor-column elementor-field-group-name elementor-col-50 elementor-md-50\">\n\t\t\t\t\t\t\t\t\t\t\t\t<label for=\"form-field-name\" class=\"elementor-field-label elementor-screen-only\">\n\t\t\t\t\t\t\t\tVorname\t\t\t\t\t\t\t<\/label>\n\t\t\t\t\t\t\t\t\t\t\t\t\t\t<input size=\"1\" type=\"text\" name=\"form_fields[name]\" id=\"form-field-name\" class=\"elementor-field elementor-size-md  elementor-field-textual\" placeholder=\"Vorname (optional)\">\n\t\t\t\t\t\t\t\t\t\t\t<\/div>\n\t\t\t\t\t\t\t\t<div class=\"elementor-field-type-email elementor-field-group elementor-column elementor-field-group-email elementor-col-50 elementor-md-50 elementor-field-required\">\n\t\t\t\t\t\t\t\t\t\t\t\t<label for=\"form-field-email\" class=\"elementor-field-label elementor-screen-only\">\n\t\t\t\t\t\t\t\tE-Mail\t\t\t\t\t\t\t<\/label>\n\t\t\t\t\t\t\t\t\t\t\t\t\t\t<input size=\"1\" type=\"email\" name=\"form_fields[email]\" id=\"form-field-email\" class=\"elementor-field elementor-size-md  elementor-field-textual\" placeholder=\"E-Mail-Adresse\" required=\"required\">\n\t\t\t\t\t\t\t\t\t\t\t<\/div>\n\t\t\t\t\t\t\t\t<div class=\"elementor-field-group elementor-column elementor-field-type-submit elementor-col-100 e-form__buttons\">\n\t\t\t\t\t<button class=\"elementor-button elementor-size-lg\" type=\"submit\">\n\t\t\t\t\t\t<span class=\"elementor-button-content-wrapper\">\n\t\t\t\t\t\t\t\t\t\t\t\t\t\t\t\t\t\t\t\t\t\t<span class=\"elementor-button-text\">Ja - kostenfrei dabei sein!<\/span>\n\t\t\t\t\t\t\t\t\t\t\t\t\t<\/span>\n\t\t\t\t\t<\/button>\n\t\t\t\t<\/div>\n\t\t\t<\/div>\n\t\t<\/form>\n\t\t\t\t\t\t<\/div>\n\t\t\t\t<div class=\"elementor-element elementor-element-723bd05 elementor-widget elementor-widget-text-editor\" data-id=\"723bd05\" data-element_type=\"widget\" data-e-type=\"widget\" data-widget_type=\"text-editor.default\">\n\t\t\t\t\t\t\t\t\t<p><span style=\"color: #000000;\">Die Eintragung erfolgt im Rahmen der <a style=\"color: #000000;\" href=\"https:\/\/bio-balkon.de\/datenschutzerklaerung\/\" target=\"_blank\" rel=\"noopener\">Datenschutzerkl\u00e4rung<\/a>.<\/span><\/p>\t\t\t\t\t\t\t\t<\/div>\n\t\t\t\t<\/div>\n\t\t\t\t\t<\/div>\n\t\t\t\t<\/div>\n\t\t<div class=\"elementor-element elementor-element-458d33ce e-con-full e-flex e-con e-child\" data-id=\"458d33ce\" data-element_type=\"container\" data-e-type=\"container\" data-settings=\"{&quot;background_background&quot;:&quot;classic&quot;}\">\n\t\t\t\t<div class=\"elementor-element elementor-element-d191aea elementor-widget elementor-widget-heading\" data-id=\"d191aea\" data-element_type=\"widget\" data-e-type=\"widget\" data-widget_type=\"heading.default\">\n\t\t\t\t\t<h2 class=\"elementor-heading-title elementor-size-default\">Birgit Schattling's Bio-Balkon-Kongress ist bekannt aus:<\/h2>\t\t\t\t<\/div>\n\t\t\t\t<div class=\"elementor-element elementor-element-355be567 elementor-skin-carousel elementor-arrows-yes elementor-widget elementor-widget-media-carousel\" data-id=\"355be567\" data-element_type=\"widget\" data-e-type=\"widget\" data-settings=\"{&quot;slides_per_view&quot;:&quot;7&quot;,&quot;space_between&quot;:{&quot;unit&quot;:&quot;px&quot;,&quot;size&quot;:35,&quot;sizes&quot;:[]},&quot;skin&quot;:&quot;carousel&quot;,&quot;effect&quot;:&quot;slide&quot;,&quot;show_arrows&quot;:&quot;yes&quot;,&quot;speed&quot;:500,&quot;autoplay&quot;:&quot;yes&quot;,&quot;autoplay_speed&quot;:5000,&quot;loop&quot;:&quot;yes&quot;,&quot;pause_on_hover&quot;:&quot;yes&quot;,&quot;pause_on_interaction&quot;:&quot;yes&quot;,&quot;space_between_tablet&quot;:{&quot;unit&quot;:&quot;px&quot;,&quot;size&quot;:10,&quot;sizes&quot;:[]},&quot;space_between_mobile&quot;:{&quot;unit&quot;:&quot;px&quot;,&quot;size&quot;:10,&quot;sizes&quot;:[]}}\" data-widget_type=\"media-carousel.default\">\n\t\t\t\t\t\t\t\t\t\t<div class=\"elementor-main-swiper swiper\" role=\"region\" aria-roledescription=\"carousel\" aria-label=\"Slider\">\n\t\t\t\t<div class=\"swiper-wrapper\">\n\t\t\t\t\t\t\t\t\t\t\t<div class=\"swiper-slide\" role=\"group\" aria-roledescription=\"slide\">\n\t\t\t\t\t\t\t\t\t<div class=\"elementor-carousel-image\" role=\"img\" aria-label=\"ARD\" style=\"background-image: url(&#039;https:\/\/bio-balkon.de\/wp-content\/uploads\/elementor\/thumbs\/ARD-riihzaleahrscalhkcel0zi0asoxiiiu60tl7qeo2k.avif&#039;)\">\n\n\t\t\t\n\t\t\t\t\t<\/div>\n\t\t\t\t\t\t\t\t<\/div>\n\t\t\t\t\t\t\t\t\t\t\t<div class=\"swiper-slide\" role=\"group\" aria-roledescription=\"slide\">\n\t\t\t\t\t\t\t\t\t<div class=\"elementor-carousel-image\" role=\"img\" aria-label=\"Natur im Garten\" style=\"background-image: url(&#039;https:\/\/bio-balkon.de\/wp-content\/uploads\/elementor\/thumbs\/Natur-im-Garten-riihuna4hzeqxpcipc2zp5pyk7llge2m70p5shaqea.avif&#039;)\">\n\n\t\t\t\n\t\t\t\t\t<\/div>\n\t\t\t\t\t\t\t\t<\/div>\n\t\t\t\t\t\t\t\t\t\t\t<div class=\"swiper-slide\" role=\"group\" aria-roledescription=\"slide\">\n\t\t\t\t\t\t\t\t\t<div class=\"elementor-carousel-image\" role=\"img\" aria-label=\"sueddeutsche-zeitung-200-150x40\" style=\"background-image: url(&#039;https:\/\/bio-balkon.de\/wp-content\/uploads\/elementor\/thumbs\/sueddeutsche-zeitung-200-150x40-1-rii0z49f8vqyyvte8q7q4gsoiq12f286o17ba633m8.avif&#039;)\">\n\n\t\t\t\n\t\t\t\t\t<\/div>\n\t\t\t\t\t\t\t\t<\/div>\n\t\t\t\t\t\t\t\t\t\t\t<div class=\"swiper-slide\" role=\"group\" aria-roledescription=\"slide\">\n\t\t\t\t\t\t\t\t\t<div class=\"elementor-carousel-image\" role=\"img\" aria-label=\"Deutschland summt wir tun was fu\u0308r die Bienen logo-rund\" style=\"background-image: url(&#039;https:\/\/bio-balkon.de\/wp-content\/uploads\/elementor\/thumbs\/Deutschland-summt-wir-tun-was-fu\u0308r-die-Bienen-logo-rund-riihz0967bdmsl0i8pxork3xrk3w5udsgln8xotzz0.avif&#039;)\">\n\n\t\t\t\n\t\t\t\t\t<\/div>\n\t\t\t\t\t\t\t\t<\/div>\n\t\t\t\t\t\t\t\t\t\t\t<div class=\"swiper-slide\" role=\"group\" aria-roledescription=\"slide\">\n\t\t\t\t\t\t\t\t\t<div class=\"elementor-carousel-image\" role=\"img\" aria-label=\"RBB Abendschau\" style=\"background-image: url(&#039;https:\/\/bio-balkon.de\/wp-content\/uploads\/elementor\/thumbs\/RBB-Abendschau-riihqt3ulc5lj0x846cu0ml78kin0vu2o0ss8szm8s.avif&#039;)\">\n\n\t\t\t\n\t\t\t\t\t<\/div>\n\t\t\t\t\t\t\t\t<\/div>\n\t\t\t\t\t\t\t\t\t\t\t<div class=\"swiper-slide\" role=\"group\" aria-roledescription=\"slide\">\n\t\t\t\t\t\t\t\t\t<div class=\"elementor-carousel-image\" role=\"img\" aria-label=\"Logo_GRU\u0308NE LIGA Berlin\" style=\"background-image: url(&#039;https:\/\/bio-balkon.de\/wp-content\/uploads\/elementor\/thumbs\/Logo_GRU\u0308NE-LIGA-Berlin-riihuhn3cz7101kpm9n8a756zwde67g868s8wtj352.avif&#039;)\">\n\n\t\t\t\n\t\t\t\t\t<\/div>\n\t\t\t\t\t\t\t\t<\/div>\n\t\t\t\t\t\t\t\t\t\t\t<div class=\"swiper-slide\" role=\"group\" aria-roledescription=\"slide\">\n\t\t\t\t\t\t\t\t\t<div class=\"elementor-carousel-image\" role=\"img\" aria-label=\"Dgg 1822 logo_dgg\" style=\"background-image: url(&#039;https:\/\/bio-balkon.de\/wp-content\/uploads\/elementor\/thumbs\/Dgg-1822-logo_dgg-riihyqusaz0rkhe5rlvf2mhbtpe80vch3b4e4x7wrw.avif&#039;)\">\n\n\t\t\t\n\t\t\t\t\t<\/div>\n\t\t\t\t\t\t\t\t<\/div>\n\t\t\t\t\t\t\t\t\t\t\t<div class=\"swiper-slide\" role=\"group\" aria-roledescription=\"slide\">\n\t\t\t\t\t\t\t\t\t<div class=\"elementor-carousel-image\" role=\"img\" aria-label=\"hortus-2\" style=\"background-image: url(&#039;https:\/\/bio-balkon.de\/wp-content\/uploads\/elementor\/thumbs\/hortus-2-rii0zukwk8qzzyr5z1la2a5l5ifcel4o3ngwpx02wg.avif&#039;)\">\n\n\t\t\t\n\t\t\t\t\t<\/div>\n\t\t\t\t\t\t\t\t<\/div>\n\t\t\t\t\t\t\t\t\t\t\t<div class=\"swiper-slide\" role=\"group\" aria-roledescription=\"slide\">\n\t\t\t\t\t\t\t\t\t<div class=\"elementor-carousel-image\" role=\"img\" aria-label=\"naturgucker-logo-2\" style=\"background-image: url(&#039;https:\/\/bio-balkon.de\/wp-content\/uploads\/elementor\/thumbs\/naturgucker-logo-2-rifczei5854v8jfp6z538i5mlmt7mv9y7tveg1wr8o.png&#039;)\">\n\n\t\t\t\n\t\t\t\t\t<\/div>\n\t\t\t\t\t\t\t\t<\/div>\n\t\t\t\t\t\t\t\t\t\t\t<div class=\"swiper-slide\" role=\"group\" aria-roledescription=\"slide\">\n\t\t\t\t\t\t\t\t\t<div class=\"elementor-carousel-image\" role=\"img\" aria-label=\"Falke\" style=\"background-image: url(&#039;https:\/\/bio-balkon.de\/wp-content\/uploads\/elementor\/thumbs\/Falke-riihyhgeemnwcdrtaht5doupvuojvwb5q0ljc5luhu.avif&#039;)\">\n\n\t\t\t\n\t\t\t\t\t<\/div>\n\t\t\t\t\t\t\t\t<\/div>\n\t\t\t\t\t\t\t\t\t\t\t<div class=\"swiper-slide\" role=\"group\" aria-roledescription=\"slide\">\n\t\t\t\t\t\t\t\t\t<div class=\"elementor-carousel-image\" role=\"img\" aria-label=\"natur_Logo_0-0-30-65\" style=\"background-image: url(&#039;https:\/\/bio-balkon.de\/wp-content\/uploads\/elementor\/thumbs\/natur-zeitschrift-rii0zza3iexfm0kc7lmewqyw4fs6h2nbsaqc4at3ya.avif&#039;)\">\n\n\t\t\t\n\t\t\t\t\t<\/div>\n\t\t\t\t\t\t\t\t<\/div>\n\t\t\t\t\t\t\t\t\t\t\t<div class=\"swiper-slide\" role=\"group\" aria-roledescription=\"slide\">\n\t\t\t\t\t\t\t\t\t<div class=\"elementor-carousel-image\" role=\"img\" aria-label=\"logo-kur-new-2 kraut&amp;ru\u0308ben\" style=\"background-image: url(&#039;https:\/\/bio-balkon.de\/wp-content\/uploads\/elementor\/thumbs\/logo-kur-new-2-krautru\u0308ben-riihuetksh3617ot2qfckput7qraj4515utsgzn9fy.avif&#039;)\">\n\n\t\t\t\n\t\t\t\t\t<\/div>\n\t\t\t\t\t\t\t\t<\/div>\n\t\t\t\t\t\t\t\t\t\t\t<div class=\"swiper-slide\" role=\"group\" aria-roledescription=\"slide\">\n\t\t\t\t\t\t\t\t\t<div class=\"elementor-carousel-image\" role=\"img\" aria-label=\"Food&amp;Farm\" style=\"background-image: url(&#039;https:\/\/bio-balkon.de\/wp-content\/uploads\/elementor\/thumbs\/FoodFarm-riihsh9iqqfy62hucwcyg7ep98a4pigw8ajuyiie7u.avif&#039;)\">\n\n\t\t\t\n\t\t\t\t\t<\/div>\n\t\t\t\t\t\t\t\t<\/div>\n\t\t\t\t\t\t\t\t\t\t\t<div class=\"swiper-slide\" role=\"group\" aria-roledescription=\"slide\">\n\t\t\t\t\t\t\t\t\t<div class=\"elementor-carousel-image\" role=\"img\" aria-label=\"Slow Food Deutschland e.V. 21617998_1431628343587616_5181109350505202711_n\" style=\"background-image: url(&#039;https:\/\/bio-balkon.de\/wp-content\/uploads\/elementor\/thumbs\/Slow-Food-Deutschland-e.V.-21617998_1431628343587616_5181109350505202711_n-riihqpchu00g8l2oq4qbqnjcv11663f5bi6ubp56xo.avif&#039;)\">\n\n\t\t\t\n\t\t\t\t\t<\/div>\n\t\t\t\t\t\t\t\t<\/div>\n\t\t\t\t\t\t\t\t\t\t\t<div class=\"swiper-slide\" role=\"group\" aria-roledescription=\"slide\">\n\t\t\t\t\t\t\t\t\t<div class=\"elementor-carousel-image\" role=\"img\" aria-label=\"Berliner Woche\" style=\"background-image: url(&#039;https:\/\/bio-balkon.de\/wp-content\/uploads\/elementor\/thumbs\/Berliner-Woche-riihz40iynis30v1mrk71j5s53ld0mspt496usofa4.avif&#039;)\">\n\n\t\t\t\n\t\t\t\t\t<\/div>\n\t\t\t\t\t\t\t\t<\/div>\n\t\t\t\t\t\t\t\t\t\t\t<div class=\"swiper-slide\" role=\"group\" aria-roledescription=\"slide\">\n\t\t\t\t\t\t\t\t\t<div class=\"elementor-carousel-image\" role=\"img\" aria-label=\"Gartendesign Inspiration\" style=\"background-image: url(&#039;https:\/\/bio-balkon.de\/wp-content\/uploads\/elementor\/thumbs\/Gartendesign-Inspiration-riihsl0vi2l3gicdqxzgq6gjmrrlkavtkt5svmcu10.avif&#039;)\">\n\n\t\t\t\n\t\t\t\t\t<\/div>\n\t\t\t\t\t\t\t\t<\/div>\n\t\t\t\t\t\t\t\t\t\t\t<div class=\"swiper-slide\" role=\"group\" aria-roledescription=\"slide\">\n\t\t\t\t\t\t\t\t\t<div class=\"elementor-carousel-image\" role=\"img\" aria-label=\"Rohvolution\" style=\"background-image: url(&#039;https:\/\/bio-balkon.de\/wp-content\/uploads\/elementor\/thumbs\/Rohvolution-riihqwv7coaqtgrri7zcaln1m403vo900jeq5wu0rk.avif&#039;)\">\n\n\t\t\t\n\t\t\t\t\t<\/div>\n\t\t\t\t\t\t\t\t<\/div>\n\t\t\t\t\t\t\t\t\t\t\t<div class=\"swiper-slide\" role=\"group\" aria-roledescription=\"slide\">\n\t\t\t\t\t\t\t\t\t<div class=\"elementor-carousel-image\" role=\"img\" aria-label=\"mygreenhome\" style=\"background-image: url(&#039;https:\/\/bio-balkon.de\/wp-content\/uploads\/elementor\/thumbs\/mygreenhome-otcho3s1zsnzbewnjyij8izsg6uay8l3kc8jng87ow.png&#039;)\">\n\n\t\t\t\n\t\t\t\t\t<\/div>\n\t\t\t\t\t\t\t\t<\/div>\n\t\t\t\t\t\t\t\t\t\t\t<div class=\"swiper-slide\" role=\"group\" aria-roledescription=\"slide\">\n\t\t\t\t\t\t\t\t\t<div class=\"elementor-carousel-image\" role=\"img\" aria-label=\"DasMagazin\" style=\"background-image: url(&#039;https:\/\/bio-balkon.de\/wp-content\/uploads\/elementor\/thumbs\/DasMagazin-rifbrkb4hb4fr9446iyhg2ep7ovxn28miuj5ogwrc6.png&#039;)\">\n\n\t\t\t\n\t\t\t\t\t<\/div>\n\t\t\t\t\t\t\t\t<\/div>\n\t\t\t\t\t\t\t\t\t\t\t<div class=\"swiper-slide\" role=\"group\" aria-roledescription=\"slide\">\n\t\t\t\t\t\t\t\t\t<div class=\"elementor-carousel-image\" role=\"img\" aria-label=\"UnternehmensGru\u0308n logo_unternehmensgruen\" style=\"background-image: url(&#039;https:\/\/bio-balkon.de\/wp-content\/uploads\/elementor\/thumbs\/UnternehmensGru\u0308n-logo_unternehmensgruen-riihq7hk85c03zsmmf0exa1lkph73ug8x1sm7fvnpa.avif&#039;)\">\n\n\t\t\t\n\t\t\t\t\t<\/div>\n\t\t\t\t\t\t\t\t<\/div>\n\t\t\t\t\t\t\t\t\t\t\t<div class=\"swiper-slide\" role=\"group\" aria-roledescription=\"slide\">\n\t\t\t\t\t\t\t\t\t<div class=\"elementor-carousel-image\" role=\"img\" aria-label=\"wa-aktuell\" style=\"background-image: url(&#039;https:\/\/bio-balkon.de\/wp-content\/uploads\/elementor\/thumbs\/wa-aktuell-rii0zqtjswlupiwmkzyrsb3qryxvjspqr4uyst5obg.avif&#039;)\">\n\n\t\t\t\n\t\t\t\t\t<\/div>\n\t\t\t\t\t\t\t\t<\/div>\n\t\t\t\t\t\t\t\t\t\t\t<div class=\"swiper-slide\" role=\"group\" aria-roledescription=\"slide\">\n\t\t\t\t\t\t\t\t\t<div class=\"elementor-carousel-image\" role=\"img\" aria-label=\"TASPO_NEU_outline\" style=\"background-image: url(&#039;https:\/\/bio-balkon.de\/wp-content\/uploads\/elementor\/thumbs\/TASPO-riihqfy3xnnl0hgc90o21pwqx6bi14dty7nzixj3va.avif&#039;)\">\n\n\t\t\t\n\t\t\t\t\t<\/div>\n\t\t\t\t\t\t\t\t<\/div>\n\t\t\t\t\t\t\t\t\t\t\t<div class=\"swiper-slide\" role=\"group\" aria-roledescription=\"slide\">\n\t\t\t\t\t\t\t\t\t<div class=\"elementor-carousel-image\" role=\"img\" aria-label=\"OLV\" style=\"background-image: url(&#039;https:\/\/bio-balkon.de\/wp-content\/uploads\/elementor\/thumbs\/OLV-riihr3g2oijr2qi7fstqa1z9rt3odjz4dfz4iuka6i.avif&#039;)\">\n\n\t\t\t\n\t\t\t\t\t<\/div>\n\t\t\t\t\t\t\t\t<\/div>\n\t\t\t\t\t\t\t\t\t\t\t<div class=\"swiper-slide\" role=\"group\" aria-roledescription=\"slide\">\n\t\t\t\t\t\t\t\t\t<div class=\"elementor-carousel-image\" role=\"img\" aria-label=\"gruen Zeitschrift\" style=\"background-image: url(&#039;https:\/\/bio-balkon.de\/wp-content\/uploads\/elementor\/thumbs\/gruen-Zeitschrift-rii0zo018ehzqp0q1gqw2ttcztbrwpejqqwicz9u9a.avif&#039;)\">\n\n\t\t\t\n\t\t\t\t\t<\/div>\n\t\t\t\t\t\t\t\t<\/div>\n\t\t\t\t\t\t\t\t\t\t\t<div class=\"swiper-slide\" role=\"group\" aria-roledescription=\"slide\">\n\t\t\t\t\t\t\t\t\t<div class=\"elementor-carousel-image\" role=\"img\" aria-label=\"rabe ralf\" style=\"background-image: url(&#039;https:\/\/bio-balkon.de\/wp-content\/uploads\/elementor\/thumbs\/rabe-ralf-rii0zelnc254iledkcomdw6r1ym3rqd8dgdnk7nrzi.avif&#039;)\">\n\n\t\t\t\n\t\t\t\t\t<\/div>\n\t\t\t\t\t\t\t\t<\/div>\n\t\t\t\t\t\t\t\t\t\t\t<div class=\"swiper-slide\" role=\"group\" aria-roledescription=\"slide\">\n\t\t\t\t\t\t\t\t\t<div class=\"elementor-carousel-image\" role=\"img\" aria-label=\"Quicumque\" style=\"background-image: url(&#039;https:\/\/bio-balkon.de\/wp-content\/uploads\/elementor\/thumbs\/Quicumque-rii0z653mjtjm3qnxr0z9gblphrsugfncaia8q0bck.avif&#039;)\">\n\n\t\t\t\n\t\t\t\t\t<\/div>\n\t\t\t\t\t\t\t\t<\/div>\n\t\t\t\t\t\t\t\t\t\t\t<div class=\"swiper-slide\" role=\"group\" aria-roledescription=\"slide\">\n\t\t\t\t\t\t\t\t\t<div class=\"elementor-carousel-image\" role=\"img\" aria-label=\"green_world_tour_logo Autarkia\" style=\"background-image: url(&#039;https:\/\/bio-balkon.de\/wp-content\/uploads\/elementor\/thumbs\/green_world_tour_logo-Autarkia-rii0z0i2hjltofyuuol7uhqu56jlk9t9bildd28opk.avif&#039;)\">\n\n\t\t\t\n\t\t\t\t\t<\/div>\n\t\t\t\t\t\t\t\t<\/div>\n\t\t\t\t\t\t\t\t\t<\/div>\n\t\t\t\t\t\t\t\t\t\t\t\t\t\t\t<div class=\"elementor-swiper-button elementor-swiper-button-prev\" role=\"button\" tabindex=\"0\" aria-label=\"Voriger\">\n\t\t\t\t\t\t\t<svg aria-hidden=\"true\" class=\"e-font-icon-svg e-eicon-chevron-left\" viewBox=\"0 0 1000 1000\" xmlns=\"http:\/\/www.w3.org\/2000\/svg\"><path d=\"M646 125C629 125 613 133 604 142L308 442C296 454 292 471 292 487 292 504 296 521 308 533L604 854C617 867 629 875 646 875 663 875 679 871 692 858 704 846 713 829 713 812 713 796 708 779 692 767L438 487 692 225C700 217 708 204 708 187 708 171 704 154 692 142 675 129 663 125 646 125Z\"><\/path><\/svg>\t\t\t\t\t\t<\/div>\n\t\t\t\t\t\t<div class=\"elementor-swiper-button elementor-swiper-button-next\" role=\"button\" tabindex=\"0\" aria-label=\"N\u00e4chster\">\n\t\t\t\t\t\t\t<svg aria-hidden=\"true\" class=\"e-font-icon-svg e-eicon-chevron-right\" viewBox=\"0 0 1000 1000\" xmlns=\"http:\/\/www.w3.org\/2000\/svg\"><path d=\"M696 533C708 521 713 504 713 487 713 471 708 454 696 446L400 146C388 133 375 125 354 125 338 125 325 129 313 142 300 154 292 171 292 187 292 204 296 221 308 233L563 492 304 771C292 783 288 800 288 817 288 833 296 850 308 863 321 871 338 875 354 875 371 875 388 867 400 854L696 533Z\"><\/path><\/svg>\t\t\t\t\t\t<\/div>\n\t\t\t\t\t\t\t\t\t\t\t\t\t\t\t\t\t<\/div>\n\t\t\t\t\t\t\t\t<\/div>\n\t\t\t\t<\/div>\n\t\t\t\t<div class=\"elementor-element elementor-element-5b5fcdf7 elementor-widget elementor-widget-gallery\" data-id=\"5b5fcdf7\" data-element_type=\"widget\" data-e-type=\"widget\" data-settings=\"{&quot;columns&quot;:6,&quot;aspect_ratio&quot;:&quot;1:1&quot;,&quot;gap&quot;:{&quot;unit&quot;:&quot;px&quot;,&quot;size&quot;:30,&quot;sizes&quot;:[]},&quot;columns_mobile&quot;:3,&quot;columns_tablet&quot;:3,&quot;gap_tablet&quot;:{&quot;unit&quot;:&quot;px&quot;,&quot;size&quot;:20,&quot;sizes&quot;:[]},&quot;gap_mobile&quot;:{&quot;unit&quot;:&quot;px&quot;,&quot;size&quot;:20,&quot;sizes&quot;:[]},&quot;gallery_layout&quot;:&quot;grid&quot;,&quot;link_to&quot;:&quot;file&quot;,&quot;content_hover_animation&quot;:&quot;fade-in&quot;}\" data-widget_type=\"gallery.default\">\n\t\t\t\t\t\t\t<div class=\"elementor-gallery__container\">\n\t\t\t\t\t\t\t<a class=\"e-gallery-item elementor-gallery-item elementor-animated-content\" href=\"https:\/\/bio-balkon.de\/wp-content\/uploads\/2022\/10\/IMG_1886-Ueberblick-Erholungsbalkon-Ernte-Mexikanische-Minigurke-Gojibeere-Tomaten-scaled.avif\" data-elementor-open-lightbox=\"yes\" data-elementor-lightbox-slideshow=\"5b5fcdf7\" data-elementor-lightbox-title=\"Ernteteller mit Mexikanischer Minigurke, Gojibeeren und Coctailtomaten.\" data-e-action-hash=\"#elementor-action%3Aaction%3Dlightbox%26settings%3DeyJpZCI6NDc3OTcsInVybCI6Imh0dHBzOlwvXC9iaW8tYmFsa29uLmRlXC93cC1jb250ZW50XC91cGxvYWRzXC8yMDIyXC8xMFwvSU1HXzE4ODYtVWViZXJibGljay1FcmhvbHVuZ3NiYWxrb24tRXJudGUtTWV4aWthbmlzY2hlLU1pbmlndXJrZS1Hb2ppYmVlcmUtVG9tYXRlbi1zY2FsZWQuYXZpZiIsInNsaWRlc2hvdyI6IjViNWZjZGY3In0%3D\">\n\t\t\t\t\t<div class=\"e-gallery-image elementor-gallery-item__image\" data-thumbnail=\"https:\/\/bio-balkon.de\/wp-content\/uploads\/2022\/10\/IMG_1886-Ueberblick-Erholungsbalkon-Ernte-Mexikanische-Minigurke-Gojibeere-Tomaten-300x225.avif\" data-width=\"300\" data-height=\"225\" aria-label=\"Dank Wurmhumus tolle Ernte auf dem Balkon mit Tomaten, Mexikanischer Minigurke und Gojibeere.\" role=\"img\" ><\/div>\n\t\t\t\t\t\t\t\t\t\t\t\t\t\t<\/a>\n\t\t\t\t\t\t\t<a class=\"e-gallery-item elementor-gallery-item elementor-animated-content\" href=\"https:\/\/bio-balkon.de\/wp-content\/uploads\/2020\/11\/4.-IMG_2599_wintergemuese_vertikalbeet_mangold_beifuss_asia-salat_feldsalat-scaled.avif\" data-elementor-open-lightbox=\"yes\" data-elementor-lightbox-slideshow=\"5b5fcdf7\" data-elementor-lightbox-title=\"Mangold, Beifuss, Asia-Salat, Feldsalat\" data-e-action-hash=\"#elementor-action%3Aaction%3Dlightbox%26settings%3DeyJpZCI6MTY4MzksInVybCI6Imh0dHBzOlwvXC9iaW8tYmFsa29uLmRlXC93cC1jb250ZW50XC91cGxvYWRzXC8yMDIwXC8xMVwvNC4tSU1HXzI1OTlfd2ludGVyZ2VtdWVzZV92ZXJ0aWthbGJlZXRfbWFuZ29sZF9iZWlmdXNzX2FzaWEtc2FsYXRfZmVsZHNhbGF0LXNjYWxlZC5hdmlmIiwic2xpZGVzaG93IjoiNWI1ZmNkZjcifQ%3D%3D\">\n\t\t\t\t\t<div class=\"e-gallery-image elementor-gallery-item__image\" data-thumbnail=\"https:\/\/bio-balkon.de\/wp-content\/uploads\/2020\/11\/4.-IMG_2599_wintergemuese_vertikalbeet_mangold_beifuss_asia-salat_feldsalat-300x225.avif\" data-width=\"300\" data-height=\"225\" aria-label=\"\" role=\"img\" ><\/div>\n\t\t\t\t\t\t\t\t\t\t\t\t\t\t<\/a>\n\t\t\t\t\t\t\t<a class=\"e-gallery-item elementor-gallery-item elementor-animated-content\" href=\"https:\/\/bio-balkon.de\/wp-content\/uploads\/2020\/09\/P1930417-radieschen-ernte-super.avif\" data-elementor-open-lightbox=\"yes\" data-elementor-lightbox-slideshow=\"5b5fcdf7\" data-elementor-lightbox-title=\"Radieschen\" data-elementor-lightbox-description=\"Radieschen\" data-e-action-hash=\"#elementor-action%3Aaction%3Dlightbox%26settings%3DeyJpZCI6MTE5NTUsInVybCI6Imh0dHBzOlwvXC9iaW8tYmFsa29uLmRlXC93cC1jb250ZW50XC91cGxvYWRzXC8yMDIwXC8wOVwvUDE5MzA0MTctcmFkaWVzY2hlbi1lcm50ZS1zdXBlci5hdmlmIiwic2xpZGVzaG93IjoiNWI1ZmNkZjcifQ%3D%3D\">\n\t\t\t\t\t<div class=\"e-gallery-image elementor-gallery-item__image\" data-thumbnail=\"https:\/\/bio-balkon.de\/wp-content\/uploads\/2020\/09\/P1930417-radieschen-ernte-super-300x225.avif\" data-width=\"300\" data-height=\"225\" aria-label=\"\" role=\"img\" ><\/div>\n\t\t\t\t\t\t\t\t\t\t\t\t\t\t<\/a>\n\t\t\t\t\t\t\t<a class=\"e-gallery-item elementor-gallery-item elementor-animated-content\" href=\"https:\/\/bio-balkon.de\/wp-content\/uploads\/2020\/09\/IMG_3720-microgreens-tomaten-fenster-scaled.avif\" data-elementor-open-lightbox=\"yes\" data-elementor-lightbox-slideshow=\"5b5fcdf7\" data-elementor-lightbox-title=\"Microgreens innen auf dem Fensterbrett. Au\u00dfen Tomaten.\" data-e-action-hash=\"#elementor-action%3Aaction%3Dlightbox%26settings%3DeyJpZCI6MTE1OTUsInVybCI6Imh0dHBzOlwvXC9iaW8tYmFsa29uLmRlXC93cC1jb250ZW50XC91cGxvYWRzXC8yMDIwXC8wOVwvSU1HXzM3MjAtbWljcm9ncmVlbnMtdG9tYXRlbi1mZW5zdGVyLXNjYWxlZC5hdmlmIiwic2xpZGVzaG93IjoiNWI1ZmNkZjcifQ%3D%3D\">\n\t\t\t\t\t<div class=\"e-gallery-image elementor-gallery-item__image\" data-thumbnail=\"https:\/\/bio-balkon.de\/wp-content\/uploads\/2020\/09\/IMG_3720-microgreens-tomaten-fenster-300x225.avif\" data-width=\"300\" data-height=\"225\" aria-label=\"\" role=\"img\" ><\/div>\n\t\t\t\t\t\t\t\t\t\t\t\t\t\t<\/a>\n\t\t\t\t\t\t\t<a class=\"e-gallery-item elementor-gallery-item elementor-animated-content\" href=\"https:\/\/bio-balkon.de\/wp-content\/uploads\/2021\/01\/IMG_8369_zucchini-scaled.avif\" data-elementor-open-lightbox=\"yes\" data-elementor-lightbox-slideshow=\"5b5fcdf7\" data-elementor-lightbox-title=\"Rucola mit Zuccini-Bl\u00fcte\" data-e-action-hash=\"#elementor-action%3Aaction%3Dlightbox%26settings%3DeyJpZCI6MTkzODYsInVybCI6Imh0dHBzOlwvXC9iaW8tYmFsa29uLmRlXC93cC1jb250ZW50XC91cGxvYWRzXC8yMDIxXC8wMVwvSU1HXzgzNjlfenVjY2hpbmktc2NhbGVkLmF2aWYiLCJzbGlkZXNob3ciOiI1YjVmY2RmNyJ9\">\n\t\t\t\t\t<div class=\"e-gallery-image elementor-gallery-item__image\" data-thumbnail=\"https:\/\/bio-balkon.de\/wp-content\/uploads\/2021\/01\/IMG_8369_zucchini-300x225.avif\" data-width=\"300\" data-height=\"225\" aria-label=\"\" role=\"img\" ><\/div>\n\t\t\t\t\t\t\t\t\t\t\t\t\t\t<\/a>\n\t\t\t\t\t\t\t<a class=\"e-gallery-item elementor-gallery-item elementor-animated-content\" href=\"https:\/\/bio-balkon.de\/wp-content\/uploads\/2020\/06\/P2000961-Tomaten-Paprika-ga\u0308rtnern-mit-kindern-Ernte.avif\" data-elementor-open-lightbox=\"yes\" data-elementor-lightbox-slideshow=\"5b5fcdf7\" data-elementor-lightbox-title=\"Tomaten &amp; Paprika\" data-e-action-hash=\"#elementor-action%3Aaction%3Dlightbox%26settings%3DeyJpZCI6Nzc2OSwidXJsIjoiaHR0cHM6XC9cL2Jpby1iYWxrb24uZGVcL3dwLWNvbnRlbnRcL3VwbG9hZHNcLzIwMjBcLzA2XC9QMjAwMDk2MS1Ub21hdGVuLVBhcHJpa2EtZ2FcdTAzMDhydG5lcm4tbWl0LWtpbmRlcm4tRXJudGUuYXZpZiIsInNsaWRlc2hvdyI6IjViNWZjZGY3In0%3D\">\n\t\t\t\t\t<div class=\"e-gallery-image elementor-gallery-item__image\" data-thumbnail=\"https:\/\/bio-balkon.de\/wp-content\/uploads\/2020\/06\/P2000961-Tomaten-Paprika-ga\u0308rtnern-mit-kindern-Ernte-300x225.avif\" data-width=\"300\" data-height=\"225\" aria-label=\"\" role=\"img\" ><\/div>\n\t\t\t\t\t\t\t\t\t\t\t\t\t\t<\/a>\n\t\t\t\t\t<\/div>\n\t\t\t\t\t<\/div>\n\t\t<div class=\"elementor-element elementor-element-76e12ad0 e-con-full e-flex e-con e-child\" data-id=\"76e12ad0\" data-element_type=\"container\" data-e-type=\"container\" data-settings=\"{&quot;background_background&quot;:&quot;classic&quot;}\">\n\t\t\t\t<div class=\"elementor-element elementor-element-615173bb elementor-widget elementor-widget-heading\" data-id=\"615173bb\" data-element_type=\"widget\" data-e-type=\"widget\" data-widget_type=\"heading.default\">\n\t\t\t\t\t<h2 class=\"elementor-heading-title elementor-size-default\">Diese Experten unterst\u00fctzen die Bio-Balkon-Bewegung<\/h2>\t\t\t\t<\/div>\n\t\t\t\t<div class=\"elementor-element elementor-element-67008c44 elementor-widget elementor-widget-text-editor\" data-id=\"67008c44\" data-element_type=\"widget\" data-e-type=\"widget\" data-widget_type=\"text-editor.default\">\n\t\t\t\t\t\t\t\t\t<p>und teilen in Interviews und Vortr\u00e4gen f\u00fcr Dich kostenfrei f\u00fcr jeweils 48 Stunden ihr Wissen, ihre Erfahrungen und ihre Begeisterung mit Dir. Wir g\u00e4rtnern im Einklang mit der Natur, verwenden keine giftigen Spritzmittel, Torf, d\u00fcngen ohne chemisch-synthetische D\u00fcnger und pflegen das Bodenleben. Wir f\u00f6rdern biologische Vielfalt mit heimischen und \u00f6kologisch wertvollen Pflanzen und lieben Gem\u00fcse in Vielfalt.<\/p>\t\t\t\t\t\t\t\t<\/div>\n\t\t<div class=\"elementor-element elementor-element-1f70f8e9 e-grid e-con-boxed e-con e-child\" data-id=\"1f70f8e9\" data-element_type=\"container\" data-e-type=\"container\">\n\t\t\t\t\t<div class=\"e-con-inner\">\n\t\t\t\t<div class=\"elementor-element elementor-element-28fc5bf5 elementor-position-top elementor-widget elementor-widget-image-box\" data-id=\"28fc5bf5\" data-element_type=\"widget\" data-e-type=\"widget\" data-widget_type=\"image-box.default\">\n\t\t\t\t\t<div class=\"elementor-image-box-wrapper\"><figure class=\"elementor-image-box-img\"><a href=\"https:\/\/bio-balkon.de\/experten\/prof-dr-klaus-neumann\/\" target=\"_blank\" tabindex=\"-1\"><img loading=\"lazy\" decoding=\"async\" width=\"150\" height=\"150\" src=\"https:\/\/bio-balkon.de\/wp-content\/uploads\/2023\/02\/Prof.-Dr.-Klaus-Neumann-150x150.avif\" class=\"attachment-thumbnail size-thumbnail wp-image-50878\" alt=\"Prof. Dr. Klaus Neumann h\u00e4lt den Einf\u00fchrungsvortrag zur Stadtnatur\" srcset=\"https:\/\/bio-balkon.de\/wp-content\/uploads\/2023\/02\/Prof.-Dr.-Klaus-Neumann-150x150.avif 150w, https:\/\/bio-balkon.de\/wp-content\/uploads\/2023\/02\/Prof.-Dr.-Klaus-Neumann-300x300.avif 300w, https:\/\/bio-balkon.de\/wp-content\/uploads\/2023\/02\/Prof.-Dr.-Klaus-Neumann.avif 341w\" sizes=\"auto, (max-width: 150px) 100vw, 150px\" \/><\/a><\/figure><div class=\"elementor-image-box-content\"><h6 class=\"elementor-image-box-title\"><a href=\"https:\/\/bio-balkon.de\/experten\/prof-dr-klaus-neumann\/\" target=\"_blank\">Prof. Dr. Klaus Neumann <\/a><\/h6><p class=\"elementor-image-box-description\">Die\nBedeutung von Kleinstfl\u00e4chen f\u00fcr die Stadtnatur<\/p><\/div><\/div>\t\t\t\t<\/div>\n\t\t\t\t<div class=\"elementor-element elementor-element-2dced85b elementor-position-top elementor-widget elementor-widget-image-box\" data-id=\"2dced85b\" data-element_type=\"widget\" data-e-type=\"widget\" data-widget_type=\"image-box.default\">\n\t\t\t\t\t<div class=\"elementor-image-box-wrapper\"><figure class=\"elementor-image-box-img\"><a href=\"https:\/\/bio-balkon.de\/experten\/christiane-denzel-2\/\" target=\"_blank\" tabindex=\"-1\"><img loading=\"lazy\" decoding=\"async\" width=\"150\" height=\"150\" src=\"https:\/\/bio-balkon.de\/wp-content\/uploads\/2023\/02\/Christiane-Denzel-Expertin-Biodiversitaet-2023-150x150.avif\" class=\"attachment-thumbnail size-thumbnail wp-image-50729\" alt=\"Die Expertin f\u00fcr Artenvielfalt Christiane Denzel spricht beim Online Bio-Balkon-Kongress.\" srcset=\"https:\/\/bio-balkon.de\/wp-content\/uploads\/2023\/02\/Christiane-Denzel-Expertin-Biodiversitaet-2023-150x150.avif 150w, https:\/\/bio-balkon.de\/wp-content\/uploads\/2023\/02\/Christiane-Denzel-Expertin-Biodiversitaet-2023-300x300.avif 300w, https:\/\/bio-balkon.de\/wp-content\/uploads\/2023\/02\/Christiane-Denzel-Expertin-Biodiversitaet-2023-768x768.avif 768w, https:\/\/bio-balkon.de\/wp-content\/uploads\/2023\/02\/Christiane-Denzel-Expertin-Biodiversitaet-2023-12x12.avif 12w, https:\/\/bio-balkon.de\/wp-content\/uploads\/2023\/02\/Christiane-Denzel-Expertin-Biodiversitaet-2023.avif 1000w\" sizes=\"auto, (max-width: 150px) 100vw, 150px\" \/><\/a><\/figure><div class=\"elementor-image-box-content\"><h6 class=\"elementor-image-box-title\"><a href=\"https:\/\/bio-balkon.de\/experten\/christiane-denzel-2\/\" target=\"_blank\">Christiane Denzel<\/a><\/h6><p class=\"elementor-image-box-description\">Jeder Meter z\u00e4hlt! Jede Bl\u00fcte z\u00e4hlt! Artenvielfalt im Topf und K\u00fcbel f\u00f6rdern<\/p><\/div><\/div>\t\t\t\t<\/div>\n\t\t\t\t<div class=\"elementor-element elementor-element-7351871 elementor-position-top elementor-widget elementor-widget-image-box\" data-id=\"7351871\" data-element_type=\"widget\" data-e-type=\"widget\" data-widget_type=\"image-box.default\">\n\t\t\t\t\t<div class=\"elementor-image-box-wrapper\"><figure class=\"elementor-image-box-img\"><a href=\"https:\/\/bio-balkon.de\/experten\/deike-hassler\/\" target=\"_blank\" tabindex=\"-1\"><img loading=\"lazy\" decoding=\"async\" width=\"150\" height=\"150\" src=\"https:\/\/bio-balkon.de\/wp-content\/uploads\/2023\/12\/Deike-Hassler--150x150.avif\" class=\"attachment-thumbnail size-thumbnail wp-image-64497\" alt=\"Deike Ha\u00dfler vom Ku\u0308stenbalkon spricht beim Online Bio-Balkon-Kongress \u00fcbers Fensterbrettg\u00e4rtnern\" srcset=\"https:\/\/bio-balkon.de\/wp-content\/uploads\/2023\/12\/Deike-Hassler--150x150.avif 150w, https:\/\/bio-balkon.de\/wp-content\/uploads\/2023\/12\/Deike-Hassler--300x300.avif 300w, https:\/\/bio-balkon.de\/wp-content\/uploads\/2023\/12\/Deike-Hassler--768x768.avif 768w, https:\/\/bio-balkon.de\/wp-content\/uploads\/2023\/12\/Deike-Hassler--12x12.avif 12w, https:\/\/bio-balkon.de\/wp-content\/uploads\/2023\/12\/Deike-Hassler-.avif 1000w\" sizes=\"auto, (max-width: 150px) 100vw, 150px\" \/><\/a><\/figure><div class=\"elementor-image-box-content\"><h6 class=\"elementor-image-box-title\"><a href=\"https:\/\/bio-balkon.de\/experten\/deike-hassler\/\" target=\"_blank\">Deike Ha\u00dfler<\/a><\/h6><p class=\"elementor-image-box-description\">100 verschiedene Gem\u00fcsepflanzen auf Balkon und Fensterbrett<\/p><\/div><\/div>\t\t\t\t<\/div>\n\t\t\t\t<div class=\"elementor-element elementor-element-28a1402a elementor-position-top elementor-widget elementor-widget-image-box\" data-id=\"28a1402a\" data-element_type=\"widget\" data-e-type=\"widget\" data-widget_type=\"image-box.default\">\n\t\t\t\t\t<div class=\"elementor-image-box-wrapper\"><figure class=\"elementor-image-box-img\"><a href=\"https:\/\/bio-balkon.de\/experten\/sieglinde-frey-3\/\" target=\"_blank\" tabindex=\"-1\"><img loading=\"lazy\" decoding=\"async\" width=\"150\" height=\"150\" src=\"https:\/\/bio-balkon.de\/wp-content\/uploads\/2023\/10\/Sieglinde-Frey-7-150x150.avif\" class=\"attachment-thumbnail size-thumbnail wp-image-61202\" alt=\"Beim Online Bio-Balkon-Kongress spricht die Floristin und G\u00e4rtnereiverk\u00e4uferin Sieglinde Frey.\" srcset=\"https:\/\/bio-balkon.de\/wp-content\/uploads\/2023\/10\/Sieglinde-Frey-7-150x150.avif 150w, https:\/\/bio-balkon.de\/wp-content\/uploads\/2023\/10\/Sieglinde-Frey-7-300x300.avif 300w, https:\/\/bio-balkon.de\/wp-content\/uploads\/2023\/10\/Sieglinde-Frey-7-768x768.avif 768w, https:\/\/bio-balkon.de\/wp-content\/uploads\/2023\/10\/Sieglinde-Frey-7-12x12.avif 12w, https:\/\/bio-balkon.de\/wp-content\/uploads\/2023\/10\/Sieglinde-Frey-7.avif 1000w\" sizes=\"auto, (max-width: 150px) 100vw, 150px\" \/><\/a><\/figure><div class=\"elementor-image-box-content\"><h6 class=\"elementor-image-box-title\"><a href=\"https:\/\/bio-balkon.de\/experten\/sieglinde-frey-3\/\" target=\"_blank\">Sieglinde Frey  <\/a><\/h6><p class=\"elementor-image-box-description\">Mein genialer Heilpflanzenbalkon und Fensterbrett<\/p><\/div><\/div>\t\t\t\t<\/div>\n\t\t\t\t<div class=\"elementor-element elementor-element-1b2e616c elementor-position-top elementor-widget elementor-widget-image-box\" data-id=\"1b2e616c\" data-element_type=\"widget\" data-e-type=\"widget\" data-widget_type=\"image-box.default\">\n\t\t\t\t\t<div class=\"elementor-image-box-wrapper\"><figure class=\"elementor-image-box-img\"><a href=\"https:\/\/bio-balkon.de\/experten\/ekkehard-spiegel\/\" target=\"_blank\" tabindex=\"-1\"><img loading=\"lazy\" decoding=\"async\" width=\"150\" height=\"150\" src=\"https:\/\/bio-balkon.de\/wp-content\/uploads\/2023\/11\/Ekkehard-Spiegel-@Urs-Mauk-150x150.avif\" class=\"attachment-thumbnail size-thumbnail wp-image-61425\" alt=\"Weltacker-G\u00e4rtner Ekkehard Spiegel spricht beim Online Bio-Balkon-Kongress zum Anbau von Leguminosen.\" srcset=\"https:\/\/bio-balkon.de\/wp-content\/uploads\/2023\/11\/Ekkehard-Spiegel-@Urs-Mauk-150x150.avif 150w, https:\/\/bio-balkon.de\/wp-content\/uploads\/2023\/11\/Ekkehard-Spiegel-@Urs-Mauk-300x300.avif 300w, https:\/\/bio-balkon.de\/wp-content\/uploads\/2023\/11\/Ekkehard-Spiegel-@Urs-Mauk-768x768.avif 768w, https:\/\/bio-balkon.de\/wp-content\/uploads\/2023\/11\/Ekkehard-Spiegel-@Urs-Mauk-12x12.avif 12w, https:\/\/bio-balkon.de\/wp-content\/uploads\/2023\/11\/Ekkehard-Spiegel-@Urs-Mauk.avif 1000w\" sizes=\"auto, (max-width: 150px) 100vw, 150px\" \/><\/a><\/figure><div class=\"elementor-image-box-content\"><h6 class=\"elementor-image-box-title\"><a href=\"https:\/\/bio-balkon.de\/experten\/ekkehard-spiegel\/\" target=\"_blank\">Ekkehard Spiegel<\/a><\/h6><p class=\"elementor-image-box-description\">Anbau von Stangenbohnen - H\u00fclsenfr\u00fcchte - Trend der Zukunft<\/p><\/div><\/div>\t\t\t\t<\/div>\n\t\t\t\t<div class=\"elementor-element elementor-element-6fa1b02a elementor-position-top elementor-widget elementor-widget-image-box\" data-id=\"6fa1b02a\" data-element_type=\"widget\" data-e-type=\"widget\" data-widget_type=\"image-box.default\">\n\t\t\t\t\t<div class=\"elementor-image-box-wrapper\"><figure class=\"elementor-image-box-img\"><a href=\"https:\/\/bio-balkon.de\/experten\/dr-stefan-huegel\/\" target=\"_blank\" tabindex=\"-1\"><img loading=\"lazy\" decoding=\"async\" width=\"150\" height=\"150\" src=\"https:\/\/bio-balkon.de\/wp-content\/uploads\/2023\/11\/Dr.-Stefan-Huegel-150x150.avif\" class=\"attachment-thumbnail size-thumbnail wp-image-61608\" alt=\"Der Spezialist Dr. Stefan H\u00fcgel f\u00fcr die Rolle von Mineralien und Spurenelementen f\u00fcr die Gesundheit von Mensch, Tier, Pflanze und Boden spricht beim Online Bio-Balkon-Kongress.\" \/><\/a><\/figure><div class=\"elementor-image-box-content\"><h6 class=\"elementor-image-box-title\"><a href=\"https:\/\/bio-balkon.de\/experten\/dr-stefan-huegel\/\" target=\"_blank\">Dr. Stefan H\u00fcgel<\/a><\/h6><p class=\"elementor-image-box-description\">Mit Mineralien die Pflanzengesundheit und unsere eigene Gesundheit steigern<\/p><\/div><\/div>\t\t\t\t<\/div>\n\t\t\t\t<div class=\"elementor-element elementor-element-8992b18 elementor-position-top elementor-widget elementor-widget-image-box\" data-id=\"8992b18\" data-element_type=\"widget\" data-e-type=\"widget\" data-widget_type=\"image-box.default\">\n\t\t\t\t\t<div class=\"elementor-image-box-wrapper\"><figure class=\"elementor-image-box-img\"><a href=\"https:\/\/bio-balkon.de\/experten\/dr-johannes-eisenbach\/\" target=\"_blank\" tabindex=\"-1\"><img loading=\"lazy\" decoding=\"async\" width=\"150\" height=\"150\" src=\"https:\/\/bio-balkon.de\/wp-content\/uploads\/2023\/11\/Dr.-Johannes-Eisenbach--150x150.avif\" class=\"attachment-thumbnail size-thumbnail wp-image-63752\" alt=\"Dr. Johannes Eisenbach spricht beim Online Bio-Balkon-Kongress zum Humusaufbau.\" srcset=\"https:\/\/bio-balkon.de\/wp-content\/uploads\/2023\/11\/Dr.-Johannes-Eisenbach--150x150.avif 150w, https:\/\/bio-balkon.de\/wp-content\/uploads\/2023\/11\/Dr.-Johannes-Eisenbach--298x300.avif 298w, https:\/\/bio-balkon.de\/wp-content\/uploads\/2023\/11\/Dr.-Johannes-Eisenbach--768x773.avif 768w, https:\/\/bio-balkon.de\/wp-content\/uploads\/2023\/11\/Dr.-Johannes-Eisenbach--12x12.avif 12w, https:\/\/bio-balkon.de\/wp-content\/uploads\/2023\/11\/Dr.-Johannes-Eisenbach-.avif 1018w\" sizes=\"auto, (max-width: 150px) 100vw, 150px\" \/><\/a><\/figure><div class=\"elementor-image-box-content\"><h6 class=\"elementor-image-box-title\"><a href=\"https:\/\/bio-balkon.de\/experten\/dr-johannes-eisenbach\/\" target=\"_blank\">Dr. Johannes Eisenbach<\/a><\/h6><p class=\"elementor-image-box-description\">Dauersubstrat, Humusaufbau, Biozyklische Humuserde<\/p><\/div><\/div>\t\t\t\t<\/div>\n\t\t\t\t<div class=\"elementor-element elementor-element-33d5138 elementor-position-top elementor-widget elementor-widget-image-box\" data-id=\"33d5138\" data-element_type=\"widget\" data-e-type=\"widget\" data-widget_type=\"image-box.default\">\n\t\t\t\t\t<div class=\"elementor-image-box-wrapper\"><figure class=\"elementor-image-box-img\"><a href=\"https:\/\/bio-balkon.de\/experten\/stefanie-binder-2\/\" target=\"_blank\" tabindex=\"-1\"><img loading=\"lazy\" decoding=\"async\" width=\"150\" height=\"150\" src=\"https:\/\/bio-balkon.de\/wp-content\/uploads\/2020\/06\/Stefanie-binder-DSC_0715-Kopie-U\u0308berblick-Steffi-mittendrin-ausschnitt-150x150.avif\" class=\"attachment-thumbnail size-thumbnail wp-image-8249\" alt=\"Stefanie Binder inmitten ihrer Wildpflanzen auf ihrem Hamburger Innenhof-Balkon\" \/><\/a><\/figure><div class=\"elementor-image-box-content\"><h6 class=\"elementor-image-box-title\"><a href=\"https:\/\/bio-balkon.de\/experten\/stefanie-binder-2\/\" target=\"_blank\">Stefanie Binder<\/a><\/h6><p class=\"elementor-image-box-description\">Naturnahes G\u00e4rtnern auf Balkonen und Terrassen  - im Bl\u00fctenmeer sitzen<\/p><\/div><\/div>\t\t\t\t<\/div>\n\t\t\t\t<div class=\"elementor-element elementor-element-7295405a elementor-position-top elementor-widget elementor-widget-image-box\" data-id=\"7295405a\" data-element_type=\"widget\" data-e-type=\"widget\" data-widget_type=\"image-box.default\">\n\t\t\t\t\t<div class=\"elementor-image-box-wrapper\"><figure class=\"elementor-image-box-img\"><a href=\"https:\/\/bio-balkon.de\/experten\/sabine-pleininger\/\" target=\"_blank\" tabindex=\"-1\"><img loading=\"lazy\" decoding=\"async\" width=\"150\" height=\"150\" src=\"https:\/\/bio-balkon.de\/wp-content\/uploads\/2023\/11\/Sabine-Pleininger-150x150.avif\" class=\"attachment-thumbnail size-thumbnail wp-image-61440\" alt=\"Sabine Pleininger spricht beim Online Bio-Balkon-Kongress zu Wildbienen und N\u00fctzlingen.\" srcset=\"https:\/\/bio-balkon.de\/wp-content\/uploads\/2023\/11\/Sabine-Pleininger-150x150.avif 150w, https:\/\/bio-balkon.de\/wp-content\/uploads\/2023\/11\/Sabine-Pleininger-300x300.avif 300w, https:\/\/bio-balkon.de\/wp-content\/uploads\/2023\/11\/Sabine-Pleininger-12x12.avif 12w, https:\/\/bio-balkon.de\/wp-content\/uploads\/2023\/11\/Sabine-Pleininger.avif 400w\" sizes=\"auto, (max-width: 150px) 100vw, 150px\" \/><\/a><\/figure><div class=\"elementor-image-box-content\"><h6 class=\"elementor-image-box-title\"><a href=\"https:\/\/bio-balkon.de\/experten\/sabine-pleininger\/\" target=\"_blank\">Sabine Pleininger<\/a><\/h6><p class=\"elementor-image-box-description\">N\u00fctzlinge, biologische Pflanzenschutzmittel und Pflanzenst\u00e4rkung<\/p><\/div><\/div>\t\t\t\t<\/div>\n\t\t\t\t<div class=\"elementor-element elementor-element-98a091c elementor-position-top elementor-widget elementor-widget-image-box\" data-id=\"98a091c\" data-element_type=\"widget\" data-e-type=\"widget\" data-widget_type=\"image-box.default\">\n\t\t\t\t\t<div class=\"elementor-image-box-wrapper\"><figure class=\"elementor-image-box-img\"><a href=\"https:\/\/bio-balkon.de\/experten\/brigitte-addington-5\/\" target=\"_blank\" tabindex=\"-1\"><img loading=\"lazy\" decoding=\"async\" width=\"150\" height=\"150\" src=\"https:\/\/bio-balkon.de\/wp-content\/uploads\/2021\/10\/Brigitte-Addington--150x150.avif\" class=\"attachment-thumbnail size-thumbnail wp-image-34061\" alt=\"Kr\u00e4uterfrau Brigitte Addington spricht beim Online Bio-Balkon-Kongress\" srcset=\"https:\/\/bio-balkon.de\/wp-content\/uploads\/2021\/10\/Brigitte-Addington--150x150.avif 150w, https:\/\/bio-balkon.de\/wp-content\/uploads\/2021\/10\/Brigitte-Addington--300x300.avif 300w, https:\/\/bio-balkon.de\/wp-content\/uploads\/2021\/10\/Brigitte-Addington--768x768.avif 768w, https:\/\/bio-balkon.de\/wp-content\/uploads\/2021\/10\/Brigitte-Addington--12x12.avif 12w, https:\/\/bio-balkon.de\/wp-content\/uploads\/2021\/10\/Brigitte-Addington-.avif 1000w\" sizes=\"auto, (max-width: 150px) 100vw, 150px\" \/><\/a><\/figure><div class=\"elementor-image-box-content\"><h6 class=\"elementor-image-box-title\"><a href=\"https:\/\/bio-balkon.de\/experten\/brigitte-addington-5\/\" target=\"_blank\">Brigitte Addington<\/a><\/h6><p class=\"elementor-image-box-description\">Fr\u00fchlingspower: Gr\u00fcne Kraftpakete f\u00fcr K\u00f6rper, Seele und Geist<\/p><\/div><\/div>\t\t\t\t<\/div>\n\t\t\t\t<div class=\"elementor-element elementor-element-58eff4ba elementor-position-top elementor-widget elementor-widget-image-box\" data-id=\"58eff4ba\" data-element_type=\"widget\" data-e-type=\"widget\" data-widget_type=\"image-box.default\">\n\t\t\t\t\t<div class=\"elementor-image-box-wrapper\"><figure class=\"elementor-image-box-img\"><a href=\"https:\/\/bio-balkon.de\/experten\/sarah-hochgeschurz\/\" target=\"_blank\" tabindex=\"-1\"><img loading=\"lazy\" decoding=\"async\" width=\"150\" height=\"150\" src=\"https:\/\/bio-balkon.de\/wp-content\/uploads\/2023\/11\/Sarah-Hochgeschurz-150x150.avif\" class=\"attachment-thumbnail size-thumbnail wp-image-61506\" alt=\"Tier\u00e4rtin Sarah Hochgeschurz spricht beim Online Bio-Balkon-Kongress und stellt ihren Balkon vor\" srcset=\"https:\/\/bio-balkon.de\/wp-content\/uploads\/2023\/11\/Sarah-Hochgeschurz-150x150.avif 150w, https:\/\/bio-balkon.de\/wp-content\/uploads\/2023\/11\/Sarah-Hochgeschurz-300x300.avif 300w, https:\/\/bio-balkon.de\/wp-content\/uploads\/2023\/11\/Sarah-Hochgeschurz-1024x1024.avif 1024w, https:\/\/bio-balkon.de\/wp-content\/uploads\/2023\/11\/Sarah-Hochgeschurz-768x767.avif 768w, https:\/\/bio-balkon.de\/wp-content\/uploads\/2023\/11\/Sarah-Hochgeschurz-1320x1318.avif 1320w, https:\/\/bio-balkon.de\/wp-content\/uploads\/2023\/11\/Sarah-Hochgeschurz.avif 1440w\" sizes=\"auto, (max-width: 150px) 100vw, 150px\" \/><\/a><\/figure><div class=\"elementor-image-box-content\"><h6 class=\"elementor-image-box-title\"><a href=\"https:\/\/bio-balkon.de\/experten\/sarah-hochgeschurz\/\" target=\"_blank\">Sarah Hochgeschurz<\/a><\/h6><p class=\"elementor-image-box-description\">In 3 Monaten einen sch\u00f6nen, \u00fcppig bewachsenen Balkon einrichten<\/p><\/div><\/div>\t\t\t\t<\/div>\n\t\t\t\t<div class=\"elementor-element elementor-element-4c6e44a2 elementor-position-top elementor-widget elementor-widget-image-box\" data-id=\"4c6e44a2\" data-element_type=\"widget\" data-e-type=\"widget\" data-widget_type=\"image-box.default\">\n\t\t\t\t\t<div class=\"elementor-image-box-wrapper\"><figure class=\"elementor-image-box-img\"><a href=\"https:\/\/bio-balkon.de\/experten\/andrea-jaschik-3\/\" target=\"_blank\" tabindex=\"-1\"><img loading=\"lazy\" decoding=\"async\" width=\"150\" height=\"150\" src=\"https:\/\/bio-balkon.de\/wp-content\/uploads\/2023\/02\/Drei-froehliche-Naturgaertner-@andrea-jaschik-150x150.avif\" class=\"attachment-thumbnail size-thumbnail wp-image-50567\" alt=\"Die preisgekr\u00f6nte Balkong\u00e4rtnerin Andrea Jaschick spricht beim Online Bio-Balkon-Kongress.\" \/><\/a><\/figure><div class=\"elementor-image-box-content\"><h6 class=\"elementor-image-box-title\"><a href=\"https:\/\/bio-balkon.de\/experten\/andrea-jaschik-3\/\" target=\"_blank\">Andrea Jaschik<\/a><\/h6><p class=\"elementor-image-box-description\">Faszinierende Entwicklung von Pflanzgemeinschaften im K\u00fcbel bzw. Balkonkasten<\/p><\/div><\/div>\t\t\t\t<\/div>\n\t\t\t\t<div class=\"elementor-element elementor-element-3eec6d5d elementor-position-top elementor-widget elementor-widget-image-box\" data-id=\"3eec6d5d\" data-element_type=\"widget\" data-e-type=\"widget\" data-widget_type=\"image-box.default\">\n\t\t\t\t\t<div class=\"elementor-image-box-wrapper\"><figure class=\"elementor-image-box-img\"><a href=\"https:\/\/bio-balkon.de\/experten\/britta-klaus-faass-2\/\" target=\"_blank\" tabindex=\"-1\"><img loading=\"lazy\" decoding=\"async\" width=\"150\" height=\"150\" src=\"https:\/\/bio-balkon.de\/wp-content\/uploads\/2021\/08\/britta-klaus-faass-150x150.avif\" class=\"attachment-thumbnail size-thumbnail wp-image-34941\" alt=\"Die Experten f\u00fcr spannende Naturerlebnisse und Insektennisthilfen Britta &amp; Klaus Faa\u00df sprechen beim Online Bio-Balkon-Kongress.\" srcset=\"https:\/\/bio-balkon.de\/wp-content\/uploads\/2021\/08\/britta-klaus-faass-150x150.avif 150w, https:\/\/bio-balkon.de\/wp-content\/uploads\/2021\/08\/britta-klaus-faass-300x300.avif 300w, https:\/\/bio-balkon.de\/wp-content\/uploads\/2021\/08\/britta-klaus-faass-768x768.avif 768w, https:\/\/bio-balkon.de\/wp-content\/uploads\/2021\/08\/britta-klaus-faass-12x12.avif 12w, https:\/\/bio-balkon.de\/wp-content\/uploads\/2021\/08\/britta-klaus-faass.avif 1000w\" sizes=\"auto, (max-width: 150px) 100vw, 150px\" \/><\/a><\/figure><div class=\"elementor-image-box-content\"><h6 class=\"elementor-image-box-title\"><a href=\"https:\/\/bio-balkon.de\/experten\/britta-klaus-faass-2\/\" target=\"_blank\">Britta und Klaus Faass<\/a><\/h6><p class=\"elementor-image-box-description\">Sinnvolle Insektennisthilfen f\u00fcr Wildbienen auf Balkonien und ihre Lockbl\u00fcten\n<\/p><\/div><\/div>\t\t\t\t<\/div>\n\t\t\t\t<div class=\"elementor-element elementor-element-5772c2fe elementor-position-top elementor-widget elementor-widget-image-box\" data-id=\"5772c2fe\" data-element_type=\"widget\" data-e-type=\"widget\" data-widget_type=\"image-box.default\">\n\t\t\t\t\t<div class=\"elementor-image-box-wrapper\"><figure class=\"elementor-image-box-img\"><a href=\"https:\/\/bio-balkon.de\/experten\/mirja-neff-3\/\" target=\"_blank\" tabindex=\"-1\"><img loading=\"lazy\" decoding=\"async\" width=\"150\" height=\"150\" src=\"https:\/\/bio-balkon.de\/wp-content\/uploads\/2021\/11\/Mirja-Neff-1-150x150.avif\" class=\"attachment-thumbnail size-thumbnail wp-image-34517\" alt=\"Die BUND-Wildbienenbotschafterin, Naturgartenplanerin, Naturfotografin, und Gartenf\u00fchrerin Rheinhessen Mirja Neff spricht beim Online Bio-Balkon-Kongress.\" srcset=\"https:\/\/bio-balkon.de\/wp-content\/uploads\/2021\/11\/Mirja-Neff-1-150x150.avif 150w, https:\/\/bio-balkon.de\/wp-content\/uploads\/2021\/11\/Mirja-Neff-1-300x300.avif 300w, https:\/\/bio-balkon.de\/wp-content\/uploads\/2021\/11\/Mirja-Neff-1-768x768.avif 768w, https:\/\/bio-balkon.de\/wp-content\/uploads\/2021\/11\/Mirja-Neff-1-12x12.avif 12w, https:\/\/bio-balkon.de\/wp-content\/uploads\/2021\/11\/Mirja-Neff-1.avif 1000w\" sizes=\"auto, (max-width: 150px) 100vw, 150px\" \/><\/a><\/figure><div class=\"elementor-image-box-content\"><h6 class=\"elementor-image-box-title\"><a href=\"https:\/\/bio-balkon.de\/experten\/mirja-neff-3\/\" target=\"_blank\">Mirja Neff<\/a><\/h6><p class=\"elementor-image-box-description\">Tierische Entdeckungsreise auf dem Balkon - Biodiversit\u00e4t konkret<\/p><\/div><\/div>\t\t\t\t<\/div>\n\t\t\t\t<div class=\"elementor-element elementor-element-d3d0e38 elementor-position-top elementor-widget elementor-widget-image-box\" data-id=\"d3d0e38\" data-element_type=\"widget\" data-e-type=\"widget\" data-widget_type=\"image-box.default\">\n\t\t\t\t\t<div class=\"elementor-image-box-wrapper\"><figure class=\"elementor-image-box-img\"><a href=\"https:\/\/bio-balkon.de\/experten\/juliana-schlaberg\/\" target=\"_blank\" tabindex=\"-1\"><img loading=\"lazy\" decoding=\"async\" width=\"150\" height=\"150\" src=\"https:\/\/bio-balkon.de\/wp-content\/uploads\/2023\/11\/Juliana-Schlaberg-Naturschutzreferentin-Nabu-150x150.avif\" class=\"attachment-thumbnail size-thumbnail wp-image-63658\" alt=\"Juliana Schlaberg, Naturschutzreferentin beim NABU Berlin und Leiterin der Naturgartengruppe, spricht beim Online Bio-Balkon-Kongress\" \/><\/a><\/figure><div class=\"elementor-image-box-content\"><h6 class=\"elementor-image-box-title\"><a href=\"https:\/\/bio-balkon.de\/experten\/juliana-schlaberg\/\" target=\"_blank\">Juliana Schlaberg<\/a><\/h6><p class=\"elementor-image-box-description\">Kann man Tiere pflanzen? Wer Schmetterlinge liebt, muss Raupen m\u00f6gen!<\/p><\/div><\/div>\t\t\t\t<\/div>\n\t\t\t\t<div class=\"elementor-element elementor-element-4c5f58f elementor-position-top elementor-widget elementor-widget-image-box\" data-id=\"4c5f58f\" data-element_type=\"widget\" data-e-type=\"widget\" data-widget_type=\"image-box.default\">\n\t\t\t\t\t<div class=\"elementor-image-box-wrapper\"><figure class=\"elementor-image-box-img\"><a href=\"https:\/\/bio-balkon.de\/experten\/david-witzeneder-3\/\" target=\"_blank\" tabindex=\"-1\"><img loading=\"lazy\" decoding=\"async\" width=\"150\" height=\"150\" src=\"https:\/\/bio-balkon.de\/wp-content\/uploads\/2021\/02\/wurmkiste-CEO-Wormsystems-David-Witzeneder-min-845x684-1-150x150.avif\" class=\"attachment-thumbnail size-thumbnail wp-image-21277\" alt=\"David Witzeneder ist CEO von Wormsystems, dem f\u00fchrenden Anbieter von System zur Wurmkompostierung.\" \/><\/a><\/figure><div class=\"elementor-image-box-content\"><h6 class=\"elementor-image-box-title\"><a href=\"https:\/\/bio-balkon.de\/experten\/david-witzeneder-3\/\" target=\"_blank\">David Witzeneder<\/a><\/h6><p class=\"elementor-image-box-description\">Preiswert biologisch d\u00fcngen: Wurmtee, Komposttee, Kompost, Wurmhumus<\/p><\/div><\/div>\t\t\t\t<\/div>\n\t\t\t\t<div class=\"elementor-element elementor-element-7e6b9876 elementor-position-top elementor-widget elementor-widget-image-box\" data-id=\"7e6b9876\" data-element_type=\"widget\" data-e-type=\"widget\" data-widget_type=\"image-box.default\">\n\t\t\t\t\t<div class=\"elementor-image-box-wrapper\"><figure class=\"elementor-image-box-img\"><a href=\"https:\/\/bio-balkon.de\/experten\/sigrid-tinz-2\/\" target=\"_blank\" tabindex=\"-1\"><img loading=\"lazy\" decoding=\"async\" width=\"150\" height=\"150\" src=\"https:\/\/bio-balkon.de\/wp-content\/uploads\/2023\/09\/Sigrid-Tinz-Experten-2023-150x150.avif\" class=\"attachment-thumbnail size-thumbnail wp-image-60184\" alt=\"Die Expertin f\u00fcr Artenvielfalt Sigrid Tinz spricht beim Bio-Balkon-Kongress\" srcset=\"https:\/\/bio-balkon.de\/wp-content\/uploads\/2023\/09\/Sigrid-Tinz-Experten-2023-150x150.avif 150w, https:\/\/bio-balkon.de\/wp-content\/uploads\/2023\/09\/Sigrid-Tinz-Experten-2023-300x300.avif 300w, https:\/\/bio-balkon.de\/wp-content\/uploads\/2023\/09\/Sigrid-Tinz-Experten-2023-768x768.avif 768w, https:\/\/bio-balkon.de\/wp-content\/uploads\/2023\/09\/Sigrid-Tinz-Experten-2023-12x12.avif 12w, https:\/\/bio-balkon.de\/wp-content\/uploads\/2023\/09\/Sigrid-Tinz-Experten-2023.avif 1000w\" sizes=\"auto, (max-width: 150px) 100vw, 150px\" \/><\/a><\/figure><div class=\"elementor-image-box-content\"><h6 class=\"elementor-image-box-title\"><a href=\"https:\/\/bio-balkon.de\/experten\/sigrid-tinz-2\/\" target=\"_blank\">Sigrid Tinz<\/a><\/h6><p class=\"elementor-image-box-description\">Balkon f\u00fcr Kinder: Gestaltet f\u00fcrs Spielen, bepflanzt als Bastelparadies<\/p><\/div><\/div>\t\t\t\t<\/div>\n\t\t\t\t<div class=\"elementor-element elementor-element-885fc15 elementor-position-top elementor-widget elementor-widget-image-box\" data-id=\"885fc15\" data-element_type=\"widget\" data-e-type=\"widget\" data-widget_type=\"image-box.default\">\n\t\t\t\t\t<div class=\"elementor-image-box-wrapper\"><figure class=\"elementor-image-box-img\"><a href=\"https:\/\/bio-balkon.de\/experten\/ulf-gerstberger\/\" target=\"_blank\" tabindex=\"-1\"><img loading=\"lazy\" decoding=\"async\" width=\"150\" height=\"150\" src=\"https:\/\/bio-balkon.de\/wp-content\/uploads\/2023\/11\/Ulf-Gerstberger--150x150.avif\" class=\"attachment-thumbnail size-thumbnail wp-image-64360\" alt=\"Ulf Gerstberger stellt beim Online Bio-Balkon-Kongress seine Pflanzgef\u00e4\u00dfe f\u00fcr Franz\u00f6sische Balkons vor.\" srcset=\"https:\/\/bio-balkon.de\/wp-content\/uploads\/2023\/11\/Ulf-Gerstberger--150x150.avif 150w, https:\/\/bio-balkon.de\/wp-content\/uploads\/2023\/11\/Ulf-Gerstberger--300x300.avif 300w, https:\/\/bio-balkon.de\/wp-content\/uploads\/2023\/11\/Ulf-Gerstberger--12x12.avif 12w, https:\/\/bio-balkon.de\/wp-content\/uploads\/2023\/11\/Ulf-Gerstberger-.avif 400w\" sizes=\"auto, (max-width: 150px) 100vw, 150px\" \/><\/a><\/figure><div class=\"elementor-image-box-content\"><h6 class=\"elementor-image-box-title\"><a href=\"https:\/\/bio-balkon.de\/experten\/ulf-gerstberger\/\" target=\"_blank\">Dr. Ulf Gerstberger<\/a><\/h6><p class=\"elementor-image-box-description\">Franz\u00f6sische Balkone - platzsparende Bepflanzung eines Stangengel\u00e4nders<\/p><\/div><\/div>\t\t\t\t<\/div>\n\t\t\t\t<div class=\"elementor-element elementor-element-4e8c28c elementor-position-top elementor-widget elementor-widget-image-box\" data-id=\"4e8c28c\" data-element_type=\"widget\" data-e-type=\"widget\" data-widget_type=\"image-box.default\">\n\t\t\t\t\t<div class=\"elementor-image-box-wrapper\"><figure class=\"elementor-image-box-img\"><a href=\"https:\/\/bio-balkon.de\/experten\/juergen-herler-2\/\" target=\"_blank\" tabindex=\"-1\"><img loading=\"lazy\" decoding=\"async\" width=\"150\" height=\"150\" src=\"https:\/\/bio-balkon.de\/wp-content\/uploads\/2021\/09\/Ju\u0308rgen-Herler-66514387_10157587603165962_4336982083428679680_o-150x150.avif\" class=\"attachment-thumbnail size-thumbnail wp-image-33491\" alt=\"Hier ist das Bild vom Erfinder und CEO der Vertikalbeete zum ganzj\u00e4hrigen vertikalen Anbau.\" srcset=\"https:\/\/bio-balkon.de\/wp-content\/uploads\/2021\/09\/Ju\u0308rgen-Herler-66514387_10157587603165962_4336982083428679680_o-150x150.avif 150w, https:\/\/bio-balkon.de\/wp-content\/uploads\/2021\/09\/Ju\u0308rgen-Herler-66514387_10157587603165962_4336982083428679680_o-300x300.avif 300w, https:\/\/bio-balkon.de\/wp-content\/uploads\/2021\/09\/Ju\u0308rgen-Herler-66514387_10157587603165962_4336982083428679680_o-1024x1024.avif 1024w, https:\/\/bio-balkon.de\/wp-content\/uploads\/2021\/09\/Ju\u0308rgen-Herler-66514387_10157587603165962_4336982083428679680_o-768x768.avif 768w, https:\/\/bio-balkon.de\/wp-content\/uploads\/2021\/09\/Ju\u0308rgen-Herler-66514387_10157587603165962_4336982083428679680_o-1320x1320.avif 1320w, https:\/\/bio-balkon.de\/wp-content\/uploads\/2021\/09\/Ju\u0308rgen-Herler-66514387_10157587603165962_4336982083428679680_o.avif 1412w\" sizes=\"auto, (max-width: 150px) 100vw, 150px\" \/><\/a><\/figure><div class=\"elementor-image-box-content\"><h6 class=\"elementor-image-box-title\"><a href=\"https:\/\/bio-balkon.de\/experten\/juergen-herler-2\/\" target=\"_blank\">Dr. J\u00fcrgen Herler<\/a><\/h6><p class=\"elementor-image-box-description\">\u00d6kologische Vertikalg\u00e4rten f\u00fcr Permaveggies und Kr\u00e4uter<\/p><\/div><\/div>\t\t\t\t<\/div>\n\t\t\t\t<div class=\"elementor-element elementor-element-10a8dd26 elementor-position-top elementor-widget elementor-widget-image-box\" data-id=\"10a8dd26\" data-element_type=\"widget\" data-e-type=\"widget\" data-widget_type=\"image-box.default\">\n\t\t\t\t\t<div class=\"elementor-image-box-wrapper\"><figure class=\"elementor-image-box-img\"><a href=\"https:\/\/bio-balkon.de\/experten\/robert-franz\" target=\"_blank\" tabindex=\"-1\"><img loading=\"lazy\" decoding=\"async\" width=\"150\" height=\"150\" src=\"https:\/\/bio-balkon.de\/wp-content\/uploads\/2023\/11\/Robert-Franz-150x150.avif\" class=\"attachment-thumbnail size-thumbnail wp-image-61625\" alt=\"Der G\u00e4rtnermeister Robert Franz spricht beim Online Bio-Balkon-Kongress.\" \/><\/a><\/figure><div class=\"elementor-image-box-content\"><h6 class=\"elementor-image-box-title\"><a href=\"https:\/\/bio-balkon.de\/experten\/robert-franz\" target=\"_blank\">Robert Franz<\/a><\/h6><p class=\"elementor-image-box-description\">Vom Marktg\u00e4rtner-Profi lernen: Anzucht von Gem\u00fcse-Jungpflanzen<\/p><\/div><\/div>\t\t\t\t<\/div>\n\t\t\t\t<div class=\"elementor-element elementor-element-3c7da7f0 elementor-position-top elementor-widget elementor-widget-image-box\" data-id=\"3c7da7f0\" data-element_type=\"widget\" data-e-type=\"widget\" data-widget_type=\"image-box.default\">\n\t\t\t\t\t<div class=\"elementor-image-box-wrapper\"><figure class=\"elementor-image-box-img\"><a href=\"https:\/\/bio-balkon.de\/experten\/helge-masch-2\/\" target=\"_blank\" tabindex=\"-1\"><img loading=\"lazy\" decoding=\"async\" width=\"150\" height=\"150\" src=\"https:\/\/bio-balkon.de\/wp-content\/uploads\/2022\/04\/Helge-Masch-Experten-2023-150x150.avif\" class=\"attachment-thumbnail size-thumbnail wp-image-49257\" alt=\"G\u00e4rtner und Naturfotograf Helge Masch spricht beim Online Bio-Balkon-Kongress\" srcset=\"https:\/\/bio-balkon.de\/wp-content\/uploads\/2022\/04\/Helge-Masch-Experten-2023-150x150.avif 150w, https:\/\/bio-balkon.de\/wp-content\/uploads\/2022\/04\/Helge-Masch-Experten-2023-300x300.avif 300w, https:\/\/bio-balkon.de\/wp-content\/uploads\/2022\/04\/Helge-Masch-Experten-2023-768x768.avif 768w, https:\/\/bio-balkon.de\/wp-content\/uploads\/2022\/04\/Helge-Masch-Experten-2023-12x12.avif 12w, https:\/\/bio-balkon.de\/wp-content\/uploads\/2022\/04\/Helge-Masch-Experten-2023.avif 1000w\" sizes=\"auto, (max-width: 150px) 100vw, 150px\" \/><\/a><\/figure><div class=\"elementor-image-box-content\"><h6 class=\"elementor-image-box-title\"><a href=\"https:\/\/bio-balkon.de\/experten\/helge-masch-2\/\" target=\"_blank\">Helge Masch<\/a><\/h6><p class=\"elementor-image-box-description\">Vom Profi lernen: Saatguternte, Aussaat und was dann?<\/p><\/div><\/div>\t\t\t\t<\/div>\n\t\t\t\t<div class=\"elementor-element elementor-element-3a7674e elementor-position-top elementor-widget elementor-widget-image-box\" data-id=\"3a7674e\" data-element_type=\"widget\" data-e-type=\"widget\" data-widget_type=\"image-box.default\">\n\t\t\t\t\t<div class=\"elementor-image-box-wrapper\"><figure class=\"elementor-image-box-img\"><a href=\"https:\/\/bio-balkon.de\/experten\/robert-franz-2\/\" target=\"_blank\" tabindex=\"-1\"><img loading=\"lazy\" decoding=\"async\" width=\"150\" height=\"150\" src=\"https:\/\/bio-balkon.de\/wp-content\/uploads\/2023\/11\/Robert-Franz-150x150.avif\" class=\"attachment-thumbnail size-thumbnail wp-image-61625\" alt=\"Der G\u00e4rtnermeister Robert Franz spricht beim Online Bio-Balkon-Kongress.\" \/><\/a><\/figure><div class=\"elementor-image-box-content\"><h6 class=\"elementor-image-box-title\"><a href=\"https:\/\/bio-balkon.de\/experten\/robert-franz-2\/\" target=\"_blank\">Robert Franz<\/a><\/h6><p class=\"elementor-image-box-description\">Vom Marktg\u00e4rtner-Profi lernen: Anbauplanung \u00fcber vier Jahreszeiten<\/p><\/div><\/div>\t\t\t\t<\/div>\n\t\t\t\t<div class=\"elementor-element elementor-element-1e5db79 elementor-position-top elementor-widget elementor-widget-image-box\" data-id=\"1e5db79\" data-element_type=\"widget\" data-e-type=\"widget\" data-widget_type=\"image-box.default\">\n\t\t\t\t\t<div class=\"elementor-image-box-wrapper\"><figure class=\"elementor-image-box-img\"><a href=\"https:\/\/bio-balkon.de\/experten\/birgit-schattling-6\/\" target=\"_blank\" tabindex=\"-1\"><img loading=\"lazy\" decoding=\"async\" width=\"150\" height=\"150\" src=\"https:\/\/bio-balkon.de\/wp-content\/uploads\/2023\/05\/Buch-Genialer-Bio-Balkon-FB-3-150x150.avif\" class=\"attachment-thumbnail size-thumbnail wp-image-57861\" alt=\"Das 2. Buch der Balkonexpertin Birgit Schattling: &quot;Mein genialer Bio-Balkon. Mit gro\u00dfartigen Pflanzenkombis &amp; DIY-Projekten zu mehr Artenvielfalt und leckerer Ernte&quot;\" \/><\/a><\/figure><div class=\"elementor-image-box-content\"><h6 class=\"elementor-image-box-title\"><a href=\"https:\/\/bio-balkon.de\/experten\/birgit-schattling-6\/\" target=\"_blank\">Birgit Schattling<\/a><\/h6><p class=\"elementor-image-box-description\">Was wa\u0308chst am 13.03.24 auf dem Bio-Balkon in Berlin, was auss\u00e4en?<\/p><\/div><\/div>\t\t\t\t<\/div>\n\t\t\t\t\t<\/div>\n\t\t\t\t<\/div>\n\t\t\t\t<div class=\"elementor-element elementor-element-991cb4b elementor-widget elementor-widget-heading\" data-id=\"991cb4b\" data-element_type=\"widget\" data-e-type=\"widget\" data-widget_type=\"heading.default\">\n\t\t\t\t\t<h2 class=\"elementor-heading-title elementor-size-default\">Schwerpunkt schwierige Standorte - Wind, Schatten, Hitze<\/h2>\t\t\t\t<\/div>\n\t\t<div class=\"elementor-element elementor-element-406ab26 e-grid e-con-boxed e-con e-child\" data-id=\"406ab26\" data-element_type=\"container\" data-e-type=\"container\">\n\t\t\t\t\t<div class=\"e-con-inner\">\n\t\t\t\t<div class=\"elementor-element elementor-element-66522825 elementor-position-top elementor-widget elementor-widget-image-box\" data-id=\"66522825\" data-element_type=\"widget\" data-e-type=\"widget\" data-widget_type=\"image-box.default\">\n\t\t\t\t\t<div class=\"elementor-image-box-wrapper\"><figure class=\"elementor-image-box-img\"><a href=\"https:\/\/bio-balkon.de\/experten\/wolfgang-palme-7\/\" target=\"_blank\" tabindex=\"-1\"><img loading=\"lazy\" decoding=\"async\" width=\"150\" height=\"150\" src=\"https:\/\/bio-balkon.de\/wp-content\/uploads\/2021\/07\/wolfgang-palme-1200x1200-1-150x150.avif\" class=\"attachment-thumbnail size-thumbnail wp-image-31977\" alt=\"Der Experte f\u00fcr Gem\u00fcseanbau Wolfgang Palme stellt das Vierjahreszeiteng\u00e4rtnern auf dem Balkon vor.\" srcset=\"https:\/\/bio-balkon.de\/wp-content\/uploads\/2021\/07\/wolfgang-palme-1200x1200-1-150x150.avif 150w, https:\/\/bio-balkon.de\/wp-content\/uploads\/2021\/07\/wolfgang-palme-1200x1200-1-300x300.avif 300w, https:\/\/bio-balkon.de\/wp-content\/uploads\/2021\/07\/wolfgang-palme-1200x1200-1-1024x1024.avif 1024w, https:\/\/bio-balkon.de\/wp-content\/uploads\/2021\/07\/wolfgang-palme-1200x1200-1-768x768.avif 768w, https:\/\/bio-balkon.de\/wp-content\/uploads\/2021\/07\/wolfgang-palme-1200x1200-1-12x12.avif 12w, https:\/\/bio-balkon.de\/wp-content\/uploads\/2021\/07\/wolfgang-palme-1200x1200-1.avif 1200w\" sizes=\"auto, (max-width: 150px) 100vw, 150px\" \/><\/a><\/figure><div class=\"elementor-image-box-content\"><h6 class=\"elementor-image-box-title\"><a href=\"https:\/\/bio-balkon.de\/experten\/wolfgang-palme-7\/\" target=\"_blank\">Wolfgang<br>Palme<\/a><\/h6><p class=\"elementor-image-box-description\">Gem\u00fcseanbau Nordbalkon und schattige Zonen: geeignete Arten und Sorten<\/p><\/div><\/div>\t\t\t\t<\/div>\n\t\t\t\t<div class=\"elementor-element elementor-element-8877382 elementor-position-top elementor-widget elementor-widget-image-box\" data-id=\"8877382\" data-element_type=\"widget\" data-e-type=\"widget\" data-widget_type=\"image-box.default\">\n\t\t\t\t\t<div class=\"elementor-image-box-wrapper\"><figure class=\"elementor-image-box-img\"><a href=\"https:\/\/bio-balkon.de\/experten\/dany-kroll\/\" target=\"_blank\" tabindex=\"-1\"><img loading=\"lazy\" decoding=\"async\" width=\"150\" height=\"150\" src=\"https:\/\/bio-balkon.de\/wp-content\/uploads\/2023\/12\/Dany-Kroll--150x150.avif\" class=\"attachment-thumbnail size-thumbnail wp-image-64077\" alt=\"Dany Kroll stellt beim Online Bio-Balkon-Kongress Erfahrungen mit Pflanzen und Bew\u00e4sserungsvarianten, die sich auf hei\u00dfen Stadtbalkonen bew\u00e4hrt haben, vor.\" srcset=\"https:\/\/bio-balkon.de\/wp-content\/uploads\/2023\/12\/Dany-Kroll--150x150.avif 150w, https:\/\/bio-balkon.de\/wp-content\/uploads\/2023\/12\/Dany-Kroll--300x300.avif 300w, https:\/\/bio-balkon.de\/wp-content\/uploads\/2023\/12\/Dany-Kroll--768x768.avif 768w, https:\/\/bio-balkon.de\/wp-content\/uploads\/2023\/12\/Dany-Kroll-.avif 923w\" sizes=\"auto, (max-width: 150px) 100vw, 150px\" \/><\/a><\/figure><div class=\"elementor-image-box-content\"><h6 class=\"elementor-image-box-title\"><a href=\"https:\/\/bio-balkon.de\/experten\/dany-kroll\/\" target=\"_blank\">Dany Kroll<\/a><\/h6><p class=\"elementor-image-box-description\">Bew\u00e4sserungsvarianten, die sich auf hei\u00dfen Stadtbalkonen bew\u00e4hren<\/p><\/div><\/div>\t\t\t\t<\/div>\n\t\t\t\t<div class=\"elementor-element elementor-element-9a5a6a3 elementor-position-top elementor-widget elementor-widget-image-box\" data-id=\"9a5a6a3\" data-element_type=\"widget\" data-e-type=\"widget\" data-widget_type=\"image-box.default\">\n\t\t\t\t\t<div class=\"elementor-image-box-wrapper\"><figure class=\"elementor-image-box-img\"><a href=\"https:\/\/bio-balkon.de\/experten\/heike-maresch\/\" target=\"_blank\" tabindex=\"-1\"><img loading=\"lazy\" decoding=\"async\" width=\"150\" height=\"150\" src=\"https:\/\/bio-balkon.de\/wp-content\/uploads\/2023\/11\/Heike-Maresch-150x150.avif\" class=\"attachment-thumbnail size-thumbnail wp-image-61491\" alt=\"Die Permakulturdesignerin Heike Maresch spricht beim Online Bio-Balkon-Kongress zu ihrem Permakulturbalkon.\" srcset=\"https:\/\/bio-balkon.de\/wp-content\/uploads\/2023\/11\/Heike-Maresch-150x150.avif 150w, https:\/\/bio-balkon.de\/wp-content\/uploads\/2023\/11\/Heike-Maresch-12x12.avif 12w, https:\/\/bio-balkon.de\/wp-content\/uploads\/2023\/11\/Heike-Maresch.avif 300w\" sizes=\"auto, (max-width: 150px) 100vw, 150px\" \/><\/a><\/figure><div class=\"elementor-image-box-content\"><h6 class=\"elementor-image-box-title\"><a href=\"https:\/\/bio-balkon.de\/experten\/heike-maresch\/\" target=\"_blank\">Heike Maresch<\/a><\/h6><p class=\"elementor-image-box-description\">Ern\u00e4hrungssouver\u00e4n - Permakultur - (auch) auf kleinstem Raum<\/p><\/div><\/div>\t\t\t\t<\/div>\n\t\t\t\t<div class=\"elementor-element elementor-element-4dd651c elementor-position-top elementor-widget elementor-widget-image-box\" data-id=\"4dd651c\" data-element_type=\"widget\" data-e-type=\"widget\" data-widget_type=\"image-box.default\">\n\t\t\t\t\t<div class=\"elementor-image-box-wrapper\"><figure class=\"elementor-image-box-img\"><a href=\"https:\/\/bio-balkon.de\/experten\/dr-sonja-schwingesbauer-3\/\" target=\"_blank\" tabindex=\"-1\"><img loading=\"lazy\" decoding=\"async\" width=\"150\" height=\"150\" src=\"https:\/\/bio-balkon.de\/wp-content\/uploads\/2023\/01\/Sonja_Schwingesbauer-150x150.avif\" class=\"attachment-thumbnail size-thumbnail wp-image-49093\" alt=\"Pflanzplanerin Dr. Sonja Schwingesbauer\" srcset=\"https:\/\/bio-balkon.de\/wp-content\/uploads\/2023\/01\/Sonja_Schwingesbauer-150x150.avif 150w, https:\/\/bio-balkon.de\/wp-content\/uploads\/2023\/01\/Sonja_Schwingesbauer-300x300.avif 300w, https:\/\/bio-balkon.de\/wp-content\/uploads\/2023\/01\/Sonja_Schwingesbauer-1024x1024.avif 1024w, https:\/\/bio-balkon.de\/wp-content\/uploads\/2023\/01\/Sonja_Schwingesbauer-768x768.avif 768w, https:\/\/bio-balkon.de\/wp-content\/uploads\/2023\/01\/Sonja_Schwingesbauer-12x12.avif 12w, https:\/\/bio-balkon.de\/wp-content\/uploads\/2023\/01\/Sonja_Schwingesbauer.avif 1181w\" sizes=\"auto, (max-width: 150px) 100vw, 150px\" \/><\/a><\/figure><div class=\"elementor-image-box-content\"><h6 class=\"elementor-image-box-title\"><a href=\"https:\/\/bio-balkon.de\/experten\/dr-sonja-schwingesbauer-3\/\" target=\"_blank\">Dr. Sonja Schwingesbauer<\/a><\/h6><p class=\"elementor-image-box-description\">Wind, Windschutz und windfeste Pflanzen<\/p><\/div><\/div>\t\t\t\t<\/div>\n\t\t\t\t<div class=\"elementor-element elementor-element-c1793f9 elementor-position-top elementor-widget elementor-widget-image-box\" data-id=\"c1793f9\" data-element_type=\"widget\" data-e-type=\"widget\" data-widget_type=\"image-box.default\">\n\t\t\t\t\t<div class=\"elementor-image-box-wrapper\"><figure class=\"elementor-image-box-img\"><a href=\"https:\/\/bio-balkon.de\/experten\/friedhelm-strickler-4\/\" target=\"_blank\" tabindex=\"-1\"><img loading=\"lazy\" decoding=\"async\" width=\"150\" height=\"150\" src=\"https:\/\/bio-balkon.de\/wp-content\/uploads\/2023\/02\/Friedhelm-Strickler-Wildpflanzen-Experten-2023-150x150.avif\" class=\"attachment-thumbnail size-thumbnail wp-image-50097\" alt=\"Der Wildpflanzenexperte und G\u00e4rtnermeister Friedhelm Strickler spricht beim Online Bio-Balkon-Kongress\" srcset=\"https:\/\/bio-balkon.de\/wp-content\/uploads\/2023\/02\/Friedhelm-Strickler-Wildpflanzen-Experten-2023-150x150.avif 150w, https:\/\/bio-balkon.de\/wp-content\/uploads\/2023\/02\/Friedhelm-Strickler-Wildpflanzen-Experten-2023-300x300.avif 300w, https:\/\/bio-balkon.de\/wp-content\/uploads\/2023\/02\/Friedhelm-Strickler-Wildpflanzen-Experten-2023-768x768.avif 768w, https:\/\/bio-balkon.de\/wp-content\/uploads\/2023\/02\/Friedhelm-Strickler-Wildpflanzen-Experten-2023-12x12.avif 12w, https:\/\/bio-balkon.de\/wp-content\/uploads\/2023\/02\/Friedhelm-Strickler-Wildpflanzen-Experten-2023.avif 1000w\" sizes=\"auto, (max-width: 150px) 100vw, 150px\" \/><\/a><\/figure><div class=\"elementor-image-box-content\"><h6 class=\"elementor-image-box-title\"><a href=\"https:\/\/bio-balkon.de\/experten\/friedhelm-strickler-4\/\" target=\"_blank\">Friedhelm Strickler<\/a><\/h6><p class=\"elementor-image-box-description\">Heimische Wildpflanzen f\u00fcr Nordbalkons und schattige Ecken<\/p><\/div><\/div>\t\t\t\t<\/div>\n\t\t\t\t<div class=\"elementor-element elementor-element-864dbc1 elementor-position-top elementor-widget elementor-widget-image-box\" data-id=\"864dbc1\" data-element_type=\"widget\" data-e-type=\"widget\" data-widget_type=\"image-box.default\">\n\t\t\t\t\t<div class=\"elementor-image-box-wrapper\"><figure class=\"elementor-image-box-img\"><a href=\"https:\/\/bio-balkon.de\/experten\/horst-mager\/\" target=\"_blank\" tabindex=\"-1\"><img loading=\"lazy\" decoding=\"async\" width=\"150\" height=\"150\" src=\"https:\/\/bio-balkon.de\/wp-content\/uploads\/2023\/12\/Horst-Mager--150x150.avif\" class=\"attachment-thumbnail size-thumbnail wp-image-62472\" alt=\"Der leidenschaftliche G\u00e4rtner und Gartenexperte Horst Mager spricht beim Online Bio-Balkon-Kongress zum entspannten, naturnahen G\u00e4rtnern.\" srcset=\"https:\/\/bio-balkon.de\/wp-content\/uploads\/2023\/12\/Horst-Mager--150x150.avif 150w, https:\/\/bio-balkon.de\/wp-content\/uploads\/2023\/12\/Horst-Mager--300x300.avif 300w, https:\/\/bio-balkon.de\/wp-content\/uploads\/2023\/12\/Horst-Mager-.avif 400w\" sizes=\"auto, (max-width: 150px) 100vw, 150px\" \/><\/a><\/figure><div class=\"elementor-image-box-content\"><h6 class=\"elementor-image-box-title\"><a href=\"https:\/\/bio-balkon.de\/experten\/horst-mager\/\" target=\"_blank\">Horst Mager <\/a><\/h6><p class=\"elementor-image-box-description\">Schatten und doch viel Summen auf seinem vielf\u00e4ltigen Nordbalkon<\/p><\/div><\/div>\t\t\t\t<\/div>\n\t\t\t\t<div class=\"elementor-element elementor-element-04e4948 elementor-position-top elementor-widget elementor-widget-image-box\" data-id=\"04e4948\" data-element_type=\"widget\" data-e-type=\"widget\" data-widget_type=\"image-box.default\">\n\t\t\t\t\t<div class=\"elementor-image-box-wrapper\"><figure class=\"elementor-image-box-img\"><a href=\"https:\/\/bio-balkon.de\/experten\/thomas-puhlmann-3\/\" target=\"_blank\" tabindex=\"-1\"><img loading=\"lazy\" decoding=\"async\" width=\"150\" height=\"150\" src=\"https:\/\/bio-balkon.de\/wp-content\/uploads\/2023\/02\/Thomas-Puhlmann-150x150.avif\" class=\"attachment-thumbnail size-thumbnail wp-image-51007\" alt=\"Thomas Puhlmann ist der Gr\u00fcnder der Pflanzenplattform Naturadb uns pricht beim Online Bio-Balkon-Kongress\" srcset=\"https:\/\/bio-balkon.de\/wp-content\/uploads\/2023\/02\/Thomas-Puhlmann-150x150.avif 150w, https:\/\/bio-balkon.de\/wp-content\/uploads\/2023\/02\/Thomas-Puhlmann-300x300.avif 300w, https:\/\/bio-balkon.de\/wp-content\/uploads\/2023\/02\/Thomas-Puhlmann-12x12.avif 12w, https:\/\/bio-balkon.de\/wp-content\/uploads\/2023\/02\/Thomas-Puhlmann.avif 479w\" sizes=\"auto, (max-width: 150px) 100vw, 150px\" \/><\/a><\/figure><div class=\"elementor-image-box-content\"><h6 class=\"elementor-image-box-title\"><a href=\"https:\/\/bio-balkon.de\/experten\/thomas-puhlmann-3\/\" target=\"_blank\">Thomas Puhlmann<\/a><\/h6><p class=\"elementor-image-box-description\">\u00d6kologisch wertvolle Pflanzenkombinationen f\u00fcr Deinen schattigen Balkon<\/p><\/div><\/div>\t\t\t\t<\/div>\n\t\t\t\t<div class=\"elementor-element elementor-element-254a46a1 elementor-position-top elementor-widget elementor-widget-image-box\" data-id=\"254a46a1\" data-element_type=\"widget\" data-e-type=\"widget\" data-widget_type=\"image-box.default\">\n\t\t\t\t\t<div class=\"elementor-image-box-wrapper\"><figure class=\"elementor-image-box-img\"><a href=\"https:\/\/bio-balkon.de\/experten\/michael-altmoos-2\/\" target=\"_blank\" tabindex=\"-1\"><img loading=\"lazy\" decoding=\"async\" width=\"150\" height=\"150\" src=\"https:\/\/bio-balkon.de\/wp-content\/uploads\/2021\/03\/Portraet-Michael-Altmoos-2014-150x150.avif\" class=\"attachment-thumbnail size-thumbnail wp-image-23734\" alt=\"Dr. Michael Altmoos ist Biologe und Natursch\u00fctzer mit Schwerpunkt \u00d6kologie.\" srcset=\"https:\/\/bio-balkon.de\/wp-content\/uploads\/2021\/03\/Portraet-Michael-Altmoos-2014-150x150.avif 150w, https:\/\/bio-balkon.de\/wp-content\/uploads\/2021\/03\/Portraet-Michael-Altmoos-2014-11x12.avif 11w\" sizes=\"auto, (max-width: 150px) 100vw, 150px\" \/><\/a><\/figure><div class=\"elementor-image-box-content\"><h6 class=\"elementor-image-box-title\"><a href=\"https:\/\/bio-balkon.de\/experten\/michael-altmoos-2\/\" target=\"_blank\">Dr. Michael Altmoos<\/a><\/h6><p class=\"elementor-image-box-description\">Kleine Moosg\u00e4rten auf (schattigen) Balkonen \u2013 wie geht\u2019s, was bringt\u2019s?<\/p><\/div><\/div>\t\t\t\t<\/div>\n\t\t\t\t<div class=\"elementor-element elementor-element-1635fc0 elementor-position-top elementor-widget elementor-widget-image-box\" data-id=\"1635fc0\" data-element_type=\"widget\" data-e-type=\"widget\" data-widget_type=\"image-box.default\">\n\t\t\t\t\t<div class=\"elementor-image-box-wrapper\"><figure class=\"elementor-image-box-img\"><a href=\"https:\/\/bio-balkon.de\/experten\/berthold-daubner\/\" target=\"_blank\" tabindex=\"-1\"><img loading=\"lazy\" decoding=\"async\" width=\"150\" height=\"150\" src=\"https:\/\/bio-balkon.de\/wp-content\/uploads\/2023\/04\/Berthold-Daubner-150x150.avif\" class=\"attachment-thumbnail size-thumbnail wp-image-61579\" alt=\"Der Wildpflanzenexperte Berthold Daubner spricht beim Online Bio-Balkon-Kongress\" srcset=\"https:\/\/bio-balkon.de\/wp-content\/uploads\/2023\/04\/Berthold-Daubner-150x150.avif 150w, https:\/\/bio-balkon.de\/wp-content\/uploads\/2023\/04\/Berthold-Daubner-300x300.avif 300w, https:\/\/bio-balkon.de\/wp-content\/uploads\/2023\/04\/Berthold-Daubner-12x12.avif 12w, https:\/\/bio-balkon.de\/wp-content\/uploads\/2023\/04\/Berthold-Daubner.avif 662w\" sizes=\"auto, (max-width: 150px) 100vw, 150px\" \/><\/a><\/figure><div class=\"elementor-image-box-content\"><h6 class=\"elementor-image-box-title\"><a href=\"https:\/\/bio-balkon.de\/experten\/berthold-daubner\/\" target=\"_blank\">Berthold Daubner<\/a><\/h6><p class=\"elementor-image-box-description\">Trockenheitsvertr\u00e4glichkeit heimischer Wildpflanzen im Topf - Arten f\u00fcr wenig Gie\u00dfen<\/p><\/div><\/div>\t\t\t\t<\/div>\n\t\t\t\t<div class=\"elementor-element elementor-element-92571a1 elementor-position-top elementor-widget elementor-widget-image-box\" data-id=\"92571a1\" data-element_type=\"widget\" data-e-type=\"widget\" data-widget_type=\"image-box.default\">\n\t\t\t\t\t<div class=\"elementor-image-box-wrapper\"><figure class=\"elementor-image-box-img\"><a href=\"https:\/\/bio-balkon.de\/experten\/verena-schoenauer\/\" target=\"_blank\" tabindex=\"-1\"><img loading=\"lazy\" decoding=\"async\" width=\"150\" height=\"150\" src=\"https:\/\/bio-balkon.de\/wp-content\/uploads\/2023\/12\/Verena-Schoenauer--150x150.avif\" class=\"attachment-thumbnail size-thumbnail wp-image-63394\" alt=\"Die Gartengestalterin Verena Sch\u00f6nauer stellt ihre Pflanzenvielfalt auf ihrem Balkon beim Online Bio-Balkon-Kongress vor.\" srcset=\"https:\/\/bio-balkon.de\/wp-content\/uploads\/2023\/12\/Verena-Schoenauer--150x150.avif 150w, https:\/\/bio-balkon.de\/wp-content\/uploads\/2023\/12\/Verena-Schoenauer--300x300.avif 300w, https:\/\/bio-balkon.de\/wp-content\/uploads\/2023\/12\/Verena-Schoenauer--1024x1024.avif 1024w, https:\/\/bio-balkon.de\/wp-content\/uploads\/2023\/12\/Verena-Schoenauer--768x768.avif 768w, https:\/\/bio-balkon.de\/wp-content\/uploads\/2023\/12\/Verena-Schoenauer--1536x1536.avif 1536w, https:\/\/bio-balkon.de\/wp-content\/uploads\/2023\/12\/Verena-Schoenauer-.avif 2048w, https:\/\/bio-balkon.de\/wp-content\/uploads\/2023\/12\/Verena-Schoenauer--12x12.avif 12w, https:\/\/bio-balkon.de\/wp-content\/uploads\/2023\/12\/Verena-Schoenauer--1320x1321.avif 1320w\" sizes=\"auto, (max-width: 150px) 100vw, 150px\" \/><\/a><\/figure><div class=\"elementor-image-box-content\"><h6 class=\"elementor-image-box-title\"><a href=\"https:\/\/bio-balkon.de\/experten\/verena-schoenauer\/\" target=\"_blank\">Verena Sch\u00f6nauer<\/a><\/h6><p class=\"elementor-image-box-description\">Lass die Blumen tanzen! Vielfalt auf dem Balkon der Pflanzenvirtuosin<\/p><\/div><\/div>\t\t\t\t<\/div>\n\t\t\t\t\t<\/div>\n\t\t\t\t<\/div>\n\t\t\t\t<\/div>\n\t\t<div class=\"elementor-element elementor-element-4bf1d1a7 e-con-full e-flex e-con e-child\" data-id=\"4bf1d1a7\" data-element_type=\"container\" data-e-type=\"container\" data-settings=\"{&quot;background_background&quot;:&quot;gradient&quot;}\">\n\t\t<div class=\"elementor-element elementor-element-316cbee e-flex e-con-boxed e-con e-child\" data-id=\"316cbee\" data-element_type=\"container\" data-e-type=\"container\">\n\t\t\t\t\t<div class=\"e-con-inner\">\n\t\t\t\t<div class=\"elementor-element elementor-element-800ff68 elementor-invisible elementor-widget elementor-widget-image\" data-id=\"800ff68\" data-element_type=\"widget\" data-e-type=\"widget\" data-settings=\"{&quot;_animation&quot;:&quot;slideInRight&quot;,&quot;_animation_delay&quot;:1000}\" data-widget_type=\"image.default\">\n\t\t\t\t\t\t\t\t\t\t\t\t\t\t\t<img loading=\"lazy\" decoding=\"async\" width=\"300\" height=\"300\" src=\"https:\/\/bio-balkon.de\/wp-content\/uploads\/2021\/01\/Biene-300x300.avif\" class=\"attachment-medium size-medium wp-image-18838\" alt=\"Insekten unterst\u00fctzen das \u00f6kologische G\u00e4rtnern auf kleinem Raum (Balkon, Terrasse, Fensterbrett, Kleingarten).\" srcset=\"https:\/\/bio-balkon.de\/wp-content\/uploads\/2021\/01\/Biene-300x300.avif 300w, https:\/\/bio-balkon.de\/wp-content\/uploads\/2021\/01\/Biene-150x150.avif 150w, https:\/\/bio-balkon.de\/wp-content\/uploads\/2021\/01\/Biene-768x768.avif 768w, https:\/\/bio-balkon.de\/wp-content\/uploads\/2021\/01\/Biene-12x12.png 12w, https:\/\/bio-balkon.de\/wp-content\/uploads\/2021\/01\/Biene.avif 939w\" sizes=\"auto, (max-width: 300px) 100vw, 300px\" \/>\t\t\t\t\t\t\t\t\t\t\t\t\t\t\t<\/div>\n\t\t\t\t<div class=\"elementor-element elementor-element-651e6af0 elementor-widget elementor-widget-heading\" data-id=\"651e6af0\" data-element_type=\"widget\" data-e-type=\"widget\" data-widget_type=\"heading.default\">\n\t\t\t\t\t<h2 class=\"elementor-heading-title elementor-size-default\">Jetzt kostenlos anmelden:<\/h2>\t\t\t\t<\/div>\n\t\t\t\t<div class=\"elementor-element elementor-element-59497df2 elementor-widget elementor-widget-heading\" data-id=\"59497df2\" data-element_type=\"widget\" data-e-type=\"widget\" data-widget_type=\"heading.default\">\n\t\t\t\t\t<h2 class=\"elementor-heading-title elementor-size-default\">Mein genialer Bio-Balkon. Jede Blu\u0308te, jeder Meter za\u0308hlt!<\/h2>\t\t\t\t<\/div>\n\t\t\t\t<div class=\"elementor-element elementor-element-3494f8a0 elementor-widget elementor-widget-text-editor\" data-id=\"3494f8a0\" data-element_type=\"widget\" data-e-type=\"widget\" data-widget_type=\"text-editor.default\">\n\t\t\t\t\t\t\t\t\t<p>Der Kongress ist f\u00fcr Dich, egal ob Du einen kleinen Garten mit Terrasse, Balkon oder sogar nur Fensterbretter in der Stadt hast. Dieser Onlinekongress bietet praktische Tipps, sich ganzj\u00e4hrig auf engstem Raum mit frischem, giftfreiem, erntefrischem Gem\u00fcse und Kr\u00e4utern selbst zu versorgen und die Artenvielfalt zu f\u00f6rdern.\u00a0<\/p>\t\t\t\t\t\t\t\t<\/div>\n\t\t\t\t<div class=\"elementor-element elementor-element-5ab5211 elementor-button-align-stretch elementor-widget elementor-widget-form\" data-id=\"5ab5211\" data-element_type=\"widget\" data-e-type=\"widget\" data-settings=\"{&quot;step_next_label&quot;:&quot;N\\u00e4chster&quot;,&quot;step_previous_label&quot;:&quot;Voriger&quot;,&quot;button_width&quot;:&quot;100&quot;,&quot;step_type&quot;:&quot;number_text&quot;,&quot;step_icon_shape&quot;:&quot;circle&quot;}\" data-widget_type=\"form.default\">\n\t\t\t\t\t\t\t<form class=\"elementor-form\" method=\"post\" name=\"Neues Formular\" aria-label=\"Neues Formular\">\n\t\t\t<input type=\"hidden\" name=\"post_id\" value=\"62749\"\/>\n\t\t\t<input type=\"hidden\" name=\"form_id\" value=\"5ab5211\"\/>\n\t\t\t<input type=\"hidden\" name=\"referer_title\" value=\"\" \/>\n\n\t\t\t\n\t\t\t<div class=\"elementor-form-fields-wrapper elementor-labels-\">\n\t\t\t\t\t\t\t\t<div class=\"elementor-field-type-text elementor-field-group elementor-column elementor-field-group-name elementor-col-50\">\n\t\t\t\t\t\t\t\t\t\t\t\t<label for=\"form-field-name\" class=\"elementor-field-label elementor-screen-only\">\n\t\t\t\t\t\t\t\tVorname\t\t\t\t\t\t\t<\/label>\n\t\t\t\t\t\t\t\t\t\t\t\t\t\t<input size=\"1\" type=\"text\" name=\"form_fields[name]\" id=\"form-field-name\" class=\"elementor-field elementor-size-md  elementor-field-textual\" placeholder=\"Vorname (optional)\">\n\t\t\t\t\t\t\t\t\t\t\t<\/div>\n\t\t\t\t\t\t\t\t<div class=\"elementor-field-type-email elementor-field-group elementor-column elementor-field-group-email elementor-col-50 elementor-field-required\">\n\t\t\t\t\t\t\t\t\t\t\t\t<label for=\"form-field-email\" class=\"elementor-field-label elementor-screen-only\">\n\t\t\t\t\t\t\t\tE-Mail\t\t\t\t\t\t\t<\/label>\n\t\t\t\t\t\t\t\t\t\t\t\t\t\t<input size=\"1\" type=\"email\" name=\"form_fields[email]\" id=\"form-field-email\" class=\"elementor-field elementor-size-md  elementor-field-textual\" placeholder=\"E-Mail-Adresse\" required=\"required\">\n\t\t\t\t\t\t\t\t\t\t\t<\/div>\n\t\t\t\t\t\t\t\t<div class=\"elementor-field-group elementor-column elementor-field-type-submit elementor-col-100 e-form__buttons\">\n\t\t\t\t\t<button class=\"elementor-button elementor-size-lg\" type=\"submit\">\n\t\t\t\t\t\t<span class=\"elementor-button-content-wrapper\">\n\t\t\t\t\t\t\t\t\t\t\t\t\t\t\t\t\t\t\t\t\t\t<span class=\"elementor-button-text\">Kostenfrei dabei sein!<\/span>\n\t\t\t\t\t\t\t\t\t\t\t\t\t<\/span>\n\t\t\t\t\t<\/button>\n\t\t\t\t<\/div>\n\t\t\t<\/div>\n\t\t<\/form>\n\t\t\t\t\t\t<\/div>\n\t\t\t\t<div class=\"elementor-element elementor-element-64773d9 elementor-widget elementor-widget-text-editor\" data-id=\"64773d9\" data-element_type=\"widget\" data-e-type=\"widget\" data-widget_type=\"text-editor.default\">\n\t\t\t\t\t\t\t\t\t<p><span style=\"color: #000000;\">Die Eintragung erfolgt im Rahmen der <a style=\"color: #000000;\" href=\"https:\/\/bio-balkon.de\/datenschutzerklaerung\/\" target=\"_blank\" rel=\"noopener\">Datenschutzerkl\u00e4rung<\/a>.<\/span><\/p>\t\t\t\t\t\t\t\t<\/div>\n\t\t\t\t\t<\/div>\n\t\t\t\t<\/div>\n\t\t\t\t<\/div>\n\t\t\t\t<div class=\"elementor-element elementor-element-56a5ba15 elementor-widget elementor-widget-gallery\" data-id=\"56a5ba15\" data-element_type=\"widget\" data-e-type=\"widget\" data-settings=\"{&quot;columns&quot;:6,&quot;aspect_ratio&quot;:&quot;1:1&quot;,&quot;gap&quot;:{&quot;unit&quot;:&quot;px&quot;,&quot;size&quot;:30,&quot;sizes&quot;:[]},&quot;columns_mobile&quot;:3,&quot;columns_tablet&quot;:3,&quot;gap_tablet&quot;:{&quot;unit&quot;:&quot;px&quot;,&quot;size&quot;:20,&quot;sizes&quot;:[]},&quot;gap_mobile&quot;:{&quot;unit&quot;:&quot;px&quot;,&quot;size&quot;:20,&quot;sizes&quot;:[]},&quot;gallery_layout&quot;:&quot;grid&quot;,&quot;link_to&quot;:&quot;file&quot;,&quot;content_hover_animation&quot;:&quot;fade-in&quot;}\" data-widget_type=\"gallery.default\">\n\t\t\t\t\t\t\t<div class=\"elementor-gallery__container\">\n\t\t\t\t\t\t\t<a class=\"e-gallery-item elementor-gallery-item elementor-animated-content\" href=\"https:\/\/bio-balkon.de\/wp-content\/uploads\/2020\/09\/IMG_6358-tomate-scaled.avif\" data-elementor-open-lightbox=\"yes\" data-elementor-lightbox-slideshow=\"56a5ba15\" data-elementor-lightbox-title=\"Tomaten - alte Sorten\" data-e-action-hash=\"#elementor-action%3Aaction%3Dlightbox%26settings%3DeyJpZCI6MTE5NTMsInVybCI6Imh0dHBzOlwvXC9iaW8tYmFsa29uLmRlXC93cC1jb250ZW50XC91cGxvYWRzXC8yMDIwXC8wOVwvSU1HXzYzNTgtdG9tYXRlLXNjYWxlZC5hdmlmIiwic2xpZGVzaG93IjoiNTZhNWJhMTUifQ%3D%3D\">\n\t\t\t\t\t<div class=\"e-gallery-image elementor-gallery-item__image\" data-thumbnail=\"https:\/\/bio-balkon.de\/wp-content\/uploads\/2020\/09\/IMG_6358-tomate-300x225.avif\" data-width=\"300\" data-height=\"225\" aria-label=\"\" role=\"img\" ><\/div>\n\t\t\t\t\t\t\t\t\t\t\t\t\t\t<\/a>\n\t\t\t\t\t\t\t<a class=\"e-gallery-item elementor-gallery-item elementor-animated-content\" href=\"https:\/\/bio-balkon.de\/wp-content\/uploads\/2020\/07\/IMG_4788-1-radieschen-fenster-salat.avif\" data-elementor-open-lightbox=\"yes\" data-elementor-lightbox-slideshow=\"56a5ba15\" data-elementor-lightbox-title=\"Mit zwei Balkonk\u00e4sten starten: Radieschen und Salat\" data-e-action-hash=\"#elementor-action%3Aaction%3Dlightbox%26settings%3DeyJpZCI6OTM5NCwidXJsIjoiaHR0cHM6XC9cL2Jpby1iYWxrb24uZGVcL3dwLWNvbnRlbnRcL3VwbG9hZHNcLzIwMjBcLzA3XC9JTUdfNDc4OC0xLXJhZGllc2NoZW4tZmVuc3Rlci1zYWxhdC5hdmlmIiwic2xpZGVzaG93IjoiNTZhNWJhMTUifQ%3D%3D\">\n\t\t\t\t\t<div class=\"e-gallery-image elementor-gallery-item__image\" data-thumbnail=\"https:\/\/bio-balkon.de\/wp-content\/uploads\/2020\/07\/IMG_4788-1-radieschen-fenster-salat-225x300.avif\" data-width=\"225\" data-height=\"300\" aria-label=\"\" role=\"img\" ><\/div>\n\t\t\t\t\t\t\t\t\t\t\t\t\t\t<\/a>\n\t\t\t\t\t\t\t<a class=\"e-gallery-item elementor-gallery-item elementor-animated-content\" href=\"https:\/\/bio-balkon.de\/wp-content\/uploads\/2020\/10\/IMG_1501-Ku\u0308rbis-Spaghetti-scaled.avif\" data-elementor-open-lightbox=\"yes\" data-elementor-lightbox-slideshow=\"56a5ba15\" data-e-action-hash=\"#elementor-action%3Aaction%3Dlightbox%26settings%3DeyJpZCI6MTI0MDMsInVybCI6Imh0dHBzOlwvXC9iaW8tYmFsa29uLmRlXC93cC1jb250ZW50XC91cGxvYWRzXC8yMDIwXC8xMFwvSU1HXzE1MDEtS3VcdTAzMDhyYmlzLVNwYWdoZXR0aS1zY2FsZWQuYXZpZiIsInNsaWRlc2hvdyI6IjU2YTViYTE1In0%3D\">\n\t\t\t\t\t<div class=\"e-gallery-image elementor-gallery-item__image\" data-thumbnail=\"https:\/\/bio-balkon.de\/wp-content\/uploads\/2020\/10\/IMG_1501-Ku\u0308rbis-Spaghetti-300x225.avif\" data-width=\"300\" data-height=\"225\" aria-label=\"\" role=\"img\" ><\/div>\n\t\t\t\t\t\t\t\t\t\t\t\t\t\t<\/a>\n\t\t\t\t\t\t\t<a class=\"e-gallery-item elementor-gallery-item elementor-animated-content\" href=\"https:\/\/bio-balkon.de\/wp-content\/uploads\/2020\/05\/P1250916-paul-fenster-keimlinge-aussaat-samen-radieschen-masu-super.avif\" data-elementor-open-lightbox=\"yes\" data-elementor-lightbox-slideshow=\"56a5ba15\" data-e-action-hash=\"#elementor-action%3Aaction%3Dlightbox%26settings%3DeyJpZCI6ODEyOCwidXJsIjoiaHR0cHM6XC9cL2Jpby1iYWxrb24uZGVcL3dwLWNvbnRlbnRcL3VwbG9hZHNcLzIwMjBcLzA1XC9QMTI1MDkxNi1wYXVsLWZlbnN0ZXIta2VpbWxpbmdlLWF1c3NhYXQtc2FtZW4tcmFkaWVzY2hlbi1tYXN1LXN1cGVyLmF2aWYiLCJzbGlkZXNob3ciOiI1NmE1YmExNSJ9\">\n\t\t\t\t\t<div class=\"e-gallery-image elementor-gallery-item__image\" data-thumbnail=\"https:\/\/bio-balkon.de\/wp-content\/uploads\/2020\/05\/P1250916-paul-fenster-keimlinge-aussaat-samen-radieschen-masu-super-225x300.avif\" data-width=\"225\" data-height=\"300\" aria-label=\"\" role=\"img\" ><\/div>\n\t\t\t\t\t\t\t\t\t\t\t\t\t\t<\/a>\n\t\t\t\t\t\t\t<a class=\"e-gallery-item elementor-gallery-item elementor-animated-content\" href=\"https:\/\/bio-balkon.de\/wp-content\/uploads\/2020\/11\/11.-IMG_2925_wintergemuese_vertikalbeet_asia-salat_super-scaled.avif\" data-elementor-open-lightbox=\"yes\" data-elementor-lightbox-slideshow=\"56a5ba15\" data-elementor-lightbox-title=\"Asia-Salat Red Giant\" data-e-action-hash=\"#elementor-action%3Aaction%3Dlightbox%26settings%3DeyJpZCI6MTY4NDAsInVybCI6Imh0dHBzOlwvXC9iaW8tYmFsa29uLmRlXC93cC1jb250ZW50XC91cGxvYWRzXC8yMDIwXC8xMVwvMTEuLUlNR18yOTI1X3dpbnRlcmdlbXVlc2VfdmVydGlrYWxiZWV0X2FzaWEtc2FsYXRfc3VwZXItc2NhbGVkLmF2aWYiLCJzbGlkZXNob3ciOiI1NmE1YmExNSJ9\">\n\t\t\t\t\t<div class=\"e-gallery-image elementor-gallery-item__image\" data-thumbnail=\"https:\/\/bio-balkon.de\/wp-content\/uploads\/2020\/11\/11.-IMG_2925_wintergemuese_vertikalbeet_asia-salat_super-225x300.avif\" data-width=\"225\" data-height=\"300\" aria-label=\"\" role=\"img\" ><\/div>\n\t\t\t\t\t\t\t\t\t\t\t\t\t\t<\/a>\n\t\t\t\t\t\t\t<a class=\"e-gallery-item elementor-gallery-item elementor-animated-content\" href=\"https:\/\/bio-balkon.de\/wp-content\/uploads\/2020\/09\/P1120890-ku\u0308rbis-21.8.17-super-scaled.avif\" data-elementor-open-lightbox=\"yes\" data-elementor-lightbox-slideshow=\"56a5ba15\" data-elementor-lightbox-title=\"Hokkaidok\u00fcrbis. Alle Fotos stammen von meinen Balkons.\" data-e-action-hash=\"#elementor-action%3Aaction%3Dlightbox%26settings%3DeyJpZCI6MTE2OTQsInVybCI6Imh0dHBzOlwvXC9iaW8tYmFsa29uLmRlXC93cC1jb250ZW50XC91cGxvYWRzXC8yMDIwXC8wOVwvUDExMjA4OTAta3VcdTAzMDhyYmlzLTIxLjguMTctc3VwZXItc2NhbGVkLmF2aWYiLCJzbGlkZXNob3ciOiI1NmE1YmExNSJ9\">\n\t\t\t\t\t<div class=\"e-gallery-image elementor-gallery-item__image\" data-thumbnail=\"https:\/\/bio-balkon.de\/wp-content\/uploads\/2020\/09\/P1120890-ku\u0308rbis-21.8.17-super-300x225.avif\" data-width=\"300\" data-height=\"225\" aria-label=\"\" role=\"img\" ><\/div>\n\t\t\t\t\t\t\t\t\t\t\t\t\t\t<\/a>\n\t\t\t\t\t<\/div>\n\t\t\t\t\t<\/div>\n\t\t<div class=\"elementor-element elementor-element-787a3401 e-con-full e-flex e-con e-child\" data-id=\"787a3401\" data-element_type=\"container\" data-e-type=\"container\" data-settings=\"{&quot;background_background&quot;:&quot;classic&quot;}\">\n\t\t<div class=\"elementor-element elementor-element-7412e91c e-flex e-con-boxed e-con e-child\" data-id=\"7412e91c\" data-element_type=\"container\" data-e-type=\"container\">\n\t\t\t\t\t<div class=\"e-con-inner\">\n\t\t<div class=\"elementor-element elementor-element-fc62d73 e-flex e-con-boxed e-con e-child\" data-id=\"fc62d73\" data-element_type=\"container\" data-e-type=\"container\">\n\t\t\t\t\t<div class=\"e-con-inner\">\n\t\t\t\t<div class=\"elementor-element elementor-element-ba23080 elementor-widget elementor-widget-heading\" data-id=\"ba23080\" data-element_type=\"widget\" data-e-type=\"widget\" data-widget_type=\"heading.default\">\n\t\t\t\t\t<h2 class=\"elementor-heading-title elementor-size-default\">Bio-Balkon-Bewegung<\/h2>\t\t\t\t<\/div>\n\t\t\t\t<div class=\"elementor-element elementor-element-6f9cb026 elementor-widget elementor-widget-text-editor\" data-id=\"6f9cb026\" data-element_type=\"widget\" data-e-type=\"widget\" data-widget_type=\"text-editor.default\">\n\t\t\t\t\t\t\t\t\t<p><strong>Die Bio-Balkon-Bewegung w\u00e4chst stetig, beim letzten (13.) Kongress bereits \u00fcber 30.000 Teilnehmer! Jeder bl\u00fchende Topf, jedes Fensterbrett, jeder Meter Balkon z\u00e4hlt &#8211; Wohlf\u00fchloasen f\u00fcr Mensch und Tier! Selbstangebautes Gem\u00fcse, Obst und Kr\u00e4uter!<\/strong><\/p><ul><li>Wundersch\u00f6ne vielf\u00e4ltige <strong>pflegeleichte<\/strong> <strong>Biotope<\/strong> f\u00fcr viele verschiedene Tierarten. Bienen und Schmetterlinge fliegen in den 6. und auch 8. Stock!<\/li><li>Sie brauchen nur die <strong>passenden Pflanzen<\/strong>. Insekten und V\u00f6gel k\u00f6nnen von Balkon zu Balkon, zum Garten, zum Park &#8230; fliegen.<\/li><li>F\u00fcr Dich einen <strong>Wohlf\u00fchlort<\/strong> mit eigenem <strong>Mikroklima<\/strong> und <strong>Naturerlebnissen<\/strong>, die Dich ber\u00fchren werden und zufrieden machen.\u00a0<\/li><\/ul>\t\t\t\t\t\t\t\t<\/div>\n\t\t\t\t\t<\/div>\n\t\t\t\t<\/div>\n\t\t<div class=\"elementor-element elementor-element-7f081885 e-con-full e-flex e-con e-child\" data-id=\"7f081885\" data-element_type=\"container\" data-e-type=\"container\">\n\t\t\t\t<div class=\"elementor-element elementor-element-17082b92 elementor-widget elementor-widget-image\" data-id=\"17082b92\" data-element_type=\"widget\" data-e-type=\"widget\" data-widget_type=\"image.default\">\n\t\t\t\t\t\t\t\t\t\t\t\t\t\t\t<img loading=\"lazy\" decoding=\"async\" width=\"768\" height=\"510\" src=\"https:\/\/bio-balkon.de\/wp-content\/uploads\/2021\/01\/blumen-am-balkon-DSC_0551-768x510.avif\" class=\"attachment-medium_large size-medium_large wp-image-18752\" alt=\"\" srcset=\"https:\/\/bio-balkon.de\/wp-content\/uploads\/2021\/01\/blumen-am-balkon-DSC_0551-768x510.avif 768w, https:\/\/bio-balkon.de\/wp-content\/uploads\/2021\/01\/blumen-am-balkon-DSC_0551-300x199.avif 300w, https:\/\/bio-balkon.de\/wp-content\/uploads\/2021\/01\/blumen-am-balkon-DSC_0551-1024x680.avif 1024w, https:\/\/bio-balkon.de\/wp-content\/uploads\/2021\/01\/blumen-am-balkon-DSC_0551-1536x1020.avif 1536w, https:\/\/bio-balkon.de\/wp-content\/uploads\/2021\/01\/blumen-am-balkon-DSC_0551-scaled.avif 2048w, https:\/\/bio-balkon.de\/wp-content\/uploads\/2021\/01\/blumen-am-balkon-DSC_0551-18x12.avif 18w, https:\/\/bio-balkon.de\/wp-content\/uploads\/2021\/01\/blumen-am-balkon-DSC_0551-1320x877.avif 1320w\" sizes=\"auto, (max-width: 768px) 100vw, 768px\" \/>\t\t\t\t\t\t\t\t\t\t\t\t\t\t\t<\/div>\n\t\t\t\t<\/div>\n\t\t\t\t\t<\/div>\n\t\t\t\t<\/div>\n\t\t<div class=\"elementor-element elementor-element-57d76d87 e-flex e-con-boxed e-con e-child\" data-id=\"57d76d87\" data-element_type=\"container\" data-e-type=\"container\">\n\t\t\t\t\t<div class=\"e-con-inner\">\n\t\t<div class=\"elementor-element elementor-element-3474f58b e-flex e-con-boxed e-con e-child\" data-id=\"3474f58b\" data-element_type=\"container\" data-e-type=\"container\">\n\t\t\t\t\t<div class=\"e-con-inner\">\n\t\t\t\t<div class=\"elementor-element elementor-element-60317be elementor-widget elementor-widget-image\" data-id=\"60317be\" data-element_type=\"widget\" data-e-type=\"widget\" data-widget_type=\"image.default\">\n\t\t\t\t\t\t\t\t\t\t\t\t\t\t\t<img loading=\"lazy\" decoding=\"async\" width=\"768\" height=\"576\" src=\"https:\/\/bio-balkon.de\/wp-content\/uploads\/2019\/01\/P1850784-balkon-abstellkammer-berliner-super-768x576.avif\" class=\"attachment-medium_large size-medium_large wp-image-10336\" alt=\"\" srcset=\"https:\/\/bio-balkon.de\/wp-content\/uploads\/2019\/01\/P1850784-balkon-abstellkammer-berliner-super-768x576.avif 768w, https:\/\/bio-balkon.de\/wp-content\/uploads\/2019\/01\/P1850784-balkon-abstellkammer-berliner-super-300x225.avif 300w, https:\/\/bio-balkon.de\/wp-content\/uploads\/2019\/01\/P1850784-balkon-abstellkammer-berliner-super-1024x768.avif 1024w, https:\/\/bio-balkon.de\/wp-content\/uploads\/2019\/01\/P1850784-balkon-abstellkammer-berliner-super-1536x1152.avif 1536w, https:\/\/bio-balkon.de\/wp-content\/uploads\/2019\/01\/P1850784-balkon-abstellkammer-berliner-super-16x12.avif 16w, https:\/\/bio-balkon.de\/wp-content\/uploads\/2019\/01\/P1850784-balkon-abstellkammer-berliner-super-1320x990.avif 1320w, https:\/\/bio-balkon.de\/wp-content\/uploads\/2019\/01\/P1850784-balkon-abstellkammer-berliner-super.avif 1920w\" sizes=\"auto, (max-width: 768px) 100vw, 768px\" \/>\t\t\t\t\t\t\t\t\t\t\t\t\t\t\t<\/div>\n\t\t\t\t\t<\/div>\n\t\t\t\t<\/div>\n\t\t<div class=\"elementor-element elementor-element-384b61e4 e-con-full e-flex e-con e-child\" data-id=\"384b61e4\" data-element_type=\"container\" data-e-type=\"container\">\n\t\t\t\t<div class=\"elementor-element elementor-element-481cab92 elementor-widget elementor-widget-heading\" data-id=\"481cab92\" data-element_type=\"widget\" data-e-type=\"widget\" data-widget_type=\"heading.default\">\n\t\t\t\t\t<h2 class=\"elementor-heading-title elementor-size-default\">Balkone bepflanzen<\/h2>\t\t\t\t<\/div>\n\t\t\t\t<div class=\"elementor-element elementor-element-5a44c33d elementor-widget elementor-widget-text-editor\" data-id=\"5a44c33d\" data-element_type=\"widget\" data-e-type=\"widget\" data-widget_type=\"text-editor.default\">\n\t\t\t\t\t\t\t\t\t<p><strong>Viele der 58 Millionen Balkons in Deutschland sind ungenutzt oder nur ein Abstellraum! Dabei k\u00f6nnten sie Biotope sein f\u00fcr Tiere. F\u00fcr Dich ein Wohlf\u00fchlort, wo Du entspannst. Du m\u00f6chtest etwas machen. Gerade jetzt.<\/strong><\/p><ul><li>Du wei\u00dft gar nicht, <strong>wie anfangen<\/strong>. Du hast es nicht gelernt. Du bist nicht mehr in Beziehung zur Natur.<\/li><li>Welche Pflanzen sind \u00fcberhaupt <strong>pflegeleicht<\/strong> und geeignet, <strong>Tiere zu f\u00f6rdern<\/strong>?<\/li><li>Du denkst, Du hast keinen <strong>gr\u00fcnen Daumen<\/strong>, hast kein Gl\u00fcck mit Pflanzen.<\/li><\/ul>\t\t\t\t\t\t\t\t<\/div>\n\t\t\t\t<\/div>\n\t\t\t\t\t<\/div>\n\t\t\t\t<\/div>\n\t\t<div class=\"elementor-element elementor-element-57da66a5 e-flex e-con-boxed e-con e-child\" data-id=\"57da66a5\" data-element_type=\"container\" data-e-type=\"container\">\n\t\t\t\t\t<div class=\"e-con-inner\">\n\t\t<div class=\"elementor-element elementor-element-2df42191 e-flex e-con-boxed e-con e-child\" data-id=\"2df42191\" data-element_type=\"container\" data-e-type=\"container\">\n\t\t\t\t\t<div class=\"e-con-inner\">\n\t\t\t\t<div class=\"elementor-element elementor-element-3dfc44cd elementor-widget elementor-widget-heading\" data-id=\"3dfc44cd\" data-element_type=\"widget\" data-e-type=\"widget\" data-widget_type=\"heading.default\">\n\t\t\t\t\t<h2 class=\"elementor-heading-title elementor-size-default\">Einfach auch f\u00fcr Einsteiger<\/h2>\t\t\t\t<\/div>\n\t\t\t\t<div class=\"elementor-element elementor-element-78c8f7a0 elementor-widget elementor-widget-text-editor\" data-id=\"78c8f7a0\" data-element_type=\"widget\" data-e-type=\"widget\" data-widget_type=\"text-editor.default\">\n\t\t\t\t\t\t\t\t\t<p class=\"sub-title\"><strong>Du brauchst keinen gr\u00fcnen Daumen! Wir sagen Dir, wie Du Deinen Traumbalkon kreierst &#8211; es ist ganz einfach. 30+ Experten teilen ihr Wissen mit Dir! Sie verraten Dir, wie Du ganz einfach Deinen Bio-Balkon einrichten kannst:<\/strong><\/p><ul class=\"desc-listing\"><li>Einfach, preiswert, pflegeleicht, in der <strong>Praxis bew\u00e4hrt<\/strong>.<\/li><li>Du bekommst durch die Experten und Praktiker jede Menge <strong>Inspiration<\/strong>, <strong>Pflanzempfehlunge<\/strong>n und <strong>Anleitung<\/strong>. Sie teilen ihre Erfahrungen mit Dir.<\/li><li>Du s\u00e4st, pflanzt, gie\u00dft, genie\u00dft und stellst vielleicht noch Vogelfutter hin. Die Tiere werden kommen. Jede weitere Pflanzenart bringt neue Tiere zu Dir und noch mehr <strong>magische Momente<\/strong>!<\/li><\/ul>\t\t\t\t\t\t\t\t<\/div>\n\t\t\t\t\t<\/div>\n\t\t\t\t<\/div>\n\t\t<div class=\"elementor-element elementor-element-1d4ff4ab e-con-full e-flex e-con e-child\" data-id=\"1d4ff4ab\" data-element_type=\"container\" data-e-type=\"container\">\n\t\t\t\t<div class=\"elementor-element elementor-element-7aba61a0 elementor-widget elementor-widget-image\" data-id=\"7aba61a0\" data-element_type=\"widget\" data-e-type=\"widget\" data-widget_type=\"image.default\">\n\t\t\t\t\t\t\t\t\t\t\t\t\t\t\t<img loading=\"lazy\" decoding=\"async\" width=\"768\" height=\"582\" src=\"https:\/\/bio-balkon.de\/wp-content\/uploads\/2021\/01\/P1850753-balkon-wildpflanzen-berliner-Ausschnitt-super-768x582.avif\" class=\"attachment-medium_large size-medium_large wp-image-18879\" alt=\"\" srcset=\"https:\/\/bio-balkon.de\/wp-content\/uploads\/2021\/01\/P1850753-balkon-wildpflanzen-berliner-Ausschnitt-super-768x582.avif 768w, https:\/\/bio-balkon.de\/wp-content\/uploads\/2021\/01\/P1850753-balkon-wildpflanzen-berliner-Ausschnitt-super-300x227.avif 300w, https:\/\/bio-balkon.de\/wp-content\/uploads\/2021\/01\/P1850753-balkon-wildpflanzen-berliner-Ausschnitt-super-1024x776.avif 1024w, https:\/\/bio-balkon.de\/wp-content\/uploads\/2021\/01\/P1850753-balkon-wildpflanzen-berliner-Ausschnitt-super-1536x1163.avif 1536w, https:\/\/bio-balkon.de\/wp-content\/uploads\/2021\/01\/P1850753-balkon-wildpflanzen-berliner-Ausschnitt-super-scaled.avif 2048w, https:\/\/bio-balkon.de\/wp-content\/uploads\/2021\/01\/P1850753-balkon-wildpflanzen-berliner-Ausschnitt-super-16x12.avif 16w, https:\/\/bio-balkon.de\/wp-content\/uploads\/2021\/01\/P1850753-balkon-wildpflanzen-berliner-Ausschnitt-super-1320x1000.avif 1320w\" sizes=\"auto, (max-width: 768px) 100vw, 768px\" \/>\t\t\t\t\t\t\t\t\t\t\t\t\t\t\t<\/div>\n\t\t\t\t<\/div>\n\t\t\t\t\t<\/div>\n\t\t\t\t<\/div>\n\t\t<div class=\"elementor-element elementor-element-7289f323 e-flex e-con-boxed e-con e-child\" data-id=\"7289f323\" data-element_type=\"container\" data-e-type=\"container\">\n\t\t\t\t\t<div class=\"e-con-inner\">\n\t\t<div class=\"elementor-element elementor-element-18d7cda4 e-flex e-con-boxed e-con e-child\" data-id=\"18d7cda4\" data-element_type=\"container\" data-e-type=\"container\">\n\t\t\t\t\t<div class=\"e-con-inner\">\n\t\t\t\t<div class=\"elementor-element elementor-element-35632fdd elementor-widget elementor-widget-image\" data-id=\"35632fdd\" data-element_type=\"widget\" data-e-type=\"widget\" data-widget_type=\"image.default\">\n\t\t\t\t\t\t\t\t\t\t\t\t\t\t\t<img loading=\"lazy\" decoding=\"async\" width=\"768\" height=\"510\" src=\"https:\/\/bio-balkon.de\/wp-content\/uploads\/2020\/07\/Stefanie-Binder-Wildpflanzenbalkon-Vielfalt-DSC_0667-U\u0308berblick-Pflanzgefa\u0308sse-768x510.avif\" class=\"attachment-medium_large size-medium_large wp-image-9072\" alt=\"\" srcset=\"https:\/\/bio-balkon.de\/wp-content\/uploads\/2020\/07\/Stefanie-Binder-Wildpflanzenbalkon-Vielfalt-DSC_0667-U\u0308berblick-Pflanzgefa\u0308sse-768x510.avif 768w, https:\/\/bio-balkon.de\/wp-content\/uploads\/2020\/07\/Stefanie-Binder-Wildpflanzenbalkon-Vielfalt-DSC_0667-U\u0308berblick-Pflanzgefa\u0308sse-300x199.avif 300w, https:\/\/bio-balkon.de\/wp-content\/uploads\/2020\/07\/Stefanie-Binder-Wildpflanzenbalkon-Vielfalt-DSC_0667-U\u0308berblick-Pflanzgefa\u0308sse-1024x680.avif 1024w, https:\/\/bio-balkon.de\/wp-content\/uploads\/2020\/07\/Stefanie-Binder-Wildpflanzenbalkon-Vielfalt-DSC_0667-U\u0308berblick-Pflanzgefa\u0308sse-1536x1020.avif 1536w, https:\/\/bio-balkon.de\/wp-content\/uploads\/2020\/07\/Stefanie-Binder-Wildpflanzenbalkon-Vielfalt-DSC_0667-U\u0308berblick-Pflanzgefa\u0308sse-18x12.avif 18w, https:\/\/bio-balkon.de\/wp-content\/uploads\/2020\/07\/Stefanie-Binder-Wildpflanzenbalkon-Vielfalt-DSC_0667-U\u0308berblick-Pflanzgefa\u0308sse-1320x877.avif 1320w, https:\/\/bio-balkon.de\/wp-content\/uploads\/2020\/07\/Stefanie-Binder-Wildpflanzenbalkon-Vielfalt-DSC_0667-U\u0308berblick-Pflanzgefa\u0308sse.avif 1920w\" sizes=\"auto, (max-width: 768px) 100vw, 768px\" \/>\t\t\t\t\t\t\t\t\t\t\t\t\t\t\t<\/div>\n\t\t\t\t\t<\/div>\n\t\t\t\t<\/div>\n\t\t<div class=\"elementor-element elementor-element-6d61b69a e-con-full e-flex e-con e-child\" data-id=\"6d61b69a\" data-element_type=\"container\" data-e-type=\"container\">\n\t\t\t\t<div class=\"elementor-element elementor-element-12d545a5 elementor-widget elementor-widget-heading\" data-id=\"12d545a5\" data-element_type=\"widget\" data-e-type=\"widget\" data-widget_type=\"heading.default\">\n\t\t\t\t\t<h2 class=\"elementor-heading-title elementor-size-default\">Mittendrin im Paradies<\/h2>\t\t\t\t<\/div>\n\t\t\t\t<div class=\"elementor-element elementor-element-2fde97a6 elementor-widget elementor-widget-text-editor\" data-id=\"2fde97a6\" data-element_type=\"widget\" data-e-type=\"widget\" data-widget_type=\"text-editor.default\">\n\t\t\t\t\t\t\t\t\t<p class=\"sub-title\"><strong>Sitze mittendrin und genie\u00dfe Duft, Optik und tierische Besucher. Erfahre dadurch eine gro\u00dfe Zufriedenheit und Gesundheit. Dein gr\u00fcner Wohlf\u00fchlbalkon sch\u00fctzt und f\u00f6rdert die Vielfalt unserer einheimischen Flora und Fauna.<\/strong><\/p><ul class=\"desc-listing\"><li>Du sitzt in Deiner Sitzecke mit frischer Luft und <strong>entspannst<\/strong> in Deiner <strong>gr\u00fcnen Oase<\/strong>, die Tiere anlockt und diesen n\u00fctzt.<\/li><li>Du verwendest Pflanzenarten mit einem hohen <strong>\u00f6kologischen Wert<\/strong> f\u00fcr unsere heimische Tierwelt mit verschiedenen <strong>Bl\u00fch- und Fruchtfolgen<\/strong>.<\/li><li>Dein Balkon ist <strong>pflegeleicht<\/strong>, Du brauchst <strong>weniger gie\u00dfen<\/strong>, denn Du verwendest Pflanzen, die der Klima\u00e4nderung trotzen und die <strong>Artenvielfalt f\u00f6rdern<\/strong> und <strong>wundersch\u00f6n<\/strong> sind.<\/li><\/ul>\t\t\t\t\t\t\t\t<\/div>\n\t\t\t\t<\/div>\n\t\t\t\t\t<\/div>\n\t\t\t\t<\/div>\n\t\t\t\t<\/div>\n\t\t<div class=\"elementor-element elementor-element-25cde698 e-con-full e-flex e-con e-child\" data-id=\"25cde698\" data-element_type=\"container\" data-e-type=\"container\" data-settings=\"{&quot;background_background&quot;:&quot;classic&quot;}\">\n\t\t<div class=\"elementor-element elementor-element-701d1f6d e-con-full e-flex e-con e-child\" data-id=\"701d1f6d\" data-element_type=\"container\" data-e-type=\"container\" data-settings=\"{&quot;background_background&quot;:&quot;classic&quot;}\">\n\t\t\t\t<div class=\"elementor-element elementor-element-7cc6cba6 elementor--star-style-star_unicode elementor-star-rating--align-center elementor-widget elementor-widget-star-rating\" data-id=\"7cc6cba6\" data-element_type=\"widget\" data-e-type=\"widget\" data-widget_type=\"star-rating.default\">\n\t\t\t\t\t\t\t<div class=\"elementor-star-rating__wrapper\">\n\t\t\t\t\t\t<div class=\"elementor-star-rating\" itemtype=\"http:\/\/schema.org\/Rating\" itemscope=\"\" itemprop=\"reviewRating\">\n\t\t\t\t<i class=\"elementor-star-full\" aria-hidden=\"true\">&#9733;<\/i><i class=\"elementor-star-full\" aria-hidden=\"true\">&#9733;<\/i><i class=\"elementor-star-full\" aria-hidden=\"true\">&#9733;<\/i><i class=\"elementor-star-full\" aria-hidden=\"true\">&#9733;<\/i><i class=\"elementor-star-full\" aria-hidden=\"true\">&#9733;<\/i>\t\t\t\t<span itemprop=\"ratingValue\" class=\"elementor-screen-only\">Bewertet mit 5 von 5<\/span>\n\t\t\t<\/div>\n\t\t<\/div>\n\t\t\t\t\t\t<\/div>\n\t\t\t\t<div class=\"elementor-element elementor-element-76fe537e elementor-widget elementor-widget-heading\" data-id=\"76fe537e\" data-element_type=\"widget\" data-e-type=\"widget\" data-widget_type=\"heading.default\">\n\t\t\t\t\t<h2 class=\"elementor-heading-title elementor-size-default\">UNSERE TEILNEHMER SIND BEGEISTERT<\/h2>\t\t\t\t<\/div>\n\t\t\t\t<div class=\"elementor-element elementor-element-38e3b41b elementor-widget elementor-widget-accordion\" data-id=\"38e3b41b\" data-element_type=\"widget\" data-e-type=\"widget\" data-widget_type=\"accordion.default\">\n\t\t\t\t\t\t\t<div class=\"elementor-accordion\">\n\t\t\t\t\t\t\t<div class=\"elementor-accordion-item\">\n\t\t\t\t\t<div id=\"elementor-tab-title-9541\" class=\"elementor-tab-title\" data-tab=\"1\" role=\"button\" aria-controls=\"elementor-tab-content-9541\" aria-expanded=\"false\">\n\t\t\t\t\t\t\t\t\t\t\t\t\t<span class=\"elementor-accordion-icon elementor-accordion-icon-right\" aria-hidden=\"true\">\n\t\t\t\t\t\t\t\t\t\t\t\t\t\t\t<span class=\"elementor-accordion-icon-closed\"><svg class=\"e-font-icon-svg e-fas-chevron-down\" viewBox=\"0 0 448 512\" xmlns=\"http:\/\/www.w3.org\/2000\/svg\"><path d=\"M207.029 381.476L12.686 187.132c-9.373-9.373-9.373-24.569 0-33.941l22.667-22.667c9.357-9.357 24.522-9.375 33.901-.04L224 284.505l154.745-154.021c9.379-9.335 24.544-9.317 33.901.04l22.667 22.667c9.373 9.373 9.373 24.569 0 33.941L240.971 381.476c-9.373 9.372-24.569 9.372-33.942 0z\"><\/path><\/svg><\/span>\n\t\t\t\t\t\t\t\t<span class=\"elementor-accordion-icon-opened\"><svg class=\"e-font-icon-svg e-fas-chevron-up\" viewBox=\"0 0 448 512\" xmlns=\"http:\/\/www.w3.org\/2000\/svg\"><path d=\"M240.971 130.524l194.343 194.343c9.373 9.373 9.373 24.569 0 33.941l-22.667 22.667c-9.357 9.357-24.522 9.375-33.901.04L224 227.495 69.255 381.516c-9.379 9.335-24.544 9.317-33.901-.04l-22.667-22.667c-9.373-9.373-9.373-24.569 0-33.941L207.03 130.525c9.372-9.373 24.568-9.373 33.941-.001z\"><\/path><\/svg><\/span>\n\t\t\t\t\t\t\t\t\t\t\t\t\t\t<\/span>\n\t\t\t\t\t\t\t\t\t\t\t\t<a class=\"elementor-accordion-title\" tabindex=\"0\">Alles ganz grossartig, sehr hilfreich und wirklich ganz und gar praktisch.<\/a>\n\t\t\t\t\t<\/div>\n\t\t\t\t\t<div id=\"elementor-tab-content-9541\" class=\"elementor-tab-content elementor-clearfix\" data-tab=\"1\" role=\"region\" aria-labelledby=\"elementor-tab-title-9541\"><p><em>\"Rein \"zuf\u00e4llig\" bin ich auf Ihre Seite plus die noch laufende Veranstaltung gestossen. Alles ganz grossartig, sehr hilfreich und wirklich ganz und gar praktisch. Ein ganz herzlicher Dank f\u00fcr Ihre prima Arbeit. dk<\/em><em>\"\u00a0<\/em><strong>Dana K.<\/strong><\/p><\/div>\n\t\t\t\t<\/div>\n\t\t\t\t\t\t\t<div class=\"elementor-accordion-item\">\n\t\t\t\t\t<div id=\"elementor-tab-title-9542\" class=\"elementor-tab-title\" data-tab=\"2\" role=\"button\" aria-controls=\"elementor-tab-content-9542\" aria-expanded=\"false\">\n\t\t\t\t\t\t\t\t\t\t\t\t\t<span class=\"elementor-accordion-icon elementor-accordion-icon-right\" aria-hidden=\"true\">\n\t\t\t\t\t\t\t\t\t\t\t\t\t\t\t<span class=\"elementor-accordion-icon-closed\"><svg class=\"e-font-icon-svg e-fas-chevron-down\" viewBox=\"0 0 448 512\" xmlns=\"http:\/\/www.w3.org\/2000\/svg\"><path d=\"M207.029 381.476L12.686 187.132c-9.373-9.373-9.373-24.569 0-33.941l22.667-22.667c9.357-9.357 24.522-9.375 33.901-.04L224 284.505l154.745-154.021c9.379-9.335 24.544-9.317 33.901.04l22.667 22.667c9.373 9.373 9.373 24.569 0 33.941L240.971 381.476c-9.373 9.372-24.569 9.372-33.942 0z\"><\/path><\/svg><\/span>\n\t\t\t\t\t\t\t\t<span class=\"elementor-accordion-icon-opened\"><svg class=\"e-font-icon-svg e-fas-chevron-up\" viewBox=\"0 0 448 512\" xmlns=\"http:\/\/www.w3.org\/2000\/svg\"><path d=\"M240.971 130.524l194.343 194.343c9.373 9.373 9.373 24.569 0 33.941l-22.667 22.667c-9.357 9.357-24.522 9.375-33.901.04L224 227.495 69.255 381.516c-9.379 9.335-24.544 9.317-33.901-.04l-22.667-22.667c-9.373-9.373-9.373-24.569 0-33.941L207.03 130.525c9.372-9.373 24.568-9.373 33.941-.001z\"><\/path><\/svg><\/span>\n\t\t\t\t\t\t\t\t\t\t\t\t\t\t<\/span>\n\t\t\t\t\t\t\t\t\t\t\t\t<a class=\"elementor-accordion-title\" tabindex=\"0\">Der Kongress war mir so gro\u00dfe Inspiration<\/a>\n\t\t\t\t\t<\/div>\n\t\t\t\t\t<div id=\"elementor-tab-content-9542\" class=\"elementor-tab-content elementor-clearfix\" data-tab=\"2\" role=\"region\" aria-labelledby=\"elementor-tab-title-9542\"><p><em>\"<\/em>Ich habe Microgreens in der K\u00fcche und verschenke sie dieses Jahr zu den Geburtstagen. In der K\u00fcche steht jetzt eine Wurmkiste. In den K\u00e4sten habe ich Steine, \u00c4ste und leere Schneckenh\u00e4user aufgelegt. Der Regen f\u00e4ngt sich darin und diverse Insekten kommen zum trinken. Brennnessel und B\u00e4rlauch wachsen jetzt auch im Erdkranz.<\/p><p>Der Kongress war mir so gro\u00dfe Inspiration, die ich weitergebe. In der Arbeit wird der Garten jetzt anders bewirtschaftet, eine Arbeitskollegin gestaltet ihren Garten um.... .<\/p><p>Jeden Tag ist mein erster Weg auf die Terrasse um die neuen Mitbewohner zu begr\u00fc\u00dfen. Es mir so eine gro\u00dfe Freude deren Wachstum zu beobachten. Ich gie\u00dfe mit Gem\u00fcsekochwasser und habe Vogelfutter ausgebracht.<\/p><p>Momentan besch\u00e4ftige ich mich mit EM und versuche f\u00fcr mich passendes zu finden.<em>\" <\/em><strong>Gabriele S.<\/strong><\/p><\/div>\n\t\t\t\t<\/div>\n\t\t\t\t\t\t\t<div class=\"elementor-accordion-item\">\n\t\t\t\t\t<div id=\"elementor-tab-title-9543\" class=\"elementor-tab-title\" data-tab=\"3\" role=\"button\" aria-controls=\"elementor-tab-content-9543\" aria-expanded=\"false\">\n\t\t\t\t\t\t\t\t\t\t\t\t\t<span class=\"elementor-accordion-icon elementor-accordion-icon-right\" aria-hidden=\"true\">\n\t\t\t\t\t\t\t\t\t\t\t\t\t\t\t<span class=\"elementor-accordion-icon-closed\"><svg class=\"e-font-icon-svg e-fas-chevron-down\" viewBox=\"0 0 448 512\" xmlns=\"http:\/\/www.w3.org\/2000\/svg\"><path d=\"M207.029 381.476L12.686 187.132c-9.373-9.373-9.373-24.569 0-33.941l22.667-22.667c9.357-9.357 24.522-9.375 33.901-.04L224 284.505l154.745-154.021c9.379-9.335 24.544-9.317 33.901.04l22.667 22.667c9.373 9.373 9.373 24.569 0 33.941L240.971 381.476c-9.373 9.372-24.569 9.372-33.942 0z\"><\/path><\/svg><\/span>\n\t\t\t\t\t\t\t\t<span class=\"elementor-accordion-icon-opened\"><svg class=\"e-font-icon-svg e-fas-chevron-up\" viewBox=\"0 0 448 512\" xmlns=\"http:\/\/www.w3.org\/2000\/svg\"><path d=\"M240.971 130.524l194.343 194.343c9.373 9.373 9.373 24.569 0 33.941l-22.667 22.667c-9.357 9.357-24.522 9.375-33.901.04L224 227.495 69.255 381.516c-9.379 9.335-24.544 9.317-33.901-.04l-22.667-22.667c-9.373-9.373-9.373-24.569 0-33.941L207.03 130.525c9.372-9.373 24.568-9.373 33.941-.001z\"><\/path><\/svg><\/span>\n\t\t\t\t\t\t\t\t\t\t\t\t\t\t<\/span>\n\t\t\t\t\t\t\t\t\t\t\t\t<a class=\"elementor-accordion-title\" tabindex=\"0\">Ich bin begeistert und bl\u00fche regelrecht auf<\/a>\n\t\t\t\t\t<\/div>\n\t\t\t\t\t<div id=\"elementor-tab-content-9543\" class=\"elementor-tab-content elementor-clearfix\" data-tab=\"3\" role=\"region\" aria-labelledby=\"elementor-tab-title-9543\"><p>\"Ich bin begeistert und bl\u00fche regelrecht auf \u2013 so viele positive Emotionen werden hier transportiert.\" <strong>Grit S.<\/strong><\/p><\/div>\n\t\t\t\t<\/div>\n\t\t\t\t\t\t\t<div class=\"elementor-accordion-item\">\n\t\t\t\t\t<div id=\"elementor-tab-title-9544\" class=\"elementor-tab-title\" data-tab=\"4\" role=\"button\" aria-controls=\"elementor-tab-content-9544\" aria-expanded=\"false\">\n\t\t\t\t\t\t\t\t\t\t\t\t\t<span class=\"elementor-accordion-icon elementor-accordion-icon-right\" aria-hidden=\"true\">\n\t\t\t\t\t\t\t\t\t\t\t\t\t\t\t<span class=\"elementor-accordion-icon-closed\"><svg class=\"e-font-icon-svg e-fas-chevron-down\" viewBox=\"0 0 448 512\" xmlns=\"http:\/\/www.w3.org\/2000\/svg\"><path d=\"M207.029 381.476L12.686 187.132c-9.373-9.373-9.373-24.569 0-33.941l22.667-22.667c9.357-9.357 24.522-9.375 33.901-.04L224 284.505l154.745-154.021c9.379-9.335 24.544-9.317 33.901.04l22.667 22.667c9.373 9.373 9.373 24.569 0 33.941L240.971 381.476c-9.373 9.372-24.569 9.372-33.942 0z\"><\/path><\/svg><\/span>\n\t\t\t\t\t\t\t\t<span class=\"elementor-accordion-icon-opened\"><svg class=\"e-font-icon-svg e-fas-chevron-up\" viewBox=\"0 0 448 512\" xmlns=\"http:\/\/www.w3.org\/2000\/svg\"><path d=\"M240.971 130.524l194.343 194.343c9.373 9.373 9.373 24.569 0 33.941l-22.667 22.667c-9.357 9.357-24.522 9.375-33.901.04L224 227.495 69.255 381.516c-9.379 9.335-24.544 9.317-33.901-.04l-22.667-22.667c-9.373-9.373-9.373-24.569 0-33.941L207.03 130.525c9.372-9.373 24.568-9.373 33.941-.001z\"><\/path><\/svg><\/span>\n\t\t\t\t\t\t\t\t\t\t\t\t\t\t<\/span>\n\t\t\t\t\t\t\t\t\t\t\t\t<a class=\"elementor-accordion-title\" tabindex=\"0\">Mit jedem Tag wurden die Vortr\u00e4ge spannender<\/a>\n\t\t\t\t\t<\/div>\n\t\t\t\t\t<div id=\"elementor-tab-content-9544\" class=\"elementor-tab-content elementor-clearfix\" data-tab=\"4\" role=\"region\" aria-labelledby=\"elementor-tab-title-9544\"><p><em>\"durch Zufall kam ich an und in Deinen Bio-Balkon-Konkress ---<br \/>mit ein wenig Skepsis, doch mit dem ersten Vortrag verschwand diese total.<br \/>Mit jedem Tag wurden die Vortr\u00e4ge spannender und ich war hingerissen von Deinem Enthusiasmus und dem, was Du da auf die Beine gestellt hast. Hier im Umkreis Stuttgart sind Grundst\u00fccke \u00e4hnlich begrenzt und teuer wie bei Euch in Berlin. Nun wei\u00df ich was ich an dem \"Handtuch\" habe, das ich besitze... und was noch alles mehr m\u00f6glich ist.<br \/>Ein Vertikalbeet und eine Wurmkiste mit hoffentlich gl\u00fccklichen W\u00fcrmern besitze ich jetzt auch.\" <\/em><strong>Susanne A.<\/strong><\/p><\/div>\n\t\t\t\t<\/div>\n\t\t\t\t\t\t\t<div class=\"elementor-accordion-item\">\n\t\t\t\t\t<div id=\"elementor-tab-title-9545\" class=\"elementor-tab-title\" data-tab=\"5\" role=\"button\" aria-controls=\"elementor-tab-content-9545\" aria-expanded=\"false\">\n\t\t\t\t\t\t\t\t\t\t\t\t\t<span class=\"elementor-accordion-icon elementor-accordion-icon-right\" aria-hidden=\"true\">\n\t\t\t\t\t\t\t\t\t\t\t\t\t\t\t<span class=\"elementor-accordion-icon-closed\"><svg class=\"e-font-icon-svg e-fas-chevron-down\" viewBox=\"0 0 448 512\" xmlns=\"http:\/\/www.w3.org\/2000\/svg\"><path d=\"M207.029 381.476L12.686 187.132c-9.373-9.373-9.373-24.569 0-33.941l22.667-22.667c9.357-9.357 24.522-9.375 33.901-.04L224 284.505l154.745-154.021c9.379-9.335 24.544-9.317 33.901.04l22.667 22.667c9.373 9.373 9.373 24.569 0 33.941L240.971 381.476c-9.373 9.372-24.569 9.372-33.942 0z\"><\/path><\/svg><\/span>\n\t\t\t\t\t\t\t\t<span class=\"elementor-accordion-icon-opened\"><svg class=\"e-font-icon-svg e-fas-chevron-up\" viewBox=\"0 0 448 512\" xmlns=\"http:\/\/www.w3.org\/2000\/svg\"><path d=\"M240.971 130.524l194.343 194.343c9.373 9.373 9.373 24.569 0 33.941l-22.667 22.667c-9.357 9.357-24.522 9.375-33.901.04L224 227.495 69.255 381.516c-9.379 9.335-24.544 9.317-33.901-.04l-22.667-22.667c-9.373-9.373-9.373-24.569 0-33.941L207.03 130.525c9.372-9.373 24.568-9.373 33.941-.001z\"><\/path><\/svg><\/span>\n\t\t\t\t\t\t\t\t\t\t\t\t\t\t<\/span>\n\t\t\t\t\t\t\t\t\t\t\t\t<a class=\"elementor-accordion-title\" tabindex=\"0\">\"Danke f\u00fcrs Mutmachen zum \"einfach mal loslegen\"<\/a>\n\t\t\t\t\t<\/div>\n\t\t\t\t\t<div id=\"elementor-tab-content-9545\" class=\"elementor-tab-content elementor-clearfix\" data-tab=\"5\" role=\"region\" aria-labelledby=\"elementor-tab-title-9545\"><p><em>\"Danke f\u00fcr das liebevolle und wertsch\u00e4tzende Teilen Deines immensen Wissens und Deines Netzwerkes.<br \/>Danke f\u00fcrs AnDieHand-Nehmen beim Starten und\/oder Umstellen der (Balkon-)Bepflanzung.<br \/>Danke f\u00fcrs Mutmachen zum \"einfach mal loslegen\".<br \/>Du warst nein besser bist eine Inspiration f\u00fcr mich und ich konnte zum Einen die \"Angst\" etwas ablegen, beim Garteln etwas falsch zu machen und zum Andern f\u00fchl ich mich so wahnsinnig motiviert dadurch dass ich beim Kongress und in der Facebook-Gruppe miterleben durfte und darf, dass es sooooo viele tolle Menschen gibt, die die Welt jeden Tag ein bi\u00dfchen oder riesig viel bunter machen und denen das Gegen\u00fcber -und sei es ein noch so kleines K\u00e4ferlein oder Bakterium - alles andere als egal ist.\" <\/em><strong>Mirjam W.<\/strong><\/p><\/div>\n\t\t\t\t<\/div>\n\t\t\t\t\t\t\t<div class=\"elementor-accordion-item\">\n\t\t\t\t\t<div id=\"elementor-tab-title-9546\" class=\"elementor-tab-title\" data-tab=\"6\" role=\"button\" aria-controls=\"elementor-tab-content-9546\" aria-expanded=\"false\">\n\t\t\t\t\t\t\t\t\t\t\t\t\t<span class=\"elementor-accordion-icon elementor-accordion-icon-right\" aria-hidden=\"true\">\n\t\t\t\t\t\t\t\t\t\t\t\t\t\t\t<span class=\"elementor-accordion-icon-closed\"><svg class=\"e-font-icon-svg e-fas-chevron-down\" viewBox=\"0 0 448 512\" xmlns=\"http:\/\/www.w3.org\/2000\/svg\"><path d=\"M207.029 381.476L12.686 187.132c-9.373-9.373-9.373-24.569 0-33.941l22.667-22.667c9.357-9.357 24.522-9.375 33.901-.04L224 284.505l154.745-154.021c9.379-9.335 24.544-9.317 33.901.04l22.667 22.667c9.373 9.373 9.373 24.569 0 33.941L240.971 381.476c-9.373 9.372-24.569 9.372-33.942 0z\"><\/path><\/svg><\/span>\n\t\t\t\t\t\t\t\t<span class=\"elementor-accordion-icon-opened\"><svg class=\"e-font-icon-svg e-fas-chevron-up\" viewBox=\"0 0 448 512\" xmlns=\"http:\/\/www.w3.org\/2000\/svg\"><path d=\"M240.971 130.524l194.343 194.343c9.373 9.373 9.373 24.569 0 33.941l-22.667 22.667c-9.357 9.357-24.522 9.375-33.901.04L224 227.495 69.255 381.516c-9.379 9.335-24.544 9.317-33.901-.04l-22.667-22.667c-9.373-9.373-9.373-24.569 0-33.941L207.03 130.525c9.372-9.373 24.568-9.373 33.941-.001z\"><\/path><\/svg><\/span>\n\t\t\t\t\t\t\t\t\t\t\t\t\t\t<\/span>\n\t\t\t\t\t\t\t\t\t\t\t\t<a class=\"elementor-accordion-title\" tabindex=\"0\">Die Auswahl Deiner Gespr\u00e4chspartner ist total genial<\/a>\n\t\t\t\t\t<\/div>\n\t\t\t\t\t<div id=\"elementor-tab-content-9546\" class=\"elementor-tab-content elementor-clearfix\" data-tab=\"6\" role=\"region\" aria-labelledby=\"elementor-tab-title-9546\"><p><em>\"ich hab schon viele Kongresse geh\u00f6rt, aber noch nie erlebt, dass Veranstalter*innen auf mails so schnell reagieren und so pr\u00e4sent bei Fragen, Kommentaren ... sind! Das finde ich ne sehr hohe Qualit\u00e4t!<br \/>Und Deine Art zu interviewen und die Auswahl Deiner Gespr\u00e4chspartner ist total genial! Super!<br \/>Bin seit \u00fcber 1,5 Jahren krank und seit Deinem letzten Kongress ganz motiviert, mir meinen Balkon sch\u00f6n zu gestalten - in kleinen Schritten, aber sehr lebendig. Danke Dir sehr daf\u00fcr! Das belebt mich, wenn ich auch aufpassen muss, mir nicht zu viel vorzunehmen, weil es mich sonst erschl\u00e4gt ... Aber auch das kommt in Deinen Kongressen super r\u00fcber. Danke!<\/em><em>\" <\/em><strong>Katja S.<\/strong><\/p><\/div>\n\t\t\t\t<\/div>\n\t\t\t\t\t\t\t<div class=\"elementor-accordion-item\">\n\t\t\t\t\t<div id=\"elementor-tab-title-9547\" class=\"elementor-tab-title\" data-tab=\"7\" role=\"button\" aria-controls=\"elementor-tab-content-9547\" aria-expanded=\"false\">\n\t\t\t\t\t\t\t\t\t\t\t\t\t<span class=\"elementor-accordion-icon elementor-accordion-icon-right\" aria-hidden=\"true\">\n\t\t\t\t\t\t\t\t\t\t\t\t\t\t\t<span class=\"elementor-accordion-icon-closed\"><svg class=\"e-font-icon-svg e-fas-chevron-down\" viewBox=\"0 0 448 512\" xmlns=\"http:\/\/www.w3.org\/2000\/svg\"><path d=\"M207.029 381.476L12.686 187.132c-9.373-9.373-9.373-24.569 0-33.941l22.667-22.667c9.357-9.357 24.522-9.375 33.901-.04L224 284.505l154.745-154.021c9.379-9.335 24.544-9.317 33.901.04l22.667 22.667c9.373 9.373 9.373 24.569 0 33.941L240.971 381.476c-9.373 9.372-24.569 9.372-33.942 0z\"><\/path><\/svg><\/span>\n\t\t\t\t\t\t\t\t<span class=\"elementor-accordion-icon-opened\"><svg class=\"e-font-icon-svg e-fas-chevron-up\" viewBox=\"0 0 448 512\" xmlns=\"http:\/\/www.w3.org\/2000\/svg\"><path d=\"M240.971 130.524l194.343 194.343c9.373 9.373 9.373 24.569 0 33.941l-22.667 22.667c-9.357 9.357-24.522 9.375-33.901.04L224 227.495 69.255 381.516c-9.379 9.335-24.544 9.317-33.901-.04l-22.667-22.667c-9.373-9.373-9.373-24.569 0-33.941L207.03 130.525c9.372-9.373 24.568-9.373 33.941-.001z\"><\/path><\/svg><\/span>\n\t\t\t\t\t\t\t\t\t\t\t\t\t\t<\/span>\n\t\t\t\t\t\t\t\t\t\t\t\t<a class=\"elementor-accordion-title\" tabindex=\"0\">Probiere aus, es ist nicht schlimm, wenn es mal nicht klappt.<\/a>\n\t\t\t\t\t<\/div>\n\t\t\t\t\t<div id=\"elementor-tab-content-9547\" class=\"elementor-tab-content elementor-clearfix\" data-tab=\"7\" role=\"region\" aria-labelledby=\"elementor-tab-title-9547\"><p><em>\"Die Begeisterung ging komplett auf mich \u00fcber, und das um 01:25 nachts. Der Vortrag war wirklich toll vorgetragen, und es wurde stets das wichtigste betont: Probiere aus, es ist nicht schlimm, wenn es mal nicht klappt.\" <\/em><strong>Lutzi F.<\/strong><\/p><\/div>\n\t\t\t\t<\/div>\n\t\t\t\t\t\t\t<div class=\"elementor-accordion-item\">\n\t\t\t\t\t<div id=\"elementor-tab-title-9548\" class=\"elementor-tab-title\" data-tab=\"8\" role=\"button\" aria-controls=\"elementor-tab-content-9548\" aria-expanded=\"false\">\n\t\t\t\t\t\t\t\t\t\t\t\t\t<span class=\"elementor-accordion-icon elementor-accordion-icon-right\" aria-hidden=\"true\">\n\t\t\t\t\t\t\t\t\t\t\t\t\t\t\t<span class=\"elementor-accordion-icon-closed\"><svg class=\"e-font-icon-svg e-fas-chevron-down\" viewBox=\"0 0 448 512\" xmlns=\"http:\/\/www.w3.org\/2000\/svg\"><path d=\"M207.029 381.476L12.686 187.132c-9.373-9.373-9.373-24.569 0-33.941l22.667-22.667c9.357-9.357 24.522-9.375 33.901-.04L224 284.505l154.745-154.021c9.379-9.335 24.544-9.317 33.901.04l22.667 22.667c9.373 9.373 9.373 24.569 0 33.941L240.971 381.476c-9.373 9.372-24.569 9.372-33.942 0z\"><\/path><\/svg><\/span>\n\t\t\t\t\t\t\t\t<span class=\"elementor-accordion-icon-opened\"><svg class=\"e-font-icon-svg e-fas-chevron-up\" viewBox=\"0 0 448 512\" xmlns=\"http:\/\/www.w3.org\/2000\/svg\"><path d=\"M240.971 130.524l194.343 194.343c9.373 9.373 9.373 24.569 0 33.941l-22.667 22.667c-9.357 9.357-24.522 9.375-33.901.04L224 227.495 69.255 381.516c-9.379 9.335-24.544 9.317-33.901-.04l-22.667-22.667c-9.373-9.373-9.373-24.569 0-33.941L207.03 130.525c9.372-9.373 24.568-9.373 33.941-.001z\"><\/path><\/svg><\/span>\n\t\t\t\t\t\t\t\t\t\t\t\t\t\t<\/span>\n\t\t\t\t\t\t\t\t\t\t\t\t<a class=\"elementor-accordion-title\" tabindex=\"0\">Es macht wirklich Spa\u00df, sich die Interviews anzusehen. Sehr professionell.<\/a>\n\t\t\t\t\t<\/div>\n\t\t\t\t\t<div id=\"elementor-tab-content-9548\" class=\"elementor-tab-content elementor-clearfix\" data-tab=\"8\" role=\"region\" aria-labelledby=\"elementor-tab-title-9548\"><p><em>\"Mir gef\u00e4llt dieser Kongress extrem gut. Die Schwerpunktthemen, deine interessanten Fragen sowie deine ruhige Art des Moderierens. Es macht wirklich Spa\u00df, sich die Interviews anzusehen. Sehr professionell. \" <\/em><strong>Kaia L.<\/strong><\/p><\/div>\n\t\t\t\t<\/div>\n\t\t\t\t\t\t\t<div class=\"elementor-accordion-item\">\n\t\t\t\t\t<div id=\"elementor-tab-title-9549\" class=\"elementor-tab-title\" data-tab=\"9\" role=\"button\" aria-controls=\"elementor-tab-content-9549\" aria-expanded=\"false\">\n\t\t\t\t\t\t\t\t\t\t\t\t\t<span class=\"elementor-accordion-icon elementor-accordion-icon-right\" aria-hidden=\"true\">\n\t\t\t\t\t\t\t\t\t\t\t\t\t\t\t<span class=\"elementor-accordion-icon-closed\"><svg class=\"e-font-icon-svg e-fas-chevron-down\" viewBox=\"0 0 448 512\" xmlns=\"http:\/\/www.w3.org\/2000\/svg\"><path d=\"M207.029 381.476L12.686 187.132c-9.373-9.373-9.373-24.569 0-33.941l22.667-22.667c9.357-9.357 24.522-9.375 33.901-.04L224 284.505l154.745-154.021c9.379-9.335 24.544-9.317 33.901.04l22.667 22.667c9.373 9.373 9.373 24.569 0 33.941L240.971 381.476c-9.373 9.372-24.569 9.372-33.942 0z\"><\/path><\/svg><\/span>\n\t\t\t\t\t\t\t\t<span class=\"elementor-accordion-icon-opened\"><svg class=\"e-font-icon-svg e-fas-chevron-up\" viewBox=\"0 0 448 512\" xmlns=\"http:\/\/www.w3.org\/2000\/svg\"><path d=\"M240.971 130.524l194.343 194.343c9.373 9.373 9.373 24.569 0 33.941l-22.667 22.667c-9.357 9.357-24.522 9.375-33.901.04L224 227.495 69.255 381.516c-9.379 9.335-24.544 9.317-33.901-.04l-22.667-22.667c-9.373-9.373-9.373-24.569 0-33.941L207.03 130.525c9.372-9.373 24.568-9.373 33.941-.001z\"><\/path><\/svg><\/span>\n\t\t\t\t\t\t\t\t\t\t\t\t\t\t<\/span>\n\t\t\t\t\t\t\t\t\t\t\t\t<a class=\"elementor-accordion-title\" tabindex=\"0\">Viele gute Informationen und sch\u00f6n kreativ bleiben und nicht zu kompliziert<\/a>\n\t\t\t\t\t<\/div>\n\t\t\t\t\t<div id=\"elementor-tab-content-9549\" class=\"elementor-tab-content elementor-clearfix\" data-tab=\"9\" role=\"region\" aria-labelledby=\"elementor-tab-title-9549\"><p>\"Toll viele gute Informationen und sch\u00f6n kreativ bleiben und nicht zu kompliziert\"\u00a0<strong>Tonja R.<\/strong><\/p><\/div>\n\t\t\t\t<\/div>\n\t\t\t\t\t\t\t\t<\/div>\n\t\t\t\t\t\t<\/div>\n\t\t\t\t<\/div>\n\t\t\t\t<\/div>\n\t\t<div class=\"elementor-element elementor-element-b355f55 e-con-full e-flex e-con e-child\" data-id=\"b355f55\" data-element_type=\"container\" data-e-type=\"container\" data-settings=\"{&quot;background_background&quot;:&quot;classic&quot;}\">\n\t\t<div class=\"elementor-element elementor-element-5a7aff68 e-flex e-con-boxed e-con e-child\" data-id=\"5a7aff68\" data-element_type=\"container\" data-e-type=\"container\">\n\t\t\t\t\t<div class=\"e-con-inner\">\n\t\t<div class=\"elementor-element elementor-element-4524edab e-flex e-con-boxed e-con e-child\" data-id=\"4524edab\" data-element_type=\"container\" data-e-type=\"container\">\n\t\t\t\t\t<div class=\"e-con-inner\">\n\t\t\t\t<div class=\"elementor-element elementor-element-3a533ab8 elementor-widget elementor-widget-heading\" data-id=\"3a533ab8\" data-element_type=\"widget\" data-e-type=\"widget\" data-widget_type=\"heading.default\">\n\t\t\t\t\t<p class=\"elementor-heading-title elementor-size-default\">Die Kongressveranstalterin<\/p>\t\t\t\t<\/div>\n\t\t\t\t<div class=\"elementor-element elementor-element-14ec4938 elementor-widget elementor-widget-heading\" data-id=\"14ec4938\" data-element_type=\"widget\" data-e-type=\"widget\" data-widget_type=\"heading.default\">\n\t\t\t\t\t<h2 class=\"elementor-heading-title elementor-size-default\">Hallo, ich bin Birgit Schattling<\/h2>\t\t\t\t<\/div>\n\t\t\t\t<div class=\"elementor-element elementor-element-59cdbcb9 elementor-widget elementor-widget-text-editor\" data-id=\"59cdbcb9\" data-element_type=\"widget\" data-e-type=\"widget\" data-widget_type=\"text-editor.default\">\n\t\t\t\t\t\t\t\t\t<p><strong>Balkonbotschafterin aus vollem Herzen und \u00dcberzeugung aus Berlin City<\/strong><\/p><p>Meine <strong>Vision<\/strong>\u00a0ist, dass mehr Menschen ihre Balkone und Fensterbretter\u00a0<strong>nutzen<\/strong>\u00a0\u2013 <strong>naturnah<\/strong>, zur\u00a0<strong>Selbstversorgung<\/strong>, als\u00a0<strong>Oasen<\/strong>\u00a0der Ruhe und Entspannung. F\u00fcr Lebensqualit\u00e4t in\u00a0<strong>essbaren St\u00e4dten<\/strong>, Erhaltung der\u00a0<strong>biologischen Vielfalt<\/strong>,\u00a0<strong>Klimaschutz<\/strong>\u00a0und <strong>Wohlf\u00fchloasen<\/strong> mit spannenden\u00a0<strong>Naturerlebnissen<\/strong>.\u00a0<\/p><p>Mit diesem Kongress helfe ich Dir, <strong>Deinen eigenen Traumbalkon<\/strong> zu kreieren und gleichzeitig <strong>Insekten, V\u00f6gel und andere Tiere zu f\u00f6rdern<\/strong>.<\/p>\t\t\t\t\t\t\t\t<\/div>\n\t\t\t\t<div class=\"elementor-element elementor-element-147a4262 elementor-widget elementor-widget-image\" data-id=\"147a4262\" data-element_type=\"widget\" data-e-type=\"widget\" data-widget_type=\"image.default\">\n\t\t\t\t\t\t\t\t\t\t\t\t\t\t\t<img loading=\"lazy\" decoding=\"async\" width=\"300\" height=\"86\" src=\"https:\/\/bio-balkon.de\/wp-content\/uploads\/2020\/07\/signatur-1-300x86.avif\" class=\"attachment-medium size-medium wp-image-10517\" alt=\"\" srcset=\"https:\/\/bio-balkon.de\/wp-content\/uploads\/2020\/07\/signatur-1-300x86.avif 300w, https:\/\/bio-balkon.de\/wp-content\/uploads\/2020\/07\/signatur-1-18x5.png 18w, https:\/\/bio-balkon.de\/wp-content\/uploads\/2020\/07\/signatur-1.avif 400w\" sizes=\"auto, (max-width: 300px) 100vw, 300px\" \/>\t\t\t\t\t\t\t\t\t\t\t\t\t\t\t<\/div>\n\t\t\t\t\t<\/div>\n\t\t\t\t<\/div>\n\t\t<div class=\"elementor-element elementor-element-3309d88c e-flex e-con-boxed e-con e-child\" data-id=\"3309d88c\" data-element_type=\"container\" data-e-type=\"container\">\n\t\t\t\t\t<div class=\"e-con-inner\">\n\t\t\t\t<div class=\"elementor-element elementor-element-43efb9e5 elementor-widget elementor-widget-image\" data-id=\"43efb9e5\" data-element_type=\"widget\" data-e-type=\"widget\" data-widget_type=\"image.default\">\n\t\t\t\t\t\t\t\t\t\t\t\t\t\t\t<img loading=\"lazy\" decoding=\"async\" width=\"768\" height=\"644\" src=\"https:\/\/bio-balkon.de\/wp-content\/uploads\/2021\/10\/FB-birgit-schattling-mein-biotop-auf-dem-balkon-768x644.avif\" class=\"attachment-medium_large size-medium_large wp-image-33943\" alt=\"\" srcset=\"https:\/\/bio-balkon.de\/wp-content\/uploads\/2021\/10\/FB-birgit-schattling-mein-biotop-auf-dem-balkon-768x644.avif 768w, https:\/\/bio-balkon.de\/wp-content\/uploads\/2021\/10\/FB-birgit-schattling-mein-biotop-auf-dem-balkon-300x251.avif 300w, https:\/\/bio-balkon.de\/wp-content\/uploads\/2021\/10\/FB-birgit-schattling-mein-biotop-auf-dem-balkon-14x12.avif 14w, https:\/\/bio-balkon.de\/wp-content\/uploads\/2021\/10\/FB-birgit-schattling-mein-biotop-auf-dem-balkon.avif 940w\" sizes=\"auto, (max-width: 768px) 100vw, 768px\" \/>\t\t\t\t\t\t\t\t\t\t\t\t\t\t\t<\/div>\n\t\t\t\t<div class=\"elementor-element elementor-element-3d3ba36b elementor-widget elementor-widget-image\" data-id=\"3d3ba36b\" data-element_type=\"widget\" data-e-type=\"widget\" data-widget_type=\"image.default\">\n\t\t\t\t\t\t\t\t\t\t\t\t\t\t\t<img loading=\"lazy\" decoding=\"async\" width=\"150\" height=\"150\" src=\"https:\/\/bio-balkon.de\/wp-content\/uploads\/2022\/03\/z_fachberaterin_icon_4c_rgb_screen_ewilpa_markus_strauss-150x150.avif\" class=\"attachment-thumbnail size-thumbnail wp-image-39563\" alt=\"\" srcset=\"https:\/\/bio-balkon.de\/wp-content\/uploads\/2022\/03\/z_fachberaterin_icon_4c_rgb_screen_ewilpa_markus_strauss-150x150.avif 150w, https:\/\/bio-balkon.de\/wp-content\/uploads\/2022\/03\/z_fachberaterin_icon_4c_rgb_screen_ewilpa_markus_strauss-300x300.avif 300w, https:\/\/bio-balkon.de\/wp-content\/uploads\/2022\/03\/z_fachberaterin_icon_4c_rgb_screen_ewilpa_markus_strauss-12x12.avif 12w, https:\/\/bio-balkon.de\/wp-content\/uploads\/2022\/03\/z_fachberaterin_icon_4c_rgb_screen_ewilpa_markus_strauss.avif 319w\" sizes=\"auto, (max-width: 150px) 100vw, 150px\" \/>\t\t\t\t\t\t\t\t\t\t\t\t\t\t\t<\/div>\n\t\t\t\t\t<\/div>\n\t\t\t\t<\/div>\n\t\t\t\t\t<\/div>\n\t\t\t\t<\/div>\n\t\t<div class=\"elementor-element elementor-element-e91db8e e-flex e-con-boxed e-con e-child\" data-id=\"e91db8e\" data-element_type=\"container\" data-e-type=\"container\" data-settings=\"{&quot;background_background&quot;:&quot;classic&quot;}\">\n\t\t\t\t\t<div class=\"e-con-inner\">\n\t\t\t\t<div class=\"elementor-element elementor-element-7af441ab elementor-widget elementor-widget-heading\" data-id=\"7af441ab\" data-element_type=\"widget\" data-e-type=\"widget\" data-widget_type=\"heading.default\">\n\t\t\t\t\t<h2 class=\"elementor-heading-title elementor-size-default\">Vita<\/h2>\t\t\t\t<\/div>\n\t\t\t\t<div class=\"elementor-element elementor-element-3bfbb156 elementor-widget elementor-widget-text-editor\" data-id=\"3bfbb156\" data-element_type=\"widget\" data-e-type=\"widget\" data-widget_type=\"text-editor.default\">\n\t\t\t\t\t\t\t\t\t<p>Birgit Schattling initiierte die <strong>Bio-Balkon-Bewegung<\/strong> in 2017. Sie hilft (nicht nur) <strong>Stadtmenschen<\/strong> dabei, wieder <strong>mehr\u00a0Gr\u00fcn und Selbstversorgung<\/strong> in die St\u00e4dte zu bringen. Sie gibt <strong>praktische Anleitung<\/strong> f\u00fcr <strong>\u00fcppige, freudebringende Balkon-Oasen<\/strong>, die eine Wohltat f\u00fcr <strong>Menschen,\u00a0Insekten und Tiere<\/strong> sind.<\/p><p>Die Berliner Balkonga\u0308rtnerin, <strong>\u201eNatur im Garten\u201c-Botschafterin<\/strong>, <strong>Autorin<\/strong> und <strong>Veranstalterin der bisher 14 Online Bio-Balkon Kongresse<\/strong> Birgit Schattling ist <strong>Medienpreistra\u0308gerin 2018<\/strong> der Deutschen Gartenbaugesellschaft 1822 e.V.. 2017 und 2019 war sie fu\u0308r den <strong>\u201eEuropean Award for Ecological Gardening\u201c<\/strong> nominiert. 2017 erhielt sie beim Gru\u0308ne-Liga-Wettbewerb \u201eGiftfreies Ga\u0308rtnern\u201c einen <strong>Sonderpreis fu\u0308r<\/strong> <strong>Ga\u0308rtnern auf kleinstem Raum<\/strong>.<\/p><p>Sie ist hochschulzertifizierte <strong>\u201eFachberaterin f\u00fcr Selbstversorgung mit essbaren Wildpflanzen\u201c<\/strong>. Ihr Hortus Bio-Balkon geh\u00f6rt zum \u201eHortus-Netzwerk. Vielfalt. Sch\u00f6nheit. Nutzen\u201c. Seit vier Jahren ist sie <strong>Jurorin beim Pflanzwettbewerb \u201eDeutschland summt!\u201c<\/strong>.<\/p><p>F\u00fcr den Verlag Gr\u00e4fe und Unzer schrieb sie den Ratgeber <strong>\u201eMein Biotop auf dem Balkon. Naturerlebnis und Erntegl\u00fcck mitten in der Stadt\u201c<\/strong>. Beim Ulmer Verlag erschien am 19. Mai in der <strong>#machsnachhaltig<\/strong>-Reihe &#8222;<strong>Mein genialer Bio-Balkon. Mit gro\u00dfartigen Pflanzkombis &amp; DIY-Projekten zu mehr Artenvielfalt und leckerer Ernte&#8220;<\/strong>.<\/p>\t\t\t\t\t\t\t\t<\/div>\n\t\t\t\t\t<\/div>\n\t\t\t\t<\/div>\n\t\t\t\t<\/div>\n\t\t\t\t<div class=\"elementor-element elementor-element-7c780dc2 elementor-widget elementor-widget-gallery\" data-id=\"7c780dc2\" data-element_type=\"widget\" data-e-type=\"widget\" data-settings=\"{&quot;columns&quot;:6,&quot;aspect_ratio&quot;:&quot;1:1&quot;,&quot;gap&quot;:{&quot;unit&quot;:&quot;px&quot;,&quot;size&quot;:30,&quot;sizes&quot;:[]},&quot;columns_mobile&quot;:3,&quot;columns_tablet&quot;:3,&quot;gap_tablet&quot;:{&quot;unit&quot;:&quot;px&quot;,&quot;size&quot;:20,&quot;sizes&quot;:[]},&quot;gap_mobile&quot;:{&quot;unit&quot;:&quot;px&quot;,&quot;size&quot;:20,&quot;sizes&quot;:[]},&quot;gallery_layout&quot;:&quot;grid&quot;,&quot;link_to&quot;:&quot;file&quot;,&quot;content_hover_animation&quot;:&quot;fade-in&quot;}\" data-widget_type=\"gallery.default\">\n\t\t\t\t\t\t\t<div class=\"elementor-gallery__container\">\n\t\t\t\t\t\t\t<a class=\"e-gallery-item elementor-gallery-item elementor-animated-content\" href=\"https:\/\/bio-balkon.de\/wp-content\/uploads\/2020\/11\/1.-IMG_3142_wintergemuese_schnee_vertikalbeet_kalender-scaled.avif\" data-elementor-open-lightbox=\"yes\" data-elementor-lightbox-slideshow=\"7c780dc2\" data-elementor-lightbox-title=\"Mangold, Beifuss, Asia-Salat, Feldsalat (frosthart -15 \u00b0C)\" data-e-action-hash=\"#elementor-action%3Aaction%3Dlightbox%26settings%3DeyJpZCI6MTM5MzQsInVybCI6Imh0dHBzOlwvXC9iaW8tYmFsa29uLmRlXC93cC1jb250ZW50XC91cGxvYWRzXC8yMDIwXC8xMVwvMS4tSU1HXzMxNDJfd2ludGVyZ2VtdWVzZV9zY2huZWVfdmVydGlrYWxiZWV0X2thbGVuZGVyLXNjYWxlZC5hdmlmIiwic2xpZGVzaG93IjoiN2M3ODBkYzIifQ%3D%3D\">\n\t\t\t\t\t<div class=\"e-gallery-image elementor-gallery-item__image\" data-thumbnail=\"https:\/\/bio-balkon.de\/wp-content\/uploads\/2020\/11\/1.-IMG_3142_wintergemuese_schnee_vertikalbeet_kalender-225x300.avif\" data-width=\"225\" data-height=\"300\" aria-label=\"\" role=\"img\" ><\/div>\n\t\t\t\t\t\t\t\t\t\t\t\t\t\t<\/a>\n\t\t\t\t\t\t\t<a class=\"e-gallery-item elementor-gallery-item elementor-animated-content\" href=\"https:\/\/bio-balkon.de\/wp-content\/uploads\/2020\/11\/11.-IMG_2925_wintergemuese_vertikalbeet_asia-salat_super-scaled.avif\" data-elementor-open-lightbox=\"yes\" data-elementor-lightbox-slideshow=\"7c780dc2\" data-elementor-lightbox-title=\"Asia-Salat Red Giant\" data-e-action-hash=\"#elementor-action%3Aaction%3Dlightbox%26settings%3DeyJpZCI6MTY4NDAsInVybCI6Imh0dHBzOlwvXC9iaW8tYmFsa29uLmRlXC93cC1jb250ZW50XC91cGxvYWRzXC8yMDIwXC8xMVwvMTEuLUlNR18yOTI1X3dpbnRlcmdlbXVlc2VfdmVydGlrYWxiZWV0X2FzaWEtc2FsYXRfc3VwZXItc2NhbGVkLmF2aWYiLCJzbGlkZXNob3ciOiI3Yzc4MGRjMiJ9\">\n\t\t\t\t\t<div class=\"e-gallery-image elementor-gallery-item__image\" data-thumbnail=\"https:\/\/bio-balkon.de\/wp-content\/uploads\/2020\/11\/11.-IMG_2925_wintergemuese_vertikalbeet_asia-salat_super-225x300.avif\" data-width=\"225\" data-height=\"300\" aria-label=\"\" role=\"img\" ><\/div>\n\t\t\t\t\t\t\t\t\t\t\t\t\t\t<\/a>\n\t\t\t\t\t\t\t<a class=\"e-gallery-item elementor-gallery-item elementor-animated-content\" href=\"https:\/\/bio-balkon.de\/wp-content\/uploads\/2023\/04\/Vertikalbeet-Wintergemuese-Knoblauch-Asia-Salat-Winterpostelein-Barbarakraut-Blutampfer-IMG_3305-super-scaled.avif\" data-elementor-open-lightbox=\"yes\" data-elementor-lightbox-slideshow=\"7c780dc2\" data-elementor-lightbox-title=\"Wintergem\u00fcse im Vertikalbeet\" data-e-action-hash=\"#elementor-action%3Aaction%3Dlightbox%26settings%3DeyJpZCI6NTQ4MjMsInVybCI6Imh0dHBzOlwvXC9iaW8tYmFsa29uLmRlXC93cC1jb250ZW50XC91cGxvYWRzXC8yMDIzXC8wNFwvVmVydGlrYWxiZWV0LVdpbnRlcmdlbXVlc2UtS25vYmxhdWNoLUFzaWEtU2FsYXQtV2ludGVycG9zdGVsZWluLUJhcmJhcmFrcmF1dC1CbHV0YW1wZmVyLUlNR18zMzA1LXN1cGVyLXNjYWxlZC5hdmlmIiwic2xpZGVzaG93IjoiN2M3ODBkYzIifQ%3D%3D\">\n\t\t\t\t\t<div class=\"e-gallery-image elementor-gallery-item__image\" data-thumbnail=\"https:\/\/bio-balkon.de\/wp-content\/uploads\/2023\/04\/Vertikalbeet-Wintergemuese-Knoblauch-Asia-Salat-Winterpostelein-Barbarakraut-Blutampfer-IMG_3305-super-300x225.avif\" data-width=\"300\" data-height=\"225\" aria-label=\"\" role=\"img\" ><\/div>\n\t\t\t\t\t\t\t\t\t\t\t\t\t\t<\/a>\n\t\t\t\t\t\t\t<a class=\"e-gallery-item elementor-gallery-item elementor-animated-content\" href=\"https:\/\/bio-balkon.de\/wp-content\/uploads\/2020\/12\/IMG_3514_wintergemuese_sauerampfer_rucola_mangold_winterpostelein_fenster-scaled.avif\" data-elementor-open-lightbox=\"yes\" data-elementor-lightbox-slideshow=\"7c780dc2\" data-elementor-lightbox-title=\"Winterpostelein\" data-e-action-hash=\"#elementor-action%3Aaction%3Dlightbox%26settings%3DeyJpZCI6MTgxMzksInVybCI6Imh0dHBzOlwvXC9iaW8tYmFsa29uLmRlXC93cC1jb250ZW50XC91cGxvYWRzXC8yMDIwXC8xMlwvSU1HXzM1MTRfd2ludGVyZ2VtdWVzZV9zYXVlcmFtcGZlcl9ydWNvbGFfbWFuZ29sZF93aW50ZXJwb3N0ZWxlaW5fZmVuc3Rlci1zY2FsZWQuYXZpZiIsInNsaWRlc2hvdyI6IjdjNzgwZGMyIn0%3D\">\n\t\t\t\t\t<div class=\"e-gallery-image elementor-gallery-item__image\" data-thumbnail=\"https:\/\/bio-balkon.de\/wp-content\/uploads\/2020\/12\/IMG_3514_wintergemuese_sauerampfer_rucola_mangold_winterpostelein_fenster-300x225.avif\" data-width=\"300\" data-height=\"225\" aria-label=\"\" role=\"img\" ><\/div>\n\t\t\t\t\t\t\t\t\t\t\t\t\t\t<\/a>\n\t\t\t\t\t\t\t<a class=\"e-gallery-item elementor-gallery-item elementor-animated-content\" href=\"https:\/\/bio-balkon.de\/wp-content\/uploads\/2020\/11\/2.-IMG_3126_wintergemuese_schnee_gruenkohl_vertikalbeet_kalender-1-scaled.avif\" data-elementor-open-lightbox=\"yes\" data-elementor-lightbox-slideshow=\"7c780dc2\" data-elementor-lightbox-title=\"Gr\u00fcnkohl\" data-e-action-hash=\"#elementor-action%3Aaction%3Dlightbox%26settings%3DeyJpZCI6MTY4MzIsInVybCI6Imh0dHBzOlwvXC9iaW8tYmFsa29uLmRlXC93cC1jb250ZW50XC91cGxvYWRzXC8yMDIwXC8xMVwvMi4tSU1HXzMxMjZfd2ludGVyZ2VtdWVzZV9zY2huZWVfZ3J1ZW5rb2hsX3ZlcnRpa2FsYmVldF9rYWxlbmRlci0xLXNjYWxlZC5hdmlmIiwic2xpZGVzaG93IjoiN2M3ODBkYzIifQ%3D%3D\">\n\t\t\t\t\t<div class=\"e-gallery-image elementor-gallery-item__image\" data-thumbnail=\"https:\/\/bio-balkon.de\/wp-content\/uploads\/2020\/11\/2.-IMG_3126_wintergemuese_schnee_gruenkohl_vertikalbeet_kalender-1-300x225.avif\" data-width=\"300\" data-height=\"225\" aria-label=\"\" role=\"img\" ><\/div>\n\t\t\t\t\t\t\t\t\t\t\t\t\t\t<\/a>\n\t\t\t\t\t\t\t<a class=\"e-gallery-item elementor-gallery-item elementor-animated-content\" href=\"https:\/\/bio-balkon.de\/wp-content\/uploads\/2020\/12\/IMG_3841_wintergemuese_sonnenaufgang_asia-salat_mizuna_winterpostelein_fenster-scaled.avif\" data-elementor-open-lightbox=\"yes\" data-elementor-lightbox-slideshow=\"7c780dc2\" data-elementor-lightbox-title=\"Asia-Salat Mizuna\" data-e-action-hash=\"#elementor-action%3Aaction%3Dlightbox%26settings%3DeyJpZCI6MTgyOTYsInVybCI6Imh0dHBzOlwvXC9iaW8tYmFsa29uLmRlXC93cC1jb250ZW50XC91cGxvYWRzXC8yMDIwXC8xMlwvSU1HXzM4NDFfd2ludGVyZ2VtdWVzZV9zb25uZW5hdWZnYW5nX2FzaWEtc2FsYXRfbWl6dW5hX3dpbnRlcnBvc3RlbGVpbl9mZW5zdGVyLXNjYWxlZC5hdmlmIiwic2xpZGVzaG93IjoiN2M3ODBkYzIifQ%3D%3D\">\n\t\t\t\t\t<div class=\"e-gallery-image elementor-gallery-item__image\" data-thumbnail=\"https:\/\/bio-balkon.de\/wp-content\/uploads\/2020\/12\/IMG_3841_wintergemuese_sonnenaufgang_asia-salat_mizuna_winterpostelein_fenster-300x225.avif\" data-width=\"300\" data-height=\"225\" aria-label=\"\" role=\"img\" ><\/div>\n\t\t\t\t\t\t\t\t\t\t\t\t\t\t<\/a>\n\t\t\t\t\t<\/div>\n\t\t\t\t\t<\/div>\n\t\t<div class=\"elementor-element elementor-element-69f5f253 e-con-full e-flex e-con e-child\" data-id=\"69f5f253\" data-element_type=\"container\" data-e-type=\"container\" data-settings=\"{&quot;background_background&quot;:&quot;classic&quot;}\">\n\t\t<div class=\"elementor-element elementor-element-79667e0a e-con-full e-flex e-con e-child\" data-id=\"79667e0a\" data-element_type=\"container\" data-e-type=\"container\">\n\t\t\t\t<div class=\"elementor-element elementor-element-5bed7e68 elementor-widget elementor-widget-heading\" data-id=\"5bed7e68\" data-element_type=\"widget\" data-e-type=\"widget\" data-widget_type=\"heading.default\">\n\t\t\t\t\t<h2 class=\"elementor-heading-title elementor-size-default\">Fragen &amp; Antworten<\/h2>\t\t\t\t<\/div>\n\t\t\t\t<\/div>\n\t\t<div class=\"elementor-element elementor-element-4ea52df9 e-flex e-con-boxed e-con e-child\" data-id=\"4ea52df9\" data-element_type=\"container\" data-e-type=\"container\">\n\t\t\t\t\t<div class=\"e-con-inner\">\n\t\t<div class=\"elementor-element elementor-element-3f16c4bd e-flex e-con-boxed e-con e-child\" data-id=\"3f16c4bd\" data-element_type=\"container\" data-e-type=\"container\">\n\t\t\t\t\t<div class=\"e-con-inner\">\n\t\t\t\t<div class=\"elementor-element elementor-element-55c406f8 elementor-widget elementor-widget-image\" data-id=\"55c406f8\" data-element_type=\"widget\" data-e-type=\"widget\" data-widget_type=\"image.default\">\n\t\t\t\t\t\t\t\t\t\t\t\t\t\t\t<img loading=\"lazy\" decoding=\"async\" width=\"768\" height=\"644\" src=\"https:\/\/bio-balkon.de\/wp-content\/uploads\/2023\/05\/Buch-Genialer-Bio-Balkon-FB-3-768x644.avif\" class=\"attachment-medium_large size-medium_large wp-image-57861\" alt=\"Das 2. Buch der Balkonexpertin Birgit Schattling: &quot;Mein genialer Bio-Balkon. Mit gro\u00dfartigen Pflanzenkombis &amp; DIY-Projekten zu mehr Artenvielfalt und leckerer Ernte&quot;\" srcset=\"https:\/\/bio-balkon.de\/wp-content\/uploads\/2023\/05\/Buch-Genialer-Bio-Balkon-FB-3-768x644.avif 768w, https:\/\/bio-balkon.de\/wp-content\/uploads\/2023\/05\/Buch-Genialer-Bio-Balkon-FB-3-300x251.avif 300w, https:\/\/bio-balkon.de\/wp-content\/uploads\/2023\/05\/Buch-Genialer-Bio-Balkon-FB-3-14x12.avif 14w, https:\/\/bio-balkon.de\/wp-content\/uploads\/2023\/05\/Buch-Genialer-Bio-Balkon-FB-3.avif 940w\" sizes=\"auto, (max-width: 768px) 100vw, 768px\" \/>\t\t\t\t\t\t\t\t\t\t\t\t\t\t\t<\/div>\n\t\t\t\t<div class=\"elementor-element elementor-element-734d636d elementor-widget elementor-widget-image\" data-id=\"734d636d\" data-element_type=\"widget\" data-e-type=\"widget\" data-widget_type=\"image.default\">\n\t\t\t\t\t\t\t\t\t\t\t\t\t\t\t<img loading=\"lazy\" decoding=\"async\" width=\"150\" height=\"150\" src=\"https:\/\/bio-balkon.de\/wp-content\/uploads\/2023\/01\/Natur-im-Garten-Logo-Quadrat-150x150.avif\" class=\"attachment-thumbnail size-thumbnail wp-image-49139\" alt=\"\" srcset=\"https:\/\/bio-balkon.de\/wp-content\/uploads\/2023\/01\/Natur-im-Garten-Logo-Quadrat-150x150.avif 150w, https:\/\/bio-balkon.de\/wp-content\/uploads\/2023\/01\/Natur-im-Garten-Logo-Quadrat-300x300.avif 300w, https:\/\/bio-balkon.de\/wp-content\/uploads\/2023\/01\/Natur-im-Garten-Logo-Quadrat-1024x1024.avif 1024w, https:\/\/bio-balkon.de\/wp-content\/uploads\/2023\/01\/Natur-im-Garten-Logo-Quadrat-768x768.avif 768w, https:\/\/bio-balkon.de\/wp-content\/uploads\/2023\/01\/Natur-im-Garten-Logo-Quadrat.avif 1111w\" sizes=\"auto, (max-width: 150px) 100vw, 150px\" \/>\t\t\t\t\t\t\t\t\t\t\t\t\t\t\t<\/div>\n\t\t\t\t\t<\/div>\n\t\t\t\t<\/div>\n\t\t<div class=\"elementor-element elementor-element-13fb138a e-flex e-con-boxed e-con e-child\" data-id=\"13fb138a\" data-element_type=\"container\" data-e-type=\"container\">\n\t\t\t\t\t<div class=\"e-con-inner\">\n\t\t\t\t<div class=\"elementor-element elementor-element-5fbcc8fe elementor-widget elementor-widget-accordion\" data-id=\"5fbcc8fe\" data-element_type=\"widget\" data-e-type=\"widget\" data-widget_type=\"accordion.default\">\n\t\t\t\t\t\t\t<div class=\"elementor-accordion\">\n\t\t\t\t\t\t\t<div class=\"elementor-accordion-item\">\n\t\t\t\t\t<div id=\"elementor-tab-title-1601\" class=\"elementor-tab-title\" data-tab=\"1\" role=\"button\" aria-controls=\"elementor-tab-content-1601\" aria-expanded=\"false\">\n\t\t\t\t\t\t\t\t\t\t\t\t\t<span class=\"elementor-accordion-icon elementor-accordion-icon-right\" aria-hidden=\"true\">\n\t\t\t\t\t\t\t\t\t\t\t\t\t\t\t<span class=\"elementor-accordion-icon-closed\"><svg class=\"e-font-icon-svg e-fas-chevron-down\" viewBox=\"0 0 448 512\" xmlns=\"http:\/\/www.w3.org\/2000\/svg\"><path d=\"M207.029 381.476L12.686 187.132c-9.373-9.373-9.373-24.569 0-33.941l22.667-22.667c9.357-9.357 24.522-9.375 33.901-.04L224 284.505l154.745-154.021c9.379-9.335 24.544-9.317 33.901.04l22.667 22.667c9.373 9.373 9.373 24.569 0 33.941L240.971 381.476c-9.373 9.372-24.569 9.372-33.942 0z\"><\/path><\/svg><\/span>\n\t\t\t\t\t\t\t\t<span class=\"elementor-accordion-icon-opened\"><svg class=\"e-font-icon-svg e-fas-chevron-up\" viewBox=\"0 0 448 512\" xmlns=\"http:\/\/www.w3.org\/2000\/svg\"><path d=\"M240.971 130.524l194.343 194.343c9.373 9.373 9.373 24.569 0 33.941l-22.667 22.667c-9.357 9.357-24.522 9.375-33.901.04L224 227.495 69.255 381.516c-9.379 9.335-24.544 9.317-33.901-.04l-22.667-22.667c-9.373-9.373-9.373-24.569 0-33.941L207.03 130.525c9.372-9.373 24.568-9.373 33.941-.001z\"><\/path><\/svg><\/span>\n\t\t\t\t\t\t\t\t\t\t\t\t\t\t<\/span>\n\t\t\t\t\t\t\t\t\t\t\t\t<a class=\"elementor-accordion-title\" tabindex=\"0\">Wann und wo findet der Kongress statt?<\/a>\n\t\t\t\t\t<\/div>\n\t\t\t\t\t<div id=\"elementor-tab-content-1601\" class=\"elementor-tab-content elementor-clearfix\" data-tab=\"1\" role=\"region\" aria-labelledby=\"elementor-tab-title-1601\"><p>Der Kongress findet online bequem bei Dir zu Hause statt. Im Zeitraum vom <strong>15. bis 29. M\u00e4rz 2024<\/strong>\u00a0erh\u00e4ltst Du t\u00e4glich eine E-Mail mit den Zugangs-Links zu den jeweiligen Interviews.\u00a0<\/p><p><strong>Du kannst Dir jedes Interview im 48 Stunden Zeitraum entspannt und kostenfrei am Computer, Handy, Laptop oder Tablet anschauen. <\/strong><\/p><p><strong>Erfahrungsaustausch gew\u00fcnscht: Unter jedem Beitrag ist die Kommentarfunktion freigeschaltet. Du hast die M\u00f6glichkeit, mit anderen Kongressteilnehmern sowie den Experten und Praktikern in Austausch zu gehen - die meisten Experten und Praktiker werden draufschauen, um uns zu unterst\u00fctzen!<\/strong><\/p><\/div>\n\t\t\t\t<\/div>\n\t\t\t\t\t\t\t<div class=\"elementor-accordion-item\">\n\t\t\t\t\t<div id=\"elementor-tab-title-1602\" class=\"elementor-tab-title\" data-tab=\"2\" role=\"button\" aria-controls=\"elementor-tab-content-1602\" aria-expanded=\"false\">\n\t\t\t\t\t\t\t\t\t\t\t\t\t<span class=\"elementor-accordion-icon elementor-accordion-icon-right\" aria-hidden=\"true\">\n\t\t\t\t\t\t\t\t\t\t\t\t\t\t\t<span class=\"elementor-accordion-icon-closed\"><svg class=\"e-font-icon-svg e-fas-chevron-down\" viewBox=\"0 0 448 512\" xmlns=\"http:\/\/www.w3.org\/2000\/svg\"><path d=\"M207.029 381.476L12.686 187.132c-9.373-9.373-9.373-24.569 0-33.941l22.667-22.667c9.357-9.357 24.522-9.375 33.901-.04L224 284.505l154.745-154.021c9.379-9.335 24.544-9.317 33.901.04l22.667 22.667c9.373 9.373 9.373 24.569 0 33.941L240.971 381.476c-9.373 9.372-24.569 9.372-33.942 0z\"><\/path><\/svg><\/span>\n\t\t\t\t\t\t\t\t<span class=\"elementor-accordion-icon-opened\"><svg class=\"e-font-icon-svg e-fas-chevron-up\" viewBox=\"0 0 448 512\" xmlns=\"http:\/\/www.w3.org\/2000\/svg\"><path d=\"M240.971 130.524l194.343 194.343c9.373 9.373 9.373 24.569 0 33.941l-22.667 22.667c-9.357 9.357-24.522 9.375-33.901.04L224 227.495 69.255 381.516c-9.379 9.335-24.544 9.317-33.901-.04l-22.667-22.667c-9.373-9.373-9.373-24.569 0-33.941L207.03 130.525c9.372-9.373 24.568-9.373 33.941-.001z\"><\/path><\/svg><\/span>\n\t\t\t\t\t\t\t\t\t\t\t\t\t\t<\/span>\n\t\t\t\t\t\t\t\t\t\t\t\t<a class=\"elementor-accordion-title\" tabindex=\"0\">Ist die Teilnahme wirklich kostenlos?<\/a>\n\t\t\t\t\t<\/div>\n\t\t\t\t\t<div id=\"elementor-tab-content-1602\" class=\"elementor-tab-content elementor-clearfix\" data-tab=\"2\" role=\"region\" aria-labelledby=\"elementor-tab-title-1602\"><p>Ja, die Teilnahme ist 100 % kostenlos! Du hast aber die M\u00f6glichkeit, das Kongresspaket mit allen Interviews f\u00fcr einen geringen Preis zu kaufen und Dir so alle wichtigen Inhalte zu sichern, um diese \u00fcber den Mitgliederbereich oder \u00fcber Download mehrfach anzuschauen. Im <strong>Newsletter<\/strong>&nbsp;erh\u00e4ltst Du dazu&nbsp;<strong>noch genaue Informationen<\/strong> \u2013 auch zu den bevorstehenden <strong>Aktionspreisen.<\/strong><\/p><\/div>\n\t\t\t\t<\/div>\n\t\t\t\t\t\t\t<div class=\"elementor-accordion-item\">\n\t\t\t\t\t<div id=\"elementor-tab-title-1603\" class=\"elementor-tab-title\" data-tab=\"3\" role=\"button\" aria-controls=\"elementor-tab-content-1603\" aria-expanded=\"false\">\n\t\t\t\t\t\t\t\t\t\t\t\t\t<span class=\"elementor-accordion-icon elementor-accordion-icon-right\" aria-hidden=\"true\">\n\t\t\t\t\t\t\t\t\t\t\t\t\t\t\t<span class=\"elementor-accordion-icon-closed\"><svg class=\"e-font-icon-svg e-fas-chevron-down\" viewBox=\"0 0 448 512\" xmlns=\"http:\/\/www.w3.org\/2000\/svg\"><path d=\"M207.029 381.476L12.686 187.132c-9.373-9.373-9.373-24.569 0-33.941l22.667-22.667c9.357-9.357 24.522-9.375 33.901-.04L224 284.505l154.745-154.021c9.379-9.335 24.544-9.317 33.901.04l22.667 22.667c9.373 9.373 9.373 24.569 0 33.941L240.971 381.476c-9.373 9.372-24.569 9.372-33.942 0z\"><\/path><\/svg><\/span>\n\t\t\t\t\t\t\t\t<span class=\"elementor-accordion-icon-opened\"><svg class=\"e-font-icon-svg e-fas-chevron-up\" viewBox=\"0 0 448 512\" xmlns=\"http:\/\/www.w3.org\/2000\/svg\"><path d=\"M240.971 130.524l194.343 194.343c9.373 9.373 9.373 24.569 0 33.941l-22.667 22.667c-9.357 9.357-24.522 9.375-33.901.04L224 227.495 69.255 381.516c-9.379 9.335-24.544 9.317-33.901-.04l-22.667-22.667c-9.373-9.373-9.373-24.569 0-33.941L207.03 130.525c9.372-9.373 24.568-9.373 33.941-.001z\"><\/path><\/svg><\/span>\n\t\t\t\t\t\t\t\t\t\t\t\t\t\t<\/span>\n\t\t\t\t\t\t\t\t\t\t\t\t<a class=\"elementor-accordion-title\" tabindex=\"0\">Finde ich die Interviews auch woanders?<\/a>\n\t\t\t\t\t<\/div>\n\t\t\t\t\t<div id=\"elementor-tab-content-1603\" class=\"elementor-tab-content elementor-clearfix\" data-tab=\"3\" role=\"region\" aria-labelledby=\"elementor-tab-title-1603\"><p>Nein. Die vollst\u00e4ndigen Experteninterviews und Frage-Antwort-Runden sind exklusiv und ausschlie\u00dflich hier im Rahmen dieses Kongresses zu sehen. Eine Anmeldung zum Kongress mit Mailadresse ist ausreichend.<\/p><\/div>\n\t\t\t\t<\/div>\n\t\t\t\t\t\t\t<div class=\"elementor-accordion-item\">\n\t\t\t\t\t<div id=\"elementor-tab-title-1604\" class=\"elementor-tab-title\" data-tab=\"4\" role=\"button\" aria-controls=\"elementor-tab-content-1604\" aria-expanded=\"false\">\n\t\t\t\t\t\t\t\t\t\t\t\t\t<span class=\"elementor-accordion-icon elementor-accordion-icon-right\" aria-hidden=\"true\">\n\t\t\t\t\t\t\t\t\t\t\t\t\t\t\t<span class=\"elementor-accordion-icon-closed\"><svg class=\"e-font-icon-svg e-fas-chevron-down\" viewBox=\"0 0 448 512\" xmlns=\"http:\/\/www.w3.org\/2000\/svg\"><path d=\"M207.029 381.476L12.686 187.132c-9.373-9.373-9.373-24.569 0-33.941l22.667-22.667c9.357-9.357 24.522-9.375 33.901-.04L224 284.505l154.745-154.021c9.379-9.335 24.544-9.317 33.901.04l22.667 22.667c9.373 9.373 9.373 24.569 0 33.941L240.971 381.476c-9.373 9.372-24.569 9.372-33.942 0z\"><\/path><\/svg><\/span>\n\t\t\t\t\t\t\t\t<span class=\"elementor-accordion-icon-opened\"><svg class=\"e-font-icon-svg e-fas-chevron-up\" viewBox=\"0 0 448 512\" xmlns=\"http:\/\/www.w3.org\/2000\/svg\"><path d=\"M240.971 130.524l194.343 194.343c9.373 9.373 9.373 24.569 0 33.941l-22.667 22.667c-9.357 9.357-24.522 9.375-33.901.04L224 227.495 69.255 381.516c-9.379 9.335-24.544 9.317-33.901-.04l-22.667-22.667c-9.373-9.373-9.373-24.569 0-33.941L207.03 130.525c9.372-9.373 24.568-9.373 33.941-.001z\"><\/path><\/svg><\/span>\n\t\t\t\t\t\t\t\t\t\t\t\t\t\t<\/span>\n\t\t\t\t\t\t\t\t\t\t\t\t<a class=\"elementor-accordion-title\" tabindex=\"0\">Kann ich die Interviews downloaden?<\/a>\n\t\t\t\t\t<\/div>\n\t\t\t\t\t<div id=\"elementor-tab-content-1604\" class=\"elementor-tab-content elementor-clearfix\" data-tab=\"4\" role=\"region\" aria-labelledby=\"elementor-tab-title-1604\"><p>Ja! Wenn Du Dir die Interviews als Download (Video und auch Audio) sichern m\u00f6chtest, kannst Du jederzeit das Kongresspaket kaufen. <b>\u00dcber den t\u00e4glichen Newsletter<\/b> bekommst Du immer frisch alle Termine und Hinweise, erf\u00e4hrst Du alles zu Live-Workshops und exklusiven Vorteilen.<\/p><\/div>\n\t\t\t\t<\/div>\n\t\t\t\t\t\t\t<div class=\"elementor-accordion-item\">\n\t\t\t\t\t<div id=\"elementor-tab-title-1605\" class=\"elementor-tab-title\" data-tab=\"5\" role=\"button\" aria-controls=\"elementor-tab-content-1605\" aria-expanded=\"false\">\n\t\t\t\t\t\t\t\t\t\t\t\t\t<span class=\"elementor-accordion-icon elementor-accordion-icon-right\" aria-hidden=\"true\">\n\t\t\t\t\t\t\t\t\t\t\t\t\t\t\t<span class=\"elementor-accordion-icon-closed\"><svg class=\"e-font-icon-svg e-fas-chevron-down\" viewBox=\"0 0 448 512\" xmlns=\"http:\/\/www.w3.org\/2000\/svg\"><path d=\"M207.029 381.476L12.686 187.132c-9.373-9.373-9.373-24.569 0-33.941l22.667-22.667c9.357-9.357 24.522-9.375 33.901-.04L224 284.505l154.745-154.021c9.379-9.335 24.544-9.317 33.901.04l22.667 22.667c9.373 9.373 9.373 24.569 0 33.941L240.971 381.476c-9.373 9.372-24.569 9.372-33.942 0z\"><\/path><\/svg><\/span>\n\t\t\t\t\t\t\t\t<span class=\"elementor-accordion-icon-opened\"><svg class=\"e-font-icon-svg e-fas-chevron-up\" viewBox=\"0 0 448 512\" xmlns=\"http:\/\/www.w3.org\/2000\/svg\"><path d=\"M240.971 130.524l194.343 194.343c9.373 9.373 9.373 24.569 0 33.941l-22.667 22.667c-9.357 9.357-24.522 9.375-33.901.04L224 227.495 69.255 381.516c-9.379 9.335-24.544 9.317-33.901-.04l-22.667-22.667c-9.373-9.373-9.373-24.569 0-33.941L207.03 130.525c9.372-9.373 24.568-9.373 33.941-.001z\"><\/path><\/svg><\/span>\n\t\t\t\t\t\t\t\t\t\t\t\t\t\t<\/span>\n\t\t\t\t\t\t\t\t\t\t\t\t<a class=\"elementor-accordion-title\" tabindex=\"0\">Schwierigkeiten bei der Anmeldung?<\/a>\n\t\t\t\t\t<\/div>\n\t\t\t\t\t<div id=\"elementor-tab-content-1605\" class=\"elementor-tab-content elementor-clearfix\" data-tab=\"5\" role=\"region\" aria-labelledby=\"elementor-tab-title-1605\"><p>Solltest Du nach der Anmeldung KEINE Best\u00e4tigungsmail erhalten haben (schaue auch im SPAM-Ordner), dann versuche die Anmeldung mit einer anderen Mailadresse. Bei <strong>web.de<\/strong>,<strong> t-online.de<\/strong>, <strong>gmail.com<\/strong>, <strong>googlemail.com<\/strong>, <strong>gmx.at\/de<\/strong> und <strong>bluewin.ch<\/strong> gibt es aufgrund von deren Servereinstellungen Zustellprobleme bei den Kongressmails, auf die wir keinen Einfluss haben.<\/p><p><strong>Wenn die Anmeldung mit keiner Deiner Mailadressen funktioniert, dann melde Dich \u00fcber das Kontaktformular oder per Mail an support@bio-balkon.de. <\/strong>Wir schicken Dir dann verl\u00e4sslich alles per Hand pers\u00f6nlich zu, damit Du nichts verpasst!\u00a0<\/p><\/div>\n\t\t\t\t<\/div>\n\t\t\t\t\t\t\t<div class=\"elementor-accordion-item\">\n\t\t\t\t\t<div id=\"elementor-tab-title-1606\" class=\"elementor-tab-title\" data-tab=\"6\" role=\"button\" aria-controls=\"elementor-tab-content-1606\" aria-expanded=\"false\">\n\t\t\t\t\t\t\t\t\t\t\t\t\t<span class=\"elementor-accordion-icon elementor-accordion-icon-right\" aria-hidden=\"true\">\n\t\t\t\t\t\t\t\t\t\t\t\t\t\t\t<span class=\"elementor-accordion-icon-closed\"><svg class=\"e-font-icon-svg e-fas-chevron-down\" viewBox=\"0 0 448 512\" xmlns=\"http:\/\/www.w3.org\/2000\/svg\"><path d=\"M207.029 381.476L12.686 187.132c-9.373-9.373-9.373-24.569 0-33.941l22.667-22.667c9.357-9.357 24.522-9.375 33.901-.04L224 284.505l154.745-154.021c9.379-9.335 24.544-9.317 33.901.04l22.667 22.667c9.373 9.373 9.373 24.569 0 33.941L240.971 381.476c-9.373 9.372-24.569 9.372-33.942 0z\"><\/path><\/svg><\/span>\n\t\t\t\t\t\t\t\t<span class=\"elementor-accordion-icon-opened\"><svg class=\"e-font-icon-svg e-fas-chevron-up\" viewBox=\"0 0 448 512\" xmlns=\"http:\/\/www.w3.org\/2000\/svg\"><path d=\"M240.971 130.524l194.343 194.343c9.373 9.373 9.373 24.569 0 33.941l-22.667 22.667c-9.357 9.357-24.522 9.375-33.901.04L224 227.495 69.255 381.516c-9.379 9.335-24.544 9.317-33.901-.04l-22.667-22.667c-9.373-9.373-9.373-24.569 0-33.941L207.03 130.525c9.372-9.373 24.568-9.373 33.941-.001z\"><\/path><\/svg><\/span>\n\t\t\t\t\t\t\t\t\t\t\t\t\t\t<\/span>\n\t\t\t\t\t\t\t\t\t\t\t\t<a class=\"elementor-accordion-title\" tabindex=\"0\">Ich bekomme keine E-Mails?<\/a>\n\t\t\t\t\t<\/div>\n\t\t\t\t\t<div id=\"elementor-tab-content-1606\" class=\"elementor-tab-content elementor-clearfix\" data-tab=\"6\" role=\"region\" aria-labelledby=\"elementor-tab-title-1606\"><p>Manchmal landen E-Mails im Spamordner. Bitte schau in Deinem Spamordner nach und f\u00fcge mich zu Deinen Adressen dazu, um dies f\u00fcr die Zukunft zu verhindern.\u00a0<\/p><p>Manchmal werden E-Mails aber auch vom Provider aus verschieden Gr\u00fcnden nicht ausgeliefert. Darauf habe ich leider keinen Einfluss<\/p><p>Falls Du also keine E-Mails bekommst, dann bitte ich Dich, bei mir zu melden. Ich werde Dir die Mails dann per Hand zusenden.<\/p><\/div>\n\t\t\t\t<\/div>\n\t\t\t\t\t\t\t\t<\/div>\n\t\t\t\t\t\t<\/div>\n\t\t\t\t\t<\/div>\n\t\t\t\t<\/div>\n\t\t\t\t\t<\/div>\n\t\t\t\t<\/div>\n\t\t\t\t<\/div>\n\t\t<div class=\"elementor-element elementor-element-3f185f6f e-con-full e-flex e-con e-child\" data-id=\"3f185f6f\" data-element_type=\"container\" data-e-type=\"container\" data-settings=\"{&quot;background_background&quot;:&quot;gradient&quot;}\">\n\t\t<div class=\"elementor-element elementor-element-4e2a1bd6 e-flex e-con-boxed e-con e-child\" data-id=\"4e2a1bd6\" data-element_type=\"container\" data-e-type=\"container\">\n\t\t\t\t\t<div class=\"e-con-inner\">\n\t\t\t\t<div class=\"elementor-element elementor-element-6e732532 animated-fast elementor-invisible elementor-widget elementor-widget-image\" data-id=\"6e732532\" data-element_type=\"widget\" data-e-type=\"widget\" data-settings=\"{&quot;_animation&quot;:&quot;slideInRight&quot;,&quot;_animation_delay&quot;:0}\" data-widget_type=\"image.default\">\n\t\t\t\t\t\t\t\t\t\t\t\t\t\t\t<img loading=\"lazy\" decoding=\"async\" width=\"300\" height=\"300\" src=\"https:\/\/bio-balkon.de\/wp-content\/uploads\/2020\/05\/favicon-tomate-300x300.avif\" class=\"attachment-medium size-medium wp-image-12188\" alt=\"\" srcset=\"https:\/\/bio-balkon.de\/wp-content\/uploads\/2020\/05\/favicon-tomate-300x300.avif 300w, https:\/\/bio-balkon.de\/wp-content\/uploads\/2020\/05\/favicon-tomate-150x150.avif 150w, https:\/\/bio-balkon.de\/wp-content\/uploads\/2020\/05\/favicon-tomate-12x12.png 12w, https:\/\/bio-balkon.de\/wp-content\/uploads\/2020\/05\/favicon-tomate.avif 512w\" sizes=\"auto, (max-width: 300px) 100vw, 300px\" \/>\t\t\t\t\t\t\t\t\t\t\t\t\t\t\t<\/div>\n\t\t\t\t<div class=\"elementor-element elementor-element-13c69dbf elementor-widget elementor-widget-heading\" data-id=\"13c69dbf\" data-element_type=\"widget\" data-e-type=\"widget\" data-widget_type=\"heading.default\">\n\t\t\t\t\t<h2 class=\"elementor-heading-title elementor-size-default\">Mein genialer Bio-Balkon. Jede Blu\u0308te, jeder Meter za\u0308hlt!<\/h2>\t\t\t\t<\/div>\n\t\t\t\t<div class=\"elementor-element elementor-element-7ffa3c8e elementor-widget elementor-widget-text-editor\" data-id=\"7ffa3c8e\" data-element_type=\"widget\" data-e-type=\"widget\" data-widget_type=\"text-editor.default\">\n\t\t\t\t\t\t\t\t\t<p>Erfahre von den 30+ Expert:innen, wie Du konkret in die Umsetzung kommst! Der Kongress ist f\u00fcr Dich, Deine Selbsterm\u00e4chtigung &#8211; egal ob Du einen Balkon oder sogar nur Fensterbretter in der Stadt oder einen kleinen Garten mit Terrasse hast.\u00a0<\/p>\t\t\t\t\t\t\t\t<\/div>\n\t\t\t\t<div class=\"elementor-element elementor-element-111ab380 elementor-widget elementor-widget-heading\" data-id=\"111ab380\" data-element_type=\"widget\" data-e-type=\"widget\" data-widget_type=\"heading.default\">\n\t\t\t\t\t<h2 class=\"elementor-heading-title elementor-size-default\">Jetzt kostenlos anmelden!<\/h2>\t\t\t\t<\/div>\n\t\t\t\t<div class=\"elementor-element elementor-element-db5f9ee elementor-button-align-stretch elementor-widget elementor-widget-form\" data-id=\"db5f9ee\" data-element_type=\"widget\" data-e-type=\"widget\" data-settings=\"{&quot;step_next_label&quot;:&quot;N\\u00e4chster&quot;,&quot;step_previous_label&quot;:&quot;Voriger&quot;,&quot;button_width&quot;:&quot;100&quot;,&quot;step_type&quot;:&quot;number_text&quot;,&quot;step_icon_shape&quot;:&quot;circle&quot;}\" data-widget_type=\"form.default\">\n\t\t\t\t\t\t\t<form class=\"elementor-form\" method=\"post\" name=\"Neues Formular\" aria-label=\"Neues Formular\">\n\t\t\t<input type=\"hidden\" name=\"post_id\" value=\"62749\"\/>\n\t\t\t<input type=\"hidden\" name=\"form_id\" value=\"db5f9ee\"\/>\n\t\t\t<input type=\"hidden\" name=\"referer_title\" value=\"\" \/>\n\n\t\t\t\n\t\t\t<div class=\"elementor-form-fields-wrapper elementor-labels-\">\n\t\t\t\t\t\t\t\t<div class=\"elementor-field-type-text elementor-field-group elementor-column elementor-field-group-name elementor-col-50\">\n\t\t\t\t\t\t\t\t\t\t\t\t<label for=\"form-field-name\" class=\"elementor-field-label elementor-screen-only\">\n\t\t\t\t\t\t\t\tVorname\t\t\t\t\t\t\t<\/label>\n\t\t\t\t\t\t\t\t\t\t\t\t\t\t<input size=\"1\" type=\"text\" name=\"form_fields[name]\" id=\"form-field-name\" class=\"elementor-field elementor-size-md  elementor-field-textual\" placeholder=\"Vorname (optional)\">\n\t\t\t\t\t\t\t\t\t\t\t<\/div>\n\t\t\t\t\t\t\t\t<div class=\"elementor-field-type-email elementor-field-group elementor-column elementor-field-group-email elementor-col-50 elementor-field-required\">\n\t\t\t\t\t\t\t\t\t\t\t\t<label for=\"form-field-email\" class=\"elementor-field-label elementor-screen-only\">\n\t\t\t\t\t\t\t\tE-Mail\t\t\t\t\t\t\t<\/label>\n\t\t\t\t\t\t\t\t\t\t\t\t\t\t<input size=\"1\" type=\"email\" name=\"form_fields[email]\" id=\"form-field-email\" class=\"elementor-field elementor-size-md  elementor-field-textual\" placeholder=\"E-Mail-Adresse\" required=\"required\">\n\t\t\t\t\t\t\t\t\t\t\t<\/div>\n\t\t\t\t\t\t\t\t<div class=\"elementor-field-group elementor-column elementor-field-type-submit elementor-col-100 e-form__buttons\">\n\t\t\t\t\t<button class=\"elementor-button elementor-size-lg\" type=\"submit\">\n\t\t\t\t\t\t<span class=\"elementor-button-content-wrapper\">\n\t\t\t\t\t\t\t\t\t\t\t\t\t\t\t\t\t\t\t\t\t\t<span class=\"elementor-button-text\">Erfahre, wie Du  konkret in die Umsetzung kommst!<\/span>\n\t\t\t\t\t\t\t\t\t\t\t\t\t<\/span>\n\t\t\t\t\t<\/button>\n\t\t\t\t<\/div>\n\t\t\t<\/div>\n\t\t<\/form>\n\t\t\t\t\t\t<\/div>\n\t\t\t\t<div class=\"elementor-element elementor-element-25daaf2b elementor-widget elementor-widget-text-editor\" data-id=\"25daaf2b\" data-element_type=\"widget\" data-e-type=\"widget\" data-widget_type=\"text-editor.default\">\n\t\t\t\t\t\t\t\t\t<p><span style=\"color: #000000;\">Die Eintragung erfolgt im Rahmen der <a style=\"color: #000000;\" href=\"https:\/\/bio-balkon.de\/datenschutzerklaerung\/\" target=\"_blank\" rel=\"noopener\">Datenschutzerkl\u00e4rung<\/a>.<\/span><\/p>\t\t\t\t\t\t\t\t<\/div>\n\t\t\t\t\t<\/div>\n\t\t\t\t<\/div>\n\t\t\t\t<\/div>\n\t\t\t\t<\/div>\n\t\t\t\t\t<\/div>\n\t\t\t\t<\/div>\n\t\t\t\t<\/div>\n\t\t\t\t<\/div>\n\t\t\t\t\t\t<\/div>\n\t\t\t\t<\/div>\n\t\t\t\t\t<\/div>\n\t\t\t\t<\/div>\n\t\t\t\t<\/div>\n\t\t","protected":false},"excerpt":{"rendered":"<p>Gra\u00adtis Pra\u00adxis\u00adtipps zu lecke\u00adrer gesun\u00adder Ern\u00adte und mehr Arten\u00adviel\u00adfalt beim 14. ONLINE BIO-BALKON KONGRESS VOM 28. \u2013 29. M\u00c4RZ 2024 \u201eMein genia\u00adler Bio-Bal\u00adkon\u201c.<\/p>","protected":false},"author":5,"featured_media":64122,"parent":0,"menu_order":89,"comment_status":"closed","ping_status":"closed","template":"","meta":{"_acf_changed":false,"wp_typography_post_enhancements_disabled":false,"footnotes":""},"class_list":["post-61391","page","type-page","status-publish","has-post-thumbnail","hentry"],"acf":[],"_links":{"self":[{"href":"https:\/\/bio-balkon.de\/en\/wp-json\/wp\/v2\/pages\/61391","targetHints":{"allow":["GET"]}}],"collection":[{"href":"https:\/\/bio-balkon.de\/en\/wp-json\/wp\/v2\/pages"}],"about":[{"href":"https:\/\/bio-balkon.de\/en\/wp-json\/wp\/v2\/types\/page"}],"author":[{"embeddable":true,"href":"https:\/\/bio-balkon.de\/en\/wp-json\/wp\/v2\/users\/5"}],"replies":[{"embeddable":true,"href":"https:\/\/bio-balkon.de\/en\/wp-json\/wp\/v2\/comments?post=61391"}],"version-history":[{"count":0,"href":"https:\/\/bio-balkon.de\/en\/wp-json\/wp\/v2\/pages\/61391\/revisions"}],"wp:featuredmedia":[{"embeddable":true,"href":"https:\/\/bio-balkon.de\/en\/wp-json\/wp\/v2\/media\/64122"}],"wp:attachment":[{"href":"https:\/\/bio-balkon.de\/en\/wp-json\/wp\/v2\/media?parent=61391"}],"curies":[{"name":"wp","href":"https:\/\/api.w.org\/{rel}","templated":true}]}}