{"id":15,"date":"2020-05-01T16:39:50","date_gmt":"2020-05-01T14:39:50","guid":{"rendered":"https:\/\/bio-balkon.de\/?page_id=15"},"modified":"2025-10-17T20:26:07","modified_gmt":"2025-10-17T18:26:07","slug":"blog","status":"publish","type":"page","link":"https:\/\/bio-balkon.de\/en\/blog\/","title":{"rendered":"Blog"},"content":{"rendered":"<div data-elementor-type=\"wp-page\" data-elementor-id=\"15\" class=\"elementor elementor-15\" data-elementor-post-type=\"page\">\n\t\t\t\t<div class=\"elementor-element elementor-element-cd5f646 e-flex e-con-boxed e-con e-parent\" data-id=\"cd5f646\" data-element_type=\"container\" data-e-type=\"container\" data-settings=\"{&quot;background_background&quot;:&quot;classic&quot;}\">\n\t\t\t\t\t<div class=\"e-con-inner\">\n\t\t\t\t<div class=\"elementor-element elementor-element-1337be5 elementor-widget elementor-widget-heading\" data-id=\"1337be5\" data-element_type=\"widget\" data-e-type=\"widget\" data-widget_type=\"heading.default\">\n\t\t\t\t\t<h1 class=\"elementor-heading-title elementor-size-default\">Blog<\/h1>\t\t\t\t<\/div>\n\t\t\t\t<div class=\"elementor-element elementor-element-6a6a0c7 elementor-widget__width-initial elementor-widget elementor-widget-text-editor\" data-id=\"6a6a0c7\" data-element_type=\"widget\" data-e-type=\"widget\" data-widget_type=\"text-editor.default\">\n\t\t\t\t\t\t\t\t\tWel\u00adco\u00adme to the blog for self-suf\u00adfi\u00adci\u00aden\u00adcy from bal\u00adc\u00ado\u00adny and win\u00addows\u00adill, plus insect-fri\u00adend\u00adly. Tips on how you can har\u00adve\u00adst vital orga\u00adnic herbs, fruit and vege\u00adta\u00adbles all year round and inex\u00adpen\u00adsi\u00adve\u00adly in harm\u00ado\u00adny with natu\u00adre in per\u00adma\u00adcul\u00adtu\u00adre and expe\u00adri\u00adence natu\u00adre in the midd\u00adle of the city to be healt\u00adhy.\t\t\t\t\t\t\t\t<\/div>\n\t\t\t\t<div class=\"elementor-element elementor-element-0a5d6ae elementor-posts__hover-none elementor-grid-tablet-1 elementor-grid-3 elementor-grid-mobile-1 elementor-posts--thumbnail-top elementor-widget elementor-widget-posts\" data-id=\"0a5d6ae\" data-element_type=\"widget\" data-e-type=\"widget\" data-settings=\"{&quot;pagination_type&quot;:&quot;numbers&quot;,&quot;cards_row_gap&quot;:{&quot;unit&quot;:&quot;px&quot;,&quot;size&quot;:24,&quot;sizes&quot;:[]},&quot;cards_row_gap_mobile&quot;:{&quot;unit&quot;:&quot;px&quot;,&quot;size&quot;:20,&quot;sizes&quot;:[]},&quot;cards_columns_tablet&quot;:&quot;1&quot;,&quot;cards_columns&quot;:&quot;3&quot;,&quot;cards_columns_mobile&quot;:&quot;1&quot;,&quot;cards_row_gap_tablet&quot;:{&quot;unit&quot;:&quot;px&quot;,&quot;size&quot;:&quot;&quot;,&quot;sizes&quot;:[]}}\" data-widget_type=\"posts.cards\">\n\t\t\t\t<div class=\"elementor-widget-container\">\n\t\t\t\t\t\t\t<div class=\"elementor-posts-container elementor-posts elementor-posts--skin-cards elementor-grid\" role=\"list\">\n\t\t\t\t<article class=\"elementor-post elementor-grid-item post-7196 post type-post status-publish format-standard has-post-thumbnail hentry category-allgemein category-balkonjahr category-gemuese category-grundlagen-besonders-fuer-einsteiger category-klimawandel category-nachhaltigkeit category-obst category-stadtnatur\" role=\"listitem\">\n\t\t\t<div class=\"elementor-post__card\">\n\t\t\t\t<a class=\"elementor-post__thumbnail__link\" href=\"https:\/\/bio-balkon.de\/en\/balkon-im-mai\/\" tabindex=\"-1\"><div class=\"elementor-post__thumbnail\"><img loading=\"lazy\" decoding=\"async\" width=\"768\" height=\"576\" src=\"https:\/\/bio-balkon.de\/wp-content\/uploads\/2020\/05\/P1250902-samen-aussaat-radieschen-masu-768x576.avif\" class=\"attachment-medium_large size-medium_large wp-image-8127\" alt srcset=\"https:\/\/bio-balkon.de\/wp-content\/uploads\/2020\/05\/P1250902-samen-aussaat-radieschen-masu-768x576.avif 768w, https:\/\/bio-balkon.de\/wp-content\/uploads\/2020\/05\/P1250902-samen-aussaat-radieschen-masu-300x225.avif 300w, https:\/\/bio-balkon.de\/wp-content\/uploads\/2020\/05\/P1250902-samen-aussaat-radieschen-masu-1024x768.avif 1024w, https:\/\/bio-balkon.de\/wp-content\/uploads\/2020\/05\/P1250902-samen-aussaat-radieschen-masu-1536x1152.avif 1536w, https:\/\/bio-balkon.de\/wp-content\/uploads\/2020\/05\/P1250902-samen-aussaat-radieschen-masu-16x12.avif 16w, https:\/\/bio-balkon.de\/wp-content\/uploads\/2020\/05\/P1250902-samen-aussaat-radieschen-masu-1320x990.avif 1320w, https:\/\/bio-balkon.de\/wp-content\/uploads\/2020\/05\/P1250902-samen-aussaat-radieschen-masu.avif 1920w\" sizes=\"auto, (max-width: 768px) 100vw, 768px\"><\/div><\/a>\n\t\t\t\t<div class=\"elementor-post__text\">\n\t\t\t\t<h3 class=\"elementor-post__title\">\n\t\t\t<a href=\"https:\/\/bio-balkon.de\/en\/balkon-im-mai\/\">\n\t\t\t\tBal\u00adc\u00ado\u00adny in May \u2014 oppor\u00adtu\u00adni\u00adties for har\u00adve\u00ads\u00adt\u00ading hap\u00adpi\u00adness and expe\u00adri\u00aden\u00adcing natu\u00adre\t\t\t<\/a>\n\t\t<\/h3>\n\t\t\t\t<div class=\"elementor-post__excerpt\">\n\t\t\t<p>Now is the time to sow and plant. Read on to find out what can be sown and plan\u00adted on the bal\u00adc\u00ado\u00adny in May. This list is long. This month is very important for a suc\u00adcessful har\u00adve\u00adst. What tasks are due in May?<\/p>\n\t\t<\/div>\n\t\t\t\t\t<div class=\"elementor-post__read-more-wrapper\">\n\t\t\n\t\t<a class=\"elementor-post__read-more\" href=\"https:\/\/bio-balkon.de\/en\/balkon-im-mai\/\" aria-label=\"Read more about Balkon im Mai \u2013 Chancen f\u00fcr Erntegl\u00fcck und Naturerlebnis\" tabindex=\"-1\">\n\t\t\tRead more \u201d\t\t<\/a>\n\n\t\t\t\t\t<\/div>\n\t\t\t\t<\/div>\n\t\t\t\t\t<\/div>\n\t\t<\/article>\n\t\t\t\t<article class=\"elementor-post elementor-grid-item post-6753 post type-post status-publish format-standard has-post-thumbnail hentry category-uncategorized\" role=\"listitem\">\n\t\t\t<div class=\"elementor-post__card\">\n\t\t\t\t<a class=\"elementor-post__thumbnail__link\" href=\"https:\/\/bio-balkon.de\/en\/balkontipps-april-chancen-fuer-ernteglueck-und-naturerlebnis\/\" tabindex=\"-1\"><div class=\"elementor-post__thumbnail\"><img loading=\"lazy\" decoding=\"async\" width=\"768\" height=\"292\" src=\"https:\/\/bio-balkon.de\/wp-content\/uploads\/2023\/04\/Naschbalkon-Cover-FB-768x292.avif\" class=\"attachment-medium_large size-medium_large wp-image-54895\" alt srcset=\"https:\/\/bio-balkon.de\/wp-content\/uploads\/2023\/04\/Naschbalkon-Cover-FB-768x292.avif 768w, https:\/\/bio-balkon.de\/wp-content\/uploads\/2023\/04\/Naschbalkon-Cover-FB-300x114.avif 300w, https:\/\/bio-balkon.de\/wp-content\/uploads\/2023\/04\/Naschbalkon-Cover-FB-18x7.avif 18w, https:\/\/bio-balkon.de\/wp-content\/uploads\/2023\/04\/Naschbalkon-Cover-FB.avif 820w\" sizes=\"auto, (max-width: 768px) 100vw, 768px\"><\/div><\/a>\n\t\t\t\t<div class=\"elementor-post__text\">\n\t\t\t\t<h3 class=\"elementor-post__title\">\n\t\t\t<a href=\"https:\/\/bio-balkon.de\/en\/balkontipps-april-chancen-fuer-ernteglueck-und-naturerlebnis\/\">\n\t\t\t\tBal\u00adc\u00ado\u00adny tips for April \u2014 oppor\u00adtu\u00adni\u00adties for har\u00adve\u00ads\u00adt\u00ading hap\u00adpi\u00adness and expe\u00adri\u00aden\u00adcing natu\u00adre\t\t\t<\/a>\n\t\t<\/h3>\n\t\t\t\t<div class=\"elementor-post__excerpt\">\n\t\t\t<p>The wea\u00adther may be April-like, but our plants are cle\u00adar\u00adly gro\u00adwing. The desi\u00adre for a nice cozy bal\u00adc\u00ado\u00adny whe\u00adre you can relax is gro\u00adwing. Read the fol\u00adlo\u00adwing artic\u00adle to find out what can be sown and plan\u00adted for the bal\u00adc\u00ado\u00adny in April and what tasks need to be done.<\/p>\n\t\t<\/div>\n\t\t\t\t\t<div class=\"elementor-post__read-more-wrapper\">\n\t\t\n\t\t<a class=\"elementor-post__read-more\" href=\"https:\/\/bio-balkon.de\/en\/balkontipps-april-chancen-fuer-ernteglueck-und-naturerlebnis\/\" aria-label=\"Read more about Balkontipps April \u2013 Chancen f\u00fcr Erntegl\u00fcck und Naturerlebnis\" tabindex=\"-1\">\n\t\t\tRead more \u201d\t\t<\/a>\n\n\t\t\t\t\t<\/div>\n\t\t\t\t<\/div>\n\t\t\t\t\t<\/div>\n\t\t<\/article>\n\t\t\t\t<article class=\"elementor-post elementor-grid-item post-954 post type-post status-publish format-standard has-post-thumbnail hentry category-balkonjahr category-blog category-ernteglueck category-grundlagen-besonders-fuer-einsteiger category-selbstversorgung tag-ernteglueck tag-grundlagen tag-wurmhumus\" role=\"listitem\">\n\t\t\t<div class=\"elementor-post__card\">\n\t\t\t\t<a class=\"elementor-post__thumbnail__link\" href=\"https:\/\/bio-balkon.de\/en\/5-wege-kraft-in-die-alte-balkonkastenerde-zu-bekommen-ohne-jedes-jahr-neue-erde-zu-kaufen\/\" tabindex=\"-1\"><div class=\"elementor-post__thumbnail\"><img loading=\"lazy\" decoding=\"async\" width=\"768\" height=\"768\" src=\"https:\/\/bio-balkon.de\/wp-content\/uploads\/2018\/04\/ina_boahene_bokashi_-alte_erde_aufpeppen_WhatsApp-Image-2020-04-17-at-06.35.33-768x768.avif\" class=\"attachment-medium_large size-medium_large wp-image-13164\" alt srcset=\"https:\/\/bio-balkon.de\/wp-content\/uploads\/2018\/04\/ina_boahene_bokashi_-alte_erde_aufpeppen_WhatsApp-Image-2020-04-17-at-06.35.33-768x768.avif 768w, https:\/\/bio-balkon.de\/wp-content\/uploads\/2018\/04\/ina_boahene_bokashi_-alte_erde_aufpeppen_WhatsApp-Image-2020-04-17-at-06.35.33-300x300.avif 300w, https:\/\/bio-balkon.de\/wp-content\/uploads\/2018\/04\/ina_boahene_bokashi_-alte_erde_aufpeppen_WhatsApp-Image-2020-04-17-at-06.35.33.avif 1024w, https:\/\/bio-balkon.de\/wp-content\/uploads\/2018\/04\/ina_boahene_bokashi_-alte_erde_aufpeppen_WhatsApp-Image-2020-04-17-at-06.35.33-150x150.avif 150w\" sizes=\"auto, (max-width: 768px) 100vw, 768px\"><\/div><\/a>\n\t\t\t\t<div class=\"elementor-post__text\">\n\t\t\t\t<h3 class=\"elementor-post__title\">\n\t\t\t<a href=\"https:\/\/bio-balkon.de\/en\/5-wege-kraft-in-die-alte-balkonkastenerde-zu-bekommen-ohne-jedes-jahr-neue-erde-zu-kaufen\/\">\n\t\t\t\t5 ways to add strength to old bal\u00adc\u00ado\u00adny box soil wit\u00adhout buy\u00ading new soil every year\t\t\t<\/a>\n\t\t<\/h3>\n\t\t\t\t<div class=\"elementor-post__excerpt\">\n\t\t\t<p>In spring, you should give your plants a refresh\u00adment of the bal\u00adc\u00ado\u00adny box soil. Do I have to buy or mix new soil every year?  No. The\u00adre are various sus\u00adtainable ways to spi\u00adce up the soil.<\/p>\n\t\t<\/div>\n\t\t\t\t\t<div class=\"elementor-post__read-more-wrapper\">\n\t\t\n\t\t<a class=\"elementor-post__read-more\" href=\"https:\/\/bio-balkon.de\/en\/5-wege-kraft-in-die-alte-balkonkastenerde-zu-bekommen-ohne-jedes-jahr-neue-erde-zu-kaufen\/\" aria-label=\"Read more about 5 Wege, Kraft in die alte Balkonkastenerde zu bekommen, ohne j\u00e4hrlich neue Erde zu kaufen\" tabindex=\"-1\">\n\t\t\tRead more \u201d\t\t<\/a>\n\n\t\t\t\t\t<\/div>\n\t\t\t\t<\/div>\n\t\t\t\t\t<\/div>\n\t\t<\/article>\n\t\t\t\t<article class=\"elementor-post elementor-grid-item post-91371 post type-post status-publish format-standard has-post-thumbnail hentry category-uncategorized\" role=\"listitem\">\n\t\t\t<div class=\"elementor-post__card\">\n\t\t\t\t<a class=\"elementor-post__thumbnail__link\" href=\"https:\/\/bio-balkon.de\/en\/die-klimaterrasse-als-loesung-fuer-heisse-balkone-dachterrassen-wohnanlagen-bildungseinrichtungen-und-unternehmensstandorte\/\" tabindex=\"-1\"><div class=\"elementor-post__thumbnail\"><img loading=\"lazy\" decoding=\"async\" width=\"768\" height=\"576\" src=\"https:\/\/bio-balkon.de\/wp-content\/uploads\/2026\/04\/Klimaterrasse-@-Birgit-Schattling-www.bio-balkon.de_-768x576.avif\" class=\"attachment-medium_large size-medium_large wp-image-91375\" alt srcset=\"https:\/\/bio-balkon.de\/wp-content\/uploads\/2026\/04\/Klimaterrasse-@-Birgit-Schattling-www.bio-balkon.de_-768x576.avif 768w, https:\/\/bio-balkon.de\/wp-content\/uploads\/2026\/04\/Klimaterrasse-@-Birgit-Schattling-www.bio-balkon.de_-300x225.avif 300w, https:\/\/bio-balkon.de\/wp-content\/uploads\/2026\/04\/Klimaterrasse-@-Birgit-Schattling-www.bio-balkon.de_-1024x768.avif 1024w, https:\/\/bio-balkon.de\/wp-content\/uploads\/2026\/04\/Klimaterrasse-@-Birgit-Schattling-www.bio-balkon.de_-1536x1152.avif 1536w, https:\/\/bio-balkon.de\/wp-content\/uploads\/2026\/04\/Klimaterrasse-@-Birgit-Schattling-www.bio-balkon.de_-2048x1536.avif 2048w, https:\/\/bio-balkon.de\/wp-content\/uploads\/2026\/04\/Klimaterrasse-@-Birgit-Schattling-www.bio-balkon.de_-16x12.avif 16w, https:\/\/bio-balkon.de\/wp-content\/uploads\/2026\/04\/Klimaterrasse-@-Birgit-Schattling-www.bio-balkon.de_-1320x990.avif 1320w\" sizes=\"auto, (max-width: 768px) 100vw, 768px\"><\/div><\/a>\n\t\t\t\t<div class=\"elementor-post__text\">\n\t\t\t\t<h3 class=\"elementor-post__title\">\n\t\t\t<a href=\"https:\/\/bio-balkon.de\/en\/die-klimaterrasse-als-loesung-fuer-heisse-balkone-dachterrassen-wohnanlagen-bildungseinrichtungen-und-unternehmensstandorte\/\">\n\t\t\t\tDie Kli\u00adma\u00adter\u00adras\u00adse als L\u00f6sung f\u00fcr hei\u00ad\u00dfe Bal\u00adko\u00adne, Dach\u00adter\u00adras\u00adsen, Wohn\u00adan\u00adla\u00adgen, Bil\u00addungs\u00adein\u00adrich\u00adtun\u00adgen und Unter\u00adneh\u00admens\u00adstand\u00ador\u00adte\t\t\t<\/a>\n\t\t<\/h3>\n\t\t\t\t<div class=\"elementor-post__excerpt\">\n\t\t\t<p>Die Kli\u00adma\u00adter\u00adras\u00adse als L\u00f6sung f\u00fcr hei\u00ad\u00dfe Bal\u00adko\u00adne, Dach\u00adter\u00adras\u00adsen, Wohn\u00adan\u00adla\u00adgen, Bil\u00addungs\u00adein\u00adrich\u00adtun\u00adgen und Unter\u00adneh\u00admens\u00adstand\u00ador\u00adte kann in der Bal\u00adkon\u00adschu\u00adle Ber\u00adlin besich\u00adtigt wer\u00adden.<\/p>\n\t\t<\/div>\n\t\t\t\t\t<div class=\"elementor-post__read-more-wrapper\">\n\t\t\n\t\t<a class=\"elementor-post__read-more\" href=\"https:\/\/bio-balkon.de\/en\/die-klimaterrasse-als-loesung-fuer-heisse-balkone-dachterrassen-wohnanlagen-bildungseinrichtungen-und-unternehmensstandorte\/\" aria-label=\"Read more about Die Klimaterrasse als L\u00f6sung f\u00fcr hei\u00dfe Balkone, Dachterrassen, Wohnanlagen, Bildungseinrichtungen und Unternehmensstandorte\" tabindex=\"-1\">\n\t\t\tRead more \u201d\t\t<\/a>\n\n\t\t\t\t\t<\/div>\n\t\t\t\t<\/div>\n\t\t\t\t\t<\/div>\n\t\t<\/article>\n\t\t\t\t<article class=\"elementor-post elementor-grid-item post-6041 post type-post status-publish format-standard has-post-thumbnail hentry category-blog category-grundlagen-besonders-fuer-einsteiger category-selbstversorgung tag-ernteglueck tag-grundlagen tag-selbstversorgung\" role=\"listitem\">\n\t\t\t<div class=\"elementor-post__card\">\n\t\t\t\t<a class=\"elementor-post__thumbnail__link\" href=\"https:\/\/bio-balkon.de\/en\/radieschen-von-balkon-und-fensterbrett\/\" tabindex=\"-1\"><div class=\"elementor-post__thumbnail\"><img loading=\"lazy\" decoding=\"async\" width=\"768\" height=\"431\" src=\"https:\/\/bio-balkon.de\/wp-content\/uploads\/2020\/06\/P1930417-radieschen-ernte-super-e1592152607116-768x431.avif\" class=\"attachment-medium_large size-medium_large wp-image-7714\" alt=\"Radishes on the windowsill\" srcset=\"https:\/\/bio-balkon.de\/wp-content\/uploads\/2020\/06\/P1930417-radieschen-ernte-super-e1592152607116-768x431.avif 768w, https:\/\/bio-balkon.de\/wp-content\/uploads\/2020\/06\/P1930417-radieschen-ernte-super-e1592152607116-300x168.avif 300w, https:\/\/bio-balkon.de\/wp-content\/uploads\/2020\/06\/P1930417-radieschen-ernte-super-e1592152607116-1024x575.avif 1024w, https:\/\/bio-balkon.de\/wp-content\/uploads\/2020\/06\/P1930417-radieschen-ernte-super-e1592152607116-1536x862.avif 1536w, https:\/\/bio-balkon.de\/wp-content\/uploads\/2020\/06\/P1930417-radieschen-ernte-super-e1592152607116-18x10.avif 18w, https:\/\/bio-balkon.de\/wp-content\/uploads\/2020\/06\/P1930417-radieschen-ernte-super-e1592152607116-1320x741.avif 1320w, https:\/\/bio-balkon.de\/wp-content\/uploads\/2020\/06\/P1930417-radieschen-ernte-super-e1592152607116.avif 1915w\" sizes=\"auto, (max-width: 768px) 100vw, 768px\"><\/div><\/a>\n\t\t\t\t<div class=\"elementor-post__text\">\n\t\t\t\t<h3 class=\"elementor-post__title\">\n\t\t\t<a href=\"https:\/\/bio-balkon.de\/en\/radieschen-von-balkon-und-fensterbrett\/\">\n\t\t\t\tRadis\u00adhes from the bal\u00adc\u00ado\u00adny and win\u00addows\u00adill\t\t\t<\/a>\n\t\t<\/h3>\n\t\t\t\t<div class=\"elementor-post__excerpt\">\n\t\t\t<p>Gro\u00adwing radis\u00adhes is con\u00adside\u00adred child\u2019s play and a sure-fire suc\u00adcess. Howe\u00adver, many peo\u00adp\u00adle have pro\u00adblems with gro\u00adwing them in prac\u00adti\u00adce. Here are my tips for gro\u00adwing radis\u00adhes on bal\u00adco\u00adnies and win\u00addows\u00adills.<\/p>\n\t\t<\/div>\n\t\t\t\t\t<div class=\"elementor-post__read-more-wrapper\">\n\t\t\n\t\t<a class=\"elementor-post__read-more\" href=\"https:\/\/bio-balkon.de\/en\/radieschen-von-balkon-und-fensterbrett\/\" aria-label=\"Read more about Radieschen von Balkon und Fensterbrett\" tabindex=\"-1\">\n\t\t\tRead more \u201d\t\t<\/a>\n\n\t\t\t\t\t<\/div>\n\t\t\t\t<\/div>\n\t\t\t\t\t<\/div>\n\t\t<\/article>\n\t\t\t\t<article class=\"elementor-post elementor-grid-item post-8975 post type-post status-publish format-standard has-post-thumbnail hentry category-uncategorized category-grundlagen-besonders-fuer-einsteiger category-wildblumen category-wildpflanzenbalkon tag-naturbalkon tag-naturerlebnis tag-wildbienen tag-wildpflanzen tag-wildpflanzenbalkon-2\" role=\"listitem\">\n\t\t\t<div class=\"elementor-post__card\">\n\t\t\t\t<a class=\"elementor-post__thumbnail__link\" href=\"https:\/\/bio-balkon.de\/en\/tipps-fuer-einen-wunderschoenen-pflegeleichten-tiere-anziehenden-balkon\/\" tabindex=\"-1\"><div class=\"elementor-post__thumbnail\"><img loading=\"lazy\" decoding=\"async\" width=\"768\" height=\"576\" src=\"https:\/\/bio-balkon.de\/wp-content\/uploads\/2020\/04\/Lilli-Erasin-U\u0308berblick-Abendstimmung-Berliner-Fernsehtum-768x576.avif\" class=\"attachment-medium_large size-medium_large wp-image-8996\" alt srcset=\"https:\/\/bio-balkon.de\/wp-content\/uploads\/2020\/04\/Lilli-Erasin-U\u0308berblick-Abendstimmung-Berliner-Fernsehtum-768x576.avif 768w, https:\/\/bio-balkon.de\/wp-content\/uploads\/2020\/04\/Lilli-Erasin-U\u0308berblick-Abendstimmung-Berliner-Fernsehtum-300x225.avif 300w, https:\/\/bio-balkon.de\/wp-content\/uploads\/2020\/04\/Lilli-Erasin-U\u0308berblick-Abendstimmung-Berliner-Fernsehtum-1024x768.avif 1024w, https:\/\/bio-balkon.de\/wp-content\/uploads\/2020\/04\/Lilli-Erasin-U\u0308berblick-Abendstimmung-Berliner-Fernsehtum-1536x1152.avif 1536w, https:\/\/bio-balkon.de\/wp-content\/uploads\/2020\/04\/Lilli-Erasin-U\u0308berblick-Abendstimmung-Berliner-Fernsehtum-16x12.avif 16w, https:\/\/bio-balkon.de\/wp-content\/uploads\/2020\/04\/Lilli-Erasin-U\u0308berblick-Abendstimmung-Berliner-Fernsehtum-1320x990.avif 1320w, https:\/\/bio-balkon.de\/wp-content\/uploads\/2020\/04\/Lilli-Erasin-U\u0308berblick-Abendstimmung-Berliner-Fernsehtum.avif 1920w\" sizes=\"auto, (max-width: 768px) 100vw, 768px\"><\/div><\/a>\n\t\t\t\t<div class=\"elementor-post__text\">\n\t\t\t\t<h3 class=\"elementor-post__title\">\n\t\t\t<a href=\"https:\/\/bio-balkon.de\/en\/tipps-fuer-einen-wunderschoenen-pflegeleichten-tiere-anziehenden-balkon\/\">\n\t\t\t\tTips for a beau\u00adtiful, easy-care bal\u00adc\u00ado\u00adny that attracts ani\u00admals\t\t\t<\/a>\n\t\t<\/h3>\n\t\t\t\t<div class=\"elementor-post__excerpt\">\n\t\t\t<p>Lil\u00adli Era\u00adsin from Ber\u00adlin-Mit\u00adte shows us her easy-care, beau\u00adtiful, ani\u00admal-attrac\u00adting bal\u00adc\u00ado\u00adny in the midd\u00adle of Ber\u00adlin and gives us some tips. Lil\u00adli raves about bal\u00adco\u00adnies, flowers and the ani\u00admals that visit her bal\u00adc\u00ado\u00adny. <\/p>\n\t\t<\/div>\n\t\t\t\t\t<div class=\"elementor-post__read-more-wrapper\">\n\t\t\n\t\t<a class=\"elementor-post__read-more\" href=\"https:\/\/bio-balkon.de\/en\/tipps-fuer-einen-wunderschoenen-pflegeleichten-tiere-anziehenden-balkon\/\" aria-label=\"Read more about Tipps f\u00fcr einen wundersch\u00f6nen pflegeleichten Tiere anziehenden Balkon\" tabindex=\"-1\">\n\t\t\tRead more \u201d\t\t<\/a>\n\n\t\t\t\t\t<\/div>\n\t\t\t\t<\/div>\n\t\t\t\t\t<\/div>\n\t\t<\/article>\n\t\t\t\t<article class=\"elementor-post elementor-grid-item post-86409 post type-post status-publish format-standard has-post-thumbnail hentry category-uncategorized\" role=\"listitem\">\n\t\t\t<div class=\"elementor-post__card\">\n\t\t\t\t<a class=\"elementor-post__thumbnail__link\" href=\"https:\/\/bio-balkon.de\/en\/heilkraft-vom-balkon-18-bio-balkon-onlinekongress-zeigt-wie-balkone-stadtmenschen-gesuender-machen\/\" tabindex=\"-1\"><div class=\"elementor-post__thumbnail\"><img loading=\"lazy\" decoding=\"async\" width=\"640\" height=\"360\" src=\"https:\/\/bio-balkon.de\/wp-content\/uploads\/2025\/11\/Herzlich-Willkommen-Newsletter-18.avif\" class=\"attachment-medium_large size-medium_large wp-image-85964\" alt=\"Invitation to the online organic balcony congress &quot;Healing power from the balcony&quot;\" srcset=\"https:\/\/bio-balkon.de\/wp-content\/uploads\/2025\/11\/Herzlich-Willkommen-Newsletter-18.avif 640w, https:\/\/bio-balkon.de\/wp-content\/uploads\/2025\/11\/Herzlich-Willkommen-Newsletter-18-300x169.avif 300w, https:\/\/bio-balkon.de\/wp-content\/uploads\/2025\/11\/Herzlich-Willkommen-Newsletter-18-18x10.avif 18w\" sizes=\"auto, (max-width: 640px) 100vw, 640px\"><\/div><\/a>\n\t\t\t\t<div class=\"elementor-post__text\">\n\t\t\t\t<h3 class=\"elementor-post__title\">\n\t\t\t<a href=\"https:\/\/bio-balkon.de\/en\/heilkraft-vom-balkon-18-bio-balkon-onlinekongress-zeigt-wie-balkone-stadtmenschen-gesuender-machen\/\">\n\t\t\t\tHeil\u00adkraft vom Bal\u00adkon: 18. Bio-Bal\u00adkon-Online\u00adkon\u00adgress zeigt, wie Bal\u00adko\u00adne Stadt\u00admen\u00adschen resi\u00adli\u00aden\u00adter und ges\u00fcn\u00adder machen\t\t\t<\/a>\n\t\t<\/h3>\n\t\t\t\t<div class=\"elementor-post__excerpt\">\n\t\t\t<p>Janu\u00adary 2026 Press release: From March 21 to 30, 2026, Ber\u00adlin bal\u00adc\u00ado\u00adny ambassa\u00addor Bir\u00adgit Schatt\u00adling invi\u00adtes you to the 18th Orga\u00adnic Bal\u00adc\u00ado\u00adny Online Con\u00adgress \u201eHeal\u00ading Power from the Bal\u00adc\u00ado\u00adny\u201c. 30 experts from gar\u00addening, sci\u00adence and bal\u00adc\u00ado\u00adny prac\u00adti\u00adce will pre\u00adsent oppor\u00adtu\u00adni\u00adties online and free of char\u00adge.<\/p>\n\t\t<\/div>\n\t\t\t\t\t<div class=\"elementor-post__read-more-wrapper\">\n\t\t\n\t\t<a class=\"elementor-post__read-more\" href=\"https:\/\/bio-balkon.de\/en\/heilkraft-vom-balkon-18-bio-balkon-onlinekongress-zeigt-wie-balkone-stadtmenschen-gesuender-machen\/\" aria-label=\"Read more about Heilkraft vom Balkon: 18. Bio-Balkon-Onlinekongress zeigt, wie Balkone Stadtmenschen resilienter und ges\u00fcnder machen\" tabindex=\"-1\">\n\t\t\tRead more \u201d\t\t<\/a>\n\n\t\t\t\t\t<\/div>\n\t\t\t\t<\/div>\n\t\t\t\t\t<\/div>\n\t\t<\/article>\n\t\t\t\t<article class=\"elementor-post elementor-grid-item post-19697 post type-post status-publish format-standard has-post-thumbnail hentry category-uncategorized\" role=\"listitem\">\n\t\t\t<div class=\"elementor-post__card\">\n\t\t\t\t<a class=\"elementor-post__thumbnail__link\" href=\"https:\/\/bio-balkon.de\/en\/balkon-im-maerz-chancen-fuer-ernteglueck-und-naturerlebnis\/\" tabindex=\"-1\"><div class=\"elementor-post__thumbnail\"><img loading=\"lazy\" decoding=\"async\" width=\"768\" height=\"576\" src=\"https:\/\/bio-balkon.de\/wp-content\/uploads\/2024\/03\/Sonnenaufgang-IMG_0507-768x576.avif\" class=\"attachment-medium_large size-medium_large wp-image-66384\" alt srcset=\"https:\/\/bio-balkon.de\/wp-content\/uploads\/2024\/03\/Sonnenaufgang-IMG_0507-768x576.avif 768w, https:\/\/bio-balkon.de\/wp-content\/uploads\/2024\/03\/Sonnenaufgang-IMG_0507-300x225.avif 300w, https:\/\/bio-balkon.de\/wp-content\/uploads\/2024\/03\/Sonnenaufgang-IMG_0507-1024x768.avif 1024w, https:\/\/bio-balkon.de\/wp-content\/uploads\/2024\/03\/Sonnenaufgang-IMG_0507-1536x1152.avif 1536w, https:\/\/bio-balkon.de\/wp-content\/uploads\/2024\/03\/Sonnenaufgang-IMG_0507-scaled.avif 2048w, https:\/\/bio-balkon.de\/wp-content\/uploads\/2024\/03\/Sonnenaufgang-IMG_0507-16x12.avif 16w, https:\/\/bio-balkon.de\/wp-content\/uploads\/2024\/03\/Sonnenaufgang-IMG_0507-1320x990.avif 1320w\" sizes=\"auto, (max-width: 768px) 100vw, 768px\"><\/div><\/a>\n\t\t\t\t<div class=\"elementor-post__text\">\n\t\t\t\t<h3 class=\"elementor-post__title\">\n\t\t\t<a href=\"https:\/\/bio-balkon.de\/en\/balkon-im-maerz-chancen-fuer-ernteglueck-und-naturerlebnis\/\">\n\t\t\t\tBal\u00adc\u00ado\u00adny in March \u2014 oppor\u00adtu\u00adni\u00adties for har\u00adve\u00ads\u00adt\u00ading hap\u00adpi\u00adness and expe\u00adri\u00aden\u00adcing natu\u00adre\t\t\t<\/a>\n\t\t<\/h3>\n\t\t\t\t<div class=\"elementor-post__excerpt\">\n\t\t\t<p>In March at the latest, with its spring scent, the desi\u00adre for a nice cozy bal\u00adc\u00ado\u00adny whe\u00adre you can relax increa\u00adses. We can watch the plants grow. Now is the time to sow and plant sum\u00admer vege\u00adta\u00adbles. <\/p>\n\t\t<\/div>\n\t\t\t\t\t<div class=\"elementor-post__read-more-wrapper\">\n\t\t\n\t\t<a class=\"elementor-post__read-more\" href=\"https:\/\/bio-balkon.de\/en\/balkon-im-maerz-chancen-fuer-ernteglueck-und-naturerlebnis\/\" aria-label=\"Read more about Balkon im M\u00e4rz \u2013 Chancen f\u00fcr Erntegl\u00fcck und Naturerlebnis\" tabindex=\"-1\">\n\t\t\tRead more \u201d\t\t<\/a>\n\n\t\t\t\t\t<\/div>\n\t\t\t\t<\/div>\n\t\t\t\t\t<\/div>\n\t\t<\/article>\n\t\t\t\t<article class=\"elementor-post elementor-grid-item post-19690 post type-post status-publish format-standard has-post-thumbnail hentry category-uncategorized\" role=\"listitem\">\n\t\t\t<div class=\"elementor-post__card\">\n\t\t\t\t<a class=\"elementor-post__thumbnail__link\" href=\"https:\/\/bio-balkon.de\/en\/balkon-im-februar-chancen-fuer-ernteglueck-und-naturerlebnis\/\" tabindex=\"-1\"><div class=\"elementor-post__thumbnail\"><img loading=\"lazy\" decoding=\"async\" width=\"768\" height=\"576\" src=\"https:\/\/bio-balkon.de\/wp-content\/uploads\/2022\/01\/vertikalbeet-wintergemu\u0308se-radiccio-IMG_9035-768x576.avif\" class=\"attachment-medium_large size-medium_large wp-image-37672\" alt=\"The perennial cabbage in the vertical bed is in its first winter here, the following year it was already gigantic. The radicchio, purple kohlrabi, red-stemmed chard and celery all look great.\" srcset=\"https:\/\/bio-balkon.de\/wp-content\/uploads\/2022\/01\/vertikalbeet-wintergemu\u0308se-radiccio-IMG_9035-768x576.avif 768w, https:\/\/bio-balkon.de\/wp-content\/uploads\/2022\/01\/vertikalbeet-wintergemu\u0308se-radiccio-IMG_9035-300x225.avif 300w, https:\/\/bio-balkon.de\/wp-content\/uploads\/2022\/01\/vertikalbeet-wintergemu\u0308se-radiccio-IMG_9035-1024x768.avif 1024w, https:\/\/bio-balkon.de\/wp-content\/uploads\/2022\/01\/vertikalbeet-wintergemu\u0308se-radiccio-IMG_9035-1536x1152.avif 1536w, https:\/\/bio-balkon.de\/wp-content\/uploads\/2022\/01\/vertikalbeet-wintergemu\u0308se-radiccio-IMG_9035-scaled.avif 2048w, https:\/\/bio-balkon.de\/wp-content\/uploads\/2022\/01\/vertikalbeet-wintergemu\u0308se-radiccio-IMG_9035-16x12.avif 16w, https:\/\/bio-balkon.de\/wp-content\/uploads\/2022\/01\/vertikalbeet-wintergemu\u0308se-radiccio-IMG_9035-1320x990.avif 1320w\" sizes=\"auto, (max-width: 768px) 100vw, 768px\"><\/div><\/a>\n\t\t\t\t<div class=\"elementor-post__text\">\n\t\t\t\t<h3 class=\"elementor-post__title\">\n\t\t\t<a href=\"https:\/\/bio-balkon.de\/en\/balkon-im-februar-chancen-fuer-ernteglueck-und-naturerlebnis\/\">\n\t\t\t\tBal\u00adc\u00ado\u00adny in Febru\u00adary \u2014 oppor\u00adtu\u00adni\u00adties for har\u00adve\u00ads\u00adt\u00ading hap\u00adpi\u00adness and expe\u00adri\u00aden\u00adcing natu\u00adre\t\t\t<\/a>\n\t\t<\/h3>\n\t\t\t\t<div class=\"elementor-post__excerpt\">\n\t\t\t<p>Do you also have that ting\u00adling sen\u00adsa\u00adti\u00adon, that impa\u00adti\u00adence, the desi\u00adre to final\u00adly dig your hands in the soil again? Here you can read about what can be sown and plan\u00adted for the bal\u00adc\u00ado\u00adny in Febru\u00adary, what tasks need to be done and what can be har\u00adve\u00ads\u00adted. <\/p>\n\t\t<\/div>\n\t\t\t\t\t<div class=\"elementor-post__read-more-wrapper\">\n\t\t\n\t\t<a class=\"elementor-post__read-more\" href=\"https:\/\/bio-balkon.de\/en\/balkon-im-februar-chancen-fuer-ernteglueck-und-naturerlebnis\/\" aria-label=\"Read more about Balkon im Februar  \u2013 Chancen f\u00fcr Erntegl\u00fcck und Naturerlebnis\" tabindex=\"-1\">\n\t\t\tRead more \u201d\t\t<\/a>\n\n\t\t\t\t\t<\/div>\n\t\t\t\t<\/div>\n\t\t\t\t\t<\/div>\n\t\t<\/article>\n\t\t\t\t<\/div>\n\t\t\n\t\t\t\t<div class=\"e-load-more-anchor\" data-page=\"1\" data-max-page=\"9\" data-next-page=\"https:\/\/bio-balkon.de\/en\/wp-json\/wp\/v2\/pages\/15\/page\/2\/\"><\/div>\n\t\t\t\t<nav class=\"elementor-pagination\" aria-label=\"Pagination\">\n\t\t\t<span aria-current=\"page\" class=\"page-numbers current\"><span class=\"elementor-screen-only\">Page<\/span>1<\/span>\n<a class=\"page-numbers\" href=\"https:\/\/bio-balkon.de\/en\/wp-json\/wp\/v2\/pages\/15\/page\/2\/\"><span class=\"elementor-screen-only\">Page<\/span>2<\/a>\n<a class=\"page-numbers\" href=\"https:\/\/bio-balkon.de\/en\/wp-json\/wp\/v2\/pages\/15\/page\/3\/\"><span class=\"elementor-screen-only\">Page<\/span>3<\/a>\n<a class=\"page-numbers\" href=\"https:\/\/bio-balkon.de\/en\/wp-json\/wp\/v2\/pages\/15\/page\/4\/\"><span class=\"elementor-screen-only\">Page<\/span>4<\/a>\n<a class=\"page-numbers\" href=\"https:\/\/bio-balkon.de\/en\/wp-json\/wp\/v2\/pages\/15\/page\/5\/\"><span class=\"elementor-screen-only\">Page<\/span>5<\/a>\n<a class=\"page-numbers\" href=\"https:\/\/bio-balkon.de\/en\/wp-json\/wp\/v2\/pages\/15\/page\/6\/\"><span class=\"elementor-screen-only\">Page<\/span>6<\/a>\n<a class=\"page-numbers\" href=\"https:\/\/bio-balkon.de\/en\/wp-json\/wp\/v2\/pages\/15\/page\/7\/\"><span class=\"elementor-screen-only\">Page<\/span>7<\/a>\n<a class=\"page-numbers\" href=\"https:\/\/bio-balkon.de\/en\/wp-json\/wp\/v2\/pages\/15\/page\/8\/\"><span class=\"elementor-screen-only\">Page<\/span>8<\/a>\n<a class=\"page-numbers\" href=\"https:\/\/bio-balkon.de\/en\/wp-json\/wp\/v2\/pages\/15\/page\/9\/\"><span class=\"elementor-screen-only\">Page<\/span>9<\/a>\t\t<\/nav>\n\t\t\t\t\t\t<\/div>\n\t\t\t\t<\/div>\n\t\t\t\t\t<\/div>\n\t\t\t\t<\/div>\n\t\t\t\t<\/div>","protected":false},"excerpt":{"rendered":"<p>Tips on how you can har\u00adve\u00adst orga\u00adnic herbs, fruit and vege\u00adta\u00adbles all year round in harm\u00ado\u00adny with natu\u00adre in per\u00adma\u00adcul\u00adtu\u00adre and expe\u00adri\u00adence natu\u00adre in the midd\u00adle of the city.<\/p>","protected":false},"author":5,"featured_media":14591,"parent":0,"menu_order":108,"comment_status":"closed","ping_status":"closed","template":"","meta":{"_acf_changed":false,"wp_typography_post_enhancements_disabled":false,"footnotes":""},"class_list":["post-15","page","type-page","status-publish","has-post-thumbnail","hentry"],"acf":[],"_links":{"self":[{"href":"https:\/\/bio-balkon.de\/en\/wp-json\/wp\/v2\/pages\/15","targetHints":{"allow":["GET"]}}],"collection":[{"href":"https:\/\/bio-balkon.de\/en\/wp-json\/wp\/v2\/pages"}],"about":[{"href":"https:\/\/bio-balkon.de\/en\/wp-json\/wp\/v2\/types\/page"}],"author":[{"embeddable":true,"href":"https:\/\/bio-balkon.de\/en\/wp-json\/wp\/v2\/users\/5"}],"replies":[{"embeddable":true,"href":"https:\/\/bio-balkon.de\/en\/wp-json\/wp\/v2\/comments?post=15"}],"version-history":[{"count":15,"href":"https:\/\/bio-balkon.de\/en\/wp-json\/wp\/v2\/pages\/15\/revisions"}],"predecessor-version":[{"id":85245,"href":"https:\/\/bio-balkon.de\/en\/wp-json\/wp\/v2\/pages\/15\/revisions\/85245"}],"wp:featuredmedia":[{"embeddable":true,"href":"https:\/\/bio-balkon.de\/en\/wp-json\/wp\/v2\/media\/14591"}],"wp:attachment":[{"href":"https:\/\/bio-balkon.de\/en\/wp-json\/wp\/v2\/media?parent=15"}],"curies":[{"name":"wp","href":"https:\/\/api.w.org\/{rel}","templated":true}]}}