{"id":147,"date":"2020-06-11T20:11:45","date_gmt":"2020-06-11T18:11:45","guid":{"rendered":"https:\/\/bio-balkon.de\/?page_id=147"},"modified":"2026-03-12T10:17:55","modified_gmt":"2026-03-12T09:17:55","slug":"ueber-mich","status":"publish","type":"page","link":"https:\/\/bio-balkon.de\/en\/ueber-mich\/","title":{"rendered":"About me"},"content":{"rendered":"<div data-elementor-type=\"wp-page\" data-elementor-id=\"147\" class=\"elementor elementor-147\" data-elementor-post-type=\"page\">\n\t\t\t\t<div class=\"elementor-element elementor-element-635daf2 e-flex e-con-boxed e-con e-parent\" data-id=\"635daf2\" data-element_type=\"container\" data-e-type=\"container\" data-settings=\"{&quot;background_background&quot;:&quot;classic&quot;}\">\n\t\t\t\t\t<div class=\"e-con-inner\">\n\t\t\t\t<div class=\"elementor-element elementor-element-64196da elementor-widget elementor-widget-image\" data-id=\"64196da\" data-element_type=\"widget\" data-e-type=\"widget\" data-widget_type=\"image.default\">\n\t\t\t\t\t\t\t\t\t\t\t\t\t\t\t<img loading=\"lazy\" decoding=\"async\" width=\"1920\" height=\"832\" src=\"https:\/\/bio-balkon.de\/wp-content\/uploads\/2020\/06\/cover-hallo-ich-bin-birgit-schattling-kongress-elevator-pitch-bildschirmfoto.avif\" class=\"attachment-full size-full wp-image-7558\" alt=\"Die Kongressveranstalterin der Online Bio-Balkon-Kongresse und Buchautorin stellt sich vor\" srcset=\"https:\/\/bio-balkon.de\/wp-content\/uploads\/2020\/06\/cover-hallo-ich-bin-birgit-schattling-kongress-elevator-pitch-bildschirmfoto.avif 1920w, https:\/\/bio-balkon.de\/wp-content\/uploads\/2020\/06\/cover-hallo-ich-bin-birgit-schattling-kongress-elevator-pitch-bildschirmfoto-300x130.avif 300w, https:\/\/bio-balkon.de\/wp-content\/uploads\/2020\/06\/cover-hallo-ich-bin-birgit-schattling-kongress-elevator-pitch-bildschirmfoto-1024x444.avif 1024w, https:\/\/bio-balkon.de\/wp-content\/uploads\/2020\/06\/cover-hallo-ich-bin-birgit-schattling-kongress-elevator-pitch-bildschirmfoto-768x333.avif 768w, https:\/\/bio-balkon.de\/wp-content\/uploads\/2020\/06\/cover-hallo-ich-bin-birgit-schattling-kongress-elevator-pitch-bildschirmfoto-1536x666.avif 1536w, https:\/\/bio-balkon.de\/wp-content\/uploads\/2020\/06\/cover-hallo-ich-bin-birgit-schattling-kongress-elevator-pitch-bildschirmfoto-18x8.avif 18w, https:\/\/bio-balkon.de\/wp-content\/uploads\/2020\/06\/cover-hallo-ich-bin-birgit-schattling-kongress-elevator-pitch-bildschirmfoto-1320x572.avif 1320w\" sizes=\"auto, (max-width: 1920px) 100vw, 1920px\">\t\t\t\t\t\t\t\t\t\t\t\t\t\t\t<\/div>\n\t\t\t\t<div class=\"elementor-element elementor-element-0863b48 elementor-widget__width-initial elementor-widget elementor-widget-text-editor\" data-id=\"0863b48\" data-element_type=\"widget\" data-e-type=\"widget\" data-widget_type=\"text-editor.default\">\n\t\t\t\t\t\t\t\t\t<h1>\u00dcber Bir\u00adgit Schatt\u00adling<\/h1><p>Hal\u00adlo, ich bin Bir\u00adgit vom Ber\u00adli\u00adner <strong>Bio-Bal\u00adkon \u2013 <a href=\"https:\/\/bio-balkon.de\/en\/auszeichnungen\/\">mehr\u00adfach preis\u00adge\u00adkr\u00f6n\u00adte<\/a> Bal\u00adkon\u00adbot\u00adschaf\u00adte\u00adrin <\/strong>aus vol\u00adler \u00dcber\u00adzeu\u00adgung<strong>, <a href=\"https:\/\/bio-balkon.de\/en\/buch\/\">Aut\u00adhor<\/a><\/strong> and <a href=\"https:\/\/bio-balkon.de\/en\/kann-man-tiere-pflanzen\/\"><strong>Ver\u00adan\u00adstal\u00adte\u00adrin der Bio-Bal\u00adkon Kon\u00adgres\u00adse<\/strong><\/a>, die j\u00e4hr\u00adlich im Fr\u00fch\u00adjahr online und gra\u00adtis im Inter\u00adnet statt\u00adfin\u00adden. Ich hel\u00adfe (nicht nur) Stadt\u00admen\u00adschen dabei, wie\u00adder <strong>mehr Gr\u00fcn<\/strong> in die St\u00e4d\u00adte zu brin\u00adgen, indem ich ihnen mit <strong>prak\u00adti\u00adschen Anlei\u00adtun\u00adgen<\/strong> zei\u00adge, wie sie ihren Bal\u00adkon zu einer <strong>\u00fcppi\u00adgen Oase<\/strong> machen, der ihnen <strong>Freu\u00adde<\/strong> berei\u00adtet, <strong>Gesund\u00adheit<\/strong> bringt und eine <strong>Wohl\u00adtat<\/strong> for <strong>Insek\u00adten<\/strong> and <strong>Tie\u00adre<\/strong> ist und wo sie <strong>ern\u00adten<\/strong> k\u00f6n\u00adnen.<\/p><p>Ich stam\u00adme aus einer sehr&nbsp;<strong>natur\u00adlie\u00adben\u00adden Fami\u00adlie<\/strong>&nbsp;und bin im&nbsp;<strong>Eigen\u00adheim mit Gar\u00adten<\/strong>&nbsp;auf\u00adge\u00adwach\u00adsen. Als Kind hat\u00adte ich ein&nbsp;<strong>eige\u00adnes Beet<\/strong>, wel\u00adches ich mit&nbsp;<strong>Hin\u00adga\u00adbe<\/strong>&nbsp;pfleg\u00adte. Mein gro\u00ad\u00dfer Berufs\u00adwunsch war es,&nbsp;<strong>G\u00e4rt\u00adner<\/strong>&nbsp;zu wer\u00adden. Die Aus\u00adbil\u00addungs\u00adzu\u00adsa\u00adge hat\u00adte ich, es schei\u00adter\u00adte an der gesund\u00adheit\u00adli\u00adchen Eig\u00adnung. Ich ging ins&nbsp;<strong>B\u00fcro<\/strong>, fand mich damit ab und ent\u00adwi\u00adckel\u00adte eine Eig\u00adnung f\u00fcr die Ver\u00adwal\u00adtung. Mei\u00adne&nbsp;<strong>Lie\u00adbe zur Natur<\/strong>&nbsp;leb\u00adte ich in Urlau\u00adben, aus\u00adge\u00addehn\u00adten Wan\u00adde\u00adrun\u00adgen, Spa\u00adzier\u00adg\u00e4n\u00adgen und in der Stadt\u00adna\u00adtur aus.<\/p><p>In allen Woh\u00adnun\u00adgen, in die mich mein Lebens\u00adweg f\u00fchr\u00adte, wur\u00adde der Bal\u00adkon gehegt und gepflegt und ver\u00adschaff\u00adte mir immer gro\u00ad\u00dfe Freu\u00adde. Bei mir sind wohl&nbsp;<strong>bei\u00adde Dau\u00admen gr\u00fcn<\/strong>, mein Herz auch. Aus gesund\u00adheit\u00adli\u00adchen Gr\u00fcn\u00adden bin ich nun nicht mehr in der Ver\u00adwal\u00adtung t\u00e4tig und besin\u00adne mich voll und ganz auf mei\u00adne alte Lie\u00adbe getreu dem Mot\u00adto:&nbsp;<strong>Tu was du liebst<\/strong>. Mir geht es ganz und gar nicht um&nbsp;<strong>H\u00f6chs\u00adter\u00adtr\u00e4\u00adge<\/strong>&nbsp;auf dem Bal\u00adkon, son\u00addern um&nbsp;<strong>Ruhe<\/strong>that&nbsp;<strong>Genie\u00ad\u00dfen<\/strong>,&nbsp;<strong>Momen\u00adte der Ent\u00adschleu\u00adni\u00adgung<\/strong>,&nbsp;<strong>Freu\u00adde<\/strong>&nbsp;am Leben, Wach\u00adsen, Ern\u00adten und der&nbsp;<strong>Self-suf\u00adfi\u00adci\u00aden\u00adcy<\/strong>.<\/p><p>Gern m\u00f6ch\u00adte ich ande\u00adre inter\u00ades\u00adsier\u00adte Men\u00adschen inspi\u00adrie\u00adren, auf die <strong>klei\u00adnen Din\u00adge zu schau\u00aden<\/strong>, die <strong>Urban natu\u00adre<\/strong> zu w\u00fcr\u00addi\u00adgen, zu pfle\u00adgen, <strong>Gr\u00fcn zu essen und trin\u00adken<\/strong>. Au\u00dfer\u00addem m\u00f6ch\u00adte ich nat\u00fcr\u00adlich mei\u00adnen Bei\u00adtrag zum <strong>Cli\u00adma\u00adte pro\u00adtec\u00adtion<\/strong> und mehr <strong>Bio\u00addi\u00adver\u00adsi\u00adty<\/strong> bei\u00adtra\u00adgen. Ich lie\u00adbe das <strong>G\u00e4rt\u00adnern auf klei\u00adnem Raum<\/strong>, die <strong>wun\u00adder\u00adba\u00adren Geschmacks\u00ader\u00adleb\u00adnis\u00adse<\/strong> from <strong>selbst ange\u00adbau\u00adtem ern\u00adte\u00adfri\u00adschem unbe\u00adlas\u00adte\u00adtem Obst, Gem\u00fc\u00adse, Kr\u00e4u\u00adter, Keim\u00adlin\u00adgen<\/strong> \u2013 zusam\u00admen mit mei\u00adnem 12-j\u00e4h\u00adri\u00adgen Sohn. Gern ver\u00admit\u00adte\u00adle ich <strong>Wis\u00adsen \u00fcber bio\u00adlo\u00adgi\u00adsches G\u00e4rt\u00adnern auf klei\u00adnem Raum<\/strong> and the <strong>Freu\u00adde<\/strong> dar\u00ad\u00fcber.<\/p><p>Weil ich nach einem <strong>Burn\u00adout<\/strong> an mir selbst erlebt habe, wie <strong>heil\u00adsam Gem\u00fc\u00adse und Kr\u00e4u\u00adter<\/strong> sowie das <strong>G\u00e4rt\u00adnern<\/strong> an sich sind, ist es mir ein Her\u00adzens\u00adwunsch, die\u00adses Wis\u00adsen wei\u00adter\u00adzu\u00adge\u00adben. Dazu die\u00adse <strong>Natur\u00adn\u00e4\u00adhe<\/strong>, die\u00adse <strong>tol\u00adlen Natur\u00adbe\u00adob\u00adach\u00adtun\u00adgen<\/strong>, die wir erfah\u00adren und tei\u00adlen. Dies ist so <strong>heil\u00adsam<\/strong> and <strong>erf\u00fcl\u00adlend<\/strong>.<\/p>\t\t\t\t\t\t\t\t<\/div>\n\t\t\t\t<div class=\"elementor-element elementor-element-85f0a72 elementor-widget__width-initial elementor-widget elementor-widget-image\" data-id=\"85f0a72\" data-element_type=\"widget\" data-e-type=\"widget\" data-widget_type=\"image.default\">\n\t\t\t\t\t\t\t\t\t\t\t\t\t\t\t<img loading=\"lazy\" decoding=\"async\" width=\"220\" height=\"58\" src=\"https:\/\/bio-balkon.de\/wp-content\/uploads\/2020\/06\/signatur.avif\" class=\"attachment-medium size-medium wp-image-7560\" alt srcset=\"https:\/\/bio-balkon.de\/wp-content\/uploads\/2020\/06\/signatur.avif 220w, https:\/\/bio-balkon.de\/wp-content\/uploads\/2020\/06\/signatur-18x5.avif 18w\" sizes=\"auto, (max-width: 220px) 100vw, 220px\">\t\t\t\t\t\t\t\t\t\t\t\t\t\t\t<\/div>\n\t\t\t\t\t<\/div>\n\t\t\t\t<\/div>\n\t\t<div class=\"elementor-element elementor-element-f0fe311 e-flex e-con-boxed e-con e-parent\" data-id=\"f0fe311\" data-element_type=\"container\" data-e-type=\"container\" data-settings=\"{&quot;background_background&quot;:&quot;classic&quot;}\">\n\t\t\t\t\t<div class=\"e-con-inner\">\n\t\t\t\t<div class=\"elementor-element elementor-element-8f69a2d elementor-widget__width-initial elementor-widget elementor-widget-text-editor\" data-id=\"8f69a2d\" data-element_type=\"widget\" data-e-type=\"widget\" data-widget_type=\"text-editor.default\">\n\t\t\t\t\t\t\t\t\t<h2>Bio-Bal\u00adkon im Fern\u00adse\u00adhen<\/h2><p>Die\u00adser ein\u00addr\u00fcck\u00adli\u00adche Film ent\u00adstand August 2021. Er wur\u00adde neben MDR Gar\u00adten mitt\u00adler\u00adwei\u00adle bei der ARD, SWR und RBB aus\u00adge\u00adstrahlt. Gegen\u00ad\u00fcber dem Film von 2018 sind die Pflan\u00adzen etwas gewach\u00adsen.<\/p>\t\t\t\t\t\t\t\t<\/div>\n\t\t<div class=\"elementor-element elementor-element-5cbf9ed e-con-full e-flex e-con e-child\" data-id=\"5cbf9ed\" data-element_type=\"container\" data-e-type=\"container\">\n\t\t\t\t<div class=\"elementor-element elementor-element-e5cb249 elementor-widget__width-initial elementor-widget-mobile__width-inherit elementor-widget elementor-widget-video\" data-id=\"e5cb249\" data-element_type=\"widget\" data-e-type=\"widget\" data-settings=\"{&quot;youtube_url&quot;:&quot;https:\\\/\\\/youtu.be\\\/AF3dPof6Lhg&quot;,&quot;yt_privacy&quot;:&quot;yes&quot;,&quot;video_type&quot;:&quot;youtube&quot;,&quot;controls&quot;:&quot;yes&quot;}\" data-widget_type=\"video.default\">\n\t\t\t\t\t\t\t<div class=\"elementor-wrapper elementor-open-inline\">\n\t\t\t<div class=\"elementor-video\"><\/div>\t\t<\/div>\n\t\t\t\t\t\t<\/div>\n\t\t\t\t<div class=\"elementor-element elementor-element-a997400 elementor-widget__width-initial elementor-widget-mobile__width-inherit elementor-widget elementor-widget-video\" data-id=\"a997400\" data-element_type=\"widget\" data-e-type=\"widget\" data-settings=\"{&quot;youtube_url&quot;:&quot;https:\\\/\\\/www.youtube.com\\\/watch?v=TGZng2cUrXI&quot;,&quot;yt_privacy&quot;:&quot;yes&quot;,&quot;video_type&quot;:&quot;youtube&quot;,&quot;controls&quot;:&quot;yes&quot;}\" data-widget_type=\"video.default\">\n\t\t\t\t\t\t\t<div class=\"elementor-wrapper elementor-open-inline\">\n\t\t\t<div class=\"elementor-video\"><\/div>\t\t<\/div>\n\t\t\t\t\t\t<\/div>\n\t\t\t\t<\/div>\n\t\t\t\t<div class=\"elementor-element elementor-element-74cddc9 elementor-widget__width-initial elementor-widget elementor-widget-text-editor\" data-id=\"74cddc9\" data-element_type=\"widget\" data-e-type=\"widget\" data-widget_type=\"text-editor.default\">\n\t\t\t\t\t\t\t\t\t<p>\u201e<em>Bir\u00adgit Schatt\u00adling, dein Bal\u00adkon ist ein\u00adma\u00adlig! Ich habe gera\u00adde die Sen\u00addung \u201eSehn\u00adsuchtsor\u00adte, die Sie ken\u00adnen soll\u00adten\u201c auf SWR gese\u00adhen. Dei\u00adnen Bal\u00adkon soll\u00adte man echt ken\u00adnen.<\/em>\u201c&nbsp;<\/p>\t\t\t\t\t\t\t\t<\/div>\n\t\t\t\t\t<\/div>\n\t\t\t\t<\/div>\n\t\t<div class=\"elementor-element elementor-element-9d0c523 e-flex e-con-boxed e-con e-parent\" data-id=\"9d0c523\" data-element_type=\"container\" data-e-type=\"container\" data-settings=\"{&quot;background_background&quot;:&quot;classic&quot;}\">\n\t\t\t\t\t<div class=\"e-con-inner\">\n\t\t\t\t<div class=\"elementor-element elementor-element-bcc6803 elementor-widget__width-initial elementor-widget elementor-widget-text-editor\" data-id=\"bcc6803\" data-element_type=\"widget\" data-e-type=\"widget\" data-widget_type=\"text-editor.default\">\n\t\t\t\t\t\t\t\t\t<h2>2025<\/h2><p><strong>Er\u00f6ff\u00adnung der Pr\u00e4\u00adsenz-Bal\u00adkon\u00adschu\u00adle auf dem Gel\u00e4n\u00adde von Ate\u00adlier Gar\u00addens in Ber\u00adlin-Tem\u00adpel\u00adhof<\/strong><\/p><p>H\u00f6he\u00adpunkt des Jah\u00adres war zwei\u00adfel\u00adlos der gro\u00ad\u00dfe Schritt in die Pr\u00e4\u00adsenz durch den <a href=\"https:\/\/bio-balkon.de\/en\/balcony-school\/\">Auf\u00adbau der Kli\u00adma\u00adter\u00adras\u00adse<\/a> am 9. Mai. Die\u00adse wur\u00adde finan\u00adziert aus Spen\u00adden und Ver\u00adk\u00e4u\u00adfen von Kon\u00adgress\u00adpa\u00adke\u00adten. Ich bin der Bio-Bal\u00adkon-Bewe\u00adgung zutiefst zu Dank ver\u00adpflich\u00adtet, dass wir das gemein\u00adsam geschafft haben. Die n\u00e4chs\u00adten Wochen wur\u00adde mit Hel\u00adfern bepflanzt und die Bal\u00adkon-Situa\u00adti\u00adon vor mei\u00adnem ange\u00admie\u00adte\u00adten Semi\u00adnar\u00adraum gestal\u00adtet und gepflanzt.<\/p><p>Im M\u00e4rz fand der Online-Bio-Bal\u00adkon-Kon\u00adgress Nr. 16 statt <a href=\"https:\/\/bio-balkon.de\/en\/congresses\/congress-16\/congress-package\/\" target=\"_blank\" rel=\"noopener\">Every meter counts!<\/a> Im Sep\u00adtem\u00adber <a href=\"https:\/\/bio-balkon.de\/en\/congresses\/kongress-17\/\" target=\"_blank\" rel=\"noopener\">Lust auf Obst?<\/a><\/p><p>In Zusam\u00admen\u00adar\u00adbeit mit der Arten\u00adsch\u00fct\u00adze\u00adrin Sig\u00adrid Tinz&nbsp; ver\u00ad\u00f6f\u00adfent\u00adli\u00adchen wir bereits die 10. Aus\u00adga\u00adbe von <a href=\"https:\/\/bio-balkon.de\/en\/consultation-hour\/\" target=\"_blank\" rel=\"noopener\">Sigrid\u2019s spe\u00adci\u00ades con\u00adsul\u00adta\u00adti\u00adon on Birgit\u2019s orga\u00adnic bal\u00adc\u00ado\u00adny<\/a>&nbsp;zu Schne\u00adcken, Spin\u00adnen, Amei\u00adsen, V\u00f6geln, W\u00fchl\u00adm\u00e4u\u00adsen, M\u00fccken, Blatt\u00adl\u00e4u\u00adsen, \u2026<\/p><p>Sehr erstaun\u00adlich, wie viel Leben sich auch auf den bepflanz\u00adten Fens\u00adter\u00adb\u00e4n\u00adken ein\u00adstellt: zum wie\u00adder\u00adhol\u00adten Male baut sich ein Eich\u00adh\u00f6rn\u00adchen einen Kobel und schl\u00e4ft dort. Ein Kirsch\u00adb\u00e4um\u00adchen tr\u00e4gt eine Kir\u00adsche. Kreuz\u00adspin\u00adnen zie\u00adhen ein.<\/p>\t\t\t\t\t\t\t\t<\/div>\n\t\t\t\t<div class=\"elementor-element elementor-element-3fd2483 elementor-widget elementor-widget-gallery\" data-id=\"3fd2483\" data-element_type=\"widget\" data-e-type=\"widget\" data-settings=\"{&quot;overlay_title&quot;:&quot;title&quot;,&quot;gap&quot;:{&quot;unit&quot;:&quot;px&quot;,&quot;size&quot;:20,&quot;sizes&quot;:[]},&quot;columns_mobile&quot;:2,&quot;gap_tablet&quot;:{&quot;unit&quot;:&quot;px&quot;,&quot;size&quot;:20,&quot;sizes&quot;:[]},&quot;gap_mobile&quot;:{&quot;unit&quot;:&quot;px&quot;,&quot;size&quot;:20,&quot;sizes&quot;:[]},&quot;gallery_layout&quot;:&quot;grid&quot;,&quot;columns&quot;:4,&quot;link_to&quot;:&quot;file&quot;,&quot;aspect_ratio&quot;:&quot;3:2&quot;,&quot;content_hover_animation&quot;:&quot;fade-in&quot;}\" data-widget_type=\"gallery.default\">\n\t\t\t\t\t\t\t<div class=\"elementor-gallery__container\">\n\t\t\t\t\t\t\t<a class=\"e-gallery-item elementor-gallery-item elementor-animated-content\" href=\"https:\/\/bio-balkon.de\/wp-content\/uploads\/2024\/04\/Kongress-16-FB-1.avif\" data-elementor-open-lightbox=\"yes\" data-elementor-lightbox-slideshow=\"3fd2483\" data-e-action-hash=\"#elementor-action%3Aaction%3Dlightbox%26settings%3DeyJpZCI6NzczODMsInVybCI6Imh0dHBzOlwvXC9iaW8tYmFsa29uLmRlXC93cC1jb250ZW50XC91cGxvYWRzXC8yMDI0XC8wNFwvS29uZ3Jlc3MtMTYtRkItMS5hdmlmIiwic2xpZGVzaG93IjoiM2ZkMjQ4MyJ9\">\n\t\t\t\t\t<div class=\"e-gallery-image elementor-gallery-item__image\" data-thumbnail=\"https:\/\/bio-balkon.de\/wp-content\/uploads\/2024\/04\/Kongress-16-FB-1-768x644.avif\" data-width=\"768\" data-height=\"644\" aria-label=\"Social Medie f\u00fcr den 16. Online Bio-Balkon Kongress vom 20. bis 31. M\u00e4rz 2025 &quot;Jeder Meter za\u0308hlt! \u00d6kologisches G\u00e4rtnern auf kleinem Raum&quot;\" role=\"img\"><\/div>\n\t\t\t\t\t\t\t\t\t\t\t\t\t\t\t<div class=\"elementor-gallery-item__content\">\n\t\t\t\t\t\t\t\t\t\t\t\t\t\t<div class=\"elementor-gallery-item__title\">\n\t\t\t\t\t\t\t\t\t\t\t\t\t\t\t\t\t\t16. Online Bio-Bal\u00adkon Kon\u00adgress vom 20. bis 31. M\u00e4rz 2025 \u201cJeder Meter za\u0308hlt! \u00d6ko\u00adlo\u00adgi\u00adsches G\u00e4rt\u00adnern auf klei\u00adnem Raum\u201d\t\t\t\t\t\t\t\t<\/div>\n\t\t\t\t\t\t\t\t\t\t\t\t<\/div>\n\t\t\t\t\t\t\t\t\t<\/a>\n\t\t\t\t\t\t\t<a class=\"e-gallery-item elementor-gallery-item elementor-animated-content\" href=\"https:\/\/bio-balkon.de\/wp-content\/uploads\/2025\/09\/Kongresspaket-Mockup-Angebot-endet-bald-16-2025-Sichere-dir-das-Expertenwissen-2.avif\" data-elementor-open-lightbox=\"yes\" data-elementor-lightbox-slideshow=\"3fd2483\" data-e-action-hash=\"#elementor-action%3Aaction%3Dlightbox%26settings%3DeyJpZCI6ODMyODEsInVybCI6Imh0dHBzOlwvXC9iaW8tYmFsa29uLmRlXC93cC1jb250ZW50XC91cGxvYWRzXC8yMDI1XC8wOVwvS29uZ3Jlc3NwYWtldC1Nb2NrdXAtQW5nZWJvdC1lbmRldC1iYWxkLTE2LTIwMjUtU2ljaGVyZS1kaXItZGFzLUV4cGVydGVud2lzc2VuLTIuYXZpZiIsInNsaWRlc2hvdyI6IjNmZDI0ODMifQ%3D%3D\">\n\t\t\t\t\t<div class=\"e-gallery-image elementor-gallery-item__image\" data-thumbnail=\"https:\/\/bio-balkon.de\/wp-content\/uploads\/2025\/09\/Kongresspaket-Mockup-Angebot-endet-bald-16-2025-Sichere-dir-das-Expertenwissen-2-768x384.avif\" data-width=\"768\" data-height=\"384\" aria-label role=\"img\"><\/div>\n\t\t\t\t\t\t\t\t\t\t\t\t\t\t\t<div class=\"elementor-gallery-item__content\">\n\t\t\t\t\t\t\t\t\t\t\t\t\t\t<div class=\"elementor-gallery-item__title\">\n\t\t\t\t\t\t\t\t\t\t\t\t\t\t\t\t\t\tKongresspaket-Mockup-Angebot-endet-bald-16\u20132025-Sichere-dir-das-Expertenwissen\u20112.jpg\t\t\t\t\t\t\t\t<\/div>\n\t\t\t\t\t\t\t\t\t\t\t\t<\/div>\n\t\t\t\t\t\t\t\t\t<\/a>\n\t\t\t\t\t\t\t<a class=\"e-gallery-item elementor-gallery-item elementor-animated-content\" href=\"https:\/\/bio-balkon.de\/wp-content\/uploads\/2025\/07\/2025_07_03-Flyer-Balkonschule-Seite-1-.avif\" data-elementor-open-lightbox=\"yes\" data-elementor-lightbox-slideshow=\"3fd2483\" data-e-action-hash=\"#elementor-action%3Aaction%3Dlightbox%26settings%3DeyJpZCI6ODE2MjMsInVybCI6Imh0dHBzOlwvXC9iaW8tYmFsa29uLmRlXC93cC1jb250ZW50XC91cGxvYWRzXC8yMDI1XC8wN1wvMjAyNV8wN18wMy1GbHllci1CYWxrb25zY2h1bGUtU2VpdGUtMS0uYXZpZiIsInNsaWRlc2hvdyI6IjNmZDI0ODMifQ%3D%3D\">\n\t\t\t\t\t<div class=\"e-gallery-image elementor-gallery-item__image\" data-thumbnail=\"https:\/\/bio-balkon.de\/wp-content\/uploads\/2025\/07\/2025_07_03-Flyer-Balkonschule-Seite-1--768x1083.avif\" data-width=\"768\" data-height=\"1083\" aria-label role=\"img\"><\/div>\n\t\t\t\t\t\t\t\t\t\t\t\t\t\t\t<div class=\"elementor-gallery-item__content\">\n\t\t\t\t\t\t\t\t\t\t\t\t\t\t<div class=\"elementor-gallery-item__title\">\n\t\t\t\t\t\t\t\t\t\t\t\t\t\t\t\t\t\tFly\u00ader f\u00fcr die Bal\u00adkon\u00adschu\u00adle Ber\u00adlin\t\t\t\t\t\t\t\t<\/div>\n\t\t\t\t\t\t\t\t\t\t\t\t<\/div>\n\t\t\t\t\t\t\t\t\t<\/a>\n\t\t\t\t\t\t\t<a class=\"e-gallery-item elementor-gallery-item elementor-animated-content\" href=\"https:\/\/bio-balkon.de\/wp-content\/uploads\/2025\/07\/2025_07_03-Flyer-Balkonschule-Seite-2.avif\" data-elementor-open-lightbox=\"yes\" data-elementor-lightbox-slideshow=\"3fd2483\" data-e-action-hash=\"#elementor-action%3Aaction%3Dlightbox%26settings%3DeyJpZCI6ODE2MjQsInVybCI6Imh0dHBzOlwvXC9iaW8tYmFsa29uLmRlXC93cC1jb250ZW50XC91cGxvYWRzXC8yMDI1XC8wN1wvMjAyNV8wN18wMy1GbHllci1CYWxrb25zY2h1bGUtU2VpdGUtMi5hdmlmIiwic2xpZGVzaG93IjoiM2ZkMjQ4MyJ9\">\n\t\t\t\t\t<div class=\"e-gallery-image elementor-gallery-item__image\" data-thumbnail=\"https:\/\/bio-balkon.de\/wp-content\/uploads\/2025\/07\/2025_07_03-Flyer-Balkonschule-Seite-2-768x1083.avif\" data-width=\"768\" data-height=\"1083\" aria-label role=\"img\"><\/div>\n\t\t\t\t\t\t\t\t\t\t\t\t\t\t\t<div class=\"elementor-gallery-item__content\">\n\t\t\t\t\t\t\t\t\t\t\t\t\t\t<div class=\"elementor-gallery-item__title\">\n\t\t\t\t\t\t\t\t\t\t\t\t\t\t\t\t\t\tFly\u00ader f\u00fcr die Bal\u00adkon\u00adschu\u00adle Ber\u00adlin\t\t\t\t\t\t\t\t<\/div>\n\t\t\t\t\t\t\t\t\t\t\t\t<\/div>\n\t\t\t\t\t\t\t\t\t<\/a>\n\t\t\t\t\t\t\t<a class=\"e-gallery-item elementor-gallery-item elementor-animated-content\" href=\"https:\/\/bio-balkon.de\/wp-content\/uploads\/2025\/04\/Einblick-Balkonschule-e1761327455901.avif\" data-elementor-open-lightbox=\"yes\" data-elementor-lightbox-slideshow=\"3fd2483\" data-e-action-hash=\"#elementor-action%3Aaction%3Dlightbox%26settings%3DeyJpZCI6NzgxODcsInVybCI6Imh0dHBzOlwvXC9iaW8tYmFsa29uLmRlXC93cC1jb250ZW50XC91cGxvYWRzXC8yMDI1XC8wNFwvRWluYmxpY2stQmFsa29uc2NodWxlLWUxNzYxMzI3NDU1OTAxLmF2aWYiLCJzbGlkZXNob3ciOiIzZmQyNDgzIn0%3D\">\n\t\t\t\t\t<div class=\"e-gallery-image elementor-gallery-item__image\" data-thumbnail=\"https:\/\/bio-balkon.de\/wp-content\/uploads\/2025\/04\/Einblick-Balkonschule-e1761327455901-768x512.avif\" data-width=\"768\" data-height=\"512\" aria-label=\"Insight into the new balcony school of the Bio-Balkon project on the grounds of Atelier Gardens in Berlin-Tempelhof.\" role=\"img\"><\/div>\n\t\t\t\t\t\t\t\t\t\t\t\t\t\t\t<div class=\"elementor-gallery-item__content\">\n\t\t\t\t\t\t\t\t\t\t\t\t\t\t<div class=\"elementor-gallery-item__title\">\n\t\t\t\t\t\t\t\t\t\t\t\t\t\t\t\t\t\tEin\u00adblick in den Semi\u00adnar\u00adraum der Bal\u00adkon\u00adschu\u00adle\t\t\t\t\t\t\t\t<\/div>\n\t\t\t\t\t\t\t\t\t\t\t\t<\/div>\n\t\t\t\t\t\t\t\t\t<\/a>\n\t\t\t\t\t\t\t<a class=\"e-gallery-item elementor-gallery-item elementor-animated-content\" href=\"https:\/\/bio-balkon.de\/wp-content\/uploads\/2025\/05\/Eine-Vision-wird-wahr-Aufbau-Balkonschule.avif\" data-elementor-open-lightbox=\"yes\" data-elementor-lightbox-slideshow=\"3fd2483\" data-e-action-hash=\"#elementor-action%3Aaction%3Dlightbox%26settings%3DeyJpZCI6Nzk4NzEsInVybCI6Imh0dHBzOlwvXC9iaW8tYmFsa29uLmRlXC93cC1jb250ZW50XC91cGxvYWRzXC8yMDI1XC8wNVwvRWluZS1WaXNpb24td2lyZC13YWhyLUF1ZmJhdS1CYWxrb25zY2h1bGUuYXZpZiIsInNsaWRlc2hvdyI6IjNmZDI0ODMifQ%3D%3D\">\n\t\t\t\t\t<div class=\"e-gallery-image elementor-gallery-item__image\" data-thumbnail=\"https:\/\/bio-balkon.de\/wp-content\/uploads\/2025\/05\/Eine-Vision-wird-wahr-Aufbau-Balkonschule-768x644.avif\" data-width=\"768\" data-height=\"644\" aria-label=\"Eine Vision wird wahr - der Aufbau der Pergola der Klimaterrasse in der Balkonschule Berlin.\" role=\"img\"><\/div>\n\t\t\t\t\t\t\t\t\t\t\t\t\t\t\t<div class=\"elementor-gallery-item__content\">\n\t\t\t\t\t\t\t\t\t\t\t\t\t\t<div class=\"elementor-gallery-item__title\">\n\t\t\t\t\t\t\t\t\t\t\t\t\t\t\t\t\t\tEine Visi\u00adon wird wahr \u2014 Auf\u00adbau der Bal\u00adkon\u00adschu\u00adle\t\t\t\t\t\t\t\t<\/div>\n\t\t\t\t\t\t\t\t\t\t\t\t<\/div>\n\t\t\t\t\t\t\t\t\t<\/a>\n\t\t\t\t\t\t\t<a class=\"e-gallery-item elementor-gallery-item elementor-animated-content\" href=\"https:\/\/bio-balkon.de\/wp-content\/uploads\/2025\/05\/IMG_3330-Erdbeeren-naschen-in-der-Klimaterrasse-der-Balkonschule-Berlin-scaled.avif\" data-elementor-open-lightbox=\"yes\" data-elementor-lightbox-slideshow=\"3fd2483\" data-e-action-hash=\"#elementor-action%3Aaction%3Dlightbox%26settings%3DeyJpZCI6ODAxNDYsInVybCI6Imh0dHBzOlwvXC9iaW8tYmFsa29uLmRlXC93cC1jb250ZW50XC91cGxvYWRzXC8yMDI1XC8wNVwvSU1HXzMzMzAtRXJkYmVlcmVuLW5hc2NoZW4taW4tZGVyLUtsaW1hdGVycmFzc2UtZGVyLUJhbGtvbnNjaHVsZS1CZXJsaW4tc2NhbGVkLmF2aWYiLCJzbGlkZXNob3ciOiIzZmQyNDgzIn0%3D\">\n\t\t\t\t\t<div class=\"e-gallery-image elementor-gallery-item__image\" data-thumbnail=\"https:\/\/bio-balkon.de\/wp-content\/uploads\/2025\/05\/IMG_3330-Erdbeeren-naschen-in-der-Klimaterrasse-der-Balkonschule-Berlin-768x576.avif\" data-width=\"768\" data-height=\"576\" aria-label=\"The climate terrace with vertical bed and trough at the Balcony School Berlin. The first strawberries are ripening.\" role=\"img\"><\/div>\n\t\t\t\t\t\t\t\t\t\t\t\t\t\t\t<div class=\"elementor-gallery-item__content\">\n\t\t\t\t\t\t\t\t\t\t\t\t\t\t<div class=\"elementor-gallery-item__title\">\n\t\t\t\t\t\t\t\t\t\t\t\t\t\t\t\t\t\tThe cli\u00adma\u00adte ter\u00adrace with ver\u00adti\u00adcal bed and trough at the Bal\u00adc\u00ado\u00adny School Ber\u00adlin. The first straw\u00adber\u00adries are ripe\u00adning.\t\t\t\t\t\t\t\t<\/div>\n\t\t\t\t\t\t\t\t\t\t\t\t<\/div>\n\t\t\t\t\t\t\t\t\t<\/a>\n\t\t\t\t\t\t\t<a class=\"e-gallery-item elementor-gallery-item elementor-animated-content\" href=\"https:\/\/bio-balkon.de\/wp-content\/uploads\/2025\/06\/IMG_5631-Saatguttausch-in-der-Balkonschule-Berlin-scaled.avif\" data-elementor-open-lightbox=\"yes\" data-elementor-lightbox-slideshow=\"3fd2483\" data-e-action-hash=\"#elementor-action%3Aaction%3Dlightbox%26settings%3DeyJpZCI6ODA1NDcsInVybCI6Imh0dHBzOlwvXC9iaW8tYmFsa29uLmRlXC93cC1jb250ZW50XC91cGxvYWRzXC8yMDI1XC8wNlwvSU1HXzU2MzEtU2FhdGd1dHRhdXNjaC1pbi1kZXItQmFsa29uc2NodWxlLUJlcmxpbi1zY2FsZWQuYXZpZiIsInNsaWRlc2hvdyI6IjNmZDI0ODMifQ%3D%3D\">\n\t\t\t\t\t<div class=\"e-gallery-image elementor-gallery-item__image\" data-thumbnail=\"https:\/\/bio-balkon.de\/wp-content\/uploads\/2025\/06\/IMG_5631-Saatguttausch-in-der-Balkonschule-Berlin-768x576.avif\" data-width=\"768\" data-height=\"576\" aria-label role=\"img\"><\/div>\n\t\t\t\t\t\t\t\t\t\t\t\t\t\t\t<div class=\"elementor-gallery-item__content\">\n\t\t\t\t\t\t\t\t\t\t\t\t\t\t<div class=\"elementor-gallery-item__title\">\n\t\t\t\t\t\t\t\t\t\t\t\t\t\t\t\t\t\tSaat\u00adgut\u00adtausch in der Bal\u00adkon\u00adschu\u00adle Ber\u00adlin\t\t\t\t\t\t\t\t<\/div>\n\t\t\t\t\t\t\t\t\t\t\t\t<\/div>\n\t\t\t\t\t\t\t\t\t<\/a>\n\t\t\t\t\t\t\t<a class=\"e-gallery-item elementor-gallery-item elementor-animated-content\" href=\"https:\/\/bio-balkon.de\/wp-content\/uploads\/2025\/09\/Sumpfkuebel-Bepflanzung-Balkonschule.avif\" data-elementor-open-lightbox=\"yes\" data-elementor-lightbox-slideshow=\"3fd2483\" data-e-action-hash=\"#elementor-action%3Aaction%3Dlightbox%26settings%3DeyJpZCI6ODQwNDQsInVybCI6Imh0dHBzOlwvXC9iaW8tYmFsa29uLmRlXC93cC1jb250ZW50XC91cGxvYWRzXC8yMDI1XC8wOVwvU3VtcGZrdWViZWwtQmVwZmxhbnp1bmctQmFsa29uc2NodWxlLmF2aWYiLCJzbGlkZXNob3ciOiIzZmQyNDgzIn0%3D\">\n\t\t\t\t\t<div class=\"e-gallery-image elementor-gallery-item__image\" data-thumbnail=\"https:\/\/bio-balkon.de\/wp-content\/uploads\/2025\/09\/Sumpfkuebel-Bepflanzung-Balkonschule-768x576.avif\" data-width=\"768\" data-height=\"576\" aria-label=\"Sumpfku\u0308bel Bepflanzung in der Balkonschule Berlin.jpeg\" role=\"img\"><\/div>\n\t\t\t\t\t\t\t\t\t\t\t\t\t\t\t<div class=\"elementor-gallery-item__content\">\n\t\t\t\t\t\t\t\t\t\t\t\t\t\t<div class=\"elementor-gallery-item__title\">\n\t\t\t\t\t\t\t\t\t\t\t\t\t\t\t\t\t\tBepflan\u00adzung eines Sumpfku\u0308bels mit dem Jah\u00adres\u00adkurs der Bal\u00adkon\u00adschu\u00adle Ber\u00adlin\t\t\t\t\t\t\t\t<\/div>\n\t\t\t\t\t\t\t\t\t\t\t\t<\/div>\n\t\t\t\t\t\t\t\t\t<\/a>\n\t\t\t\t\t\t\t<a class=\"e-gallery-item elementor-gallery-item elementor-animated-content\" href=\"https:\/\/bio-balkon.de\/wp-content\/uploads\/2025\/09\/IMG_7955-Windspiel-Monika-Lottner-scaled.avif\" data-elementor-open-lightbox=\"yes\" data-elementor-lightbox-slideshow=\"3fd2483\" data-e-action-hash=\"#elementor-action%3Aaction%3Dlightbox%26settings%3DeyJpZCI6ODQwMzcsInVybCI6Imh0dHBzOlwvXC9iaW8tYmFsa29uLmRlXC93cC1jb250ZW50XC91cGxvYWRzXC8yMDI1XC8wOVwvSU1HXzc5NTUtV2luZHNwaWVsLU1vbmlrYS1Mb3R0bmVyLXNjYWxlZC5hdmlmIiwic2xpZGVzaG93IjoiM2ZkMjQ4MyJ9\">\n\t\t\t\t\t<div class=\"e-gallery-image elementor-gallery-item__image\" data-thumbnail=\"https:\/\/bio-balkon.de\/wp-content\/uploads\/2025\/09\/IMG_7955-Windspiel-Monika-Lottner-768x576.avif\" data-width=\"768\" data-height=\"576\" aria-label role=\"img\"><\/div>\n\t\t\t\t\t\t\t\t\t\t\t\t\t\t\t<div class=\"elementor-gallery-item__content\">\n\t\t\t\t\t\t\t\t\t\t\t\t\t\t<div class=\"elementor-gallery-item__title\">\n\t\t\t\t\t\t\t\t\t\t\t\t\t\t\t\t\t\tDie ess\u00adba\u00adre Schat\u00adtie\u00adrung mit Feu\u00ader\u00adboh\u00adnen bringt tol\u00adle Ern\u00adten her\u00advor, jede Woche zwei Kilo\u00adgramm Boh\u00adnen.\t\t\t\t\t\t\t\t<\/div>\n\t\t\t\t\t\t\t\t\t\t\t\t<\/div>\n\t\t\t\t\t\t\t\t\t<\/a>\n\t\t\t\t\t\t\t<a class=\"e-gallery-item elementor-gallery-item elementor-animated-content\" href=\"https:\/\/bio-balkon.de\/wp-content\/uploads\/2025\/08\/Aussaat-Wintergemuese-Balkonschule-Quickpot.avif\" data-elementor-open-lightbox=\"yes\" data-elementor-lightbox-slideshow=\"3fd2483\" data-e-action-hash=\"#elementor-action%3Aaction%3Dlightbox%26settings%3DeyJpZCI6ODMxMzksInVybCI6Imh0dHBzOlwvXC9iaW8tYmFsa29uLmRlXC93cC1jb250ZW50XC91cGxvYWRzXC8yMDI1XC8wOFwvQXVzc2FhdC1XaW50ZXJnZW11ZXNlLUJhbGtvbnNjaHVsZS1RdWlja3BvdC5hdmlmIiwic2xpZGVzaG93IjoiM2ZkMjQ4MyJ9\">\n\t\t\t\t\t<div class=\"e-gallery-image elementor-gallery-item__image\" data-thumbnail=\"https:\/\/bio-balkon.de\/wp-content\/uploads\/2025\/08\/Aussaat-Wintergemuese-Balkonschule-Quickpot-768x768.avif\" data-width=\"768\" data-height=\"768\" aria-label role=\"img\"><\/div>\n\t\t\t\t\t\t\t\t\t\t\t\t\t\t\t<div class=\"elementor-gallery-item__content\">\n\t\t\t\t\t\t\t\t\t\t\t\t\t\t<div class=\"elementor-gallery-item__title\">\n\t\t\t\t\t\t\t\t\t\t\t\t\t\t\t\t\t\tAus\u00adsaat von Wintergemu\u0308se in der Bal\u00adkon\u00adschu\u00adle\t\t\t\t\t\t\t\t<\/div>\n\t\t\t\t\t\t\t\t\t\t\t\t<\/div>\n\t\t\t\t\t\t\t\t\t<\/a>\n\t\t\t\t\t\t\t<a class=\"e-gallery-item elementor-gallery-item elementor-animated-content\" href=\"https:\/\/bio-balkon.de\/wp-content\/uploads\/2025\/04\/Spielplan-insta-Kongress-17.avif\" data-elementor-open-lightbox=\"yes\" data-elementor-lightbox-slideshow=\"3fd2483\" data-e-action-hash=\"#elementor-action%3Aaction%3Dlightbox%26settings%3DeyJpZCI6ODM3MDIsInVybCI6Imh0dHBzOlwvXC9iaW8tYmFsa29uLmRlXC93cC1jb250ZW50XC91cGxvYWRzXC8yMDI1XC8wNFwvU3BpZWxwbGFuLWluc3RhLUtvbmdyZXNzLTE3LmF2aWYiLCJzbGlkZXNob3ciOiIzZmQyNDgzIn0%3D\">\n\t\t\t\t\t<div class=\"e-gallery-image elementor-gallery-item__image\" data-thumbnail=\"https:\/\/bio-balkon.de\/wp-content\/uploads\/2025\/04\/Spielplan-insta-Kongress-17-768x768.avif\" data-width=\"768\" data-height=\"768\" aria-label role=\"img\"><\/div>\n\t\t\t\t\t\t\t\t\t\t\t\t\t\t\t<div class=\"elementor-gallery-item__content\">\n\t\t\t\t\t\t\t\t\t\t\t\t\t\t<div class=\"elementor-gallery-item__title\">\n\t\t\t\t\t\t\t\t\t\t\t\t\t\t\t\t\t\tSpiel\u00adplan vom 17. Online Bio-Bal\u00adkon Kon\u00adgress \u201cLust auf Obst?\u201d\t\t\t\t\t\t\t\t<\/div>\n\t\t\t\t\t\t\t\t\t\t\t\t<\/div>\n\t\t\t\t\t\t\t\t\t<\/a>\n\t\t\t\t\t\t\t<a class=\"e-gallery-item elementor-gallery-item elementor-animated-content\" href=\"https:\/\/bio-balkon.de\/wp-content\/uploads\/2025\/06\/Mockup-Bundle-Schaedlinge.avif\" data-elementor-open-lightbox=\"yes\" data-elementor-lightbox-slideshow=\"3fd2483\" data-e-action-hash=\"#elementor-action%3Aaction%3Dlightbox%26settings%3DeyJpZCI6ODA3MzUsInVybCI6Imh0dHBzOlwvXC9iaW8tYmFsa29uLmRlXC93cC1jb250ZW50XC91cGxvYWRzXC8yMDI1XC8wNlwvTW9ja3VwLUJ1bmRsZS1TY2hhZWRsaW5nZS5hdmlmIiwic2xpZGVzaG93IjoiM2ZkMjQ4MyJ9\">\n\t\t\t\t\t<div class=\"e-gallery-image elementor-gallery-item__image\" data-thumbnail=\"https:\/\/bio-balkon.de\/wp-content\/uploads\/2025\/06\/Mockup-Bundle-Schaedlinge-768x576.avif\" data-width=\"768\" data-height=\"576\" aria-label=\"Artensprechstunde auf Birgits Bio-Balkon: Mockup f\u00fcr das Bundle \u201cSch\u00e4dlinge\u201d: Blattl\u00e4use, Schnecken, W\u00fchlm\u00e4use, Ameisen, M\u00fccken, Zecken, Wespen, Spinnen\" role=\"img\"><\/div>\n\t\t\t\t\t\t\t\t\t\t\t\t\t\t\t<div class=\"elementor-gallery-item__content\">\n\t\t\t\t\t\t\t\t\t\t\t\t\t\t<div class=\"elementor-gallery-item__title\">\n\t\t\t\t\t\t\t\t\t\t\t\t\t\t\t\t\t\tDie Arten\u00adsprech\u00adstun\u00adde ist sehr pro\u00adduk\u00adtiv bsw. mit einem Bund\u00adle \u201cScha\u0308dlinge\u201d\t\t\t\t\t\t\t\t<\/div>\n\t\t\t\t\t\t\t\t\t\t\t\t<\/div>\n\t\t\t\t\t\t\t\t\t<\/a>\n\t\t\t\t\t\t\t<a class=\"e-gallery-item elementor-gallery-item elementor-animated-content\" href=\"https:\/\/bio-balkon.de\/wp-content\/uploads\/2025\/06\/Nahrungsnetz-der-Natur-im-Gemuesebeet-@-Sigrid-Tinz-scaled.avif\" data-elementor-open-lightbox=\"yes\" data-elementor-lightbox-slideshow=\"3fd2483\" data-e-action-hash=\"#elementor-action%3Aaction%3Dlightbox%26settings%3DeyJpZCI6ODA3NjgsInVybCI6Imh0dHBzOlwvXC9iaW8tYmFsa29uLmRlXC93cC1jb250ZW50XC91cGxvYWRzXC8yMDI1XC8wNlwvTmFocnVuZ3NuZXR6LWRlci1OYXR1ci1pbS1HZW11ZXNlYmVldC1ALVNpZ3JpZC1UaW56LXNjYWxlZC5hdmlmIiwic2xpZGVzaG93IjoiM2ZkMjQ4MyJ9\">\n\t\t\t\t\t<div class=\"e-gallery-image elementor-gallery-item__image\" data-thumbnail=\"https:\/\/bio-balkon.de\/wp-content\/uploads\/2025\/06\/Nahrungsnetz-der-Natur-im-Gemuesebeet-@-Sigrid-Tinz-768x432.avif\" data-width=\"768\" data-height=\"432\" aria-label=\"Das Nahrungsnetz der Natur - bezogen auf Blattl\u00e4use\" role=\"img\"><\/div>\n\t\t\t\t\t\t\t\t\t\t\t\t\t\t\t<div class=\"elementor-gallery-item__content\">\n\t\t\t\t\t\t\t\t\t\t\t\t\t\t<div class=\"elementor-gallery-item__title\">\n\t\t\t\t\t\t\t\t\t\t\t\t\t\t\t\t\t\tNah\u00adrungs\u00adnetz der Natur im Gemu\u0308sebeet @ Sig\u00adrid Tinz\t\t\t\t\t\t\t\t<\/div>\n\t\t\t\t\t\t\t\t\t\t\t\t<\/div>\n\t\t\t\t\t\t\t\t\t<\/a>\n\t\t\t\t\t\t\t<a class=\"e-gallery-item elementor-gallery-item elementor-animated-content\" href=\"https:\/\/bio-balkon.de\/wp-content\/uploads\/2025\/04\/IMG_1781-Salat-Fenster-jeder-meter-zaehlt-scaled.avif\" data-elementor-open-lightbox=\"yes\" data-elementor-lightbox-slideshow=\"3fd2483\" data-e-action-hash=\"#elementor-action%3Aaction%3Dlightbox%26settings%3DeyJpZCI6Nzg4MTEsInVybCI6Imh0dHBzOlwvXC9iaW8tYmFsa29uLmRlXC93cC1jb250ZW50XC91cGxvYWRzXC8yMDI1XC8wNFwvSU1HXzE3ODEtU2FsYXQtRmVuc3Rlci1qZWRlci1tZXRlci16YWVobHQtc2NhbGVkLmF2aWYiLCJzbGlkZXNob3ciOiIzZmQyNDgzIn0%3D\">\n\t\t\t\t\t<div class=\"e-gallery-image elementor-gallery-item__image\" data-thumbnail=\"https:\/\/bio-balkon.de\/wp-content\/uploads\/2025\/04\/IMG_1781-Salat-Fenster-jeder-meter-zaehlt-768x512.avif\" data-width=\"768\" data-height=\"512\" aria-label=\"Mangold, Ausdauernder Sellerie und ein Kirschb\u00e4umchen auf dem Fensterbrett in der 6. Etage.\" role=\"img\"><\/div>\n\t\t\t\t\t\t\t\t\t\t\t\t\t\t\t<div class=\"elementor-gallery-item__content\">\n\t\t\t\t\t\t\t\t\t\t\t\t\t\t<div class=\"elementor-gallery-item__title\">\n\t\t\t\t\t\t\t\t\t\t\t\t\t\t\t\t\t\tSalat auf dem Fens\u00adter\u00adbrett\t\t\t\t\t\t\t\t<\/div>\n\t\t\t\t\t\t\t\t\t\t\t\t<\/div>\n\t\t\t\t\t\t\t\t\t<\/a>\n\t\t\t\t\t\t\t<a class=\"e-gallery-item elementor-gallery-item elementor-animated-content\" href=\"https:\/\/bio-balkon.de\/wp-content\/uploads\/2025\/05\/IMG_0399-Morgenstimmung-Sonnenaufgang-Fenster-scaled.avif\" data-elementor-open-lightbox=\"yes\" data-elementor-lightbox-slideshow=\"3fd2483\" data-e-action-hash=\"#elementor-action%3Aaction%3Dlightbox%26settings%3DeyJpZCI6Nzk1MDAsInVybCI6Imh0dHBzOlwvXC9iaW8tYmFsa29uLmRlXC93cC1jb250ZW50XC91cGxvYWRzXC8yMDI1XC8wNVwvSU1HXzAzOTktTW9yZ2Vuc3RpbW11bmctU29ubmVuYXVmZ2FuZy1GZW5zdGVyLXNjYWxlZC5hdmlmIiwic2xpZGVzaG93IjoiM2ZkMjQ4MyJ9\">\n\t\t\t\t\t<div class=\"e-gallery-image elementor-gallery-item__image\" data-thumbnail=\"https:\/\/bio-balkon.de\/wp-content\/uploads\/2025\/05\/IMG_0399-Morgenstimmung-Sonnenaufgang-Fenster-768x576.avif\" data-width=\"768\" data-height=\"576\" aria-label=\"Morgenstimmung bei Sonnenaufgang auf der Fensterbank: Es wachsen Ausdauernder Sellerie, Mangold und ein Kirschb\u00e4umchen.\" role=\"img\"><\/div>\n\t\t\t\t\t\t\t\t\t\t\t\t\t\t\t<div class=\"elementor-gallery-item__content\">\n\t\t\t\t\t\t\t\t\t\t\t\t\t\t<div class=\"elementor-gallery-item__title\">\n\t\t\t\t\t\t\t\t\t\t\t\t\t\t\t\t\t\tMor\u00adgen\u00adstim\u00admung \u00fcber den Sala\u00adten auf der Fens\u00adter\u00adbank\t\t\t\t\t\t\t\t<\/div>\n\t\t\t\t\t\t\t\t\t\t\t\t<\/div>\n\t\t\t\t\t\t\t\t\t<\/a>\n\t\t\t\t\t\t\t<a class=\"e-gallery-item elementor-gallery-item elementor-animated-content\" href=\"https:\/\/bio-balkon.de\/wp-content\/uploads\/2025\/06\/IMG_6517-Eichhoernchen-Kobel-Fensterbrett-Sofa-scaled.avif\" data-elementor-open-lightbox=\"yes\" data-elementor-lightbox-slideshow=\"3fd2483\" data-e-action-hash=\"#elementor-action%3Aaction%3Dlightbox%26settings%3DeyJpZCI6ODA2ODUsInVybCI6Imh0dHBzOlwvXC9iaW8tYmFsa29uLmRlXC93cC1jb250ZW50XC91cGxvYWRzXC8yMDI1XC8wNlwvSU1HXzY1MTctRWljaGhvZXJuY2hlbi1Lb2JlbC1GZW5zdGVyYnJldHQtU29mYS1zY2FsZWQuYXZpZiIsInNsaWRlc2hvdyI6IjNmZDI0ODMifQ%3D%3D\">\n\t\t\t\t\t<div class=\"e-gallery-image elementor-gallery-item__image\" data-thumbnail=\"https:\/\/bio-balkon.de\/wp-content\/uploads\/2025\/06\/IMG_6517-Eichhoernchen-Kobel-Fensterbrett-Sofa-768x576.avif\" data-width=\"768\" data-height=\"576\" aria-label role=\"img\"><\/div>\n\t\t\t\t\t\t\t\t\t\t\t\t\t\t\t<div class=\"elementor-gallery-item__content\">\n\t\t\t\t\t\t\t\t\t\t\t\t\t\t<div class=\"elementor-gallery-item__title\">\n\t\t\t\t\t\t\t\t\t\t\t\t\t\t\t\t\t\tEichho\u0308rnchen baut sich wie\u00adder einen Kobel auf dem Fens\u00adter\u00adbrett hin\u00adter mei\u00adnem Sofa im Wohn\u00adzim\u00admer\t\t\t\t\t\t\t\t<\/div>\n\t\t\t\t\t\t\t\t\t\t\t\t<\/div>\n\t\t\t\t\t\t\t\t\t<\/a>\n\t\t\t\t\t\t\t<a class=\"e-gallery-item elementor-gallery-item elementor-animated-content\" href=\"https:\/\/bio-balkon.de\/wp-content\/uploads\/2025\/05\/IMG_1688-Nest-Taube-Fenster-scaled.avif\" data-elementor-open-lightbox=\"yes\" data-elementor-lightbox-slideshow=\"3fd2483\" data-e-action-hash=\"#elementor-action%3Aaction%3Dlightbox%26settings%3DeyJpZCI6ODAwMTUsInVybCI6Imh0dHBzOlwvXC9iaW8tYmFsa29uLmRlXC93cC1jb250ZW50XC91cGxvYWRzXC8yMDI1XC8wNVwvSU1HXzE2ODgtTmVzdC1UYXViZS1GZW5zdGVyLXNjYWxlZC5hdmlmIiwic2xpZGVzaG93IjoiM2ZkMjQ4MyJ9\">\n\t\t\t\t\t<div class=\"e-gallery-image elementor-gallery-item__image\" data-thumbnail=\"https:\/\/bio-balkon.de\/wp-content\/uploads\/2025\/05\/IMG_1688-Nest-Taube-Fenster-768x576.avif\" data-width=\"768\" data-height=\"576\" aria-label=\"Mangold, Ausdauernder Sellerie und ein Kirschb\u00e4umchen auf dem Fensterbrett in der 6. Etage.\" role=\"img\"><\/div>\n\t\t\t\t\t\t\t\t\t\t\t\t\t\t\t<div class=\"elementor-gallery-item__content\">\n\t\t\t\t\t\t\t\t\t\t\t\t\t\t<div class=\"elementor-gallery-item__title\">\n\t\t\t\t\t\t\t\t\t\t\t\t\t\t\t\t\t\tAuf dem glei\u00adchen Fens\u00adter\u00adbrett baut sich ein P\u00e4r\u00adchen Rin\u00adgel\u00adtau\u00adben ein Nest\t\t\t\t\t\t\t\t<\/div>\n\t\t\t\t\t\t\t\t\t\t\t\t<\/div>\n\t\t\t\t\t\t\t\t\t<\/a>\n\t\t\t\t\t\t\t<a class=\"e-gallery-item elementor-gallery-item elementor-animated-content\" href=\"https:\/\/bio-balkon.de\/wp-content\/uploads\/2025\/09\/IMG_8174-Spinne-Fenster-scaled.avif\" data-elementor-open-lightbox=\"yes\" data-elementor-lightbox-slideshow=\"3fd2483\" data-elementor-lightbox-title=\"In der Ecke dar\u00fcber hockt die Kreuzspinne und wartet auf Opfer\" data-e-action-hash=\"#elementor-action%3Aaction%3Dlightbox%26settings%3DeyJpZCI6ODQ1NjcsInVybCI6Imh0dHBzOlwvXC9iaW8tYmFsa29uLmRlXC93cC1jb250ZW50XC91cGxvYWRzXC8yMDI1XC8wOVwvSU1HXzgxNzQtU3Bpbm5lLUZlbnN0ZXItc2NhbGVkLmF2aWYiLCJzbGlkZXNob3ciOiIzZmQyNDgzIn0%3D\">\n\t\t\t\t\t<div class=\"e-gallery-image elementor-gallery-item__image\" data-thumbnail=\"https:\/\/bio-balkon.de\/wp-content\/uploads\/2025\/09\/IMG_8174-Spinne-Fenster-768x576.avif\" data-width=\"768\" data-height=\"576\" aria-label role=\"img\"><\/div>\n\t\t\t\t\t\t\t\t\t\t\t\t\t\t\t<div class=\"elementor-gallery-item__content\">\n\t\t\t\t\t\t\t\t\t\t\t\t\t\t<div class=\"elementor-gallery-item__title\">\n\t\t\t\t\t\t\t\t\t\t\t\t\t\t\t\t\t\tIMG_8174 Spin\u00adne Fens\u00adter\t\t\t\t\t\t\t\t<\/div>\n\t\t\t\t\t\t\t\t\t\t\t\t<\/div>\n\t\t\t\t\t\t\t\t\t<\/a>\n\t\t\t\t\t\t\t<a class=\"e-gallery-item elementor-gallery-item elementor-animated-content\" href=\"https:\/\/bio-balkon.de\/wp-content\/uploads\/2025\/07\/IMG_2842-Balkonschule-vor-Seminarraum-scaled.avif\" data-elementor-open-lightbox=\"yes\" data-elementor-lightbox-slideshow=\"3fd2483\" data-e-action-hash=\"#elementor-action%3Aaction%3Dlightbox%26settings%3DeyJpZCI6ODE2MjksInVybCI6Imh0dHBzOlwvXC9iaW8tYmFsa29uLmRlXC93cC1jb250ZW50XC91cGxvYWRzXC8yMDI1XC8wN1wvSU1HXzI4NDItQmFsa29uc2NodWxlLXZvci1TZW1pbmFycmF1bS1zY2FsZWQuYXZpZiIsInNsaWRlc2hvdyI6IjNmZDI0ODMifQ%3D%3D\">\n\t\t\t\t\t<div class=\"e-gallery-image elementor-gallery-item__image\" data-thumbnail=\"https:\/\/bio-balkon.de\/wp-content\/uploads\/2025\/07\/IMG_2842-Balkonschule-vor-Seminarraum-768x576.avif\" data-width=\"768\" data-height=\"576\" aria-label role=\"img\"><\/div>\n\t\t\t\t\t\t\t\t\t\t\t\t\t\t\t<div class=\"elementor-gallery-item__content\">\n\t\t\t\t\t\t\t\t\t\t\t\t\t\t<div class=\"elementor-gallery-item__title\">\n\t\t\t\t\t\t\t\t\t\t\t\t\t\t\t\t\t\tIMG_2842 Bal\u00adkon\u00adschu\u00adle vor Semi\u00adnar\u00adraum\t\t\t\t\t\t\t\t<\/div>\n\t\t\t\t\t\t\t\t\t\t\t\t<\/div>\n\t\t\t\t\t\t\t\t\t<\/a>\n\t\t\t\t\t<\/div>\n\t\t\t\t\t<\/div>\n\t\t\t\t\t<\/div>\n\t\t\t\t<\/div>\n\t\t<div class=\"elementor-element elementor-element-88c3a9f e-flex e-con-boxed e-con e-parent\" data-id=\"88c3a9f\" data-element_type=\"container\" data-e-type=\"container\" data-settings=\"{&quot;background_background&quot;:&quot;classic&quot;}\">\n\t\t\t\t\t<div class=\"e-con-inner\">\n\t\t\t\t<div class=\"elementor-element elementor-element-5d533f5 elementor-widget__width-initial elementor-widget elementor-widget-text-editor\" data-id=\"5d533f5\" data-element_type=\"widget\" data-e-type=\"widget\" data-widget_type=\"text-editor.default\">\n\t\t\t\t\t\t\t\t\t<h2>2024<\/h2><p><strong>ent\u00adschei\u00adde ich, erg\u00e4n\u00adzend zur Online-Arbeit, den Schritt in die Pr\u00e4\u00adsenz zu gehen und suche einen Semi\u00adnar\u00adraum<\/strong><\/p><p style=\"text-align: left;\">Nach lan\u00adger Suche bei Ber\u00adli\u00adner \u00c4mtern, Fach\u00adta\u00adgun\u00adgen, Insti\u00adtu\u00adtio\u00adnen fand ich ihn im Dezem\u00adber auf dem span\u00adnen\u00adden, inspi\u00adrie\u00adren\u00adden Gel\u00e4n\u00adde von <a href=\"https:\/\/bio-balkon.de\/en\/balcony-school\/\">Ate\u00adlier Gar\u00addens<\/a>.<\/p><p style=\"text-align: left;\">H\u00f6he\u00adpunkt des Jah\u00adres war der 14. Online Bio-Bal\u00adkon-Kon\u00adgress im M\u00e4rz <a href=\"https:\/\/bio-balkon.de\/en\/congresses\/kongress-14\/congress-package\/\">Jeder Meter z\u00e4hlt! Mein genia\u00adler Bio-Bal\u00adkon<\/a>. Im Sep\u00adtem\u00adber star\u00adte\u00adte der 15. Online Bio-Bal\u00adkon-Kon\u00adgress <a href=\"https:\/\/bio-balkon.de\/en\/congresses\/congress-15\/congress-package\/\" target=\"_blank\" rel=\"noopener\">Air con\u00addi\u00adtio\u00adning in the plan\u00adter<\/a> mit dem Ziel, dass mehr Geh\u00f6l\u00adze auf Bal\u00adko\u00adni\u00aden ein\u00adzie\u00adhen.<\/p><p>Das neue For\u00admat \u201eSig\u00adrids Arten\u00adsprech\u00adstun\u00adde auf Birgits Bio-Bal\u00adkon\u201c mit der Arten\u00adsch\u00fct\u00adze\u00adrin Sig\u00adrid Tinz bringt uns Zusam\u00admen\u00adh\u00e4n\u00adge n\u00e4her.<\/p>\t\t\t\t\t\t\t\t<\/div>\n\t\t\t\t<div class=\"elementor-element elementor-element-be9610b elementor-widget elementor-widget-gallery\" data-id=\"be9610b\" data-element_type=\"widget\" data-e-type=\"widget\" data-settings=\"{&quot;overlay_title&quot;:&quot;title&quot;,&quot;gap&quot;:{&quot;unit&quot;:&quot;px&quot;,&quot;size&quot;:20,&quot;sizes&quot;:[]},&quot;columns_mobile&quot;:2,&quot;gap_tablet&quot;:{&quot;unit&quot;:&quot;px&quot;,&quot;size&quot;:20,&quot;sizes&quot;:[]},&quot;gap_mobile&quot;:{&quot;unit&quot;:&quot;px&quot;,&quot;size&quot;:20,&quot;sizes&quot;:[]},&quot;gallery_layout&quot;:&quot;grid&quot;,&quot;columns&quot;:4,&quot;link_to&quot;:&quot;file&quot;,&quot;aspect_ratio&quot;:&quot;3:2&quot;,&quot;content_hover_animation&quot;:&quot;fade-in&quot;}\" data-widget_type=\"gallery.default\">\n\t\t\t\t\t\t\t<div class=\"elementor-gallery__container\">\n\t\t\t\t\t\t\t<a class=\"e-gallery-item elementor-gallery-item elementor-animated-content\" href=\"https:\/\/bio-balkon.de\/wp-content\/uploads\/2024\/03\/Kongress-14-Schwerpunkt-schwierige-Standorte-.avif\" data-elementor-open-lightbox=\"yes\" data-elementor-lightbox-slideshow=\"be9610b\" data-e-action-hash=\"#elementor-action%3Aaction%3Dlightbox%26settings%3DeyJpZCI6NjUyODUsInVybCI6Imh0dHBzOlwvXC9iaW8tYmFsa29uLmRlXC93cC1jb250ZW50XC91cGxvYWRzXC8yMDI0XC8wM1wvS29uZ3Jlc3MtMTQtU2Nod2VycHVua3Qtc2Nod2llcmlnZS1TdGFuZG9ydGUtLmF2aWYiLCJzbGlkZXNob3ciOiJiZTk2MTBiIn0%3D\">\n\t\t\t\t\t<div class=\"e-gallery-image elementor-gallery-item__image\" data-thumbnail=\"https:\/\/bio-balkon.de\/wp-content\/uploads\/2024\/03\/Kongress-14-Schwerpunkt-schwierige-Standorte--768x644.avif\" data-width=\"768\" data-height=\"644\" aria-label role=\"img\"><\/div>\n\t\t\t\t\t\t\t\t\t\t\t\t\t\t\t<div class=\"elementor-gallery-item__content\">\n\t\t\t\t\t\t\t\t\t\t\t\t\t\t<div class=\"elementor-gallery-item__title\">\n\t\t\t\t\t\t\t\t\t\t\t\t\t\t\t\t\t\t14. Online Bio-Bal\u00adkon-Kon\u00adgress zu schwie\u00adri\u00adgen Stand\u00ador\u00adten: Hit\u00adze, Son\u00adne, Wind und Schat\u00adten\t\t\t\t\t\t\t\t<\/div>\n\t\t\t\t\t\t\t\t\t\t\t\t<\/div>\n\t\t\t\t\t\t\t\t\t<\/a>\n\t\t\t\t\t\t\t<a class=\"e-gallery-item elementor-gallery-item elementor-animated-content\" href=\"https:\/\/bio-balkon.de\/wp-content\/uploads\/2024\/09\/Igel-Sigrids-Artensprechstunde-auf-Birgits-Bio-Balkon.013.avif\" data-elementor-open-lightbox=\"yes\" data-elementor-lightbox-slideshow=\"be9610b\" data-e-action-hash=\"#elementor-action%3Aaction%3Dlightbox%26settings%3DeyJpZCI6NzA1ODcsInVybCI6Imh0dHBzOlwvXC9iaW8tYmFsa29uLmRlXC93cC1jb250ZW50XC91cGxvYWRzXC8yMDI0XC8wOVwvSWdlbC1TaWdyaWRzLUFydGVuc3ByZWNoc3R1bmRlLWF1Zi1CaXJnaXRzLUJpby1CYWxrb24uMDEzLmF2aWYiLCJzbGlkZXNob3ciOiJiZTk2MTBiIn0%3D\">\n\t\t\t\t\t<div class=\"e-gallery-image elementor-gallery-item__image\" data-thumbnail=\"https:\/\/bio-balkon.de\/wp-content\/uploads\/2024\/09\/Igel-Sigrids-Artensprechstunde-auf-Birgits-Bio-Balkon.013-768x432.avif\" data-width=\"768\" data-height=\"432\" aria-label role=\"img\"><\/div>\n\t\t\t\t\t\t\t\t\t\t\t\t\t\t\t<div class=\"elementor-gallery-item__content\">\n\t\t\t\t\t\t\t\t\t\t\t\t\t\t<div class=\"elementor-gallery-item__title\">\n\t\t\t\t\t\t\t\t\t\t\t\t\t\t\t\t\t\tDas neue For\u00admat \u201cSig\u00adrids Arten\u00adsprech\u00adstun\u00adde auf Birgits Bio-Bal\u00adkon\u201d bringt uns Zusam\u00admen\u00adh\u00e4n\u00adge n\u00e4her\t\t\t\t\t\t\t\t<\/div>\n\t\t\t\t\t\t\t\t\t\t\t\t<\/div>\n\t\t\t\t\t\t\t\t\t<\/a>\n\t\t\t\t\t\t\t<a class=\"e-gallery-item elementor-gallery-item elementor-animated-content\" href=\"https:\/\/bio-balkon.de\/wp-content\/uploads\/2024\/07\/Vortrag-Workshop-Pflanzaktion-Malerviertel-2024-Anne-health.climatejustice@gmail.com-29-super-scaled.avif\" data-elementor-open-lightbox=\"yes\" data-elementor-lightbox-slideshow=\"be9610b\" data-e-action-hash=\"#elementor-action%3Aaction%3Dlightbox%26settings%3DeyJpZCI6Njg4MTksInVybCI6Imh0dHBzOlwvXC9iaW8tYmFsa29uLmRlXC93cC1jb250ZW50XC91cGxvYWRzXC8yMDI0XC8wN1wvVm9ydHJhZy1Xb3Jrc2hvcC1QZmxhbnpha3Rpb24tTWFsZXJ2aWVydGVsLTIwMjQtQW5uZS1oZWFsdGguY2xpbWF0ZWp1c3RpY2VAZ21haWwuY29tLTI5LXN1cGVyLXNjYWxlZC5hdmlmIiwic2xpZGVzaG93IjoiYmU5NjEwYiJ9\">\n\t\t\t\t\t<div class=\"e-gallery-image elementor-gallery-item__image\" data-thumbnail=\"https:\/\/bio-balkon.de\/wp-content\/uploads\/2024\/07\/Vortrag-Workshop-Pflanzaktion-Malerviertel-2024-Anne-health.climatejustice@gmail.com-29-super-768x1024.avif\" data-width=\"768\" data-height=\"1024\" aria-label role=\"img\"><\/div>\n\t\t\t\t\t\t\t\t\t\t\t\t\t\t\t<div class=\"elementor-gallery-item__content\">\n\t\t\t\t\t\t\t\t\t\t\t\t\t\t<div class=\"elementor-gallery-item__title\">\n\t\t\t\t\t\t\t\t\t\t\t\t\t\t\t\t\t\tToll sind Vor\u00adtr\u00e4\u00adge und Work\u00adshops mit Pflanz\u00adak\u00adtio\u00adnen wie hier im  Maler\u00advier\u00adtel in Ber\u00adlin-Frie\u00adden\u00adau\t\t\t\t\t\t\t\t<\/div>\n\t\t\t\t\t\t\t\t\t\t\t\t<\/div>\n\t\t\t\t\t\t\t\t\t<\/a>\n\t\t\t\t\t\t\t<a class=\"e-gallery-item elementor-gallery-item elementor-animated-content\" href=\"https:\/\/bio-balkon.de\/wp-content\/uploads\/2024\/04\/zwei-junge-Eichhoernchen-Schwarze-Johannisbeere-IMG_5921-scaled.avif\" data-elementor-open-lightbox=\"yes\" data-elementor-lightbox-slideshow=\"be9610b\" data-e-action-hash=\"#elementor-action%3Aaction%3Dlightbox%26settings%3DeyJpZCI6NjY3MzksInVybCI6Imh0dHBzOlwvXC9iaW8tYmFsa29uLmRlXC93cC1jb250ZW50XC91cGxvYWRzXC8yMDI0XC8wNFwvendlaS1qdW5nZS1FaWNoaG9lcm5jaGVuLVNjaHdhcnplLUpvaGFubmlzYmVlcmUtSU1HXzU5MjEtc2NhbGVkLmF2aWYiLCJzbGlkZXNob3ciOiJiZTk2MTBiIn0%3D\">\n\t\t\t\t\t<div class=\"e-gallery-image elementor-gallery-item__image\" data-thumbnail=\"https:\/\/bio-balkon.de\/wp-content\/uploads\/2024\/04\/zwei-junge-Eichhoernchen-Schwarze-Johannisbeere-IMG_5921-768x576.avif\" data-width=\"768\" data-height=\"576\" aria-label role=\"img\"><\/div>\n\t\t\t\t\t\t\t\t\t\t\t\t\t\t\t<div class=\"elementor-gallery-item__content\">\n\t\t\t\t\t\t\t\t\t\t\t\t\t\t<div class=\"elementor-gallery-item__title\">\n\t\t\t\t\t\t\t\t\t\t\t\t\t\t\t\t\t\tZwei jun\u00adge Eichho\u0308rnchen tur\u00adnen her\u00adum, dahin\u00adter eine Schwar\u00adze Johan\u00adnis\u00adbee\u00adre\t\t\t\t\t\t\t\t<\/div>\n\t\t\t\t\t\t\t\t\t\t\t\t<\/div>\n\t\t\t\t\t\t\t\t\t<\/a>\n\t\t\t\t\t\t\t<a class=\"e-gallery-item elementor-gallery-item elementor-animated-content\" href=\"https:\/\/bio-balkon.de\/wp-content\/uploads\/2024\/04\/Aronia-blueht-Wildbiene-Ewiger-Kohl-IMG_5783-scaled.avif\" data-elementor-open-lightbox=\"yes\" data-elementor-lightbox-slideshow=\"be9610b\" data-e-action-hash=\"#elementor-action%3Aaction%3Dlightbox%26settings%3DeyJpZCI6NjY3MzgsInVybCI6Imh0dHBzOlwvXC9iaW8tYmFsa29uLmRlXC93cC1jb250ZW50XC91cGxvYWRzXC8yMDI0XC8wNFwvQXJvbmlhLWJsdWVodC1XaWxkYmllbmUtRXdpZ2VyLUtvaGwtSU1HXzU3ODMtc2NhbGVkLmF2aWYiLCJzbGlkZXNob3ciOiJiZTk2MTBiIn0%3D\">\n\t\t\t\t\t<div class=\"e-gallery-image elementor-gallery-item__image\" data-thumbnail=\"https:\/\/bio-balkon.de\/wp-content\/uploads\/2024\/04\/Aronia-blueht-Wildbiene-Ewiger-Kohl-IMG_5783-768x576.avif\" data-width=\"768\" data-height=\"576\" aria-label role=\"img\"><\/div>\n\t\t\t\t\t\t\t\t\t\t\t\t\t\t\t<div class=\"elementor-gallery-item__content\">\n\t\t\t\t\t\t\t\t\t\t\t\t\t\t<div class=\"elementor-gallery-item__title\">\n\t\t\t\t\t\t\t\t\t\t\t\t\t\t\t\t\t\tDie Aro\u00adni\u00adabee\u00adre blu\u0308ht und zieht Wild\u00adbie\u00adnen an\t\t\t\t\t\t\t\t<\/div>\n\t\t\t\t\t\t\t\t\t\t\t\t<\/div>\n\t\t\t\t\t\t\t\t\t<\/a>\n\t\t\t\t\t\t\t<a class=\"e-gallery-item elementor-gallery-item elementor-animated-content\" href=\"https:\/\/bio-balkon.de\/wp-content\/uploads\/2024\/04\/Brennnesseln-Ernte-MG_3606-scaled.avif\" data-elementor-open-lightbox=\"yes\" data-elementor-lightbox-slideshow=\"be9610b\" data-e-action-hash=\"#elementor-action%3Aaction%3Dlightbox%26settings%3DeyJpZCI6NjY3NDEsInVybCI6Imh0dHBzOlwvXC9iaW8tYmFsa29uLmRlXC93cC1jb250ZW50XC91cGxvYWRzXC8yMDI0XC8wNFwvQnJlbm5uZXNzZWxuLUVybnRlLU1HXzM2MDYtc2NhbGVkLmF2aWYiLCJzbGlkZXNob3ciOiJiZTk2MTBiIn0%3D\">\n\t\t\t\t\t<div class=\"e-gallery-image elementor-gallery-item__image\" data-thumbnail=\"https:\/\/bio-balkon.de\/wp-content\/uploads\/2024\/04\/Brennnesseln-Ernte-MG_3606-768x576.avif\" data-width=\"768\" data-height=\"576\" aria-label=\"Brennnesseln wachsen hervorragend auf dem Westbalkon\" role=\"img\"><\/div>\n\t\t\t\t\t\t\t\t\t\t\t\t\t\t\t<div class=\"elementor-gallery-item__content\">\n\t\t\t\t\t\t\t\t\t\t\t\t\t\t<div class=\"elementor-gallery-item__title\">\n\t\t\t\t\t\t\t\t\t\t\t\t\t\t\t\t\t\tBrenn\u00adnes\u00adseln wach\u00adsen her\u00advor\u00adra\u00adgend auf dem West\u00adbal\u00adkon\t\t\t\t\t\t\t\t<\/div>\n\t\t\t\t\t\t\t\t\t\t\t\t<\/div>\n\t\t\t\t\t\t\t\t\t<\/a>\n\t\t\t\t\t\t\t<a class=\"e-gallery-item elementor-gallery-item elementor-animated-content\" href=\"https:\/\/bio-balkon.de\/wp-content\/uploads\/2024\/04\/Apfel-blueht-Mauerbiene-IMG_3669-scaled.avif\" data-elementor-open-lightbox=\"yes\" data-elementor-lightbox-slideshow=\"be9610b\" data-e-action-hash=\"#elementor-action%3Aaction%3Dlightbox%26settings%3DeyJpZCI6NjY3NDIsInVybCI6Imh0dHBzOlwvXC9iaW8tYmFsa29uLmRlXC93cC1jb250ZW50XC91cGxvYWRzXC8yMDI0XC8wNFwvQXBmZWwtYmx1ZWh0LU1hdWVyYmllbmUtSU1HXzM2Njktc2NhbGVkLmF2aWYiLCJzbGlkZXNob3ciOiJiZTk2MTBiIn0%3D\">\n\t\t\t\t\t<div class=\"e-gallery-image elementor-gallery-item__image\" data-thumbnail=\"https:\/\/bio-balkon.de\/wp-content\/uploads\/2024\/04\/Apfel-blueht-Mauerbiene-IMG_3669-768x576.avif\" data-width=\"768\" data-height=\"576\" aria-label=\"Fruit blossom on the balcony\" role=\"img\"><\/div>\n\t\t\t\t\t\t\t\t\t\t\t\t\t\t\t<div class=\"elementor-gallery-item__content\">\n\t\t\t\t\t\t\t\t\t\t\t\t\t\t<div class=\"elementor-gallery-item__title\">\n\t\t\t\t\t\t\t\t\t\t\t\t\t\t\t\t\t\tDer Apfel blu\u0308ht und zieht Mau\u00ader\u00adbie\u00adnen an\t\t\t\t\t\t\t\t<\/div>\n\t\t\t\t\t\t\t\t\t\t\t\t<\/div>\n\t\t\t\t\t\t\t\t\t<\/a>\n\t\t\t\t\t\t\t<a class=\"e-gallery-item elementor-gallery-item elementor-animated-content\" href=\"https:\/\/bio-balkon.de\/wp-content\/uploads\/2024\/08\/cropped-Willkommen-Newsletter-15.avif\" data-elementor-open-lightbox=\"yes\" data-elementor-lightbox-slideshow=\"be9610b\" data-elementor-lightbox-title=\"15. Online Bio-Balkon-Kongress im September 2024: Klimaanlage im Pflanzk\u00fcbel\" data-elementor-lightbox-description=\"https:\/\/bio-balkon.de\/wp-content\/uploads\/2024\/08\/cropped-Willkommen-Newsletter-15.jpg\" data-e-action-hash=\"#elementor-action%3Aaction%3Dlightbox%26settings%3DeyJpZCI6NzAxOTMsInVybCI6Imh0dHBzOlwvXC9iaW8tYmFsa29uLmRlXC93cC1jb250ZW50XC91cGxvYWRzXC8yMDI0XC8wOFwvY3JvcHBlZC1XaWxsa29tbWVuLU5ld3NsZXR0ZXItMTUuYXZpZiIsInNsaWRlc2hvdyI6ImJlOTYxMGIifQ%3D%3D\">\n\t\t\t\t\t<div class=\"e-gallery-image elementor-gallery-item__image\" data-thumbnail=\"https:\/\/bio-balkon.de\/wp-content\/uploads\/2024\/08\/cropped-Willkommen-Newsletter-15.avif\" data-width=\"640\" data-height=\"336\" aria-label role=\"img\"><\/div>\n\t\t\t\t\t\t\t\t\t\t\t\t\t\t\t<div class=\"elementor-gallery-item__content\">\n\t\t\t\t\t\t\t\t\t\t\t\t\t\t<div class=\"elementor-gallery-item__title\">\n\t\t\t\t\t\t\t\t\t\t\t\t\t\t\t\t\t\tcropped-Willkommen-Newsletter-15.jpg\t\t\t\t\t\t\t\t<\/div>\n\t\t\t\t\t\t\t\t\t\t\t\t<\/div>\n\t\t\t\t\t\t\t\t\t<\/a>\n\t\t\t\t\t\t\t<a class=\"e-gallery-item elementor-gallery-item elementor-animated-content\" href=\"https:\/\/bio-balkon.de\/wp-content\/uploads\/2025\/01\/IMG_6961-Balkonschule-AtelierGardens-1-scaled.avif\" data-elementor-open-lightbox=\"yes\" data-elementor-lightbox-slideshow=\"be9610b\" data-e-action-hash=\"#elementor-action%3Aaction%3Dlightbox%26settings%3DeyJpZCI6NzQzNzcsInVybCI6Imh0dHBzOlwvXC9iaW8tYmFsa29uLmRlXC93cC1jb250ZW50XC91cGxvYWRzXC8yMDI1XC8wMVwvSU1HXzY5NjEtQmFsa29uc2NodWxlLUF0ZWxpZXJHYXJkZW5zLTEtc2NhbGVkLmF2aWYiLCJzbGlkZXNob3ciOiJiZTk2MTBiIn0%3D\">\n\t\t\t\t\t<div class=\"e-gallery-image elementor-gallery-item__image\" data-thumbnail=\"https:\/\/bio-balkon.de\/wp-content\/uploads\/2025\/01\/IMG_6961-Balkonschule-AtelierGardens-1-768x576.avif\" data-width=\"768\" data-height=\"576\" aria-label role=\"img\"><\/div>\n\t\t\t\t\t\t\t\t\t\t\t\t\t\t\t<div class=\"elementor-gallery-item__content\">\n\t\t\t\t\t\t\t\t\t\t\t\t\t\t<div class=\"elementor-gallery-item__title\">\n\t\t\t\t\t\t\t\t\t\t\t\t\t\t\t\t\t\tAuf dem Gel\u00e4n\u00adde von Ate\u00adlier\u00adGar\u00addens in Ber\u00adlin-Tem\u00adpel\u00adhof mie\u00adte\u00adte ich einen Raum f\u00fcr die Bal\u00adkon\u00adschu\u00adle\t\t\t\t\t\t\t\t<\/div>\n\t\t\t\t\t\t\t\t\t\t\t\t<\/div>\n\t\t\t\t\t\t\t\t\t<\/a>\n\t\t\t\t\t\t\t<a class=\"e-gallery-item elementor-gallery-item elementor-animated-content\" href=\"https:\/\/bio-balkon.de\/wp-content\/uploads\/2025\/01\/IMG_7037-Balkonschule-AtelierGardens-3-scaled.avif\" data-elementor-open-lightbox=\"yes\" data-elementor-lightbox-slideshow=\"be9610b\" data-e-action-hash=\"#elementor-action%3Aaction%3Dlightbox%26settings%3DeyJpZCI6NzQzNzgsInVybCI6Imh0dHBzOlwvXC9iaW8tYmFsa29uLmRlXC93cC1jb250ZW50XC91cGxvYWRzXC8yMDI1XC8wMVwvSU1HXzcwMzctQmFsa29uc2NodWxlLUF0ZWxpZXJHYXJkZW5zLTMtc2NhbGVkLmF2aWYiLCJzbGlkZXNob3ciOiJiZTk2MTBiIn0%3D\">\n\t\t\t\t\t<div class=\"e-gallery-image elementor-gallery-item__image\" data-thumbnail=\"https:\/\/bio-balkon.de\/wp-content\/uploads\/2025\/01\/IMG_7037-Balkonschule-AtelierGardens-3-768x576.avif\" data-width=\"768\" data-height=\"576\" aria-label role=\"img\"><\/div>\n\t\t\t\t\t\t\t\t\t\t\t\t\t\t\t<div class=\"elementor-gallery-item__content\">\n\t\t\t\t\t\t\t\t\t\t\t\t\t\t<div class=\"elementor-gallery-item__title\">\n\t\t\t\t\t\t\t\t\t\t\t\t\t\t\t\t\t\tDie Kli\u00adma\u00adter\u00adras\u00adse kommt auf den Platz die\u00adses blau\u00aden Con\u00adtai\u00adners, der die Bar f\u00fcr das Open\u00adAir-Kino beher\u00adberg\u00adte\t\t\t\t\t\t\t\t<\/div>\n\t\t\t\t\t\t\t\t\t\t\t\t<\/div>\n\t\t\t\t\t\t\t\t\t<\/a>\n\t\t\t\t\t\t\t<a class=\"e-gallery-item elementor-gallery-item elementor-animated-content\" href=\"https:\/\/bio-balkon.de\/wp-content\/uploads\/2025\/01\/IMG_7042-Balkonschule-AtelierGardens-5-scaled.avif\" data-elementor-open-lightbox=\"yes\" data-elementor-lightbox-slideshow=\"be9610b\" data-e-action-hash=\"#elementor-action%3Aaction%3Dlightbox%26settings%3DeyJpZCI6NzQzODQsInVybCI6Imh0dHBzOlwvXC9iaW8tYmFsa29uLmRlXC93cC1jb250ZW50XC91cGxvYWRzXC8yMDI1XC8wMVwvSU1HXzcwNDItQmFsa29uc2NodWxlLUF0ZWxpZXJHYXJkZW5zLTUtc2NhbGVkLmF2aWYiLCJzbGlkZXNob3ciOiJiZTk2MTBiIn0%3D\">\n\t\t\t\t\t<div class=\"e-gallery-image elementor-gallery-item__image\" data-thumbnail=\"https:\/\/bio-balkon.de\/wp-content\/uploads\/2025\/01\/IMG_7042-Balkonschule-AtelierGardens-5-768x576.avif\" data-width=\"768\" data-height=\"576\" aria-label role=\"img\"><\/div>\n\t\t\t\t\t\t\t\t\t\t\t\t\t\t\t<div class=\"elementor-gallery-item__content\">\n\t\t\t\t\t\t\t\t\t\t\t\t\t\t<div class=\"elementor-gallery-item__title\">\n\t\t\t\t\t\t\t\t\t\t\t\t\t\t\t\t\t\tEin Blick vom Baum\u00adhaus auf die Frei\u00adfl\u00e4\u00adche\t\t\t\t\t\t\t\t<\/div>\n\t\t\t\t\t\t\t\t\t\t\t\t<\/div>\n\t\t\t\t\t\t\t\t\t<\/a>\n\t\t\t\t\t<\/div>\n\t\t\t\t\t<\/div>\n\t\t\t\t\t<\/div>\n\t\t\t\t<\/div>\n\t\t<div class=\"elementor-element elementor-element-3ac3ed3 e-flex e-con-boxed e-con e-parent\" data-id=\"3ac3ed3\" data-element_type=\"container\" data-e-type=\"container\" data-settings=\"{&quot;background_background&quot;:&quot;classic&quot;}\">\n\t\t\t\t\t<div class=\"e-con-inner\">\n\t\t\t\t<div class=\"elementor-element elementor-element-0fdccb9 elementor-widget__width-initial elementor-widget elementor-widget-text-editor\" data-id=\"0fdccb9\" data-element_type=\"widget\" data-e-type=\"widget\" data-widget_type=\"text-editor.default\">\n\t\t\t\t\t\t\t\t\t<h2>2023<\/h2><p><strong>erscheint mein 2. Buch \u201eMein genia\u00adler Bio-Bal\u00adkon\u201c<\/strong><\/p><p>H\u00f6he\u00adpunkt des Jah\u00adres war der <a href=\"https:\/\/bio-balkon.de\/en\/kongress-11-kann-man-tiere-pflanzen-3\/\">Kann man Tie\u00adre pflan\u00adzen 3.0 \u2013 Kon\u00adgress<\/a> im M\u00e4rz. Im Mai gab es <a href=\"https:\/\/bio-balkon.de\/en\/kongress-12-selbstversorgung\/\">Bio-Selbst\u00adver\u00adsorgt von Bal\u00adkon, Ter\u00adras\u00adse und Fens\u00adter\u00adbrett<\/a>. Im Sep\u00adtem\u00adber gab es eine <a href=\"https:\/\/bio-balkon.de\/en\/erinnerung-wintergemuese\/\">Erin\u00adne\u00adrung an genia\u00adles Win\u00adter\u00adge\u00adm\u00fc\u00adse und Tie\u00adre sch\u00fct\u00adze in Herbst und Win\u00adter: Schluss mit lee\u00adren Bal\u00adkon\u00adk\u00e4s\u00adten im Win\u00adter!<\/a> Es infor\u00admier\u00adten sich bereits 30.000 Kon\u00adgress\u00adteil\u00adneh\u00adme\u00adrIn\u00adnen und gaben begeis\u00adter\u00adtes Feed\u00adback.<\/p><p>My 2nd book <a href=\"https:\/\/bio-balkon.de\/en\/books\/my-ingenious-organic-balcony\/\">My inge\u00adnious orga\u00adnic bal\u00adc\u00ado\u00adny. With gre\u00adat plant com\u00adbi\u00adna\u00adti\u00adons &amp; DIY pro\u00adjects for more bio\u00addi\u00adver\u00adsi\u00adty and a deli\u00adcious har\u00adve\u00adst<\/a>&nbsp;erscheint als Ulmer-Rat\u00adge\u00adber in der erfolg\u00adrei\u00adchen Rat\u00adge\u00adber\u00adse\u00adrie #machs\u00adnach\u00adhal\u00adtig.<\/p><p>The <a href=\"https:\/\/bio-balkon.de\/en\/gaertnerei-umbach\/\" rel=\"noopener\">Bio\u00adland-G\u00e4rt\u00adne\u00adrei Umbach in Heil\u00adbronn<\/a> unter\u00adst\u00fctz\u00adte ich bei den Mes\u00adsen Arte\u00admis sowie Bio&amp;Chi.<\/p><p>Die Anzahl von Vor\u00adtr\u00e4\u00adgen und Work\u00adshops im Rah\u00admen von BGM (Betrieb\u00adli\u00adche Gesund\u00adheits\u00adma\u00df\u00adnah\u00admen) nimmt zu. Mein Vor\u00adtrag bei den Gesund\u00adheits\u00adta\u00adgen der Gesell\u00adschaft f\u00fcr Gesund\u00adheits\u00adbe\u00adra\u00adtung im Sep\u00adtem\u00adber kam super an. Dort sprach mich Per\u00adma\u00adkul\u00adtur-Desi\u00adgner und Prof. f\u00fcr St\u00e4d\u00adte\u00adbau Declan Ken\u00adne\u00addy an \u201eSie machen ja per\u00adfek\u00adte Per\u00adma\u00adkul\u00adtur\u201c. \u201eNach Ihrem Vor\u00adtrag woll\u00adten die Zuh\u00f6\u00adrer sofort ins Tun kom\u00admen.\u201c Declan Ken\u00adne\u00addy ist es zu ver\u00addan\u00adken, dass die Per\u00adma\u00adkul\u00adtur\u00adbe\u00adwe\u00adgung so schnell nach Euro\u00adpa \u00fcber\u00adschwapp\u00adte. Er initi\u00adier\u00adte die \u00d6ko\u00adland\u00adbau-Con\u00adver\u00adgence, an der im Okto\u00adber im \u00d6ko\u00addorf Lebens\u00adgar\u00adten Stey\u00ader\u00adberg Praktiker:innen aus dem \u00d6ko\u00adland\u00adbau und der Per\u00adma\u00adkul\u00adtur zusam\u00admen\u00adtra\u00adfen, um sich gegen\u00adsei\u00adtig zu inspi\u00adrie\u00adren, von\u00adein\u00adan\u00adder zu ler\u00adnen und wich\u00adti\u00adge aktu\u00adel\u00adle The\u00admen zu dis\u00adku\u00adtie\u00adren. Ich mit\u00adten\u00addrin, es war sowas von span\u00adnend und lehr\u00adreich f\u00fcr mich. Beim Online-Por\u00adtal Per\u00admastart (Online-Kur\u00adse und Vor\u00adtr\u00e4\u00adge rund um Per\u00adma\u00adkul\u00adtur, nach\u00adhal\u00adti\u00adge Be\u00adwirt\u00adschaf\u00adtungs\u00admethoden und natur\u00adnahes G\u00e4rt\u00adnern) hielt ich ein Semi\u00adnar \u201ePer\u00adma\u00adkul\u00adtur auf dem Bal\u00adkon \u2013 Lecke\u00adre und gesun\u00adde Ern\u00adte auf 3 Qua\u00addrat\u00adme\u00adtern\u201c.<\/p><p>Lei\u00adder gab es kei\u00adnen Eich\u00adh\u00f6rn\u00adchen\u00adnach\u00adwuchs, nach\u00addem wir in drei Fr\u00fch\u00adjah\u00adren zuvor die\u00adses Gl\u00fcck ganz nah erle\u00adben durf\u00adten. Aber es schl\u00e4ft regel\u00adm\u00e4\u00ad\u00dfig ein Eich\u00adh\u00f6rn\u00adchen bei uns im Holz\u00adko\u00adbel. Viel Freu\u00adde brin\u00adgen die gro\u00ad\u00dfe Sper\u00adlings\u00adschar, Blau- und Kohl\u00admei\u00adsen sowie 7 Stieg\u00adlit\u00adze.<\/p><p>Ich sit\u00adze auf dem Sofa, ein Turm\u00adfal\u00adke lan\u00addet hin\u00adter mir auf dem Fens\u00adter\u00adbrett.<\/p>\t\t\t\t\t\t\t\t<\/div>\n\t\t\t\t<div class=\"elementor-element elementor-element-a89135c elementor-widget elementor-widget-gallery\" data-id=\"a89135c\" data-element_type=\"widget\" data-e-type=\"widget\" data-settings=\"{&quot;overlay_title&quot;:&quot;title&quot;,&quot;gap&quot;:{&quot;unit&quot;:&quot;px&quot;,&quot;size&quot;:20,&quot;sizes&quot;:[]},&quot;columns_mobile&quot;:2,&quot;gap_tablet&quot;:{&quot;unit&quot;:&quot;px&quot;,&quot;size&quot;:20,&quot;sizes&quot;:[]},&quot;gap_mobile&quot;:{&quot;unit&quot;:&quot;px&quot;,&quot;size&quot;:20,&quot;sizes&quot;:[]},&quot;gallery_layout&quot;:&quot;grid&quot;,&quot;columns&quot;:4,&quot;link_to&quot;:&quot;file&quot;,&quot;aspect_ratio&quot;:&quot;3:2&quot;,&quot;content_hover_animation&quot;:&quot;fade-in&quot;}\" data-widget_type=\"gallery.default\">\n\t\t\t\t\t\t\t<div class=\"elementor-gallery__container\">\n\t\t\t\t\t\t\t<a class=\"e-gallery-item elementor-gallery-item elementor-animated-content\" href=\"https:\/\/bio-balkon.de\/wp-content\/uploads\/2023\/09\/Produktbilder-Empfehlungen-Buch-genialer-800-x-800.avif\" data-elementor-open-lightbox=\"yes\" data-elementor-lightbox-slideshow=\"a89135c\" data-elementor-lightbox-title=\"Mein genialer Bio-Balkon\" data-e-action-hash=\"#elementor-action%3Aaction%3Dlightbox%26settings%3DeyJpZCI6NjA1MzMsInVybCI6Imh0dHBzOlwvXC9iaW8tYmFsa29uLmRlXC93cC1jb250ZW50XC91cGxvYWRzXC8yMDIzXC8wOVwvUHJvZHVrdGJpbGRlci1FbXBmZWhsdW5nZW4tQnVjaC1nZW5pYWxlci04MDAteC04MDAuYXZpZiIsInNsaWRlc2hvdyI6ImE4OTEzNWMifQ%3D%3D\">\n\t\t\t\t\t<div class=\"e-gallery-image elementor-gallery-item__image\" data-thumbnail=\"https:\/\/bio-balkon.de\/wp-content\/uploads\/2023\/09\/Produktbilder-Empfehlungen-Buch-genialer-800-x-800-768x768.avif\" data-width=\"768\" data-height=\"768\" aria-label=\"Balcony ambassador Birgit Schattling - organizer of the online organic balcony congresses - presents her 2nd guidebook: My ingenious organic balcony\" role=\"img\"><\/div>\n\t\t\t\t\t\t\t\t\t\t\t\t\t\t\t<div class=\"elementor-gallery-item__content\">\n\t\t\t\t\t\t\t\t\t\t\t\t\t\t<div class=\"elementor-gallery-item__title\">\n\t\t\t\t\t\t\t\t\t\t\t\t\t\t\t\t\t\tMy 2nd book: My inge\u00adnious orga\u00adnic bal\u00adc\u00ado\u00adny\t\t\t\t\t\t\t\t<\/div>\n\t\t\t\t\t\t\t\t\t\t\t\t<\/div>\n\t\t\t\t\t\t\t\t\t<\/a>\n\t\t\t\t\t\t\t<a class=\"e-gallery-item elementor-gallery-item elementor-animated-content\" href=\"https:\/\/bio-balkon.de\/wp-content\/uploads\/2023\/03\/1.-tiere-pflanzen-2023-facebook.avif\" data-elementor-open-lightbox=\"yes\" data-elementor-lightbox-slideshow=\"a89135c\" data-elementor-lightbox-title=\"11. Bio-Balkon Kongress\" data-e-action-hash=\"#elementor-action%3Aaction%3Dlightbox%26settings%3DeyJpZCI6NTExNTksInVybCI6Imh0dHBzOlwvXC9iaW8tYmFsa29uLmRlXC93cC1jb250ZW50XC91cGxvYWRzXC8yMDIzXC8wM1wvMS4tdGllcmUtcGZsYW56ZW4tMjAyMy1mYWNlYm9vay5hdmlmIiwic2xpZGVzaG93IjoiYTg5MTM1YyJ9\">\n\t\t\t\t\t<div class=\"e-gallery-image elementor-gallery-item__image\" data-thumbnail=\"https:\/\/bio-balkon.de\/wp-content\/uploads\/2023\/03\/1.-tiere-pflanzen-2023-facebook-768x644.avif\" data-width=\"768\" data-height=\"644\" aria-label=\"For blooming places of well-being for people and animals in the city and countryside: Can animals be planted?\" role=\"img\"><\/div>\n\t\t\t\t\t\t\t\t\t\t\t\t\t\t\t<div class=\"elementor-gallery-item__content\">\n\t\t\t\t\t\t\t\t\t\t\t\t\t\t<div class=\"elementor-gallery-item__title\">\n\t\t\t\t\t\t\t\t\t\t\t\t\t\t\t\t\t\t11. Bio-Bal\u00adkon Kon\u00adgress\t\t\t\t\t\t\t\t<\/div>\n\t\t\t\t\t\t\t\t\t\t\t\t<\/div>\n\t\t\t\t\t\t\t\t\t<\/a>\n\t\t\t\t\t\t\t<a class=\"e-gallery-item elementor-gallery-item elementor-animated-content\" href=\"https:\/\/bio-balkon.de\/wp-content\/uploads\/2020\/05\/1.-Selbstversorgung-2023-FB.avif\" data-elementor-open-lightbox=\"yes\" data-elementor-lightbox-slideshow=\"a89135c\" data-elementor-lightbox-title=\"12. Bio-Balkon Kongress\" data-e-action-hash=\"#elementor-action%3Aaction%3Dlightbox%26settings%3DeyJpZCI6NTQ4NzQsInVybCI6Imh0dHBzOlwvXC9iaW8tYmFsa29uLmRlXC93cC1jb250ZW50XC91cGxvYWRzXC8yMDIwXC8wNVwvMS4tU2VsYnN0dmVyc29yZ3VuZy0yMDIzLUZCLmF2aWYiLCJzbGlkZXNob3ciOiJhODkxMzVjIn0%3D\">\n\t\t\t\t\t<div class=\"e-gallery-image elementor-gallery-item__image\" data-thumbnail=\"https:\/\/bio-balkon.de\/wp-content\/uploads\/2020\/05\/1.-Selbstversorgung-2023-FB-768x644.avif\" data-width=\"768\" data-height=\"644\" aria-label=\"Hier geht es zum Onlinekongress &quot;Selbstversorgt von Bakon, Terrasse und Fensterbrett&quot;\" role=\"img\"><\/div>\n\t\t\t\t\t\t\t\t\t\t\t\t\t\t\t<div class=\"elementor-gallery-item__content\">\n\t\t\t\t\t\t\t\t\t\t\t\t\t\t<div class=\"elementor-gallery-item__title\">\n\t\t\t\t\t\t\t\t\t\t\t\t\t\t\t\t\t\t12. Bio-Bal\u00adkon Kon\u00adgress\t\t\t\t\t\t\t\t<\/div>\n\t\t\t\t\t\t\t\t\t\t\t\t<\/div>\n\t\t\t\t\t\t\t\t\t<\/a>\n\t\t\t\t\t\t\t<a class=\"e-gallery-item elementor-gallery-item elementor-animated-content\" href=\"https:\/\/bio-balkon.de\/wp-content\/uploads\/2023\/06\/IMG_0184-scaled.avif\" data-elementor-open-lightbox=\"yes\" data-elementor-lightbox-slideshow=\"a89135c\" data-e-action-hash=\"#elementor-action%3Aaction%3Dlightbox%26settings%3DeyJpZCI6NTgyNjksInVybCI6Imh0dHBzOlwvXC9iaW8tYmFsa29uLmRlXC93cC1jb250ZW50XC91cGxvYWRzXC8yMDIzXC8wNlwvSU1HXzAxODQtc2NhbGVkLmF2aWYiLCJzbGlkZXNob3ciOiJhODkxMzVjIn0%3D\">\n\t\t\t\t\t<div class=\"e-gallery-image elementor-gallery-item__image\" data-thumbnail=\"https:\/\/bio-balkon.de\/wp-content\/uploads\/2023\/06\/IMG_0184-768x576.avif\" data-width=\"768\" data-height=\"576\" aria-label role=\"img\"><\/div>\n\t\t\t\t\t\t\t\t\t\t\t\t\t\t\t<div class=\"elementor-gallery-item__content\">\n\t\t\t\t\t\t\t\t\t\t\t\t\t\t<div class=\"elementor-gallery-item__title\">\n\t\t\t\t\t\t\t\t\t\t\t\t\t\t\t\t\t\tEich\u00adh\u00f6rn\u00adchen schl\u00e4ft auf dem Fens\u00adter\u00adbrett\t\t\t\t\t\t\t\t<\/div>\n\t\t\t\t\t\t\t\t\t\t\t\t<\/div>\n\t\t\t\t\t\t\t\t\t<\/a>\n\t\t\t\t\t\t\t<a class=\"e-gallery-item elementor-gallery-item elementor-animated-content\" href=\"https:\/\/bio-balkon.de\/wp-content\/uploads\/2023\/07\/Apfel-Junifall-IMG_8096-scaled.avif\" data-elementor-open-lightbox=\"yes\" data-elementor-lightbox-slideshow=\"a89135c\" data-e-action-hash=\"#elementor-action%3Aaction%3Dlightbox%26settings%3DeyJpZCI6NTkwMDksInVybCI6Imh0dHBzOlwvXC9iaW8tYmFsa29uLmRlXC93cC1jb250ZW50XC91cGxvYWRzXC8yMDIzXC8wN1wvQXBmZWwtSnVuaWZhbGwtSU1HXzgwOTYtc2NhbGVkLmF2aWYiLCJzbGlkZXNob3ciOiJhODkxMzVjIn0%3D\">\n\t\t\t\t\t<div class=\"e-gallery-image elementor-gallery-item__image\" data-thumbnail=\"https:\/\/bio-balkon.de\/wp-content\/uploads\/2023\/07\/Apfel-Junifall-IMG_8096-768x576.avif\" data-width=\"768\" data-height=\"576\" aria-label=\"Neun \u00c4pfel an einem Zweig waren zu viel. Ich h\u00e4tte mit der Hand ausd\u00fcnnen m\u00fcssen.\" role=\"img\"><\/div>\n\t\t\t\t\t\t\t\t\t\t\t\t\t\t\t<div class=\"elementor-gallery-item__content\">\n\t\t\t\t\t\t\t\t\t\t\t\t\t\t<div class=\"elementor-gallery-item__title\">\n\t\t\t\t\t\t\t\t\t\t\t\t\t\t\t\t\t\tNasch\u00adbal\u00adkon im Juni\t\t\t\t\t\t\t\t<\/div>\n\t\t\t\t\t\t\t\t\t\t\t\t<\/div>\n\t\t\t\t\t\t\t\t\t<\/a>\n\t\t\t\t\t\t\t<a class=\"e-gallery-item elementor-gallery-item elementor-animated-content\" href=\"https:\/\/bio-balkon.de\/wp-content\/uploads\/2023\/06\/wildrose-herzgespann-IMG_6976-@Birgit-Schattling-Bio-Balkon-scaled.avif\" data-elementor-open-lightbox=\"yes\" data-elementor-lightbox-slideshow=\"a89135c\" data-e-action-hash=\"#elementor-action%3Aaction%3Dlightbox%26settings%3DeyJpZCI6NTgyNzIsInVybCI6Imh0dHBzOlwvXC9iaW8tYmFsa29uLmRlXC93cC1jb250ZW50XC91cGxvYWRzXC8yMDIzXC8wNlwvd2lsZHJvc2UtaGVyemdlc3Bhbm4tSU1HXzY5NzYtQEJpcmdpdC1TY2hhdHRsaW5nLUJpby1CYWxrb24tc2NhbGVkLmF2aWYiLCJzbGlkZXNob3ciOiJhODkxMzVjIn0%3D\">\n\t\t\t\t\t<div class=\"e-gallery-image elementor-gallery-item__image\" data-thumbnail=\"https:\/\/bio-balkon.de\/wp-content\/uploads\/2023\/06\/wildrose-herzgespann-IMG_6976-@Birgit-Schattling-Bio-Balkon-768x576.avif\" data-width=\"768\" data-height=\"576\" aria-label role=\"img\"><\/div>\n\t\t\t\t\t\t\t\t\t\t\t\t\t\t\t<div class=\"elementor-gallery-item__content\">\n\t\t\t\t\t\t\t\t\t\t\t\t\t\t<div class=\"elementor-gallery-item__title\">\n\t\t\t\t\t\t\t\t\t\t\t\t\t\t\t\t\t\tNasch\u00adbal\u00adkon im Juni\t\t\t\t\t\t\t\t<\/div>\n\t\t\t\t\t\t\t\t\t\t\t\t<\/div>\n\t\t\t\t\t\t\t\t\t<\/a>\n\t\t\t\t\t\t\t<a class=\"e-gallery-item elementor-gallery-item elementor-animated-content\" href=\"https:\/\/bio-balkon.de\/wp-content\/uploads\/2023\/07\/Aronia-Johannisbeere-Apfel-IMG_4999-scaled.avif\" data-elementor-open-lightbox=\"yes\" data-elementor-lightbox-slideshow=\"a89135c\" data-e-action-hash=\"#elementor-action%3Aaction%3Dlightbox%26settings%3DeyJpZCI6NTg3MDcsInVybCI6Imh0dHBzOlwvXC9iaW8tYmFsa29uLmRlXC93cC1jb250ZW50XC91cGxvYWRzXC8yMDIzXC8wN1wvQXJvbmlhLUpvaGFubmlzYmVlcmUtQXBmZWwtSU1HXzQ5OTktc2NhbGVkLmF2aWYiLCJzbGlkZXNob3ciOiJhODkxMzVjIn0%3D\">\n\t\t\t\t\t<div class=\"e-gallery-image elementor-gallery-item__image\" data-thumbnail=\"https:\/\/bio-balkon.de\/wp-content\/uploads\/2023\/07\/Aronia-Johannisbeere-Apfel-IMG_4999-768x576.avif\" data-width=\"768\" data-height=\"576\" aria-label role=\"img\"><\/div>\n\t\t\t\t\t\t\t\t\t\t\t\t\t\t\t<div class=\"elementor-gallery-item__content\">\n\t\t\t\t\t\t\t\t\t\t\t\t\t\t<div class=\"elementor-gallery-item__title\">\n\t\t\t\t\t\t\t\t\t\t\t\t\t\t\t\t\t\tNasch\u00adbal\u00adkon im Juli\t\t\t\t\t\t\t\t<\/div>\n\t\t\t\t\t\t\t\t\t\t\t\t<\/div>\n\t\t\t\t\t\t\t\t\t<\/a>\n\t\t\t\t\t\t\t<a class=\"e-gallery-item elementor-gallery-item elementor-animated-content\" href=\"https:\/\/bio-balkon.de\/wp-content\/uploads\/2023\/07\/Vogel-Wohnung-Fehlflug-Kohlmeise-IMG_5887-scaled.avif\" data-elementor-open-lightbox=\"yes\" data-elementor-lightbox-slideshow=\"a89135c\" data-e-action-hash=\"#elementor-action%3Aaction%3Dlightbox%26settings%3DeyJpZCI6NTkwMDQsInVybCI6Imh0dHBzOlwvXC9iaW8tYmFsa29uLmRlXC93cC1jb250ZW50XC91cGxvYWRzXC8yMDIzXC8wN1wvVm9nZWwtV29obnVuZy1GZWhsZmx1Zy1Lb2hsbWVpc2UtSU1HXzU4ODctc2NhbGVkLmF2aWYiLCJzbGlkZXNob3ciOiJhODkxMzVjIn0%3D\">\n\t\t\t\t\t<div class=\"e-gallery-image elementor-gallery-item__image\" data-thumbnail=\"https:\/\/bio-balkon.de\/wp-content\/uploads\/2023\/07\/Vogel-Wohnung-Fehlflug-Kohlmeise-IMG_5887-768x1024.avif\" data-width=\"768\" data-height=\"1024\" aria-label role=\"img\"><\/div>\n\t\t\t\t\t\t\t\t\t\t\t\t\t\t\t<div class=\"elementor-gallery-item__content\">\n\t\t\t\t\t\t\t\t\t\t\t\t\t\t<div class=\"elementor-gallery-item__title\">\n\t\t\t\t\t\t\t\t\t\t\t\t\t\t\t\t\t\tRet\u00adtung einer Kohl\u00admei\u00adse nach einem Fehl\u00adflug in die Woh\u00adnung\t\t\t\t\t\t\t\t<\/div>\n\t\t\t\t\t\t\t\t\t\t\t\t<\/div>\n\t\t\t\t\t\t\t\t\t<\/a>\n\t\t\t\t\t\t\t<a class=\"e-gallery-item elementor-gallery-item elementor-animated-content\" href=\"https:\/\/bio-balkon.de\/wp-content\/uploads\/2023\/09\/Blick-hoch-Ewiger-Kohl-Chinalauch-IMG_6392-scaled.avif\" data-elementor-open-lightbox=\"yes\" data-elementor-lightbox-slideshow=\"a89135c\" data-e-action-hash=\"#elementor-action%3Aaction%3Dlightbox%26settings%3DeyJpZCI6NjAzMzIsInVybCI6Imh0dHBzOlwvXC9iaW8tYmFsa29uLmRlXC93cC1jb250ZW50XC91cGxvYWRzXC8yMDIzXC8wOVwvQmxpY2staG9jaC1Fd2lnZXItS29obC1DaGluYWxhdWNoLUlNR182MzkyLXNjYWxlZC5hdmlmIiwic2xpZGVzaG93IjoiYTg5MTM1YyJ9\">\n\t\t\t\t\t<div class=\"e-gallery-image elementor-gallery-item__image\" data-thumbnail=\"https:\/\/bio-balkon.de\/wp-content\/uploads\/2023\/09\/Blick-hoch-Ewiger-Kohl-Chinalauch-IMG_6392-768x576.avif\" data-width=\"768\" data-height=\"576\" aria-label role=\"img\"><\/div>\n\t\t\t\t\t\t\t\t\t\t\t\t\t\t\t<div class=\"elementor-gallery-item__content\">\n\t\t\t\t\t\t\t\t\t\t\t\t\t\t<div class=\"elementor-gallery-item__title\">\n\t\t\t\t\t\t\t\t\t\t\t\t\t\t\t\t\t\tBlick hoch in den 6. Stock\t\t\t\t\t\t\t\t<\/div>\n\t\t\t\t\t\t\t\t\t\t\t\t<\/div>\n\t\t\t\t\t\t\t\t\t<\/a>\n\t\t\t\t\t\t\t<a class=\"e-gallery-item elementor-gallery-item elementor-animated-content\" href=\"https:\/\/bio-balkon.de\/wp-content\/uploads\/2023\/08\/Presseschau-Geo-online-Maria-Kirady-2.avif\" data-elementor-open-lightbox=\"yes\" data-elementor-lightbox-slideshow=\"a89135c\" data-e-action-hash=\"#elementor-action%3Aaction%3Dlightbox%26settings%3DeyJpZCI6NTk3OTcsInVybCI6Imh0dHBzOlwvXC9iaW8tYmFsa29uLmRlXC93cC1jb250ZW50XC91cGxvYWRzXC8yMDIzXC8wOFwvUHJlc3Nlc2NoYXUtR2VvLW9ubGluZS1NYXJpYS1LaXJhZHktMi5hdmlmIiwic2xpZGVzaG93IjoiYTg5MTM1YyJ9\">\n\t\t\t\t\t<div class=\"e-gallery-image elementor-gallery-item__image\" data-thumbnail=\"https:\/\/bio-balkon.de\/wp-content\/uploads\/2023\/08\/Presseschau-Geo-online-Maria-Kirady-2-768x886.avif\" data-width=\"768\" data-height=\"886\" aria-label=\"Interview with the balcony ambassador for Geo Natur on self-sufficiency on balconies and windowsills\" role=\"img\"><\/div>\n\t\t\t\t\t\t\t\t\t\t\t\t\t\t\t<div class=\"elementor-gallery-item__content\">\n\t\t\t\t\t\t\t\t\t\t\t\t\t\t<div class=\"elementor-gallery-item__title\">\n\t\t\t\t\t\t\t\t\t\t\t\t\t\t\t\t\t\tArti\u00adkel bei Geo\t\t\t\t\t\t\t\t<\/div>\n\t\t\t\t\t\t\t\t\t\t\t\t<\/div>\n\t\t\t\t\t\t\t\t\t<\/a>\n\t\t\t\t\t\t\t<a class=\"e-gallery-item elementor-gallery-item elementor-animated-content\" href=\"https:\/\/bio-balkon.de\/wp-content\/uploads\/2023\/10\/Wintergemuese-IMG_2829-Kopie-scaled.avif\" data-elementor-open-lightbox=\"yes\" data-elementor-lightbox-slideshow=\"a89135c\" data-e-action-hash=\"#elementor-action%3Aaction%3Dlightbox%26settings%3DeyJpZCI6NjA4ODksInVybCI6Imh0dHBzOlwvXC9iaW8tYmFsa29uLmRlXC93cC1jb250ZW50XC91cGxvYWRzXC8yMDIzXC8xMFwvV2ludGVyZ2VtdWVzZS1JTUdfMjgyOS1Lb3BpZS1zY2FsZWQuYXZpZiIsInNsaWRlc2hvdyI6ImE4OTEzNWMifQ%3D%3D\">\n\t\t\t\t\t<div class=\"e-gallery-image elementor-gallery-item__image\" data-thumbnail=\"https:\/\/bio-balkon.de\/wp-content\/uploads\/2023\/10\/Wintergemuese-IMG_2829-Kopie-768x1024.avif\" data-width=\"768\" data-height=\"1024\" aria-label role=\"img\"><\/div>\n\t\t\t\t\t\t\t\t\t\t\t\t\t\t\t<div class=\"elementor-gallery-item__content\">\n\t\t\t\t\t\t\t\t\t\t\t\t\t\t<div class=\"elementor-gallery-item__title\">\n\t\t\t\t\t\t\t\t\t\t\t\t\t\t\t\t\t\tZufrie\u00adden vorm Wintergemu\u0308se\t\t\t\t\t\t\t\t<\/div>\n\t\t\t\t\t\t\t\t\t\t\t\t<\/div>\n\t\t\t\t\t\t\t\t\t<\/a>\n\t\t\t\t\t\t\t<a class=\"e-gallery-item elementor-gallery-item elementor-animated-content\" href=\"https:\/\/bio-balkon.de\/wp-content\/uploads\/2023\/08\/1.-wintergemuese_werbebild_fb-1.avif\" data-elementor-open-lightbox=\"yes\" data-elementor-lightbox-slideshow=\"a89135c\" data-elementor-lightbox-title=\"13. Bio-Balkon Kongress\" data-e-action-hash=\"#elementor-action%3Aaction%3Dlightbox%26settings%3DeyJpZCI6NjAwNjMsInVybCI6Imh0dHBzOlwvXC9iaW8tYmFsa29uLmRlXC93cC1jb250ZW50XC91cGxvYWRzXC8yMDIzXC8wOFwvMS4td2ludGVyZ2VtdWVzZV93ZXJiZWJpbGRfZmItMS5hdmlmIiwic2xpZGVzaG93IjoiYTg5MTM1YyJ9\">\n\t\t\t\t\t<div class=\"e-gallery-image elementor-gallery-item__image\" data-thumbnail=\"https:\/\/bio-balkon.de\/wp-content\/uploads\/2023\/08\/1.-wintergemuese_werbebild_fb-1-768x644.avif\" data-width=\"768\" data-height=\"644\" aria-label=\"At the 13th ONLINE ORGANIC BALCONY CONGRESS FROM 8 TO 11 SEPTEMBER 2023 &quot;No more empty balcony boxes in winter!&quot; 10 experts will provide information\" role=\"img\"><\/div>\n\t\t\t\t\t\t\t\t\t\t\t\t\t\t\t<div class=\"elementor-gallery-item__content\">\n\t\t\t\t\t\t\t\t\t\t\t\t\t\t<div class=\"elementor-gallery-item__title\">\n\t\t\t\t\t\t\t\t\t\t\t\t\t\t\t\t\t\t13. Bio-Bal\u00adkon Kon\u00adgress \u201cErin\u00adne\u00adrung Win\u00adter\u00adge\u00adm\u00fc\u00adse\u201d\t\t\t\t\t\t\t\t<\/div>\n\t\t\t\t\t\t\t\t\t\t\t\t<\/div>\n\t\t\t\t\t\t\t\t\t<\/a>\n\t\t\t\t\t\t\t<a class=\"e-gallery-item elementor-gallery-item elementor-animated-content\" href=\"https:\/\/bio-balkon.de\/wp-content\/uploads\/2023\/10\/Birgit-Schattling-Kongressveranstalterin-IMG_3828-scaled.avif\" data-elementor-open-lightbox=\"yes\" data-elementor-lightbox-slideshow=\"a89135c\" data-e-action-hash=\"#elementor-action%3Aaction%3Dlightbox%26settings%3DeyJpZCI6NjExOTQsInVybCI6Imh0dHBzOlwvXC9iaW8tYmFsa29uLmRlXC93cC1jb250ZW50XC91cGxvYWRzXC8yMDIzXC8xMFwvQmlyZ2l0LVNjaGF0dGxpbmctS29uZ3Jlc3N2ZXJhbnN0YWx0ZXJpbi1JTUdfMzgyOC1zY2FsZWQuYXZpZiIsInNsaWRlc2hvdyI6ImE4OTEzNWMifQ%3D%3D\">\n\t\t\t\t\t<div class=\"e-gallery-image elementor-gallery-item__image\" data-thumbnail=\"https:\/\/bio-balkon.de\/wp-content\/uploads\/2023\/10\/Birgit-Schattling-Kongressveranstalterin-IMG_3828-768x576.avif\" data-width=\"768\" data-height=\"576\" aria-label role=\"img\"><\/div>\n\t\t\t\t\t\t\t\t\t\t\t\t\t\t\t<div class=\"elementor-gallery-item__content\">\n\t\t\t\t\t\t\t\t\t\t\t\t\t\t<div class=\"elementor-gallery-item__title\">\n\t\t\t\t\t\t\t\t\t\t\t\t\t\t\t\t\t\tBal\u00adkon im Sep\u00adtem\u00adber\t\t\t\t\t\t\t\t<\/div>\n\t\t\t\t\t\t\t\t\t\t\t\t<\/div>\n\t\t\t\t\t\t\t\t\t<\/a>\n\t\t\t\t\t\t\t<a class=\"e-gallery-item elementor-gallery-item elementor-animated-content\" href=\"https:\/\/bio-balkon.de\/wp-content\/uploads\/2023\/09\/Zichorie-IMG_7203-scaled.avif\" data-elementor-open-lightbox=\"yes\" data-elementor-lightbox-slideshow=\"a89135c\" data-e-action-hash=\"#elementor-action%3Aaction%3Dlightbox%26settings%3DeyJpZCI6NjAzMTYsInVybCI6Imh0dHBzOlwvXC9iaW8tYmFsa29uLmRlXC93cC1jb250ZW50XC91cGxvYWRzXC8yMDIzXC8wOVwvWmljaG9yaWUtSU1HXzcyMDMtc2NhbGVkLmF2aWYiLCJzbGlkZXNob3ciOiJhODkxMzVjIn0%3D\">\n\t\t\t\t\t<div class=\"e-gallery-image elementor-gallery-item__image\" data-thumbnail=\"https:\/\/bio-balkon.de\/wp-content\/uploads\/2023\/09\/Zichorie-IMG_7203-768x576.avif\" data-width=\"768\" data-height=\"576\" aria-label role=\"img\"><\/div>\n\t\t\t\t\t\t\t\t\t\t\t\t\t\t\t<div class=\"elementor-gallery-item__content\">\n\t\t\t\t\t\t\t\t\t\t\t\t\t\t<div class=\"elementor-gallery-item__title\">\n\t\t\t\t\t\t\t\t\t\t\t\t\t\t\t\t\t\tBl\u00fc\u00adhen\u00adde Zicho\u00adri\u00aden\t\t\t\t\t\t\t\t<\/div>\n\t\t\t\t\t\t\t\t\t\t\t\t<\/div>\n\t\t\t\t\t\t\t\t\t<\/a>\n\t\t\t\t\t\t\t<a class=\"e-gallery-item elementor-gallery-item elementor-animated-content\" href=\"https:\/\/bio-balkon.de\/wp-content\/uploads\/2023\/10\/Oekolandbau-Conviergence-Declan-Kennedy-GBB.avif\" data-elementor-open-lightbox=\"yes\" data-elementor-lightbox-slideshow=\"a89135c\" data-elementor-lightbox-title=\"Diverse Vortragsreisen\" data-e-action-hash=\"#elementor-action%3Aaction%3Dlightbox%26settings%3DeyJpZCI6NjEzMDUsInVybCI6Imh0dHBzOlwvXC9iaW8tYmFsa29uLmRlXC93cC1jb250ZW50XC91cGxvYWRzXC8yMDIzXC8xMFwvT2Vrb2xhbmRiYXUtQ29udmllcmdlbmNlLURlY2xhbi1LZW5uZWR5LUdCQi5hdmlmIiwic2xpZGVzaG93IjoiYTg5MTM1YyJ9\">\n\t\t\t\t\t<div class=\"e-gallery-image elementor-gallery-item__image\" data-thumbnail=\"https:\/\/bio-balkon.de\/wp-content\/uploads\/2023\/10\/Oekolandbau-Conviergence-Declan-Kennedy-GBB-768x768.avif\" data-width=\"768\" data-height=\"768\" aria-label=\"Vortrag bei den Gesundheitstagen der GBB, Kennenlernen von Prof. Declan Kennedy, Einladung zur O\u0308kolandbau-Conviergence\" role=\"img\"><\/div>\n\t\t\t\t\t\t\t\t\t\t\t\t\t\t\t<div class=\"elementor-gallery-item__content\">\n\t\t\t\t\t\t\t\t\t\t\t\t\t\t<div class=\"elementor-gallery-item__title\">\n\t\t\t\t\t\t\t\t\t\t\t\t\t\t\t\t\t\tVor\u00adtrag bei den Gesund\u00adheits\u00adta\u00adgen der GBB, Ken\u00adnen\u00adler\u00adnen von Prof. Declan Ken\u00adne\u00addy, Ein\u00adla\u00addung zur O\u0308kolandbau-Conviergence\t\t\t\t\t\t\t\t<\/div>\n\t\t\t\t\t\t\t\t\t\t\t\t<\/div>\n\t\t\t\t\t\t\t\t\t<\/a>\n\t\t\t\t\t\t\t<a class=\"e-gallery-item elementor-gallery-item elementor-animated-content\" href=\"https:\/\/bio-balkon.de\/wp-content\/uploads\/2023\/10\/GBB-Lahnstein-Bruker-Signieren-1.avif\" data-elementor-open-lightbox=\"yes\" data-elementor-lightbox-slideshow=\"a89135c\" data-e-action-hash=\"#elementor-action%3Aaction%3Dlightbox%26settings%3DeyJpZCI6NjEzMDYsInVybCI6Imh0dHBzOlwvXC9iaW8tYmFsa29uLmRlXC93cC1jb250ZW50XC91cGxvYWRzXC8yMDIzXC8xMFwvR0JCLUxhaG5zdGVpbi1CcnVrZXItU2lnbmllcmVuLTEuYXZpZiIsInNsaWRlc2hvdyI6ImE4OTEzNWMifQ%3D%3D\">\n\t\t\t\t\t<div class=\"e-gallery-image elementor-gallery-item__image\" data-thumbnail=\"https:\/\/bio-balkon.de\/wp-content\/uploads\/2023\/10\/GBB-Lahnstein-Bruker-Signieren-1-768x768.avif\" data-width=\"768\" data-height=\"768\" aria-label role=\"img\"><\/div>\n\t\t\t\t\t\t\t\t\t\t\t\t\t\t\t<div class=\"elementor-gallery-item__content\">\n\t\t\t\t\t\t\t\t\t\t\t\t\t\t<div class=\"elementor-gallery-item__title\">\n\t\t\t\t\t\t\t\t\t\t\t\t\t\t\t\t\t\tSig\u00adning ses\u00adsi\u00adon after my pre\u00adsen\u00adta\u00adti\u00adon at the GBB Health Days \u00a9GGB e.V.\t\t\t\t\t\t\t\t<\/div>\n\t\t\t\t\t\t\t\t\t\t\t\t<\/div>\n\t\t\t\t\t\t\t\t\t<\/a>\n\t\t\t\t\t\t\t<a class=\"e-gallery-item elementor-gallery-item elementor-animated-content\" href=\"https:\/\/bio-balkon.de\/wp-content\/uploads\/2023\/09\/Kohlweissling-Rosenkohl-IMG_6819-scaled.avif\" data-elementor-open-lightbox=\"yes\" data-elementor-lightbox-slideshow=\"a89135c\" data-e-action-hash=\"#elementor-action%3Aaction%3Dlightbox%26settings%3DeyJpZCI6NjAyNDYsInVybCI6Imh0dHBzOlwvXC9iaW8tYmFsa29uLmRlXC93cC1jb250ZW50XC91cGxvYWRzXC8yMDIzXC8wOVwvS29obHdlaXNzbGluZy1Sb3NlbmtvaGwtSU1HXzY4MTktc2NhbGVkLmF2aWYiLCJzbGlkZXNob3ciOiJhODkxMzVjIn0%3D\">\n\t\t\t\t\t<div class=\"e-gallery-image elementor-gallery-item__image\" data-thumbnail=\"https:\/\/bio-balkon.de\/wp-content\/uploads\/2023\/09\/Kohlweissling-Rosenkohl-IMG_6819-768x576.avif\" data-width=\"768\" data-height=\"576\" aria-label role=\"img\"><\/div>\n\t\t\t\t\t\t\t\t\t\t\t\t\t\t\t<div class=\"elementor-gallery-item__content\">\n\t\t\t\t\t\t\t\t\t\t\t\t\t\t<div class=\"elementor-gallery-item__title\">\n\t\t\t\t\t\t\t\t\t\t\t\t\t\t\t\t\t\tKohl\u00adwei\u00df\u00adling auf dem Rosen\u00adkohl\t\t\t\t\t\t\t\t<\/div>\n\t\t\t\t\t\t\t\t\t\t\t\t<\/div>\n\t\t\t\t\t\t\t\t\t<\/a>\n\t\t\t\t\t\t\t<a class=\"e-gallery-item elementor-gallery-item elementor-animated-content\" href=\"https:\/\/bio-balkon.de\/wp-content\/uploads\/2023\/10\/Turmfalke-Fenster-super-IMG_5611-scaled.avif\" data-elementor-open-lightbox=\"yes\" data-elementor-lightbox-slideshow=\"a89135c\" data-e-action-hash=\"#elementor-action%3Aaction%3Dlightbox%26settings%3DeyJpZCI6NjEzMTAsInVybCI6Imh0dHBzOlwvXC9iaW8tYmFsa29uLmRlXC93cC1jb250ZW50XC91cGxvYWRzXC8yMDIzXC8xMFwvVHVybWZhbGtlLUZlbnN0ZXItc3VwZXItSU1HXzU2MTEtc2NhbGVkLmF2aWYiLCJzbGlkZXNob3ciOiJhODkxMzVjIn0%3D\">\n\t\t\t\t\t<div class=\"e-gallery-image elementor-gallery-item__image\" data-thumbnail=\"https:\/\/bio-balkon.de\/wp-content\/uploads\/2023\/10\/Turmfalke-Fenster-super-IMG_5611-768x1024.avif\" data-width=\"768\" data-height=\"1024\" aria-label role=\"img\"><\/div>\n\t\t\t\t\t\t\t\t\t\t\t\t\t\t\t<div class=\"elementor-gallery-item__content\">\n\t\t\t\t\t\t\t\t\t\t\t\t\t\t<div class=\"elementor-gallery-item__title\">\n\t\t\t\t\t\t\t\t\t\t\t\t\t\t\t\t\t\tTurm\u00adfal\u00adke auf dem Fens\u00adter\u00adbrett\t\t\t\t\t\t\t\t<\/div>\n\t\t\t\t\t\t\t\t\t\t\t\t<\/div>\n\t\t\t\t\t\t\t\t\t<\/a>\n\t\t\t\t\t<\/div>\n\t\t\t\t\t<\/div>\n\t\t\t\t\t<\/div>\n\t\t\t\t<\/div>\n\t\t<div class=\"elementor-element elementor-element-22984db e-flex e-con-boxed e-con e-parent\" data-id=\"22984db\" data-element_type=\"container\" data-e-type=\"container\" data-settings=\"{&quot;background_background&quot;:&quot;classic&quot;}\">\n\t\t\t\t\t<div class=\"e-con-inner\">\n\t\t\t\t<div class=\"elementor-element elementor-element-0b32763 elementor-widget__width-initial elementor-widget elementor-widget-text-editor\" data-id=\"0b32763\" data-element_type=\"widget\" data-e-type=\"widget\" data-widget_type=\"text-editor.default\">\n\t\t\t\t\t\t\t\t\t<h2>2022<\/h2><p><strong>fei\u00adern wir 5 Jah\u00adre Bio-Bal\u00adkon-Bewe\u00adgung<\/strong><\/p><p style=\"text-align: left;\">H\u00f6he\u00adpunkt des Jah\u00adres war der <a href=\"https:\/\/bio-balkon.de\/en\/jubilaeums-bio-balkon-kongress\/\">Best-of-Bio-Bal\u00adkon-Kon\u00adgress<\/a> im Mai. Im M\u00e4rz gab es <a href=\"https:\/\/bio-balkon.de\/en\/kann-man-tiere-pflanzen-2\/\">Can you plant ani\u00admals? 2.0<\/a>. Es infor\u00admier\u00adten sich bereits 25.500 Kon\u00adgress\u00adteil\u00adneh\u00adme\u00adrIn\u00adnen und gaben begeis\u00adter\u00adtes Feed\u00adback.<\/p><p>Mein Kalen\u00adder&nbsp;\u201e<a href=\"https:\/\/bio-balkon.de\/en\/kalender-vom-bio-balkon-naturerlebnis-und-ernteglueck-mitten-in-der-stadt\/\" rel=\"noopener\">Ern\u00adte\u00adgl\u00fcck mit\u00adten in der Stadt<\/a>\u201c erhielt die Aner\u00adken\u00adnung CALVENDO Gold-Edi\u00adti\u00adon.&nbsp;<\/p><p>Im Fr\u00fch\u00adjahr initi\u00adier\u00adte ich die <a href=\"https:\/\/www.google.com\/maps\/d\/edit?mid=1A7S4H38a12tB-DCEG-y_2_UQwFxMRyVH&amp;ll=49.339888755415835%2C10.380086778124983&amp;z=6\" target=\"_blank\" rel=\"noopener\">Green card<\/a>, mit gift\u00adfrei pro\u00addu\u00adzie\u00adren\u00adden G\u00e4rt\u00adne\u00adrei\u00aden und Bio-Bal\u00adkons. Gern kannst Du Dei\u00adnen Bal\u00adkon und Dei\u00adne Lieb\u00adlings\u00adg\u00e4rt\u00adne\u00adrei\u00aden <a href=\"https:\/\/bio-balkon.de\/en\/map\/\" rel=\"noopener\">hier erg\u00e4n\u00adzen<\/a>. Die\u00adse Kar\u00adte wird au\u00dfer\u00adge\u00adw\u00f6hn\u00adlich oft auf\u00adge\u00adru\u00adfen.<\/p><p>The <a href=\"https:\/\/bio-balkon.de\/en\/gaertnerei-umbach\/\" rel=\"noopener\">Bio\u00adland-G\u00e4rt\u00adne\u00adrei Umbach in Heil\u00adbronn<\/a> unter\u00adst\u00fctz\u00adte ich beim Tag der offe\u00adnen T\u00fcr mit Bera\u00adtung und gemein\u00adsa\u00admen Vor\u00adtr\u00e4\u00adgen mit Chris\u00adtel Str\u00f6\u00adbel. Anschlie\u00ad\u00dfend absol\u00advier\u00adte ich ein vier\u00adt\u00e4\u00adgi\u00adges Prak\u00adti\u00adkum in der G\u00e4rt\u00adne\u00adrei, was mich sehr pr\u00e4g\u00adte, sowie Bera\u00adtung und Ver\u00adkauf beim Bl\u00fc\u00adhen\u00adden Barock Lud\u00adwigs\u00adburg.<\/p><p>Im Sep\u00adtem\u00adber absol\u00advier\u00adte ich einen sehr emp\u00adfeh\u00adlens\u00adwer\u00adten Kurs \u201eGar\u00adten\u00adfo\u00adto\u00adgra\u00adfie\u201c bei Syl\u00advia Knit\u00adtel auf dem EGA-Gel\u00e4n\u00adde in Erfurt. Ich m\u00f6ch\u00adte Euch ein noch bes\u00adse\u00adres Foto\u00ader\u00adleb\u00adnis bie\u00adten.<\/p><p style=\"text-align: left;\">Lei\u00adder gab es kei\u00adnen Eich\u00adh\u00f6rn\u00adchen\u00adnach\u00adwuchs, nach\u00addem wir in drei Fr\u00fch\u00adjah\u00adren zuvor die\u00adses Gl\u00fcck ganz nah erle\u00adben durf\u00adten. Aber seit August schl\u00e4ft regel\u00adm\u00e4\u00ad\u00dfig ein klei\u00adnes, zar\u00adtes Eich\u00adh\u00f6rn\u00adchen bei uns im Holz\u00adko\u00adbel. Viel Freu\u00adde brin\u00adgen die gro\u00ad\u00dfe Sper\u00adlings\u00adschar, Blau- und Kohl\u00admei\u00adsen sowie 7 Stieg\u00adlit\u00adze.<\/p><p style=\"text-align: left;\">Ab Okto\u00adber sucht t\u00e4g\u00adlich ein zar\u00adter klei\u00adner Zaun\u00adk\u00f6\u00adnig bei\u00adde Bal\u00adkons auf und pickt Insek\u00adten \u2013 die 24. hier gesich\u00adte\u00adte Vogel\u00adart.&nbsp;<\/p><p>Auf\u00adgrund der Eich\u00adh\u00f6rn\u00adchen wer\u00adden die Fens\u00adter\u00adbret\u00adter \u2013 neben dem Nasch\u00adbal\u00adkon mit sei\u00adnen drei Ver\u00adti\u00adkal\u00adbee\u00adten \u2013 immer inten\u00adsi\u00adver f\u00fcr die Selbst\u00adver\u00adsor\u00adgung genutzt.<\/p>\t\t\t\t\t\t\t\t<\/div>\n\t\t\t\t<div class=\"elementor-element elementor-element-f831f1a elementor-widget elementor-widget-gallery\" data-id=\"f831f1a\" data-element_type=\"widget\" data-e-type=\"widget\" data-settings=\"{&quot;overlay_title&quot;:&quot;title&quot;,&quot;gap&quot;:{&quot;unit&quot;:&quot;px&quot;,&quot;size&quot;:20,&quot;sizes&quot;:[]},&quot;columns_mobile&quot;:2,&quot;gap_tablet&quot;:{&quot;unit&quot;:&quot;px&quot;,&quot;size&quot;:20,&quot;sizes&quot;:[]},&quot;gap_mobile&quot;:{&quot;unit&quot;:&quot;px&quot;,&quot;size&quot;:20,&quot;sizes&quot;:[]},&quot;gallery_layout&quot;:&quot;grid&quot;,&quot;columns&quot;:4,&quot;link_to&quot;:&quot;file&quot;,&quot;aspect_ratio&quot;:&quot;3:2&quot;,&quot;content_hover_animation&quot;:&quot;fade-in&quot;}\" data-widget_type=\"gallery.default\">\n\t\t\t\t\t\t\t<div class=\"elementor-gallery__container\">\n\t\t\t\t\t\t\t<a class=\"e-gallery-item elementor-gallery-item elementor-animated-content\" href=\"https:\/\/bio-balkon.de\/wp-content\/uploads\/2023\/01\/fenster-schnee-winter-wintergemuese-IMG_3605-scaled.avif\" data-elementor-open-lightbox=\"yes\" data-elementor-lightbox-slideshow=\"f831f1a\" data-elementor-lightbox-title=\"Gr\u00fcnkohl, Wilde Rauke\" data-e-action-hash=\"#elementor-action%3Aaction%3Dlightbox%26settings%3DeyJpZCI6NDk5NDUsInVybCI6Imh0dHBzOlwvXC9iaW8tYmFsa29uLmRlXC93cC1jb250ZW50XC91cGxvYWRzXC8yMDIzXC8wMVwvZmVuc3Rlci1zY2huZWUtd2ludGVyLXdpbnRlcmdlbXVlc2UtSU1HXzM2MDUtc2NhbGVkLmF2aWYiLCJzbGlkZXNob3ciOiJmODMxZjFhIn0%3D\">\n\t\t\t\t\t<div class=\"e-gallery-image elementor-gallery-item__image\" data-thumbnail=\"https:\/\/bio-balkon.de\/wp-content\/uploads\/2023\/01\/fenster-schnee-winter-wintergemuese-IMG_3605-768x576.avif\" data-width=\"768\" data-height=\"576\" aria-label=\"Auf dem Fensterbrett wachsen Wilde Rauke, Asia-Salate, Gr\u00fcnkohl und Mangold.\" role=\"img\"><\/div>\n\t\t\t\t\t\t\t\t\t\t\t\t\t\t\t<div class=\"elementor-gallery-item__content\">\n\t\t\t\t\t\t\t\t\t\t\t\t\t\t<div class=\"elementor-gallery-item__title\">\n\t\t\t\t\t\t\t\t\t\t\t\t\t\t\t\t\t\tAuf dem Fens\u00adter\u00adbrett wach\u00adsen Wil\u00adde Rau\u00adke, Asia-Sala\u00adte, Gr\u00fcn\u00adkohl und Man\u00adgold.\t\t\t\t\t\t\t\t<\/div>\n\t\t\t\t\t\t\t\t\t\t\t\t<\/div>\n\t\t\t\t\t\t\t\t\t<\/a>\n\t\t\t\t\t\t\t<a class=\"e-gallery-item elementor-gallery-item elementor-animated-content\" href=\"https:\/\/bio-balkon.de\/wp-content\/uploads\/2022\/01\/vertikalbeet-wintergemu\u0308se-radiccio-IMG_9035-scaled.avif\" data-elementor-open-lightbox=\"yes\" data-elementor-lightbox-slideshow=\"f831f1a\" data-elementor-lightbox-title=\"Ewiger Kohl\" data-e-action-hash=\"#elementor-action%3Aaction%3Dlightbox%26settings%3DeyJpZCI6Mzc2NzIsInVybCI6Imh0dHBzOlwvXC9iaW8tYmFsa29uLmRlXC93cC1jb250ZW50XC91cGxvYWRzXC8yMDIyXC8wMVwvdmVydGlrYWxiZWV0LXdpbnRlcmdlbXVcdTAzMDhzZS1yYWRpY2Npby1JTUdfOTAzNS1zY2FsZWQuYXZpZiIsInNsaWRlc2hvdyI6ImY4MzFmMWEifQ%3D%3D\">\n\t\t\t\t\t<div class=\"e-gallery-image elementor-gallery-item__image\" data-thumbnail=\"https:\/\/bio-balkon.de\/wp-content\/uploads\/2022\/01\/vertikalbeet-wintergemu\u0308se-radiccio-IMG_9035-768x576.avif\" data-width=\"768\" data-height=\"576\" aria-label=\"The perennial cabbage in the vertical bed is in its first winter here, the following year it was already gigantic. The radicchio, purple kohlrabi, red-stemmed chard and celery all look great.\" role=\"img\"><\/div>\n\t\t\t\t\t\t\t\t\t\t\t\t\t\t\t<div class=\"elementor-gallery-item__content\">\n\t\t\t\t\t\t\t\t\t\t\t\t\t\t<div class=\"elementor-gallery-item__title\">\n\t\t\t\t\t\t\t\t\t\t\t\t\t\t\t\t\t\tThe peren\u00adni\u00adal cab\u00adba\u00adge in the ver\u00adti\u00adcal bed is in its first win\u00adter here, the fol\u00adlo\u00adwing year it was alre\u00ada\u00addy gigan\u00adtic. The radic\u00adchio, pur\u00adple kohl\u00adra\u00adbi, red-stem\u00admed chard and cele\u00adry all look gre\u00adat.\t\t\t\t\t\t\t\t<\/div>\n\t\t\t\t\t\t\t\t\t\t\t\t<\/div>\n\t\t\t\t\t\t\t\t\t<\/a>\n\t\t\t\t\t\t\t<a class=\"e-gallery-item elementor-gallery-item elementor-animated-content\" href=\"https:\/\/bio-balkon.de\/wp-content\/uploads\/2022\/02\/kalender_calvendo_ernteglu\u0308ck_GOLD_Urkunde_2020_Schattling_Brgit_ID_1636369_header_slider_webseite_1220-x-452.avif\" data-elementor-open-lightbox=\"yes\" data-elementor-lightbox-slideshow=\"f831f1a\" data-e-action-hash=\"#elementor-action%3Aaction%3Dlightbox%26settings%3DeyJpZCI6Mzc1MjQsInVybCI6Imh0dHBzOlwvXC9iaW8tYmFsa29uLmRlXC93cC1jb250ZW50XC91cGxvYWRzXC8yMDIyXC8wMlwva2FsZW5kZXJfY2FsdmVuZG9fZXJudGVnbHVcdTAzMDhja19HT0xEX1Vya3VuZGVfMjAyMF9TY2hhdHRsaW5nX0JyZ2l0X0lEXzE2MzYzNjlfaGVhZGVyX3NsaWRlcl93ZWJzZWl0ZV8xMjIwLXgtNDUyLmF2aWYiLCJzbGlkZXNob3ciOiJmODMxZjFhIn0%3D\">\n\t\t\t\t\t<div class=\"e-gallery-image elementor-gallery-item__image\" data-thumbnail=\"https:\/\/bio-balkon.de\/wp-content\/uploads\/2022\/02\/kalender_calvendo_ernteglu\u0308ck_GOLD_Urkunde_2020_Schattling_Brgit_ID_1636369_header_slider_webseite_1220-x-452-768x285.avif\" data-width=\"768\" data-height=\"285\" aria-label=\"Mein Kalender &quot;Erntegl\u00fcck mitten in der Stadt&quot; erhielt die Anerkennung CALVENDO Gold-Edition.\" role=\"img\"><\/div>\n\t\t\t\t\t\t\t\t\t\t\t\t\t\t\t<div class=\"elementor-gallery-item__content\">\n\t\t\t\t\t\t\t\t\t\t\t\t\t\t<div class=\"elementor-gallery-item__title\">\n\t\t\t\t\t\t\t\t\t\t\t\t\t\t\t\t\t\tMein Kalen\u00adder \u201cErn\u00adte\u00adgl\u00fcck mit\u00adten in der Stadt\u201d erhielt die Aner\u00adken\u00adnung CALVENDO Gold-Edi\u00adti\u00adon.\t\t\t\t\t\t\t\t<\/div>\n\t\t\t\t\t\t\t\t\t\t\t\t<\/div>\n\t\t\t\t\t\t\t\t\t<\/a>\n\t\t\t\t\t\t\t<a class=\"e-gallery-item elementor-gallery-item elementor-animated-content\" href=\"https:\/\/bio-balkon.de\/wp-content\/uploads\/2022\/05\/vertikalbeet-salat-asia-kohlrabi-blu\u0308ht-salate-vimeo.avif\" data-elementor-open-lightbox=\"yes\" data-elementor-lightbox-slideshow=\"f831f1a\" data-e-action-hash=\"#elementor-action%3Aaction%3Dlightbox%26settings%3DeyJpZCI6NDQ0OTUsInVybCI6Imh0dHBzOlwvXC9iaW8tYmFsa29uLmRlXC93cC1jb250ZW50XC91cGxvYWRzXC8yMDIyXC8wNVwvdmVydGlrYWxiZWV0LXNhbGF0LWFzaWEta29obHJhYmktYmx1XHUwMzA4aHQtc2FsYXRlLXZpbWVvLmF2aWYiLCJzbGlkZXNob3ciOiJmODMxZjFhIn0%3D\">\n\t\t\t\t\t<div class=\"e-gallery-image elementor-gallery-item__image\" data-thumbnail=\"https:\/\/bio-balkon.de\/wp-content\/uploads\/2022\/05\/vertikalbeet-salat-asia-kohlrabi-blu\u0308ht-salate-vimeo-768x432.avif\" data-width=\"768\" data-height=\"432\" aria-label=\"Spring: apple and grape hyacinths in bloom, lots of lettuce, great yellow flowers on Asian lettuce and purple kohlrabi.\" role=\"img\"><\/div>\n\t\t\t\t\t\t\t\t\t\t\t\t\t\t\t<div class=\"elementor-gallery-item__content\">\n\t\t\t\t\t\t\t\t\t\t\t\t\t\t<div class=\"elementor-gallery-item__title\">\n\t\t\t\t\t\t\t\t\t\t\t\t\t\t\t\t\t\tSpring: apple and gra\u00adpe hya\u00adc\u00adin\u00adths in bloom, lots of let\u00adtuce, gre\u00adat yel\u00adlow flowers on Asi\u00adan let\u00adtuce and pur\u00adple kohl\u00adra\u00adbi.\t\t\t\t\t\t\t\t<\/div>\n\t\t\t\t\t\t\t\t\t\t\t\t<\/div>\n\t\t\t\t\t\t\t\t\t<\/a>\n\t\t\t\t\t\t\t<a class=\"e-gallery-item elementor-gallery-item elementor-animated-content\" href=\"https:\/\/bio-balkon.de\/wp-content\/uploads\/2022\/05\/salweide-blu\u0308ht-bunter-mangold-Sommer-Knotenblume-IMG_1639-scaled.avif\" data-elementor-open-lightbox=\"yes\" data-elementor-lightbox-slideshow=\"f831f1a\" data-e-action-hash=\"#elementor-action%3Aaction%3Dlightbox%26settings%3DeyJpZCI6NDQ0OTMsInVybCI6Imh0dHBzOlwvXC9iaW8tYmFsa29uLmRlXC93cC1jb250ZW50XC91cGxvYWRzXC8yMDIyXC8wNVwvc2Fsd2VpZGUtYmx1XHUwMzA4aHQtYnVudGVyLW1hbmdvbGQtU29tbWVyLUtub3RlbmJsdW1lLUlNR18xNjM5LXNjYWxlZC5hdmlmIiwic2xpZGVzaG93IjoiZjgzMWYxYSJ9\">\n\t\t\t\t\t<div class=\"e-gallery-image elementor-gallery-item__image\" data-thumbnail=\"https:\/\/bio-balkon.de\/wp-content\/uploads\/2022\/05\/salweide-blu\u0308ht-bunter-mangold-Sommer-Knotenblume-IMG_1639-768x1024.avif\" data-width=\"768\" data-height=\"1024\" aria-label=\"Fr\u00fchling auf dem Erholungsbalkon: es bl\u00fchen Immerbl\u00fchende Mandelweide und Sommer-Knotenblume. Der Mangold leuchtet.\" role=\"img\"><\/div>\n\t\t\t\t\t\t\t\t\t\t\t\t\t\t\t<div class=\"elementor-gallery-item__content\">\n\t\t\t\t\t\t\t\t\t\t\t\t\t\t<div class=\"elementor-gallery-item__title\">\n\t\t\t\t\t\t\t\t\t\t\t\t\t\t\t\t\t\tFr\u00fch\u00adling auf dem Erho\u00adlungs\u00adbal\u00adkon: es bl\u00fc\u00adhen Immer\u00adbl\u00fc\u00adhen\u00adde Man\u00addel\u00adwei\u00adde und Som\u00admer-Kno\u00adten\u00adblu\u00adme. Der Man\u00adgold leuch\u00adtet.\t\t\t\t\t\t\t\t<\/div>\n\t\t\t\t\t\t\t\t\t\t\t\t<\/div>\n\t\t\t\t\t\t\t\t\t<\/a>\n\t\t\t\t\t\t\t<a class=\"e-gallery-item elementor-gallery-item elementor-animated-content\" href=\"https:\/\/bio-balkon.de\/wp-content\/uploads\/2023\/01\/gruene-jarte.avif\" data-elementor-open-lightbox=\"yes\" data-elementor-lightbox-slideshow=\"f831f1a\" data-e-action-hash=\"#elementor-action%3Aaction%3Dlightbox%26settings%3DeyJpZCI6NDk5NDAsInVybCI6Imh0dHBzOlwvXC9iaW8tYmFsa29uLmRlXC93cC1jb250ZW50XC91cGxvYWRzXC8yMDIzXC8wMVwvZ3J1ZW5lLWphcnRlLmF2aWYiLCJzbGlkZXNob3ciOiJmODMxZjFhIn0%3D\">\n\t\t\t\t\t<div class=\"e-gallery-image elementor-gallery-item__image\" data-thumbnail=\"https:\/\/bio-balkon.de\/wp-content\/uploads\/2023\/01\/gruene-jarte-768x707.avif\" data-width=\"768\" data-height=\"707\" aria-label=\"Introduction of the Green Card with poison-free nurseries and organic balconies.\" role=\"img\"><\/div>\n\t\t\t\t\t\t\t\t\t\t\t\t\t\t\t<div class=\"elementor-gallery-item__content\">\n\t\t\t\t\t\t\t\t\t\t\t\t\t\t<div class=\"elementor-gallery-item__title\">\n\t\t\t\t\t\t\t\t\t\t\t\t\t\t\t\t\t\tIntro\u00adduc\u00adtion of the Green Card with poi\u00adson-free nur\u00adse\u00adries and orga\u00adnic bal\u00adco\u00adnies.\t\t\t\t\t\t\t\t<\/div>\n\t\t\t\t\t\t\t\t\t\t\t\t<\/div>\n\t\t\t\t\t\t\t\t\t<\/a>\n\t\t\t\t\t\t\t<a class=\"e-gallery-item elementor-gallery-item elementor-animated-content\" href=\"https:\/\/bio-balkon.de\/wp-content\/uploads\/2021\/11\/kann_man_tiere_pflanzen_fb_werbebild_heimisch.avif\" data-elementor-open-lightbox=\"yes\" data-elementor-lightbox-slideshow=\"f831f1a\" data-e-action-hash=\"#elementor-action%3Aaction%3Dlightbox%26settings%3DeyJpZCI6MzUxNTcsInVybCI6Imh0dHBzOlwvXC9iaW8tYmFsa29uLmRlXC93cC1jb250ZW50XC91cGxvYWRzXC8yMDIxXC8xMVwva2Fubl9tYW5fdGllcmVfcGZsYW56ZW5fZmJfd2VyYmViaWxkX2hlaW1pc2NoLmF2aWYiLCJzbGlkZXNob3ciOiJmODMxZjFhIn0%3D\">\n\t\t\t\t\t<div class=\"e-gallery-image elementor-gallery-item__image\" data-thumbnail=\"https:\/\/bio-balkon.de\/wp-content\/uploads\/2021\/11\/kann_man_tiere_pflanzen_fb_werbebild_heimisch-768x644.avif\" data-width=\"768\" data-height=\"644\" aria-label=\"9th Online Organic Balcony Congress for blooming feel-good places: Can you plant animals? 2.0\" role=\"img\"><\/div>\n\t\t\t\t\t\t\t\t\t\t\t\t\t\t\t<div class=\"elementor-gallery-item__content\">\n\t\t\t\t\t\t\t\t\t\t\t\t\t\t<div class=\"elementor-gallery-item__title\">\n\t\t\t\t\t\t\t\t\t\t\t\t\t\t\t\t\t\t9th Online Orga\u00adnic Bal\u00adc\u00ado\u00adny Con\u00adgress for bloo\u00adming feel-good places: Can you plant ani\u00admals? 2.0\t\t\t\t\t\t\t\t<\/div>\n\t\t\t\t\t\t\t\t\t\t\t\t<\/div>\n\t\t\t\t\t\t\t\t\t<\/a>\n\t\t\t\t\t\t\t<a class=\"e-gallery-item elementor-gallery-item elementor-animated-content\" href=\"https:\/\/bio-balkon.de\/wp-content\/uploads\/2022\/03\/Top-Ten-tiere-pflanzen-Instagram-Tag-8-Taubenskabiose.avif\" data-elementor-open-lightbox=\"yes\" data-elementor-lightbox-slideshow=\"f831f1a\" data-e-action-hash=\"#elementor-action%3Aaction%3Dlightbox%26settings%3DeyJpZCI6NDEzODUsInVybCI6Imh0dHBzOlwvXC9iaW8tYmFsa29uLmRlXC93cC1jb250ZW50XC91cGxvYWRzXC8yMDIyXC8wM1wvVG9wLVRlbi10aWVyZS1wZmxhbnplbi1JbnN0YWdyYW0tVGFnLTgtVGF1YmVuc2thYmlvc2UuYXZpZiIsInNsaWRlc2hvdyI6ImY4MzFmMWEifQ%3D%3D\">\n\t\t\t\t\t<div class=\"e-gallery-image elementor-gallery-item__image\" data-thumbnail=\"https:\/\/bio-balkon.de\/wp-content\/uploads\/2022\/03\/Top-Ten-tiere-pflanzen-Instagram-Tag-8-Taubenskabiose-768x768.avif\" data-width=\"768\" data-height=\"768\" aria-label=\"Das ist die Top Ten - Liste der Pflanzen, die &quot;Tiere pflanzen&quot;: Tauben-Skabiose.\" role=\"img\"><\/div>\n\t\t\t\t\t\t\t\t\t\t\t\t\t\t\t<div class=\"elementor-gallery-item__content\">\n\t\t\t\t\t\t\t\t\t\t\t\t\t\t<div class=\"elementor-gallery-item__title\">\n\t\t\t\t\t\t\t\t\t\t\t\t\t\t\t\t\t\tDas ist die Top Ten \u2014 Lis\u00adte der Pflan\u00adzen, die \u201cTie\u00adre pflan\u00adzen\u201d: Tau\u00adben-Ska\u00adbio\u00adse.\t\t\t\t\t\t\t\t<\/div>\n\t\t\t\t\t\t\t\t\t\t\t\t<\/div>\n\t\t\t\t\t\t\t\t\t<\/a>\n\t\t\t\t\t\t\t<a class=\"e-gallery-item elementor-gallery-item elementor-animated-content\" href=\"https:\/\/bio-balkon.de\/wp-content\/uploads\/2022\/05\/artemisia-annua-christel-stro\u0308bel-umbach-bionana-packen-vimeo.avif\" data-elementor-open-lightbox=\"yes\" data-elementor-lightbox-slideshow=\"f831f1a\" data-e-action-hash=\"#elementor-action%3Aaction%3Dlightbox%26settings%3DeyJpZCI6NDQ0OTYsInVybCI6Imh0dHBzOlwvXC9iaW8tYmFsa29uLmRlXC93cC1jb250ZW50XC91cGxvYWRzXC8yMDIyXC8wNVwvYXJ0ZW1pc2lhLWFubnVhLWNocmlzdGVsLXN0cm9cdTAzMDhiZWwtdW1iYWNoLWJpb25hbmEtcGFja2VuLXZpbWVvLmF2aWYiLCJzbGlkZXNob3ciOiJmODMxZjFhIn0%3D\">\n\t\t\t\t\t<div class=\"e-gallery-image elementor-gallery-item__image\" data-thumbnail=\"https:\/\/bio-balkon.de\/wp-content\/uploads\/2022\/05\/artemisia-annua-christel-stro\u0308bel-umbach-bionana-packen-vimeo-768x432.avif\" data-width=\"768\" data-height=\"432\" aria-label=\"Praktikum in der Bioland-G\u00e4rtnerei Umbach in Heilbronn.\" role=\"img\"><\/div>\n\t\t\t\t\t\t\t\t\t\t\t\t\t\t\t<div class=\"elementor-gallery-item__content\">\n\t\t\t\t\t\t\t\t\t\t\t\t\t\t<div class=\"elementor-gallery-item__title\">\n\t\t\t\t\t\t\t\t\t\t\t\t\t\t\t\t\t\tPrak\u00adti\u00adkum in der Bio\u00adland-G\u00e4rt\u00adne\u00adrei Umbach in Heil\u00adbronn.\t\t\t\t\t\t\t\t<\/div>\n\t\t\t\t\t\t\t\t\t\t\t\t<\/div>\n\t\t\t\t\t\t\t\t\t<\/a>\n\t\t\t\t\t\t\t<a class=\"e-gallery-item elementor-gallery-item elementor-animated-content\" href=\"https:\/\/bio-balkon.de\/wp-content\/uploads\/2022\/04\/Flyer-zum-Ausdrucken-fu\u0308r-das-Treppenhaus-best-of.avif\" data-elementor-open-lightbox=\"yes\" data-elementor-lightbox-slideshow=\"f831f1a\" data-e-action-hash=\"#elementor-action%3Aaction%3Dlightbox%26settings%3DeyJpZCI6NDI3NjMsInVybCI6Imh0dHBzOlwvXC9iaW8tYmFsa29uLmRlXC93cC1jb250ZW50XC91cGxvYWRzXC8yMDIyXC8wNFwvRmx5ZXItenVtLUF1c2RydWNrZW4tZnVcdTAzMDhyLWRhcy1UcmVwcGVuaGF1cy1iZXN0LW9mLmF2aWYiLCJzbGlkZXNob3ciOiJmODMxZjFhIn0%3D\">\n\t\t\t\t\t<div class=\"e-gallery-image elementor-gallery-item__image\" data-thumbnail=\"https:\/\/bio-balkon.de\/wp-content\/uploads\/2022\/04\/Flyer-zum-Ausdrucken-fu\u0308r-das-Treppenhaus-best-of-768x644.avif\" data-width=\"768\" data-height=\"644\" aria-label=\"Flyer zum Ausdrucken fu\u0308r das Treppenhaus f\u00fcr den &quot;Best of Bio-Balkon-Kongress&quot;\" role=\"img\"><\/div>\n\t\t\t\t\t\t\t\t\t\t\t\t\t\t\t<div class=\"elementor-gallery-item__content\">\n\t\t\t\t\t\t\t\t\t\t\t\t\t\t<div class=\"elementor-gallery-item__title\">\n\t\t\t\t\t\t\t\t\t\t\t\t\t\t\t\t\t\tFly\u00ader zum Aus\u00addru\u00adcken fu\u0308r das Trep\u00adpen\u00adhaus f\u00fcr den \u201cBest of Bio-Bal\u00adkon-Kon\u00adgress\u201d\t\t\t\t\t\t\t\t<\/div>\n\t\t\t\t\t\t\t\t\t\t\t\t<\/div>\n\t\t\t\t\t\t\t\t\t<\/a>\n\t\t\t\t\t\t\t<a class=\"e-gallery-item elementor-gallery-item elementor-animated-content\" href=\"https:\/\/bio-balkon.de\/wp-content\/uploads\/2022\/04\/Mockup-Bundle-best-of-Kongress-1-10-2022.avif\" data-elementor-open-lightbox=\"yes\" data-elementor-lightbox-slideshow=\"f831f1a\" data-e-action-hash=\"#elementor-action%3Aaction%3Dlightbox%26settings%3DeyJpZCI6NDY0NzQsInVybCI6Imh0dHBzOlwvXC9iaW8tYmFsa29uLmRlXC93cC1jb250ZW50XC91cGxvYWRzXC8yMDIyXC8wNFwvTW9ja3VwLUJ1bmRsZS1iZXN0LW9mLUtvbmdyZXNzLTEtMTAtMjAyMi5hdmlmIiwic2xpZGVzaG93IjoiZjgzMWYxYSJ9\">\n\t\t\t\t\t<div class=\"e-gallery-image elementor-gallery-item__image\" data-thumbnail=\"https:\/\/bio-balkon.de\/wp-content\/uploads\/2022\/04\/Mockup-Bundle-best-of-Kongress-1-10-2022-768x576.avif\" data-width=\"768\" data-height=\"576\" aria-label=\"Hier bekommst Du das Bundle mit den bisher veranstalteten 10 Online Bio-Balkon-Kongressen.\" role=\"img\"><\/div>\n\t\t\t\t\t\t\t\t\t\t\t\t\t\t\t<div class=\"elementor-gallery-item__content\">\n\t\t\t\t\t\t\t\t\t\t\t\t\t\t<div class=\"elementor-gallery-item__title\">\n\t\t\t\t\t\t\t\t\t\t\t\t\t\t\t\t\t\tNeu im Ange\u00adbot ist das Bund\u00adle mit allen Bei\u00adtr\u00e4\u00adgen der bis\u00adher ver\u00adan\u00adstal\u00adte\u00adten 10 Online Bio-Bal\u00adkon-Kon\u00adgres\u00adse.\t\t\t\t\t\t\t\t<\/div>\n\t\t\t\t\t\t\t\t\t\t\t\t<\/div>\n\t\t\t\t\t\t\t\t\t<\/a>\n\t\t\t\t\t\t\t<a class=\"e-gallery-item elementor-gallery-item elementor-animated-content\" href=\"https:\/\/bio-balkon.de\/wp-content\/uploads\/2022\/02\/vertikalbeet-nach-regen-muskatellersalbei-IMG_1820-scaled.avif\" data-elementor-open-lightbox=\"yes\" data-elementor-lightbox-slideshow=\"f831f1a\" data-e-action-hash=\"#elementor-action%3Aaction%3Dlightbox%26settings%3DeyJpZCI6Mzg2MDksInVybCI6Imh0dHBzOlwvXC9iaW8tYmFsa29uLmRlXC93cC1jb250ZW50XC91cGxvYWRzXC8yMDIyXC8wMlwvdmVydGlrYWxiZWV0LW5hY2gtcmVnZW4tbXVza2F0ZWxsZXJzYWxiZWktSU1HXzE4MjAtc2NhbGVkLmF2aWYiLCJzbGlkZXNob3ciOiJmODMxZjFhIn0%3D\">\n\t\t\t\t\t<div class=\"e-gallery-image elementor-gallery-item__image\" data-thumbnail=\"https:\/\/bio-balkon.de\/wp-content\/uploads\/2022\/02\/vertikalbeet-nach-regen-muskatellersalbei-IMG_1820-768x576.avif\" data-width=\"768\" data-height=\"576\" aria-label=\"F\u00fclle im Vertikalbeet\" role=\"img\"><\/div>\n\t\t\t\t\t\t\t\t\t\t\t\t\t\t\t<div class=\"elementor-gallery-item__content\">\n\t\t\t\t\t\t\t\t\t\t\t\t\t\t<div class=\"elementor-gallery-item__title\">\n\t\t\t\t\t\t\t\t\t\t\t\t\t\t\t\t\t\tF\u00fcl\u00adle im Ver\u00adti\u00adkal\u00adbeet\t\t\t\t\t\t\t\t<\/div>\n\t\t\t\t\t\t\t\t\t\t\t\t<\/div>\n\t\t\t\t\t\t\t\t\t<\/a>\n\t\t\t\t\t\t\t<a class=\"e-gallery-item elementor-gallery-item elementor-animated-content\" href=\"https:\/\/bio-balkon.de\/wp-content\/uploads\/2022\/10\/IMG_1886-Ueberblick-Erholungsbalkon-Ernte-Mexikanische-Minigurke-Gojibeere-Tomaten-scaled.avif\" data-elementor-open-lightbox=\"yes\" data-elementor-lightbox-slideshow=\"f831f1a\" data-elementor-lightbox-title=\"Ernteteller mit Mexikanischer Minigurke, Gojibeeren und Coctailtomaten.\" data-e-action-hash=\"#elementor-action%3Aaction%3Dlightbox%26settings%3DeyJpZCI6NDc3OTcsInVybCI6Imh0dHBzOlwvXC9iaW8tYmFsa29uLmRlXC93cC1jb250ZW50XC91cGxvYWRzXC8yMDIyXC8xMFwvSU1HXzE4ODYtVWViZXJibGljay1FcmhvbHVuZ3NiYWxrb24tRXJudGUtTWV4aWthbmlzY2hlLU1pbmlndXJrZS1Hb2ppYmVlcmUtVG9tYXRlbi1zY2FsZWQuYXZpZiIsInNsaWRlc2hvdyI6ImY4MzFmMWEifQ%3D%3D\">\n\t\t\t\t\t<div class=\"e-gallery-image elementor-gallery-item__image\" data-thumbnail=\"https:\/\/bio-balkon.de\/wp-content\/uploads\/2022\/10\/IMG_1886-Ueberblick-Erholungsbalkon-Ernte-Mexikanische-Minigurke-Gojibeere-Tomaten-768x576.avif\" data-width=\"768\" data-height=\"576\" aria-label=\"Great harvest on the balcony with tomatoes, Mexican mini cucumber and goji berries thanks to worm humus.\" role=\"img\"><\/div>\n\t\t\t\t\t\t\t\t\t\t\t\t\t\t\t<div class=\"elementor-gallery-item__content\">\n\t\t\t\t\t\t\t\t\t\t\t\t\t\t<div class=\"elementor-gallery-item__title\">\n\t\t\t\t\t\t\t\t\t\t\t\t\t\t\t\t\t\tGre\u00adat har\u00adve\u00adst on the bal\u00adc\u00ado\u00adny with toma\u00adtoes, Mexi\u00adcan mini cucum\u00adber and goji ber\u00adries thanks to worm humus.\t\t\t\t\t\t\t\t<\/div>\n\t\t\t\t\t\t\t\t\t\t\t\t<\/div>\n\t\t\t\t\t\t\t\t\t<\/a>\n\t\t\t\t\t\t\t<a class=\"e-gallery-item elementor-gallery-item elementor-animated-content\" href=\"https:\/\/bio-balkon.de\/wp-content\/uploads\/2022\/09\/Erholungsbalkon-IMG_6870-scaled.avif\" data-elementor-open-lightbox=\"yes\" data-elementor-lightbox-slideshow=\"f831f1a\" data-e-action-hash=\"#elementor-action%3Aaction%3Dlightbox%26settings%3DeyJpZCI6NDY5MDMsInVybCI6Imh0dHBzOlwvXC9iaW8tYmFsa29uLmRlXC93cC1jb250ZW50XC91cGxvYWRzXC8yMDIyXC8wOVwvRXJob2x1bmdzYmFsa29uLUlNR182ODcwLXNjYWxlZC5hdmlmIiwic2xpZGVzaG93IjoiZjgzMWYxYSJ9\">\n\t\t\t\t\t<div class=\"e-gallery-image elementor-gallery-item__image\" data-thumbnail=\"https:\/\/bio-balkon.de\/wp-content\/uploads\/2022\/09\/Erholungsbalkon-IMG_6870-768x576.avif\" data-width=\"768\" data-height=\"576\" aria-label=\"Der Erholungsbalkon bietet dank dichtem Bewuchs auch im Hochsommer ein sehr angenehmes Mikroklima.\" role=\"img\"><\/div>\n\t\t\t\t\t\t\t\t\t\t\t\t\t\t\t<div class=\"elementor-gallery-item__content\">\n\t\t\t\t\t\t\t\t\t\t\t\t\t\t<div class=\"elementor-gallery-item__title\">\n\t\t\t\t\t\t\t\t\t\t\t\t\t\t\t\t\t\tDer Erho\u00adlungs\u00adbal\u00adkon bie\u00adtet dank dich\u00adtem Bewuchs auch im Hoch\u00adsom\u00admer ein sehr ange\u00adneh\u00admes Mikro\u00adkli\u00adma.\t\t\t\t\t\t\t\t<\/div>\n\t\t\t\t\t\t\t\t\t\t\t\t<\/div>\n\t\t\t\t\t\t\t\t\t<\/a>\n\t\t\t\t\t\t\t<a class=\"e-gallery-item elementor-gallery-item elementor-animated-content\" href=\"https:\/\/bio-balkon.de\/wp-content\/uploads\/2022\/09\/IMG_8801-tomate-ernte-artemisia-annua-scaled.avif\" data-elementor-open-lightbox=\"yes\" data-elementor-lightbox-slideshow=\"f831f1a\" data-e-action-hash=\"#elementor-action%3Aaction%3Dlightbox%26settings%3DeyJpZCI6NDY5ODMsInVybCI6Imh0dHBzOlwvXC9iaW8tYmFsa29uLmRlXC93cC1jb250ZW50XC91cGxvYWRzXC8yMDIyXC8wOVwvSU1HXzg4MDEtdG9tYXRlLWVybnRlLWFydGVtaXNpYS1hbm51YS1zY2FsZWQuYXZpZiIsInNsaWRlc2hvdyI6ImY4MzFmMWEifQ%3D%3D\">\n\t\t\t\t\t<div class=\"e-gallery-image elementor-gallery-item__image\" data-thumbnail=\"https:\/\/bio-balkon.de\/wp-content\/uploads\/2022\/09\/IMG_8801-tomate-ernte-artemisia-annua-768x576.avif\" data-width=\"768\" data-height=\"576\" aria-label=\"Tomaten-Erntegl\u00fcck &quot;Harzfeuer&quot; mit Artemisia annua (Einj\u00e4hriger Beifuss)\" role=\"img\"><\/div>\n\t\t\t\t\t\t\t\t\t\t\t\t\t\t\t<div class=\"elementor-gallery-item__content\">\n\t\t\t\t\t\t\t\t\t\t\t\t\t\t<div class=\"elementor-gallery-item__title\">\n\t\t\t\t\t\t\t\t\t\t\t\t\t\t\t\t\t\tToma\u00adten-Ern\u00adte\u00adgl\u00fcck \u201cHarzfeuer\u201cmit Arte\u00admi\u00adsia annua (Ein\u00adj\u00e4h\u00adri\u00adger Bei\u00adfuss)\t\t\t\t\t\t\t\t<\/div>\n\t\t\t\t\t\t\t\t\t\t\t\t<\/div>\n\t\t\t\t\t\t\t\t\t<\/a>\n\t\t\t\t\t\t\t<a class=\"e-gallery-item elementor-gallery-item elementor-animated-content\" href=\"https:\/\/bio-balkon.de\/wp-content\/uploads\/2023\/01\/IMG_1687-eichhoernchen-scaled.avif\" data-elementor-open-lightbox=\"yes\" data-elementor-lightbox-slideshow=\"f831f1a\" data-e-action-hash=\"#elementor-action%3Aaction%3Dlightbox%26settings%3DeyJpZCI6NDk5NDIsInVybCI6Imh0dHBzOlwvXC9iaW8tYmFsa29uLmRlXC93cC1jb250ZW50XC91cGxvYWRzXC8yMDIzXC8wMVwvSU1HXzE2ODctZWljaGhvZXJuY2hlbi1zY2FsZWQuYXZpZiIsInNsaWRlc2hvdyI6ImY4MzFmMWEifQ%3D%3D\">\n\t\t\t\t\t<div class=\"e-gallery-image elementor-gallery-item__image\" data-thumbnail=\"https:\/\/bio-balkon.de\/wp-content\/uploads\/2023\/01\/IMG_1687-eichhoernchen-768x512.avif\" data-width=\"768\" data-height=\"512\" aria-label=\"Ab August ist ein sehr zartes Eichho\u0308rnchen Dauer- und Schlafgast bei uns.\" role=\"img\"><\/div>\n\t\t\t\t\t\t\t\t\t\t\t\t\t\t\t<div class=\"elementor-gallery-item__content\">\n\t\t\t\t\t\t\t\t\t\t\t\t\t\t<div class=\"elementor-gallery-item__title\">\n\t\t\t\t\t\t\t\t\t\t\t\t\t\t\t\t\t\tAb August ist ein sehr zar\u00adtes Eichho\u0308rnchen Dau\u00ader- und Schlaf\u00adgast bei uns.\t\t\t\t\t\t\t\t<\/div>\n\t\t\t\t\t\t\t\t\t\t\t\t<\/div>\n\t\t\t\t\t\t\t\t\t<\/a>\n\t\t\t\t\t\t\t<a class=\"e-gallery-item elementor-gallery-item elementor-animated-content\" href=\"https:\/\/bio-balkon.de\/wp-content\/uploads\/2023\/01\/egapark-erfurt-leonie-humeda-sylvia-knittel.avif\" data-elementor-open-lightbox=\"yes\" data-elementor-lightbox-slideshow=\"f831f1a\" data-e-action-hash=\"#elementor-action%3Aaction%3Dlightbox%26settings%3DeyJpZCI6NDk5NDYsInVybCI6Imh0dHBzOlwvXC9iaW8tYmFsa29uLmRlXC93cC1jb250ZW50XC91cGxvYWRzXC8yMDIzXC8wMVwvZWdhcGFyay1lcmZ1cnQtbGVvbmllLWh1bWVkYS1zeWx2aWEta25pdHRlbC5hdmlmIiwic2xpZGVzaG93IjoiZjgzMWYxYSJ9\">\n\t\t\t\t\t<div class=\"e-gallery-image elementor-gallery-item__image\" data-thumbnail=\"https:\/\/bio-balkon.de\/wp-content\/uploads\/2023\/01\/egapark-erfurt-leonie-humeda-sylvia-knittel.avif\" data-width=\"480\" data-height=\"320\" aria-label=\"Kurs &quot;Gartenfotografie&quot; bei Sylvia Knittel auf dem EGA-Gel\u00e4nde in Erfurt.\" role=\"img\"><\/div>\n\t\t\t\t\t\t\t\t\t\t\t\t\t\t\t<div class=\"elementor-gallery-item__content\">\n\t\t\t\t\t\t\t\t\t\t\t\t\t\t<div class=\"elementor-gallery-item__title\">\n\t\t\t\t\t\t\t\t\t\t\t\t\t\t\t\t\t\tKurs \u201cGar\u00adten\u00adfo\u00adto\u00adgra\u00adfie\u201d bei Syl\u00advia Knit\u00adtel auf dem EGA-Gel\u00e4n\u00adde in Erfurt.\t\t\t\t\t\t\t\t<\/div>\n\t\t\t\t\t\t\t\t\t\t\t\t<\/div>\n\t\t\t\t\t\t\t\t\t<\/a>\n\t\t\t\t\t\t\t<a class=\"e-gallery-item elementor-gallery-item elementor-animated-content\" href=\"https:\/\/bio-balkon.de\/wp-content\/uploads\/2022\/09\/IMG_2847-balkontu\u0308r-tomate-futterstelle-scaled.avif\" data-elementor-open-lightbox=\"yes\" data-elementor-lightbox-slideshow=\"f831f1a\" data-e-action-hash=\"#elementor-action%3Aaction%3Dlightbox%26settings%3DeyJpZCI6NDY5ODQsInVybCI6Imh0dHBzOlwvXC9iaW8tYmFsa29uLmRlXC93cC1jb250ZW50XC91cGxvYWRzXC8yMDIyXC8wOVwvSU1HXzI4NDctYmFsa29udHVcdTAzMDhyLXRvbWF0ZS1mdXR0ZXJzdGVsbGUtc2NhbGVkLmF2aWYiLCJzbGlkZXNob3ciOiJmODMxZjFhIn0%3D\">\n\t\t\t\t\t<div class=\"e-gallery-image elementor-gallery-item__image\" data-thumbnail=\"https:\/\/bio-balkon.de\/wp-content\/uploads\/2022\/09\/IMG_2847-balkontu\u0308r-tomate-futterstelle-768x1152.avif\" data-width=\"768\" data-height=\"1152\" aria-label=\"Reichlich Tomaten &quot;San Marzano&quot; direkt vor der Balkont\u00fcr.\" role=\"img\"><\/div>\n\t\t\t\t\t\t\t\t\t\t\t\t\t\t\t<div class=\"elementor-gallery-item__content\">\n\t\t\t\t\t\t\t\t\t\t\t\t\t\t<div class=\"elementor-gallery-item__title\">\n\t\t\t\t\t\t\t\t\t\t\t\t\t\t\t\t\t\tReich\u00adlich Toma\u00adten \u201cSan Mar\u00adza\u00adno\u201d direkt vor der Bal\u00adkon\u00adt\u00fcr.\t\t\t\t\t\t\t\t<\/div>\n\t\t\t\t\t\t\t\t\t\t\t\t<\/div>\n\t\t\t\t\t\t\t\t\t<\/a>\n\t\t\t\t\t\t\t<a class=\"e-gallery-item elementor-gallery-item elementor-animated-content\" href=\"https:\/\/bio-balkon.de\/wp-content\/uploads\/2022\/10\/IMG_0600-herbst-vertikalbeet-tomaten-10.10-scaled.avif\" data-elementor-open-lightbox=\"yes\" data-elementor-lightbox-slideshow=\"f831f1a\" data-e-action-hash=\"#elementor-action%3Aaction%3Dlightbox%26settings%3DeyJpZCI6NDcxMTksInVybCI6Imh0dHBzOlwvXC9iaW8tYmFsa29uLmRlXC93cC1jb250ZW50XC91cGxvYWRzXC8yMDIyXC8xMFwvSU1HXzA2MDAtaGVyYnN0LXZlcnRpa2FsYmVldC10b21hdGVuLTEwLjEwLXNjYWxlZC5hdmlmIiwic2xpZGVzaG93IjoiZjgzMWYxYSJ9\">\n\t\t\t\t\t<div class=\"e-gallery-image elementor-gallery-item__image\" data-thumbnail=\"https:\/\/bio-balkon.de\/wp-content\/uploads\/2022\/10\/IMG_0600-herbst-vertikalbeet-tomaten-10.10-768x576.avif\" data-width=\"768\" data-height=\"576\" aria-label=\"Herbst 10. Oktober: Die Aronia-Beeren f\u00e4rben sich herbstlich vor dicht bewachsenem Vertikalbeet voller Tomaten.\" role=\"img\"><\/div>\n\t\t\t\t\t\t\t\t\t\t\t\t\t\t\t<div class=\"elementor-gallery-item__content\">\n\t\t\t\t\t\t\t\t\t\t\t\t\t\t<div class=\"elementor-gallery-item__title\">\n\t\t\t\t\t\t\t\t\t\t\t\t\t\t\t\t\t\tHerbst 10. Okto\u00adber: Die Aro\u00adnia-Bee\u00adren f\u00e4r\u00adben sich herbst\u00adlich vor dicht bewach\u00adse\u00adnem Ver\u00adti\u00adkal\u00adbeet vol\u00adler Toma\u00adten.\t\t\t\t\t\t\t\t<\/div>\n\t\t\t\t\t\t\t\t\t\t\t\t<\/div>\n\t\t\t\t\t\t\t\t\t<\/a>\n\t\t\t\t\t\t\t<a class=\"e-gallery-item elementor-gallery-item elementor-animated-content\" href=\"https:\/\/bio-balkon.de\/wp-content\/uploads\/2022\/11\/IMG_5895-Zaunkoenig-kor-super-scaled.avif\" data-elementor-open-lightbox=\"yes\" data-elementor-lightbox-slideshow=\"f831f1a\" data-e-action-hash=\"#elementor-action%3Aaction%3Dlightbox%26settings%3DeyJpZCI6NDc4NTgsInVybCI6Imh0dHBzOlwvXC9iaW8tYmFsa29uLmRlXC93cC1jb250ZW50XC91cGxvYWRzXC8yMDIyXC8xMVwvSU1HXzU4OTUtWmF1bmtvZW5pZy1rb3Itc3VwZXItc2NhbGVkLmF2aWYiLCJzbGlkZXNob3ciOiJmODMxZjFhIn0%3D\">\n\t\t\t\t\t<div class=\"e-gallery-image elementor-gallery-item__image\" data-thumbnail=\"https:\/\/bio-balkon.de\/wp-content\/uploads\/2022\/11\/IMG_5895-Zaunkoenig-kor-super-768x512.avif\" data-width=\"768\" data-height=\"512\" aria-label=\"Ein Zaunko\u0308nig kommt t\u00e4glich vorbei.\" role=\"img\"><\/div>\n\t\t\t\t\t\t\t\t\t\t\t\t\t\t\t<div class=\"elementor-gallery-item__content\">\n\t\t\t\t\t\t\t\t\t\t\t\t\t\t<div class=\"elementor-gallery-item__title\">\n\t\t\t\t\t\t\t\t\t\t\t\t\t\t\t\t\t\tEin Zaunko\u0308nig kommt t\u00e4g\u00adlich vor\u00adbei.\t\t\t\t\t\t\t\t<\/div>\n\t\t\t\t\t\t\t\t\t\t\t\t<\/div>\n\t\t\t\t\t\t\t\t\t<\/a>\n\t\t\t\t\t\t\t<a class=\"e-gallery-item elementor-gallery-item elementor-animated-content\" href=\"https:\/\/bio-balkon.de\/wp-content\/uploads\/2023\/01\/IMG_6363-zaunkoenig-auf-kobel-scaled.avif\" data-elementor-open-lightbox=\"yes\" data-elementor-lightbox-slideshow=\"f831f1a\" data-e-action-hash=\"#elementor-action%3Aaction%3Dlightbox%26settings%3DeyJpZCI6NDk5NDEsInVybCI6Imh0dHBzOlwvXC9iaW8tYmFsa29uLmRlXC93cC1jb250ZW50XC91cGxvYWRzXC8yMDIzXC8wMVwvSU1HXzYzNjMtemF1bmtvZW5pZy1hdWYta29iZWwtc2NhbGVkLmF2aWYiLCJzbGlkZXNob3ciOiJmODMxZjFhIn0%3D\">\n\t\t\t\t\t<div class=\"e-gallery-image elementor-gallery-item__image\" data-thumbnail=\"https:\/\/bio-balkon.de\/wp-content\/uploads\/2023\/01\/IMG_6363-zaunkoenig-auf-kobel-768x512.avif\" data-width=\"768\" data-height=\"512\" aria-label=\"Ein Zaunko\u0308nig kommt t\u00e4glich vorbei.\" role=\"img\"><\/div>\n\t\t\t\t\t\t\t\t\t\t\t\t\t\t\t<div class=\"elementor-gallery-item__content\">\n\t\t\t\t\t\t\t\t\t\t\t\t\t\t<div class=\"elementor-gallery-item__title\">\n\t\t\t\t\t\t\t\t\t\t\t\t\t\t\t\t\t\tEin Zaunko\u0308nig kommt t\u00e4g\u00adlich vor\u00adbei.\t\t\t\t\t\t\t\t<\/div>\n\t\t\t\t\t\t\t\t\t\t\t\t<\/div>\n\t\t\t\t\t\t\t\t\t<\/a>\n\t\t\t\t\t\t\t<a class=\"e-gallery-item elementor-gallery-item elementor-animated-content\" href=\"https:\/\/bio-balkon.de\/wp-content\/uploads\/2023\/01\/IMG_6707-drei-stieglitze-frisst-herzgespanne-scaled.avif\" data-elementor-open-lightbox=\"yes\" data-elementor-lightbox-slideshow=\"f831f1a\" data-e-action-hash=\"#elementor-action%3Aaction%3Dlightbox%26settings%3DeyJpZCI6NDk5NTEsInVybCI6Imh0dHBzOlwvXC9iaW8tYmFsa29uLmRlXC93cC1jb250ZW50XC91cGxvYWRzXC8yMDIzXC8wMVwvSU1HXzY3MDctZHJlaS1zdGllZ2xpdHplLWZyaXNzdC1oZXJ6Z2VzcGFubmUtc2NhbGVkLmF2aWYiLCJzbGlkZXNob3ciOiJmODMxZjFhIn0%3D\">\n\t\t\t\t\t<div class=\"e-gallery-image elementor-gallery-item__image\" data-thumbnail=\"https:\/\/bio-balkon.de\/wp-content\/uploads\/2023\/01\/IMG_6707-drei-stieglitze-frisst-herzgespanne-768x512.avif\" data-width=\"768\" data-height=\"512\" aria-label=\"Stieglitze fressen an der Futterstelle und picken Samen vom Herzgespann.\" role=\"img\"><\/div>\n\t\t\t\t\t\t\t\t\t\t\t\t\t\t\t<div class=\"elementor-gallery-item__content\">\n\t\t\t\t\t\t\t\t\t\t\t\t\t\t<div class=\"elementor-gallery-item__title\">\n\t\t\t\t\t\t\t\t\t\t\t\t\t\t\t\t\t\tStieg\u00adlit\u00adze fres\u00adsen an der Fut\u00adter\u00adstel\u00adle und picken Samen vom Herz\u00adge\u00adspann.\t\t\t\t\t\t\t\t<\/div>\n\t\t\t\t\t\t\t\t\t\t\t\t<\/div>\n\t\t\t\t\t\t\t\t\t<\/a>\n\t\t\t\t\t\t\t<a class=\"e-gallery-item elementor-gallery-item elementor-animated-content\" href=\"https:\/\/bio-balkon.de\/wp-content\/uploads\/2023\/01\/IMG_5223-winter-schnee-hagebutten-samenstaende-scaled.avif\" data-elementor-open-lightbox=\"yes\" data-elementor-lightbox-slideshow=\"f831f1a\" data-e-action-hash=\"#elementor-action%3Aaction%3Dlightbox%26settings%3DeyJpZCI6NDk5NDQsInVybCI6Imh0dHBzOlwvXC9iaW8tYmFsa29uLmRlXC93cC1jb250ZW50XC91cGxvYWRzXC8yMDIzXC8wMVwvSU1HXzUyMjMtd2ludGVyLXNjaG5lZS1oYWdlYnV0dGVuLXNhbWVuc3RhZW5kZS1zY2FsZWQuYXZpZiIsInNsaWRlc2hvdyI6ImY4MzFmMWEifQ%3D%3D\">\n\t\t\t\t\t<div class=\"e-gallery-image elementor-gallery-item__image\" data-thumbnail=\"https:\/\/bio-balkon.de\/wp-content\/uploads\/2023\/01\/IMG_5223-winter-schnee-hagebutten-samenstaende-768x576.avif\" data-width=\"768\" data-height=\"576\" aria-label=\"Winterliche Kulisse mit Hagebutten an der Wildrose, Herbstgespann und Herbstastern. Mitte November bereits starker Frost.\" role=\"img\"><\/div>\n\t\t\t\t\t\t\t\t\t\t\t\t\t\t\t<div class=\"elementor-gallery-item__content\">\n\t\t\t\t\t\t\t\t\t\t\t\t\t\t<div class=\"elementor-gallery-item__title\">\n\t\t\t\t\t\t\t\t\t\t\t\t\t\t\t\t\t\tWin\u00adter\u00adli\u00adche Kulis\u00adse mit Hage\u00adbut\u00adten an der Wild\u00adro\u00adse, Herbst\u00adge\u00adspann und Herbst\u00adas\u00adtern. Mit\u00adte Novem\u00adber bereits star\u00adker Frost.\t\t\t\t\t\t\t\t<\/div>\n\t\t\t\t\t\t\t\t\t\t\t\t<\/div>\n\t\t\t\t\t\t\t\t\t<\/a>\n\t\t\t\t\t<\/div>\n\t\t\t\t\t<\/div>\n\t\t\t\t\t<\/div>\n\t\t\t\t<\/div>\n\t\t<div class=\"elementor-element elementor-element-7fed97b e-flex e-con-boxed e-con e-parent\" data-id=\"7fed97b\" data-element_type=\"container\" data-e-type=\"container\" data-settings=\"{&quot;background_background&quot;:&quot;classic&quot;}\">\n\t\t\t\t\t<div class=\"e-con-inner\">\n\t\t\t\t<div class=\"elementor-element elementor-element-25ef059 elementor-widget__width-initial elementor-widget elementor-widget-text-editor\" data-id=\"25ef059\" data-element_type=\"widget\" data-e-type=\"widget\" data-widget_type=\"text-editor.default\">\n\t\t\t\t\t\t\t\t\t<h2>2021<\/h2><p><strong>Gab es zum drit\u00adten Mal Eich\u00adh\u00f6rn\u00adchen\u00adnach\u00adwuchs, eine nis\u00adten\u00adde Rin\u00adgel\u00adtau\u00adbe und eine nis\u00adten\u00adde Stock\u00adente sowie drei Bio-Bal\u00adkon Kon\u00adgres\u00adse \u2013 Mein Bio\u00adtop auf dem Bal\u00adkon<\/strong><\/p><p>Der 3j\u00e4hrige Bie\u00adnen\u00adbaum zieht in einen Gar\u00adten um, weil ich ihn als Sicher\u00adheits\u00adri\u00adsi\u00adko ein\u00adsch\u00e4t\u00adze.<\/p><p>Im Fr\u00fch\u00adjahr 2021 wuch\u00adsen 4 jun\u00adge Eich\u00adh\u00f6rn\u00adchen hier auf. F\u00fcr die ers\u00adten 6 Wochen wohn\u00adten sie erst\u00adma\u00adlig in einem hin\u00adge\u00adh\u00e4ng\u00adten Holz\u00adko\u00adbel anstatt Selbst\u00adbau. Da Eich\u00adh\u00f6rn\u00adchen nach sechs Wochen immer den Kobel wech\u00adseln, zogen sie um aufs Fens\u00adter\u00adbrett vom Flur, zwei dann etwas sp\u00e4\u00adter aufs Fens\u00adter\u00adbrett von mei\u00adnem Wohn-Arbeits-Schlaf\u00adzim\u00admer.<\/p><p>Da alle \u00e4u\u00dfe\u00adren Fens\u00adter\u00adbret\u00adter nun begr\u00fcnt sind, tes\u00adte\u00adte erst eine Rin\u00adgel\u00adtau\u00adbe und dann eine Stock\u00adente aus, ob es gute Nist\u00adpl\u00e4t\u00adze w\u00e4ren. Die Rin\u00adgel\u00adtau\u00adbe leg\u00adte zwei Eier auf dem Nasch\u00adbal\u00adkon, eines Tages waren sie dann aber weg und ich fand zwei Wal\u00adnusscha\u00adlen drin. Eine Stock\u00adente tes\u00adte\u00adte schon das Ter\u00adrain aus, als die Rin\u00adgel\u00adtau\u00adbe noch nis\u00adte\u00adte. Sie bau\u00adte dann ihr Nest in 30 cm Ent\u00adfer\u00adnung vom Rin\u00adgel\u00adtau\u00adben\u00adnest. Die Begeg\u00adnun\u00adgen mit Stock\u00adente Lil\u00adli gefie\u00adlen S\u00f6hn\u00adchen und mir sehr, aber eines Tages lagen die acht Eier ver\u00adlas\u00adsen da, gut zuge\u00addeckt mit Dau\u00adnen, Mut\u00adter Ente plan\u00adte also zur\u00fcck\u00adzu\u00adkom\u00admen.&nbsp;<\/p><p>Der 6. Online Bio-Bal\u00adkon Kon\u00adgress Kann man Tie\u00adre pflan\u00adzen? im M\u00e4rz war ein vol\u00adler Erfolg. Im Mai folg\u00adte So ein\u00adfach geht gesun\u00adde Selbst\u00adver\u00adsor\u00adgung!&nbsp;Im August infor\u00admier\u00adte ich mit dem 8. Online Bio-Bal\u00adkon Kon\u00adgress Win\u00adter\u00adge\u00adm\u00fc\u00adse statt Tann\u00adzen\u00adzwei\u00adge bereits 22.500 Kon\u00adgress\u00adteil\u00adneh\u00adme\u00adrIn\u00adnen.<\/p><p>J\u00fcr\u00adgen Her\u00adler von Her\u00adbios\u00adGar\u00adden stat\u00adte\u00adte den nur 60 cm brei\u00adten Nasch\u00adbal\u00adkon mit Ver\u00adti\u00adkal\u00adbee\u00adten und auto\u00adma\u00adti\u00adscher Bew\u00e4s\u00adse\u00adrung aus. Eine neue Dimen\u00adsi\u00adon f\u00fcr das G\u00e4rt\u00adnern in der Stadt. Anbau in sie\u00adben Eta\u00adgen \u00fcber\u00adein\u00adan\u00adder, mit von oben nach unten durch\u00adge\u00adhen\u00adder Erdr\u00fcck\u00adwand mit sehr viel Platz f\u00fcr das Wur\u00adzel\u00adwerk, nicht ver\u00adbun\u00adden mit der Haus\u00adwand.<\/p><p>Ein Turm\u00adfal\u00adken-M\u00e4nn\u00adchen flog in den Erho\u00adlungs\u00adbal\u00adkon ein \u2013 die 23. hier gesich\u00adte\u00adte Vogel\u00adart.<\/p>\t\t\t\t\t\t\t\t<\/div>\n\t\t\t\t<div class=\"elementor-element elementor-element-1dd9a68 elementor-widget elementor-widget-gallery\" data-id=\"1dd9a68\" data-element_type=\"widget\" data-e-type=\"widget\" data-settings=\"{&quot;overlay_title&quot;:&quot;title&quot;,&quot;gap&quot;:{&quot;unit&quot;:&quot;px&quot;,&quot;size&quot;:20,&quot;sizes&quot;:[]},&quot;columns_tablet&quot;:4,&quot;columns_mobile&quot;:2,&quot;gap_tablet&quot;:{&quot;unit&quot;:&quot;px&quot;,&quot;size&quot;:20,&quot;sizes&quot;:[]},&quot;gap_mobile&quot;:{&quot;unit&quot;:&quot;px&quot;,&quot;size&quot;:20,&quot;sizes&quot;:[]},&quot;gallery_layout&quot;:&quot;grid&quot;,&quot;columns&quot;:4,&quot;link_to&quot;:&quot;file&quot;,&quot;aspect_ratio&quot;:&quot;3:2&quot;,&quot;content_hover_animation&quot;:&quot;fade-in&quot;}\" data-widget_type=\"gallery.default\">\n\t\t\t\t\t\t\t<div class=\"elementor-gallery__container\">\n\t\t\t\t\t\t\t<a class=\"e-gallery-item elementor-gallery-item elementor-animated-content\" href=\"https:\/\/bio-balkon.de\/wp-content\/uploads\/2021\/04\/P2240404-stieglitz-josta-aufge-scaled.avif\" data-elementor-open-lightbox=\"yes\" data-elementor-lightbox-slideshow=\"1dd9a68\" data-elementor-lightbox-title=\"P2240404 Stieglitz  vor Jostabeere\" data-e-action-hash=\"#elementor-action%3Aaction%3Dlightbox%26settings%3DeyJpZCI6MjgwNjUsInVybCI6Imh0dHBzOlwvXC9iaW8tYmFsa29uLmRlXC93cC1jb250ZW50XC91cGxvYWRzXC8yMDIxXC8wNFwvUDIyNDA0MDQtc3RpZWdsaXR6LWpvc3RhLWF1ZmdlLXNjYWxlZC5hdmlmIiwic2xpZGVzaG93IjoiMWRkOWE2OCJ9\">\n\t\t\t\t\t<div class=\"e-gallery-image elementor-gallery-item__image\" data-thumbnail=\"https:\/\/bio-balkon.de\/wp-content\/uploads\/2021\/04\/P2240404-stieglitz-josta-aufge-768x576.avif\" data-width=\"768\" data-height=\"576\" aria-label role=\"img\"><\/div>\n\t\t\t\t\t\t\t\t\t\t\t\t\t\t\t<div class=\"elementor-gallery-item__content\">\n\t\t\t\t\t\t\t\t\t\t\t\t\t\t<div class=\"elementor-gallery-item__title\">\n\t\t\t\t\t\t\t\t\t\t\t\t\t\t\t\t\t\tStieg\u00adlitz  vor Jos\u00adta\u00adbee\u00adre\t\t\t\t\t\t\t\t<\/div>\n\t\t\t\t\t\t\t\t\t\t\t\t<\/div>\n\t\t\t\t\t\t\t\t\t<\/a>\n\t\t\t\t\t\t\t<a class=\"e-gallery-item elementor-gallery-item elementor-animated-content\" href=\"https:\/\/bio-balkon.de\/wp-content\/uploads\/2021\/02\/2-kann_man_tiere_pflanzen_fb_werbebild_heimisch_final-1.avif\" data-elementor-open-lightbox=\"yes\" data-elementor-lightbox-slideshow=\"1dd9a68\" data-e-action-hash=\"#elementor-action%3Aaction%3Dlightbox%26settings%3DeyJpZCI6MjE2MjUsInVybCI6Imh0dHBzOlwvXC9iaW8tYmFsa29uLmRlXC93cC1jb250ZW50XC91cGxvYWRzXC8yMDIxXC8wMlwvMi1rYW5uX21hbl90aWVyZV9wZmxhbnplbl9mYl93ZXJiZWJpbGRfaGVpbWlzY2hfZmluYWwtMS5hdmlmIiwic2xpZGVzaG93IjoiMWRkOWE2OCJ9\">\n\t\t\t\t\t<div class=\"e-gallery-image elementor-gallery-item__image\" data-thumbnail=\"https:\/\/bio-balkon.de\/wp-content\/uploads\/2021\/02\/2-kann_man_tiere_pflanzen_fb_werbebild_heimisch_final-1-768x644.avif\" data-width=\"768\" data-height=\"644\" aria-label role=\"img\"><\/div>\n\t\t\t\t\t\t\t\t\t\t\t\t\t\t\t<div class=\"elementor-gallery-item__content\">\n\t\t\t\t\t\t\t\t\t\t\t<\/div>\n\t\t\t\t\t\t\t\t\t<\/a>\n\t\t\t\t\t\t\t<a class=\"e-gallery-item elementor-gallery-item elementor-animated-content\" href=\"https:\/\/bio-balkon.de\/wp-content\/uploads\/2021\/04\/P2240996-taube-ringeltaube-nistet-nest-vertikalbeet-lo\u0308wenzahn-aufgeh-super-scaled.avif\" data-elementor-open-lightbox=\"yes\" data-elementor-lightbox-slideshow=\"1dd9a68\" data-elementor-lightbox-title=\"P2240996 taube ringeltaube nistet nest vertikalbeet lo\u0308wenzahn aufgeh super\" data-e-action-hash=\"#elementor-action%3Aaction%3Dlightbox%26settings%3DeyJpZCI6MjgwOTEsInVybCI6Imh0dHBzOlwvXC9iaW8tYmFsa29uLmRlXC93cC1jb250ZW50XC91cGxvYWRzXC8yMDIxXC8wNFwvUDIyNDA5OTYtdGF1YmUtcmluZ2VsdGF1YmUtbmlzdGV0LW5lc3QtdmVydGlrYWxiZWV0LWxvXHUwMzA4d2VuemFobi1hdWZnZWgtc3VwZXItc2NhbGVkLmF2aWYiLCJzbGlkZXNob3ciOiIxZGQ5YTY4In0%3D\">\n\t\t\t\t\t<div class=\"e-gallery-image elementor-gallery-item__image\" data-thumbnail=\"https:\/\/bio-balkon.de\/wp-content\/uploads\/2021\/04\/P2240996-taube-ringeltaube-nistet-nest-vertikalbeet-lo\u0308wenzahn-aufgeh-super-768x576.avif\" data-width=\"768\" data-height=\"576\" aria-label role=\"img\"><\/div>\n\t\t\t\t\t\t\t\t\t\t\t\t\t\t\t<div class=\"elementor-gallery-item__content\">\n\t\t\t\t\t\t\t\t\t\t\t\t\t\t<div class=\"elementor-gallery-item__title\">\n\t\t\t\t\t\t\t\t\t\t\t\t\t\t\t\t\t\tRin\u00adgel\u00adtau\u00adbe nis\u00adtet auf zwei Eiern\t\t\t\t\t\t\t\t<\/div>\n\t\t\t\t\t\t\t\t\t\t\t\t<\/div>\n\t\t\t\t\t\t\t\t\t<\/a>\n\t\t\t\t\t\t\t<a class=\"e-gallery-item elementor-gallery-item elementor-animated-content\" href=\"https:\/\/bio-balkon.de\/wp-content\/uploads\/2021\/04\/P2240138-ente-fenster-super-1-scaled.avif\" data-elementor-open-lightbox=\"yes\" data-elementor-lightbox-slideshow=\"1dd9a68\" data-e-action-hash=\"#elementor-action%3Aaction%3Dlightbox%26settings%3DeyJpZCI6MjgwNjQsInVybCI6Imh0dHBzOlwvXC9iaW8tYmFsa29uLmRlXC93cC1jb250ZW50XC91cGxvYWRzXC8yMDIxXC8wNFwvUDIyNDAxMzgtZW50ZS1mZW5zdGVyLXN1cGVyLTEtc2NhbGVkLmF2aWYiLCJzbGlkZXNob3ciOiIxZGQ5YTY4In0%3D\">\n\t\t\t\t\t<div class=\"e-gallery-image elementor-gallery-item__image\" data-thumbnail=\"https:\/\/bio-balkon.de\/wp-content\/uploads\/2021\/04\/P2240138-ente-fenster-super-1-768x576.avif\" data-width=\"768\" data-height=\"576\" aria-label=\"Diese m\u00e4nnliche Ente war die Vorhut, ob die weibliche Ente auf unserem Balkon br\u00fcten wird.\" role=\"img\"><\/div>\n\t\t\t\t\t\t\t\t\t\t\t\t\t\t\t<div class=\"elementor-gallery-item__content\">\n\t\t\t\t\t\t\t\t\t\t\t\t\t\t<div class=\"elementor-gallery-item__title\">\n\t\t\t\t\t\t\t\t\t\t\t\t\t\t\t\t\t\tDie\u00adse m\u00e4nn\u00adli\u00adche Ente war die Vor\u00adhut, ob die weib\u00adli\u00adche Ente auf unse\u00adrem Bal\u00adkon br\u00fc\u00adten wird.\t\t\t\t\t\t\t\t<\/div>\n\t\t\t\t\t\t\t\t\t\t\t\t<\/div>\n\t\t\t\t\t\t\t\t\t<\/a>\n\t\t\t\t\t\t\t<a class=\"e-gallery-item elementor-gallery-item elementor-animated-content\" href=\"https:\/\/bio-balkon.de\/wp-content\/uploads\/2021\/05\/IMG_0288-ente-nistet-scaled.avif\" data-elementor-open-lightbox=\"yes\" data-elementor-lightbox-slideshow=\"1dd9a68\" data-e-action-hash=\"#elementor-action%3Aaction%3Dlightbox%26settings%3DeyJpZCI6Mjk2ODgsInVybCI6Imh0dHBzOlwvXC9iaW8tYmFsa29uLmRlXC93cC1jb250ZW50XC91cGxvYWRzXC8yMDIxXC8wNVwvSU1HXzAyODgtZW50ZS1uaXN0ZXQtc2NhbGVkLmF2aWYiLCJzbGlkZXNob3ciOiIxZGQ5YTY4In0%3D\">\n\t\t\t\t\t<div class=\"e-gallery-image elementor-gallery-item__image\" data-thumbnail=\"https:\/\/bio-balkon.de\/wp-content\/uploads\/2021\/05\/IMG_0288-ente-nistet-768x576.avif\" data-width=\"768\" data-height=\"576\" aria-label=\"Ente Lilli hat sich auf unserem Balkon so ein sch\u00f6nes Versteck f\u00fcr ihr Nest gesucht.\" role=\"img\"><\/div>\n\t\t\t\t\t\t\t\t\t\t\t\t\t\t\t<div class=\"elementor-gallery-item__content\">\n\t\t\t\t\t\t\t\t\t\t\t\t\t\t<div class=\"elementor-gallery-item__title\">\n\t\t\t\t\t\t\t\t\t\t\t\t\t\t\t\t\t\tEnte Lil\u00adli hat sich auf unse\u00adrem Bal\u00adkon so ein sch\u00f6\u00adnes Ver\u00adsteck f\u00fcr ihr Nest gesucht.\t\t\t\t\t\t\t\t<\/div>\n\t\t\t\t\t\t\t\t\t\t\t\t<\/div>\n\t\t\t\t\t\t\t\t\t<\/a>\n\t\t\t\t\t\t\t<a class=\"e-gallery-item elementor-gallery-item elementor-animated-content\" href=\"https:\/\/bio-balkon.de\/wp-content\/uploads\/2021\/05\/IMG_0317-ente-nistet-eier-scaled-e1620933024857.avif\" data-elementor-open-lightbox=\"yes\" data-elementor-lightbox-slideshow=\"1dd9a68\" data-e-action-hash=\"#elementor-action%3Aaction%3Dlightbox%26settings%3DeyJpZCI6Mjk2OTMsInVybCI6Imh0dHBzOlwvXC9iaW8tYmFsa29uLmRlXC93cC1jb250ZW50XC91cGxvYWRzXC8yMDIxXC8wNVwvSU1HXzAzMTctZW50ZS1uaXN0ZXQtZWllci1zY2FsZWQtZTE2MjA5MzMwMjQ4NTcuYXZpZiIsInNsaWRlc2hvdyI6IjFkZDlhNjgifQ%3D%3D\">\n\t\t\t\t\t<div class=\"e-gallery-image elementor-gallery-item__image\" data-thumbnail=\"https:\/\/bio-balkon.de\/wp-content\/uploads\/2021\/05\/IMG_0317-ente-nistet-eier-768x1024.avif\" data-width=\"768\" data-height=\"1024\" aria-label=\"Acht Eier legte unsere Ente Lilli auf unserem Balkon ab. Jeden Tag ein Ei.\" role=\"img\"><\/div>\n\t\t\t\t\t\t\t\t\t\t\t\t\t\t\t<div class=\"elementor-gallery-item__content\">\n\t\t\t\t\t\t\t\t\t\t\t\t\t\t<div class=\"elementor-gallery-item__title\">\n\t\t\t\t\t\t\t\t\t\t\t\t\t\t\t\t\t\tAcht Eier leg\u00adte unse\u00adre Ente Lil\u00adli auf unse\u00adrem Bal\u00adkon ab. Jeden Tag ein Ei.\t\t\t\t\t\t\t\t<\/div>\n\t\t\t\t\t\t\t\t\t\t\t\t<\/div>\n\t\t\t\t\t\t\t\t\t<\/a>\n\t\t\t\t\t\t\t<a class=\"e-gallery-item elementor-gallery-item elementor-animated-content\" href=\"https:\/\/bio-balkon.de\/wp-content\/uploads\/2021\/05\/IMG_0293-ente-nistet-vertikalbeet-scaled.avif\" data-elementor-open-lightbox=\"yes\" data-elementor-lightbox-slideshow=\"1dd9a68\" data-e-action-hash=\"#elementor-action%3Aaction%3Dlightbox%26settings%3DeyJpZCI6Mjk2ODksInVybCI6Imh0dHBzOlwvXC9iaW8tYmFsa29uLmRlXC93cC1jb250ZW50XC91cGxvYWRzXC8yMDIxXC8wNVwvSU1HXzAyOTMtZW50ZS1uaXN0ZXQtdmVydGlrYWxiZWV0LXNjYWxlZC5hdmlmIiwic2xpZGVzaG93IjoiMWRkOWE2OCJ9\">\n\t\t\t\t\t<div class=\"e-gallery-image elementor-gallery-item__image\" data-thumbnail=\"https:\/\/bio-balkon.de\/wp-content\/uploads\/2021\/05\/IMG_0293-ente-nistet-vertikalbeet-768x576.avif\" data-width=\"768\" data-height=\"576\" aria-label=\"Die Stockente suchte sich so einen sch\u00f6nen Ort zum Nisten auf unserem Balkon aus.\" role=\"img\"><\/div>\n\t\t\t\t\t\t\t\t\t\t\t\t\t\t\t<div class=\"elementor-gallery-item__content\">\n\t\t\t\t\t\t\t\t\t\t\t\t\t\t<div class=\"elementor-gallery-item__title\">\n\t\t\t\t\t\t\t\t\t\t\t\t\t\t\t\t\t\tDie Ente such\u00adte sich so einen sch\u00f6\u00adnen Ort zum Nis\u00adten auf unse\u00adrem Bal\u00adkon aus.\t\t\t\t\t\t\t\t<\/div>\n\t\t\t\t\t\t\t\t\t\t\t\t<\/div>\n\t\t\t\t\t\t\t\t\t<\/a>\n\t\t\t\t\t\t\t<a class=\"e-gallery-item elementor-gallery-item elementor-animated-content\" href=\"https:\/\/bio-balkon.de\/wp-content\/uploads\/2021\/04\/P2240603-eichho\u0308rnchen-junge-frisst-apfel-fru\u0308hblu\u0308her-traubenhyazinthe-aufgeh-scaled.avif\" data-elementor-open-lightbox=\"yes\" data-elementor-lightbox-slideshow=\"1dd9a68\" data-elementor-lightbox-title=\"P2240603 eichho\u0308rnchen junge frisst apfel fru\u0308hblu\u0308her traubenhyazinthe aufgeh\" data-e-action-hash=\"#elementor-action%3Aaction%3Dlightbox%26settings%3DeyJpZCI6MjgwNzIsInVybCI6Imh0dHBzOlwvXC9iaW8tYmFsa29uLmRlXC93cC1jb250ZW50XC91cGxvYWRzXC8yMDIxXC8wNFwvUDIyNDA2MDMtZWljaGhvXHUwMzA4cm5jaGVuLWp1bmdlLWZyaXNzdC1hcGZlbC1mcnVcdTAzMDhoYmx1XHUwMzA4aGVyLXRyYXViZW5oeWF6aW50aGUtYXVmZ2VoLXNjYWxlZC5hdmlmIiwic2xpZGVzaG93IjoiMWRkOWE2OCJ9\">\n\t\t\t\t\t<div class=\"e-gallery-image elementor-gallery-item__image\" data-thumbnail=\"https:\/\/bio-balkon.de\/wp-content\/uploads\/2021\/04\/P2240603-eichho\u0308rnchen-junge-frisst-apfel-fru\u0308hblu\u0308her-traubenhyazinthe-aufgeh-768x576.avif\" data-width=\"768\" data-height=\"576\" aria-label role=\"img\"><\/div>\n\t\t\t\t\t\t\t\t\t\t\t\t\t\t\t<div class=\"elementor-gallery-item__content\">\n\t\t\t\t\t\t\t\t\t\t\t\t\t\t<div class=\"elementor-gallery-item__title\">\n\t\t\t\t\t\t\t\t\t\t\t\t\t\t\t\t\t\tDie jun\u00adgen Eich\u00adh\u00f6rn\u00adchen fres\u00adsen alle Bl\u00e4t\u00adter der S\u00e4u\u00adlen\u00ad\u00e4p\u00adfel her\u00adun\u00adter.\t\t\t\t\t\t\t\t<\/div>\n\t\t\t\t\t\t\t\t\t\t\t\t<\/div>\n\t\t\t\t\t\t\t\t\t<\/a>\n\t\t\t\t\t\t\t<a class=\"e-gallery-item elementor-gallery-item elementor-animated-content\" href=\"https:\/\/bio-balkon.de\/wp-content\/uploads\/2021\/04\/P2240646-drei-junge-eichho\u0308rnchen-spielen-aufgeh-scaled.avif\" data-elementor-open-lightbox=\"yes\" data-elementor-lightbox-slideshow=\"1dd9a68\" data-elementor-lightbox-title=\"P2240646 drei junge eichho\u0308rnchen spielen aufgeh\" data-e-action-hash=\"#elementor-action%3Aaction%3Dlightbox%26settings%3DeyJpZCI6MjgwNzcsInVybCI6Imh0dHBzOlwvXC9iaW8tYmFsa29uLmRlXC93cC1jb250ZW50XC91cGxvYWRzXC8yMDIxXC8wNFwvUDIyNDA2NDYtZHJlaS1qdW5nZS1laWNoaG9cdTAzMDhybmNoZW4tc3BpZWxlbi1hdWZnZWgtc2NhbGVkLmF2aWYiLCJzbGlkZXNob3ciOiIxZGQ5YTY4In0%3D\">\n\t\t\t\t\t<div class=\"e-gallery-image elementor-gallery-item__image\" data-thumbnail=\"https:\/\/bio-balkon.de\/wp-content\/uploads\/2021\/04\/P2240646-drei-junge-eichho\u0308rnchen-spielen-aufgeh-768x576.avif\" data-width=\"768\" data-height=\"576\" aria-label role=\"img\"><\/div>\n\t\t\t\t\t\t\t\t\t\t\t\t\t\t\t<div class=\"elementor-gallery-item__content\">\n\t\t\t\t\t\t\t\t\t\t\t\t\t\t<div class=\"elementor-gallery-item__title\">\n\t\t\t\t\t\t\t\t\t\t\t\t\t\t\t\t\t\tDrei jun\u00adge Eich\u00adh\u00f6rn\u00adchen spie\u00adlen\t\t\t\t\t\t\t\t<\/div>\n\t\t\t\t\t\t\t\t\t\t\t\t<\/div>\n\t\t\t\t\t\t\t\t\t<\/a>\n\t\t\t\t\t\t\t<a class=\"e-gallery-item elementor-gallery-item elementor-animated-content\" href=\"https:\/\/bio-balkon.de\/wp-content\/uploads\/2020\/12\/IMG_8531_eichhoernchen_fenster_kobel_tomaten-scaled.avif\" data-elementor-open-lightbox=\"yes\" data-elementor-lightbox-slideshow=\"1dd9a68\" data-elementor-lightbox-title=\"Eichh\u00f6rnchen-Kobel auf dem Fensterbrett\" data-e-action-hash=\"#elementor-action%3Aaction%3Dlightbox%26settings%3DeyJpZCI6MTc0MzgsInVybCI6Imh0dHBzOlwvXC9iaW8tYmFsa29uLmRlXC93cC1jb250ZW50XC91cGxvYWRzXC8yMDIwXC8xMlwvSU1HXzg1MzFfZWljaGhvZXJuY2hlbl9mZW5zdGVyX2tvYmVsX3RvbWF0ZW4tc2NhbGVkLmF2aWYiLCJzbGlkZXNob3ciOiIxZGQ5YTY4In0%3D\">\n\t\t\t\t\t<div class=\"e-gallery-image elementor-gallery-item__image\" data-thumbnail=\"https:\/\/bio-balkon.de\/wp-content\/uploads\/2020\/12\/IMG_8531_eichhoernchen_fenster_kobel_tomaten-768x576.avif\" data-width=\"768\" data-height=\"576\" aria-label role=\"img\"><\/div>\n\t\t\t\t\t\t\t\t\t\t\t\t\t\t\t<div class=\"elementor-gallery-item__content\">\n\t\t\t\t\t\t\t\t\t\t\t\t\t\t<div class=\"elementor-gallery-item__title\">\n\t\t\t\t\t\t\t\t\t\t\t\t\t\t\t\t\t\tEich\u00adh\u00f6rn\u00adchen-Kobel auf dem Fens\u00adter\u00adbrett\t\t\t\t\t\t\t\t<\/div>\n\t\t\t\t\t\t\t\t\t\t\t\t<\/div>\n\t\t\t\t\t\t\t\t\t<\/a>\n\t\t\t\t\t\t\t<a class=\"e-gallery-item elementor-gallery-item elementor-animated-content\" href=\"https:\/\/bio-balkon.de\/wp-content\/uploads\/2020\/12\/IMG_3613_eichhoernchen_kobel_fenster_sprossen_microgreens-scaled.avif\" data-elementor-open-lightbox=\"yes\" data-elementor-lightbox-slideshow=\"1dd9a68\" data-elementor-lightbox-title=\"Das Eichh\u00f6rnchen wohnt au\u00dfen auf dem Fensterbrett - innen die Sprossen und Microgreens\" data-e-action-hash=\"#elementor-action%3Aaction%3Dlightbox%26settings%3DeyJpZCI6MTgxNDUsInVybCI6Imh0dHBzOlwvXC9iaW8tYmFsa29uLmRlXC93cC1jb250ZW50XC91cGxvYWRzXC8yMDIwXC8xMlwvSU1HXzM2MTNfZWljaGhvZXJuY2hlbl9rb2JlbF9mZW5zdGVyX3Nwcm9zc2VuX21pY3JvZ3JlZW5zLXNjYWxlZC5hdmlmIiwic2xpZGVzaG93IjoiMWRkOWE2OCJ9\">\n\t\t\t\t\t<div class=\"e-gallery-image elementor-gallery-item__image\" data-thumbnail=\"https:\/\/bio-balkon.de\/wp-content\/uploads\/2020\/12\/IMG_3613_eichhoernchen_kobel_fenster_sprossen_microgreens-768x576.avif\" data-width=\"768\" data-height=\"576\" aria-label role=\"img\"><\/div>\n\t\t\t\t\t\t\t\t\t\t\t\t\t\t\t<div class=\"elementor-gallery-item__content\">\n\t\t\t\t\t\t\t\t\t\t\t\t\t\t<div class=\"elementor-gallery-item__title\">\n\t\t\t\t\t\t\t\t\t\t\t\t\t\t\t\t\t\tDas Eich\u00adh\u00f6rn\u00adchen wohnt au\u00dfen auf dem Fens\u00adter\u00adbrett \u2014 innen die Spros\u00adsen und Micro\u00adgreens\t\t\t\t\t\t\t\t<\/div>\n\t\t\t\t\t\t\t\t\t\t\t\t<\/div>\n\t\t\t\t\t\t\t\t\t<\/a>\n\t\t\t\t\t\t\t<a class=\"e-gallery-item elementor-gallery-item elementor-animated-content\" href=\"https:\/\/bio-balkon.de\/wp-content\/uploads\/2021\/06\/IMG_0692-junge-eichhoernchen-kobel-fenster-super-scaled.avif\" data-elementor-open-lightbox=\"yes\" data-elementor-lightbox-slideshow=\"1dd9a68\" data-elementor-lightbox-title=\"IMG_0692-junge-eichhoernchen-kobel-fenster-super\" data-e-action-hash=\"#elementor-action%3Aaction%3Dlightbox%26settings%3DeyJpZCI6MzA5NjIsInVybCI6Imh0dHBzOlwvXC9iaW8tYmFsa29uLmRlXC93cC1jb250ZW50XC91cGxvYWRzXC8yMDIxXC8wNlwvSU1HXzA2OTItanVuZ2UtZWljaGhvZXJuY2hlbi1rb2JlbC1mZW5zdGVyLXN1cGVyLXNjYWxlZC5hdmlmIiwic2xpZGVzaG93IjoiMWRkOWE2OCJ9\">\n\t\t\t\t\t<div class=\"e-gallery-image elementor-gallery-item__image\" data-thumbnail=\"https:\/\/bio-balkon.de\/wp-content\/uploads\/2021\/06\/IMG_0692-junge-eichhoernchen-kobel-fenster-super-768x576.avif\" data-width=\"768\" data-height=\"576\" aria-label role=\"img\"><\/div>\n\t\t\t\t\t\t\t\t\t\t\t\t\t\t\t<div class=\"elementor-gallery-item__content\">\n\t\t\t\t\t\t\t\t\t\t\t\t\t\t<div class=\"elementor-gallery-item__title\">\n\t\t\t\t\t\t\t\t\t\t\t\t\t\t\t\t\t\tFein zum Beob\u00adach\u00adten \u2014 dich\u00adter geht es kaum\t\t\t\t\t\t\t\t<\/div>\n\t\t\t\t\t\t\t\t\t\t\t\t<\/div>\n\t\t\t\t\t\t\t\t\t<\/a>\n\t\t\t\t\t\t\t<a class=\"e-gallery-item elementor-gallery-item elementor-animated-content\" href=\"https:\/\/bio-balkon.de\/wp-content\/uploads\/2022\/01\/eichhoernchen-futterhaus-walnuss-blutweiderich-blueht-IMG_3143-super-kalender-scaled.avif\" data-elementor-open-lightbox=\"yes\" data-elementor-lightbox-slideshow=\"1dd9a68\" data-elementor-lightbox-title=\"eichhoernchen-futterhaus-walnuss--blutweiderich-blueht-IMG_3143-super-kalender\" data-e-action-hash=\"#elementor-action%3Aaction%3Dlightbox%26settings%3DeyJpZCI6MzcxNDQsInVybCI6Imh0dHBzOlwvXC9iaW8tYmFsa29uLmRlXC93cC1jb250ZW50XC91cGxvYWRzXC8yMDIyXC8wMVwvZWljaGhvZXJuY2hlbi1mdXR0ZXJoYXVzLXdhbG51c3MtYmx1dHdlaWRlcmljaC1ibHVlaHQtSU1HXzMxNDMtc3VwZXIta2FsZW5kZXItc2NhbGVkLmF2aWYiLCJzbGlkZXNob3ciOiIxZGQ5YTY4In0%3D\">\n\t\t\t\t\t<div class=\"e-gallery-image elementor-gallery-item__image\" data-thumbnail=\"https:\/\/bio-balkon.de\/wp-content\/uploads\/2022\/01\/eichhoernchen-futterhaus-walnuss-blutweiderich-blueht-IMG_3143-super-kalender-768x576.avif\" data-width=\"768\" data-height=\"576\" aria-label role=\"img\"><\/div>\n\t\t\t\t\t\t\t\t\t\t\t\t\t\t\t<div class=\"elementor-gallery-item__content\">\n\t\t\t\t\t\t\t\t\t\t\t\t\t\t<div class=\"elementor-gallery-item__title\">\n\t\t\t\t\t\t\t\t\t\t\t\t\t\t\t\t\t\tEichh\u00adh\u00f6rn\u00adchen-Schweif und Blut\u00adwei\u00adde\u00adrich in einer Rich\u00adtung\t\t\t\t\t\t\t\t<\/div>\n\t\t\t\t\t\t\t\t\t\t\t\t<\/div>\n\t\t\t\t\t\t\t\t\t<\/a>\n\t\t\t\t\t\t\t<a class=\"e-gallery-item elementor-gallery-item elementor-animated-content\" href=\"https:\/\/bio-balkon.de\/wp-content\/uploads\/2022\/01\/IMG_0828-eichhoernchen-fenster-kor-scaled.avif\" data-elementor-open-lightbox=\"yes\" data-elementor-lightbox-slideshow=\"1dd9a68\" data-elementor-lightbox-title=\"eichhoernchen-fenster-salat-wintergem\u00fcse-kor-IMG_0828\" data-e-action-hash=\"#elementor-action%3Aaction%3Dlightbox%26settings%3DeyJpZCI6MzcwNTYsInVybCI6Imh0dHBzOlwvXC9iaW8tYmFsa29uLmRlXC93cC1jb250ZW50XC91cGxvYWRzXC8yMDIyXC8wMVwvSU1HXzA4MjgtZWljaGhvZXJuY2hlbi1mZW5zdGVyLWtvci1zY2FsZWQuYXZpZiIsInNsaWRlc2hvdyI6IjFkZDlhNjgifQ%3D%3D\">\n\t\t\t\t\t<div class=\"e-gallery-image elementor-gallery-item__image\" data-thumbnail=\"https:\/\/bio-balkon.de\/wp-content\/uploads\/2022\/01\/IMG_0828-eichhoernchen-fenster-kor-768x576.avif\" data-width=\"768\" data-height=\"576\" aria-label role=\"img\"><\/div>\n\t\t\t\t\t\t\t\t\t\t\t\t\t\t\t<div class=\"elementor-gallery-item__content\">\n\t\t\t\t\t\t\t\t\t\t\t\t\t\t<div class=\"elementor-gallery-item__title\">\n\t\t\t\t\t\t\t\t\t\t\t\t\t\t\t\t\t\tZwei Eich\u00adh\u00f6rn\u00adchen woh\u00adnen auf dem Fens\u00adter\u00adbrett vom Wohn\/Schlaf\/Arbeitszimmer\t\t\t\t\t\t\t\t<\/div>\n\t\t\t\t\t\t\t\t\t\t\t\t<\/div>\n\t\t\t\t\t\t\t\t\t<\/a>\n\t\t\t\t\t\t\t<a class=\"e-gallery-item elementor-gallery-item elementor-animated-content\" href=\"https:\/\/bio-balkon.de\/wp-content\/uploads\/2021\/07\/IMG_5682-eichhoernchen-dost-kalender-super-scaled.avif\" data-elementor-open-lightbox=\"yes\" data-elementor-lightbox-slideshow=\"1dd9a68\" data-elementor-lightbox-title=\"IMG_5682-eichhoernchen-dost-kalender-super\" data-e-action-hash=\"#elementor-action%3Aaction%3Dlightbox%26settings%3DeyJpZCI6MzEzODEsInVybCI6Imh0dHBzOlwvXC9iaW8tYmFsa29uLmRlXC93cC1jb250ZW50XC91cGxvYWRzXC8yMDIxXC8wN1wvSU1HXzU2ODItZWljaGhvZXJuY2hlbi1kb3N0LWthbGVuZGVyLXN1cGVyLXNjYWxlZC5hdmlmIiwic2xpZGVzaG93IjoiMWRkOWE2OCJ9\">\n\t\t\t\t\t<div class=\"e-gallery-image elementor-gallery-item__image\" data-thumbnail=\"https:\/\/bio-balkon.de\/wp-content\/uploads\/2021\/07\/IMG_5682-eichhoernchen-dost-kalender-super-768x576.avif\" data-width=\"768\" data-height=\"576\" aria-label role=\"img\"><\/div>\n\t\t\t\t\t\t\t\t\t\t\t\t\t\t\t<div class=\"elementor-gallery-item__content\">\n\t\t\t\t\t\t\t\t\t\t\t\t\t\t<div class=\"elementor-gallery-item__title\">\n\t\t\t\t\t\t\t\t\t\t\t\t\t\t\t\t\t\tV\u00f6gel und Eich\u00adh\u00f6rn\u00adchen tei\u00adlen sich die Fut\u00adter\u00adstel\u00adlen\t\t\t\t\t\t\t\t<\/div>\n\t\t\t\t\t\t\t\t\t\t\t\t<\/div>\n\t\t\t\t\t\t\t\t\t<\/a>\n\t\t\t\t\t\t\t<a class=\"e-gallery-item elementor-gallery-item elementor-animated-content\" href=\"https:\/\/bio-balkon.de\/wp-content\/uploads\/2021\/03\/selbstversorgung_fb_final_print-2.avif\" data-elementor-open-lightbox=\"yes\" data-elementor-lightbox-slideshow=\"1dd9a68\" data-elementor-lightbox-title=\"So einfach geht gesunde Selbstversorgung!\" data-e-action-hash=\"#elementor-action%3Aaction%3Dlightbox%26settings%3DeyJpZCI6MjUwNDIsInVybCI6Imh0dHBzOlwvXC9iaW8tYmFsa29uLmRlXC93cC1jb250ZW50XC91cGxvYWRzXC8yMDIxXC8wM1wvc2VsYnN0dmVyc29yZ3VuZ19mYl9maW5hbF9wcmludC0yLmF2aWYiLCJzbGlkZXNob3ciOiIxZGQ5YTY4In0%3D\">\n\t\t\t\t\t<div class=\"e-gallery-image elementor-gallery-item__image\" data-thumbnail=\"https:\/\/bio-balkon.de\/wp-content\/uploads\/2021\/03\/selbstversorgung_fb_final_print-2-768x644.avif\" data-width=\"768\" data-height=\"644\" aria-label role=\"img\"><\/div>\n\t\t\t\t\t\t\t\t\t\t\t\t\t\t\t<div class=\"elementor-gallery-item__content\">\n\t\t\t\t\t\t\t\t\t\t\t<\/div>\n\t\t\t\t\t\t\t\t\t<\/a>\n\t\t\t\t\t\t\t<a class=\"e-gallery-item elementor-gallery-item elementor-animated-content\" href=\"https:\/\/bio-balkon.de\/wp-content\/uploads\/2021\/07\/IMG_5916-artemisia-annua-vertikalbeet-scaled.avif\" data-elementor-open-lightbox=\"yes\" data-elementor-lightbox-slideshow=\"1dd9a68\" data-elementor-lightbox-title=\"IMG_5916-artemisia-annua-vertikalbeet\" data-e-action-hash=\"#elementor-action%3Aaction%3Dlightbox%26settings%3DeyJpZCI6MzE0ODgsInVybCI6Imh0dHBzOlwvXC9iaW8tYmFsa29uLmRlXC93cC1jb250ZW50XC91cGxvYWRzXC8yMDIxXC8wN1wvSU1HXzU5MTYtYXJ0ZW1pc2lhLWFubnVhLXZlcnRpa2FsYmVldC1zY2FsZWQuYXZpZiIsInNsaWRlc2hvdyI6IjFkZDlhNjgifQ%3D%3D\">\n\t\t\t\t\t<div class=\"e-gallery-image elementor-gallery-item__image\" data-thumbnail=\"https:\/\/bio-balkon.de\/wp-content\/uploads\/2021\/07\/IMG_5916-artemisia-annua-vertikalbeet-768x576.avif\" data-width=\"768\" data-height=\"576\" aria-label role=\"img\"><\/div>\n\t\t\t\t\t\t\t\t\t\t\t\t\t\t\t<div class=\"elementor-gallery-item__content\">\n\t\t\t\t\t\t\t\t\t\t\t\t\t\t<div class=\"elementor-gallery-item__title\">\n\t\t\t\t\t\t\t\t\t\t\t\t\t\t\t\t\t\tArte\u00admi\u00adsia annua im neu\u00aden Ver\u00adti\u00adkal\u00adbeet\t\t\t\t\t\t\t\t<\/div>\n\t\t\t\t\t\t\t\t\t\t\t\t<\/div>\n\t\t\t\t\t\t\t\t\t<\/a>\n\t\t\t\t\t\t\t<a class=\"e-gallery-item elementor-gallery-item elementor-animated-content\" href=\"https:\/\/bio-balkon.de\/wp-content\/uploads\/2021\/07\/eichhoernchen-vertikalbeet-super-kalender-titel-IMG_8904-scaled.avif\" data-elementor-open-lightbox=\"yes\" data-elementor-lightbox-slideshow=\"1dd9a68\" data-elementor-lightbox-title=\"eichhoernchen-vertikalbeet-super-kalender-titel-IMG_8904\" data-e-action-hash=\"#elementor-action%3Aaction%3Dlightbox%26settings%3DeyJpZCI6MzExNjksInVybCI6Imh0dHBzOlwvXC9iaW8tYmFsa29uLmRlXC93cC1jb250ZW50XC91cGxvYWRzXC8yMDIxXC8wN1wvZWljaGhvZXJuY2hlbi12ZXJ0aWthbGJlZXQtc3VwZXIta2FsZW5kZXItdGl0ZWwtSU1HXzg5MDQtc2NhbGVkLmF2aWYiLCJzbGlkZXNob3ciOiIxZGQ5YTY4In0%3D\">\n\t\t\t\t\t<div class=\"e-gallery-image elementor-gallery-item__image\" data-thumbnail=\"https:\/\/bio-balkon.de\/wp-content\/uploads\/2021\/07\/eichhoernchen-vertikalbeet-super-kalender-titel-IMG_8904-768x1024.avif\" data-width=\"768\" data-height=\"1024\" aria-label role=\"img\"><\/div>\n\t\t\t\t\t\t\t\t\t\t\t\t\t\t\t<div class=\"elementor-gallery-item__content\">\n\t\t\t\t\t\t\t\t\t\t\t\t\t\t<div class=\"elementor-gallery-item__title\">\n\t\t\t\t\t\t\t\t\t\t\t\t\t\t\t\t\t\tMy bio\u00adto\u00adpe on the bal\u00adc\u00ado\u00adny\t\t\t\t\t\t\t\t<\/div>\n\t\t\t\t\t\t\t\t\t\t\t\t<\/div>\n\t\t\t\t\t\t\t\t\t<\/a>\n\t\t\t\t\t\t\t<a class=\"e-gallery-item elementor-gallery-item elementor-animated-content\" href=\"https:\/\/bio-balkon.de\/wp-content\/uploads\/2022\/01\/P1740548-buntspecht-Birgit-Schattling-scaled.avif\" data-elementor-open-lightbox=\"yes\" data-elementor-lightbox-slideshow=\"1dd9a68\" data-elementor-lightbox-title=\"P1740548-buntspecht \" data-e-action-hash=\"#elementor-action%3Aaction%3Dlightbox%26settings%3DeyJpZCI6MzcxMzksInVybCI6Imh0dHBzOlwvXC9iaW8tYmFsa29uLmRlXC93cC1jb250ZW50XC91cGxvYWRzXC8yMDIyXC8wMVwvUDE3NDA1NDgtYnVudHNwZWNodC1CaXJnaXQtU2NoYXR0bGluZy1zY2FsZWQuYXZpZiIsInNsaWRlc2hvdyI6IjFkZDlhNjgifQ%3D%3D\">\n\t\t\t\t\t<div class=\"e-gallery-image elementor-gallery-item__image\" data-thumbnail=\"https:\/\/bio-balkon.de\/wp-content\/uploads\/2022\/01\/P1740548-buntspecht-Birgit-Schattling-768x576.avif\" data-width=\"768\" data-height=\"576\" aria-label=\"Der Buntspecht m\u00f6chte zur Erdnussbutter, die auf dem Tisch liegt\" role=\"img\"><\/div>\n\t\t\t\t\t\t\t\t\t\t\t\t\t\t\t<div class=\"elementor-gallery-item__content\">\n\t\t\t\t\t\t\t\t\t\t\t\t\t\t<div class=\"elementor-gallery-item__title\">\n\t\t\t\t\t\t\t\t\t\t\t\t\t\t\t\t\t\tDer Bunt\u00adspecht m\u00f6ch\u00adte zur Erd\u00adnuss\u00adbut\u00adter, die auf dem Tisch liegt\t\t\t\t\t\t\t\t<\/div>\n\t\t\t\t\t\t\t\t\t\t\t\t<\/div>\n\t\t\t\t\t\t\t\t\t<\/a>\n\t\t\t\t\t\t\t<a class=\"e-gallery-item elementor-gallery-item elementor-animated-content\" href=\"https:\/\/bio-balkon.de\/wp-content\/uploads\/2021\/01\/Buntspecht-P1310260-specht-nisthilfe-tomate-physalis-super-scaled.avif\" data-elementor-open-lightbox=\"yes\" data-elementor-lightbox-slideshow=\"1dd9a68\" data-elementor-lightbox-title=\"Buntspecht P1310260 specht nisthilfe tomate physalis super\" data-e-action-hash=\"#elementor-action%3Aaction%3Dlightbox%26settings%3DeyJpZCI6MTkxMDEsInVybCI6Imh0dHBzOlwvXC9iaW8tYmFsa29uLmRlXC93cC1jb250ZW50XC91cGxvYWRzXC8yMDIxXC8wMVwvQnVudHNwZWNodC1QMTMxMDI2MC1zcGVjaHQtbmlzdGhpbGZlLXRvbWF0ZS1waHlzYWxpcy1zdXBlci1zY2FsZWQuYXZpZiIsInNsaWRlc2hvdyI6IjFkZDlhNjgifQ%3D%3D\">\n\t\t\t\t\t<div class=\"e-gallery-image elementor-gallery-item__image\" data-thumbnail=\"https:\/\/bio-balkon.de\/wp-content\/uploads\/2021\/01\/Buntspecht-P1310260-specht-nisthilfe-tomate-physalis-super-768x576.avif\" data-width=\"768\" data-height=\"576\" aria-label=\"Der Buntspecht hackt die Insektennisthilfen auf.\" role=\"img\"><\/div>\n\t\t\t\t\t\t\t\t\t\t\t\t\t\t\t<div class=\"elementor-gallery-item__content\">\n\t\t\t\t\t\t\t\t\t\t\t\t\t\t<div class=\"elementor-gallery-item__title\">\n\t\t\t\t\t\t\t\t\t\t\t\t\t\t\t\t\t\tNeben Erd\u00adnuss\u00adbut\u00adter und Mei\u00adsen\u00adkn\u00f6\u00addel m\u00f6gen die Bunt\u00adspech\u00adte die fri\u00adsche Brut aus den Insek\u00adten\u00adnist\u00adhil\u00adfen\t\t\t\t\t\t\t\t<\/div>\n\t\t\t\t\t\t\t\t\t\t\t\t<\/div>\n\t\t\t\t\t\t\t\t\t<\/a>\n\t\t\t\t\t\t\t<a class=\"e-gallery-item elementor-gallery-item elementor-animated-content\" href=\"https:\/\/bio-balkon.de\/wp-content\/uploads\/2021\/04\/birgit-schattling-offiziell-kongress-vertikalbeet-naschbalkon-IMG_6821-super-super-korr-scaled.avif\" data-elementor-open-lightbox=\"yes\" data-elementor-lightbox-slideshow=\"1dd9a68\" data-elementor-lightbox-title=\"birgit-schattling-offiziell-kongress-vertikalbeet-naschbalkon-IMG_6821-super-super-korr\" data-e-action-hash=\"#elementor-action%3Aaction%3Dlightbox%26settings%3DeyJpZCI6MzEyOTgsInVybCI6Imh0dHBzOlwvXC9iaW8tYmFsa29uLmRlXC93cC1jb250ZW50XC91cGxvYWRzXC8yMDIxXC8wNFwvYmlyZ2l0LXNjaGF0dGxpbmctb2ZmaXppZWxsLWtvbmdyZXNzLXZlcnRpa2FsYmVldC1uYXNjaGJhbGtvbi1JTUdfNjgyMS1zdXBlci1zdXBlci1rb3JyLXNjYWxlZC5hdmlmIiwic2xpZGVzaG93IjoiMWRkOWE2OCJ9\">\n\t\t\t\t\t<div class=\"e-gallery-image elementor-gallery-item__image\" data-thumbnail=\"https:\/\/bio-balkon.de\/wp-content\/uploads\/2021\/04\/birgit-schattling-offiziell-kongress-vertikalbeet-naschbalkon-IMG_6821-super-super-korr-768x1024.avif\" data-width=\"768\" data-height=\"1024\" aria-label role=\"img\"><\/div>\n\t\t\t\t\t\t\t\t\t\t\t\t\t\t\t<div class=\"elementor-gallery-item__content\">\n\t\t\t\t\t\t\t\t\t\t\t\t\t\t<div class=\"elementor-gallery-item__title\">\n\t\t\t\t\t\t\t\t\t\t\t\t\t\t\t\t\t\tIch strah\u00adle vor einem der neu\u00aden Ver\u00adti\u00adkal\u00adbee\u00adte\t\t\t\t\t\t\t\t<\/div>\n\t\t\t\t\t\t\t\t\t\t\t\t<\/div>\n\t\t\t\t\t\t\t\t\t<\/a>\n\t\t\t\t\t\t\t<a class=\"e-gallery-item elementor-gallery-item elementor-animated-content\" href=\"https:\/\/bio-balkon.de\/wp-content\/uploads\/2021\/07\/wintergemu\u0308se_werbebild_fb_final.avif\" data-elementor-open-lightbox=\"yes\" data-elementor-lightbox-slideshow=\"1dd9a68\" data-elementor-lightbox-title=\"wintergemu\u0308se_werbebild_fb_final\" data-e-action-hash=\"#elementor-action%3Aaction%3Dlightbox%26settings%3DeyJpZCI6MzE2NjgsInVybCI6Imh0dHBzOlwvXC9iaW8tYmFsa29uLmRlXC93cC1jb250ZW50XC91cGxvYWRzXC8yMDIxXC8wN1wvd2ludGVyZ2VtdVx1MDMwOHNlX3dlcmJlYmlsZF9mYl9maW5hbC5hdmlmIiwic2xpZGVzaG93IjoiMWRkOWE2OCJ9\">\n\t\t\t\t\t<div class=\"e-gallery-image elementor-gallery-item__image\" data-thumbnail=\"https:\/\/bio-balkon.de\/wp-content\/uploads\/2021\/07\/wintergemu\u0308se_werbebild_fb_final-768x644.avif\" data-width=\"768\" data-height=\"644\" aria-label role=\"img\"><\/div>\n\t\t\t\t\t\t\t\t\t\t\t\t\t\t\t<div class=\"elementor-gallery-item__content\">\n\t\t\t\t\t\t\t\t\t\t\t<\/div>\n\t\t\t\t\t\t\t\t\t<\/a>\n\t\t\t\t\t\t\t<a class=\"e-gallery-item elementor-gallery-item elementor-animated-content\" href=\"https:\/\/bio-balkon.de\/wp-content\/uploads\/2021\/09\/IMG_8582-basilikum-strauchbasilikum-hummel-fenster-scaled.avif\" data-elementor-open-lightbox=\"yes\" data-elementor-lightbox-slideshow=\"1dd9a68\" data-elementor-lightbox-title=\"IMG_8582-basilikum-strauchbasilikum-hummel-fenster\" data-e-action-hash=\"#elementor-action%3Aaction%3Dlightbox%26settings%3DeyJpZCI6MzM2NjAsInVybCI6Imh0dHBzOlwvXC9iaW8tYmFsa29uLmRlXC93cC1jb250ZW50XC91cGxvYWRzXC8yMDIxXC8wOVwvSU1HXzg1ODItYmFzaWxpa3VtLXN0cmF1Y2hiYXNpbGlrdW0taHVtbWVsLWZlbnN0ZXItc2NhbGVkLmF2aWYiLCJzbGlkZXNob3ciOiIxZGQ5YTY4In0%3D\">\n\t\t\t\t\t<div class=\"e-gallery-image elementor-gallery-item__image\" data-thumbnail=\"https:\/\/bio-balkon.de\/wp-content\/uploads\/2021\/09\/IMG_8582-basilikum-strauchbasilikum-hummel-fenster-768x576.avif\" data-width=\"768\" data-height=\"576\" aria-label role=\"img\"><\/div>\n\t\t\t\t\t\t\t\t\t\t\t\t\t\t\t<div class=\"elementor-gallery-item__content\">\n\t\t\t\t\t\t\t\t\t\t\t\t\t\t<div class=\"elementor-gallery-item__title\">\n\t\t\t\t\t\t\t\t\t\t\t\t\t\t\t\t\t\tStrauch\u00adba\u00adsi\u00adli\u00adkum\t\t\t\t\t\t\t\t<\/div>\n\t\t\t\t\t\t\t\t\t\t\t\t<\/div>\n\t\t\t\t\t\t\t\t\t<\/a>\n\t\t\t\t\t\t\t<a class=\"e-gallery-item elementor-gallery-item elementor-animated-content\" href=\"https:\/\/bio-balkon.de\/wp-content\/uploads\/2021\/11\/P2330311-turmfalke-sperber-.avif\" data-elementor-open-lightbox=\"yes\" data-elementor-lightbox-slideshow=\"1dd9a68\" data-elementor-lightbox-title=\"P2330311-turmfalke-sperber\" data-e-action-hash=\"#elementor-action%3Aaction%3Dlightbox%26settings%3DeyJpZCI6MzU1MTgsInVybCI6Imh0dHBzOlwvXC9iaW8tYmFsa29uLmRlXC93cC1jb250ZW50XC91cGxvYWRzXC8yMDIxXC8xMVwvUDIzMzAzMTEtdHVybWZhbGtlLXNwZXJiZXItLmF2aWYiLCJzbGlkZXNob3ciOiIxZGQ5YTY4In0%3D\">\n\t\t\t\t\t<div class=\"e-gallery-image elementor-gallery-item__image\" data-thumbnail=\"https:\/\/bio-balkon.de\/wp-content\/uploads\/2021\/11\/P2330311-turmfalke-sperber--768x644.avif\" data-width=\"768\" data-height=\"644\" aria-label role=\"img\"><\/div>\n\t\t\t\t\t\t\t\t\t\t\t\t\t\t\t<div class=\"elementor-gallery-item__content\">\n\t\t\t\t\t\t\t\t\t\t\t\t\t\t<div class=\"elementor-gallery-item__title\">\n\t\t\t\t\t\t\t\t\t\t\t\t\t\t\t\t\t\tTurm\u00adfal\u00adken-M\u00e4nn\u00adchen\t\t\t\t\t\t\t\t<\/div>\n\t\t\t\t\t\t\t\t\t\t\t\t<\/div>\n\t\t\t\t\t\t\t\t\t<\/a>\n\t\t\t\t\t<\/div>\n\t\t\t\t\t<\/div>\n\t\t\t\t\t<\/div>\n\t\t\t\t<\/div>\n\t\t<div class=\"elementor-element elementor-element-4c2f0ba e-flex e-con-boxed e-con e-parent\" data-id=\"4c2f0ba\" data-element_type=\"container\" data-e-type=\"container\" data-settings=\"{&quot;background_background&quot;:&quot;classic&quot;}\">\n\t\t\t\t\t<div class=\"e-con-inner\">\n\t\t\t\t<div class=\"elementor-element elementor-element-b873aa8 elementor-widget__width-initial elementor-widget elementor-widget-text-editor\" data-id=\"b873aa8\" data-element_type=\"widget\" data-e-type=\"widget\" data-widget_type=\"text-editor.default\">\n\t\t\t\t\t\t\t\t\t<h2>2020<\/h2><p><strong>ist inzwi\u00adschen alles sehr ein\u00adge\u00adwach\u00adsen<\/strong><\/p><p style=\"text-align: left;\">Ein Para\u00addies f\u00fcr die Tie\u00adre \u2013 Bie\u00adnen, V\u00f6gel, Eich\u00adh\u00f6rn\u00adchen. Im Fr\u00fch\u00adjahr 2020 wuch\u00adsen wie\u00adder 3 jun\u00adge Eich\u00adh\u00f6rn\u00adchen hier auf. <a href=\"https:\/\/bio-balkon.de\/en\/mein-osterwunder-3-junge-eichhoernchen-sind-auf-meinem-balkon-eingezogen\/\">Oster\u00admon\u00adtag 2020 zogen sie \u00fcber\u00adra\u00adschend hier ein.<\/a> Die\u00adse f\u00fch\u00adlen sich voll\u00adkom\u00admen wohl und okku\u00adpier\u00adten lan\u00adge Zeit den Erho\u00adlungs\u00adbal\u00adkon. Ich bau\u00adte das G\u00e4rt\u00adnern auf dem Fens\u00adter\u00adbrett aus und bin total begeis\u00adtert \u00fcber die wei\u00adte\u00adren M\u00f6g\u00adlich\u00adkei\u00adten. Ende Novem\u00adber bau\u00adte sich ein Eich\u00adh\u00f6rn\u00adchen einen wei\u00adte\u00adren Kobel \u2013 auf einem Bal\u00adkon\u00adkas\u00adten mit Toma\u00adten auf einem Fens\u00adter\u00adbrett. Anfang Dezem\u00adber pflanz\u00adte ich noch\u00admals Win\u00adter\u00adge\u00adm\u00fc\u00adse zum Beweis, wie viel in unse\u00adren St\u00e4d\u00adten mit deren W\u00e4r\u00adme\u00adglo\u00adcke m\u00f6g\u00adlich ist.<\/p><p style=\"text-align: left;\">2020 erschien mein <strong>ers\u00adtes Buch bei GU \u2013 der Rat\u00adge\u00adber<\/strong> <a href=\"https:\/\/bio-balkon.de\/en\/buch\/\">My bio\u00adto\u00adpe on the bal\u00adc\u00ado\u00adny. Expe\u00adri\u00adence natu\u00adre and har\u00adve\u00adst hap\u00adpi\u00adness in the midd\u00adle of the city<\/a>. Das trifft es. Die zwei\u00adte Auf\u00adla\u00adge erfolg\u00adte bereits nach vier Mona\u00adten.<\/p><p style=\"text-align: left;\"><strong>Der Kon\u00adgress zum Buch<\/strong>: 4. Online Bio-Bal\u00adkon Kon\u00adgress <a href=\"https:\/\/bio-balkon.de\/en\/kongress-2020\/\">My bio\u00adto\u00adpe on the bal\u00adc\u00ado\u00adny. Expe\u00adri\u00adence natu\u00adre and har\u00adve\u00adst hap\u00adpi\u00adness in the midd\u00adle of the city <\/a>erreich\u00adte bereits 13.000 Kon\u00adgress\u00adteil\u00adneh\u00adme\u00adrIn\u00adnen.<\/p><p style=\"text-align: left;\">Der 5. Online Bio-Bal\u00adkon Kon\u00adgress <a href=\"https:\/\/bio-balkon.de\/en\/kongress-winter-2020\/\">Gar\u00addening and har\u00adve\u00ads\u00adt\u00ading in win\u00adter<\/a>&nbsp;fand im Dezem\u00adber statt und wid\u00adme\u00adte sich vor\u00adran\u00adgig dem Anbau von Win\u00adter\u00adge\u00adm\u00fc\u00adse.<\/p><p>Natur im Gar\u00adten inter\u00adna\u00adtio\u00adnal ernann\u00adte mich zur <a href=\"https:\/\/www.naturimgarten.at\/internationale-aktivit%C3%A4ten\/verein-european-garden-association.html\" target=\"_blank\" rel=\"noopener\">Bal\u00adkon\u00adbot\u00adschaf\u00adte\u00adrin<\/a>.<\/p>\t\t\t\t\t\t\t\t<\/div>\n\t\t\t\t<div class=\"elementor-element elementor-element-b724cb6 elementor-widget elementor-widget-gallery\" data-id=\"b724cb6\" data-element_type=\"widget\" data-e-type=\"widget\" data-settings=\"{&quot;overlay_title&quot;:&quot;title&quot;,&quot;gap&quot;:{&quot;unit&quot;:&quot;px&quot;,&quot;size&quot;:20,&quot;sizes&quot;:[]},&quot;columns_tablet&quot;:4,&quot;columns_mobile&quot;:2,&quot;gap_tablet&quot;:{&quot;unit&quot;:&quot;px&quot;,&quot;size&quot;:20,&quot;sizes&quot;:[]},&quot;gap_mobile&quot;:{&quot;unit&quot;:&quot;px&quot;,&quot;size&quot;:20,&quot;sizes&quot;:[]},&quot;gallery_layout&quot;:&quot;grid&quot;,&quot;columns&quot;:4,&quot;link_to&quot;:&quot;file&quot;,&quot;aspect_ratio&quot;:&quot;3:2&quot;,&quot;content_hover_animation&quot;:&quot;fade-in&quot;}\" data-widget_type=\"gallery.default\">\n\t\t\t\t\t\t\t<div class=\"elementor-gallery__container\">\n\t\t\t\t\t\t\t<a class=\"e-gallery-item elementor-gallery-item elementor-animated-content\" href=\"https:\/\/bio-balkon.de\/wp-content\/uploads\/2020\/07\/P1930695-zwei-junge-eichho\u0308rnchen-anzuchtregal-naschbalkon-pimpinelle-super.avif\" data-elementor-open-lightbox=\"yes\" data-elementor-lightbox-slideshow=\"b724cb6\" data-e-action-hash=\"#elementor-action%3Aaction%3Dlightbox%26settings%3DeyJpZCI6OTM5MCwidXJsIjoiaHR0cHM6XC9cL2Jpby1iYWxrb24uZGVcL3dwLWNvbnRlbnRcL3VwbG9hZHNcLzIwMjBcLzA3XC9QMTkzMDY5NS16d2VpLWp1bmdlLWVpY2hob1x1MDMwOHJuY2hlbi1hbnp1Y2h0cmVnYWwtbmFzY2hiYWxrb24tcGltcGluZWxsZS1zdXBlci5hdmlmIiwic2xpZGVzaG93IjoiYjcyNGNiNiJ9\">\n\t\t\t\t\t<div class=\"e-gallery-image elementor-gallery-item__image\" data-thumbnail=\"https:\/\/bio-balkon.de\/wp-content\/uploads\/2020\/07\/P1930695-zwei-junge-eichho\u0308rnchen-anzuchtregal-naschbalkon-pimpinelle-super.avif\" data-width=\"600\" data-height=\"450\" aria-label role=\"img\"><\/div>\n\t\t\t\t\t\t\t\t\t\t\t\t\t\t\t<div class=\"elementor-gallery-item__content\">\n\t\t\t\t\t\t\t\t\t\t\t<\/div>\n\t\t\t\t\t\t\t\t\t<\/a>\n\t\t\t\t\t\t\t<a class=\"e-gallery-item elementor-gallery-item elementor-animated-content\" href=\"https:\/\/bio-balkon.de\/wp-content\/uploads\/2020\/07\/P2360523-drei-junge-eichho\u0308rnchen-baumblu\u0308te-super.avif\" data-elementor-open-lightbox=\"yes\" data-elementor-lightbox-slideshow=\"b724cb6\" data-e-action-hash=\"#elementor-action%3Aaction%3Dlightbox%26settings%3DeyJpZCI6OTM4OSwidXJsIjoiaHR0cHM6XC9cL2Jpby1iYWxrb24uZGVcL3dwLWNvbnRlbnRcL3VwbG9hZHNcLzIwMjBcLzA3XC9QMjM2MDUyMy1kcmVpLWp1bmdlLWVpY2hob1x1MDMwOHJuY2hlbi1iYXVtYmx1XHUwMzA4dGUtc3VwZXIuYXZpZiIsInNsaWRlc2hvdyI6ImI3MjRjYjYifQ%3D%3D\">\n\t\t\t\t\t<div class=\"e-gallery-image elementor-gallery-item__image\" data-thumbnail=\"https:\/\/bio-balkon.de\/wp-content\/uploads\/2020\/07\/P2360523-drei-junge-eichho\u0308rnchen-baumblu\u0308te-super-768x576.avif\" data-width=\"768\" data-height=\"576\" aria-label role=\"img\"><\/div>\n\t\t\t\t\t\t\t\t\t\t\t\t\t\t\t<div class=\"elementor-gallery-item__content\">\n\t\t\t\t\t\t\t\t\t\t\t<\/div>\n\t\t\t\t\t\t\t\t\t<\/a>\n\t\t\t\t\t\t\t<a class=\"e-gallery-item elementor-gallery-item elementor-animated-content\" href=\"https:\/\/bio-balkon.de\/wp-content\/uploads\/2020\/07\/P1550247-Eichho\u0308rnchen-junge-holzkiste-super.avif\" data-elementor-open-lightbox=\"yes\" data-elementor-lightbox-slideshow=\"b724cb6\" data-e-action-hash=\"#elementor-action%3Aaction%3Dlightbox%26settings%3DeyJpZCI6OTQzOSwidXJsIjoiaHR0cHM6XC9cL2Jpby1iYWxrb24uZGVcL3dwLWNvbnRlbnRcL3VwbG9hZHNcLzIwMjBcLzA3XC9QMTU1MDI0Ny1FaWNoaG9cdTAzMDhybmNoZW4tanVuZ2UtaG9semtpc3RlLXN1cGVyLmF2aWYiLCJzbGlkZXNob3ciOiJiNzI0Y2I2In0%3D\">\n\t\t\t\t\t<div class=\"e-gallery-image elementor-gallery-item__image\" data-thumbnail=\"https:\/\/bio-balkon.de\/wp-content\/uploads\/2020\/07\/P1550247-Eichho\u0308rnchen-junge-holzkiste-super.avif\" data-width=\"600\" data-height=\"450\" aria-label role=\"img\"><\/div>\n\t\t\t\t\t\t\t\t\t\t\t\t\t\t\t<div class=\"elementor-gallery-item__content\">\n\t\t\t\t\t\t\t\t\t\t\t<\/div>\n\t\t\t\t\t\t\t\t\t<\/a>\n\t\t\t\t\t\t\t<a class=\"e-gallery-item elementor-gallery-item elementor-animated-content\" href=\"https:\/\/bio-balkon.de\/wp-content\/uploads\/2020\/07\/P2000776-malve-strockrose-ko\u0308nigskerze-super.avif\" data-elementor-open-lightbox=\"yes\" data-elementor-lightbox-slideshow=\"b724cb6\" data-e-action-hash=\"#elementor-action%3Aaction%3Dlightbox%26settings%3DeyJpZCI6OTM5MiwidXJsIjoiaHR0cHM6XC9cL2Jpby1iYWxrb24uZGVcL3dwLWNvbnRlbnRcL3VwbG9hZHNcLzIwMjBcLzA3XC9QMjAwMDc3Ni1tYWx2ZS1zdHJvY2tyb3NlLWtvXHUwMzA4bmlnc2tlcnplLXN1cGVyLmF2aWYiLCJzbGlkZXNob3ciOiJiNzI0Y2I2In0%3D\">\n\t\t\t\t\t<div class=\"e-gallery-image elementor-gallery-item__image\" data-thumbnail=\"https:\/\/bio-balkon.de\/wp-content\/uploads\/2020\/07\/P2000776-malve-strockrose-ko\u0308nigskerze-super.avif\" data-width=\"600\" data-height=\"450\" aria-label role=\"img\"><\/div>\n\t\t\t\t\t\t\t\t\t\t\t\t\t\t\t<div class=\"elementor-gallery-item__content\">\n\t\t\t\t\t\t\t\t\t\t\t<\/div>\n\t\t\t\t\t\t\t\t\t<\/a>\n\t\t\t\t\t\t\t<a class=\"e-gallery-item elementor-gallery-item elementor-animated-content\" href=\"https:\/\/bio-balkon.de\/wp-content\/uploads\/2020\/07\/P1790234-malve-esparsette-super.avif\" data-elementor-open-lightbox=\"yes\" data-elementor-lightbox-slideshow=\"b724cb6\" data-e-action-hash=\"#elementor-action%3Aaction%3Dlightbox%26settings%3DeyJpZCI6OTM5MywidXJsIjoiaHR0cHM6XC9cL2Jpby1iYWxrb24uZGVcL3dwLWNvbnRlbnRcL3VwbG9hZHNcLzIwMjBcLzA3XC9QMTc5MDIzNC1tYWx2ZS1lc3BhcnNldHRlLXN1cGVyLmF2aWYiLCJzbGlkZXNob3ciOiJiNzI0Y2I2In0%3D\">\n\t\t\t\t\t<div class=\"e-gallery-image elementor-gallery-item__image\" data-thumbnail=\"https:\/\/bio-balkon.de\/wp-content\/uploads\/2020\/07\/P1790234-malve-esparsette-super.avif\" data-width=\"600\" data-height=\"450\" aria-label role=\"img\"><\/div>\n\t\t\t\t\t\t\t\t\t\t\t\t\t\t\t<div class=\"elementor-gallery-item__content\">\n\t\t\t\t\t\t\t\t\t\t\t<\/div>\n\t\t\t\t\t\t\t\t\t<\/a>\n\t\t\t\t\t\t\t<a class=\"e-gallery-item elementor-gallery-item elementor-animated-content\" href=\"https:\/\/bio-balkon.de\/wp-content\/uploads\/2020\/06\/P1930246-sonnenaufgang-scabiose-fenster-glockenblume-super.avif\" data-elementor-open-lightbox=\"yes\" data-elementor-lightbox-slideshow=\"b724cb6\" data-e-action-hash=\"#elementor-action%3Aaction%3Dlightbox%26settings%3DeyJpZCI6NzY4NiwidXJsIjoiaHR0cHM6XC9cL2Jpby1iYWxrb24uZGVcL3dwLWNvbnRlbnRcL3VwbG9hZHNcLzIwMjBcLzA2XC9QMTkzMDI0Ni1zb25uZW5hdWZnYW5nLXNjYWJpb3NlLWZlbnN0ZXItZ2xvY2tlbmJsdW1lLXN1cGVyLmF2aWYiLCJzbGlkZXNob3ciOiJiNzI0Y2I2In0%3D\">\n\t\t\t\t\t<div class=\"e-gallery-image elementor-gallery-item__image\" data-thumbnail=\"https:\/\/bio-balkon.de\/wp-content\/uploads\/2020\/06\/P1930246-sonnenaufgang-scabiose-fenster-glockenblume-super-768x576.avif\" data-width=\"768\" data-height=\"576\" aria-label role=\"img\"><\/div>\n\t\t\t\t\t\t\t\t\t\t\t\t\t\t\t<div class=\"elementor-gallery-item__content\">\n\t\t\t\t\t\t\t\t\t\t\t<\/div>\n\t\t\t\t\t\t\t\t\t<\/a>\n\t\t\t\t\t\t\t<a class=\"e-gallery-item elementor-gallery-item elementor-animated-content\" href=\"https:\/\/bio-balkon.de\/wp-content\/uploads\/2020\/06\/IMG_4900-1-radieschen-fenster-super-1.avif\" data-elementor-open-lightbox=\"yes\" data-elementor-lightbox-slideshow=\"b724cb6\" data-e-action-hash=\"#elementor-action%3Aaction%3Dlightbox%26settings%3DeyJpZCI6NzcxNSwidXJsIjoiaHR0cHM6XC9cL2Jpby1iYWxrb24uZGVcL3dwLWNvbnRlbnRcL3VwbG9hZHNcLzIwMjBcLzA2XC9JTUdfNDkwMC0xLXJhZGllc2NoZW4tZmVuc3Rlci1zdXBlci0xLmF2aWYiLCJzbGlkZXNob3ciOiJiNzI0Y2I2In0%3D\">\n\t\t\t\t\t<div class=\"e-gallery-image elementor-gallery-item__image\" data-thumbnail=\"https:\/\/bio-balkon.de\/wp-content\/uploads\/2020\/06\/IMG_4900-1-radieschen-fenster-super-1-768x576.avif\" data-width=\"768\" data-height=\"576\" aria-label role=\"img\"><\/div>\n\t\t\t\t\t\t\t\t\t\t\t\t\t\t\t<div class=\"elementor-gallery-item__content\">\n\t\t\t\t\t\t\t\t\t\t\t<\/div>\n\t\t\t\t\t\t\t\t\t<\/a>\n\t\t\t\t\t\t\t<a class=\"e-gallery-item elementor-gallery-item elementor-animated-content\" href=\"https:\/\/bio-balkon.de\/wp-content\/uploads\/2020\/07\/IMG_4788-1-radieschen-fenster-salat.avif\" data-elementor-open-lightbox=\"yes\" data-elementor-lightbox-slideshow=\"b724cb6\" data-elementor-lightbox-title=\"Mit zwei Balkonk\u00e4sten starten: Radieschen und Salat\" data-e-action-hash=\"#elementor-action%3Aaction%3Dlightbox%26settings%3DeyJpZCI6OTM5NCwidXJsIjoiaHR0cHM6XC9cL2Jpby1iYWxrb24uZGVcL3dwLWNvbnRlbnRcL3VwbG9hZHNcLzIwMjBcLzA3XC9JTUdfNDc4OC0xLXJhZGllc2NoZW4tZmVuc3Rlci1zYWxhdC5hdmlmIiwic2xpZGVzaG93IjoiYjcyNGNiNiJ9\">\n\t\t\t\t\t<div class=\"e-gallery-image elementor-gallery-item__image\" data-thumbnail=\"https:\/\/bio-balkon.de\/wp-content\/uploads\/2020\/07\/IMG_4788-1-radieschen-fenster-salat.avif\" data-width=\"600\" data-height=\"800\" aria-label role=\"img\"><\/div>\n\t\t\t\t\t\t\t\t\t\t\t\t\t\t\t<div class=\"elementor-gallery-item__content\">\n\t\t\t\t\t\t\t\t\t\t\t\t\t\t<div class=\"elementor-gallery-item__title\">\n\t\t\t\t\t\t\t\t\t\t\t\t\t\t\t\t\t\tStart with two bal\u00adc\u00ado\u00adny boxes: radis\u00adhes and let\u00adtuce\t\t\t\t\t\t\t\t<\/div>\n\t\t\t\t\t\t\t\t\t\t\t\t<\/div>\n\t\t\t\t\t\t\t\t\t<\/a>\n\t\t\t\t\t\t\t<a class=\"e-gallery-item elementor-gallery-item elementor-animated-content\" href=\"https:\/\/bio-balkon.de\/wp-content\/uploads\/2020\/06\/P1220668-sonnenblume-biene-biene-paul-fenster-super.avif\" data-elementor-open-lightbox=\"yes\" data-elementor-lightbox-slideshow=\"b724cb6\" data-e-action-hash=\"#elementor-action%3Aaction%3Dlightbox%26settings%3DeyJpZCI6Nzc4NiwidXJsIjoiaHR0cHM6XC9cL2Jpby1iYWxrb24uZGVcL3dwLWNvbnRlbnRcL3VwbG9hZHNcLzIwMjBcLzA2XC9QMTIyMDY2OC1zb25uZW5ibHVtZS1iaWVuZS1iaWVuZS1wYXVsLWZlbnN0ZXItc3VwZXIuYXZpZiIsInNsaWRlc2hvdyI6ImI3MjRjYjYifQ%3D%3D\">\n\t\t\t\t\t<div class=\"e-gallery-image elementor-gallery-item__image\" data-thumbnail=\"https:\/\/bio-balkon.de\/wp-content\/uploads\/2020\/06\/P1220668-sonnenblume-biene-biene-paul-fenster-super-768x576.avif\" data-width=\"768\" data-height=\"576\" aria-label role=\"img\"><\/div>\n\t\t\t\t\t\t\t\t\t\t\t\t\t\t\t<div class=\"elementor-gallery-item__content\">\n\t\t\t\t\t\t\t\t\t\t\t<\/div>\n\t\t\t\t\t\t\t\t\t<\/a>\n\t\t\t\t\t\t\t<a class=\"e-gallery-item elementor-gallery-item elementor-animated-content\" href=\"https:\/\/bio-balkon.de\/wp-content\/uploads\/2020\/10\/IMG_0016-glockenblume-herbstaster-hummel-scaled.avif\" data-elementor-open-lightbox=\"yes\" data-elementor-lightbox-slideshow=\"b724cb6\" data-elementor-lightbox-title=\"Fensterbrett Anfang Oktober mit Rundlb\u00e4ttriger Glockenblume und Herbstaster\" data-e-action-hash=\"#elementor-action%3Aaction%3Dlightbox%26settings%3DeyJpZCI6MTI0MzAsInVybCI6Imh0dHBzOlwvXC9iaW8tYmFsa29uLmRlXC93cC1jb250ZW50XC91cGxvYWRzXC8yMDIwXC8xMFwvSU1HXzAwMTYtZ2xvY2tlbmJsdW1lLWhlcmJzdGFzdGVyLWh1bW1lbC1zY2FsZWQuYXZpZiIsInNsaWRlc2hvdyI6ImI3MjRjYjYifQ%3D%3D\">\n\t\t\t\t\t<div class=\"e-gallery-image elementor-gallery-item__image\" data-thumbnail=\"https:\/\/bio-balkon.de\/wp-content\/uploads\/2020\/10\/IMG_0016-glockenblume-herbstaster-hummel-768x576.avif\" data-width=\"768\" data-height=\"576\" aria-label role=\"img\"><\/div>\n\t\t\t\t\t\t\t\t\t\t\t\t\t\t\t<div class=\"elementor-gallery-item__content\">\n\t\t\t\t\t\t\t\t\t\t\t\t\t\t<div class=\"elementor-gallery-item__title\">\n\t\t\t\t\t\t\t\t\t\t\t\t\t\t\t\t\t\tFens\u00adter\u00adbrett Anfang Okto\u00adber mit Rundl\u00adb\u00e4tt\u00adri\u00adger Glo\u00adcken\u00adblu\u00adme und Herbst\u00adas\u00adter\t\t\t\t\t\t\t\t<\/div>\n\t\t\t\t\t\t\t\t\t\t\t\t<\/div>\n\t\t\t\t\t\t\t\t\t<\/a>\n\t\t\t\t\t\t\t<a class=\"e-gallery-item elementor-gallery-item elementor-animated-content\" href=\"https:\/\/bio-balkon.de\/wp-content\/uploads\/2020\/10\/IMG_0907-fenster-herbst-licht-aster-scaled.avif\" data-elementor-open-lightbox=\"yes\" data-elementor-lightbox-slideshow=\"b724cb6\" data-elementor-lightbox-title=\"Fensterbrett Anfang Oktober\" data-e-action-hash=\"#elementor-action%3Aaction%3Dlightbox%26settings%3DeyJpZCI6MTI0NDgsInVybCI6Imh0dHBzOlwvXC9iaW8tYmFsa29uLmRlXC93cC1jb250ZW50XC91cGxvYWRzXC8yMDIwXC8xMFwvSU1HXzA5MDctZmVuc3Rlci1oZXJic3QtbGljaHQtYXN0ZXItc2NhbGVkLmF2aWYiLCJzbGlkZXNob3ciOiJiNzI0Y2I2In0%3D\">\n\t\t\t\t\t<div class=\"e-gallery-image elementor-gallery-item__image\" data-thumbnail=\"https:\/\/bio-balkon.de\/wp-content\/uploads\/2020\/10\/IMG_0907-fenster-herbst-licht-aster-768x576.avif\" data-width=\"768\" data-height=\"576\" aria-label role=\"img\"><\/div>\n\t\t\t\t\t\t\t\t\t\t\t\t\t\t\t<div class=\"elementor-gallery-item__content\">\n\t\t\t\t\t\t\t\t\t\t\t\t\t\t<div class=\"elementor-gallery-item__title\">\n\t\t\t\t\t\t\t\t\t\t\t\t\t\t\t\t\t\tFens\u00adter\u00adbrett Anfang Okto\u00adber\t\t\t\t\t\t\t\t<\/div>\n\t\t\t\t\t\t\t\t\t\t\t\t<\/div>\n\t\t\t\t\t\t\t\t\t<\/a>\n\t\t\t\t\t\t\t<a class=\"e-gallery-item elementor-gallery-item elementor-animated-content\" href=\"https:\/\/bio-balkon.de\/wp-content\/uploads\/2020\/10\/IMG_1931-bienenbaum-herbst-erholungsbalkon-scaled.avif\" data-elementor-open-lightbox=\"yes\" data-elementor-lightbox-slideshow=\"b724cb6\" data-elementor-lightbox-title=\"Bienenbaum auf dem Naschbalkon\" data-e-action-hash=\"#elementor-action%3Aaction%3Dlightbox%26settings%3DeyJpZCI6MTI0NDksInVybCI6Imh0dHBzOlwvXC9iaW8tYmFsa29uLmRlXC93cC1jb250ZW50XC91cGxvYWRzXC8yMDIwXC8xMFwvSU1HXzE5MzEtYmllbmVuYmF1bS1oZXJic3QtZXJob2x1bmdzYmFsa29uLXNjYWxlZC5hdmlmIiwic2xpZGVzaG93IjoiYjcyNGNiNiJ9\">\n\t\t\t\t\t<div class=\"e-gallery-image elementor-gallery-item__image\" data-thumbnail=\"https:\/\/bio-balkon.de\/wp-content\/uploads\/2020\/10\/IMG_1931-bienenbaum-herbst-erholungsbalkon-768x1024.avif\" data-width=\"768\" data-height=\"1024\" aria-label role=\"img\"><\/div>\n\t\t\t\t\t\t\t\t\t\t\t\t\t\t\t<div class=\"elementor-gallery-item__content\">\n\t\t\t\t\t\t\t\t\t\t\t\t\t\t<div class=\"elementor-gallery-item__title\">\n\t\t\t\t\t\t\t\t\t\t\t\t\t\t\t\t\t\tBie\u00adnen\u00adbaum auf dem Nasch\u00adbal\u00adkon\t\t\t\t\t\t\t\t<\/div>\n\t\t\t\t\t\t\t\t\t\t\t\t<\/div>\n\t\t\t\t\t\t\t\t\t<\/a>\n\t\t\t\t\t\t\t<a class=\"e-gallery-item elementor-gallery-item elementor-animated-content\" href=\"https:\/\/bio-balkon.de\/wp-content\/uploads\/2020\/10\/IMG_4692-1_eichhoernchen_kalender_tisch-scaled.avif\" data-elementor-open-lightbox=\"yes\" data-elementor-lightbox-slideshow=\"b724cb6\" data-elementor-lightbox-title=\"Eichh\u00f6rnchen auf dem Erholungsbalkon\" data-e-action-hash=\"#elementor-action%3Aaction%3Dlightbox%26settings%3DeyJpZCI6MTI5MTAsInVybCI6Imh0dHBzOlwvXC9iaW8tYmFsa29uLmRlXC93cC1jb250ZW50XC91cGxvYWRzXC8yMDIwXC8xMFwvSU1HXzQ2OTItMV9laWNoaG9lcm5jaGVuX2thbGVuZGVyX3Rpc2NoLXNjYWxlZC5hdmlmIiwic2xpZGVzaG93IjoiYjcyNGNiNiJ9\">\n\t\t\t\t\t<div class=\"e-gallery-image elementor-gallery-item__image\" data-thumbnail=\"https:\/\/bio-balkon.de\/wp-content\/uploads\/2020\/10\/IMG_4692-1_eichhoernchen_kalender_tisch-768x576.avif\" data-width=\"768\" data-height=\"576\" aria-label role=\"img\"><\/div>\n\t\t\t\t\t\t\t\t\t\t\t\t\t\t\t<div class=\"elementor-gallery-item__content\">\n\t\t\t\t\t\t\t\t\t\t\t\t\t\t<div class=\"elementor-gallery-item__title\">\n\t\t\t\t\t\t\t\t\t\t\t\t\t\t\t\t\t\tEich\u00adh\u00f6rn\u00adchen auf dem Erho\u00adlungs\u00adbal\u00adkon\t\t\t\t\t\t\t\t<\/div>\n\t\t\t\t\t\t\t\t\t\t\t\t<\/div>\n\t\t\t\t\t\t\t\t\t<\/a>\n\t\t\t\t\t\t\t<a class=\"e-gallery-item elementor-gallery-item elementor-animated-content\" href=\"https:\/\/bio-balkon.de\/wp-content\/uploads\/2020\/10\/IMG_3341_mangold_erdbeeren_radieschen_fenster_herbst-scaled.avif\" data-elementor-open-lightbox=\"yes\" data-elementor-lightbox-slideshow=\"b724cb6\" data-elementor-lightbox-title=\"Mangold, Erdbeeren, Radieschen von der Fensterbank\" data-e-action-hash=\"#elementor-action%3Aaction%3Dlightbox%26settings%3DeyJpZCI6MTI5MDgsInVybCI6Imh0dHBzOlwvXC9iaW8tYmFsa29uLmRlXC93cC1jb250ZW50XC91cGxvYWRzXC8yMDIwXC8xMFwvSU1HXzMzNDFfbWFuZ29sZF9lcmRiZWVyZW5fcmFkaWVzY2hlbl9mZW5zdGVyX2hlcmJzdC1zY2FsZWQuYXZpZiIsInNsaWRlc2hvdyI6ImI3MjRjYjYifQ%3D%3D\">\n\t\t\t\t\t<div class=\"e-gallery-image elementor-gallery-item__image\" data-thumbnail=\"https:\/\/bio-balkon.de\/wp-content\/uploads\/2020\/10\/IMG_3341_mangold_erdbeeren_radieschen_fenster_herbst-768x1024.avif\" data-width=\"768\" data-height=\"1024\" aria-label role=\"img\"><\/div>\n\t\t\t\t\t\t\t\t\t\t\t\t\t\t\t<div class=\"elementor-gallery-item__content\">\n\t\t\t\t\t\t\t\t\t\t\t\t\t\t<div class=\"elementor-gallery-item__title\">\n\t\t\t\t\t\t\t\t\t\t\t\t\t\t\t\t\t\tMan\u00adgold, Erd\u00adbee\u00adren, Radies\u00adchen von der Fens\u00adter\u00adbank\t\t\t\t\t\t\t\t<\/div>\n\t\t\t\t\t\t\t\t\t\t\t\t<\/div>\n\t\t\t\t\t\t\t\t\t<\/a>\n\t\t\t\t\t\t\t<a class=\"e-gallery-item elementor-gallery-item elementor-animated-content\" href=\"https:\/\/bio-balkon.de\/wp-content\/uploads\/2020\/10\/IMG_3318_naschbalkon_herbst_bienenbaum_wildtomaten_spaete_bluete-scaled.avif\" data-elementor-open-lightbox=\"yes\" data-elementor-lightbox-slideshow=\"b724cb6\" data-elementor-lightbox-title=\"Bienenbaum auf dem Naschbalkon\" data-e-action-hash=\"#elementor-action%3Aaction%3Dlightbox%26settings%3DeyJpZCI6MTI5MDksInVybCI6Imh0dHBzOlwvXC9iaW8tYmFsa29uLmRlXC93cC1jb250ZW50XC91cGxvYWRzXC8yMDIwXC8xMFwvSU1HXzMzMThfbmFzY2hiYWxrb25faGVyYnN0X2JpZW5lbmJhdW1fd2lsZHRvbWF0ZW5fc3BhZXRlX2JsdWV0ZS1zY2FsZWQuYXZpZiIsInNsaWRlc2hvdyI6ImI3MjRjYjYifQ%3D%3D\">\n\t\t\t\t\t<div class=\"e-gallery-image elementor-gallery-item__image\" data-thumbnail=\"https:\/\/bio-balkon.de\/wp-content\/uploads\/2020\/10\/IMG_3318_naschbalkon_herbst_bienenbaum_wildtomaten_spaete_bluete-768x576.avif\" data-width=\"768\" data-height=\"576\" aria-label role=\"img\"><\/div>\n\t\t\t\t\t\t\t\t\t\t\t\t\t\t\t<div class=\"elementor-gallery-item__content\">\n\t\t\t\t\t\t\t\t\t\t\t\t\t\t<div class=\"elementor-gallery-item__title\">\n\t\t\t\t\t\t\t\t\t\t\t\t\t\t\t\t\t\tBie\u00adnen\u00adbaum auf dem Nasch\u00adbal\u00adkon\t\t\t\t\t\t\t\t<\/div>\n\t\t\t\t\t\t\t\t\t\t\t\t<\/div>\n\t\t\t\t\t\t\t\t\t<\/a>\n\t\t\t\t\t\t\t<a class=\"e-gallery-item elementor-gallery-item elementor-animated-content\" href=\"https:\/\/bio-balkon.de\/wp-content\/uploads\/2020\/12\/IMG_3518_wintergemuese_sauerampfer_rucola_mangold_winterpostelein_fenster_asia-salat_red-giant-scaled.avif\" data-elementor-open-lightbox=\"yes\" data-elementor-lightbox-slideshow=\"b724cb6\" data-elementor-lightbox-title=\"Wintergem\u00fcse auf dem Fensterbrett: Rucola, Mangold, Winterpostelein, Asia-Salat Red Giant\" data-e-action-hash=\"#elementor-action%3Aaction%3Dlightbox%26settings%3DeyJpZCI6MTgxNDAsInVybCI6Imh0dHBzOlwvXC9iaW8tYmFsa29uLmRlXC93cC1jb250ZW50XC91cGxvYWRzXC8yMDIwXC8xMlwvSU1HXzM1MThfd2ludGVyZ2VtdWVzZV9zYXVlcmFtcGZlcl9ydWNvbGFfbWFuZ29sZF93aW50ZXJwb3N0ZWxlaW5fZmVuc3Rlcl9hc2lhLXNhbGF0X3JlZC1naWFudC1zY2FsZWQuYXZpZiIsInNsaWRlc2hvdyI6ImI3MjRjYjYifQ%3D%3D\">\n\t\t\t\t\t<div class=\"e-gallery-image elementor-gallery-item__image\" data-thumbnail=\"https:\/\/bio-balkon.de\/wp-content\/uploads\/2020\/12\/IMG_3518_wintergemuese_sauerampfer_rucola_mangold_winterpostelein_fenster_asia-salat_red-giant-768x576.avif\" data-width=\"768\" data-height=\"576\" aria-label role=\"img\"><\/div>\n\t\t\t\t\t\t\t\t\t\t\t\t\t\t\t<div class=\"elementor-gallery-item__content\">\n\t\t\t\t\t\t\t\t\t\t\t\t\t\t<div class=\"elementor-gallery-item__title\">\n\t\t\t\t\t\t\t\t\t\t\t\t\t\t\t\t\t\tWin\u00adter\u00adge\u00adm\u00fc\u00adse auf dem Fens\u00adter\u00adbrett: Ruco\u00adla, Man\u00adgold, Win\u00adter\u00adpos\u00adte\u00adlein, Asia-Salat Red Giant\t\t\t\t\t\t\t\t<\/div>\n\t\t\t\t\t\t\t\t\t\t\t\t<\/div>\n\t\t\t\t\t\t\t\t\t<\/a>\n\t\t\t\t\t\t\t<a class=\"e-gallery-item elementor-gallery-item elementor-animated-content\" href=\"https:\/\/bio-balkon.de\/wp-content\/uploads\/2020\/12\/IMG_8531_eichhoernchen_fenster_kobel_tomaten-scaled.avif\" data-elementor-open-lightbox=\"yes\" data-elementor-lightbox-slideshow=\"b724cb6\" data-elementor-lightbox-title=\"Eichh\u00f6rnchen-Kobel auf dem Fensterbrett\" data-e-action-hash=\"#elementor-action%3Aaction%3Dlightbox%26settings%3DeyJpZCI6MTc0MzgsInVybCI6Imh0dHBzOlwvXC9iaW8tYmFsa29uLmRlXC93cC1jb250ZW50XC91cGxvYWRzXC8yMDIwXC8xMlwvSU1HXzg1MzFfZWljaGhvZXJuY2hlbl9mZW5zdGVyX2tvYmVsX3RvbWF0ZW4tc2NhbGVkLmF2aWYiLCJzbGlkZXNob3ciOiJiNzI0Y2I2In0%3D\">\n\t\t\t\t\t<div class=\"e-gallery-image elementor-gallery-item__image\" data-thumbnail=\"https:\/\/bio-balkon.de\/wp-content\/uploads\/2020\/12\/IMG_8531_eichhoernchen_fenster_kobel_tomaten-768x576.avif\" data-width=\"768\" data-height=\"576\" aria-label role=\"img\"><\/div>\n\t\t\t\t\t\t\t\t\t\t\t\t\t\t\t<div class=\"elementor-gallery-item__content\">\n\t\t\t\t\t\t\t\t\t\t\t\t\t\t<div class=\"elementor-gallery-item__title\">\n\t\t\t\t\t\t\t\t\t\t\t\t\t\t\t\t\t\tEich\u00adh\u00f6rn\u00adchen-Kobel auf dem Fens\u00adter\u00adbrett\t\t\t\t\t\t\t\t<\/div>\n\t\t\t\t\t\t\t\t\t\t\t\t<\/div>\n\t\t\t\t\t\t\t\t\t<\/a>\n\t\t\t\t\t\t\t<a class=\"e-gallery-item elementor-gallery-item elementor-animated-content\" href=\"https:\/\/bio-balkon.de\/wp-content\/uploads\/2020\/12\/IMG_3613_eichhoernchen_kobel_fenster_sprossen_microgreens-scaled.avif\" data-elementor-open-lightbox=\"yes\" data-elementor-lightbox-slideshow=\"b724cb6\" data-elementor-lightbox-title=\"Das Eichh\u00f6rnchen wohnt au\u00dfen auf dem Fensterbrett - innen die Sprossen und Microgreens\" data-e-action-hash=\"#elementor-action%3Aaction%3Dlightbox%26settings%3DeyJpZCI6MTgxNDUsInVybCI6Imh0dHBzOlwvXC9iaW8tYmFsa29uLmRlXC93cC1jb250ZW50XC91cGxvYWRzXC8yMDIwXC8xMlwvSU1HXzM2MTNfZWljaGhvZXJuY2hlbl9rb2JlbF9mZW5zdGVyX3Nwcm9zc2VuX21pY3JvZ3JlZW5zLXNjYWxlZC5hdmlmIiwic2xpZGVzaG93IjoiYjcyNGNiNiJ9\">\n\t\t\t\t\t<div class=\"e-gallery-image elementor-gallery-item__image\" data-thumbnail=\"https:\/\/bio-balkon.de\/wp-content\/uploads\/2020\/12\/IMG_3613_eichhoernchen_kobel_fenster_sprossen_microgreens-768x576.avif\" data-width=\"768\" data-height=\"576\" aria-label role=\"img\"><\/div>\n\t\t\t\t\t\t\t\t\t\t\t\t\t\t\t<div class=\"elementor-gallery-item__content\">\n\t\t\t\t\t\t\t\t\t\t\t\t\t\t<div class=\"elementor-gallery-item__title\">\n\t\t\t\t\t\t\t\t\t\t\t\t\t\t\t\t\t\tDas Eich\u00adh\u00f6rn\u00adchen wohnt au\u00dfen auf dem Fens\u00adter\u00adbrett \u2014 innen die Spros\u00adsen und Micro\u00adgreens\t\t\t\t\t\t\t\t<\/div>\n\t\t\t\t\t\t\t\t\t\t\t\t<\/div>\n\t\t\t\t\t\t\t\t\t<\/a>\n\t\t\t\t\t<\/div>\n\t\t\t\t\t<\/div>\n\t\t\t\t\t<\/div>\n\t\t\t\t<\/div>\n\t\t<div class=\"elementor-element elementor-element-12e6383 e-flex e-con-boxed e-con e-parent\" data-id=\"12e6383\" data-element_type=\"container\" data-e-type=\"container\" data-settings=\"{&quot;background_background&quot;:&quot;classic&quot;}\">\n\t\t\t\t\t<div class=\"e-con-inner\">\n\t\t\t\t<div class=\"elementor-element elementor-element-f574eda elementor-widget__width-initial elementor-widget elementor-widget-text-editor\" data-id=\"f574eda\" data-element_type=\"widget\" data-e-type=\"widget\" data-widget_type=\"text-editor.default\">\n\t\t\t\t\t\t\t\t\t<h2>2019<\/h2><p><strong>w\u00fcnsch\u00adte sich S\u00f6hn\u00adchen Dschun\u00adgel<\/strong><\/p><p>Den Dschun\u00adgel und ein tol\u00adles Mikro\u00adkli\u00adma bekam er im Lau\u00adfe der Sai\u00adson. <a href=\"https:\/\/bio-balkon.de\/en\/squirrels-sleep-on-the-balcony-on-the-6th-floor-in-the-middle-of-berlin\/\">Im Fr\u00fch\u00adling wuch\u00adsen hier 4 jun\u00adge Eich\u00adh\u00f6rn\u00adchen auf.<\/a><\/p><p>F\u00fcr die Zeit\u00adschrift Der Fal\u00adke durf\u00adte ich einen <a href=\"https:\/\/bio-balkon.de\/en\/press-review\/\">Arti\u00adkel<\/a> schrei\u00adben. Eine Umfra\u00adge in mei\u00adner <a href=\"https:\/\/www.facebook.com\/groups\/1291278840940692\" target=\"_blank\" rel=\"noopener\">Face\u00adbook group for the Orga\u00adnic Bal\u00adc\u00ado\u00adny Con\u00adgress<\/a> \u2013 Wie\u00advie\u00adle Vogel\u00adar\u00adten besuch\u00adten schon Dei\u00adnen Bal\u00adkon? \u2013 ergab, dass ich mit 21 Vogel\u00adar\u00adten die Lis\u00adte anf\u00fch\u00adre \u2013 mit\u00adten in Ber\u00adlin im 6. Stock. <a href=\"https:\/\/bio-balkon.de\/en\/why-do-so-many-birds-visit-the-organic-balcony\/\">Why do so many birds visit the orga\u00adnic bal\u00adc\u00ado\u00adny?<\/a> (Stand 12\/21 sind es 23 Vogel\u00adar\u00adten)<\/p><p>Der 3. Online Bio-Bal\u00adkon Kon\u00adgress <a href=\"https:\/\/bio-balkon.de\/en\/congress-2019-2\/\">Jede Blu\u0308te za\u0308hlt! Hol Dir Natur!<\/a> begeis\u00adter\u00adte 9.100 Kon\u00adgress\u00adteil\u00adneh\u00adme\u00adrIn\u00adnen.<\/p>\t\t\t\t\t\t\t\t<\/div>\n\t\t\t\t<div class=\"elementor-element elementor-element-5fd58c6 elementor-widget elementor-widget-gallery\" data-id=\"5fd58c6\" data-element_type=\"widget\" data-e-type=\"widget\" data-settings=\"{&quot;overlay_title&quot;:&quot;title&quot;,&quot;gap&quot;:{&quot;unit&quot;:&quot;px&quot;,&quot;size&quot;:20,&quot;sizes&quot;:[]},&quot;columns_tablet&quot;:4,&quot;columns_mobile&quot;:2,&quot;gap_tablet&quot;:{&quot;unit&quot;:&quot;px&quot;,&quot;size&quot;:20,&quot;sizes&quot;:[]},&quot;gap_mobile&quot;:{&quot;unit&quot;:&quot;px&quot;,&quot;size&quot;:20,&quot;sizes&quot;:[]},&quot;gallery_layout&quot;:&quot;grid&quot;,&quot;columns&quot;:4,&quot;link_to&quot;:&quot;file&quot;,&quot;aspect_ratio&quot;:&quot;3:2&quot;,&quot;content_hover_animation&quot;:&quot;fade-in&quot;}\" data-widget_type=\"gallery.default\">\n\t\t\t\t\t\t\t<div class=\"elementor-gallery__container\">\n\t\t\t\t\t\t\t<a class=\"e-gallery-item elementor-gallery-item elementor-animated-content\" href=\"https:\/\/bio-balkon.de\/wp-content\/uploads\/2020\/07\/P2550626-junge-eichho\u0308rnchen-kobel-super.avif\" data-elementor-open-lightbox=\"yes\" data-elementor-lightbox-slideshow=\"5fd58c6\" data-e-action-hash=\"#elementor-action%3Aaction%3Dlightbox%26settings%3DeyJpZCI6OTM4NiwidXJsIjoiaHR0cHM6XC9cL2Jpby1iYWxrb24uZGVcL3dwLWNvbnRlbnRcL3VwbG9hZHNcLzIwMjBcLzA3XC9QMjU1MDYyNi1qdW5nZS1laWNoaG9cdTAzMDhybmNoZW4ta29iZWwtc3VwZXIuYXZpZiIsInNsaWRlc2hvdyI6IjVmZDU4YzYifQ%3D%3D\">\n\t\t\t\t\t<div class=\"e-gallery-image elementor-gallery-item__image\" data-thumbnail=\"https:\/\/bio-balkon.de\/wp-content\/uploads\/2020\/07\/P2550626-junge-eichho\u0308rnchen-kobel-super.avif\" data-width=\"600\" data-height=\"450\" aria-label role=\"img\"><\/div>\n\t\t\t\t\t\t\t\t\t\t\t\t\t\t\t<div class=\"elementor-gallery-item__content\">\n\t\t\t\t\t\t\t\t\t\t\t<\/div>\n\t\t\t\t\t\t\t\t\t<\/a>\n\t\t\t\t\t\t\t<a class=\"e-gallery-item elementor-gallery-item elementor-animated-content\" href=\"https:\/\/bio-balkon.de\/wp-content\/uploads\/2020\/07\/P2300237-junge-Eichho\u0308rnchen-Mama-klettern-super.avif\" data-elementor-open-lightbox=\"yes\" data-elementor-lightbox-slideshow=\"5fd58c6\" data-e-action-hash=\"#elementor-action%3Aaction%3Dlightbox%26settings%3DeyJpZCI6OTM4NSwidXJsIjoiaHR0cHM6XC9cL2Jpby1iYWxrb24uZGVcL3dwLWNvbnRlbnRcL3VwbG9hZHNcLzIwMjBcLzA3XC9QMjMwMDIzNy1qdW5nZS1FaWNoaG9cdTAzMDhybmNoZW4tTWFtYS1rbGV0dGVybi1zdXBlci5hdmlmIiwic2xpZGVzaG93IjoiNWZkNThjNiJ9\">\n\t\t\t\t\t<div class=\"e-gallery-image elementor-gallery-item__image\" data-thumbnail=\"https:\/\/bio-balkon.de\/wp-content\/uploads\/2020\/07\/P2300237-junge-Eichho\u0308rnchen-Mama-klettern-super.avif\" data-width=\"600\" data-height=\"800\" aria-label role=\"img\"><\/div>\n\t\t\t\t\t\t\t\t\t\t\t\t\t\t\t<div class=\"elementor-gallery-item__content\">\n\t\t\t\t\t\t\t\t\t\t\t<\/div>\n\t\t\t\t\t\t\t\t\t<\/a>\n\t\t\t\t\t\t\t<a class=\"e-gallery-item elementor-gallery-item elementor-animated-content\" href=\"https:\/\/bio-balkon.de\/wp-content\/uploads\/2020\/07\/P1170463-ku\u0308rbis-blu\u0308te-eichho\u0308rnchen-tomate-tra\u0308nke-super.avif\" data-elementor-open-lightbox=\"yes\" data-elementor-lightbox-slideshow=\"5fd58c6\" data-e-action-hash=\"#elementor-action%3Aaction%3Dlightbox%26settings%3DeyJpZCI6OTM4NCwidXJsIjoiaHR0cHM6XC9cL2Jpby1iYWxrb24uZGVcL3dwLWNvbnRlbnRcL3VwbG9hZHNcLzIwMjBcLzA3XC9QMTE3MDQ2My1rdVx1MDMwOHJiaXMtYmx1XHUwMzA4dGUtZWljaGhvXHUwMzA4cm5jaGVuLXRvbWF0ZS10cmFcdTAzMDhua2Utc3VwZXIuYXZpZiIsInNsaWRlc2hvdyI6IjVmZDU4YzYifQ%3D%3D\">\n\t\t\t\t\t<div class=\"e-gallery-image elementor-gallery-item__image\" data-thumbnail=\"https:\/\/bio-balkon.de\/wp-content\/uploads\/2020\/07\/P1170463-ku\u0308rbis-blu\u0308te-eichho\u0308rnchen-tomate-tra\u0308nke-super-768x576.avif\" data-width=\"768\" data-height=\"576\" aria-label role=\"img\"><\/div>\n\t\t\t\t\t\t\t\t\t\t\t\t\t\t\t<div class=\"elementor-gallery-item__content\">\n\t\t\t\t\t\t\t\t\t\t\t<\/div>\n\t\t\t\t\t\t\t\t\t<\/a>\n\t\t\t\t\t\t\t<a class=\"e-gallery-item elementor-gallery-item elementor-animated-content\" href=\"https:\/\/bio-balkon.de\/wp-content\/uploads\/2020\/07\/P1220337-kohlmeise-laptop-pc-bio-balkon-liebe-erholungsbalkon-super.avif\" data-elementor-open-lightbox=\"yes\" data-elementor-lightbox-slideshow=\"5fd58c6\" data-e-action-hash=\"#elementor-action%3Aaction%3Dlightbox%26settings%3DeyJpZCI6OTM4MCwidXJsIjoiaHR0cHM6XC9cL2Jpby1iYWxrb24uZGVcL3dwLWNvbnRlbnRcL3VwbG9hZHNcLzIwMjBcLzA3XC9QMTIyMDMzNy1rb2hsbWVpc2UtbGFwdG9wLXBjLWJpby1iYWxrb24tbGllYmUtZXJob2x1bmdzYmFsa29uLXN1cGVyLmF2aWYiLCJzbGlkZXNob3ciOiI1ZmQ1OGM2In0%3D\">\n\t\t\t\t\t<div class=\"e-gallery-image elementor-gallery-item__image\" data-thumbnail=\"https:\/\/bio-balkon.de\/wp-content\/uploads\/2020\/07\/P1220337-kohlmeise-laptop-pc-bio-balkon-liebe-erholungsbalkon-super-768x576.avif\" data-width=\"768\" data-height=\"576\" aria-label role=\"img\"><\/div>\n\t\t\t\t\t\t\t\t\t\t\t\t\t\t\t<div class=\"elementor-gallery-item__content\">\n\t\t\t\t\t\t\t\t\t\t\t<\/div>\n\t\t\t\t\t\t\t\t\t<\/a>\n\t\t\t\t\t\t\t<a class=\"e-gallery-item elementor-gallery-item elementor-animated-content\" href=\"https:\/\/bio-balkon.de\/wp-content\/uploads\/2020\/07\/P1320455-eichho\u0308rnchen-knautschohr-knackt-walnuss-in-physalis-erholungsbalkon-sperling-sperlingsbande-tomate.avif\" data-elementor-open-lightbox=\"yes\" data-elementor-lightbox-slideshow=\"5fd58c6\" data-e-action-hash=\"#elementor-action%3Aaction%3Dlightbox%26settings%3DeyJpZCI6OTM4MiwidXJsIjoiaHR0cHM6XC9cL2Jpby1iYWxrb24uZGVcL3dwLWNvbnRlbnRcL3VwbG9hZHNcLzIwMjBcLzA3XC9QMTMyMDQ1NS1laWNoaG9cdTAzMDhybmNoZW4ta25hdXRzY2hvaHIta25hY2t0LXdhbG51c3MtaW4tcGh5c2FsaXMtZXJob2x1bmdzYmFsa29uLXNwZXJsaW5nLXNwZXJsaW5nc2JhbmRlLXRvbWF0ZS5hdmlmIiwic2xpZGVzaG93IjoiNWZkNThjNiJ9\">\n\t\t\t\t\t<div class=\"e-gallery-image elementor-gallery-item__image\" data-thumbnail=\"https:\/\/bio-balkon.de\/wp-content\/uploads\/2020\/07\/P1320455-eichho\u0308rnchen-knautschohr-knackt-walnuss-in-physalis-erholungsbalkon-sperling-sperlingsbande-tomate-768x1024.avif\" data-width=\"768\" data-height=\"1024\" aria-label role=\"img\"><\/div>\n\t\t\t\t\t\t\t\t\t\t\t\t\t\t\t<div class=\"elementor-gallery-item__content\">\n\t\t\t\t\t\t\t\t\t\t\t<\/div>\n\t\t\t\t\t\t\t\t\t<\/a>\n\t\t\t\t\t\t\t<a class=\"e-gallery-item elementor-gallery-item elementor-animated-content\" href=\"https:\/\/bio-balkon.de\/wp-content\/uploads\/2020\/07\/P1320418-eichho\u0308rnchen-knautschohr-knackt-walnuss-in-physalis-erholungsbalkon.avif\" data-elementor-open-lightbox=\"yes\" data-elementor-lightbox-slideshow=\"5fd58c6\" data-e-action-hash=\"#elementor-action%3Aaction%3Dlightbox%26settings%3DeyJpZCI6OTM4MywidXJsIjoiaHR0cHM6XC9cL2Jpby1iYWxrb24uZGVcL3dwLWNvbnRlbnRcL3VwbG9hZHNcLzIwMjBcLzA3XC9QMTMyMDQxOC1laWNoaG9cdTAzMDhybmNoZW4ta25hdXRzY2hvaHIta25hY2t0LXdhbG51c3MtaW4tcGh5c2FsaXMtZXJob2x1bmdzYmFsa29uLmF2aWYiLCJzbGlkZXNob3ciOiI1ZmQ1OGM2In0%3D\">\n\t\t\t\t\t<div class=\"e-gallery-image elementor-gallery-item__image\" data-thumbnail=\"https:\/\/bio-balkon.de\/wp-content\/uploads\/2020\/07\/P1320418-eichho\u0308rnchen-knautschohr-knackt-walnuss-in-physalis-erholungsbalkon-768x576.avif\" data-width=\"768\" data-height=\"576\" aria-label role=\"img\"><\/div>\n\t\t\t\t\t\t\t\t\t\t\t\t\t\t\t<div class=\"elementor-gallery-item__content\">\n\t\t\t\t\t\t\t\t\t\t\t<\/div>\n\t\t\t\t\t\t\t\t\t<\/a>\n\t\t\t\t\t\t\t<a class=\"e-gallery-item elementor-gallery-item elementor-animated-content\" href=\"https:\/\/bio-balkon.de\/wp-content\/uploads\/2020\/07\/P2610224-naschbalkon-chinabeere-vertikalbeet-dschungel-eng-herzgespann-luzerne-super.avif\" data-elementor-open-lightbox=\"yes\" data-elementor-lightbox-slideshow=\"5fd58c6\" data-e-action-hash=\"#elementor-action%3Aaction%3Dlightbox%26settings%3DeyJpZCI6OTM3MywidXJsIjoiaHR0cHM6XC9cL2Jpby1iYWxrb24uZGVcL3dwLWNvbnRlbnRcL3VwbG9hZHNcLzIwMjBcLzA3XC9QMjYxMDIyNC1uYXNjaGJhbGtvbi1jaGluYWJlZXJlLXZlcnRpa2FsYmVldC1kc2NodW5nZWwtZW5nLWhlcnpnZXNwYW5uLWx1emVybmUtc3VwZXIuYXZpZiIsInNsaWRlc2hvdyI6IjVmZDU4YzYifQ%3D%3D\">\n\t\t\t\t\t<div class=\"e-gallery-image elementor-gallery-item__image\" data-thumbnail=\"https:\/\/bio-balkon.de\/wp-content\/uploads\/2020\/07\/P2610224-naschbalkon-chinabeere-vertikalbeet-dschungel-eng-herzgespann-luzerne-super-768x576.avif\" data-width=\"768\" data-height=\"576\" aria-label role=\"img\"><\/div>\n\t\t\t\t\t\t\t\t\t\t\t\t\t\t\t<div class=\"elementor-gallery-item__content\">\n\t\t\t\t\t\t\t\t\t\t\t<\/div>\n\t\t\t\t\t\t\t\t\t<\/a>\n\t\t\t\t\t\t\t<a class=\"e-gallery-item elementor-gallery-item elementor-animated-content\" href=\"https:\/\/bio-balkon.de\/wp-content\/uploads\/2020\/07\/P1620190-naschbalkon-super.avif\" data-elementor-open-lightbox=\"yes\" data-elementor-lightbox-slideshow=\"5fd58c6\" data-e-action-hash=\"#elementor-action%3Aaction%3Dlightbox%26settings%3DeyJpZCI6OTM3NiwidXJsIjoiaHR0cHM6XC9cL2Jpby1iYWxrb24uZGVcL3dwLWNvbnRlbnRcL3VwbG9hZHNcLzIwMjBcLzA3XC9QMTYyMDE5MC1uYXNjaGJhbGtvbi1zdXBlci5hdmlmIiwic2xpZGVzaG93IjoiNWZkNThjNiJ9\">\n\t\t\t\t\t<div class=\"e-gallery-image elementor-gallery-item__image\" data-thumbnail=\"https:\/\/bio-balkon.de\/wp-content\/uploads\/2020\/07\/P1620190-naschbalkon-super.avif\" data-width=\"600\" data-height=\"800\" aria-label role=\"img\"><\/div>\n\t\t\t\t\t\t\t\t\t\t\t\t\t\t\t<div class=\"elementor-gallery-item__content\">\n\t\t\t\t\t\t\t\t\t\t\t<\/div>\n\t\t\t\t\t\t\t\t\t<\/a>\n\t\t\t\t\t\t\t<a class=\"e-gallery-item elementor-gallery-item elementor-animated-content\" href=\"https:\/\/bio-balkon.de\/wp-content\/uploads\/2020\/07\/P1070678-naschbalkon-apfel-ysop-super.avif\" data-elementor-open-lightbox=\"yes\" data-elementor-lightbox-slideshow=\"5fd58c6\" data-e-action-hash=\"#elementor-action%3Aaction%3Dlightbox%26settings%3DeyJpZCI6OTM3NSwidXJsIjoiaHR0cHM6XC9cL2Jpby1iYWxrb24uZGVcL3dwLWNvbnRlbnRcL3VwbG9hZHNcLzIwMjBcLzA3XC9QMTA3MDY3OC1uYXNjaGJhbGtvbi1hcGZlbC15c29wLXN1cGVyLmF2aWYiLCJzbGlkZXNob3ciOiI1ZmQ1OGM2In0%3D\">\n\t\t\t\t\t<div class=\"e-gallery-image elementor-gallery-item__image\" data-thumbnail=\"https:\/\/bio-balkon.de\/wp-content\/uploads\/2020\/07\/P1070678-naschbalkon-apfel-ysop-super-768x1024.avif\" data-width=\"768\" data-height=\"1024\" aria-label role=\"img\"><\/div>\n\t\t\t\t\t\t\t\t\t\t\t\t\t\t\t<div class=\"elementor-gallery-item__content\">\n\t\t\t\t\t\t\t\t\t\t\t<\/div>\n\t\t\t\t\t\t\t\t\t<\/a>\n\t\t\t\t\t<\/div>\n\t\t\t\t\t<\/div>\n\t\t\t\t\t<\/div>\n\t\t\t\t<\/div>\n\t\t<div class=\"elementor-element elementor-element-9901405 e-flex e-con-boxed e-con e-parent\" data-id=\"9901405\" data-element_type=\"container\" data-e-type=\"container\" data-settings=\"{&quot;background_background&quot;:&quot;classic&quot;}\">\n\t\t\t\t\t<div class=\"e-con-inner\">\n\t\t\t\t<div class=\"elementor-element elementor-element-2fa1b2c elementor-widget__width-initial elementor-widget elementor-widget-text-editor\" data-id=\"2fa1b2c\" data-element_type=\"widget\" data-e-type=\"widget\" data-widget_type=\"text-editor.default\">\n\t\t\t\t\t\t\t\t\t<h2>2018<\/h2><p><strong>Mai Ver\u00adti\u00adkal\u00adbee\u00adet<\/strong><\/p><p style=\"text-align: left;\">Drei wei\u00adte\u00adre <a href=\"https:\/\/bio-balkon.de\/en\/balcony-pleasure-and-yield-through-vertical-gardening-fresh-from-the-vertical-bed\/\">Ver\u00adti\u00adkal\u00adbee\u00adte<\/a> folg\u00adten im Juni 2021. Der&nbsp;<a href=\"https:\/\/bio-balkon.de\/en\/kongress-2018\/\">2. Online Bio-Bal\u00adkon Kon\u00adgress<\/a> erreicht bereits 6.200 begeis\u00adter\u00adte Balkon\u2011, Ter\u00adras\u00adsen- und Gar\u00adten-G\u00e4rt\u00adne\u00adrIn\u00adnen!<\/p><p style=\"text-align: left;\">Die Deut\u00adsche Gar\u00adten\u00adbau\u00adge\u00adsell\u00adschaft 1822 ver\u00adleiht mir auf der Insel Main\u00adau den <a href=\"https:\/\/bio-balkon.de\/en\/media-award-for-the-online-organic-balcony-congress-cities-should-become-greener-more-colorful-and-more-diverse\/\">Medi\u00aden\u00adpreis f\u00fcr die Online-Bio Kon\u00adgres\u00adse<\/a>.<\/p>\t\t\t\t\t\t\t\t<\/div>\n\t\t\t\t<div class=\"elementor-element elementor-element-96177d1 elementor-widget elementor-widget-gallery\" data-id=\"96177d1\" data-element_type=\"widget\" data-e-type=\"widget\" data-settings=\"{&quot;overlay_title&quot;:&quot;title&quot;,&quot;gap&quot;:{&quot;unit&quot;:&quot;px&quot;,&quot;size&quot;:20,&quot;sizes&quot;:[]},&quot;columns_tablet&quot;:4,&quot;columns_mobile&quot;:2,&quot;gap_tablet&quot;:{&quot;unit&quot;:&quot;px&quot;,&quot;size&quot;:20,&quot;sizes&quot;:[]},&quot;gap_mobile&quot;:{&quot;unit&quot;:&quot;px&quot;,&quot;size&quot;:20,&quot;sizes&quot;:[]},&quot;gallery_layout&quot;:&quot;grid&quot;,&quot;columns&quot;:4,&quot;link_to&quot;:&quot;file&quot;,&quot;aspect_ratio&quot;:&quot;3:2&quot;,&quot;content_hover_animation&quot;:&quot;fade-in&quot;}\" data-widget_type=\"gallery.default\">\n\t\t\t\t\t\t\t<div class=\"elementor-gallery__container\">\n\t\t\t\t\t\t\t<a class=\"e-gallery-item elementor-gallery-item elementor-animated-content\" href=\"https:\/\/bio-balkon.de\/wp-content\/uploads\/2020\/07\/P1760164-vertikalbeet-super.avif\" data-elementor-open-lightbox=\"yes\" data-elementor-lightbox-slideshow=\"96177d1\" data-e-action-hash=\"#elementor-action%3Aaction%3Dlightbox%26settings%3DeyJpZCI6OTM1MSwidXJsIjoiaHR0cHM6XC9cL2Jpby1iYWxrb24uZGVcL3dwLWNvbnRlbnRcL3VwbG9hZHNcLzIwMjBcLzA3XC9QMTc2MDE2NC12ZXJ0aWthbGJlZXQtc3VwZXIuYXZpZiIsInNsaWRlc2hvdyI6Ijk2MTc3ZDEifQ%3D%3D\">\n\t\t\t\t\t<div class=\"e-gallery-image elementor-gallery-item__image\" data-thumbnail=\"https:\/\/bio-balkon.de\/wp-content\/uploads\/2020\/07\/P1760164-vertikalbeet-super.avif\" data-width=\"600\" data-height=\"800\" aria-label role=\"img\"><\/div>\n\t\t\t\t\t\t\t\t\t\t\t\t\t\t\t<div class=\"elementor-gallery-item__content\">\n\t\t\t\t\t\t\t\t\t\t\t<\/div>\n\t\t\t\t\t\t\t\t\t<\/a>\n\t\t\t\t\t\t\t<a class=\"e-gallery-item elementor-gallery-item elementor-animated-content\" href=\"https:\/\/bio-balkon.de\/wp-content\/uploads\/2020\/07\/P1760256-vertikalbeet-super.avif\" data-elementor-open-lightbox=\"yes\" data-elementor-lightbox-slideshow=\"96177d1\" data-e-action-hash=\"#elementor-action%3Aaction%3Dlightbox%26settings%3DeyJpZCI6OTM1MiwidXJsIjoiaHR0cHM6XC9cL2Jpby1iYWxrb24uZGVcL3dwLWNvbnRlbnRcL3VwbG9hZHNcLzIwMjBcLzA3XC9QMTc2MDI1Ni12ZXJ0aWthbGJlZXQtc3VwZXIuYXZpZiIsInNsaWRlc2hvdyI6Ijk2MTc3ZDEifQ%3D%3D\">\n\t\t\t\t\t<div class=\"e-gallery-image elementor-gallery-item__image\" data-thumbnail=\"https:\/\/bio-balkon.de\/wp-content\/uploads\/2020\/07\/P1760256-vertikalbeet-super-768x1024.avif\" data-width=\"768\" data-height=\"1024\" aria-label role=\"img\"><\/div>\n\t\t\t\t\t\t\t\t\t\t\t\t\t\t\t<div class=\"elementor-gallery-item__content\">\n\t\t\t\t\t\t\t\t\t\t\t<\/div>\n\t\t\t\t\t\t\t\t\t<\/a>\n\t\t\t\t\t\t\t<a class=\"e-gallery-item elementor-gallery-item elementor-animated-content\" href=\"https:\/\/bio-balkon.de\/wp-content\/uploads\/2020\/07\/P1760433-chinabeere-vertikalbeet-paul-potatoe-naschbalkon-1.avif\" data-elementor-open-lightbox=\"yes\" data-elementor-lightbox-slideshow=\"96177d1\" data-e-action-hash=\"#elementor-action%3Aaction%3Dlightbox%26settings%3DeyJpZCI6OTM1MywidXJsIjoiaHR0cHM6XC9cL2Jpby1iYWxrb24uZGVcL3dwLWNvbnRlbnRcL3VwbG9hZHNcLzIwMjBcLzA3XC9QMTc2MDQzMy1jaGluYWJlZXJlLXZlcnRpa2FsYmVldC1wYXVsLXBvdGF0b2UtbmFzY2hiYWxrb24tMS5hdmlmIiwic2xpZGVzaG93IjoiOTYxNzdkMSJ9\">\n\t\t\t\t\t<div class=\"e-gallery-image elementor-gallery-item__image\" data-thumbnail=\"https:\/\/bio-balkon.de\/wp-content\/uploads\/2020\/07\/P1760433-chinabeere-vertikalbeet-paul-potatoe-naschbalkon-1-768x1024.avif\" data-width=\"768\" data-height=\"1024\" aria-label role=\"img\"><\/div>\n\t\t\t\t\t\t\t\t\t\t\t\t\t\t\t<div class=\"elementor-gallery-item__content\">\n\t\t\t\t\t\t\t\t\t\t\t<\/div>\n\t\t\t\t\t\t\t\t\t<\/a>\n\t\t\t\t\t\t\t<a class=\"e-gallery-item elementor-gallery-item elementor-animated-content\" href=\"https:\/\/bio-balkon.de\/wp-content\/uploads\/2020\/07\/P1790272-vertikalbeet-paul-potatoe.avif\" data-elementor-open-lightbox=\"yes\" data-elementor-lightbox-slideshow=\"96177d1\" data-e-action-hash=\"#elementor-action%3Aaction%3Dlightbox%26settings%3DeyJpZCI6OTM1NCwidXJsIjoiaHR0cHM6XC9cL2Jpby1iYWxrb24uZGVcL3dwLWNvbnRlbnRcL3VwbG9hZHNcLzIwMjBcLzA3XC9QMTc5MDI3Mi12ZXJ0aWthbGJlZXQtcGF1bC1wb3RhdG9lLmF2aWYiLCJzbGlkZXNob3ciOiI5NjE3N2QxIn0%3D\">\n\t\t\t\t\t<div class=\"e-gallery-image elementor-gallery-item__image\" data-thumbnail=\"https:\/\/bio-balkon.de\/wp-content\/uploads\/2020\/07\/P1790272-vertikalbeet-paul-potatoe-768x1024.avif\" data-width=\"768\" data-height=\"1024\" aria-label role=\"img\"><\/div>\n\t\t\t\t\t\t\t\t\t\t\t\t\t\t\t<div class=\"elementor-gallery-item__content\">\n\t\t\t\t\t\t\t\t\t\t\t<\/div>\n\t\t\t\t\t\t\t\t\t<\/a>\n\t\t\t\t\t\t\t<a class=\"e-gallery-item elementor-gallery-item elementor-animated-content\" href=\"https:\/\/bio-balkon.de\/wp-content\/uploads\/2020\/07\/P1790275-vertikalbeet-paul-potatoe-taybeere-super.avif\" data-elementor-open-lightbox=\"yes\" data-elementor-lightbox-slideshow=\"96177d1\" data-e-action-hash=\"#elementor-action%3Aaction%3Dlightbox%26settings%3DeyJpZCI6OTM1NSwidXJsIjoiaHR0cHM6XC9cL2Jpby1iYWxrb24uZGVcL3dwLWNvbnRlbnRcL3VwbG9hZHNcLzIwMjBcLzA3XC9QMTc5MDI3NS12ZXJ0aWthbGJlZXQtcGF1bC1wb3RhdG9lLXRheWJlZXJlLXN1cGVyLmF2aWYiLCJzbGlkZXNob3ciOiI5NjE3N2QxIn0%3D\">\n\t\t\t\t\t<div class=\"e-gallery-image elementor-gallery-item__image\" data-thumbnail=\"https:\/\/bio-balkon.de\/wp-content\/uploads\/2020\/07\/P1790275-vertikalbeet-paul-potatoe-taybeere-super-768x1024.avif\" data-width=\"768\" data-height=\"1024\" aria-label role=\"img\"><\/div>\n\t\t\t\t\t\t\t\t\t\t\t\t\t\t\t<div class=\"elementor-gallery-item__content\">\n\t\t\t\t\t\t\t\t\t\t\t<\/div>\n\t\t\t\t\t\t\t\t\t<\/a>\n\t\t\t\t\t\t\t<a class=\"e-gallery-item elementor-gallery-item elementor-animated-content\" href=\"https:\/\/bio-balkon.de\/wp-content\/uploads\/2020\/07\/P1840834-vertikalbeet.avif\" data-elementor-open-lightbox=\"yes\" data-elementor-lightbox-slideshow=\"96177d1\" data-e-action-hash=\"#elementor-action%3Aaction%3Dlightbox%26settings%3DeyJpZCI6OTM1NywidXJsIjoiaHR0cHM6XC9cL2Jpby1iYWxrb24uZGVcL3dwLWNvbnRlbnRcL3VwbG9hZHNcLzIwMjBcLzA3XC9QMTg0MDgzNC12ZXJ0aWthbGJlZXQuYXZpZiIsInNsaWRlc2hvdyI6Ijk2MTc3ZDEifQ%3D%3D\">\n\t\t\t\t\t<div class=\"e-gallery-image elementor-gallery-item__image\" data-thumbnail=\"https:\/\/bio-balkon.de\/wp-content\/uploads\/2020\/07\/P1840834-vertikalbeet-768x1024.avif\" data-width=\"768\" data-height=\"1024\" aria-label role=\"img\"><\/div>\n\t\t\t\t\t\t\t\t\t\t\t\t\t\t\t<div class=\"elementor-gallery-item__content\">\n\t\t\t\t\t\t\t\t\t\t\t<\/div>\n\t\t\t\t\t\t\t\t\t<\/a>\n\t\t\t\t\t\t\t<a class=\"e-gallery-item elementor-gallery-item elementor-animated-content\" href=\"https:\/\/bio-balkon.de\/wp-content\/uploads\/2020\/07\/P1910401-vertikalbeet-sonnenblume-paprika-gr\u221a\u00bankohl-tomate-super.avif\" data-elementor-open-lightbox=\"yes\" data-elementor-lightbox-slideshow=\"96177d1\" data-e-action-hash=\"#elementor-action%3Aaction%3Dlightbox%26settings%3DeyJpZCI6OTM1OCwidXJsIjoiaHR0cHM6XC9cL2Jpby1iYWxrb24uZGVcL3dwLWNvbnRlbnRcL3VwbG9hZHNcLzIwMjBcLzA3XC9QMTkxMDQwMS12ZXJ0aWthbGJlZXQtc29ubmVuYmx1bWUtcGFwcmlrYS1nclx1MjIxYVx1MDBiYW5rb2hsLXRvbWF0ZS1zdXBlci5hdmlmIiwic2xpZGVzaG93IjoiOTYxNzdkMSJ9\">\n\t\t\t\t\t<div class=\"e-gallery-image elementor-gallery-item__image\" data-thumbnail=\"https:\/\/bio-balkon.de\/wp-content\/uploads\/2020\/07\/P1910401-vertikalbeet-sonnenblume-paprika-gr\u221a\u00bankohl-tomate-super-768x1024.avif\" data-width=\"768\" data-height=\"1024\" aria-label role=\"img\"><\/div>\n\t\t\t\t\t\t\t\t\t\t\t\t\t\t\t<div class=\"elementor-gallery-item__content\">\n\t\t\t\t\t\t\t\t\t\t\t<\/div>\n\t\t\t\t\t\t\t\t\t<\/a>\n\t\t\t\t\t\t\t<a class=\"e-gallery-item elementor-gallery-item elementor-animated-content\" href=\"https:\/\/bio-balkon.de\/wp-content\/uploads\/2020\/07\/P1980343-naschbalkon-vertikalbeet-super.avif\" data-elementor-open-lightbox=\"yes\" data-elementor-lightbox-slideshow=\"96177d1\" data-e-action-hash=\"#elementor-action%3Aaction%3Dlightbox%26settings%3DeyJpZCI6OTM1OSwidXJsIjoiaHR0cHM6XC9cL2Jpby1iYWxrb24uZGVcL3dwLWNvbnRlbnRcL3VwbG9hZHNcLzIwMjBcLzA3XC9QMTk4MDM0My1uYXNjaGJhbGtvbi12ZXJ0aWthbGJlZXQtc3VwZXIuYXZpZiIsInNsaWRlc2hvdyI6Ijk2MTc3ZDEifQ%3D%3D\">\n\t\t\t\t\t<div class=\"e-gallery-image elementor-gallery-item__image\" data-thumbnail=\"https:\/\/bio-balkon.de\/wp-content\/uploads\/2020\/07\/P1980343-naschbalkon-vertikalbeet-super-768x576.avif\" data-width=\"768\" data-height=\"576\" aria-label role=\"img\"><\/div>\n\t\t\t\t\t\t\t\t\t\t\t\t\t\t\t<div class=\"elementor-gallery-item__content\">\n\t\t\t\t\t\t\t\t\t\t\t<\/div>\n\t\t\t\t\t\t\t\t\t<\/a>\n\t\t\t\t\t\t\t<a class=\"e-gallery-item elementor-gallery-item elementor-animated-content\" href=\"https:\/\/bio-balkon.de\/wp-content\/uploads\/2020\/07\/P2230727-vertikalbeet-feldsalat-rucola-super.avif\" data-elementor-open-lightbox=\"yes\" data-elementor-lightbox-slideshow=\"96177d1\" data-elementor-lightbox-title=\"Ganzj\u00e4hrige Selbstversorgung mit Vertikalbeet: Feldsalat und Rucola.\" data-e-action-hash=\"#elementor-action%3Aaction%3Dlightbox%26settings%3DeyJpZCI6OTM2MSwidXJsIjoiaHR0cHM6XC9cL2Jpby1iYWxrb24uZGVcL3dwLWNvbnRlbnRcL3VwbG9hZHNcLzIwMjBcLzA3XC9QMjIzMDcyNy12ZXJ0aWthbGJlZXQtZmVsZHNhbGF0LXJ1Y29sYS1zdXBlci5hdmlmIiwic2xpZGVzaG93IjoiOTYxNzdkMSJ9\">\n\t\t\t\t\t<div class=\"e-gallery-image elementor-gallery-item__image\" data-thumbnail=\"https:\/\/bio-balkon.de\/wp-content\/uploads\/2020\/07\/P2230727-vertikalbeet-feldsalat-rucola-super-768x1024.avif\" data-width=\"768\" data-height=\"1024\" aria-label role=\"img\"><\/div>\n\t\t\t\t\t\t\t\t\t\t\t\t\t\t\t<div class=\"elementor-gallery-item__content\">\n\t\t\t\t\t\t\t\t\t\t\t\t\t\t<div class=\"elementor-gallery-item__title\">\n\t\t\t\t\t\t\t\t\t\t\t\t\t\t\t\t\t\tYear-round self-suf\u00adfi\u00adci\u00aden\u00adcy with ver\u00adti\u00adcal beds: lamb\u2019s let\u00adtuce and rocket.\t\t\t\t\t\t\t\t<\/div>\n\t\t\t\t\t\t\t\t\t\t\t\t<\/div>\n\t\t\t\t\t\t\t\t\t<\/a>\n\t\t\t\t\t<\/div>\n\t\t\t\t\t<\/div>\n\t\t\t\t\t<\/div>\n\t\t\t\t<\/div>\n\t\t<div class=\"elementor-element elementor-element-602602c e-flex e-con-boxed e-con e-parent\" data-id=\"602602c\" data-element_type=\"container\" data-e-type=\"container\" data-settings=\"{&quot;background_background&quot;:&quot;classic&quot;}\">\n\t\t\t\t\t<div class=\"e-con-inner\">\n\t\t\t\t<div class=\"elementor-element elementor-element-07d31f0 elementor-widget__width-initial elementor-widget elementor-widget-text-editor\" data-id=\"07d31f0\" data-element_type=\"widget\" data-e-type=\"widget\" data-widget_type=\"text-editor.default\">\n\t\t\t\t\t\t\t\t\t<h2>2017<\/h2><p><strong>Ers\u00adter Online\u00adkon\u00adgress<\/strong><\/p><p style=\"text-align: left;\">Im Fr\u00fch\u00adjahr 2017 ver\u00adan\u00adstal\u00adte\u00adte ich den ers\u00adten <strong>Online Bio-Bal\u00adkon Kon\u00adgress<\/strong> und erreich\u00adte damit <strong>3.500 Kon\u00adgress\u00adteil\u00adneh\u00adme\u00adrIn\u00adnen<\/strong>. An Online-Kon\u00adgres\u00adsen kann jeder abso\u00adlut kos\u00adten\u00adlos &amp; unver\u00adbind\u00adlich im Inter\u00adnet teil\u00adneh\u00admen \u2013 ohne Fah\u00adre\u00adrei &amp; Hotel\u00adkos\u00adten. Online Kon\u00adgres\u00adse sind eine wun\u00adder\u00adba\u00adre M\u00f6g\u00adlich\u00adkeit, inner\u00adhalb weni\u00adger Tage wert\u00advol\u00adles Wis\u00adsen \u00fcber die unter\u00adschied\u00adlichs\u00adten Per\u00adspek\u00adti\u00adven eines The\u00admas zu bekom\u00admen und zei\u00adgen Dir dabei eine bun\u00adte Viel\u00adfalt aus theo\u00adre\u00adti\u00adschem Wis\u00adsen und prak\u00adti\u00adschen Erfah\u00adrun\u00adgen. <strong>Mei\u00adne Bio-Bal\u00adkon Kon\u00adgres\u00adse zei\u00adgen das Poten\u00adti\u00adal der Bal\u00adkons<\/strong> auf f\u00fcr <strong>Natur\u00ader\u00adleb\u00adnis\u00adse<\/strong>, <strong>Natur\u00adn\u00e4\u00adhe<\/strong>, <strong>Bio\u00addi\u00adver\u00adsi\u00adty<\/strong>, <strong>Self-suf\u00adfi\u00adci\u00aden\u00adcy<\/strong>, <strong>Redu\u00adzie\u00adrung der Hit\u00adze\u00adbil\u00addung und der Bil\u00addung von Fein\u00adstaub in der Stadt <\/strong>and <strong>Erh\u00f6\u00adhung des Wohl\u00adbe\u00adfin\u00addens der Men\u00adschen<\/strong>. <strong>Gr\u00fcn\u00adblick tut uns allen gut<\/strong>. Unse\u00adre Insek\u00adten brau\u00adchen Bl\u00fc\u00adten, wir erfreu\u00aden uns dar\u00adan.<\/p><p style=\"text-align: left;\"><a href=\"https:\/\/bio-balkon.de\/en\/auszeichnungen\/\">Ers\u00adte Aus\u00adzeich\u00adnun\u00adgen<\/a> f\u00fcr mei\u00adne T\u00e4tig\u00adkeit.<\/p>\t\t\t\t\t\t\t\t<\/div>\n\t\t\t\t\t<\/div>\n\t\t\t\t<\/div>\n\t\t<div class=\"elementor-element elementor-element-7abe8b1 e-flex e-con-boxed e-con e-parent\" data-id=\"7abe8b1\" data-element_type=\"container\" data-e-type=\"container\" data-settings=\"{&quot;background_background&quot;:&quot;classic&quot;}\">\n\t\t\t\t\t<div class=\"e-con-inner\">\n\t\t\t\t<div class=\"elementor-element elementor-element-79b6a9c elementor-widget__width-initial elementor-widget elementor-widget-text-editor\" data-id=\"79b6a9c\" data-element_type=\"widget\" data-e-type=\"widget\" data-widget_type=\"text-editor.default\">\n\t\t\t\t\t\t\t\t\t<h2>2016<\/h2><p><strong>Die ers\u00adte rich\u00adti\u00adge Sai\u00adson 2016<\/strong><\/p><p style=\"text-align: left;\">Mit Web\u00adsei\u00adte und Social Media ging ich online.<\/p>\t\t\t\t\t\t\t\t<\/div>\n\t\t\t\t<div class=\"elementor-element elementor-element-37d2bd6 elementor-widget elementor-widget-gallery\" data-id=\"37d2bd6\" data-element_type=\"widget\" data-e-type=\"widget\" data-settings=\"{&quot;overlay_title&quot;:&quot;title&quot;,&quot;gap&quot;:{&quot;unit&quot;:&quot;px&quot;,&quot;size&quot;:20,&quot;sizes&quot;:[]},&quot;columns_tablet&quot;:4,&quot;columns_mobile&quot;:2,&quot;gap_tablet&quot;:{&quot;unit&quot;:&quot;px&quot;,&quot;size&quot;:20,&quot;sizes&quot;:[]},&quot;gap_mobile&quot;:{&quot;unit&quot;:&quot;px&quot;,&quot;size&quot;:20,&quot;sizes&quot;:[]},&quot;gallery_layout&quot;:&quot;grid&quot;,&quot;columns&quot;:4,&quot;link_to&quot;:&quot;file&quot;,&quot;aspect_ratio&quot;:&quot;3:2&quot;,&quot;content_hover_animation&quot;:&quot;fade-in&quot;}\" data-widget_type=\"gallery.default\">\n\t\t\t\t\t\t\t<div class=\"elementor-gallery__container\">\n\t\t\t\t\t\t\t<a class=\"e-gallery-item elementor-gallery-item elementor-animated-content\" href=\"https:\/\/bio-balkon.de\/wp-content\/uploads\/2020\/07\/P1080004-Erholungsbalkon-22.7.17-super.avif\" data-elementor-open-lightbox=\"yes\" data-elementor-lightbox-slideshow=\"37d2bd6\" data-elementor-lightbox-title=\"Zimmerknoblauch, Sonnenblumen (aufgegangen aus herabgefallenem Vogelfutter), Hokkaido-K\u00fcrbis, Gr\u00fcnkohl, Tomaten, Duftpelargonien, Brennnesseln.\" data-e-action-hash=\"#elementor-action%3Aaction%3Dlightbox%26settings%3DeyJpZCI6OTMxMiwidXJsIjoiaHR0cHM6XC9cL2Jpby1iYWxrb24uZGVcL3dwLWNvbnRlbnRcL3VwbG9hZHNcLzIwMjBcLzA3XC9QMTA4MDAwNC1FcmhvbHVuZ3NiYWxrb24tMjIuNy4xNy1zdXBlci5hdmlmIiwic2xpZGVzaG93IjoiMzdkMmJkNiJ9\">\n\t\t\t\t\t<div class=\"e-gallery-image elementor-gallery-item__image\" data-thumbnail=\"https:\/\/bio-balkon.de\/wp-content\/uploads\/2020\/07\/P1080004-Erholungsbalkon-22.7.17-super-768x1024.avif\" data-width=\"768\" data-height=\"1024\" aria-label role=\"img\"><\/div>\n\t\t\t\t\t\t\t\t\t\t\t\t\t\t\t<div class=\"elementor-gallery-item__content\">\n\t\t\t\t\t\t\t\t\t\t\t\t\t\t<div class=\"elementor-gallery-item__title\">\n\t\t\t\t\t\t\t\t\t\t\t\t\t\t\t\t\t\tZim\u00admer\u00adknob\u00adlauch, Son\u00adnen\u00adblu\u00admen (auf\u00adge\u00adgan\u00adgen aus her\u00adab\u00adge\u00adfal\u00adle\u00adnem Vogel\u00adfut\u00adter), Hok\u00adkai\u00addo-K\u00fcr\u00adbis, Gr\u00fcn\u00adkohl, Toma\u00adten, Duft\u00adpelar\u00adgo\u00adni\u00aden, Brenn\u00adnes\u00adseln.\t\t\t\t\t\t\t\t<\/div>\n\t\t\t\t\t\t\t\t\t\t\t\t<\/div>\n\t\t\t\t\t\t\t\t\t<\/a>\n\t\t\t\t\t\t\t<a class=\"e-gallery-item elementor-gallery-item elementor-animated-content\" href=\"https:\/\/bio-balkon.de\/wp-content\/uploads\/2020\/07\/1Wettbewerb-Blick-auf-Erholungsbalkon-erstes-Jahr.avif\" data-elementor-open-lightbox=\"yes\" data-elementor-lightbox-slideshow=\"37d2bd6\" data-e-action-hash=\"#elementor-action%3Aaction%3Dlightbox%26settings%3DeyJpZCI6OTMxMCwidXJsIjoiaHR0cHM6XC9cL2Jpby1iYWxrb24uZGVcL3dwLWNvbnRlbnRcL3VwbG9hZHNcLzIwMjBcLzA3XC8xV2V0dGJld2VyYi1CbGljay1hdWYtRXJob2x1bmdzYmFsa29uLWVyc3Rlcy1KYWhyLmF2aWYiLCJzbGlkZXNob3ciOiIzN2QyYmQ2In0%3D\">\n\t\t\t\t\t<div class=\"e-gallery-image elementor-gallery-item__image\" data-thumbnail=\"https:\/\/bio-balkon.de\/wp-content\/uploads\/2020\/07\/1Wettbewerb-Blick-auf-Erholungsbalkon-erstes-Jahr-768x1087.avif\" data-width=\"768\" data-height=\"1087\" aria-label role=\"img\"><\/div>\n\t\t\t\t\t\t\t\t\t\t\t\t\t\t\t<div class=\"elementor-gallery-item__content\">\n\t\t\t\t\t\t\t\t\t\t\t\t\t\t<div class=\"elementor-gallery-item__title\">\n\t\t\t\t\t\t\t\t\t\t\t\t\t\t\t\t\t\tSo sch\u00f6n schla\u00adfen wir: Mit Blick auf den Bio-Bal\u00adkon und eine gro\u00ad\u00dfe Ross\u00adkas\u00adta\u00adnie. So auf\u00adzu\u00adwa\u00adchen und ein\u00adzu\u00adschla\u00adfen ist traum\u00adhaft.\t\t\t\t\t\t\t\t<\/div>\n\t\t\t\t\t\t\t\t\t\t\t\t<\/div>\n\t\t\t\t\t\t\t\t\t<\/a>\n\t\t\t\t\t\t\t<a class=\"e-gallery-item elementor-gallery-item elementor-animated-content\" href=\"https:\/\/bio-balkon.de\/wp-content\/uploads\/2020\/07\/Erholungsbalkon-Original-IMG_19792-300-dpi.avif\" data-elementor-open-lightbox=\"yes\" data-elementor-lightbox-slideshow=\"37d2bd6\" data-e-action-hash=\"#elementor-action%3Aaction%3Dlightbox%26settings%3DeyJpZCI6OTMxMSwidXJsIjoiaHR0cHM6XC9cL2Jpby1iYWxrb24uZGVcL3dwLWNvbnRlbnRcL3VwbG9hZHNcLzIwMjBcLzA3XC9FcmhvbHVuZ3NiYWxrb24tT3JpZ2luYWwtSU1HXzE5NzkyLTMwMC1kcGkuYXZpZiIsInNsaWRlc2hvdyI6IjM3ZDJiZDYifQ%3D%3D\">\n\t\t\t\t\t<div class=\"e-gallery-image elementor-gallery-item__image\" data-thumbnail=\"https:\/\/bio-balkon.de\/wp-content\/uploads\/2020\/07\/Erholungsbalkon-Original-IMG_19792-300-dpi-768x1024.avif\" data-width=\"768\" data-height=\"1024\" aria-label role=\"img\"><\/div>\n\t\t\t\t\t\t\t\t\t\t\t\t\t\t\t<div class=\"elementor-gallery-item__content\">\n\t\t\t\t\t\t\t\t\t\t\t\t\t\t<div class=\"elementor-gallery-item__title\">\n\t\t\t\t\t\t\t\t\t\t\t\t\t\t\t\t\t\tMein soge\u00adnann\u00adter Erho\u00adlung\u00adbal\u00adkon, weil dort die Sitz\u00adecke mit Tisch steht.\t\t\t\t\t\t\t\t<\/div>\n\t\t\t\t\t\t\t\t\t\t\t\t<\/div>\n\t\t\t\t\t\t\t\t\t<\/a>\n\t\t\t\t\t\t\t<a class=\"e-gallery-item elementor-gallery-item elementor-animated-content\" href=\"https:\/\/bio-balkon.de\/wp-content\/uploads\/2020\/07\/Naschbalkonhw38wkfm.avif\" data-elementor-open-lightbox=\"yes\" data-elementor-lightbox-slideshow=\"37d2bd6\" data-e-action-hash=\"#elementor-action%3Aaction%3Dlightbox%26settings%3DeyJpZCI6OTMzNSwidXJsIjoiaHR0cHM6XC9cL2Jpby1iYWxrb24uZGVcL3dwLWNvbnRlbnRcL3VwbG9hZHNcLzIwMjBcLzA3XC9OYXNjaGJhbGtvbmh3Mzh3a2ZtLmF2aWYiLCJzbGlkZXNob3ciOiIzN2QyYmQ2In0%3D\">\n\t\t\t\t\t<div class=\"e-gallery-image elementor-gallery-item__image\" data-thumbnail=\"https:\/\/bio-balkon.de\/wp-content\/uploads\/2020\/07\/Naschbalkonhw38wkfm.avif\" data-width=\"320\" data-height=\"427\" aria-label role=\"img\"><\/div>\n\t\t\t\t\t\t\t\t\t\t\t\t\t\t\t<div class=\"elementor-gallery-item__content\">\n\t\t\t\t\t\t\t\t\t\t\t\t\t\t<div class=\"elementor-gallery-item__title\">\n\t\t\t\t\t\t\t\t\t\t\t\t\t\t\t\t\t\tDer Nasch\u00adbal\u00adkon von der K\u00fcche aus nach links bli\u00adckend. Mit Apfel\u00adbaum-Geschenk zu mei\u00adnem 50. Geburts\u00adtag.\t\t\t\t\t\t\t\t<\/div>\n\t\t\t\t\t\t\t\t\t\t\t\t<\/div>\n\t\t\t\t\t\t\t\t\t<\/a>\n\t\t\t\t\t\t\t<a class=\"e-gallery-item elementor-gallery-item elementor-animated-content\" href=\"https:\/\/bio-balkon.de\/wp-content\/uploads\/2020\/07\/Naschbalkon3iuq8bt8.avif\" data-elementor-open-lightbox=\"yes\" data-elementor-lightbox-slideshow=\"37d2bd6\" data-e-action-hash=\"#elementor-action%3Aaction%3Dlightbox%26settings%3DeyJpZCI6OTMxOCwidXJsIjoiaHR0cHM6XC9cL2Jpby1iYWxrb24uZGVcL3dwLWNvbnRlbnRcL3VwbG9hZHNcLzIwMjBcLzA3XC9OYXNjaGJhbGtvbjNpdXE4YnQ4LmF2aWYiLCJzbGlkZXNob3ciOiIzN2QyYmQ2In0%3D\">\n\t\t\t\t\t<div class=\"e-gallery-image elementor-gallery-item__image\" data-thumbnail=\"https:\/\/bio-balkon.de\/wp-content\/uploads\/2020\/07\/Naschbalkon3iuq8bt8.avif\" data-width=\"320\" data-height=\"427\" aria-label role=\"img\"><\/div>\n\t\t\t\t\t\t\t\t\t\t\t\t\t\t\t<div class=\"elementor-gallery-item__content\">\n\t\t\t\t\t\t\t\t\t\t\t\t\t\t<div class=\"elementor-gallery-item__title\">\n\t\t\t\t\t\t\t\t\t\t\t\t\t\t\t\t\t\tDer Nasch\u00adbal\u00adkon von der K\u00fcche aus nach rechts bli\u00adckend.\t\t\t\t\t\t\t\t<\/div>\n\t\t\t\t\t\t\t\t\t\t\t\t<\/div>\n\t\t\t\t\t\t\t\t\t<\/a>\n\t\t\t\t\t\t\t<a class=\"e-gallery-item elementor-gallery-item elementor-animated-content\" href=\"https:\/\/bio-balkon.de\/wp-content\/uploads\/2020\/07\/Nu\u0308tzlinge-hummel-minze-qccs4s4c.avif\" data-elementor-open-lightbox=\"yes\" data-elementor-lightbox-slideshow=\"37d2bd6\" data-elementor-lightbox-title=\"Hummel auf Schweizer Minze.\" data-e-action-hash=\"#elementor-action%3Aaction%3Dlightbox%26settings%3DeyJpZCI6OTMwOCwidXJsIjoiaHR0cHM6XC9cL2Jpby1iYWxrb24uZGVcL3dwLWNvbnRlbnRcL3VwbG9hZHNcLzIwMjBcLzA3XC9OdVx1MDMwOHR6bGluZ2UtaHVtbWVsLW1pbnplLXFjY3M0czRjLmF2aWYiLCJzbGlkZXNob3ciOiIzN2QyYmQ2In0%3D\">\n\t\t\t\t\t<div class=\"e-gallery-image elementor-gallery-item__image\" data-thumbnail=\"https:\/\/bio-balkon.de\/wp-content\/uploads\/2020\/07\/Nu\u0308tzlinge-hummel-minze-qccs4s4c.avif\" data-width=\"480\" data-height=\"640\" aria-label role=\"img\"><\/div>\n\t\t\t\t\t\t\t\t\t\t\t\t\t\t\t<div class=\"elementor-gallery-item__content\">\n\t\t\t\t\t\t\t\t\t\t\t\t\t\t<div class=\"elementor-gallery-item__title\">\n\t\t\t\t\t\t\t\t\t\t\t\t\t\t\t\t\t\tHum\u00admel auf Schwei\u00adzer Min\u00adze.\t\t\t\t\t\t\t\t<\/div>\n\t\t\t\t\t\t\t\t\t\t\t\t<\/div>\n\t\t\t\t\t\t\t\t\t<\/a>\n\t\t\t\t\t\t\t<a class=\"e-gallery-item elementor-gallery-item elementor-animated-content\" href=\"https:\/\/bio-balkon.de\/wp-content\/uploads\/2020\/07\/Erntedankwvsxww0i.avif\" data-elementor-open-lightbox=\"yes\" data-elementor-lightbox-slideshow=\"37d2bd6\" data-e-action-hash=\"#elementor-action%3Aaction%3Dlightbox%26settings%3DeyJpZCI6OTMwNCwidXJsIjoiaHR0cHM6XC9cL2Jpby1iYWxrb24uZGVcL3dwLWNvbnRlbnRcL3VwbG9hZHNcLzIwMjBcLzA3XC9Fcm50ZWRhbmt3dnN4d3cwaS5hdmlmIiwic2xpZGVzaG93IjoiMzdkMmJkNiJ9\">\n\t\t\t\t\t<div class=\"e-gallery-image elementor-gallery-item__image\" data-thumbnail=\"https:\/\/bio-balkon.de\/wp-content\/uploads\/2020\/07\/Erntedankwvsxww0i.avif\" data-width=\"320\" data-height=\"427\" aria-label role=\"img\"><\/div>\n\t\t\t\t\t\t\t\t\t\t\t\t\t\t\t<div class=\"elementor-gallery-item__content\">\n\t\t\t\t\t\t\t\t\t\t\t\t\t\t<div class=\"elementor-gallery-item__title\">\n\t\t\t\t\t\t\t\t\t\t\t\t\t\t\t\t\t\tGew\u00fcrz\u00adstu\u00adden\u00adten\u00adblu\u00adme\t\t\t\t\t\t\t\t<\/div>\n\t\t\t\t\t\t\t\t\t\t\t\t<\/div>\n\t\t\t\t\t\t\t\t\t<\/a>\n\t\t\t\t\t\t\t<a class=\"e-gallery-item elementor-gallery-item elementor-animated-content\" href=\"https:\/\/bio-balkon.de\/wp-content\/uploads\/2020\/07\/Erntedankw3ha34xa.avif\" data-elementor-open-lightbox=\"yes\" data-elementor-lightbox-slideshow=\"37d2bd6\" data-e-action-hash=\"#elementor-action%3Aaction%3Dlightbox%26settings%3DeyJpZCI6OTMwNiwidXJsIjoiaHR0cHM6XC9cL2Jpby1iYWxrb24uZGVcL3dwLWNvbnRlbnRcL3VwbG9hZHNcLzIwMjBcLzA3XC9Fcm50ZWRhbmt3M2hhMzR4YS5hdmlmIiwic2xpZGVzaG93IjoiMzdkMmJkNiJ9\">\n\t\t\t\t\t<div class=\"e-gallery-image elementor-gallery-item__image\" data-thumbnail=\"https:\/\/bio-balkon.de\/wp-content\/uploads\/2020\/07\/Erntedankw3ha34xa.avif\" data-width=\"427\" data-height=\"320\" aria-label role=\"img\"><\/div>\n\t\t\t\t\t\t\t\t\t\t\t\t\t\t\t<div class=\"elementor-gallery-item__content\">\n\t\t\t\t\t\t\t\t\t\t\t\t\t\t<div class=\"elementor-gallery-item__title\">\n\t\t\t\t\t\t\t\t\t\t\t\t\t\t\t\t\t\tToma\u00adten aus einem nur 60 cm lan\u00adgen Bal\u00adkon\u00adkas\u00adten.\t\t\t\t\t\t\t\t<\/div>\n\t\t\t\t\t\t\t\t\t\t\t\t<\/div>\n\t\t\t\t\t\t\t\t\t<\/a>\n\t\t\t\t\t\t\t<a class=\"e-gallery-item elementor-gallery-item elementor-animated-content\" href=\"https:\/\/bio-balkon.de\/wp-content\/uploads\/2020\/07\/P1170220-sonnenblume-tomate-16.9.17-erholungsbalkon.avif\" data-elementor-open-lightbox=\"yes\" data-elementor-lightbox-slideshow=\"37d2bd6\" data-e-action-hash=\"#elementor-action%3Aaction%3Dlightbox%26settings%3DeyJpZCI6OTMxNCwidXJsIjoiaHR0cHM6XC9cL2Jpby1iYWxrb24uZGVcL3dwLWNvbnRlbnRcL3VwbG9hZHNcLzIwMjBcLzA3XC9QMTE3MDIyMC1zb25uZW5ibHVtZS10b21hdGUtMTYuOS4xNy1lcmhvbHVuZ3NiYWxrb24uYXZpZiIsInNsaWRlc2hvdyI6IjM3ZDJiZDYifQ%3D%3D\">\n\t\t\t\t\t<div class=\"e-gallery-image elementor-gallery-item__image\" data-thumbnail=\"https:\/\/bio-balkon.de\/wp-content\/uploads\/2020\/07\/P1170220-sonnenblume-tomate-16.9.17-erholungsbalkon-768x576.avif\" data-width=\"768\" data-height=\"576\" aria-label role=\"img\"><\/div>\n\t\t\t\t\t\t\t\t\t\t\t\t\t\t\t<div class=\"elementor-gallery-item__content\">\n\t\t\t\t\t\t\t\t\t\t\t\t\t\t<div class=\"elementor-gallery-item__title\">\n\t\t\t\t\t\t\t\t\t\t\t\t\t\t\t\t\t\tSon\u00adnen\u00adblu\u00adme, Duft\u00adpelar\u00adgo\u00adnie, Gr\u00fcn\u00adkohl, Toma\u00adte.\t\t\t\t\t\t\t\t<\/div>\n\t\t\t\t\t\t\t\t\t\t\t\t<\/div>\n\t\t\t\t\t\t\t\t\t<\/a>\n\t\t\t\t\t\t\t<a class=\"e-gallery-item elementor-gallery-item elementor-animated-content\" href=\"https:\/\/bio-balkon.de\/wp-content\/uploads\/2020\/07\/Erntedank1gocsf6c-1.avif\" data-elementor-open-lightbox=\"yes\" data-elementor-lightbox-slideshow=\"37d2bd6\" data-elementor-lightbox-title=\"Mein Sohn, damals 8 Jahre alt, freut sich \u00fcber Obst vom Naschbalkon.\" data-e-action-hash=\"#elementor-action%3Aaction%3Dlightbox%26settings%3DeyJpZCI6OTMwNSwidXJsIjoiaHR0cHM6XC9cL2Jpby1iYWxrb24uZGVcL3dwLWNvbnRlbnRcL3VwbG9hZHNcLzIwMjBcLzA3XC9Fcm50ZWRhbmsxZ29jc2Y2Yy0xLmF2aWYiLCJzbGlkZXNob3ciOiIzN2QyYmQ2In0%3D\">\n\t\t\t\t\t<div class=\"e-gallery-image elementor-gallery-item__image\" data-thumbnail=\"https:\/\/bio-balkon.de\/wp-content\/uploads\/2020\/07\/Erntedank1gocsf6c-1.avif\" data-width=\"320\" data-height=\"427\" aria-label=\"Mein Sohn, damals 8 Jahre alt, freut sich \u00fcber Obst vom Naschbalkon.\" role=\"img\"><\/div>\n\t\t\t\t\t\t\t\t\t\t\t\t\t\t\t<div class=\"elementor-gallery-item__content\">\n\t\t\t\t\t\t\t\t\t\t\t\t\t\t<div class=\"elementor-gallery-item__title\">\n\t\t\t\t\t\t\t\t\t\t\t\t\t\t\t\t\t\tMein Sohn, damals 8 Jah\u00adre alt, freut sich \u00fcber Obst vom Nasch\u00adbal\u00adkon.\t\t\t\t\t\t\t\t<\/div>\n\t\t\t\t\t\t\t\t\t\t\t\t<\/div>\n\t\t\t\t\t\t\t\t\t<\/a>\n\t\t\t\t\t\t\t<a class=\"e-gallery-item elementor-gallery-item elementor-animated-content\" href=\"https:\/\/bio-balkon.de\/wp-content\/uploads\/2020\/07\/ErntedankHeidelbeerenpdjs8fnf.avif\" data-elementor-open-lightbox=\"yes\" data-elementor-lightbox-slideshow=\"37d2bd6\" data-e-action-hash=\"#elementor-action%3Aaction%3Dlightbox%26settings%3DeyJpZCI6OTMyNCwidXJsIjoiaHR0cHM6XC9cL2Jpby1iYWxrb24uZGVcL3dwLWNvbnRlbnRcL3VwbG9hZHNcLzIwMjBcLzA3XC9Fcm50ZWRhbmtIZWlkZWxiZWVyZW5wZGpzOGZuZi5hdmlmIiwic2xpZGVzaG93IjoiMzdkMmJkNiJ9\">\n\t\t\t\t\t<div class=\"e-gallery-image elementor-gallery-item__image\" data-thumbnail=\"https:\/\/bio-balkon.de\/wp-content\/uploads\/2020\/07\/ErntedankHeidelbeerenpdjs8fnf.avif\" data-width=\"427\" data-height=\"320\" aria-label role=\"img\"><\/div>\n\t\t\t\t\t\t\t\t\t\t\t\t\t\t\t<div class=\"elementor-gallery-item__content\">\n\t\t\t\t\t\t\t\t\t\t\t\t\t\t<div class=\"elementor-gallery-item__title\">\n\t\t\t\t\t\t\t\t\t\t\t\t\t\t\t\t\t\tHei\u00addel\u00adbee\u00adren\t\t\t\t\t\t\t\t<\/div>\n\t\t\t\t\t\t\t\t\t\t\t\t<\/div>\n\t\t\t\t\t\t\t\t\t<\/a>\n\t\t\t\t\t\t\t<a class=\"e-gallery-item elementor-gallery-item elementor-animated-content\" href=\"https:\/\/bio-balkon.de\/wp-content\/uploads\/2020\/07\/ErntedankHeidelbeerenedo1la95.avif\" data-elementor-open-lightbox=\"yes\" data-elementor-lightbox-slideshow=\"37d2bd6\" data-e-action-hash=\"#elementor-action%3Aaction%3Dlightbox%26settings%3DeyJpZCI6OTMyMywidXJsIjoiaHR0cHM6XC9cL2Jpby1iYWxrb24uZGVcL3dwLWNvbnRlbnRcL3VwbG9hZHNcLzIwMjBcLzA3XC9Fcm50ZWRhbmtIZWlkZWxiZWVyZW5lZG8xbGE5NS5hdmlmIiwic2xpZGVzaG93IjoiMzdkMmJkNiJ9\">\n\t\t\t\t\t<div class=\"e-gallery-image elementor-gallery-item__image\" data-thumbnail=\"https:\/\/bio-balkon.de\/wp-content\/uploads\/2020\/07\/ErntedankHeidelbeerenedo1la95.avif\" data-width=\"320\" data-height=\"427\" aria-label=\"Mein Sohn w\u00e4chst mit Naturbezug auf und lernt, wie unsere Nutzpflanzen wachsen.\" role=\"img\"><\/div>\n\t\t\t\t\t\t\t\t\t\t\t\t\t\t\t<div class=\"elementor-gallery-item__content\">\n\t\t\t\t\t\t\t\t\t\t\t\t\t\t<div class=\"elementor-gallery-item__title\">\n\t\t\t\t\t\t\t\t\t\t\t\t\t\t\t\t\t\tMein Sohn w\u00e4chst mit Natur\u00adbe\u00adzug auf und lernt, wie unse\u00adre Nutz\u00adpflan\u00adzen wach\u00adsen.\t\t\t\t\t\t\t\t<\/div>\n\t\t\t\t\t\t\t\t\t\t\t\t<\/div>\n\t\t\t\t\t\t\t\t\t<\/a>\n\t\t\t\t\t<\/div>\n\t\t\t\t\t<\/div>\n\t\t\t\t\t<\/div>\n\t\t\t\t<\/div>\n\t\t<div class=\"elementor-element elementor-element-5f62714 e-flex e-con-boxed e-con e-parent\" data-id=\"5f62714\" data-element_type=\"container\" data-e-type=\"container\" data-settings=\"{&quot;background_background&quot;:&quot;classic&quot;}\">\n\t\t\t\t\t<div class=\"e-con-inner\">\n\t\t\t\t<div class=\"elementor-element elementor-element-dcbd258 elementor-widget__width-initial elementor-widget elementor-widget-text-editor\" data-id=\"dcbd258\" data-element_type=\"widget\" data-e-type=\"widget\" data-widget_type=\"text-editor.default\">\n\t\t\t\t\t\t\t\t\t<h2>So fing es an<\/h2><p style=\"text-align: left;\">Seit <strong>Juni 2015<\/strong> woh\u00adne ich inner\u00adst\u00e4d\u00adtisch <strong>sehr zen\u00adtral<\/strong> im <strong>Ber\u00adli\u00adner Stadt\u00adteil Wil\u00admers\u00addorf<\/strong> mit wei\u00adtem Blick bis Ber\u00adli\u00adner Fern\u00adseh\u00adturm, Pots\u00adda\u00admer Platz und Ged\u00e4cht\u00adnis\u00adkir\u00adche in einer klei\u00adnen Woh\u00adnung mit <strong>zwei Bal\u00adko\u00adnen<\/strong>. Mein lang\u00adge\u00adstreck\u00adter <strong>Nasch\u00adbal\u00adkon umfa\u00dft 5 m\u00b2 <\/strong>(Rich\u00adtung Wes\u00adten) , mein <strong>Erho\u00adlungs\u00adbal\u00adkon 4 m\u00b2 <\/strong>(Rich\u00adtung S\u00fcden). Mein G\u00e4rt\u00adner\u00adblick und \u2011herz hat sogleich das Poten\u00adti\u00adal die\u00adser bei\u00adden Bal\u00adko\u00adne erkannt und des\u00adhalb die\u00adse Woh\u00adnung gew\u00e4hlt.<\/p><p>Herbst 2015 pflanz\u00adte ich mei\u00adne <a href=\"https:\/\/bio-balkon.de\/en\/lust-auf-aepfel-vom-balkon\/\">Colum\u00adnar app\u00adles<\/a> und Obst\u00adge\u00adh\u00f6l\u00adze. Fr\u00fch\u00adling 2016 ers\u00adte Aus\u00adsaa\u00adten. Von Beginn an d\u00fcn\u00adge ich mit <a href=\"https:\/\/bio-balkon.de\/en\/best-fertilizer-for-the-balcony-worm-humus-from-the-worm-bin\/\">Worm humus from the worm bin<\/a>.<\/p>\t\t\t\t\t\t\t\t<\/div>\n\t\t\t\t<div class=\"elementor-element elementor-element-250f552 elementor-widget elementor-widget-gallery\" data-id=\"250f552\" data-element_type=\"widget\" data-e-type=\"widget\" data-settings=\"{&quot;overlay_title&quot;:&quot;title&quot;,&quot;gap&quot;:{&quot;unit&quot;:&quot;px&quot;,&quot;size&quot;:20,&quot;sizes&quot;:[]},&quot;columns_tablet&quot;:4,&quot;columns_mobile&quot;:2,&quot;gap_tablet&quot;:{&quot;unit&quot;:&quot;px&quot;,&quot;size&quot;:20,&quot;sizes&quot;:[]},&quot;gap_mobile&quot;:{&quot;unit&quot;:&quot;px&quot;,&quot;size&quot;:20,&quot;sizes&quot;:[]},&quot;gallery_layout&quot;:&quot;grid&quot;,&quot;columns&quot;:4,&quot;link_to&quot;:&quot;file&quot;,&quot;aspect_ratio&quot;:&quot;3:2&quot;,&quot;content_hover_animation&quot;:&quot;fade-in&quot;}\" data-widget_type=\"gallery.default\">\n\t\t\t\t\t\t\t<div class=\"elementor-gallery__container\">\n\t\t\t\t\t\t\t<a class=\"e-gallery-item elementor-gallery-item elementor-animated-content\" href=\"https:\/\/bio-balkon.de\/wp-content\/uploads\/2020\/07\/Kapuzinerkresse-ErholungsbalkonRucola-Kapuzinerkressesqsczvjq.avif\" data-elementor-open-lightbox=\"yes\" data-elementor-lightbox-slideshow=\"250f552\" data-e-action-hash=\"#elementor-action%3Aaction%3Dlightbox%26settings%3DeyJpZCI6OTMyOCwidXJsIjoiaHR0cHM6XC9cL2Jpby1iYWxrb24uZGVcL3dwLWNvbnRlbnRcL3VwbG9hZHNcLzIwMjBcLzA3XC9LYXB1emluZXJrcmVzc2UtRXJob2x1bmdzYmFsa29uUnVjb2xhLUthcHV6aW5lcmtyZXNzZXNxc2N6dmpxLmF2aWYiLCJzbGlkZXNob3ciOiIyNTBmNTUyIn0%3D\">\n\t\t\t\t\t<div class=\"e-gallery-image elementor-gallery-item__image\" data-thumbnail=\"https:\/\/bio-balkon.de\/wp-content\/uploads\/2020\/07\/Kapuzinerkresse-ErholungsbalkonRucola-Kapuzinerkressesqsczvjq.avif\" data-width=\"640\" data-height=\"480\" aria-label role=\"img\"><\/div>\n\t\t\t\t\t\t\t\t\t\t\t\t\t\t\t<div class=\"elementor-gallery-item__content\">\n\t\t\t\t\t\t\t\t\t\t\t\t\t\t<div class=\"elementor-gallery-item__title\">\n\t\t\t\t\t\t\t\t\t\t\t\t\t\t\t\t\t\tKapu\u00adzi\u00adner\u00adkres\u00adse, Ruco\u00adla\t\t\t\t\t\t\t\t<\/div>\n\t\t\t\t\t\t\t\t\t\t\t\t<\/div>\n\t\t\t\t\t\t\t\t\t<\/a>\n\t\t\t\t\t\t\t<a class=\"e-gallery-item elementor-gallery-item elementor-animated-content\" href=\"https:\/\/bio-balkon.de\/wp-content\/uploads\/2020\/07\/P1170050-1.avif\" data-elementor-open-lightbox=\"yes\" data-elementor-lightbox-slideshow=\"250f552\" data-e-action-hash=\"#elementor-action%3Aaction%3Dlightbox%26settings%3DeyJpZCI6OTMzMCwidXJsIjoiaHR0cHM6XC9cL2Jpby1iYWxrb24uZGVcL3dwLWNvbnRlbnRcL3VwbG9hZHNcLzIwMjBcLzA3XC9QMTE3MDA1MC0xLmF2aWYiLCJzbGlkZXNob3ciOiIyNTBmNTUyIn0%3D\">\n\t\t\t\t\t<div class=\"e-gallery-image elementor-gallery-item__image\" data-thumbnail=\"https:\/\/bio-balkon.de\/wp-content\/uploads\/2020\/07\/P1170050-1-768x576.avif\" data-width=\"768\" data-height=\"576\" aria-label role=\"img\"><\/div>\n\t\t\t\t\t\t\t\t\t\t\t\t\t\t\t<div class=\"elementor-gallery-item__content\">\n\t\t\t\t\t\t\t\t\t\t\t\t\t\t<div class=\"elementor-gallery-item__title\">\n\t\t\t\t\t\t\t\t\t\t\t\t\t\t\t\t\t\tKapu\u00adzi\u00adner\u00adkres\u00adse\t\t\t\t\t\t\t\t<\/div>\n\t\t\t\t\t\t\t\t\t\t\t\t<\/div>\n\t\t\t\t\t\t\t\t\t<\/a>\n\t\t\t\t\t\t\t<a class=\"e-gallery-item elementor-gallery-item elementor-animated-content\" href=\"https:\/\/bio-balkon.de\/wp-content\/uploads\/2020\/07\/ERholungsbalkoni9st9zgc.avif\" data-elementor-open-lightbox=\"yes\" data-elementor-lightbox-slideshow=\"250f552\" data-e-action-hash=\"#elementor-action%3Aaction%3Dlightbox%26settings%3DeyJpZCI6OTMyNywidXJsIjoiaHR0cHM6XC9cL2Jpby1iYWxrb24uZGVcL3dwLWNvbnRlbnRcL3VwbG9hZHNcLzIwMjBcLzA3XC9FUmhvbHVuZ3NiYWxrb25pOXN0OXpnYy5hdmlmIiwic2xpZGVzaG93IjoiMjUwZjU1MiJ9\">\n\t\t\t\t\t<div class=\"e-gallery-image elementor-gallery-item__image\" data-thumbnail=\"https:\/\/bio-balkon.de\/wp-content\/uploads\/2020\/07\/ERholungsbalkoni9st9zgc.avif\" data-width=\"640\" data-height=\"480\" aria-label role=\"img\"><\/div>\n\t\t\t\t\t\t\t\t\t\t\t\t\t\t\t<div class=\"elementor-gallery-item__content\">\n\t\t\t\t\t\t\t\t\t\t\t\t\t\t<div class=\"elementor-gallery-item__title\">\n\t\t\t\t\t\t\t\t\t\t\t\t\t\t\t\t\t\tZim\u00admer\u00adknob\u00adlauch, Kapu\u00adzi\u00adner\u00adkres\u00adse\t\t\t\t\t\t\t\t<\/div>\n\t\t\t\t\t\t\t\t\t\t\t\t<\/div>\n\t\t\t\t\t\t\t\t\t<\/a>\n\t\t\t\t\t\t\t<a class=\"e-gallery-item elementor-gallery-item elementor-animated-content\" href=\"https:\/\/bio-balkon.de\/wp-content\/uploads\/2020\/07\/P1040143-wurmkiste-monika.avif\" data-elementor-open-lightbox=\"yes\" data-elementor-lightbox-slideshow=\"250f552\" data-e-action-hash=\"#elementor-action%3Aaction%3Dlightbox%26settings%3DeyJpZCI6OTM2NSwidXJsIjoiaHR0cHM6XC9cL2Jpby1iYWxrb24uZGVcL3dwLWNvbnRlbnRcL3VwbG9hZHNcLzIwMjBcLzA3XC9QMTA0MDE0My13dXJta2lzdGUtbW9uaWthLmF2aWYiLCJzbGlkZXNob3ciOiIyNTBmNTUyIn0%3D\">\n\t\t\t\t\t<div class=\"e-gallery-image elementor-gallery-item__image\" data-thumbnail=\"https:\/\/bio-balkon.de\/wp-content\/uploads\/2020\/07\/P1040143-wurmkiste-monika-768x576.avif\" data-width=\"768\" data-height=\"576\" aria-label role=\"img\"><\/div>\n\t\t\t\t\t\t\t\t\t\t\t\t\t\t\t<div class=\"elementor-gallery-item__content\">\n\t\t\t\t\t\t\t\t\t\t\t\t\t\t<div class=\"elementor-gallery-item__title\">\n\t\t\t\t\t\t\t\t\t\t\t\t\t\t\t\t\t\tIch g\u00e4rt\u00adne\u00adre seit 2015 mit Wurm\u00adkis\u00adte.\t\t\t\t\t\t\t\t<\/div>\n\t\t\t\t\t\t\t\t\t\t\t\t<\/div>\n\t\t\t\t\t\t\t\t\t<\/a>\n\t\t\t\t\t\t\t<a class=\"e-gallery-item elementor-gallery-item elementor-animated-content\" href=\"https:\/\/bio-balkon.de\/wp-content\/uploads\/2020\/07\/P1320016-wurmkiste.avif\" data-elementor-open-lightbox=\"yes\" data-elementor-lightbox-slideshow=\"250f552\" data-e-action-hash=\"#elementor-action%3Aaction%3Dlightbox%26settings%3DeyJpZCI6OTM2OCwidXJsIjoiaHR0cHM6XC9cL2Jpby1iYWxrb24uZGVcL3dwLWNvbnRlbnRcL3VwbG9hZHNcLzIwMjBcLzA3XC9QMTMyMDAxNi13dXJta2lzdGUuYXZpZiIsInNsaWRlc2hvdyI6IjI1MGY1NTIifQ%3D%3D\">\n\t\t\t\t\t<div class=\"e-gallery-image elementor-gallery-item__image\" data-thumbnail=\"https:\/\/bio-balkon.de\/wp-content\/uploads\/2020\/07\/P1320016-wurmkiste-768x460.avif\" data-width=\"768\" data-height=\"460\" aria-label role=\"img\"><\/div>\n\t\t\t\t\t\t\t\t\t\t\t\t\t\t\t<div class=\"elementor-gallery-item__content\">\n\t\t\t\t\t\t\t\t\t\t\t\t\t\t<div class=\"elementor-gallery-item__title\">\n\t\t\t\t\t\t\t\t\t\t\t\t\t\t\t\t\t\tIn die Wurm\u00adkis\u00adte schmei\u00ad\u00dfe ich mei\u00adne Bio-Abf\u00e4l\u00adle.\t\t\t\t\t\t\t\t<\/div>\n\t\t\t\t\t\t\t\t\t\t\t\t<\/div>\n\t\t\t\t\t\t\t\t\t<\/a>\n\t\t\t\t\t\t\t<a class=\"e-gallery-item elementor-gallery-item elementor-animated-content\" href=\"https:\/\/bio-balkon.de\/wp-content\/uploads\/2020\/07\/P2650173-wurmhumus-wurmkiste-jostabeeren-super.avif\" data-elementor-open-lightbox=\"yes\" data-elementor-lightbox-slideshow=\"250f552\" data-e-action-hash=\"#elementor-action%3Aaction%3Dlightbox%26settings%3DeyJpZCI6OTM2MywidXJsIjoiaHR0cHM6XC9cL2Jpby1iYWxrb24uZGVcL3dwLWNvbnRlbnRcL3VwbG9hZHNcLzIwMjBcLzA3XC9QMjY1MDE3My13dXJtaHVtdXMtd3VybWtpc3RlLWpvc3RhYmVlcmVuLXN1cGVyLmF2aWYiLCJzbGlkZXNob3ciOiIyNTBmNTUyIn0%3D\">\n\t\t\t\t\t<div class=\"e-gallery-image elementor-gallery-item__image\" data-thumbnail=\"https:\/\/bio-balkon.de\/wp-content\/uploads\/2020\/07\/P2650173-wurmhumus-wurmkiste-jostabeeren-super-768x576.avif\" data-width=\"768\" data-height=\"576\" aria-label role=\"img\"><\/div>\n\t\t\t\t\t\t\t\t\t\t\t\t\t\t\t<div class=\"elementor-gallery-item__content\">\n\t\t\t\t\t\t\t\t\t\t\t\t\t\t<div class=\"elementor-gallery-item__title\">\n\t\t\t\t\t\t\t\t\t\t\t\t\t\t\t\t\t\tDie in der Wurm\u00adkis\u00adte leben\u00adden Boden\u00adle\u00adbe\u00adwe\u00adsen und Kom\u00adpost\u00adw\u00fcr\u00admer schaf\u00adfen bes\u00adten Wurm\u00adhu\u00admus, der mei\u00adne Pflan\u00adzen d\u00fcngt. Bes\u00adte Erfol\u00adge!\t\t\t\t\t\t\t\t<\/div>\n\t\t\t\t\t\t\t\t\t\t\t\t<\/div>\n\t\t\t\t\t\t\t\t\t<\/a>\n\t\t\t\t\t<\/div>\n\t\t\t\t\t<\/div>\n\t\t\t\t\t<\/div>\n\t\t\t\t<\/div>\n\t\t\t\t<\/div>","protected":false},"excerpt":{"rendered":"<p>Tipps und Tricks zum bio\u00adlo\u00adgi\u00adschen G\u00e4rt\u00adnern auf dem Bal\u00adkon von der Autorin, Bal\u00adkon\u00adbot\u00adschaf\u00adte\u00adrin und Ver\u00adan\u00adstal\u00adte\u00adrin der Bio-Bal\u00adkon Kon\u00adgres\u00adse Bir\u00adgit Schatt\u00adling.<\/p>","protected":false},"author":5,"featured_media":14913,"parent":0,"menu_order":114,"comment_status":"closed","ping_status":"closed","template":"","meta":{"_acf_changed":false,"wp_typography_post_enhancements_disabled":false,"footnotes":""},"class_list":["post-147","page","type-page","status-publish","has-post-thumbnail","hentry"],"acf":[],"_links":{"self":[{"href":"https:\/\/bio-balkon.de\/en\/wp-json\/wp\/v2\/pages\/147","targetHints":{"allow":["GET"]}}],"collection":[{"href":"https:\/\/bio-balkon.de\/en\/wp-json\/wp\/v2\/pages"}],"about":[{"href":"https:\/\/bio-balkon.de\/en\/wp-json\/wp\/v2\/types\/page"}],"author":[{"embeddable":true,"href":"https:\/\/bio-balkon.de\/en\/wp-json\/wp\/v2\/users\/5"}],"replies":[{"embeddable":true,"href":"https:\/\/bio-balkon.de\/en\/wp-json\/wp\/v2\/comments?post=147"}],"version-history":[{"count":3,"href":"https:\/\/bio-balkon.de\/en\/wp-json\/wp\/v2\/pages\/147\/revisions"}],"predecessor-version":[{"id":89265,"href":"https:\/\/bio-balkon.de\/en\/wp-json\/wp\/v2\/pages\/147\/revisions\/89265"}],"wp:featuredmedia":[{"embeddable":true,"href":"https:\/\/bio-balkon.de\/en\/wp-json\/wp\/v2\/media\/14913"}],"wp:attachment":[{"href":"https:\/\/bio-balkon.de\/en\/wp-json\/wp\/v2\/media?parent=147"}],"curies":[{"name":"wp","href":"https:\/\/api.w.org\/{rel}","templated":true}]}}