{"id":95783,"date":"2026-09-04T10:06:00","date_gmt":"2026-09-04T08:06:00","guid":{"rendered":"https:\/\/bio-balkon.de\/?post_type=experten&#038;p=95783"},"modified":"2026-09-04T10:06:24","modified_gmt":"2026-09-04T08:06:24","slug":"karin-frenay","status":"publish","type":"experten","link":"https:\/\/bio-balkon.de\/en\/experten\/karin-frenay\/","title":{"rendered":"Karin Fren\u00aday"},"content":{"rendered":"<div data-elementor-type=\"wp-post\" data-elementor-id=\"95783\" class=\"elementor elementor-95783\" data-elementor-post-type=\"experten\">\n\t\t\t\t<div class=\"elementor-element elementor-element-12d7793 e-flex e-con-boxed e-con e-parent\" data-id=\"12d7793\" data-element_type=\"container\" data-e-type=\"container\">\n\t\t\t\t\t<div class=\"e-con-inner\">\n\t\t\t\t<div class=\"elementor-element elementor-element-195e39a elementor-widget elementor-widget-template\" data-id=\"195e39a\" data-element_type=\"widget\" data-e-type=\"widget\" data-widget_type=\"template.default\">\n\t\t\t\t<div class=\"elementor-widget-container\">\n\t\t\t\t\t\t\t<div class=\"elementor-template\">\n\t\t\t\t\t<div data-elementor-type=\"container\" data-elementor-id=\"94678\" class=\"elementor elementor-94678\" data-elementor-post-type=\"elementor_library\">\n\t\t\t\t<div class=\"elementor-element elementor-element-3afd0458 e-con-full e-flex e-con e-parent\" data-id=\"3afd0458\" data-element_type=\"container\" data-e-type=\"container\">\n\t\t\t\t<div class=\"elementor-element elementor-element-4853ed53 elementor-widget elementor-widget-image\" data-id=\"4853ed53\" data-element_type=\"widget\" data-e-type=\"widget\" data-widget_type=\"image.default\">\n\t\t\t\t\t\t\t\t\t\t\t\t\t\t\t<img loading=\"lazy\" decoding=\"async\" width=\"150\" height=\"150\" src=\"https:\/\/bio-balkon.de\/wp-content\/uploads\/2026\/08\/Karin-Frenay-150x150.avif\" class=\"attachment-thumbnail size-thumbnail wp-image-95781\" alt=\"Karin Frenay spricht beim Bio-Balkon-Kongress zu biologisch produzierten Blumenzwiebeln\" srcset=\"https:\/\/bio-balkon.de\/wp-content\/uploads\/2026\/08\/Karin-Frenay-150x150.avif 150w, https:\/\/bio-balkon.de\/wp-content\/uploads\/2026\/08\/Karin-Frenay-13x12.avif 13w\" sizes=\"auto, (max-width: 150px) 100vw, 150px\">\t\t\t\t\t\t\t\t\t\t\t\t\t\t\t<\/div>\n\t\t\t\t<div class=\"elementor-element elementor-element-4cf49afe elementor-widget elementor-widget-text-editor\" data-id=\"4cf49afe\" data-element_type=\"widget\" data-e-type=\"widget\" data-widget_type=\"text-editor.default\">\n\t\t\t\t\t\t\t\t\t<h1>Karin Fren\u00aday<\/h1><p><span style=\"color: #cc3b36;\"><strong>UNTERPFLANZUNG VON GEH\u00d6LZEN IM K\u00dcBEL MIT INSEKTENFREUNDLICHEN BLUMENZWIEBELN IN BIO-QUALIT\u00c4T<\/strong><\/span><\/p><p>Karin Fren\u00aday arbei\u00adtet bei Natu\u00adral\u00adBulbs. Sie ist Mit\u00adar\u00adbei\u00adte\u00adrin bei Robert Heems\u00adkerk, der in den Nie\u00adder\u00adlan\u00adden die \u00f6ko\u00adlo\u00adgi\u00adsche Blu\u00admen\u00adzwie\u00adbel\u00adfir\u00adma Natu\u00adral Bulbs betreibt. Wir koope\u00adrie\u00adren seit eini\u00adgen Jah\u00adren, da es gar nicht so ein\u00adfach ist, einen Anbie\u00adter zu fin\u00adden, der bio\u00adlo\u00adgisch pro\u00addu\u00adziert, Wert auf Bie\u00adnen\u00adfreund\u00adlich\u00adkeit legt und gr\u00f6\u00ad\u00dfe\u00adre Men\u00adgen anbie\u00adtet. Mit Karin Fren\u00aday habe ich in die\u00adsen Jah\u00adren der Zusam\u00admen\u00adar\u00adbeit mit die\u00adsem Pro\u00addu\u00adzen\u00adten f\u00fcr bio\u00adlo\u00adgisch pro\u00addu\u00adzier\u00adte Blu\u00admen\u00adzwie\u00adbeln \u00f6fter gespro\u00adchen. Da sie nach einem Umzug nach Frank\u00adreich nun auch sehr vie\u00adle Blu\u00admen\u00adzwie\u00adbeln in T\u00f6p\u00adfen hat, spre\u00adchen wir mit\u00adein\u00adan\u00adder. Au\u00dfer\u00addem malt Karin aus\u00addrucks\u00adstar\u00adke und far\u00adben\u00adfro\u00adhe Kunst\u00adwer\u00adke, die Sie mit der Natur ver\u00adbin\u00adden. Bei ihr und ihrem Mann im Bur\u00adgund kann man Mal\u00adur\u00adlau\u00adbe ver\u00adbrin\u00adgen.<\/p><p>Con\u00adtents:<\/p><p>Wir spre\u00adchen \u00fcber&nbsp;<strong>Blu\u00admen\u00adzwie\u00adbeln<\/strong>, ins\u00adbe\u00adson\u00adde\u00adre&nbsp;<strong>Fr\u00fch\u00adbl\u00fc\u00adher<\/strong>. Karin Fren\u00aday stellt vor, wel\u00adche <strong>Blu\u00admen\u00adzwie\u00adbeln bie\u00adnen\u00adfreund\u00adlich<\/strong>&nbsp;sind, wel\u00adche Blu\u00admen\u00adzwie\u00adbeln den Bie\u00adnen am meis\u00adten die\u00adnen. Wir spre\u00adchen dar\u00ad\u00fcber, wor\u00adauf wir beim&nbsp;<strong>Kauf<\/strong>&nbsp;and&nbsp;<strong>Pflan\u00adzen der Zwie\u00adbeln<\/strong>&nbsp;ach\u00adten. Er gibt eine&nbsp;<strong>genaue Anlei\u00adtung<\/strong>, wie wir vor\u00adge\u00adhen soll\u00adten, damit sie erfolg\u00adreich bl\u00fc\u00adhen.&nbsp;<strong>Was sind die h\u00e4u\u00adfigs\u00adten Feh\u00adler<\/strong>, denn Blu\u00admen\u00adzwie\u00adbeln im Topf sind anspruchs\u00advol\u00adler als im Beet?&nbsp;Wie&nbsp;<strong>w\u00e4s\u00adsern<\/strong>&nbsp;and&nbsp;<strong>d\u00fcn\u00adgen<\/strong>&nbsp;wir? Ist im Som\u00admer Pfle\u00adge erfor\u00adder\u00adlich? Wann ist&nbsp;<strong>bes\u00adte Pflanz\u00adzeit<\/strong>? Bis wann kann sp\u00e4\u00adtes\u00adtens gesetzt wer\u00adden? Blu\u00admen\u00adzwie\u00adbeln im Topf bl\u00fc\u00adhen gut in der ers\u00adten Sai\u00adson. Karin gibt Tipps, damit die Zwie\u00adbeln in den <strong>Fol\u00adge\u00adjah\u00adren eben\u00adfalls noch bl\u00fc\u00adhen<\/strong>. Karin Fren\u00aday teilt ihre Erfah\u00adrun\u00adgen, Blu\u00admen\u00adzwie\u00adbeln mit Stau\u00adden oder Geh\u00f6l\u00adzen zusam\u00admen im Topf zu ste\u00adcken. Bl\u00fc\u00adhen sie in den Fol\u00adge\u00adjah\u00adren?&nbsp;<\/p>\t\t\t\t\t\t\t\t<\/div>\n\t\t\t\t<div class=\"elementor-element elementor-element-7616ca51 elementor-widget elementor-widget-heading\" data-id=\"7616ca51\" data-element_type=\"widget\" data-e-type=\"widget\" data-widget_type=\"heading.default\">\n\t\t\t\t\t<h2 class=\"elementor-heading-title elementor-size-default\">Ange\u00adbot f\u00fcr die Bio-Bal\u00adkon-Bewe\u00adgung<\/h2>\t\t\t\t<\/div>\n\t\t\t\t<div class=\"elementor-element elementor-element-3b31d0af elementor-widget elementor-widget-text-editor\" data-id=\"3b31d0af\" data-element_type=\"widget\" data-e-type=\"widget\" data-widget_type=\"text-editor.default\">\n\t\t\t\t\t\t\t\t\t<p>Wer bei&nbsp;<a href=\"https:\/\/www.naturalbulbs.de\/\">Natu\u00adral Bulbs<\/a> f\u00fcr min\u00addes\u00adtens 40 \u20ac bestellt, erh\u00e4lt <strong>5 \u20ac&nbsp;<\/strong><strong>Rabatt<\/strong>&nbsp;and as&nbsp;<strong>\u00dcber\u00adra\u00adschung Blu\u00admen\u00adzwie\u00adbeln im Pflanz\u00ads\u00e4ck\u00adchen&nbsp;<\/strong>on top. The&nbsp;<strong>Dis\u00adcount code <span style=\"color: #800000;\">biobalkon26<\/span><\/strong> ist bis 31.12.26 g\u00fcl\u00adtig.&nbsp;<\/p>\t\t\t\t\t\t\t\t<\/div>\n\t\t\t\t<div class=\"elementor-element elementor-element-838a949 elementor-align-left elementor-widget elementor-widget-button\" data-id=\"838a949\" data-element_type=\"widget\" data-e-type=\"widget\" data-widget_type=\"button.default\">\n\t\t\t\t\t\t\t\t\t\t<a class=\"elementor-button elementor-button-link elementor-size-sm\" href=\"https:\/\/www.naturalbulbs.de\/\" target=\"_blank\" rel=\"nofollow\">\n\t\t\t\t\t\t<span class=\"elementor-button-content-wrapper\">\n\t\t\t\t\t\t\t\t\t<span class=\"elementor-button-text\">Zum Shop mit biobalkon26<\/span>\n\t\t\t\t\t<\/span>\n\t\t\t\t\t<\/a>\n\t\t\t\t\t\t\t\t<\/div>\n\t\t\t\t<div class=\"elementor-element elementor-element-e2f4bfd elementor-widget elementor-widget-heading\" data-id=\"e2f4bfd\" data-element_type=\"widget\" data-e-type=\"widget\" data-widget_type=\"heading.default\">\n\t\t\t\t\t<h2 class=\"elementor-heading-title elementor-size-default\">Social Media<\/h2>\t\t\t\t<\/div>\n\t\t\t\t<div class=\"elementor-element elementor-element-7df6f756 elementor-icon-list--layout-traditional elementor-list-item-link-full_width elementor-widget elementor-widget-icon-list\" data-id=\"7df6f756\" data-element_type=\"widget\" data-e-type=\"widget\" data-widget_type=\"icon-list.default\">\n\t\t\t\t\t\t\t<ul class=\"elementor-icon-list-items\">\n\t\t\t\t\t\t\t<li class=\"elementor-icon-list-item\">\n\t\t\t\t\t\t\t\t\t\t\t<a href=\"https:\/\/www.facebook.com\/Naturalbulbsdeutschland\" target=\"_blank\">\n\n\t\t\t\t\t\t\t\t\t\t\t\t<span class=\"elementor-icon-list-icon\">\n\t\t\t\t\t\t\t<svg aria-hidden=\"true\" class=\"e-font-icon-svg e-fab-facebook\" viewBox=\"0 0 512 512\"><path d=\"M504 256C504 119 393 8 256 8S8 119 8 256c0 123.78 90.69 226.38 209.25 245V327.69h-63V256h63v-54.64c0-62.15 37-96.48 93.67-96.48 27.14 0 55.52 4.84 55.52 4.84v61h-31.28c-30.8 0-40.41 19.12-40.41 38.73V256h68.78l-11 71.69h-57.78V501C413.31 482.38 504 379.78 504 256z\" \/><\/svg>\t\t\t\t\t\t<\/span>\n\t\t\t\t\t\t\t\t\t\t<span class=\"elementor-icon-list-text\">Natu\u00adral Bulbs Deutsch\u00adland<\/span>\n\t\t\t\t\t\t\t\t\t\t\t<\/a>\n\t\t\t\t\t\t\t\t\t<\/li>\n\t\t\t\t\t\t\t\t<li class=\"elementor-icon-list-item\">\n\t\t\t\t\t\t\t\t\t\t\t<a href=\"https:\/\/www.instagram.com\/naturalbulbsdeutschland\/\" target=\"_blank\">\n\n\t\t\t\t\t\t\t\t\t\t\t\t<span class=\"elementor-icon-list-icon\">\n\t\t\t\t\t\t\t<svg aria-hidden=\"true\" class=\"e-font-icon-svg e-fab-instagram\" viewBox=\"0 0 448 512\"><path d=\"M224.1 141c-63.6 0-114.9 51.3-114.9 114.9s51.3 114.9 114.9 114.9S339 319.5 339 255.9 287.7 141 224.1 141zm0 189.6c-41.1 0-74.7-33.5-74.7-74.7s33.5-74.7 74.7-74.7 74.7 33.5 74.7 74.7-33.6 74.7-74.7 74.7zm146.4-194.3c0 14.9-12 26.8-26.8 26.8-14.9 0-26.8-12-26.8-26.8s12-26.8 26.8-26.8 26.8 12 26.8 26.8zm76.1 27.2c-1.7-35.9-9.9-67.7-36.2-93.9-26.2-26.2-58-34.4-93.9-36.2-37-2.1-147.9-2.1-184.9 0-35.8 1.7-67.6 9.9-93.9 36.1s-34.4 58-36.2 93.9c-2.1 37-2.1 147.9 0 184.9 1.7 35.9 9.9 67.7 36.2 93.9s58 34.4 93.9 36.2c37 2.1 147.9 2.1 184.9 0 35.9-1.7 67.7-9.9 93.9-36.2 26.2-26.2 34.4-58 36.2-93.9 2.1-37 2.1-147.8 0-184.8zM398.8 388c-7.8 19.6-22.9 34.7-42.6 42.6-29.5 11.7-99.5 9-132.1 9s-102.7 2.6-132.1-9c-19.6-7.8-34.7-22.9-42.6-42.6-11.7-29.5-9-99.5-9-132.1s-2.6-102.7 9-132.1c7.8-19.6 22.9-34.7 42.6-42.6 29.5-11.7 99.5-9 132.1-9s102.7-2.6 132.1 9c19.6 7.8 34.7 22.9 42.6 42.6 11.7 29.5 9 99.5 9 132.1s2.7 102.7-9 132.1z\" \/><\/svg>\t\t\t\t\t\t<\/span>\n\t\t\t\t\t\t\t\t\t\t<span class=\"elementor-icon-list-text\">Natu\u00adral Bulbs Deutsch\u00adland<\/span>\n\t\t\t\t\t\t\t\t\t\t\t<\/a>\n\t\t\t\t\t\t\t\t\t<\/li>\n\t\t\t\t\t\t<\/ul>\n\t\t\t\t\t\t<\/div>\n\t\t\t\t<div class=\"elementor-element elementor-element-41d185cc elementor-widget elementor-widget-heading\" data-id=\"41d185cc\" data-element_type=\"widget\" data-e-type=\"widget\" data-widget_type=\"heading.default\">\n\t\t\t\t\t<h2 class=\"elementor-heading-title elementor-size-default\">Web\u00adsites<\/h2>\t\t\t\t<\/div>\n\t\t\t\t<div class=\"elementor-element elementor-element-7ea72a85 elementor-icon-list--layout-traditional elementor-list-item-link-full_width elementor-widget elementor-widget-icon-list\" data-id=\"7ea72a85\" data-element_type=\"widget\" data-e-type=\"widget\" data-widget_type=\"icon-list.default\">\n\t\t\t\t\t\t\t<ul class=\"elementor-icon-list-items\">\n\t\t\t\t\t\t\t<li class=\"elementor-icon-list-item\">\n\t\t\t\t\t\t\t\t\t\t\t<a href=\"https:\/\/www.naturalbulbs.de\/\" target=\"_blank\">\n\n\t\t\t\t\t\t\t\t\t\t\t\t<span class=\"elementor-icon-list-icon\">\n\t\t\t\t\t\t\t<svg aria-hidden=\"true\" class=\"e-font-icon-svg e-fas-external-link-alt\" viewBox=\"0 0 512 512\"><path d=\"M432,320H400a16,16,0,0,0-16,16V448H64V128H208a16,16,0,0,0,16-16V80a16,16,0,0,0-16-16H48A48,48,0,0,0,0,112V464a48,48,0,0,0,48,48H400a48,48,0,0,0,48-48V336A16,16,0,0,0,432,320ZM488,0h-128c-21.37,0-32.05,25.91-17,41l35.73,35.73L135,320.37a24,24,0,0,0,0,34L157.67,377a24,24,0,0,0,34,0L435.28,133.32,471,169c15,15,41,4.5,41-17V24A24,24,0,0,0,488,0Z\" \/><\/svg>\t\t\t\t\t\t<\/span>\n\t\t\t\t\t\t\t\t\t\t<span class=\"elementor-icon-list-text\">Natu\u00adral Bulbs<\/span>\n\t\t\t\t\t\t\t\t\t\t\t<\/a>\n\t\t\t\t\t\t\t\t\t<\/li>\n\t\t\t\t\t\t\t\t<li class=\"elementor-icon-list-item\">\n\t\t\t\t\t\t\t\t\t\t\t<a href=\"https:\/\/www.naturalbulbs.de\/36-bienenfreundlich\" target=\"_blank\">\n\n\t\t\t\t\t\t\t\t\t\t\t\t<span class=\"elementor-icon-list-icon\">\n\t\t\t\t\t\t\t<svg aria-hidden=\"true\" class=\"e-font-icon-svg e-fas-external-link-alt\" viewBox=\"0 0 512 512\"><path d=\"M432,320H400a16,16,0,0,0-16,16V448H64V128H208a16,16,0,0,0,16-16V80a16,16,0,0,0-16-16H48A48,48,0,0,0,0,112V464a48,48,0,0,0,48,48H400a48,48,0,0,0,48-48V336A16,16,0,0,0,432,320ZM488,0h-128c-21.37,0-32.05,25.91-17,41l35.73,35.73L135,320.37a24,24,0,0,0,0,34L157.67,377a24,24,0,0,0,34,0L435.28,133.32,471,169c15,15,41,4.5,41-17V24A24,24,0,0,0,488,0Z\" \/><\/svg>\t\t\t\t\t\t<\/span>\n\t\t\t\t\t\t\t\t\t\t<span class=\"elementor-icon-list-text\">Natu\u00adral Bulbs \u2014 bie\u00adnen\u00adfreund\u00adli\u00adche Zwie\u00adbeln Bio-Qua\u00adli\u00adt\u00e4t<\/span>\n\t\t\t\t\t\t\t\t\t\t\t<\/a>\n\t\t\t\t\t\t\t\t\t<\/li>\n\t\t\t\t\t\t\t\t<li class=\"elementor-icon-list-item\">\n\t\t\t\t\t\t\t\t\t\t\t<a href=\"https:\/\/www.naturalbulbs.de\/shop\/kategorie\/obststraucher-164\" target=\"_blank\">\n\n\t\t\t\t\t\t\t\t\t\t\t\t<span class=\"elementor-icon-list-icon\">\n\t\t\t\t\t\t\t<svg aria-hidden=\"true\" class=\"e-font-icon-svg e-fas-external-link-alt\" viewBox=\"0 0 512 512\"><path d=\"M432,320H400a16,16,0,0,0-16,16V448H64V128H208a16,16,0,0,0,16-16V80a16,16,0,0,0-16-16H48A48,48,0,0,0,0,112V464a48,48,0,0,0,48,48H400a48,48,0,0,0,48-48V336A16,16,0,0,0,432,320ZM488,0h-128c-21.37,0-32.05,25.91-17,41l35.73,35.73L135,320.37a24,24,0,0,0,0,34L157.67,377a24,24,0,0,0,34,0L435.28,133.32,471,169c15,15,41,4.5,41-17V24A24,24,0,0,0,488,0Z\" \/><\/svg>\t\t\t\t\t\t<\/span>\n\t\t\t\t\t\t\t\t\t\t<span class=\"elementor-icon-list-text\">Natu\u00adral Bulbs \u2014 Obst\u00adstr\u00e4u\u00adcher Bio-Qua\u00adli\u00adt\u00e4t<\/span>\n\t\t\t\t\t\t\t\t\t\t\t<\/a>\n\t\t\t\t\t\t\t\t\t<\/li>\n\t\t\t\t\t\t\t\t<li class=\"elementor-icon-list-item\">\n\t\t\t\t\t\t\t\t\t\t\t<a href=\"https:\/\/www.naturalbulbs.de\/shop\/kategorie\/sommer-sortiment-dahlien-halskrausen-dahlien-141\" target=\"_blank\">\n\n\t\t\t\t\t\t\t\t\t\t\t\t<span class=\"elementor-icon-list-icon\">\n\t\t\t\t\t\t\t<svg aria-hidden=\"true\" class=\"e-font-icon-svg e-fas-external-link-alt\" viewBox=\"0 0 512 512\"><path d=\"M432,320H400a16,16,0,0,0-16,16V448H64V128H208a16,16,0,0,0,16-16V80a16,16,0,0,0-16-16H48A48,48,0,0,0,0,112V464a48,48,0,0,0,48,48H400a48,48,0,0,0,48-48V336A16,16,0,0,0,432,320ZM488,0h-128c-21.37,0-32.05,25.91-17,41l35.73,35.73L135,320.37a24,24,0,0,0,0,34L157.67,377a24,24,0,0,0,34,0L435.28,133.32,471,169c15,15,41,4.5,41-17V24A24,24,0,0,0,488,0Z\" \/><\/svg>\t\t\t\t\t\t<\/span>\n\t\t\t\t\t\t\t\t\t\t<span class=\"elementor-icon-list-text\">Natu\u00adral Bulbs \u2014 herz\u00adge\u00ad\u00f6ff\u00adne\u00adte bie\u00adnen\u00adfreund\u00adli\u00adche Dah\u00adli\u00aden Bio-Qua\u00adli\u00adt\u00e4t<\/span>\n\t\t\t\t\t\t\t\t\t\t\t<\/a>\n\t\t\t\t\t\t\t\t\t<\/li>\n\t\t\t\t\t\t\t\t<li class=\"elementor-icon-list-item\">\n\t\t\t\t\t\t\t\t\t\t\t<a href=\"https:\/\/www.karinfrenayart.com\/\" target=\"_blank\">\n\n\t\t\t\t\t\t\t\t\t\t\t\t<span class=\"elementor-icon-list-icon\">\n\t\t\t\t\t\t\t<svg aria-hidden=\"true\" class=\"e-font-icon-svg e-fas-external-link-alt\" viewBox=\"0 0 512 512\"><path d=\"M432,320H400a16,16,0,0,0-16,16V448H64V128H208a16,16,0,0,0,16-16V80a16,16,0,0,0-16-16H48A48,48,0,0,0,0,112V464a48,48,0,0,0,48,48H400a48,48,0,0,0,48-48V336A16,16,0,0,0,432,320ZM488,0h-128c-21.37,0-32.05,25.91-17,41l35.73,35.73L135,320.37a24,24,0,0,0,0,34L157.67,377a24,24,0,0,0,34,0L435.28,133.32,471,169c15,15,41,4.5,41-17V24A24,24,0,0,0,488,0Z\" \/><\/svg>\t\t\t\t\t\t<\/span>\n\t\t\t\t\t\t\t\t\t\t<span class=\"elementor-icon-list-text\">Karin Fren\u00aday Art<\/span>\n\t\t\t\t\t\t\t\t\t\t\t<\/a>\n\t\t\t\t\t\t\t\t\t<\/li>\n\t\t\t\t\t\t<\/ul>\n\t\t\t\t\t\t<\/div>\n\t\t\t\t<\/div>\n\t\t<div class=\"elementor-element elementor-element-1a60784 e-flex e-con-boxed e-con e-parent\" data-id=\"1a60784\" data-element_type=\"container\" data-e-type=\"container\">\n\t\t\t\t\t<div class=\"e-con-inner\">\n\t\t\t\t\t<\/div>\n\t\t\t\t<\/div>\n\t\t\t\t<\/div>\n\t\t\t\t<\/div>\n\t\t\t\t\t\t<\/div>\n\t\t\t\t<\/div>\n\t\t\t\t\t<\/div>\n\t\t\t\t<\/div>\n\t\t\t\t<\/div>","protected":false},"excerpt":{"rendered":"<p>Karin Fren\u00aday spricht beim Online Bio-Bal\u00adkon-Kon\u00adgress zu bio\u00adlo\u00adgisch pro\u00addu\u00adzier\u00adten Blu\u00admen\u00adzwie\u00adbeln im K\u00fcbel<\/p>","protected":false},"featured_media":95781,"template":"","meta":{"_acf_changed":false,"wp_typography_post_enhancements_disabled":false},"class_list":["post-95783","experten","type-experten","status-publish","has-post-thumbnail","hentry"],"acf":[],"_links":{"self":[{"href":"https:\/\/bio-balkon.de\/en\/wp-json\/wp\/v2\/experten\/95783","targetHints":{"allow":["GET"]}}],"collection":[{"href":"https:\/\/bio-balkon.de\/en\/wp-json\/wp\/v2\/experten"}],"about":[{"href":"https:\/\/bio-balkon.de\/en\/wp-json\/wp\/v2\/types\/experten"}],"version-history":[{"count":3,"href":"https:\/\/bio-balkon.de\/en\/wp-json\/wp\/v2\/experten\/95783\/revisions"}],"predecessor-version":[{"id":95788,"href":"https:\/\/bio-balkon.de\/en\/wp-json\/wp\/v2\/experten\/95783\/revisions\/95788"}],"wp:featuredmedia":[{"embeddable":true,"href":"https:\/\/bio-balkon.de\/en\/wp-json\/wp\/v2\/media\/95781"}],"wp:attachment":[{"href":"https:\/\/bio-balkon.de\/en\/wp-json\/wp\/v2\/media?parent=95783"}],"curies":[{"name":"wp","href":"https:\/\/api.w.org\/{rel}","templated":true}]}}