{"id":68681,"date":"2024-06-27T16:42:04","date_gmt":"2024-06-27T14:42:04","guid":{"rendered":"https:\/\/bio-balkon.de\/?post_type=experten&#038;p=68681"},"modified":"2025-08-23T07:59:12","modified_gmt":"2025-08-23T05:59:12","slug":"sarah-beck","status":"publish","type":"experten","link":"https:\/\/bio-balkon.de\/en\/experten\/sarah-beck\/","title":{"rendered":"Sarah Beck"},"content":{"rendered":"<div data-elementor-type=\"wp-post\" data-elementor-id=\"68681\" class=\"elementor elementor-68681\" data-elementor-post-type=\"experten\">\n\t\t\t\t<div class=\"elementor-element elementor-element-c88cf73 e-flex e-con-boxed e-con e-parent\" data-id=\"c88cf73\" data-element_type=\"container\" data-e-type=\"container\">\n\t\t\t\t\t<div class=\"e-con-inner\">\n\t\t\t\t<div class=\"elementor-element elementor-element-07e92c4 elementor-widget elementor-widget-template\" data-id=\"07e92c4\" data-element_type=\"widget\" data-e-type=\"widget\" data-widget_type=\"template.default\">\n\t\t\t\t<div class=\"elementor-widget-container\">\n\t\t\t\t\t\t\t<div class=\"elementor-template\">\n\t\t\t\t\t<div data-elementor-type=\"section\" data-elementor-id=\"68643\" class=\"elementor elementor-68643\" data-elementor-post-type=\"elementor_library\">\n\t\t\t<div class=\"elementor-element elementor-element-3a4af866 e-flex e-con-boxed e-con e-parent\" data-id=\"3a4af866\" data-element_type=\"container\" data-e-type=\"container\">\n\t\t\t\t\t<div class=\"e-con-inner\">\n\t\t<div class=\"elementor-element elementor-element-18f05b73 e-con-full e-flex e-con e-child\" data-id=\"18f05b73\" data-element_type=\"container\" data-e-type=\"container\">\n\t\t<div class=\"elementor-element elementor-element-7c6e77a7 e-flex e-con-boxed e-con e-child\" data-id=\"7c6e77a7\" data-element_type=\"container\" data-e-type=\"container\">\n\t\t\t\t\t<div class=\"e-con-inner\">\n\t\t<div class=\"elementor-element elementor-element-e26db9c e-con-full e-flex e-con e-child\" data-id=\"e26db9c\" data-element_type=\"container\" data-e-type=\"container\">\n\t\t\t\t<div class=\"elementor-element elementor-element-528dce27 elementor-widget elementor-widget-image\" data-id=\"528dce27\" data-element_type=\"widget\" data-e-type=\"widget\" data-widget_type=\"image.default\">\n\t\t\t\t\t\t\t\t\t\t\t\t\t\t\t<img loading=\"lazy\" decoding=\"async\" width=\"150\" height=\"150\" src=\"https:\/\/bio-balkon.de\/wp-content\/uploads\/2024\/04\/Sarah-Lein-gross--150x150.avif\" class=\"attachment-thumbnail size-thumbnail wp-image-68634\" alt=\"Hortus gardener Sarah Beck speaks at the Online Organic Balcony Congress\" srcset=\"https:\/\/bio-balkon.de\/wp-content\/uploads\/2024\/04\/Sarah-Lein-gross--150x150.avif 150w, https:\/\/bio-balkon.de\/wp-content\/uploads\/2024\/04\/Sarah-Lein-gross--300x300.avif 300w, https:\/\/bio-balkon.de\/wp-content\/uploads\/2024\/04\/Sarah-Lein-gross--768x768.avif 768w, https:\/\/bio-balkon.de\/wp-content\/uploads\/2024\/04\/Sarah-Lein-gross--12x12.avif 12w, https:\/\/bio-balkon.de\/wp-content\/uploads\/2024\/04\/Sarah-Lein-gross-.avif 1000w\" sizes=\"auto, (max-width: 150px) 100vw, 150px\">\t\t\t\t\t\t\t\t\t\t\t\t\t\t\t<\/div>\n\t\t\t\t<\/div>\n\t\t<div class=\"elementor-element elementor-element-3e68c53d e-con-full e-flex e-con e-child\" data-id=\"3e68c53d\" data-element_type=\"container\" data-e-type=\"container\">\n\t\t\t\t<div class=\"elementor-element elementor-element-107d829f elementor-widget elementor-widget-heading\" data-id=\"107d829f\" data-element_type=\"widget\" data-e-type=\"widget\" data-widget_type=\"heading.default\">\n\t\t\t\t\t<h2 class=\"elementor-heading-title elementor-size-default\">Sarah Beck<\/h2>\t\t\t\t<\/div>\n\t\t\t\t<div class=\"elementor-element elementor-element-df79a1e elementor-widget elementor-widget-heading\" data-id=\"df79a1e\" data-element_type=\"widget\" data-e-type=\"widget\" data-widget_type=\"heading.default\">\n\t\t\t\t\t<p class=\"elementor-heading-title elementor-size-default\">Shrubs on bal\u00adco\u00adnies and ter\u00adraces \u2014 expe\u00adri\u00aden\u00adces from Hor\u00adtus Mira\u00adcu\u00adli\u00adna<\/p>\t\t\t\t<\/div>\n\t\t\t\t<\/div>\n\t\t\t\t\t<\/div>\n\t\t\t\t<\/div>\n\t\t\t\t<div class=\"elementor-element elementor-element-8ea1453 elementor-widget elementor-widget-text-editor\" data-id=\"8ea1453\" data-element_type=\"widget\" data-e-type=\"widget\" data-widget_type=\"text-editor.default\">\n\t\t\t\t\t\t\t\t\t<p>Sarah g\u00e4rt\u00adnert zusam\u00admen mit ihrem Mann seit 2010 in der Innen\u00adstadt von Vier\u00adsen auf einer Dach\u00adter\u00adras\u00adse mit 54 m\u00b2 mit dem sch\u00f6\u00adnen Namen \u201eHor\u00adtus Mira\u00adcu\u00adli\u00adna\u201c. Der Name \u201eMira\u00adcu\u00adli\u00adna\u201c ist eine Abwand\u00adlung der Figur \u201eMira\u00adcu\u00adlix\u201c in den Aste\u00adrix-Comics und dem latei\u00adni\u00adschen Wort Mira\u00adkel (Wun\u00adder). Die Haupt\u00admo\u00adti\u00adva\u00adti\u00adon f\u00fcr den Bal\u00adkon\u00adgar\u00adten sind gute Lebens\u00admit\u00adtel in einer guten Bio\u00adqua\u00adli\u00adt\u00e4t. Sarah ist Prak\u00adti\u00adke\u00adrin, die sich vie\u00adle Erfah\u00adrun\u00adgen durch Pro\u00adbie\u00adren erar\u00adbei\u00adtet hat. Ihr Leit\u00admo\u00adtiv: Das Pro\u00adblem ist nicht rele\u00advant, nur die L\u00f6sung.<\/p><p><strong>Con\u00adtent of the pre\u00adsen\u00adta\u00adti\u00adon:<\/strong><\/p><p>Ein G\u00e4rt\u00adner hat sie mal als unkon\u00adven\u00adtio\u00adnel\u00adle Gar\u00adten\u00adre\u00advo\u00adluz\u00adze\u00adrin bezeich\u00adnet, da sie viel mehr aus ihrer Dach\u00adter\u00adras\u00adse her\u00adaus\u00adholt, als ande\u00adre sich vor\u00adstel\u00adlen k\u00f6n\u00adnen. Sarah erkl\u00e4rt, wie sie ihre Pflanz\u00adge\u00adf\u00e4\u00ad\u00dfe f\u00fcr Geh\u00f6l\u00adze auf\u00adbaut, D\u00fcn\u00adgung, Unter\u00adpflan\u00adzung, Bezugs\u00adquel\u00adlen, womit sie gute Erfah\u00adrun\u00adgen genannt hat. Sie zeigt ihre zehn liebs\u00adten Geh\u00f6l\u00adze, die sich bei ihr im K\u00fcbel bew\u00e4h\u00adren.<\/p>\t\t\t\t\t\t\t\t<\/div>\n\t\t\t\t<div class=\"elementor-element elementor-element-9717da5 elementor-widget-divider--view-line elementor-widget elementor-widget-divider\" data-id=\"9717da5\" data-element_type=\"widget\" data-e-type=\"widget\" data-widget_type=\"divider.default\">\n\t\t\t\t\t\t\t<div class=\"elementor-divider\">\n\t\t\t<span class=\"elementor-divider-separator\">\n\t\t\t\t\t\t<\/span>\n\t\t<\/div>\n\t\t\t\t\t\t<\/div>\n\t\t\t\t<div class=\"elementor-element elementor-element-cdb60bf elementor-widget elementor-widget-heading\" data-id=\"cdb60bf\" data-element_type=\"widget\" data-e-type=\"widget\" data-widget_type=\"heading.default\">\n\t\t\t\t\t<h3 class=\"elementor-heading-title elementor-size-default\">Social Media<\/h3>\t\t\t\t<\/div>\n\t\t\t\t<div class=\"elementor-element elementor-element-812d468 elementor-icon-list--layout-traditional elementor-list-item-link-full_width elementor-widget elementor-widget-icon-list\" data-id=\"812d468\" data-element_type=\"widget\" data-e-type=\"widget\" data-widget_type=\"icon-list.default\">\n\t\t\t\t\t\t\t<ul class=\"elementor-icon-list-items\">\n\t\t\t\t\t\t\t<li class=\"elementor-icon-list-item\">\n\t\t\t\t\t\t\t\t\t\t\t<a href=\"https:\/\/www.facebook.com\/hortusmiraculina\" target=\"_blank\">\n\n\t\t\t\t\t\t\t\t\t\t\t\t<span class=\"elementor-icon-list-icon\">\n\t\t\t\t\t\t\t<svg aria-hidden=\"true\" class=\"e-font-icon-svg e-fab-facebook\" viewBox=\"0 0 512 512\"><path d=\"M504 256C504 119 393 8 256 8S8 119 8 256c0 123.78 90.69 226.38 209.25 245V327.69h-63V256h63v-54.64c0-62.15 37-96.48 93.67-96.48 27.14 0 55.52 4.84 55.52 4.84v61h-31.28c-30.8 0-40.41 19.12-40.41 38.73V256h68.78l-11 71.69h-57.78V501C413.31 482.38 504 379.78 504 256z\" \/><\/svg>\t\t\t\t\t\t<\/span>\n\t\t\t\t\t\t\t\t\t\t<span class=\"elementor-icon-list-text\">Hor\u00adtus Mira\u00adcu\u00adli\u00adna<\/span>\n\t\t\t\t\t\t\t\t\t\t\t<\/a>\n\t\t\t\t\t\t\t\t\t<\/li>\n\t\t\t\t\t\t<\/ul>\n\t\t\t\t\t\t<\/div>\n\t\t\t\t<div class=\"elementor-element elementor-element-8cade63 elementor-icon-list--layout-traditional elementor-list-item-link-full_width elementor-widget elementor-widget-icon-list\" data-id=\"8cade63\" data-element_type=\"widget\" data-e-type=\"widget\" data-widget_type=\"icon-list.default\">\n\t\t\t\t\t\t\t<ul class=\"elementor-icon-list-items\">\n\t\t\t\t\t\t\t<li class=\"elementor-icon-list-item\">\n\t\t\t\t\t\t\t\t\t\t\t<a href=\"https:\/\/www.instagram.com\/hortusmiraculina\" target=\"_blank\">\n\n\t\t\t\t\t\t\t\t\t\t\t\t<span class=\"elementor-icon-list-icon\">\n\t\t\t\t\t\t\t<svg aria-hidden=\"true\" class=\"e-font-icon-svg e-fab-instagram\" viewBox=\"0 0 448 512\"><path d=\"M224.1 141c-63.6 0-114.9 51.3-114.9 114.9s51.3 114.9 114.9 114.9S339 319.5 339 255.9 287.7 141 224.1 141zm0 189.6c-41.1 0-74.7-33.5-74.7-74.7s33.5-74.7 74.7-74.7 74.7 33.5 74.7 74.7-33.6 74.7-74.7 74.7zm146.4-194.3c0 14.9-12 26.8-26.8 26.8-14.9 0-26.8-12-26.8-26.8s12-26.8 26.8-26.8 26.8 12 26.8 26.8zm76.1 27.2c-1.7-35.9-9.9-67.7-36.2-93.9-26.2-26.2-58-34.4-93.9-36.2-37-2.1-147.9-2.1-184.9 0-35.8 1.7-67.6 9.9-93.9 36.1s-34.4 58-36.2 93.9c-2.1 37-2.1 147.9 0 184.9 1.7 35.9 9.9 67.7 36.2 93.9s58 34.4 93.9 36.2c37 2.1 147.9 2.1 184.9 0 35.9-1.7 67.7-9.9 93.9-36.2 26.2-26.2 34.4-58 36.2-93.9 2.1-37 2.1-147.8 0-184.8zM398.8 388c-7.8 19.6-22.9 34.7-42.6 42.6-29.5 11.7-99.5 9-132.1 9s-102.7 2.6-132.1-9c-19.6-7.8-34.7-22.9-42.6-42.6-11.7-29.5-9-99.5-9-132.1s-2.6-102.7 9-132.1c7.8-19.6 22.9-34.7 42.6-42.6 29.5-11.7 99.5-9 132.1-9s102.7-2.6 132.1 9c19.6 7.8 34.7 22.9 42.6 42.6 11.7 29.5 9 99.5 9 132.1s2.7 102.7-9 132.1z\" \/><\/svg>\t\t\t\t\t\t<\/span>\n\t\t\t\t\t\t\t\t\t\t<span class=\"elementor-icon-list-text\">hor\u00adtus\u00admi\u00adra\u00adcu\u00adli\u00adna<\/span>\n\t\t\t\t\t\t\t\t\t\t\t<\/a>\n\t\t\t\t\t\t\t\t\t<\/li>\n\t\t\t\t\t\t<\/ul>\n\t\t\t\t\t\t<\/div>\n\t\t\t\t<div class=\"elementor-element elementor-element-81f4a89 elementor-widget-divider--view-line elementor-widget elementor-widget-divider\" data-id=\"81f4a89\" data-element_type=\"widget\" data-e-type=\"widget\" data-widget_type=\"divider.default\">\n\t\t\t\t\t\t\t<div class=\"elementor-divider\">\n\t\t\t<span class=\"elementor-divider-separator\">\n\t\t\t\t\t\t<\/span>\n\t\t<\/div>\n\t\t\t\t\t\t<\/div>\n\t\t\t\t<div class=\"elementor-element elementor-element-71f1235 elementor-widget elementor-widget-heading\" data-id=\"71f1235\" data-element_type=\"widget\" data-e-type=\"widget\" data-widget_type=\"heading.default\">\n\t\t\t\t\t<h3 class=\"elementor-heading-title elementor-size-default\">Dan\u00adke Sarah f\u00fcr die Pr\u00e4\u00adsen\u00adta\u00adti\u00adon mit Dei\u00adnen 10 Lieb\u00adlings-Geh\u00f6l\u00adzen und deren Unter\u00adpflan\u00adzung<\/h3>\t\t\t\t<\/div>\n\t\t\t\t<div class=\"elementor-element elementor-element-1493a08 elementor-widget elementor-widget-button\" data-id=\"1493a08\" data-element_type=\"widget\" data-e-type=\"widget\" data-widget_type=\"button.default\">\n\t\t\t\t\t\t\t\t\t\t<a class=\"elementor-button elementor-button-link elementor-size-sm\" href=\"https:\/\/bio-balkon.de\/wp-content\/uploads\/2024\/08\/Gehoelze-auf-Balkon-und-Terrasse-@Sarah-Beck.pdf\" target=\"_blank\">\n\t\t\t\t\t\t<span class=\"elementor-button-content-wrapper\">\n\t\t\t\t\t\t\t\t\t<span class=\"elementor-button-text\">Click here to down\u00adload<\/span>\n\t\t\t\t\t<\/span>\n\t\t\t\t\t<\/a>\n\t\t\t\t\t\t\t\t<\/div>\n\t\t\t\t<div class=\"elementor-element elementor-element-cbc817e elementor-widget-divider--view-line elementor-widget elementor-widget-divider\" data-id=\"cbc817e\" data-element_type=\"widget\" data-e-type=\"widget\" data-widget_type=\"divider.default\">\n\t\t\t\t\t\t\t<div class=\"elementor-divider\">\n\t\t\t<span class=\"elementor-divider-separator\">\n\t\t\t\t\t\t<\/span>\n\t\t<\/div>\n\t\t\t\t\t\t<\/div>\n\t\t\t\t<div class=\"elementor-element elementor-element-5d23b12 elementor-widget elementor-widget-heading\" data-id=\"5d23b12\" data-element_type=\"widget\" data-e-type=\"widget\" data-widget_type=\"heading.default\">\n\t\t\t\t\t<h3 class=\"elementor-heading-title elementor-size-default\">Hier Sarahs Pflan\u00adzen\u00adlis\u00adte dazu: Geh\u00f6l\u00adze und Unter\u00adpflan\u00adzung mit \u00f6ko\u00adlo\u00adgi\u00adschem Wert<\/h3>\t\t\t\t<\/div>\n\t\t\t\t<div class=\"elementor-element elementor-element-a1b5129 elementor-icon-list--layout-traditional elementor-list-item-link-full_width elementor-widget elementor-widget-icon-list\" data-id=\"a1b5129\" data-element_type=\"widget\" data-e-type=\"widget\" data-widget_type=\"icon-list.default\">\n\t\t\t\t\t\t\t<ul class=\"elementor-icon-list-items\">\n\t\t\t\t\t\t\t<li class=\"elementor-icon-list-item\">\n\t\t\t\t\t\t\t\t\t\t\t<a href=\"https:\/\/www.naturadb.de\/listen\/2l76g3i3\/\" target=\"_blank\">\n\n\t\t\t\t\t\t\t\t\t\t\t\t<span class=\"elementor-icon-list-icon\">\n\t\t\t\t\t\t\t<svg aria-hidden=\"true\" class=\"e-font-icon-svg e-fas-external-link-alt\" viewBox=\"0 0 512 512\"><path d=\"M432,320H400a16,16,0,0,0-16,16V448H64V128H208a16,16,0,0,0,16-16V80a16,16,0,0,0-16-16H48A48,48,0,0,0,0,112V464a48,48,0,0,0,48,48H400a48,48,0,0,0,48-48V336A16,16,0,0,0,432,320ZM488,0h-128c-21.37,0-32.05,25.91-17,41l35.73,35.73L135,320.37a24,24,0,0,0,0,34L157.67,377a24,24,0,0,0,34,0L435.28,133.32,471,169c15,15,41,4.5,41-17V24A24,24,0,0,0,488,0Z\" \/><\/svg>\t\t\t\t\t\t<\/span>\n\t\t\t\t\t\t\t\t\t\t<span class=\"elementor-icon-list-text\">Natu\u00adraDB \u2014 Geh\u00f6l\u00adze und Unter\u00adpflan\u00adzung<\/span>\n\t\t\t\t\t\t\t\t\t\t\t<\/a>\n\t\t\t\t\t\t\t\t\t<\/li>\n\t\t\t\t\t\t<\/ul>\n\t\t\t\t\t\t<\/div>\n\t\t\t\t<div class=\"elementor-element elementor-element-0b02b09 elementor-widget elementor-widget-image\" data-id=\"0b02b09\" data-element_type=\"widget\" data-e-type=\"widget\" data-widget_type=\"image.default\">\n\t\t\t\t\t\t\t\t\t\t\t\t\t\t\t\t<a href=\"http:\/\/www.naturadb.de\/listen\/2l76g3i3\/\" target=\"_blank\">\n\t\t\t\t\t\t\t<img loading=\"lazy\" decoding=\"async\" width=\"800\" height=\"425\" src=\"https:\/\/bio-balkon.de\/wp-content\/uploads\/2024\/06\/Sarah-Beck-Pflanzenliste-Gehoelze-und-Unterpflanzung-1024x544.avif\" class=\"attachment-large size-large wp-image-69573\" alt srcset=\"https:\/\/bio-balkon.de\/wp-content\/uploads\/2024\/06\/Sarah-Beck-Pflanzenliste-Gehoelze-und-Unterpflanzung-1024x544.avif 1024w, https:\/\/bio-balkon.de\/wp-content\/uploads\/2024\/06\/Sarah-Beck-Pflanzenliste-Gehoelze-und-Unterpflanzung-300x159.avif 300w, https:\/\/bio-balkon.de\/wp-content\/uploads\/2024\/06\/Sarah-Beck-Pflanzenliste-Gehoelze-und-Unterpflanzung-768x408.avif 768w, https:\/\/bio-balkon.de\/wp-content\/uploads\/2024\/06\/Sarah-Beck-Pflanzenliste-Gehoelze-und-Unterpflanzung-1536x816.avif 1536w, https:\/\/bio-balkon.de\/wp-content\/uploads\/2024\/06\/Sarah-Beck-Pflanzenliste-Gehoelze-und-Unterpflanzung.avif 2048w, https:\/\/bio-balkon.de\/wp-content\/uploads\/2024\/06\/Sarah-Beck-Pflanzenliste-Gehoelze-und-Unterpflanzung-18x10.avif 18w, https:\/\/bio-balkon.de\/wp-content\/uploads\/2024\/06\/Sarah-Beck-Pflanzenliste-Gehoelze-und-Unterpflanzung-1320x701.avif 1320w\" sizes=\"auto, (max-width: 800px) 100vw, 800px\">\t\t\t\t\t\t\t\t<\/a>\n\t\t\t\t\t\t\t\t\t\t\t\t\t\t\t<\/div>\n\t\t\t\t<div class=\"elementor-element elementor-element-2d386cf elementor-widget-divider--view-line elementor-widget elementor-widget-divider\" data-id=\"2d386cf\" data-element_type=\"widget\" data-e-type=\"widget\" data-widget_type=\"divider.default\">\n\t\t\t\t\t\t\t<div class=\"elementor-divider\">\n\t\t\t<span class=\"elementor-divider-separator\">\n\t\t\t\t\t\t<\/span>\n\t\t<\/div>\n\t\t\t\t\t\t<\/div>\n\t\t\t\t<div class=\"elementor-element elementor-element-fc66a4e elementor-widget elementor-widget-heading\" data-id=\"fc66a4e\" data-element_type=\"widget\" data-e-type=\"widget\" data-widget_type=\"heading.default\">\n\t\t\t\t\t<h3 class=\"elementor-heading-title elementor-size-default\">Sarahs Pflan\u00adzen\u00adlis\u00adte: 91 pfle\u00adge\u00adleich\u00adte Pflan\u00adzen f\u00fcr son\u00adni\u00adge Stand\u00ador\u00adte<\/h3>\t\t\t\t<\/div>\n\t\t\t\t<div class=\"elementor-element elementor-element-8568861 elementor-icon-list--layout-traditional elementor-list-item-link-full_width elementor-widget elementor-widget-icon-list\" data-id=\"8568861\" data-element_type=\"widget\" data-e-type=\"widget\" data-widget_type=\"icon-list.default\">\n\t\t\t\t\t\t\t<ul class=\"elementor-icon-list-items\">\n\t\t\t\t\t\t\t<li class=\"elementor-icon-list-item\">\n\t\t\t\t\t\t\t\t\t\t\t<a href=\"https:\/\/www.naturadb.de\/listen\/30cyhp28\/\" target=\"_blank\">\n\n\t\t\t\t\t\t\t\t\t\t\t\t<span class=\"elementor-icon-list-icon\">\n\t\t\t\t\t\t\t<svg aria-hidden=\"true\" class=\"e-font-icon-svg e-fas-external-link-alt\" viewBox=\"0 0 512 512\"><path d=\"M432,320H400a16,16,0,0,0-16,16V448H64V128H208a16,16,0,0,0,16-16V80a16,16,0,0,0-16-16H48A48,48,0,0,0,0,112V464a48,48,0,0,0,48,48H400a48,48,0,0,0,48-48V336A16,16,0,0,0,432,320ZM488,0h-128c-21.37,0-32.05,25.91-17,41l35.73,35.73L135,320.37a24,24,0,0,0,0,34L157.67,377a24,24,0,0,0,34,0L435.28,133.32,471,169c15,15,41,4.5,41-17V24A24,24,0,0,0,488,0Z\" \/><\/svg>\t\t\t\t\t\t<\/span>\n\t\t\t\t\t\t\t\t\t\t<span class=\"elementor-icon-list-text\">Natu\u00adraDB \u2014 Lis\u00adte<\/span>\n\t\t\t\t\t\t\t\t\t\t\t<\/a>\n\t\t\t\t\t\t\t\t\t<\/li>\n\t\t\t\t\t\t<\/ul>\n\t\t\t\t\t\t<\/div>\n\t\t\t\t<div class=\"elementor-element elementor-element-85e34b8 elementor-widget elementor-widget-image\" data-id=\"85e34b8\" data-element_type=\"widget\" data-e-type=\"widget\" data-widget_type=\"image.default\">\n\t\t\t\t\t\t\t\t\t\t\t\t\t\t\t\t<a href=\"https:\/\/www.naturadb.de\/listen\/30cyhp28\/\" target=\"_blank\">\n\t\t\t\t\t\t\t<img loading=\"lazy\" decoding=\"async\" width=\"800\" height=\"421\" src=\"https:\/\/bio-balkon.de\/wp-content\/uploads\/2024\/06\/Sarah-Beck-NaturaDB-91-sonnige-Pflanzen-1024x539.avif\" class=\"attachment-large size-large wp-image-70330\" alt=\"\u00d6kologischer Wert der Pflanzen f\u00fcr Tiere - Sarah Beck\" srcset=\"https:\/\/bio-balkon.de\/wp-content\/uploads\/2024\/06\/Sarah-Beck-NaturaDB-91-sonnige-Pflanzen-1024x539.avif 1024w, https:\/\/bio-balkon.de\/wp-content\/uploads\/2024\/06\/Sarah-Beck-NaturaDB-91-sonnige-Pflanzen-300x158.avif 300w, https:\/\/bio-balkon.de\/wp-content\/uploads\/2024\/06\/Sarah-Beck-NaturaDB-91-sonnige-Pflanzen-768x404.avif 768w, https:\/\/bio-balkon.de\/wp-content\/uploads\/2024\/06\/Sarah-Beck-NaturaDB-91-sonnige-Pflanzen-1536x809.avif 1536w, https:\/\/bio-balkon.de\/wp-content\/uploads\/2024\/06\/Sarah-Beck-NaturaDB-91-sonnige-Pflanzen.avif 2048w, https:\/\/bio-balkon.de\/wp-content\/uploads\/2024\/06\/Sarah-Beck-NaturaDB-91-sonnige-Pflanzen-18x9.avif 18w, https:\/\/bio-balkon.de\/wp-content\/uploads\/2024\/06\/Sarah-Beck-NaturaDB-91-sonnige-Pflanzen-1320x695.avif 1320w\" sizes=\"auto, (max-width: 800px) 100vw, 800px\">\t\t\t\t\t\t\t\t<\/a>\n\t\t\t\t\t\t\t\t\t\t\t\t\t\t\t<\/div>\n\t\t\t\t<div class=\"elementor-element elementor-element-e81220e elementor-widget-divider--view-line elementor-widget elementor-widget-divider\" data-id=\"e81220e\" data-element_type=\"widget\" data-e-type=\"widget\" data-widget_type=\"divider.default\">\n\t\t\t\t\t\t\t<div class=\"elementor-divider\">\n\t\t\t<span class=\"elementor-divider-separator\">\n\t\t\t\t\t\t<\/span>\n\t\t<\/div>\n\t\t\t\t\t\t<\/div>\n\t\t\t\t<div class=\"elementor-element elementor-element-91e93b2 elementor-widget elementor-widget-heading\" data-id=\"91e93b2\" data-element_type=\"widget\" data-e-type=\"widget\" data-widget_type=\"heading.default\">\n\t\t\t\t\t<h3 class=\"elementor-heading-title elementor-size-default\">Sarah emp\u00adfiehlt: Dach\u00adgar\u00adten\u00adsub\u00adstrat (\u00d6ko\u00adh\u00adum Dach- und Tro\u00adger\u00adde exten\u00adsiv) oder sel\u00adber mischen und Wurm\u00adkom\u00adpos\u00adtie\u00adrung<\/h3>\t\t\t\t<\/div>\n\t\t\t\t<\/div>\n\t\t\t\t\t<\/div>\n\t\t\t\t<\/div>\n\t\t\t\t<section class=\"elementor-section elementor-top-section elementor-element elementor-element-475f69c elementor-section-boxed elementor-section-height-default elementor-section-height-default\" data-id=\"475f69c\" data-element_type=\"section\" data-e-type=\"section\">\n\t\t\t\t\t\t<div class=\"elementor-container elementor-column-gap-default\">\n\t\t\t\t\t<div class=\"elementor-column elementor-col-100 elementor-top-column elementor-element elementor-element-2c33ac4\" data-id=\"2c33ac4\" data-element_type=\"column\" data-e-type=\"column\">\n\t\t\t<div class=\"elementor-widget-wrap elementor-element-populated\">\n\t\t\t\t<div class=\"elementor-element elementor-element-95edc9e e-flex e-con-boxed e-con e-child\" data-id=\"95edc9e\" data-element_type=\"container\" data-e-type=\"container\">\n\t\t\t\t\t<div class=\"e-con-inner\">\n\t\t<div class=\"elementor-element elementor-element-4d693a7 e-con-full e-flex e-con e-child\" data-id=\"4d693a7\" data-element_type=\"container\" data-e-type=\"container\">\n\t\t\t\t<div class=\"elementor-element elementor-element-4ab21fe elementor-widget elementor-widget-image\" data-id=\"4ab21fe\" data-element_type=\"widget\" data-e-type=\"widget\" data-widget_type=\"image.default\">\n\t\t\t\t\t\t\t\t\t\t\t\t\t\t\t\t<a href=\"https:\/\/xn--kohum-iua.info\/fileadmin\/user_upload\/Downloads\/Produktblaetter_2022\/Dach-_und_Trogerde_extensiv_Produktblatt_2022-06.pdf\" target=\"_blank\" rel=\"nofollow\">\n\t\t\t\t\t\t\t<img loading=\"lazy\" decoding=\"async\" width=\"300\" height=\"300\" src=\"https:\/\/bio-balkon.de\/wp-content\/uploads\/2023\/04\/Oekohum-Erde-Dach-und-Trogerde--300x300.avif\" class=\"attachment-medium size-medium wp-image-64052\" alt srcset=\"https:\/\/bio-balkon.de\/wp-content\/uploads\/2023\/04\/Oekohum-Erde-Dach-und-Trogerde--300x300.avif 300w, https:\/\/bio-balkon.de\/wp-content\/uploads\/2023\/04\/Oekohum-Erde-Dach-und-Trogerde--150x150.avif 150w, https:\/\/bio-balkon.de\/wp-content\/uploads\/2023\/04\/Oekohum-Erde-Dach-und-Trogerde--768x768.avif 768w, https:\/\/bio-balkon.de\/wp-content\/uploads\/2023\/04\/Oekohum-Erde-Dach-und-Trogerde--12x12.avif 12w, https:\/\/bio-balkon.de\/wp-content\/uploads\/2023\/04\/Oekohum-Erde-Dach-und-Trogerde-.avif 1000w\" sizes=\"auto, (max-width: 300px) 100vw, 300px\">\t\t\t\t\t\t\t\t<\/a>\n\t\t\t\t\t\t\t\t\t\t\t\t\t\t\t<\/div>\n\t\t\t\t<\/div>\n\t\t<div class=\"elementor-element elementor-element-3b0f868 e-con-full e-flex e-con e-child\" data-id=\"3b0f868\" data-element_type=\"container\" data-e-type=\"container\">\n\t\t\t\t<div class=\"elementor-element elementor-element-d53eb93 elementor-widget elementor-widget-image\" data-id=\"d53eb93\" data-element_type=\"widget\" data-e-type=\"widget\" data-widget_type=\"image.default\">\n\t\t\t\t\t\t\t\t\t\t\t\t\t\t\t\t<a href=\"https:\/\/biplantol.de\/produkte-shop\/alle-produkte\/103\/bio-universalerde-oekohum?number=0912\" target=\"_blank\" rel=\"nofollow\">\n\t\t\t\t\t\t\t<img loading=\"lazy\" decoding=\"async\" width=\"172\" height=\"300\" src=\"https:\/\/bio-balkon.de\/wp-content\/uploads\/2024\/04\/Bio-Universalerde-Oekohum-Substrat-heimische-Wildpflanzen-Kraeuter-172x300.avif\" class=\"attachment-medium size-medium wp-image-67118\" alt srcset=\"https:\/\/bio-balkon.de\/wp-content\/uploads\/2024\/04\/Bio-Universalerde-Oekohum-Substrat-heimische-Wildpflanzen-Kraeuter-172x300.avif 172w, https:\/\/bio-balkon.de\/wp-content\/uploads\/2024\/04\/Bio-Universalerde-Oekohum-Substrat-heimische-Wildpflanzen-Kraeuter-7x12.png 7w, https:\/\/bio-balkon.de\/wp-content\/uploads\/2024\/04\/Bio-Universalerde-Oekohum-Substrat-heimische-Wildpflanzen-Kraeuter.avif 330w\" sizes=\"auto, (max-width: 172px) 100vw, 172px\">\t\t\t\t\t\t\t\t<\/a>\n\t\t\t\t\t\t\t\t\t\t\t\t\t\t\t<\/div>\n\t\t\t\t<\/div>\n\t\t<div class=\"elementor-element elementor-element-d829384 e-con-full e-flex e-con e-child\" data-id=\"d829384\" data-element_type=\"container\" data-e-type=\"container\">\n\t\t\t\t<div class=\"elementor-element elementor-element-c6ef7e6 elementor-widget elementor-widget-image\" data-id=\"c6ef7e6\" data-element_type=\"widget\" data-e-type=\"widget\" data-widget_type=\"image.default\">\n\t\t\t\t\t\t\t\t\t\t\t\t\t\t\t\t<a href=\"https:\/\/wurmkiste.at\/?wpam_id=14\" target=\"_blank\" rel=\"nofollow\">\n\t\t\t\t\t\t\t<img loading=\"lazy\" decoding=\"async\" width=\"300\" height=\"242\" src=\"https:\/\/bio-balkon.de\/wp-content\/uploads\/2021\/02\/wurmkiste-david-witzeneder-300x242.avif\" class=\"attachment-medium size-medium wp-image-21276\" alt srcset=\"https:\/\/bio-balkon.de\/wp-content\/uploads\/2021\/02\/wurmkiste-david-witzeneder-300x242.avif 300w, https:\/\/bio-balkon.de\/wp-content\/uploads\/2021\/02\/wurmkiste-david-witzeneder-15x12.avif 15w, https:\/\/bio-balkon.de\/wp-content\/uploads\/2021\/02\/wurmkiste-david-witzeneder.avif 495w\" sizes=\"auto, (max-width: 300px) 100vw, 300px\">\t\t\t\t\t\t\t\t<\/a>\n\t\t\t\t\t\t\t\t\t\t\t\t\t\t\t<\/div>\n\t\t\t\t<\/div>\n\t\t<div class=\"elementor-element elementor-element-fe27dbf e-con-full e-flex e-con e-child\" data-id=\"fe27dbf\" data-element_type=\"container\" data-e-type=\"container\">\n\t\t\t\t<\/div>\n\t\t\t\t<div class=\"elementor-element elementor-element-79750b9 elementor-widget-divider--view-line elementor-widget elementor-widget-divider\" data-id=\"79750b9\" data-element_type=\"widget\" data-e-type=\"widget\" data-widget_type=\"divider.default\">\n\t\t\t\t\t\t\t<div class=\"elementor-divider\">\n\t\t\t<span class=\"elementor-divider-separator\">\n\t\t\t\t\t\t<\/span>\n\t\t<\/div>\n\t\t\t\t\t\t<\/div>\n\t\t\t\t<div class=\"elementor-element elementor-element-04626d0 elementor-widget-divider--view-line elementor-widget elementor-widget-divider\" data-id=\"04626d0\" data-element_type=\"widget\" data-e-type=\"widget\" data-widget_type=\"divider.default\">\n\t\t\t\t\t\t\t<div class=\"elementor-divider\">\n\t\t\t<span class=\"elementor-divider-separator\">\n\t\t\t\t\t\t<\/span>\n\t\t<\/div>\n\t\t\t\t\t\t<\/div>\n\t\t\t\t\t<\/div>\n\t\t\t\t<\/div>\n\t\t\t\t<div class=\"elementor-element elementor-element-098b01e elementor-widget-divider--view-line elementor-widget elementor-widget-divider\" data-id=\"098b01e\" data-element_type=\"widget\" data-e-type=\"widget\" data-widget_type=\"divider.default\">\n\t\t\t\t\t\t\t<div class=\"elementor-divider\">\n\t\t\t<span class=\"elementor-divider-separator\">\n\t\t\t\t\t\t<\/span>\n\t\t<\/div>\n\t\t\t\t\t\t<\/div>\n\t\t\t\t<div class=\"elementor-element elementor-element-f47e445 elementor-widget elementor-widget-heading\" data-id=\"f47e445\" data-element_type=\"widget\" data-e-type=\"widget\" data-widget_type=\"heading.default\">\n\t\t\t\t\t<h3 class=\"elementor-heading-title elementor-size-default\">Sarahs Buch\u00ademp\u00adfeh\u00adlun\u00adgen<\/h3>\t\t\t\t<\/div>\n\t\t\t\t\t<\/div>\n\t\t<\/div>\n\t\t\t\t\t<\/div>\n\t\t<\/section>\n\t\t<div class=\"elementor-element elementor-element-7a3c9e4 e-flex e-con-boxed e-con e-child\" data-id=\"7a3c9e4\" data-element_type=\"container\" data-e-type=\"container\">\n\t\t\t\t\t<div class=\"e-con-inner\">\n\t\t<div class=\"elementor-element elementor-element-d50aa91 e-con-full e-flex e-con e-child\" data-id=\"d50aa91\" data-element_type=\"container\" data-e-type=\"container\">\n\t\t\t\t<div class=\"elementor-element elementor-element-cd8740c elementor-widget elementor-widget-image\" data-id=\"cd8740c\" data-element_type=\"widget\" data-e-type=\"widget\" data-widget_type=\"image.default\">\n\t\t\t\t\t\t\t\t\t\t\t\t\t\t\t\t<a href=\"https:\/\/amzn.to\/3LpoJLr\" target=\"_blank\" rel=\"nofollow\">\n\t\t\t\t\t\t\t<img loading=\"lazy\" decoding=\"async\" width=\"197\" height=\"300\" src=\"https:\/\/bio-balkon.de\/wp-content\/uploads\/2024\/06\/Das-geheime-Leben-der-Baeume-Buch-von-Peter-Wohlleben-197x300.avif\" class=\"attachment-medium size-medium wp-image-69091\" alt srcset=\"https:\/\/bio-balkon.de\/wp-content\/uploads\/2024\/06\/Das-geheime-Leben-der-Baeume-Buch-von-Peter-Wohlleben-197x300.avif 197w, https:\/\/bio-balkon.de\/wp-content\/uploads\/2024\/06\/Das-geheime-Leben-der-Baeume-Buch-von-Peter-Wohlleben-672x1024.avif 672w, https:\/\/bio-balkon.de\/wp-content\/uploads\/2024\/06\/Das-geheime-Leben-der-Baeume-Buch-von-Peter-Wohlleben-768x1171.avif 768w, https:\/\/bio-balkon.de\/wp-content\/uploads\/2024\/06\/Das-geheime-Leben-der-Baeume-Buch-von-Peter-Wohlleben-8x12.avif 8w, https:\/\/bio-balkon.de\/wp-content\/uploads\/2024\/06\/Das-geheime-Leben-der-Baeume-Buch-von-Peter-Wohlleben.avif 984w\" sizes=\"auto, (max-width: 197px) 100vw, 197px\">\t\t\t\t\t\t\t\t<\/a>\n\t\t\t\t\t\t\t\t\t\t\t\t\t\t\t<\/div>\n\t\t\t\t<\/div>\n\t\t<div class=\"elementor-element elementor-element-fbd7cdc e-con-full e-flex e-con e-child\" data-id=\"fbd7cdc\" data-element_type=\"container\" data-e-type=\"container\">\n\t\t\t\t<div class=\"elementor-element elementor-element-61e462a elementor-widget elementor-widget-image\" data-id=\"61e462a\" data-element_type=\"widget\" data-e-type=\"widget\" data-widget_type=\"image.default\">\n\t\t\t\t\t\t\t\t\t\t\t\t\t\t\t\t<a href=\"https:\/\/amzn.to\/48Qo8MC\" target=\"_blank\" rel=\"nofollow\">\n\t\t\t\t\t\t\t<img loading=\"lazy\" decoding=\"async\" width=\"229\" height=\"300\" src=\"https:\/\/bio-balkon.de\/wp-content\/uploads\/2023\/11\/Cover_300dpi_RGB-mein-biotop-auf-dem-Balkon-aufgehuebscht-1-229x300.avif\" class=\"attachment-medium size-medium wp-image-61648\" alt srcset=\"https:\/\/bio-balkon.de\/wp-content\/uploads\/2023\/11\/Cover_300dpi_RGB-mein-biotop-auf-dem-Balkon-aufgehuebscht-1-229x300.avif 229w, https:\/\/bio-balkon.de\/wp-content\/uploads\/2023\/11\/Cover_300dpi_RGB-mein-biotop-auf-dem-Balkon-aufgehuebscht-1-783x1024.avif 783w, https:\/\/bio-balkon.de\/wp-content\/uploads\/2023\/11\/Cover_300dpi_RGB-mein-biotop-auf-dem-Balkon-aufgehuebscht-1-768x1004.avif 768w, https:\/\/bio-balkon.de\/wp-content\/uploads\/2023\/11\/Cover_300dpi_RGB-mein-biotop-auf-dem-Balkon-aufgehuebscht-1.avif 903w\" sizes=\"auto, (max-width: 229px) 100vw, 229px\">\t\t\t\t\t\t\t\t<\/a>\n\t\t\t\t\t\t\t\t\t\t\t\t\t\t\t<\/div>\n\t\t\t\t<\/div>\n\t\t<div class=\"elementor-element elementor-element-e08b68f e-con-full e-flex e-con e-child\" data-id=\"e08b68f\" data-element_type=\"container\" data-e-type=\"container\">\n\t\t\t\t<div class=\"elementor-element elementor-element-c48cac8 elementor-widget elementor-widget-image\" data-id=\"c48cac8\" data-element_type=\"widget\" data-e-type=\"widget\" data-widget_type=\"image.default\">\n\t\t\t\t\t\t\t\t\t\t\t\t\t\t\t\t<a href=\"https:\/\/amzn.to\/3SaVjV2\" target=\"_blank\" rel=\"nofollow\">\n\t\t\t\t\t\t\t<img loading=\"lazy\" decoding=\"async\" width=\"220\" height=\"300\" src=\"https:\/\/bio-balkon.de\/wp-content\/uploads\/2023\/03\/Cover_buch_final_17677_SCHATTLING_Mein-genialer-Bio-Balkon_U1-220x300.avif\" class=\"attachment-medium size-medium wp-image-51735\" alt=\"My new book on sustainable balcony gardening: &quot;Mein-genialer Bio-Balkon&quot;, published by Ulmer Verlag\" srcset=\"https:\/\/bio-balkon.de\/wp-content\/uploads\/2023\/03\/Cover_buch_final_17677_SCHATTLING_Mein-genialer-Bio-Balkon_U1-220x300.avif 220w, https:\/\/bio-balkon.de\/wp-content\/uploads\/2023\/03\/Cover_buch_final_17677_SCHATTLING_Mein-genialer-Bio-Balkon_U1-9x12.avif 9w, https:\/\/bio-balkon.de\/wp-content\/uploads\/2023\/03\/Cover_buch_final_17677_SCHATTLING_Mein-genialer-Bio-Balkon_U1.avif 488w\" sizes=\"auto, (max-width: 220px) 100vw, 220px\">\t\t\t\t\t\t\t\t<\/a>\n\t\t\t\t\t\t\t\t\t\t\t\t\t\t\t<\/div>\n\t\t\t\t<\/div>\n\t\t<div class=\"elementor-element elementor-element-87dff2c e-con-full e-flex e-con e-child\" data-id=\"87dff2c\" data-element_type=\"container\" data-e-type=\"container\">\n\t\t\t\t<\/div>\n\t\t\t\t\t<\/div>\n\t\t\t\t<\/div>\n\t\t\t\t<section class=\"elementor-section elementor-top-section elementor-element elementor-element-e3073b0 elementor-section-boxed elementor-section-height-default elementor-section-height-default\" data-id=\"e3073b0\" data-element_type=\"section\" data-e-type=\"section\">\n\t\t\t\t\t\t<div class=\"elementor-container elementor-column-gap-default\">\n\t\t\t\t\t<div class=\"elementor-column elementor-col-100 elementor-top-column elementor-element elementor-element-0dbed67\" data-id=\"0dbed67\" data-element_type=\"column\" data-e-type=\"column\">\n\t\t\t<div class=\"elementor-widget-wrap\">\n\t\t\t\t\t\t\t<\/div>\n\t\t<\/div>\n\t\t\t\t\t<\/div>\n\t\t<\/section>\n\t\t\t\t<\/div>\n\t\t\t\t<\/div>\n\t\t\t\t\t\t<\/div>\n\t\t\t\t<\/div>\n\t\t\t\t\t<\/div>\n\t\t\t\t<\/div>\n\t\t\t\t<\/div>","protected":false},"excerpt":{"rendered":"<p>Bal\u00adkon-Prak\u00adti\u00adke\u00adrin Sarah Lein vom Hor\u00adtus Mira\u00adcu\u00adli\u00adna spricht beim Online Bio-Bal\u00adkon-Kon\u00adgress zu Erden und Geh\u00f6l\u00adzen im K\u00fcbel<\/p>","protected":false},"featured_media":68634,"template":"","meta":{"_acf_changed":false,"wp_typography_post_enhancements_disabled":false},"class_list":["post-68681","experten","type-experten","status-publish","has-post-thumbnail","hentry"],"acf":[],"_links":{"self":[{"href":"https:\/\/bio-balkon.de\/en\/wp-json\/wp\/v2\/experten\/68681","targetHints":{"allow":["GET"]}}],"collection":[{"href":"https:\/\/bio-balkon.de\/en\/wp-json\/wp\/v2\/experten"}],"about":[{"href":"https:\/\/bio-balkon.de\/en\/wp-json\/wp\/v2\/types\/experten"}],"version-history":[{"count":1,"href":"https:\/\/bio-balkon.de\/en\/wp-json\/wp\/v2\/experten\/68681\/revisions"}],"predecessor-version":[{"id":82532,"href":"https:\/\/bio-balkon.de\/en\/wp-json\/wp\/v2\/experten\/68681\/revisions\/82532"}],"wp:featuredmedia":[{"embeddable":true,"href":"https:\/\/bio-balkon.de\/en\/wp-json\/wp\/v2\/media\/68634"}],"wp:attachment":[{"href":"https:\/\/bio-balkon.de\/en\/wp-json\/wp\/v2\/media?parent=68681"}],"curies":[{"name":"wp","href":"https:\/\/api.w.org\/{rel}","templated":true}]}}