{"id":63090,"date":"2023-12-16T18:29:53","date_gmt":"2023-12-16T17:29:53","guid":{"rendered":"https:\/\/bio-balkon.de\/?post_type=experten&#038;p=63090"},"modified":"2023-12-16T18:30:21","modified_gmt":"2023-12-16T17:30:21","slug":"dr-sonja-schwingesbauer-3","status":"publish","type":"experten","link":"https:\/\/bio-balkon.de\/en\/experten\/dr-sonja-schwingesbauer-3\/","title":{"rendered":"Dr. Son\u00adja Schwin\u00adges\u00adbau\u00ader"},"content":{"rendered":"<div data-elementor-type=\"wp-post\" data-elementor-id=\"63090\" class=\"elementor elementor-63090\" data-elementor-post-type=\"experten\">\n\t\t\t\t<div class=\"elementor-element elementor-element-828eb67 e-flex e-con-boxed e-con e-parent\" data-id=\"828eb67\" data-element_type=\"container\" data-e-type=\"container\">\n\t\t\t\t\t<div class=\"e-con-inner\">\n\t\t\t\t<div class=\"elementor-element elementor-element-879013a elementor-widget elementor-widget-template\" data-id=\"879013a\" data-element_type=\"widget\" data-e-type=\"widget\" data-widget_type=\"template.default\">\n\t\t\t\t<div class=\"elementor-widget-container\">\n\t\t\t\t\t\t\t<div class=\"elementor-template\">\n\t\t\t\t\t<div data-elementor-type=\"section\" data-elementor-id=\"63086\" class=\"elementor elementor-63086\" data-elementor-post-type=\"elementor_library\">\n\t\t\t<div class=\"elementor-element elementor-element-51cfe871 e-flex e-con-boxed e-con e-parent\" data-id=\"51cfe871\" data-element_type=\"container\" data-e-type=\"container\">\n\t\t\t\t\t<div class=\"e-con-inner\">\n\t\t<div class=\"elementor-element elementor-element-1c9b2761 e-con-full e-flex e-con e-child\" data-id=\"1c9b2761\" data-element_type=\"container\" data-e-type=\"container\">\n\t\t<div class=\"elementor-element elementor-element-13b773bd e-flex e-con-boxed e-con e-child\" data-id=\"13b773bd\" data-element_type=\"container\" data-e-type=\"container\">\n\t\t\t\t\t<div class=\"e-con-inner\">\n\t\t<div class=\"elementor-element elementor-element-ddfc043 e-con-full e-flex e-con e-child\" data-id=\"ddfc043\" data-element_type=\"container\" data-e-type=\"container\">\n\t\t\t\t<div class=\"elementor-element elementor-element-388f9a76 elementor-widget elementor-widget-image\" data-id=\"388f9a76\" data-element_type=\"widget\" data-e-type=\"widget\" data-widget_type=\"image.default\">\n\t\t\t\t\t\t\t\t\t\t\t\t\t\t\t<img loading=\"lazy\" decoding=\"async\" width=\"150\" height=\"150\" src=\"https:\/\/bio-balkon.de\/wp-content\/uploads\/2023\/12\/Sonja_Schwingesbauer-150x150.avif\" class=\"attachment-thumbnail size-thumbnail wp-image-63083\" alt srcset=\"https:\/\/bio-balkon.de\/wp-content\/uploads\/2023\/12\/Sonja_Schwingesbauer-150x150.avif 150w, https:\/\/bio-balkon.de\/wp-content\/uploads\/2023\/12\/Sonja_Schwingesbauer-300x300.avif 300w, https:\/\/bio-balkon.de\/wp-content\/uploads\/2023\/12\/Sonja_Schwingesbauer-1024x1024.avif 1024w, https:\/\/bio-balkon.de\/wp-content\/uploads\/2023\/12\/Sonja_Schwingesbauer-768x768.avif 768w, https:\/\/bio-balkon.de\/wp-content\/uploads\/2023\/12\/Sonja_Schwingesbauer.avif 1181w\" sizes=\"auto, (max-width: 150px) 100vw, 150px\">\t\t\t\t\t\t\t\t\t\t\t\t\t\t\t<\/div>\n\t\t\t\t<\/div>\n\t\t<div class=\"elementor-element elementor-element-a39a873 e-con-full e-flex e-con e-child\" data-id=\"a39a873\" data-element_type=\"container\" data-e-type=\"container\">\n\t\t\t\t<div class=\"elementor-element elementor-element-7a7afe13 elementor-widget elementor-widget-heading\" data-id=\"7a7afe13\" data-element_type=\"widget\" data-e-type=\"widget\" data-widget_type=\"heading.default\">\n\t\t\t\t\t<h2 class=\"elementor-heading-title elementor-size-default\">Dr. Son\u00adja Schwin\u00adges\u00adbau\u00ader<\/h2>\t\t\t\t<\/div>\n\t\t\t\t<div class=\"elementor-element elementor-element-268c080 elementor-widget elementor-widget-heading\" data-id=\"268c080\" data-element_type=\"widget\" data-e-type=\"widget\" data-widget_type=\"heading.default\">\n\t\t\t\t\t<p class=\"elementor-heading-title elementor-size-default\">\u201cSchwie\u00adri\u00adge\u201d Bal\u00adkons gestal\u00adten: Umgang mit Wind\u00adsi\u00adtua\u00adtio\u00adnen, Wind\u00adschutz und wind\u00adfes\u00adte Pflan\u00adzen<\/p>\t\t\t\t<\/div>\n\t\t\t\t<\/div>\n\t\t\t\t\t<\/div>\n\t\t\t\t<\/div>\n\t\t\t\t<div class=\"elementor-element elementor-element-3dc29864 elementor-widget elementor-widget-text-editor\" data-id=\"3dc29864\" data-element_type=\"widget\" data-e-type=\"widget\" data-widget_type=\"text-editor.default\">\n\t\t\t\t\t\t\t\t\t<p>Der Pflanz\u00adpla\u00adne\u00adrin, Lais\u00adsez-fai\u00adre G\u00e4rt\u00adne\u00adrin und Autorin f\u00fcr natur\u00adna\u00adhes G\u00e4rt\u00adnern Dr. Son\u00adja Schwin\u00adges\u00adbau\u00ader ist es eine<span class=\"s1\"> Her\u00adzens\u00adan\u00adge\u00adle\u00adgen\u00adheit, ande\u00adre Men\u00adschen f\u00fcr Pflan\u00adzen und Tie\u00adre, f\u00fcr das natur\u00adna\u00adhe G\u00e4rt\u00adnern zu begeis\u00adtern. Ein Ziel ihrer Arbeit ist, <\/span>d<span class=\"s1\">ie Sch\u00f6n\u00adheit der Natur im eige\u00adnen Lebens\u00adum\u00adfeld erle\u00adben zu k\u00f6n\u00adnen, denn <\/span><span class=\"s1\">Pflan\u00adzen und Wild\u00adtie\u00adre berei\u00adchern unser Lebens\u00adum\u00adfeld. Sie betreibt den Hor\u00adtus Pan\u00adno\u00adni\u00adcus im nie\u00adder\u00ad\u00f6s\u00adter\u00adrei\u00adchi\u00adschen Wein\u00advier\u00adtel. <\/span><span class=\"s1\">Die Basis f\u00fcr natur\u00adna\u00adhes G\u00e4rt\u00adnern ist ein respekt\u00advol\u00adler Umgang mit Pflan\u00adzen und Tie\u00adren sowie ein scho\u00adnen\u00adder Ein\u00adsatz unse\u00adrer kost\u00adba\u00adren Res\u00adsour\u00adcen.&nbsp;<\/span><\/p><p><strong>Inhalt P\u00e4sen\u00adta\u00adti\u00adon:<\/strong><\/p><p>Die Pflanz\u00adpla\u00adne\u00adrin Dr. Son\u00adja Schwin\u00adges\u00adbau\u00ader zeigt mit einer Pr\u00e4\u00adsen\u00adta\u00adti\u00adon, wie die \u201eschwie\u00adri\u00adge\u201c Bal\u00adkon\u00adsi\u00adtua\u00adti\u00adon Wind\u00adaus\u00adge\u00adsetzt\u00adheit gestal\u00adtet wer\u00adden kann. Sie spricht zum Wind als Stand\u00adort\u00adfak\u00adtor, wor\u00adauf beim Umgang mit Wind zu ach\u00adten ist, Wind\u00adschutz und stellt Anpas\u00adsun\u00adgen von Pflan\u00adzen an den Wind und Bei\u00adspie\u00adle dazu vor. Die\u00adse Pflan\u00adzen\u00adlis\u00adte mit aus\u00adge\u00adw\u00e4hl\u00adten, bew\u00e4hr\u00adten Pflan\u00adzen f\u00fcr wind\u00adex\u00adpo\u00adnier\u00adte Stand\u00ador\u00adte ist hier dau\u00ader\u00adhaft hin\u00adter\u00adlegt und down\u00adload\u00adbar.<\/p>\t\t\t\t\t\t\t\t<\/div>\n\t\t\t\t<div class=\"elementor-element elementor-element-1737662f elementor-widget-divider--view-line elementor-widget elementor-widget-divider\" data-id=\"1737662f\" data-element_type=\"widget\" data-e-type=\"widget\" data-widget_type=\"divider.default\">\n\t\t\t\t\t\t\t<div class=\"elementor-divider\">\n\t\t\t<span class=\"elementor-divider-separator\">\n\t\t\t\t\t\t<\/span>\n\t\t<\/div>\n\t\t\t\t\t\t<\/div>\n\t\t\t\t<div class=\"elementor-element elementor-element-41a3fd4e elementor-widget elementor-widget-heading\" data-id=\"41a3fd4e\" data-element_type=\"widget\" data-e-type=\"widget\" data-widget_type=\"heading.default\">\n\t\t\t\t\t<h3 class=\"elementor-heading-title elementor-size-default\">Web\u00adsite<\/h3>\t\t\t\t<\/div>\n\t\t\t\t<div class=\"elementor-element elementor-element-5cf22083 elementor-icon-list--layout-traditional elementor-list-item-link-full_width elementor-widget elementor-widget-icon-list\" data-id=\"5cf22083\" data-element_type=\"widget\" data-e-type=\"widget\" data-widget_type=\"icon-list.default\">\n\t\t\t\t\t\t\t<ul class=\"elementor-icon-list-items\">\n\t\t\t\t\t\t\t<li class=\"elementor-icon-list-item\">\n\t\t\t\t\t\t\t\t\t\t\t<a href=\"https:\/\/www.sonjaschwingesbauer.at\/\" target=\"_blank\">\n\n\t\t\t\t\t\t\t\t\t\t\t\t<span class=\"elementor-icon-list-icon\">\n\t\t\t\t\t\t\t<svg aria-hidden=\"true\" class=\"e-font-icon-svg e-fas-external-link-alt\" viewBox=\"0 0 512 512\"><path d=\"M432,320H400a16,16,0,0,0-16,16V448H64V128H208a16,16,0,0,0,16-16V80a16,16,0,0,0-16-16H48A48,48,0,0,0,0,112V464a48,48,0,0,0,48,48H400a48,48,0,0,0,48-48V336A16,16,0,0,0,432,320ZM488,0h-128c-21.37,0-32.05,25.91-17,41l35.73,35.73L135,320.37a24,24,0,0,0,0,34L157.67,377a24,24,0,0,0,34,0L435.28,133.32,471,169c15,15,41,4.5,41-17V24A24,24,0,0,0,488,0Z\" \/><\/svg>\t\t\t\t\t\t<\/span>\n\t\t\t\t\t\t\t\t\t\t<span class=\"elementor-icon-list-text\">Son\u00adja Schwin\u00adges\u00adbau\u00ader<\/span>\n\t\t\t\t\t\t\t\t\t\t\t<\/a>\n\t\t\t\t\t\t\t\t\t<\/li>\n\t\t\t\t\t\t<\/ul>\n\t\t\t\t\t\t<\/div>\n\t\t\t\t<div class=\"elementor-element elementor-element-d124327 elementor-widget-divider--view-line elementor-widget elementor-widget-divider\" data-id=\"d124327\" data-element_type=\"widget\" data-e-type=\"widget\" data-widget_type=\"divider.default\">\n\t\t\t\t\t\t\t<div class=\"elementor-divider\">\n\t\t\t<span class=\"elementor-divider-separator\">\n\t\t\t\t\t\t<\/span>\n\t\t<\/div>\n\t\t\t\t\t\t<\/div>\n\t\t\t\t<div class=\"elementor-element elementor-element-1b99b4ee elementor-widget elementor-widget-heading\" data-id=\"1b99b4ee\" data-element_type=\"widget\" data-e-type=\"widget\" data-widget_type=\"heading.default\">\n\t\t\t\t\t<h3 class=\"elementor-heading-title elementor-size-default\">Herz\u00adli\u00adchen Gl\u00fcck\u00adwunsch an Son\u00adja Schwin\u00adges\u00adbau\u00ader, deren 2. Buch vom Haupt Ver\u00adlag am 08.03.24 den 1. Platz \u201eBes\u00adter Rat\u00adge\u00adber\u201c beim Deut\u00adscher Gar\u00adten\u00adbuch\u00adpreis  erhielt. <\/h3>\t\t\t\t<\/div>\n\t\t\t\t<div class=\"elementor-element elementor-element-203c0dc elementor-widget elementor-widget-image\" data-id=\"203c0dc\" data-element_type=\"widget\" data-e-type=\"widget\" data-widget_type=\"image.default\">\n\t\t\t\t\t\t\t\t\t\t\t\t\t\t\t\t<a href=\"https:\/\/amzn.to\/48M1kwY\" target=\"_blank\" rel=\"nofollow\">\n\t\t\t\t\t\t\t<img loading=\"lazy\" decoding=\"async\" width=\"768\" height=\"771\" src=\"https:\/\/bio-balkon.de\/wp-content\/uploads\/2023\/11\/Dr.-Sonja-Schwingesbauer-Buch-1.-Platz-Ratgeber-beim-Deutscher-Gartenbuchpreis-768x771.avif\" class=\"attachment-medium_large size-medium_large wp-image-65688\" alt=\"Dr. Sonja Schwingesbauer's Buch &quot;Nat\u00fcrlich sch\u00f6n und wild umschw\u00e4rmt&quot; erhielt den 1. Platz als Ratgeber beim Deutscher Gartenbuchpreis 2024\" srcset=\"https:\/\/bio-balkon.de\/wp-content\/uploads\/2023\/11\/Dr.-Sonja-Schwingesbauer-Buch-1.-Platz-Ratgeber-beim-Deutscher-Gartenbuchpreis-768x771.avif 768w, https:\/\/bio-balkon.de\/wp-content\/uploads\/2023\/11\/Dr.-Sonja-Schwingesbauer-Buch-1.-Platz-Ratgeber-beim-Deutscher-Gartenbuchpreis-300x300.avif 300w, https:\/\/bio-balkon.de\/wp-content\/uploads\/2023\/11\/Dr.-Sonja-Schwingesbauer-Buch-1.-Platz-Ratgeber-beim-Deutscher-Gartenbuchpreis-1020x1024.avif 1020w, https:\/\/bio-balkon.de\/wp-content\/uploads\/2023\/11\/Dr.-Sonja-Schwingesbauer-Buch-1.-Platz-Ratgeber-beim-Deutscher-Gartenbuchpreis-150x150.avif 150w, https:\/\/bio-balkon.de\/wp-content\/uploads\/2023\/11\/Dr.-Sonja-Schwingesbauer-Buch-1.-Platz-Ratgeber-beim-Deutscher-Gartenbuchpreis-12x12.avif 12w, https:\/\/bio-balkon.de\/wp-content\/uploads\/2023\/11\/Dr.-Sonja-Schwingesbauer-Buch-1.-Platz-Ratgeber-beim-Deutscher-Gartenbuchpreis-1320x1325.avif 1320w, https:\/\/bio-balkon.de\/wp-content\/uploads\/2023\/11\/Dr.-Sonja-Schwingesbauer-Buch-1.-Platz-Ratgeber-beim-Deutscher-Gartenbuchpreis.avif 1450w\" sizes=\"auto, (max-width: 768px) 100vw, 768px\">\t\t\t\t\t\t\t\t<\/a>\n\t\t\t\t\t\t\t\t\t\t\t\t\t\t\t<\/div>\n\t\t\t\t<div class=\"elementor-element elementor-element-dc5772f elementor-widget-divider--view-line elementor-widget elementor-widget-divider\" data-id=\"dc5772f\" data-element_type=\"widget\" data-e-type=\"widget\" data-widget_type=\"divider.default\">\n\t\t\t\t\t\t\t<div class=\"elementor-divider\">\n\t\t\t<span class=\"elementor-divider-separator\">\n\t\t\t\t\t\t<\/span>\n\t\t<\/div>\n\t\t\t\t\t\t<\/div>\n\t\t\t\t<div class=\"elementor-element elementor-element-31c8e4a elementor-widget elementor-widget-heading\" data-id=\"31c8e4a\" data-element_type=\"widget\" data-e-type=\"widget\" data-widget_type=\"heading.default\">\n\t\t\t\t\t<h3 class=\"elementor-heading-title elementor-size-default\">Emp\u00adfeh\u00adlungs\u00adlis\u00adte von Dr. Son\u00adja Schwin\u00adges\u00adbau\u00ader: Aus\u00adge\u00adw\u00e4hl\u00adte, bew\u00e4hr\u00adte Pflan\u00adzen f\u00fcr wind\u00adex\u00adpo\u00adnier\u00adte Stand\u00ador\u00adte<\/h3>\t\t\t\t<\/div>\n\t\t\t\t<div class=\"elementor-element elementor-element-da49cca elementor-widget elementor-widget-button\" data-id=\"da49cca\" data-element_type=\"widget\" data-e-type=\"widget\" data-widget_type=\"button.default\">\n\t\t\t\t\t\t\t\t\t\t<a class=\"elementor-button elementor-button-link elementor-size-sm\" href=\"https:\/\/bio-balkon.de\/wp-content\/uploads\/2024\/02\/Pflanzen-fuer-windexponierte-Standorte_Schwingesbauer_2024.pdf\" target=\"_blank\">\n\t\t\t\t\t\t<span class=\"elementor-button-content-wrapper\">\n\t\t\t\t\t\t\t\t\t<span class=\"elementor-button-text\">Click here to down\u00adload<\/span>\n\t\t\t\t\t<\/span>\n\t\t\t\t\t<\/a>\n\t\t\t\t\t\t\t\t<\/div>\n\t\t\t\t<div class=\"elementor-element elementor-element-791f99cd elementor-widget elementor-widget-text-editor\" data-id=\"791f99cd\" data-element_type=\"widget\" data-e-type=\"widget\" data-widget_type=\"text-editor.default\">\n\t\t\t\t\t\t\t\t\t<div class=\"page\" title=\"Page 1\"><div class=\"layoutArea\"><div class=\"column\"><p>Bei\u00adla\u00adge zum Vor\u00adtrag: Pflan\u00adzen f\u00fcr wind\u00adex\u00adpo\u00adnier\u00adte Stand\u00ador\u00adte<\/p><p>von DI Dr. Son\u00adja Schwin\u00adges\u00adbau\u00ader www.sonjaschwingesbauer.at<\/p><p style=\"padding-left: 40px;\">&nbsp;<\/p><p>Eine klei\u00adne Aus\u00adwahl an Pflan\u00adzen f\u00fcr wind\u00adex\u00adpo\u00adnier\u00adte Bal\u00adkon- und Ter\u00adras\u00adsen\u00adg\u00e4r\u00adten.<\/p><p>Win\u00adter\u00adh\u00e4r\u00adte (Ein\u00adtei\u00adlung in Win\u00adter\u00adh\u00e4r\u00adte\u00adzo\u00adnen) und Stand\u00adort\u00adan\u00adspr\u00fc\u00adche der Arten beach\u00adten!<\/p><p>Auf Inter\u00adnet\u00adsei\u00adten von Fach\u00adg\u00e4rt\u00adne\u00adrei\u00aden und Baum\u00adschu\u00adlen sind die jewei\u00adli\u00adge Win\u00adter\u00adh\u00e4r\u00adte\u00adzo\u00adne sowie die Stand\u00adort\u00adan\u00adspr\u00fc\u00adche der Art meist ange\u00adf\u00fchrt.<\/p><p>(h=heimische Art)<\/p><p>5 Grup\u00adpen: Geh\u00f6l\u00adze, Klet\u00adter\u00adpflan\u00adzen, Gr\u00e4\u00adser, Spalier\u2011, Halb- und Zwerg\u00adstr\u00e4u\u00adcher, Stau\u00adden<\/p><p style=\"padding-left: 80px;\">&nbsp;<\/p><\/div><div class=\"page\" title=\"Page 1\"><div class=\"layoutArea\"><p class=\"column\"><strong>Geho\u0308lze \u2013 Bei\u00adspiel\u00adar\u00adten&nbsp;<\/strong><\/p><table class=\"t1\" cellspacing=\"0\" cellpadding=\"0\"><tbody><tr><td class=\"td1\" valign=\"top\"><p class=\"p2\"><b>Deut\u00adscher Name<\/b><\/p><\/td><td class=\"td2\" valign=\"top\"><p class=\"p3\"><b>Bota\u00adni\u00adscher Name<\/b><\/p><\/td><\/tr><tr><td class=\"td3\" valign=\"top\"><p class=\"p3\">Feld-Ahorn (h)<\/p><\/td><td class=\"td4\" valign=\"top\"><p class=\"p3\"><i>Acer cam\u00adpest\u00adre<\/i><\/p><\/td><\/tr><tr><td class=\"td5\" valign=\"top\"><p class=\"p3\">Fran\u00adz\u00f6\u00adsi\u00adscher Ahorn (h)<\/p><\/td><td class=\"td6\" valign=\"top\"><p class=\"p3\"><i>Acer mon\u00adspes\u00adsu\u00adla\u00adn\u00adum<\/i><\/p><\/td><\/tr><tr><td class=\"td3\" valign=\"top\"><p class=\"p3\">Sand-Bir\u00adke (h)<\/p><\/td><td class=\"td4\" valign=\"top\"><p class=\"p3\"><i>Betu\u00adla pen\u00addu\u00adla<\/i><\/p><\/td><\/tr><tr><td class=\"td5\" valign=\"top\"><p class=\"p3\">Flaum-Eiche (h)<\/p><\/td><td class=\"td6\" valign=\"top\"><p class=\"p3\"><i>Quer\u00adcus pube\u00ads\u00adcens<\/i><\/p><\/td><\/tr><tr><td class=\"td3\" valign=\"top\"><p class=\"p3\">Vogel\u00adbee\u00adre, Eber\u00adesche (h)<\/p><\/td><td class=\"td4\" valign=\"top\"><p class=\"p3\"><i>Sor\u00adbus aucu\u00adpa\u00adria<\/i><\/p><\/td><\/tr><tr><td class=\"td5\" valign=\"top\"><p class=\"p3\">Ech\u00adte Mehl\u00adbee\u00adre (h)<\/p><\/td><td class=\"td6\" valign=\"top\"><p class=\"p3\"><i>Sor\u00adbus aria <\/i>und ande\u00adre<i> Sor\u00adbus<\/i>-Arten<\/p><\/td><\/tr><tr><td class=\"td3\" valign=\"top\"><p class=\"p3\">Blu\u00admen-Esche, Man\u00adna-Esche (h)<\/p><\/td><td class=\"td4\" valign=\"top\"><p class=\"p3\"><i>Fra\u00adxi\u00adnus ornus<\/i><\/p><\/td><\/tr><tr><td class=\"td5\" valign=\"top\"><p class=\"p3\">(Zier-)Apfel in Arten und Sor\u00adten<\/p><\/td><td class=\"td6\" valign=\"top\"><p class=\"p3\"><i>Malus sp.<\/i><\/p><\/td><\/tr><tr><td class=\"td3\" valign=\"top\"><p class=\"p3\">Wei\u00adden\u00adbl\u00e4tt\u00adri\u00adge Bir\u00adne<\/p><\/td><td class=\"td4\" valign=\"top\"><p class=\"p3\"><i>Pyrus sali\u00adci\u00adfo\u00adli\u00adus<\/i><\/p><\/td><\/tr><tr><td class=\"td5\" valign=\"top\"><p class=\"p3\">Kup\u00adfer-Fel\u00adsen\u00adbir\u00adne<\/p><\/td><td class=\"td6\" valign=\"top\"><p class=\"p3\"><i>Ame\u00adlan\u00adchier lamar\u00adckii<\/i><\/p><\/td><\/tr><tr><td class=\"td3\" valign=\"top\"><p class=\"p3\">Rund\u00adbl\u00e4tt\u00adri\u00adge Fel\u00adsen\u00adbir\u00adne (h)<\/p><\/td><td class=\"td4\" valign=\"top\"><p class=\"p3\"><i>Ame\u00adlan\u00adchier ova\u00adlis<\/i><\/p><\/td><\/tr><tr><td class=\"td5\" valign=\"top\"><p class=\"p3\">Zwerg-Man\u00addel (h)<\/p><\/td><td class=\"td6\" valign=\"top\"><p class=\"p3\"><i>Pru\u00adnus ten\u00adella<\/i><\/p><\/td><\/tr><tr><td class=\"td3\" valign=\"top\"><p class=\"p3\">Rose in Arten und Sor\u00adten<\/p><\/td><td class=\"td4\" valign=\"top\"><p class=\"p3\"><i>Rosa sp<\/i><\/p><\/td><\/tr><tr><td class=\"td5\" valign=\"top\"><p class=\"p3\">Pfei\u00adfenstrauch, Fal\u00adscher Jas\u00admin (h)<\/p><\/td><td class=\"td6\" valign=\"top\"><p class=\"p3\"><i>Phil\u00adadelp\u00adhus coro\u00adna\u00adri\u00adus<\/i><\/p><\/td><\/tr><tr><td class=\"td3\" valign=\"top\"><p class=\"p3\">Kor\u00adnel\u00adkir\u00adsche, Dirndl\u00adstrauch (h)<\/p><\/td><td class=\"td4\" valign=\"top\"><p class=\"p3\"><i>Cor\u00adnus mas<\/i><\/p><\/td><\/tr><tr><td class=\"td5\" valign=\"top\"><p class=\"p3\">Wei\u00ad\u00dfer Hart\u00adrie\u00adgel<\/p><\/td><td class=\"td6\" valign=\"top\"><p class=\"p3\"><i>Cor\u00adnus alba<\/i><\/p><\/td><\/tr><tr><td class=\"td3\" valign=\"top\"><p class=\"p3\">Bla\u00adsenspie\u00adre<\/p><\/td><td class=\"td4\" valign=\"top\"><p class=\"p3\"><i>Phy\u00adsio\u00adcar\u00adpus opu\u00adli\u00adfo\u00adli\u00adus<\/i><\/p><\/td><\/tr><tr><td class=\"td5\" valign=\"top\"><p class=\"p3\">Ligus\u00adter (h)<\/p><\/td><td class=\"td6\" valign=\"top\"><p class=\"p3\"><i>Ligustrum vul\u00adga\u00adre<\/i><\/p><\/td><\/tr><tr><td class=\"td3\" valign=\"top\"><p class=\"p3\">Wol\u00adli\u00adger Schnee\u00adball (h)<\/p><\/td><td class=\"td4\" valign=\"top\"><p class=\"p3\"><i>Vib\u00adur\u00adnum lanta\u00adna<\/i><\/p><\/td><\/tr><tr><td class=\"td5\" valign=\"top\"><p class=\"p3\">Pra\u00adger-Schnee\u00adball<\/p><\/td><td class=\"td6\" valign=\"top\"><p class=\"p3\"><i>Vib\u00adur\u00adnum<\/i> \u2018Pra\u00adgen\u00adse\u2018 und ande\u00adre <i>Vib\u00adur\u00adnum<\/i>-Arten<\/p><\/td><\/tr><tr><td class=\"td3\" valign=\"top\"><p class=\"p3\">Per\u00fc\u00adcken\u00adstrauch (h)<\/p><\/td><td class=\"td4\" valign=\"top\"><p class=\"p3\"><i>Coti\u00adnus cog\u00adgy\u00adgria <\/i><\/p><\/td><\/tr><tr><td class=\"td5\" valign=\"top\"><p class=\"p3\">Zwerg Pur\u00adpur-Wei\u00adde (h)<\/p><\/td><td class=\"td6\" valign=\"top\"><p class=\"p3\"><i>Salix pur\u00adpu\u00adrea<\/i> \u2018Nana\u2018<\/p><\/td><\/tr><tr><td class=\"td3\" valign=\"top\"><p class=\"p3\">Berg-Kie\u00adfer, Lat\u00adsche (h)<\/p><\/td><td class=\"td4\" valign=\"top\"><p class=\"p3\"><i>Pinus mugo<\/i> in Sor\u00adten<\/p><\/td><\/tr><tr><td class=\"td5\" valign=\"top\"><p class=\"p3\">Eibe (h)<\/p><\/td><td class=\"td6\" valign=\"top\"><p class=\"p3\"><i>Taxus bac\u00adca\u00adta<\/i><\/p><\/td><\/tr><\/tbody><\/table><p style=\"padding-left: 40px;\">&nbsp;<\/p><p class=\"p1\"><strong>Klet\u00adter\u00adpflan\u00adzen \u2013 Bei\u00adspiel\u00adar\u00adten<\/strong><\/p><table class=\"t1\" cellspacing=\"0\" cellpadding=\"0\"><tbody><tr><td class=\"td1\" valign=\"top\"><b>Deut\u00adscher Name<\/b><\/td><td class=\"td2\" valign=\"top\"><p class=\"p3\"><b>Bota\u00adni\u00adscher Name<\/b><\/p><\/td><\/tr><tr><td class=\"td3\" valign=\"top\"><p class=\"p3\">Efeu (h)<\/p><\/td><td class=\"td4\" valign=\"top\"><p class=\"p3\"><i>Hede\u00adra helix<\/i><\/p><\/td><\/tr><tr><td class=\"td5\" valign=\"top\"><p class=\"p3\">F\u00fcnf\u00adbl\u00e4tt\u00adri\u00adge Jung\u00adfern\u00adre\u00adbe<\/p><\/td><td class=\"td6\" valign=\"top\"><p class=\"p3\"><i>Par\u00adthe\u00adno\u00adcis\u00adsus quin\u00adque\u00adfo\u00adlia<\/i><\/p><\/td><\/tr><tr><td class=\"td3\" valign=\"top\"><p class=\"p3\">Ake\u00adbie<\/p><\/td><td class=\"td7\" valign=\"top\"><p class=\"p4\"><b>Deut\u00adscher Name<\/b><\/p><\/td><\/tr><\/tbody><\/table><\/div><p style=\"padding-left: 40px;\">&nbsp;<\/p><p class=\"p1\"><strong>Mehr\u00adj\u00e4h\u00adri\u00adge Gr\u00e4\u00adser \u2013 Bei\u00adspiel\u00adar\u00adten<\/strong><\/p><table class=\"t1\" cellspacing=\"0\" cellpadding=\"0\"><tbody><tr><td class=\"td1\" valign=\"top\"><p class=\"p2\"><b>Deut\u00adscher Name<\/b><\/p><\/td><td class=\"td2\" valign=\"top\"><p class=\"p3\"><b>Bota\u00adni\u00adscher Name<\/b><\/p><\/td><\/tr><tr><td class=\"td3\" valign=\"top\"><p class=\"p3\">Feder\u00adgr\u00e4\u00adser (h)<\/p><\/td><td class=\"td4\" valign=\"top\"><p class=\"p3\"><i>Sti\u00adpa<\/i> in Arten St. pen\u00adna\u00adta, S. capil\u00adla\u00adta<\/p><\/td><\/tr><tr><td class=\"td5\" valign=\"top\"><p class=\"p3\">Feder\u00adgras<\/p><\/td><td class=\"td6\" valign=\"top\"><p class=\"p3\"><i>Nasel\u00adla tenuis\u00adsi\u00adma<\/i><\/p><\/td><\/tr><tr><td class=\"td3\" valign=\"top\"><p class=\"p3\">Wim\u00adper-Perl\u00adgras (h)<\/p><\/td><td class=\"td4\" valign=\"top\"><p class=\"p3\"><i>Meli\u00adca cilia\u00adta<\/i><\/p><\/td><\/tr><tr><td class=\"td5\" valign=\"top\"><p class=\"p3\">Blau-Schwin\u00adgel<\/p><\/td><td class=\"td6\" valign=\"top\"><p class=\"p3\"><i>Fes\u00adtu\u00adca glau\u00adca<\/i><\/p><\/td><\/tr><tr><td class=\"td3\" valign=\"top\"><p class=\"p3\">Atlas-Schwin\u00adgel<\/p><\/td><td class=\"td4\" valign=\"top\"><p class=\"p3\"><i>Fes\u00adtu\u00adca mai\u00adrei<\/i><\/p><\/td><\/tr><tr><td class=\"td7\" valign=\"top\"><p class=\"p3\">Sil\u00adber-\u00c4hren\u00adgras (h)<\/p><\/td><td class=\"td8\" valign=\"top\"><p class=\"p3\"><i>Ach\u00adnather\u00adum cala\u00adma\u00adgros\u00adtis<\/i> syn <i>Sti\u00adpa cala\u00adma\u00adgros\u00adtis<\/i><\/p><\/td><\/tr><\/tbody><\/table><p style=\"padding-left: 40px;\">&nbsp;<\/p><p class=\"p1\"><strong>Spalier\u2011, Halb- und Zwerg\u00adstr\u00e4u\u00adcher um 1 m \u2013 Bei\u00adspiel\u00adar\u00adten<\/strong><\/p><table class=\"t1\" cellspacing=\"0\" cellpadding=\"0\"><tbody><tr><td class=\"td1\" valign=\"top\"><p class=\"p2\"><b>Deut\u00adscher Name<\/b><\/p><\/td><td class=\"td2\" valign=\"top\"><p class=\"p3\"><b>Bota\u00adni\u00adscher Name<\/b><\/p><\/td><\/tr><tr><td class=\"td3\" valign=\"top\"><p class=\"p3\">Wei\u00ad\u00dfe Sil\u00adber\u00adwurz (h)<\/p><\/td><td class=\"td4\" valign=\"top\"><p class=\"p3\"><i>Dryas octo\u00adpe\u00adta\u00adla<\/i><\/p><\/td><\/tr><tr><td class=\"td5\" valign=\"top\"><p class=\"p3\">Rotes Sei\u00adfen\u00adkraut (h)<\/p><\/td><td class=\"td6\" valign=\"top\"><p class=\"p3\"><i>Sapo\u00adna\u00adria oxy\u00admo\u00adides<\/i><\/p><\/td><\/tr><tr><td class=\"td3\" valign=\"top\"><p class=\"p3\">Arz\u00adnei-Thy\u00admi\u00adan (h)<\/p><\/td><td class=\"td4\" valign=\"top\"><p class=\"p3\"><i>Thy\u00admus pule\u00adgio\u00adides<\/i><\/p><\/td><\/tr><tr><td class=\"td5\" valign=\"top\"><p class=\"p3\">Fr\u00fch\u00adbl\u00fc\u00adhen\u00adder Thy\u00admi\u00adan (h)<\/p><\/td><td class=\"td6\" valign=\"top\"><p class=\"p3\"><i>Thy\u00admus prae\u00adcox<\/i><\/p><\/td><\/tr><tr><td class=\"td3\" valign=\"top\"><p class=\"p3\">Thy\u00adme<\/p><\/td><td class=\"td4\" valign=\"top\"><p class=\"p3\"><i>Thy\u00admus vul\u00adga\u00adris<\/i><\/p><\/td><\/tr><tr><td class=\"td5\" valign=\"top\"><p class=\"p3\">Son\u00adnen\u00adr\u00f6s\u00adchen (h)<\/p><\/td><td class=\"td6\" valign=\"top\"><p class=\"p3\"><i>Heli\u00adan\u00adthe\u00admum num\u00admu\u00adla\u00adri\u00adum und Hybrid-Sor\u00adten<\/i><\/p><\/td><\/tr><tr><td class=\"td3\" valign=\"top\"><p class=\"p3\">Edel-Gaman\u00adder (h)<\/p><\/td><td class=\"td4\" valign=\"top\"><p class=\"p3\"><i>Teu\u00adcri\u00adum cha\u00admaedrys<\/i><\/p><\/td><\/tr><tr><td class=\"td5\" valign=\"top\"><p class=\"p3\">Moun\u00adtain savo\u00adry<\/p><\/td><td class=\"td6\" valign=\"top\"><p class=\"p3\"><i>Satu\u00adre\u00adja mon\u00adta\u00adna<\/i><\/p><\/td><\/tr><tr><td class=\"td3\" valign=\"top\"><p class=\"p3\">Hys\u00adsop<\/p><\/td><td class=\"td4\" valign=\"top\"><p class=\"p3\"><i>Hys\u00adso\u00adpus offi\u00adci\u00adna\u00adlis<\/i><\/p><\/td><\/tr><tr><td class=\"td5\" valign=\"top\"><p class=\"p3\">Gar\u00adten-Sal\u00adbei<\/p><\/td><td class=\"td6\" valign=\"top\"><p class=\"p3\"><i>Sal\u00advia offi\u00adci\u00adna\u00adlis<\/i><\/p><\/td><\/tr><tr><td class=\"td3\" valign=\"top\"><p class=\"p3\">Laven\u00addel<\/p><\/td><td class=\"td4\" valign=\"top\"><p class=\"p3\"><i>Lavan\u00addu\u00adla angusti\u00adfo\u00adlia<\/i><\/p><\/td><\/tr><tr><td class=\"td5\" valign=\"top\"><p class=\"p3\">Blue dia\u00admond<\/p><\/td><td class=\"td6\" valign=\"top\"><p class=\"p3\"><i>Perovskia atri\u00adpli\u00adci\u00adfo\u00adlia<\/i><\/p><\/td><\/tr><\/tbody><\/table><p style=\"padding-left: 40px;\">&nbsp;&nbsp;<\/p><p class=\"p1\"><strong>Mehr\u00adj\u00e4h\u00adri\u00adge Bl\u00fc\u00adten\u00adpflan\u00adzen (Bl\u00fc\u00adten\u00adstau\u00adden) \u2013 Bei\u00adspiel\u00adar\u00adten<\/strong><\/p><table class=\"t1\" cellspacing=\"0\" cellpadding=\"0\"><tbody><tr><td class=\"td1\" valign=\"top\"><p class=\"p2\"><b>Deut\u00adscher Name<\/b><\/p><\/td><td class=\"td2\" valign=\"top\"><p class=\"p3\"><b>Bota\u00adni\u00adscher Name<\/b><\/p><\/td><\/tr><tr><td class=\"td3\" valign=\"top\"><p class=\"p3\">Fett\u00adhen\u00adnen (h)<\/p><\/td><td class=\"td4\" valign=\"top\"><p class=\"p3\"><i>Sedum<\/i> in Arten und Sor\u00adten<\/p><\/td><\/tr><tr><td class=\"td5\" valign=\"top\"><p class=\"p3\">K\u00fcchen\u00adschel\u00adle (h)<\/p><\/td><td class=\"td6\" valign=\"top\"><p class=\"p3\"><i>Pul\u00adsa\u00adtil\u00adla vul\u00adga\u00adris<\/i><\/p><\/td><\/tr><tr><td class=\"td3\" valign=\"top\"><p class=\"p3\">Schnitt\u00adlauch (h)<\/p><\/td><td class=\"td4\" valign=\"top\"><p class=\"p3\"><i>Alli\u00adum schoe\u00adno\u00adpra\u00adsum <\/i><\/p><\/td><\/tr><tr><td class=\"td5\" valign=\"top\"><p class=\"p3\">Lie\u00adgen\u00adder Ehren\u00adpreis (h)<\/p><\/td><td class=\"td6\" valign=\"top\"><p class=\"p3\"><i>Vero\u00adni\u00adca pro\u00adstra\u00adta<\/i><\/p><\/td><\/tr><tr><td class=\"td3\" valign=\"top\"><p class=\"p3\">Rotes Sei\u00adfen\u00adkraut<\/p><\/td><td class=\"td4\" valign=\"top\"><p class=\"p3\"><i>Sapo\u00adna\u00adria oxy\u00admo\u00adides<\/i><\/p><\/td><\/tr><tr><td class=\"td5\" valign=\"top\"><p class=\"p3\">Alpen-Aster (h)<\/p><\/td><td class=\"td6\" valign=\"top\"><p class=\"p3\"><i>Aster alpi\u00adnus<\/i><\/p><\/td><\/tr><tr><td class=\"td3\" valign=\"top\"><p class=\"p3\">Berg-Aster, Kalk-Aster (h)<\/p><\/td><td class=\"td4\" valign=\"top\"><p class=\"p3\"><i>Aster amel\u00adlus<\/i><\/p><\/td><\/tr><tr><td class=\"td5\" valign=\"top\"><p class=\"p3\">Gold\u00adschopf-Aster (h)<\/p><\/td><td class=\"td6\" valign=\"top\"><p class=\"p3\"><i>Aster lino\u00adsy\u00adris <\/i>syn<i> Galatel\u00adla lino\u00adsy\u00adris<\/i><\/p><\/td><\/tr><tr><td class=\"td3\" valign=\"top\"><p class=\"p3\">Gel\u00adber Lein (h)<\/p><\/td><td class=\"td4\" valign=\"top\"><p class=\"p3\"><i>Linum fla\u00advum<\/i><\/p><\/td><\/tr><tr><td class=\"td5\" valign=\"top\"><p class=\"p3\">Aus\u00addau\u00adern\u00adder Lein (h)<\/p><\/td><td class=\"td6\" valign=\"top\"><p class=\"p3\"><i>Linum peren\u00adne<\/i><\/p><\/td><\/tr><tr><td class=\"td3\" valign=\"top\"><p class=\"p3\">Ris\u00adpen-Schlei\u00ader\u00adkraut (h)<\/p><\/td><td class=\"td4\" valign=\"top\"><p class=\"p3\"><i>Gyp\u00adso\u00adphi\u00adla pani\u00adcu\u00adla\u00adta<\/i><\/p><\/td><\/tr><tr><td class=\"td5\" valign=\"top\"><p class=\"p3\">Pracht\u00adker\u00adze<\/p><\/td><td class=\"td6\" valign=\"top\"><p class=\"p3\"><i>Gau\u00adra lind\u00adhei\u00adme\u00adri<\/i><\/p><\/td><\/tr><tr><td class=\"td3\" valign=\"top\"><p class=\"p3\">Klein\u00adbl\u00fc\u00adti\u00adge Berg\u00admin\u00adze (h)<\/p><\/td><td class=\"td4\" valign=\"top\"><p class=\"p3\"><i>Cala\u00admi\u00adn\u00adtha nepe\u00adta<\/i><\/p><\/td><\/tr><tr><td class=\"td5\" valign=\"top\"><p class=\"p3\">Kat\u00adzen-Min\u00adze<\/p><\/td><td class=\"td6\" valign=\"top\"><p class=\"p3\"><i>Nepe\u00adta x faas\u00adse\u00adnii<\/i><\/p><\/td><\/tr><tr><td class=\"td3\" valign=\"top\"><p class=\"p3\">Step\u00adpen-Sal\u00adbei (h)<\/p><\/td><td class=\"td4\" valign=\"top\"><p class=\"p3\"><i>Sal\u00advia nemo\u00adro\u00adsa<\/i><\/p><\/td><\/tr><tr><td class=\"td5\" valign=\"top\"><p class=\"p3\">Dost (h)<\/p><\/td><td class=\"td6\" valign=\"top\"><p class=\"p3\"><i>Ori\u00adga\u00adnum vul\u00adga\u00adre<\/i><\/p><\/td><\/tr><tr><td class=\"td3\" valign=\"top\"><p class=\"p3\">Blut-Storch\u00adschna\u00adbel (h)<\/p><\/td><td class=\"td4\" valign=\"top\"><p class=\"p3\"><i>Gera\u00adni\u00adum san\u00adgui\u00adne\u00adum<\/i><\/p><\/td><\/tr><tr><td class=\"td5\" valign=\"top\"><p class=\"p3\">Pfir\u00adsich\u00adbl\u00e4tt\u00adri\u00adge Glo\u00adcken\u00adblu\u00adme (h)<\/p><\/td><td class=\"td6\" valign=\"top\"><p class=\"p3\"><i>Cam\u00adpa\u00adnu\u00adla per\u00adsi\u00adci\u00adfo\u00adlia<\/i><\/p><\/td><\/tr><tr><td class=\"td3\" valign=\"top\"><p class=\"p3\">Gold-Gar\u00adbe<\/p><\/td><td class=\"td4\" valign=\"top\"><p class=\"p3\"><i>Achil\u00adlea mil\u00adle\u00adfo\u00adli\u00adum<\/i><\/p><\/td><\/tr><tr><td class=\"td5\" valign=\"top\"><p class=\"p3\">Vexier\u00adnel\u00adke<\/p><\/td><td class=\"td6\" valign=\"top\"><p class=\"p3\"><i>Lych\u00adnis coro\u00adna\u00adria<\/i><\/p><\/td><\/tr><tr><td class=\"td3\" valign=\"top\"><p class=\"p3\">Trau\u00adben-Gras\u00adli\u00adlie (h)<\/p><\/td><td class=\"td4\" valign=\"top\"><p class=\"p3\"><i>Anthe\u00adri\u00adcum lilia\u00adgo<\/i><\/p><\/td><\/tr><tr><td class=\"td5\" valign=\"top\"><p class=\"p3\">Ska\u00adbio\u00adsen (h)<\/p><\/td><td class=\"td6\" valign=\"top\"><p class=\"p3\"><i>Sca\u00adbio\u00adsa cane\u00ads\u00adcens, Sca\u00adbio\u00adsa och\u00adro\u00adleu\u00adcha<\/i><\/p><\/td><\/tr><\/tbody><\/table><h4 style=\"padding-left: 80px;\">&nbsp;<\/h4><h4 class=\"p5\">Beach\u00adtens\u00adwer\u00adtes f\u00fcr die Bal\u00adkon- und Ter\u00adras\u00adsen\u00adbe\u00adgr\u00fc\u00adnung:<\/h4><ul class=\"ul1\"><li class=\"li2\"><b>Sta\u00adti\u00adsche Gege\u00adben\u00adhei\u00adten beach\u00adten<\/b>: Kann die Ter\u00adras\u00adse oder der Bal\u00adkon das Gewicht von Pflan\u00adzen, was\u00adser\u00adge\u00ads\u00e4t\u00adtig\u00adtem Sub\u00adstrat und Gef\u00e4\u00df sta\u00adtisch tra\u00adgen? Sta\u00adti\u00adsche Pr\u00fc\u00adfung.<\/li><li class=\"li2\"><b>Gr\u00f6\u00ad\u00dfe\u00adre Geh\u00f6l\u00adze fixie\u00adren<\/b>: Fixie\u00adrung des Wur\u00adzel\u00adbal\u00adlens mit einer Unter\u00adflur\u00adver\u00adan\u00adke\u00adrung, die am Grund des Bodens fixiert oder beschwert ist.<\/li><li class=\"li2\"><b>Ver\u00adweh\u00adsi\u00adcher\u00adheit<\/b>: Ver\u00admei\u00addung von Ero\u00adsi\u00adon und Ver\u00adwe\u00adhung vor\u00adtref\u00adfen; Sub\u00adstrat\u00adab\u00adde\u00adckung durch Mulch, boden\u00adde\u00adcken\u00adde Vege\u00adta\u00adti\u00adon.<\/li><li class=\"li2\"><b>Stand\u00adsi\u00adcher\u00adheit<\/b>: T\u00f6p\u00adfe soll\u00adten sta\u00adbil ste\u00adhen<\/li><li class=\"li2\"><b>Spe\u00adzi\u00adal\u00adsub\u00adstrat<\/b>: Ver\u00adwen\u00addung von struk\u00adtur\u00adsta\u00adbi\u00adlem Dach\u00adsub\u00adstrat (hoher mine\u00adra\u00adli\u00adscher Anteil).<\/li><li class=\"li6\"><b>Gesch\u00fctz\u00adtes Mikro\u00adkli\u00adma schaf\u00adfen<\/b>: Wind\u00adschutz durch Bau\u00adlich\u00adkeit oder ande\u00adre Pflan\u00adzen her\u00adstel\u00adlen.<\/li><\/ul><h4 style=\"padding-left: 40px;\">&nbsp;<\/h4><h4 class=\"p5\">Buch\u00adtipps:<\/h4><p class=\"p2\">In mei\u00adnen bei\u00adden B\u00fcchern fin\u00adden sich vie\u00adle der vor\u00adge\u00adstell\u00adten Pflan\u00adzen.<\/p><\/div><\/div><\/div>\t\t\t\t\t\t\t\t<\/div>\n\t\t\t\t<div class=\"elementor-element elementor-element-240ea3d elementor-widget elementor-widget-text-editor\" data-id=\"240ea3d\" data-element_type=\"widget\" data-e-type=\"widget\" data-widget_type=\"text-editor.default\">\n\t\t\t\t\t\t\t\t\t<p><em>TIPP: Bestell mein Buch doch in der Buch\u00adhand\u00adlung bei dir um die Ecke!<\/em><\/p>\t\t\t\t\t\t\t\t<\/div>\n\t\t\t\t<div class=\"elementor-element elementor-element-ebf15b6 elementor-widget elementor-widget-text-editor\" data-id=\"ebf15b6\" data-element_type=\"widget\" data-e-type=\"widget\" data-widget_type=\"text-editor.default\">\n\t\t\t\t\t\t\t\t\t<div class=\"page\" title=\"Page 1\"><div class=\"layoutArea\"><div class=\"column\">&nbsp;<\/div><div class=\"page\" title=\"Page 1\"><table class=\"t1\" cellspacing=\"0\" cellpadding=\"0\"><tbody><tr><td class=\"td9\" valign=\"top\"><a href=\"https:\/\/amzn.to\/3uBfIds\" target=\"_blank\" rel=\"noopener\"><img loading=\"lazy\" decoding=\"async\" class=\"alignnone wp-image-50895 size-medium\" src=\"https:\/\/bio-balkon.de\/wp-content\/uploads\/2021\/02\/Beete-insektenfreundlich-gestalten-Sonja-Schwingesbauer-249x300.avif\" alt width=\"249\" height=\"300\" srcset=\"https:\/\/bio-balkon.de\/wp-content\/uploads\/2021\/02\/Beete-insektenfreundlich-gestalten-Sonja-Schwingesbauer-249x300.avif 249w, https:\/\/bio-balkon.de\/wp-content\/uploads\/2021\/02\/Beete-insektenfreundlich-gestalten-Sonja-Schwingesbauer.avif 498w\" sizes=\"auto, (max-width: 249px) 100vw, 249px\"><\/a><\/td><td class=\"td10\" valign=\"top\">&nbsp;<\/td><td class=\"td11\" valign=\"top\"><a href=\"https:\/\/amzn.to\/2O1pFes\" target=\"_blank\" rel=\"noopener\"><img loading=\"lazy\" decoding=\"async\" class=\"alignnone wp-image-21037 size-medium\" src=\"https:\/\/bio-balkon.de\/wp-content\/uploads\/2021\/02\/sonja-schwingesbauer-wilde-nuetzlinge-2-245x300.avif\" alt width=\"245\" height=\"300\" srcset=\"https:\/\/bio-balkon.de\/wp-content\/uploads\/2021\/02\/sonja-schwingesbauer-wilde-nuetzlinge-2-245x300.avif 245w, https:\/\/bio-balkon.de\/wp-content\/uploads\/2021\/02\/sonja-schwingesbauer-wilde-nuetzlinge-2.avif 408w\" sizes=\"auto, (max-width: 245px) 100vw, 245px\"><\/a><\/td><\/tr><tr><td class=\"td12\" valign=\"top\"><p class=\"p10\">In die\u00adsem Buch gibt es zahl\u00adrei\u00adche hei\u00admi\u00adsche Wild\u00adblu\u00admen, eini\u00adge Gr\u00e4\u00adser\u00adar\u00adten und Blu\u00admen\u00adzwie\u00adbeln f\u00fcr das natur\u00adna\u00adhe Blu\u00admen\u00adbeet zu ent\u00adde\u00adcken. Vie\u00adle Arten eige\u00adnen sich sehr gut f\u00fcr die Ver\u00adwen\u00addung auf Bal\u00adkon und Ter\u00adras\u00adse.<\/p><p class=\"p10\">Das Buch ent\u00adh\u00e4lt:<\/p><ul class=\"ul1\"><li class=\"li10\">\u00d6ko\u00adlo\u00adgi\u00adsche Grund\u00adla\u00adgen.<\/li><li class=\"li10\">Eine Anlei\u00adtung f\u00fcr die Pla\u00adnung, Umset\u00adzung und Pfle\u00adge von Blu\u00admen\u00adbee\u00adten.<\/li><li class=\"li10\">10 Pflanz\u00adideen f\u00fcr unter\u00adschied\u00adli\u00adche Stand\u00ador\u00adte.<\/li><li class=\"li10\">Und es gibt ein jeweils eige\u00adnes Kapi\u00adtel mit Pflan\u00adzen- und Tier\u00adpor\u00adtraits.<\/li><\/ul><\/td><td class=\"td13\" valign=\"top\">&nbsp;<\/td><td class=\"td14\" valign=\"top\"><p class=\"p10\">In die\u00adsem Buch ste\u00adhen unse\u00adre wert\u00advol\u00adlen Gar\u00adten\u00adn\u00fctz\u00adlin\u00adge und ihre Leis\u00adtung im Zen\u00adtrum. Im Pro\u00adjekt\u00adteil gibt es neben Pflanz\u00advor\u00adschl\u00e4\u00adgen wert\u00advol\u00adle Tipps, wie der eige\u00adne Gar\u00adten zum N\u00fctz\u00adlings\u00adschla\u00adraf\u00adfen\u00adland wird.<\/p><p class=\"p10\">Das Buch beschreibt:<\/p><ul class=\"ul1\"><li class=\"li10\">Was ein wil\u00adder N\u00fctz\u00adlings\u00adgar\u00adten ist.<\/li><li class=\"li10\">Wel\u00adche Tie\u00adre f\u00fcr uns n\u00fctz\u00adlich sind? Nutz\u00adaspek\u00adte<\/li><li class=\"li10\">Wie man sei\u00adnen Gar\u00adten zum wil\u00adden N\u00fctz\u00adlings\u00adgar\u00adten ver\u00adwan\u00addeln kann.<\/li><\/ul><\/td><\/tr><\/tbody><\/table><\/div><\/div><\/div>\t\t\t\t\t\t\t\t<\/div>\n\t\t\t\t<div class=\"elementor-element elementor-element-1a1cc9e elementor-widget elementor-widget-text-editor\" data-id=\"1a1cc9e\" data-element_type=\"widget\" data-e-type=\"widget\" data-widget_type=\"text-editor.default\">\n\t\t\t\t\t\t\t\t\t<p style=\"padding-left: 40px;\">&nbsp;<\/p><p class=\"p1\">Pflan\u00adzen\u00adlis\u00adte f\u00fcr wind\u00adex\u00adpo\u00adnier\u00adte Stand\u00ador\u00adte <span class=\"s1\">\u2013 kei\u00adne Gew\u00e4hr\u00adleis\u00adtung und Haf\u00adtung<\/span><\/p><p class=\"p1\">Vor\u00adtrag \u201ePflan\u00adzen f\u00fcr wind\u00adex\u00adpo\u00adnier\u00adte Stand\u00ador\u00adte\u201c | DI Dr. Son\u00adja Schwin\u00adges\u00adbau\u00ader \u00a9| 2024 Bio-Bal\u00adkon Kon\u00adgress<\/p>\t\t\t\t\t\t\t\t<\/div>\n\t\t\t\t<\/div>\n\t\t\t\t\t<\/div>\n\t\t\t\t<\/div>\n\t\t\t\t<\/div>\n\t\t\t\t<\/div>\n\t\t\t\t\t\t<\/div>\n\t\t\t\t<\/div>\n\t\t\t\t\t<\/div>\n\t\t\t\t<\/div>\n\t\t\t\t<\/div>","protected":false},"excerpt":{"rendered":"","protected":false},"featured_media":0,"template":"","meta":{"_acf_changed":false,"wp_typography_post_enhancements_disabled":false},"class_list":["post-63090","experten","type-experten","status-publish","hentry"],"acf":[],"_links":{"self":[{"href":"https:\/\/bio-balkon.de\/en\/wp-json\/wp\/v2\/experten\/63090","targetHints":{"allow":["GET"]}}],"collection":[{"href":"https:\/\/bio-balkon.de\/en\/wp-json\/wp\/v2\/experten"}],"about":[{"href":"https:\/\/bio-balkon.de\/en\/wp-json\/wp\/v2\/types\/experten"}],"version-history":[{"count":0,"href":"https:\/\/bio-balkon.de\/en\/wp-json\/wp\/v2\/experten\/63090\/revisions"}],"wp:attachment":[{"href":"https:\/\/bio-balkon.de\/en\/wp-json\/wp\/v2\/media?parent=63090"}],"curies":[{"name":"wp","href":"https:\/\/api.w.org\/{rel}","templated":true}]}}