{"id":42835,"date":"2022-04-11T20:57:07","date_gmt":"2022-04-11T18:57:07","guid":{"rendered":"https:\/\/bio-balkon.de\/?post_type=experten&#038;p=42835"},"modified":"2023-12-16T12:10:49","modified_gmt":"2023-12-16T11:10:49","slug":"stefanie-binder","status":"publish","type":"experten","link":"https:\/\/bio-balkon.de\/en\/experten\/stefanie-binder\/","title":{"rendered":"Ste\u00adfa\u00adnie Bin\u00adder"},"content":{"rendered":"<div data-elementor-type=\"wp-post\" data-elementor-id=\"42835\" class=\"elementor elementor-42835\" data-elementor-post-type=\"experten\">\n\t\t\t\t\t\t<section class=\"elementor-section elementor-top-section elementor-element elementor-element-5ccd813 elementor-section-boxed elementor-section-height-default elementor-section-height-default\" data-id=\"5ccd813\" data-element_type=\"section\" data-e-type=\"section\">\n\t\t\t\t\t\t<div class=\"elementor-container elementor-column-gap-default\">\n\t\t\t\t\t<div class=\"elementor-column elementor-col-100 elementor-top-column elementor-element elementor-element-c289f31\" data-id=\"c289f31\" data-element_type=\"column\" data-e-type=\"column\">\n\t\t\t<div class=\"elementor-widget-wrap elementor-element-populated\">\n\t\t\t\t\t\t<div class=\"elementor-element elementor-element-be59044 elementor-widget elementor-widget-template\" data-id=\"be59044\" data-element_type=\"widget\" data-e-type=\"widget\" data-widget_type=\"template.default\">\n\t\t\t\t<div class=\"elementor-widget-container\">\n\t\t\t\t\t\t\t<div class=\"elementor-template\">\n\t\t\t\t\t<div data-elementor-type=\"section\" data-elementor-id=\"35635\" class=\"elementor elementor-35635\" data-elementor-post-type=\"elementor_library\">\n\t\t\t\t\t<section class=\"elementor-section elementor-top-section elementor-element elementor-element-4302ff8b elementor-section-boxed elementor-section-height-default elementor-section-height-default\" data-id=\"4302ff8b\" data-element_type=\"section\" data-e-type=\"section\">\n\t\t\t\t\t\t<div class=\"elementor-container elementor-column-gap-default\">\n\t\t\t\t\t<div class=\"elementor-column elementor-col-50 elementor-top-column elementor-element elementor-element-56f5e507\" data-id=\"56f5e507\" data-element_type=\"column\" data-e-type=\"column\">\n\t\t\t<div class=\"elementor-widget-wrap elementor-element-populated\">\n\t\t\t\t\t\t<div class=\"elementor-element elementor-element-856a73b elementor-widget elementor-widget-image\" data-id=\"856a73b\" data-element_type=\"widget\" data-e-type=\"widget\" data-widget_type=\"image.default\">\n\t\t\t\t\t\t\t\t\t\t\t\t\t\t\t<img loading=\"lazy\" decoding=\"async\" width=\"150\" height=\"150\" src=\"https:\/\/bio-balkon.de\/wp-content\/uploads\/2020\/06\/Stefanie-binder-DSC_0715-Kopie-U\u0308berblick-Steffi-mittendrin-ausschnitt-150x150.avif\" class=\"attachment-thumbnail size-thumbnail wp-image-8249\" alt=\"Stefanie Binder inmitten ihrer Wildpflanzen auf ihrem Hamburger Innenhof-Balkon\">\t\t\t\t\t\t\t\t\t\t\t\t\t\t\t<\/div>\n\t\t\t\t\t<\/div>\n\t\t<\/div>\n\t\t\t\t<div class=\"elementor-column elementor-col-50 elementor-top-column elementor-element elementor-element-3c25caee\" data-id=\"3c25caee\" data-element_type=\"column\" data-e-type=\"column\">\n\t\t\t<div class=\"elementor-widget-wrap elementor-element-populated\">\n\t\t\t\t\t\t<div class=\"elementor-element elementor-element-46ebadae elementor-widget elementor-widget-heading\" data-id=\"46ebadae\" data-element_type=\"widget\" data-e-type=\"widget\" data-widget_type=\"heading.default\">\n\t\t\t\t\t<h2 class=\"elementor-heading-title elementor-size-default\">Ste\u00adfa\u00adnie Bin\u00adder<\/h2>\t\t\t\t<\/div>\n\t\t\t\t<div class=\"elementor-element elementor-element-703aa865 elementor-widget elementor-widget-heading\" data-id=\"703aa865\" data-element_type=\"widget\" data-e-type=\"widget\" data-widget_type=\"heading.default\">\n\t\t\t\t\t<p class=\"elementor-heading-title elementor-size-default\">Wild\u00adbie\u00adnen\u00adreich<\/p>\t\t\t\t<\/div>\n\t\t\t\t<div class=\"elementor-element elementor-element-f8941a4 elementor-widget elementor-widget-text-editor\" data-id=\"f8941a4\" data-element_type=\"widget\" data-e-type=\"widget\" data-widget_type=\"text-editor.default\">\n\t\t\t\t\t\t\t\t\t<p>Die\u00adses Inter\u00adview wur\u00adde beim 4. Online Bio-Bal\u00adkon Kon\u00adgress M\u00e4rz 2020 <a href=\"https:\/\/bio-balkon.de\/en\/kongress-2020\/\" target=\"_blank\" rel=\"noopener\">\u201eMein Bio\u00adtop auf dem Bal\u00adkon\u201c<\/a> aus\u00adge\u00adstrahlt.<\/p>\t\t\t\t\t\t\t\t<\/div>\n\t\t\t\t\t<\/div>\n\t\t<\/div>\n\t\t\t\t\t<\/div>\n\t\t<\/section>\n\t\t\t\t<section class=\"elementor-section elementor-top-section elementor-element elementor-element-3cebe05e elementor-section-boxed elementor-section-height-default elementor-section-height-default\" data-id=\"3cebe05e\" data-element_type=\"section\" data-e-type=\"section\">\n\t\t\t\t\t\t<div class=\"elementor-container elementor-column-gap-default\">\n\t\t\t\t\t<div class=\"elementor-column elementor-col-100 elementor-top-column elementor-element elementor-element-5f415857\" data-id=\"5f415857\" data-element_type=\"column\" data-e-type=\"column\">\n\t\t\t<div class=\"elementor-widget-wrap elementor-element-populated\">\n\t\t\t\t\t\t<div class=\"elementor-element elementor-element-7c6a8b41 elementor-widget elementor-widget-text-editor\" data-id=\"7c6a8b41\" data-element_type=\"widget\" data-e-type=\"widget\" data-widget_type=\"text-editor.default\">\n\t\t\t\t\t\t\t\t\t<p>Ste\u00adfa\u00adnie Bin\u00adder hat sich einen Traum\u00adbal\u00adkon geschaf\u00adfen, nur 3 m\u00b2 gro\u00df, in einem Innen\u00adhof einer Wohn\u00adan\u00adla\u00adge mit\u00adten in Ham\u00adburg. Inner\u00adhalb von zwei Mona\u00adten konn\u00adte sie inmit\u00adten ihres Bl\u00fc\u00adten\u00admee\u00adres sit\u00adzen, genie\u00ad\u00dfen, foto\u00adgra\u00adfie\u00adren. Bes\u00adtens doku\u00admen\u00adtiert f\u00fcr \u201eDeutsch\u00adland summt \u2013 Wir tun was f\u00fcr Bie\u00adnen\u201c. Sie beleg\u00adte 2019 den 1. Platz in der Kate\u00adgo\u00adrie Bal\u00adko\u00adne. Sie und ihr Traum\u00adbal\u00adkon aus ein\u00adhei\u00admi\u00adschen Wild\u00adblu\u00admen in 78 T\u00f6p\u00adfen (aktu\u00adell Fr\u00fch\u00adjahr 2022 schon 105 T\u00f6p\u00adfe) inspi\u00adrie\u00adren nun vie\u00adle ande\u00adre Men\u00adschen, denn wer m\u00f6ch\u00adte nicht inner\u00adhalb von Bl\u00fc\u00adten sit\u00adzen, deren Ger\u00fc\u00adche wahr\u00adneh\u00admen, die zar\u00adte Optik genie\u00ad\u00dfen. The\u00adma ist, wie man sich die\u00adse wun\u00adder\u00adsch\u00f6\u00adne, span\u00adnen\u00adde, pfle\u00adge\u00adleich\u00adte Arten\u00adviel\u00adfalt auf den Bal\u00adkon holt, die Tie\u00adre unter\u00adst\u00fctzt.<\/p><p>Tol\u00adle Bil\u00adder von ihrem Bal\u00adkon fin\u00addest Du beim Pflanz\u00adwett\u00adbe\u00adwerb \u201eWir tun was f\u00fcr Bie\u00adnen\u201c <a href=\"https:\/\/wettbewerb.wir-tun-was-fuer-bienen.de\/archiv-2019\/eintrag\/wildbienenbalkon\/\" target=\"_blank\" rel=\"noopener\">Teil 1<\/a>&nbsp;and&nbsp;<a href=\"https:\/\/wettbewerb.wir-tun-was-fuer-bienen.de\/archiv-2019\/eintrag\/wildbienenbalkon-teil-2\/\" target=\"_blank\" rel=\"noopener\">Teil 2<\/a>.<\/p><p>Ihren Bal\u00adkon stellt sie hier auf <a href=\"https:\/\/bio-balkon.de\/en\/create-a-low-maintenance-beautifully-flowering-bee-friendly-balcony\/\" target=\"_blank\" rel=\"noopener\">\u201eBio-Bal\u00adkon\u201c<\/a> vor und hier auf dem <a href=\"https:\/\/wildermeter.de\/balkonbesuch-bei-steffi-in-hamburg\/\" target=\"_blank\" rel=\"noopener\">\u201eWil\u00adder Meter\u201c<\/a>.<\/p><p>Hier stellt sie sich auf der <a href=\"https:\/\/www.tausende-gaerten.de\/so-gehts\/praemierte-paradiese\/garten\/?id=269\" target=\"_blank\" rel=\"noopener\">Gr\u00fc\u00adnen Land\u00adkar\u00adte vom Pro\u00adjekt Tau\u00adsen\u00adde G\u00e4r\u00adten und Tau\u00adsen\u00adde Arten<\/a> vor.<\/p><p>Eins ihrer Fotos ziert das Cover von <a href=\"https:\/\/shop.naturgarten.org\/natur-garten\/227\/natur-garten-1\/2022-naturnahe-balkone-und-topfgaerten?c=16\" target=\"_blank\" rel=\"noopener\">\u201eNatur&amp;Garten 1\/2022 \u2013 Natur\u00adna\u00adhe Bal\u00adko\u00adne und Topf\u00adg\u00e4r\u00adten\u201c<\/a>, innen drin sind nat\u00fcr\u00adlich auch noch meh\u00adre\u00adre Fotos von ihr ver\u00adwen\u00addet.&nbsp;<\/p>\t\t\t\t\t\t\t\t<\/div>\n\t\t\t\t<div class=\"elementor-element elementor-element-46fc667 elementor-widget-divider--view-line elementor-widget elementor-widget-divider\" data-id=\"46fc667\" data-element_type=\"widget\" data-e-type=\"widget\" data-widget_type=\"divider.default\">\n\t\t\t\t\t\t\t<div class=\"elementor-divider\">\n\t\t\t<span class=\"elementor-divider-separator\">\n\t\t\t\t\t\t<\/span>\n\t\t<\/div>\n\t\t\t\t\t\t<\/div>\n\t\t\t\t<div class=\"elementor-element elementor-element-ec37be6 elementor-widget elementor-widget-heading\" data-id=\"ec37be6\" data-element_type=\"widget\" data-e-type=\"widget\" data-widget_type=\"heading.default\">\n\t\t\t\t\t<h3 class=\"elementor-heading-title elementor-size-default\">Bun\u00addes\u00adwei\u00adter Pflanz\u00adwett\u00adbe\u00adwerb \u201cWir tun was f\u00fcr Bie\u00adnen 2022!\u201d<\/h3>\t\t\t\t<\/div>\n\t\t\t\t<div class=\"elementor-element elementor-element-b29bd4a elementor-widget elementor-widget-text-editor\" data-id=\"b29bd4a\" data-element_type=\"widget\" data-e-type=\"widget\" data-widget_type=\"text-editor.default\">\n\t\t\t\t\t\t\t\t\t<p>The&nbsp;<a href=\"https:\/\/wir-tun-was-fuer-bienen.de\/home.html\" target=\"_blank\" rel=\"noopener\">Pflanz\u00adwett\u00adbe\u00adwerb \u201eWir tun was f\u00fcr Bie\u00adnen!\u201c 2022<\/a>&nbsp;ist er\u00f6ff\u00adnet! Wer legt den insek\u00adten\u00adfreund\u00adlichs\u00adten Gar\u00adten Deutsch\u00adlands an und macht die sch\u00f6ns\u00adten Aktio\u00adnen? Ob Ein\u00adzel\u00adper\u00adson oder Grup\u00adpe, Klein\u00adkind, Fir\u00admen\u00adchef oder \u00d6ko\u00adspe\u00adzia\u00adlist \u2013&nbsp;<strong>alle k\u00f6n\u00adnen mit\u00adma\u00adchen!<\/strong><\/p>\t\t\t\t\t\t\t\t<\/div>\n\t\t\t\t<div class=\"elementor-element elementor-element-334008c elementor-widget-divider--view-line elementor-widget elementor-widget-divider\" data-id=\"334008c\" data-element_type=\"widget\" data-e-type=\"widget\" data-widget_type=\"divider.default\">\n\t\t\t\t\t\t\t<div class=\"elementor-divider\">\n\t\t\t<span class=\"elementor-divider-separator\">\n\t\t\t\t\t\t<\/span>\n\t\t<\/div>\n\t\t\t\t\t\t<\/div>\n\t\t\t\t<div class=\"elementor-element elementor-element-cdd98e2 elementor-widget elementor-widget-heading\" data-id=\"cdd98e2\" data-element_type=\"widget\" data-e-type=\"widget\" data-widget_type=\"heading.default\">\n\t\t\t\t\t<h3 class=\"elementor-heading-title elementor-size-default\">Natur&amp;Garten 1\/2022 \u2014 Natur\u00adna\u00adhe Bal\u00adko\u00adne und Topf\u00adg\u00e4r\u00adten<\/h3>\t\t\t\t<\/div>\n\t\t\t\t\t<\/div>\n\t\t<\/div>\n\t\t\t\t\t<\/div>\n\t\t<\/section>\n\t\t\t\t<section class=\"elementor-section elementor-top-section elementor-element elementor-element-3cf5d12 elementor-section-boxed elementor-section-height-default elementor-section-height-default\" data-id=\"3cf5d12\" data-element_type=\"section\" data-e-type=\"section\">\n\t\t\t\t\t\t<div class=\"elementor-container elementor-column-gap-default\">\n\t\t\t\t\t<div class=\"elementor-column elementor-col-100 elementor-top-column elementor-element elementor-element-350ce47\" data-id=\"350ce47\" data-element_type=\"column\" data-e-type=\"column\">\n\t\t\t<div class=\"elementor-widget-wrap elementor-element-populated\">\n\t\t\t\t\t\t<section class=\"elementor-section elementor-inner-section elementor-element elementor-element-670ed42 elementor-section-boxed elementor-section-height-default elementor-section-height-default\" data-id=\"670ed42\" data-element_type=\"section\" data-e-type=\"section\">\n\t\t\t\t\t\t<div class=\"elementor-container elementor-column-gap-default\">\n\t\t\t\t\t<div class=\"elementor-column elementor-col-25 elementor-inner-column elementor-element elementor-element-09673a5\" data-id=\"09673a5\" data-element_type=\"column\" data-e-type=\"column\">\n\t\t\t<div class=\"elementor-widget-wrap elementor-element-populated\">\n\t\t\t\t\t\t<div class=\"elementor-element elementor-element-35d7dab elementor-widget elementor-widget-image\" data-id=\"35d7dab\" data-element_type=\"widget\" data-e-type=\"widget\" data-widget_type=\"image.default\">\n\t\t\t\t\t\t\t\t\t\t\t\t\t\t\t\t<a href=\"https:\/\/shop.naturgarten.org\/natur-garten\/227\/natur-garten-1\/2022-naturnahe-balkone-und-topfgaerten?c=16\" target=\"_blank\" rel=\"nofollow\">\n\t\t\t\t\t\t\t<img loading=\"lazy\" decoding=\"async\" width=\"212\" height=\"300\" src=\"https:\/\/bio-balkon.de\/wp-content\/uploads\/2021\/01\/NaturGarten_2022.01_Naturbalkon_Katahrina_Heuberger-212x300.avif\" class=\"attachment-medium size-medium wp-image-42821\" alt srcset=\"https:\/\/bio-balkon.de\/wp-content\/uploads\/2021\/01\/NaturGarten_2022.01_Naturbalkon_Katahrina_Heuberger-212x300.avif 212w, https:\/\/bio-balkon.de\/wp-content\/uploads\/2021\/01\/NaturGarten_2022.01_Naturbalkon_Katahrina_Heuberger-724x1024.avif 724w, https:\/\/bio-balkon.de\/wp-content\/uploads\/2021\/01\/NaturGarten_2022.01_Naturbalkon_Katahrina_Heuberger-768x1086.avif 768w, https:\/\/bio-balkon.de\/wp-content\/uploads\/2021\/01\/NaturGarten_2022.01_Naturbalkon_Katahrina_Heuberger-1086x1536.avif 1086w, https:\/\/bio-balkon.de\/wp-content\/uploads\/2021\/01\/NaturGarten_2022.01_Naturbalkon_Katahrina_Heuberger-8x12.avif 8w, https:\/\/bio-balkon.de\/wp-content\/uploads\/2021\/01\/NaturGarten_2022.01_Naturbalkon_Katahrina_Heuberger.avif 1194w\" sizes=\"auto, (max-width: 212px) 100vw, 212px\">\t\t\t\t\t\t\t\t<\/a>\n\t\t\t\t\t\t\t\t\t\t\t\t\t\t\t<\/div>\n\t\t\t\t\t<\/div>\n\t\t<\/div>\n\t\t\t\t<div class=\"elementor-column elementor-col-25 elementor-inner-column elementor-element elementor-element-5a7264c\" data-id=\"5a7264c\" data-element_type=\"column\" data-e-type=\"column\">\n\t\t\t<div class=\"elementor-widget-wrap\">\n\t\t\t\t\t\t\t<\/div>\n\t\t<\/div>\n\t\t\t\t<div class=\"elementor-column elementor-col-25 elementor-inner-column elementor-element elementor-element-ea2ab30\" data-id=\"ea2ab30\" data-element_type=\"column\" data-e-type=\"column\">\n\t\t\t<div class=\"elementor-widget-wrap\">\n\t\t\t\t\t\t\t<\/div>\n\t\t<\/div>\n\t\t\t\t<div class=\"elementor-column elementor-col-25 elementor-inner-column elementor-element elementor-element-067b4d6\" data-id=\"067b4d6\" data-element_type=\"column\" data-e-type=\"column\">\n\t\t\t<div class=\"elementor-widget-wrap\">\n\t\t\t\t\t\t\t<\/div>\n\t\t<\/div>\n\t\t\t\t\t<\/div>\n\t\t<\/section>\n\t\t\t\t<div class=\"elementor-element elementor-element-11cf0fe elementor-widget-divider--view-line elementor-widget elementor-widget-divider\" data-id=\"11cf0fe\" data-element_type=\"widget\" data-e-type=\"widget\" data-widget_type=\"divider.default\">\n\t\t\t\t\t\t\t<div class=\"elementor-divider\">\n\t\t\t<span class=\"elementor-divider-separator\">\n\t\t\t\t\t\t<\/span>\n\t\t<\/div>\n\t\t\t\t\t\t<\/div>\n\t\t\t\t\t<\/div>\n\t\t<\/div>\n\t\t\t\t\t<\/div>\n\t\t<\/section>\n\t\t\t\t<section class=\"elementor-section elementor-top-section elementor-element elementor-element-de8792e elementor-section-boxed elementor-section-height-default elementor-section-height-default\" data-id=\"de8792e\" data-element_type=\"section\" data-e-type=\"section\">\n\t\t\t\t\t\t<div class=\"elementor-container elementor-column-gap-default\">\n\t\t\t\t\t<div class=\"elementor-column elementor-col-100 elementor-top-column elementor-element elementor-element-ed0c10e\" data-id=\"ed0c10e\" data-element_type=\"column\" data-e-type=\"column\">\n\t\t\t<div class=\"elementor-widget-wrap elementor-element-populated\">\n\t\t\t\t\t\t<div class=\"elementor-element elementor-element-a534512 elementor-widget elementor-widget-text-editor\" data-id=\"a534512\" data-element_type=\"widget\" data-e-type=\"widget\" data-widget_type=\"text-editor.default\">\n\t\t\t\t\t\t\t\t\t<p>Ihre Bil\u00adder zie\u00adren unse\u00adre Kon\u00adgress\u00adsei\u00adte f\u00fcr die Tie\u00adre-pflan\u00adzen-Kon\u00adgres\u00adse und f\u00fcr die dazu\u00adge\u00adh\u00f6\u00adri\u00adgen Fly\u00ader, die zehn\u00adtau\u00adsend\u00adfach in Deutsch\u00adland ver\u00adteilt wur\u00adden. W\u00f6chent\u00adlich bekommt sie Anfra\u00adgen von Kom\u00admu\u00adnen und sie stellt ihre tol\u00adlen Fotos zur Ver\u00adf\u00fc\u00adgung, damit mehr insek\u00adten\u00adfreund\u00adli\u00adche Pflan\u00adzen ver\u00adwen\u00addet wer\u00adden und mehr \u201eWil\u00adde Meter\u201c und \u201eWild\u00adbie\u00adnen\u00adrei\u00adche\u201c ent\u00adste\u00adhen.<\/p>\t\t\t\t\t\t\t\t<\/div>\n\t\t\t\t\t<\/div>\n\t\t<\/div>\n\t\t\t\t\t<\/div>\n\t\t<\/section>\n\t\t\t\t<section class=\"elementor-section elementor-top-section elementor-element elementor-element-a57f773 elementor-section-boxed elementor-section-height-default elementor-section-height-default\" data-id=\"a57f773\" data-element_type=\"section\" data-e-type=\"section\">\n\t\t\t\t\t\t<div class=\"elementor-container elementor-column-gap-default\">\n\t\t\t\t\t<div class=\"elementor-column elementor-col-100 elementor-top-column elementor-element elementor-element-f170597\" data-id=\"f170597\" data-element_type=\"column\" data-e-type=\"column\">\n\t\t\t<div class=\"elementor-widget-wrap elementor-element-populated\">\n\t\t\t\t\t\t<section class=\"elementor-section elementor-inner-section elementor-element elementor-element-d04a630 elementor-section-boxed elementor-section-height-default elementor-section-height-default\" data-id=\"d04a630\" data-element_type=\"section\" data-e-type=\"section\">\n\t\t\t\t\t\t<div class=\"elementor-container elementor-column-gap-default\">\n\t\t\t\t\t<div class=\"elementor-column elementor-col-25 elementor-inner-column elementor-element elementor-element-d5e46fe\" data-id=\"d5e46fe\" data-element_type=\"column\" data-e-type=\"column\">\n\t\t\t<div class=\"elementor-widget-wrap elementor-element-populated\">\n\t\t\t\t\t\t<div class=\"elementor-element elementor-element-ccd554d elementor-widget elementor-widget-image\" data-id=\"ccd554d\" data-element_type=\"widget\" data-e-type=\"widget\" data-widget_type=\"image.default\">\n\t\t\t\t\t\t\t\t\t\t\t\t\t\t\t\t<a href=\"https:\/\/bio-balkon.de\/en\/kongress-2020\/\" target=\"_blank\" rel=\"nofollow\">\n\t\t\t\t\t\t\t<img loading=\"lazy\" decoding=\"async\" width=\"212\" height=\"300\" src=\"https:\/\/bio-balkon.de\/wp-content\/uploads\/2021\/11\/Flyer_A4_beidseitig1600-212x300.avif\" class=\"attachment-medium size-medium wp-image-42828\" alt srcset=\"https:\/\/bio-balkon.de\/wp-content\/uploads\/2021\/11\/Flyer_A4_beidseitig1600-212x300.avif 212w, https:\/\/bio-balkon.de\/wp-content\/uploads\/2021\/11\/Flyer_A4_beidseitig1600-8x12.avif 8w, https:\/\/bio-balkon.de\/wp-content\/uploads\/2021\/11\/Flyer_A4_beidseitig1600.avif 600w\" sizes=\"auto, (max-width: 212px) 100vw, 212px\">\t\t\t\t\t\t\t\t<\/a>\n\t\t\t\t\t\t\t\t\t\t\t\t\t\t\t<\/div>\n\t\t\t\t\t<\/div>\n\t\t<\/div>\n\t\t\t\t<div class=\"elementor-column elementor-col-25 elementor-inner-column elementor-element elementor-element-9dd6d47\" data-id=\"9dd6d47\" data-element_type=\"column\" data-e-type=\"column\">\n\t\t\t<div class=\"elementor-widget-wrap elementor-element-populated\">\n\t\t\t\t\t\t<div class=\"elementor-element elementor-element-4671418 elementor-widget elementor-widget-image\" data-id=\"4671418\" data-element_type=\"widget\" data-e-type=\"widget\" data-widget_type=\"image.default\">\n\t\t\t\t\t\t\t\t\t\t\t\t\t\t\t\t<a href=\"https:\/\/bio-balkon.de\/en\/kann-man-tiere-pflanzen\/\" target=\"_blank\" rel=\"nofollow\">\n\t\t\t\t\t\t\t<img decoding=\"async\" width=\"213\" height=\"300\" src=\"https:\/\/bio-balkon.de\/wp-content\/uploads\/2021\/11\/tiere_pflanzen_1240x1748_final-1-213x300.avif\" class=\"attachment-medium size-medium wp-image-42829\" alt=\"F\u00fcr bl\u00fchende Wohlf\u00fchlorte f\u00fcr Mensch und Tier in Stadt und Land\" loading=\"lazy\" srcset=\"https:\/\/bio-balkon.de\/wp-content\/uploads\/2021\/11\/tiere_pflanzen_1240x1748_final-1-213x300.avif 213w, https:\/\/bio-balkon.de\/wp-content\/uploads\/2021\/11\/tiere_pflanzen_1240x1748_final-1-726x1024.avif 726w, https:\/\/bio-balkon.de\/wp-content\/uploads\/2021\/11\/tiere_pflanzen_1240x1748_final-1-768x1083.avif 768w, https:\/\/bio-balkon.de\/wp-content\/uploads\/2021\/11\/tiere_pflanzen_1240x1748_final-1-1090x1536.avif 1090w, https:\/\/bio-balkon.de\/wp-content\/uploads\/2021\/11\/tiere_pflanzen_1240x1748_final-1-9x12.avif 9w, https:\/\/bio-balkon.de\/wp-content\/uploads\/2021\/11\/tiere_pflanzen_1240x1748_final-1.avif 1240w\" sizes=\"auto, (max-width: 213px) 100vw, 213px\">\t\t\t\t\t\t\t\t<\/a>\n\t\t\t\t\t\t\t\t\t\t\t\t\t\t\t<\/div>\n\t\t\t\t\t<\/div>\n\t\t<\/div>\n\t\t\t\t<div class=\"elementor-column elementor-col-25 elementor-inner-column elementor-element elementor-element-ef25bf7\" data-id=\"ef25bf7\" data-element_type=\"column\" data-e-type=\"column\">\n\t\t\t<div class=\"elementor-widget-wrap elementor-element-populated\">\n\t\t\t\t\t\t<div class=\"elementor-element elementor-element-abf9ac9 elementor-widget elementor-widget-image\" data-id=\"abf9ac9\" data-element_type=\"widget\" data-e-type=\"widget\" data-widget_type=\"image.default\">\n\t\t\t\t\t\t\t\t\t\t\t\t\t\t\t\t<a href=\"https:\/\/bio-balkon.de\/en\/kann-man-tiere-pflanzen\/\" target=\"_blank\" rel=\"nofollow\">\n\t\t\t\t\t\t\t<img decoding=\"async\" width=\"213\" height=\"300\" src=\"https:\/\/bio-balkon.de\/wp-content\/uploads\/2021\/11\/tiere_pflanzen_1240x1748_final-2-213x300.avif\" class=\"attachment-medium size-medium wp-image-42830\" alt=\"F\u00fcr bl\u00fchende Wohlf\u00fchlorte f\u00fcr Mensch und Tier in Stadt und Land\" loading=\"lazy\" srcset=\"https:\/\/bio-balkon.de\/wp-content\/uploads\/2021\/11\/tiere_pflanzen_1240x1748_final-2-213x300.avif 213w, https:\/\/bio-balkon.de\/wp-content\/uploads\/2021\/11\/tiere_pflanzen_1240x1748_final-2-726x1024.avif 726w, https:\/\/bio-balkon.de\/wp-content\/uploads\/2021\/11\/tiere_pflanzen_1240x1748_final-2-768x1083.avif 768w, https:\/\/bio-balkon.de\/wp-content\/uploads\/2021\/11\/tiere_pflanzen_1240x1748_final-2-1090x1536.avif 1090w, https:\/\/bio-balkon.de\/wp-content\/uploads\/2021\/11\/tiere_pflanzen_1240x1748_final-2-9x12.avif 9w, https:\/\/bio-balkon.de\/wp-content\/uploads\/2021\/11\/tiere_pflanzen_1240x1748_final-2.avif 1240w\" sizes=\"auto, (max-width: 213px) 100vw, 213px\">\t\t\t\t\t\t\t\t<\/a>\n\t\t\t\t\t\t\t\t\t\t\t\t\t\t\t<\/div>\n\t\t\t\t\t<\/div>\n\t\t<\/div>\n\t\t\t\t<div class=\"elementor-column elementor-col-25 elementor-inner-column elementor-element elementor-element-9913d7d\" data-id=\"9913d7d\" data-element_type=\"column\" data-e-type=\"column\">\n\t\t\t<div class=\"elementor-widget-wrap\">\n\t\t\t\t\t\t\t<\/div>\n\t\t<\/div>\n\t\t\t\t\t<\/div>\n\t\t<\/section>\n\t\t\t\t<section class=\"elementor-section elementor-inner-section elementor-element elementor-element-ae25517 elementor-section-boxed elementor-section-height-default elementor-section-height-default\" data-id=\"ae25517\" data-element_type=\"section\" data-e-type=\"section\">\n\t\t\t\t\t\t<div class=\"elementor-container elementor-column-gap-default\">\n\t\t\t\t\t<div class=\"elementor-column elementor-col-25 elementor-inner-column elementor-element elementor-element-5013453\" data-id=\"5013453\" data-element_type=\"column\" data-e-type=\"column\">\n\t\t\t<div class=\"elementor-widget-wrap elementor-element-populated\">\n\t\t\t\t\t\t<div class=\"elementor-element elementor-element-dda6032 elementor-widget elementor-widget-image\" data-id=\"dda6032\" data-element_type=\"widget\" data-e-type=\"widget\" data-widget_type=\"image.default\">\n\t\t\t\t\t\t\t\t\t\t\t\t\t\t\t\t<a href=\"https:\/\/bio-balkon.de\/en\/kann-man-tiere-pflanzen-2\/\" target=\"_blank\" rel=\"nofollow\">\n\t\t\t\t\t\t\t<img decoding=\"async\" width=\"213\" height=\"300\" src=\"https:\/\/bio-balkon.de\/wp-content\/uploads\/2021\/11\/Flyer_tiere_pflanzen_2022_1240x1748_final-213x300.avif\" class=\"attachment-medium size-medium wp-image-42826\" alt loading=\"lazy\" srcset=\"https:\/\/bio-balkon.de\/wp-content\/uploads\/2021\/11\/Flyer_tiere_pflanzen_2022_1240x1748_final-213x300.avif 213w, https:\/\/bio-balkon.de\/wp-content\/uploads\/2021\/11\/Flyer_tiere_pflanzen_2022_1240x1748_final-726x1024.avif 726w, https:\/\/bio-balkon.de\/wp-content\/uploads\/2021\/11\/Flyer_tiere_pflanzen_2022_1240x1748_final-768x1083.avif 768w, https:\/\/bio-balkon.de\/wp-content\/uploads\/2021\/11\/Flyer_tiere_pflanzen_2022_1240x1748_final-1090x1536.avif 1090w, https:\/\/bio-balkon.de\/wp-content\/uploads\/2021\/11\/Flyer_tiere_pflanzen_2022_1240x1748_final-9x12.avif 9w, https:\/\/bio-balkon.de\/wp-content\/uploads\/2021\/11\/Flyer_tiere_pflanzen_2022_1240x1748_final.avif 1240w\" sizes=\"auto, (max-width: 213px) 100vw, 213px\">\t\t\t\t\t\t\t\t<\/a>\n\t\t\t\t\t\t\t\t\t\t\t\t\t\t\t<\/div>\n\t\t\t\t\t<\/div>\n\t\t<\/div>\n\t\t\t\t<div class=\"elementor-column elementor-col-25 elementor-inner-column elementor-element elementor-element-4df5ef9\" data-id=\"4df5ef9\" data-element_type=\"column\" data-e-type=\"column\">\n\t\t\t<div class=\"elementor-widget-wrap elementor-element-populated\">\n\t\t\t\t\t\t<div class=\"elementor-element elementor-element-2083c57 elementor-widget elementor-widget-image\" data-id=\"2083c57\" data-element_type=\"widget\" data-e-type=\"widget\" data-widget_type=\"image.default\">\n\t\t\t\t\t\t\t\t\t\t\t\t\t\t\t\t<a href=\"https:\/\/bio-balkon.de\/en\/kann-man-tiere-pflanzen-2\/\" target=\"_blank\" rel=\"nofollow\">\n\t\t\t\t\t\t\t<img decoding=\"async\" width=\"213\" height=\"300\" src=\"https:\/\/bio-balkon.de\/wp-content\/uploads\/2021\/11\/Flyer_tiere_pflanzen_2022_1240x1748_final--213x300.avif\" class=\"attachment-medium size-medium wp-image-42827\" alt loading=\"lazy\" srcset=\"https:\/\/bio-balkon.de\/wp-content\/uploads\/2021\/11\/Flyer_tiere_pflanzen_2022_1240x1748_final--213x300.avif 213w, https:\/\/bio-balkon.de\/wp-content\/uploads\/2021\/11\/Flyer_tiere_pflanzen_2022_1240x1748_final--726x1024.avif 726w, https:\/\/bio-balkon.de\/wp-content\/uploads\/2021\/11\/Flyer_tiere_pflanzen_2022_1240x1748_final--768x1083.avif 768w, https:\/\/bio-balkon.de\/wp-content\/uploads\/2021\/11\/Flyer_tiere_pflanzen_2022_1240x1748_final--1090x1536.avif 1090w, https:\/\/bio-balkon.de\/wp-content\/uploads\/2021\/11\/Flyer_tiere_pflanzen_2022_1240x1748_final-.avif 1240w\" sizes=\"auto, (max-width: 213px) 100vw, 213px\">\t\t\t\t\t\t\t\t<\/a>\n\t\t\t\t\t\t\t\t\t\t\t\t\t\t\t<\/div>\n\t\t\t\t\t<\/div>\n\t\t<\/div>\n\t\t\t\t<div class=\"elementor-column elementor-col-25 elementor-inner-column elementor-element elementor-element-1c0ebee\" data-id=\"1c0ebee\" data-element_type=\"column\" data-e-type=\"column\">\n\t\t\t<div class=\"elementor-widget-wrap elementor-element-populated\">\n\t\t\t\t\t\t<div class=\"elementor-element elementor-element-79e2ce8 elementor-widget elementor-widget-image\" data-id=\"79e2ce8\" data-element_type=\"widget\" data-e-type=\"widget\" data-widget_type=\"image.default\">\n\t\t\t\t\t\t\t\t\t\t\t\t\t\t\t\t<a href=\"https:\/\/bio-balkon.de\/en\/jubilaeums-bio-balkon-kongress\/\" target=\"_blank\" rel=\"nofollow\">\n\t\t\t\t\t\t\t<img decoding=\"async\" width=\"213\" height=\"300\" src=\"https:\/\/bio-balkon.de\/wp-content\/uploads\/2021\/11\/Flyer_best-of_2022_1240x1748_Seite1-213x300.avif\" class=\"attachment-medium size-medium wp-image-42824\" alt=\"Werbebild vom Bio-Balkon-Kongress Best of 5 Jahre Flyer\" loading=\"lazy\" srcset=\"https:\/\/bio-balkon.de\/wp-content\/uploads\/2021\/11\/Flyer_best-of_2022_1240x1748_Seite1-213x300.avif 213w, https:\/\/bio-balkon.de\/wp-content\/uploads\/2021\/11\/Flyer_best-of_2022_1240x1748_Seite1-726x1024.avif 726w, https:\/\/bio-balkon.de\/wp-content\/uploads\/2021\/11\/Flyer_best-of_2022_1240x1748_Seite1-768x1083.avif 768w, https:\/\/bio-balkon.de\/wp-content\/uploads\/2021\/11\/Flyer_best-of_2022_1240x1748_Seite1-1090x1536.avif 1090w, https:\/\/bio-balkon.de\/wp-content\/uploads\/2021\/11\/Flyer_best-of_2022_1240x1748_Seite1-9x12.avif 9w, https:\/\/bio-balkon.de\/wp-content\/uploads\/2021\/11\/Flyer_best-of_2022_1240x1748_Seite1.avif 1240w\" sizes=\"auto, (max-width: 213px) 100vw, 213px\">\t\t\t\t\t\t\t\t<\/a>\n\t\t\t\t\t\t\t\t\t\t\t\t\t\t\t<\/div>\n\t\t\t\t\t<\/div>\n\t\t<\/div>\n\t\t\t\t<div class=\"elementor-column elementor-col-25 elementor-inner-column elementor-element elementor-element-30bf72a\" data-id=\"30bf72a\" data-element_type=\"column\" data-e-type=\"column\">\n\t\t\t<div class=\"elementor-widget-wrap\">\n\t\t\t\t\t\t\t<\/div>\n\t\t<\/div>\n\t\t\t\t\t<\/div>\n\t\t<\/section>\n\t\t\t\t<div class=\"elementor-element elementor-element-69ecde3 elementor-widget-divider--view-line elementor-widget elementor-widget-divider\" data-id=\"69ecde3\" data-element_type=\"widget\" data-e-type=\"widget\" data-widget_type=\"divider.default\">\n\t\t\t\t\t\t\t<div class=\"elementor-divider\">\n\t\t\t<span class=\"elementor-divider-separator\">\n\t\t\t\t\t\t<\/span>\n\t\t<\/div>\n\t\t\t\t\t\t<\/div>\n\t\t\t\t\t<\/div>\n\t\t<\/div>\n\t\t\t\t\t<\/div>\n\t\t<\/section>\n\t\t\t\t<section class=\"elementor-section elementor-top-section elementor-element elementor-element-4d92e89 elementor-section-boxed elementor-section-height-default elementor-section-height-default\" data-id=\"4d92e89\" data-element_type=\"section\" data-e-type=\"section\">\n\t\t\t\t\t\t<div class=\"elementor-container elementor-column-gap-default\">\n\t\t\t\t\t<div class=\"elementor-column elementor-col-100 elementor-top-column elementor-element elementor-element-8e88bcc\" data-id=\"8e88bcc\" data-element_type=\"column\" data-e-type=\"column\">\n\t\t\t<div class=\"elementor-widget-wrap elementor-element-populated\">\n\t\t\t\t\t\t<div class=\"elementor-element elementor-element-a9d4d12 elementor-widget elementor-widget-text-editor\" data-id=\"a9d4d12\" data-element_type=\"widget\" data-e-type=\"widget\" data-widget_type=\"text-editor.default\">\n\t\t\t\t\t\t\t\t\t<p>Die\u00adses Inter\u00adview wur\u00adde beim 4. Online Bio-Bal\u00adkon Kon\u00adgress M\u00e4rz 2020 <a href=\"https:\/\/bio-balkon.de\/en\/kongress-2020\/\" target=\"_blank\" rel=\"noopener\">\u201eMein Bio\u00adtop auf dem Bal\u00adkon\u201c<\/a> aus\u00adge\u00adstrahlt.<\/p>\t\t\t\t\t\t\t\t<\/div>\n\t\t\t\t\t<\/div>\n\t\t<\/div>\n\t\t\t\t\t<\/div>\n\t\t<\/section>\n\t\t\t\t<\/div>\n\t\t\t\t<\/div>\n\t\t\t\t\t\t<\/div>\n\t\t\t\t<\/div>\n\t\t\t\t\t<\/div>\n\t\t<\/div>\n\t\t\t\t\t<\/div>\n\t\t<\/section>\n\t\t\t\t<\/div>","protected":false},"excerpt":{"rendered":"<p>Ste\u00adfa\u00adnie Bin\u00adder hat sich einen Traum\u00adbal\u00adkon geschaf\u00adfen, nur 3 m\u00b2 gro\u00df, in einem Innen\u00adhof einer Wohn\u00adan\u00adla\u00adge mit\u00adten in Ham\u00adburg. Inner\u00adhalb von zwei Mona\u00adten konn\u00adte sie inmit\u00adten ihres Bl\u00fc\u00adten\u00admee\u00adres sit\u00adzen, genie\u00ad\u00dfen, foto\u00adgra\u00adfie\u00adren. Bes\u00adtens doku\u00admen\u00adtiert f\u00fcr \u201eDeutsch\u00adland summt \u2013 Wir tun was f\u00fcr Bie\u00adnen\u201c.<\/p>","protected":false},"featured_media":8249,"template":"","meta":{"_acf_changed":false,"wp_typography_post_enhancements_disabled":false},"class_list":["post-42835","experten","type-experten","status-publish","has-post-thumbnail","hentry"],"acf":[],"_links":{"self":[{"href":"https:\/\/bio-balkon.de\/en\/wp-json\/wp\/v2\/experten\/42835","targetHints":{"allow":["GET"]}}],"collection":[{"href":"https:\/\/bio-balkon.de\/en\/wp-json\/wp\/v2\/experten"}],"about":[{"href":"https:\/\/bio-balkon.de\/en\/wp-json\/wp\/v2\/types\/experten"}],"version-history":[{"count":0,"href":"https:\/\/bio-balkon.de\/en\/wp-json\/wp\/v2\/experten\/42835\/revisions"}],"wp:featuredmedia":[{"embeddable":true,"href":"https:\/\/bio-balkon.de\/en\/wp-json\/wp\/v2\/media\/8249"}],"wp:attachment":[{"href":"https:\/\/bio-balkon.de\/en\/wp-json\/wp\/v2\/media?parent=42835"}],"curies":[{"name":"wp","href":"https:\/\/api.w.org\/{rel}","templated":true}]}}