{"id":21447,"date":"2021-02-04T04:54:23","date_gmt":"2021-02-04T03:54:23","guid":{"rendered":"https:\/\/bio-balkon.de\/?post_type=experten&#038;p=21447"},"modified":"2026-02-28T17:53:50","modified_gmt":"2026-02-28T16:53:50","slug":"uta-kietsch","status":"publish","type":"experten","link":"https:\/\/bio-balkon.de\/en\/experten\/uta-kietsch\/","title":{"rendered":"Uta Kietsch"},"content":{"rendered":"<div data-elementor-type=\"wp-post\" data-elementor-id=\"21447\" class=\"elementor elementor-21447\" data-elementor-post-type=\"experten\">\n\t\t\t\t\t\t<section class=\"elementor-section elementor-top-section elementor-element elementor-element-9d849b4 elementor-section-boxed elementor-section-height-default elementor-section-height-default\" data-id=\"9d849b4\" data-element_type=\"section\" data-e-type=\"section\">\n\t\t\t\t\t\t<div class=\"elementor-container elementor-column-gap-default\">\n\t\t\t\t\t<div class=\"elementor-column elementor-col-100 elementor-top-column elementor-element elementor-element-5d35d78\" data-id=\"5d35d78\" data-element_type=\"column\" data-e-type=\"column\">\n\t\t\t<div class=\"elementor-widget-wrap elementor-element-populated\">\n\t\t\t\t\t\t<div class=\"elementor-element elementor-element-a329e6c elementor-widget elementor-widget-template\" data-id=\"a329e6c\" data-element_type=\"widget\" data-e-type=\"widget\" data-widget_type=\"template.default\">\n\t\t\t\t<div class=\"elementor-widget-container\">\n\t\t\t\t\t\t\t<div class=\"elementor-template\">\n\t\t\t\t\t<div data-elementor-type=\"section\" data-elementor-id=\"20926\" class=\"elementor elementor-20926\" data-elementor-post-type=\"elementor_library\">\n\t\t\t\t\t<section class=\"elementor-section elementor-top-section elementor-element elementor-element-4890d81b elementor-section-boxed elementor-section-height-default elementor-section-height-default\" data-id=\"4890d81b\" data-element_type=\"section\" data-e-type=\"section\">\n\t\t\t\t\t\t<div class=\"elementor-container elementor-column-gap-default\">\n\t\t\t\t\t<div class=\"elementor-column elementor-col-50 elementor-top-column elementor-element elementor-element-5336c515\" data-id=\"5336c515\" data-element_type=\"column\" data-e-type=\"column\">\n\t\t\t<div class=\"elementor-widget-wrap elementor-element-populated\">\n\t\t\t\t\t\t<div class=\"elementor-element elementor-element-2a67f56d elementor-widget elementor-widget-image\" data-id=\"2a67f56d\" data-element_type=\"widget\" data-e-type=\"widget\" data-widget_type=\"image.default\">\n\t\t\t\t\t\t\t\t\t\t\t\t\t\t\t<img loading=\"lazy\" decoding=\"async\" width=\"150\" height=\"150\" src=\"https:\/\/bio-balkon.de\/wp-content\/uploads\/2021\/01\/Uta-Kietsch-150x150.avif\" class=\"attachment-thumbnail size-thumbnail wp-image-19956\" alt>\t\t\t\t\t\t\t\t\t\t\t\t\t\t\t<\/div>\n\t\t\t\t\t<\/div>\n\t\t<\/div>\n\t\t\t\t<div class=\"elementor-column elementor-col-50 elementor-top-column elementor-element elementor-element-47323cc0\" data-id=\"47323cc0\" data-element_type=\"column\" data-e-type=\"column\">\n\t\t\t<div class=\"elementor-widget-wrap elementor-element-populated\">\n\t\t\t\t\t\t<div class=\"elementor-element elementor-element-feb1685 elementor-widget elementor-widget-heading\" data-id=\"feb1685\" data-element_type=\"widget\" data-e-type=\"widget\" data-widget_type=\"heading.default\">\n\t\t\t\t\t<h2 class=\"elementor-heading-title elementor-size-default\">Uta Kietsch<\/h2>\t\t\t\t<\/div>\n\t\t\t\t<div class=\"elementor-element elementor-element-fc96b27 elementor-widget elementor-widget-heading\" data-id=\"fc96b27\" data-element_type=\"widget\" data-e-type=\"widget\" data-widget_type=\"heading.default\">\n\t\t\t\t\t<p class=\"elementor-heading-title elementor-size-default\">Wild\u00adpflan\u00adzen\u00adver\u00admeh\u00adre\u00adrin, Blu\u00admen\u00adwie\u00adse<\/p>\t\t\t\t<\/div>\n\t\t\t\t\t<\/div>\n\t\t<\/div>\n\t\t\t\t\t<\/div>\n\t\t<\/section>\n\t\t\t\t<section class=\"elementor-section elementor-top-section elementor-element elementor-element-2a84ba23 elementor-section-boxed elementor-section-height-default elementor-section-height-default\" data-id=\"2a84ba23\" data-element_type=\"section\" data-e-type=\"section\">\n\t\t\t\t\t\t<div class=\"elementor-container elementor-column-gap-default\">\n\t\t\t\t\t<div class=\"elementor-column elementor-col-100 elementor-top-column elementor-element elementor-element-50139879\" data-id=\"50139879\" data-element_type=\"column\" data-e-type=\"column\">\n\t\t\t<div class=\"elementor-widget-wrap elementor-element-populated\">\n\t\t\t\t\t\t<div class=\"elementor-element elementor-element-30ee80d7 elementor-widget elementor-widget-text-editor\" data-id=\"30ee80d7\" data-element_type=\"widget\" data-e-type=\"widget\" data-widget_type=\"text-editor.default\">\n\t\t\t\t\t\t\t\t\t<p>Uta Kietsch pro\u00addu\u00adziert Wild\u00adsa\u00admen, sie ver\u00admehrt Wild\u00adblu\u00admen. Das Inter\u00ades\u00adse an Pflan\u00adzen erwach\u00adte in ihrer Jugend, es folg\u00adte eine G\u00e4rt\u00adner-Leh\u00adre in der Baum\u00adschu\u00adle sowie die Aus\u00adbil\u00addung zur staat\u00adlich gepr\u00fcf\u00adten Tech\u00adni\u00adke\u00adrin f\u00fcr Pro\u00adduk\u00adti\u00adons-Gar\u00adten\u00adbau in Dres\u00adden-Pill\u00adnitz. Beson\u00adders die viel\u00adf\u00e4l\u00adti\u00adge und umfang\u00adrei\u00adche Welt der Stau\u00adden hat es ihr ange\u00adtan. 10 Jah\u00adre war sie als G\u00e4rt\u00adner\u00admeis\u00adte\u00adrin an der Hoch\u00adschu\u00adle Anhalt (FH) in Bern\u00adburg t\u00e4tig. 2007 wag\u00adte sie den Sprung in die Selbst\u00adst\u00e4n\u00addig\u00adkei mit der Wild\u00adsa\u00admen-Insel. Die Betreu\u00adung ihrer Kul\u00adtu\u00adren im Ein\u00adklang mit den nat\u00fcr\u00adli\u00adchen Bedin\u00adgun\u00adgen und den Jah\u00adres\u00adryth\u00admen, das Sam\u00admeln des Saat\u00adgu\u00adtes in der wun\u00adder\u00adsch\u00f6\u00adnen ucker\u00adm\u00e4r\u00adki\u00adschen Land\u00adschaft und der Umgang mit dem Saat\u00adgut berei\u00adten ihr gro\u00ad\u00dfe Freu\u00adde.<\/p><p><strong>Con\u00adtents:<\/strong><\/p><p>Uta Kietsch erz\u00e4hlt, wie die <strong>Ver\u00admeh\u00adrung von Wild\u00adblu\u00admen<\/strong>&nbsp;and the <strong>Pro\u00adduk\u00adti\u00adon von Saat\u00adgut<\/strong> erfolgt. Sie stellt uns die <strong>ein\u00adzel\u00adnen Schrit\u00adte<\/strong> vor, wie wir uns eine <strong>Blu\u00admen\u00adwie\u00adse auf dem Bal\u00adkon<\/strong> anle\u00adgen k\u00f6n\u00adnen, von der vie\u00adle tr\u00e4u\u00admen. Sie erkl\u00e4rt, wie deren <strong>Care<\/strong> and <strong>Win\u00adter pro\u00adtec\u00adtion<\/strong> erfolgt. Sie spricht dar\u00ad\u00fcber, wie wir <strong>Wild\u00adpflan\u00adzen aus Samen zie\u00adhen<\/strong>, ist es doch die Vari\u00adan\u00adte, sich ganz g\u00fcns\u00adtig einen Wild\u00adpflan\u00adzen\u00adbal\u00adkon zu gestal\u00adten.&nbsp; Sie stellt vor, wo wir <strong>Saat\u00adgut erwer\u00adben<\/strong> k\u00f6n\u00adnen. Wir spre\u00adchen \u00fcber <strong>Baum\u00adschei\u00adben\u00adbe\u00adgr\u00fc\u00adnun\u00adgen in der Stadt<\/strong>.<\/p><p>P.S. Die schlech\u00adte Ton\u00adqua\u00adli\u00adt\u00e4t die\u00adses inhalts\u00adrei\u00adchen Gespr\u00e4\u00adches tut uns leid. Eine Tran\u00adskrip\u00adti\u00adon zum Nachlesen\/Mitlesen ist als Ser\u00advice auf\u00adge\u00adnom\u00admen.&nbsp;<strong>Der\u00adar\u00adti\u00adge Ver\u00adschrift\u00adli\u00adchun\u00adgen s\u00e4mt\u00adli\u00adcher 28 Inter\u00adviews sind im Kon\u00adgress\u00adhand\u00adbuch (als Teil des Kon\u00adgress\u00adpa\u00adke\u00adtes) zum Nach\u00adle\u00adsen ent\u00adhal\u00adten. 22 Frau\u00aden aus der Face\u00adbook\u00adgrup\u00adpe zum Bio-Bal\u00adkon Kon\u00adgress erle\u00addig\u00adten die\u00adse Rie\u00adsen\u00adar\u00adbeit.<\/strong> Dan\u00adke Anna f\u00fcr die Ver\u00adschrift\u00adli\u00adchung, sie qu\u00e4l\u00adte sich ziem\u00adlich.<\/p>\t\t\t\t\t\t\t\t<\/div>\n\t\t\t\t<div class=\"elementor-element elementor-element-a34fec3 elementor-widget-divider--view-line elementor-widget elementor-widget-divider\" data-id=\"a34fec3\" data-element_type=\"widget\" data-e-type=\"widget\" data-widget_type=\"divider.default\">\n\t\t\t\t\t\t\t<div class=\"elementor-divider\">\n\t\t\t<span class=\"elementor-divider-separator\">\n\t\t\t\t\t\t<\/span>\n\t\t<\/div>\n\t\t\t\t\t\t<\/div>\n\t\t\t\t<div class=\"elementor-element elementor-element-75081cf3 elementor-widget elementor-widget-heading\" data-id=\"75081cf3\" data-element_type=\"widget\" data-e-type=\"widget\" data-widget_type=\"heading.default\">\n\t\t\t\t\t<h3 class=\"elementor-heading-title elementor-size-default\">Web\u00adsite<\/h3>\t\t\t\t<\/div>\n\t\t\t\t<div class=\"elementor-element elementor-element-27a4faab elementor-icon-list--layout-traditional elementor-list-item-link-full_width elementor-widget elementor-widget-icon-list\" data-id=\"27a4faab\" data-element_type=\"widget\" data-e-type=\"widget\" data-widget_type=\"icon-list.default\">\n\t\t\t\t\t\t\t<ul class=\"elementor-icon-list-items\">\n\t\t\t\t\t\t\t<li class=\"elementor-icon-list-item\">\n\t\t\t\t\t\t\t\t\t\t\t<a href=\"https:\/\/www.wildsamen-insel.de\/\" target=\"_blank\">\n\n\t\t\t\t\t\t\t\t\t\t\t\t<span class=\"elementor-icon-list-icon\">\n\t\t\t\t\t\t\t<svg aria-hidden=\"true\" class=\"e-font-icon-svg e-fas-external-link-alt\" viewBox=\"0 0 512 512\"><path d=\"M432,320H400a16,16,0,0,0-16,16V448H64V128H208a16,16,0,0,0,16-16V80a16,16,0,0,0-16-16H48A48,48,0,0,0,0,112V464a48,48,0,0,0,48,48H400a48,48,0,0,0,48-48V336A16,16,0,0,0,432,320ZM488,0h-128c-21.37,0-32.05,25.91-17,41l35.73,35.73L135,320.37a24,24,0,0,0,0,34L157.67,377a24,24,0,0,0,34,0L435.28,133.32,471,169c15,15,41,4.5,41-17V24A24,24,0,0,0,488,0Z\" \/><\/svg>\t\t\t\t\t\t<\/span>\n\t\t\t\t\t\t\t\t\t\t<span class=\"elementor-icon-list-text\">Wild\u00adsa\u00admen Insel<\/span>\n\t\t\t\t\t\t\t\t\t\t\t<\/a>\n\t\t\t\t\t\t\t\t\t<\/li>\n\t\t\t\t\t\t<\/ul>\n\t\t\t\t\t\t<\/div>\n\t\t\t\t\t<\/div>\n\t\t<\/div>\n\t\t\t\t\t<\/div>\n\t\t<\/section>\n\t\t\t\t<section class=\"elementor-section elementor-top-section elementor-element elementor-element-d2b32c2 elementor-section-boxed elementor-section-height-default elementor-section-height-default\" data-id=\"d2b32c2\" data-element_type=\"section\" data-e-type=\"section\">\n\t\t\t\t\t\t<div class=\"elementor-container elementor-column-gap-default\">\n\t\t\t\t\t<div class=\"elementor-column elementor-col-100 elementor-top-column elementor-element elementor-element-af41b49\" data-id=\"af41b49\" data-element_type=\"column\" data-e-type=\"column\">\n\t\t\t<div class=\"elementor-widget-wrap elementor-element-populated\">\n\t\t\t\t\t\t<div class=\"elementor-element elementor-element-1698d6d elementor-widget elementor-widget-text-editor\" data-id=\"1698d6d\" data-element_type=\"widget\" data-e-type=\"widget\" data-widget_type=\"text-editor.default\">\n\t\t\t\t\t\t\t\t\t<p align=\"justify\"><span style=\"color: #000000;\"><span style=\"font-family: Calibri-Italic, serif;\"><span style=\"font-size: medium;\"><i>Herz\u00adlich will\u00adkom\u00admen beim Bio-Bal\u00adkon-Kon\u00adgress, ich begr\u00fc\u00ad\u00dfe heu\u00adte Uta Kietsch. Guten Tag, Frau Kietsch!<\/i><\/span><\/span><\/span><\/p><p align=\"justify\"><span style=\"color: #000000;\"><span style=\"font-family: Calibri, serif;\"><span style=\"font-size: medium;\">Guten Tag!<\/span><\/span><\/span><\/p><p align=\"justify\"><span style=\"color: #000000;\"><span style=\"font-family: Calibri-Italic, serif;\"><span style=\"font-size: medium;\"><i>Die Frau Kietsch pro\u00addu\u00adziert Wild\u00adsa\u00admen, sie ver\u00admehrt Wild\u00adblu\u00admen. Und wir spre\u00adchen heu\u00adte \u00fcber die\u00adses sch\u00f6\u00adne The\u00adma \u201e<\/i><\/span><\/span><\/span><span style=\"color: #000000;\"><span style=\"font-family: Calibri-BoldItalic, serif;\"><span style=\"font-size: medium;\"><i><b>Wild\u00adblu\u00admen- oder Wild\u00adpflan\u00adzen-Ver\u00admeh\u00adrung<\/b><\/i><\/span><\/span><\/span><span style=\"color: #000000;\"><span style=\"font-family: Calibri-Italic, serif;\"><span style=\"font-size: medium;\"><i>, und <\/i><\/span><\/span><\/span><span style=\"color: #000000;\"><span style=\"font-family: Calibri-BoldItalic, serif;\"><span style=\"font-size: medium;\"><i><b>wie legt man eine Blu\u00admen\u00adwie\u00adse an<\/b><\/i><\/span><\/span><\/span><span style=\"color: #000000;\"><span style=\"font-family: Calibri-Italic, serif;\"><span style=\"font-size: medium;\"><i>\u201c. Ich freue mich, dass Sie dabei sind. Frau Kietsch, wie sind Sie zu Ihrer jet\u00adzi\u00adgen T\u00e4tig\u00adkeit gekom\u00admen, Saat\u00adgut zu ver\u00admeh\u00adren?<\/i><\/span><\/span><\/span><\/p><p align=\"justify\"><span style=\"color: #000000;\"><span style=\"font-family: Calibri, serif;\"><span style=\"font-size: medium;\">Ja ich habe vor\u00adher an der Hoch\u00adschu\u00adle in Bern\u00adburg in Anhalt gear\u00adbei\u00adtet, und da hab ich den Ernst Rie\u00adger ken\u00adnen\u00adge\u00adlernt, von der Fir\u00adma Rie\u00adger-Hof\u00admann. Das ist die Fir\u00adma, die sehr bekannt ist in Deutsch\u00adland und \u00fcber einen sehr gro\u00ad\u00dfes Netz\u00adwerk von Anbau\u00adern und Samm\u00adlern von Wild\u00adblu\u00admen ver\u00adf\u00fcgt, und die Idee fand ich so toll, dass ich bei denen in Urlaub mal Prak\u00adti\u00adkum gemacht hab und gefragt hab, ja, wie siehts denn aus, braucht ihr noch Anbau\u00ader? Ja, brau\u00adchen wir. Und dar\u00adauf\u00adhin hab ich mich dann auf die Suche bege\u00adben, hab mir einen Koope\u00adra\u00adti\u00adons\u00adpart\u00adner hier in Bern\u00adburg gesucht und dann hab ich mei\u00adnen Betrieb gegr\u00fcn\u00addet vor 14 Jah\u00adren.<\/span><\/span><\/span><\/p><p align=\"justify\"><span style=\"color: #000000;\"><span style=\"font-family: Calibri-Italic, serif;\"><span style=\"font-size: medium;\"><i>K\u00f6n\u00adnen Sie uns bit\u00adte erkl\u00e4\u00adren, wie die <\/i><\/span><\/span><\/span><span style=\"color: #000000;\"><span style=\"font-family: Calibri-BoldItalic, serif;\"><span style=\"font-size: medium;\"><i><b>Ver\u00admeh\u00adrung<\/b><\/i><\/span><\/span><\/span><span style=\"color: #000000;\"><span style=\"font-family: Calibri-Italic, serif;\"><span style=\"font-size: medium;\"><i> erfolgt, wie sie Ihre Pflan\u00adzen anbau\u00aden und wel\u00adche T\u00e4tig\u00adkei\u00adten damit ver\u00adbun\u00adden sind? Wir k\u00f6n\u00adnen uns das gar nicht so vor\u00adstel\u00adlen. Au\u00dfer dass es schreck\u00adlich viel Arbeit ist, Samen sind ja immer so klein.<\/i><\/span><\/span><\/span><\/p><p align=\"justify\"><span style=\"color: #000000;\"><span style=\"font-family: Calibri, serif;\"><span style=\"font-size: medium;\">Ja, es ist schon ziem\u00adlich m\u00fch\u00adsam, also ist so, dass ich das <\/span><\/span><\/span><span style=\"color: #000000;\"><span style=\"font-family: Calibri-Bold, serif;\"><span style=\"font-size: medium;\"><b>Aus\u00adgangs\u00adsaat\u00adgut<\/b><\/span><\/span><\/span><span style=\"color: #000000;\"><span style=\"font-family: Calibri, serif;\"><span style=\"font-size: medium;\"> f\u00fcr mei\u00adne Kul\u00adtu\u00adren sel\u00adber samm\u00adle hier in der n\u00e4he\u00adren Umge\u00adbung, so drei\u00ad\u00dfig, vier\u00adzig Kilo\u00adme\u00adter im Umkreis, das ist schon mal eine ziem\u00adli\u00adche Her\u00adaus\u00adfor\u00adde\u00adrung. Ers\u00adtens muss man die Pflan\u00adzen fin\u00adden; dann muss man sich sicher sein, dass sie nicht aus Ansaa\u00adten stam\u00admen, wenn man dann aber etwas Erfah\u00adrung hat, dann erkennt man auch, ob das jetzt eine nat\u00fcr\u00adlich ent\u00adstan\u00adde\u00adne Wie\u00adse ist, oder ob das eine ange\u00ads\u00e4\u00adte ist. Und dann ver\u00admeh\u00adren wir es so, dass wir das Saat\u00adgut erst\u00admal auf\u00adbe\u00adrei\u00adten und dann in Mul\u00adti\u00adplat\u00adten s\u00e4en, oder je nach\u00addem, wenn es zum Bei\u00adspiel Kalt\u00adkei\u00admer, eine hart\u00adscha\u00adli\u00adge Art ist, wird man die erst in Aus\u00adsaatscha\u00adlen s\u00e4en, und danach pikie\u00adren, also in klei\u00adne P\u00f6t\u00adte umset\u00adzen. Und wenn die Pflan\u00adzen hoch genug sind, dann kom\u00admen sie aufs Feld, dann wird jede Art f\u00fcr sich aus\u00adge\u00adpflanzt, mit einer Pflanz\u00adma\u00adschi\u00adne, dann gehegt und gepflegt. Meis\u00adtens dann ab dem zwei\u00adten Jahr wird geern\u00adtet, das ist auch sehr unter\u00adschied\u00adlich, je nach \u2026 Soll ich das wei\u00adter aus\u00adf\u00fch\u00adren?<\/span><\/span><\/span><\/p><p align=\"justify\"><span style=\"color: #000000;\"><span style=\"font-family: Calibri-Italic, serif;\"><span style=\"font-size: medium;\"><i>Ja bit\u00adte \u2013 Ja, das ist so ein neu\u00ades Feld f\u00fcr uns.<\/i><\/span><\/span><\/span><\/p><p align=\"justify\"><span style=\"color: #000000;\"><span style=\"font-family: Calibri, serif;\"><span style=\"font-size: medium;\">Ja also, es gibt Arten, die \u00fcber einen lan\u00adgen Zeit\u00adraum bl\u00fc\u00adhen und fruch\u00adten, da k\u00f6n\u00adnen wir nicht ein\u00adfach ein\u00admal abschnei\u00adden, da krie\u00adgen wir viel zu wenig Ertrag , da m\u00fcs\u00adsen wir wirk\u00adlich jeden Tag \u2013 Mon\u00adtag bis Sonn\u00adtag wohl\u00adge\u00admerkt \u2013 durch\u00adge\u00adhen. Es gibt auch Arten, die rich\u00adtig schwer zu erken\u00adnen sind, ob sie \u00fcber\u00adhaupt reif sind<\/span><\/span><\/span><span style=\"color: #000000;\"><span style=\"font-family: Calibri-Bold, serif;\"><span style=\"font-size: medium;\"><b>. <\/b><\/span><\/span><\/span><span style=\"color: #000000;\"><span style=\"font-family: Calibri, serif;\"><span style=\"font-size: medium;\">Dann haben wir Arten, wo wir dann eben rela\u00adtiv leicht abrei\u00ad\u00dfen, die wir dann mit Schnitt ern\u00adten, mit einem Schneid-Lader, der schnei\u00addet und ladet, dann wird das Mate\u00adri\u00adal in die Scheu\u00adne gebracht, getrock\u00adnet, und danach aus\u00adge\u00adsamt. Dann haben wir Arten mit fluf\u00adfi\u00adgen Samen, zum Bei\u00adspiel den <\/span><\/span><\/span><span style=\"color: #000000;\"><span style=\"font-family: Calibri-Italic, serif;\"><span style=\"font-size: medium;\"><i>Wie\u00adsen-Pip\u00adpau<\/i><\/span><\/span><\/span><span style=\"color: #000000;\"><span style=\"font-family: Calibri, serif;\"><span style=\"font-size: medium;\"> or the <\/span><\/span><\/span><span style=\"color: #000000;\"><span style=\"font-family: Calibri-Italic, serif;\"><span style=\"font-size: medium;\"><i>Rau\u00adhen L\u00f6wen\u00adzahn<\/i><\/span><\/span><\/span><span style=\"color: #000000;\"><span style=\"font-family: Calibri, serif;\"><span style=\"font-size: medium;\">, die ern\u00adten wir ein\u00adfach mit dem Staub\u00adsauger. Da gehen wir wirk\u00adlich mit einem ganz ein\u00adfa\u00adchen Tisch-Staub\u00adsauger durch und sau\u00adgen das ab. Dann haben wir Arten, die wir mit der Sche\u00adre ern\u00adten, also ganz unter\u00adschied\u00adlich. Und wir haben auch etli\u00adche Arten, die wir auf dem Feld anbau\u00aden. Aber zum Bei\u00adspiel ist das auch schwie\u00adrig bei Ufer\u00adstau\u00adden, bei Wald\u00adstau\u00adden, die kann man nicht wirk\u00adlich auf dem Acker anbau\u00aden. Sol\u00adche Arten sam\u00admeln wir hier in der Umge\u00adbung in nat\u00fcr\u00adli\u00adchen Best\u00e4n\u00adden, die wer\u00adden ohne Anbau geern\u00adtet. Also schon sehr viel\u00adf\u00e4l\u00adti\u00adge Ver\u00adh\u00e4lt\u00adnis\u00adse. Man kann viel falsch machen, man kann vie\u00adle Erfah\u00adrun\u00adgen sam\u00admeln, und jeder muss das auch an sei\u00adnem Stand\u00adort, und man kann sich zwar viel mit sei\u00adnen Kol\u00adle\u00adgen aus\u00adtau\u00adschen, aber letzt\u00adlich muss man die Erfah\u00adrung sel\u00adber machen, das kann man \u00fcber\u00adhaupt nicht 1:1<\/span><\/span><\/span><b> <\/b><span style=\"color: #000000;\"><span style=\"font-family: Calibri, serif;\"><span style=\"font-size: medium;\">von ande\u00adren so \u00fcber\u00adneh\u00admen.<\/span><\/span><\/span><\/p><p align=\"justify\"><span style=\"color: #000000;\"><span style=\"font-family: Calibri-Italic, serif;\"><span style=\"font-size: medium;\"><i>Das erscheint mir total span\u00adnend. K\u00f6n\u00adnen Sie, damit wir uns das noch bes\u00adser vor\u00adstel\u00adlen k\u00f6n\u00adnen, sagen, wie\u00adviel Acker Sie bewirt\u00adschaf\u00adten, was zu Ihnen geh\u00f6rt, und wie\u00adviel Qua\u00addrat\u00adme\u00adter Sie von mir aus pro Art anbau\u00aden so im Schnitt, nur im Gef\u00fchl \u2026 und wie vie\u00adle Mit\u00adar\u00adbei\u00adter \u2026.<\/i><\/span><\/span><\/span><\/p><p align=\"justify\"><span style=\"color: #000000;\"><span style=\"font-family: Calibri, serif;\"><span style=\"font-size: medium;\">Ja also, wir haben drei Hekt\u00adar Acker, aber von dem sind nur etwa ein Hekt\u00adar mit Wild\u00adblu\u00admen bepflanzt, und ich hab vier Mit\u00adar\u00adbei\u00adter, drei Voll\u00adzeit\u00adkr\u00e4f\u00adte. Wir bau\u00aden auf dem Feld etwa f\u00fcnf\u00adund\u00adzwan\u00adzig bis drei\u00ad\u00dfig ver\u00adschie\u00adde\u00adne Arten an, und etwa genau\u00adso viel sam\u00admeln wir in der Umge\u00adbung. Und dann haben wir nat\u00fcr\u00adlich noch eine G\u00e4rt\u00adne\u00adrei, in der wir Jung\u00adpflan\u00adzen\u00adan\u00adzucht machen ein biss\u00adchen, Arten die schwie\u00adri\u00adger sind in der Kul\u00adtur, und ein paar zum Hoch\u00adp\u00e4p\u00adpeln, die man h\u00e4u\u00adfi\u00adger auch mal anschau\u00aden muss.<\/span><\/span><\/span><\/p><p align=\"justify\"><span style=\"color: #000000;\"><span style=\"font-family: Calibri-Italic, serif;\"><span style=\"font-size: medium;\"><i>Ganz span\u00adnend find ich, dass Sie noch drau\u00ad\u00dfen sam\u00admeln. Das hat eine gro\u00ad\u00dfe Logik, dass wir jetzt Wald\u2011, Wild\u00adpflan\u00adzen nicht auf dem Acker anbau\u00aden k\u00f6n\u00adnen, das \u2026<\/i><\/span><\/span><\/span><\/p><p align=\"justify\"><span style=\"color: #000000;\"><span style=\"font-family: Calibri, serif;\"><span style=\"font-size: medium;\">Man kann schon rela\u00adtiv viel anbau\u00aden, aber alles funk\u00adtio\u00adniert nicht.<\/span><\/span><\/span><\/p><p align=\"justify\"><span style=\"color: #000000;\"><span style=\"font-family: Calibri-Italic, serif;\"><span style=\"font-size: medium;\"><i>Ja \u2026 Ja. Und Sie machen Ja Regio-Saat\u00adgut. <\/i><\/span><\/span><\/span><\/p><p align=\"justify\"><span style=\"color: #000000;\"><span style=\"font-family: Calibri, serif;\"><span style=\"font-size: medium;\">Ja \u2026<\/span><\/span><\/span><\/p><p align=\"justify\"><span style=\"color: #000000;\"><span style=\"font-family: Calibri-Italic, serif;\"><span style=\"font-size: medium;\"><i>K\u00f6n\u00adnen Sie dazu noch\u00admal den Hin\u00adter\u00adgrund erl\u00e4u\u00adtern und ob es wich\u00adtig ist f\u00fcr uns Stadt\u00adbal\u00adkon-G\u00e4rt\u00adner<\/i><\/span><\/span><\/span><\/p><p align=\"justify\"><span style=\"color: #000000;\"><span style=\"font-family: Calibri, serif;\"><span style=\"font-size: medium;\">Ja, also <\/span><\/span><\/span><span style=\"color: #000000;\"><span style=\"font-family: Calibri-Bold, serif;\"><span style=\"font-size: medium;\"><b>Regio-Saat\u00adgut<\/b><\/span><\/span><\/span><span style=\"color: #000000;\"><span style=\"font-family: Calibri, serif;\"><span style=\"font-size: medium;\"> genau bedeu\u00adtet, dass das Aus\u00adgangs-Saat\u00adgut in <\/span><\/span><\/span><span style=\"color: #000000;\"><span style=\"font-family: Calibri-Bold, serif;\"><span style=\"font-size: medium;\"><b>defi\u00adnier\u00adten Her\u00adkunfts-Regio\u00adnen<\/b><\/span><\/span><\/span><span style=\"color: #000000;\"><span style=\"font-family: Calibri, serif;\"><span style=\"font-size: medium;\"> gesam\u00admelt und dann wei\u00adter\u00adver\u00admehrt und auch in die\u00adsen Regio\u00adnen wie\u00adder gehan\u00addelt wird. <\/span><\/span><\/span><span style=\"color: #000000;\"><span style=\"font-family: Calibri-Bold, serif;\"><span style=\"font-size: medium;\"><b>Damit es nicht so ist, dass eine Glo\u00adcken\u00adblu\u00adme aus Bay\u00adern dann letzt\u00adlich in Bran\u00adden\u00adburg aus\u00adge\u00ads\u00e4t wird. Das hat eben auch den Hin\u00adter\u00adgrund, dass sich die Pflan\u00adzen \u00fcber Jahr\u00adtau\u00adsen\u00adde an den Stand\u00adort ange\u00adpasst haben und sich gene\u00adtisch auch ziem\u00adlich stark unter\u00adschei\u00adden in der Her\u00adkunft. Des\u00adwe\u00adgen ist es auch \u00fcber\u00adhaupt nicht egal, ob das Saat\u00adgut aus Bay\u00adern nach Bran\u00adden\u00adburg impor\u00adtiert wird. Wir glau\u00adben, dass es jetzt immer ein Zusam\u00admen\u00adspiel mit Tie\u00adren auch hat, also dass eine Art, die in Bay\u00adern zwei Wochen sp\u00e4\u00adter aus\u00adtreibt, die glei\u00adche Art auch bei uns, und dann der ent\u00adspre\u00adchen\u00adde Fal\u00adter, oder was auch immer, Rau\u00adpe und so wei\u00adter, dann gar nicht die Bedin\u00adgun\u00adgen vor\u00adfin\u00addet, die er eigent\u00adlich haben m\u00fcss\u00adte, dass die Pflan\u00adze dann viel\u00adleicht noch nicht aus\u00adge\u00adtrie\u00adben ist, wenn er aber schon da ist und so wei\u00adter und so fort. Das ist in viel\u00adf\u00e4l\u00adti\u00adgen Stu\u00addi\u00aden nach\u00adge\u00adwie\u00adsen wor\u00adden, dass es wich\u00adtig ist, dass die Regio\u00adnen ber\u00fcck\u00adsich\u00adtigt wer\u00adden und das Her\u00adkunfts\u00adsaat\u00adgut. <\/b><\/span><\/span><\/span><span style=\"color: #000000;\"><span style=\"font-family: Calibri, serif;\"><span style=\"font-size: medium;\">Zuerst ist das im Forst\u00adbe\u00adreich ange\u00adfan\u00adgen wor\u00adden und vor eini\u00adgen Jah\u00adren eben auch auf die krau\u00adti\u00adgen Pflan\u00adzen aus\u00adge\u00addehnt wor\u00adden. <\/span><\/span><\/span><\/p><p align=\"justify\"><span style=\"color: #000000;\"><span style=\"font-family: Calibri, serif;\"><span style=\"font-size: medium;\">Und hier in der Stadt hat es nicht so eine gro\u00ad\u00dfe Bedeu\u00adtung, weil es sind halt urba\u00adne R\u00e4u\u00adme, die ja auch ande\u00adren Ein\u00adfl\u00fcs\u00adsen aus\u00adge\u00adsetzt sind als die freie Land\u00adschaft. Nichts\u00addes\u00adto\u00adtrotz lohnt sich aber eben auch da, wenigs\u00adtens den gr\u00f6\u00ad\u00dfe\u00adren Raum zu beach\u00adten und eben auch hier, sag ich mal, wenn man was aus\u00ads\u00e4t, dass man zumin\u00addest noch die ost\u00addeut\u00adschen Her\u00adk\u00fcnf\u00adte ver\u00adwen\u00addet und kei\u00adne s\u00fcd\u00addeut\u00adschen. Das ist schon mal auf jeden Fall sinn\u00advoll, und f\u00fchrt auf jeden Fall auch zum bes\u00adse\u00adren Erfolg zum Gedei\u00adhen der Pflan\u00adzen.<\/span><\/span><\/span><\/p><p align=\"justify\"><span style=\"color: #000000;\"><span style=\"font-family: Calibri-Italic, serif;\"><span style=\"font-size: medium;\"><i>In wel\u00adcher Regi\u00adon sind Sie t\u00e4tig?<\/i><\/span><\/span><\/span><\/p><p align=\"justify\"><span style=\"color: #000000;\"><span style=\"font-family: Calibri, serif;\"><span style=\"font-size: medium;\">Ja also, es gibt zwei\u00adund\u00adzwan\u00adzig Her\u00adkunfts\u00adge\u00adbie\u00adte, und ich bin in der zwei\u00adund\u00adzwan\u00adzigs\u00adten \u2013 der kleins\u00adten, lei\u00adder \u2013 das nennt sich Ucker\u00admark mit Oder\u00adtal, es wur\u00adde also noch\u00admal abge\u00adgrenzt, weil es sich kli\u00adma\u00adtisch und auch vom Boden her stark von den ande\u00adren Her\u00adkunfts\u00adge\u00adbie\u00adten unter\u00adschei\u00addet<\/span><\/span><\/span><\/p><p align=\"justify\"><span style=\"color: #000000;\"><span style=\"font-family: Calibri-Italic, serif;\"><span style=\"font-size: medium;\"><i>Und war\u00adum sagen Sie \u201elei\u00adder\u201c? Sie k\u00f6n\u00adnen ja die ein\u00adzigs\u00adte sein?<\/i><\/span><\/span><\/span><\/p><p align=\"justify\"><span style=\"color: #000000;\"><span style=\"font-family: Calibri, serif;\"><span style=\"font-size: medium;\">Nein, nein, kei\u00adnes\u00adfalls! Im Gegen\u00adteil, also \u2026 Es gibt ja kei\u00adnen Anbau\u00ader, der alle Arten anbau\u00aden kann \u2026<\/span><\/span><\/span><\/p><p align=\"justify\"><span style=\"color: #000000;\">\u2026 <span style=\"font-family: Calibri, serif;\"><span style=\"font-size: medium;\">also wie gesagt, ich mache auch nur so um die sech\u00adzig Arten, und das ist noch viel zu wenig, um die vie\u00adlen ver\u00adschie\u00adde\u00adnen Stand\u00ador\u00adte abzu\u00adde\u00adcken. Es muss aber eine Her\u00adkunfts\u00adre\u00adgi\u00adon auch so gro\u00df sein, dass sie sich f\u00fcr einen Anbau\u00ader wirt\u00adschaft\u00adlich lohnt, gen\u00fc\u00adgend Absatz zu fin\u00adden.<\/span><\/span><\/span><i> <\/i><span style=\"color: #000000;\"><span style=\"font-family: Calibri, serif;\"><span style=\"font-size: medium;\">Und je klei\u00adner sie ist, des\u00adto unwahr\u00adschein\u00adli\u00adcher ist es. Und wie gesagt, es reicht nicht ein Anbau\u00ader, es m\u00fcs\u00adsen schon meh\u00adre\u00adre sein. Naja mal sehen.<\/span><\/span><\/span><\/p><p align=\"justify\"><span style=\"color: #000000;\"><span style=\"font-family: Calibri-Italic, serif;\"><span style=\"font-size: medium;\"><i>Und sind in Ihrer Regi\u00adon Ucker\u00admark noch mehr Anbau\u00ader oder sind Sie allei\u00adne?<\/i><\/span><\/span><\/span><\/p><p align=\"justify\"><span style=\"color: #000000;\"><span style=\"font-family: Calibri, serif;\"><span style=\"font-size: medium;\">Ich bin in der Zwei\u00adund\u00adzwan\u00adzig Regi\u00adon Ucker\u00admark mit Oder\u00adtal f\u00fcr Rie\u00adger Hof\u00admann die ein\u00adzi\u00adge Anbaue\u00adrin.<\/span><\/span><\/span><\/p><p align=\"justify\"><span style=\"color: #000000;\"><span style=\"font-family: Calibri-Italic, serif;\"><span style=\"font-size: medium;\"><i>Ok, ok. Ich ver\u00adsteh jetzt den Hin\u00adter\u00adgrund. Sie haben einen klei\u00adnen Abnah\u00adme\u00adbe\u00adreich, und Sie sind die Ein\u00adzigs\u00adte, die eigent\u00adlich die gan\u00adze Regi\u00adon anbau\u00adm\u00e4\u00ad\u00dfig abde\u00adcken m\u00fcss\u00adte, soll\u00adte \u2026. <\/i><\/span><\/span><\/span><\/p><p align=\"justify\"><span style=\"color: #000000;\"><span style=\"font-family: Calibri-Italic, serif;\"><span style=\"font-size: medium;\"><i>Jetzt ver\u00adste\u00adhe ich das \u201elei\u00adder\u201c.<\/i><\/span><\/span><\/span><\/p><p align=\"justify\"><span style=\"color: #000000;\"><span style=\"font-family: Calibri, serif;\"><span style=\"font-size: medium;\">Ja, also, ich baue zum Bei\u00adspiel auch kaum Gr\u00e4\u00adser an, des\u00adhalb haben wir auch ein Pro\u00adblem damit, dass wir auch kei\u00adne Wie\u00adsen-Mischun\u00adgen aus der Zwei\u00adund\u00adzwan\u00adzig lie\u00adfern k\u00f6n\u00adnen, weil ja Gr\u00e4\u00adser in einer Wie\u00adse immer vor\u00adkom\u00admen m\u00fcs\u00adsen.<\/span><\/span><\/span><\/p><p align=\"justify\"><span style=\"color: #000000;\"><span style=\"font-family: Calibri-Italic, serif;\"><span style=\"font-size: medium;\"><i>Ja \u2026 ja! Dann kom\u00admen wir doch mal zur <\/i><\/span><\/span><\/span><span style=\"color: #000000;\"><span style=\"font-family: Calibri-BoldItalic, serif;\"><span style=\"font-size: medium;\"><i><b>Wie\u00adse<\/b><\/i><\/span><\/span><\/span><span style=\"color: #000000;\"><span style=\"font-family: Calibri-Italic, serif;\"><span style=\"font-size: medium;\"><i>! Wir Stadt\u00adbal\u00adkon-Leu\u00adte haben ja immer so den Traum, eine Wie\u00adse anle\u00adgen zu wol\u00adlen. Mir ist jetzt schon klar, dass Wie\u00adse an sich etwas orga\u00adnisch Gewach\u00adse\u00adnes ist, eben drau\u00ad\u00dfen, wirk\u00adlich gro\u00df, auf dem \u2026. Auf der Wie\u00adse, aber irgend\u00adwie ist ja so ein Traum, uns wird immer sowas oft ver\u00adkauft, eine<\/i><\/span><\/span><\/span><span style=\"color: #000000;\"><span style=\"font-family: Calibri-BoldItalic, serif;\"><span style=\"font-size: medium;\"><i><b> Blu\u00admen\u00adwie\u00adsen\u00admi\u00adschung<\/b><\/i><\/span><\/span><\/span><span style=\"color: #000000;\"><span style=\"font-family: Calibri-Italic, serif;\"><span style=\"font-size: medium;\"><i>, was m\u00f6ch\u00adten Sie uns dazu erz\u00e4h\u00adlen?<\/i><\/span><\/span><\/span><\/p><p align=\"justify\"><span style=\"color: #000000;\"><span style=\"font-family: Calibri-Bold, serif;\"><span style=\"font-size: medium;\"><b>Ja, lei\u00adder, was ver\u00adkauft wird unter dem Titel\u201eBlumenwiese\u201c ist eben oft lei\u00adder \u00fcber\u00adhaupt gar kei\u00adne.<\/b><\/span><\/span><\/span><span style=\"color: #000000;\"><span style=\"font-family: Calibri, serif;\"><span style=\"font-size: medium;\"> Da muss man schon rich\u00adtig genau gucken und soll\u00adte sich da an den Zer\u00adti\u00adfi\u00adzie\u00adrun\u00adgen ori\u00aden\u00adtie\u00adren, also, die Fir\u00adma Rie\u00adger-Hof\u00admann ist mit ihren Anbau\u00adern VWW-zer\u00adti\u00adfi\u00adziert, das ist der Ver\u00adband der deut\u00adschen Wild\u00adblu\u00admen- und Wild\u00adpflan\u00adzen\u00adpro\u00addu\u00adzen\u00adten. Das ist auf jeden Fall ein siche\u00adres Label. Ja also, eine Wie\u00adse auf dem Bal\u00adkon, muss ich ehr\u00adlich sagen, wird nicht funk\u00adtio\u00adnie\u00adren, weil, eine Wie\u00adse ist nun mal etwas f\u00fcr gr\u00f6\u00ad\u00dfe\u00adre Fl\u00e4\u00adchen, und die meis\u00adten wol\u00adlen ja auch ganz vie\u00adle Blu\u00admen und nicht unbe\u00addingt Gr\u00e4\u00adser, aber Gr\u00e4\u00adser sind ein ganz wich\u00adti\u00adger Bestand\u00adteil einer Wie\u00adse. Und man muss eine Wie\u00adse eigent\u00adlich auch schnei\u00adden \u2013 zum Bei\u00adspiel im Som\u00admer m\u00e4hen, und das wird jetzt auch nicht unbe\u00addingt ein \u2026.<\/span><\/span><\/span><\/p><p align=\"justify\"><span style=\"color: #000000;\"><span style=\"font-family: Calibri-Italic, serif;\"><span style=\"font-size: medium;\"><i>Sche\u00adre!<\/i><\/span><\/span><\/span><\/p><p align=\"justify\"><span style=\"color: #000000;\">\u2026 <span style=\"font-family: Calibri, serif;\"><span style=\"font-size: medium;\">Bal\u00adkon\u00adg\u00e4rt\u00adner haben wol\u00adlen, wenn das jetzt alles run\u00adter\u00adge\u00adm\u00e4ht wird, ne? Also des\u00adhalb w\u00fcr\u00adde ich eher <\/span><\/span><\/span><span style=\"color: #000000;\"><span style=\"font-family: Calibri-Bold, serif;\"><span style=\"font-size: medium;\"><b>Ori\u00aden\u00adtie\u00adrung auf Saum<\/b><\/span><\/span><\/span><span style=\"color: #000000;\"><span style=\"font-family: Calibri, serif;\"><span style=\"font-size: medium;\"> legen. Und das passt viel bes\u00adser, das sind also im all\u00adge\u00admei\u00adnen Mischun\u00adgen, die zu hun\u00addert Pro\u00adzent aus Wild\u00adblu\u00admen oder mal mit einem gerin\u00adgen Teil mit Gr\u00e4\u00adsern bestehen. In Saum\u00admi\u00adschun\u00adgen sind Arten ent\u00adhal\u00adten, die einen R\u00fcck\u00adschnitt in der Vege\u00adta\u00adti\u00adons\u00adzeit nicht ver\u00adtra\u00adgen, die m\u00e4ht man also im Win\u00adter ab, und auch das passt zur Situa\u00adti\u00adon auf dem Bal\u00adkon, so dass man das gan\u00adze Jahr \u00fcber wach\u00adsen und bl\u00fc\u00adhen las\u00adsen kann, und im Win\u00adter dann, oder im Fr\u00fch\u00adjahr bes\u00adser, dann schnei\u00addet man die tro\u00adcke\u00adnen St\u00e4n\u00adgel ab. Das macht auch Sinn.<\/span><\/span><\/span><\/p><p align=\"justify\"><span style=\"color: #000000;\"><span style=\"font-family: Calibri, serif;\"><span style=\"font-size: medium;\">Da gibt es jede Men\u00adge. Also zum Bei\u00adspiel in mei\u00adnem Ange\u00adbot gibt es zum Bei\u00adspiel die \u201e<\/span><\/span><\/span><span style=\"color: #000000;\"><span style=\"font-family: Calibri-Bold, serif;\"><span style=\"font-size: medium;\"><b>Mehr\u00adj\u00e4h\u00adri\u00adge Bie\u00adnen\u00adwei\u00adde<\/b><\/span><\/span><\/span><span style=\"color: #000000;\"><span style=\"font-family: Calibri, serif;\"><span style=\"font-size: medium;\">\u201c, das ist eine Mischung aus Bio-Anbau, hun\u00addert Pro\u00adzent Wild\u00adblu\u00admen, ich hab den \u201e<\/span><\/span><\/span><span style=\"color: #000000;\"><span style=\"font-family: Calibri-Bold, serif;\"><span style=\"font-size: medium;\"><b>Bun\u00adten Saum<\/b><\/span><\/span><\/span><span style=\"color: #000000;\"><span style=\"font-family: Calibri, serif;\"><span style=\"font-size: medium;\">\u201c, das ist eine Mischung aus ein- und zwei\u00adj\u00e4h\u00adri\u00adgen Arten, das sind schnel\u00adler sich ent\u00adwi\u00adckeln\u00adde Arten, das ist viel\u00adleicht ja per\u00adfekt f\u00fcr den Bal\u00adkon geeig\u00adnet, damit man schnel\u00adler auch ein Ergeb\u00adnis sieht, als bei dem sich wan\u00addeln\u00adden Saum. Aus dem Ange\u00adbot der Fir\u00adma Rie\u00adger-Hof\u00admann gibt es auch diver\u00adse S\u00e4u\u00adme, zum Bei\u00adspiel den \u201e<\/span><\/span><\/span><span style=\"color: #000000;\"><span style=\"font-family: Calibri-Bold, serif;\"><span style=\"font-size: medium;\"><b>Schattsaum<\/b><\/span><\/span><\/span><span style=\"color: #000000;\"><span style=\"font-family: Calibri, serif;\"><span style=\"font-size: medium;\">\u201c f\u00fcr schat\u00adti\u00adge Berei\u00adche, w\u00e4re eine Vari\u00adan\u00adte. Oder auch sehr sch\u00f6n ist der \u201e<\/span><\/span><\/span><span style=\"color: #000000;\"><span style=\"font-family: Calibri-Bold, serif;\"><span style=\"font-size: medium;\"><b>W\u00e4r\u00adme\u00adlie\u00adben\u00adde Saum<\/b><\/span><\/span><\/span><span style=\"color: #000000;\"><span style=\"font-family: Calibri, serif;\"><span style=\"font-size: medium;\">\u201c. Das sind auch sch\u00f6\u00adne Arten, die auf son\u00adni\u00adgen Bal\u00adkon Sinn machen<\/span><\/span><\/span><\/p><p align=\"justify\"><span style=\"color: #000000;\"><span style=\"font-family: Calibri-Italic, serif;\"><span style=\"font-size: medium;\"><i>Sagen Sie den Namen bit\u00adte noch\u00admal, f\u00fcr den hei\u00ad\u00dfen son\u00adni\u00adgen Bal\u00adkon, von der Mischung?<\/i><\/span><\/span><\/span><\/p><p align=\"justify\"><span style=\"color: #000000;\">\u201e<\/span><span style=\"color: #000000;\"><span style=\"font-family: Calibri-Bold, serif;\"><span style=\"font-size: medium;\"><b>W\u00e4r\u00adme\u00adlie\u00adben\u00adder Saum<\/b><\/span><\/span><\/span><span style=\"color: #000000;\"><span style=\"font-family: Calibri, serif;\"><span style=\"font-size: medium;\">\u201d<\/span><\/span><\/span><\/p><p align=\"justify\"><span style=\"color: #000000;\">\u201c<\/span><span style=\"color: #000000;\"><span style=\"font-family: Calibri-BoldItalic, serif;\"><span style=\"font-size: medium;\"><i><b>W\u00e4r\u00adme\u00adlie\u00adben\u00adder Saum<\/b><\/i><\/span><\/span><\/span><span style=\"color: #000000;\"><span style=\"font-family: Calibri-Italic, serif;\"><span style=\"font-size: medium;\"><i>\u201c. Und was ist da Sch\u00f6\u00adnes drin?<\/i><\/span><\/span><\/span><\/p><p align=\"justify\"><span style=\"color: #000000;\"><span style=\"font-family: Calibri, serif;\"><span style=\"font-size: medium;\">Also da ist zum Bei\u00adspiel,\u2026 sag mir den deut\u00adschen Namen \u2026 der <\/span><\/span><\/span><span style=\"color: #000000;\"><span style=\"font-family: Calibri-BoldItalic, serif;\"><span style=\"font-size: medium;\"><i><b>F\u00e4r\u00adber\u00adwaid<\/b><\/i><\/span><\/span><\/span><span style=\"color: #000000;\"><span style=\"font-family: Calibri, serif;\"><span style=\"font-size: medium;\"> und \u2026 rasch mal schie\u00adlen \u2026<\/span><\/span><\/span><\/p><p align=\"justify\"><span style=\"color: #000000;\"><span style=\"font-family: Calibri-Italic, serif;\"><span style=\"font-size: medium;\"><i>Sie d\u00fcr\u00adfen schie\u00adlen \u2026.<\/i><\/span><\/span><\/span><\/p><p align=\"justify\"><span style=\"color: #000000;\"><span style=\"font-family: Calibri, serif;\"><span style=\"font-size: medium;\">Ja, genau. Der <\/span><\/span><\/span><span style=\"color: #000000;\"><span style=\"font-family: Calibri-BoldItalic, serif;\"><span style=\"font-size: medium;\"><i><b>Viper\u2019s bugloss<\/b><\/i><\/span><\/span><\/span><span style=\"color: #000000;\"><span style=\"font-family: Calibri, serif;\"><span style=\"font-size: medium;\">. Ein blau bl\u00fc\u00adhen\u00adder, ein\u00adhei\u00admi\u00adsche Art, <\/span><\/span><\/span><span style=\"color: #000000;\"><span style=\"font-family: Calibri-Italic, serif;\"><span style=\"font-size: medium;\"><i>Mother\u00adwort<\/i><\/span><\/span><\/span><span style=\"color: #000000;\"><span style=\"font-family: Calibri, serif;\"><span style=\"font-size: medium;\">, ver\u00adschie\u00adde\u00adne <\/span><\/span><\/span><span style=\"color: #000000;\"><span style=\"font-family: Calibri-BoldItalic, serif;\"><span style=\"font-size: medium;\"><i><b>Mal\u00adven, Klei\u00adne Biber\u00adnel\u00adle, Wil\u00adde M\u00f6h\u00adre<\/b><\/i><\/span><\/span><\/span><span style=\"color: #000000;\"><span style=\"font-family: Calibri-Bold, serif;\"><span style=\"font-size: medium;\"><b>, <\/b><\/span><\/span><\/span><span style=\"color: #000000;\"><span style=\"font-family: Calibri-BoldItalic, serif;\"><span style=\"font-size: medium;\"><i><b>Hunds\u00adzun\u00adge<\/b><\/i><\/span><\/span><\/span><span style=\"color: #000000;\"><span style=\"font-family: Calibri-Bold, serif;\"><span style=\"font-size: medium;\"><b>, <\/b><\/span><\/span><\/span><span style=\"color: #000000;\"><span style=\"font-family: Calibri-BoldItalic, serif;\"><span style=\"font-size: medium;\"><i><b>Bluebells<\/b><\/i><\/span><\/span><\/span><span style=\"color: #000000;\"><span style=\"font-family: Calibri-Bold, serif;\"><span style=\"font-size: medium;\"><b>, <\/b><\/span><\/span><\/span><span style=\"color: #000000;\"><span style=\"font-family: Calibri-BoldItalic, serif;\"><span style=\"font-size: medium;\"><i><b>Weg\u00adwar\u00adte, Flo\u00adcken\u00adblu\u00admen, Gras\u00adli\u00adlie, Oder\u00admen\u00adning, Och\u00adsenzun\u00adge<\/b><\/i><\/span><\/span><\/span><span style=\"color: #000000;\"><span style=\"font-family: Calibri-Bold, serif;\"><span style=\"font-size: medium;\"><b>, <\/b><\/span><\/span><\/span><span style=\"color: #000000;\"><span style=\"font-family: Calibri-BoldItalic, serif;\"><span style=\"font-size: medium;\"><i><b>Rese\u00adde<\/b><\/i><\/span><\/span><\/span><span style=\"color: #000000;\"><span style=\"font-family: Calibri, serif;\"><span style=\"font-size: medium;\">, und so fort. <\/span><\/span><\/span><\/p><p align=\"justify\"><span style=\"color: #000000;\"><span style=\"font-family: Calibri-Italic, serif;\"><span style=\"font-size: medium;\"><i>Es sind lau\u00adter sch\u00f6\u00adne Pflan\u00adzen<\/i><\/span><\/span><\/span><\/p><p align=\"justify\"><span style=\"color: #000000;\"><span style=\"font-family: Calibri, serif;\"><span style=\"font-size: medium;\">Ja.<\/span><\/span><\/span><\/p><p align=\"justify\"><span style=\"color: #000000;\"><span style=\"font-family: Calibri-Italic, serif;\"><span style=\"font-size: medium;\"><i>Ja. Macht das Sinn im Bal\u00adkon\u00adkas\u00adten? Wie w\u00fcr\u00adden wir vor\u00adge\u00adhen? Es sind ja Pflan\u00adzen dabei, die schon recht gro\u00df wer\u00adden. Die man sich auch als Ein\u00adzel\u00adpflan\u00adzen, als Stau\u00adden kau\u00adfen k\u00f6nn\u00adte zum Teil \u2026 die rein\u00adset\u00adzen, wie machen wir es jetzt als Bl\u00fc\u00adten-Saum-Mischung?<\/i><\/span><\/span><\/span><\/p><p align=\"justify\"><span style=\"color: #000000;\"><span style=\"font-family: Calibri, serif;\"><span style=\"font-size: medium;\">Also f\u00fcr den Bal\u00adkon\u00adkas\u00adten ist es auf jeden Fall nicht geeig\u00adnet, denn gera\u00adde die\u00adse Arten sind fast alle Pfahl\u00adwurz\u00adler, damit sie eben die\u00adse tro\u00adcke\u00adnen Bedin\u00adgun\u00adgen gut \u00fcber\u00adste\u00adhen k\u00f6n\u00adnen, die w\u00fcr\u00adden in einem Bal\u00adkon\u00adkas\u00adten nicht wirk\u00adlich wach\u00adsen. Also es muss schon wenigs\u00adtens ein K\u00fcbel sein, der 50 Zen\u00adti\u00adme\u00adter hoch ist, damit dann wirk\u00adlich Erd\u00advo\u00adlu\u00admen, eine gewis\u00adse Tie\u00adfe da ist. Und wenn man jetzt wirk\u00adlich nur einen Bal\u00adkon\u00adkas\u00adten zur Ver\u00adf\u00fc\u00adgung hat, da hab ich manch\u00admal schon die \u201e<\/span><\/span><\/span><span style=\"color: #000000;\"><span style=\"font-family: Calibri-Bold, serif;\"><span style=\"font-size: medium;\"><b>Dach\u00adbe\u00adgr\u00fc\u00adnungs-Mischung<\/b><\/span><\/span><\/span><span style=\"color: #000000;\"><span style=\"font-family: Calibri, serif;\"><span style=\"font-size: medium;\">\u201c ver\u00adkauft. Das sind alles Arten, die eben kei\u00adne so tie\u00adfen Erd\u00adschich\u00adten ben\u00f6\u00adti\u00adgen zum Wach\u00adsen, und dann soll\u00adte man aber nicht nor\u00adma\u00adle Lan\u00adder\u00adde ver\u00adwen\u00adden, son\u00addern auch ein ganz mine\u00adra\u00adli\u00adsches Sub\u00adstrat, also Bl\u00e4h\u00adton zum Bei\u00adspiel, und wenigs\u00adtens zehn Pro\u00adzent nor\u00adma\u00adle Erde rein\u00admi\u00adschen, dann hat man die rich\u00adti\u00adgen Bedin\u00adgun\u00adgen f\u00fcr die\u00adse Dach\u00adbe\u00adgr\u00fc\u00adnungs-Arten, und die sind total tro\u00adcken\u00adver\u00adtr\u00e4g\u00adlich. Da ist auch eine ganz gro\u00ad\u00dfe Band\u00adbrei\u00adte an Arten in die\u00adser Mischung ent\u00adhal\u00adten, mit lan\u00adger Bl\u00fc\u00adte\u00adzeit, also das w\u00e4re auch eine gute Vari\u00adan\u00adte. Und dann pfle\u00adge\u00adleicht vor allen Din\u00adgen, weil muss man fast gar nicht gie\u00ad\u00dfen, ne? <\/span><\/span><\/span><\/p><p align=\"justify\"><span style=\"color: #000000;\"><span style=\"font-family: Calibri-Italic, serif;\"><span style=\"font-size: medium;\"><i>OK, f\u00fcr Bal\u00adkon\u00adk\u00e4s\u00adten, weil die Fl\u00e4\u00adche klei\u00adner ist, und weil der Wur\u00adzel\u00adbe\u00adreich nied\u00adrig ist, neh\u00admen wir \u201e<\/i><\/span><\/span><\/span><span style=\"color: #000000;\"><span style=\"font-family: Calibri-BoldItalic, serif;\"><span style=\"font-size: medium;\"><i><b>Dach\u00adbe\u00adgr\u00fc\u00adnungs\u00admi\u00adschung<\/b><\/i><\/span><\/span><\/span><span style=\"color: #000000;\"><span style=\"font-family: Calibri-Italic, serif;\"><span style=\"font-size: medium;\"><i>\u201c \u2013 Dach\u00adbe\u00adgr\u00fc\u00adnung in Sub\u00adstrat mit hohem mine\u00adra\u00adli\u00adschen Anteil. Wann fan\u00adgen wir an, das aus\u00adzu\u00ads\u00e4\u00aden? Wann ist ein guter Zeit\u00adpunkt?<\/i><\/span><\/span><\/span><\/p><p align=\"justify\"><span style=\"color: #000000;\"><span style=\"font-family: Calibri, serif;\"><span style=\"font-size: medium;\">Also \u2026. M\u00f6g\u00adlichst zei\u00adtig soll\u00adte es aus\u00adge\u00ads\u00e4t wer\u00adden, also M\u00e4rz ist opti\u00admal, April auch noch, Mai, Juni schon eher nicht mehr neh\u00admen. Oder dann wie\u00adder ab Sep\u00adtem\u00adber, Okto\u00adber<\/span><\/span><\/span><span style=\"color: #000000;\"><span style=\"font-family: Calibri-Bold, serif;\"><span style=\"font-size: medium;\"><b>. <\/b><\/span><\/span><\/span><span style=\"color: #000000;\"><span style=\"font-family: Calibri, serif;\"><span style=\"font-size: medium;\">Okto\u00adber ist sogar mei\u00adnes Wis\u00adsens die bes\u00adte, denn in vie\u00adlen Mischun\u00adgen sind Kalt\u00adkei\u00admer ent\u00adhal\u00adten, hart\u00adscha\u00adli\u00adge Arten, sie brau\u00adchen die k\u00fch\u00adle Pha\u00adse und kei\u00admen im n\u00e4chs\u00adten Fr\u00fch\u00adjahr. Wenn wir die im Fr\u00fch\u00adjahr aus\u00ads\u00e4\u00aden, lie\u00adgen die ein gan\u00adzes Jahr im Sub\u00adstrat rum, und naja, was dann noch im Fol\u00adge\u00adjahr keimt, das muss man sehen, nicht so ein guter Keim\u00ader\u00adfolg, als wenn man die\u00adse Arten schon im Herbst aus\u00ads\u00e4t.<\/span><\/span><\/span><\/p><p align=\"justify\"><span style=\"color: #000000;\"><span style=\"font-family: Calibri-Italic, serif;\"><span style=\"font-size: medium;\"><i>Und wir gie\u00ad\u00dfen wenig, weil es tro\u00adcken\u00adheits\u00adlie\u00adben\u00adde Arten sind? Muss man ein Gef\u00fchl ent\u00adwi\u00adckeln, Ten\u00addenz total wenig?<\/i><\/span><\/span><\/span><\/p><p align=\"justify\"><span style=\"color: #000000;\"><span style=\"font-family: Calibri, serif;\"><span style=\"font-size: medium;\">Ja, genau<\/span><\/span><\/span><\/p><p align=\"justify\"><span style=\"color: #000000;\"><span style=\"font-family: Calibri-BoldItalic, serif;\"><span style=\"font-size: medium;\"><i><b>Und run\u00adter\u00adschnei\u00adden brau\u00adchen wir die \u00fcber den Som\u00admer nicht, kei\u00adnen R\u00fcck\u00adschnitt, nur im Fr\u00fch\u00adjahr, bevor es wie\u00adder aus\u00adtreibt?<\/b><\/i><\/span><\/span><\/span><\/p><p align=\"justify\"><span style=\"color: #000000;\"><span style=\"font-family: Calibri-Bold, serif;\"><span style=\"font-size: medium;\"><b>Genau. Oder im Aus\u00adtrieb. Es gibt ja auch vie\u00adle Insek\u00adten, die in den hoh\u00adlen Pflan\u00adzen\u00adst\u00e4n\u00adgeln \u00fcber\u00adwin\u00adtern, das hei\u00dft, es w\u00e4re auf jeden Fall gut, die w\u00fcr\u00adden \u00fcber den Win\u00adter ste\u00adhen\u00adblei\u00adben und auch nicht gleich schon im Febru\u00adar abge\u00adschnit\u00adten wer\u00adden, weil die Tie\u00adre da ja noch nicht wei\u00adter ent\u00adwi\u00adckelt sind und noch nicht raus\u00adge\u00adkro\u00adchen sind.<\/b><\/span><\/span><\/span><\/p><p align=\"justify\"><span style=\"color: #000000;\"><span style=\"font-family: Calibri-BoldItalic, serif;\"><span style=\"font-size: medium;\"><i><b>Schnei\u00addet man dann zur\u00fcck, wenn die ers\u00adten gr\u00fc\u00adnen Spit\u00adzen schon zu sehen sind, das ist immer manch\u00admal so schwie\u00adrig, also, zu sagen: \u201eFebru\u00adar oder M\u00e4rz\u201c, es ist ja wie\u00adder regio\u00adnal total unter\u00adschied\u00adlich, uns w\u00fcr\u00adde jetzt hel\u00adfen, wenn Sie sagen: so viel guckt raus, dann k\u00f6nnt ihr!<\/b><\/i><\/span><\/span><\/span><\/p><p align=\"justify\"><span style=\"color: #000000;\"><span style=\"font-family: Calibri-Bold, serif;\"><span style=\"font-size: medium;\"><b>Genau, also wenn da f\u00fcnf Zen\u00adti\u00adme\u00adter raus\u00adgu\u00adcken, dann w\u00fcr\u00adde ich abschnei\u00adden. Dass man dann die jun\u00adgen Trie\u00adbe nicht erwischt \u2026<\/b><\/span><\/span><\/span><\/p><p align=\"justify\"><span style=\"color: #000000;\"><span style=\"font-family: Calibri-BoldItalic, serif;\"><span style=\"font-size: medium;\"><i><b>Und dann schnei\u00adden, genau so, abschnei\u00adden. Also wir las\u00adsen die alten St\u00e4n\u00adgel auch auf f\u00fcnf Zen\u00adti\u00adme\u00adter H\u00f6he, damit wir \u2026<\/b><\/i><\/span><\/span><\/span><\/p><p align=\"justify\"><span style=\"color: #000000;\"><span style=\"font-family: Calibri-Bold, serif;\"><span style=\"font-size: medium;\"><b>Das scha\u00addet \u00fcber\u00adhaupt nicht \u2026.<\/b><\/span><\/span><\/span><\/p><p align=\"justify\"><span style=\"color: #000000;\"><span style=\"font-family: Calibri-Italic, serif;\"><span style=\"font-size: medium;\"><i>OK. Dann \u2013 pri\u00adma. Das war jetzt die Vari\u00adan\u00adte f\u00fcr den son\u00adni\u00adgen Bal\u00adkon\u00adkas\u00adten. F\u00fcr den gro\u00ad\u00dfen K\u00fcbel, also m\u00f6g\u00adlichst eine gro\u00ad\u00dfe Fl\u00e4\u00adche und eine gro\u00ad\u00dfe Tie\u00adfe, f\u00fcnf\u00adzig Zen\u00adti\u00adme\u00adter tie\u00adfes Pflanzgef\u00e4\u00df\/K\u00fcbel, da haben Sie uns den Saum emp\u00adfoh\u00adlen. Wie hie\u00df der Saum<\/i><\/span><\/span><\/span><\/p><p align=\"justify\"><span style=\"color: #000000;\"><span style=\"font-family: Calibri, serif;\"><span style=\"font-size: medium;\">Zum Bei\u00adspiel der \u201e<\/span><\/span><\/span><span style=\"color: #000000;\"><span style=\"font-family: Calibri-Bold, serif;\"><span style=\"font-size: medium;\"><b>W\u00e4r\u00adme\u00adlie\u00adben\u00adde Saum<\/b><\/span><\/span><\/span><span style=\"color: #000000;\"><span style=\"font-family: Calibri, serif;\"><span style=\"font-size: medium;\">\u201d <\/span><\/span><\/span><\/p><p align=\"justify\"><span style=\"color: #000000;\"><span style=\"font-family: Calibri-Italic, serif;\"><span style=\"font-size: medium;\"><i>Der \u201e<\/i><\/span><\/span><\/span><span style=\"color: #000000;\"><span style=\"font-family: Calibri-BoldItalic, serif;\"><span style=\"font-size: medium;\"><i><b>W\u00e4r\u00adme\u00adlie\u00adben\u00adde Saum<\/b><\/i><\/span><\/span><\/span><span style=\"color: #000000;\"><span style=\"font-family: Calibri-Italic, serif;\"><span style=\"font-size: medium;\"><i>\u201c \u2026<\/i><\/span><\/span><\/span><\/p><p align=\"justify\"><span style=\"color: #000000;\"><span style=\"font-family: Calibri, serif;\"><span style=\"font-size: medium;\">Genau.<\/span><\/span><\/span><\/p><p align=\"justify\"><span style=\"color: #000000;\"><span style=\"font-family: Calibri-Italic, serif;\"><span style=\"font-size: medium;\"><i>Und der \u201e<\/i><\/span><\/span><\/span><span style=\"color: #000000;\"><span style=\"font-family: Calibri-BoldItalic, serif;\"><span style=\"font-size: medium;\"><i><b>W\u00e4r\u00adme\u00adlie\u00adben\u00adde Saum<\/b><\/i><\/span><\/span><\/span><span style=\"color: #000000;\"><span style=\"font-family: Calibri-Italic, serif;\"><span style=\"font-size: medium;\"><i>\u201c, s\u00e4en wir den auch am bes\u00adten schon im Herbst aus?<\/i><\/span><\/span><\/span><\/p><p align=\"justify\"><span style=\"color: #000000;\"><span style=\"font-family: Calibri, serif;\"><span style=\"font-size: medium;\">Genau<\/span><\/span><\/span><\/p><p align=\"justify\"><span style=\"color: #000000;\"><span style=\"font-family: Calibri-Italic, serif;\"><span style=\"font-size: medium;\"><i>Weil da auch wie\u00adder Kalt\u00adkei\u00admer drin\u00adnen sind? <\/i><\/span><\/span><\/span><\/p><p align=\"justify\"><span style=\"color: #000000;\"><span style=\"font-family: Calibri, serif;\"><span style=\"font-size: medium;\">Genau, hmmm. Man kann ihn aber auch im Fr\u00fch\u00adjahr aus\u00ads\u00e4\u00aden<\/span><\/span><\/span><\/p><p align=\"justify\"><span style=\"color: #000000;\"><span style=\"font-family: Calibri-Italic, serif;\"><span style=\"font-size: medium;\"><i>Genau, unser Kon\u00adgress kommt jetzt Ende Febru\u00adar, Anfang M\u00e4rz, wir k\u00f6nn\u00adten dann bestel\u00adlen, \u201e<\/i><\/span><\/span><\/span><span style=\"color: #000000;\"><span style=\"font-family: Calibri-BoldItalic, serif;\"><span style=\"font-size: medium;\"><i><b>W\u00e4r\u00adme\u00adlie\u00adben\u00adden Saum<\/b><\/i><\/span><\/span><\/span><span style=\"color: #000000;\"><span style=\"font-family: Calibri-Italic, serif;\"><span style=\"font-size: medium;\"><i>\u201c f\u00fcr den gro\u00ad\u00dfen, tie\u00adfen K\u00fcbel, und wir k\u00f6nn\u00adten den dann auch im Fr\u00fch\u00adjahr noch aus\u00ads\u00e4\u00aden.<\/i><\/span><\/span><\/span><\/p><p align=\"justify\"><span style=\"color: #000000;\"><span style=\"font-family: Calibri, serif;\"><span style=\"font-size: medium;\">Yes<\/span><\/span><\/span><\/p><p align=\"justify\"><span style=\"color: #000000;\"><span style=\"font-family: Calibri-Italic, serif;\"><span style=\"font-size: medium;\"><i>M\u00e4rz, April Mai schon weni\u00adger.<\/i><\/span><\/span><\/span><\/p><p align=\"justify\"><span style=\"color: #000000;\"><span style=\"font-family: Calibri, serif;\"><span style=\"font-size: medium;\">Genau. Und auch in den K\u00fcbeln w\u00e4re gut, wenn man da einen gewis\u00adsen mine\u00adra\u00adli\u00adschen Anteil immer rein hat, dass es nicht so eine pure Erde ist. Weil es sind ja Arten, die auf eher mage\u00adren Stand\u00ador\u00adten wach\u00adsen<\/span><\/span><\/span><\/p><p align=\"justify\"><span style=\"color: #000000;\"><span style=\"font-family: Calibri-Italic, serif;\"><span style=\"font-size: medium;\"><i>Yes<\/i><\/span><\/span><\/span><\/p><p align=\"justify\"><span style=\"color: #000000;\"><span style=\"font-family: Calibri, serif;\"><span style=\"font-size: medium;\">Nun kann es sein, dass die wach\u00adsen und wach\u00adsen, so \u00fcppig und gar nicht zum Bl\u00fc\u00adhen kom\u00admen, weil ein\u00adfach so vie\u00adle N\u00e4hr\u00adstof\u00adfe da sind, dass sie es gar nicht n\u00f6tig haben zu bl\u00fc\u00adhen, ja? Und dann zu mat\u00adschig wer\u00adden und auch nicht zu bl\u00fc\u00adhen anfan\u00adgen.<\/span><\/span><\/span><\/p><p align=\"justify\"><span style=\"color: #000000;\"><span style=\"font-family: Calibri-Italic, serif;\"><span style=\"font-size: medium;\"><i>Haben Sie noch so ein <\/i><\/span><\/span><\/span><span style=\"color: #000000;\"><span style=\"font-family: Calibri-BoldItalic, serif;\"><span style=\"font-size: medium;\"><i><b>All\u00adround-Rezept, wenn wir uns Erde mischen<\/b><\/i><\/span><\/span><\/span><span style=\"color: #000000;\"><span style=\"font-family: Calibri-Italic, serif;\"><span style=\"font-size: medium;\"><i>, wobei wir St\u00e4d\u00adter in der Ten\u00addenz nicht sel\u00adber mischen wer\u00adden, son\u00addern wir wer\u00adden in ein Baumarkt\/Gartencenter gehen, uns einen Erd\u00adsack kau\u00adfen wol\u00adlen und \u2026 wie machen wir das am bes\u00adten?<\/i><\/span><\/span><\/span><\/p><p align=\"justify\"><span style=\"color: #000000;\"><span style=\"font-family: Calibri, serif;\"><span style=\"font-size: medium;\">Na, ich w\u00fcr\u00adde mir auf jeden Fall noch Bl\u00e4h\u00adton kau\u00adfen. Den gibt es zum Bei\u00adspiel auch f\u00fcr Hydro\u00adpflan\u00adzen als Sub\u00adstrat. Und damit w\u00fcr\u00adde ich die nor\u00adma\u00adle Erde mischen, im Ver\u00adh\u00e4lt\u00adnis 1:1.<\/span><\/span><\/span><\/p><p align=\"justify\"><span style=\"color: #000000;\"><span style=\"font-family: Calibri-Italic, serif;\"><span style=\"font-size: medium;\"><i>Nor\u00adma\u00adle K\u00fcbe\u00adler\u00adde oder \u2026.<\/i><\/span><\/span><\/span><\/p><p align=\"justify\"><span style=\"color: #000000;\"><span style=\"font-family: Calibri, serif;\"><span style=\"font-size: medium;\">Genau. Genau.<\/span><\/span><\/span><\/p><p align=\"justify\"><span style=\"color: #000000;\"><span style=\"font-family: Calibri-Italic, serif;\"><span style=\"font-size: medium;\"><i><strong>K\u00fcbe\u00adler\u00adde<\/strong>. K\u00fcbe\u00adler\u00adde hat ja sowie\u00adso schon einen h\u00f6he\u00adren mine\u00adra\u00adli\u00adschen Anteil drin<\/i><\/span><\/span><\/span><\/p><p align=\"justify\"><span style=\"color: #000000;\"><span style=\"font-family: Calibri, serif;\"><span style=\"font-size: medium;\">Ja, ja \u2026hmm\u2026 Genau.<\/span><\/span><\/span><\/p><p align=\"justify\"><span style=\"color: #000000;\"><span style=\"font-family: Calibri-Italic, serif;\"><span style=\"font-size: medium;\"><i>K\u00fcbe\u00adler\u00adde ist bes\u00adser als Blu\u00admen\u00ader\u00adde <\/i><\/span><\/span><\/span><\/p><p align=\"justify\"><span style=\"color: #000000;\"><span style=\"font-family: Calibri, serif;\"><span style=\"font-size: medium;\">Ja \u2026<\/span><\/span><\/span><\/p><p align=\"justify\"><span style=\"color: #000000;\"><span style=\"font-family: Calibri-Italic, serif;\"><span style=\"font-size: medium;\"><i>Bei Blu\u00admen\u00ader\u00adde pas\u00adsen wir immer auf, weil da Zeugs drin\u00adnen ist, Schad\u00adstof\u00adfe, die wir gar nicht haben wol\u00adlen.<\/i><\/span><\/span><\/span><\/p><p align=\"justify\"><span style=\"color: #000000;\"><span style=\"font-family: Calibri, serif;\"><span style=\"font-size: medium;\">Ja, hmm, <\/span><\/span><\/span><\/p><p align=\"justify\"><span style=\"color: #000000;\"><span style=\"font-family: Calibri-Italic, serif;\"><span style=\"font-size: medium;\"><i>OK. Und den \u201e<\/i><\/span><\/span><\/span><span style=\"color: #000000;\"><span style=\"font-family: Calibri-BoldItalic, serif;\"><span style=\"font-size: medium;\"><i><b>W\u00e4r\u00adme\u00adlie\u00adben\u00adden Saum<\/b><\/i><\/span><\/span><\/span><span style=\"color: #000000;\"><span style=\"font-family: Calibri-Italic, serif;\"><span style=\"font-size: medium;\"><i>\u201c f\u00fcr den gro\u00ad\u00dfen, tie\u00adfen K\u00fcbel, den brau\u00adchen wir auch nicht zur\u00fcck\u00adschnei\u00adden?<\/i><\/span><\/span><\/span><\/p><p align=\"justify\"><span style=\"color: #000000;\"><span style=\"font-family: Calibri, serif;\"><span style=\"font-size: medium;\">Auch erst dann wider im n\u00e4chs\u00adten Fr\u00fch\u00adjahr.<\/span><\/span><\/span><\/p><p align=\"justify\"><span style=\"color: #000000;\"><span style=\"font-family: Calibri-Italic, serif;\"><span style=\"font-size: medium;\"><i>Im n\u00e4chs\u00adten Fr\u00fch\u00adjahr, wenn das Gr\u00fcn schon ein biss\u00adchen raus\u00adguckt, bis zur H\u00f6he des Gr\u00fcns abschnei\u00adden.<\/i><\/span><\/span><\/span><\/p><p align=\"justify\"><span style=\"color: #000000;\"><span style=\"font-family: Calibri, serif;\"><span style=\"font-size: medium;\">Genau.<\/span><\/span><\/span><\/p><p align=\"justify\"><span style=\"color: #000000;\"><span style=\"font-family: Calibri-Italic, serif;\"><span style=\"font-size: medium;\"><i>Wun\u00adder\u00adbar.<\/i><\/span><\/span><\/span><\/p><p align=\"justify\"><span style=\"color: #000000;\"><span style=\"font-family: Calibri, serif;\"><span style=\"font-size: medium;\">Das ist bei allen Saum-Mischun\u00adgen so.<\/span><\/span><\/span><\/p><p align=\"justify\"><span style=\"color: #000000;\"><span style=\"font-family: Calibri-Italic, serif;\"><span style=\"font-size: medium;\"><i>Ja \u2026 weil oft\u00admals sagt man ja bei Wild\u00adblu\u00admen, dass ein R\u00fcck\u00adschnitt sinn\u00advoll ist im Juni, nach der ers\u00adten Haupt\u00adbl\u00fc\u00adte, dann \u2026<\/i><\/span><\/span><\/span><\/p><p align=\"justify\"><span style=\"color: #000000;\"><span style=\"font-family: Calibri, serif;\"><span style=\"font-size: medium;\">Das ist bei Wie\u00adsen\u00adar\u00adten der Fall.<\/span><\/span><\/span><\/p><p align=\"justify\"><span style=\"color: #000000;\"><span style=\"font-family: Calibri-Italic, serif;\"><span style=\"font-size: medium;\"><i>OK. Aber nicht beim Saum und nicht bei der Dach\u00adbe\u00adgr\u00fc\u00adnungs\u00admi\u00adschung<\/i><\/span><\/span><\/span><\/p><p align=\"justify\"><span style=\"color: #000000;\"><span style=\"font-family: Calibri, serif;\"><span style=\"font-size: medium;\">Genau.<\/span><\/span><\/span><\/p><p align=\"justify\"><span style=\"color: #000000;\"><span style=\"font-family: Calibri-Italic, serif;\"><span style=\"font-size: medium;\"><i>Ja nee, es ist ja \u2026 Es ist schwie\u00adrig, aber wenn man es immer wie\u00adder h\u00f6rt, dann ver\u00adste\u00adhen wir den Hin\u00adter\u00adgrund. <\/i><\/span><\/span><\/span><\/p><p align=\"justify\"><span style=\"color: #000000;\"><span style=\"font-family: Calibri, serif;\"><span style=\"font-size: medium;\">Ja, ja \u2026<\/span><\/span><\/span><\/p><p align=\"justify\"><span style=\"color: #000000;\"><span style=\"font-family: Calibri-Italic, serif;\"><span style=\"font-size: medium;\"><i>R\u00fcck\u00adschnitt ist bei Wie\u00adsen\u00adpflan\u00adzen.<\/i><\/span><\/span><\/span><\/p><p align=\"justify\"><span style=\"color: #000000;\"><span style=\"font-family: Calibri, serif;\"><span style=\"font-size: medium;\">Hmmm.<\/span><\/span><\/span><\/p><p align=\"justify\"><span style=\"color: #000000;\"><span style=\"font-family: Calibri-Italic, serif;\"><span style=\"font-size: medium;\"><i>Dan\u00adke, Frau Kietsch.<\/i><\/span><\/span><\/span><\/p><p align=\"justify\"><span style=\"color: #000000;\"><span style=\"font-family: Calibri, serif;\"><span style=\"font-size: medium;\">In der Vege\u00adta\u00adti\u00adons\u00adzeit, da ist es f\u00fcr die Pflan\u00adzen wich\u00adtig.<\/span><\/span><\/span><\/p><p align=\"justify\"><span style=\"color: #000000;\"><span style=\"font-family: Calibri-Italic, serif;\"><span style=\"font-size: medium;\"><i>Ja?<\/i><\/span><\/span><\/span><\/p><p align=\"justify\"><span style=\"color: #000000;\"><span style=\"font-family: Calibri-Italic, serif;\"><span style=\"font-size: medium;\"><i>Super \u2026 Ja, und jetzt reden wir mal bit\u00adte \u00fcber den<\/i><\/span><\/span><\/span><span style=\"color: #000000;\"><span style=\"font-family: Calibri-BoldItalic, serif;\"><span style=\"font-size: medium;\"><i><b> Halb\u00adschat\u00adten oder Schat\u00adten<\/b><\/i><\/span><\/span><\/span><span style=\"color: #000000;\"><span style=\"font-family: Calibri-Italic, serif;\"><span style=\"font-size: medium;\"><i>.<\/i><\/span><\/span><\/span><\/p><p align=\"justify\"><span style=\"color: #000000;\"><span style=\"font-family: Calibri, serif;\"><span style=\"font-size: medium;\">Hmm \u2026Also da muss es nicht ganz so mine\u00adra\u00adlisch sein, weil das sind jetzt Arten, die ja eher auf humo\u00adsen Boden wach\u00adsen, am Baum, Baum\u00adschat\u00adten, des\u00adhalb w\u00fcr\u00adde ich da die ganz nor\u00adma\u00adle K\u00fcbel\u00adpflan\u00adzen\u00ader\u00adde kau\u00adfen und nicht unbe\u00addingt noch abma\u00adgern. Und dann ist das Vor\u00adge\u00adhen genau wie bei den ande\u00adren S\u00e4u\u00admen auch, ent\u00adwe\u00adder im Fr\u00fch\u00adjahr oder im Herbst s\u00e4en, der ein\u00adzi\u00adge Unter\u00adschied ist, dass die\u00adse Schat\u00adten\u00adar\u00adten eine lang\u00adsa\u00adme\u00adre Ent\u00adwick\u00adlung haben als die son\u00adnen\u00adlie\u00adben\u00adden. Also da muss man schon Geduld mit\u00adbrin\u00adgen, bis da wirk\u00adlich ein sch\u00f6\u00adnes Bl\u00fc\u00adten\u00adbild ent\u00adsteht.<\/span><\/span><\/span><\/p><p align=\"justify\"><span style=\"color: #000000;\"><span style=\"font-family: Calibri-Italic, serif;\"><span style=\"font-size: medium;\"><i>Und m\u00fcs\u00adsen wir da etwas mehr gie\u00ad\u00dfen? <\/i><\/span><\/span><\/span><\/p><p align=\"justify\"><span style=\"color: #000000;\"><span style=\"font-family: Calibri, serif;\"><span style=\"font-size: medium;\">Ja, auf jeden Fall. Stimmt.<\/span><\/span><\/span><\/p><p align=\"justify\"><span style=\"color: #000000;\"><span style=\"font-family: Calibri-Italic, serif;\"><span style=\"font-size: medium;\"><i>Und wie sch\u00e4t\u00adzen Sie die Lang\u00adle\u00adbig\u00adkeit ein?<\/i><\/span><\/span><\/span><\/p><p align=\"justify\"><span style=\"color: #000000;\"><span style=\"font-family: Calibri, serif;\"><span style=\"font-size: medium;\">Also \u2026 Es k\u00f6n\u00adnen vie\u00adle, vie\u00adle Jah\u00adre wer\u00adden. Also das \u2026 Es gibt Arten, die nur ein- oder zwei\u00adj\u00e4h\u00adrig sind, die wer\u00adden dann nat\u00fcr\u00adlich mit der Zeit ver\u00adschwin\u00adden, aber es gibt in der Haupt\u00adsa\u00adche in die\u00adsen Mischun\u00adgen mehr\u00adj\u00e4h\u00adri\u00adge Arten und die k\u00f6n\u00adnen lang\u00adle\u00adbig sein.<\/span><\/span><\/span><\/p><p align=\"justify\"><span style=\"color: #000000;\"><span style=\"font-family: Calibri-Italic, serif;\"><span style=\"font-size: medium;\"><i>OK, wenn wir uns M\u00fche geben und gut pfle\u00adgen und sch\u00f6n mit denen reden, haben wir die Chan\u00adce, dass wir unse\u00adren Saum oder unse\u00adre Dach\u00adbe\u00adgr\u00fc\u00adnung \u00fcber einen l\u00e4n\u00adge\u00adren Zeit\u00adraum haben \u2026<\/i><\/span><\/span><\/span><\/p><p align=\"justify\"><span style=\"color: #000000;\"><span style=\"font-family: Calibri, serif;\"><span style=\"font-size: medium;\">Ja \u2026<\/span><\/span><\/span><\/p><p align=\"justify\"><span style=\"color: #000000;\">\u2026 <span style=\"font-family: Calibri-Italic, serif;\"><span style=\"font-size: medium;\"><i>und das ist ja das Erstre\u00adbens\u00adwer\u00adte, weil es nach\u00adhal\u00adtig ist.<\/i><\/span><\/span><\/span><\/p><p align=\"justify\"><span style=\"color: #000000;\"><span style=\"font-family: Calibri, serif;\"><span style=\"font-size: medium;\">Genau<\/span><\/span><\/span><\/p><p align=\"justify\"><span style=\"color: #000000;\">\u2026 <span style=\"font-family: Calibri-Italic, serif;\"><span style=\"font-size: medium;\"><i>und pfle\u00adge\u00adleicht<\/i><\/span><\/span><\/span><\/p><p align=\"justify\"><span style=\"color: #000000;\"><span style=\"font-family: Calibri, serif;\"><span style=\"font-size: medium;\">Man muss halt nur Geduld mit\u00adbrin\u00adgen, es ist halt nicht wie bei Wun\u00adder\u00adblu\u00admen, heu\u00adte gepflanzt und mor\u00adgen schon alles \u00fcppig in Bl\u00fc\u00adte. Das sind halt Wild\u00adblu\u00admen, die brau\u00adchen ein\u00adfach ihre Zeit.<\/span><\/span><\/span><\/p><p align=\"justify\"><span style=\"color: #000000;\"><span style=\"font-family: Calibri-Italic, serif;\"><span style=\"font-size: medium;\"><i>Ist dann in zwei\u00adten Jahr eine leich\u00adte <\/i><\/span><\/span><\/span><span style=\"color: #000000;\"><span style=\"font-family: Calibri-BoldItalic, serif;\"><span style=\"font-size: medium;\"><i><b>Top dres\u00adsing<\/b><\/i><\/span><\/span><\/span><span style=\"color: #000000;\"><span style=\"font-family: Calibri-Italic, serif;\"><span style=\"font-size: medium;\"><i> erfor\u00adder\u00adlich? Leicht?<\/i><\/span><\/span><\/span><\/p><p align=\"justify\"><span style=\"color: #000000;\"><span style=\"font-family: Calibri, serif;\"><span style=\"font-size: medium;\">Schwer vor\u00adher\u00adzu\u00adsa\u00adgen, das h\u00e4ngt halt sehr von dem ver\u00adwen\u00adde\u00adten Sub\u00adstrat ab, <\/span><\/span><\/span><i> <\/i><span style=\"color: #000000;\"><span style=\"font-family: Calibri, serif;\"><span style=\"font-size: medium;\">wie vie\u00adle N\u00e4hr\u00adstof\u00adfe da drin sind \u2026 Wahr\u00adschein\u00adlich erst ab dem drit\u00adten, aber das kann ich jetzt schlecht vor\u00adher\u00adsa\u00adgen.<\/span><\/span><\/span><\/p><p align=\"justify\"><span style=\"color: #000000;\"><span style=\"font-family: Calibri-Italic, serif;\"><span style=\"font-size: medium;\"><i>Ja nur zum sen\u00adsi\u00adbi\u00adli\u00adsie\u00adren, ganz vor\u00adsich\u00adtig mit D\u00fcn\u00adger \u2026<\/i><\/span><\/span><\/span><\/p><p align=\"justify\"><span style=\"color: #000000;\"><span style=\"font-family: Calibri, serif;\"><span style=\"font-size: medium;\">Ja \u2026<\/span><\/span><\/span><\/p><p align=\"justify\"><span style=\"color: #000000;\"><span style=\"font-family: Calibri-Italic, serif;\"><span style=\"font-size: medium;\"><i>Brau\u00adchen sie nicht, sie ste\u00adhen an n\u00e4hr\u00adstoff\u00adar\u00admen Stand\u00ador\u00adten.<\/i><\/span><\/span><\/span><\/p><p align=\"justify\"><span style=\"color: #000000;\"><span style=\"font-family: Calibri, serif;\"><span style=\"font-size: medium;\">Genau.<\/span><\/span><\/span><\/p><p align=\"justify\"><span style=\"color: #000000;\"><span style=\"font-family: Calibri-Italic, serif;\"><span style=\"font-size: medium;\"><i>K\u00fcbel ist immer noch ein biss\u00adchen anders \u2026<\/i><\/span><\/span><\/span><\/p><p align=\"justify\"><span style=\"color: #000000;\"><span style=\"font-family: Calibri, serif;\"><span style=\"font-size: medium;\">Ja, ja<\/span><\/span><\/span><\/p><p align=\"justify\"><span style=\"color: #000000;\">\u2026 <span style=\"font-family: Calibri-Italic, serif;\"><span style=\"font-size: medium;\"><i>als drau\u00ad\u00dfen in der Natur \u2026 Gucken.<\/i><\/span><\/span><\/span><\/p><p align=\"justify\"><span style=\"color: #000000;\"><span style=\"font-family: Calibri, serif;\"><span style=\"font-size: medium;\">Genau.<\/span><\/span><\/span><\/p><p align=\"justify\"><span style=\"color: #000000;\"><span style=\"font-family: Calibri-Italic, serif;\"><span style=\"font-size: medium;\"><i>Gucken, wie sie aus\u00adse\u00adhen<\/i><\/span><\/span><\/span><\/p><p align=\"justify\"><span style=\"color: #000000;\"><span style=\"font-family: Calibri, serif;\"><span style=\"font-size: medium;\">Genau<\/span><\/span><\/span><\/p><p align=\"justify\"><span style=\"color: #000000;\"><span style=\"font-family: Calibri, serif;\"><span style=\"font-size: medium;\">Noch eine g<\/span><\/span><\/span><span style=\"color: #000000;\"><span style=\"font-family: Calibri-Italic, serif;\"><span style=\"font-size: medium;\"><i>anz wich\u00adti\u00adge Fra\u00adge: <\/i><\/span><\/span><\/span><span style=\"color: #000000;\"><span style=\"font-family: Calibri-BoldItalic, serif;\"><span style=\"font-size: medium;\"><i><b>Aus\u00adsaats\u00adt\u00e4r\u00adke<\/b><\/i><\/span><\/span><\/span><span style=\"color: #000000;\"><span style=\"font-family: Calibri-Italic, serif;\"><span style=\"font-size: medium;\"><i> \u2026 Aus\u00adsaats\u00adt\u00e4r\u00adke \u2026. Da nei\u00adgen wir dazu, viel zu dicht zu machen. Wie krie\u00adgen wir das hin?<\/i><\/span><\/span><\/span><\/p><p align=\"justify\"><span style=\"color: #000000;\"><span style=\"font-family: Calibri, serif;\"><span style=\"font-size: medium;\">Also \u2026 Gera\u00adde die Saum\u00admi\u00adschun\u00adgen braucht man nur mit zwei Gramm pro Qua\u00addrat\u00adme\u00adter aus\u00ads\u00e4\u00aden, also wirk\u00adlich sehr wenig. Zur Aus\u00adsaat emp\u00adfeh\u00adle ich, das Saat\u00adgut zu mischen, wobei man das hoch mischt auf 10 Gramm pro Qua\u00addrat\u00adme\u00adter.. Man nimmt also zwei Gramm Saat\u00adgut und acht Gramm F\u00fcll\u00adstoff. Und als F\u00fcll\u00adstoff kann ent\u00adwe\u00adder Sand oder S\u00e4ge\u00admehl sein. Wir bie\u00adten daf\u00fcr ent\u00adwe\u00adder Holz\u00adfa\u00adser an, ganz fein gemah\u00adlen Hart\u00adholz ist das,<\/span><\/span><\/span><b> <\/b><span style=\"color: #000000;\"><span style=\"font-family: Calibri, serif;\"><span style=\"font-size: medium;\">oder Mais\u00adschrot. Und damit mischt man das, und damit hat man so viel in der Hand, dass man es gut ver\u00adteilt bekommt, und eben auch das Gewicht. Und dann ist wich\u00adtig, dass man nach der Ansaat das fest dr\u00fcckt und nur vor\u00adsich\u00adtig angie\u00ad\u00dfen, dass das Saat\u00adgut abge\u00adschwemmt wird. Es wird also nicht in den Boden ein\u00adge\u00adar\u00adbei\u00adtet, nur oben auf\u00adge\u00ads\u00e4t. Gr\u00f6\u00df\u00adten\u00adteils sind das sehr fein\u00adsa\u00admi\u00adge Arten, die meis\u00adten sind Licht\u00adkei\u00admer, und des\u00adwe\u00adgen darf das nicht in den Boden rein. <\/span><\/span><\/span><\/p><p align=\"justify\"><span style=\"color: #000000;\"><span style=\"font-family: Calibri-Italic, serif;\"><span style=\"font-size: medium;\"><i>Und kein Boden oben drauf?<\/i><\/span><\/span><\/span><\/p><p align=\"justify\"><span style=\"color: #000000;\"><span style=\"font-family: Calibri, serif;\"><span style=\"font-size: medium;\">Jaja<\/span><\/span><\/span><\/p><p align=\"justify\"><span style=\"color: #000000;\"><span style=\"font-family: Calibri-Italic, serif;\"><span style=\"font-size: medium;\"><i>Nicht bud\u00addeln und nix oben drauf. Fest\u00addr\u00fc\u00adcken. Emp\u00adfeh\u00adlen Sie da ein\u00adfach mit der Hand fest\u00addr\u00fc\u00adcken? <\/i><\/span><\/span><\/span><\/p><p align=\"justify\"><span style=\"color: #000000;\"><span style=\"font-family: Calibri, serif;\"><span style=\"font-size: medium;\">Genau<\/span><\/span><\/span><\/p><p align=\"justify\"><span style=\"color: #000000;\"><span style=\"font-family: Calibri-Italic, serif;\"><span style=\"font-size: medium;\"><i>Oder was bau\u00aden?<\/i><\/span><\/span><\/span><\/p><p align=\"justify\"><span style=\"color: #000000;\"><span style=\"font-family: Calibri, serif;\"><span style=\"font-size: medium;\">Wenn es so klein ist, kann man das gut mit der Hand machen.<\/span><\/span><\/span><\/p><p align=\"justify\"><span style=\"color: #000000;\"><span style=\"font-family: Calibri-Italic, serif;\"><span style=\"font-size: medium;\"><i>Ja. Und ganz vor\u00adsich\u00adtig angie\u00ad\u00dfen. Und wie lan\u00adge soll\u00adten wir immer angie\u00ad\u00dfen, das muss ja \u00fcber einen l\u00e4n\u00adge\u00adren Zeit\u00adraum sein, dass die kei\u00admen? <\/i><\/span><\/span><\/span><\/p><p align=\"justify\"><span style=\"color: #000000;\"><span style=\"font-family: Calibri, serif;\"><span style=\"font-size: medium;\">Jaja, genau, also die brau\u00adchen schon rela\u00adtiv lang zum Kei\u00admen, also die ers\u00adten acht Wochen wird sich da noch nicht all\u00adzu viel zei\u00adgen, also man braucht da wirk\u00adlich Geduld, also in der Zeit muss es auf jeden Fall auch regel\u00adm\u00e4\u00ad\u00dfig feucht gehal\u00adten wer\u00adden. Man k\u00f6nn\u00adte zum Bei\u00adspiel auch ein biss\u00adchen Vlies dr\u00fc\u00adber\u00adle\u00adgen, \u00fcber die Erde, dann trock\u00adnet der Boden nicht so schnell aus. <\/span><\/span><\/span><\/p><p align=\"justify\"><span style=\"color: #000000;\"><span style=\"font-family: Calibri-Italic, serif;\"><span style=\"font-size: medium;\"><i>Und die\u00adses unge\u00adf\u00e4hr acht Wochen angie\u00ad\u00dfen <\/i><\/span><\/span><\/span><\/p><p align=\"justify\"><span style=\"color: #000000;\"><span style=\"font-family: Calibri, serif;\"><span style=\"font-size: medium;\">Hmm<\/span><\/span><\/span><\/p><p align=\"justify\"><span style=\"color: #000000;\"><span style=\"font-family: Calibri-Italic, serif;\"><span style=\"font-size: medium;\"><i>Das ist egal, ob wir jetzt im Herbst aus\u00ads\u00e4\u00aden, was die g\u00fcns\u00adti\u00adge\u00adre Aus\u00adsaat\u00adzeit ist, oder auch wenn wir das jetzt im Febru\u00adar, M\u00e4rz, April aus\u00ads\u00e4\u00aden?<\/i><\/span><\/span><\/span><\/p><p align=\"justify\"><span style=\"color: #000000;\"><span style=\"font-family: Calibri, serif;\"><span style=\"font-size: medium;\">Also im Herbst muss man sich nicht ganz so k\u00fcm\u00admern, weil ja dann ein\u00adfach die Bedin\u00adgun\u00adgen ins\u00adge\u00adsamt feuch\u00adter sind, weil mehr Tau ent\u00adsteht und so wei\u00adter, des\u00adwe\u00adgen fin\u00adde ich Herbst\u00adaus\u00adsaa\u00adten ein\u00adfach char\u00adman\u00adter, weil man ein\u00adfach nicht so viel Arbeit damit hat. Und im Fr\u00fch\u00adjahr muss schon auf jeden Fall dran\u00adblei\u00adben. Da steht die Son\u00adne schnell h\u00f6her und umso schnel\u00adler wird es tro\u00adcken? <\/span><\/span><\/span><\/p><p align=\"justify\"><span style=\"color: #000000;\"><span style=\"font-family: Calibri-Italic, serif;\"><span style=\"font-size: medium;\"><i>Aber wir m\u00fcs\u00adsen wie\u00adder auf\u00adpas\u00adsen, dass wir nicht zu viel <\/i><\/span><\/span><\/span><span style=\"color: #000000;\"><span style=\"font-family: Calibri-BoldItalic, serif;\"><span style=\"font-size: medium;\"><i><b>gie\u00ad\u00dfen<\/b><\/i><\/span><\/span><\/span><span style=\"color: #000000;\"><span style=\"font-family: Calibri-Italic, serif;\"><span style=\"font-size: medium;\"><i>?<\/i><\/span><\/span><\/span><\/p><p align=\"justify\"><span style=\"color: #000000;\"><span style=\"font-family: Calibri, serif;\"><span style=\"font-size: medium;\">Ja nat\u00fcr\u00adlich, also es darf nur feucht gehal\u00adten wer\u00adden, kei\u00adnes\u00adfalls nass, und es geht auch nur dar\u00adum, dass die Ober\u00adfl\u00e4\u00adche ein biss\u00adchen feucht ist. Also es muss eine Grund\u00adfeuch\u00adte da sein, und dann muss man beach\u00adten, dass die Ober\u00adfl\u00e4\u00adche nicht aus\u00adtrock\u00adnet \u2013 ja?<\/span><\/span><\/span><\/p><p align=\"justify\"><span style=\"color: #000000;\"><span style=\"font-family: Calibri-Italic, serif;\"><span style=\"font-size: medium;\"><i>Nur die \u2026.<\/i><\/span><\/span><\/span><\/p><p align=\"justify\"><span style=\"color: #000000;\"><span style=\"font-family: Calibri, serif;\"><span style=\"font-size: medium;\">Ein\u00admal mit einer klei\u00adnen Brau\u00adse kurz dr\u00fc\u00adber\u00adge\u00adhen und dann reicht es f\u00fcr ein paar Tage.<\/span><\/span><\/span><\/p><p align=\"justify\"><span style=\"color: #000000;\"><span style=\"font-family: Calibri-Italic, serif;\"><span style=\"font-size: medium;\"><i>Es muss nicht nach innen ein\u00adsi\u00adckern, es geht nur dar\u00adum, dass die Ober\u00adfl\u00e4\u00adche des Sub\u00adstra\u00adtes feucht ist<\/i><\/span><\/span><\/span><\/p><p align=\"justify\"><span style=\"color: #000000;\"><span style=\"font-family: Calibri, serif;\"><span style=\"font-size: medium;\">Also ich w\u00fcr\u00adde es auch so machen, dass ich erst\u00admal, bevor ich aus\u00ads\u00e4e, die Erde rich\u00adtig feucht mache, <\/span><\/span><\/span><\/p><p align=\"justify\"><span style=\"color: #000000;\"><span style=\"font-family: Calibri-Italic, serif;\"><span style=\"font-size: medium;\"><i>Ja?<\/i><\/span><\/span><\/span><\/p><p align=\"justify\"><span style=\"color: #000000;\"><span style=\"font-family: Calibri, serif;\"><span style=\"font-size: medium;\">Dass die Erde eine Grund\u00adfeuch\u00adte hat, und nach dem Aus\u00ads\u00e4\u00aden w\u00fcr\u00adde ich nur kurz mit der Brau\u00adse dr\u00fc\u00adber\u00adge\u00adhen, und das w\u00fcr\u00adde ich eben aller zwei, drei Tage wie\u00adder\u00adho\u00adlen.<\/span><\/span><\/span><\/p><p align=\"justify\"><span style=\"color: #000000;\"><span style=\"font-family: Calibri-Italic, serif;\"><span style=\"font-size: medium;\"><i>Und bei den Wild\u00adblu\u00admen braucht man nicht noch irgend\u00adwie eine Plas\u00adtik\u00adfo\u00adlie r\u00fcber machen, das kann man ja bei den klei\u00adnen Gef\u00e4\u00ad\u00dfen machen, dass die Feuch\u00adtig\u00adkeit drin ste\u00adhen bleibt, und \u2026<\/i><\/span><\/span><\/span><\/p><p align=\"justify\"><span style=\"color: #000000;\"><span style=\"font-family: Calibri, serif;\"><span style=\"font-size: medium;\">Da w\u00e4re ich vor\u00adsich\u00adtig, ich w\u00fcr\u00adde eher \u2026.<\/span><\/span><\/span><\/p><p align=\"justify\"><span style=\"color: #000000;\"><span style=\"font-family: Calibri-Italic, serif;\"><span style=\"font-size: medium;\"><i>Jetzt weil es Wild\u00adblu\u00admen sind?<\/i><\/span><\/span><\/span><\/p><p align=\"justify\"><span style=\"color: #000000;\">\u2026 <span style=\"font-family: Calibri, serif;\"><span style=\"font-size: medium;\">Vlies neh\u00admen, das ist bes\u00adser, weil da kann sich kei\u00adne Feuch\u00adtig\u00adkeit da drun\u00adter stau\u00aden, da kann\u2018s nicht schim\u00admeln, es ist immer ein Luft\u00adaus\u00adtausch da. <\/span><\/span><\/span><\/p><p align=\"justify\"><span style=\"color: #000000;\"><span style=\"font-family: Calibri-Italic, serif;\"><span style=\"font-size: medium;\"><i>OK, ok \u2026. Irgend\u00adein <\/i><\/span><\/span><\/span><span style=\"color: #000000;\"><span style=\"font-family: Calibri-BoldItalic, serif;\"><span style=\"font-size: medium;\"><i><b>Win\u00adter pro\u00adtec\u00adtion<\/b><\/i><\/span><\/span><\/span><span style=\"color: #000000;\"><span style=\"font-family: Calibri-Italic, serif;\"><span style=\"font-size: medium;\"><i> erfor\u00adder\u00adlich? Wir wol\u00adlen es nur noch\u00admal sagen, es sind Wild\u00adblu\u00admen, aber es ist immer wich\u00adtig, dass man es noch\u00admal for\u00admu\u00adliert<\/i><\/span><\/span><\/span><\/p><p align=\"justify\"><span style=\"color: #000000;\"><span style=\"font-family: Calibri, serif;\"><span style=\"font-size: medium;\">Naja, es darf nat\u00fcr\u00adlich, die Blu\u00admen d\u00fcr\u00adfen nicht kom\u00adplett durch\u00adfrie\u00adren. Kann schon sein, dass die Pflan\u00adzen dann auch hin\u00ad\u00fcber sind. Also wenn man es auf dem Bal\u00adkon\u00adkas\u00adten hat, dann ist es gut, wenn man den auch aus der Hal\u00adte\u00adrung raus\u00adnimmt, unten auf den Bal\u00adkon stellt und biss\u00adchen umpackt, dass es nicht kom\u00adplett durch\u00adfriert, und genau\u00adso mit den K\u00fcbeln. Nah an die Wand schie\u00adben und viel\u00adleicht eben noch was drum rum machen<\/span><\/span><\/span><\/p><p align=\"justify\"><span style=\"color: #000000;\"><span style=\"font-family: Calibri-Italic, serif;\"><span style=\"font-size: medium;\"><i>Frau Kietsch \u2026. haben wir jetzt an alles gedacht? So unse\u00adren Traum einer Blu\u00admen\u00adwie\u00adse zu ver\u00adwirk\u00adli\u00adchen als Saum \u2013 <\/i><\/span><\/span><\/span><span style=\"color: #000000;\"><span style=\"font-family: Calibri-BoldItalic, serif;\"><span style=\"font-size: medium;\"><i><b>\u201eW\u00e4r\u00adme\u00adlie\u00adben\u00adder Saum\u201c<\/b><\/i><\/span><\/span><\/span><span style=\"color: #000000;\"><span style=\"font-family: Calibri-Italic, serif;\"><span style=\"font-size: medium;\"><i>, oder <\/i><\/span><\/span><\/span><span style=\"color: #000000;\"><span style=\"font-family: Calibri-BoldItalic, serif;\"><span style=\"font-size: medium;\"><i><b>\u201eSchat\u00adti\u00adger Saum\u201c<\/b><\/i><\/span><\/span><\/span><span style=\"color: #000000;\"><span style=\"font-family: Calibri-Italic, serif;\"><span style=\"font-size: medium;\"><i> \u2014 or<\/i><\/span><\/span><\/span><span style=\"color: #000000;\"><span style=\"font-family: Calibri-BoldItalic, serif;\"><span style=\"font-size: medium;\"><i><b> \u201eDach\u00adbe\u00adgr\u00fc\u00adnungs\u00admi\u00adschung\u201c<\/b><\/i><\/span><\/span><\/span><span style=\"color: #000000;\"><span style=\"font-family: Calibri-Italic, serif;\"><span style=\"font-size: medium;\"><i>? Hab ich alles gefragt? Ist noch was wich\u00adtig?<\/i><\/span><\/span><\/span><\/p><p align=\"justify\"><span style=\"color: #000000;\"><span style=\"font-family: Calibri, serif;\"><span style=\"font-size: medium;\">Ich glau\u00adbe schon, dass wir das Wich\u00adtigs\u00adte bespro\u00adchen haben, also mir f\u00e4llt jetzt ad hoc auch nichts mehr ein. <\/span><\/span><\/span><\/p><p align=\"justify\"><span style=\"color: #000000;\"><span style=\"font-family: Calibri-Italic, serif;\"><span style=\"font-size: medium;\"><i>Bei Ihnen k\u00f6n\u00adnen wir doch grund\u00ads\u00e4tz\u00adlich auch <\/i><\/span><\/span><\/span><span style=\"color: #000000;\"><span style=\"font-family: Calibri-BoldItalic, serif;\"><span style=\"font-size: medium;\"><i><b>Ein\u00adzel\u00adsa\u00admen<\/b><\/i><\/span><\/span><\/span><span style=\"color: #000000;\"><span style=\"font-family: Calibri-Italic, serif;\"><span style=\"font-size: medium;\"><i> kau\u00adfen. Also wir haben jetzt \u00fcber Mischun\u00adgen gespro\u00adchen f\u00fcr den Traum einer Blu\u00admen\u00adwie\u00adse, aber wir k\u00f6n\u00adnen ja auch von mir aus das Herz\u00adge\u00adspann oder die Ska\u00adbio\u00adse oder den Nat\u00adtern\u00adkopf k\u00f6nn\u00adten wir uns auch ein\u00adzeln aus\u00ads\u00e4\u00aden. Wie gehen wir da vor?<\/i><\/span><\/span><\/span><\/p><p align=\"justify\"><span style=\"color: #000000;\"><span style=\"font-family: Calibri, serif;\"><span style=\"font-size: medium;\">Das ist von der Art sehr unter\u00adschied\u00adlich, das kann ich nicht pau\u00adschal beant\u00adwor\u00adten, also ich hab auf mei\u00adnen Samen\u00adt\u00fc\u00adten immer ver\u00adsucht, eine aus\u00adf\u00fchr\u00adli\u00adche <\/span><\/span><\/span><span style=\"color: #000000;\"><span style=\"font-family: Calibri-Bold, serif;\"><span style=\"font-size: medium;\"><b>Kul\u00adtur\u00adanlei\u00adtung<\/b><\/span><\/span><\/span><span style=\"color: #000000;\"><span style=\"font-family: Calibri, serif;\"><span style=\"font-size: medium;\"> drauf\u00adzu\u00adschrei\u00adben und nach der soll\u00adte man sich rich\u00adten. Es gibt halt Arten, die man am bes\u00adten im Fr\u00fch\u00adjahr aus\u00ads\u00e4t, es gibt wel\u00adche, die man im Som\u00admer aus\u00ads\u00e4t, die man im Herbst aus\u00ads\u00e4t. Also das ist wirk\u00adlich sehr unter\u00adschied\u00adlich, je nach Art. Und auch da ist das glei\u00adche, die meis\u00adten sind eben Licht\u00adkei\u00admer, und brau\u00adchen dann auch eine gewis\u00adse Zeit, bis sie sich ent\u00adwi\u00adckelt haben, und soll\u00adten eben in die\u00adser Zeit feucht gehal\u00adten wer\u00adden.<\/span><\/span><\/span><\/p><p align=\"justify\"><span style=\"color: #000000;\"><span style=\"font-family: Calibri-Italic, serif;\"><span style=\"font-size: medium;\"><i>Licht\u00adkei\u00admer hei\u00dft wie\u00adder \u2013 weil wir vie\u00adle Anf\u00e4n\u00adger haben \u2013 dass wir kei\u00adne Erde rauf\u00adma\u00adchen, und dass wir nicht bud\u00addeln, son\u00addern ein\u00adfach nur oben rauf legen, <\/i><\/span><\/span><\/span><\/p><p align=\"justify\"><span style=\"color: #000000;\"><span style=\"font-family: Calibri, serif;\"><span style=\"font-size: medium;\">Ja \u2026<\/span><\/span><\/span><\/p><p align=\"justify\"><span style=\"color: #000000;\"><span style=\"font-family: Calibri-Italic, serif;\"><span style=\"font-size: medium;\"><i>Sie brau\u00adchen f\u00fcr den Keim\u00adim\u00adpuls \u2026 brau\u00adchen die Licht.<\/i><\/span><\/span><\/span><\/p><p align=\"justify\"><span style=\"color: #000000;\"><span style=\"font-family: Calibri, serif;\"><span style=\"font-size: medium;\">Genau<\/span><\/span><\/span><\/p><p align=\"justify\"><span style=\"color: #000000;\"><span style=\"font-family: Calibri-Italic, serif;\"><span style=\"font-size: medium;\"><i>Und grund\u00ads\u00e4tz\u00adlich, da steht dann auch drauf, wie lan\u00adge wir wie\u00adder die Ober\u00adfl\u00e4\u00adche nass machen m\u00fcs\u00adsen mit dem Gie\u00ad\u00dfen, dass das Kei\u00admen klappt <\/i><\/span><\/span><\/span><\/p><p align=\"justify\"><span style=\"color: #000000;\"><span style=\"font-family: Calibri, serif;\"><span style=\"font-size: medium;\">Yes<\/span><\/span><\/span><\/p><p align=\"justify\"><span style=\"color: #000000;\"><span style=\"font-family: Calibri-Italic, serif;\"><span style=\"font-size: medium;\"><i>Und mit die\u00adsem \u2026 mit die\u00adsem die Ober\u00adfl\u00e4\u00adche benet\u00adzen \u2026 Wie hoch sol\u00adlen die Pfl\u00e4nz\u00adchen sein, wo wir dann damit auf\u00adh\u00f6\u00adren?<\/i><\/span><\/span><\/span><\/p><p align=\"justify\"><span style=\"color: #000000;\"><span style=\"font-family: Calibri, serif;\"><span style=\"font-size: medium;\">Hmmm \u2026 Also, wenn sie aus dem Keim\u00adblatt-Sta\u00addi\u00adum raus sind. Das hei\u00dft also, wenn sie ein ers\u00adtes rich\u00adti\u00adges Laub\u00adblatt-Paar ent\u00adwi\u00adckelt haben, dann kann man mit dem regel\u00adm\u00e4\u00ad\u00dfi\u00adgen W\u00e4s\u00adsern der Ober\u00adfl\u00e4\u00adche lang\u00adsam auf\u00adh\u00f6\u00adren. Und dann sind sie doch in der Lage, sich schon sel\u00adber auch das Was\u00adser aus dem Boden zu zie\u00adhen, sie haben dann schon gen\u00fc\u00adgend Wur\u00adzeln ent\u00adwi\u00adckelt.<\/span><\/span><\/span><\/p><p align=\"justify\"><span style=\"color: #000000;\"><span style=\"font-family: Calibri-Italic, serif;\"><span style=\"font-size: medium;\"><i>Mir habe als St\u00e4d\u00adte\u00adrin aus Ber\u00adlin auch immer so ein biss\u00adchen die Baum\u00adschei\u00adben im Blick. Wir haben in der Stadt auch \u00f6fters Bra\u00adchen und so, aber wir haben eben auch vie\u00adle Baum\u00adschei\u00adben, und ich hab so ein biss\u00adchen den Traum, dass man sich mehr um die Baum\u00adschei\u00adben k\u00fcm\u00admert, obwohl da die Leu\u00adte r\u00fcber\u00adlat\u00adschen, und die Hun\u00adde uri\u00adnie\u00adren und koten \u2026 K\u00f6n\u00adnen Sie uns daf\u00fcr noch einen Tipp geben f\u00fcr <\/i><\/span><\/span><\/span><span style=\"color: #000000;\"><span style=\"font-family: Calibri-BoldItalic, serif;\"><span style=\"font-size: medium;\"><i><b>Baum\u00adschei\u00adben\u00adbe\u00adgr\u00fc\u00adnung<\/b><\/i><\/span><\/span><\/span><span style=\"color: #000000;\"><span style=\"font-family: Calibri-Italic, serif;\"><span style=\"font-size: medium;\"><i> in der Stadt, die ja meis\u00adtens noch ein biss\u00adchen schat\u00adti\u00adger sind, das ist ja das Pro\u00adblem, weil der Stra\u00ad\u00dfen\u00adbaum ein\u00adfach das Licht nimmt, das muss man ber\u00fcck\u00adsich\u00adti\u00adgen. Also bei mir war das auch so ein Pro\u00adzess, erst\u00admal zu kapie\u00adren, es ist da unten ein\u00adfach schat\u00adtig im Regel\u00adfall.<\/i><\/span><\/span><\/span><\/p><p align=\"justify\"><span style=\"color: #000000;\"><span style=\"font-family: Calibri, serif;\"><span style=\"font-size: medium;\">Ja, das ist schon eine ziem\u00adlich anspruchs\u00advol\u00adle Geschich\u00adte, nicht leicht, also, der Erfolg ist auch begrenzt, weil es sind ein\u00adfach so ne Bedin\u00adgun\u00adgen, ja? Es ist zum einen ver\u00addich\u00adtet in der Ober\u00adfl\u00e4\u00adche, es sind sehr vie\u00adle Wur\u00adzeln vom Baum ent\u00adhal\u00adten, es ist tro\u00adcken und es ist schat\u00adtig. Und das ist schon ver\u00addammt schwie\u00adrig hin\u00adzu\u00adbe\u00adkom\u00admen. Man kann es ver\u00adsu\u00adchen mit Ansaa\u00adten Wich\u00adtig ist immer f\u00fcr jede Ansaat, es muss ein offe\u00adner Boden sein. Also man kann jetzt nicht ein\u00adfach auf irgend\u00adei\u00adnem St\u00fcck Baum\u00adschei\u00adbe, wenn da schon Gr\u00e4\u00adser oder irgend\u00adwas wach\u00adsen, ein\u00adfach Samen dahin streu\u00aden und den\u00adken, es wird schon. Also Sie brau\u00adchen eine Brach\u00adfl\u00e4\u00adche<\/span><\/span><\/span><span style=\"color: #000000;\"><span style=\"font-family: Calibri-Bold, serif;\"><span style=\"font-size: medium;\"><b>,<\/b><\/span><\/span><\/span><span style=\"color: #000000;\"><span style=\"font-family: Calibri, serif;\"><span style=\"font-size: medium;\"> also in irgend\u00adei\u00adner Form etwas lockern und etwas \u00f6ff\u00adnen. Und dann kann man pro\u00adbie\u00adren. Es wer\u00adden sich nat\u00fcr\u00adlich nur so ganz har\u00adte Arten durch\u00adset\u00adzen, die das ver\u00adtra\u00adgen. Mein <\/span><\/span><\/span><span style=\"color: #000000;\"><span style=\"font-family: Calibri-Bold, serif;\"><span style=\"font-size: medium;\"><b>Tipp f\u00fcr sol\u00adche Baum\u00adschei\u00adben sind Wal\u00adder\u00adbee\u00adren<\/b><\/span><\/span><\/span><span style=\"color: #000000;\"><span style=\"font-family: Calibri, serif;\"><span style=\"font-size: medium;\">.<\/span><\/span><\/span><b> <\/b><span style=\"color: #000000;\"><span style=\"font-family: Calibri, serif;\"><span style=\"font-size: medium;\">Die sind unschlag\u00adbar! Also sie kann sowohl Son\u00adne als auch Schat\u00adten ab, sind win\u00adter\u00adgr\u00fcn, machen Aus\u00adl\u00e4u\u00adfer, dadurch kann sie so eine Fl\u00e4\u00adche ziem\u00adlich gut begr\u00fc\u00adnen. Aber ich habe selbst in mei\u00adnem eige\u00adnen Gar\u00adten fest\u00adstel\u00adlen m\u00fcs\u00adsen, dass es da nicht funk\u00adtio\u00adniert hat, weil der Vor\u00adbe\u00adsit\u00adzer so viel M\u00fcll hin\u00adge\u00adkippt hat\u00adte, also das war \u00fcber\u00adhaupt kein ver\u00adn\u00fcnf\u00adti\u00adger Boden, dass selbst die Wald\u00aderd\u00adbee\u00adre da nicht mehr woll\u00adte. <\/span><\/span><\/span><\/p><p align=\"justify\"><span style=\"color: #000000;\"><span style=\"font-family: Calibri-Italic, serif;\"><span style=\"font-size: medium;\"><i>Und Wald\u00aderd\u00adbeer\u00adsa\u00admen haben sie auch im Ange\u00adbot?<\/i><\/span><\/span><\/span><\/p><p align=\"justify\"><span style=\"color: #000000;\"><span style=\"font-family: Calibri, serif;\"><span style=\"font-size: medium;\">Nee, Samen hab ich \u2026 nee die hab ich nicht \u2026<\/span><\/span><\/span><\/p><p align=\"justify\"><span style=\"color: #000000;\"><span style=\"font-family: Calibri-Italic, serif;\"><span style=\"font-size: medium;\"><i>OK. Aber es ist trotz\u00addem ein sehr wert\u00advol\u00adler Tipp f\u00fcr Baum\u00adschei\u00adben.<\/i><\/span><\/span><\/span><\/p><p align=\"justify\"><span style=\"color: #000000;\"><span style=\"font-family: Calibri, serif;\"><span style=\"font-size: medium;\">Genau. Da kann man sich ja auch Pflan\u00adzen besor\u00adgen<\/span><\/span><\/span><\/p><p align=\"justify\"><span style=\"color: #000000;\"><span style=\"font-family: Calibri-Italic, serif;\"><span style=\"font-size: medium;\"><i>Yes<\/i><\/span><\/span><\/span><\/p><p align=\"justify\"><span style=\"color: #000000;\"><span style=\"font-family: Calibri, serif;\"><span style=\"font-size: medium;\">Ich w\u00fcr\u00adde, wenn ich eine Baum\u00adschei\u00adben\u00adbe gr\u00fcn haben will, w\u00fcr\u00adde ich immer eine Kom\u00adbi\u00adna\u00adti\u00adon aus Pflan\u00adzung und Ansaat machen. Da kommt man am ehes\u00adten zum Erfolg.<\/span><\/span><\/span><\/p><p align=\"justify\"><span style=\"color: #000000;\"><span style=\"font-family: Calibri-Italic, serif;\"><span style=\"font-size: medium;\"><i>Es hei\u00dft jetzt \u2026 <\/i><\/span><\/span><\/span><\/p><p align=\"justify\"><span style=\"color: #000000;\"><span style=\"font-family: Calibri-Italic, serif;\"><span style=\"font-size: medium;\"><i>Erd\u00adbee\u00adren, Erd\u00adbee\u00adren, Wald\u00aderd\u00adbee\u00adren, <\/i><\/span><\/span><\/span><\/p><p align=\"justify\"><span style=\"color: #000000;\">\u2026 <span style=\"font-family: Calibri-Italic, serif;\"><span style=\"font-size: medium;\"><i>kom\u00admen schat\u00adtig und son\u00adnig, halb\u00adschat\u00adtig zurecht \u2026<\/i><\/span><\/span><\/span><\/p><p align=\"justify\"><span style=\"color: #000000;\"><span style=\"font-family: Calibri, serif;\"><span style=\"font-size: medium;\">Genau \u2026<\/span><\/span><\/span><\/p><p align=\"justify\"><span style=\"color: #000000;\"><span style=\"font-family: Calibri-Italic, serif;\"><span style=\"font-size: medium;\"><i>Was w\u00fcr\u00adden Sie dann noch dazu s\u00e4en?<\/i><\/span><\/span><\/span><\/p><p align=\"justify\"><span style=\"color: #000000;\"><span style=\"font-family: Calibri, serif;\"><span style=\"font-size: medium;\">Naja, das h\u00e4ngt halt auch ein biss\u00adchen von dem Stand\u00adort ab nat\u00fcr\u00adlich. Wenn es son\u00adnig genug ist, w\u00fcr\u00adde ich eben sol\u00adche Wild\u00adblu\u00admen wie <\/span><\/span><\/span><span style=\"color: #000000;\"><span style=\"font-family: Calibri-BoldItalic, serif;\"><span style=\"font-size: medium;\"><i><b>Chi\u00adco\u00adry<\/b><\/i><\/span><\/span><\/span><span style=\"color: #000000;\"><span style=\"font-family: Calibri-Bold, serif;\"><span style=\"font-size: medium;\"><b>, <\/b><\/span><\/span><\/span><span style=\"color: #000000;\"><span style=\"font-family: Calibri-BoldItalic, serif;\"><span style=\"font-size: medium;\"><i><b>Mar\u00adge\u00adri\u00adte<\/b><\/i><\/span><\/span><\/span><span style=\"color: #000000;\"><span style=\"font-family: Calibri-Bold, serif;\"><span style=\"font-size: medium;\"><b>, <\/b><\/span><\/span><\/span><span style=\"color: #000000;\"><span style=\"font-family: Calibri-BoldItalic, serif;\"><span style=\"font-size: medium;\"><i><b>Bluebells<\/b><\/i><\/span><\/span><\/span><span style=\"color: #000000;\"><span style=\"font-family: Calibri, serif;\"><span style=\"font-size: medium;\"> pro\u00adbie\u00adren. Wenn es schat\u00adti\u00adger ist, dann k\u00f6nn\u00adte man zum Bei\u00adspiel das <\/span><\/span><\/span><span style=\"color: #000000;\"><span style=\"font-family: Calibri-BoldItalic, serif;\"><span style=\"font-size: medium;\"><i><b>Rub\u00adrechts\u00adkraut<\/b><\/i><\/span><\/span><\/span><span style=\"color: #000000;\"><span style=\"font-family: Calibri, serif;\"><span style=\"font-size: medium;\">, eine ein\u00adj\u00e4h\u00adri\u00adge Art, kei\u00adne Ahnung, ob man das als Saat\u00adgut bekommt, m\u00fcss\u00adte man mal gucken, also ich hab es nicht im Ange\u00adbot. Oder <\/span><\/span><\/span><span style=\"color: #000000;\"><span style=\"font-family: Calibri-BoldItalic, serif;\"><span style=\"font-size: medium;\"><i><b>Sch\u00f6ll\u00adkraut<\/b><\/i><\/span><\/span><\/span><span style=\"color: #000000;\"><span style=\"font-family: Calibri, serif;\"><span style=\"font-size: medium;\"> zum Bei\u00adspiel, sind kurz\u00adle\u00adbi\u00adge Arten, die aber gut ver\u00adsa\u00admen und die schnell hoch\u00adkom\u00admen. <\/span><\/span><\/span><span style=\"color: #000000;\"><span style=\"font-family: Calibri-BoldItalic, serif;\"><span style=\"font-size: medium;\"><i><b>Knob\u00adlauch\u00ads\u00adrau\u00adke<\/b><\/i><\/span><\/span><\/span><span style=\"color: #000000;\"><span style=\"font-family: Calibri, serif;\"><span style=\"font-size: medium;\"> z.B. habe ich auch im Ange\u00adbot. Da m\u00fcss\u00adte es humos sein, sonst wird es nichts. <\/span><\/span><\/span><\/p><p align=\"justify\"><span style=\"color: #000000;\"><span style=\"font-family: Calibri-Italic, serif;\"><span style=\"font-size: medium;\"><i>Nicht ver\u00addich\u00adtet, wir m\u00fcss\u00adten also ent\u00adwe\u00adder auf\u00adha\u00adcken oder eben oben \u2026 das ist aber schwie\u00adrig, muss man ehr\u00adlich sein, das geht gar nicht<\/i><\/span><\/span><\/span><\/p><p align=\"justify\"><span style=\"color: #000000;\"><span style=\"font-family: Calibri-Italic, serif;\"><span style=\"font-size: medium;\"><i>Also in Ber\u00adlin zum Bei\u00adspiel darf man in einer bestimm\u00adten H\u00f6he Erde auf\u00adschich\u00adten, auf\u00adsch\u00fct\u00adten <\/i><\/span><\/span><\/span><\/p><p align=\"justify\"><span style=\"color: #000000;\"><span style=\"font-family: Calibri, serif;\"><span style=\"font-size: medium;\">Ah ja<\/span><\/span><\/span><\/p><p align=\"justify\"><span style=\"color: #000000;\"><span style=\"font-family: Calibri-Italic, serif;\"><span style=\"font-size: medium;\"><i>Es ist wie\u00adder von jeder Stadt zu Stadt ver\u00adschie\u00adden<\/i><\/span><\/span><\/span><\/p><p align=\"justify\"><span style=\"color: #000000;\"><span style=\"font-family: Calibri-Italic, serif;\"><span style=\"font-size: medium;\"><i>Stadt\u00adbe\u00adzirks\u00adab\u00adh\u00e4n\u00adgig, da muss man sich erkun\u00addi\u00adgen, aber ich kann nur sagen, es macht ein\u00adfach auch Spa\u00df, so ein Ding zu schaf\u00adfen, zu gestal\u00adten. <\/i><\/span><\/span><\/span><\/p><p align=\"justify\"><span style=\"color: #000000;\"><span style=\"font-family: Calibri-Italic, serif;\"><span style=\"font-size: medium;\"><i>Na OK. Also war schon wie\u00adder auch zu Baum\u00adschei\u00adben-Begr\u00fc\u00adnung ein guter Impuls, Frau Kietsch.<\/i><\/span><\/span><\/span><\/p><p align=\"justify\"><span style=\"color: #000000;\"><span style=\"font-family: Calibri-Italic, serif;\"><span style=\"font-size: medium;\"><i>K\u00f6n\u00adnen wir bei Ihnen <\/i><\/span><\/span><\/span><span style=\"color: #000000;\"><span style=\"font-family: Calibri-BoldItalic, serif;\"><span style=\"font-size: medium;\"><i><b>Seeds<\/b><\/i><\/span><\/span><\/span><span style=\"color: #000000;\"><span style=\"font-family: Calibri-Italic, serif;\"><span style=\"font-size: medium;\"><i> erwer\u00adben? Sie ver\u00adschi\u00adcken klei\u00adne Men\u00adgen? <\/i><\/span><\/span><\/span><\/p><p align=\"justify\"><span style=\"color: #000000;\"><span style=\"font-family: Calibri, serif;\"><span style=\"font-size: medium;\">Genau. Ja. Hmmm. <\/span><\/span><\/span><\/p><p align=\"justify\"><span style=\"color: #000000;\"><span style=\"font-family: Calibri-Italic, serif;\"><span style=\"font-size: medium;\"><i>Eigent\u00adlich f\u00fcr die Regi\u00adon Zwei\u00adund\u00adzwan\u00adzig, Ucker\u00admark, aber f\u00fcr St\u00e4d\u00adter spielt die\u00adses Regio-Saat\u00adgut nicht so eine Rol\u00adle, weil wir eben in der Stadt sind und da die gesetz\u00adli\u00adchen Bestim\u00admun\u00adgen nur gel\u00adten, wenn man in der frei\u00aden Natur was aus\u00adbringt. Dass da das regio\u00adna\u00adle Saat\u00adgut zwin\u00adgend ver\u00adwen\u00addet wer\u00adden muss. <\/i><\/span><\/span><\/span><\/p><p align=\"justify\"><span style=\"color: #000000;\"><span style=\"font-family: Calibri, serif;\"><span style=\"font-size: medium;\">Ja, genau. Auf mei\u00adner Web\u00adsite ist eine Preis\u00adlis\u00adte. Da ist alles auf\u00adge\u00adz\u00e4hlt, was ich im Ange\u00adbot habe. Da sind vie\u00adle Mischun\u00adgen, aber auch vie\u00adle Ein\u00adzel\u00adan\u00adsaa\u00adten. Da wird man sicher f\u00fcn\u00addig. <\/span><\/span><\/span><\/p><p align=\"justify\"><span style=\"color: #000000;\"><span style=\"font-family: Calibri-Italic, serif;\"><span style=\"font-size: medium;\"><i>K\u00f6n\u00adnen Sie uns zum Schluss noch\u00admal was erz\u00e4h\u00adlen? Unser Kon\u00adgress hei\u00dft in die\u00adsem Jahr \u201eKann man Tie\u00adre pflan\u00adzen?\u201c mit dem Hin\u00adter\u00adgrund, dass vie\u00adle Leu\u00adte sich \u00fcber tie\u00adri\u00adschen Besuch noch mehr freu\u00aden als \u00fcber die Toma\u00adten. Ist jetzt ein biss\u00adchen pla\u00adka\u00adtiv gesagt, aber Besu\u00adcher auf dem Bal\u00adkon, die tun unse\u00adrer See\u00adle gut, und wir k\u00f6n\u00adnen wahn\u00adsin\u00adnig viel f\u00fcr die Arten\u00adviel\u00adfalt machen und ein\u00adfach unse\u00adren Blick wei\u00adten. K\u00f6n\u00adnen Sie uns da viel\u00adleicht noch tol\u00adle Pflan\u00adzen emp\u00adfeh\u00adlen f\u00fcr den st\u00e4d\u00adti\u00adschen Bal\u00adkon wo wir hohen Besuch, also dass es rich\u00adtig lohnt, die anzu\u00adbau\u00aden. <\/i><\/span><\/span><\/span><\/p><p align=\"justify\"><span style=\"color: #000000;\"><span style=\"font-family: Calibri, serif;\"><span style=\"font-size: medium;\">Ja, ja. Also da f\u00e4llt mir spon\u00adtan sofort die <\/span><\/span><\/span><span style=\"color: #000000;\"><span style=\"font-family: Calibri-BoldItalic, serif;\"><span style=\"font-size: medium;\"><i><b>Tau\u00adbens\u00adka\u00adbio\u00adse<\/b><\/i><\/span><\/span><\/span><span style=\"color: #000000;\"><span style=\"font-family: Calibri, serif;\"><span style=\"font-size: medium;\"> ein, das ist bei uns auf dem Feld die Art, die am meis\u00adten Tie\u00adre anzieht. Und es ist auch eine so lie\u00adbens\u00adwer\u00adte, zar\u00adte Pflan\u00adze, die wird so cir\u00adca sieb\u00adzig Zen\u00adti\u00adme\u00adter hoch, und sie bl\u00fcht wirk\u00adlich f\u00fcr eine Wild\u00adblu\u00adme unglaub\u00adlich lan\u00adge, f\u00e4ngt im Juni an und setzt sich bis in den Okto\u00adber hin\u00adein fort. Und ist auch sehr wert\u00advoll als Nek\u00adtar- und Pol\u00adlen\u00adpflan\u00adze f\u00fcr ganz vie\u00adle Tie\u00adre. Wir haben sie auch im letz\u00adten Jahr noch im Okto\u00adber geern\u00adtet, und da haben die auch noch Bie\u00adnen ange\u00adzo\u00adgen, es war echt ver\u00adr\u00fcckt\u2026 Und dann kann ich auch gleich noch ne sch\u00f6\u00adne Geschich\u00adte erz\u00e4h\u00adlen \u2026.<\/span><\/span><\/span><\/p><p align=\"justify\"><span style=\"color: #000000;\"><span style=\"font-family: Calibri-Italic, serif;\"><span style=\"font-size: medium;\"><i>Bit\u00adte, bit\u00adte!<\/i><\/span><\/span><\/span><\/p><p align=\"justify\"><span style=\"color: #000000;\"><span style=\"font-family: Calibri, serif;\"><span style=\"font-size: medium;\">Ich war im Nabu-Regio\u00adnal\u00adver\u00adband hier auch aktiv, und wir haben da einen Schmet\u00adter\u00adlings\u00adexper\u00adten, und den hab ich dann besucht: \u201eKomm doch mal zu uns, da kannst du bestimmt auch mal ein paar Schmet\u00adter\u00adlin\u00adge ent\u00adde\u00adcken auf dem Feld\u201c, weil das ja nun schon ein sehr kom\u00adpak\u00adtes Ange\u00adbot f\u00fcr diver\u00adse Tie\u00adre ist, da fin\u00adden sie in der frei\u00aden Land\u00adschaft gar nicht so viel auf einem Hau\u00adfen. Naja, und \u201eAch, ach ja, hmmm, muss ich mal machen\u2026\u201c, und irgend\u00adwann hat\u00adte er sich dann mal auf\u00adge\u00adrafft, und zum Gl\u00fcck war das gera\u00adde ein Jahr, wo wirk\u00adlich rich\u00adtig vie\u00adle Fal\u00adter unter\u00adwegs waren, also da wur\u00adde einem schon schwin\u00adde\u00adlig, wenn man da hin\u00adge\u00adguckt hat. Und der war \u2026 der war nur per\u00adplex, also \u2026. Er stam\u00admel\u00adte dann so \u2026 \u201eIch mache das schon seit f\u00fcnf\u00adzig Jah\u00adren, aber so \u2013 so- sooooo vie\u00adle auf einem Hau\u00adfen!\u201c \u2026 also der war wirk\u00adlich \u2026 Und waren nat\u00fcr\u00adlich stolz wie Oskar, das wir das durch unse\u00adre Arbeit geschafft haben, dass da so vie\u00adle Fal\u00adter waren. Lei\u00adder war das auch das ein\u00adzi\u00adge Jahr, wo wirk\u00adlich so vie\u00adle waren, seit\u00addem hat\u00adten wir nicht wie\u00adder \u2026 das h\u00e4ngt von vie\u00adlen Fak\u00adto\u00adren ab \u2013 vor allem von der Fr\u00fch\u00adjahrs\u00adwit\u00adte\u00adrung. Wenn die nass\u00adkalt ist, ist die ers\u00adte Gene\u00adra\u00adti\u00adon der Fal\u00adter gleich hin\u00ad\u00fcber. Aber er hat mir wirk\u00adlich Tau\u00adsen\u00adde. Nur von einer Art<\/span><\/span><\/span><span style=\"color: #000000;\"><span style=\"font-family: Calibri-Italic, serif;\"><span style=\"font-size: medium;\"><i>. <\/i><\/span><\/span><\/span><span style=\"color: #000000;\"><span style=\"font-family: Calibri, serif;\"><span style=\"font-size: medium;\">Ja, also, da kann man schon, schon total sch\u00f6\u00adne Sachen sehen, also , ich hab schon mal auf\u00adneh\u00admen wol\u00adlen, wie wir so in der Ern\u00adte sind, das summt und brummt. Das ist schon beein\u00addru\u00adckend und total sch\u00f6n. Und da wird man auch auf dem Bal\u00adkon den\u00adke ich auch vie\u00adle sch\u00f6\u00adne Erleb\u00adnis\u00adse haben, wenn man Wild\u00adblu\u00admen ver\u00adwen\u00addet.<\/span><\/span><\/span><\/p><p align=\"justify\"><span style=\"color: #000000;\"><span style=\"font-family: Calibri-Italic, serif;\"><span style=\"font-size: medium;\"><i>Ja \u2013 die, die wel\u00adche haben, die best\u00e4\u00adti\u00adgen das! Ja! Und was Sie heu\u00adte schon gesagt haben, <strong>Viper\u2019s bugloss<\/strong> ist da der Brin\u00adger, Herz\u00adge\u00adspann ist der Brin\u00adger, <strong>Chi\u00adco\u00adry<\/strong> ist der Brin\u00adger, <strong>Tau\u00adbens\u00adka\u00adbio\u00adse<\/strong> \u2026<\/i><\/span><\/span><\/span><\/p><p align=\"justify\"><span style=\"color: #000000;\"><span style=\"font-family: Calibri, serif;\"><span style=\"font-size: medium;\">Glo\u00adcken\u00adblu\u00admen \u2026.<\/span><\/span><\/span><\/p><p align=\"justify\"><span style=\"color: #000000;\"><span style=\"font-family: Calibri-Italic, serif;\"><span style=\"font-size: medium;\"><i>Ja! <strong>Die Viel\u00adfalt der Glo\u00adcken\u00adblu\u00admen<\/strong>!<\/i><\/span><\/span><\/span><\/p><p align=\"justify\"><span style=\"color: #000000;\"><span style=\"font-family: Calibri, serif;\"><span style=\"font-size: medium;\">Ja, es gibt echt vie\u00adle \u2026<\/span><\/span><\/span><\/p><p align=\"justify\"><span style=\"color: #000000;\"><span style=\"font-family: Calibri-Italic, serif;\"><span style=\"font-size: medium;\"><i>Frau Kietsch, ich bedan\u00adke mich im Namen unse\u00adrer Kon\u00adgress\u00adteil\u00adneh\u00admer. Sie haben uns sehr viel prak\u00adti\u00adsche Tipps gege\u00adben, es war rich\u00adtig gro\u00df\u00adar\u00adtig. Wir haben heu\u00adte ein biss\u00adchen Ton\u00adpro\u00adble\u00adme, es tut mir leid, lie\u00adbe Teil\u00adneh\u00admer, aber Frau Kietsch hat es wett\u00adge\u00admacht. Das hat sehr viel gebracht f\u00fcr den <\/i><\/span><\/span><\/span><span style=\"color: #000000;\"><span style=\"font-family: Calibri-BoldItalic, serif;\"><span style=\"font-size: medium;\"><i><b>Traum einer Blu\u00admen\u00adwie\u00adse: Saum und Dach\u00adbe\u00adgr\u00fc\u00adnung<\/b><\/i><\/span><\/span><\/span><span style=\"color: #000000;\"><span style=\"font-family: Calibri-Italic, serif;\"><span style=\"font-size: medium;\"><i>!<\/i><\/span><\/span><\/span><\/p><p align=\"justify\"><span style=\"color: #000000;\"><span style=\"font-family: Calibri, serif;\"><span style=\"font-size: medium;\">Yes<\/span><\/span><\/span><\/p><p align=\"justify\"><span style=\"color: #000000;\"><span style=\"font-family: Calibri-Italic, serif;\"><span style=\"font-size: medium;\"><i>Vie\u00adlen Dank, Frau Kietsch!<\/i><\/span><\/span><\/span><\/p>\t\t\t\t\t\t\t\t<\/div>\n\t\t\t\t<div class=\"elementor-element elementor-element-200d073 elementor-widget-divider--view-line elementor-widget elementor-widget-divider\" data-id=\"200d073\" data-element_type=\"widget\" data-e-type=\"widget\" data-widget_type=\"divider.default\">\n\t\t\t\t\t\t\t<div class=\"elementor-divider\">\n\t\t\t<span class=\"elementor-divider-separator\">\n\t\t\t\t\t\t<\/span>\n\t\t<\/div>\n\t\t\t\t\t\t<\/div>\n\t\t\t\t\t<\/div>\n\t\t<\/div>\n\t\t\t\t\t<\/div>\n\t\t<\/section>\n\t\t\t\t<\/div>\n\t\t\t\t<\/div>\n\t\t\t\t\t\t<\/div>\n\t\t\t\t<\/div>\n\t\t\t\t\t<\/div>\n\t\t<\/div>\n\t\t\t\t\t<\/div>\n\t\t<\/section>\n\t\t\t\t<\/div>","protected":false},"excerpt":{"rendered":"<p>Uta Kietsch pro\u00addu\u00adziert Wild\u00adsa\u00admen, sie ver\u00admehrt Wild\u00adblu\u00admen und spricht dar\u00ad\u00fcber beim Online Bio-Bal\u00adkon-Kon\u00adgress.<\/p>","protected":false},"featured_media":19956,"template":"","meta":{"_acf_changed":false,"wp_typography_post_enhancements_disabled":false},"class_list":["post-21447","experten","type-experten","status-publish","has-post-thumbnail","hentry"],"acf":[],"_links":{"self":[{"href":"https:\/\/bio-balkon.de\/en\/wp-json\/wp\/v2\/experten\/21447","targetHints":{"allow":["GET"]}}],"collection":[{"href":"https:\/\/bio-balkon.de\/en\/wp-json\/wp\/v2\/experten"}],"about":[{"href":"https:\/\/bio-balkon.de\/en\/wp-json\/wp\/v2\/types\/experten"}],"version-history":[{"count":1,"href":"https:\/\/bio-balkon.de\/en\/wp-json\/wp\/v2\/experten\/21447\/revisions"}],"predecessor-version":[{"id":88650,"href":"https:\/\/bio-balkon.de\/en\/wp-json\/wp\/v2\/experten\/21447\/revisions\/88650"}],"wp:featuredmedia":[{"embeddable":true,"href":"https:\/\/bio-balkon.de\/en\/wp-json\/wp\/v2\/media\/19956"}],"wp:attachment":[{"href":"https:\/\/bio-balkon.de\/en\/wp-json\/wp\/v2\/media?parent=21447"}],"curies":[{"name":"wp","href":"https:\/\/api.w.org\/{rel}","templated":true}]}}