{"id":13015,"date":"2020-10-28T19:10:10","date_gmt":"2020-10-28T18:10:10","guid":{"rendered":"https:\/\/bio-balkon.de\/?post_type=experten&#038;p=13015"},"modified":"2020-10-29T00:38:59","modified_gmt":"2020-10-28T23:38:59","slug":"daniela-tuechler","status":"publish","type":"experten","link":"https:\/\/bio-balkon.de\/en\/experten\/daniela-tuechler\/","title":{"rendered":"Danie\u00adla T\u00fcch\u00adler"},"content":{"rendered":"<p>Die Gar\u00adten\u00adex\u00adper\u00adtin von&nbsp;<em>Natu\u00adre in the gar\u00adden<\/em>&nbsp;aus Nie\u00adder\u00ad\u00f6s\u00adter\u00adreich betreu\u00adte lan\u00adge Zeit das kos\u00adten\u00adlo\u00adse Gar\u00adten\u00adte\u00adle\u00adfon. Inzwi\u00adschen ist sie Gar\u00adten\u00adfach\u00adbe\u00adra\u00adte\u00adrin im Wald\u00advier\u00adtel.&nbsp;<em>Natu\u00adre in the gar\u00adden<\/em>&nbsp;ist eine 1999 gegr\u00fcn\u00adde\u00adte Initia\u00adti\u00adve des Lan\u00addes Nie\u00adder\u00ad\u00f6s\u00adter\u00adreich mit der Grund\u00adidee G\u00e4rt\u00adnern mit der Natur. Es gel\u00adten die Kern\u00adkri\u00adte\u00adri\u00aden: G\u00e4rt\u00adnern ohne che\u00admisch-syn\u00adthe\u00adti\u00adsche Pes\u00adti\u00adzi\u00adde und D\u00fcn\u00adge\u00admit\u00adtel sowie Torf. Wir spre\u00adchen \u00fcber die Bedeu\u00adtung des Bodens, die Vari\u00adan\u00adte Pflan\u00adzen\u00adst\u00e4r\u00adkung und \u2011d\u00fcn\u00adgung mit\u00adtels Kom\u00adpost\u00adtee und die Unter\u00adst\u00fct\u00adzungs\u00adan\u00adge\u00adbo\u00adte von&nbsp;<em>Natu\u00adre in the gar\u00adden<\/em>, gift\u00adfrei zu g\u00e4rt\u00adnern und Natur auf dem Bal\u00adkon zu eta\u00adblie\u00adren.<\/p>\n\n\n\n<p>Web\u00adsite <a href=\"https:\/\/www.naturimgarten.at\/\" target=\"_blank\" rel=\"noreferrer noopener\">Natu\u00adre in the gar\u00adden<\/a><\/p>","protected":false},"excerpt":{"rendered":"<p>Die Gartenexpertin von&nbsp;Natur im Garten&nbsp;aus Nieder\u00f6sterreich betreute lange Zeit das kostenlose Gartentelefon. Inzwischen ist sie Gartenfachberaterin im Waldviertel.&nbsp;Natur im Garten&nbsp;ist eine 1999 gegr\u00fcndete Initiative des Landes Nieder\u00f6sterreich mit der Grundidee G\u00e4rtnern mit der Natur. Es gelten die Kernkriterien: G\u00e4rtnern ohne chemisch-synthetische Pestizide und D\u00fcngemittel sowie Torf. Wir sprechen \u00fcber die Bedeutung des Bodens, die Variante [&hellip;]<\/p>\n","protected":false},"featured_media":8211,"template":"","meta":{"_acf_changed":false,"wp_typography_post_enhancements_disabled":false},"class_list":["post-13015","experten","type-experten","status-publish","has-post-thumbnail","hentry"],"acf":[],"_links":{"self":[{"href":"https:\/\/bio-balkon.de\/en\/wp-json\/wp\/v2\/experten\/13015","targetHints":{"allow":["GET"]}}],"collection":[{"href":"https:\/\/bio-balkon.de\/en\/wp-json\/wp\/v2\/experten"}],"about":[{"href":"https:\/\/bio-balkon.de\/en\/wp-json\/wp\/v2\/types\/experten"}],"version-history":[{"count":0,"href":"https:\/\/bio-balkon.de\/en\/wp-json\/wp\/v2\/experten\/13015\/revisions"}],"wp:featuredmedia":[{"embeddable":true,"href":"https:\/\/bio-balkon.de\/en\/wp-json\/wp\/v2\/media\/8211"}],"wp:attachment":[{"href":"https:\/\/bio-balkon.de\/en\/wp-json\/wp\/v2\/media?parent=13015"}],"curies":[{"name":"wp","href":"https:\/\/api.w.org\/{rel}","templated":true}]}}