{"id":12994,"date":"2020-10-28T19:02:40","date_gmt":"2020-10-28T18:02:40","guid":{"rendered":"https:\/\/bio-balkon.de\/?post_type=experten&#038;p=12994"},"modified":"2020-10-29T00:53:12","modified_gmt":"2020-10-28T23:53:12","slug":"elmar-mai","status":"publish","type":"experten","link":"https:\/\/bio-balkon.de\/en\/experten\/elmar-mai\/","title":{"rendered":"Elmar Mai"},"content":{"rendered":"<p>Der Bio\u00adlo\u00adge, Autor und Wis\u00adsen\u00adschafts\u00adjour\u00adna\u00adlist ist Gar\u00adten\u00adfans durch zahl\u00adrei\u00adche Fern\u00adseh\u00adsen\u00addun\u00adgen zum The\u00adma Gar\u00adten bekannt. Er ist Film\u00adrea\u00adli\u00adsa\u00adtor von vie\u00adlen Sen\u00addun\u00adgen vom&nbsp;<em>ARD-Rat\u00adge\u00adber Heim+Garten<\/em>&nbsp;and the&nbsp;<em>Sen\u00addung mit der Maus<\/em>. Bekannt ist er vor allem durch sei\u00adne Live-Auf\u00adtrit\u00adte in dem ZDF-Rat\u00adge\u00adber\u00adma\u00adga\u00adzin&nbsp;<em>Vol\u00adle Kan\u00adne \u2013 Ser\u00advice t\u00e4g\u00adlich<\/em>, wo er Gar\u00adten\u00adtipps gibt. Wich\u00adtig ist sei\u00adne T\u00e4tig\u00adkeit als Rei\u00adse\u00adlei\u00adter f\u00fcr Natur\u00adrei\u00adsen. Die\u00adses Inter\u00adview ist mit den The\u00admen Erde, wir G\u00e4rt\u00adner sagen Sub\u00adstra\u00adte, D\u00fcn\u00adgung und Torf, ein\u00adschlie\u00df\u00adlich mu\u00df im Fr\u00fch\u00adling die Erde in den Bal\u00adkon\u00adk\u00e4s\u00adten kom\u00adplett aus\u00adge\u00adtauscht wer\u00adden, sehr bal\u00adkon\u00adstar\u00adter\u00adtaug\u00adlich.<\/p>\n\n\n\n<p><a href=\"https:\/\/www.elmar-mai.de\/\" target=\"_blank\" rel=\"noreferrer noopener\">Web\u00adsite<\/a><\/p>","protected":false},"excerpt":{"rendered":"<p>Der Biologe, Autor und Wissenschaftsjournalist ist Gartenfans durch zahlreiche Fernsehsendungen zum Thema Garten bekannt. Er ist Filmrealisator von vielen Sendungen vom&nbsp;ARD-Ratgeber Heim+Garten&nbsp;und der&nbsp;Sendung mit der Maus. Bekannt ist er vor allem durch seine Live-Auftritte in dem ZDF-Ratgebermagazin&nbsp;Volle Kanne \u2013 Service t\u00e4glich, wo er Gartentipps gibt. Wichtig ist seine T\u00e4tigkeit als Reiseleiter f\u00fcr Naturreisen. Dieses Interview [&hellip;]<\/p>\n","protected":false},"featured_media":8238,"template":"","meta":{"_acf_changed":false,"wp_typography_post_enhancements_disabled":false},"class_list":["post-12994","experten","type-experten","status-publish","has-post-thumbnail","hentry"],"acf":[],"_links":{"self":[{"href":"https:\/\/bio-balkon.de\/en\/wp-json\/wp\/v2\/experten\/12994","targetHints":{"allow":["GET"]}}],"collection":[{"href":"https:\/\/bio-balkon.de\/en\/wp-json\/wp\/v2\/experten"}],"about":[{"href":"https:\/\/bio-balkon.de\/en\/wp-json\/wp\/v2\/types\/experten"}],"version-history":[{"count":0,"href":"https:\/\/bio-balkon.de\/en\/wp-json\/wp\/v2\/experten\/12994\/revisions"}],"wp:featuredmedia":[{"embeddable":true,"href":"https:\/\/bio-balkon.de\/en\/wp-json\/wp\/v2\/media\/8238"}],"wp:attachment":[{"href":"https:\/\/bio-balkon.de\/en\/wp-json\/wp\/v2\/media?parent=12994"}],"curies":[{"name":"wp","href":"https:\/\/api.w.org\/{rel}","templated":true}]}}