{"id":12984,"date":"2020-10-28T18:58:58","date_gmt":"2020-10-28T17:58:58","guid":{"rendered":"https:\/\/bio-balkon.de\/?post_type=experten&#038;p=12984"},"modified":"2020-11-07T22:47:02","modified_gmt":"2020-11-07T21:47:02","slug":"alexander-hicks","status":"publish","type":"experten","link":"https:\/\/bio-balkon.de\/en\/experten\/alexander-hicks\/","title":{"rendered":"Alex\u00adan\u00adder Hicks"},"content":{"rendered":"<p><em>Mein Ziel ist es, jede Chi\u00adli-Sor\u00adte der Welt ein\u00admal anzu\u00adbau\u00aden.<\/em> Der Chi\u00adli-Exper\u00adte baut seit 20 Jah\u00adren die schar\u00adfen Fr\u00fcch\u00adte an und gibt uns vie\u00adle Tipps zu Topf- und K\u00fcbel\u00adkul\u00adtur. 2019 mach\u00adte der gelern\u00adte G\u00e4rt\u00adner sei\u00adne Lei\u00adden\u00adschaft zum Haupt\u00adbe\u00adruf und fand im visio\u00adn\u00e4\u00adren Unter\u00adneh\u00admer der G\u00e4rt\u00adne\u00adrei Umbach einen Gleich\u00adge\u00adsinn\u00adten. Sie gr\u00fcn\u00adde\u00adten die Bio Chi GmbH f\u00fcr den Chi\u00adli Anbau nach Bio\u00adland Vor\u00adga\u00adben vom Samen, \u00fcber Jung\u00adpflan\u00adzen, Soli\u00adt\u00e4r\u00adpflan\u00adzen, \u00fcber Fr\u00fcch\u00adte (frisch &amp; getrock\u00adnet) bis zum Samen. Er mode\u00adriert ein Chi\u00adli\u00adfo\u00adrum und sam\u00admelt in sei\u00adnem Sor\u00adten-Archiv bereits \u00fcber 2000 ver\u00adschie\u00adde\u00adne Chi\u00adli Vari\u00adan\u00adten.<\/p>\n\n\n\n<p><a href=\"https:\/\/chili-experte.eu\/\" target=\"_blank\" rel=\"noreferrer noopener\">Web\u00adsite<\/a><\/p>\n\n\n\n<p><a rel=\"noreferrer noopener\" href=\"https:\/\/chiliforum.hot-pain.de\/\" target=\"_blank\">Chi\u00adli-Forum<\/a><\/p>\n\n\n\n<p><a href=\"https:\/\/chilipflanzen.com\/shop\/\" target=\"_blank\" rel=\"noreferrer noopener\">Bezug von Pflan\u00adzen und Samen<\/a><\/p>","protected":false},"excerpt":{"rendered":"<p>Mein Ziel ist es, jede Chili-Sorte der Welt einmal anzubauen. Der Chili-Experte baut seit 20 Jahren die scharfen Fr\u00fcchte an und gibt uns viele Tipps zu Topf- und K\u00fcbelkultur. 2019 machte der gelernte G\u00e4rtner seine Leidenschaft zum Hauptberuf und fand im vision\u00e4ren Unternehmer der G\u00e4rtnerei Umbach einen Gleichgesinnten. Sie gr\u00fcndeten die Bio Chi GmbH f\u00fcr [&hellip;]<\/p>\n","protected":false},"featured_media":11124,"template":"","meta":{"_acf_changed":false,"wp_typography_post_enhancements_disabled":false},"class_list":["post-12984","experten","type-experten","status-publish","has-post-thumbnail","hentry"],"acf":[],"_links":{"self":[{"href":"https:\/\/bio-balkon.de\/en\/wp-json\/wp\/v2\/experten\/12984","targetHints":{"allow":["GET"]}}],"collection":[{"href":"https:\/\/bio-balkon.de\/en\/wp-json\/wp\/v2\/experten"}],"about":[{"href":"https:\/\/bio-balkon.de\/en\/wp-json\/wp\/v2\/types\/experten"}],"version-history":[{"count":0,"href":"https:\/\/bio-balkon.de\/en\/wp-json\/wp\/v2\/experten\/12984\/revisions"}],"wp:featuredmedia":[{"embeddable":true,"href":"https:\/\/bio-balkon.de\/en\/wp-json\/wp\/v2\/media\/11124"}],"wp:attachment":[{"href":"https:\/\/bio-balkon.de\/en\/wp-json\/wp\/v2\/media?parent=12984"}],"curies":[{"name":"wp","href":"https:\/\/api.w.org\/{rel}","templated":true}]}}